{"id":38262,"date":"2022-06-03T06:52:16","date_gmt":"2022-06-03T06:52:16","guid":{"rendered":"https:\/\/novagestioinmobiliaria.com\/propiedades-properties-immobilien\/stadthaus-in-arta-zu-vermieten-ca689ar-ade\/"},"modified":"2022-07-29T08:55:55","modified_gmt":"2022-07-29T08:55:55","slug":"stadthaus-in-arta-zu-vermieten-nova-gestio-inmobiliaria-ca689ar-ade","status":"publish","type":"estate","link":"https:\/\/novagestioinmobiliaria.com\/de\/propiedades-properties-immobilien\/stadthaus-in-arta-zu-vermieten-nova-gestio-inmobiliaria-ca689ar-ade\/","title":{"rendered":"Stadthaus in Art\u00e1 zu vermieten : : CA689AR-ADE"},"content":{"rendered":"<p style=\"text-align: center;\"><span style=\"color: #ff0000;\">\u00a0<\/span><\/p>\n<p style=\"text-align: center;\">Charmantes und gro\u00dfz\u00fcgiges <strong>Stadthaus zur Miete in Art\u00e1<\/strong>, circa 300 M\u00b2 Fl\u00e4che auf 2 Etagen. Es hat sehr viel Charakter und bietet einen <strong>gro\u00dfen Patio<\/strong> sowie eine <strong>Terrasse<\/strong> mit sch\u00f6nem <strong>Ausblick<\/strong>.<\/p>\n<p style=\"text-align: justify;\">Im Erdgeschoss dieses im <strong>Retro-Stil<\/strong> dekorierten Hauses befinden sich ein Esszimmer, ein Wohnzimmer mit <strong>Kamin<\/strong>, ein <strong>Fernsehraum<\/strong>, eine <strong>Wohnk\u00fcche<\/strong>, ein ger\u00e4umiger Hauswirtschaftsraum, 1 Bad, der fantastische <strong>Innenhof<\/strong> und 1 <strong>B\u00fcro<\/strong>. Im Obergeschoss liegen <strong>4 Schlafzimmer<\/strong>, 2 B\u00e4der und die Terrasse. Au\u00dferdem bietet der Dachstuhl Stauraum. Das <strong>Haus<\/strong> verf\u00fcgt \u00fcber <strong>Heizung<\/strong> (\u00d6l) und seit 2020 auch \u00fcber <strong>Klimaanlage<\/strong> mit Heizfunktion. Des Weiteren wurden 2020 die K\u00fcche und 2 B\u00e4der <strong>renoviert<\/strong> (noch nicht auf den Bildern zu sehen).<\/p>\n<p style=\"text-align: justify;\">Der Standort des Hauses ist ideal, gelegen auf einer <strong>ruhigen Stra\u00dfe<\/strong> die <strong>teilweise Fu\u00dfg\u00e4ngerzone<\/strong> ist und anliegend an der Hauptstra\u00dfe des wundersch\u00f6nen Ortes <strong>Art\u00e1<\/strong>, der alles hat, was man braucht: von zahlreichen Gesch\u00e4ften bis hin zu einem vielf\u00e4ltigen Angebot an Aktivit\u00e4ten und Kultur-Events. Es verspr\u00fcht einen einzigartigen Charme und ist mit Sicherheit eines der besten Wohnorte <strong>Mallorca<\/strong>s, und das nicht zuletzt aufgrund seiner <strong>idealen Lage<\/strong>, nur 20 Autominuten von <strong>Manacor<\/strong> entfernt und in der N\u00e4he traumhafter <strong>Str\u00e4nde<\/strong> wie <strong>Cala Mesquida<\/strong> oder <strong>Cala Agulla<\/strong>. Die <strong>Golfpl\u00e4tze<\/strong> von <strong>Capdepera<\/strong> und <strong>Canyamel<\/strong> befinden sich ebenfalls in der N\u00e4he und bis zum Hafen von <strong>Cala Ratjada<\/strong> und seiner fantastischen Promenade sind es nur rund 10 Km.<\/p>\n<p style=\"text-align: justify; padding-left: 30px;\">Mietkonditionen:<br \/>\n\u2022 Ausschlie\u00dflich zur Langzeitmiete.<br \/>\n\u2022 Zahlungsf\u00e4higkeit muss vorgewiesen werden.<br \/>\n\u2022 Nebenkosten sind separat zu zahlen.<br \/>\n\u2022 2 Monatsmieten Kaution, 1 Monatsmiete Maklerprovision.<br \/>\n\u2022 <strong>Haustiere<\/strong> sind bedingt gestattet.<\/p>\n","protected":false},"author":1,"featured_media":39166,"template":"","_links":{"self":[{"href":"https:\/\/novagestioinmobiliaria.com\/de\/wp-json\/wp\/v2\/estate\/38262"}],"collection":[{"href":"https:\/\/novagestioinmobiliaria.com\/de\/wp-json\/wp\/v2\/estate"}],"about":[{"href":"https:\/\/novagestioinmobiliaria.com\/de\/wp-json\/wp\/v2\/types\/estate"}],"author":[{"embeddable":true,"href":"https:\/\/novagestioinmobiliaria.com\/de\/wp-json\/wp\/v2\/users\/1"}],"wp:featuredmedia":[{"embeddable":true,"href":"https:\/\/novagestioinmobiliaria.com\/de\/wp-json\/wp\/v2\/media\/39166"}],"wp:attachment":[{"href":"https:\/\/novagestioinmobiliaria.com\/de\/wp-json\/wp\/v2\/media?parent=38262"}],"curies":[{"name":"wp","href":"https:\/\/api.w.org\/{rel}","templated":true}]}}