{"id":52578,"date":"2022-03-24T08:56:32","date_gmt":"2022-03-24T08:56:32","guid":{"rendered":"https:\/\/novagestioinmobiliaria.com\/propiedades-properties-immobilien\/wohnung-zu-vermieten-manacor-pi1180ma-ves\/"},"modified":"2022-04-02T07:31:44","modified_gmt":"2022-04-02T07:31:44","slug":"wohnung-zu-vermieten-manacor-pi1180ma-ves","status":"publish","type":"estate","link":"https:\/\/novagestioinmobiliaria.com\/de\/propiedades-properties-immobilien\/wohnung-zu-vermieten-manacor-pi1180ma-ves\/","title":{"rendered":"Wohnung zu vermieten Manacor : : PI1180MA-VES"},"content":{"rendered":"<p>Wohnung zur Miete in Manacor, in einem ruhigen Geb\u00e4ude gelegen, im 2. Stock ohne Aufzug. Wir treten durch einen Korridor ein, der uns zu seinem fantastischen Wohnzimmer f\u00fchrt, ger\u00e4umig und sehr hell mit Zugang zur charmanten K\u00fcche, komplett ausgestattet und m\u00f6bliert mit Gasherd und Backofen, Geschirrsp\u00fcler, K\u00fchlschrank und Waschmaschine, es hat auch ein offenes Fenster zum Wohnzimmer, das eine amerikanische Bar simuliert, Es hat 3 Schlafzimmer, zwei davon Doppelzimmer mit Einbauschr\u00e4nken und ein Einzelzimmer, ideal f\u00fcr ein kleines Bett oder ein B\u00fcro. Es gibt ein renoviertes Badezimmer mit Dusche und Glastrennwand. Die Wohnung verf\u00fcgt \u00fcber einen kleinen Abstellraum, eine Gemeinschaftsterrasse und einen Balkon, der einen Teil des Grundst\u00fccks umgibt, sie ist sehr hell und gem\u00fctlich. Es wird komplett m\u00f6bliert vermietet, es gibt eines der Zimmer, das derzeit kein Doppelbett hat, aber es kann hinzugef\u00fcgt werden.<br \/>\n<strong>MIETBEDINGUNGEN<\/strong><br \/>\n\u2022 Befristeter Arbeitsvertrag ist erw\u00fcnscht<br \/>\n\u2022 Kosten f\u00fcr Wasser, Strom, Gas, nicht inbegriffen. Gemeinde enthalten<br \/>\n\u2022 1 Monat Kaution und 1 Monat Vermittlungsgeb\u00fchren<br \/>\n\u2022 Kleine Haustiere sind erlaubt<\/p>\n","protected":false},"author":1,"featured_media":52552,"template":"","_links":{"self":[{"href":"https:\/\/novagestioinmobiliaria.com\/de\/wp-json\/wp\/v2\/estate\/52578"}],"collection":[{"href":"https:\/\/novagestioinmobiliaria.com\/de\/wp-json\/wp\/v2\/estate"}],"about":[{"href":"https:\/\/novagestioinmobiliaria.com\/de\/wp-json\/wp\/v2\/types\/estate"}],"author":[{"embeddable":true,"href":"https:\/\/novagestioinmobiliaria.com\/de\/wp-json\/wp\/v2\/users\/1"}],"wp:featuredmedia":[{"embeddable":true,"href":"https:\/\/novagestioinmobiliaria.com\/de\/wp-json\/wp\/v2\/media\/52552"}],"wp:attachment":[{"href":"https:\/\/novagestioinmobiliaria.com\/de\/wp-json\/wp\/v2\/media?parent=52578"}],"curies":[{"name":"wp","href":"https:\/\/api.w.org\/{rel}","templated":true}]}}