{"id":78292,"date":"2025-06-03T08:52:29","date_gmt":"2025-06-03T08:52:29","guid":{"rendered":"https:\/\/novagestioinmobiliaria.com\/propiedades-properties-immobilien\/baugrundstueck-zum-verkauf-in-porreras-so1763po-vde\/"},"modified":"2026-04-20T13:49:22","modified_gmt":"2026-04-20T13:49:22","slug":"baugrundstueck-zum-verkauf-in-porreras-so1763po-vde","status":"publish","type":"estate","link":"https:\/\/novagestioinmobiliaria.com\/de\/propiedades-properties-immobilien\/baugrundstueck-zum-verkauf-in-porreras-so1763po-vde\/","title":{"rendered":"Baugrundst\u00fcck zum Verkauf in Porreras : : SO1763PO-VDE"},"content":{"rendered":"<p style=\"text-align: justify;\"><strong>Baugrundst\u00fcck in Porreras zu verkaufen<\/strong>, nur eine kurze Entfernung vom Stadtzentrum entfernt, in einem ruhigen Gebiet mit einfachem Zugang.<\/p>\n<p style=\"text-align: justify;\">Das Grundst\u00fcck hat eine Fl\u00e4che von 185 m\u00b2 und bietet zahlreiche Bebbaum\u00f6glichkeiten, ideal f\u00fcr den Bau eines Einfamilienhauses oder eines kleinen Mehrfamilienhauses.<br \/>\nDerzeit verf\u00fcgt es \u00fcber eine \u00fcberdachte Veranda von etwa 30 m\u00b2 am Eingang und einen geschlossenen Raum von etwa 35 m\u00b2 auf der rechten Seite des Grundst\u00fccks. Der Rest des Grundst\u00fccks ist mit Obstb\u00e4umen bepflanzt.<br \/>\nEs ist mit einem Stromz\u00e4hler ausgestattet.<\/p>\n<p style=\"text-align: justify;\">Preis verhandelbar.<\/p>\n<p style=\"text-align: justify;\"><strong>Nova Gesti\u00f3 Inmobiliaria \u2013 Ihre Immobilienagentur in Porreras.<\/strong><\/p>\n<p style=\"text-align: justify;\">\n","protected":false},"author":24,"featured_media":78278,"template":"","_links":{"self":[{"href":"https:\/\/novagestioinmobiliaria.com\/de\/wp-json\/wp\/v2\/estate\/78292"}],"collection":[{"href":"https:\/\/novagestioinmobiliaria.com\/de\/wp-json\/wp\/v2\/estate"}],"about":[{"href":"https:\/\/novagestioinmobiliaria.com\/de\/wp-json\/wp\/v2\/types\/estate"}],"author":[{"embeddable":true,"href":"https:\/\/novagestioinmobiliaria.com\/de\/wp-json\/wp\/v2\/users\/24"}],"wp:featuredmedia":[{"embeddable":true,"href":"https:\/\/novagestioinmobiliaria.com\/de\/wp-json\/wp\/v2\/media\/78278"}],"wp:attachment":[{"href":"https:\/\/novagestioinmobiliaria.com\/de\/wp-json\/wp\/v2\/media?parent=78292"}],"curies":[{"name":"wp","href":"https:\/\/api.w.org\/{rel}","templated":true}]}}