{"id":93503,"date":"2026-09-01T15:06:48","date_gmt":"2026-09-01T15:06:48","guid":{"rendered":"https:\/\/novagestioinmobiliaria.com\/propiedades-properties-immobilien\/gewerbeflaeche-in-manacor-an-der-ecke-zu-verkaufen-lo1923ma-vde\/"},"modified":"2026-09-01T15:19:26","modified_gmt":"2026-09-01T15:19:26","slug":"gewerbeflaeche-in-manacor-an-der-ecke-zu-verkaufen-lo1923ma-vde","status":"publish","type":"estate","link":"https:\/\/novagestioinmobiliaria.com\/de\/propiedades-properties-immobilien\/gewerbeflaeche-in-manacor-an-der-ecke-zu-verkaufen-lo1923ma-vde\/","title":{"rendered":"Gewerbefl\u00e4che in Manacor an der Ecke zu verkaufen : : LO1923MA-VDE"},"content":{"rendered":"<p style=\"text-align: justify;\"><strong>Gewerbefl\u00e4che in Manacor zu verkaufen<\/strong>, an einer Ecke gelegen mit gro\u00dfen Fenstern, es ist ein offener Raum, ideal f\u00fcr jede Art von Gesch\u00e4ft, B\u00fcro, Werkst\u00e4tten, Laden usw. Diese Fl\u00e4che verf\u00fcgt \u00fcber einen Keller von etwa 70 m\u00b2, der vollst\u00e4ndig nutzbar ist, da das Geb\u00e4ude relativ neu ist. Es gibt ein Badezimmer und gro\u00dfe Fenster.<br \/>\nStarten Sie Ihr Gesch\u00e4ft und zahlen Sie keine Miete mehr.<br \/>\nWir k\u00f6nnen einen unverbindlichen Besichtigungstermin vereinbaren.<\/p>\n<p style=\"text-align: justify;\"><strong>Nova Gesti\u00f3, Ihre Immobilienagentur in Manacor<\/strong><\/p>\n","protected":false},"author":1,"featured_media":93498,"template":"","_links":{"self":[{"href":"https:\/\/novagestioinmobiliaria.com\/de\/wp-json\/wp\/v2\/estate\/93503"}],"collection":[{"href":"https:\/\/novagestioinmobiliaria.com\/de\/wp-json\/wp\/v2\/estate"}],"about":[{"href":"https:\/\/novagestioinmobiliaria.com\/de\/wp-json\/wp\/v2\/types\/estate"}],"author":[{"embeddable":true,"href":"https:\/\/novagestioinmobiliaria.com\/de\/wp-json\/wp\/v2\/users\/1"}],"wp:featuredmedia":[{"embeddable":true,"href":"https:\/\/novagestioinmobiliaria.com\/de\/wp-json\/wp\/v2\/media\/93498"}],"wp:attachment":[{"href":"https:\/\/novagestioinmobiliaria.com\/de\/wp-json\/wp\/v2\/media?parent=93503"}],"curies":[{"name":"wp","href":"https:\/\/api.w.org\/{rel}","templated":true}]}}