{"id":2249,"date":"2017-01-30T09:10:13","date_gmt":"2017-01-30T09:10:13","guid":{"rendered":"http:\/\/novagestioinmobiliaria.com\/ngi\/property-slider\/"},"modified":"2025-07-15T17:20:37","modified_gmt":"2025-07-15T17:20:37","slug":"property-slider-4","status":"publish","type":"page","link":"https:\/\/novagestioinmobiliaria.com\/de\/","title":{"rendered":"Home"},"content":{"rendered":"<div class=\"wpb-content-wrapper\"><p>[vc_row full_width=&#8221;stretch_row_content_no_spaces&#8221; css=&#8221;.vc_custom_1699006899461{margin-bottom: 10px !important;}&#8221;][vc_column 0=&#8221;&#8221;][vc_single_image image=&#8221;61280&#8243; img_size=&#8221;full&#8221; alignment=&#8221;center&#8221;]<link href=\"https:\/\/fonts.googleapis.com\/css?family=Open+Sans:400%2C600%7CRoboto:500\" rel=\"stylesheet\" property=\"stylesheet\" type=\"text\/css\" media=\"all\">\n<div id=\"rev_slider_8_1_wrapper\" class=\"rev_slider_wrapper fullwidthbanner-container\" data-source=\"gallery\" style=\"margin:0px auto;background:transparent;padding:0px;margin-top:0px;margin-bottom:0px;\">\n<!-- START REVOLUTION SLIDER 5.4.5.2 auto mode -->\n\t<div id=\"rev_slider_8_1\" class=\"rev_slider fullwidthabanner\" style=\"display:none;\" data-version=\"5.4.5.2\">\n<ul>\t<!-- SLIDE  -->\n\t<li data-index=\"rs-50\" data-transition=\"fade\" data-slotamount=\"default\" data-hideafterloop=\"0\" data-hideslideonmobile=\"off\"  data-easein=\"default\" data-easeout=\"default\" data-masterspeed=\"300\"  data-thumb=\"https:\/\/novagestioinmobiliaria.com\/wp-content\/uploads\/2022\/05\/Nova-Gestio-Inmobiliaria-slide-29-100x50.jpg\"  data-rotate=\"0\"  data-saveperformance=\"off\"  data-title=\"Slide\" data-param1=\"\" data-param2=\"\" data-param3=\"\" data-param4=\"\" data-param5=\"\" data-param6=\"\" data-param7=\"\" data-param8=\"\" data-param9=\"\" data-param10=\"\" data-description=\"\">\n\t\t<!-- MAIN IMAGE -->\n\t\t<img decoding=\"async\" src=\"https:\/\/novagestioinmobiliaria.com\/wp-content\/uploads\/2022\/05\/Nova-Gestio-Inmobiliaria-slide-29.jpg\"  alt=\"\" title=\"Nova-Gestio-Inmobiliaria-slide-29\"  width=\"1600\" height=\"686\" data-bgposition=\"center center\" data-bgfit=\"cover\" data-bgrepeat=\"no-repeat\" class=\"rev-slidebg\" data-no-retina>\n\t\t<!-- LAYERS -->\n\t<\/li>\n\t<!-- SLIDE  -->\n\t<li data-index=\"rs-51\" data-transition=\"fade\" data-slotamount=\"default\" data-hideafterloop=\"0\" data-hideslideonmobile=\"off\"  data-easein=\"default\" data-easeout=\"default\" data-masterspeed=\"300\"  data-thumb=\"https:\/\/novagestioinmobiliaria.com\/wp-content\/uploads\/2020\/09\/Nova-Gestio-Inmobiliaria-slide-19-100x50.jpg\"  data-rotate=\"0\"  data-saveperformance=\"off\"  data-title=\"Slide\" data-param1=\"\" data-param2=\"\" data-param3=\"\" data-param4=\"\" data-param5=\"\" data-param6=\"\" data-param7=\"\" data-param8=\"\" data-param9=\"\" data-param10=\"\" data-description=\"\">\n\t\t<!-- MAIN IMAGE -->\n\t\t<img decoding=\"async\" src=\"https:\/\/novagestioinmobiliaria.com\/wp-content\/uploads\/2020\/09\/Nova-Gestio-Inmobiliaria-slide-19.jpg\"  alt=\"\" title=\"Nova-Gestio-Inmobiliaria-slide-19\"  width=\"1600\" height=\"686\" data-bgposition=\"center center\" data-bgfit=\"cover\" data-bgrepeat=\"no-repeat\" class=\"rev-slidebg\" data-no-retina>\n\t\t<!-- LAYERS -->\n\n\t\t<!-- LAYER NR. 1 -->\n\t\t<div class=\"tp-caption   tp-resizeme\" \n\t\t\t id=\"slide-51-layer-1\" \n\t\t\t data-x=\"center\" data-hoffset=\"\" \n\t\t\t data-y=\"196\" \n\t\t\t\t\t\tdata-width=\"['auto']\"\n\t\t\tdata-height=\"['auto']\"\n \n\t\t\tdata-type=\"text\" \n\t\t\tdata-actions=''\n\t\t\tdata-responsive_offset=\"on\" \n\n\t\t\tdata-frames='[{\"delay\":0,\"speed\":2000,\"frame\":\"0\",\"from\":\"y:-50px;opacity:0;\",\"to\":\"o:1;\",\"ease\":\"Power4.easeInOut\"},{\"delay\":\"wait\",\"speed\":300,\"frame\":\"999\",\"to\":\"opacity:0;\",\"ease\":\"Power3.easeInOut\"}]'\n\t\t\tdata-textAlign=\"['inherit','inherit','inherit','inherit']\"\n\t\t\tdata-paddingtop=\"[0,0,0,0]\"\n\t\t\tdata-paddingright=\"[0,0,0,0]\"\n\t\t\tdata-paddingbottom=\"[0,0,0,0]\"\n\t\t\tdata-paddingleft=\"[0,0,0,0]\"\n\n\t\t\tstyle=\"z-index: 5; white-space: nowrap; font-size: 40px; line-height: 22px; font-weight: 400; color: #ffffff; letter-spacing: 0px;font-family:Open Sans;\">SIE SIND EIGENT\u00dcMER EINER IMMOBILIE\n <\/div>\n\n\t\t<!-- LAYER NR. 2 -->\n\t\t<div class=\"tp-caption 40   tp-resizeme\" \n\t\t\t id=\"slide-51-layer-2\" \n\t\t\t data-x=\"center\" data-hoffset=\"\" \n\t\t\t data-y=\"250\" \n\t\t\t\t\t\tdata-width=\"['auto']\"\n\t\t\tdata-height=\"['auto']\"\n \n\t\t\tdata-type=\"text\" \n\t\t\tdata-responsive_offset=\"on\" \n\n\t\t\tdata-frames='[{\"delay\":0,\"speed\":2000,\"frame\":\"0\",\"from\":\"x:-50px;opacity:0;\",\"to\":\"o:1;\",\"ease\":\"Power4.easeInOut\"},{\"delay\":\"wait\",\"speed\":300,\"frame\":\"999\",\"to\":\"opacity:0;\",\"ease\":\"Power3.easeInOut\"}]'\n\t\t\tdata-textAlign=\"['inherit','inherit','inherit','inherit']\"\n\t\t\tdata-paddingtop=\"[0,0,0,0]\"\n\t\t\tdata-paddingright=\"[0,0,0,0]\"\n\t\t\tdata-paddingbottom=\"[0,0,0,0]\"\n\t\t\tdata-paddingleft=\"[0,0,0,0]\"\n\n\t\t\tstyle=\"z-index: 6; white-space: nowrap; font-size: 40px; line-height: 44px; font-weight: 400; color: #ffffff; letter-spacing: 0px;font-family:Open Sans;\">WIR SUCHEN IMMOBILIEN <\/div>\n\n\t\t<!-- LAYER NR. 3 -->\n\t\t<div class=\"tp-caption rev-btn rev-withicon \" \n\t\t\t id=\"slide-51-layer-3\" \n\t\t\t data-x=\"center\" data-hoffset=\"\" \n\t\t\t data-y=\"361\" \n\t\t\t\t\t\tdata-width=\"['auto']\"\n\t\t\tdata-height=\"['auto']\"\n \n\t\t\tdata-type=\"button\" \n\t\t\tdata-actions='[{\"event\":\"click\",\"action\":\"simplelink\",\"target\":\"_self\",\"url\":\"https:\\\/\\\/novagestioinmobiliaria.com\\\/de\\\/kontakt-nova-gestio-immobilien-manacor\\\/\",\"delay\":\"\"}]'\n\t\t\tdata-responsive_offset=\"on\" \n\t\t\tdata-responsive=\"off\"\n\t\t\tdata-frames='[{\"delay\":0,\"speed\":300,\"frame\":\"0\",\"from\":\"opacity:0;\",\"to\":\"o:1;\",\"ease\":\"Power3.easeInOut\"},{\"delay\":\"wait\",\"speed\":300,\"frame\":\"999\",\"to\":\"opacity:0;\",\"ease\":\"Power3.easeInOut\"},{\"frame\":\"hover\",\"speed\":\"0\",\"ease\":\"Linear.easeNone\",\"to\":\"o:1;rX:0;rY:0;rZ:0;z:0;\",\"style\":\"c:rgba(0,0,0,1);bg:rgba(255,255,255,1);bs:solid;bw:0 0 0 0;\"}]'\n\t\t\tdata-textAlign=\"['inherit','inherit','inherit','inherit']\"\n\t\t\tdata-paddingtop=\"[10,10,10,10]\"\n\t\t\tdata-paddingright=\"[30,30,30,30]\"\n\t\t\tdata-paddingbottom=\"[10,10,10,10]\"\n\t\t\tdata-paddingleft=\"[30,30,30,30]\"\n\n\t\t\tstyle=\"z-index: 7; white-space: nowrap; font-size: 14px; line-height: 14px; font-weight: 500; color: rgba(255,255,255,1); letter-spacing: px;font-family:Roboto;background-color:rgba(0,0,0,0.75);border-color:rgba(0,0,0,1);border-radius:30px 30px 30px 30px;outline:none;box-shadow:none;box-sizing:border-box;-moz-box-sizing:border-box;-webkit-box-sizing:border-box;cursor:pointer;\">KONTAKT<i class=\"fa-icon-chevron-right\"><\/i> <\/div>\n\n\t\t<!-- LAYER NR. 4 -->\n\t\t<div class=\"tp-caption 40   tp-resizeme\" \n\t\t\t id=\"slide-51-layer-4\" \n\t\t\t data-x=\"center\" data-hoffset=\"2\" \n\t\t\t data-y=\"305\" \n\t\t\t\t\t\tdata-width=\"['auto']\"\n\t\t\tdata-height=\"['auto']\"\n \n\t\t\tdata-type=\"text\" \n\t\t\tdata-responsive_offset=\"on\" \n\n\t\t\tdata-frames='[{\"delay\":0,\"speed\":2000,\"frame\":\"0\",\"from\":\"x:50px;opacity:0;\",\"to\":\"o:1;\",\"ease\":\"Power4.easeInOut\"},{\"delay\":\"wait\",\"speed\":300,\"frame\":\"999\",\"to\":\"opacity:0;\",\"ease\":\"Power3.easeInOut\"}]'\n\t\t\tdata-textAlign=\"['inherit','inherit','inherit','inherit']\"\n\t\t\tdata-paddingtop=\"[0,0,0,0]\"\n\t\t\tdata-paddingright=\"[0,0,0,0]\"\n\t\t\tdata-paddingbottom=\"[0,0,0,0]\"\n\t\t\tdata-paddingleft=\"[0,0,0,0]\"\n\n\t\t\tstyle=\"z-index: 8; white-space: nowrap; font-size: 40px; line-height: 44px; font-weight: 600; color: #ff3a2d; letter-spacing: 0px;font-family:Open Sans;\">ZU VERKAUFEN UND ZU VERMIETEN <\/div>\n\t<\/li>\n\t<!-- SLIDE  -->\n\t<li data-index=\"rs-66\" data-transition=\"fade\" data-slotamount=\"default\" data-hideafterloop=\"0\" data-hideslideonmobile=\"off\"  data-easein=\"default\" data-easeout=\"default\" data-masterspeed=\"300\"  data-thumb=\"https:\/\/novagestioinmobiliaria.com\/wp-content\/uploads\/2021\/11\/Nova-Gestio-Inmobiliaria-slide-27-100x50.jpg\"  data-rotate=\"0\"  data-saveperformance=\"off\"  data-title=\"Slide\" data-param1=\"\" data-param2=\"\" data-param3=\"\" data-param4=\"\" data-param5=\"\" data-param6=\"\" data-param7=\"\" data-param8=\"\" data-param9=\"\" data-param10=\"\" data-description=\"\">\n\t\t<!-- MAIN IMAGE -->\n\t\t<img decoding=\"async\" src=\"https:\/\/novagestioinmobiliaria.com\/wp-content\/uploads\/2021\/11\/Nova-Gestio-Inmobiliaria-slide-27.jpg\"  alt=\"\" title=\"Nova-Gestio-Inmobiliaria-slide-27\"  width=\"1600\" height=\"686\" data-bgposition=\"center center\" data-bgfit=\"cover\" data-bgrepeat=\"no-repeat\" class=\"rev-slidebg\" data-no-retina>\n\t\t<!-- LAYERS -->\n\t<\/li>\n\t<!-- SLIDE  -->\n\t<li data-index=\"rs-55\" data-transition=\"fade\" data-slotamount=\"default\" data-hideafterloop=\"0\" data-hideslideonmobile=\"off\"  data-easein=\"default\" data-easeout=\"default\" data-masterspeed=\"300\"  data-thumb=\"https:\/\/novagestioinmobiliaria.com\/wp-content\/uploads\/2018\/08\/Nova-Gestio-Inmobiliaria-slide-11-100x50.jpg\"  data-rotate=\"0\"  data-saveperformance=\"off\"  data-title=\"Slide\" data-param1=\"\" data-param2=\"\" data-param3=\"\" data-param4=\"\" data-param5=\"\" data-param6=\"\" data-param7=\"\" data-param8=\"\" data-param9=\"\" data-param10=\"\" data-description=\"\">\n\t\t<!-- MAIN IMAGE -->\n\t\t<img decoding=\"async\" src=\"https:\/\/novagestioinmobiliaria.com\/wp-content\/uploads\/2018\/08\/Nova-Gestio-Inmobiliaria-slide-11.jpg\"  alt=\"\" title=\"Nova-Gestio-Inmobiliaria-slide-11\"  width=\"1600\" height=\"686\" data-bgposition=\"center center\" data-bgfit=\"cover\" data-bgrepeat=\"no-repeat\" class=\"rev-slidebg\" data-no-retina>\n\t\t<!-- LAYERS -->\n\t<\/li>\n\t<!-- SLIDE  -->\n\t<li data-index=\"rs-67\" data-transition=\"fade\" data-slotamount=\"default\" data-hideafterloop=\"0\" data-hideslideonmobile=\"off\"  data-easein=\"default\" data-easeout=\"default\" data-masterspeed=\"300\"  data-thumb=\"https:\/\/novagestioinmobiliaria.com\/wp-content\/uploads\/2020\/09\/Nova-Gestio-Inmobiliaria-slide-19-100x50.jpg\"  data-rotate=\"0\"  data-saveperformance=\"off\"  data-title=\"Slide\" data-param1=\"\" data-param2=\"\" data-param3=\"\" data-param4=\"\" data-param5=\"\" data-param6=\"\" data-param7=\"\" data-param8=\"\" data-param9=\"\" data-param10=\"\" data-description=\"\">\n\t\t<!-- MAIN IMAGE -->\n\t\t<img decoding=\"async\" src=\"https:\/\/novagestioinmobiliaria.com\/wp-content\/uploads\/2020\/09\/Nova-Gestio-Inmobiliaria-slide-19.jpg\"  alt=\"\" title=\"Nova-Gestio-Inmobiliaria-slide-19\"  width=\"1600\" height=\"686\" data-bgposition=\"center center\" data-bgfit=\"cover\" data-bgrepeat=\"no-repeat\" class=\"rev-slidebg\" data-no-retina>\n\t\t<!-- LAYERS -->\n\n\t\t<!-- LAYER NR. 5 -->\n\t\t<div class=\"tp-caption   tp-resizeme\" \n\t\t\t id=\"slide-67-layer-1\" \n\t\t\t data-x=\"center\" data-hoffset=\"\" \n\t\t\t data-y=\"196\" \n\t\t\t\t\t\tdata-width=\"['auto']\"\n\t\t\tdata-height=\"['auto']\"\n \n\t\t\tdata-type=\"text\" \n\t\t\tdata-actions=''\n\t\t\tdata-responsive_offset=\"on\" \n\n\t\t\tdata-frames='[{\"delay\":0,\"speed\":2000,\"frame\":\"0\",\"from\":\"y:-50px;opacity:0;\",\"to\":\"o:1;\",\"ease\":\"Power4.easeInOut\"},{\"delay\":\"wait\",\"speed\":300,\"frame\":\"999\",\"to\":\"opacity:0;\",\"ease\":\"Power3.easeInOut\"}]'\n\t\t\tdata-textAlign=\"['inherit','inherit','inherit','inherit']\"\n\t\t\tdata-paddingtop=\"[0,0,0,0]\"\n\t\t\tdata-paddingright=\"[0,0,0,0]\"\n\t\t\tdata-paddingbottom=\"[0,0,0,0]\"\n\t\t\tdata-paddingleft=\"[0,0,0,0]\"\n\n\t\t\tstyle=\"z-index: 5; white-space: nowrap; font-size: 40px; line-height: 22px; font-weight: 400; color: #ffffff; letter-spacing: 0px;font-family:Open Sans;\">SIE SIND EIGENT\u00dcMER EINER IMMOBILIE\n <\/div>\n\n\t\t<!-- LAYER NR. 6 -->\n\t\t<div class=\"tp-caption 40   tp-resizeme\" \n\t\t\t id=\"slide-67-layer-2\" \n\t\t\t data-x=\"center\" data-hoffset=\"\" \n\t\t\t data-y=\"250\" \n\t\t\t\t\t\tdata-width=\"['auto']\"\n\t\t\tdata-height=\"['auto']\"\n \n\t\t\tdata-type=\"text\" \n\t\t\tdata-responsive_offset=\"on\" \n\n\t\t\tdata-frames='[{\"delay\":0,\"speed\":2000,\"frame\":\"0\",\"from\":\"x:-50px;opacity:0;\",\"to\":\"o:1;\",\"ease\":\"Power4.easeInOut\"},{\"delay\":\"wait\",\"speed\":300,\"frame\":\"999\",\"to\":\"opacity:0;\",\"ease\":\"Power3.easeInOut\"}]'\n\t\t\tdata-textAlign=\"['inherit','inherit','inherit','inherit']\"\n\t\t\tdata-paddingtop=\"[0,0,0,0]\"\n\t\t\tdata-paddingright=\"[0,0,0,0]\"\n\t\t\tdata-paddingbottom=\"[0,0,0,0]\"\n\t\t\tdata-paddingleft=\"[0,0,0,0]\"\n\n\t\t\tstyle=\"z-index: 6; white-space: nowrap; font-size: 40px; line-height: 44px; font-weight: 400; color: #ffffff; letter-spacing: 0px;font-family:Open Sans;\">WIR SUCHEN IMMOBILIEN <\/div>\n\n\t\t<!-- LAYER NR. 7 -->\n\t\t<div class=\"tp-caption rev-btn rev-withicon \" \n\t\t\t id=\"slide-67-layer-3\" \n\t\t\t data-x=\"center\" data-hoffset=\"\" \n\t\t\t data-y=\"361\" \n\t\t\t\t\t\tdata-width=\"['auto']\"\n\t\t\tdata-height=\"['auto']\"\n \n\t\t\tdata-type=\"button\" \n\t\t\tdata-actions='[{\"event\":\"click\",\"action\":\"simplelink\",\"target\":\"_self\",\"url\":\"https:\\\/\\\/novagestioinmobiliaria.com\\\/de\\\/kontakt-nova-gestio-immobilien-manacor\\\/\",\"delay\":\"\"}]'\n\t\t\tdata-responsive_offset=\"on\" \n\t\t\tdata-responsive=\"off\"\n\t\t\tdata-frames='[{\"delay\":0,\"speed\":300,\"frame\":\"0\",\"from\":\"opacity:0;\",\"to\":\"o:1;\",\"ease\":\"Power3.easeInOut\"},{\"delay\":\"wait\",\"speed\":300,\"frame\":\"999\",\"to\":\"opacity:0;\",\"ease\":\"Power3.easeInOut\"},{\"frame\":\"hover\",\"speed\":\"0\",\"ease\":\"Linear.easeNone\",\"to\":\"o:1;rX:0;rY:0;rZ:0;z:0;\",\"style\":\"c:rgba(0,0,0,1);bg:rgba(255,255,255,1);bs:solid;bw:0 0 0 0;\"}]'\n\t\t\tdata-textAlign=\"['inherit','inherit','inherit','inherit']\"\n\t\t\tdata-paddingtop=\"[10,10,10,10]\"\n\t\t\tdata-paddingright=\"[30,30,30,30]\"\n\t\t\tdata-paddingbottom=\"[10,10,10,10]\"\n\t\t\tdata-paddingleft=\"[30,30,30,30]\"\n\n\t\t\tstyle=\"z-index: 7; white-space: nowrap; font-size: 14px; line-height: 14px; font-weight: 500; color: rgba(255,255,255,1); letter-spacing: px;font-family:Roboto;background-color:rgba(0,0,0,0.75);border-color:rgba(0,0,0,1);border-radius:30px 30px 30px 30px;outline:none;box-shadow:none;box-sizing:border-box;-moz-box-sizing:border-box;-webkit-box-sizing:border-box;cursor:pointer;\">KONTAKT<i class=\"fa-icon-chevron-right\"><\/i> <\/div>\n\n\t\t<!-- LAYER NR. 8 -->\n\t\t<div class=\"tp-caption 40   tp-resizeme\" \n\t\t\t id=\"slide-67-layer-4\" \n\t\t\t data-x=\"center\" data-hoffset=\"2\" \n\t\t\t data-y=\"305\" \n\t\t\t\t\t\tdata-width=\"['auto']\"\n\t\t\tdata-height=\"['auto']\"\n \n\t\t\tdata-type=\"text\" \n\t\t\tdata-responsive_offset=\"on\" \n\n\t\t\tdata-frames='[{\"delay\":0,\"speed\":2000,\"frame\":\"0\",\"from\":\"x:50px;opacity:0;\",\"to\":\"o:1;\",\"ease\":\"Power4.easeInOut\"},{\"delay\":\"wait\",\"speed\":300,\"frame\":\"999\",\"to\":\"opacity:0;\",\"ease\":\"Power3.easeInOut\"}]'\n\t\t\tdata-textAlign=\"['inherit','inherit','inherit','inherit']\"\n\t\t\tdata-paddingtop=\"[0,0,0,0]\"\n\t\t\tdata-paddingright=\"[0,0,0,0]\"\n\t\t\tdata-paddingbottom=\"[0,0,0,0]\"\n\t\t\tdata-paddingleft=\"[0,0,0,0]\"\n\n\t\t\tstyle=\"z-index: 8; white-space: nowrap; font-size: 40px; line-height: 44px; font-weight: 600; color: #ff3a2d; letter-spacing: 0px;font-family:Open Sans;\">ZU VERKAUFEN UND ZU VERMIETEN <\/div>\n\t<\/li>\n\t<!-- SLIDE  -->\n\t<li data-index=\"rs-52\" data-transition=\"fade\" data-slotamount=\"default\" data-hideafterloop=\"0\" data-hideslideonmobile=\"off\"  data-easein=\"default\" data-easeout=\"default\" data-masterspeed=\"300\"  data-thumb=\"https:\/\/novagestioinmobiliaria.com\/wp-content\/uploads\/2021\/11\/Nova-Gestio-Inmobiliaria-slide-23-copia-100x50.jpg\"  data-rotate=\"0\"  data-saveperformance=\"off\"  data-title=\"Slide\" data-param1=\"\" data-param2=\"\" data-param3=\"\" data-param4=\"\" data-param5=\"\" data-param6=\"\" data-param7=\"\" data-param8=\"\" data-param9=\"\" data-param10=\"\" data-description=\"\">\n\t\t<!-- MAIN IMAGE -->\n\t\t<img decoding=\"async\" src=\"https:\/\/novagestioinmobiliaria.com\/wp-content\/uploads\/2021\/11\/Nova-Gestio-Inmobiliaria-slide-23-copia.jpg\"  alt=\"\" title=\"Nova-Gestio-Inmobiliaria-slide-23 &#8211; copia\"  width=\"1600\" height=\"686\" data-bgposition=\"center center\" data-bgfit=\"cover\" data-bgrepeat=\"no-repeat\" class=\"rev-slidebg\" data-no-retina>\n\t\t<!-- LAYERS -->\n\t<\/li>\n\t<!-- SLIDE  -->\n\t<li data-index=\"rs-54\" data-transition=\"fade\" data-slotamount=\"default\" data-hideafterloop=\"0\" data-hideslideonmobile=\"off\"  data-easein=\"default\" data-easeout=\"default\" data-masterspeed=\"300\"  data-thumb=\"https:\/\/novagestioinmobiliaria.com\/wp-content\/uploads\/2021\/11\/Nova-Gestio-Inmobiliaria-slide-25-copia-100x50.jpg\"  data-rotate=\"0\"  data-saveperformance=\"off\"  data-title=\"Slide\" data-param1=\"\" data-param2=\"\" data-param3=\"\" data-param4=\"\" data-param5=\"\" data-param6=\"\" data-param7=\"\" data-param8=\"\" data-param9=\"\" data-param10=\"\" data-description=\"\">\n\t\t<!-- MAIN IMAGE -->\n\t\t<img decoding=\"async\" src=\"https:\/\/novagestioinmobiliaria.com\/wp-content\/uploads\/2021\/11\/Nova-Gestio-Inmobiliaria-slide-25-copia.jpg\"  alt=\"\" title=\"Nova-Gestio-Inmobiliaria-slide-25 &#8211; copia\"  width=\"1600\" height=\"686\" data-bgposition=\"center center\" data-bgfit=\"cover\" data-bgrepeat=\"no-repeat\" class=\"rev-slidebg\" data-no-retina>\n\t\t<!-- LAYERS -->\n\t<\/li>\n\t<!-- SLIDE  -->\n\t<li data-index=\"rs-68\" data-transition=\"fade\" data-slotamount=\"default\" data-hideafterloop=\"0\" data-hideslideonmobile=\"off\"  data-easein=\"default\" data-easeout=\"default\" data-masterspeed=\"300\"  data-thumb=\"https:\/\/novagestioinmobiliaria.com\/wp-content\/uploads\/2020\/09\/Nova-Gestio-Inmobiliaria-slide-19-100x50.jpg\"  data-rotate=\"0\"  data-saveperformance=\"off\"  data-title=\"Slide\" data-param1=\"\" data-param2=\"\" data-param3=\"\" data-param4=\"\" data-param5=\"\" data-param6=\"\" data-param7=\"\" data-param8=\"\" data-param9=\"\" data-param10=\"\" data-description=\"\">\n\t\t<!-- MAIN IMAGE -->\n\t\t<img decoding=\"async\" src=\"https:\/\/novagestioinmobiliaria.com\/wp-content\/uploads\/2020\/09\/Nova-Gestio-Inmobiliaria-slide-19.jpg\"  alt=\"\" title=\"Nova-Gestio-Inmobiliaria-slide-19\"  width=\"1600\" height=\"686\" data-bgposition=\"center center\" data-bgfit=\"cover\" data-bgrepeat=\"no-repeat\" class=\"rev-slidebg\" data-no-retina>\n\t\t<!-- LAYERS -->\n\n\t\t<!-- LAYER NR. 9 -->\n\t\t<div class=\"tp-caption   tp-resizeme\" \n\t\t\t id=\"slide-68-layer-1\" \n\t\t\t data-x=\"center\" data-hoffset=\"\" \n\t\t\t data-y=\"196\" \n\t\t\t\t\t\tdata-width=\"['auto']\"\n\t\t\tdata-height=\"['auto']\"\n \n\t\t\tdata-type=\"text\" \n\t\t\tdata-actions=''\n\t\t\tdata-responsive_offset=\"on\" \n\n\t\t\tdata-frames='[{\"delay\":0,\"speed\":2000,\"frame\":\"0\",\"from\":\"y:-50px;opacity:0;\",\"to\":\"o:1;\",\"ease\":\"Power4.easeInOut\"},{\"delay\":\"wait\",\"speed\":300,\"frame\":\"999\",\"to\":\"opacity:0;\",\"ease\":\"Power3.easeInOut\"}]'\n\t\t\tdata-textAlign=\"['inherit','inherit','inherit','inherit']\"\n\t\t\tdata-paddingtop=\"[0,0,0,0]\"\n\t\t\tdata-paddingright=\"[0,0,0,0]\"\n\t\t\tdata-paddingbottom=\"[0,0,0,0]\"\n\t\t\tdata-paddingleft=\"[0,0,0,0]\"\n\n\t\t\tstyle=\"z-index: 5; white-space: nowrap; font-size: 40px; line-height: 22px; font-weight: 400; color: #ffffff; letter-spacing: 0px;font-family:Open Sans;\">SIE SIND EIGENT\u00dcMER EINER IMMOBILIE\n <\/div>\n\n\t\t<!-- LAYER NR. 10 -->\n\t\t<div class=\"tp-caption 40   tp-resizeme\" \n\t\t\t id=\"slide-68-layer-2\" \n\t\t\t data-x=\"center\" data-hoffset=\"\" \n\t\t\t data-y=\"250\" \n\t\t\t\t\t\tdata-width=\"['auto']\"\n\t\t\tdata-height=\"['auto']\"\n \n\t\t\tdata-type=\"text\" \n\t\t\tdata-responsive_offset=\"on\" \n\n\t\t\tdata-frames='[{\"delay\":0,\"speed\":2000,\"frame\":\"0\",\"from\":\"x:-50px;opacity:0;\",\"to\":\"o:1;\",\"ease\":\"Power4.easeInOut\"},{\"delay\":\"wait\",\"speed\":300,\"frame\":\"999\",\"to\":\"opacity:0;\",\"ease\":\"Power3.easeInOut\"}]'\n\t\t\tdata-textAlign=\"['inherit','inherit','inherit','inherit']\"\n\t\t\tdata-paddingtop=\"[0,0,0,0]\"\n\t\t\tdata-paddingright=\"[0,0,0,0]\"\n\t\t\tdata-paddingbottom=\"[0,0,0,0]\"\n\t\t\tdata-paddingleft=\"[0,0,0,0]\"\n\n\t\t\tstyle=\"z-index: 6; white-space: nowrap; font-size: 40px; line-height: 44px; font-weight: 400; color: #ffffff; letter-spacing: 0px;font-family:Open Sans;\">WIR SUCHEN IMMOBILIEN <\/div>\n\n\t\t<!-- LAYER NR. 11 -->\n\t\t<div class=\"tp-caption rev-btn rev-withicon \" \n\t\t\t id=\"slide-68-layer-3\" \n\t\t\t data-x=\"center\" data-hoffset=\"\" \n\t\t\t data-y=\"361\" \n\t\t\t\t\t\tdata-width=\"['auto']\"\n\t\t\tdata-height=\"['auto']\"\n \n\t\t\tdata-type=\"button\" \n\t\t\tdata-actions='[{\"event\":\"click\",\"action\":\"simplelink\",\"target\":\"_self\",\"url\":\"https:\\\/\\\/novagestioinmobiliaria.com\\\/de\\\/kontakt-nova-gestio-immobilien-manacor\\\/\",\"delay\":\"\"}]'\n\t\t\tdata-responsive_offset=\"on\" \n\t\t\tdata-responsive=\"off\"\n\t\t\tdata-frames='[{\"delay\":0,\"speed\":300,\"frame\":\"0\",\"from\":\"opacity:0;\",\"to\":\"o:1;\",\"ease\":\"Power3.easeInOut\"},{\"delay\":\"wait\",\"speed\":300,\"frame\":\"999\",\"to\":\"opacity:0;\",\"ease\":\"Power3.easeInOut\"},{\"frame\":\"hover\",\"speed\":\"0\",\"ease\":\"Linear.easeNone\",\"to\":\"o:1;rX:0;rY:0;rZ:0;z:0;\",\"style\":\"c:rgba(0,0,0,1);bg:rgba(255,255,255,1);bs:solid;bw:0 0 0 0;\"}]'\n\t\t\tdata-textAlign=\"['inherit','inherit','inherit','inherit']\"\n\t\t\tdata-paddingtop=\"[10,10,10,10]\"\n\t\t\tdata-paddingright=\"[30,30,30,30]\"\n\t\t\tdata-paddingbottom=\"[10,10,10,10]\"\n\t\t\tdata-paddingleft=\"[30,30,30,30]\"\n\n\t\t\tstyle=\"z-index: 7; white-space: nowrap; font-size: 14px; line-height: 14px; font-weight: 500; color: rgba(255,255,255,1); letter-spacing: px;font-family:Roboto;background-color:rgba(0,0,0,0.75);border-color:rgba(0,0,0,1);border-radius:30px 30px 30px 30px;outline:none;box-shadow:none;box-sizing:border-box;-moz-box-sizing:border-box;-webkit-box-sizing:border-box;cursor:pointer;\">KONTAKT<i class=\"fa-icon-chevron-right\"><\/i> <\/div>\n\n\t\t<!-- LAYER NR. 12 -->\n\t\t<div class=\"tp-caption 40   tp-resizeme\" \n\t\t\t id=\"slide-68-layer-4\" \n\t\t\t data-x=\"center\" data-hoffset=\"2\" \n\t\t\t data-y=\"305\" \n\t\t\t\t\t\tdata-width=\"['auto']\"\n\t\t\tdata-height=\"['auto']\"\n \n\t\t\tdata-type=\"text\" \n\t\t\tdata-responsive_offset=\"on\" \n\n\t\t\tdata-frames='[{\"delay\":0,\"speed\":2000,\"frame\":\"0\",\"from\":\"x:50px;opacity:0;\",\"to\":\"o:1;\",\"ease\":\"Power4.easeInOut\"},{\"delay\":\"wait\",\"speed\":300,\"frame\":\"999\",\"to\":\"opacity:0;\",\"ease\":\"Power3.easeInOut\"}]'\n\t\t\tdata-textAlign=\"['inherit','inherit','inherit','inherit']\"\n\t\t\tdata-paddingtop=\"[0,0,0,0]\"\n\t\t\tdata-paddingright=\"[0,0,0,0]\"\n\t\t\tdata-paddingbottom=\"[0,0,0,0]\"\n\t\t\tdata-paddingleft=\"[0,0,0,0]\"\n\n\t\t\tstyle=\"z-index: 8; white-space: nowrap; font-size: 40px; line-height: 44px; font-weight: 600; color: #ff3a2d; letter-spacing: 0px;font-family:Open Sans;\">ZU VERKAUFEN UND ZU VERMIETEN <\/div>\n\t<\/li>\n\t<!-- SLIDE  -->\n\t<li data-index=\"rs-56\" data-transition=\"fade\" data-slotamount=\"default\" data-hideafterloop=\"0\" data-hideslideonmobile=\"off\"  data-easein=\"default\" data-easeout=\"default\" data-masterspeed=\"300\"  data-thumb=\"https:\/\/novagestioinmobiliaria.com\/wp-content\/uploads\/2021\/11\/Nova-Gestio-Inmobiliaria-slide-24-copia-100x50.jpg\"  data-rotate=\"0\"  data-saveperformance=\"off\"  data-title=\"Slide\" data-param1=\"\" data-param2=\"\" data-param3=\"\" data-param4=\"\" data-param5=\"\" data-param6=\"\" data-param7=\"\" data-param8=\"\" data-param9=\"\" data-param10=\"\" data-description=\"\">\n\t\t<!-- MAIN IMAGE -->\n\t\t<img decoding=\"async\" src=\"https:\/\/novagestioinmobiliaria.com\/wp-content\/uploads\/2021\/11\/Nova-Gestio-Inmobiliaria-slide-24-copia.jpg\"  alt=\"\" title=\"Nova-Gestio-Inmobiliaria-slide-24 &#8211; copia\"  width=\"1600\" height=\"686\" data-bgposition=\"center center\" data-bgfit=\"cover\" data-bgrepeat=\"no-repeat\" class=\"rev-slidebg\" data-no-retina>\n\t\t<!-- LAYERS -->\n\t<\/li>\n\t<!-- SLIDE  -->\n\t<li data-index=\"rs-65\" data-transition=\"fade\" data-slotamount=\"default\" data-hideafterloop=\"0\" data-hideslideonmobile=\"off\"  data-easein=\"default\" data-easeout=\"default\" data-masterspeed=\"300\"  data-thumb=\"https:\/\/novagestioinmobiliaria.com\/wp-content\/uploads\/2021\/11\/Nova-Gestio-Inmobiliaria-slide-28-100x50.jpg\"  data-rotate=\"0\"  data-saveperformance=\"off\"  data-title=\"Slide\" data-param1=\"\" data-param2=\"\" data-param3=\"\" data-param4=\"\" data-param5=\"\" data-param6=\"\" data-param7=\"\" data-param8=\"\" data-param9=\"\" data-param10=\"\" data-description=\"\">\n\t\t<!-- MAIN IMAGE -->\n\t\t<img decoding=\"async\" src=\"https:\/\/novagestioinmobiliaria.com\/wp-content\/uploads\/2021\/11\/Nova-Gestio-Inmobiliaria-slide-28.jpg\"  alt=\"\" title=\"Nova-Gestio-Inmobiliaria-slide-28\"  width=\"1600\" height=\"686\" data-bgposition=\"center center\" data-bgfit=\"cover\" data-bgrepeat=\"no-repeat\" class=\"rev-slidebg\" data-no-retina>\n\t\t<!-- LAYERS -->\n\t<\/li>\n<\/ul>\n<script>var htmlDiv = document.getElementById(\"rs-plugin-settings-inline-css\"); var htmlDivCss=\"\";\r\n\t\t\t\t\t\tif(htmlDiv) {\r\n\t\t\t\t\t\t\thtmlDiv.innerHTML = htmlDiv.innerHTML + htmlDivCss;\r\n\t\t\t\t\t\t}else{\r\n\t\t\t\t\t\t\tvar htmlDiv = document.createElement(\"div\");\r\n\t\t\t\t\t\t\thtmlDiv.innerHTML = \"<style>\" + htmlDivCss + \"<\/style>\";\r\n\t\t\t\t\t\t\tdocument.getElementsByTagName(\"head\")[0].appendChild(htmlDiv.childNodes[0]);\r\n\t\t\t\t\t\t}\r\n\t\t\t\t\t<\/script>\n<div class=\"tp-bannertimer tp-bottom\" style=\"visibility: hidden !important;\"><\/div>\t<\/div>\n<script>var htmlDiv = document.getElementById(\"rs-plugin-settings-inline-css\"); var htmlDivCss=\"\";\r\n\t\t\t\tif(htmlDiv) {\r\n\t\t\t\t\thtmlDiv.innerHTML = htmlDiv.innerHTML + htmlDivCss;\r\n\t\t\t\t}else{\r\n\t\t\t\t\tvar htmlDiv = document.createElement(\"div\");\r\n\t\t\t\t\thtmlDiv.innerHTML = \"<style>\" + htmlDivCss + \"<\/style>\";\r\n\t\t\t\t\tdocument.getElementsByTagName(\"head\")[0].appendChild(htmlDiv.childNodes[0]);\r\n\t\t\t\t}\r\n\t\t\t<\/script>\n\t\t<script type=\"text\/javascript\">\r\nsetREVStartSize({c: jQuery('#rev_slider_8_1'), gridwidth: [1920], gridheight: [680], sliderLayout: 'auto'});\r\n\t\t\t\r\nvar revapi8,\r\n\ttpj=jQuery;\r\n\t\t\t\r\ntpj(document).ready(function() {\n\tif(tpj(\"#rev_slider_8_1\").revolution == undefined){\n\t\trevslider_showDoubleJqueryError(\"#rev_slider_8_1\");\n\t}else{\n\t\trevapi8 = tpj(\"#rev_slider_8_1\").show().revolution({\n\t\t\tsliderType:\"standard\",\n\t\t\tjsFileLocation:\"\/\/novagestioinmobiliaria.com\/wp-content\/plugins\/revslider\/public\/assets\/js\/\",\n\t\t\tsliderLayout:\"auto\",\n\t\t\tdottedOverlay:\"none\",\n\t\t\tdelay:3500,\n\t\t\tnavigation: {\n\t\t\t\tkeyboardNavigation:\"off\",\n\t\t\t\tkeyboard_direction: \"horizontal\",\n\t\t\t\tmouseScrollNavigation:\"off\",\n \t\t\t\t\t\t\tmouseScrollReverse:\"default\",\n\t\t\t\tonHoverStop:\"on\",\n\t\t\t\tarrows: {\n\t\t\t\t\tstyle:\"gyges\",\n\t\t\t\t\tenable:true,\n\t\t\t\t\thide_onmobile:false,\n\t\t\t\t\thide_onleave:false,\n\t\t\t\t\ttmp:'',\n\t\t\t\t\tleft: {\n\t\t\t\t\t\th_align:\"left\",\n\t\t\t\t\t\tv_align:\"center\",\n\t\t\t\t\t\th_offset:20,\n\t\t\t\t\t\tv_offset:0\n\t\t\t\t\t},\n\t\t\t\t\tright: {\n\t\t\t\t\t\th_align:\"right\",\n\t\t\t\t\t\tv_align:\"center\",\n\t\t\t\t\t\th_offset:20,\n\t\t\t\t\t\tv_offset:0\n\t\t\t\t\t}\n\t\t\t\t}\n\t\t\t},\n\t\t\tvisibilityLevels:[1240,1024,778,480],\n\t\t\tgridwidth:1920,\n\t\t\tgridheight:680,\n\t\t\tlazyType:\"none\",\n\t\t\tscrolleffect: {\n\t\t\t\tfade:\"on\",\n\t\t\t},\n\t\t\tshadow:0,\n\t\t\tspinner:\"spinner2\",\n\t\t\tstopLoop:\"off\",\n\t\t\tstopAfterLoops:-1,\n\t\t\tstopAtSlide:-1,\n\t\t\tshuffle:\"off\",\n\t\t\tautoHeight:\"off\",\n\t\t\tdisableProgressBar:\"on\",\n\t\t\thideThumbsOnMobile:\"off\",\n\t\t\thideSliderAtLimit:0,\n\t\t\thideCaptionAtLimit:0,\n\t\t\thideAllCaptionAtLilmit:0,\n\t\t\tdebugMode:false,\n\t\t\tfallbacks: {\n\t\t\t\tsimplifyAll:\"off\",\n\t\t\t\tnextSlideOnWindowFocus:\"off\",\n\t\t\t\tdisableFocusListener:false,\n\t\t\t}\n\t\t});\n\t}\n\t\n});\t\/*ready*\/\n<\/script>\r\n\t\t<script>\r\n\t\t\t\t\tvar htmlDivCss = ' #rev_slider_8_1_wrapper .tp-loader.spinner2{ background-color: #FFFFFF !important; } ';\r\n\t\t\t\t\tvar htmlDiv = document.getElementById('rs-plugin-settings-inline-css');\r\n\t\t\t\t\tif(htmlDiv) {\r\n\t\t\t\t\t\thtmlDiv.innerHTML = htmlDiv.innerHTML + htmlDivCss;\r\n\t\t\t\t\t}\r\n\t\t\t\t\telse{\r\n\t\t\t\t\t\tvar htmlDiv = document.createElement('div');\r\n\t\t\t\t\t\thtmlDiv.innerHTML = '<style>' + htmlDivCss + '<\/style>';\r\n\t\t\t\t\t\tdocument.getElementsByTagName('head')[0].appendChild(htmlDiv.childNodes[0]);\r\n\t\t\t\t\t}\r\n\t\t\t\t\t<\/script>\r\n\t\t\t\t\t<\/div><!-- END REVOLUTION SLIDER -->[vc_empty_space height=&#8221;15px&#8221;][\/vc_column][\/vc_row][vc_row][vc_column][vc_row_inner][vc_column_inner width=&#8221;1\/4&#8243;][vc_btn title=&#8221;IMMOBILIEN ZU VERKAUFEN&#8221; color=&#8221;turquoise&#8221; size=&#8221;lg&#8221; align=&#8221;center&#8221; button_block=&#8221;true&#8221; link=&#8221;url:https%3A%2F%2Fnovagestioinmobiliaria.com%2Fde%2Foffer-type%2Fzu-verkaufen%2F|target:_blank&#8221;][\/vc_column_inner][vc_column_inner width=&#8221;1\/4&#8243;][vc_btn title=&#8221;IMMOBILIEN ZU VERMIETEN&#8221; color=&#8221;turquoise&#8221; size=&#8221;lg&#8221; align=&#8221;center&#8221; button_block=&#8221;true&#8221; link=&#8221;url:https%3A%2F%2Fnovagestioinmobiliaria.com%2Fde%2Foffer-type%2Fzu-vermieten%2F|target:_blank&#8221;][\/vc_column_inner][vc_column_inner width=&#8221;1\/4&#8243;][vc_btn title=&#8221;EMPFOHLENE KAUFOBJEKTE&#8221; color=&#8221;turquoise&#8221; size=&#8221;lg&#8221; align=&#8221;center&#8221; button_block=&#8221;true&#8221; link=&#8221;url:https%3A%2F%2Fnovagestioinmobiliaria.com%2Fde%2Fempfohlene-kaufobjekte-3%2F|target:_blank&#8221;][\/vc_column_inner][vc_column_inner width=&#8221;1\/4&#8243;][vc_btn title=&#8221;EMPFOHLENE MIETOBJEKTE&#8221; color=&#8221;turquoise&#8221; size=&#8221;lg&#8221; align=&#8221;center&#8221; button_block=&#8221;true&#8221; link=&#8221;url:https%3A%2F%2Fnovagestioinmobiliaria.com%2Fde%2Fempfohlene-mietobjekte%2F|target:_blank&#8221;][\/vc_column_inner][\/vc_row_inner][vc_row_inner][vc_column_inner width=&#8221;1\/2&#8243;][vc_column_text css=&#8221;&#8221;]<strong>Besitzen Sie eine Immobilie und wissen nicht, wie viel sie wert ist?<\/strong><br \/>\nWir von <strong>Nova Gesti\u00f3 Inmobiliaria<\/strong> sch\u00e4tzen sie kostenlos und unverbindlich f\u00fcr Sie.<br \/>\nWir besichtigen sie auch kostenlos, um Ihnen eine realistische, marktgerechte Bewertung zu geben.<br \/>\nSchreiben Sie uns und wir vereinbaren einen kostenlosen Besichtigungstermin mit einem erfahrenen Immobilienmakler.[\/vc_column_text][\/vc_column_inner][vc_column_inner width=&#8221;1\/2&#8243;][vc_btn title=&#8221;ICH M\u00d6CHTE EINE KOSTENLOSE IMMOBILIENBEWERTUNG&#8221; color=&#8221;danger&#8221; size=&#8221;lg&#8221; align=&#8221;center&#8221; css=&#8221;&#8221; button_block=&#8221;true&#8221; link=&#8221;url:https%3A%2F%2Fnovagestioinmobiliaria.com%2Fde%2Feigentuemer-der-eine-anfrage-stellt|target:_blank&#8221;][\/vc_column_inner][\/vc_row_inner][\/vc_column][\/vc_row][vc_row full_width=&#8221;stretch_row&#8221; css=&#8221;.vc_custom_1488458875001{background-color: #f2f2f2 !important;}&#8221;][vc_column css=&#8221;.vc_custom_1487058892069{padding-top: 39px !important;padding-bottom: 24px !important;}&#8221;]\t\t<div>\r\n\r\n\t\t\t\t\t<div class=\"mh-search-classic mh-search-top\">\r\n\t\t\t\t\t\t\t<search-form id=\"myhome-search-form\"\r\n\t\t\t\t\t\t :config='{&quot;label&quot;:&quot;&quot;,&quot;controls&quot;:[{&quot;id&quot;:&quot;1&quot;,&quot;name&quot;:&quot;Tipo propiedad&quot;,&quot;slug&quot;:&quot;property-type&quot;,&quot;display_after&quot;:&quot;&quot;,&quot;placeholder&quot;:&quot;&quot;,&quot;placeholder_from&quot;:&quot;&quot;,&quot;placeholder_to&quot;:&quot;&quot;,&quot;tags&quot;:false,&quot;form_control&quot;:&quot;select&quot;,&quot;default_values&quot;:&quot;all&quot;,&quot;dependencies&quot;:[],&quot;most_popular_limit&quot;:6,&quot;values&quot;:{&quot;besonderes&quot;:&quot;Besonderes&quot;,&quot;fincas-landhaeuser&quot;:&quot;Fincas \\\/ Landh\\u00e4user&quot;,&quot;gebaeude&quot;:&quot;Geb\\u00e4ude&quot;,&quot;geschaeftslokale-bueros&quot;:&quot;Gesch\\u00e4ftslokale \\\/ B\\u00fcros&quot;,&quot;industriegebaeude&quot;:&quot;Industriegeb\\u00e4ude&quot;,&quot;industriegelaende&quot;:&quot;Industriegel\\u00e4nde&quot;,&quot;landgrundstuecke-bebaubares-land&quot;:&quot;Landgrundst\\u00fccke \\\/ Bebaubares Land&quot;,&quot;parkplaetze-garagen&quot;:&quot;Parkpl\\u00e4tze \\\/ Garagen&quot;,&quot;reihenhaeuser-doppelhaushaelften&quot;:&quot;Reihenh\\u00e4user \\\/ Doppelhaush\\u00e4lften&quot;,&quot;stadtgrundstuecke&quot;:&quot;Stadtgrundst\\u00fccke&quot;,&quot;stadthaeuser-ebenerdige-wohnungen&quot;:&quot;Stadth\\u00e4user \\\/ Ebenerdige Wohnungen&quot;,&quot;villen-chalets&quot;:&quot;Villen \\\/ Chalets&quot;,&quot;wohnungen-apartments&quot;:&quot;Wohnungen \\\/ Apartments&quot;},&quot;type&quot;:&quot;taxonomy&quot;,&quot;base_slug&quot;:&quot;property_type&quot;,&quot;checkbox_full_width&quot;:&quot;&quot;,&quot;show_card&quot;:&quot;0&quot;,&quot;show_property&quot;:&quot;1&quot;,&quot;has_archive&quot;:&quot;1&quot;,&quot;new_box&quot;:false},{&quot;id&quot;:&quot;2&quot;,&quot;name&quot;:&quot;Tipo operaci\\u00f3n&quot;,&quot;slug&quot;:&quot;offer-type&quot;,&quot;display_after&quot;:&quot;&quot;,&quot;placeholder&quot;:&quot;&quot;,&quot;placeholder_from&quot;:&quot;&quot;,&quot;placeholder_to&quot;:&quot;&quot;,&quot;tags&quot;:false,&quot;form_control&quot;:&quot;select&quot;,&quot;default_values&quot;:&quot;all&quot;,&quot;dependencies&quot;:[&quot;besonderes&quot;,&quot;fincas-landhaeuser&quot;,&quot;gebaeude&quot;,&quot;geschaeftslokale-bueros&quot;,&quot;industriegebaeude&quot;,&quot;industriegelaende&quot;,&quot;landgrundstuecke-bebaubares-land&quot;,&quot;parkplaetze-garagen&quot;,&quot;reihenhaeuser-doppelhaushaelften&quot;,&quot;stadtgrundstuecke&quot;,&quot;stadthaeuser-ebenerdige-wohnungen&quot;,&quot;villen-chalets&quot;,&quot;wohnungen-apartments&quot;],&quot;most_popular_limit&quot;:6,&quot;values&quot;:{&quot;gelegenheit&quot;:&quot;Gelegenheit&quot;,&quot;preisnachlass&quot;:&quot;Preisnachlass&quot;,&quot;reserviert&quot;:&quot;Reserviert&quot;,&quot;vermietet&quot;:&quot;Vermietet&quot;,&quot;zu-verkaufen&quot;:&quot;Zu verkaufen&quot;,&quot;zu-vermieten&quot;:&quot;Zu vermieten&quot;},&quot;type&quot;:&quot;taxonomy&quot;,&quot;base_slug&quot;:&quot;offer_type&quot;,&quot;checkbox_full_width&quot;:&quot;0&quot;,&quot;show_card&quot;:&quot;1&quot;,&quot;show_property&quot;:&quot;1&quot;,&quot;has_archive&quot;:&quot;1&quot;,&quot;new_box&quot;:false},{&quot;id&quot;:&quot;10&quot;,&quot;name&quot;:&quot;Zona&quot;,&quot;slug&quot;:&quot;city&quot;,&quot;display_after&quot;:&quot;&quot;,&quot;placeholder&quot;:&quot;&quot;,&quot;placeholder_from&quot;:&quot;&quot;,&quot;placeholder_to&quot;:&quot;&quot;,&quot;tags&quot;:false,&quot;form_control&quot;:&quot;select&quot;,&quot;default_values&quot;:&quot;all&quot;,&quot;dependencies&quot;:[&quot;besonderes&quot;,&quot;fincas-landhaeuser&quot;,&quot;gebaeude&quot;,&quot;geschaeftslokale-bueros&quot;,&quot;industriegebaeude&quot;,&quot;industriegelaende&quot;,&quot;landgrundstuecke-bebaubares-land&quot;,&quot;parkplaetze-garagen&quot;,&quot;reihenhaeuser-doppelhaushaelften&quot;,&quot;stadtgrundstuecke&quot;,&quot;stadthaeuser-ebenerdige-wohnungen&quot;,&quot;villen-chalets&quot;,&quot;wohnungen-apartments&quot;],&quot;most_popular_limit&quot;:6,&quot;values&quot;:{&quot;arta-de&quot;:&quot;Art\\u00e1&quot;,&quot;betlem-de&quot;:&quot;Betlem&quot;,&quot;cala-anguila-de&quot;:&quot;Cala Anguila&quot;,&quot;cala-bona-de&quot;:&quot;Cala Bona&quot;,&quot;cala-dor-de&quot;:&quot;Cala d&#039;Or&quot;,&quot;cala-ferrera-de&quot;:&quot;Cala Ferrera&quot;,&quot;cala-figuera-de&quot;:&quot;Cala Figuera&quot;,&quot;cala-magrana-de&quot;:&quot;Cala Magrana&quot;,&quot;cala-mendia-de&quot;:&quot;Cala Mendia&quot;,&quot;cala-millor-de&quot;:&quot;Cala Millor&quot;,&quot;cala-morlanda-de&quot;:&quot;Cala Morlanda&quot;,&quot;cala-murada-de&quot;:&quot;Cala Murada&quot;,&quot;cala-ratjada-de&quot;:&quot;Cala Ratjada&quot;,&quot;cala-romantica-de&quot;:&quot;Cala Rom\\u00e1ntica&quot;,&quot;cala-santanyi-de&quot;:&quot;Cala Santanyi&quot;,&quot;cala-mendia&quot;:&quot;cala-mendia&quot;,&quot;calas-de-mallorca-de&quot;:&quot;Calas de Mallorca&quot;,&quot;calonge-de&quot;:&quot;Calonge&quot;,&quot;campos-de&quot;:&quot;Campos&quot;,&quot;can-pastilla-de&quot;:&quot;Can Pastilla&quot;,&quot;can-picafort-de-2&quot;:&quot;Can Picafort&quot;,&quot;can-picafort-de&quot;:&quot;Can Picafort&quot;,&quot;canyamel-de&quot;:&quot;Canyamel&quot;,&quot;capdepera-de&quot;:&quot;Capdepera&quot;,&quot;colonia-de-san-pedro&quot;:&quot;Colonia de San Pedro&quot;,&quot;colonia-de-sant-jordi-de&quot;:&quot;Colonia de Sant Jordi&quot;,&quot;costa-de-los-pinos-de&quot;:&quot;Costa de los Pinos&quot;,&quot;es-llombards-de&quot;:&quot;Es Llombards&quot;,&quot;felanitx-de&quot;:&quot;Felanitx&quot;,&quot;font-de-sa-cala-de&quot;:&quot;Font de Sa Cala&quot;,&quot;inca-de&quot;:&quot;Inca&quot;,&quot;llucmajor-de&quot;:&quot;Llucmajor&quot;,&quot;manacor-de&quot;:&quot;Manacor&quot;,&quot;maria-de-la-salut-de&quot;:&quot;Mar\\u00eda de la Salut&quot;,&quot;montuiri-de&quot;:&quot;Montuiri&quot;,&quot;palma-de-mallorca-de&quot;:&quot;Palma de Mallorca&quot;,&quot;petra-de&quot;:&quot;Petra&quot;,&quot;pollenca-de&quot;:&quot;Pollen\\u00e7a&quot;,&quot;pollensa-de&quot;:&quot;Pollensa&quot;,&quot;porreres-de&quot;:&quot;Porreres&quot;,&quot;porto-colom-de&quot;:&quot;Porto Colom&quot;,&quot;porto-cristo-de&quot;:&quot;Porto Cristo&quot;,&quot;porto-petro-de&quot;:&quot;Porto Petro&quot;,&quot;randa-de&quot;:&quot;Randa&quot;,&quot;shorta-de&quot;:&quot;S&#039;Horta&quot;,&quot;sillot-de&quot;:&quot;S&#039;Illot&quot;,&quot;sa-cabaneta-de&quot;:&quot;Sa Cabaneta&quot;,&quot;sa-coma-de&quot;:&quot;Sa Coma&quot;,&quot;sa-rapita-de&quot;:&quot;Sa R\\u00e0pita&quot;,&quot;sant-joan-de&quot;:&quot;Sant Joan&quot;,&quot;sant-llorenc-des-cardessar-de&quot;:&quot;Sant Lloren\\u00e7 des Cardessar&quot;,&quot;santanyi-de&quot;:&quot;Santanyi&quot;,&quot;ses-salines-de&quot;:&quot;Ses Salines&quot;,&quot;sineu-de&quot;:&quot;Sineu&quot;,&quot;son-carrio-de&quot;:&quot;Son Carri\\u00f3&quot;,&quot;son-macia-de&quot;:&quot;Son Maci\\u00e1&quot;,&quot;son-serra-de-marina-de&quot;:&quot;Son Serra de Marina&quot;,&quot;son-servera-de&quot;:&quot;Son Servera&quot;,&quot;vilafranca-de-bonany-2&quot;:&quot;Vilafranca de Bonany&quot;},&quot;type&quot;:&quot;taxonomy&quot;,&quot;base_slug&quot;:&quot;&quot;,&quot;checkbox_full_width&quot;:&quot;&quot;,&quot;show_card&quot;:&quot;0&quot;,&quot;show_property&quot;:&quot;1&quot;,&quot;has_archive&quot;:&quot;1&quot;,&quot;new_box&quot;:false},{&quot;id&quot;:&quot;3&quot;,&quot;name&quot;:&quot;Precio&quot;,&quot;slug&quot;:&quot;price&quot;,&quot;display_after&quot;:&quot;\\u20ac&quot;,&quot;placeholder&quot;:&quot;&quot;,&quot;placeholder_from&quot;:&quot;&quot;,&quot;placeholder_to&quot;:&quot;&quot;,&quot;tags&quot;:false,&quot;form_control&quot;:&quot;text_range&quot;,&quot;default_values&quot;:&quot;&quot;,&quot;dependencies&quot;:[&quot;besonderes&quot;,&quot;fincas-landhaeuser&quot;,&quot;gebaeude&quot;,&quot;geschaeftslokale-bueros&quot;,&quot;industriegebaeude&quot;,&quot;industriegelaende&quot;,&quot;landgrundstuecke-bebaubares-land&quot;,&quot;parkplaetze-garagen&quot;,&quot;reihenhaeuser-doppelhaushaelften&quot;,&quot;stadtgrundstuecke&quot;,&quot;stadthaeuser-ebenerdige-wohnungen&quot;,&quot;villen-chalets&quot;,&quot;wohnungen-apartments&quot;],&quot;most_popular_limit&quot;:6,&quot;values&quot;:[],&quot;type&quot;:&quot;field&quot;,&quot;base_slug&quot;:&quot;price&quot;,&quot;checkbox_full_width&quot;:&quot;&quot;,&quot;show_card&quot;:false,&quot;show_property&quot;:true,&quot;has_archive&quot;:false,&quot;new_box&quot;:false},{&quot;id&quot;:&quot;13&quot;,&quot;name&quot;:&quot;Palabra&quot;,&quot;slug&quot;:&quot;keyword&quot;,&quot;display_after&quot;:&quot;&quot;,&quot;placeholder&quot;:&quot;Palabra clave&quot;,&quot;placeholder_from&quot;:&quot;&quot;,&quot;placeholder_to&quot;:&quot;&quot;,&quot;tags&quot;:false,&quot;form_control&quot;:&quot;text&quot;,&quot;default_values&quot;:null,&quot;dependencies&quot;:null,&quot;most_popular_limit&quot;:6,&quot;values&quot;:[],&quot;type&quot;:&quot;core&quot;,&quot;base_slug&quot;:&quot;keyword&quot;,&quot;checkbox_full_width&quot;:false,&quot;show_card&quot;:false,&quot;show_property&quot;:true,&quot;has_archive&quot;:false,&quot;new_box&quot;:false},{&quot;id&quot;:&quot;5&quot;,&quot;name&quot;:&quot;Habitaciones&quot;,&quot;slug&quot;:&quot;bedrooms&quot;,&quot;display_after&quot;:&quot;&quot;,&quot;placeholder&quot;:&quot;&quot;,&quot;placeholder_from&quot;:&quot;&quot;,&quot;placeholder_to&quot;:&quot;&quot;,&quot;tags&quot;:false,&quot;form_control&quot;:&quot;select_range&quot;,&quot;default_values&quot;:&quot;&quot;,&quot;dependencies&quot;:[&quot;besonderes&quot;,&quot;fincas-landhaeuser&quot;,&quot;gebaeude&quot;,&quot;geschaeftslokale-bueros&quot;,&quot;reihenhaeuser-doppelhaushaelften&quot;,&quot;stadthaeuser-ebenerdige-wohnungen&quot;,&quot;villen-chalets&quot;,&quot;wohnungen-apartments&quot;],&quot;most_popular_limit&quot;:6,&quot;values&quot;:{&quot;1&quot;:&quot;1&quot;,&quot;2&quot;:&quot;2&quot;,&quot;3&quot;:&quot;3&quot;,&quot;4&quot;:&quot;4&quot;,&quot;5+&quot;:&quot;5+&quot;},&quot;type&quot;:&quot;field&quot;,&quot;base_slug&quot;:&quot;&quot;,&quot;checkbox_full_width&quot;:&quot;&quot;,&quot;show_card&quot;:&quot;1&quot;,&quot;show_property&quot;:&quot;1&quot;,&quot;has_archive&quot;:false,&quot;new_box&quot;:false},{&quot;id&quot;:&quot;7&quot;,&quot;name&quot;:&quot;Ba\\u00f1os&quot;,&quot;slug&quot;:&quot;bathrooms&quot;,&quot;display_after&quot;:&quot;&quot;,&quot;placeholder&quot;:&quot;&quot;,&quot;placeholder_from&quot;:&quot;&quot;,&quot;placeholder_to&quot;:&quot;&quot;,&quot;tags&quot;:false,&quot;form_control&quot;:&quot;select_range&quot;,&quot;default_values&quot;:&quot;&quot;,&quot;dependencies&quot;:[&quot;besonderes&quot;,&quot;fincas-landhaeuser&quot;,&quot;gebaeude&quot;,&quot;geschaeftslokale-bueros&quot;,&quot;industriegebaeude&quot;,&quot;industriegelaende&quot;,&quot;parkplaetze-garagen&quot;,&quot;reihenhaeuser-doppelhaushaelften&quot;,&quot;stadthaeuser-ebenerdige-wohnungen&quot;,&quot;villen-chalets&quot;,&quot;wohnungen-apartments&quot;],&quot;most_popular_limit&quot;:6,&quot;values&quot;:{&quot;1&quot;:&quot;1&quot;,&quot;2&quot;:&quot;2&quot;,&quot;3&quot;:&quot;3&quot;,&quot;4&quot;:&quot;4&quot;,&quot;5+&quot;:&quot;5+&quot;},&quot;type&quot;:&quot;field&quot;,&quot;base_slug&quot;:&quot;&quot;,&quot;checkbox_full_width&quot;:&quot;&quot;,&quot;show_card&quot;:&quot;1&quot;,&quot;show_property&quot;:&quot;1&quot;,&quot;has_archive&quot;:false,&quot;new_box&quot;:false},{&quot;id&quot;:&quot;8&quot;,&quot;name&quot;:&quot;M2&quot;,&quot;slug&quot;:&quot;property-size&quot;,&quot;display_after&quot;:&quot;m\\u00b2&quot;,&quot;placeholder&quot;:&quot;&quot;,&quot;placeholder_from&quot;:&quot;&quot;,&quot;placeholder_to&quot;:&quot;&quot;,&quot;tags&quot;:false,&quot;form_control&quot;:&quot;text_range&quot;,&quot;default_values&quot;:&quot;&quot;,&quot;dependencies&quot;:[&quot;besonderes&quot;,&quot;fincas-landhaeuser&quot;,&quot;gebaeude&quot;,&quot;geschaeftslokale-bueros&quot;,&quot;industriegebaeude&quot;,&quot;industriegelaende&quot;,&quot;landgrundstuecke-bebaubares-land&quot;,&quot;parkplaetze-garagen&quot;,&quot;reihenhaeuser-doppelhaushaelften&quot;,&quot;stadtgrundstuecke&quot;,&quot;stadthaeuser-ebenerdige-wohnungen&quot;,&quot;villen-chalets&quot;,&quot;wohnungen-apartments&quot;],&quot;most_popular_limit&quot;:6,&quot;values&quot;:[],&quot;type&quot;:&quot;field&quot;,&quot;base_slug&quot;:&quot;&quot;,&quot;checkbox_full_width&quot;:&quot;&quot;,&quot;show_card&quot;:&quot;1&quot;,&quot;show_property&quot;:&quot;1&quot;,&quot;has_archive&quot;:false,&quot;new_box&quot;:false},{&quot;id&quot;:&quot;9&quot;,&quot;name&quot;:&quot;Terreno \\\/ Solar&quot;,&quot;slug&quot;:&quot;lot-size&quot;,&quot;display_after&quot;:&quot;m\\u00b2&quot;,&quot;placeholder&quot;:&quot;&quot;,&quot;placeholder_from&quot;:&quot;&quot;,&quot;placeholder_to&quot;:&quot;&quot;,&quot;tags&quot;:false,&quot;form_control&quot;:&quot;text_range&quot;,&quot;default_values&quot;:&quot;&quot;,&quot;dependencies&quot;:[&quot;besonderes&quot;,&quot;fincas-landhaeuser&quot;,&quot;gebaeude&quot;,&quot;geschaeftslokale-bueros&quot;,&quot;industriegebaeude&quot;,&quot;industriegelaende&quot;,&quot;landgrundstuecke-bebaubares-land&quot;,&quot;reihenhaeuser-doppelhaushaelften&quot;,&quot;stadthaeuser-ebenerdige-wohnungen&quot;,&quot;villen-chalets&quot;,&quot;wohnungen-apartments&quot;],&quot;most_popular_limit&quot;:6,&quot;values&quot;:[],&quot;type&quot;:&quot;field&quot;,&quot;base_slug&quot;:&quot;&quot;,&quot;checkbox_full_width&quot;:&quot;&quot;,&quot;show_card&quot;:&quot;0&quot;,&quot;show_property&quot;:&quot;1&quot;,&quot;has_archive&quot;:false,&quot;new_box&quot;:false},{&quot;id&quot;:&quot;6&quot;,&quot;name&quot;:&quot;A\\u00f1o&quot;,&quot;slug&quot;:&quot;year-built&quot;,&quot;display_after&quot;:&quot;&quot;,&quot;placeholder&quot;:&quot;&quot;,&quot;placeholder_from&quot;:&quot;&quot;,&quot;placeholder_to&quot;:&quot;&quot;,&quot;tags&quot;:false,&quot;form_control&quot;:&quot;text_range&quot;,&quot;default_values&quot;:&quot;&quot;,&quot;dependencies&quot;:[&quot;industriegebaeude&quot;,&quot;reihenhaeuser-doppelhaushaelften&quot;],&quot;most_popular_limit&quot;:6,&quot;values&quot;:[],&quot;type&quot;:&quot;field&quot;,&quot;base_slug&quot;:&quot;&quot;,&quot;checkbox_full_width&quot;:&quot;&quot;,&quot;show_card&quot;:&quot;0&quot;,&quot;show_property&quot;:&quot;1&quot;,&quot;has_archive&quot;:false,&quot;new_box&quot;:false},{&quot;id&quot;:&quot;12&quot;,&quot;name&quot;:&quot;Caracter\\u00edsticas&quot;,&quot;slug&quot;:&quot;features&quot;,&quot;display_after&quot;:&quot;&quot;,&quot;placeholder&quot;:&quot;&quot;,&quot;placeholder_from&quot;:&quot;&quot;,&quot;placeholder_to&quot;:&quot;&quot;,&quot;tags&quot;:true,&quot;form_control&quot;:&quot;checkbox&quot;,&quot;default_values&quot;:&quot;most_popular&quot;,&quot;dependencies&quot;:[&quot;besonderes&quot;,&quot;fincas-landhaeuser&quot;,&quot;gebaeude&quot;,&quot;geschaeftslokale-bueros&quot;,&quot;industriegebaeude&quot;,&quot;industriegelaende&quot;,&quot;landgrundstuecke-bebaubares-land&quot;,&quot;parkplaetze-garagen&quot;,&quot;reihenhaeuser-doppelhaushaelften&quot;,&quot;stadtgrundstuecke&quot;,&quot;stadthaeuser-ebenerdige-wohnungen&quot;,&quot;villen-chalets&quot;,&quot;wohnungen-apartments&quot;],&quot;most_popular_limit&quot;:34,&quot;values&quot;:{&quot;wohnungen-apartments&quot;:{&quot;einbaukueche&quot;:&quot;Einbauk\\u00fcche&quot;,&quot;moebliert&quot;:&quot;M\\u00f6bliert&quot;,&quot;terrasse&quot;:&quot;Terrasse&quot;,&quot;ruhige-lage&quot;:&quot;Ruhige Lage&quot;,&quot;klimaanlage&quot;:&quot;Klimaanlage&quot;,&quot;balkon&quot;:&quot;Balkon&quot;,&quot;haustiere-nicht-erlaubt&quot;:&quot;Haustiere NICHT erlaubt&quot;,&quot;aufzug&quot;:&quot;Aufzug&quot;,&quot;3-schlafzimmer&quot;:&quot;3 Schlafzimmer&quot;,&quot;gemeinschaftspool&quot;:&quot;Gemeinschaftspool&quot;,&quot;meerblick&quot;:&quot;Meerblick&quot;,&quot;heizung&quot;:&quot;Heizung&quot;,&quot;obergeschoss&quot;:&quot;Obergeschoss&quot;,&quot;auto-stellplatz&quot;:&quot;Auto-Stellplatz&quot;,&quot;zentrale-lage&quot;:&quot;Zentrale Lage&quot;,&quot;kamin&quot;:&quot;Kamin&quot;,&quot;panoramablick&quot;:&quot;Panoramablick&quot;,&quot;schulnah&quot;:&quot;Schulnah&quot;,&quot;strand-in-der-nahe-de&quot;:&quot;Strand in der N\\u00e4he&quot;,&quot;wascherei&quot;:&quot;W\\u00e4scherei&quot;,&quot;2-doppelzimmer&quot;:&quot;2 Doppelzimmer&quot;,&quot;erste-meereslinie&quot;:&quot;Erste Meereslinie&quot;,&quot;ausblick-auf-die-berge&quot;:&quot;Ausblick auf die Berge&quot;,&quot;garten&quot;:&quot;Garten&quot;,&quot;haustiere-erlaubt&quot;:&quot;Haustiere erlaubt&quot;,&quot;abstellraum&quot;:&quot;Abstellraum&quot;,&quot;grill&quot;:&quot;Grill&quot;,&quot;garage-de&quot;:&quot;Garage&quot;,&quot;reformiert&quot;:&quot;Reformiert&quot;,&quot;unverbaubare-aussicht&quot;:&quot;Unverbaubare Aussicht&quot;,&quot;stromanschluss&quot;:&quot;Stromanschluss&quot;,&quot;vorinstallation-heizung&quot;:&quot;Vorinstallation Heizung&quot;,&quot;1-einzelzimmer&quot;:&quot;1 Einzelzimmer&quot;,&quot;langzeitmiete&quot;:&quot;Langzeitmiete&quot;},&quot;fincas-landhaeuser&quot;:{&quot;ruhige-lage&quot;:&quot;Ruhige Lage&quot;,&quot;garten&quot;:&quot;Garten&quot;,&quot;einbaukueche&quot;:&quot;Einbauk\\u00fcche&quot;,&quot;terrasse&quot;:&quot;Terrasse&quot;,&quot;moebliert&quot;:&quot;M\\u00f6bliert&quot;,&quot;ausblick-auf-die-berge&quot;:&quot;Ausblick auf die Berge&quot;,&quot;privatpool&quot;:&quot;Privatpool&quot;,&quot;kamin&quot;:&quot;Kamin&quot;,&quot;klimaanlage&quot;:&quot;Klimaanlage&quot;,&quot;heizung&quot;:&quot;Heizung&quot;,&quot;haustiere-erlaubt&quot;:&quot;Haustiere erlaubt&quot;,&quot;panoramablick&quot;:&quot;Panoramablick&quot;,&quot;stromanschluss&quot;:&quot;Stromanschluss&quot;,&quot;grill&quot;:&quot;Grill&quot;,&quot;garage-de&quot;:&quot;Garage&quot;,&quot;auto-stellplatz&quot;:&quot;Auto-Stellplatz&quot;,&quot;obergeschoss&quot;:&quot;Obergeschoss&quot;,&quot;abstellraum&quot;:&quot;Abstellraum&quot;,&quot;unverbaubare-aussicht&quot;:&quot;Unverbaubare Aussicht&quot;,&quot;4-schlafzimmer&quot;:&quot;4 Schlafzimmer&quot;,&quot;gemeinschaftspool&quot;:&quot;Gemeinschaftspool&quot;,&quot;3-schlafzimmer&quot;:&quot;3 Schlafzimmer&quot;,&quot;meerblick&quot;:&quot;Meerblick&quot;,&quot;wascherei&quot;:&quot;W\\u00e4scherei&quot;,&quot;gaestehaus&quot;:&quot;G\\u00e4stehaus&quot;,&quot;balkon&quot;:&quot;Balkon&quot;,&quot;2-doppelzimmer&quot;:&quot;2 Doppelzimmer&quot;,&quot;haustiere-nicht-erlaubt&quot;:&quot;Haustiere NICHT erlaubt&quot;,&quot;bebaubar&quot;:&quot;Bebaubar&quot;,&quot;strand-in-der-nahe-de&quot;:&quot;Strand in der N\\u00e4he&quot;,&quot;neubau&quot;:&quot;Neubau&quot;,&quot;4-badezimmer&quot;:&quot;4 Badezimmer&quot;,&quot;ferienvermietungslizenz&quot;:&quot;Ferienvermietungslizenz&quot;,&quot;1-bad&quot;:&quot;1 Bad&quot;},&quot;stadthaeuser-ebenerdige-wohnungen&quot;:{&quot;einbaukueche&quot;:&quot;Einbauk\\u00fcche&quot;,&quot;terrasse&quot;:&quot;Terrasse&quot;,&quot;moebliert&quot;:&quot;M\\u00f6bliert&quot;,&quot;ruhige-lage&quot;:&quot;Ruhige Lage&quot;,&quot;klimaanlage&quot;:&quot;Klimaanlage&quot;,&quot;kamin&quot;:&quot;Kamin&quot;,&quot;obergeschoss&quot;:&quot;Obergeschoss&quot;,&quot;garage-de&quot;:&quot;Garage&quot;,&quot;garten&quot;:&quot;Garten&quot;,&quot;haustiere-erlaubt&quot;:&quot;Haustiere erlaubt&quot;,&quot;haustiere-nicht-erlaubt&quot;:&quot;Haustiere NICHT erlaubt&quot;,&quot;innenhof&quot;:&quot;Innenhof&quot;,&quot;3-schlafzimmer&quot;:&quot;3 Schlafzimmer&quot;,&quot;zentrale-lage&quot;:&quot;Zentrale Lage&quot;,&quot;heizung&quot;:&quot;Heizung&quot;,&quot;4-schlafzimmer&quot;:&quot;4 Schlafzimmer&quot;,&quot;strand-in-der-nahe-de&quot;:&quot;Strand in der N\\u00e4he&quot;,&quot;meerblick&quot;:&quot;Meerblick&quot;,&quot;privatpool&quot;:&quot;Privatpool&quot;,&quot;2-doppelzimmer&quot;:&quot;2 Doppelzimmer&quot;,&quot;unverbaubare-aussicht&quot;:&quot;Unverbaubare Aussicht&quot;,&quot;zum-renovieren&quot;:&quot;Zum Renovieren&quot;,&quot;ausblick-auf-die-berge&quot;:&quot;Ausblick auf die Berge&quot;,&quot;grill&quot;:&quot;Grill&quot;,&quot;wohnungen&quot;:&quot;Wohnungen&quot;,&quot;abstellraum&quot;:&quot;Abstellraum&quot;,&quot;reformiert&quot;:&quot;Reformiert&quot;,&quot;wascherei&quot;:&quot;W\\u00e4scherei&quot;,&quot;erste-meereslinie&quot;:&quot;Erste Meereslinie&quot;,&quot;stromanschluss&quot;:&quot;Stromanschluss&quot;,&quot;langzeitmiete&quot;:&quot;Langzeitmiete&quot;,&quot;auto-stellplatz&quot;:&quot;Auto-Stellplatz&quot;,&quot;balkon&quot;:&quot;Balkon&quot;,&quot;gelande&quot;:&quot;Gel\\u00e4nde&quot;},&quot;villen-chalets&quot;:{&quot;einbaukueche&quot;:&quot;Einbauk\\u00fcche&quot;,&quot;klimaanlage&quot;:&quot;Klimaanlage&quot;,&quot;terrasse&quot;:&quot;Terrasse&quot;,&quot;garten&quot;:&quot;Garten&quot;,&quot;privatpool&quot;:&quot;Privatpool&quot;,&quot;ruhige-lage&quot;:&quot;Ruhige Lage&quot;,&quot;moebliert&quot;:&quot;M\\u00f6bliert&quot;,&quot;heizung&quot;:&quot;Heizung&quot;,&quot;garage-de&quot;:&quot;Garage&quot;,&quot;balkon&quot;:&quot;Balkon&quot;,&quot;grill&quot;:&quot;Grill&quot;,&quot;meerblick&quot;:&quot;Meerblick&quot;,&quot;haustiere-erlaubt&quot;:&quot;Haustiere erlaubt&quot;,&quot;3-schlafzimmer&quot;:&quot;3 Schlafzimmer&quot;,&quot;kamin&quot;:&quot;Kamin&quot;,&quot;wascherei&quot;:&quot;W\\u00e4scherei&quot;,&quot;obergeschoss&quot;:&quot;Obergeschoss&quot;,&quot;4-schlafzimmer&quot;:&quot;4 Schlafzimmer&quot;,&quot;neubau&quot;:&quot;Neubau&quot;,&quot;strand-in-der-nahe-de&quot;:&quot;Strand in der N\\u00e4he&quot;,&quot;panoramablick&quot;:&quot;Panoramablick&quot;,&quot;gemeinschaftspool&quot;:&quot;Gemeinschaftspool&quot;,&quot;stromanschluss&quot;:&quot;Stromanschluss&quot;,&quot;auto-stellplatz&quot;:&quot;Auto-Stellplatz&quot;,&quot;zentrale-lage&quot;:&quot;Zentrale Lage&quot;,&quot;aufzug&quot;:&quot;Aufzug&quot;,&quot;ferienvermietungslizenz&quot;:&quot;Ferienvermietungslizenz&quot;,&quot;gaestehaus&quot;:&quot;G\\u00e4stehaus&quot;,&quot;schulnah&quot;:&quot;Schulnah&quot;,&quot;5-schlafzimmer&quot;:&quot;5 Schlafzimmer&quot;,&quot;unverbaubare-aussicht&quot;:&quot;Unverbaubare Aussicht&quot;,&quot;ausblick-auf-die-berge&quot;:&quot;Ausblick auf die Berge&quot;,&quot;langzeitmiete&quot;:&quot;Langzeitmiete&quot;},&quot;geschaeftslokale-bueros&quot;:{&quot;zentrale-lage&quot;:&quot;Zentrale Lage&quot;,&quot;klimaanlage&quot;:&quot;Klimaanlage&quot;,&quot;buroraume&quot;:&quot;B\\u00fcror\\u00e4ume&quot;,&quot;geschaftsraume&quot;:&quot;Gesch\\u00e4ftsr\\u00e4ume&quot;,&quot;terrasse&quot;:&quot;Terrasse&quot;,&quot;schulnah&quot;:&quot;Schulnah&quot;,&quot;lagerhaus&quot;:&quot;Lagerhaus&quot;,&quot;moebliert&quot;:&quot;M\\u00f6bliert&quot;,&quot;einbaukueche&quot;:&quot;Einbauk\\u00fcche&quot;,&quot;reformiert&quot;:&quot;Reformiert&quot;,&quot;2-doppelzimmer&quot;:&quot;2 Doppelzimmer&quot;,&quot;haustiere-nicht-erlaubt&quot;:&quot;Haustiere NICHT erlaubt&quot;,&quot;neubau&quot;:&quot;Neubau&quot;,&quot;1-bad&quot;:&quot;1 Bad&quot;,&quot;2-baeder-de&quot;:&quot;2 B\\u00e4der&quot;,&quot;balkon&quot;:&quot;Balkon&quot;,&quot;keller&quot;:&quot;Keller&quot;,&quot;4-schlafzimmer&quot;:&quot;4 Schlafzimmer&quot;,&quot;despachos-de&quot;:&quot;Despachos&quot;,&quot;ruhige-lage&quot;:&quot;Ruhige Lage&quot;,&quot;aufzug&quot;:&quot;Aufzug&quot;,&quot;strand-in-der-nahe-de&quot;:&quot;Strand in der N\\u00e4he&quot;},&quot;stadtgrundstuecke&quot;:{&quot;bebaubar&quot;:&quot;Bebaubar&quot;,&quot;ruhige-lage&quot;:&quot;Ruhige Lage&quot;,&quot;solar-de&quot;:&quot;solar&quot;,&quot;stromanschluss&quot;:&quot;Stromanschluss&quot;,&quot;schulnah&quot;:&quot;Schulnah&quot;,&quot;unverbaubare-aussicht&quot;:&quot;Unverbaubare Aussicht&quot;,&quot;strand-in-der-nahe-de&quot;:&quot;Strand in der N\\u00e4he&quot;,&quot;zum-renovieren&quot;:&quot;Zum Renovieren&quot;,&quot;zentrale-lage&quot;:&quot;Zentrale Lage&quot;,&quot;erste-meereslinie&quot;:&quot;Erste Meereslinie&quot;,&quot;panoramablick&quot;:&quot;Panoramablick&quot;,&quot;meerblick&quot;:&quot;Meerblick&quot;},&quot;landgrundstuecke-bebaubares-land&quot;:{&quot;ruhige-lage&quot;:&quot;Ruhige Lage&quot;,&quot;bebaubar&quot;:&quot;Bebaubar&quot;,&quot;panoramablick&quot;:&quot;Panoramablick&quot;,&quot;ausblick-auf-die-berge&quot;:&quot;Ausblick auf die Berge&quot;,&quot;unverbaubare-aussicht&quot;:&quot;Unverbaubare Aussicht&quot;,&quot;verbindung-zum-licht&quot;:&quot;Verbindung zum Licht&quot;,&quot;stromanschluss&quot;:&quot;Stromanschluss&quot;,&quot;garten&quot;:&quot;Garten&quot;,&quot;strand-in-der-nahe-de&quot;:&quot;Strand in der N\\u00e4he&quot;,&quot;zaun-aus-stein&quot;:&quot;Zaun aus Stein&quot;,&quot;privatpool&quot;:&quot;Privatpool&quot;},&quot;reihenhaeuser-doppelhaushaelften&quot;:{&quot;einbaukueche&quot;:&quot;Einbauk\\u00fcche&quot;,&quot;terrasse&quot;:&quot;Terrasse&quot;,&quot;ruhige-lage&quot;:&quot;Ruhige Lage&quot;,&quot;klimaanlage&quot;:&quot;Klimaanlage&quot;,&quot;moebliert&quot;:&quot;M\\u00f6bliert&quot;,&quot;heizung&quot;:&quot;Heizung&quot;,&quot;obergeschoss&quot;:&quot;Obergeschoss&quot;,&quot;garage-de&quot;:&quot;Garage&quot;,&quot;kamin&quot;:&quot;Kamin&quot;,&quot;privatpool&quot;:&quot;Privatpool&quot;,&quot;balkon&quot;:&quot;Balkon&quot;,&quot;haustiere-nicht-erlaubt&quot;:&quot;Haustiere NICHT erlaubt&quot;,&quot;meerblick&quot;:&quot;Meerblick&quot;,&quot;grill&quot;:&quot;Grill&quot;,&quot;duplex-de&quot;:&quot;Duplex&quot;,&quot;garten&quot;:&quot;Garten&quot;,&quot;strand-in-der-nahe-de&quot;:&quot;Strand in der N\\u00e4he&quot;,&quot;haustiere-erlaubt&quot;:&quot;Haustiere erlaubt&quot;,&quot;gemeinschaftspool&quot;:&quot;Gemeinschaftspool&quot;,&quot;schulnah&quot;:&quot;Schulnah&quot;,&quot;neubau&quot;:&quot;Neubau&quot;,&quot;2-doppelzimmer&quot;:&quot;2 Doppelzimmer&quot;,&quot;erste-meereslinie&quot;:&quot;Erste Meereslinie&quot;,&quot;ausblick-auf-die-berge&quot;:&quot;Ausblick auf die Berge&quot;,&quot;auto-stellplatz&quot;:&quot;Auto-Stellplatz&quot;,&quot;3-schlafzimmer&quot;:&quot;3 Schlafzimmer&quot;,&quot;abstellraum&quot;:&quot;Abstellraum&quot;},&quot;parkplaetze-garagen&quot;:{&quot;zentrale-lage&quot;:&quot;Zentrale Lage&quot;,&quot;abstellraum&quot;:&quot;Abstellraum&quot;,&quot;terrasse&quot;:&quot;Terrasse&quot;,&quot;garage-de&quot;:&quot;Garage&quot;,&quot;zum-renovieren&quot;:&quot;Zum Renovieren&quot;},&quot;gebaeude&quot;:{&quot;zentrale-lage&quot;:&quot;Zentrale Lage&quot;,&quot;buroraume&quot;:&quot;B\\u00fcror\\u00e4ume&quot;},&quot;any&quot;:{&quot;einbaukueche&quot;:&quot;Einbauk\\u00fcche&quot;,&quot;moebliert&quot;:&quot;M\\u00f6bliert&quot;,&quot;ruhige-lage&quot;:&quot;Ruhige Lage&quot;,&quot;terrasse&quot;:&quot;Terrasse&quot;,&quot;klimaanlage&quot;:&quot;Klimaanlage&quot;,&quot;garten&quot;:&quot;Garten&quot;,&quot;heizung&quot;:&quot;Heizung&quot;,&quot;kamin&quot;:&quot;Kamin&quot;,&quot;balkon&quot;:&quot;Balkon&quot;,&quot;obergeschoss&quot;:&quot;Obergeschoss&quot;,&quot;ausblick-auf-die-berge&quot;:&quot;Ausblick auf die Berge&quot;,&quot;zentrale-lage&quot;:&quot;Zentrale Lage&quot;,&quot;garage-de&quot;:&quot;Garage&quot;,&quot;privatpool&quot;:&quot;Privatpool&quot;,&quot;haustiere-nicht-erlaubt&quot;:&quot;Haustiere NICHT erlaubt&quot;,&quot;haustiere-erlaubt&quot;:&quot;Haustiere erlaubt&quot;,&quot;meerblick&quot;:&quot;Meerblick&quot;,&quot;auto-stellplatz&quot;:&quot;Auto-Stellplatz&quot;,&quot;3-schlafzimmer&quot;:&quot;3 Schlafzimmer&quot;,&quot;panoramablick&quot;:&quot;Panoramablick&quot;,&quot;gemeinschaftspool&quot;:&quot;Gemeinschaftspool&quot;,&quot;grill&quot;:&quot;Grill&quot;,&quot;aufzug&quot;:&quot;Aufzug&quot;,&quot;strand-in-der-nahe-de&quot;:&quot;Strand in der N\\u00e4he&quot;,&quot;stromanschluss&quot;:&quot;Stromanschluss&quot;,&quot;bebaubar&quot;:&quot;Bebaubar&quot;,&quot;wascherei&quot;:&quot;W\\u00e4scherei&quot;,&quot;schulnah&quot;:&quot;Schulnah&quot;,&quot;abstellraum&quot;:&quot;Abstellraum&quot;,&quot;unverbaubare-aussicht&quot;:&quot;Unverbaubare Aussicht&quot;,&quot;4-schlafzimmer&quot;:&quot;4 Schlafzimmer&quot;,&quot;2-doppelzimmer&quot;:&quot;2 Doppelzimmer&quot;,&quot;reformiert&quot;:&quot;Reformiert&quot;,&quot;erste-meereslinie&quot;:&quot;Erste Meereslinie&quot;}},&quot;type&quot;:&quot;taxonomy&quot;,&quot;base_slug&quot;:&quot;&quot;,&quot;checkbox_full_width&quot;:&quot;1&quot;,&quot;show_card&quot;:&quot;0&quot;,&quot;show_property&quot;:&quot;1&quot;,&quot;has_archive&quot;:&quot;1&quot;,&quot;new_box&quot;:&quot;1&quot;}],&quot;position&quot;:&quot;top&quot;,&quot;advancedNumber&quot;:3,&quot;propertyType&quot;:&quot;any&quot;,&quot;showAdvanced&quot;:true,&quot;showClear&quot;:true}'\r\n\t\t\t\t\t\t :translations='{&quot;keyword&quot;:&quot;Wort&quot;,&quot;property_type&quot;:&quot;Immobilientyp&quot;,&quot;price_from&quot;:&quot;Price from&quot;,&quot;price_to&quot;:&quot;Price to&quot;,&quot;baths_from&quot;:&quot;Bathrooms from&quot;,&quot;baths_to&quot;:&quot;Bathrooms to&quot;,&quot;beds_from&quot;:&quot;Bedrooms from&quot;,&quot;beds_to&quot;:&quot;Bedrooms to&quot;,&quot;offer_type&quot;:&quot;Angebotsart &quot;,&quot;all_areas&quot;:&quot;All areas&quot;,&quot;year&quot;:&quot;Year built&quot;,&quot;property_size_from&quot;:&quot;Property size from&quot;,&quot;property_size_to&quot;:&quot;Eingenschaft gr\\u00f6sse&quot;,&quot;lot_size_from&quot;:&quot;Land \\\/ Solar nach&quot;,&quot;lot_size_to&quot;:&quot;Land \\\/ Solar von&quot;,&quot;sell&quot;:&quot;Sell&quot;,&quot;rent&quot;:&quot;Rent&quot;,&quot;areas&quot;:&quot;Areas&quot;,&quot;built_year_from&quot;:&quot;Built year from&quot;,&quot;built_year_to&quot;:&quot;Built year to&quot;,&quot;any&quot;:&quot;Alle&quot;,&quot;reset_settings&quot;:&quot;Reset settings&quot;,&quot;search&quot;:&quot;Search&quot;,&quot;from&quot;:&quot;Von&quot;,&quot;to&quot;:&quot;Bis&quot;,&quot;features&quot;:&quot;Features&quot;,&quot;bathrooms&quot;:&quot;Badezimmer&quot;,&quot;bedrooms&quot;:&quot;Schlafzimmer&quot;,&quot;lot_size&quot;:&quot;Land \\\/ Solar&quot;,&quot;property_size&quot;:&quot;QM&quot;,&quot;build_year&quot;:&quot;Build Year&quot;,&quot;price&quot;:&quot;Preis&quot;,&quot;keywords&quot;:&quot;Keywords&quot;,&quot;categories&quot;:&quot;Categories&quot;,&quot;parameters&quot;:&quot;Parameters&quot;,&quot;clear_selections&quot;:&quot;Clear selections&quot;,&quot;clear_search&quot;:&quot;Clear search&quot;,&quot;advanced&quot;:&quot;Fortgeschrittene&quot;,&quot;hide_advanced&quot;:&quot;Verstecken&quot;,&quot;show_location&quot;:&quot;Show Location&quot;,&quot;show_places&quot;:&quot;Show Places&quot;,&quot;show_near&quot;:&quot;Show Near&quot;,&quot;clear&quot;:&quot;L\\u00f6schen&quot;}'>\r\n\t\t\t<\/search-form>\r\n\t\t\t\t\t\t\t\t\t\t<listing-grid id=\"myhome-listing\"\r\n\t\t\t\t\t\t  :config='{&quot;isHomepage&quot;:false,&quot;limit&quot;:12,&quot;initArgs&quot;:[],&quot;lazyLoad&quot;:true,&quot;lazyLoadLimit&quot;:1,&quot;loadMoreLabel&quot;:&quot;Weitere Unterk\\u00fcnfte anzeigen&quot;,&quot;loadPrevLabel&quot;:&quot;Vorherige Objekte anzeigen&quot;,&quot;defaultView&quot;:&quot;colThree&quot;,&quot;attributes&quot;:[&quot;property-type&quot;,&quot;offer-type&quot;,&quot;city&quot;,&quot;price&quot;,&quot;keyword&quot;,&quot;bedrooms&quot;,&quot;bathrooms&quot;,&quot;property-size&quot;,&quot;lot-size&quot;,&quot;year-built&quot;,&quot;features&quot;],&quot;firstPage&quot;:{&quot;estates&quot;:[{&quot;short_excerpt_limit&quot;:125,&quot;long_excerpt_limit&quot;:160,&quot;id&quot;:89427,&quot;agent_id&quot;:&quot;26&quot;,&quot;title&quot;:&quot;Wohnung zur Miete in Cala Ratjada : : PI1884CA-ADE&quot;,&quot;content&quot;:&quot;Wohnung zur Miete in Cala Ratjada mit sonniger privater Terrasse und ger\\u00e4umigem Dachboden als zus\\u00e4tzlichem Raum. Halb m\\u00f6bliert und hell, gut angebunden und mit allen Dienstleistungen in der N\\u00e4he.\\r\\nDie Wohnung ist aufgeteilt in eine K\\u00fcche mit amerikanischer Theke, die in das Esszimmer integriert ist. Sie verf\\u00fcgt \\u00fcber 2 Doppelzimmer mit Einbauschr\\u00e4nken und ein drittes Zimmer als Wohnzimmer sowie ein komplettes Badezimmer mit Badewanne. Im Obergeschoss befindet sich ein Dachboden mit sichtbaren Holzbalken, der zus\\u00e4tzlichen offenen Raum mit Sitzbereich und Waschmaschine bietet, mit Zugang zur privaten Terrasse, die mit Tisch, St\\u00fchlen und Sonnenliegen unter einem Segeltuch ausgestattet ist.\\r\\n72 m\\u00b2 Nutzfl\\u00e4che \\\/ 121 m\\u00b2 Wohnfl\\u00e4che, amerikanische K\\u00fcche, Esszimmer, 2 Schlafzimmer, 1 komplettes Badezimmer mit Badewanne, private Terrasse von 32 m\\u00b2, Dachboden von 32 m\\u00b2, K\\u00fcche mit Fr\\u00fchst\\u00fcckstheke ausgestattet, m\\u00f6bliert, Waschmaschine inklusive.\\r\\nMIETBEDINGUNGEN:\\r\\n\\u2013 Saisonale Vermietung (11 Monate).\\r\\n\\u2013 Wirtschaftliche Solvenz muss durch unbefristeten Arbeitsvertrag und nachweisbare Eink\\u00fcnfte belegt werden.\\r\\n\\u2013 Strom- und Wasserkosten sind NICHT INBEGRIFFEN.\\r\\n\\u2013 Abfallgeb\\u00fchr inbegriffen.\\r\\n\\u2013 1 Monat Kaution.\\r\\n\\u2013 Haustiere mit Bedingungen erlaubt.\\r\\n\\u2013 Agenturprovision nach Vereinbarung.\\r\\n\\r\\nNova Gesti\\u00f3, Immobilienagentur in Cala Ratjada.&quot;,&quot;excerpt&quot;:&quot;Wohnung zur Miete in Cala Ratjada mit sonniger privater Terrasse und ger\\u00e4umigem Dachboden als zus\\u00e4tzlichem Raum. Halb m\\u00f6bliert und hell, gut angebunden und mit allen Dienstleistungen in der N\\u00e4he. Die Wohnung ist aufgeteilt in eine K\\u00fcche mit amerikanischer Theke, die in das Esszimmer integriert ist. Sie verf\\u00fcgt \\u00fcber 2 Doppelzimmer mit Einbauschr\\u00e4nken und ein drittes [\\u2026]&quot;,&quot;short_excerpt&quot;:&quot;Wohnung zur Miete in Cala Ratjada mit sonniger privater Terrasse und ger\\u00e4umigem Dachboden als zus\\u00e4tzlichem Raum. Halb m\\u00f6bl...&quot;,&quot;long_excerpt&quot;:&quot;Wohnung zur Miete in Cala Ratjada mit sonniger privater Terrasse und ger\\u00e4umigem Dachboden als zus\\u00e4tzlichem Raum. Halb m\\u00f6bliert und hell, gut angebunden und m...&quot;,&quot;link&quot;:&quot;https:\\\/\\\/novagestioinmobiliaria.com\\\/de\\\/propiedades-properties-immobilien\\\/wohnung-zur-miete-in-cala-ratjada-pi1884ca-ade\\\/&quot;,&quot;offer_type&quot;:&quot;Zu vermieten&quot;,&quot;price&quot;:&quot;2.000 \\u20ac&quot;,&quot;location&quot;:&quot;C&quot;,&quot;is_featured&quot;:true,&quot;gallery&quot;:[{&quot;id&quot;:89415,&quot;url&quot;:&quot;https:\\\/\\\/novagestioinmobiliaria.com\\\/wp-content\\\/uploads\\\/2026\\\/04\\\/Piso-Alquiler-Cala-Ratjada-ref-1884-12.jpg&quot;,&quot;alt&quot;:&quot;&quot;},{&quot;id&quot;:89409,&quot;url&quot;:&quot;https:\\\/\\\/novagestioinmobiliaria.com\\\/wp-content\\\/uploads\\\/2026\\\/04\\\/Piso-Alquiler-Cala-Ratjada-ref-1884-10.jpg&quot;,&quot;alt&quot;:&quot;&quot;},{&quot;id&quot;:89403,&quot;url&quot;:&quot;https:\\\/\\\/novagestioinmobiliaria.com\\\/wp-content\\\/uploads\\\/2026\\\/04\\\/Piso-Alquiler-Cala-Ratjada-ref-1884-8.jpg&quot;,&quot;alt&quot;:&quot;&quot;},{&quot;id&quot;:89421,&quot;url&quot;:&quot;https:\\\/\\\/novagestioinmobiliaria.com\\\/wp-content\\\/uploads\\\/2026\\\/04\\\/Piso-Alquiler-Cala-Ratjada-ref-1884-14.jpg&quot;,&quot;alt&quot;:&quot;&quot;},{&quot;id&quot;:89388,&quot;url&quot;:&quot;https:\\\/\\\/novagestioinmobiliaria.com\\\/wp-content\\\/uploads\\\/2026\\\/04\\\/Piso-Alquiler-Cala-Ratjada-ref-1884-3.jpg&quot;,&quot;alt&quot;:&quot;&quot;},{&quot;id&quot;:89391,&quot;url&quot;:&quot;https:\\\/\\\/novagestioinmobiliaria.com\\\/wp-content\\\/uploads\\\/2026\\\/04\\\/Piso-Alquiler-Cala-Ratjada-ref-1884-4.jpg&quot;,&quot;alt&quot;:&quot;&quot;},{&quot;id&quot;:89385,&quot;url&quot;:&quot;https:\\\/\\\/novagestioinmobiliaria.com\\\/wp-content\\\/uploads\\\/2026\\\/04\\\/Piso-Alquiler-Cala-Ratjada-ref-1884-2.jpg&quot;,&quot;alt&quot;:&quot;&quot;},{&quot;id&quot;:89424,&quot;url&quot;:&quot;https:\\\/\\\/novagestioinmobiliaria.com\\\/wp-content\\\/uploads\\\/2026\\\/04\\\/Piso-Alquiler-Cala-Ratjada-ref-1884-15.jpg&quot;,&quot;alt&quot;:&quot;&quot;},{&quot;id&quot;:89394,&quot;url&quot;:&quot;https:\\\/\\\/novagestioinmobiliaria.com\\\/wp-content\\\/uploads\\\/2026\\\/04\\\/Piso-Alquiler-Cala-Ratjada-ref-1884-5.jpg&quot;,&quot;alt&quot;:&quot;&quot;},{&quot;id&quot;:89418,&quot;url&quot;:&quot;https:\\\/\\\/novagestioinmobiliaria.com\\\/wp-content\\\/uploads\\\/2026\\\/04\\\/Piso-Alquiler-Cala-Ratjada-ref-1884-13.jpg&quot;,&quot;alt&quot;:&quot;&quot;},{&quot;id&quot;:89406,&quot;url&quot;:&quot;https:\\\/\\\/novagestioinmobiliaria.com\\\/wp-content\\\/uploads\\\/2026\\\/04\\\/Piso-Alquiler-Cala-Ratjada-ref-1884-9.jpg&quot;,&quot;alt&quot;:&quot;&quot;},{&quot;id&quot;:89400,&quot;url&quot;:&quot;https:\\\/\\\/novagestioinmobiliaria.com\\\/wp-content\\\/uploads\\\/2026\\\/04\\\/Piso-Alquiler-Cala-Ratjada-ref-1884-7.jpg&quot;,&quot;alt&quot;:&quot;&quot;},{&quot;id&quot;:89412,&quot;url&quot;:&quot;https:\\\/\\\/novagestioinmobiliaria.com\\\/wp-content\\\/uploads\\\/2026\\\/04\\\/Piso-Alquiler-Cala-Ratjada-ref-1884-11.jpg&quot;,&quot;alt&quot;:&quot;&quot;},{&quot;id&quot;:89397,&quot;url&quot;:&quot;https:\\\/\\\/novagestioinmobiliaria.com\\\/wp-content\\\/uploads\\\/2026\\\/04\\\/Piso-Alquiler-Cala-Ratjada-ref-1884-6.jpg&quot;,&quot;alt&quot;:&quot;&quot;},{&quot;id&quot;:89382,&quot;url&quot;:&quot;https:\\\/\\\/novagestioinmobiliaria.com\\\/wp-content\\\/uploads\\\/2026\\\/04\\\/Piso-Alquiler-Cala-Ratjada-ref-1884-1.jpg&quot;,&quot;alt&quot;:&quot;&quot;}],&quot;attributes&quot;:[{&quot;slug&quot;:&quot;property-type&quot;,&quot;name&quot;:&quot;Tipo propiedad&quot;,&quot;has_archive&quot;:true,&quot;elements&quot;:[{&quot;name&quot;:&quot;Wohnungen \\\/ Apartments&quot;,&quot;link&quot;:&quot;https:\\\/\\\/novagestioinmobiliaria.com\\\/de\\\/immobilientyp\\\/wohnungen-apartments\\\/&quot;,&quot;slug&quot;:&quot;wohnungen-apartments&quot;}],&quot;card&quot;:false,&quot;show&quot;:true,&quot;display_after&quot;:&quot;&quot;,&quot;new_box&quot;:false},{&quot;slug&quot;:&quot;offer-type&quot;,&quot;name&quot;:&quot;Tipo operaci\\u00f3n&quot;,&quot;has_archive&quot;:true,&quot;elements&quot;:[{&quot;name&quot;:&quot;Zu vermieten&quot;,&quot;link&quot;:&quot;https:\\\/\\\/novagestioinmobiliaria.com\\\/de\\\/offer-type\\\/zu-vermieten\\\/&quot;,&quot;slug&quot;:&quot;zu-vermieten&quot;}],&quot;card&quot;:true,&quot;show&quot;:true,&quot;display_after&quot;:&quot;&quot;,&quot;new_box&quot;:false},{&quot;slug&quot;:&quot;city&quot;,&quot;name&quot;:&quot;Zona&quot;,&quot;has_archive&quot;:true,&quot;elements&quot;:[{&quot;name&quot;:&quot;Cala Ratjada&quot;,&quot;link&quot;:&quot;https:\\\/\\\/novagestioinmobiliaria.com\\\/de\\\/city\\\/cala-ratjada-de\\\/&quot;,&quot;slug&quot;:&quot;cala-ratjada-de&quot;}],&quot;card&quot;:false,&quot;show&quot;:true,&quot;display_after&quot;:&quot;&quot;,&quot;new_box&quot;:false},{&quot;slug&quot;:&quot;price&quot;,&quot;name&quot;:&quot;Precio&quot;,&quot;has_archive&quot;:false,&quot;elements&quot;:[{&quot;name&quot;:&quot;2000&quot;,&quot;link&quot;:&quot;&quot;,&quot;slug&quot;:&quot;&quot;}],&quot;show&quot;:false,&quot;card&quot;:false,&quot;display_after&quot;:&quot;\\u20ac&quot;,&quot;new_box&quot;:false},{&quot;slug&quot;:&quot;bedrooms&quot;,&quot;name&quot;:&quot;Habitaciones&quot;,&quot;has_archive&quot;:false,&quot;elements&quot;:[{&quot;name&quot;:&quot;2&quot;,&quot;link&quot;:&quot;&quot;,&quot;slug&quot;:&quot;&quot;}],&quot;show&quot;:true,&quot;card&quot;:true,&quot;display_after&quot;:&quot;&quot;,&quot;new_box&quot;:false},{&quot;slug&quot;:&quot;bathrooms&quot;,&quot;name&quot;:&quot;Ba\\u00f1os&quot;,&quot;has_archive&quot;:false,&quot;elements&quot;:[{&quot;name&quot;:&quot;1&quot;,&quot;link&quot;:&quot;&quot;,&quot;slug&quot;:&quot;&quot;}],&quot;show&quot;:true,&quot;card&quot;:true,&quot;display_after&quot;:&quot;&quot;,&quot;new_box&quot;:false},{&quot;slug&quot;:&quot;property-size&quot;,&quot;name&quot;:&quot;M2&quot;,&quot;has_archive&quot;:false,&quot;elements&quot;:[{&quot;name&quot;:&quot;72&quot;,&quot;link&quot;:&quot;&quot;,&quot;slug&quot;:&quot;&quot;}],&quot;show&quot;:true,&quot;card&quot;:true,&quot;display_after&quot;:&quot;m\\u00b2&quot;,&quot;new_box&quot;:false},{&quot;slug&quot;:&quot;features&quot;,&quot;name&quot;:&quot;Caracter\\u00edsticas&quot;,&quot;has_archive&quot;:true,&quot;elements&quot;:[{&quot;name&quot;:&quot;2 Doppelzimmer&quot;,&quot;link&quot;:&quot;https:\\\/\\\/novagestioinmobiliaria.com\\\/de\\\/eigenschaften\\\/2-doppelzimmer\\\/&quot;,&quot;slug&quot;:&quot;2-doppelzimmer&quot;},{&quot;name&quot;:&quot;Einbauk\\u00fcche&quot;,&quot;link&quot;:&quot;https:\\\/\\\/novagestioinmobiliaria.com\\\/de\\\/eigenschaften\\\/einbaukueche\\\/&quot;,&quot;slug&quot;:&quot;einbaukueche&quot;},{&quot;name&quot;:&quot;M\\u00f6bliert&quot;,&quot;link&quot;:&quot;https:\\\/\\\/novagestioinmobiliaria.com\\\/de\\\/eigenschaften\\\/moebliert\\\/&quot;,&quot;slug&quot;:&quot;moebliert&quot;},{&quot;name&quot;:&quot;Ruhige Lage&quot;,&quot;link&quot;:&quot;https:\\\/\\\/novagestioinmobiliaria.com\\\/de\\\/eigenschaften\\\/ruhige-lage\\\/&quot;,&quot;slug&quot;:&quot;ruhige-lage&quot;},{&quot;name&quot;:&quot;W\\u00e4scherei&quot;,&quot;link&quot;:&quot;https:\\\/\\\/novagestioinmobiliaria.com\\\/de\\\/eigenschaften\\\/wascherei\\\/&quot;,&quot;slug&quot;:&quot;wascherei&quot;}],&quot;card&quot;:false,&quot;show&quot;:true,&quot;display_after&quot;:&quot;&quot;,&quot;new_box&quot;:true}],&quot;views&quot;:1,&quot;days_ago&quot;:&quot;5\\u00a0Stunden.&quot;,&quot;image_id&quot;:null,&quot;image_url&quot;:null,&quot;tags&quot;:[{&quot;name&quot;:&quot;Caracter\\u00edsticas&quot;,&quot;elements&quot;:[{&quot;name&quot;:&quot;2 Doppelzimmer&quot;,&quot;link&quot;:&quot;https:\\\/\\\/novagestioinmobiliaria.com\\\/de\\\/eigenschaften\\\/2-doppelzimmer\\\/&quot;},{&quot;name&quot;:&quot;Einbauk\\u00fcche&quot;,&quot;link&quot;:&quot;https:\\\/\\\/novagestioinmobiliaria.com\\\/de\\\/eigenschaften\\\/einbaukueche\\\/&quot;},{&quot;name&quot;:&quot;M\\u00f6bliert&quot;,&quot;link&quot;:&quot;https:\\\/\\\/novagestioinmobiliaria.com\\\/de\\\/eigenschaften\\\/moebliert\\\/&quot;},{&quot;name&quot;:&quot;Ruhige Lage&quot;,&quot;link&quot;:&quot;https:\\\/\\\/novagestioinmobiliaria.com\\\/de\\\/eigenschaften\\\/ruhige-lage\\\/&quot;},{&quot;name&quot;:&quot;W\\u00e4scherei&quot;,&quot;link&quot;:&quot;https:\\\/\\\/novagestioinmobiliaria.com\\\/de\\\/eigenschaften\\\/wascherei\\\/&quot;}],&quot;has_archive&quot;:true}],&quot;status&quot;:&quot;publish&quot;,&quot;plans&quot;:[],&quot;video_plan&quot;:{&quot;src&quot;:&quot;&quot;,&quot;video&quot;:&quot;&quot;},&quot;virtual_tour&quot;:null,&quot;state&quot;:&quot;&quot;,&quot;labels&quot;:[],&quot;image&quot;:&quot;&quot;,&quot;image_srcset&quot;:&quot;&quot;},{&quot;short_excerpt_limit&quot;:125,&quot;long_excerpt_limit&quot;:160,&quot;id&quot;:89376,&quot;agent_id&quot;:&quot;26&quot;,&quot;title&quot;:&quot;Mallorquinisches Haus in Felanitx zu vermieten : : CA1888FE-ADE&quot;,&quot;content&quot;:&quot;Vollst\\u00e4ndig renoviertes mallorquinisches Haus mit 200 m\\u00b2 in Felanitx zu vermieten, verteilt auf 2 Etagen mit S\\u00fcdostausrichtung. Garagenplatz im Preis inbegriffen.\\r\\nDas Erdgeschoss verf\\u00fcgt \\u00fcber eine kleine Eingangshalle, ein Wohnzimmer mit Kamin und Klimaanlage, eine unabh\\u00e4ngige, voll ausgestattete und m\\u00f6blierte K\\u00fcche sowie einen Innenhof mit Zugang zur Garage. Im Obergeschoss befinden sich 3 Schlafzimmer, eines davon mit Einbauschrank, und 3 komplette Badezimmer mit Dusche, alle en suite. Gro\\u00dfe sonnige Terrasse mit Speisekammer\\\/Lagerraum. Parkettboden, Holzinnenausbau und PVC-Au\\u00dfenfenster mit Doppelverglasung.\\r\\n200 m\\u00b2 Wohnfl\\u00e4che, 3 Schlafzimmer (1 mit Einbauschrank), 3 en-suite B\\u00e4der, sonnige Terrasse, Innenhof, Garage inklusive, m\\u00f6bliert und ausgestattet, 3 Klimaanlagen + Kamin, S\\u00fcdostausrichtung. Besichtigungen ab dem 1. Juli m\\u00f6glich. Ideal f\\u00fcr maximal 4 Personen.\\r\\nMIETBEDINGUNGEN:\\r\\n\\u2013 Langzeitmiete.\\r\\n\\u2013 Wirtschaftliche Zuverl\\u00e4ssigkeit ist durch einen unbefristeten Arbeitsvertrag und nachweisbare Eink\\u00fcnfte zu belegen.\\r\\n\\u2013 Kosten f\\u00fcr Wasser, Strom, Internet und M\\u00fcll NICHT INBEGRIFFEN\\r\\n\\u2013 1 Monatskaution + 1 Monat Garantie.\\r\\n\\u2013 KEINE Haustiere erlaubt.\\r\\n\\u2013 Weitere Kosten auf Anfrage.\\r\\n\\r\\nNova Gesti\\u00f3, Immobilienagentur in Felanitx.&quot;,&quot;excerpt&quot;:&quot;Vollst\\u00e4ndig renoviertes mallorquinisches Haus mit 200 m\\u00b2 in Felanitx zu vermieten, verteilt auf 2 Etagen mit S\\u00fcdostausrichtung. Garagenplatz im Preis inbegriffen. Das Erdgeschoss verf\\u00fcgt \\u00fcber eine kleine Eingangshalle, ein Wohnzimmer mit Kamin und Klimaanlage, eine unabh\\u00e4ngige, voll ausgestattete und m\\u00f6blierte K\\u00fcche sowie einen Innenhof mit Zugang zur Garage. Im Obergeschoss befinden sich 3 Schlafzimmer, eines [\\u2026]&quot;,&quot;short_excerpt&quot;:&quot;Vollst\\u00e4ndig renoviertes mallorquinisches Haus mit 200 m\\u00b2 in Felanitx zu vermieten, verteilt auf 2 Etagen mit S\\u00fcdostausrich...&quot;,&quot;long_excerpt&quot;:&quot;Vollst\\u00e4ndig renoviertes mallorquinisches Haus mit 200 m\\u00b2 in Felanitx zu vermieten, verteilt auf 2 Etagen mit S\\u00fcdostausrichtung. Garagenplatz im Preis inbegri...&quot;,&quot;link&quot;:&quot;https:\\\/\\\/novagestioinmobiliaria.com\\\/de\\\/propiedades-properties-immobilien\\\/mallorquinisches-haus-in-felanitx-zu-vermieten-ca1888fe-ade\\\/&quot;,&quot;offer_type&quot;:&quot;Zu vermieten&quot;,&quot;price&quot;:&quot;1.800 \\u20ac&quot;,&quot;location&quot;:&quot;F&quot;,&quot;is_featured&quot;:true,&quot;gallery&quot;:[{&quot;id&quot;:89371,&quot;url&quot;:&quot;https:\\\/\\\/novagestioinmobiliaria.com\\\/wp-content\\\/uploads\\\/2026\\\/04\\\/Casa-Alquiler-Felanitx-ref-1888-20.jpg&quot;,&quot;alt&quot;:&quot;&quot;},{&quot;id&quot;:89368,&quot;url&quot;:&quot;https:\\\/\\\/novagestioinmobiliaria.com\\\/wp-content\\\/uploads\\\/2026\\\/04\\\/Casa-Alquiler-Felanitx-ref-1888-19.jpg&quot;,&quot;alt&quot;:&quot;&quot;},{&quot;id&quot;:89338,&quot;url&quot;:&quot;https:\\\/\\\/novagestioinmobiliaria.com\\\/wp-content\\\/uploads\\\/2026\\\/04\\\/Casa-Alquiler-Felanitx-ref-1888-9.jpg&quot;,&quot;alt&quot;:&quot;&quot;},{&quot;id&quot;:89341,&quot;url&quot;:&quot;https:\\\/\\\/novagestioinmobiliaria.com\\\/wp-content\\\/uploads\\\/2026\\\/04\\\/Casa-Alquiler-Felanitx-ref-1888-10.jpg&quot;,&quot;alt&quot;:&quot;&quot;},{&quot;id&quot;:89374,&quot;url&quot;:&quot;https:\\\/\\\/novagestioinmobiliaria.com\\\/wp-content\\\/uploads\\\/2026\\\/04\\\/Casa-Alquiler-Felanitx-ref-1888-21.jpg&quot;,&quot;alt&quot;:&quot;&quot;},{&quot;id&quot;:89314,&quot;url&quot;:&quot;https:\\\/\\\/novagestioinmobiliaria.com\\\/wp-content\\\/uploads\\\/2026\\\/04\\\/Casa-Alquiler-Felanitx-ref-1888-1.jpg&quot;,&quot;alt&quot;:&quot;&quot;},{&quot;id&quot;:89311,&quot;url&quot;:&quot;https:\\\/\\\/novagestioinmobiliaria.com\\\/wp-content\\\/uploads\\\/2026\\\/04\\\/Casa-Alquiler-Felanitx-ref-1888-22.jpg&quot;,&quot;alt&quot;:&quot;&quot;},{&quot;id&quot;:89335,&quot;url&quot;:&quot;https:\\\/\\\/novagestioinmobiliaria.com\\\/wp-content\\\/uploads\\\/2026\\\/04\\\/Casa-Alquiler-Felanitx-ref-1888-8.jpg&quot;,&quot;alt&quot;:&quot;&quot;},{&quot;id&quot;:89365,&quot;url&quot;:&quot;https:\\\/\\\/novagestioinmobiliaria.com\\\/wp-content\\\/uploads\\\/2026\\\/04\\\/Casa-Alquiler-Felanitx-ref-1888-18.jpg&quot;,&quot;alt&quot;:&quot;&quot;},{&quot;id&quot;:89344,&quot;url&quot;:&quot;https:\\\/\\\/novagestioinmobiliaria.com\\\/wp-content\\\/uploads\\\/2026\\\/04\\\/Casa-Alquiler-Felanitx-ref-1888-11.jpg&quot;,&quot;alt&quot;:&quot;&quot;},{&quot;id&quot;:89362,&quot;url&quot;:&quot;https:\\\/\\\/novagestioinmobiliaria.com\\\/wp-content\\\/uploads\\\/2026\\\/04\\\/Casa-Alquiler-Felanitx-ref-1888-17.jpg&quot;,&quot;alt&quot;:&quot;&quot;},{&quot;id&quot;:89329,&quot;url&quot;:&quot;https:\\\/\\\/novagestioinmobiliaria.com\\\/wp-content\\\/uploads\\\/2026\\\/04\\\/Casa-Alquiler-Felanitx-ref-1888-6.jpg&quot;,&quot;alt&quot;:&quot;&quot;},{&quot;id&quot;:89356,&quot;url&quot;:&quot;https:\\\/\\\/novagestioinmobiliaria.com\\\/wp-content\\\/uploads\\\/2026\\\/04\\\/Casa-Alquiler-Felanitx-ref-1888-15.jpg&quot;,&quot;alt&quot;:&quot;&quot;},{&quot;id&quot;:89326,&quot;url&quot;:&quot;https:\\\/\\\/novagestioinmobiliaria.com\\\/wp-content\\\/uploads\\\/2026\\\/04\\\/Casa-Alquiler-Felanitx-ref-1888-5.jpg&quot;,&quot;alt&quot;:&quot;&quot;},{&quot;id&quot;:89353,&quot;url&quot;:&quot;https:\\\/\\\/novagestioinmobiliaria.com\\\/wp-content\\\/uploads\\\/2026\\\/04\\\/Casa-Alquiler-Felanitx-ref-1888-14.jpg&quot;,&quot;alt&quot;:&quot;&quot;},{&quot;id&quot;:89323,&quot;url&quot;:&quot;https:\\\/\\\/novagestioinmobiliaria.com\\\/wp-content\\\/uploads\\\/2026\\\/04\\\/Casa-Alquiler-Felanitx-ref-1888-4.jpg&quot;,&quot;alt&quot;:&quot;&quot;},{&quot;id&quot;:89350,&quot;url&quot;:&quot;https:\\\/\\\/novagestioinmobiliaria.com\\\/wp-content\\\/uploads\\\/2026\\\/04\\\/Casa-Alquiler-Felanitx-ref-1888-13.jpg&quot;,&quot;alt&quot;:&quot;&quot;},{&quot;id&quot;:89317,&quot;url&quot;:&quot;https:\\\/\\\/novagestioinmobiliaria.com\\\/wp-content\\\/uploads\\\/2026\\\/04\\\/Casa-Alquiler-Felanitx-ref-1888-2.jpg&quot;,&quot;alt&quot;:&quot;&quot;},{&quot;id&quot;:89347,&quot;url&quot;:&quot;https:\\\/\\\/novagestioinmobiliaria.com\\\/wp-content\\\/uploads\\\/2026\\\/04\\\/Casa-Alquiler-Felanitx-ref-1888-12.jpg&quot;,&quot;alt&quot;:&quot;&quot;},{&quot;id&quot;:89320,&quot;url&quot;:&quot;https:\\\/\\\/novagestioinmobiliaria.com\\\/wp-content\\\/uploads\\\/2026\\\/04\\\/Casa-Alquiler-Felanitx-ref-1888-3.jpg&quot;,&quot;alt&quot;:&quot;&quot;},{&quot;id&quot;:89359,&quot;url&quot;:&quot;https:\\\/\\\/novagestioinmobiliaria.com\\\/wp-content\\\/uploads\\\/2026\\\/04\\\/Casa-Alquiler-Felanitx-ref-1888-16.jpg&quot;,&quot;alt&quot;:&quot;&quot;},{&quot;id&quot;:89332,&quot;url&quot;:&quot;https:\\\/\\\/novagestioinmobiliaria.com\\\/wp-content\\\/uploads\\\/2026\\\/04\\\/Casa-Alquiler-Felanitx-ref-1888-7.jpg&quot;,&quot;alt&quot;:&quot;&quot;}],&quot;attributes&quot;:[{&quot;slug&quot;:&quot;property-type&quot;,&quot;name&quot;:&quot;Tipo propiedad&quot;,&quot;has_archive&quot;:true,&quot;elements&quot;:[{&quot;name&quot;:&quot;Stadth\\u00e4user \\\/ Ebenerdige Wohnungen&quot;,&quot;link&quot;:&quot;https:\\\/\\\/novagestioinmobiliaria.com\\\/de\\\/immobilientyp\\\/stadthaeuser-ebenerdige-wohnungen\\\/&quot;,&quot;slug&quot;:&quot;stadthaeuser-ebenerdige-wohnungen&quot;}],&quot;card&quot;:false,&quot;show&quot;:true,&quot;display_after&quot;:&quot;&quot;,&quot;new_box&quot;:false},{&quot;slug&quot;:&quot;offer-type&quot;,&quot;name&quot;:&quot;Tipo operaci\\u00f3n&quot;,&quot;has_archive&quot;:true,&quot;elements&quot;:[{&quot;name&quot;:&quot;Zu vermieten&quot;,&quot;link&quot;:&quot;https:\\\/\\\/novagestioinmobiliaria.com\\\/de\\\/offer-type\\\/zu-vermieten\\\/&quot;,&quot;slug&quot;:&quot;zu-vermieten&quot;}],&quot;card&quot;:true,&quot;show&quot;:true,&quot;display_after&quot;:&quot;&quot;,&quot;new_box&quot;:false},{&quot;slug&quot;:&quot;city&quot;,&quot;name&quot;:&quot;Zona&quot;,&quot;has_archive&quot;:true,&quot;elements&quot;:[{&quot;name&quot;:&quot;Felanitx&quot;,&quot;link&quot;:&quot;https:\\\/\\\/novagestioinmobiliaria.com\\\/de\\\/city\\\/felanitx-de\\\/&quot;,&quot;slug&quot;:&quot;felanitx-de&quot;}],&quot;card&quot;:false,&quot;show&quot;:true,&quot;display_after&quot;:&quot;&quot;,&quot;new_box&quot;:false},{&quot;slug&quot;:&quot;price&quot;,&quot;name&quot;:&quot;Precio&quot;,&quot;has_archive&quot;:false,&quot;elements&quot;:[{&quot;name&quot;:&quot;1800&quot;,&quot;link&quot;:&quot;&quot;,&quot;slug&quot;:&quot;&quot;}],&quot;show&quot;:false,&quot;card&quot;:false,&quot;display_after&quot;:&quot;\\u20ac&quot;,&quot;new_box&quot;:false},{&quot;slug&quot;:&quot;bedrooms&quot;,&quot;name&quot;:&quot;Habitaciones&quot;,&quot;has_archive&quot;:false,&quot;elements&quot;:[{&quot;name&quot;:&quot;3&quot;,&quot;link&quot;:&quot;&quot;,&quot;slug&quot;:&quot;&quot;}],&quot;show&quot;:true,&quot;card&quot;:true,&quot;display_after&quot;:&quot;&quot;,&quot;new_box&quot;:false},{&quot;slug&quot;:&quot;bathrooms&quot;,&quot;name&quot;:&quot;Ba\\u00f1os&quot;,&quot;has_archive&quot;:false,&quot;elements&quot;:[{&quot;name&quot;:&quot;3&quot;,&quot;link&quot;:&quot;&quot;,&quot;slug&quot;:&quot;&quot;}],&quot;show&quot;:true,&quot;card&quot;:true,&quot;display_after&quot;:&quot;&quot;,&quot;new_box&quot;:false},{&quot;slug&quot;:&quot;property-size&quot;,&quot;name&quot;:&quot;M2&quot;,&quot;has_archive&quot;:false,&quot;elements&quot;:[{&quot;name&quot;:&quot;200&quot;,&quot;link&quot;:&quot;&quot;,&quot;slug&quot;:&quot;&quot;}],&quot;show&quot;:true,&quot;card&quot;:true,&quot;display_after&quot;:&quot;m\\u00b2&quot;,&quot;new_box&quot;:false},{&quot;slug&quot;:&quot;features&quot;,&quot;name&quot;:&quot;Caracter\\u00edsticas&quot;,&quot;has_archive&quot;:true,&quot;elements&quot;:[{&quot;name&quot;:&quot;3 Doppelzimmer&quot;,&quot;link&quot;:&quot;https:\\\/\\\/novagestioinmobiliaria.com\\\/de\\\/eigenschaften\\\/3-doppelzimmer\\\/&quot;,&quot;slug&quot;:&quot;3-doppelzimmer&quot;},{&quot;name&quot;:&quot;Einbauk\\u00fcche&quot;,&quot;link&quot;:&quot;https:\\\/\\\/novagestioinmobiliaria.com\\\/de\\\/eigenschaften\\\/einbaukueche\\\/&quot;,&quot;slug&quot;:&quot;einbaukueche&quot;},{&quot;name&quot;:&quot;Garage&quot;,&quot;link&quot;:&quot;https:\\\/\\\/novagestioinmobiliaria.com\\\/de\\\/eigenschaften\\\/garage-de\\\/&quot;,&quot;slug&quot;:&quot;garage-de&quot;},{&quot;name&quot;:&quot;Haustiere NICHT erlaubt&quot;,&quot;link&quot;:&quot;https:\\\/\\\/novagestioinmobiliaria.com\\\/de\\\/eigenschaften\\\/haustiere-nicht-erlaubt\\\/&quot;,&quot;slug&quot;:&quot;haustiere-nicht-erlaubt&quot;},{&quot;name&quot;:&quot;Innenhof&quot;,&quot;link&quot;:&quot;https:\\\/\\\/novagestioinmobiliaria.com\\\/de\\\/eigenschaften\\\/innenhof\\\/&quot;,&quot;slug&quot;:&quot;innenhof&quot;},{&quot;name&quot;:&quot;Kamin&quot;,&quot;link&quot;:&quot;https:\\\/\\\/novagestioinmobiliaria.com\\\/de\\\/eigenschaften\\\/kamin\\\/&quot;,&quot;slug&quot;:&quot;kamin&quot;},{&quot;name&quot;:&quot;Klimaanlage&quot;,&quot;link&quot;:&quot;https:\\\/\\\/novagestioinmobiliaria.com\\\/de\\\/eigenschaften\\\/klimaanlage\\\/&quot;,&quot;slug&quot;:&quot;klimaanlage&quot;},{&quot;name&quot;:&quot;Langzeitmiete&quot;,&quot;link&quot;:&quot;https:\\\/\\\/novagestioinmobiliaria.com\\\/de\\\/eigenschaften\\\/langzeitmiete\\\/&quot;,&quot;slug&quot;:&quot;langzeitmiete&quot;},{&quot;name&quot;:&quot;M\\u00f6bliert&quot;,&quot;link&quot;:&quot;https:\\\/\\\/novagestioinmobiliaria.com\\\/de\\\/eigenschaften\\\/moebliert\\\/&quot;,&quot;slug&quot;:&quot;moebliert&quot;},{&quot;name&quot;:&quot;Reformiert&quot;,&quot;link&quot;:&quot;https:\\\/\\\/novagestioinmobiliaria.com\\\/de\\\/eigenschaften\\\/reformiert\\\/&quot;,&quot;slug&quot;:&quot;reformiert&quot;},{&quot;name&quot;:&quot;Ruhige Lage&quot;,&quot;link&quot;:&quot;https:\\\/\\\/novagestioinmobiliaria.com\\\/de\\\/eigenschaften\\\/ruhige-lage\\\/&quot;,&quot;slug&quot;:&quot;ruhige-lage&quot;},{&quot;name&quot;:&quot;Terrasse&quot;,&quot;link&quot;:&quot;https:\\\/\\\/novagestioinmobiliaria.com\\\/de\\\/eigenschaften\\\/terrasse\\\/&quot;,&quot;slug&quot;:&quot;terrasse&quot;}],&quot;card&quot;:false,&quot;show&quot;:true,&quot;display_after&quot;:&quot;&quot;,&quot;new_box&quot;:true}],&quot;views&quot;:6,&quot;days_ago&quot;:&quot;1\\u00a0Woche.&quot;,&quot;image_id&quot;:89371,&quot;image_url&quot;:&quot;https:\\\/\\\/novagestioinmobiliaria.com\\\/wp-content\\\/uploads\\\/2026\\\/04\\\/Casa-Alquiler-Felanitx-ref-1888-20.jpg&quot;,&quot;tags&quot;:[{&quot;name&quot;:&quot;Caracter\\u00edsticas&quot;,&quot;elements&quot;:[{&quot;name&quot;:&quot;3 Doppelzimmer&quot;,&quot;link&quot;:&quot;https:\\\/\\\/novagestioinmobiliaria.com\\\/de\\\/eigenschaften\\\/3-doppelzimmer\\\/&quot;},{&quot;name&quot;:&quot;Einbauk\\u00fcche&quot;,&quot;link&quot;:&quot;https:\\\/\\\/novagestioinmobiliaria.com\\\/de\\\/eigenschaften\\\/einbaukueche\\\/&quot;},{&quot;name&quot;:&quot;Garage&quot;,&quot;link&quot;:&quot;https:\\\/\\\/novagestioinmobiliaria.com\\\/de\\\/eigenschaften\\\/garage-de\\\/&quot;},{&quot;name&quot;:&quot;Haustiere NICHT erlaubt&quot;,&quot;link&quot;:&quot;https:\\\/\\\/novagestioinmobiliaria.com\\\/de\\\/eigenschaften\\\/haustiere-nicht-erlaubt\\\/&quot;},{&quot;name&quot;:&quot;Innenhof&quot;,&quot;link&quot;:&quot;https:\\\/\\\/novagestioinmobiliaria.com\\\/de\\\/eigenschaften\\\/innenhof\\\/&quot;},{&quot;name&quot;:&quot;Kamin&quot;,&quot;link&quot;:&quot;https:\\\/\\\/novagestioinmobiliaria.com\\\/de\\\/eigenschaften\\\/kamin\\\/&quot;},{&quot;name&quot;:&quot;Klimaanlage&quot;,&quot;link&quot;:&quot;https:\\\/\\\/novagestioinmobiliaria.com\\\/de\\\/eigenschaften\\\/klimaanlage\\\/&quot;},{&quot;name&quot;:&quot;Langzeitmiete&quot;,&quot;link&quot;:&quot;https:\\\/\\\/novagestioinmobiliaria.com\\\/de\\\/eigenschaften\\\/langzeitmiete\\\/&quot;},{&quot;name&quot;:&quot;M\\u00f6bliert&quot;,&quot;link&quot;:&quot;https:\\\/\\\/novagestioinmobiliaria.com\\\/de\\\/eigenschaften\\\/moebliert\\\/&quot;},{&quot;name&quot;:&quot;Reformiert&quot;,&quot;link&quot;:&quot;https:\\\/\\\/novagestioinmobiliaria.com\\\/de\\\/eigenschaften\\\/reformiert\\\/&quot;},{&quot;name&quot;:&quot;Ruhige Lage&quot;,&quot;link&quot;:&quot;https:\\\/\\\/novagestioinmobiliaria.com\\\/de\\\/eigenschaften\\\/ruhige-lage\\\/&quot;},{&quot;name&quot;:&quot;Terrasse&quot;,&quot;link&quot;:&quot;https:\\\/\\\/novagestioinmobiliaria.com\\\/de\\\/eigenschaften\\\/terrasse\\\/&quot;}],&quot;has_archive&quot;:true}],&quot;status&quot;:&quot;publish&quot;,&quot;plans&quot;:[],&quot;video_plan&quot;:{&quot;src&quot;:&quot;&quot;,&quot;video&quot;:&quot;&quot;},&quot;virtual_tour&quot;:null,&quot;state&quot;:&quot;&quot;,&quot;labels&quot;:[],&quot;image&quot;:&quot;https:\\\/\\\/novagestioinmobiliaria.com\\\/wp-content\\\/uploads\\\/2026\\\/04\\\/Casa-Alquiler-Felanitx-ref-1888-20-400x250.jpg&quot;,&quot;image_srcset&quot;:&quot;https:\\\/\\\/novagestioinmobiliaria.com\\\/wp-content\\\/uploads\\\/2026\\\/04\\\/Casa-Alquiler-Felanitx-ref-1888-20-200x125.jpg 200w, https:\\\/\\\/novagestioinmobiliaria.com\\\/wp-content\\\/uploads\\\/2026\\\/04\\\/Casa-Alquiler-Felanitx-ref-1888-20-1200x750.jpg 1200w, https:\\\/\\\/novagestioinmobiliaria.com\\\/wp-content\\\/uploads\\\/2026\\\/04\\\/Casa-Alquiler-Felanitx-ref-1888-20-800x500.jpg 800w, https:\\\/\\\/novagestioinmobiliaria.com\\\/wp-content\\\/uploads\\\/2026\\\/04\\\/Casa-Alquiler-Felanitx-ref-1888-20-600x375.jpg 600w, https:\\\/\\\/novagestioinmobiliaria.com\\\/wp-content\\\/uploads\\\/2026\\\/04\\\/Casa-Alquiler-Felanitx-ref-1888-20-400x250.jpg 400w&quot;},{&quot;short_excerpt_limit&quot;:125,&quot;long_excerpt_limit&quot;:160,&quot;id&quot;:73594,&quot;agent_id&quot;:&quot;24&quot;,&quot;title&quot;:&quot;Haus zum Verkauf in Felanitx : : CA1672FE-VDE&quot;,&quot;content&quot;:&quot;Dieses ger\\u00e4umige Haus zum Verkauf in Felanitx hat eine Gesamtfl\\u00e4che von 170 m\\u00b2, von denen 130 m\\u00b2 nutzbar sind. Das Anwesen verf\\u00fcgt \\u00fcber 2 Schlafzimmer und 2 B\\u00e4der und ist zwischen 10 und 20 Jahre alt. Es hat einen gem\\u00fctlichen Kamin, eine K\\u00fcche, ein Esszimmer und eine sonnige Terrasse mit einem genehmigten Projekt zum Bau eines Swimmingpools. Das Haus verf\\u00fcgt \\u00fcber zwei Terrassen im Obergeschoss, ein Ankleidezimmer und ein Fernsehzimmer. Es wurde vor 5 Jahren renoviert und wird teilm\\u00f6bliert verkauft und hat eine kleine Garage als Abstellraum. \\u00d6l-Zentralheizung.\\r\\n\\r\\nVerpassen Sie nicht die Gelegenheit, diese Immobilie mit ihrem eigenen Charme zu erwerben.\\r\\n\\r\\nNova Gesti\\u00f3-Immobilien in Felanitx&quot;,&quot;excerpt&quot;:&quot;Dieses ger\\u00e4umige Haus zum Verkauf in Felanitx hat eine Gesamtfl\\u00e4che von 170 m\\u00b2, von denen 130 m\\u00b2 nutzbar sind. Das Anwesen verf\\u00fcgt \\u00fcber 2 Schlafzimmer und 2 B\\u00e4der und ist zwischen 10 und 20 Jahre alt. Es hat einen gem\\u00fctlichen Kamin, eine K\\u00fcche, ein Esszimmer und eine sonnige Terrasse mit einem genehmigten Projekt zum Bau [\\u2026]&quot;,&quot;short_excerpt&quot;:&quot;Dieses ger\\u00e4umige Haus zum Verkauf in Felanitx hat eine Gesamtfl\\u00e4che von 170 m\\u00b2, von denen 130 m\\u00b2 nutzbar sind. Das Anwesen...&quot;,&quot;long_excerpt&quot;:&quot;Dieses ger\\u00e4umige Haus zum Verkauf in Felanitx hat eine Gesamtfl\\u00e4che von 170 m\\u00b2, von denen 130 m\\u00b2 nutzbar sind. Das Anwesen verf\\u00fcgt \\u00fcber 2 Schlafzimmer und 2 ...&quot;,&quot;link&quot;:&quot;https:\\\/\\\/novagestioinmobiliaria.com\\\/de\\\/propiedades-properties-immobilien\\\/haus-zum-verkauf-in-felanitx-ca1672fe-vde\\\/&quot;,&quot;offer_type&quot;:&quot;Zu verkaufen&quot;,&quot;price&quot;:&quot;450.000 \\u20ac&quot;,&quot;location&quot;:false,&quot;is_featured&quot;:true,&quot;gallery&quot;:[],&quot;attributes&quot;:[{&quot;slug&quot;:&quot;property-type&quot;,&quot;name&quot;:&quot;Tipo propiedad&quot;,&quot;has_archive&quot;:true,&quot;elements&quot;:[{&quot;name&quot;:&quot;Stadth\\u00e4user \\\/ Ebenerdige Wohnungen&quot;,&quot;link&quot;:&quot;https:\\\/\\\/novagestioinmobiliaria.com\\\/de\\\/immobilientyp\\\/stadthaeuser-ebenerdige-wohnungen\\\/&quot;,&quot;slug&quot;:&quot;stadthaeuser-ebenerdige-wohnungen&quot;}],&quot;card&quot;:false,&quot;show&quot;:true,&quot;display_after&quot;:&quot;&quot;,&quot;new_box&quot;:false},{&quot;slug&quot;:&quot;offer-type&quot;,&quot;name&quot;:&quot;Tipo operaci\\u00f3n&quot;,&quot;has_archive&quot;:true,&quot;elements&quot;:[{&quot;name&quot;:&quot;Zu verkaufen&quot;,&quot;link&quot;:&quot;https:\\\/\\\/novagestioinmobiliaria.com\\\/de\\\/offer-type\\\/zu-verkaufen\\\/&quot;,&quot;slug&quot;:&quot;zu-verkaufen&quot;}],&quot;card&quot;:true,&quot;show&quot;:true,&quot;display_after&quot;:&quot;&quot;,&quot;new_box&quot;:false},{&quot;slug&quot;:&quot;city&quot;,&quot;name&quot;:&quot;Zona&quot;,&quot;has_archive&quot;:true,&quot;elements&quot;:[{&quot;name&quot;:&quot;Felanitx&quot;,&quot;link&quot;:&quot;https:\\\/\\\/novagestioinmobiliaria.com\\\/de\\\/city\\\/felanitx-de\\\/&quot;,&quot;slug&quot;:&quot;felanitx-de&quot;}],&quot;card&quot;:false,&quot;show&quot;:true,&quot;display_after&quot;:&quot;&quot;,&quot;new_box&quot;:false},{&quot;slug&quot;:&quot;price&quot;,&quot;name&quot;:&quot;Precio&quot;,&quot;has_archive&quot;:false,&quot;elements&quot;:[{&quot;name&quot;:&quot;450000&quot;,&quot;link&quot;:&quot;&quot;,&quot;slug&quot;:&quot;&quot;}],&quot;show&quot;:false,&quot;card&quot;:false,&quot;display_after&quot;:&quot;\\u20ac&quot;,&quot;new_box&quot;:false},{&quot;slug&quot;:&quot;bedrooms&quot;,&quot;name&quot;:&quot;Habitaciones&quot;,&quot;has_archive&quot;:false,&quot;elements&quot;:[{&quot;name&quot;:&quot;2&quot;,&quot;link&quot;:&quot;&quot;,&quot;slug&quot;:&quot;&quot;}],&quot;show&quot;:true,&quot;card&quot;:true,&quot;display_after&quot;:&quot;&quot;,&quot;new_box&quot;:false},{&quot;slug&quot;:&quot;bathrooms&quot;,&quot;name&quot;:&quot;Ba\\u00f1os&quot;,&quot;has_archive&quot;:false,&quot;elements&quot;:[{&quot;name&quot;:&quot;2&quot;,&quot;link&quot;:&quot;&quot;,&quot;slug&quot;:&quot;&quot;}],&quot;show&quot;:true,&quot;card&quot;:true,&quot;display_after&quot;:&quot;&quot;,&quot;new_box&quot;:false},{&quot;slug&quot;:&quot;property-size&quot;,&quot;name&quot;:&quot;M2&quot;,&quot;has_archive&quot;:false,&quot;elements&quot;:[{&quot;name&quot;:&quot;170&quot;,&quot;link&quot;:&quot;&quot;,&quot;slug&quot;:&quot;&quot;}],&quot;show&quot;:true,&quot;card&quot;:true,&quot;display_after&quot;:&quot;m\\u00b2&quot;,&quot;new_box&quot;:false},{&quot;slug&quot;:&quot;features&quot;,&quot;name&quot;:&quot;Caracter\\u00edsticas&quot;,&quot;has_archive&quot;:true,&quot;elements&quot;:[{&quot;name&quot;:&quot;2 Doppelzimmer&quot;,&quot;link&quot;:&quot;https:\\\/\\\/novagestioinmobiliaria.com\\\/de\\\/eigenschaften\\\/2-doppelzimmer\\\/&quot;,&quot;slug&quot;:&quot;2-doppelzimmer&quot;},{&quot;name&quot;:&quot;Einbauk\\u00fcche&quot;,&quot;link&quot;:&quot;https:\\\/\\\/novagestioinmobiliaria.com\\\/de\\\/eigenschaften\\\/einbaukueche\\\/&quot;,&quot;slug&quot;:&quot;einbaukueche&quot;},{&quot;name&quot;:&quot;Garage&quot;,&quot;link&quot;:&quot;https:\\\/\\\/novagestioinmobiliaria.com\\\/de\\\/eigenschaften\\\/garage-de\\\/&quot;,&quot;slug&quot;:&quot;garage-de&quot;},{&quot;name&quot;:&quot;Kamin&quot;,&quot;link&quot;:&quot;https:\\\/\\\/novagestioinmobiliaria.com\\\/de\\\/eigenschaften\\\/kamin\\\/&quot;,&quot;slug&quot;:&quot;kamin&quot;},{&quot;name&quot;:&quot;M\\u00f6bliert&quot;,&quot;link&quot;:&quot;https:\\\/\\\/novagestioinmobiliaria.com\\\/de\\\/eigenschaften\\\/moebliert\\\/&quot;,&quot;slug&quot;:&quot;moebliert&quot;},{&quot;name&quot;:&quot;Obergeschoss&quot;,&quot;link&quot;:&quot;https:\\\/\\\/novagestioinmobiliaria.com\\\/de\\\/eigenschaften\\\/obergeschoss\\\/&quot;,&quot;slug&quot;:&quot;obergeschoss&quot;},{&quot;name&quot;:&quot;Privatpool&quot;,&quot;link&quot;:&quot;https:\\\/\\\/novagestioinmobiliaria.com\\\/de\\\/eigenschaften\\\/privatpool\\\/&quot;,&quot;slug&quot;:&quot;privatpool&quot;},{&quot;name&quot;:&quot;Reformiert&quot;,&quot;link&quot;:&quot;https:\\\/\\\/novagestioinmobiliaria.com\\\/de\\\/eigenschaften\\\/reformiert\\\/&quot;,&quot;slug&quot;:&quot;reformiert&quot;},{&quot;name&quot;:&quot;Terrasse&quot;,&quot;link&quot;:&quot;https:\\\/\\\/novagestioinmobiliaria.com\\\/de\\\/eigenschaften\\\/terrasse\\\/&quot;,&quot;slug&quot;:&quot;terrasse&quot;},{&quot;name&quot;:&quot;Wohnungen&quot;,&quot;link&quot;:&quot;https:\\\/\\\/novagestioinmobiliaria.com\\\/de\\\/eigenschaften\\\/wohnungen\\\/&quot;,&quot;slug&quot;:&quot;wohnungen&quot;},{&quot;name&quot;:&quot;Zentrale Lage&quot;,&quot;link&quot;:&quot;https:\\\/\\\/novagestioinmobiliaria.com\\\/de\\\/eigenschaften\\\/zentrale-lage\\\/&quot;,&quot;slug&quot;:&quot;zentrale-lage&quot;}],&quot;card&quot;:false,&quot;show&quot;:true,&quot;display_after&quot;:&quot;&quot;,&quot;new_box&quot;:true}],&quot;views&quot;:265,&quot;days_ago&quot;:&quot;1\\u00a0Woche.&quot;,&quot;image_id&quot;:73550,&quot;image_url&quot;:&quot;https:\\\/\\\/novagestioinmobiliaria.com\\\/wp-content\\\/uploads\\\/2024\\\/08\\\/Casa-en-venta-Felanitx-techo-libre-ref-1672-16.jpg&quot;,&quot;tags&quot;:[{&quot;name&quot;:&quot;Caracter\\u00edsticas&quot;,&quot;elements&quot;:[{&quot;name&quot;:&quot;2 Doppelzimmer&quot;,&quot;link&quot;:&quot;https:\\\/\\\/novagestioinmobiliaria.com\\\/de\\\/eigenschaften\\\/2-doppelzimmer\\\/&quot;},{&quot;name&quot;:&quot;Einbauk\\u00fcche&quot;,&quot;link&quot;:&quot;https:\\\/\\\/novagestioinmobiliaria.com\\\/de\\\/eigenschaften\\\/einbaukueche\\\/&quot;},{&quot;name&quot;:&quot;Garage&quot;,&quot;link&quot;:&quot;https:\\\/\\\/novagestioinmobiliaria.com\\\/de\\\/eigenschaften\\\/garage-de\\\/&quot;},{&quot;name&quot;:&quot;Kamin&quot;,&quot;link&quot;:&quot;https:\\\/\\\/novagestioinmobiliaria.com\\\/de\\\/eigenschaften\\\/kamin\\\/&quot;},{&quot;name&quot;:&quot;M\\u00f6bliert&quot;,&quot;link&quot;:&quot;https:\\\/\\\/novagestioinmobiliaria.com\\\/de\\\/eigenschaften\\\/moebliert\\\/&quot;},{&quot;name&quot;:&quot;Obergeschoss&quot;,&quot;link&quot;:&quot;https:\\\/\\\/novagestioinmobiliaria.com\\\/de\\\/eigenschaften\\\/obergeschoss\\\/&quot;},{&quot;name&quot;:&quot;Privatpool&quot;,&quot;link&quot;:&quot;https:\\\/\\\/novagestioinmobiliaria.com\\\/de\\\/eigenschaften\\\/privatpool\\\/&quot;},{&quot;name&quot;:&quot;Reformiert&quot;,&quot;link&quot;:&quot;https:\\\/\\\/novagestioinmobiliaria.com\\\/de\\\/eigenschaften\\\/reformiert\\\/&quot;},{&quot;name&quot;:&quot;Terrasse&quot;,&quot;link&quot;:&quot;https:\\\/\\\/novagestioinmobiliaria.com\\\/de\\\/eigenschaften\\\/terrasse\\\/&quot;},{&quot;name&quot;:&quot;Wohnungen&quot;,&quot;link&quot;:&quot;https:\\\/\\\/novagestioinmobiliaria.com\\\/de\\\/eigenschaften\\\/wohnungen\\\/&quot;},{&quot;name&quot;:&quot;Zentrale Lage&quot;,&quot;link&quot;:&quot;https:\\\/\\\/novagestioinmobiliaria.com\\\/de\\\/eigenschaften\\\/zentrale-lage\\\/&quot;}],&quot;has_archive&quot;:true}],&quot;status&quot;:&quot;publish&quot;,&quot;plans&quot;:[],&quot;video_plan&quot;:{&quot;src&quot;:&quot;&quot;,&quot;video&quot;:&quot;&quot;},&quot;virtual_tour&quot;:null,&quot;state&quot;:&quot;&quot;,&quot;labels&quot;:[],&quot;image&quot;:&quot;https:\\\/\\\/novagestioinmobiliaria.com\\\/wp-content\\\/uploads\\\/2024\\\/08\\\/Casa-en-venta-Felanitx-techo-libre-ref-1672-16-400x250.jpg&quot;,&quot;image_srcset&quot;:&quot;https:\\\/\\\/novagestioinmobiliaria.com\\\/wp-content\\\/uploads\\\/2024\\\/08\\\/Casa-en-venta-Felanitx-techo-libre-ref-1672-16-200x125.jpg 200w, https:\\\/\\\/novagestioinmobiliaria.com\\\/wp-content\\\/uploads\\\/2024\\\/08\\\/Casa-en-venta-Felanitx-techo-libre-ref-1672-16-800x500.jpg 800w, https:\\\/\\\/novagestioinmobiliaria.com\\\/wp-content\\\/uploads\\\/2024\\\/08\\\/Casa-en-venta-Felanitx-techo-libre-ref-1672-16-600x375.jpg 600w, https:\\\/\\\/novagestioinmobiliaria.com\\\/wp-content\\\/uploads\\\/2024\\\/08\\\/Casa-en-venta-Felanitx-techo-libre-ref-1672-16-400x250.jpg 400w&quot;},{&quot;short_excerpt_limit&quot;:125,&quot;long_excerpt_limit&quot;:160,&quot;id&quot;:77623,&quot;agent_id&quot;:&quot;26&quot;,&quot;title&quot;:&quot;Wohnung zu verkaufen in Art\\u00e0 : : PI1755AR-VDE&quot;,&quot;content&quot;:&quot;Helle, komplett m\\u00f6blierte Wohnung zum Verkauf in Art\\u00e0, ideal f\\u00fcr diejenigen, die Komfort und Lebensqualit\\u00e4t in einer ruhigen Umgebung suchen.\\r\\nDie Immobilie hat eine Gesamtfl\\u00e4che von 147 m\\u00b2 (einschlie\\u00dflich Parkplatz), davon entfallen 106 m\\u00b2 auf die Wohnung. Sie verf\\u00fcgt \\u00fcber einen gem\\u00fctlichen Eingangsbereich, ein ger\\u00e4umiges und helles Wohn-Esszimmer, eine komplett ausgestattete separate K\\u00fcche, 3 Doppelzimmer, 2 komplette Badezimmer (eines mit Dusche und eines mit Badewanne) und 2 Balkone.\\r\\nHervorzuheben ist die hervorragende W\\u00e4rme- und Schalld\\u00e4mmung dank hochwertiger Au\\u00dfenfenster der Marke Technal und doppelt verglasten Climalit-Fenstern, die ganzj\\u00e4hrigen Komfort gew\\u00e4hrleisten.\\r\\nDie Wohnung befindet sich in einer ruhigen und gut angebundenen Gegend, nur 5 Gehminuten vom Zentrum entfernt und mit leichtem Zugang zu allen Dienstleistungen. Au\\u00dferdem verf\\u00fcgt die Wohnung \\u00fcber einen g\\u00fcltigen Energieausweis und eine aktuelle Wohnungsberechtigungskarte.\\r\\nInklusive Stellplatz in der Gemeinschaftsgarage.\\r\\nNova Gesti\\u00f3 Inmobiliaria - Ihre Immobilienagentur in Art\\u00e0&quot;,&quot;excerpt&quot;:&quot;Helle, komplett m\\u00f6blierte Wohnung zum Verkauf in Art\\u00e0, ideal f\\u00fcr diejenigen, die Komfort und Lebensqualit\\u00e4t in einer ruhigen Umgebung suchen. Die Immobilie hat eine Gesamtfl\\u00e4che von 147 m\\u00b2 (einschlie\\u00dflich Parkplatz), davon entfallen 106 m\\u00b2 auf die Wohnung. Sie verf\\u00fcgt \\u00fcber einen gem\\u00fctlichen Eingangsbereich, ein ger\\u00e4umiges und helles Wohn-Esszimmer, eine komplett ausgestattete separate K\\u00fcche, 3 Doppelzimmer, [\\u2026]&quot;,&quot;short_excerpt&quot;:&quot;Helle, komplett m\\u00f6blierte Wohnung zum Verkauf in Art\\u00e0, ideal f\\u00fcr diejenigen, die Komfort und Lebensqualit\\u00e4t in einer ruhig...&quot;,&quot;long_excerpt&quot;:&quot;Helle, komplett m\\u00f6blierte Wohnung zum Verkauf in Art\\u00e0, ideal f\\u00fcr diejenigen, die Komfort und Lebensqualit\\u00e4t in einer ruhigen Umgebung suchen.\\r\\nDie Immobilie ...&quot;,&quot;link&quot;:&quot;https:\\\/\\\/novagestioinmobiliaria.com\\\/de\\\/propiedades-properties-immobilien\\\/wohnung-zu-verkaufen-in-arta-pi1755ar-vde\\\/&quot;,&quot;offer_type&quot;:&quot;Zu verkaufen&quot;,&quot;price&quot;:&quot;340.000 \\u20ac&quot;,&quot;location&quot;:&quot;A&quot;,&quot;is_featured&quot;:true,&quot;gallery&quot;:[],&quot;attributes&quot;:[{&quot;slug&quot;:&quot;property-type&quot;,&quot;name&quot;:&quot;Tipo propiedad&quot;,&quot;has_archive&quot;:true,&quot;elements&quot;:[{&quot;name&quot;:&quot;Wohnungen \\\/ Apartments&quot;,&quot;link&quot;:&quot;https:\\\/\\\/novagestioinmobiliaria.com\\\/de\\\/immobilientyp\\\/wohnungen-apartments\\\/&quot;,&quot;slug&quot;:&quot;wohnungen-apartments&quot;}],&quot;card&quot;:false,&quot;show&quot;:true,&quot;display_after&quot;:&quot;&quot;,&quot;new_box&quot;:false},{&quot;slug&quot;:&quot;offer-type&quot;,&quot;name&quot;:&quot;Tipo operaci\\u00f3n&quot;,&quot;has_archive&quot;:true,&quot;elements&quot;:[{&quot;name&quot;:&quot;Zu verkaufen&quot;,&quot;link&quot;:&quot;https:\\\/\\\/novagestioinmobiliaria.com\\\/de\\\/offer-type\\\/zu-verkaufen\\\/&quot;,&quot;slug&quot;:&quot;zu-verkaufen&quot;}],&quot;card&quot;:true,&quot;show&quot;:true,&quot;display_after&quot;:&quot;&quot;,&quot;new_box&quot;:false},{&quot;slug&quot;:&quot;city&quot;,&quot;name&quot;:&quot;Zona&quot;,&quot;has_archive&quot;:true,&quot;elements&quot;:[{&quot;name&quot;:&quot;Art\\u00e1&quot;,&quot;link&quot;:&quot;https:\\\/\\\/novagestioinmobiliaria.com\\\/de\\\/city\\\/arta-de\\\/&quot;,&quot;slug&quot;:&quot;arta-de&quot;}],&quot;card&quot;:false,&quot;show&quot;:true,&quot;display_after&quot;:&quot;&quot;,&quot;new_box&quot;:false},{&quot;slug&quot;:&quot;price&quot;,&quot;name&quot;:&quot;Precio&quot;,&quot;has_archive&quot;:false,&quot;elements&quot;:[{&quot;name&quot;:&quot;340000&quot;,&quot;link&quot;:&quot;&quot;,&quot;slug&quot;:&quot;&quot;}],&quot;show&quot;:false,&quot;card&quot;:false,&quot;display_after&quot;:&quot;\\u20ac&quot;,&quot;new_box&quot;:false},{&quot;slug&quot;:&quot;bedrooms&quot;,&quot;name&quot;:&quot;Habitaciones&quot;,&quot;has_archive&quot;:false,&quot;elements&quot;:[{&quot;name&quot;:&quot;3&quot;,&quot;link&quot;:&quot;&quot;,&quot;slug&quot;:&quot;&quot;}],&quot;show&quot;:true,&quot;card&quot;:true,&quot;display_after&quot;:&quot;&quot;,&quot;new_box&quot;:false},{&quot;slug&quot;:&quot;bathrooms&quot;,&quot;name&quot;:&quot;Ba\\u00f1os&quot;,&quot;has_archive&quot;:false,&quot;elements&quot;:[{&quot;name&quot;:&quot;2&quot;,&quot;link&quot;:&quot;&quot;,&quot;slug&quot;:&quot;&quot;}],&quot;show&quot;:true,&quot;card&quot;:true,&quot;display_after&quot;:&quot;&quot;,&quot;new_box&quot;:false},{&quot;slug&quot;:&quot;property-size&quot;,&quot;name&quot;:&quot;M2&quot;,&quot;has_archive&quot;:false,&quot;elements&quot;:[{&quot;name&quot;:&quot;97&quot;,&quot;link&quot;:&quot;&quot;,&quot;slug&quot;:&quot;&quot;}],&quot;show&quot;:true,&quot;card&quot;:true,&quot;display_after&quot;:&quot;m\\u00b2&quot;,&quot;new_box&quot;:false},{&quot;slug&quot;:&quot;features&quot;,&quot;name&quot;:&quot;Caracter\\u00edsticas&quot;,&quot;has_archive&quot;:true,&quot;elements&quot;:[{&quot;name&quot;:&quot;3 Schlafzimmer&quot;,&quot;link&quot;:&quot;https:\\\/\\\/novagestioinmobiliaria.com\\\/de\\\/eigenschaften\\\/3-schlafzimmer\\\/&quot;,&quot;slug&quot;:&quot;3-schlafzimmer&quot;},{&quot;name&quot;:&quot;Auto-Stellplatz&quot;,&quot;link&quot;:&quot;https:\\\/\\\/novagestioinmobiliaria.com\\\/de\\\/eigenschaften\\\/auto-stellplatz\\\/&quot;,&quot;slug&quot;:&quot;auto-stellplatz&quot;},{&quot;name&quot;:&quot;Einbauk\\u00fcche&quot;,&quot;link&quot;:&quot;https:\\\/\\\/novagestioinmobiliaria.com\\\/de\\\/eigenschaften\\\/einbaukueche\\\/&quot;,&quot;slug&quot;:&quot;einbaukueche&quot;},{&quot;name&quot;:&quot;M\\u00f6bliert&quot;,&quot;link&quot;:&quot;https:\\\/\\\/novagestioinmobiliaria.com\\\/de\\\/eigenschaften\\\/moebliert\\\/&quot;,&quot;slug&quot;:&quot;moebliert&quot;},{&quot;name&quot;:&quot;Ruhige Lage&quot;,&quot;link&quot;:&quot;https:\\\/\\\/novagestioinmobiliaria.com\\\/de\\\/eigenschaften\\\/ruhige-lage\\\/&quot;,&quot;slug&quot;:&quot;ruhige-lage&quot;},{&quot;name&quot;:&quot;Zentrale Lage&quot;,&quot;link&quot;:&quot;https:\\\/\\\/novagestioinmobiliaria.com\\\/de\\\/eigenschaften\\\/zentrale-lage\\\/&quot;,&quot;slug&quot;:&quot;zentrale-lage&quot;}],&quot;card&quot;:false,&quot;show&quot;:true,&quot;display_after&quot;:&quot;&quot;,&quot;new_box&quot;:true}],&quot;views&quot;:39,&quot;days_ago&quot;:&quot;1\\u00a0Woche.&quot;,&quot;image_id&quot;:77572,&quot;image_url&quot;:&quot;https:\\\/\\\/novagestioinmobiliaria.com\\\/wp-content\\\/uploads\\\/2025\\\/05\\\/2-1.jpg&quot;,&quot;tags&quot;:[{&quot;name&quot;:&quot;Caracter\\u00edsticas&quot;,&quot;elements&quot;:[{&quot;name&quot;:&quot;3 Schlafzimmer&quot;,&quot;link&quot;:&quot;https:\\\/\\\/novagestioinmobiliaria.com\\\/de\\\/eigenschaften\\\/3-schlafzimmer\\\/&quot;},{&quot;name&quot;:&quot;Auto-Stellplatz&quot;,&quot;link&quot;:&quot;https:\\\/\\\/novagestioinmobiliaria.com\\\/de\\\/eigenschaften\\\/auto-stellplatz\\\/&quot;},{&quot;name&quot;:&quot;Einbauk\\u00fcche&quot;,&quot;link&quot;:&quot;https:\\\/\\\/novagestioinmobiliaria.com\\\/de\\\/eigenschaften\\\/einbaukueche\\\/&quot;},{&quot;name&quot;:&quot;M\\u00f6bliert&quot;,&quot;link&quot;:&quot;https:\\\/\\\/novagestioinmobiliaria.com\\\/de\\\/eigenschaften\\\/moebliert\\\/&quot;},{&quot;name&quot;:&quot;Ruhige Lage&quot;,&quot;link&quot;:&quot;https:\\\/\\\/novagestioinmobiliaria.com\\\/de\\\/eigenschaften\\\/ruhige-lage\\\/&quot;},{&quot;name&quot;:&quot;Zentrale Lage&quot;,&quot;link&quot;:&quot;https:\\\/\\\/novagestioinmobiliaria.com\\\/de\\\/eigenschaften\\\/zentrale-lage\\\/&quot;}],&quot;has_archive&quot;:true}],&quot;status&quot;:&quot;publish&quot;,&quot;plans&quot;:[],&quot;video_plan&quot;:{&quot;src&quot;:&quot;&quot;,&quot;video&quot;:&quot;&quot;},&quot;virtual_tour&quot;:null,&quot;state&quot;:&quot;&quot;,&quot;labels&quot;:[],&quot;image&quot;:&quot;https:\\\/\\\/novagestioinmobiliaria.com\\\/wp-content\\\/uploads\\\/2025\\\/05\\\/2-1-400x250.jpg&quot;,&quot;image_srcset&quot;:&quot;https:\\\/\\\/novagestioinmobiliaria.com\\\/wp-content\\\/uploads\\\/2025\\\/05\\\/2-1-200x125.jpg 200w, https:\\\/\\\/novagestioinmobiliaria.com\\\/wp-content\\\/uploads\\\/2025\\\/05\\\/2-1-1200x750.jpg 1200w, https:\\\/\\\/novagestioinmobiliaria.com\\\/wp-content\\\/uploads\\\/2025\\\/05\\\/2-1-800x500.jpg 800w, https:\\\/\\\/novagestioinmobiliaria.com\\\/wp-content\\\/uploads\\\/2025\\\/05\\\/2-1-600x375.jpg 600w, https:\\\/\\\/novagestioinmobiliaria.com\\\/wp-content\\\/uploads\\\/2025\\\/05\\\/2-1-400x250.jpg 400w&quot;},{&quot;short_excerpt_limit&quot;:125,&quot;long_excerpt_limit&quot;:160,&quot;id&quot;:89027,&quot;agent_id&quot;:&quot;26&quot;,&quot;title&quot;:&quot;Rustikales Grundst\\u00fcck in Porreres zu verkaufen : : FR1885PO-VDE&quot;,&quot;content&quot;:&quot;Wundersch\\u00f6nes baureifes rustikales Grundst\\u00fcck von 17.368 m\\u00b2 in Porreres zu verkaufen, komplett mit traditioneller mallorquinischer Steinmauer begrenzt, umgeben von Zypressen und sorgf\\u00e4ltig gepflanzten Olivenb\\u00e4umen, was ihm einen authentischen und sehr besonderen Charakter verleiht. Gelegen in einer ruhigen, sonnigen Gegend mit guter Zufahrt \\u00fcber eine asphaltierte Stra\\u00dfe, ideal f\\u00fcr diejenigen, die Privatsph\\u00e4re suchen, ohne auf die Bequemlichkeit der Anbindung zu verzichten.\\r\\nDas Anwesen hatte fr\\u00fcher ein Projekt f\\u00fcr den Bau eines Einfamilienhauses von ca. 300 m\\u00b2 mit Terrasse, Veranda und Pool. Dieses Projekt ist derzeit nicht in Kraft, es besteht jedoch die M\\u00f6glichkeit, ein neues Projekt zu beantragen, das an die Bed\\u00fcrfnisse und Vorlieben des zuk\\u00fcnftigen Besitzers angepasst ist, entsprechend den geltenden st\\u00e4dtebaulichen Vorschriften.\\r\\nEs besteht eine reale M\\u00f6glichkeit der Stromnetzanschlusses und Wasserverf\\u00fcgbarkeit \\u00fcber einen Z\\u00e4hler, was die Entwicklung jedes neuen Projekts erleichtert.\\r\\nEine ausgezeichnete Gelegenheit, ein ma\\u00dfgeschneidertes Haus in einer privilegierten nat\\u00fcrlichen Umgebung zu entwickeln, mit dem ganzen Charme der mallorquinischen Landschaft.\\r\\nNova Gesti\\u00f3, Ihre vertrauensw\\u00fcrdige Immobilienagentur in Porreres.&quot;,&quot;excerpt&quot;:&quot;Wundersch\\u00f6nes baureifes rustikales Grundst\\u00fcck von 17.368 m\\u00b2 in Porreres zu verkaufen, komplett mit traditioneller mallorquinischer Steinmauer begrenzt, umgeben von Zypressen und sorgf\\u00e4ltig gepflanzten Olivenb\\u00e4umen, was ihm einen authentischen und sehr besonderen Charakter verleiht. Gelegen in einer ruhigen, sonnigen Gegend mit guter Zufahrt \\u00fcber eine asphaltierte Stra\\u00dfe, ideal f\\u00fcr diejenigen, die Privatsph\\u00e4re suchen, ohne auf die [\\u2026]&quot;,&quot;short_excerpt&quot;:&quot;Wundersch\\u00f6nes baureifes rustikales Grundst\\u00fcck von 17.368 m\\u00b2 in Porreres zu verkaufen, komplett mit traditioneller mallorqu...&quot;,&quot;long_excerpt&quot;:&quot;Wundersch\\u00f6nes baureifes rustikales Grundst\\u00fcck von 17.368 m\\u00b2 in Porreres zu verkaufen, komplett mit traditioneller mallorquinischer Steinmauer begrenzt, umgeb...&quot;,&quot;link&quot;:&quot;https:\\\/\\\/novagestioinmobiliaria.com\\\/de\\\/propiedades-properties-immobilien\\\/rustikales-grundstueck-in-porreres-zu-verkaufen-fr1885po-vde\\\/&quot;,&quot;offer_type&quot;:&quot;Zu verkaufen&quot;,&quot;price&quot;:&quot;295.000 \\u20ac&quot;,&quot;location&quot;:&quot;P&quot;,&quot;is_featured&quot;:true,&quot;gallery&quot;:[{&quot;id&quot;:89025,&quot;url&quot;:&quot;https:\\\/\\\/novagestioinmobiliaria.com\\\/wp-content\\\/uploads\\\/2026\\\/04\\\/FincaRustica-venta-porreres-ref-1885-6.jpg&quot;,&quot;alt&quot;:&quot;&quot;},{&quot;id&quot;:89022,&quot;url&quot;:&quot;https:\\\/\\\/novagestioinmobiliaria.com\\\/wp-content\\\/uploads\\\/2026\\\/04\\\/FincaRustica-venta-porreres-ref-1885-5.jpg&quot;,&quot;alt&quot;:&quot;&quot;},{&quot;id&quot;:89019,&quot;url&quot;:&quot;https:\\\/\\\/novagestioinmobiliaria.com\\\/wp-content\\\/uploads\\\/2026\\\/04\\\/FincaRustica-venta-porreres-ref-1885-4.jpg&quot;,&quot;alt&quot;:&quot;&quot;},{&quot;id&quot;:89016,&quot;url&quot;:&quot;https:\\\/\\\/novagestioinmobiliaria.com\\\/wp-content\\\/uploads\\\/2026\\\/04\\\/FincaRustica-venta-porreres-ref-1885-3.jpg&quot;,&quot;alt&quot;:&quot;&quot;},{&quot;id&quot;:89013,&quot;url&quot;:&quot;https:\\\/\\\/novagestioinmobiliaria.com\\\/wp-content\\\/uploads\\\/2026\\\/04\\\/FincaRustica-venta-porreres-ref-1885-2.jpg&quot;,&quot;alt&quot;:&quot;&quot;},{&quot;id&quot;:89010,&quot;url&quot;:&quot;https:\\\/\\\/novagestioinmobiliaria.com\\\/wp-content\\\/uploads\\\/2026\\\/04\\\/FincaRustica-venta-porreres-ref-1885-1.jpg&quot;,&quot;alt&quot;:&quot;&quot;},{&quot;id&quot;:89007,&quot;url&quot;:&quot;https:\\\/\\\/novagestioinmobiliaria.com\\\/wp-content\\\/uploads\\\/2026\\\/04\\\/FincaRustica-venta-porreres-ref-1885-7.jpg&quot;,&quot;alt&quot;:&quot;&quot;}],&quot;attributes&quot;:[{&quot;slug&quot;:&quot;property-type&quot;,&quot;name&quot;:&quot;Tipo propiedad&quot;,&quot;has_archive&quot;:true,&quot;elements&quot;:[{&quot;name&quot;:&quot;Landgrundst\\u00fccke \\\/ Bebaubares Land&quot;,&quot;link&quot;:&quot;https:\\\/\\\/novagestioinmobiliaria.com\\\/de\\\/immobilientyp\\\/landgrundstuecke-bebaubares-land\\\/&quot;,&quot;slug&quot;:&quot;landgrundstuecke-bebaubares-land&quot;}],&quot;card&quot;:false,&quot;show&quot;:true,&quot;display_after&quot;:&quot;&quot;,&quot;new_box&quot;:false},{&quot;slug&quot;:&quot;offer-type&quot;,&quot;name&quot;:&quot;Tipo operaci\\u00f3n&quot;,&quot;has_archive&quot;:true,&quot;elements&quot;:[{&quot;name&quot;:&quot;Zu verkaufen&quot;,&quot;link&quot;:&quot;https:\\\/\\\/novagestioinmobiliaria.com\\\/de\\\/offer-type\\\/zu-verkaufen\\\/&quot;,&quot;slug&quot;:&quot;zu-verkaufen&quot;}],&quot;card&quot;:true,&quot;show&quot;:true,&quot;display_after&quot;:&quot;&quot;,&quot;new_box&quot;:false},{&quot;slug&quot;:&quot;city&quot;,&quot;name&quot;:&quot;Zona&quot;,&quot;has_archive&quot;:true,&quot;elements&quot;:[{&quot;name&quot;:&quot;Porreres&quot;,&quot;link&quot;:&quot;https:\\\/\\\/novagestioinmobiliaria.com\\\/de\\\/city\\\/porreres-de\\\/&quot;,&quot;slug&quot;:&quot;porreres-de&quot;}],&quot;card&quot;:false,&quot;show&quot;:true,&quot;display_after&quot;:&quot;&quot;,&quot;new_box&quot;:false},{&quot;slug&quot;:&quot;price&quot;,&quot;name&quot;:&quot;Precio&quot;,&quot;has_archive&quot;:false,&quot;elements&quot;:[{&quot;name&quot;:&quot;295000\\u20ac&quot;,&quot;link&quot;:&quot;&quot;,&quot;slug&quot;:&quot;&quot;}],&quot;show&quot;:false,&quot;card&quot;:false,&quot;display_after&quot;:&quot;\\u20ac&quot;,&quot;new_box&quot;:false},{&quot;slug&quot;:&quot;property-size&quot;,&quot;name&quot;:&quot;M2&quot;,&quot;has_archive&quot;:false,&quot;elements&quot;:[{&quot;name&quot;:&quot;300 ca.&quot;,&quot;link&quot;:&quot;&quot;,&quot;slug&quot;:&quot;&quot;}],&quot;show&quot;:true,&quot;card&quot;:true,&quot;display_after&quot;:&quot;m\\u00b2&quot;,&quot;new_box&quot;:false},{&quot;slug&quot;:&quot;lot-size&quot;,&quot;name&quot;:&quot;Terreno \\\/ Solar&quot;,&quot;has_archive&quot;:false,&quot;elements&quot;:[{&quot;name&quot;:&quot;17368&quot;,&quot;link&quot;:&quot;&quot;,&quot;slug&quot;:&quot;&quot;}],&quot;show&quot;:true,&quot;card&quot;:false,&quot;display_after&quot;:&quot;m\\u00b2&quot;,&quot;new_box&quot;:false},{&quot;slug&quot;:&quot;features&quot;,&quot;name&quot;:&quot;Caracter\\u00edsticas&quot;,&quot;has_archive&quot;:true,&quot;elements&quot;:[{&quot;name&quot;:&quot;Ausblick auf die Berge&quot;,&quot;link&quot;:&quot;https:\\\/\\\/novagestioinmobiliaria.com\\\/de\\\/eigenschaften\\\/ausblick-auf-die-berge\\\/&quot;,&quot;slug&quot;:&quot;ausblick-auf-die-berge&quot;},{&quot;name&quot;:&quot;Bebaubar&quot;,&quot;link&quot;:&quot;https:\\\/\\\/novagestioinmobiliaria.com\\\/de\\\/eigenschaften\\\/bebaubar\\\/&quot;,&quot;slug&quot;:&quot;bebaubar&quot;},{&quot;name&quot;:&quot;Privatpool&quot;,&quot;link&quot;:&quot;https:\\\/\\\/novagestioinmobiliaria.com\\\/de\\\/eigenschaften\\\/privatpool\\\/&quot;,&quot;slug&quot;:&quot;privatpool&quot;},{&quot;name&quot;:&quot;Ruhige Lage&quot;,&quot;link&quot;:&quot;https:\\\/\\\/novagestioinmobiliaria.com\\\/de\\\/eigenschaften\\\/ruhige-lage\\\/&quot;,&quot;slug&quot;:&quot;ruhige-lage&quot;},{&quot;name&quot;:&quot;Unverbaubare Aussicht&quot;,&quot;link&quot;:&quot;https:\\\/\\\/novagestioinmobiliaria.com\\\/de\\\/eigenschaften\\\/unverbaubare-aussicht\\\/&quot;,&quot;slug&quot;:&quot;unverbaubare-aussicht&quot;}],&quot;card&quot;:false,&quot;show&quot;:true,&quot;display_after&quot;:&quot;&quot;,&quot;new_box&quot;:true}],&quot;views&quot;:6,&quot;days_ago&quot;:&quot;2\\u00a0Wochen.&quot;,&quot;image_id&quot;:89010,&quot;image_url&quot;:&quot;https:\\\/\\\/novagestioinmobiliaria.com\\\/wp-content\\\/uploads\\\/2026\\\/04\\\/FincaRustica-venta-porreres-ref-1885-1.jpg&quot;,&quot;tags&quot;:[{&quot;name&quot;:&quot;Caracter\\u00edsticas&quot;,&quot;elements&quot;:[{&quot;name&quot;:&quot;Ausblick auf die Berge&quot;,&quot;link&quot;:&quot;https:\\\/\\\/novagestioinmobiliaria.com\\\/de\\\/eigenschaften\\\/ausblick-auf-die-berge\\\/&quot;},{&quot;name&quot;:&quot;Bebaubar&quot;,&quot;link&quot;:&quot;https:\\\/\\\/novagestioinmobiliaria.com\\\/de\\\/eigenschaften\\\/bebaubar\\\/&quot;},{&quot;name&quot;:&quot;Privatpool&quot;,&quot;link&quot;:&quot;https:\\\/\\\/novagestioinmobiliaria.com\\\/de\\\/eigenschaften\\\/privatpool\\\/&quot;},{&quot;name&quot;:&quot;Ruhige Lage&quot;,&quot;link&quot;:&quot;https:\\\/\\\/novagestioinmobiliaria.com\\\/de\\\/eigenschaften\\\/ruhige-lage\\\/&quot;},{&quot;name&quot;:&quot;Unverbaubare Aussicht&quot;,&quot;link&quot;:&quot;https:\\\/\\\/novagestioinmobiliaria.com\\\/de\\\/eigenschaften\\\/unverbaubare-aussicht\\\/&quot;}],&quot;has_archive&quot;:true}],&quot;status&quot;:&quot;publish&quot;,&quot;plans&quot;:[],&quot;video_plan&quot;:{&quot;src&quot;:&quot;&quot;,&quot;video&quot;:&quot;&quot;},&quot;virtual_tour&quot;:null,&quot;state&quot;:&quot;&quot;,&quot;labels&quot;:[],&quot;image&quot;:&quot;https:\\\/\\\/novagestioinmobiliaria.com\\\/wp-content\\\/uploads\\\/2026\\\/04\\\/FincaRustica-venta-porreres-ref-1885-1-400x250.jpg&quot;,&quot;image_srcset&quot;:&quot;https:\\\/\\\/novagestioinmobiliaria.com\\\/wp-content\\\/uploads\\\/2026\\\/04\\\/FincaRustica-venta-porreres-ref-1885-1-200x125.jpg 200w, https:\\\/\\\/novagestioinmobiliaria.com\\\/wp-content\\\/uploads\\\/2026\\\/04\\\/FincaRustica-venta-porreres-ref-1885-1-800x500.jpg 800w, https:\\\/\\\/novagestioinmobiliaria.com\\\/wp-content\\\/uploads\\\/2026\\\/04\\\/FincaRustica-venta-porreres-ref-1885-1-600x375.jpg 600w, https:\\\/\\\/novagestioinmobiliaria.com\\\/wp-content\\\/uploads\\\/2026\\\/04\\\/FincaRustica-venta-porreres-ref-1885-1-400x250.jpg 400w&quot;},{&quot;short_excerpt_limit&quot;:125,&quot;long_excerpt_limit&quot;:160,&quot;id&quot;:88999,&quot;agent_id&quot;:&quot;26&quot;,&quot;title&quot;:&quot;Renovierte Wohnung zum Verkauf in Cala Millor : : PI1887CM-VDE&quot;,&quot;content&quot;:&quot;Sch\\u00f6ne komplett renovierte Wohnung (2023-2024) zu verkaufen in Cala Millor, 100 m vom Strand entfernt. Sie hat eine konstruierte Fl\\u00e4che von 84 m2 zusammen mit einem gro\\u00dfen Balkon\\\/Terrasse. Sie besteht aus 2 Doppelzimmern, 1 Badezimmer mit Dusche und integrierter W\\u00e4scherei. Die K\\u00fcche ist unabh\\u00e4ngig, komplett ausgestattet mit einer Bar, die mit dem Wohn-Esszimmer verbunden ist, beide mit Zugang zum Balkon. Sie verf\\u00fcgt \\u00fcber einen gro\\u00dfen Balkon mit Meerblick, einen Chill-out-Bereich und Platz f\\u00fcr einen Grill. Die Fenster sind brandneu, mit Doppelverglasung und Moskitonetzen. Sie befindet sich im 2. Stock ohne Aufzug mit 1 Nachbarn auf der Etage und nur 9 Nachbarn im Geb\\u00e4ude, was eine ruhige Umgebung garantiert, gut gelegen und in Strandn\\u00e4he. Die Innenschreinerei ist aus Holz und die Au\\u00dfenschreinerei aus PVC, der Boden ist Parkett. Die Wohnung wird halbm\\u00f6bliert verkauft. Sie liegt in einer gut angebundenen Gegend mit allen Dienstleistungen in der N\\u00e4he.\\r\\nM\\u00d6GLICHKEIT EINER GRO\\u00dfEN GARAGE (Preis separat zu erfragen)\\r\\n\\r\\nNova Gesti\\u00f3, Immobilienagentur in Cala Millor.&quot;,&quot;excerpt&quot;:&quot;Sch\\u00f6ne komplett renovierte Wohnung (2023-2024) zu verkaufen in Cala Millor, 100 m vom Strand entfernt. Sie hat eine konstruierte Fl\\u00e4che von 84 m2 zusammen mit einem gro\\u00dfen Balkon\\\/Terrasse. Sie besteht aus 2 Doppelzimmern, 1 Badezimmer mit Dusche und integrierter W\\u00e4scherei. Die K\\u00fcche ist unabh\\u00e4ngig, komplett ausgestattet mit einer Bar, die mit dem Wohn-Esszimmer verbunden ist, [\\u2026]&quot;,&quot;short_excerpt&quot;:&quot;Sch\\u00f6ne komplett renovierte Wohnung (2023-2024) zu verkaufen in Cala Millor, 100 m vom Strand entfernt. Sie hat eine konstr...&quot;,&quot;long_excerpt&quot;:&quot;Sch\\u00f6ne komplett renovierte Wohnung (2023-2024) zu verkaufen in Cala Millor, 100 m vom Strand entfernt. Sie hat eine konstruierte Fl\\u00e4che von 84 m2 zusammen mi...&quot;,&quot;link&quot;:&quot;https:\\\/\\\/novagestioinmobiliaria.com\\\/de\\\/propiedades-properties-immobilien\\\/renovierte-wohnung-zum-verkauf-in-cala-millor-pi1887cm-vde\\\/&quot;,&quot;offer_type&quot;:&quot;Zu verkaufen&quot;,&quot;price&quot;:&quot;360.000 \\u20ac&quot;,&quot;location&quot;:&quot;C&quot;,&quot;is_featured&quot;:true,&quot;gallery&quot;:[{&quot;id&quot;:88970,&quot;url&quot;:&quot;https:\\\/\\\/novagestioinmobiliaria.com\\\/wp-content\\\/uploads\\\/2026\\\/04\\\/Piso-Venta-CalaMillor-ref-1883-25.jpg&quot;,&quot;alt&quot;:&quot;&quot;},{&quot;id&quot;:88901,&quot;url&quot;:&quot;https:\\\/\\\/novagestioinmobiliaria.com\\\/wp-content\\\/uploads\\\/2026\\\/04\\\/Piso-Venta-CalaMillor-ref-1883-2.jpg&quot;,&quot;alt&quot;:&quot;&quot;},{&quot;id&quot;:88940,&quot;url&quot;:&quot;https:\\\/\\\/novagestioinmobiliaria.com\\\/wp-content\\\/uploads\\\/2026\\\/04\\\/Piso-Venta-CalaMillor-ref-1883-15.jpg&quot;,&quot;alt&quot;:&quot;&quot;},{&quot;id&quot;:88919,&quot;url&quot;:&quot;https:\\\/\\\/novagestioinmobiliaria.com\\\/wp-content\\\/uploads\\\/2026\\\/04\\\/Piso-Venta-CalaMillor-ref-1883-8.jpg&quot;,&quot;alt&quot;:&quot;&quot;},{&quot;id&quot;:88898,&quot;url&quot;:&quot;https:\\\/\\\/novagestioinmobiliaria.com\\\/wp-content\\\/uploads\\\/2026\\\/04\\\/Piso-Venta-CalaMillor-ref-1883-1.jpg&quot;,&quot;alt&quot;:&quot;&quot;},{&quot;id&quot;:88928,&quot;url&quot;:&quot;https:\\\/\\\/novagestioinmobiliaria.com\\\/wp-content\\\/uploads\\\/2026\\\/04\\\/Piso-Venta-CalaMillor-ref-1883-11.jpg&quot;,&quot;alt&quot;:&quot;&quot;},{&quot;id&quot;:88985,&quot;url&quot;:&quot;https:\\\/\\\/novagestioinmobiliaria.com\\\/wp-content\\\/uploads\\\/2026\\\/04\\\/Piso-Venta-CalaMillor-ref-1883-30.jpg&quot;,&quot;alt&quot;:&quot;&quot;},{&quot;id&quot;:88958,&quot;url&quot;:&quot;https:\\\/\\\/novagestioinmobiliaria.com\\\/wp-content\\\/uploads\\\/2026\\\/04\\\/Piso-Venta-CalaMillor-ref-1883-21.jpg&quot;,&quot;alt&quot;:&quot;&quot;},{&quot;id&quot;:88952,&quot;url&quot;:&quot;https:\\\/\\\/novagestioinmobiliaria.com\\\/wp-content\\\/uploads\\\/2026\\\/04\\\/Piso-Venta-CalaMillor-ref-1883-19.jpg&quot;,&quot;alt&quot;:&quot;&quot;},{&quot;id&quot;:88988,&quot;url&quot;:&quot;https:\\\/\\\/novagestioinmobiliaria.com\\\/wp-content\\\/uploads\\\/2026\\\/04\\\/Piso-Venta-CalaMillor-ref-1883-31.jpg&quot;,&quot;alt&quot;:&quot;&quot;},{&quot;id&quot;:88931,&quot;url&quot;:&quot;https:\\\/\\\/novagestioinmobiliaria.com\\\/wp-content\\\/uploads\\\/2026\\\/04\\\/Piso-Venta-CalaMillor-ref-1883-12.jpg&quot;,&quot;alt&quot;:&quot;&quot;},{&quot;id&quot;:88994,&quot;url&quot;:&quot;https:\\\/\\\/novagestioinmobiliaria.com\\\/wp-content\\\/uploads\\\/2026\\\/04\\\/Piso-Venta-CalaMillor-ref-1883-33.jpg&quot;,&quot;alt&quot;:&quot;&quot;},{&quot;id&quot;:88967,&quot;url&quot;:&quot;https:\\\/\\\/novagestioinmobiliaria.com\\\/wp-content\\\/uploads\\\/2026\\\/04\\\/Piso-Venta-CalaMillor-ref-1883-24.jpg&quot;,&quot;alt&quot;:&quot;&quot;},{&quot;id&quot;:88934,&quot;url&quot;:&quot;https:\\\/\\\/novagestioinmobiliaria.com\\\/wp-content\\\/uploads\\\/2026\\\/04\\\/Piso-Venta-CalaMillor-ref-1883-13.jpg&quot;,&quot;alt&quot;:&quot;&quot;},{&quot;id&quot;:88991,&quot;url&quot;:&quot;https:\\\/\\\/novagestioinmobiliaria.com\\\/wp-content\\\/uploads\\\/2026\\\/04\\\/Piso-Venta-CalaMillor-ref-1883-32.jpg&quot;,&quot;alt&quot;:&quot;&quot;},{&quot;id&quot;:88961,&quot;url&quot;:&quot;https:\\\/\\\/novagestioinmobiliaria.com\\\/wp-content\\\/uploads\\\/2026\\\/04\\\/Piso-Venta-CalaMillor-ref-1883-22.jpg&quot;,&quot;alt&quot;:&quot;&quot;},{&quot;id&quot;:88925,&quot;url&quot;:&quot;https:\\\/\\\/novagestioinmobiliaria.com\\\/wp-content\\\/uploads\\\/2026\\\/04\\\/Piso-Venta-CalaMillor-ref-1883-10.jpg&quot;,&quot;alt&quot;:&quot;&quot;},{&quot;id&quot;:88916,&quot;url&quot;:&quot;https:\\\/\\\/novagestioinmobiliaria.com\\\/wp-content\\\/uploads\\\/2026\\\/04\\\/Piso-Venta-CalaMillor-ref-1883-7.jpg&quot;,&quot;alt&quot;:&quot;&quot;},{&quot;id&quot;:88946,&quot;url&quot;:&quot;https:\\\/\\\/novagestioinmobiliaria.com\\\/wp-content\\\/uploads\\\/2026\\\/04\\\/Piso-Venta-CalaMillor-ref-1883-17.jpg&quot;,&quot;alt&quot;:&quot;&quot;},{&quot;id&quot;:88973,&quot;url&quot;:&quot;https:\\\/\\\/novagestioinmobiliaria.com\\\/wp-content\\\/uploads\\\/2026\\\/04\\\/Piso-Venta-CalaMillor-ref-1883-26.jpg&quot;,&quot;alt&quot;:&quot;&quot;},{&quot;id&quot;:88910,&quot;url&quot;:&quot;https:\\\/\\\/novagestioinmobiliaria.com\\\/wp-content\\\/uploads\\\/2026\\\/04\\\/Piso-Venta-CalaMillor-ref-1883-5.jpg&quot;,&quot;alt&quot;:&quot;&quot;},{&quot;id&quot;:88943,&quot;url&quot;:&quot;https:\\\/\\\/novagestioinmobiliaria.com\\\/wp-content\\\/uploads\\\/2026\\\/04\\\/Piso-Venta-CalaMillor-ref-1883-16.jpg&quot;,&quot;alt&quot;:&quot;&quot;},{&quot;id&quot;:88913,&quot;url&quot;:&quot;https:\\\/\\\/novagestioinmobiliaria.com\\\/wp-content\\\/uploads\\\/2026\\\/04\\\/Piso-Venta-CalaMillor-ref-1883-6.jpg&quot;,&quot;alt&quot;:&quot;&quot;},{&quot;id&quot;:88979,&quot;url&quot;:&quot;https:\\\/\\\/novagestioinmobiliaria.com\\\/wp-content\\\/uploads\\\/2026\\\/04\\\/Piso-Venta-CalaMillor-ref-1883-28.jpg&quot;,&quot;alt&quot;:&quot;&quot;},{&quot;id&quot;:88922,&quot;url&quot;:&quot;https:\\\/\\\/novagestioinmobiliaria.com\\\/wp-content\\\/uploads\\\/2026\\\/04\\\/Piso-Venta-CalaMillor-ref-1883-9.jpg&quot;,&quot;alt&quot;:&quot;&quot;},{&quot;id&quot;:88955,&quot;url&quot;:&quot;https:\\\/\\\/novagestioinmobiliaria.com\\\/wp-content\\\/uploads\\\/2026\\\/04\\\/Piso-Venta-CalaMillor-ref-1883-20.jpg&quot;,&quot;alt&quot;:&quot;&quot;},{&quot;id&quot;:88937,&quot;url&quot;:&quot;https:\\\/\\\/novagestioinmobiliaria.com\\\/wp-content\\\/uploads\\\/2026\\\/04\\\/Piso-Venta-CalaMillor-ref-1883-14.jpg&quot;,&quot;alt&quot;:&quot;&quot;},{&quot;id&quot;:88904,&quot;url&quot;:&quot;https:\\\/\\\/novagestioinmobiliaria.com\\\/wp-content\\\/uploads\\\/2026\\\/04\\\/Piso-Venta-CalaMillor-ref-1883-3.jpg&quot;,&quot;alt&quot;:&quot;&quot;},{&quot;id&quot;:88949,&quot;url&quot;:&quot;https:\\\/\\\/novagestioinmobiliaria.com\\\/wp-content\\\/uploads\\\/2026\\\/04\\\/Piso-Venta-CalaMillor-ref-1883-18.jpg&quot;,&quot;alt&quot;:&quot;&quot;},{&quot;id&quot;:88976,&quot;url&quot;:&quot;https:\\\/\\\/novagestioinmobiliaria.com\\\/wp-content\\\/uploads\\\/2026\\\/04\\\/Piso-Venta-CalaMillor-ref-1883-27.jpg&quot;,&quot;alt&quot;:&quot;&quot;},{&quot;id&quot;:88907,&quot;url&quot;:&quot;https:\\\/\\\/novagestioinmobiliaria.com\\\/wp-content\\\/uploads\\\/2026\\\/04\\\/Piso-Venta-CalaMillor-ref-1883-4.jpg&quot;,&quot;alt&quot;:&quot;&quot;},{&quot;id&quot;:88964,&quot;url&quot;:&quot;https:\\\/\\\/novagestioinmobiliaria.com\\\/wp-content\\\/uploads\\\/2026\\\/04\\\/Piso-Venta-CalaMillor-ref-1883-23.jpg&quot;,&quot;alt&quot;:&quot;&quot;},{&quot;id&quot;:88982,&quot;url&quot;:&quot;https:\\\/\\\/novagestioinmobiliaria.com\\\/wp-content\\\/uploads\\\/2026\\\/04\\\/Piso-Venta-CalaMillor-ref-1883-29.jpg&quot;,&quot;alt&quot;:&quot;&quot;},{&quot;id&quot;:88997,&quot;url&quot;:&quot;https:\\\/\\\/novagestioinmobiliaria.com\\\/wp-content\\\/uploads\\\/2026\\\/04\\\/Piso-Venta-CalaMillor-ref-1883-34.jpg&quot;,&quot;alt&quot;:&quot;&quot;}],&quot;attributes&quot;:[{&quot;slug&quot;:&quot;property-type&quot;,&quot;name&quot;:&quot;Tipo propiedad&quot;,&quot;has_archive&quot;:true,&quot;elements&quot;:[{&quot;name&quot;:&quot;Wohnungen \\\/ Apartments&quot;,&quot;link&quot;:&quot;https:\\\/\\\/novagestioinmobiliaria.com\\\/de\\\/immobilientyp\\\/wohnungen-apartments\\\/&quot;,&quot;slug&quot;:&quot;wohnungen-apartments&quot;}],&quot;card&quot;:false,&quot;show&quot;:true,&quot;display_after&quot;:&quot;&quot;,&quot;new_box&quot;:false},{&quot;slug&quot;:&quot;offer-type&quot;,&quot;name&quot;:&quot;Tipo operaci\\u00f3n&quot;,&quot;has_archive&quot;:true,&quot;elements&quot;:[{&quot;name&quot;:&quot;Zu verkaufen&quot;,&quot;link&quot;:&quot;https:\\\/\\\/novagestioinmobiliaria.com\\\/de\\\/offer-type\\\/zu-verkaufen\\\/&quot;,&quot;slug&quot;:&quot;zu-verkaufen&quot;}],&quot;card&quot;:true,&quot;show&quot;:true,&quot;display_after&quot;:&quot;&quot;,&quot;new_box&quot;:false},{&quot;slug&quot;:&quot;city&quot;,&quot;name&quot;:&quot;Zona&quot;,&quot;has_archive&quot;:true,&quot;elements&quot;:[{&quot;name&quot;:&quot;Cala Millor&quot;,&quot;link&quot;:&quot;https:\\\/\\\/novagestioinmobiliaria.com\\\/de\\\/city\\\/cala-millor-de\\\/&quot;,&quot;slug&quot;:&quot;cala-millor-de&quot;}],&quot;card&quot;:false,&quot;show&quot;:true,&quot;display_after&quot;:&quot;&quot;,&quot;new_box&quot;:false},{&quot;slug&quot;:&quot;price&quot;,&quot;name&quot;:&quot;Precio&quot;,&quot;has_archive&quot;:false,&quot;elements&quot;:[{&quot;name&quot;:&quot;360000&quot;,&quot;link&quot;:&quot;&quot;,&quot;slug&quot;:&quot;&quot;}],&quot;show&quot;:false,&quot;card&quot;:false,&quot;display_after&quot;:&quot;\\u20ac&quot;,&quot;new_box&quot;:false},{&quot;slug&quot;:&quot;bedrooms&quot;,&quot;name&quot;:&quot;Habitaciones&quot;,&quot;has_archive&quot;:false,&quot;elements&quot;:[{&quot;name&quot;:&quot;2&quot;,&quot;link&quot;:&quot;&quot;,&quot;slug&quot;:&quot;&quot;}],&quot;show&quot;:true,&quot;card&quot;:true,&quot;display_after&quot;:&quot;&quot;,&quot;new_box&quot;:false},{&quot;slug&quot;:&quot;bathrooms&quot;,&quot;name&quot;:&quot;Ba\\u00f1os&quot;,&quot;has_archive&quot;:false,&quot;elements&quot;:[{&quot;name&quot;:&quot;1&quot;,&quot;link&quot;:&quot;&quot;,&quot;slug&quot;:&quot;&quot;}],&quot;show&quot;:true,&quot;card&quot;:true,&quot;display_after&quot;:&quot;&quot;,&quot;new_box&quot;:false},{&quot;slug&quot;:&quot;property-size&quot;,&quot;name&quot;:&quot;M2&quot;,&quot;has_archive&quot;:false,&quot;elements&quot;:[{&quot;name&quot;:&quot;75&quot;,&quot;link&quot;:&quot;&quot;,&quot;slug&quot;:&quot;&quot;}],&quot;show&quot;:true,&quot;card&quot;:true,&quot;display_after&quot;:&quot;m\\u00b2&quot;,&quot;new_box&quot;:false},{&quot;slug&quot;:&quot;features&quot;,&quot;name&quot;:&quot;Caracter\\u00edsticas&quot;,&quot;has_archive&quot;:true,&quot;elements&quot;:[{&quot;name&quot;:&quot;2 Doppelzimmer&quot;,&quot;link&quot;:&quot;https:\\\/\\\/novagestioinmobiliaria.com\\\/de\\\/eigenschaften\\\/2-doppelzimmer\\\/&quot;,&quot;slug&quot;:&quot;2-doppelzimmer&quot;},{&quot;name&quot;:&quot;Balkon&quot;,&quot;link&quot;:&quot;https:\\\/\\\/novagestioinmobiliaria.com\\\/de\\\/eigenschaften\\\/balkon\\\/&quot;,&quot;slug&quot;:&quot;balkon&quot;},{&quot;name&quot;:&quot;Einbauk\\u00fcche&quot;,&quot;link&quot;:&quot;https:\\\/\\\/novagestioinmobiliaria.com\\\/de\\\/eigenschaften\\\/einbaukueche\\\/&quot;,&quot;slug&quot;:&quot;einbaukueche&quot;},{&quot;name&quot;:&quot;Klimaanlage&quot;,&quot;link&quot;:&quot;https:\\\/\\\/novagestioinmobiliaria.com\\\/de\\\/eigenschaften\\\/klimaanlage\\\/&quot;,&quot;slug&quot;:&quot;klimaanlage&quot;},{&quot;name&quot;:&quot;Meerblick&quot;,&quot;link&quot;:&quot;https:\\\/\\\/novagestioinmobiliaria.com\\\/de\\\/eigenschaften\\\/meerblick\\\/&quot;,&quot;slug&quot;:&quot;meerblick&quot;},{&quot;name&quot;:&quot;Reformiert&quot;,&quot;link&quot;:&quot;https:\\\/\\\/novagestioinmobiliaria.com\\\/de\\\/eigenschaften\\\/reformiert\\\/&quot;,&quot;slug&quot;:&quot;reformiert&quot;},{&quot;name&quot;:&quot;Strand in der N\\u00e4he&quot;,&quot;link&quot;:&quot;https:\\\/\\\/novagestioinmobiliaria.com\\\/de\\\/eigenschaften\\\/strand-in-der-nahe-de\\\/&quot;,&quot;slug&quot;:&quot;strand-in-der-nahe-de&quot;},{&quot;name&quot;:&quot;Zentrale Lage&quot;,&quot;link&quot;:&quot;https:\\\/\\\/novagestioinmobiliaria.com\\\/de\\\/eigenschaften\\\/zentrale-lage\\\/&quot;,&quot;slug&quot;:&quot;zentrale-lage&quot;}],&quot;card&quot;:false,&quot;show&quot;:true,&quot;display_after&quot;:&quot;&quot;,&quot;new_box&quot;:true}],&quot;views&quot;:16,&quot;days_ago&quot;:&quot;2\\u00a0Wochen.&quot;,&quot;image_id&quot;:88985,&quot;image_url&quot;:&quot;https:\\\/\\\/novagestioinmobiliaria.com\\\/wp-content\\\/uploads\\\/2026\\\/04\\\/Piso-Venta-CalaMillor-ref-1883-30.jpg&quot;,&quot;tags&quot;:[{&quot;name&quot;:&quot;Caracter\\u00edsticas&quot;,&quot;elements&quot;:[{&quot;name&quot;:&quot;2 Doppelzimmer&quot;,&quot;link&quot;:&quot;https:\\\/\\\/novagestioinmobiliaria.com\\\/de\\\/eigenschaften\\\/2-doppelzimmer\\\/&quot;},{&quot;name&quot;:&quot;Balkon&quot;,&quot;link&quot;:&quot;https:\\\/\\\/novagestioinmobiliaria.com\\\/de\\\/eigenschaften\\\/balkon\\\/&quot;},{&quot;name&quot;:&quot;Einbauk\\u00fcche&quot;,&quot;link&quot;:&quot;https:\\\/\\\/novagestioinmobiliaria.com\\\/de\\\/eigenschaften\\\/einbaukueche\\\/&quot;},{&quot;name&quot;:&quot;Klimaanlage&quot;,&quot;link&quot;:&quot;https:\\\/\\\/novagestioinmobiliaria.com\\\/de\\\/eigenschaften\\\/klimaanlage\\\/&quot;},{&quot;name&quot;:&quot;Meerblick&quot;,&quot;link&quot;:&quot;https:\\\/\\\/novagestioinmobiliaria.com\\\/de\\\/eigenschaften\\\/meerblick\\\/&quot;},{&quot;name&quot;:&quot;Reformiert&quot;,&quot;link&quot;:&quot;https:\\\/\\\/novagestioinmobiliaria.com\\\/de\\\/eigenschaften\\\/reformiert\\\/&quot;},{&quot;name&quot;:&quot;Strand in der N\\u00e4he&quot;,&quot;link&quot;:&quot;https:\\\/\\\/novagestioinmobiliaria.com\\\/de\\\/eigenschaften\\\/strand-in-der-nahe-de\\\/&quot;},{&quot;name&quot;:&quot;Zentrale Lage&quot;,&quot;link&quot;:&quot;https:\\\/\\\/novagestioinmobiliaria.com\\\/de\\\/eigenschaften\\\/zentrale-lage\\\/&quot;}],&quot;has_archive&quot;:true}],&quot;status&quot;:&quot;publish&quot;,&quot;plans&quot;:[],&quot;video_plan&quot;:{&quot;src&quot;:&quot;&quot;,&quot;video&quot;:&quot;&quot;},&quot;virtual_tour&quot;:null,&quot;state&quot;:&quot;&quot;,&quot;labels&quot;:[],&quot;image&quot;:&quot;https:\\\/\\\/novagestioinmobiliaria.com\\\/wp-content\\\/uploads\\\/2026\\\/04\\\/Piso-Venta-CalaMillor-ref-1883-30-400x250.jpg&quot;,&quot;image_srcset&quot;:&quot;https:\\\/\\\/novagestioinmobiliaria.com\\\/wp-content\\\/uploads\\\/2026\\\/04\\\/Piso-Venta-CalaMillor-ref-1883-30-200x125.jpg 200w, https:\\\/\\\/novagestioinmobiliaria.com\\\/wp-content\\\/uploads\\\/2026\\\/04\\\/Piso-Venta-CalaMillor-ref-1883-30-1200x750.jpg 1200w, https:\\\/\\\/novagestioinmobiliaria.com\\\/wp-content\\\/uploads\\\/2026\\\/04\\\/Piso-Venta-CalaMillor-ref-1883-30-800x500.jpg 800w, https:\\\/\\\/novagestioinmobiliaria.com\\\/wp-content\\\/uploads\\\/2026\\\/04\\\/Piso-Venta-CalaMillor-ref-1883-30-600x375.jpg 600w, https:\\\/\\\/novagestioinmobiliaria.com\\\/wp-content\\\/uploads\\\/2026\\\/04\\\/Piso-Venta-CalaMillor-ref-1883-30-400x250.jpg 400w&quot;},{&quot;short_excerpt_limit&quot;:125,&quot;long_excerpt_limit&quot;:160,&quot;id&quot;:88894,&quot;agent_id&quot;:&quot;26&quot;,&quot;title&quot;:&quot;Wohnung zu vermieten in Cala Mend\\u00eda : : PI1326CAN-ADE&quot;,&quot;content&quot;:&quot;Charmante Wohnung zu vermieten in Cala Mend\\u00eda.\\r\\nZu vermieten ist eine ca. 46 m\\u00b2 gro\\u00dfe Wohnung, bestehend aus 1 Doppelzimmer mit Einbauschrank, Wohnzimmer, m\\u00f6blierter K\\u00fcche und Waschmaschine im Waschbereich. Es verf\\u00fcgt \\u00fcber ein k\\u00fcrzlich renoviertes Badezimmer mit gro\\u00dfer Dusche. Au\\u00dferdem gibt es eine private Terrasse von ca. 15 m\\u00b2 und einen Au\\u00dfenparkplatz f\\u00fcr ein Fahrzeug.\\r\\nDar\\u00fcber hinaus verf\\u00fcgt die Anlage \\u00fcber einen Gemeinschaftspool.\\r\\nDie Fotos dienen als Referenz und zeigen eine \\u00e4hnliche Wohnung; das beworbene Objekt kann Unterschiede aufweisen.\\r\\nMIETBEDINGUNGEN:\\r\\n- Maximal 2 Personen.\\r\\n- Langzeitmiete.\\r\\n- 1 Monatsmiete Kaution und 1 Monatsmiete Garantie.\\r\\n- Stromkosten und M\\u00fcllabfuhrgeb\\u00fchren sind nicht im Preis inbegriffen.\\r\\n- Wasserkosten, Poolwartung und Gemeinschaftskosten sind im Preis enthalten.\\r\\n- Haustiere sind unter speziellen Bedingungen erlaubt.\\r\\n- Der Abschluss einer Mietausfallversicherung ist obligatorisch.\\r\\n- Weitere Kosten bei der Agentur zu erfragen.\\r\\nNova Gesti\\u00f3 Inmobiliaria - Ihre Immobilienagentur in Cala Mend\\u00eda&quot;,&quot;excerpt&quot;:&quot;Charmante Wohnung zu vermieten in Cala Mend\\u00eda. Zu vermieten ist eine ca. 46 m\\u00b2 gro\\u00dfe Wohnung, bestehend aus 1 Doppelzimmer mit Einbauschrank, Wohnzimmer, m\\u00f6blierter K\\u00fcche und Waschmaschine im Waschbereich. Es verf\\u00fcgt \\u00fcber ein k\\u00fcrzlich renoviertes Badezimmer mit gro\\u00dfer Dusche. Au\\u00dferdem gibt es eine private Terrasse von ca. 15 m\\u00b2 und einen Au\\u00dfenparkplatz f\\u00fcr ein Fahrzeug. [\\u2026]&quot;,&quot;short_excerpt&quot;:&quot;Charmante Wohnung zu vermieten in Cala Mend\\u00eda.\\r\\nZu vermieten ist eine ca. 46 m\\u00b2 gro\\u00dfe Wohnung, bestehend aus 1 Doppelzimme...&quot;,&quot;long_excerpt&quot;:&quot;Charmante Wohnung zu vermieten in Cala Mend\\u00eda.\\r\\nZu vermieten ist eine ca. 46 m\\u00b2 gro\\u00dfe Wohnung, bestehend aus 1 Doppelzimmer mit Einbauschrank, Wohnzimmer, m\\u00f6...&quot;,&quot;link&quot;:&quot;https:\\\/\\\/novagestioinmobiliaria.com\\\/de\\\/propiedades-properties-immobilien\\\/wohnung-zu-vermieten-in-cala-mendia-pi1326can-ade\\\/&quot;,&quot;offer_type&quot;:&quot;Zu vermieten&quot;,&quot;price&quot;:&quot;850 \\u20ac&quot;,&quot;location&quot;:&quot;C&quot;,&quot;is_featured&quot;:true,&quot;gallery&quot;:[{&quot;id&quot;:88892,&quot;url&quot;:&quot;https:\\\/\\\/novagestioinmobiliaria.com\\\/wp-content\\\/uploads\\\/2026\\\/04\\\/Apartamento-en-alquiler-en-Cala-Mendia-ref-1327-12.jpg&quot;,&quot;alt&quot;:&quot;&quot;},{&quot;id&quot;:88889,&quot;url&quot;:&quot;https:\\\/\\\/novagestioinmobiliaria.com\\\/wp-content\\\/uploads\\\/2026\\\/04\\\/Apartamento-en-alquiler-en-Cala-Mendia-ref-1327-11.jpg&quot;,&quot;alt&quot;:&quot;&quot;},{&quot;id&quot;:88886,&quot;url&quot;:&quot;https:\\\/\\\/novagestioinmobiliaria.com\\\/wp-content\\\/uploads\\\/2026\\\/04\\\/Apartamento-en-alquiler-en-Cala-Mendia-ref-1327-10.jpg&quot;,&quot;alt&quot;:&quot;&quot;},{&quot;id&quot;:88883,&quot;url&quot;:&quot;https:\\\/\\\/novagestioinmobiliaria.com\\\/wp-content\\\/uploads\\\/2026\\\/04\\\/Apartamento-en-alquiler-en-Cala-Mendia-ref-1327-9.jpg&quot;,&quot;alt&quot;:&quot;&quot;},{&quot;id&quot;:88880,&quot;url&quot;:&quot;https:\\\/\\\/novagestioinmobiliaria.com\\\/wp-content\\\/uploads\\\/2026\\\/04\\\/Apartamento-en-alquiler-en-Cala-Mendia-ref-1327-8.jpg&quot;,&quot;alt&quot;:&quot;&quot;},{&quot;id&quot;:88877,&quot;url&quot;:&quot;https:\\\/\\\/novagestioinmobiliaria.com\\\/wp-content\\\/uploads\\\/2026\\\/04\\\/Apartamento-en-alquiler-en-Cala-Mendia-ref-1327-7.jpg&quot;,&quot;alt&quot;:&quot;&quot;},{&quot;id&quot;:88874,&quot;url&quot;:&quot;https:\\\/\\\/novagestioinmobiliaria.com\\\/wp-content\\\/uploads\\\/2026\\\/04\\\/Apartamento-en-alquiler-en-Cala-Mendia-ref-1327-6.jpg&quot;,&quot;alt&quot;:&quot;&quot;},{&quot;id&quot;:88871,&quot;url&quot;:&quot;https:\\\/\\\/novagestioinmobiliaria.com\\\/wp-content\\\/uploads\\\/2026\\\/04\\\/Apartamento-en-alquiler-en-Cala-Mendia-ref-1327-5.jpg&quot;,&quot;alt&quot;:&quot;&quot;},{&quot;id&quot;:88868,&quot;url&quot;:&quot;https:\\\/\\\/novagestioinmobiliaria.com\\\/wp-content\\\/uploads\\\/2026\\\/04\\\/Apartamento-en-alquiler-en-Cala-Mendia-ref-1327-4.jpg&quot;,&quot;alt&quot;:&quot;&quot;},{&quot;id&quot;:88865,&quot;url&quot;:&quot;https:\\\/\\\/novagestioinmobiliaria.com\\\/wp-content\\\/uploads\\\/2026\\\/04\\\/Apartamento-en-alquiler-en-Cala-Mendia-ref-1327-3.jpg&quot;,&quot;alt&quot;:&quot;&quot;},{&quot;id&quot;:88862,&quot;url&quot;:&quot;https:\\\/\\\/novagestioinmobiliaria.com\\\/wp-content\\\/uploads\\\/2026\\\/04\\\/Apartamento-en-alquiler-en-Cala-Mendia-ref-1327-2.jpg&quot;,&quot;alt&quot;:&quot;&quot;},{&quot;id&quot;:88859,&quot;url&quot;:&quot;https:\\\/\\\/novagestioinmobiliaria.com\\\/wp-content\\\/uploads\\\/2026\\\/04\\\/Apartamento-en-alquiler-en-Cala-Mendia-ref-1327-1.jpg&quot;,&quot;alt&quot;:&quot;&quot;}],&quot;attributes&quot;:[{&quot;slug&quot;:&quot;property-type&quot;,&quot;name&quot;:&quot;Tipo propiedad&quot;,&quot;has_archive&quot;:true,&quot;elements&quot;:[{&quot;name&quot;:&quot;Wohnungen \\\/ Apartments&quot;,&quot;link&quot;:&quot;https:\\\/\\\/novagestioinmobiliaria.com\\\/de\\\/immobilientyp\\\/wohnungen-apartments\\\/&quot;,&quot;slug&quot;:&quot;wohnungen-apartments&quot;}],&quot;card&quot;:false,&quot;show&quot;:true,&quot;display_after&quot;:&quot;&quot;,&quot;new_box&quot;:false},{&quot;slug&quot;:&quot;offer-type&quot;,&quot;name&quot;:&quot;Tipo operaci\\u00f3n&quot;,&quot;has_archive&quot;:true,&quot;elements&quot;:[{&quot;name&quot;:&quot;Zu vermieten&quot;,&quot;link&quot;:&quot;https:\\\/\\\/novagestioinmobiliaria.com\\\/de\\\/offer-type\\\/zu-vermieten\\\/&quot;,&quot;slug&quot;:&quot;zu-vermieten&quot;}],&quot;card&quot;:true,&quot;show&quot;:true,&quot;display_after&quot;:&quot;&quot;,&quot;new_box&quot;:false},{&quot;slug&quot;:&quot;city&quot;,&quot;name&quot;:&quot;Zona&quot;,&quot;has_archive&quot;:true,&quot;elements&quot;:[{&quot;name&quot;:&quot;Cala Mendia&quot;,&quot;link&quot;:&quot;https:\\\/\\\/novagestioinmobiliaria.com\\\/de\\\/city\\\/cala-mendia-de\\\/&quot;,&quot;slug&quot;:&quot;cala-mendia-de&quot;}],&quot;card&quot;:false,&quot;show&quot;:true,&quot;display_after&quot;:&quot;&quot;,&quot;new_box&quot;:false},{&quot;slug&quot;:&quot;price&quot;,&quot;name&quot;:&quot;Precio&quot;,&quot;has_archive&quot;:false,&quot;elements&quot;:[{&quot;name&quot;:&quot;850&quot;,&quot;link&quot;:&quot;&quot;,&quot;slug&quot;:&quot;&quot;}],&quot;show&quot;:false,&quot;card&quot;:false,&quot;display_after&quot;:&quot;\\u20ac&quot;,&quot;new_box&quot;:false},{&quot;slug&quot;:&quot;bedrooms&quot;,&quot;name&quot;:&quot;Habitaciones&quot;,&quot;has_archive&quot;:false,&quot;elements&quot;:[{&quot;name&quot;:&quot;1&quot;,&quot;link&quot;:&quot;&quot;,&quot;slug&quot;:&quot;&quot;}],&quot;show&quot;:true,&quot;card&quot;:true,&quot;display_after&quot;:&quot;&quot;,&quot;new_box&quot;:false},{&quot;slug&quot;:&quot;bathrooms&quot;,&quot;name&quot;:&quot;Ba\\u00f1os&quot;,&quot;has_archive&quot;:false,&quot;elements&quot;:[{&quot;name&quot;:&quot;1&quot;,&quot;link&quot;:&quot;&quot;,&quot;slug&quot;:&quot;&quot;}],&quot;show&quot;:true,&quot;card&quot;:true,&quot;display_after&quot;:&quot;&quot;,&quot;new_box&quot;:false},{&quot;slug&quot;:&quot;property-size&quot;,&quot;name&quot;:&quot;M2&quot;,&quot;has_archive&quot;:false,&quot;elements&quot;:[{&quot;name&quot;:&quot;46&quot;,&quot;link&quot;:&quot;&quot;,&quot;slug&quot;:&quot;&quot;}],&quot;show&quot;:true,&quot;card&quot;:true,&quot;display_after&quot;:&quot;m\\u00b2&quot;,&quot;new_box&quot;:false},{&quot;slug&quot;:&quot;features&quot;,&quot;name&quot;:&quot;Caracter\\u00edsticas&quot;,&quot;has_archive&quot;:true,&quot;elements&quot;:[{&quot;name&quot;:&quot;Garage&quot;,&quot;link&quot;:&quot;https:\\\/\\\/novagestioinmobiliaria.com\\\/de\\\/eigenschaften\\\/garage-de\\\/&quot;,&quot;slug&quot;:&quot;garage-de&quot;},{&quot;name&quot;:&quot;Gemeinschaftspool&quot;,&quot;link&quot;:&quot;https:\\\/\\\/novagestioinmobiliaria.com\\\/de\\\/eigenschaften\\\/gemeinschaftspool\\\/&quot;,&quot;slug&quot;:&quot;gemeinschaftspool&quot;},{&quot;name&quot;:&quot;M\\u00f6bliert&quot;,&quot;link&quot;:&quot;https:\\\/\\\/novagestioinmobiliaria.com\\\/de\\\/eigenschaften\\\/moebliert\\\/&quot;,&quot;slug&quot;:&quot;moebliert&quot;},{&quot;name&quot;:&quot;Strand in der N\\u00e4he&quot;,&quot;link&quot;:&quot;https:\\\/\\\/novagestioinmobiliaria.com\\\/de\\\/eigenschaften\\\/strand-in-der-nahe-de\\\/&quot;,&quot;slug&quot;:&quot;strand-in-der-nahe-de&quot;}],&quot;card&quot;:false,&quot;show&quot;:true,&quot;display_after&quot;:&quot;&quot;,&quot;new_box&quot;:true}],&quot;views&quot;:8,&quot;days_ago&quot;:&quot;3\\u00a0Wochen.&quot;,&quot;image_id&quot;:88868,&quot;image_url&quot;:&quot;https:\\\/\\\/novagestioinmobiliaria.com\\\/wp-content\\\/uploads\\\/2026\\\/04\\\/Apartamento-en-alquiler-en-Cala-Mendia-ref-1327-4.jpg&quot;,&quot;tags&quot;:[{&quot;name&quot;:&quot;Caracter\\u00edsticas&quot;,&quot;elements&quot;:[{&quot;name&quot;:&quot;Garage&quot;,&quot;link&quot;:&quot;https:\\\/\\\/novagestioinmobiliaria.com\\\/de\\\/eigenschaften\\\/garage-de\\\/&quot;},{&quot;name&quot;:&quot;Gemeinschaftspool&quot;,&quot;link&quot;:&quot;https:\\\/\\\/novagestioinmobiliaria.com\\\/de\\\/eigenschaften\\\/gemeinschaftspool\\\/&quot;},{&quot;name&quot;:&quot;M\\u00f6bliert&quot;,&quot;link&quot;:&quot;https:\\\/\\\/novagestioinmobiliaria.com\\\/de\\\/eigenschaften\\\/moebliert\\\/&quot;},{&quot;name&quot;:&quot;Strand in der N\\u00e4he&quot;,&quot;link&quot;:&quot;https:\\\/\\\/novagestioinmobiliaria.com\\\/de\\\/eigenschaften\\\/strand-in-der-nahe-de\\\/&quot;}],&quot;has_archive&quot;:true}],&quot;status&quot;:&quot;publish&quot;,&quot;plans&quot;:[],&quot;video_plan&quot;:{&quot;src&quot;:&quot;&quot;,&quot;video&quot;:&quot;&quot;},&quot;virtual_tour&quot;:null,&quot;state&quot;:&quot;&quot;,&quot;labels&quot;:[],&quot;image&quot;:&quot;https:\\\/\\\/novagestioinmobiliaria.com\\\/wp-content\\\/uploads\\\/2026\\\/04\\\/Apartamento-en-alquiler-en-Cala-Mendia-ref-1327-4-400x250.jpg&quot;,&quot;image_srcset&quot;:&quot;https:\\\/\\\/novagestioinmobiliaria.com\\\/wp-content\\\/uploads\\\/2026\\\/04\\\/Apartamento-en-alquiler-en-Cala-Mendia-ref-1327-4-200x125.jpg 200w, https:\\\/\\\/novagestioinmobiliaria.com\\\/wp-content\\\/uploads\\\/2026\\\/04\\\/Apartamento-en-alquiler-en-Cala-Mendia-ref-1327-4-800x500.jpg 800w, https:\\\/\\\/novagestioinmobiliaria.com\\\/wp-content\\\/uploads\\\/2026\\\/04\\\/Apartamento-en-alquiler-en-Cala-Mendia-ref-1327-4-600x375.jpg 600w, https:\\\/\\\/novagestioinmobiliaria.com\\\/wp-content\\\/uploads\\\/2026\\\/04\\\/Apartamento-en-alquiler-en-Cala-Mendia-ref-1327-4-400x250.jpg 400w&quot;},{&quot;short_excerpt_limit&quot;:125,&quot;long_excerpt_limit&quot;:160,&quot;id&quot;:88855,&quot;agent_id&quot;:&quot;26&quot;,&quot;title&quot;:&quot;Reihenhaus auf rustikalem Anwesen zu vermieten Manacor \\u2013 Porto Cristo Stra\\u00dfe : : FR650PC-ADE&quot;,&quot;content&quot;:&quot;Sch\\u00f6nes Reihenhaus in einem wundervollen rustikalen Anwesen zwischen Manacor und Porto Cristo gelegen. Es handelt sich um eine Gemeinschaft von insgesamt f\\u00fcnf unabh\\u00e4ngigen H\\u00e4usern, rustikale Reihenh\\u00e4user, die den gro\\u00dfen Garten mit Pool, Grillplatz und Spielplatz teilen. Jedes Haus verf\\u00fcgt \\u00fcber eine eigene Terrasse und einen unabh\\u00e4ngigen Eingang. Sie befinden sich auf einem Grundst\\u00fcck von etwa 25.000 m\\u00b2, in einer ruhigen Umgebung, umgeben von Feldern und H\\u00fcgeln, die zu ausgedehnten Spazierg\\u00e4ngen einladen. Etwa 5 km von der Rafa Nadal Academy und den St\\u00e4dten Porto Cristo und Manacor entfernt. Die wundersch\\u00f6nen Str\\u00e4nde der Ostk\\u00fcste von Mallorca, wie Cala Varques, Cala Anguila, Cala Mendia und Porto Cristo.\\r\\nDieses Haus besteht aus 120 m\\u00b2, aufgeteilt in ein ger\\u00e4umiges Wohn- \\\/ Esszimmer, eine K\\u00fcche mit Essbereich, ein Waschk\\u00fcche, zwei Doppelzimmer, zwei B\\u00e4der (beide en suite) und eine G\\u00e4stetoilette. Es ist voll m\\u00f6bliert und ausgestattet (Geschirr, Handt\\u00fccher, Bettw\\u00e4sche, Fernseher, Geschirrsp\\u00fcler, Waschmaschine, etc.) und verf\\u00fcgt \\u00fcber Klimaanlage und Dieselheizung. Das gesamte Haus ist sehr hell.\\r\\nMIETBEDINGUNGEN:\\r\\n- ALLE KOSTEN SIND INBEGRIFFEN (Strom, Wasser, WLAN und Wartung des gemeinsamen Gartens und Pools), AUSSER Diesel f\\u00fcr die Heizung und optionale Reinigung.\\r\\n- Langzeitmiete: Einkommensgarantien erforderlich;\\r\\n- 2 Monate als Kaution.\\r\\n- Andere zu konsultierende Kosten\\r\\n- Haustiere sind nicht erlaubt.\\r\\n\\r\\nNova Gestio, Immobilienagentur in Porto Cristo&quot;,&quot;excerpt&quot;:&quot;Sch\\u00f6nes Reihenhaus in einem wundervollen rustikalen Anwesen zwischen Manacor und Porto Cristo gelegen. Es handelt sich um eine Gemeinschaft von insgesamt f\\u00fcnf unabh\\u00e4ngigen H\\u00e4usern, rustikale Reihenh\\u00e4user, die den gro\\u00dfen Garten mit Pool, Grillplatz und Spielplatz teilen. Jedes Haus verf\\u00fcgt \\u00fcber eine eigene Terrasse und einen unabh\\u00e4ngigen Eingang. Sie befinden sich auf einem Grundst\\u00fcck von etwa [\\u2026]&quot;,&quot;short_excerpt&quot;:&quot;Sch\\u00f6nes Reihenhaus in einem wundervollen rustikalen Anwesen zwischen Manacor und Porto Cristo gelegen. Es handelt sich um ...&quot;,&quot;long_excerpt&quot;:&quot;Sch\\u00f6nes Reihenhaus in einem wundervollen rustikalen Anwesen zwischen Manacor und Porto Cristo gelegen. Es handelt sich um eine Gemeinschaft von insgesamt f\\u00fcn...&quot;,&quot;link&quot;:&quot;https:\\\/\\\/novagestioinmobiliaria.com\\\/de\\\/propiedades-properties-immobilien\\\/reihenhaus-auf-rustikalem-anwesen-zu-vermieten-manacor-porto-cristo-strasse-fr650pc-ade\\\/&quot;,&quot;offer_type&quot;:&quot;Zu vermieten&quot;,&quot;price&quot;:&quot;1.800 \\u20ac&quot;,&quot;location&quot;:&quot;M&quot;,&quot;is_featured&quot;:false,&quot;gallery&quot;:[{&quot;id&quot;:28411,&quot;url&quot;:&quot;https:\\\/\\\/novagestioinmobiliaria.com\\\/wp-content\\\/uploads\\\/2020\\\/02\\\/Adosado-alquiler-Porto-Cristo-ref-650-12.jpg&quot;,&quot;alt&quot;:&quot;&quot;},{&quot;id&quot;:28408,&quot;url&quot;:&quot;https:\\\/\\\/novagestioinmobiliaria.com\\\/wp-content\\\/uploads\\\/2020\\\/02\\\/Adosado-alquiler-Porto-Cristo-ref-650-11.jpg&quot;,&quot;alt&quot;:&quot;&quot;},{&quot;id&quot;:28405,&quot;url&quot;:&quot;https:\\\/\\\/novagestioinmobiliaria.com\\\/wp-content\\\/uploads\\\/2020\\\/02\\\/Adosado-alquiler-Porto-Cristo-ref-650-10.jpg&quot;,&quot;alt&quot;:&quot;&quot;},{&quot;id&quot;:28402,&quot;url&quot;:&quot;https:\\\/\\\/novagestioinmobiliaria.com\\\/wp-content\\\/uploads\\\/2020\\\/02\\\/Adosado-alquiler-Porto-Cristo-ref-650-9.jpg&quot;,&quot;alt&quot;:&quot;&quot;},{&quot;id&quot;:28399,&quot;url&quot;:&quot;https:\\\/\\\/novagestioinmobiliaria.com\\\/wp-content\\\/uploads\\\/2020\\\/02\\\/Adosado-alquiler-Porto-Cristo-ref-650-8.jpg&quot;,&quot;alt&quot;:&quot;&quot;},{&quot;id&quot;:28396,&quot;url&quot;:&quot;https:\\\/\\\/novagestioinmobiliaria.com\\\/wp-content\\\/uploads\\\/2020\\\/02\\\/Adosado-alquiler-Porto-Cristo-ref-650-7.jpg&quot;,&quot;alt&quot;:&quot;&quot;},{&quot;id&quot;:28393,&quot;url&quot;:&quot;https:\\\/\\\/novagestioinmobiliaria.com\\\/wp-content\\\/uploads\\\/2020\\\/02\\\/Adosado-alquiler-Porto-Cristo-ref-650-6.jpg&quot;,&quot;alt&quot;:&quot;&quot;},{&quot;id&quot;:28390,&quot;url&quot;:&quot;https:\\\/\\\/novagestioinmobiliaria.com\\\/wp-content\\\/uploads\\\/2020\\\/02\\\/Adosado-alquiler-Porto-Cristo-ref-650-5.jpg&quot;,&quot;alt&quot;:&quot;&quot;},{&quot;id&quot;:28387,&quot;url&quot;:&quot;https:\\\/\\\/novagestioinmobiliaria.com\\\/wp-content\\\/uploads\\\/2020\\\/02\\\/Adosado-alquiler-Porto-Cristo-ref-650-4.jpg&quot;,&quot;alt&quot;:&quot;&quot;},{&quot;id&quot;:28384,&quot;url&quot;:&quot;https:\\\/\\\/novagestioinmobiliaria.com\\\/wp-content\\\/uploads\\\/2020\\\/02\\\/Adosado-alquiler-Porto-Cristo-ref-650-3.jpg&quot;,&quot;alt&quot;:&quot;&quot;},{&quot;id&quot;:28381,&quot;url&quot;:&quot;https:\\\/\\\/novagestioinmobiliaria.com\\\/wp-content\\\/uploads\\\/2020\\\/02\\\/Adosado-alquiler-Porto-Cristo-ref-650-2.jpg&quot;,&quot;alt&quot;:&quot;&quot;},{&quot;id&quot;:28378,&quot;url&quot;:&quot;https:\\\/\\\/novagestioinmobiliaria.com\\\/wp-content\\\/uploads\\\/2020\\\/02\\\/Adosado-alquiler-Porto-Cristo-ref-650-1.jpg&quot;,&quot;alt&quot;:&quot;&quot;},{&quot;id&quot;:35039,&quot;url&quot;:&quot;https:\\\/\\\/novagestioinmobiliaria.com\\\/wp-content\\\/uploads\\\/2018\\\/04\\\/IMG_9650.jpg&quot;,&quot;alt&quot;:&quot;&quot;},{&quot;id&quot;:15612,&quot;url&quot;:&quot;https:\\\/\\\/novagestioinmobiliaria.com\\\/wp-content\\\/uploads\\\/2018\\\/12\\\/Estudio-alquiler-Porto-Cristo-ref-646-13.jpeg&quot;,&quot;alt&quot;:&quot;&quot;},{&quot;id&quot;:15609,&quot;url&quot;:&quot;https:\\\/\\\/novagestioinmobiliaria.com\\\/wp-content\\\/uploads\\\/2018\\\/12\\\/Estudio-alquiler-Porto-Cristo-ref-646-12.jpeg&quot;,&quot;alt&quot;:&quot;&quot;},{&quot;id&quot;:15600,&quot;url&quot;:&quot;https:\\\/\\\/novagestioinmobiliaria.com\\\/wp-content\\\/uploads\\\/2018\\\/12\\\/Estudio-alquiler-Porto-Cristo-ref-646-9.jpeg&quot;,&quot;alt&quot;:&quot;&quot;},{&quot;id&quot;:15606,&quot;url&quot;:&quot;https:\\\/\\\/novagestioinmobiliaria.com\\\/wp-content\\\/uploads\\\/2018\\\/12\\\/Estudio-alquiler-Porto-Cristo-ref-646-11.jpeg&quot;,&quot;alt&quot;:&quot;&quot;},{&quot;id&quot;:15603,&quot;url&quot;:&quot;https:\\\/\\\/novagestioinmobiliaria.com\\\/wp-content\\\/uploads\\\/2018\\\/12\\\/Estudio-alquiler-Porto-Cristo-ref-646-10.jpeg&quot;,&quot;alt&quot;:&quot;&quot;},{&quot;id&quot;:15597,&quot;url&quot;:&quot;https:\\\/\\\/novagestioinmobiliaria.com\\\/wp-content\\\/uploads\\\/2018\\\/12\\\/Estudio-alquiler-Porto-Cristo-ref-646-8.jpeg&quot;,&quot;alt&quot;:&quot;&quot;}],&quot;attributes&quot;:[{&quot;slug&quot;:&quot;property-type&quot;,&quot;name&quot;:&quot;Tipo propiedad&quot;,&quot;has_archive&quot;:true,&quot;elements&quot;:[{&quot;name&quot;:&quot;Stadth\\u00e4user \\\/ Ebenerdige Wohnungen&quot;,&quot;link&quot;:&quot;https:\\\/\\\/novagestioinmobiliaria.com\\\/de\\\/immobilientyp\\\/stadthaeuser-ebenerdige-wohnungen\\\/&quot;,&quot;slug&quot;:&quot;stadthaeuser-ebenerdige-wohnungen&quot;}],&quot;card&quot;:false,&quot;show&quot;:true,&quot;display_after&quot;:&quot;&quot;,&quot;new_box&quot;:false},{&quot;slug&quot;:&quot;offer-type&quot;,&quot;name&quot;:&quot;Tipo operaci\\u00f3n&quot;,&quot;has_archive&quot;:true,&quot;elements&quot;:[{&quot;name&quot;:&quot;Zu vermieten&quot;,&quot;link&quot;:&quot;https:\\\/\\\/novagestioinmobiliaria.com\\\/de\\\/offer-type\\\/zu-vermieten\\\/&quot;,&quot;slug&quot;:&quot;zu-vermieten&quot;}],&quot;card&quot;:true,&quot;show&quot;:true,&quot;display_after&quot;:&quot;&quot;,&quot;new_box&quot;:false},{&quot;slug&quot;:&quot;city&quot;,&quot;name&quot;:&quot;Zona&quot;,&quot;has_archive&quot;:true,&quot;elements&quot;:[{&quot;name&quot;:&quot;Manacor&quot;,&quot;link&quot;:&quot;https:\\\/\\\/novagestioinmobiliaria.com\\\/de\\\/city\\\/manacor-de\\\/&quot;,&quot;slug&quot;:&quot;manacor-de&quot;}],&quot;card&quot;:false,&quot;show&quot;:true,&quot;display_after&quot;:&quot;&quot;,&quot;new_box&quot;:false},{&quot;slug&quot;:&quot;price&quot;,&quot;name&quot;:&quot;Precio&quot;,&quot;has_archive&quot;:false,&quot;elements&quot;:[{&quot;name&quot;:&quot;1800&quot;,&quot;link&quot;:&quot;&quot;,&quot;slug&quot;:&quot;&quot;}],&quot;show&quot;:false,&quot;card&quot;:false,&quot;display_after&quot;:&quot;\\u20ac&quot;,&quot;new_box&quot;:false},{&quot;slug&quot;:&quot;bedrooms&quot;,&quot;name&quot;:&quot;Habitaciones&quot;,&quot;has_archive&quot;:false,&quot;elements&quot;:[{&quot;name&quot;:&quot;2&quot;,&quot;link&quot;:&quot;&quot;,&quot;slug&quot;:&quot;&quot;}],&quot;show&quot;:true,&quot;card&quot;:true,&quot;display_after&quot;:&quot;&quot;,&quot;new_box&quot;:false},{&quot;slug&quot;:&quot;bathrooms&quot;,&quot;name&quot;:&quot;Ba\\u00f1os&quot;,&quot;has_archive&quot;:false,&quot;elements&quot;:[{&quot;name&quot;:&quot;2&quot;,&quot;link&quot;:&quot;&quot;,&quot;slug&quot;:&quot;&quot;}],&quot;show&quot;:true,&quot;card&quot;:true,&quot;display_after&quot;:&quot;&quot;,&quot;new_box&quot;:false},{&quot;slug&quot;:&quot;property-size&quot;,&quot;name&quot;:&quot;M2&quot;,&quot;has_archive&quot;:false,&quot;elements&quot;:[{&quot;name&quot;:&quot;120&quot;,&quot;link&quot;:&quot;&quot;,&quot;slug&quot;:&quot;&quot;}],&quot;show&quot;:true,&quot;card&quot;:true,&quot;display_after&quot;:&quot;m\\u00b2&quot;,&quot;new_box&quot;:false},{&quot;slug&quot;:&quot;lot-size&quot;,&quot;name&quot;:&quot;Terreno \\\/ Solar&quot;,&quot;has_archive&quot;:false,&quot;elements&quot;:[{&quot;name&quot;:&quot;25000&quot;,&quot;link&quot;:&quot;&quot;,&quot;slug&quot;:&quot;&quot;}],&quot;show&quot;:true,&quot;card&quot;:false,&quot;display_after&quot;:&quot;m\\u00b2&quot;,&quot;new_box&quot;:false},{&quot;slug&quot;:&quot;features&quot;,&quot;name&quot;:&quot;Caracter\\u00edsticas&quot;,&quot;has_archive&quot;:true,&quot;elements&quot;:[{&quot;name&quot;:&quot;2 Doppelzimmer&quot;,&quot;link&quot;:&quot;https:\\\/\\\/novagestioinmobiliaria.com\\\/de\\\/eigenschaften\\\/2-doppelzimmer\\\/&quot;,&quot;slug&quot;:&quot;2-doppelzimmer&quot;},{&quot;name&quot;:&quot;Einbauk\\u00fcche&quot;,&quot;link&quot;:&quot;https:\\\/\\\/novagestioinmobiliaria.com\\\/de\\\/eigenschaften\\\/einbaukueche\\\/&quot;,&quot;slug&quot;:&quot;einbaukueche&quot;},{&quot;name&quot;:&quot;Garten&quot;,&quot;link&quot;:&quot;https:\\\/\\\/novagestioinmobiliaria.com\\\/de\\\/eigenschaften\\\/garten\\\/&quot;,&quot;slug&quot;:&quot;garten&quot;},{&quot;name&quot;:&quot;Gemeinschaftspool&quot;,&quot;link&quot;:&quot;https:\\\/\\\/novagestioinmobiliaria.com\\\/de\\\/eigenschaften\\\/gemeinschaftspool\\\/&quot;,&quot;slug&quot;:&quot;gemeinschaftspool&quot;},{&quot;name&quot;:&quot;Haustiere NICHT erlaubt&quot;,&quot;link&quot;:&quot;https:\\\/\\\/novagestioinmobiliaria.com\\\/de\\\/eigenschaften\\\/haustiere-nicht-erlaubt\\\/&quot;,&quot;slug&quot;:&quot;haustiere-nicht-erlaubt&quot;},{&quot;name&quot;:&quot;M\\u00f6bliert&quot;,&quot;link&quot;:&quot;https:\\\/\\\/novagestioinmobiliaria.com\\\/de\\\/eigenschaften\\\/moebliert\\\/&quot;,&quot;slug&quot;:&quot;moebliert&quot;},{&quot;name&quot;:&quot;Obergeschoss&quot;,&quot;link&quot;:&quot;https:\\\/\\\/novagestioinmobiliaria.com\\\/de\\\/eigenschaften\\\/obergeschoss\\\/&quot;,&quot;slug&quot;:&quot;obergeschoss&quot;},{&quot;name&quot;:&quot;Ruhige Lage&quot;,&quot;link&quot;:&quot;https:\\\/\\\/novagestioinmobiliaria.com\\\/de\\\/eigenschaften\\\/ruhige-lage\\\/&quot;,&quot;slug&quot;:&quot;ruhige-lage&quot;},{&quot;name&quot;:&quot;Strand in der N\\u00e4he&quot;,&quot;link&quot;:&quot;https:\\\/\\\/novagestioinmobiliaria.com\\\/de\\\/eigenschaften\\\/strand-in-der-nahe-de\\\/&quot;,&quot;slug&quot;:&quot;strand-in-der-nahe-de&quot;},{&quot;name&quot;:&quot;Terrasse&quot;,&quot;link&quot;:&quot;https:\\\/\\\/novagestioinmobiliaria.com\\\/de\\\/eigenschaften\\\/terrasse\\\/&quot;,&quot;slug&quot;:&quot;terrasse&quot;}],&quot;card&quot;:false,&quot;show&quot;:true,&quot;display_after&quot;:&quot;&quot;,&quot;new_box&quot;:true}],&quot;views&quot;:9,&quot;days_ago&quot;:&quot;3\\u00a0Wochen.&quot;,&quot;image_id&quot;:28405,&quot;image_url&quot;:&quot;https:\\\/\\\/novagestioinmobiliaria.com\\\/wp-content\\\/uploads\\\/2020\\\/02\\\/Adosado-alquiler-Porto-Cristo-ref-650-10.jpg&quot;,&quot;tags&quot;:[{&quot;name&quot;:&quot;Caracter\\u00edsticas&quot;,&quot;elements&quot;:[{&quot;name&quot;:&quot;2 Doppelzimmer&quot;,&quot;link&quot;:&quot;https:\\\/\\\/novagestioinmobiliaria.com\\\/de\\\/eigenschaften\\\/2-doppelzimmer\\\/&quot;},{&quot;name&quot;:&quot;Einbauk\\u00fcche&quot;,&quot;link&quot;:&quot;https:\\\/\\\/novagestioinmobiliaria.com\\\/de\\\/eigenschaften\\\/einbaukueche\\\/&quot;},{&quot;name&quot;:&quot;Garten&quot;,&quot;link&quot;:&quot;https:\\\/\\\/novagestioinmobiliaria.com\\\/de\\\/eigenschaften\\\/garten\\\/&quot;},{&quot;name&quot;:&quot;Gemeinschaftspool&quot;,&quot;link&quot;:&quot;https:\\\/\\\/novagestioinmobiliaria.com\\\/de\\\/eigenschaften\\\/gemeinschaftspool\\\/&quot;},{&quot;name&quot;:&quot;Haustiere NICHT erlaubt&quot;,&quot;link&quot;:&quot;https:\\\/\\\/novagestioinmobiliaria.com\\\/de\\\/eigenschaften\\\/haustiere-nicht-erlaubt\\\/&quot;},{&quot;name&quot;:&quot;M\\u00f6bliert&quot;,&quot;link&quot;:&quot;https:\\\/\\\/novagestioinmobiliaria.com\\\/de\\\/eigenschaften\\\/moebliert\\\/&quot;},{&quot;name&quot;:&quot;Obergeschoss&quot;,&quot;link&quot;:&quot;https:\\\/\\\/novagestioinmobiliaria.com\\\/de\\\/eigenschaften\\\/obergeschoss\\\/&quot;},{&quot;name&quot;:&quot;Ruhige Lage&quot;,&quot;link&quot;:&quot;https:\\\/\\\/novagestioinmobiliaria.com\\\/de\\\/eigenschaften\\\/ruhige-lage\\\/&quot;},{&quot;name&quot;:&quot;Strand in der N\\u00e4he&quot;,&quot;link&quot;:&quot;https:\\\/\\\/novagestioinmobiliaria.com\\\/de\\\/eigenschaften\\\/strand-in-der-nahe-de\\\/&quot;},{&quot;name&quot;:&quot;Terrasse&quot;,&quot;link&quot;:&quot;https:\\\/\\\/novagestioinmobiliaria.com\\\/de\\\/eigenschaften\\\/terrasse\\\/&quot;}],&quot;has_archive&quot;:true}],&quot;status&quot;:&quot;publish&quot;,&quot;plans&quot;:[],&quot;video_plan&quot;:{&quot;src&quot;:&quot;&quot;,&quot;video&quot;:&quot;&quot;},&quot;virtual_tour&quot;:null,&quot;state&quot;:&quot;&quot;,&quot;labels&quot;:[],&quot;image&quot;:&quot;https:\\\/\\\/novagestioinmobiliaria.com\\\/wp-content\\\/uploads\\\/2020\\\/02\\\/Adosado-alquiler-Porto-Cristo-ref-650-10-400x250.jpg&quot;,&quot;image_srcset&quot;:&quot;https:\\\/\\\/novagestioinmobiliaria.com\\\/wp-content\\\/uploads\\\/2020\\\/02\\\/Adosado-alquiler-Porto-Cristo-ref-650-10-200x125.jpg 200w, https:\\\/\\\/novagestioinmobiliaria.com\\\/wp-content\\\/uploads\\\/2020\\\/02\\\/Adosado-alquiler-Porto-Cristo-ref-650-10-1200x750.jpg 1200w, https:\\\/\\\/novagestioinmobiliaria.com\\\/wp-content\\\/uploads\\\/2020\\\/02\\\/Adosado-alquiler-Porto-Cristo-ref-650-10-800x500.jpg 800w, https:\\\/\\\/novagestioinmobiliaria.com\\\/wp-content\\\/uploads\\\/2020\\\/02\\\/Adosado-alquiler-Porto-Cristo-ref-650-10-600x375.jpg 600w, https:\\\/\\\/novagestioinmobiliaria.com\\\/wp-content\\\/uploads\\\/2020\\\/02\\\/Adosado-alquiler-Porto-Cristo-ref-650-10-400x250.jpg 400w&quot;},{&quot;short_excerpt_limit&quot;:125,&quot;long_excerpt_limit&quot;:160,&quot;id&quot;:88852,&quot;agent_id&quot;:&quot;26&quot;,&quot;title&quot;:&quot;Duplex in 1. Meereslinie zur Miete in Cala Mend\\u00eda : : CH1882CMA-ADE&quot;,&quot;content&quot;:&quot;Wundervolles Duplex mit atemberaubendem Blick auf das Meer und privatem Pool, nur wenige Meter vom Strand Cala Mend\\u00eda entfernt.\\r\\nDieses 145 m\\u00b2 Stadthaus erstreckt sich \\u00fcber zwei Etagen. Im oberen Stockwerk befindet sich das Wohn-Esszimmer mit Zugang zu einer gro\\u00dfen Terrasse mit Meerblick, die separate K\\u00fcche und eine Toilette. Das untere Stockwerk verf\\u00fcgt \\u00fcber drei Schlafzimmer und zwei Badezimmer, eines davon en suite. Das Anwesen ist sehr hell, verf\\u00fcgt \\u00fcber Klimaanlage und \\u00d6lheizung und wird m\\u00f6bliert mit modernen M\\u00f6beln vermietet. Die Terrasse im unteren Stockwerk l\\u00e4dt zum Genie\\u00dfen von langen Sonnenstunden und erfrischenden Schwimmb\\u00e4dern im fantastischen Pool ein.\\r\\nCala Mendia ist ein ruhiges Wohndorf, dessen kleine Bucht besonders malerisch ist. Andere paradiesische Str\\u00e4nde wie Cala Anguila, Cala Varques oder Cala Rom\\u00e1ntica liegen in der N\\u00e4he. Die Stadt Porto Cristo mit ihren ber\\u00fchmten Drachenh\\u00f6hlen und dem lebhaften Hafenviertel mit zahlreichen Restaurants ist etwa 3,5 km entfernt, w\\u00e4hrend die Stadt Manacor in etwa 15 Minuten erreichbar ist, wo Sie unter anderem ein Kino und die Akademie des ber\\u00fchmten Tennisspielers Rafa Nadal finden k\\u00f6nnen.\\r\\nVerpassen Sie nicht die Gelegenheit, in diesem au\\u00dfergew\\u00f6hnlichen Winkel Mallorcas in dieser sch\\u00f6nen Immobilie zu leben.\\r\\nMIETBEDINGUNGEN:\\r\\n- Langzeitvertrag\\r\\n- Nachweis wirtschaftlicher Solvenz und Zahlungsf\\u00e4higkeit erforderlich\\r\\n- Nebenkosten wie Wasser, Strom, Pool- und Gartenpflege, Gemeinschaftskosten und M\\u00fcllabfuhrsteuer sind nicht im Preis inbegriffen\\r\\n- 2 Monatsmieten Kaution\\r\\n- Weitere Ausgaben mit der Agentur abzustimmen.\\r\\n\\r\\nNova Gesti\\u00f3, Immobilienagentur in Cala Mend\\u00eda&quot;,&quot;excerpt&quot;:&quot;Wundervolles Duplex mit atemberaubendem Blick auf das Meer und privatem Pool, nur wenige Meter vom Strand Cala Mend\\u00eda entfernt. Dieses 145 m\\u00b2 Stadthaus erstreckt sich \\u00fcber zwei Etagen. Im oberen Stockwerk befindet sich das Wohn-Esszimmer mit Zugang zu einer gro\\u00dfen Terrasse mit Meerblick, die separate K\\u00fcche und eine Toilette. Das untere Stockwerk verf\\u00fcgt \\u00fcber drei [\\u2026]&quot;,&quot;short_excerpt&quot;:&quot;Wundervolles Duplex mit atemberaubendem Blick auf das Meer und privatem Pool, nur wenige Meter vom Strand Cala Mend\\u00eda entf...&quot;,&quot;long_excerpt&quot;:&quot;Wundervolles Duplex mit atemberaubendem Blick auf das Meer und privatem Pool, nur wenige Meter vom Strand Cala Mend\\u00eda entfernt.\\r\\nDieses 145 m\\u00b2 Stadthaus erst...&quot;,&quot;link&quot;:&quot;https:\\\/\\\/novagestioinmobiliaria.com\\\/de\\\/propiedades-properties-immobilien\\\/duplex-in-1-meereslinie-zur-miete-in-cala-mendia-ch1882cma-ade\\\/&quot;,&quot;offer_type&quot;:&quot;Zu vermieten&quot;,&quot;price&quot;:&quot;2.750 \\u20ac&quot;,&quot;location&quot;:&quot;C&quot;,&quot;is_featured&quot;:true,&quot;gallery&quot;:[{&quot;id&quot;:88850,&quot;url&quot;:&quot;https:\\\/\\\/novagestioinmobiliaria.com\\\/wp-content\\\/uploads\\\/2026\\\/04\\\/Chale-Adosado-Cala-Mendia-ref-1882-20.jpg&quot;,&quot;alt&quot;:&quot;&quot;},{&quot;id&quot;:88847,&quot;url&quot;:&quot;https:\\\/\\\/novagestioinmobiliaria.com\\\/wp-content\\\/uploads\\\/2026\\\/04\\\/Chale-Adosado-Cala-Mendia-ref-1882-19.jpg&quot;,&quot;alt&quot;:&quot;&quot;},{&quot;id&quot;:88844,&quot;url&quot;:&quot;https:\\\/\\\/novagestioinmobiliaria.com\\\/wp-content\\\/uploads\\\/2026\\\/04\\\/Chale-Adosado-Cala-Mendia-ref-1882-18.jpg&quot;,&quot;alt&quot;:&quot;&quot;},{&quot;id&quot;:88841,&quot;url&quot;:&quot;https:\\\/\\\/novagestioinmobiliaria.com\\\/wp-content\\\/uploads\\\/2026\\\/04\\\/Chale-Adosado-Cala-Mendia-ref-1882-17.jpg&quot;,&quot;alt&quot;:&quot;&quot;},{&quot;id&quot;:88838,&quot;url&quot;:&quot;https:\\\/\\\/novagestioinmobiliaria.com\\\/wp-content\\\/uploads\\\/2026\\\/04\\\/Chale-Adosado-Cala-Mendia-ref-1882-16.jpg&quot;,&quot;alt&quot;:&quot;&quot;},{&quot;id&quot;:88835,&quot;url&quot;:&quot;https:\\\/\\\/novagestioinmobiliaria.com\\\/wp-content\\\/uploads\\\/2026\\\/04\\\/Chale-Adosado-Cala-Mendia-ref-1882-15.jpg&quot;,&quot;alt&quot;:&quot;&quot;},{&quot;id&quot;:88832,&quot;url&quot;:&quot;https:\\\/\\\/novagestioinmobiliaria.com\\\/wp-content\\\/uploads\\\/2026\\\/04\\\/Chale-Adosado-Cala-Mendia-ref-1882-14.jpg&quot;,&quot;alt&quot;:&quot;&quot;},{&quot;id&quot;:88829,&quot;url&quot;:&quot;https:\\\/\\\/novagestioinmobiliaria.com\\\/wp-content\\\/uploads\\\/2026\\\/04\\\/Chale-Adosado-Cala-Mendia-ref-1882-13.jpg&quot;,&quot;alt&quot;:&quot;&quot;},{&quot;id&quot;:88826,&quot;url&quot;:&quot;https:\\\/\\\/novagestioinmobiliaria.com\\\/wp-content\\\/uploads\\\/2026\\\/04\\\/Chale-Adosado-Cala-Mendia-ref-1882-12.jpg&quot;,&quot;alt&quot;:&quot;&quot;},{&quot;id&quot;:88822,&quot;url&quot;:&quot;https:\\\/\\\/novagestioinmobiliaria.com\\\/wp-content\\\/uploads\\\/2026\\\/04\\\/Chale-Adosado-Cala-Mendia-ref-1882-11.jpg&quot;,&quot;alt&quot;:&quot;&quot;},{&quot;id&quot;:88819,&quot;url&quot;:&quot;https:\\\/\\\/novagestioinmobiliaria.com\\\/wp-content\\\/uploads\\\/2026\\\/04\\\/Chale-Adosado-Cala-Mendia-ref-1882-10.jpg&quot;,&quot;alt&quot;:&quot;&quot;},{&quot;id&quot;:88816,&quot;url&quot;:&quot;https:\\\/\\\/novagestioinmobiliaria.com\\\/wp-content\\\/uploads\\\/2026\\\/04\\\/Chale-Adosado-Cala-Mendia-ref-1882-9.jpg&quot;,&quot;alt&quot;:&quot;&quot;},{&quot;id&quot;:88813,&quot;url&quot;:&quot;https:\\\/\\\/novagestioinmobiliaria.com\\\/wp-content\\\/uploads\\\/2026\\\/04\\\/Chale-Adosado-Cala-Mendia-ref-1882-8.jpg&quot;,&quot;alt&quot;:&quot;&quot;},{&quot;id&quot;:88810,&quot;url&quot;:&quot;https:\\\/\\\/novagestioinmobiliaria.com\\\/wp-content\\\/uploads\\\/2026\\\/04\\\/Chale-Adosado-Cala-Mendia-ref-1882-7.jpg&quot;,&quot;alt&quot;:&quot;&quot;},{&quot;id&quot;:88807,&quot;url&quot;:&quot;https:\\\/\\\/novagestioinmobiliaria.com\\\/wp-content\\\/uploads\\\/2026\\\/04\\\/Chale-Adosado-Cala-Mendia-ref-1882-6.jpg&quot;,&quot;alt&quot;:&quot;&quot;},{&quot;id&quot;:88804,&quot;url&quot;:&quot;https:\\\/\\\/novagestioinmobiliaria.com\\\/wp-content\\\/uploads\\\/2026\\\/04\\\/Chale-Adosado-Cala-Mendia-ref-1882-5.jpg&quot;,&quot;alt&quot;:&quot;&quot;},{&quot;id&quot;:88801,&quot;url&quot;:&quot;https:\\\/\\\/novagestioinmobiliaria.com\\\/wp-content\\\/uploads\\\/2026\\\/04\\\/Chale-Adosado-Cala-Mendia-ref-1882-4.jpg&quot;,&quot;alt&quot;:&quot;&quot;},{&quot;id&quot;:88798,&quot;url&quot;:&quot;https:\\\/\\\/novagestioinmobiliaria.com\\\/wp-content\\\/uploads\\\/2026\\\/04\\\/Chale-Adosado-Cala-Mendia-ref-1882-3.jpg&quot;,&quot;alt&quot;:&quot;&quot;},{&quot;id&quot;:88795,&quot;url&quot;:&quot;https:\\\/\\\/novagestioinmobiliaria.com\\\/wp-content\\\/uploads\\\/2026\\\/04\\\/Chale-Adosado-Cala-Mendia-ref-1882-2.jpg&quot;,&quot;alt&quot;:&quot;&quot;},{&quot;id&quot;:88792,&quot;url&quot;:&quot;https:\\\/\\\/novagestioinmobiliaria.com\\\/wp-content\\\/uploads\\\/2026\\\/04\\\/Chale-Adosado-Cala-Mendia-ref-1882-1.jpg&quot;,&quot;alt&quot;:&quot;&quot;}],&quot;attributes&quot;:[{&quot;slug&quot;:&quot;property-type&quot;,&quot;name&quot;:&quot;Tipo propiedad&quot;,&quot;has_archive&quot;:true,&quot;elements&quot;:[{&quot;name&quot;:&quot;Villen \\\/ Chalets&quot;,&quot;link&quot;:&quot;https:\\\/\\\/novagestioinmobiliaria.com\\\/de\\\/immobilientyp\\\/villen-chalets\\\/&quot;,&quot;slug&quot;:&quot;villen-chalets&quot;}],&quot;card&quot;:false,&quot;show&quot;:true,&quot;display_after&quot;:&quot;&quot;,&quot;new_box&quot;:false},{&quot;slug&quot;:&quot;offer-type&quot;,&quot;name&quot;:&quot;Tipo operaci\\u00f3n&quot;,&quot;has_archive&quot;:true,&quot;elements&quot;:[{&quot;name&quot;:&quot;Zu vermieten&quot;,&quot;link&quot;:&quot;https:\\\/\\\/novagestioinmobiliaria.com\\\/de\\\/offer-type\\\/zu-vermieten\\\/&quot;,&quot;slug&quot;:&quot;zu-vermieten&quot;}],&quot;card&quot;:true,&quot;show&quot;:true,&quot;display_after&quot;:&quot;&quot;,&quot;new_box&quot;:false},{&quot;slug&quot;:&quot;city&quot;,&quot;name&quot;:&quot;Zona&quot;,&quot;has_archive&quot;:true,&quot;elements&quot;:[{&quot;name&quot;:&quot;cala-mendia&quot;,&quot;link&quot;:&quot;https:\\\/\\\/novagestioinmobiliaria.com\\\/de\\\/city\\\/cala-mendia\\\/&quot;,&quot;slug&quot;:&quot;cala-mendia&quot;}],&quot;card&quot;:false,&quot;show&quot;:true,&quot;display_after&quot;:&quot;&quot;,&quot;new_box&quot;:false},{&quot;slug&quot;:&quot;price&quot;,&quot;name&quot;:&quot;Precio&quot;,&quot;has_archive&quot;:false,&quot;elements&quot;:[{&quot;name&quot;:&quot;2750&quot;,&quot;link&quot;:&quot;&quot;,&quot;slug&quot;:&quot;&quot;}],&quot;show&quot;:false,&quot;card&quot;:false,&quot;display_after&quot;:&quot;\\u20ac&quot;,&quot;new_box&quot;:false},{&quot;slug&quot;:&quot;bedrooms&quot;,&quot;name&quot;:&quot;Habitaciones&quot;,&quot;has_archive&quot;:false,&quot;elements&quot;:[{&quot;name&quot;:&quot;3&quot;,&quot;link&quot;:&quot;&quot;,&quot;slug&quot;:&quot;&quot;}],&quot;show&quot;:true,&quot;card&quot;:true,&quot;display_after&quot;:&quot;&quot;,&quot;new_box&quot;:false},{&quot;slug&quot;:&quot;bathrooms&quot;,&quot;name&quot;:&quot;Ba\\u00f1os&quot;,&quot;has_archive&quot;:false,&quot;elements&quot;:[{&quot;name&quot;:&quot;2&quot;,&quot;link&quot;:&quot;&quot;,&quot;slug&quot;:&quot;&quot;}],&quot;show&quot;:true,&quot;card&quot;:true,&quot;display_after&quot;:&quot;&quot;,&quot;new_box&quot;:false},{&quot;slug&quot;:&quot;property-size&quot;,&quot;name&quot;:&quot;M2&quot;,&quot;has_archive&quot;:false,&quot;elements&quot;:[{&quot;name&quot;:&quot;145&quot;,&quot;link&quot;:&quot;&quot;,&quot;slug&quot;:&quot;&quot;}],&quot;show&quot;:true,&quot;card&quot;:true,&quot;display_after&quot;:&quot;m\\u00b2&quot;,&quot;new_box&quot;:false},{&quot;slug&quot;:&quot;features&quot;,&quot;name&quot;:&quot;Caracter\\u00edsticas&quot;,&quot;has_archive&quot;:true,&quot;elements&quot;:[{&quot;name&quot;:&quot;3 Schlafzimmer&quot;,&quot;link&quot;:&quot;https:\\\/\\\/novagestioinmobiliaria.com\\\/de\\\/eigenschaften\\\/3-schlafzimmer\\\/&quot;,&quot;slug&quot;:&quot;3-schlafzimmer&quot;},{&quot;name&quot;:&quot;Auto-Stellplatz&quot;,&quot;link&quot;:&quot;https:\\\/\\\/novagestioinmobiliaria.com\\\/de\\\/eigenschaften\\\/auto-stellplatz\\\/&quot;,&quot;slug&quot;:&quot;auto-stellplatz&quot;},{&quot;name&quot;:&quot;Balkon&quot;,&quot;link&quot;:&quot;https:\\\/\\\/novagestioinmobiliaria.com\\\/de\\\/eigenschaften\\\/balkon\\\/&quot;,&quot;slug&quot;:&quot;balkon&quot;},{&quot;name&quot;:&quot;Haustiere erlaubt&quot;,&quot;link&quot;:&quot;https:\\\/\\\/novagestioinmobiliaria.com\\\/de\\\/eigenschaften\\\/haustiere-erlaubt\\\/&quot;,&quot;slug&quot;:&quot;haustiere-erlaubt&quot;},{&quot;name&quot;:&quot;Klimaanlage&quot;,&quot;link&quot;:&quot;https:\\\/\\\/novagestioinmobiliaria.com\\\/de\\\/eigenschaften\\\/klimaanlage\\\/&quot;,&quot;slug&quot;:&quot;klimaanlage&quot;},{&quot;name&quot;:&quot;Langzeitmiete&quot;,&quot;link&quot;:&quot;https:\\\/\\\/novagestioinmobiliaria.com\\\/de\\\/eigenschaften\\\/langzeitmiete\\\/&quot;,&quot;slug&quot;:&quot;langzeitmiete&quot;},{&quot;name&quot;:&quot;Meerblick&quot;,&quot;link&quot;:&quot;https:\\\/\\\/novagestioinmobiliaria.com\\\/de\\\/eigenschaften\\\/meerblick\\\/&quot;,&quot;slug&quot;:&quot;meerblick&quot;},{&quot;name&quot;:&quot;M\\u00f6bliert&quot;,&quot;link&quot;:&quot;https:\\\/\\\/novagestioinmobiliaria.com\\\/de\\\/eigenschaften\\\/moebliert\\\/&quot;,&quot;slug&quot;:&quot;moebliert&quot;},{&quot;name&quot;:&quot;Privatpool&quot;,&quot;link&quot;:&quot;https:\\\/\\\/novagestioinmobiliaria.com\\\/de\\\/eigenschaften\\\/privatpool\\\/&quot;,&quot;slug&quot;:&quot;privatpool&quot;},{&quot;name&quot;:&quot;Ruhige Lage&quot;,&quot;link&quot;:&quot;https:\\\/\\\/novagestioinmobiliaria.com\\\/de\\\/eigenschaften\\\/ruhige-lage\\\/&quot;,&quot;slug&quot;:&quot;ruhige-lage&quot;},{&quot;name&quot;:&quot;Terrasse&quot;,&quot;link&quot;:&quot;https:\\\/\\\/novagestioinmobiliaria.com\\\/de\\\/eigenschaften\\\/terrasse\\\/&quot;,&quot;slug&quot;:&quot;terrasse&quot;}],&quot;card&quot;:false,&quot;show&quot;:true,&quot;display_after&quot;:&quot;&quot;,&quot;new_box&quot;:true}],&quot;views&quot;:8,&quot;days_ago&quot;:&quot;3\\u00a0Wochen.&quot;,&quot;image_id&quot;:88832,&quot;image_url&quot;:&quot;https:\\\/\\\/novagestioinmobiliaria.com\\\/wp-content\\\/uploads\\\/2026\\\/04\\\/Chale-Adosado-Cala-Mendia-ref-1882-14.jpg&quot;,&quot;tags&quot;:[{&quot;name&quot;:&quot;Caracter\\u00edsticas&quot;,&quot;elements&quot;:[{&quot;name&quot;:&quot;3 Schlafzimmer&quot;,&quot;link&quot;:&quot;https:\\\/\\\/novagestioinmobiliaria.com\\\/de\\\/eigenschaften\\\/3-schlafzimmer\\\/&quot;},{&quot;name&quot;:&quot;Auto-Stellplatz&quot;,&quot;link&quot;:&quot;https:\\\/\\\/novagestioinmobiliaria.com\\\/de\\\/eigenschaften\\\/auto-stellplatz\\\/&quot;},{&quot;name&quot;:&quot;Balkon&quot;,&quot;link&quot;:&quot;https:\\\/\\\/novagestioinmobiliaria.com\\\/de\\\/eigenschaften\\\/balkon\\\/&quot;},{&quot;name&quot;:&quot;Haustiere erlaubt&quot;,&quot;link&quot;:&quot;https:\\\/\\\/novagestioinmobiliaria.com\\\/de\\\/eigenschaften\\\/haustiere-erlaubt\\\/&quot;},{&quot;name&quot;:&quot;Klimaanlage&quot;,&quot;link&quot;:&quot;https:\\\/\\\/novagestioinmobiliaria.com\\\/de\\\/eigenschaften\\\/klimaanlage\\\/&quot;},{&quot;name&quot;:&quot;Langzeitmiete&quot;,&quot;link&quot;:&quot;https:\\\/\\\/novagestioinmobiliaria.com\\\/de\\\/eigenschaften\\\/langzeitmiete\\\/&quot;},{&quot;name&quot;:&quot;Meerblick&quot;,&quot;link&quot;:&quot;https:\\\/\\\/novagestioinmobiliaria.com\\\/de\\\/eigenschaften\\\/meerblick\\\/&quot;},{&quot;name&quot;:&quot;M\\u00f6bliert&quot;,&quot;link&quot;:&quot;https:\\\/\\\/novagestioinmobiliaria.com\\\/de\\\/eigenschaften\\\/moebliert\\\/&quot;},{&quot;name&quot;:&quot;Privatpool&quot;,&quot;link&quot;:&quot;https:\\\/\\\/novagestioinmobiliaria.com\\\/de\\\/eigenschaften\\\/privatpool\\\/&quot;},{&quot;name&quot;:&quot;Ruhige Lage&quot;,&quot;link&quot;:&quot;https:\\\/\\\/novagestioinmobiliaria.com\\\/de\\\/eigenschaften\\\/ruhige-lage\\\/&quot;},{&quot;name&quot;:&quot;Terrasse&quot;,&quot;link&quot;:&quot;https:\\\/\\\/novagestioinmobiliaria.com\\\/de\\\/eigenschaften\\\/terrasse\\\/&quot;}],&quot;has_archive&quot;:true}],&quot;status&quot;:&quot;publish&quot;,&quot;plans&quot;:[],&quot;video_plan&quot;:{&quot;src&quot;:&quot;&quot;,&quot;video&quot;:&quot;&quot;},&quot;virtual_tour&quot;:null,&quot;state&quot;:&quot;&quot;,&quot;labels&quot;:[],&quot;image&quot;:&quot;https:\\\/\\\/novagestioinmobiliaria.com\\\/wp-content\\\/uploads\\\/2026\\\/04\\\/Chale-Adosado-Cala-Mendia-ref-1882-14-400x250.jpg&quot;,&quot;image_srcset&quot;:&quot;https:\\\/\\\/novagestioinmobiliaria.com\\\/wp-content\\\/uploads\\\/2026\\\/04\\\/Chale-Adosado-Cala-Mendia-ref-1882-14-200x125.jpg 200w, https:\\\/\\\/novagestioinmobiliaria.com\\\/wp-content\\\/uploads\\\/2026\\\/04\\\/Chale-Adosado-Cala-Mendia-ref-1882-14-1200x750.jpg 1200w, https:\\\/\\\/novagestioinmobiliaria.com\\\/wp-content\\\/uploads\\\/2026\\\/04\\\/Chale-Adosado-Cala-Mendia-ref-1882-14-800x500.jpg 800w, https:\\\/\\\/novagestioinmobiliaria.com\\\/wp-content\\\/uploads\\\/2026\\\/04\\\/Chale-Adosado-Cala-Mendia-ref-1882-14-600x375.jpg 600w, https:\\\/\\\/novagestioinmobiliaria.com\\\/wp-content\\\/uploads\\\/2026\\\/04\\\/Chale-Adosado-Cala-Mendia-ref-1882-14-400x250.jpg 400w&quot;},{&quot;short_excerpt_limit&quot;:125,&quot;long_excerpt_limit&quot;:160,&quot;id&quot;:88644,&quot;agent_id&quot;:&quot;1&quot;,&quot;title&quot;:&quot;Sch\\u00f6nes Reihenhaus zum Verkauf in Cala Rom\\u00e1ntica : : AD1881CR-VDE&quot;,&quot;content&quot;:&quot;Entdecken Sie dieses elegante Reihenhaus zum Verkauf in S&#039;Estany d&#039;en Mas, in der exklusiven Gegend von Cala Rom\\u00e1ntica, einem sehr gefragten privilegierten Standort sowohl f\\u00fcr nationale als auch internationale K\\u00e4ufer, die eine Zweitwohnsitz auf Mallorca suchen. Die Immobilie, mit ca. 100 m\\u00b2 bebauter Fl\\u00e4che, befindet sich in einer gepflegten gehobenen Wohnanlage in einer ruhigen, sicheren und gut erreichbaren Umgebung, nur 400 Meter vom Strand von Cala Rom\\u00e1ntica entfernt, einer der attraktivsten Buchten in der Gegend. Auf zwei Etagen verteilt, bietet das Haus ein funktionales und helles Design. Im Erdgeschoss finden Sie ein ger\\u00e4umiges Wohnzimmer mit offener amerikanischer K\\u00fcche, komplett eingerichtet und ausgestattet, das nat\\u00fcrlich mit dem Au\\u00dfenbereich verbunden ist. Dar\\u00fcber hinaus verf\\u00fcgt es \\u00fcber eine separate Waschk\\u00fcche mit praktischem WC. Vom Wohnzimmer aus gelangen Sie auf eine herrliche Veranda von ca. 25 m\\u00b2, ideal zum Genie\\u00dfen des mediterranen Klimas, mit direktem Zugang zu einem privaten Garten von ca. 42 m\\u00b2, perfekt, um sich zu entspannen oder Familienmomente zu teilen. Im Obergeschoss befinden sich zwei ger\\u00e4umige Doppelzimmer mit Einbauschr\\u00e4nken, wobei das Hauptschlafzimmer mit eigenem Bad hervorsticht. Das Haus verf\\u00fcgt \\u00fcber insgesamt zwei vollst\\u00e4ndige Badezimmer, beide mit Dusche, was Komfort und N\\u00fctzlichkeit bietet. Die Immobilie ist mit einer Klimaanlage ausgestattet, die ganzj\\u00e4hrig f\\u00fcr Komfort sorgt, sowie einem im Preis inbegriffenen Parkplatz im Freien, was zus\\u00e4tzlichen Komfort bietet. Sie wird voll m\\u00f6bliert verkauft, bereit zum Einzug oder zum sofortigen Genuss ab dem ersten Tag. Die Wohnanlage verf\\u00fcgt \\u00fcber einen gepflegten Gemeinschaftsbereich mit Pool und G\\u00e4rten, was sowohl f\\u00fcr den Urlaubsgebrauch als auch f\\u00fcr Investitionen einen Mehrwert bringt. Eine ideale Immobilie als Zweitwohnsitz auf Mallorca, die Lage, Komfort und mediterranen Lebensstil vereint.\\r\\nNova Gestio, Ihre Immobilienagentur in Cala Rom\\u00e1ntica.&quot;,&quot;excerpt&quot;:&quot;Entdecken Sie dieses elegante Reihenhaus zum Verkauf in S\\u2019Estany d\\u2019en Mas, in der exklusiven Gegend von Cala Rom\\u00e1ntica, einem sehr gefragten privilegierten Standort sowohl f\\u00fcr nationale als auch internationale K\\u00e4ufer, die eine Zweitwohnsitz auf Mallorca suchen. Die Immobilie, mit ca. 100 m\\u00b2 bebauter Fl\\u00e4che, befindet sich in einer gepflegten gehobenen Wohnanlage in einer ruhigen, sicheren [\\u2026]&quot;,&quot;short_excerpt&quot;:&quot;Entdecken Sie dieses elegante Reihenhaus zum Verkauf in S&#039;Estany d&#039;en Mas, in der exklusiven Gegend von Cala Rom\\u00e1ntica, ei...&quot;,&quot;long_excerpt&quot;:&quot;Entdecken Sie dieses elegante Reihenhaus zum Verkauf in S&#039;Estany d&#039;en Mas, in der exklusiven Gegend von Cala Rom\\u00e1ntica, einem sehr gefragten privilegierten S...&quot;,&quot;link&quot;:&quot;https:\\\/\\\/novagestioinmobiliaria.com\\\/de\\\/propiedades-properties-immobilien\\\/schoenes-reihenhaus-zum-verkauf-in-cala-romantica-ad1881cr-vde\\\/&quot;,&quot;offer_type&quot;:&quot;Zu verkaufen&quot;,&quot;price&quot;:&quot;435.000 \\u20ac&quot;,&quot;location&quot;:&quot;C&quot;,&quot;is_featured&quot;:true,&quot;gallery&quot;:[{&quot;id&quot;:89304,&quot;url&quot;:&quot;https:\\\/\\\/novagestioinmobiliaria.com\\\/wp-content\\\/uploads\\\/2026\\\/03\\\/Adosado-en-venta-en-Cala-Romantica-ref-1881-27.jpg&quot;,&quot;alt&quot;:&quot;&quot;},{&quot;id&quot;:89301,&quot;url&quot;:&quot;https:\\\/\\\/novagestioinmobiliaria.com\\\/wp-content\\\/uploads\\\/2026\\\/03\\\/Adosado-en-venta-en-Cala-Romantica-ref-1881-21-1.jpg&quot;,&quot;alt&quot;:&quot;&quot;},{&quot;id&quot;:89298,&quot;url&quot;:&quot;https:\\\/\\\/novagestioinmobiliaria.com\\\/wp-content\\\/uploads\\\/2026\\\/03\\\/Adosado-en-venta-en-Cala-Romantica-ref-1881-20-1.jpg&quot;,&quot;alt&quot;:&quot;&quot;},{&quot;id&quot;:89295,&quot;url&quot;:&quot;https:\\\/\\\/novagestioinmobiliaria.com\\\/wp-content\\\/uploads\\\/2026\\\/03\\\/Adosado-en-venta-en-Cala-Romantica-ref-1881-19-1.jpg&quot;,&quot;alt&quot;:&quot;&quot;},{&quot;id&quot;:89292,&quot;url&quot;:&quot;https:\\\/\\\/novagestioinmobiliaria.com\\\/wp-content\\\/uploads\\\/2026\\\/03\\\/Adosado-en-venta-en-Cala-Romantica-ref-1881-22-1.jpg&quot;,&quot;alt&quot;:&quot;&quot;},{&quot;id&quot;:89289,&quot;url&quot;:&quot;https:\\\/\\\/novagestioinmobiliaria.com\\\/wp-content\\\/uploads\\\/2026\\\/03\\\/Adosado-en-venta-en-Cala-Romantica-ref-1881-15-1.jpg&quot;,&quot;alt&quot;:&quot;&quot;},{&quot;id&quot;:89286,&quot;url&quot;:&quot;https:\\\/\\\/novagestioinmobiliaria.com\\\/wp-content\\\/uploads\\\/2026\\\/03\\\/Adosado-en-venta-en-Cala-Romantica-ref-1881-16-1.jpg&quot;,&quot;alt&quot;:&quot;&quot;},{&quot;id&quot;:89283,&quot;url&quot;:&quot;https:\\\/\\\/novagestioinmobiliaria.com\\\/wp-content\\\/uploads\\\/2026\\\/03\\\/Adosado-en-venta-en-Cala-Romantica-ref-1881-9.jpg&quot;,&quot;alt&quot;:&quot;&quot;},{&quot;id&quot;:89280,&quot;url&quot;:&quot;https:\\\/\\\/novagestioinmobiliaria.com\\\/wp-content\\\/uploads\\\/2026\\\/03\\\/Adosado-en-venta-en-Cala-Romantica-ref-1881-7.jpg&quot;,&quot;alt&quot;:&quot;&quot;},{&quot;id&quot;:89277,&quot;url&quot;:&quot;https:\\\/\\\/novagestioinmobiliaria.com\\\/wp-content\\\/uploads\\\/2026\\\/03\\\/Adosado-en-venta-en-Cala-Romantica-ref-1881-6-1.jpg&quot;,&quot;alt&quot;:&quot;&quot;},{&quot;id&quot;:89274,&quot;url&quot;:&quot;https:\\\/\\\/novagestioinmobiliaria.com\\\/wp-content\\\/uploads\\\/2026\\\/03\\\/Adosado-en-venta-en-Cala-Romantica-ref-1881-5-2.jpg&quot;,&quot;alt&quot;:&quot;&quot;},{&quot;id&quot;:89271,&quot;url&quot;:&quot;https:\\\/\\\/novagestioinmobiliaria.com\\\/wp-content\\\/uploads\\\/2026\\\/03\\\/Adosado-en-venta-en-Cala-Romantica-ref-1881-3-1.jpg&quot;,&quot;alt&quot;:&quot;&quot;},{&quot;id&quot;:89268,&quot;url&quot;:&quot;https:\\\/\\\/novagestioinmobiliaria.com\\\/wp-content\\\/uploads\\\/2026\\\/03\\\/Adosado-en-venta-en-Cala-Romantica-ref-1881-2-1.jpg&quot;,&quot;alt&quot;:&quot;&quot;},{&quot;id&quot;:89265,&quot;url&quot;:&quot;https:\\\/\\\/novagestioinmobiliaria.com\\\/wp-content\\\/uploads\\\/2026\\\/03\\\/Adosado-en-venta-en-Cala-Romantica-ref-1881-1-1.jpg&quot;,&quot;alt&quot;:&quot;&quot;},{&quot;id&quot;:89259,&quot;url&quot;:&quot;https:\\\/\\\/novagestioinmobiliaria.com\\\/wp-content\\\/uploads\\\/2026\\\/03\\\/Adosado-en-venta-en-Cala-Romantica-ref-1881-26-1.jpg&quot;,&quot;alt&quot;:&quot;&quot;},{&quot;id&quot;:89256,&quot;url&quot;:&quot;https:\\\/\\\/novagestioinmobiliaria.com\\\/wp-content\\\/uploads\\\/2026\\\/03\\\/Adosado-en-venta-en-Cala-Romantica-ref-1881-25.jpg&quot;,&quot;alt&quot;:&quot;&quot;},{&quot;id&quot;:89253,&quot;url&quot;:&quot;https:\\\/\\\/novagestioinmobiliaria.com\\\/wp-content\\\/uploads\\\/2026\\\/03\\\/Adosado-en-venta-en-Cala-Romantica-ref-1881-24.jpg&quot;,&quot;alt&quot;:&quot;&quot;},{&quot;id&quot;:89250,&quot;url&quot;:&quot;https:\\\/\\\/novagestioinmobiliaria.com\\\/wp-content\\\/uploads\\\/2026\\\/03\\\/Adosado-en-venta-en-Cala-Romantica-ref-1881-23-1.jpg&quot;,&quot;alt&quot;:&quot;&quot;},{&quot;id&quot;:89235,&quot;url&quot;:&quot;https:\\\/\\\/novagestioinmobiliaria.com\\\/wp-content\\\/uploads\\\/2026\\\/03\\\/Adosado-en-venta-en-Cala-Romantica-ref-1881-18-1.jpg&quot;,&quot;alt&quot;:&quot;&quot;},{&quot;id&quot;:89223,&quot;url&quot;:&quot;https:\\\/\\\/novagestioinmobiliaria.com\\\/wp-content\\\/uploads\\\/2026\\\/03\\\/Adosado-en-venta-en-Cala-Romantica-ref-1881-14-1.jpg&quot;,&quot;alt&quot;:&quot;&quot;},{&quot;id&quot;:89217,&quot;url&quot;:&quot;https:\\\/\\\/novagestioinmobiliaria.com\\\/wp-content\\\/uploads\\\/2026\\\/03\\\/Adosado-en-venta-en-Cala-Romantica-ref-1881-12-1.jpg&quot;,&quot;alt&quot;:&quot;&quot;},{&quot;id&quot;:89205,&quot;url&quot;:&quot;https:\\\/\\\/novagestioinmobiliaria.com\\\/wp-content\\\/uploads\\\/2026\\\/03\\\/Adosado-en-venta-en-Cala-Romantica-ref-1881-8-1.jpg&quot;,&quot;alt&quot;:&quot;&quot;},{&quot;id&quot;:89196,&quot;url&quot;:&quot;https:\\\/\\\/novagestioinmobiliaria.com\\\/wp-content\\\/uploads\\\/2026\\\/03\\\/Adosado-en-venta-en-Cala-Romantica-ref-1881-5-1.jpg&quot;,&quot;alt&quot;:&quot;&quot;}],&quot;attributes&quot;:[{&quot;slug&quot;:&quot;property-type&quot;,&quot;name&quot;:&quot;Tipo propiedad&quot;,&quot;has_archive&quot;:true,&quot;elements&quot;:[{&quot;name&quot;:&quot;Reihenh\\u00e4user \\\/ Doppelhaush\\u00e4lften&quot;,&quot;link&quot;:&quot;https:\\\/\\\/novagestioinmobiliaria.com\\\/de\\\/immobilientyp\\\/reihenhaeuser-doppelhaushaelften\\\/&quot;,&quot;slug&quot;:&quot;reihenhaeuser-doppelhaushaelften&quot;}],&quot;card&quot;:false,&quot;show&quot;:true,&quot;display_after&quot;:&quot;&quot;,&quot;new_box&quot;:false},{&quot;slug&quot;:&quot;offer-type&quot;,&quot;name&quot;:&quot;Tipo operaci\\u00f3n&quot;,&quot;has_archive&quot;:true,&quot;elements&quot;:[{&quot;name&quot;:&quot;Zu verkaufen&quot;,&quot;link&quot;:&quot;https:\\\/\\\/novagestioinmobiliaria.com\\\/de\\\/offer-type\\\/zu-verkaufen\\\/&quot;,&quot;slug&quot;:&quot;zu-verkaufen&quot;}],&quot;card&quot;:true,&quot;show&quot;:true,&quot;display_after&quot;:&quot;&quot;,&quot;new_box&quot;:false},{&quot;slug&quot;:&quot;city&quot;,&quot;name&quot;:&quot;Zona&quot;,&quot;has_archive&quot;:true,&quot;elements&quot;:[{&quot;name&quot;:&quot;Cala Rom\\u00e1ntica&quot;,&quot;link&quot;:&quot;https:\\\/\\\/novagestioinmobiliaria.com\\\/de\\\/city\\\/cala-romantica-de\\\/&quot;,&quot;slug&quot;:&quot;cala-romantica-de&quot;}],&quot;card&quot;:false,&quot;show&quot;:true,&quot;display_after&quot;:&quot;&quot;,&quot;new_box&quot;:false},{&quot;slug&quot;:&quot;price&quot;,&quot;name&quot;:&quot;Precio&quot;,&quot;has_archive&quot;:false,&quot;elements&quot;:[{&quot;name&quot;:&quot;435000&quot;,&quot;link&quot;:&quot;&quot;,&quot;slug&quot;:&quot;&quot;}],&quot;show&quot;:false,&quot;card&quot;:false,&quot;display_after&quot;:&quot;\\u20ac&quot;,&quot;new_box&quot;:false},{&quot;slug&quot;:&quot;bedrooms&quot;,&quot;name&quot;:&quot;Habitaciones&quot;,&quot;has_archive&quot;:false,&quot;elements&quot;:[{&quot;name&quot;:&quot;2&quot;,&quot;link&quot;:&quot;&quot;,&quot;slug&quot;:&quot;&quot;}],&quot;show&quot;:true,&quot;card&quot;:true,&quot;display_after&quot;:&quot;&quot;,&quot;new_box&quot;:false},{&quot;slug&quot;:&quot;bathrooms&quot;,&quot;name&quot;:&quot;Ba\\u00f1os&quot;,&quot;has_archive&quot;:false,&quot;elements&quot;:[{&quot;name&quot;:&quot;2&quot;,&quot;link&quot;:&quot;&quot;,&quot;slug&quot;:&quot;&quot;}],&quot;show&quot;:true,&quot;card&quot;:true,&quot;display_after&quot;:&quot;&quot;,&quot;new_box&quot;:false},{&quot;slug&quot;:&quot;property-size&quot;,&quot;name&quot;:&quot;M2&quot;,&quot;has_archive&quot;:false,&quot;elements&quot;:[{&quot;name&quot;:&quot;100&quot;,&quot;link&quot;:&quot;&quot;,&quot;slug&quot;:&quot;&quot;}],&quot;show&quot;:true,&quot;card&quot;:true,&quot;display_after&quot;:&quot;m\\u00b2&quot;,&quot;new_box&quot;:false},{&quot;slug&quot;:&quot;features&quot;,&quot;name&quot;:&quot;Caracter\\u00edsticas&quot;,&quot;has_archive&quot;:true,&quot;elements&quot;:[{&quot;name&quot;:&quot;2 Doppelzimmer&quot;,&quot;link&quot;:&quot;https:\\\/\\\/novagestioinmobiliaria.com\\\/de\\\/eigenschaften\\\/2-doppelzimmer\\\/&quot;,&quot;slug&quot;:&quot;2-doppelzimmer&quot;},{&quot;name&quot;:&quot;Auto-Stellplatz&quot;,&quot;link&quot;:&quot;https:\\\/\\\/novagestioinmobiliaria.com\\\/de\\\/eigenschaften\\\/auto-stellplatz\\\/&quot;,&quot;slug&quot;:&quot;auto-stellplatz&quot;},{&quot;name&quot;:&quot;Duplex&quot;,&quot;link&quot;:&quot;https:\\\/\\\/novagestioinmobiliaria.com\\\/de\\\/eigenschaften\\\/duplex-de\\\/&quot;,&quot;slug&quot;:&quot;duplex-de&quot;},{&quot;name&quot;:&quot;Einbauk\\u00fcche&quot;,&quot;link&quot;:&quot;https:\\\/\\\/novagestioinmobiliaria.com\\\/de\\\/eigenschaften\\\/einbaukueche\\\/&quot;,&quot;slug&quot;:&quot;einbaukueche&quot;},{&quot;name&quot;:&quot;Gemeinschaftspool&quot;,&quot;link&quot;:&quot;https:\\\/\\\/novagestioinmobiliaria.com\\\/de\\\/eigenschaften\\\/gemeinschaftspool\\\/&quot;,&quot;slug&quot;:&quot;gemeinschaftspool&quot;},{&quot;name&quot;:&quot;Klimaanlage&quot;,&quot;link&quot;:&quot;https:\\\/\\\/novagestioinmobiliaria.com\\\/de\\\/eigenschaften\\\/klimaanlage\\\/&quot;,&quot;slug&quot;:&quot;klimaanlage&quot;},{&quot;name&quot;:&quot;M\\u00f6bliert&quot;,&quot;link&quot;:&quot;https:\\\/\\\/novagestioinmobiliaria.com\\\/de\\\/eigenschaften\\\/moebliert\\\/&quot;,&quot;slug&quot;:&quot;moebliert&quot;},{&quot;name&quot;:&quot;Ruhige Lage&quot;,&quot;link&quot;:&quot;https:\\\/\\\/novagestioinmobiliaria.com\\\/de\\\/eigenschaften\\\/ruhige-lage\\\/&quot;,&quot;slug&quot;:&quot;ruhige-lage&quot;},{&quot;name&quot;:&quot;Strand in der N\\u00e4he&quot;,&quot;link&quot;:&quot;https:\\\/\\\/novagestioinmobiliaria.com\\\/de\\\/eigenschaften\\\/strand-in-der-nahe-de\\\/&quot;,&quot;slug&quot;:&quot;strand-in-der-nahe-de&quot;},{&quot;name&quot;:&quot;Terrasse&quot;,&quot;link&quot;:&quot;https:\\\/\\\/novagestioinmobiliaria.com\\\/de\\\/eigenschaften\\\/terrasse\\\/&quot;,&quot;slug&quot;:&quot;terrasse&quot;}],&quot;card&quot;:false,&quot;show&quot;:true,&quot;display_after&quot;:&quot;&quot;,&quot;new_box&quot;:true}],&quot;views&quot;:17,&quot;days_ago&quot;:&quot;1\\u00a0Monat.&quot;,&quot;image_id&quot;:89217,&quot;image_url&quot;:&quot;https:\\\/\\\/novagestioinmobiliaria.com\\\/wp-content\\\/uploads\\\/2026\\\/03\\\/Adosado-en-venta-en-Cala-Romantica-ref-1881-12-1.jpg&quot;,&quot;tags&quot;:[{&quot;name&quot;:&quot;Caracter\\u00edsticas&quot;,&quot;elements&quot;:[{&quot;name&quot;:&quot;2 Doppelzimmer&quot;,&quot;link&quot;:&quot;https:\\\/\\\/novagestioinmobiliaria.com\\\/de\\\/eigenschaften\\\/2-doppelzimmer\\\/&quot;},{&quot;name&quot;:&quot;Auto-Stellplatz&quot;,&quot;link&quot;:&quot;https:\\\/\\\/novagestioinmobiliaria.com\\\/de\\\/eigenschaften\\\/auto-stellplatz\\\/&quot;},{&quot;name&quot;:&quot;Duplex&quot;,&quot;link&quot;:&quot;https:\\\/\\\/novagestioinmobiliaria.com\\\/de\\\/eigenschaften\\\/duplex-de\\\/&quot;},{&quot;name&quot;:&quot;Einbauk\\u00fcche&quot;,&quot;link&quot;:&quot;https:\\\/\\\/novagestioinmobiliaria.com\\\/de\\\/eigenschaften\\\/einbaukueche\\\/&quot;},{&quot;name&quot;:&quot;Gemeinschaftspool&quot;,&quot;link&quot;:&quot;https:\\\/\\\/novagestioinmobiliaria.com\\\/de\\\/eigenschaften\\\/gemeinschaftspool\\\/&quot;},{&quot;name&quot;:&quot;Klimaanlage&quot;,&quot;link&quot;:&quot;https:\\\/\\\/novagestioinmobiliaria.com\\\/de\\\/eigenschaften\\\/klimaanlage\\\/&quot;},{&quot;name&quot;:&quot;M\\u00f6bliert&quot;,&quot;link&quot;:&quot;https:\\\/\\\/novagestioinmobiliaria.com\\\/de\\\/eigenschaften\\\/moebliert\\\/&quot;},{&quot;name&quot;:&quot;Ruhige Lage&quot;,&quot;link&quot;:&quot;https:\\\/\\\/novagestioinmobiliaria.com\\\/de\\\/eigenschaften\\\/ruhige-lage\\\/&quot;},{&quot;name&quot;:&quot;Strand in der N\\u00e4he&quot;,&quot;link&quot;:&quot;https:\\\/\\\/novagestioinmobiliaria.com\\\/de\\\/eigenschaften\\\/strand-in-der-nahe-de\\\/&quot;},{&quot;name&quot;:&quot;Terrasse&quot;,&quot;link&quot;:&quot;https:\\\/\\\/novagestioinmobiliaria.com\\\/de\\\/eigenschaften\\\/terrasse\\\/&quot;}],&quot;has_archive&quot;:true}],&quot;status&quot;:&quot;publish&quot;,&quot;plans&quot;:[],&quot;video_plan&quot;:{&quot;src&quot;:&quot;&quot;,&quot;video&quot;:&quot;&quot;},&quot;virtual_tour&quot;:null,&quot;state&quot;:&quot;&quot;,&quot;labels&quot;:[],&quot;image&quot;:&quot;https:\\\/\\\/novagestioinmobiliaria.com\\\/wp-content\\\/uploads\\\/2026\\\/03\\\/Adosado-en-venta-en-Cala-Romantica-ref-1881-12-1-400x250.jpg&quot;,&quot;image_srcset&quot;:&quot;https:\\\/\\\/novagestioinmobiliaria.com\\\/wp-content\\\/uploads\\\/2026\\\/03\\\/Adosado-en-venta-en-Cala-Romantica-ref-1881-12-1-200x125.jpg 200w, https:\\\/\\\/novagestioinmobiliaria.com\\\/wp-content\\\/uploads\\\/2026\\\/03\\\/Adosado-en-venta-en-Cala-Romantica-ref-1881-12-1-800x500.jpg 800w, https:\\\/\\\/novagestioinmobiliaria.com\\\/wp-content\\\/uploads\\\/2026\\\/03\\\/Adosado-en-venta-en-Cala-Romantica-ref-1881-12-1-600x375.jpg 600w, https:\\\/\\\/novagestioinmobiliaria.com\\\/wp-content\\\/uploads\\\/2026\\\/03\\\/Adosado-en-venta-en-Cala-Romantica-ref-1881-12-1-400x250.jpg 400w&quot;},{&quot;short_excerpt_limit&quot;:125,&quot;long_excerpt_limit&quot;:160,&quot;id&quot;:88575,&quot;agent_id&quot;:&quot;26&quot;,&quot;title&quot;:&quot;Luxuswohnung in Manacor zu vermieten : : PI1737MA-ADE&quot;,&quot;content&quot;:&quot;Eine luxuri\\u00f6se 280 m2 Wohnung mit einer ger\\u00e4umigen 75 m2 Terrasse steht in Manacor zur Vermietung. Renoviert im Jahr 2020 mit Heizk\\u00f6rpern (Stadtgas) und Klimaanlage. Die Wohnung belegt das gesamte erste Stockwerk und besteht aus 3 Doppelzimmern, 2 Badezimmern, einem ger\\u00e4umigen und hellen m\\u00f6blierten Wohnzimmer, einer K\\u00fcche-Esszimmer mit Zugang zur Terrasse. Die K\\u00fcche ist offen und durch eine sch\\u00f6ne Insel vom Esszimmer getrennt, komplett ausgestattet mit hochwertigen Ger\\u00e4ten, ausgestattetem Hauswirtschaftsraum mit Waschmaschine und Trockner. Es gibt eine Garage f\\u00fcr 1 oder 2 Autos (25m2).\\r\\nMIETBEDINGUNGEN:\\r\\n- Nachweis einer Besch\\u00e4ftigung mit Betriebszugeh\\u00f6rigkeit oder nachgewiesenem Einkommen erforderlich.\\r\\n- Strom-, Wasser- und M\\u00fcllkosten sind separat.\\r\\n- 2 Monatsmieten als Kaution.\\r\\n- Keine Haustiere erlaubt.\\r\\n- Weitere Kosten bitte erfragen.\\r\\n\\r\\nNova Gesti\\u00f3, Immobilienagentur in Manacor&quot;,&quot;excerpt&quot;:&quot;Eine luxuri\\u00f6se 280 m2 Wohnung mit einer ger\\u00e4umigen 75 m2 Terrasse steht in Manacor zur Vermietung. Renoviert im Jahr 2020 mit Heizk\\u00f6rpern (Stadtgas) und Klimaanlage. Die Wohnung belegt das gesamte erste Stockwerk und besteht aus 3 Doppelzimmern, 2 Badezimmern, einem ger\\u00e4umigen und hellen m\\u00f6blierten Wohnzimmer, einer K\\u00fcche-Esszimmer mit Zugang zur Terrasse. Die K\\u00fcche ist offen [\\u2026]&quot;,&quot;short_excerpt&quot;:&quot;Eine luxuri\\u00f6se 280 m2 Wohnung mit einer ger\\u00e4umigen 75 m2 Terrasse steht in Manacor zur Vermietung. Renoviert im Jahr 2020 ...&quot;,&quot;long_excerpt&quot;:&quot;Eine luxuri\\u00f6se 280 m2 Wohnung mit einer ger\\u00e4umigen 75 m2 Terrasse steht in Manacor zur Vermietung. Renoviert im Jahr 2020 mit Heizk\\u00f6rpern (Stadtgas) und Klim...&quot;,&quot;link&quot;:&quot;https:\\\/\\\/novagestioinmobiliaria.com\\\/de\\\/propiedades-properties-immobilien\\\/luxuswohnung-in-manacor-zu-vermieten-pi1737ma-ade\\\/&quot;,&quot;offer_type&quot;:&quot;Zu vermieten&quot;,&quot;price&quot;:&quot;2.500 \\u20ac&quot;,&quot;location&quot;:&quot;M&quot;,&quot;is_featured&quot;:true,&quot;gallery&quot;:[{&quot;id&quot;:88543,&quot;url&quot;:&quot;https:\\\/\\\/novagestioinmobiliaria.com\\\/wp-content\\\/uploads\\\/2026\\\/03\\\/Piso-alquiler-lujo-Manacor-ref-1737-3.jpg&quot;,&quot;alt&quot;:&quot;&quot;},{&quot;id&quot;:88561,&quot;url&quot;:&quot;https:\\\/\\\/novagestioinmobiliaria.com\\\/wp-content\\\/uploads\\\/2026\\\/03\\\/Piso-alquiler-lujo-Manacor-ref-17375.jpg&quot;,&quot;alt&quot;:&quot;&quot;},{&quot;id&quot;:88564,&quot;url&quot;:&quot;https:\\\/\\\/novagestioinmobiliaria.com\\\/wp-content\\\/uploads\\\/2026\\\/03\\\/Piso-alquiler-lujo-Manacor-ref-17376.jpg&quot;,&quot;alt&quot;:&quot;&quot;},{&quot;id&quot;:88537,&quot;url&quot;:&quot;https:\\\/\\\/novagestioinmobiliaria.com\\\/wp-content\\\/uploads\\\/2026\\\/03\\\/Piso-alquiler-lujo-Manacor-ref-1737-1.jpg&quot;,&quot;alt&quot;:&quot;&quot;},{&quot;id&quot;:88567,&quot;url&quot;:&quot;https:\\\/\\\/novagestioinmobiliaria.com\\\/wp-content\\\/uploads\\\/2026\\\/03\\\/Piso-alquiler-lujo-Manacor-ref-17377.jpg&quot;,&quot;alt&quot;:&quot;&quot;},{&quot;id&quot;:88570,&quot;url&quot;:&quot;https:\\\/\\\/novagestioinmobiliaria.com\\\/wp-content\\\/uploads\\\/2026\\\/03\\\/Piso-alquiler-lujo-Manacor-ref-17378.jpg&quot;,&quot;alt&quot;:&quot;&quot;},{&quot;id&quot;:88555,&quot;url&quot;:&quot;https:\\\/\\\/novagestioinmobiliaria.com\\\/wp-content\\\/uploads\\\/2026\\\/03\\\/Piso-alquiler-lujo-Manacor-ref-1737-12.jpeg&quot;,&quot;alt&quot;:&quot;&quot;},{&quot;id&quot;:88558,&quot;url&quot;:&quot;https:\\\/\\\/novagestioinmobiliaria.com\\\/wp-content\\\/uploads\\\/2026\\\/03\\\/Piso-alquiler-lujo-Manacor-ref-17374.jpg&quot;,&quot;alt&quot;:&quot;&quot;},{&quot;id&quot;:88552,&quot;url&quot;:&quot;https:\\\/\\\/novagestioinmobiliaria.com\\\/wp-content\\\/uploads\\\/2026\\\/03\\\/Piso-alquiler-lujo-Manacor-ref-1737-11.jpeg&quot;,&quot;alt&quot;:&quot;&quot;},{&quot;id&quot;:88549,&quot;url&quot;:&quot;https:\\\/\\\/novagestioinmobiliaria.com\\\/wp-content\\\/uploads\\\/2026\\\/03\\\/Piso-alquiler-lujo-Manacor-ref-1737-10.jpeg&quot;,&quot;alt&quot;:&quot;&quot;},{&quot;id&quot;:88546,&quot;url&quot;:&quot;https:\\\/\\\/novagestioinmobiliaria.com\\\/wp-content\\\/uploads\\\/2026\\\/03\\\/Piso-alquiler-lujo-Manacor-ref-1737-9.jpeg&quot;,&quot;alt&quot;:&quot;&quot;}],&quot;attributes&quot;:[{&quot;slug&quot;:&quot;property-type&quot;,&quot;name&quot;:&quot;Tipo propiedad&quot;,&quot;has_archive&quot;:true,&quot;elements&quot;:[{&quot;name&quot;:&quot;Wohnungen \\\/ Apartments&quot;,&quot;link&quot;:&quot;https:\\\/\\\/novagestioinmobiliaria.com\\\/de\\\/immobilientyp\\\/wohnungen-apartments\\\/&quot;,&quot;slug&quot;:&quot;wohnungen-apartments&quot;}],&quot;card&quot;:false,&quot;show&quot;:true,&quot;display_after&quot;:&quot;&quot;,&quot;new_box&quot;:false},{&quot;slug&quot;:&quot;offer-type&quot;,&quot;name&quot;:&quot;Tipo operaci\\u00f3n&quot;,&quot;has_archive&quot;:true,&quot;elements&quot;:[{&quot;name&quot;:&quot;Zu vermieten&quot;,&quot;link&quot;:&quot;https:\\\/\\\/novagestioinmobiliaria.com\\\/de\\\/offer-type\\\/zu-vermieten\\\/&quot;,&quot;slug&quot;:&quot;zu-vermieten&quot;}],&quot;card&quot;:true,&quot;show&quot;:true,&quot;display_after&quot;:&quot;&quot;,&quot;new_box&quot;:false},{&quot;slug&quot;:&quot;city&quot;,&quot;name&quot;:&quot;Zona&quot;,&quot;has_archive&quot;:true,&quot;elements&quot;:[{&quot;name&quot;:&quot;Manacor&quot;,&quot;link&quot;:&quot;https:\\\/\\\/novagestioinmobiliaria.com\\\/de\\\/city\\\/manacor-de\\\/&quot;,&quot;slug&quot;:&quot;manacor-de&quot;}],&quot;card&quot;:false,&quot;show&quot;:true,&quot;display_after&quot;:&quot;&quot;,&quot;new_box&quot;:false},{&quot;slug&quot;:&quot;price&quot;,&quot;name&quot;:&quot;Precio&quot;,&quot;has_archive&quot;:false,&quot;elements&quot;:[{&quot;name&quot;:&quot;2500&quot;,&quot;link&quot;:&quot;&quot;,&quot;slug&quot;:&quot;&quot;}],&quot;show&quot;:false,&quot;card&quot;:false,&quot;display_after&quot;:&quot;\\u20ac&quot;,&quot;new_box&quot;:false},{&quot;slug&quot;:&quot;bedrooms&quot;,&quot;name&quot;:&quot;Habitaciones&quot;,&quot;has_archive&quot;:false,&quot;elements&quot;:[{&quot;name&quot;:&quot;3&quot;,&quot;link&quot;:&quot;&quot;,&quot;slug&quot;:&quot;&quot;}],&quot;show&quot;:true,&quot;card&quot;:true,&quot;display_after&quot;:&quot;&quot;,&quot;new_box&quot;:false},{&quot;slug&quot;:&quot;property-size&quot;,&quot;name&quot;:&quot;M2&quot;,&quot;has_archive&quot;:false,&quot;elements&quot;:[{&quot;name&quot;:&quot;280&quot;,&quot;link&quot;:&quot;&quot;,&quot;slug&quot;:&quot;&quot;}],&quot;show&quot;:true,&quot;card&quot;:true,&quot;display_after&quot;:&quot;m\\u00b2&quot;,&quot;new_box&quot;:false},{&quot;slug&quot;:&quot;features&quot;,&quot;name&quot;:&quot;Caracter\\u00edsticas&quot;,&quot;has_archive&quot;:true,&quot;elements&quot;:[{&quot;name&quot;:&quot;3 Schlafzimmer&quot;,&quot;link&quot;:&quot;https:\\\/\\\/novagestioinmobiliaria.com\\\/de\\\/eigenschaften\\\/3-schlafzimmer\\\/&quot;,&quot;slug&quot;:&quot;3-schlafzimmer&quot;},{&quot;name&quot;:&quot;Balkon&quot;,&quot;link&quot;:&quot;https:\\\/\\\/novagestioinmobiliaria.com\\\/de\\\/eigenschaften\\\/balkon\\\/&quot;,&quot;slug&quot;:&quot;balkon&quot;},{&quot;name&quot;:&quot;Einbauk\\u00fcche&quot;,&quot;link&quot;:&quot;https:\\\/\\\/novagestioinmobiliaria.com\\\/de\\\/eigenschaften\\\/einbaukueche\\\/&quot;,&quot;slug&quot;:&quot;einbaukueche&quot;},{&quot;name&quot;:&quot;Heizung&quot;,&quot;link&quot;:&quot;https:\\\/\\\/novagestioinmobiliaria.com\\\/de\\\/eigenschaften\\\/heizung\\\/&quot;,&quot;slug&quot;:&quot;heizung&quot;},{&quot;name&quot;:&quot;Klimaanlage&quot;,&quot;link&quot;:&quot;https:\\\/\\\/novagestioinmobiliaria.com\\\/de\\\/eigenschaften\\\/klimaanlage\\\/&quot;,&quot;slug&quot;:&quot;klimaanlage&quot;},{&quot;name&quot;:&quot;M\\u00f6bliert&quot;,&quot;link&quot;:&quot;https:\\\/\\\/novagestioinmobiliaria.com\\\/de\\\/eigenschaften\\\/moebliert\\\/&quot;,&quot;slug&quot;:&quot;moebliert&quot;},{&quot;name&quot;:&quot;Schulnah&quot;,&quot;link&quot;:&quot;https:\\\/\\\/novagestioinmobiliaria.com\\\/de\\\/eigenschaften\\\/schulnah\\\/&quot;,&quot;slug&quot;:&quot;schulnah&quot;},{&quot;name&quot;:&quot;Terrasse&quot;,&quot;link&quot;:&quot;https:\\\/\\\/novagestioinmobiliaria.com\\\/de\\\/eigenschaften\\\/terrasse\\\/&quot;,&quot;slug&quot;:&quot;terrasse&quot;},{&quot;name&quot;:&quot;W\\u00e4scherei&quot;,&quot;link&quot;:&quot;https:\\\/\\\/novagestioinmobiliaria.com\\\/de\\\/eigenschaften\\\/wascherei\\\/&quot;,&quot;slug&quot;:&quot;wascherei&quot;},{&quot;name&quot;:&quot;Zentrale Lage&quot;,&quot;link&quot;:&quot;https:\\\/\\\/novagestioinmobiliaria.com\\\/de\\\/eigenschaften\\\/zentrale-lage\\\/&quot;,&quot;slug&quot;:&quot;zentrale-lage&quot;}],&quot;card&quot;:false,&quot;show&quot;:true,&quot;display_after&quot;:&quot;&quot;,&quot;new_box&quot;:true}],&quot;views&quot;:11,&quot;days_ago&quot;:&quot;1\\u00a0Monat.&quot;,&quot;image_id&quot;:88543,&quot;image_url&quot;:&quot;https:\\\/\\\/novagestioinmobiliaria.com\\\/wp-content\\\/uploads\\\/2026\\\/03\\\/Piso-alquiler-lujo-Manacor-ref-1737-3.jpg&quot;,&quot;tags&quot;:[{&quot;name&quot;:&quot;Caracter\\u00edsticas&quot;,&quot;elements&quot;:[{&quot;name&quot;:&quot;3 Schlafzimmer&quot;,&quot;link&quot;:&quot;https:\\\/\\\/novagestioinmobiliaria.com\\\/de\\\/eigenschaften\\\/3-schlafzimmer\\\/&quot;},{&quot;name&quot;:&quot;Balkon&quot;,&quot;link&quot;:&quot;https:\\\/\\\/novagestioinmobiliaria.com\\\/de\\\/eigenschaften\\\/balkon\\\/&quot;},{&quot;name&quot;:&quot;Einbauk\\u00fcche&quot;,&quot;link&quot;:&quot;https:\\\/\\\/novagestioinmobiliaria.com\\\/de\\\/eigenschaften\\\/einbaukueche\\\/&quot;},{&quot;name&quot;:&quot;Heizung&quot;,&quot;link&quot;:&quot;https:\\\/\\\/novagestioinmobiliaria.com\\\/de\\\/eigenschaften\\\/heizung\\\/&quot;},{&quot;name&quot;:&quot;Klimaanlage&quot;,&quot;link&quot;:&quot;https:\\\/\\\/novagestioinmobiliaria.com\\\/de\\\/eigenschaften\\\/klimaanlage\\\/&quot;},{&quot;name&quot;:&quot;M\\u00f6bliert&quot;,&quot;link&quot;:&quot;https:\\\/\\\/novagestioinmobiliaria.com\\\/de\\\/eigenschaften\\\/moebliert\\\/&quot;},{&quot;name&quot;:&quot;Schulnah&quot;,&quot;link&quot;:&quot;https:\\\/\\\/novagestioinmobiliaria.com\\\/de\\\/eigenschaften\\\/schulnah\\\/&quot;},{&quot;name&quot;:&quot;Terrasse&quot;,&quot;link&quot;:&quot;https:\\\/\\\/novagestioinmobiliaria.com\\\/de\\\/eigenschaften\\\/terrasse\\\/&quot;},{&quot;name&quot;:&quot;W\\u00e4scherei&quot;,&quot;link&quot;:&quot;https:\\\/\\\/novagestioinmobiliaria.com\\\/de\\\/eigenschaften\\\/wascherei\\\/&quot;},{&quot;name&quot;:&quot;Zentrale Lage&quot;,&quot;link&quot;:&quot;https:\\\/\\\/novagestioinmobiliaria.com\\\/de\\\/eigenschaften\\\/zentrale-lage\\\/&quot;}],&quot;has_archive&quot;:true}],&quot;status&quot;:&quot;publish&quot;,&quot;plans&quot;:[],&quot;video_plan&quot;:{&quot;src&quot;:&quot;&quot;,&quot;video&quot;:&quot;&quot;},&quot;virtual_tour&quot;:null,&quot;state&quot;:&quot;&quot;,&quot;labels&quot;:[],&quot;image&quot;:&quot;https:\\\/\\\/novagestioinmobiliaria.com\\\/wp-content\\\/uploads\\\/2026\\\/03\\\/Piso-alquiler-lujo-Manacor-ref-1737-3-400x250.jpg&quot;,&quot;image_srcset&quot;:&quot;https:\\\/\\\/novagestioinmobiliaria.com\\\/wp-content\\\/uploads\\\/2026\\\/03\\\/Piso-alquiler-lujo-Manacor-ref-1737-3-200x125.jpg 200w, https:\\\/\\\/novagestioinmobiliaria.com\\\/wp-content\\\/uploads\\\/2026\\\/03\\\/Piso-alquiler-lujo-Manacor-ref-1737-3-1200x750.jpg 1200w, https:\\\/\\\/novagestioinmobiliaria.com\\\/wp-content\\\/uploads\\\/2026\\\/03\\\/Piso-alquiler-lujo-Manacor-ref-1737-3-800x500.jpg 800w, https:\\\/\\\/novagestioinmobiliaria.com\\\/wp-content\\\/uploads\\\/2026\\\/03\\\/Piso-alquiler-lujo-Manacor-ref-1737-3-600x375.jpg 600w, https:\\\/\\\/novagestioinmobiliaria.com\\\/wp-content\\\/uploads\\\/2026\\\/03\\\/Piso-alquiler-lujo-Manacor-ref-1737-3-400x250.jpg 400w&quot;},{&quot;short_excerpt_limit&quot;:125,&quot;long_excerpt_limit&quot;:160,&quot;id&quot;:88573,&quot;agent_id&quot;:&quot;1&quot;,&quot;title&quot;:&quot;Meerblick-Apartment zu verkaufen in Capdepera : : PI1879CAP-VDE&quot;,&quot;content&quot;:&quot;Charmantes Penthouse mit offenem Meerblick zu verkaufen in Capdepera, eine Unterkunft, die Licht, Ger\\u00e4umigkeit und eine sorgf\\u00e4ltig durchdachte \\u00c4sthetik in jedem Detail vereint. Mit einer ungef\\u00e4hren Wohnfl\\u00e4che von 120 m\\u00b2, verteilt es sich auf drei Doppelzimmer mit Einbauschr\\u00e4nken und zwei voll ausgestatteten Badezimmern, eines mit Dusche und das andere mit Badewanne, einschlie\\u00dflich eines en-suite Badezimmers im Hauptschlafzimmer ausgestattet. Der Tagesbereich zeichnet sich durch sein offenes Konzept aus, mit einem ger\\u00e4umigen Wohn-Esszimmer, das mit der K\\u00fcche integriert ist und direktem Zugang zu einer angenehmen Terrasse mit freiem Blick auf das Meer und den Berg bietet. Die K\\u00fcche wird unm\\u00f6bliert pr\\u00e4sentiert und bietet die M\\u00f6glichkeit, sie ganz nach Ihrem Geschmack zu gestalten. Das Wohnzimmer verf\\u00fcgt \\u00fcber einen eleganten Parkettboden, der W\\u00e4rme verleiht, w\\u00e4hrend der Rest der Unterkunft \\u00fcber Fliesenboden verf\\u00fcgt. Die Fenster sind doppelt verglast mit Kipp- und Drehmechanismus, was f\\u00fcr thermischen und akustischen Komfort sorgt. Die Heizung erfolgt mit Propangas. Eines der markantesten Elemente dieser Unterkunft ist die Decke des Wohnzimmers mit freiliegenden Holzbalken, die ihm einen rustikalen und sehr besonderen gem\\u00fctlichen Charakter verleihen. Die Wohnung liegt im zweiten Stock ohne Aufzug, das Geb\\u00e4ude verf\\u00fcgt \\u00fcber Gemeinschaftsbereiche mit Garten und Pool, ideal zum Genie\\u00dfen des mediterranen Klimas. Dar\\u00fcber hinaus umfasst die Unterkunft einen Au\\u00dfenparkplatz. Eine Immobilie mit Pers\\u00f6nlichkeit, perfekt sowohl als Hauptwohnsitz als auch f\\u00fcr l\\u00e4ngere Aufenthalte in einer der ruhigsten und attraktivsten Gegenden im Nordosten von Mallorca.\\r\\nNova Gestio, Ihre Immobilienagentur in Capdepera&quot;,&quot;excerpt&quot;:&quot;Charmantes Penthouse mit offenem Meerblick zu verkaufen in Capdepera, eine Unterkunft, die Licht, Ger\\u00e4umigkeit und eine sorgf\\u00e4ltig durchdachte \\u00c4sthetik in jedem Detail vereint. Mit einer ungef\\u00e4hren Wohnfl\\u00e4che von 120 m\\u00b2, verteilt es sich auf drei Doppelzimmer mit Einbauschr\\u00e4nken und zwei voll ausgestatteten Badezimmern, eines mit Dusche und das andere mit Badewanne, einschlie\\u00dflich eines en-suite Badezimmers [\\u2026]&quot;,&quot;short_excerpt&quot;:&quot;Charmantes Penthouse mit offenem Meerblick zu verkaufen in Capdepera, eine Unterkunft, die Licht, Ger\\u00e4umigkeit und eine so...&quot;,&quot;long_excerpt&quot;:&quot;Charmantes Penthouse mit offenem Meerblick zu verkaufen in Capdepera, eine Unterkunft, die Licht, Ger\\u00e4umigkeit und eine sorgf\\u00e4ltig durchdachte \\u00c4sthetik in je...&quot;,&quot;link&quot;:&quot;https:\\\/\\\/novagestioinmobiliaria.com\\\/de\\\/propiedades-properties-immobilien\\\/meerblick-apartment-zu-verkaufen-in-capdepera-pi1879cap-vde\\\/&quot;,&quot;offer_type&quot;:&quot;Zu verkaufen&quot;,&quot;price&quot;:&quot;425.000 \\u20ac&quot;,&quot;location&quot;:&quot;C&quot;,&quot;is_featured&quot;:true,&quot;gallery&quot;:[{&quot;id&quot;:88518,&quot;url&quot;:&quot;https:\\\/\\\/novagestioinmobiliaria.com\\\/wp-content\\\/uploads\\\/2026\\\/03\\\/Piso-en-venta-en-Capdepera-ref-1879-5.jpg&quot;,&quot;alt&quot;:&quot;&quot;},{&quot;id&quot;:88527,&quot;url&quot;:&quot;https:\\\/\\\/novagestioinmobiliaria.com\\\/wp-content\\\/uploads\\\/2026\\\/03\\\/Piso-en-venta-en-Capdepera-ref-1879-8.jpg&quot;,&quot;alt&quot;:&quot;&quot;},{&quot;id&quot;:88479,&quot;url&quot;:&quot;https:\\\/\\\/novagestioinmobiliaria.com\\\/wp-content\\\/uploads\\\/2026\\\/03\\\/Piso-en-venta-en-Capdepera-ref-1879-11.jpg&quot;,&quot;alt&quot;:&quot;&quot;},{&quot;id&quot;:88506,&quot;url&quot;:&quot;https:\\\/\\\/novagestioinmobiliaria.com\\\/wp-content\\\/uploads\\\/2026\\\/03\\\/Piso-en-venta-en-Capdepera-ref-1879-1.jpg&quot;,&quot;alt&quot;:&quot;&quot;},{&quot;id&quot;:88530,&quot;url&quot;:&quot;https:\\\/\\\/novagestioinmobiliaria.com\\\/wp-content\\\/uploads\\\/2026\\\/03\\\/Piso-en-venta-en-Capdepera-ref-1879-9.jpg&quot;,&quot;alt&quot;:&quot;&quot;},{&quot;id&quot;:88521,&quot;url&quot;:&quot;https:\\\/\\\/novagestioinmobiliaria.com\\\/wp-content\\\/uploads\\\/2026\\\/03\\\/Piso-en-venta-en-Capdepera-ref-1879-6.jpg&quot;,&quot;alt&quot;:&quot;&quot;},{&quot;id&quot;:88515,&quot;url&quot;:&quot;https:\\\/\\\/novagestioinmobiliaria.com\\\/wp-content\\\/uploads\\\/2026\\\/03\\\/Piso-en-venta-en-Capdepera-ref-1879-4.jpg&quot;,&quot;alt&quot;:&quot;&quot;},{&quot;id&quot;:88512,&quot;url&quot;:&quot;https:\\\/\\\/novagestioinmobiliaria.com\\\/wp-content\\\/uploads\\\/2026\\\/03\\\/Piso-en-venta-en-Capdepera-ref-1879-3.jpg&quot;,&quot;alt&quot;:&quot;&quot;},{&quot;id&quot;:88509,&quot;url&quot;:&quot;https:\\\/\\\/novagestioinmobiliaria.com\\\/wp-content\\\/uploads\\\/2026\\\/03\\\/Piso-en-venta-en-Capdepera-ref-1879-2.jpg&quot;,&quot;alt&quot;:&quot;&quot;},{&quot;id&quot;:88533,&quot;url&quot;:&quot;https:\\\/\\\/novagestioinmobiliaria.com\\\/wp-content\\\/uploads\\\/2026\\\/03\\\/Piso-en-venta-en-Capdepera-ref-1879-10.jpg&quot;,&quot;alt&quot;:&quot;&quot;},{&quot;id&quot;:88503,&quot;url&quot;:&quot;https:\\\/\\\/novagestioinmobiliaria.com\\\/wp-content\\\/uploads\\\/2026\\\/03\\\/Piso-en-venta-en-Capdepera-ref-1879-19.jpg&quot;,&quot;alt&quot;:&quot;&quot;},{&quot;id&quot;:88500,&quot;url&quot;:&quot;https:\\\/\\\/novagestioinmobiliaria.com\\\/wp-content\\\/uploads\\\/2026\\\/03\\\/Piso-en-venta-en-Capdepera-ref-1879-18.jpg&quot;,&quot;alt&quot;:&quot;&quot;},{&quot;id&quot;:88497,&quot;url&quot;:&quot;https:\\\/\\\/novagestioinmobiliaria.com\\\/wp-content\\\/uploads\\\/2026\\\/03\\\/Piso-en-venta-en-Capdepera-ref-1879-17.jpg&quot;,&quot;alt&quot;:&quot;&quot;},{&quot;id&quot;:88524,&quot;url&quot;:&quot;https:\\\/\\\/novagestioinmobiliaria.com\\\/wp-content\\\/uploads\\\/2026\\\/03\\\/Piso-en-venta-en-Capdepera-ref-1879-7.jpg&quot;,&quot;alt&quot;:&quot;&quot;},{&quot;id&quot;:88491,&quot;url&quot;:&quot;https:\\\/\\\/novagestioinmobiliaria.com\\\/wp-content\\\/uploads\\\/2026\\\/03\\\/Piso-en-venta-en-Capdepera-ref-1879-15.jpg&quot;,&quot;alt&quot;:&quot;&quot;},{&quot;id&quot;:88488,&quot;url&quot;:&quot;https:\\\/\\\/novagestioinmobiliaria.com\\\/wp-content\\\/uploads\\\/2026\\\/03\\\/Piso-en-venta-en-Capdepera-ref-1879-14.jpg&quot;,&quot;alt&quot;:&quot;&quot;},{&quot;id&quot;:88485,&quot;url&quot;:&quot;https:\\\/\\\/novagestioinmobiliaria.com\\\/wp-content\\\/uploads\\\/2026\\\/03\\\/Piso-en-venta-en-Capdepera-ref-1879-13.jpg&quot;,&quot;alt&quot;:&quot;&quot;},{&quot;id&quot;:88494,&quot;url&quot;:&quot;https:\\\/\\\/novagestioinmobiliaria.com\\\/wp-content\\\/uploads\\\/2026\\\/03\\\/Piso-en-venta-en-Capdepera-ref-1879-16.jpg&quot;,&quot;alt&quot;:&quot;&quot;},{&quot;id&quot;:88482,&quot;url&quot;:&quot;https:\\\/\\\/novagestioinmobiliaria.com\\\/wp-content\\\/uploads\\\/2026\\\/03\\\/Piso-en-venta-en-Capdepera-ref-1879-12.jpg&quot;,&quot;alt&quot;:&quot;&quot;}],&quot;attributes&quot;:[{&quot;slug&quot;:&quot;property-type&quot;,&quot;name&quot;:&quot;Tipo propiedad&quot;,&quot;has_archive&quot;:true,&quot;elements&quot;:[{&quot;name&quot;:&quot;Wohnungen \\\/ Apartments&quot;,&quot;link&quot;:&quot;https:\\\/\\\/novagestioinmobiliaria.com\\\/de\\\/immobilientyp\\\/wohnungen-apartments\\\/&quot;,&quot;slug&quot;:&quot;wohnungen-apartments&quot;}],&quot;card&quot;:false,&quot;show&quot;:true,&quot;display_after&quot;:&quot;&quot;,&quot;new_box&quot;:false},{&quot;slug&quot;:&quot;offer-type&quot;,&quot;name&quot;:&quot;Tipo operaci\\u00f3n&quot;,&quot;has_archive&quot;:true,&quot;elements&quot;:[{&quot;name&quot;:&quot;Zu verkaufen&quot;,&quot;link&quot;:&quot;https:\\\/\\\/novagestioinmobiliaria.com\\\/de\\\/offer-type\\\/zu-verkaufen\\\/&quot;,&quot;slug&quot;:&quot;zu-verkaufen&quot;}],&quot;card&quot;:true,&quot;show&quot;:true,&quot;display_after&quot;:&quot;&quot;,&quot;new_box&quot;:false},{&quot;slug&quot;:&quot;city&quot;,&quot;name&quot;:&quot;Zona&quot;,&quot;has_archive&quot;:true,&quot;elements&quot;:[{&quot;name&quot;:&quot;Capdepera&quot;,&quot;link&quot;:&quot;https:\\\/\\\/novagestioinmobiliaria.com\\\/de\\\/city\\\/capdepera-de\\\/&quot;,&quot;slug&quot;:&quot;capdepera-de&quot;}],&quot;card&quot;:false,&quot;show&quot;:true,&quot;display_after&quot;:&quot;&quot;,&quot;new_box&quot;:false},{&quot;slug&quot;:&quot;price&quot;,&quot;name&quot;:&quot;Precio&quot;,&quot;has_archive&quot;:false,&quot;elements&quot;:[{&quot;name&quot;:&quot;425000&quot;,&quot;link&quot;:&quot;&quot;,&quot;slug&quot;:&quot;&quot;}],&quot;show&quot;:false,&quot;card&quot;:false,&quot;display_after&quot;:&quot;\\u20ac&quot;,&quot;new_box&quot;:false},{&quot;slug&quot;:&quot;bedrooms&quot;,&quot;name&quot;:&quot;Habitaciones&quot;,&quot;has_archive&quot;:false,&quot;elements&quot;:[{&quot;name&quot;:&quot;3&quot;,&quot;link&quot;:&quot;&quot;,&quot;slug&quot;:&quot;&quot;}],&quot;show&quot;:true,&quot;card&quot;:true,&quot;display_after&quot;:&quot;&quot;,&quot;new_box&quot;:false},{&quot;slug&quot;:&quot;bathrooms&quot;,&quot;name&quot;:&quot;Ba\\u00f1os&quot;,&quot;has_archive&quot;:false,&quot;elements&quot;:[{&quot;name&quot;:&quot;2&quot;,&quot;link&quot;:&quot;&quot;,&quot;slug&quot;:&quot;&quot;}],&quot;show&quot;:true,&quot;card&quot;:true,&quot;display_after&quot;:&quot;&quot;,&quot;new_box&quot;:false},{&quot;slug&quot;:&quot;property-size&quot;,&quot;name&quot;:&quot;M2&quot;,&quot;has_archive&quot;:false,&quot;elements&quot;:[{&quot;name&quot;:&quot;120&quot;,&quot;link&quot;:&quot;&quot;,&quot;slug&quot;:&quot;&quot;}],&quot;show&quot;:true,&quot;card&quot;:true,&quot;display_after&quot;:&quot;m\\u00b2&quot;,&quot;new_box&quot;:false},{&quot;slug&quot;:&quot;features&quot;,&quot;name&quot;:&quot;Caracter\\u00edsticas&quot;,&quot;has_archive&quot;:true,&quot;elements&quot;:[{&quot;name&quot;:&quot;3 Schlafzimmer&quot;,&quot;link&quot;:&quot;https:\\\/\\\/novagestioinmobiliaria.com\\\/de\\\/eigenschaften\\\/3-schlafzimmer\\\/&quot;,&quot;slug&quot;:&quot;3-schlafzimmer&quot;},{&quot;name&quot;:&quot;Gemeinschaftspool&quot;,&quot;link&quot;:&quot;https:\\\/\\\/novagestioinmobiliaria.com\\\/de\\\/eigenschaften\\\/gemeinschaftspool\\\/&quot;,&quot;slug&quot;:&quot;gemeinschaftspool&quot;},{&quot;name&quot;:&quot;Heizung&quot;,&quot;link&quot;:&quot;https:\\\/\\\/novagestioinmobiliaria.com\\\/de\\\/eigenschaften\\\/heizung\\\/&quot;,&quot;slug&quot;:&quot;heizung&quot;},{&quot;name&quot;:&quot;Meerblick&quot;,&quot;link&quot;:&quot;https:\\\/\\\/novagestioinmobiliaria.com\\\/de\\\/eigenschaften\\\/meerblick\\\/&quot;,&quot;slug&quot;:&quot;meerblick&quot;},{&quot;name&quot;:&quot;Panoramablick&quot;,&quot;link&quot;:&quot;https:\\\/\\\/novagestioinmobiliaria.com\\\/de\\\/eigenschaften\\\/panoramablick\\\/&quot;,&quot;slug&quot;:&quot;panoramablick&quot;},{&quot;name&quot;:&quot;Ruhige Lage&quot;,&quot;link&quot;:&quot;https:\\\/\\\/novagestioinmobiliaria.com\\\/de\\\/eigenschaften\\\/ruhige-lage\\\/&quot;,&quot;slug&quot;:&quot;ruhige-lage&quot;},{&quot;name&quot;:&quot;Terrasse&quot;,&quot;link&quot;:&quot;https:\\\/\\\/novagestioinmobiliaria.com\\\/de\\\/eigenschaften\\\/terrasse\\\/&quot;,&quot;slug&quot;:&quot;terrasse&quot;}],&quot;card&quot;:false,&quot;show&quot;:true,&quot;display_after&quot;:&quot;&quot;,&quot;new_box&quot;:true}],&quot;views&quot;:15,&quot;days_ago&quot;:&quot;1\\u00a0Monat.&quot;,&quot;image_id&quot;:88509,&quot;image_url&quot;:&quot;https:\\\/\\\/novagestioinmobiliaria.com\\\/wp-content\\\/uploads\\\/2026\\\/03\\\/Piso-en-venta-en-Capdepera-ref-1879-2.jpg&quot;,&quot;tags&quot;:[{&quot;name&quot;:&quot;Caracter\\u00edsticas&quot;,&quot;elements&quot;:[{&quot;name&quot;:&quot;3 Schlafzimmer&quot;,&quot;link&quot;:&quot;https:\\\/\\\/novagestioinmobiliaria.com\\\/de\\\/eigenschaften\\\/3-schlafzimmer\\\/&quot;},{&quot;name&quot;:&quot;Gemeinschaftspool&quot;,&quot;link&quot;:&quot;https:\\\/\\\/novagestioinmobiliaria.com\\\/de\\\/eigenschaften\\\/gemeinschaftspool\\\/&quot;},{&quot;name&quot;:&quot;Heizung&quot;,&quot;link&quot;:&quot;https:\\\/\\\/novagestioinmobiliaria.com\\\/de\\\/eigenschaften\\\/heizung\\\/&quot;},{&quot;name&quot;:&quot;Meerblick&quot;,&quot;link&quot;:&quot;https:\\\/\\\/novagestioinmobiliaria.com\\\/de\\\/eigenschaften\\\/meerblick\\\/&quot;},{&quot;name&quot;:&quot;Panoramablick&quot;,&quot;link&quot;:&quot;https:\\\/\\\/novagestioinmobiliaria.com\\\/de\\\/eigenschaften\\\/panoramablick\\\/&quot;},{&quot;name&quot;:&quot;Ruhige Lage&quot;,&quot;link&quot;:&quot;https:\\\/\\\/novagestioinmobiliaria.com\\\/de\\\/eigenschaften\\\/ruhige-lage\\\/&quot;},{&quot;name&quot;:&quot;Terrasse&quot;,&quot;link&quot;:&quot;https:\\\/\\\/novagestioinmobiliaria.com\\\/de\\\/eigenschaften\\\/terrasse\\\/&quot;}],&quot;has_archive&quot;:true}],&quot;status&quot;:&quot;publish&quot;,&quot;plans&quot;:[],&quot;video_plan&quot;:{&quot;src&quot;:&quot;&quot;,&quot;video&quot;:&quot;&quot;},&quot;virtual_tour&quot;:null,&quot;state&quot;:&quot;&quot;,&quot;labels&quot;:[],&quot;image&quot;:&quot;https:\\\/\\\/novagestioinmobiliaria.com\\\/wp-content\\\/uploads\\\/2026\\\/03\\\/Piso-en-venta-en-Capdepera-ref-1879-2-400x250.jpg&quot;,&quot;image_srcset&quot;:&quot;https:\\\/\\\/novagestioinmobiliaria.com\\\/wp-content\\\/uploads\\\/2026\\\/03\\\/Piso-en-venta-en-Capdepera-ref-1879-2-200x125.jpg 200w, https:\\\/\\\/novagestioinmobiliaria.com\\\/wp-content\\\/uploads\\\/2026\\\/03\\\/Piso-en-venta-en-Capdepera-ref-1879-2-800x500.jpg 800w, https:\\\/\\\/novagestioinmobiliaria.com\\\/wp-content\\\/uploads\\\/2026\\\/03\\\/Piso-en-venta-en-Capdepera-ref-1879-2-600x375.jpg 600w, https:\\\/\\\/novagestioinmobiliaria.com\\\/wp-content\\\/uploads\\\/2026\\\/03\\\/Piso-en-venta-en-Capdepera-ref-1879-2-400x250.jpg 400w&quot;}],&quot;count&quot;:227},&quot;site&quot;:&quot;https:\\\/\\\/novagestioinmobiliaria.com&quot;,&quot;defaults&quot;:{&quot;property-type&quot;:&quot;any&quot;,&quot;offer-type&quot;:&quot;any&quot;,&quot;city&quot;:&quot;any&quot;,&quot;price_from&quot;:&quot;&quot;,&quot;price_to&quot;:&quot;&quot;,&quot;keyword&quot;:&quot;&quot;,&quot;bedrooms_from&quot;:&quot;&quot;,&quot;bedrooms_to&quot;:&quot;&quot;,&quot;bathrooms_from&quot;:&quot;&quot;,&quot;bathrooms_to&quot;:&quot;&quot;,&quot;property-size_from&quot;:&quot;&quot;,&quot;property-size_to&quot;:&quot;&quot;,&quot;lot-size_from&quot;:&quot;&quot;,&quot;lot-size_to&quot;:&quot;&quot;,&quot;year-built_from&quot;:&quot;&quot;,&quot;year-built_to&quot;:&quot;&quot;,&quot;agent_id&quot;:0},&quot;filters&quot;:{},&quot;showSortBy&quot;:true,&quot;showViewTypes&quot;:true,&quot;lang&quot;:&quot;de&quot;,&quot;sort&quot;:&quot;newest&quot;,&quot;featured&quot;:false}'\r\n\t\t\t\t\t\t  :translations='{&quot;sell&quot;:&quot;Sell&quot;,&quot;rent&quot;:&quot;Rent&quot;,&quot;compare&quot;:&quot;Vergleichen&quot;,&quot;added&quot;:&quot;Zus\\u00e4tzlich&quot;,&quot;details&quot;:&quot;Details&quot;,&quot;more&quot;:&quot;Mehr sehen&quot;,&quot;newest&quot;:&quot;Neueste&quot;,&quot;sort_by&quot;:&quot;Sortiere nach&quot;,&quot;popular&quot;:&quot;Popular&quot;,&quot;price&quot;:&quot;Preis&quot;,&quot;reset&quot;:&quot;reset&quot;,&quot;full_screen&quot;:&quot;Full Screen&quot;,&quot;prev&quot;:&quot;previous&quot;,&quot;next&quot;:&quot;next&quot;,&quot;price_high_to_low&quot;:&quot;Preis (absteigend)&quot;,&quot;price_low_to_high&quot;:&quot;Preis (aufsteigend)&quot;,&quot;results&quot;:&quot;Ergebnisse&quot;,&quot;found&quot;:&quot;Immobilien gefunden&quot;}'>\r\n\t\t\t<\/listing-grid>\r\n\t\t\t\t\t\t<\/div>\r\n\t\t\r\n\t\t\r\n\t\t\r\n\t\t\t\t<\/div>\r\n\t\t[vc_empty_space]\r\n\t\t<div class=\"mh-heading-wrapper  \">\r\n\t\t\t\r\n\t\t\t<h2 class=\"mh-heading  mh-heading--bottom-separator   \"\r\n\t\t\t\t\tstyle=\"font-weight:700;\">\r\n\t\t\t\tTOP-IMMOBILIEN ZU VERKAUFEN\t\t\t<\/h2>\r\n\r\n\t\t\t\r\n\t\t\t\t\t<\/div>\r\n\r\n        \t\t\t<div class=\"mh-carousel owl-carousel owl-carousel--visible-3 \">\r\n\t\t\t\t\r\n\t\t\t\t\t<div class=\"item\">\r\n\t\t\t\t\t\t<article class=\"mh-estate-vertical mh-estate-vertical--white  mh-attribute-property-type__stadthaeuser-ebenerdige-wohnungen mh-attribute-offer-type__zu-verkaufen mh-attribute-city__felanitx-de mh-attribute-features__2-doppelzimmer mh-attribute-features__einbaukueche mh-attribute-features__garage-de mh-attribute-features__kamin mh-attribute-features__moebliert mh-attribute-features__obergeschoss mh-attribute-features__privatpool mh-attribute-features__reformiert mh-attribute-features__terrasse mh-attribute-features__wohnungen mh-attribute-features__zentrale-lage\">\r\n\t\t\t\t\t\t\t<a href=\"https:\/\/novagestioinmobiliaria.com\/de\/propiedades-properties-immobilien\/haus-zum-verkauf-in-felanitx-ca1672fe-vde\/\"\r\n\t\t\t\t\t\t\t   title=\"Haus zum Verkauf in Felanitx : : CA1672FE-VDE\"\r\n\t\t\t\t\t\t\t   class=\"mh-thumbnail\">\r\n                        <span class=\"mh-thumbnail__inner\">\r\n                                    <img\r\n                    data-srcset=\"https:\/\/novagestioinmobiliaria.com\/wp-content\/uploads\/2024\/08\/Casa-en-venta-Felanitx-techo-libre-ref-1672-16-200x125.jpg 200w, https:\/\/novagestioinmobiliaria.com\/wp-content\/uploads\/2024\/08\/Casa-en-venta-Felanitx-techo-libre-ref-1672-16-800x500.jpg 800w, https:\/\/novagestioinmobiliaria.com\/wp-content\/uploads\/2024\/08\/Casa-en-venta-Felanitx-techo-libre-ref-1672-16-600x375.jpg 600w, https:\/\/novagestioinmobiliaria.com\/wp-content\/uploads\/2024\/08\/Casa-en-venta-Felanitx-techo-libre-ref-1672-16-400x250.jpg 400w\"\r\n                    class=\"lazyload \" alt=\"Haus zum Verkauf in Felanitx : : CA1672FE-VDE\"\r\n                    data-sizes=\"auto\"\r\n            >\r\n\t\t\t                        <\/span>\r\n\r\n\t\t\t\t\t\t\t\t\t\t\t\t\t\t\t\t\t<div class=\"mh-caption\">\r\n\t\t\t\t\t\t\t\t\t\t<div class=\"mh-caption__inner\">\r\n\t\t\t\t\t\t\t\t\t\t\tZu verkaufen\t\t\t\t\t\t\t\t\t\t<\/div>\r\n\t\t\t\t\t\t\t\t\t<\/div>\r\n\t\t\t\t\t\t\t\t\t\r\n\t\t\t\t\t\t\t\t<div class=\"mh-estate-vertical__text\">\r\n\t\t\t\t\t\t\t\t\t<div class=\"mh-estate-vertical__text__inner\">\r\n\t\t\t\t\t\t\t\t\t\tDieses ger\u00e4umige Haus zum Verkauf in Felanitx hat eine Gesamtfl\u00e4che von 170 m\u00b2, von denen 130 m\u00b2 nutzbar sind. Das...\t\t\t\t\t\t\t\t\t<\/div>\r\n\t\t\t\t\t\t\t\t<\/div>\r\n\t\t\t\t\t\t\t<\/a>\r\n\r\n\t\t\t\t\t\t\t<div class=\"mh-estate-vertical__content\">\r\n\t\t\t\t\t\t\t\t<h3 class=\"mh-estate-vertical__heading\">\r\n\t\t\t\t\t\t\t\t\t<a href=\"https:\/\/novagestioinmobiliaria.com\/de\/propiedades-properties-immobilien\/haus-zum-verkauf-in-felanitx-ca1672fe-vde\/\"\r\n\t\t\t\t\t\t\t\t\t   title=\"Haus zum Verkauf in Felanitx : : CA1672FE-VDE\">\r\n\t\t\t\t\t\t\t\t\t\tHaus zum Verkauf in Felanitx : : CA1672FE-VDE\t\t\t\t\t\t\t\t\t<\/a>\r\n\t\t\t\t\t\t\t\t<\/h3>\r\n\t\t\t\t\t\t\t\t<address class=\"mh-estate-vertical__subheading\">\r\n\t\t\t\t\t\t\t\t\t\t\t\t\t\t\t\t\t<\/address>\r\n\t\t\t\t\t\t\t\t<div class=\"mh-estate-vertical__primary\">\r\n\t\t\t\t\t\t\t\t\t450.000 \u20ac\t\t\t\t\t\t\t\t<\/div>\r\n\r\n\t\t\t\t\t\t\t\t<div>\r\n\t\t\t\t\t\t\t\t\t<div class=\"mh-estate__list\">\r\n\t\t\t\t\t\t\t\t\t\t\r\n\t\t\t\t\t\t\t\t\t\t\t<span class=\"mh-estate-vertical__more-info mh-estate_attribute-offer-type\">\r\n                                        <strong>Tipo operaci\u00f3n:<\/strong>\r\n\t\t\t\t\t\t\t\t\t\t\t\t\t\t\t\t\t\t\t\t\t\t\t\t\t\tZu verkaufen\t\t\t\t\t\t\t\t\t\t\t\t\t\t                                    <\/span>\r\n\r\n\t\t\t\t\t\t\t\t\t\t\r\n\t\t\t\t\t\t\t\t\t\t\t<span class=\"mh-estate-vertical__more-info mh-estate_attribute-bedrooms\">\r\n                                        <strong>Habitaciones:<\/strong>\r\n\t\t\t\t\t\t\t\t\t\t\t\t2                                    <\/span>\r\n\r\n\t\t\t\t\t\t\t\t\t\t\r\n\t\t\t\t\t\t\t\t\t\t\t<span class=\"mh-estate-vertical__more-info mh-estate_attribute-bathrooms\">\r\n                                        <strong>Ba\u00f1os:<\/strong>\r\n\t\t\t\t\t\t\t\t\t\t\t\t2                                    <\/span>\r\n\r\n\t\t\t\t\t\t\t\t\t\t\r\n\t\t\t\t\t\t\t\t\t\t\t<span class=\"mh-estate-vertical__more-info mh-estate_attribute-property-size\">\r\n                                        <strong>M2:<\/strong>\r\n\t\t\t\t\t\t\t\t\t\t\t\t170 m\u00b2                                    <\/span>\r\n\r\n\t\t\t\t\t\t\t\t\t\t\t\t\t\t\t\t\t\t\t<\/div>\r\n\t\t\t\t\t\t\t\t<\/div>\r\n\r\n\t\t\t\t\t\t\t\t<div class=\"mh-estate-vertical__bottom\">\r\n\t\t\t\t\t\t\t\t\t<div class=\"mh-estate-vertical__bottom__inner\">\r\n\t\t\t\t\t\t\t\t\t\t<div class=\"mh-estate-vertical__date\">\r\n\t\t\t\t\t\t\t\t\t\t\t1\u00a0Woche.\t\t\t\t\t\t\t\t\t\t<\/div>\r\n\t\t\t\t\t\t\t\t\t\t<div class=\"mh-estate-vertical__buttons-wrapper\">\r\n\t\t\t\t\t\t\t\t\t\t\t<div class=\"mh-estate-vertical__buttons\">\r\n\t\t\t\t\t\t\t\t\t\t\t\t<div class=\"mh-estate-vertical__buttons__single\">\r\n\t\t\t\t\t\t\t\t\t\t\t\t\t<compare-button class=\"myhome-compare\"\r\n\t\t\t\t\t\t\t\t\t\t\t\t\t\t\t\t\t:translations='{&quot;added&quot;:&quot;Zus\\u00e4tzlich&quot;,&quot;compare&quot;:&quot;Vergleichen&quot;}'\r\n\t\t\t\t\t\t\t\t\t\t\t\t\t\t\t\t\t:estate='{&quot;short_excerpt_limit&quot;:125,&quot;long_excerpt_limit&quot;:160,&quot;id&quot;:73594,&quot;agent_id&quot;:&quot;24&quot;,&quot;title&quot;:&quot;Haus zum Verkauf in Felanitx : : CA1672FE-VDE&quot;,&quot;content&quot;:&quot;Dieses ger\\u00e4umige Haus zum Verkauf in Felanitx hat eine Gesamtfl\\u00e4che von 170 m\\u00b2, von denen 130 m\\u00b2 nutzbar sind. Das Anwesen verf\\u00fcgt \\u00fcber 2 Schlafzimmer und 2 B\\u00e4der und ist zwischen 10 und 20 Jahre alt. Es hat einen gem\\u00fctlichen Kamin, eine K\\u00fcche, ein Esszimmer und eine sonnige Terrasse mit einem genehmigten Projekt zum Bau eines Swimmingpools. Das Haus verf\\u00fcgt \\u00fcber zwei Terrassen im Obergeschoss, ein Ankleidezimmer und ein Fernsehzimmer. Es wurde vor 5 Jahren renoviert und wird teilm\\u00f6bliert verkauft und hat eine kleine Garage als Abstellraum. \\u00d6l-Zentralheizung.\\r\\n\\r\\nVerpassen Sie nicht die Gelegenheit, diese Immobilie mit ihrem eigenen Charme zu erwerben.\\r\\n\\r\\nNova Gesti\\u00f3-Immobilien in Felanitx&quot;,&quot;excerpt&quot;:&quot;Dieses ger\\u00e4umige Haus zum Verkauf in Felanitx hat eine Gesamtfl\\u00e4che von 170 m\\u00b2, von denen 130 m\\u00b2 nutzbar sind. Das Anwesen verf\\u00fcgt \\u00fcber 2 Schlafzimmer und 2 B\\u00e4der und ist zwischen 10 und 20 Jahre alt. Es hat einen gem\\u00fctlichen Kamin, eine K\\u00fcche, ein Esszimmer und eine sonnige Terrasse mit einem genehmigten Projekt zum Bau [\\u2026]&quot;,&quot;short_excerpt&quot;:&quot;Dieses ger\\u00e4umige Haus zum Verkauf in Felanitx hat eine Gesamtfl\\u00e4che von 170 m\\u00b2, von denen 130 m\\u00b2 nutzbar sind. Das Anwesen...&quot;,&quot;long_excerpt&quot;:&quot;Dieses ger\\u00e4umige Haus zum Verkauf in Felanitx hat eine Gesamtfl\\u00e4che von 170 m\\u00b2, von denen 130 m\\u00b2 nutzbar sind. Das Anwesen verf\\u00fcgt \\u00fcber 2 Schlafzimmer und 2 ...&quot;,&quot;link&quot;:&quot;https:\\\/\\\/novagestioinmobiliaria.com\\\/de\\\/propiedades-properties-immobilien\\\/haus-zum-verkauf-in-felanitx-ca1672fe-vde\\\/&quot;,&quot;offer_type&quot;:&quot;Zu verkaufen&quot;,&quot;price&quot;:&quot;450.000 \\u20ac&quot;,&quot;location&quot;:false,&quot;is_featured&quot;:true,&quot;gallery&quot;:[],&quot;attributes&quot;:[{&quot;slug&quot;:&quot;property-type&quot;,&quot;name&quot;:&quot;Tipo propiedad&quot;,&quot;has_archive&quot;:true,&quot;elements&quot;:[{&quot;name&quot;:&quot;Stadth\\u00e4user \\\/ Ebenerdige Wohnungen&quot;,&quot;link&quot;:&quot;https:\\\/\\\/novagestioinmobiliaria.com\\\/de\\\/immobilientyp\\\/stadthaeuser-ebenerdige-wohnungen\\\/&quot;,&quot;slug&quot;:&quot;stadthaeuser-ebenerdige-wohnungen&quot;}],&quot;card&quot;:false,&quot;show&quot;:true,&quot;display_after&quot;:&quot;&quot;,&quot;new_box&quot;:false},{&quot;slug&quot;:&quot;offer-type&quot;,&quot;name&quot;:&quot;Tipo operaci\\u00f3n&quot;,&quot;has_archive&quot;:true,&quot;elements&quot;:[{&quot;name&quot;:&quot;Zu verkaufen&quot;,&quot;link&quot;:&quot;https:\\\/\\\/novagestioinmobiliaria.com\\\/de\\\/offer-type\\\/zu-verkaufen\\\/&quot;,&quot;slug&quot;:&quot;zu-verkaufen&quot;}],&quot;card&quot;:true,&quot;show&quot;:true,&quot;display_after&quot;:&quot;&quot;,&quot;new_box&quot;:false},{&quot;slug&quot;:&quot;city&quot;,&quot;name&quot;:&quot;Zona&quot;,&quot;has_archive&quot;:true,&quot;elements&quot;:[{&quot;name&quot;:&quot;Felanitx&quot;,&quot;link&quot;:&quot;https:\\\/\\\/novagestioinmobiliaria.com\\\/de\\\/city\\\/felanitx-de\\\/&quot;,&quot;slug&quot;:&quot;felanitx-de&quot;}],&quot;card&quot;:false,&quot;show&quot;:true,&quot;display_after&quot;:&quot;&quot;,&quot;new_box&quot;:false},{&quot;slug&quot;:&quot;price&quot;,&quot;name&quot;:&quot;Precio&quot;,&quot;has_archive&quot;:false,&quot;elements&quot;:[{&quot;name&quot;:&quot;450000&quot;,&quot;link&quot;:&quot;&quot;,&quot;slug&quot;:&quot;&quot;}],&quot;show&quot;:false,&quot;card&quot;:false,&quot;display_after&quot;:&quot;\\u20ac&quot;,&quot;new_box&quot;:false},{&quot;slug&quot;:&quot;bedrooms&quot;,&quot;name&quot;:&quot;Habitaciones&quot;,&quot;has_archive&quot;:false,&quot;elements&quot;:[{&quot;name&quot;:&quot;2&quot;,&quot;link&quot;:&quot;&quot;,&quot;slug&quot;:&quot;&quot;}],&quot;show&quot;:true,&quot;card&quot;:true,&quot;display_after&quot;:&quot;&quot;,&quot;new_box&quot;:false},{&quot;slug&quot;:&quot;bathrooms&quot;,&quot;name&quot;:&quot;Ba\\u00f1os&quot;,&quot;has_archive&quot;:false,&quot;elements&quot;:[{&quot;name&quot;:&quot;2&quot;,&quot;link&quot;:&quot;&quot;,&quot;slug&quot;:&quot;&quot;}],&quot;show&quot;:true,&quot;card&quot;:true,&quot;display_after&quot;:&quot;&quot;,&quot;new_box&quot;:false},{&quot;slug&quot;:&quot;property-size&quot;,&quot;name&quot;:&quot;M2&quot;,&quot;has_archive&quot;:false,&quot;elements&quot;:[{&quot;name&quot;:&quot;170&quot;,&quot;link&quot;:&quot;&quot;,&quot;slug&quot;:&quot;&quot;}],&quot;show&quot;:true,&quot;card&quot;:true,&quot;display_after&quot;:&quot;m\\u00b2&quot;,&quot;new_box&quot;:false},{&quot;slug&quot;:&quot;features&quot;,&quot;name&quot;:&quot;Caracter\\u00edsticas&quot;,&quot;has_archive&quot;:true,&quot;elements&quot;:[{&quot;name&quot;:&quot;2 Doppelzimmer&quot;,&quot;link&quot;:&quot;https:\\\/\\\/novagestioinmobiliaria.com\\\/de\\\/eigenschaften\\\/2-doppelzimmer\\\/&quot;,&quot;slug&quot;:&quot;2-doppelzimmer&quot;},{&quot;name&quot;:&quot;Einbauk\\u00fcche&quot;,&quot;link&quot;:&quot;https:\\\/\\\/novagestioinmobiliaria.com\\\/de\\\/eigenschaften\\\/einbaukueche\\\/&quot;,&quot;slug&quot;:&quot;einbaukueche&quot;},{&quot;name&quot;:&quot;Garage&quot;,&quot;link&quot;:&quot;https:\\\/\\\/novagestioinmobiliaria.com\\\/de\\\/eigenschaften\\\/garage-de\\\/&quot;,&quot;slug&quot;:&quot;garage-de&quot;},{&quot;name&quot;:&quot;Kamin&quot;,&quot;link&quot;:&quot;https:\\\/\\\/novagestioinmobiliaria.com\\\/de\\\/eigenschaften\\\/kamin\\\/&quot;,&quot;slug&quot;:&quot;kamin&quot;},{&quot;name&quot;:&quot;M\\u00f6bliert&quot;,&quot;link&quot;:&quot;https:\\\/\\\/novagestioinmobiliaria.com\\\/de\\\/eigenschaften\\\/moebliert\\\/&quot;,&quot;slug&quot;:&quot;moebliert&quot;},{&quot;name&quot;:&quot;Obergeschoss&quot;,&quot;link&quot;:&quot;https:\\\/\\\/novagestioinmobiliaria.com\\\/de\\\/eigenschaften\\\/obergeschoss\\\/&quot;,&quot;slug&quot;:&quot;obergeschoss&quot;},{&quot;name&quot;:&quot;Privatpool&quot;,&quot;link&quot;:&quot;https:\\\/\\\/novagestioinmobiliaria.com\\\/de\\\/eigenschaften\\\/privatpool\\\/&quot;,&quot;slug&quot;:&quot;privatpool&quot;},{&quot;name&quot;:&quot;Reformiert&quot;,&quot;link&quot;:&quot;https:\\\/\\\/novagestioinmobiliaria.com\\\/de\\\/eigenschaften\\\/reformiert\\\/&quot;,&quot;slug&quot;:&quot;reformiert&quot;},{&quot;name&quot;:&quot;Terrasse&quot;,&quot;link&quot;:&quot;https:\\\/\\\/novagestioinmobiliaria.com\\\/de\\\/eigenschaften\\\/terrasse\\\/&quot;,&quot;slug&quot;:&quot;terrasse&quot;},{&quot;name&quot;:&quot;Wohnungen&quot;,&quot;link&quot;:&quot;https:\\\/\\\/novagestioinmobiliaria.com\\\/de\\\/eigenschaften\\\/wohnungen\\\/&quot;,&quot;slug&quot;:&quot;wohnungen&quot;},{&quot;name&quot;:&quot;Zentrale Lage&quot;,&quot;link&quot;:&quot;https:\\\/\\\/novagestioinmobiliaria.com\\\/de\\\/eigenschaften\\\/zentrale-lage\\\/&quot;,&quot;slug&quot;:&quot;zentrale-lage&quot;}],&quot;card&quot;:false,&quot;show&quot;:true,&quot;display_after&quot;:&quot;&quot;,&quot;new_box&quot;:true}],&quot;views&quot;:265,&quot;days_ago&quot;:&quot;1\\u00a0Woche.&quot;,&quot;image_id&quot;:73550,&quot;image_url&quot;:&quot;https:\\\/\\\/novagestioinmobiliaria.com\\\/wp-content\\\/uploads\\\/2024\\\/08\\\/Casa-en-venta-Felanitx-techo-libre-ref-1672-16.jpg&quot;,&quot;tags&quot;:[{&quot;name&quot;:&quot;Caracter\\u00edsticas&quot;,&quot;elements&quot;:[{&quot;name&quot;:&quot;2 Doppelzimmer&quot;,&quot;link&quot;:&quot;https:\\\/\\\/novagestioinmobiliaria.com\\\/de\\\/eigenschaften\\\/2-doppelzimmer\\\/&quot;},{&quot;name&quot;:&quot;Einbauk\\u00fcche&quot;,&quot;link&quot;:&quot;https:\\\/\\\/novagestioinmobiliaria.com\\\/de\\\/eigenschaften\\\/einbaukueche\\\/&quot;},{&quot;name&quot;:&quot;Garage&quot;,&quot;link&quot;:&quot;https:\\\/\\\/novagestioinmobiliaria.com\\\/de\\\/eigenschaften\\\/garage-de\\\/&quot;},{&quot;name&quot;:&quot;Kamin&quot;,&quot;link&quot;:&quot;https:\\\/\\\/novagestioinmobiliaria.com\\\/de\\\/eigenschaften\\\/kamin\\\/&quot;},{&quot;name&quot;:&quot;M\\u00f6bliert&quot;,&quot;link&quot;:&quot;https:\\\/\\\/novagestioinmobiliaria.com\\\/de\\\/eigenschaften\\\/moebliert\\\/&quot;},{&quot;name&quot;:&quot;Obergeschoss&quot;,&quot;link&quot;:&quot;https:\\\/\\\/novagestioinmobiliaria.com\\\/de\\\/eigenschaften\\\/obergeschoss\\\/&quot;},{&quot;name&quot;:&quot;Privatpool&quot;,&quot;link&quot;:&quot;https:\\\/\\\/novagestioinmobiliaria.com\\\/de\\\/eigenschaften\\\/privatpool\\\/&quot;},{&quot;name&quot;:&quot;Reformiert&quot;,&quot;link&quot;:&quot;https:\\\/\\\/novagestioinmobiliaria.com\\\/de\\\/eigenschaften\\\/reformiert\\\/&quot;},{&quot;name&quot;:&quot;Terrasse&quot;,&quot;link&quot;:&quot;https:\\\/\\\/novagestioinmobiliaria.com\\\/de\\\/eigenschaften\\\/terrasse\\\/&quot;},{&quot;name&quot;:&quot;Wohnungen&quot;,&quot;link&quot;:&quot;https:\\\/\\\/novagestioinmobiliaria.com\\\/de\\\/eigenschaften\\\/wohnungen\\\/&quot;},{&quot;name&quot;:&quot;Zentrale Lage&quot;,&quot;link&quot;:&quot;https:\\\/\\\/novagestioinmobiliaria.com\\\/de\\\/eigenschaften\\\/zentrale-lage\\\/&quot;}],&quot;has_archive&quot;:true}],&quot;status&quot;:&quot;publish&quot;,&quot;plans&quot;:[],&quot;video_plan&quot;:{&quot;src&quot;:&quot;&quot;,&quot;video&quot;:&quot;&quot;},&quot;virtual_tour&quot;:null,&quot;state&quot;:&quot;&quot;,&quot;labels&quot;:[],&quot;image&quot;:&quot;https:\\\/\\\/novagestioinmobiliaria.com\\\/wp-content\\\/uploads\\\/2024\\\/08\\\/Casa-en-venta-Felanitx-techo-libre-ref-1672-16-400x250.jpg&quot;,&quot;image_srcset&quot;:&quot;https:\\\/\\\/novagestioinmobiliaria.com\\\/wp-content\\\/uploads\\\/2024\\\/08\\\/Casa-en-venta-Felanitx-techo-libre-ref-1672-16-200x125.jpg 200w, https:\\\/\\\/novagestioinmobiliaria.com\\\/wp-content\\\/uploads\\\/2024\\\/08\\\/Casa-en-venta-Felanitx-techo-libre-ref-1672-16-800x500.jpg 800w, https:\\\/\\\/novagestioinmobiliaria.com\\\/wp-content\\\/uploads\\\/2024\\\/08\\\/Casa-en-venta-Felanitx-techo-libre-ref-1672-16-600x375.jpg 600w, https:\\\/\\\/novagestioinmobiliaria.com\\\/wp-content\\\/uploads\\\/2024\\\/08\\\/Casa-en-venta-Felanitx-techo-libre-ref-1672-16-400x250.jpg 400w&quot;}'>\r\n\t\t\t\t\t\t\t\t\t\t\t\t\t<\/compare-button>\r\n\t\t\t\t\t\t\t\t\t\t\t\t<\/div>\r\n\t\t\t\t\t\t\t\t\t\t\t\t<div class=\"mh-estate-vertical__buttons__single\">\r\n\t\t\t\t\t\t\t\t\t\t\t\t\t<a href=\"https:\/\/novagestioinmobiliaria.com\/de\/propiedades-properties-immobilien\/haus-zum-verkauf-in-felanitx-ca1672fe-vde\/\"\r\n\t\t\t\t\t\t\t\t\t\t\t\t\t   title=\"Haus zum Verkauf in Felanitx : : CA1672FE-VDE\"\r\n\t\t\t\t\t\t\t\t\t\t\t\t\t   class=\"mdl-button mdl-js-button mdl-button--raised mdl-js-ripple-effect mdl-button--primary-ghost\">\r\n\t\t\t\t\t\t\t\t\t\t\t\t\t\tDetails\t\t\t\t\t\t\t\t\t\t\t\t\t\t<span class=\"mdl-button__icon-right\"><i class=\"fa fa-angle-right\"><\/i><\/span>\r\n\t\t\t\t\t\t\t\t\t\t\t\t\t<\/a>\r\n\t\t\t\t\t\t\t\t\t\t\t\t<\/div>\r\n\t\t\t\t\t\t\t\t\t\t\t<\/div>\r\n\t\t\t\t\t\t\t\t\t\t<\/div>\r\n\t\t\t\t\t\t\t\t\t<\/div>\r\n\t\t\t\t\t\t\t\t<\/div>\r\n\t\t\t\t\t\t\t<\/div>\r\n\t\t\t\t\t\t<\/article>\r\n\t\t\t\t\t<\/div>\r\n\t\t\t\t\r\n\t\t\t\t\t<div class=\"item\">\r\n\t\t\t\t\t\t<article class=\"mh-estate-vertical mh-estate-vertical--white  mh-attribute-property-type__wohnungen-apartments mh-attribute-offer-type__zu-verkaufen mh-attribute-city__arta-de mh-attribute-features__3-schlafzimmer mh-attribute-features__auto-stellplatz mh-attribute-features__einbaukueche mh-attribute-features__moebliert mh-attribute-features__ruhige-lage mh-attribute-features__zentrale-lage\">\r\n\t\t\t\t\t\t\t<a href=\"https:\/\/novagestioinmobiliaria.com\/de\/propiedades-properties-immobilien\/wohnung-zu-verkaufen-in-arta-pi1755ar-vde\/\"\r\n\t\t\t\t\t\t\t   title=\"Wohnung zu verkaufen in Art\u00e0 : : PI1755AR-VDE\"\r\n\t\t\t\t\t\t\t   class=\"mh-thumbnail\">\r\n                        <span class=\"mh-thumbnail__inner\">\r\n                                    <img\r\n                    data-srcset=\"https:\/\/novagestioinmobiliaria.com\/wp-content\/uploads\/2025\/05\/2-1-200x125.jpg 200w, https:\/\/novagestioinmobiliaria.com\/wp-content\/uploads\/2025\/05\/2-1-1200x750.jpg 1200w, https:\/\/novagestioinmobiliaria.com\/wp-content\/uploads\/2025\/05\/2-1-800x500.jpg 800w, https:\/\/novagestioinmobiliaria.com\/wp-content\/uploads\/2025\/05\/2-1-600x375.jpg 600w, https:\/\/novagestioinmobiliaria.com\/wp-content\/uploads\/2025\/05\/2-1-400x250.jpg 400w\"\r\n                    class=\"lazyload \" alt=\"Wohnung zu verkaufen in Art\u00e0 : : PI1755AR-VDE\"\r\n                    data-sizes=\"auto\"\r\n            >\r\n\t\t\t                        <\/span>\r\n\r\n\t\t\t\t\t\t\t\t\t\t\t\t\t\t\t\t\t<div class=\"mh-caption\">\r\n\t\t\t\t\t\t\t\t\t\t<div class=\"mh-caption__inner\">\r\n\t\t\t\t\t\t\t\t\t\t\tZu verkaufen\t\t\t\t\t\t\t\t\t\t<\/div>\r\n\t\t\t\t\t\t\t\t\t<\/div>\r\n\t\t\t\t\t\t\t\t\t\r\n\t\t\t\t\t\t\t\t<div class=\"mh-estate-vertical__text\">\r\n\t\t\t\t\t\t\t\t\t<div class=\"mh-estate-vertical__text__inner\">\r\n\t\t\t\t\t\t\t\t\t\tHelle, komplett m\u00f6blierte Wohnung zum Verkauf in Art\u00e0, ideal f\u00fcr diejenigen, die Komfort und Lebensqualit\u00e4t in einer ruhigen Umgebung suchen....\t\t\t\t\t\t\t\t\t<\/div>\r\n\t\t\t\t\t\t\t\t<\/div>\r\n\t\t\t\t\t\t\t<\/a>\r\n\r\n\t\t\t\t\t\t\t<div class=\"mh-estate-vertical__content\">\r\n\t\t\t\t\t\t\t\t<h3 class=\"mh-estate-vertical__heading\">\r\n\t\t\t\t\t\t\t\t\t<a href=\"https:\/\/novagestioinmobiliaria.com\/de\/propiedades-properties-immobilien\/wohnung-zu-verkaufen-in-arta-pi1755ar-vde\/\"\r\n\t\t\t\t\t\t\t\t\t   title=\"Wohnung zu verkaufen in Art\u00e0 : : PI1755AR-VDE\">\r\n\t\t\t\t\t\t\t\t\t\tWohnung zu verkaufen in Art\u00e0 : : PI1755AR-VDE\t\t\t\t\t\t\t\t\t<\/a>\r\n\t\t\t\t\t\t\t\t<\/h3>\r\n\t\t\t\t\t\t\t\t<address class=\"mh-estate-vertical__subheading\">\r\n\t\t\t\t\t\t\t\t\tA\t\t\t\t\t\t\t\t<\/address>\r\n\t\t\t\t\t\t\t\t<div class=\"mh-estate-vertical__primary\">\r\n\t\t\t\t\t\t\t\t\t340.000 \u20ac\t\t\t\t\t\t\t\t<\/div>\r\n\r\n\t\t\t\t\t\t\t\t<div>\r\n\t\t\t\t\t\t\t\t\t<div class=\"mh-estate__list\">\r\n\t\t\t\t\t\t\t\t\t\t\r\n\t\t\t\t\t\t\t\t\t\t\t<span class=\"mh-estate-vertical__more-info mh-estate_attribute-offer-type\">\r\n                                        <strong>Tipo operaci\u00f3n:<\/strong>\r\n\t\t\t\t\t\t\t\t\t\t\t\t\t\t\t\t\t\t\t\t\t\t\t\t\t\tZu verkaufen\t\t\t\t\t\t\t\t\t\t\t\t\t\t                                    <\/span>\r\n\r\n\t\t\t\t\t\t\t\t\t\t\r\n\t\t\t\t\t\t\t\t\t\t\t<span class=\"mh-estate-vertical__more-info mh-estate_attribute-bedrooms\">\r\n                                        <strong>Habitaciones:<\/strong>\r\n\t\t\t\t\t\t\t\t\t\t\t\t3                                    <\/span>\r\n\r\n\t\t\t\t\t\t\t\t\t\t\r\n\t\t\t\t\t\t\t\t\t\t\t<span class=\"mh-estate-vertical__more-info mh-estate_attribute-bathrooms\">\r\n                                        <strong>Ba\u00f1os:<\/strong>\r\n\t\t\t\t\t\t\t\t\t\t\t\t2                                    <\/span>\r\n\r\n\t\t\t\t\t\t\t\t\t\t\r\n\t\t\t\t\t\t\t\t\t\t\t<span class=\"mh-estate-vertical__more-info mh-estate_attribute-property-size\">\r\n                                        <strong>M2:<\/strong>\r\n\t\t\t\t\t\t\t\t\t\t\t\t97 m\u00b2                                    <\/span>\r\n\r\n\t\t\t\t\t\t\t\t\t\t\t\t\t\t\t\t\t\t\t<\/div>\r\n\t\t\t\t\t\t\t\t<\/div>\r\n\r\n\t\t\t\t\t\t\t\t<div class=\"mh-estate-vertical__bottom\">\r\n\t\t\t\t\t\t\t\t\t<div class=\"mh-estate-vertical__bottom__inner\">\r\n\t\t\t\t\t\t\t\t\t\t<div class=\"mh-estate-vertical__date\">\r\n\t\t\t\t\t\t\t\t\t\t\t1\u00a0Woche.\t\t\t\t\t\t\t\t\t\t<\/div>\r\n\t\t\t\t\t\t\t\t\t\t<div class=\"mh-estate-vertical__buttons-wrapper\">\r\n\t\t\t\t\t\t\t\t\t\t\t<div class=\"mh-estate-vertical__buttons\">\r\n\t\t\t\t\t\t\t\t\t\t\t\t<div class=\"mh-estate-vertical__buttons__single\">\r\n\t\t\t\t\t\t\t\t\t\t\t\t\t<compare-button class=\"myhome-compare\"\r\n\t\t\t\t\t\t\t\t\t\t\t\t\t\t\t\t\t:translations='{&quot;added&quot;:&quot;Zus\\u00e4tzlich&quot;,&quot;compare&quot;:&quot;Vergleichen&quot;}'\r\n\t\t\t\t\t\t\t\t\t\t\t\t\t\t\t\t\t:estate='{&quot;short_excerpt_limit&quot;:125,&quot;long_excerpt_limit&quot;:160,&quot;id&quot;:77623,&quot;agent_id&quot;:&quot;26&quot;,&quot;title&quot;:&quot;Wohnung zu verkaufen in Art\\u00e0 : : PI1755AR-VDE&quot;,&quot;content&quot;:&quot;Helle, komplett m\\u00f6blierte Wohnung zum Verkauf in Art\\u00e0, ideal f\\u00fcr diejenigen, die Komfort und Lebensqualit\\u00e4t in einer ruhigen Umgebung suchen.\\r\\nDie Immobilie hat eine Gesamtfl\\u00e4che von 147 m\\u00b2 (einschlie\\u00dflich Parkplatz), davon entfallen 106 m\\u00b2 auf die Wohnung. Sie verf\\u00fcgt \\u00fcber einen gem\\u00fctlichen Eingangsbereich, ein ger\\u00e4umiges und helles Wohn-Esszimmer, eine komplett ausgestattete separate K\\u00fcche, 3 Doppelzimmer, 2 komplette Badezimmer (eines mit Dusche und eines mit Badewanne) und 2 Balkone.\\r\\nHervorzuheben ist die hervorragende W\\u00e4rme- und Schalld\\u00e4mmung dank hochwertiger Au\\u00dfenfenster der Marke Technal und doppelt verglasten Climalit-Fenstern, die ganzj\\u00e4hrigen Komfort gew\\u00e4hrleisten.\\r\\nDie Wohnung befindet sich in einer ruhigen und gut angebundenen Gegend, nur 5 Gehminuten vom Zentrum entfernt und mit leichtem Zugang zu allen Dienstleistungen. Au\\u00dferdem verf\\u00fcgt die Wohnung \\u00fcber einen g\\u00fcltigen Energieausweis und eine aktuelle Wohnungsberechtigungskarte.\\r\\nInklusive Stellplatz in der Gemeinschaftsgarage.\\r\\nNova Gesti\\u00f3 Inmobiliaria - Ihre Immobilienagentur in Art\\u00e0&quot;,&quot;excerpt&quot;:&quot;Helle, komplett m\\u00f6blierte Wohnung zum Verkauf in Art\\u00e0, ideal f\\u00fcr diejenigen, die Komfort und Lebensqualit\\u00e4t in einer ruhigen Umgebung suchen. Die Immobilie hat eine Gesamtfl\\u00e4che von 147 m\\u00b2 (einschlie\\u00dflich Parkplatz), davon entfallen 106 m\\u00b2 auf die Wohnung. Sie verf\\u00fcgt \\u00fcber einen gem\\u00fctlichen Eingangsbereich, ein ger\\u00e4umiges und helles Wohn-Esszimmer, eine komplett ausgestattete separate K\\u00fcche, 3 Doppelzimmer, [\\u2026]&quot;,&quot;short_excerpt&quot;:&quot;Helle, komplett m\\u00f6blierte Wohnung zum Verkauf in Art\\u00e0, ideal f\\u00fcr diejenigen, die Komfort und Lebensqualit\\u00e4t in einer ruhig...&quot;,&quot;long_excerpt&quot;:&quot;Helle, komplett m\\u00f6blierte Wohnung zum Verkauf in Art\\u00e0, ideal f\\u00fcr diejenigen, die Komfort und Lebensqualit\\u00e4t in einer ruhigen Umgebung suchen.\\r\\nDie Immobilie ...&quot;,&quot;link&quot;:&quot;https:\\\/\\\/novagestioinmobiliaria.com\\\/de\\\/propiedades-properties-immobilien\\\/wohnung-zu-verkaufen-in-arta-pi1755ar-vde\\\/&quot;,&quot;offer_type&quot;:&quot;Zu verkaufen&quot;,&quot;price&quot;:&quot;340.000 \\u20ac&quot;,&quot;location&quot;:&quot;A&quot;,&quot;is_featured&quot;:true,&quot;gallery&quot;:[],&quot;attributes&quot;:[{&quot;slug&quot;:&quot;property-type&quot;,&quot;name&quot;:&quot;Tipo propiedad&quot;,&quot;has_archive&quot;:true,&quot;elements&quot;:[{&quot;name&quot;:&quot;Wohnungen \\\/ Apartments&quot;,&quot;link&quot;:&quot;https:\\\/\\\/novagestioinmobiliaria.com\\\/de\\\/immobilientyp\\\/wohnungen-apartments\\\/&quot;,&quot;slug&quot;:&quot;wohnungen-apartments&quot;}],&quot;card&quot;:false,&quot;show&quot;:true,&quot;display_after&quot;:&quot;&quot;,&quot;new_box&quot;:false},{&quot;slug&quot;:&quot;offer-type&quot;,&quot;name&quot;:&quot;Tipo operaci\\u00f3n&quot;,&quot;has_archive&quot;:true,&quot;elements&quot;:[{&quot;name&quot;:&quot;Zu verkaufen&quot;,&quot;link&quot;:&quot;https:\\\/\\\/novagestioinmobiliaria.com\\\/de\\\/offer-type\\\/zu-verkaufen\\\/&quot;,&quot;slug&quot;:&quot;zu-verkaufen&quot;}],&quot;card&quot;:true,&quot;show&quot;:true,&quot;display_after&quot;:&quot;&quot;,&quot;new_box&quot;:false},{&quot;slug&quot;:&quot;city&quot;,&quot;name&quot;:&quot;Zona&quot;,&quot;has_archive&quot;:true,&quot;elements&quot;:[{&quot;name&quot;:&quot;Art\\u00e1&quot;,&quot;link&quot;:&quot;https:\\\/\\\/novagestioinmobiliaria.com\\\/de\\\/city\\\/arta-de\\\/&quot;,&quot;slug&quot;:&quot;arta-de&quot;}],&quot;card&quot;:false,&quot;show&quot;:true,&quot;display_after&quot;:&quot;&quot;,&quot;new_box&quot;:false},{&quot;slug&quot;:&quot;price&quot;,&quot;name&quot;:&quot;Precio&quot;,&quot;has_archive&quot;:false,&quot;elements&quot;:[{&quot;name&quot;:&quot;340000&quot;,&quot;link&quot;:&quot;&quot;,&quot;slug&quot;:&quot;&quot;}],&quot;show&quot;:false,&quot;card&quot;:false,&quot;display_after&quot;:&quot;\\u20ac&quot;,&quot;new_box&quot;:false},{&quot;slug&quot;:&quot;bedrooms&quot;,&quot;name&quot;:&quot;Habitaciones&quot;,&quot;has_archive&quot;:false,&quot;elements&quot;:[{&quot;name&quot;:&quot;3&quot;,&quot;link&quot;:&quot;&quot;,&quot;slug&quot;:&quot;&quot;}],&quot;show&quot;:true,&quot;card&quot;:true,&quot;display_after&quot;:&quot;&quot;,&quot;new_box&quot;:false},{&quot;slug&quot;:&quot;bathrooms&quot;,&quot;name&quot;:&quot;Ba\\u00f1os&quot;,&quot;has_archive&quot;:false,&quot;elements&quot;:[{&quot;name&quot;:&quot;2&quot;,&quot;link&quot;:&quot;&quot;,&quot;slug&quot;:&quot;&quot;}],&quot;show&quot;:true,&quot;card&quot;:true,&quot;display_after&quot;:&quot;&quot;,&quot;new_box&quot;:false},{&quot;slug&quot;:&quot;property-size&quot;,&quot;name&quot;:&quot;M2&quot;,&quot;has_archive&quot;:false,&quot;elements&quot;:[{&quot;name&quot;:&quot;97&quot;,&quot;link&quot;:&quot;&quot;,&quot;slug&quot;:&quot;&quot;}],&quot;show&quot;:true,&quot;card&quot;:true,&quot;display_after&quot;:&quot;m\\u00b2&quot;,&quot;new_box&quot;:false},{&quot;slug&quot;:&quot;features&quot;,&quot;name&quot;:&quot;Caracter\\u00edsticas&quot;,&quot;has_archive&quot;:true,&quot;elements&quot;:[{&quot;name&quot;:&quot;3 Schlafzimmer&quot;,&quot;link&quot;:&quot;https:\\\/\\\/novagestioinmobiliaria.com\\\/de\\\/eigenschaften\\\/3-schlafzimmer\\\/&quot;,&quot;slug&quot;:&quot;3-schlafzimmer&quot;},{&quot;name&quot;:&quot;Auto-Stellplatz&quot;,&quot;link&quot;:&quot;https:\\\/\\\/novagestioinmobiliaria.com\\\/de\\\/eigenschaften\\\/auto-stellplatz\\\/&quot;,&quot;slug&quot;:&quot;auto-stellplatz&quot;},{&quot;name&quot;:&quot;Einbauk\\u00fcche&quot;,&quot;link&quot;:&quot;https:\\\/\\\/novagestioinmobiliaria.com\\\/de\\\/eigenschaften\\\/einbaukueche\\\/&quot;,&quot;slug&quot;:&quot;einbaukueche&quot;},{&quot;name&quot;:&quot;M\\u00f6bliert&quot;,&quot;link&quot;:&quot;https:\\\/\\\/novagestioinmobiliaria.com\\\/de\\\/eigenschaften\\\/moebliert\\\/&quot;,&quot;slug&quot;:&quot;moebliert&quot;},{&quot;name&quot;:&quot;Ruhige Lage&quot;,&quot;link&quot;:&quot;https:\\\/\\\/novagestioinmobiliaria.com\\\/de\\\/eigenschaften\\\/ruhige-lage\\\/&quot;,&quot;slug&quot;:&quot;ruhige-lage&quot;},{&quot;name&quot;:&quot;Zentrale Lage&quot;,&quot;link&quot;:&quot;https:\\\/\\\/novagestioinmobiliaria.com\\\/de\\\/eigenschaften\\\/zentrale-lage\\\/&quot;,&quot;slug&quot;:&quot;zentrale-lage&quot;}],&quot;card&quot;:false,&quot;show&quot;:true,&quot;display_after&quot;:&quot;&quot;,&quot;new_box&quot;:true}],&quot;views&quot;:39,&quot;days_ago&quot;:&quot;1\\u00a0Woche.&quot;,&quot;image_id&quot;:77572,&quot;image_url&quot;:&quot;https:\\\/\\\/novagestioinmobiliaria.com\\\/wp-content\\\/uploads\\\/2025\\\/05\\\/2-1.jpg&quot;,&quot;tags&quot;:[{&quot;name&quot;:&quot;Caracter\\u00edsticas&quot;,&quot;elements&quot;:[{&quot;name&quot;:&quot;3 Schlafzimmer&quot;,&quot;link&quot;:&quot;https:\\\/\\\/novagestioinmobiliaria.com\\\/de\\\/eigenschaften\\\/3-schlafzimmer\\\/&quot;},{&quot;name&quot;:&quot;Auto-Stellplatz&quot;,&quot;link&quot;:&quot;https:\\\/\\\/novagestioinmobiliaria.com\\\/de\\\/eigenschaften\\\/auto-stellplatz\\\/&quot;},{&quot;name&quot;:&quot;Einbauk\\u00fcche&quot;,&quot;link&quot;:&quot;https:\\\/\\\/novagestioinmobiliaria.com\\\/de\\\/eigenschaften\\\/einbaukueche\\\/&quot;},{&quot;name&quot;:&quot;M\\u00f6bliert&quot;,&quot;link&quot;:&quot;https:\\\/\\\/novagestioinmobiliaria.com\\\/de\\\/eigenschaften\\\/moebliert\\\/&quot;},{&quot;name&quot;:&quot;Ruhige Lage&quot;,&quot;link&quot;:&quot;https:\\\/\\\/novagestioinmobiliaria.com\\\/de\\\/eigenschaften\\\/ruhige-lage\\\/&quot;},{&quot;name&quot;:&quot;Zentrale Lage&quot;,&quot;link&quot;:&quot;https:\\\/\\\/novagestioinmobiliaria.com\\\/de\\\/eigenschaften\\\/zentrale-lage\\\/&quot;}],&quot;has_archive&quot;:true}],&quot;status&quot;:&quot;publish&quot;,&quot;plans&quot;:[],&quot;video_plan&quot;:{&quot;src&quot;:&quot;&quot;,&quot;video&quot;:&quot;&quot;},&quot;virtual_tour&quot;:null,&quot;state&quot;:&quot;&quot;,&quot;labels&quot;:[],&quot;image&quot;:&quot;https:\\\/\\\/novagestioinmobiliaria.com\\\/wp-content\\\/uploads\\\/2025\\\/05\\\/2-1-400x250.jpg&quot;,&quot;image_srcset&quot;:&quot;https:\\\/\\\/novagestioinmobiliaria.com\\\/wp-content\\\/uploads\\\/2025\\\/05\\\/2-1-200x125.jpg 200w, https:\\\/\\\/novagestioinmobiliaria.com\\\/wp-content\\\/uploads\\\/2025\\\/05\\\/2-1-1200x750.jpg 1200w, https:\\\/\\\/novagestioinmobiliaria.com\\\/wp-content\\\/uploads\\\/2025\\\/05\\\/2-1-800x500.jpg 800w, https:\\\/\\\/novagestioinmobiliaria.com\\\/wp-content\\\/uploads\\\/2025\\\/05\\\/2-1-600x375.jpg 600w, https:\\\/\\\/novagestioinmobiliaria.com\\\/wp-content\\\/uploads\\\/2025\\\/05\\\/2-1-400x250.jpg 400w&quot;}'>\r\n\t\t\t\t\t\t\t\t\t\t\t\t\t<\/compare-button>\r\n\t\t\t\t\t\t\t\t\t\t\t\t<\/div>\r\n\t\t\t\t\t\t\t\t\t\t\t\t<div class=\"mh-estate-vertical__buttons__single\">\r\n\t\t\t\t\t\t\t\t\t\t\t\t\t<a href=\"https:\/\/novagestioinmobiliaria.com\/de\/propiedades-properties-immobilien\/wohnung-zu-verkaufen-in-arta-pi1755ar-vde\/\"\r\n\t\t\t\t\t\t\t\t\t\t\t\t\t   title=\"Wohnung zu verkaufen in Art\u00e0 : : PI1755AR-VDE\"\r\n\t\t\t\t\t\t\t\t\t\t\t\t\t   class=\"mdl-button mdl-js-button mdl-button--raised mdl-js-ripple-effect mdl-button--primary-ghost\">\r\n\t\t\t\t\t\t\t\t\t\t\t\t\t\tDetails\t\t\t\t\t\t\t\t\t\t\t\t\t\t<span class=\"mdl-button__icon-right\"><i class=\"fa fa-angle-right\"><\/i><\/span>\r\n\t\t\t\t\t\t\t\t\t\t\t\t\t<\/a>\r\n\t\t\t\t\t\t\t\t\t\t\t\t<\/div>\r\n\t\t\t\t\t\t\t\t\t\t\t<\/div>\r\n\t\t\t\t\t\t\t\t\t\t<\/div>\r\n\t\t\t\t\t\t\t\t\t<\/div>\r\n\t\t\t\t\t\t\t\t<\/div>\r\n\t\t\t\t\t\t\t<\/div>\r\n\t\t\t\t\t\t<\/article>\r\n\t\t\t\t\t<\/div>\r\n\t\t\t\t\r\n\t\t\t\t\t<div class=\"item\">\r\n\t\t\t\t\t\t<article class=\"mh-estate-vertical mh-estate-vertical--white  mh-attribute-property-type__landgrundstuecke-bebaubares-land mh-attribute-offer-type__zu-verkaufen mh-attribute-city__porreres-de mh-attribute-features__ausblick-auf-die-berge mh-attribute-features__bebaubar mh-attribute-features__privatpool mh-attribute-features__ruhige-lage mh-attribute-features__unverbaubare-aussicht\">\r\n\t\t\t\t\t\t\t<a href=\"https:\/\/novagestioinmobiliaria.com\/de\/propiedades-properties-immobilien\/rustikales-grundstueck-in-porreres-zu-verkaufen-fr1885po-vde\/\"\r\n\t\t\t\t\t\t\t   title=\"Rustikales Grundst\u00fcck in Porreres zu verkaufen : : FR1885PO-VDE\"\r\n\t\t\t\t\t\t\t   class=\"mh-thumbnail\">\r\n                        <span class=\"mh-thumbnail__inner\">\r\n                                    <img\r\n                    data-srcset=\"https:\/\/novagestioinmobiliaria.com\/wp-content\/uploads\/2026\/04\/FincaRustica-venta-porreres-ref-1885-1-200x125.jpg 200w, https:\/\/novagestioinmobiliaria.com\/wp-content\/uploads\/2026\/04\/FincaRustica-venta-porreres-ref-1885-1-800x500.jpg 800w, https:\/\/novagestioinmobiliaria.com\/wp-content\/uploads\/2026\/04\/FincaRustica-venta-porreres-ref-1885-1-600x375.jpg 600w, https:\/\/novagestioinmobiliaria.com\/wp-content\/uploads\/2026\/04\/FincaRustica-venta-porreres-ref-1885-1-400x250.jpg 400w\"\r\n                    class=\"lazyload \" alt=\"Rustikales Grundst\u00fcck in Porreres zu verkaufen : : FR1885PO-VDE\"\r\n                    data-sizes=\"auto\"\r\n            >\r\n\t\t\t                        <\/span>\r\n\r\n\t\t\t\t\t\t\t\t\t\t\t\t\t\t\t\t\t<div class=\"mh-caption\">\r\n\t\t\t\t\t\t\t\t\t\t<div class=\"mh-caption__inner\">\r\n\t\t\t\t\t\t\t\t\t\t\tZu verkaufen\t\t\t\t\t\t\t\t\t\t<\/div>\r\n\t\t\t\t\t\t\t\t\t<\/div>\r\n\t\t\t\t\t\t\t\t\t\r\n\t\t\t\t\t\t\t\t<div class=\"mh-estate-vertical__text\">\r\n\t\t\t\t\t\t\t\t\t<div class=\"mh-estate-vertical__text__inner\">\r\n\t\t\t\t\t\t\t\t\t\tWundersch\u00f6nes baureifes rustikales Grundst\u00fcck von 17.368 m\u00b2 in Porreres zu verkaufen, komplett mit traditioneller mallorquinischer Steinmauer begrenzt, umgeben von Zypressen...\t\t\t\t\t\t\t\t\t<\/div>\r\n\t\t\t\t\t\t\t\t<\/div>\r\n\t\t\t\t\t\t\t<\/a>\r\n\r\n\t\t\t\t\t\t\t<div class=\"mh-estate-vertical__content\">\r\n\t\t\t\t\t\t\t\t<h3 class=\"mh-estate-vertical__heading\">\r\n\t\t\t\t\t\t\t\t\t<a href=\"https:\/\/novagestioinmobiliaria.com\/de\/propiedades-properties-immobilien\/rustikales-grundstueck-in-porreres-zu-verkaufen-fr1885po-vde\/\"\r\n\t\t\t\t\t\t\t\t\t   title=\"Rustikales Grundst\u00fcck in Porreres zu verkaufen : : FR1885PO-VDE\">\r\n\t\t\t\t\t\t\t\t\t\tRustikales Grundst\u00fcck in Porreres zu verkaufen : : FR1885PO-VDE\t\t\t\t\t\t\t\t\t<\/a>\r\n\t\t\t\t\t\t\t\t<\/h3>\r\n\t\t\t\t\t\t\t\t<address class=\"mh-estate-vertical__subheading\">\r\n\t\t\t\t\t\t\t\t\tP\t\t\t\t\t\t\t\t<\/address>\r\n\t\t\t\t\t\t\t\t<div class=\"mh-estate-vertical__primary\">\r\n\t\t\t\t\t\t\t\t\t295.000 \u20ac\t\t\t\t\t\t\t\t<\/div>\r\n\r\n\t\t\t\t\t\t\t\t<div>\r\n\t\t\t\t\t\t\t\t\t<div class=\"mh-estate__list\">\r\n\t\t\t\t\t\t\t\t\t\t\r\n\t\t\t\t\t\t\t\t\t\t\t<span class=\"mh-estate-vertical__more-info mh-estate_attribute-offer-type\">\r\n                                        <strong>Tipo operaci\u00f3n:<\/strong>\r\n\t\t\t\t\t\t\t\t\t\t\t\t\t\t\t\t\t\t\t\t\t\t\t\t\t\tZu verkaufen\t\t\t\t\t\t\t\t\t\t\t\t\t\t                                    <\/span>\r\n\r\n\t\t\t\t\t\t\t\t\t\t\r\n\t\t\t\t\t\t\t\t\t\t\t<span class=\"mh-estate-vertical__more-info mh-estate_attribute-property-size\">\r\n                                        <strong>M2:<\/strong>\r\n\t\t\t\t\t\t\t\t\t\t\t\t300 ca. m\u00b2                                    <\/span>\r\n\r\n\t\t\t\t\t\t\t\t\t\t\t\t\t\t\t\t\t\t\t<\/div>\r\n\t\t\t\t\t\t\t\t<\/div>\r\n\r\n\t\t\t\t\t\t\t\t<div class=\"mh-estate-vertical__bottom\">\r\n\t\t\t\t\t\t\t\t\t<div class=\"mh-estate-vertical__bottom__inner\">\r\n\t\t\t\t\t\t\t\t\t\t<div class=\"mh-estate-vertical__date\">\r\n\t\t\t\t\t\t\t\t\t\t\t2\u00a0Wochen.\t\t\t\t\t\t\t\t\t\t<\/div>\r\n\t\t\t\t\t\t\t\t\t\t<div class=\"mh-estate-vertical__buttons-wrapper\">\r\n\t\t\t\t\t\t\t\t\t\t\t<div class=\"mh-estate-vertical__buttons\">\r\n\t\t\t\t\t\t\t\t\t\t\t\t<div class=\"mh-estate-vertical__buttons__single\">\r\n\t\t\t\t\t\t\t\t\t\t\t\t\t<compare-button class=\"myhome-compare\"\r\n\t\t\t\t\t\t\t\t\t\t\t\t\t\t\t\t\t:translations='{&quot;added&quot;:&quot;Zus\\u00e4tzlich&quot;,&quot;compare&quot;:&quot;Vergleichen&quot;}'\r\n\t\t\t\t\t\t\t\t\t\t\t\t\t\t\t\t\t:estate='{&quot;short_excerpt_limit&quot;:125,&quot;long_excerpt_limit&quot;:160,&quot;id&quot;:89027,&quot;agent_id&quot;:&quot;26&quot;,&quot;title&quot;:&quot;Rustikales Grundst\\u00fcck in Porreres zu verkaufen : : FR1885PO-VDE&quot;,&quot;content&quot;:&quot;Wundersch\\u00f6nes baureifes rustikales Grundst\\u00fcck von 17.368 m\\u00b2 in Porreres zu verkaufen, komplett mit traditioneller mallorquinischer Steinmauer begrenzt, umgeben von Zypressen und sorgf\\u00e4ltig gepflanzten Olivenb\\u00e4umen, was ihm einen authentischen und sehr besonderen Charakter verleiht. Gelegen in einer ruhigen, sonnigen Gegend mit guter Zufahrt \\u00fcber eine asphaltierte Stra\\u00dfe, ideal f\\u00fcr diejenigen, die Privatsph\\u00e4re suchen, ohne auf die Bequemlichkeit der Anbindung zu verzichten.\\r\\nDas Anwesen hatte fr\\u00fcher ein Projekt f\\u00fcr den Bau eines Einfamilienhauses von ca. 300 m\\u00b2 mit Terrasse, Veranda und Pool. Dieses Projekt ist derzeit nicht in Kraft, es besteht jedoch die M\\u00f6glichkeit, ein neues Projekt zu beantragen, das an die Bed\\u00fcrfnisse und Vorlieben des zuk\\u00fcnftigen Besitzers angepasst ist, entsprechend den geltenden st\\u00e4dtebaulichen Vorschriften.\\r\\nEs besteht eine reale M\\u00f6glichkeit der Stromnetzanschlusses und Wasserverf\\u00fcgbarkeit \\u00fcber einen Z\\u00e4hler, was die Entwicklung jedes neuen Projekts erleichtert.\\r\\nEine ausgezeichnete Gelegenheit, ein ma\\u00dfgeschneidertes Haus in einer privilegierten nat\\u00fcrlichen Umgebung zu entwickeln, mit dem ganzen Charme der mallorquinischen Landschaft.\\r\\nNova Gesti\\u00f3, Ihre vertrauensw\\u00fcrdige Immobilienagentur in Porreres.&quot;,&quot;excerpt&quot;:&quot;Wundersch\\u00f6nes baureifes rustikales Grundst\\u00fcck von 17.368 m\\u00b2 in Porreres zu verkaufen, komplett mit traditioneller mallorquinischer Steinmauer begrenzt, umgeben von Zypressen und sorgf\\u00e4ltig gepflanzten Olivenb\\u00e4umen, was ihm einen authentischen und sehr besonderen Charakter verleiht. Gelegen in einer ruhigen, sonnigen Gegend mit guter Zufahrt \\u00fcber eine asphaltierte Stra\\u00dfe, ideal f\\u00fcr diejenigen, die Privatsph\\u00e4re suchen, ohne auf die [\\u2026]&quot;,&quot;short_excerpt&quot;:&quot;Wundersch\\u00f6nes baureifes rustikales Grundst\\u00fcck von 17.368 m\\u00b2 in Porreres zu verkaufen, komplett mit traditioneller mallorqu...&quot;,&quot;long_excerpt&quot;:&quot;Wundersch\\u00f6nes baureifes rustikales Grundst\\u00fcck von 17.368 m\\u00b2 in Porreres zu verkaufen, komplett mit traditioneller mallorquinischer Steinmauer begrenzt, umgeb...&quot;,&quot;link&quot;:&quot;https:\\\/\\\/novagestioinmobiliaria.com\\\/de\\\/propiedades-properties-immobilien\\\/rustikales-grundstueck-in-porreres-zu-verkaufen-fr1885po-vde\\\/&quot;,&quot;offer_type&quot;:&quot;Zu verkaufen&quot;,&quot;price&quot;:&quot;295.000 \\u20ac&quot;,&quot;location&quot;:&quot;P&quot;,&quot;is_featured&quot;:true,&quot;gallery&quot;:[{&quot;id&quot;:89025,&quot;url&quot;:&quot;https:\\\/\\\/novagestioinmobiliaria.com\\\/wp-content\\\/uploads\\\/2026\\\/04\\\/FincaRustica-venta-porreres-ref-1885-6.jpg&quot;,&quot;alt&quot;:&quot;&quot;},{&quot;id&quot;:89022,&quot;url&quot;:&quot;https:\\\/\\\/novagestioinmobiliaria.com\\\/wp-content\\\/uploads\\\/2026\\\/04\\\/FincaRustica-venta-porreres-ref-1885-5.jpg&quot;,&quot;alt&quot;:&quot;&quot;},{&quot;id&quot;:89019,&quot;url&quot;:&quot;https:\\\/\\\/novagestioinmobiliaria.com\\\/wp-content\\\/uploads\\\/2026\\\/04\\\/FincaRustica-venta-porreres-ref-1885-4.jpg&quot;,&quot;alt&quot;:&quot;&quot;},{&quot;id&quot;:89016,&quot;url&quot;:&quot;https:\\\/\\\/novagestioinmobiliaria.com\\\/wp-content\\\/uploads\\\/2026\\\/04\\\/FincaRustica-venta-porreres-ref-1885-3.jpg&quot;,&quot;alt&quot;:&quot;&quot;},{&quot;id&quot;:89013,&quot;url&quot;:&quot;https:\\\/\\\/novagestioinmobiliaria.com\\\/wp-content\\\/uploads\\\/2026\\\/04\\\/FincaRustica-venta-porreres-ref-1885-2.jpg&quot;,&quot;alt&quot;:&quot;&quot;},{&quot;id&quot;:89010,&quot;url&quot;:&quot;https:\\\/\\\/novagestioinmobiliaria.com\\\/wp-content\\\/uploads\\\/2026\\\/04\\\/FincaRustica-venta-porreres-ref-1885-1.jpg&quot;,&quot;alt&quot;:&quot;&quot;},{&quot;id&quot;:89007,&quot;url&quot;:&quot;https:\\\/\\\/novagestioinmobiliaria.com\\\/wp-content\\\/uploads\\\/2026\\\/04\\\/FincaRustica-venta-porreres-ref-1885-7.jpg&quot;,&quot;alt&quot;:&quot;&quot;}],&quot;attributes&quot;:[{&quot;slug&quot;:&quot;property-type&quot;,&quot;name&quot;:&quot;Tipo propiedad&quot;,&quot;has_archive&quot;:true,&quot;elements&quot;:[{&quot;name&quot;:&quot;Landgrundst\\u00fccke \\\/ Bebaubares Land&quot;,&quot;link&quot;:&quot;https:\\\/\\\/novagestioinmobiliaria.com\\\/de\\\/immobilientyp\\\/landgrundstuecke-bebaubares-land\\\/&quot;,&quot;slug&quot;:&quot;landgrundstuecke-bebaubares-land&quot;}],&quot;card&quot;:false,&quot;show&quot;:true,&quot;display_after&quot;:&quot;&quot;,&quot;new_box&quot;:false},{&quot;slug&quot;:&quot;offer-type&quot;,&quot;name&quot;:&quot;Tipo operaci\\u00f3n&quot;,&quot;has_archive&quot;:true,&quot;elements&quot;:[{&quot;name&quot;:&quot;Zu verkaufen&quot;,&quot;link&quot;:&quot;https:\\\/\\\/novagestioinmobiliaria.com\\\/de\\\/offer-type\\\/zu-verkaufen\\\/&quot;,&quot;slug&quot;:&quot;zu-verkaufen&quot;}],&quot;card&quot;:true,&quot;show&quot;:true,&quot;display_after&quot;:&quot;&quot;,&quot;new_box&quot;:false},{&quot;slug&quot;:&quot;city&quot;,&quot;name&quot;:&quot;Zona&quot;,&quot;has_archive&quot;:true,&quot;elements&quot;:[{&quot;name&quot;:&quot;Porreres&quot;,&quot;link&quot;:&quot;https:\\\/\\\/novagestioinmobiliaria.com\\\/de\\\/city\\\/porreres-de\\\/&quot;,&quot;slug&quot;:&quot;porreres-de&quot;}],&quot;card&quot;:false,&quot;show&quot;:true,&quot;display_after&quot;:&quot;&quot;,&quot;new_box&quot;:false},{&quot;slug&quot;:&quot;price&quot;,&quot;name&quot;:&quot;Precio&quot;,&quot;has_archive&quot;:false,&quot;elements&quot;:[{&quot;name&quot;:&quot;295000\\u20ac&quot;,&quot;link&quot;:&quot;&quot;,&quot;slug&quot;:&quot;&quot;}],&quot;show&quot;:false,&quot;card&quot;:false,&quot;display_after&quot;:&quot;\\u20ac&quot;,&quot;new_box&quot;:false},{&quot;slug&quot;:&quot;property-size&quot;,&quot;name&quot;:&quot;M2&quot;,&quot;has_archive&quot;:false,&quot;elements&quot;:[{&quot;name&quot;:&quot;300 ca.&quot;,&quot;link&quot;:&quot;&quot;,&quot;slug&quot;:&quot;&quot;}],&quot;show&quot;:true,&quot;card&quot;:true,&quot;display_after&quot;:&quot;m\\u00b2&quot;,&quot;new_box&quot;:false},{&quot;slug&quot;:&quot;lot-size&quot;,&quot;name&quot;:&quot;Terreno \\\/ Solar&quot;,&quot;has_archive&quot;:false,&quot;elements&quot;:[{&quot;name&quot;:&quot;17368&quot;,&quot;link&quot;:&quot;&quot;,&quot;slug&quot;:&quot;&quot;}],&quot;show&quot;:true,&quot;card&quot;:false,&quot;display_after&quot;:&quot;m\\u00b2&quot;,&quot;new_box&quot;:false},{&quot;slug&quot;:&quot;features&quot;,&quot;name&quot;:&quot;Caracter\\u00edsticas&quot;,&quot;has_archive&quot;:true,&quot;elements&quot;:[{&quot;name&quot;:&quot;Ausblick auf die Berge&quot;,&quot;link&quot;:&quot;https:\\\/\\\/novagestioinmobiliaria.com\\\/de\\\/eigenschaften\\\/ausblick-auf-die-berge\\\/&quot;,&quot;slug&quot;:&quot;ausblick-auf-die-berge&quot;},{&quot;name&quot;:&quot;Bebaubar&quot;,&quot;link&quot;:&quot;https:\\\/\\\/novagestioinmobiliaria.com\\\/de\\\/eigenschaften\\\/bebaubar\\\/&quot;,&quot;slug&quot;:&quot;bebaubar&quot;},{&quot;name&quot;:&quot;Privatpool&quot;,&quot;link&quot;:&quot;https:\\\/\\\/novagestioinmobiliaria.com\\\/de\\\/eigenschaften\\\/privatpool\\\/&quot;,&quot;slug&quot;:&quot;privatpool&quot;},{&quot;name&quot;:&quot;Ruhige Lage&quot;,&quot;link&quot;:&quot;https:\\\/\\\/novagestioinmobiliaria.com\\\/de\\\/eigenschaften\\\/ruhige-lage\\\/&quot;,&quot;slug&quot;:&quot;ruhige-lage&quot;},{&quot;name&quot;:&quot;Unverbaubare Aussicht&quot;,&quot;link&quot;:&quot;https:\\\/\\\/novagestioinmobiliaria.com\\\/de\\\/eigenschaften\\\/unverbaubare-aussicht\\\/&quot;,&quot;slug&quot;:&quot;unverbaubare-aussicht&quot;}],&quot;card&quot;:false,&quot;show&quot;:true,&quot;display_after&quot;:&quot;&quot;,&quot;new_box&quot;:true}],&quot;views&quot;:6,&quot;days_ago&quot;:&quot;2\\u00a0Wochen.&quot;,&quot;image_id&quot;:89010,&quot;image_url&quot;:&quot;https:\\\/\\\/novagestioinmobiliaria.com\\\/wp-content\\\/uploads\\\/2026\\\/04\\\/FincaRustica-venta-porreres-ref-1885-1.jpg&quot;,&quot;tags&quot;:[{&quot;name&quot;:&quot;Caracter\\u00edsticas&quot;,&quot;elements&quot;:[{&quot;name&quot;:&quot;Ausblick auf die Berge&quot;,&quot;link&quot;:&quot;https:\\\/\\\/novagestioinmobiliaria.com\\\/de\\\/eigenschaften\\\/ausblick-auf-die-berge\\\/&quot;},{&quot;name&quot;:&quot;Bebaubar&quot;,&quot;link&quot;:&quot;https:\\\/\\\/novagestioinmobiliaria.com\\\/de\\\/eigenschaften\\\/bebaubar\\\/&quot;},{&quot;name&quot;:&quot;Privatpool&quot;,&quot;link&quot;:&quot;https:\\\/\\\/novagestioinmobiliaria.com\\\/de\\\/eigenschaften\\\/privatpool\\\/&quot;},{&quot;name&quot;:&quot;Ruhige Lage&quot;,&quot;link&quot;:&quot;https:\\\/\\\/novagestioinmobiliaria.com\\\/de\\\/eigenschaften\\\/ruhige-lage\\\/&quot;},{&quot;name&quot;:&quot;Unverbaubare Aussicht&quot;,&quot;link&quot;:&quot;https:\\\/\\\/novagestioinmobiliaria.com\\\/de\\\/eigenschaften\\\/unverbaubare-aussicht\\\/&quot;}],&quot;has_archive&quot;:true}],&quot;status&quot;:&quot;publish&quot;,&quot;plans&quot;:[],&quot;video_plan&quot;:{&quot;src&quot;:&quot;&quot;,&quot;video&quot;:&quot;&quot;},&quot;virtual_tour&quot;:null,&quot;state&quot;:&quot;&quot;,&quot;labels&quot;:[],&quot;image&quot;:&quot;https:\\\/\\\/novagestioinmobiliaria.com\\\/wp-content\\\/uploads\\\/2026\\\/04\\\/FincaRustica-venta-porreres-ref-1885-1-400x250.jpg&quot;,&quot;image_srcset&quot;:&quot;https:\\\/\\\/novagestioinmobiliaria.com\\\/wp-content\\\/uploads\\\/2026\\\/04\\\/FincaRustica-venta-porreres-ref-1885-1-200x125.jpg 200w, https:\\\/\\\/novagestioinmobiliaria.com\\\/wp-content\\\/uploads\\\/2026\\\/04\\\/FincaRustica-venta-porreres-ref-1885-1-800x500.jpg 800w, https:\\\/\\\/novagestioinmobiliaria.com\\\/wp-content\\\/uploads\\\/2026\\\/04\\\/FincaRustica-venta-porreres-ref-1885-1-600x375.jpg 600w, https:\\\/\\\/novagestioinmobiliaria.com\\\/wp-content\\\/uploads\\\/2026\\\/04\\\/FincaRustica-venta-porreres-ref-1885-1-400x250.jpg 400w&quot;}'>\r\n\t\t\t\t\t\t\t\t\t\t\t\t\t<\/compare-button>\r\n\t\t\t\t\t\t\t\t\t\t\t\t<\/div>\r\n\t\t\t\t\t\t\t\t\t\t\t\t<div class=\"mh-estate-vertical__buttons__single\">\r\n\t\t\t\t\t\t\t\t\t\t\t\t\t<a href=\"https:\/\/novagestioinmobiliaria.com\/de\/propiedades-properties-immobilien\/rustikales-grundstueck-in-porreres-zu-verkaufen-fr1885po-vde\/\"\r\n\t\t\t\t\t\t\t\t\t\t\t\t\t   title=\"Rustikales Grundst\u00fcck in Porreres zu verkaufen : : FR1885PO-VDE\"\r\n\t\t\t\t\t\t\t\t\t\t\t\t\t   class=\"mdl-button mdl-js-button mdl-button--raised mdl-js-ripple-effect mdl-button--primary-ghost\">\r\n\t\t\t\t\t\t\t\t\t\t\t\t\t\tDetails\t\t\t\t\t\t\t\t\t\t\t\t\t\t<span class=\"mdl-button__icon-right\"><i class=\"fa fa-angle-right\"><\/i><\/span>\r\n\t\t\t\t\t\t\t\t\t\t\t\t\t<\/a>\r\n\t\t\t\t\t\t\t\t\t\t\t\t<\/div>\r\n\t\t\t\t\t\t\t\t\t\t\t<\/div>\r\n\t\t\t\t\t\t\t\t\t\t<\/div>\r\n\t\t\t\t\t\t\t\t\t<\/div>\r\n\t\t\t\t\t\t\t\t<\/div>\r\n\t\t\t\t\t\t\t<\/div>\r\n\t\t\t\t\t\t<\/article>\r\n\t\t\t\t\t<\/div>\r\n\t\t\t\t\r\n\t\t\t\t\t<div class=\"item\">\r\n\t\t\t\t\t\t<article class=\"mh-estate-vertical mh-estate-vertical--white  mh-attribute-property-type__wohnungen-apartments mh-attribute-offer-type__zu-verkaufen mh-attribute-city__cala-millor-de mh-attribute-features__2-doppelzimmer mh-attribute-features__balkon mh-attribute-features__einbaukueche mh-attribute-features__klimaanlage mh-attribute-features__meerblick mh-attribute-features__reformiert mh-attribute-features__strand-in-der-nahe-de mh-attribute-features__zentrale-lage\">\r\n\t\t\t\t\t\t\t<a href=\"https:\/\/novagestioinmobiliaria.com\/de\/propiedades-properties-immobilien\/renovierte-wohnung-zum-verkauf-in-cala-millor-pi1887cm-vde\/\"\r\n\t\t\t\t\t\t\t   title=\"Renovierte Wohnung zum Verkauf in Cala Millor : : PI1887CM-VDE\"\r\n\t\t\t\t\t\t\t   class=\"mh-thumbnail\">\r\n                        <span class=\"mh-thumbnail__inner\">\r\n                                    <img\r\n                    data-srcset=\"https:\/\/novagestioinmobiliaria.com\/wp-content\/uploads\/2026\/04\/Piso-Venta-CalaMillor-ref-1883-30-200x125.jpg 200w, https:\/\/novagestioinmobiliaria.com\/wp-content\/uploads\/2026\/04\/Piso-Venta-CalaMillor-ref-1883-30-1200x750.jpg 1200w, https:\/\/novagestioinmobiliaria.com\/wp-content\/uploads\/2026\/04\/Piso-Venta-CalaMillor-ref-1883-30-800x500.jpg 800w, https:\/\/novagestioinmobiliaria.com\/wp-content\/uploads\/2026\/04\/Piso-Venta-CalaMillor-ref-1883-30-600x375.jpg 600w, https:\/\/novagestioinmobiliaria.com\/wp-content\/uploads\/2026\/04\/Piso-Venta-CalaMillor-ref-1883-30-400x250.jpg 400w\"\r\n                    class=\"lazyload \" alt=\"Renovierte Wohnung zum Verkauf in Cala Millor : : PI1887CM-VDE\"\r\n                    data-sizes=\"auto\"\r\n            >\r\n\t\t\t                        <\/span>\r\n\r\n\t\t\t\t\t\t\t\t\t\t\t\t\t\t\t\t\t<div class=\"mh-caption\">\r\n\t\t\t\t\t\t\t\t\t\t<div class=\"mh-caption__inner\">\r\n\t\t\t\t\t\t\t\t\t\t\tZu verkaufen\t\t\t\t\t\t\t\t\t\t<\/div>\r\n\t\t\t\t\t\t\t\t\t<\/div>\r\n\t\t\t\t\t\t\t\t\t\r\n\t\t\t\t\t\t\t\t<div class=\"mh-estate-vertical__text\">\r\n\t\t\t\t\t\t\t\t\t<div class=\"mh-estate-vertical__text__inner\">\r\n\t\t\t\t\t\t\t\t\t\tSch\u00f6ne komplett renovierte Wohnung (2023-2024) zu verkaufen in Cala Millor, 100 m vom Strand entfernt. Sie hat eine konstruierte Fl\u00e4che...\t\t\t\t\t\t\t\t\t<\/div>\r\n\t\t\t\t\t\t\t\t<\/div>\r\n\t\t\t\t\t\t\t<\/a>\r\n\r\n\t\t\t\t\t\t\t<div class=\"mh-estate-vertical__content\">\r\n\t\t\t\t\t\t\t\t<h3 class=\"mh-estate-vertical__heading\">\r\n\t\t\t\t\t\t\t\t\t<a href=\"https:\/\/novagestioinmobiliaria.com\/de\/propiedades-properties-immobilien\/renovierte-wohnung-zum-verkauf-in-cala-millor-pi1887cm-vde\/\"\r\n\t\t\t\t\t\t\t\t\t   title=\"Renovierte Wohnung zum Verkauf in Cala Millor : : PI1887CM-VDE\">\r\n\t\t\t\t\t\t\t\t\t\tRenovierte Wohnung zum Verkauf in Cala Millor : : PI1887CM-VDE\t\t\t\t\t\t\t\t\t<\/a>\r\n\t\t\t\t\t\t\t\t<\/h3>\r\n\t\t\t\t\t\t\t\t<address class=\"mh-estate-vertical__subheading\">\r\n\t\t\t\t\t\t\t\t\tC\t\t\t\t\t\t\t\t<\/address>\r\n\t\t\t\t\t\t\t\t<div class=\"mh-estate-vertical__primary\">\r\n\t\t\t\t\t\t\t\t\t360.000 \u20ac\t\t\t\t\t\t\t\t<\/div>\r\n\r\n\t\t\t\t\t\t\t\t<div>\r\n\t\t\t\t\t\t\t\t\t<div class=\"mh-estate__list\">\r\n\t\t\t\t\t\t\t\t\t\t\r\n\t\t\t\t\t\t\t\t\t\t\t<span class=\"mh-estate-vertical__more-info mh-estate_attribute-offer-type\">\r\n                                        <strong>Tipo operaci\u00f3n:<\/strong>\r\n\t\t\t\t\t\t\t\t\t\t\t\t\t\t\t\t\t\t\t\t\t\t\t\t\t\tZu verkaufen\t\t\t\t\t\t\t\t\t\t\t\t\t\t                                    <\/span>\r\n\r\n\t\t\t\t\t\t\t\t\t\t\r\n\t\t\t\t\t\t\t\t\t\t\t<span class=\"mh-estate-vertical__more-info mh-estate_attribute-bedrooms\">\r\n                                        <strong>Habitaciones:<\/strong>\r\n\t\t\t\t\t\t\t\t\t\t\t\t2                                    <\/span>\r\n\r\n\t\t\t\t\t\t\t\t\t\t\r\n\t\t\t\t\t\t\t\t\t\t\t<span class=\"mh-estate-vertical__more-info mh-estate_attribute-bathrooms\">\r\n                                        <strong>Ba\u00f1os:<\/strong>\r\n\t\t\t\t\t\t\t\t\t\t\t\t1                                    <\/span>\r\n\r\n\t\t\t\t\t\t\t\t\t\t\r\n\t\t\t\t\t\t\t\t\t\t\t<span class=\"mh-estate-vertical__more-info mh-estate_attribute-property-size\">\r\n                                        <strong>M2:<\/strong>\r\n\t\t\t\t\t\t\t\t\t\t\t\t75 m\u00b2                                    <\/span>\r\n\r\n\t\t\t\t\t\t\t\t\t\t\t\t\t\t\t\t\t\t\t<\/div>\r\n\t\t\t\t\t\t\t\t<\/div>\r\n\r\n\t\t\t\t\t\t\t\t<div class=\"mh-estate-vertical__bottom\">\r\n\t\t\t\t\t\t\t\t\t<div class=\"mh-estate-vertical__bottom__inner\">\r\n\t\t\t\t\t\t\t\t\t\t<div class=\"mh-estate-vertical__date\">\r\n\t\t\t\t\t\t\t\t\t\t\t2\u00a0Wochen.\t\t\t\t\t\t\t\t\t\t<\/div>\r\n\t\t\t\t\t\t\t\t\t\t<div class=\"mh-estate-vertical__buttons-wrapper\">\r\n\t\t\t\t\t\t\t\t\t\t\t<div class=\"mh-estate-vertical__buttons\">\r\n\t\t\t\t\t\t\t\t\t\t\t\t<div class=\"mh-estate-vertical__buttons__single\">\r\n\t\t\t\t\t\t\t\t\t\t\t\t\t<compare-button class=\"myhome-compare\"\r\n\t\t\t\t\t\t\t\t\t\t\t\t\t\t\t\t\t:translations='{&quot;added&quot;:&quot;Zus\\u00e4tzlich&quot;,&quot;compare&quot;:&quot;Vergleichen&quot;}'\r\n\t\t\t\t\t\t\t\t\t\t\t\t\t\t\t\t\t:estate='{&quot;short_excerpt_limit&quot;:125,&quot;long_excerpt_limit&quot;:160,&quot;id&quot;:88999,&quot;agent_id&quot;:&quot;26&quot;,&quot;title&quot;:&quot;Renovierte Wohnung zum Verkauf in Cala Millor : : PI1887CM-VDE&quot;,&quot;content&quot;:&quot;Sch\\u00f6ne komplett renovierte Wohnung (2023-2024) zu verkaufen in Cala Millor, 100 m vom Strand entfernt. Sie hat eine konstruierte Fl\\u00e4che von 84 m2 zusammen mit einem gro\\u00dfen Balkon\\\/Terrasse. Sie besteht aus 2 Doppelzimmern, 1 Badezimmer mit Dusche und integrierter W\\u00e4scherei. Die K\\u00fcche ist unabh\\u00e4ngig, komplett ausgestattet mit einer Bar, die mit dem Wohn-Esszimmer verbunden ist, beide mit Zugang zum Balkon. Sie verf\\u00fcgt \\u00fcber einen gro\\u00dfen Balkon mit Meerblick, einen Chill-out-Bereich und Platz f\\u00fcr einen Grill. Die Fenster sind brandneu, mit Doppelverglasung und Moskitonetzen. Sie befindet sich im 2. Stock ohne Aufzug mit 1 Nachbarn auf der Etage und nur 9 Nachbarn im Geb\\u00e4ude, was eine ruhige Umgebung garantiert, gut gelegen und in Strandn\\u00e4he. Die Innenschreinerei ist aus Holz und die Au\\u00dfenschreinerei aus PVC, der Boden ist Parkett. Die Wohnung wird halbm\\u00f6bliert verkauft. Sie liegt in einer gut angebundenen Gegend mit allen Dienstleistungen in der N\\u00e4he.\\r\\nM\\u00d6GLICHKEIT EINER GRO\\u00dfEN GARAGE (Preis separat zu erfragen)\\r\\n\\r\\nNova Gesti\\u00f3, Immobilienagentur in Cala Millor.&quot;,&quot;excerpt&quot;:&quot;Sch\\u00f6ne komplett renovierte Wohnung (2023-2024) zu verkaufen in Cala Millor, 100 m vom Strand entfernt. Sie hat eine konstruierte Fl\\u00e4che von 84 m2 zusammen mit einem gro\\u00dfen Balkon\\\/Terrasse. Sie besteht aus 2 Doppelzimmern, 1 Badezimmer mit Dusche und integrierter W\\u00e4scherei. Die K\\u00fcche ist unabh\\u00e4ngig, komplett ausgestattet mit einer Bar, die mit dem Wohn-Esszimmer verbunden ist, [\\u2026]&quot;,&quot;short_excerpt&quot;:&quot;Sch\\u00f6ne komplett renovierte Wohnung (2023-2024) zu verkaufen in Cala Millor, 100 m vom Strand entfernt. Sie hat eine konstr...&quot;,&quot;long_excerpt&quot;:&quot;Sch\\u00f6ne komplett renovierte Wohnung (2023-2024) zu verkaufen in Cala Millor, 100 m vom Strand entfernt. Sie hat eine konstruierte Fl\\u00e4che von 84 m2 zusammen mi...&quot;,&quot;link&quot;:&quot;https:\\\/\\\/novagestioinmobiliaria.com\\\/de\\\/propiedades-properties-immobilien\\\/renovierte-wohnung-zum-verkauf-in-cala-millor-pi1887cm-vde\\\/&quot;,&quot;offer_type&quot;:&quot;Zu verkaufen&quot;,&quot;price&quot;:&quot;360.000 \\u20ac&quot;,&quot;location&quot;:&quot;C&quot;,&quot;is_featured&quot;:true,&quot;gallery&quot;:[{&quot;id&quot;:88970,&quot;url&quot;:&quot;https:\\\/\\\/novagestioinmobiliaria.com\\\/wp-content\\\/uploads\\\/2026\\\/04\\\/Piso-Venta-CalaMillor-ref-1883-25.jpg&quot;,&quot;alt&quot;:&quot;&quot;},{&quot;id&quot;:88901,&quot;url&quot;:&quot;https:\\\/\\\/novagestioinmobiliaria.com\\\/wp-content\\\/uploads\\\/2026\\\/04\\\/Piso-Venta-CalaMillor-ref-1883-2.jpg&quot;,&quot;alt&quot;:&quot;&quot;},{&quot;id&quot;:88940,&quot;url&quot;:&quot;https:\\\/\\\/novagestioinmobiliaria.com\\\/wp-content\\\/uploads\\\/2026\\\/04\\\/Piso-Venta-CalaMillor-ref-1883-15.jpg&quot;,&quot;alt&quot;:&quot;&quot;},{&quot;id&quot;:88919,&quot;url&quot;:&quot;https:\\\/\\\/novagestioinmobiliaria.com\\\/wp-content\\\/uploads\\\/2026\\\/04\\\/Piso-Venta-CalaMillor-ref-1883-8.jpg&quot;,&quot;alt&quot;:&quot;&quot;},{&quot;id&quot;:88898,&quot;url&quot;:&quot;https:\\\/\\\/novagestioinmobiliaria.com\\\/wp-content\\\/uploads\\\/2026\\\/04\\\/Piso-Venta-CalaMillor-ref-1883-1.jpg&quot;,&quot;alt&quot;:&quot;&quot;},{&quot;id&quot;:88928,&quot;url&quot;:&quot;https:\\\/\\\/novagestioinmobiliaria.com\\\/wp-content\\\/uploads\\\/2026\\\/04\\\/Piso-Venta-CalaMillor-ref-1883-11.jpg&quot;,&quot;alt&quot;:&quot;&quot;},{&quot;id&quot;:88985,&quot;url&quot;:&quot;https:\\\/\\\/novagestioinmobiliaria.com\\\/wp-content\\\/uploads\\\/2026\\\/04\\\/Piso-Venta-CalaMillor-ref-1883-30.jpg&quot;,&quot;alt&quot;:&quot;&quot;},{&quot;id&quot;:88958,&quot;url&quot;:&quot;https:\\\/\\\/novagestioinmobiliaria.com\\\/wp-content\\\/uploads\\\/2026\\\/04\\\/Piso-Venta-CalaMillor-ref-1883-21.jpg&quot;,&quot;alt&quot;:&quot;&quot;},{&quot;id&quot;:88952,&quot;url&quot;:&quot;https:\\\/\\\/novagestioinmobiliaria.com\\\/wp-content\\\/uploads\\\/2026\\\/04\\\/Piso-Venta-CalaMillor-ref-1883-19.jpg&quot;,&quot;alt&quot;:&quot;&quot;},{&quot;id&quot;:88988,&quot;url&quot;:&quot;https:\\\/\\\/novagestioinmobiliaria.com\\\/wp-content\\\/uploads\\\/2026\\\/04\\\/Piso-Venta-CalaMillor-ref-1883-31.jpg&quot;,&quot;alt&quot;:&quot;&quot;},{&quot;id&quot;:88931,&quot;url&quot;:&quot;https:\\\/\\\/novagestioinmobiliaria.com\\\/wp-content\\\/uploads\\\/2026\\\/04\\\/Piso-Venta-CalaMillor-ref-1883-12.jpg&quot;,&quot;alt&quot;:&quot;&quot;},{&quot;id&quot;:88994,&quot;url&quot;:&quot;https:\\\/\\\/novagestioinmobiliaria.com\\\/wp-content\\\/uploads\\\/2026\\\/04\\\/Piso-Venta-CalaMillor-ref-1883-33.jpg&quot;,&quot;alt&quot;:&quot;&quot;},{&quot;id&quot;:88967,&quot;url&quot;:&quot;https:\\\/\\\/novagestioinmobiliaria.com\\\/wp-content\\\/uploads\\\/2026\\\/04\\\/Piso-Venta-CalaMillor-ref-1883-24.jpg&quot;,&quot;alt&quot;:&quot;&quot;},{&quot;id&quot;:88934,&quot;url&quot;:&quot;https:\\\/\\\/novagestioinmobiliaria.com\\\/wp-content\\\/uploads\\\/2026\\\/04\\\/Piso-Venta-CalaMillor-ref-1883-13.jpg&quot;,&quot;alt&quot;:&quot;&quot;},{&quot;id&quot;:88991,&quot;url&quot;:&quot;https:\\\/\\\/novagestioinmobiliaria.com\\\/wp-content\\\/uploads\\\/2026\\\/04\\\/Piso-Venta-CalaMillor-ref-1883-32.jpg&quot;,&quot;alt&quot;:&quot;&quot;},{&quot;id&quot;:88961,&quot;url&quot;:&quot;https:\\\/\\\/novagestioinmobiliaria.com\\\/wp-content\\\/uploads\\\/2026\\\/04\\\/Piso-Venta-CalaMillor-ref-1883-22.jpg&quot;,&quot;alt&quot;:&quot;&quot;},{&quot;id&quot;:88925,&quot;url&quot;:&quot;https:\\\/\\\/novagestioinmobiliaria.com\\\/wp-content\\\/uploads\\\/2026\\\/04\\\/Piso-Venta-CalaMillor-ref-1883-10.jpg&quot;,&quot;alt&quot;:&quot;&quot;},{&quot;id&quot;:88916,&quot;url&quot;:&quot;https:\\\/\\\/novagestioinmobiliaria.com\\\/wp-content\\\/uploads\\\/2026\\\/04\\\/Piso-Venta-CalaMillor-ref-1883-7.jpg&quot;,&quot;alt&quot;:&quot;&quot;},{&quot;id&quot;:88946,&quot;url&quot;:&quot;https:\\\/\\\/novagestioinmobiliaria.com\\\/wp-content\\\/uploads\\\/2026\\\/04\\\/Piso-Venta-CalaMillor-ref-1883-17.jpg&quot;,&quot;alt&quot;:&quot;&quot;},{&quot;id&quot;:88973,&quot;url&quot;:&quot;https:\\\/\\\/novagestioinmobiliaria.com\\\/wp-content\\\/uploads\\\/2026\\\/04\\\/Piso-Venta-CalaMillor-ref-1883-26.jpg&quot;,&quot;alt&quot;:&quot;&quot;},{&quot;id&quot;:88910,&quot;url&quot;:&quot;https:\\\/\\\/novagestioinmobiliaria.com\\\/wp-content\\\/uploads\\\/2026\\\/04\\\/Piso-Venta-CalaMillor-ref-1883-5.jpg&quot;,&quot;alt&quot;:&quot;&quot;},{&quot;id&quot;:88943,&quot;url&quot;:&quot;https:\\\/\\\/novagestioinmobiliaria.com\\\/wp-content\\\/uploads\\\/2026\\\/04\\\/Piso-Venta-CalaMillor-ref-1883-16.jpg&quot;,&quot;alt&quot;:&quot;&quot;},{&quot;id&quot;:88913,&quot;url&quot;:&quot;https:\\\/\\\/novagestioinmobiliaria.com\\\/wp-content\\\/uploads\\\/2026\\\/04\\\/Piso-Venta-CalaMillor-ref-1883-6.jpg&quot;,&quot;alt&quot;:&quot;&quot;},{&quot;id&quot;:88979,&quot;url&quot;:&quot;https:\\\/\\\/novagestioinmobiliaria.com\\\/wp-content\\\/uploads\\\/2026\\\/04\\\/Piso-Venta-CalaMillor-ref-1883-28.jpg&quot;,&quot;alt&quot;:&quot;&quot;},{&quot;id&quot;:88922,&quot;url&quot;:&quot;https:\\\/\\\/novagestioinmobiliaria.com\\\/wp-content\\\/uploads\\\/2026\\\/04\\\/Piso-Venta-CalaMillor-ref-1883-9.jpg&quot;,&quot;alt&quot;:&quot;&quot;},{&quot;id&quot;:88955,&quot;url&quot;:&quot;https:\\\/\\\/novagestioinmobiliaria.com\\\/wp-content\\\/uploads\\\/2026\\\/04\\\/Piso-Venta-CalaMillor-ref-1883-20.jpg&quot;,&quot;alt&quot;:&quot;&quot;},{&quot;id&quot;:88937,&quot;url&quot;:&quot;https:\\\/\\\/novagestioinmobiliaria.com\\\/wp-content\\\/uploads\\\/2026\\\/04\\\/Piso-Venta-CalaMillor-ref-1883-14.jpg&quot;,&quot;alt&quot;:&quot;&quot;},{&quot;id&quot;:88904,&quot;url&quot;:&quot;https:\\\/\\\/novagestioinmobiliaria.com\\\/wp-content\\\/uploads\\\/2026\\\/04\\\/Piso-Venta-CalaMillor-ref-1883-3.jpg&quot;,&quot;alt&quot;:&quot;&quot;},{&quot;id&quot;:88949,&quot;url&quot;:&quot;https:\\\/\\\/novagestioinmobiliaria.com\\\/wp-content\\\/uploads\\\/2026\\\/04\\\/Piso-Venta-CalaMillor-ref-1883-18.jpg&quot;,&quot;alt&quot;:&quot;&quot;},{&quot;id&quot;:88976,&quot;url&quot;:&quot;https:\\\/\\\/novagestioinmobiliaria.com\\\/wp-content\\\/uploads\\\/2026\\\/04\\\/Piso-Venta-CalaMillor-ref-1883-27.jpg&quot;,&quot;alt&quot;:&quot;&quot;},{&quot;id&quot;:88907,&quot;url&quot;:&quot;https:\\\/\\\/novagestioinmobiliaria.com\\\/wp-content\\\/uploads\\\/2026\\\/04\\\/Piso-Venta-CalaMillor-ref-1883-4.jpg&quot;,&quot;alt&quot;:&quot;&quot;},{&quot;id&quot;:88964,&quot;url&quot;:&quot;https:\\\/\\\/novagestioinmobiliaria.com\\\/wp-content\\\/uploads\\\/2026\\\/04\\\/Piso-Venta-CalaMillor-ref-1883-23.jpg&quot;,&quot;alt&quot;:&quot;&quot;},{&quot;id&quot;:88982,&quot;url&quot;:&quot;https:\\\/\\\/novagestioinmobiliaria.com\\\/wp-content\\\/uploads\\\/2026\\\/04\\\/Piso-Venta-CalaMillor-ref-1883-29.jpg&quot;,&quot;alt&quot;:&quot;&quot;},{&quot;id&quot;:88997,&quot;url&quot;:&quot;https:\\\/\\\/novagestioinmobiliaria.com\\\/wp-content\\\/uploads\\\/2026\\\/04\\\/Piso-Venta-CalaMillor-ref-1883-34.jpg&quot;,&quot;alt&quot;:&quot;&quot;}],&quot;attributes&quot;:[{&quot;slug&quot;:&quot;property-type&quot;,&quot;name&quot;:&quot;Tipo propiedad&quot;,&quot;has_archive&quot;:true,&quot;elements&quot;:[{&quot;name&quot;:&quot;Wohnungen \\\/ Apartments&quot;,&quot;link&quot;:&quot;https:\\\/\\\/novagestioinmobiliaria.com\\\/de\\\/immobilientyp\\\/wohnungen-apartments\\\/&quot;,&quot;slug&quot;:&quot;wohnungen-apartments&quot;}],&quot;card&quot;:false,&quot;show&quot;:true,&quot;display_after&quot;:&quot;&quot;,&quot;new_box&quot;:false},{&quot;slug&quot;:&quot;offer-type&quot;,&quot;name&quot;:&quot;Tipo operaci\\u00f3n&quot;,&quot;has_archive&quot;:true,&quot;elements&quot;:[{&quot;name&quot;:&quot;Zu verkaufen&quot;,&quot;link&quot;:&quot;https:\\\/\\\/novagestioinmobiliaria.com\\\/de\\\/offer-type\\\/zu-verkaufen\\\/&quot;,&quot;slug&quot;:&quot;zu-verkaufen&quot;}],&quot;card&quot;:true,&quot;show&quot;:true,&quot;display_after&quot;:&quot;&quot;,&quot;new_box&quot;:false},{&quot;slug&quot;:&quot;city&quot;,&quot;name&quot;:&quot;Zona&quot;,&quot;has_archive&quot;:true,&quot;elements&quot;:[{&quot;name&quot;:&quot;Cala Millor&quot;,&quot;link&quot;:&quot;https:\\\/\\\/novagestioinmobiliaria.com\\\/de\\\/city\\\/cala-millor-de\\\/&quot;,&quot;slug&quot;:&quot;cala-millor-de&quot;}],&quot;card&quot;:false,&quot;show&quot;:true,&quot;display_after&quot;:&quot;&quot;,&quot;new_box&quot;:false},{&quot;slug&quot;:&quot;price&quot;,&quot;name&quot;:&quot;Precio&quot;,&quot;has_archive&quot;:false,&quot;elements&quot;:[{&quot;name&quot;:&quot;360000&quot;,&quot;link&quot;:&quot;&quot;,&quot;slug&quot;:&quot;&quot;}],&quot;show&quot;:false,&quot;card&quot;:false,&quot;display_after&quot;:&quot;\\u20ac&quot;,&quot;new_box&quot;:false},{&quot;slug&quot;:&quot;bedrooms&quot;,&quot;name&quot;:&quot;Habitaciones&quot;,&quot;has_archive&quot;:false,&quot;elements&quot;:[{&quot;name&quot;:&quot;2&quot;,&quot;link&quot;:&quot;&quot;,&quot;slug&quot;:&quot;&quot;}],&quot;show&quot;:true,&quot;card&quot;:true,&quot;display_after&quot;:&quot;&quot;,&quot;new_box&quot;:false},{&quot;slug&quot;:&quot;bathrooms&quot;,&quot;name&quot;:&quot;Ba\\u00f1os&quot;,&quot;has_archive&quot;:false,&quot;elements&quot;:[{&quot;name&quot;:&quot;1&quot;,&quot;link&quot;:&quot;&quot;,&quot;slug&quot;:&quot;&quot;}],&quot;show&quot;:true,&quot;card&quot;:true,&quot;display_after&quot;:&quot;&quot;,&quot;new_box&quot;:false},{&quot;slug&quot;:&quot;property-size&quot;,&quot;name&quot;:&quot;M2&quot;,&quot;has_archive&quot;:false,&quot;elements&quot;:[{&quot;name&quot;:&quot;75&quot;,&quot;link&quot;:&quot;&quot;,&quot;slug&quot;:&quot;&quot;}],&quot;show&quot;:true,&quot;card&quot;:true,&quot;display_after&quot;:&quot;m\\u00b2&quot;,&quot;new_box&quot;:false},{&quot;slug&quot;:&quot;features&quot;,&quot;name&quot;:&quot;Caracter\\u00edsticas&quot;,&quot;has_archive&quot;:true,&quot;elements&quot;:[{&quot;name&quot;:&quot;2 Doppelzimmer&quot;,&quot;link&quot;:&quot;https:\\\/\\\/novagestioinmobiliaria.com\\\/de\\\/eigenschaften\\\/2-doppelzimmer\\\/&quot;,&quot;slug&quot;:&quot;2-doppelzimmer&quot;},{&quot;name&quot;:&quot;Balkon&quot;,&quot;link&quot;:&quot;https:\\\/\\\/novagestioinmobiliaria.com\\\/de\\\/eigenschaften\\\/balkon\\\/&quot;,&quot;slug&quot;:&quot;balkon&quot;},{&quot;name&quot;:&quot;Einbauk\\u00fcche&quot;,&quot;link&quot;:&quot;https:\\\/\\\/novagestioinmobiliaria.com\\\/de\\\/eigenschaften\\\/einbaukueche\\\/&quot;,&quot;slug&quot;:&quot;einbaukueche&quot;},{&quot;name&quot;:&quot;Klimaanlage&quot;,&quot;link&quot;:&quot;https:\\\/\\\/novagestioinmobiliaria.com\\\/de\\\/eigenschaften\\\/klimaanlage\\\/&quot;,&quot;slug&quot;:&quot;klimaanlage&quot;},{&quot;name&quot;:&quot;Meerblick&quot;,&quot;link&quot;:&quot;https:\\\/\\\/novagestioinmobiliaria.com\\\/de\\\/eigenschaften\\\/meerblick\\\/&quot;,&quot;slug&quot;:&quot;meerblick&quot;},{&quot;name&quot;:&quot;Reformiert&quot;,&quot;link&quot;:&quot;https:\\\/\\\/novagestioinmobiliaria.com\\\/de\\\/eigenschaften\\\/reformiert\\\/&quot;,&quot;slug&quot;:&quot;reformiert&quot;},{&quot;name&quot;:&quot;Strand in der N\\u00e4he&quot;,&quot;link&quot;:&quot;https:\\\/\\\/novagestioinmobiliaria.com\\\/de\\\/eigenschaften\\\/strand-in-der-nahe-de\\\/&quot;,&quot;slug&quot;:&quot;strand-in-der-nahe-de&quot;},{&quot;name&quot;:&quot;Zentrale Lage&quot;,&quot;link&quot;:&quot;https:\\\/\\\/novagestioinmobiliaria.com\\\/de\\\/eigenschaften\\\/zentrale-lage\\\/&quot;,&quot;slug&quot;:&quot;zentrale-lage&quot;}],&quot;card&quot;:false,&quot;show&quot;:true,&quot;display_after&quot;:&quot;&quot;,&quot;new_box&quot;:true}],&quot;views&quot;:16,&quot;days_ago&quot;:&quot;2\\u00a0Wochen.&quot;,&quot;image_id&quot;:88985,&quot;image_url&quot;:&quot;https:\\\/\\\/novagestioinmobiliaria.com\\\/wp-content\\\/uploads\\\/2026\\\/04\\\/Piso-Venta-CalaMillor-ref-1883-30.jpg&quot;,&quot;tags&quot;:[{&quot;name&quot;:&quot;Caracter\\u00edsticas&quot;,&quot;elements&quot;:[{&quot;name&quot;:&quot;2 Doppelzimmer&quot;,&quot;link&quot;:&quot;https:\\\/\\\/novagestioinmobiliaria.com\\\/de\\\/eigenschaften\\\/2-doppelzimmer\\\/&quot;},{&quot;name&quot;:&quot;Balkon&quot;,&quot;link&quot;:&quot;https:\\\/\\\/novagestioinmobiliaria.com\\\/de\\\/eigenschaften\\\/balkon\\\/&quot;},{&quot;name&quot;:&quot;Einbauk\\u00fcche&quot;,&quot;link&quot;:&quot;https:\\\/\\\/novagestioinmobiliaria.com\\\/de\\\/eigenschaften\\\/einbaukueche\\\/&quot;},{&quot;name&quot;:&quot;Klimaanlage&quot;,&quot;link&quot;:&quot;https:\\\/\\\/novagestioinmobiliaria.com\\\/de\\\/eigenschaften\\\/klimaanlage\\\/&quot;},{&quot;name&quot;:&quot;Meerblick&quot;,&quot;link&quot;:&quot;https:\\\/\\\/novagestioinmobiliaria.com\\\/de\\\/eigenschaften\\\/meerblick\\\/&quot;},{&quot;name&quot;:&quot;Reformiert&quot;,&quot;link&quot;:&quot;https:\\\/\\\/novagestioinmobiliaria.com\\\/de\\\/eigenschaften\\\/reformiert\\\/&quot;},{&quot;name&quot;:&quot;Strand in der N\\u00e4he&quot;,&quot;link&quot;:&quot;https:\\\/\\\/novagestioinmobiliaria.com\\\/de\\\/eigenschaften\\\/strand-in-der-nahe-de\\\/&quot;},{&quot;name&quot;:&quot;Zentrale Lage&quot;,&quot;link&quot;:&quot;https:\\\/\\\/novagestioinmobiliaria.com\\\/de\\\/eigenschaften\\\/zentrale-lage\\\/&quot;}],&quot;has_archive&quot;:true}],&quot;status&quot;:&quot;publish&quot;,&quot;plans&quot;:[],&quot;video_plan&quot;:{&quot;src&quot;:&quot;&quot;,&quot;video&quot;:&quot;&quot;},&quot;virtual_tour&quot;:null,&quot;state&quot;:&quot;&quot;,&quot;labels&quot;:[],&quot;image&quot;:&quot;https:\\\/\\\/novagestioinmobiliaria.com\\\/wp-content\\\/uploads\\\/2026\\\/04\\\/Piso-Venta-CalaMillor-ref-1883-30-400x250.jpg&quot;,&quot;image_srcset&quot;:&quot;https:\\\/\\\/novagestioinmobiliaria.com\\\/wp-content\\\/uploads\\\/2026\\\/04\\\/Piso-Venta-CalaMillor-ref-1883-30-200x125.jpg 200w, https:\\\/\\\/novagestioinmobiliaria.com\\\/wp-content\\\/uploads\\\/2026\\\/04\\\/Piso-Venta-CalaMillor-ref-1883-30-1200x750.jpg 1200w, https:\\\/\\\/novagestioinmobiliaria.com\\\/wp-content\\\/uploads\\\/2026\\\/04\\\/Piso-Venta-CalaMillor-ref-1883-30-800x500.jpg 800w, https:\\\/\\\/novagestioinmobiliaria.com\\\/wp-content\\\/uploads\\\/2026\\\/04\\\/Piso-Venta-CalaMillor-ref-1883-30-600x375.jpg 600w, https:\\\/\\\/novagestioinmobiliaria.com\\\/wp-content\\\/uploads\\\/2026\\\/04\\\/Piso-Venta-CalaMillor-ref-1883-30-400x250.jpg 400w&quot;}'>\r\n\t\t\t\t\t\t\t\t\t\t\t\t\t<\/compare-button>\r\n\t\t\t\t\t\t\t\t\t\t\t\t<\/div>\r\n\t\t\t\t\t\t\t\t\t\t\t\t<div class=\"mh-estate-vertical__buttons__single\">\r\n\t\t\t\t\t\t\t\t\t\t\t\t\t<a href=\"https:\/\/novagestioinmobiliaria.com\/de\/propiedades-properties-immobilien\/renovierte-wohnung-zum-verkauf-in-cala-millor-pi1887cm-vde\/\"\r\n\t\t\t\t\t\t\t\t\t\t\t\t\t   title=\"Renovierte Wohnung zum Verkauf in Cala Millor : : PI1887CM-VDE\"\r\n\t\t\t\t\t\t\t\t\t\t\t\t\t   class=\"mdl-button mdl-js-button mdl-button--raised mdl-js-ripple-effect mdl-button--primary-ghost\">\r\n\t\t\t\t\t\t\t\t\t\t\t\t\t\tDetails\t\t\t\t\t\t\t\t\t\t\t\t\t\t<span class=\"mdl-button__icon-right\"><i class=\"fa fa-angle-right\"><\/i><\/span>\r\n\t\t\t\t\t\t\t\t\t\t\t\t\t<\/a>\r\n\t\t\t\t\t\t\t\t\t\t\t\t<\/div>\r\n\t\t\t\t\t\t\t\t\t\t\t<\/div>\r\n\t\t\t\t\t\t\t\t\t\t<\/div>\r\n\t\t\t\t\t\t\t\t\t<\/div>\r\n\t\t\t\t\t\t\t\t<\/div>\r\n\t\t\t\t\t\t\t<\/div>\r\n\t\t\t\t\t\t<\/article>\r\n\t\t\t\t\t<\/div>\r\n\t\t\t\t\r\n\t\t\t\t\t<div class=\"item\">\r\n\t\t\t\t\t\t<article class=\"mh-estate-vertical mh-estate-vertical--white  mh-attribute-property-type__reihenhaeuser-doppelhaushaelften mh-attribute-offer-type__zu-verkaufen mh-attribute-city__cala-romantica-de mh-attribute-features__2-doppelzimmer mh-attribute-features__auto-stellplatz mh-attribute-features__duplex-de mh-attribute-features__einbaukueche mh-attribute-features__gemeinschaftspool mh-attribute-features__klimaanlage mh-attribute-features__moebliert mh-attribute-features__ruhige-lage mh-attribute-features__strand-in-der-nahe-de mh-attribute-features__terrasse\">\r\n\t\t\t\t\t\t\t<a href=\"https:\/\/novagestioinmobiliaria.com\/de\/propiedades-properties-immobilien\/schoenes-reihenhaus-zum-verkauf-in-cala-romantica-ad1881cr-vde\/\"\r\n\t\t\t\t\t\t\t   title=\"Sch\u00f6nes Reihenhaus zum Verkauf in Cala Rom\u00e1ntica : : AD1881CR-VDE\"\r\n\t\t\t\t\t\t\t   class=\"mh-thumbnail\">\r\n                        <span class=\"mh-thumbnail__inner\">\r\n                                    <img\r\n                    data-srcset=\"https:\/\/novagestioinmobiliaria.com\/wp-content\/uploads\/2026\/03\/Adosado-en-venta-en-Cala-Romantica-ref-1881-12-1-200x125.jpg 200w, https:\/\/novagestioinmobiliaria.com\/wp-content\/uploads\/2026\/03\/Adosado-en-venta-en-Cala-Romantica-ref-1881-12-1-800x500.jpg 800w, https:\/\/novagestioinmobiliaria.com\/wp-content\/uploads\/2026\/03\/Adosado-en-venta-en-Cala-Romantica-ref-1881-12-1-600x375.jpg 600w, https:\/\/novagestioinmobiliaria.com\/wp-content\/uploads\/2026\/03\/Adosado-en-venta-en-Cala-Romantica-ref-1881-12-1-400x250.jpg 400w\"\r\n                    class=\"lazyload \" alt=\"Sch\u00f6nes Reihenhaus zum Verkauf in Cala Rom\u00e1ntica : : AD1881CR-VDE\"\r\n                    data-sizes=\"auto\"\r\n            >\r\n\t\t\t                        <\/span>\r\n\r\n\t\t\t\t\t\t\t\t\t\t\t\t\t\t\t\t\t<div class=\"mh-caption\">\r\n\t\t\t\t\t\t\t\t\t\t<div class=\"mh-caption__inner\">\r\n\t\t\t\t\t\t\t\t\t\t\tZu verkaufen\t\t\t\t\t\t\t\t\t\t<\/div>\r\n\t\t\t\t\t\t\t\t\t<\/div>\r\n\t\t\t\t\t\t\t\t\t\r\n\t\t\t\t\t\t\t\t<div class=\"mh-estate-vertical__text\">\r\n\t\t\t\t\t\t\t\t\t<div class=\"mh-estate-vertical__text__inner\">\r\n\t\t\t\t\t\t\t\t\t\tEntdecken Sie dieses elegante Reihenhaus zum Verkauf in S&#8217;Estany d&#8217;en Mas, in der exklusiven Gegend von Cala Rom\u00e1ntica, einem sehr...\t\t\t\t\t\t\t\t\t<\/div>\r\n\t\t\t\t\t\t\t\t<\/div>\r\n\t\t\t\t\t\t\t<\/a>\r\n\r\n\t\t\t\t\t\t\t<div class=\"mh-estate-vertical__content\">\r\n\t\t\t\t\t\t\t\t<h3 class=\"mh-estate-vertical__heading\">\r\n\t\t\t\t\t\t\t\t\t<a href=\"https:\/\/novagestioinmobiliaria.com\/de\/propiedades-properties-immobilien\/schoenes-reihenhaus-zum-verkauf-in-cala-romantica-ad1881cr-vde\/\"\r\n\t\t\t\t\t\t\t\t\t   title=\"Sch\u00f6nes Reihenhaus zum Verkauf in Cala Rom\u00e1ntica : : AD1881CR-VDE\">\r\n\t\t\t\t\t\t\t\t\t\tSch\u00f6nes Reihenhaus zum Verkauf in Cala Rom\u00e1ntica : : AD1881CR-VDE\t\t\t\t\t\t\t\t\t<\/a>\r\n\t\t\t\t\t\t\t\t<\/h3>\r\n\t\t\t\t\t\t\t\t<address class=\"mh-estate-vertical__subheading\">\r\n\t\t\t\t\t\t\t\t\tC\t\t\t\t\t\t\t\t<\/address>\r\n\t\t\t\t\t\t\t\t<div class=\"mh-estate-vertical__primary\">\r\n\t\t\t\t\t\t\t\t\t435.000 \u20ac\t\t\t\t\t\t\t\t<\/div>\r\n\r\n\t\t\t\t\t\t\t\t<div>\r\n\t\t\t\t\t\t\t\t\t<div class=\"mh-estate__list\">\r\n\t\t\t\t\t\t\t\t\t\t\r\n\t\t\t\t\t\t\t\t\t\t\t<span class=\"mh-estate-vertical__more-info mh-estate_attribute-offer-type\">\r\n                                        <strong>Tipo operaci\u00f3n:<\/strong>\r\n\t\t\t\t\t\t\t\t\t\t\t\t\t\t\t\t\t\t\t\t\t\t\t\t\t\tZu verkaufen\t\t\t\t\t\t\t\t\t\t\t\t\t\t                                    <\/span>\r\n\r\n\t\t\t\t\t\t\t\t\t\t\r\n\t\t\t\t\t\t\t\t\t\t\t<span class=\"mh-estate-vertical__more-info mh-estate_attribute-bedrooms\">\r\n                                        <strong>Habitaciones:<\/strong>\r\n\t\t\t\t\t\t\t\t\t\t\t\t2                                    <\/span>\r\n\r\n\t\t\t\t\t\t\t\t\t\t\r\n\t\t\t\t\t\t\t\t\t\t\t<span class=\"mh-estate-vertical__more-info mh-estate_attribute-bathrooms\">\r\n                                        <strong>Ba\u00f1os:<\/strong>\r\n\t\t\t\t\t\t\t\t\t\t\t\t2                                    <\/span>\r\n\r\n\t\t\t\t\t\t\t\t\t\t\r\n\t\t\t\t\t\t\t\t\t\t\t<span class=\"mh-estate-vertical__more-info mh-estate_attribute-property-size\">\r\n                                        <strong>M2:<\/strong>\r\n\t\t\t\t\t\t\t\t\t\t\t\t100 m\u00b2                                    <\/span>\r\n\r\n\t\t\t\t\t\t\t\t\t\t\t\t\t\t\t\t\t\t\t<\/div>\r\n\t\t\t\t\t\t\t\t<\/div>\r\n\r\n\t\t\t\t\t\t\t\t<div class=\"mh-estate-vertical__bottom\">\r\n\t\t\t\t\t\t\t\t\t<div class=\"mh-estate-vertical__bottom__inner\">\r\n\t\t\t\t\t\t\t\t\t\t<div class=\"mh-estate-vertical__date\">\r\n\t\t\t\t\t\t\t\t\t\t\t1\u00a0Monat.\t\t\t\t\t\t\t\t\t\t<\/div>\r\n\t\t\t\t\t\t\t\t\t\t<div class=\"mh-estate-vertical__buttons-wrapper\">\r\n\t\t\t\t\t\t\t\t\t\t\t<div class=\"mh-estate-vertical__buttons\">\r\n\t\t\t\t\t\t\t\t\t\t\t\t<div class=\"mh-estate-vertical__buttons__single\">\r\n\t\t\t\t\t\t\t\t\t\t\t\t\t<compare-button class=\"myhome-compare\"\r\n\t\t\t\t\t\t\t\t\t\t\t\t\t\t\t\t\t:translations='{&quot;added&quot;:&quot;Zus\\u00e4tzlich&quot;,&quot;compare&quot;:&quot;Vergleichen&quot;}'\r\n\t\t\t\t\t\t\t\t\t\t\t\t\t\t\t\t\t:estate='{&quot;short_excerpt_limit&quot;:125,&quot;long_excerpt_limit&quot;:160,&quot;id&quot;:88644,&quot;agent_id&quot;:&quot;1&quot;,&quot;title&quot;:&quot;Sch\\u00f6nes Reihenhaus zum Verkauf in Cala Rom\\u00e1ntica : : AD1881CR-VDE&quot;,&quot;content&quot;:&quot;Entdecken Sie dieses elegante Reihenhaus zum Verkauf in S&#039;Estany d&#039;en Mas, in der exklusiven Gegend von Cala Rom\\u00e1ntica, einem sehr gefragten privilegierten Standort sowohl f\\u00fcr nationale als auch internationale K\\u00e4ufer, die eine Zweitwohnsitz auf Mallorca suchen. Die Immobilie, mit ca. 100 m\\u00b2 bebauter Fl\\u00e4che, befindet sich in einer gepflegten gehobenen Wohnanlage in einer ruhigen, sicheren und gut erreichbaren Umgebung, nur 400 Meter vom Strand von Cala Rom\\u00e1ntica entfernt, einer der attraktivsten Buchten in der Gegend. Auf zwei Etagen verteilt, bietet das Haus ein funktionales und helles Design. Im Erdgeschoss finden Sie ein ger\\u00e4umiges Wohnzimmer mit offener amerikanischer K\\u00fcche, komplett eingerichtet und ausgestattet, das nat\\u00fcrlich mit dem Au\\u00dfenbereich verbunden ist. Dar\\u00fcber hinaus verf\\u00fcgt es \\u00fcber eine separate Waschk\\u00fcche mit praktischem WC. Vom Wohnzimmer aus gelangen Sie auf eine herrliche Veranda von ca. 25 m\\u00b2, ideal zum Genie\\u00dfen des mediterranen Klimas, mit direktem Zugang zu einem privaten Garten von ca. 42 m\\u00b2, perfekt, um sich zu entspannen oder Familienmomente zu teilen. Im Obergeschoss befinden sich zwei ger\\u00e4umige Doppelzimmer mit Einbauschr\\u00e4nken, wobei das Hauptschlafzimmer mit eigenem Bad hervorsticht. Das Haus verf\\u00fcgt \\u00fcber insgesamt zwei vollst\\u00e4ndige Badezimmer, beide mit Dusche, was Komfort und N\\u00fctzlichkeit bietet. Die Immobilie ist mit einer Klimaanlage ausgestattet, die ganzj\\u00e4hrig f\\u00fcr Komfort sorgt, sowie einem im Preis inbegriffenen Parkplatz im Freien, was zus\\u00e4tzlichen Komfort bietet. Sie wird voll m\\u00f6bliert verkauft, bereit zum Einzug oder zum sofortigen Genuss ab dem ersten Tag. Die Wohnanlage verf\\u00fcgt \\u00fcber einen gepflegten Gemeinschaftsbereich mit Pool und G\\u00e4rten, was sowohl f\\u00fcr den Urlaubsgebrauch als auch f\\u00fcr Investitionen einen Mehrwert bringt. Eine ideale Immobilie als Zweitwohnsitz auf Mallorca, die Lage, Komfort und mediterranen Lebensstil vereint.\\r\\nNova Gestio, Ihre Immobilienagentur in Cala Rom\\u00e1ntica.&quot;,&quot;excerpt&quot;:&quot;Entdecken Sie dieses elegante Reihenhaus zum Verkauf in S\\u2019Estany d\\u2019en Mas, in der exklusiven Gegend von Cala Rom\\u00e1ntica, einem sehr gefragten privilegierten Standort sowohl f\\u00fcr nationale als auch internationale K\\u00e4ufer, die eine Zweitwohnsitz auf Mallorca suchen. Die Immobilie, mit ca. 100 m\\u00b2 bebauter Fl\\u00e4che, befindet sich in einer gepflegten gehobenen Wohnanlage in einer ruhigen, sicheren [\\u2026]&quot;,&quot;short_excerpt&quot;:&quot;Entdecken Sie dieses elegante Reihenhaus zum Verkauf in S&#039;Estany d&#039;en Mas, in der exklusiven Gegend von Cala Rom\\u00e1ntica, ei...&quot;,&quot;long_excerpt&quot;:&quot;Entdecken Sie dieses elegante Reihenhaus zum Verkauf in S&#039;Estany d&#039;en Mas, in der exklusiven Gegend von Cala Rom\\u00e1ntica, einem sehr gefragten privilegierten S...&quot;,&quot;link&quot;:&quot;https:\\\/\\\/novagestioinmobiliaria.com\\\/de\\\/propiedades-properties-immobilien\\\/schoenes-reihenhaus-zum-verkauf-in-cala-romantica-ad1881cr-vde\\\/&quot;,&quot;offer_type&quot;:&quot;Zu verkaufen&quot;,&quot;price&quot;:&quot;435.000 \\u20ac&quot;,&quot;location&quot;:&quot;C&quot;,&quot;is_featured&quot;:true,&quot;gallery&quot;:[{&quot;id&quot;:89304,&quot;url&quot;:&quot;https:\\\/\\\/novagestioinmobiliaria.com\\\/wp-content\\\/uploads\\\/2026\\\/03\\\/Adosado-en-venta-en-Cala-Romantica-ref-1881-27.jpg&quot;,&quot;alt&quot;:&quot;&quot;},{&quot;id&quot;:89301,&quot;url&quot;:&quot;https:\\\/\\\/novagestioinmobiliaria.com\\\/wp-content\\\/uploads\\\/2026\\\/03\\\/Adosado-en-venta-en-Cala-Romantica-ref-1881-21-1.jpg&quot;,&quot;alt&quot;:&quot;&quot;},{&quot;id&quot;:89298,&quot;url&quot;:&quot;https:\\\/\\\/novagestioinmobiliaria.com\\\/wp-content\\\/uploads\\\/2026\\\/03\\\/Adosado-en-venta-en-Cala-Romantica-ref-1881-20-1.jpg&quot;,&quot;alt&quot;:&quot;&quot;},{&quot;id&quot;:89295,&quot;url&quot;:&quot;https:\\\/\\\/novagestioinmobiliaria.com\\\/wp-content\\\/uploads\\\/2026\\\/03\\\/Adosado-en-venta-en-Cala-Romantica-ref-1881-19-1.jpg&quot;,&quot;alt&quot;:&quot;&quot;},{&quot;id&quot;:89292,&quot;url&quot;:&quot;https:\\\/\\\/novagestioinmobiliaria.com\\\/wp-content\\\/uploads\\\/2026\\\/03\\\/Adosado-en-venta-en-Cala-Romantica-ref-1881-22-1.jpg&quot;,&quot;alt&quot;:&quot;&quot;},{&quot;id&quot;:89289,&quot;url&quot;:&quot;https:\\\/\\\/novagestioinmobiliaria.com\\\/wp-content\\\/uploads\\\/2026\\\/03\\\/Adosado-en-venta-en-Cala-Romantica-ref-1881-15-1.jpg&quot;,&quot;alt&quot;:&quot;&quot;},{&quot;id&quot;:89286,&quot;url&quot;:&quot;https:\\\/\\\/novagestioinmobiliaria.com\\\/wp-content\\\/uploads\\\/2026\\\/03\\\/Adosado-en-venta-en-Cala-Romantica-ref-1881-16-1.jpg&quot;,&quot;alt&quot;:&quot;&quot;},{&quot;id&quot;:89283,&quot;url&quot;:&quot;https:\\\/\\\/novagestioinmobiliaria.com\\\/wp-content\\\/uploads\\\/2026\\\/03\\\/Adosado-en-venta-en-Cala-Romantica-ref-1881-9.jpg&quot;,&quot;alt&quot;:&quot;&quot;},{&quot;id&quot;:89280,&quot;url&quot;:&quot;https:\\\/\\\/novagestioinmobiliaria.com\\\/wp-content\\\/uploads\\\/2026\\\/03\\\/Adosado-en-venta-en-Cala-Romantica-ref-1881-7.jpg&quot;,&quot;alt&quot;:&quot;&quot;},{&quot;id&quot;:89277,&quot;url&quot;:&quot;https:\\\/\\\/novagestioinmobiliaria.com\\\/wp-content\\\/uploads\\\/2026\\\/03\\\/Adosado-en-venta-en-Cala-Romantica-ref-1881-6-1.jpg&quot;,&quot;alt&quot;:&quot;&quot;},{&quot;id&quot;:89274,&quot;url&quot;:&quot;https:\\\/\\\/novagestioinmobiliaria.com\\\/wp-content\\\/uploads\\\/2026\\\/03\\\/Adosado-en-venta-en-Cala-Romantica-ref-1881-5-2.jpg&quot;,&quot;alt&quot;:&quot;&quot;},{&quot;id&quot;:89271,&quot;url&quot;:&quot;https:\\\/\\\/novagestioinmobiliaria.com\\\/wp-content\\\/uploads\\\/2026\\\/03\\\/Adosado-en-venta-en-Cala-Romantica-ref-1881-3-1.jpg&quot;,&quot;alt&quot;:&quot;&quot;},{&quot;id&quot;:89268,&quot;url&quot;:&quot;https:\\\/\\\/novagestioinmobiliaria.com\\\/wp-content\\\/uploads\\\/2026\\\/03\\\/Adosado-en-venta-en-Cala-Romantica-ref-1881-2-1.jpg&quot;,&quot;alt&quot;:&quot;&quot;},{&quot;id&quot;:89265,&quot;url&quot;:&quot;https:\\\/\\\/novagestioinmobiliaria.com\\\/wp-content\\\/uploads\\\/2026\\\/03\\\/Adosado-en-venta-en-Cala-Romantica-ref-1881-1-1.jpg&quot;,&quot;alt&quot;:&quot;&quot;},{&quot;id&quot;:89259,&quot;url&quot;:&quot;https:\\\/\\\/novagestioinmobiliaria.com\\\/wp-content\\\/uploads\\\/2026\\\/03\\\/Adosado-en-venta-en-Cala-Romantica-ref-1881-26-1.jpg&quot;,&quot;alt&quot;:&quot;&quot;},{&quot;id&quot;:89256,&quot;url&quot;:&quot;https:\\\/\\\/novagestioinmobiliaria.com\\\/wp-content\\\/uploads\\\/2026\\\/03\\\/Adosado-en-venta-en-Cala-Romantica-ref-1881-25.jpg&quot;,&quot;alt&quot;:&quot;&quot;},{&quot;id&quot;:89253,&quot;url&quot;:&quot;https:\\\/\\\/novagestioinmobiliaria.com\\\/wp-content\\\/uploads\\\/2026\\\/03\\\/Adosado-en-venta-en-Cala-Romantica-ref-1881-24.jpg&quot;,&quot;alt&quot;:&quot;&quot;},{&quot;id&quot;:89250,&quot;url&quot;:&quot;https:\\\/\\\/novagestioinmobiliaria.com\\\/wp-content\\\/uploads\\\/2026\\\/03\\\/Adosado-en-venta-en-Cala-Romantica-ref-1881-23-1.jpg&quot;,&quot;alt&quot;:&quot;&quot;},{&quot;id&quot;:89235,&quot;url&quot;:&quot;https:\\\/\\\/novagestioinmobiliaria.com\\\/wp-content\\\/uploads\\\/2026\\\/03\\\/Adosado-en-venta-en-Cala-Romantica-ref-1881-18-1.jpg&quot;,&quot;alt&quot;:&quot;&quot;},{&quot;id&quot;:89223,&quot;url&quot;:&quot;https:\\\/\\\/novagestioinmobiliaria.com\\\/wp-content\\\/uploads\\\/2026\\\/03\\\/Adosado-en-venta-en-Cala-Romantica-ref-1881-14-1.jpg&quot;,&quot;alt&quot;:&quot;&quot;},{&quot;id&quot;:89217,&quot;url&quot;:&quot;https:\\\/\\\/novagestioinmobiliaria.com\\\/wp-content\\\/uploads\\\/2026\\\/03\\\/Adosado-en-venta-en-Cala-Romantica-ref-1881-12-1.jpg&quot;,&quot;alt&quot;:&quot;&quot;},{&quot;id&quot;:89205,&quot;url&quot;:&quot;https:\\\/\\\/novagestioinmobiliaria.com\\\/wp-content\\\/uploads\\\/2026\\\/03\\\/Adosado-en-venta-en-Cala-Romantica-ref-1881-8-1.jpg&quot;,&quot;alt&quot;:&quot;&quot;},{&quot;id&quot;:89196,&quot;url&quot;:&quot;https:\\\/\\\/novagestioinmobiliaria.com\\\/wp-content\\\/uploads\\\/2026\\\/03\\\/Adosado-en-venta-en-Cala-Romantica-ref-1881-5-1.jpg&quot;,&quot;alt&quot;:&quot;&quot;}],&quot;attributes&quot;:[{&quot;slug&quot;:&quot;property-type&quot;,&quot;name&quot;:&quot;Tipo propiedad&quot;,&quot;has_archive&quot;:true,&quot;elements&quot;:[{&quot;name&quot;:&quot;Reihenh\\u00e4user \\\/ Doppelhaush\\u00e4lften&quot;,&quot;link&quot;:&quot;https:\\\/\\\/novagestioinmobiliaria.com\\\/de\\\/immobilientyp\\\/reihenhaeuser-doppelhaushaelften\\\/&quot;,&quot;slug&quot;:&quot;reihenhaeuser-doppelhaushaelften&quot;}],&quot;card&quot;:false,&quot;show&quot;:true,&quot;display_after&quot;:&quot;&quot;,&quot;new_box&quot;:false},{&quot;slug&quot;:&quot;offer-type&quot;,&quot;name&quot;:&quot;Tipo operaci\\u00f3n&quot;,&quot;has_archive&quot;:true,&quot;elements&quot;:[{&quot;name&quot;:&quot;Zu verkaufen&quot;,&quot;link&quot;:&quot;https:\\\/\\\/novagestioinmobiliaria.com\\\/de\\\/offer-type\\\/zu-verkaufen\\\/&quot;,&quot;slug&quot;:&quot;zu-verkaufen&quot;}],&quot;card&quot;:true,&quot;show&quot;:true,&quot;display_after&quot;:&quot;&quot;,&quot;new_box&quot;:false},{&quot;slug&quot;:&quot;city&quot;,&quot;name&quot;:&quot;Zona&quot;,&quot;has_archive&quot;:true,&quot;elements&quot;:[{&quot;name&quot;:&quot;Cala Rom\\u00e1ntica&quot;,&quot;link&quot;:&quot;https:\\\/\\\/novagestioinmobiliaria.com\\\/de\\\/city\\\/cala-romantica-de\\\/&quot;,&quot;slug&quot;:&quot;cala-romantica-de&quot;}],&quot;card&quot;:false,&quot;show&quot;:true,&quot;display_after&quot;:&quot;&quot;,&quot;new_box&quot;:false},{&quot;slug&quot;:&quot;price&quot;,&quot;name&quot;:&quot;Precio&quot;,&quot;has_archive&quot;:false,&quot;elements&quot;:[{&quot;name&quot;:&quot;435000&quot;,&quot;link&quot;:&quot;&quot;,&quot;slug&quot;:&quot;&quot;}],&quot;show&quot;:false,&quot;card&quot;:false,&quot;display_after&quot;:&quot;\\u20ac&quot;,&quot;new_box&quot;:false},{&quot;slug&quot;:&quot;bedrooms&quot;,&quot;name&quot;:&quot;Habitaciones&quot;,&quot;has_archive&quot;:false,&quot;elements&quot;:[{&quot;name&quot;:&quot;2&quot;,&quot;link&quot;:&quot;&quot;,&quot;slug&quot;:&quot;&quot;}],&quot;show&quot;:true,&quot;card&quot;:true,&quot;display_after&quot;:&quot;&quot;,&quot;new_box&quot;:false},{&quot;slug&quot;:&quot;bathrooms&quot;,&quot;name&quot;:&quot;Ba\\u00f1os&quot;,&quot;has_archive&quot;:false,&quot;elements&quot;:[{&quot;name&quot;:&quot;2&quot;,&quot;link&quot;:&quot;&quot;,&quot;slug&quot;:&quot;&quot;}],&quot;show&quot;:true,&quot;card&quot;:true,&quot;display_after&quot;:&quot;&quot;,&quot;new_box&quot;:false},{&quot;slug&quot;:&quot;property-size&quot;,&quot;name&quot;:&quot;M2&quot;,&quot;has_archive&quot;:false,&quot;elements&quot;:[{&quot;name&quot;:&quot;100&quot;,&quot;link&quot;:&quot;&quot;,&quot;slug&quot;:&quot;&quot;}],&quot;show&quot;:true,&quot;card&quot;:true,&quot;display_after&quot;:&quot;m\\u00b2&quot;,&quot;new_box&quot;:false},{&quot;slug&quot;:&quot;features&quot;,&quot;name&quot;:&quot;Caracter\\u00edsticas&quot;,&quot;has_archive&quot;:true,&quot;elements&quot;:[{&quot;name&quot;:&quot;2 Doppelzimmer&quot;,&quot;link&quot;:&quot;https:\\\/\\\/novagestioinmobiliaria.com\\\/de\\\/eigenschaften\\\/2-doppelzimmer\\\/&quot;,&quot;slug&quot;:&quot;2-doppelzimmer&quot;},{&quot;name&quot;:&quot;Auto-Stellplatz&quot;,&quot;link&quot;:&quot;https:\\\/\\\/novagestioinmobiliaria.com\\\/de\\\/eigenschaften\\\/auto-stellplatz\\\/&quot;,&quot;slug&quot;:&quot;auto-stellplatz&quot;},{&quot;name&quot;:&quot;Duplex&quot;,&quot;link&quot;:&quot;https:\\\/\\\/novagestioinmobiliaria.com\\\/de\\\/eigenschaften\\\/duplex-de\\\/&quot;,&quot;slug&quot;:&quot;duplex-de&quot;},{&quot;name&quot;:&quot;Einbauk\\u00fcche&quot;,&quot;link&quot;:&quot;https:\\\/\\\/novagestioinmobiliaria.com\\\/de\\\/eigenschaften\\\/einbaukueche\\\/&quot;,&quot;slug&quot;:&quot;einbaukueche&quot;},{&quot;name&quot;:&quot;Gemeinschaftspool&quot;,&quot;link&quot;:&quot;https:\\\/\\\/novagestioinmobiliaria.com\\\/de\\\/eigenschaften\\\/gemeinschaftspool\\\/&quot;,&quot;slug&quot;:&quot;gemeinschaftspool&quot;},{&quot;name&quot;:&quot;Klimaanlage&quot;,&quot;link&quot;:&quot;https:\\\/\\\/novagestioinmobiliaria.com\\\/de\\\/eigenschaften\\\/klimaanlage\\\/&quot;,&quot;slug&quot;:&quot;klimaanlage&quot;},{&quot;name&quot;:&quot;M\\u00f6bliert&quot;,&quot;link&quot;:&quot;https:\\\/\\\/novagestioinmobiliaria.com\\\/de\\\/eigenschaften\\\/moebliert\\\/&quot;,&quot;slug&quot;:&quot;moebliert&quot;},{&quot;name&quot;:&quot;Ruhige Lage&quot;,&quot;link&quot;:&quot;https:\\\/\\\/novagestioinmobiliaria.com\\\/de\\\/eigenschaften\\\/ruhige-lage\\\/&quot;,&quot;slug&quot;:&quot;ruhige-lage&quot;},{&quot;name&quot;:&quot;Strand in der N\\u00e4he&quot;,&quot;link&quot;:&quot;https:\\\/\\\/novagestioinmobiliaria.com\\\/de\\\/eigenschaften\\\/strand-in-der-nahe-de\\\/&quot;,&quot;slug&quot;:&quot;strand-in-der-nahe-de&quot;},{&quot;name&quot;:&quot;Terrasse&quot;,&quot;link&quot;:&quot;https:\\\/\\\/novagestioinmobiliaria.com\\\/de\\\/eigenschaften\\\/terrasse\\\/&quot;,&quot;slug&quot;:&quot;terrasse&quot;}],&quot;card&quot;:false,&quot;show&quot;:true,&quot;display_after&quot;:&quot;&quot;,&quot;new_box&quot;:true}],&quot;views&quot;:17,&quot;days_ago&quot;:&quot;1\\u00a0Monat.&quot;,&quot;image_id&quot;:89217,&quot;image_url&quot;:&quot;https:\\\/\\\/novagestioinmobiliaria.com\\\/wp-content\\\/uploads\\\/2026\\\/03\\\/Adosado-en-venta-en-Cala-Romantica-ref-1881-12-1.jpg&quot;,&quot;tags&quot;:[{&quot;name&quot;:&quot;Caracter\\u00edsticas&quot;,&quot;elements&quot;:[{&quot;name&quot;:&quot;2 Doppelzimmer&quot;,&quot;link&quot;:&quot;https:\\\/\\\/novagestioinmobiliaria.com\\\/de\\\/eigenschaften\\\/2-doppelzimmer\\\/&quot;},{&quot;name&quot;:&quot;Auto-Stellplatz&quot;,&quot;link&quot;:&quot;https:\\\/\\\/novagestioinmobiliaria.com\\\/de\\\/eigenschaften\\\/auto-stellplatz\\\/&quot;},{&quot;name&quot;:&quot;Duplex&quot;,&quot;link&quot;:&quot;https:\\\/\\\/novagestioinmobiliaria.com\\\/de\\\/eigenschaften\\\/duplex-de\\\/&quot;},{&quot;name&quot;:&quot;Einbauk\\u00fcche&quot;,&quot;link&quot;:&quot;https:\\\/\\\/novagestioinmobiliaria.com\\\/de\\\/eigenschaften\\\/einbaukueche\\\/&quot;},{&quot;name&quot;:&quot;Gemeinschaftspool&quot;,&quot;link&quot;:&quot;https:\\\/\\\/novagestioinmobiliaria.com\\\/de\\\/eigenschaften\\\/gemeinschaftspool\\\/&quot;},{&quot;name&quot;:&quot;Klimaanlage&quot;,&quot;link&quot;:&quot;https:\\\/\\\/novagestioinmobiliaria.com\\\/de\\\/eigenschaften\\\/klimaanlage\\\/&quot;},{&quot;name&quot;:&quot;M\\u00f6bliert&quot;,&quot;link&quot;:&quot;https:\\\/\\\/novagestioinmobiliaria.com\\\/de\\\/eigenschaften\\\/moebliert\\\/&quot;},{&quot;name&quot;:&quot;Ruhige Lage&quot;,&quot;link&quot;:&quot;https:\\\/\\\/novagestioinmobiliaria.com\\\/de\\\/eigenschaften\\\/ruhige-lage\\\/&quot;},{&quot;name&quot;:&quot;Strand in der N\\u00e4he&quot;,&quot;link&quot;:&quot;https:\\\/\\\/novagestioinmobiliaria.com\\\/de\\\/eigenschaften\\\/strand-in-der-nahe-de\\\/&quot;},{&quot;name&quot;:&quot;Terrasse&quot;,&quot;link&quot;:&quot;https:\\\/\\\/novagestioinmobiliaria.com\\\/de\\\/eigenschaften\\\/terrasse\\\/&quot;}],&quot;has_archive&quot;:true}],&quot;status&quot;:&quot;publish&quot;,&quot;plans&quot;:[],&quot;video_plan&quot;:{&quot;src&quot;:&quot;&quot;,&quot;video&quot;:&quot;&quot;},&quot;virtual_tour&quot;:null,&quot;state&quot;:&quot;&quot;,&quot;labels&quot;:[],&quot;image&quot;:&quot;https:\\\/\\\/novagestioinmobiliaria.com\\\/wp-content\\\/uploads\\\/2026\\\/03\\\/Adosado-en-venta-en-Cala-Romantica-ref-1881-12-1-400x250.jpg&quot;,&quot;image_srcset&quot;:&quot;https:\\\/\\\/novagestioinmobiliaria.com\\\/wp-content\\\/uploads\\\/2026\\\/03\\\/Adosado-en-venta-en-Cala-Romantica-ref-1881-12-1-200x125.jpg 200w, https:\\\/\\\/novagestioinmobiliaria.com\\\/wp-content\\\/uploads\\\/2026\\\/03\\\/Adosado-en-venta-en-Cala-Romantica-ref-1881-12-1-800x500.jpg 800w, https:\\\/\\\/novagestioinmobiliaria.com\\\/wp-content\\\/uploads\\\/2026\\\/03\\\/Adosado-en-venta-en-Cala-Romantica-ref-1881-12-1-600x375.jpg 600w, https:\\\/\\\/novagestioinmobiliaria.com\\\/wp-content\\\/uploads\\\/2026\\\/03\\\/Adosado-en-venta-en-Cala-Romantica-ref-1881-12-1-400x250.jpg 400w&quot;}'>\r\n\t\t\t\t\t\t\t\t\t\t\t\t\t<\/compare-button>\r\n\t\t\t\t\t\t\t\t\t\t\t\t<\/div>\r\n\t\t\t\t\t\t\t\t\t\t\t\t<div class=\"mh-estate-vertical__buttons__single\">\r\n\t\t\t\t\t\t\t\t\t\t\t\t\t<a href=\"https:\/\/novagestioinmobiliaria.com\/de\/propiedades-properties-immobilien\/schoenes-reihenhaus-zum-verkauf-in-cala-romantica-ad1881cr-vde\/\"\r\n\t\t\t\t\t\t\t\t\t\t\t\t\t   title=\"Sch\u00f6nes Reihenhaus zum Verkauf in Cala Rom\u00e1ntica : : AD1881CR-VDE\"\r\n\t\t\t\t\t\t\t\t\t\t\t\t\t   class=\"mdl-button mdl-js-button mdl-button--raised mdl-js-ripple-effect mdl-button--primary-ghost\">\r\n\t\t\t\t\t\t\t\t\t\t\t\t\t\tDetails\t\t\t\t\t\t\t\t\t\t\t\t\t\t<span class=\"mdl-button__icon-right\"><i class=\"fa fa-angle-right\"><\/i><\/span>\r\n\t\t\t\t\t\t\t\t\t\t\t\t\t<\/a>\r\n\t\t\t\t\t\t\t\t\t\t\t\t<\/div>\r\n\t\t\t\t\t\t\t\t\t\t\t<\/div>\r\n\t\t\t\t\t\t\t\t\t\t<\/div>\r\n\t\t\t\t\t\t\t\t\t<\/div>\r\n\t\t\t\t\t\t\t\t<\/div>\r\n\t\t\t\t\t\t\t<\/div>\r\n\t\t\t\t\t\t<\/article>\r\n\t\t\t\t\t<\/div>\r\n\t\t\t\t\r\n\t\t\t\t\t<div class=\"item\">\r\n\t\t\t\t\t\t<article class=\"mh-estate-vertical mh-estate-vertical--white  mh-attribute-property-type__wohnungen-apartments mh-attribute-offer-type__zu-verkaufen mh-attribute-city__capdepera-de mh-attribute-features__3-schlafzimmer mh-attribute-features__gemeinschaftspool mh-attribute-features__heizung mh-attribute-features__meerblick mh-attribute-features__panoramablick mh-attribute-features__ruhige-lage mh-attribute-features__terrasse\">\r\n\t\t\t\t\t\t\t<a href=\"https:\/\/novagestioinmobiliaria.com\/de\/propiedades-properties-immobilien\/meerblick-apartment-zu-verkaufen-in-capdepera-pi1879cap-vde\/\"\r\n\t\t\t\t\t\t\t   title=\"Meerblick-Apartment zu verkaufen in Capdepera : : PI1879CAP-VDE\"\r\n\t\t\t\t\t\t\t   class=\"mh-thumbnail\">\r\n                        <span class=\"mh-thumbnail__inner\">\r\n                                    <img\r\n                    data-srcset=\"https:\/\/novagestioinmobiliaria.com\/wp-content\/uploads\/2026\/03\/Piso-en-venta-en-Capdepera-ref-1879-2-200x125.jpg 200w, https:\/\/novagestioinmobiliaria.com\/wp-content\/uploads\/2026\/03\/Piso-en-venta-en-Capdepera-ref-1879-2-800x500.jpg 800w, https:\/\/novagestioinmobiliaria.com\/wp-content\/uploads\/2026\/03\/Piso-en-venta-en-Capdepera-ref-1879-2-600x375.jpg 600w, https:\/\/novagestioinmobiliaria.com\/wp-content\/uploads\/2026\/03\/Piso-en-venta-en-Capdepera-ref-1879-2-400x250.jpg 400w\"\r\n                    class=\"lazyload \" alt=\"Meerblick-Apartment zu verkaufen in Capdepera : : PI1879CAP-VDE\"\r\n                    data-sizes=\"auto\"\r\n            >\r\n\t\t\t                        <\/span>\r\n\r\n\t\t\t\t\t\t\t\t\t\t\t\t\t\t\t\t\t<div class=\"mh-caption\">\r\n\t\t\t\t\t\t\t\t\t\t<div class=\"mh-caption__inner\">\r\n\t\t\t\t\t\t\t\t\t\t\tZu verkaufen\t\t\t\t\t\t\t\t\t\t<\/div>\r\n\t\t\t\t\t\t\t\t\t<\/div>\r\n\t\t\t\t\t\t\t\t\t\r\n\t\t\t\t\t\t\t\t<div class=\"mh-estate-vertical__text\">\r\n\t\t\t\t\t\t\t\t\t<div class=\"mh-estate-vertical__text__inner\">\r\n\t\t\t\t\t\t\t\t\t\tCharmantes Penthouse mit offenem Meerblick zu verkaufen in Capdepera, eine Unterkunft, die Licht, Ger\u00e4umigkeit und eine sorgf\u00e4ltig durchdachte \u00c4sthetik in...\t\t\t\t\t\t\t\t\t<\/div>\r\n\t\t\t\t\t\t\t\t<\/div>\r\n\t\t\t\t\t\t\t<\/a>\r\n\r\n\t\t\t\t\t\t\t<div class=\"mh-estate-vertical__content\">\r\n\t\t\t\t\t\t\t\t<h3 class=\"mh-estate-vertical__heading\">\r\n\t\t\t\t\t\t\t\t\t<a href=\"https:\/\/novagestioinmobiliaria.com\/de\/propiedades-properties-immobilien\/meerblick-apartment-zu-verkaufen-in-capdepera-pi1879cap-vde\/\"\r\n\t\t\t\t\t\t\t\t\t   title=\"Meerblick-Apartment zu verkaufen in Capdepera : : PI1879CAP-VDE\">\r\n\t\t\t\t\t\t\t\t\t\tMeerblick-Apartment zu verkaufen in Capdepera : : PI1879CAP-VDE\t\t\t\t\t\t\t\t\t<\/a>\r\n\t\t\t\t\t\t\t\t<\/h3>\r\n\t\t\t\t\t\t\t\t<address class=\"mh-estate-vertical__subheading\">\r\n\t\t\t\t\t\t\t\t\tC\t\t\t\t\t\t\t\t<\/address>\r\n\t\t\t\t\t\t\t\t<div class=\"mh-estate-vertical__primary\">\r\n\t\t\t\t\t\t\t\t\t425.000 \u20ac\t\t\t\t\t\t\t\t<\/div>\r\n\r\n\t\t\t\t\t\t\t\t<div>\r\n\t\t\t\t\t\t\t\t\t<div class=\"mh-estate__list\">\r\n\t\t\t\t\t\t\t\t\t\t\r\n\t\t\t\t\t\t\t\t\t\t\t<span class=\"mh-estate-vertical__more-info mh-estate_attribute-offer-type\">\r\n                                        <strong>Tipo operaci\u00f3n:<\/strong>\r\n\t\t\t\t\t\t\t\t\t\t\t\t\t\t\t\t\t\t\t\t\t\t\t\t\t\tZu verkaufen\t\t\t\t\t\t\t\t\t\t\t\t\t\t                                    <\/span>\r\n\r\n\t\t\t\t\t\t\t\t\t\t\r\n\t\t\t\t\t\t\t\t\t\t\t<span class=\"mh-estate-vertical__more-info mh-estate_attribute-bedrooms\">\r\n                                        <strong>Habitaciones:<\/strong>\r\n\t\t\t\t\t\t\t\t\t\t\t\t3                                    <\/span>\r\n\r\n\t\t\t\t\t\t\t\t\t\t\r\n\t\t\t\t\t\t\t\t\t\t\t<span class=\"mh-estate-vertical__more-info mh-estate_attribute-bathrooms\">\r\n                                        <strong>Ba\u00f1os:<\/strong>\r\n\t\t\t\t\t\t\t\t\t\t\t\t2                                    <\/span>\r\n\r\n\t\t\t\t\t\t\t\t\t\t\r\n\t\t\t\t\t\t\t\t\t\t\t<span class=\"mh-estate-vertical__more-info mh-estate_attribute-property-size\">\r\n                                        <strong>M2:<\/strong>\r\n\t\t\t\t\t\t\t\t\t\t\t\t120 m\u00b2                                    <\/span>\r\n\r\n\t\t\t\t\t\t\t\t\t\t\t\t\t\t\t\t\t\t\t<\/div>\r\n\t\t\t\t\t\t\t\t<\/div>\r\n\r\n\t\t\t\t\t\t\t\t<div class=\"mh-estate-vertical__bottom\">\r\n\t\t\t\t\t\t\t\t\t<div class=\"mh-estate-vertical__bottom__inner\">\r\n\t\t\t\t\t\t\t\t\t\t<div class=\"mh-estate-vertical__date\">\r\n\t\t\t\t\t\t\t\t\t\t\t1\u00a0Monat.\t\t\t\t\t\t\t\t\t\t<\/div>\r\n\t\t\t\t\t\t\t\t\t\t<div class=\"mh-estate-vertical__buttons-wrapper\">\r\n\t\t\t\t\t\t\t\t\t\t\t<div class=\"mh-estate-vertical__buttons\">\r\n\t\t\t\t\t\t\t\t\t\t\t\t<div class=\"mh-estate-vertical__buttons__single\">\r\n\t\t\t\t\t\t\t\t\t\t\t\t\t<compare-button class=\"myhome-compare\"\r\n\t\t\t\t\t\t\t\t\t\t\t\t\t\t\t\t\t:translations='{&quot;added&quot;:&quot;Zus\\u00e4tzlich&quot;,&quot;compare&quot;:&quot;Vergleichen&quot;}'\r\n\t\t\t\t\t\t\t\t\t\t\t\t\t\t\t\t\t:estate='{&quot;short_excerpt_limit&quot;:125,&quot;long_excerpt_limit&quot;:160,&quot;id&quot;:88573,&quot;agent_id&quot;:&quot;1&quot;,&quot;title&quot;:&quot;Meerblick-Apartment zu verkaufen in Capdepera : : PI1879CAP-VDE&quot;,&quot;content&quot;:&quot;Charmantes Penthouse mit offenem Meerblick zu verkaufen in Capdepera, eine Unterkunft, die Licht, Ger\\u00e4umigkeit und eine sorgf\\u00e4ltig durchdachte \\u00c4sthetik in jedem Detail vereint. Mit einer ungef\\u00e4hren Wohnfl\\u00e4che von 120 m\\u00b2, verteilt es sich auf drei Doppelzimmer mit Einbauschr\\u00e4nken und zwei voll ausgestatteten Badezimmern, eines mit Dusche und das andere mit Badewanne, einschlie\\u00dflich eines en-suite Badezimmers im Hauptschlafzimmer ausgestattet. Der Tagesbereich zeichnet sich durch sein offenes Konzept aus, mit einem ger\\u00e4umigen Wohn-Esszimmer, das mit der K\\u00fcche integriert ist und direktem Zugang zu einer angenehmen Terrasse mit freiem Blick auf das Meer und den Berg bietet. Die K\\u00fcche wird unm\\u00f6bliert pr\\u00e4sentiert und bietet die M\\u00f6glichkeit, sie ganz nach Ihrem Geschmack zu gestalten. Das Wohnzimmer verf\\u00fcgt \\u00fcber einen eleganten Parkettboden, der W\\u00e4rme verleiht, w\\u00e4hrend der Rest der Unterkunft \\u00fcber Fliesenboden verf\\u00fcgt. Die Fenster sind doppelt verglast mit Kipp- und Drehmechanismus, was f\\u00fcr thermischen und akustischen Komfort sorgt. Die Heizung erfolgt mit Propangas. Eines der markantesten Elemente dieser Unterkunft ist die Decke des Wohnzimmers mit freiliegenden Holzbalken, die ihm einen rustikalen und sehr besonderen gem\\u00fctlichen Charakter verleihen. Die Wohnung liegt im zweiten Stock ohne Aufzug, das Geb\\u00e4ude verf\\u00fcgt \\u00fcber Gemeinschaftsbereiche mit Garten und Pool, ideal zum Genie\\u00dfen des mediterranen Klimas. Dar\\u00fcber hinaus umfasst die Unterkunft einen Au\\u00dfenparkplatz. Eine Immobilie mit Pers\\u00f6nlichkeit, perfekt sowohl als Hauptwohnsitz als auch f\\u00fcr l\\u00e4ngere Aufenthalte in einer der ruhigsten und attraktivsten Gegenden im Nordosten von Mallorca.\\r\\nNova Gestio, Ihre Immobilienagentur in Capdepera&quot;,&quot;excerpt&quot;:&quot;Charmantes Penthouse mit offenem Meerblick zu verkaufen in Capdepera, eine Unterkunft, die Licht, Ger\\u00e4umigkeit und eine sorgf\\u00e4ltig durchdachte \\u00c4sthetik in jedem Detail vereint. Mit einer ungef\\u00e4hren Wohnfl\\u00e4che von 120 m\\u00b2, verteilt es sich auf drei Doppelzimmer mit Einbauschr\\u00e4nken und zwei voll ausgestatteten Badezimmern, eines mit Dusche und das andere mit Badewanne, einschlie\\u00dflich eines en-suite Badezimmers [\\u2026]&quot;,&quot;short_excerpt&quot;:&quot;Charmantes Penthouse mit offenem Meerblick zu verkaufen in Capdepera, eine Unterkunft, die Licht, Ger\\u00e4umigkeit und eine so...&quot;,&quot;long_excerpt&quot;:&quot;Charmantes Penthouse mit offenem Meerblick zu verkaufen in Capdepera, eine Unterkunft, die Licht, Ger\\u00e4umigkeit und eine sorgf\\u00e4ltig durchdachte \\u00c4sthetik in je...&quot;,&quot;link&quot;:&quot;https:\\\/\\\/novagestioinmobiliaria.com\\\/de\\\/propiedades-properties-immobilien\\\/meerblick-apartment-zu-verkaufen-in-capdepera-pi1879cap-vde\\\/&quot;,&quot;offer_type&quot;:&quot;Zu verkaufen&quot;,&quot;price&quot;:&quot;425.000 \\u20ac&quot;,&quot;location&quot;:&quot;C&quot;,&quot;is_featured&quot;:true,&quot;gallery&quot;:[{&quot;id&quot;:88518,&quot;url&quot;:&quot;https:\\\/\\\/novagestioinmobiliaria.com\\\/wp-content\\\/uploads\\\/2026\\\/03\\\/Piso-en-venta-en-Capdepera-ref-1879-5.jpg&quot;,&quot;alt&quot;:&quot;&quot;},{&quot;id&quot;:88527,&quot;url&quot;:&quot;https:\\\/\\\/novagestioinmobiliaria.com\\\/wp-content\\\/uploads\\\/2026\\\/03\\\/Piso-en-venta-en-Capdepera-ref-1879-8.jpg&quot;,&quot;alt&quot;:&quot;&quot;},{&quot;id&quot;:88479,&quot;url&quot;:&quot;https:\\\/\\\/novagestioinmobiliaria.com\\\/wp-content\\\/uploads\\\/2026\\\/03\\\/Piso-en-venta-en-Capdepera-ref-1879-11.jpg&quot;,&quot;alt&quot;:&quot;&quot;},{&quot;id&quot;:88506,&quot;url&quot;:&quot;https:\\\/\\\/novagestioinmobiliaria.com\\\/wp-content\\\/uploads\\\/2026\\\/03\\\/Piso-en-venta-en-Capdepera-ref-1879-1.jpg&quot;,&quot;alt&quot;:&quot;&quot;},{&quot;id&quot;:88530,&quot;url&quot;:&quot;https:\\\/\\\/novagestioinmobiliaria.com\\\/wp-content\\\/uploads\\\/2026\\\/03\\\/Piso-en-venta-en-Capdepera-ref-1879-9.jpg&quot;,&quot;alt&quot;:&quot;&quot;},{&quot;id&quot;:88521,&quot;url&quot;:&quot;https:\\\/\\\/novagestioinmobiliaria.com\\\/wp-content\\\/uploads\\\/2026\\\/03\\\/Piso-en-venta-en-Capdepera-ref-1879-6.jpg&quot;,&quot;alt&quot;:&quot;&quot;},{&quot;id&quot;:88515,&quot;url&quot;:&quot;https:\\\/\\\/novagestioinmobiliaria.com\\\/wp-content\\\/uploads\\\/2026\\\/03\\\/Piso-en-venta-en-Capdepera-ref-1879-4.jpg&quot;,&quot;alt&quot;:&quot;&quot;},{&quot;id&quot;:88512,&quot;url&quot;:&quot;https:\\\/\\\/novagestioinmobiliaria.com\\\/wp-content\\\/uploads\\\/2026\\\/03\\\/Piso-en-venta-en-Capdepera-ref-1879-3.jpg&quot;,&quot;alt&quot;:&quot;&quot;},{&quot;id&quot;:88509,&quot;url&quot;:&quot;https:\\\/\\\/novagestioinmobiliaria.com\\\/wp-content\\\/uploads\\\/2026\\\/03\\\/Piso-en-venta-en-Capdepera-ref-1879-2.jpg&quot;,&quot;alt&quot;:&quot;&quot;},{&quot;id&quot;:88533,&quot;url&quot;:&quot;https:\\\/\\\/novagestioinmobiliaria.com\\\/wp-content\\\/uploads\\\/2026\\\/03\\\/Piso-en-venta-en-Capdepera-ref-1879-10.jpg&quot;,&quot;alt&quot;:&quot;&quot;},{&quot;id&quot;:88503,&quot;url&quot;:&quot;https:\\\/\\\/novagestioinmobiliaria.com\\\/wp-content\\\/uploads\\\/2026\\\/03\\\/Piso-en-venta-en-Capdepera-ref-1879-19.jpg&quot;,&quot;alt&quot;:&quot;&quot;},{&quot;id&quot;:88500,&quot;url&quot;:&quot;https:\\\/\\\/novagestioinmobiliaria.com\\\/wp-content\\\/uploads\\\/2026\\\/03\\\/Piso-en-venta-en-Capdepera-ref-1879-18.jpg&quot;,&quot;alt&quot;:&quot;&quot;},{&quot;id&quot;:88497,&quot;url&quot;:&quot;https:\\\/\\\/novagestioinmobiliaria.com\\\/wp-content\\\/uploads\\\/2026\\\/03\\\/Piso-en-venta-en-Capdepera-ref-1879-17.jpg&quot;,&quot;alt&quot;:&quot;&quot;},{&quot;id&quot;:88524,&quot;url&quot;:&quot;https:\\\/\\\/novagestioinmobiliaria.com\\\/wp-content\\\/uploads\\\/2026\\\/03\\\/Piso-en-venta-en-Capdepera-ref-1879-7.jpg&quot;,&quot;alt&quot;:&quot;&quot;},{&quot;id&quot;:88491,&quot;url&quot;:&quot;https:\\\/\\\/novagestioinmobiliaria.com\\\/wp-content\\\/uploads\\\/2026\\\/03\\\/Piso-en-venta-en-Capdepera-ref-1879-15.jpg&quot;,&quot;alt&quot;:&quot;&quot;},{&quot;id&quot;:88488,&quot;url&quot;:&quot;https:\\\/\\\/novagestioinmobiliaria.com\\\/wp-content\\\/uploads\\\/2026\\\/03\\\/Piso-en-venta-en-Capdepera-ref-1879-14.jpg&quot;,&quot;alt&quot;:&quot;&quot;},{&quot;id&quot;:88485,&quot;url&quot;:&quot;https:\\\/\\\/novagestioinmobiliaria.com\\\/wp-content\\\/uploads\\\/2026\\\/03\\\/Piso-en-venta-en-Capdepera-ref-1879-13.jpg&quot;,&quot;alt&quot;:&quot;&quot;},{&quot;id&quot;:88494,&quot;url&quot;:&quot;https:\\\/\\\/novagestioinmobiliaria.com\\\/wp-content\\\/uploads\\\/2026\\\/03\\\/Piso-en-venta-en-Capdepera-ref-1879-16.jpg&quot;,&quot;alt&quot;:&quot;&quot;},{&quot;id&quot;:88482,&quot;url&quot;:&quot;https:\\\/\\\/novagestioinmobiliaria.com\\\/wp-content\\\/uploads\\\/2026\\\/03\\\/Piso-en-venta-en-Capdepera-ref-1879-12.jpg&quot;,&quot;alt&quot;:&quot;&quot;}],&quot;attributes&quot;:[{&quot;slug&quot;:&quot;property-type&quot;,&quot;name&quot;:&quot;Tipo propiedad&quot;,&quot;has_archive&quot;:true,&quot;elements&quot;:[{&quot;name&quot;:&quot;Wohnungen \\\/ Apartments&quot;,&quot;link&quot;:&quot;https:\\\/\\\/novagestioinmobiliaria.com\\\/de\\\/immobilientyp\\\/wohnungen-apartments\\\/&quot;,&quot;slug&quot;:&quot;wohnungen-apartments&quot;}],&quot;card&quot;:false,&quot;show&quot;:true,&quot;display_after&quot;:&quot;&quot;,&quot;new_box&quot;:false},{&quot;slug&quot;:&quot;offer-type&quot;,&quot;name&quot;:&quot;Tipo operaci\\u00f3n&quot;,&quot;has_archive&quot;:true,&quot;elements&quot;:[{&quot;name&quot;:&quot;Zu verkaufen&quot;,&quot;link&quot;:&quot;https:\\\/\\\/novagestioinmobiliaria.com\\\/de\\\/offer-type\\\/zu-verkaufen\\\/&quot;,&quot;slug&quot;:&quot;zu-verkaufen&quot;}],&quot;card&quot;:true,&quot;show&quot;:true,&quot;display_after&quot;:&quot;&quot;,&quot;new_box&quot;:false},{&quot;slug&quot;:&quot;city&quot;,&quot;name&quot;:&quot;Zona&quot;,&quot;has_archive&quot;:true,&quot;elements&quot;:[{&quot;name&quot;:&quot;Capdepera&quot;,&quot;link&quot;:&quot;https:\\\/\\\/novagestioinmobiliaria.com\\\/de\\\/city\\\/capdepera-de\\\/&quot;,&quot;slug&quot;:&quot;capdepera-de&quot;}],&quot;card&quot;:false,&quot;show&quot;:true,&quot;display_after&quot;:&quot;&quot;,&quot;new_box&quot;:false},{&quot;slug&quot;:&quot;price&quot;,&quot;name&quot;:&quot;Precio&quot;,&quot;has_archive&quot;:false,&quot;elements&quot;:[{&quot;name&quot;:&quot;425000&quot;,&quot;link&quot;:&quot;&quot;,&quot;slug&quot;:&quot;&quot;}],&quot;show&quot;:false,&quot;card&quot;:false,&quot;display_after&quot;:&quot;\\u20ac&quot;,&quot;new_box&quot;:false},{&quot;slug&quot;:&quot;bedrooms&quot;,&quot;name&quot;:&quot;Habitaciones&quot;,&quot;has_archive&quot;:false,&quot;elements&quot;:[{&quot;name&quot;:&quot;3&quot;,&quot;link&quot;:&quot;&quot;,&quot;slug&quot;:&quot;&quot;}],&quot;show&quot;:true,&quot;card&quot;:true,&quot;display_after&quot;:&quot;&quot;,&quot;new_box&quot;:false},{&quot;slug&quot;:&quot;bathrooms&quot;,&quot;name&quot;:&quot;Ba\\u00f1os&quot;,&quot;has_archive&quot;:false,&quot;elements&quot;:[{&quot;name&quot;:&quot;2&quot;,&quot;link&quot;:&quot;&quot;,&quot;slug&quot;:&quot;&quot;}],&quot;show&quot;:true,&quot;card&quot;:true,&quot;display_after&quot;:&quot;&quot;,&quot;new_box&quot;:false},{&quot;slug&quot;:&quot;property-size&quot;,&quot;name&quot;:&quot;M2&quot;,&quot;has_archive&quot;:false,&quot;elements&quot;:[{&quot;name&quot;:&quot;120&quot;,&quot;link&quot;:&quot;&quot;,&quot;slug&quot;:&quot;&quot;}],&quot;show&quot;:true,&quot;card&quot;:true,&quot;display_after&quot;:&quot;m\\u00b2&quot;,&quot;new_box&quot;:false},{&quot;slug&quot;:&quot;features&quot;,&quot;name&quot;:&quot;Caracter\\u00edsticas&quot;,&quot;has_archive&quot;:true,&quot;elements&quot;:[{&quot;name&quot;:&quot;3 Schlafzimmer&quot;,&quot;link&quot;:&quot;https:\\\/\\\/novagestioinmobiliaria.com\\\/de\\\/eigenschaften\\\/3-schlafzimmer\\\/&quot;,&quot;slug&quot;:&quot;3-schlafzimmer&quot;},{&quot;name&quot;:&quot;Gemeinschaftspool&quot;,&quot;link&quot;:&quot;https:\\\/\\\/novagestioinmobiliaria.com\\\/de\\\/eigenschaften\\\/gemeinschaftspool\\\/&quot;,&quot;slug&quot;:&quot;gemeinschaftspool&quot;},{&quot;name&quot;:&quot;Heizung&quot;,&quot;link&quot;:&quot;https:\\\/\\\/novagestioinmobiliaria.com\\\/de\\\/eigenschaften\\\/heizung\\\/&quot;,&quot;slug&quot;:&quot;heizung&quot;},{&quot;name&quot;:&quot;Meerblick&quot;,&quot;link&quot;:&quot;https:\\\/\\\/novagestioinmobiliaria.com\\\/de\\\/eigenschaften\\\/meerblick\\\/&quot;,&quot;slug&quot;:&quot;meerblick&quot;},{&quot;name&quot;:&quot;Panoramablick&quot;,&quot;link&quot;:&quot;https:\\\/\\\/novagestioinmobiliaria.com\\\/de\\\/eigenschaften\\\/panoramablick\\\/&quot;,&quot;slug&quot;:&quot;panoramablick&quot;},{&quot;name&quot;:&quot;Ruhige Lage&quot;,&quot;link&quot;:&quot;https:\\\/\\\/novagestioinmobiliaria.com\\\/de\\\/eigenschaften\\\/ruhige-lage\\\/&quot;,&quot;slug&quot;:&quot;ruhige-lage&quot;},{&quot;name&quot;:&quot;Terrasse&quot;,&quot;link&quot;:&quot;https:\\\/\\\/novagestioinmobiliaria.com\\\/de\\\/eigenschaften\\\/terrasse\\\/&quot;,&quot;slug&quot;:&quot;terrasse&quot;}],&quot;card&quot;:false,&quot;show&quot;:true,&quot;display_after&quot;:&quot;&quot;,&quot;new_box&quot;:true}],&quot;views&quot;:15,&quot;days_ago&quot;:&quot;1\\u00a0Monat.&quot;,&quot;image_id&quot;:88509,&quot;image_url&quot;:&quot;https:\\\/\\\/novagestioinmobiliaria.com\\\/wp-content\\\/uploads\\\/2026\\\/03\\\/Piso-en-venta-en-Capdepera-ref-1879-2.jpg&quot;,&quot;tags&quot;:[{&quot;name&quot;:&quot;Caracter\\u00edsticas&quot;,&quot;elements&quot;:[{&quot;name&quot;:&quot;3 Schlafzimmer&quot;,&quot;link&quot;:&quot;https:\\\/\\\/novagestioinmobiliaria.com\\\/de\\\/eigenschaften\\\/3-schlafzimmer\\\/&quot;},{&quot;name&quot;:&quot;Gemeinschaftspool&quot;,&quot;link&quot;:&quot;https:\\\/\\\/novagestioinmobiliaria.com\\\/de\\\/eigenschaften\\\/gemeinschaftspool\\\/&quot;},{&quot;name&quot;:&quot;Heizung&quot;,&quot;link&quot;:&quot;https:\\\/\\\/novagestioinmobiliaria.com\\\/de\\\/eigenschaften\\\/heizung\\\/&quot;},{&quot;name&quot;:&quot;Meerblick&quot;,&quot;link&quot;:&quot;https:\\\/\\\/novagestioinmobiliaria.com\\\/de\\\/eigenschaften\\\/meerblick\\\/&quot;},{&quot;name&quot;:&quot;Panoramablick&quot;,&quot;link&quot;:&quot;https:\\\/\\\/novagestioinmobiliaria.com\\\/de\\\/eigenschaften\\\/panoramablick\\\/&quot;},{&quot;name&quot;:&quot;Ruhige Lage&quot;,&quot;link&quot;:&quot;https:\\\/\\\/novagestioinmobiliaria.com\\\/de\\\/eigenschaften\\\/ruhige-lage\\\/&quot;},{&quot;name&quot;:&quot;Terrasse&quot;,&quot;link&quot;:&quot;https:\\\/\\\/novagestioinmobiliaria.com\\\/de\\\/eigenschaften\\\/terrasse\\\/&quot;}],&quot;has_archive&quot;:true}],&quot;status&quot;:&quot;publish&quot;,&quot;plans&quot;:[],&quot;video_plan&quot;:{&quot;src&quot;:&quot;&quot;,&quot;video&quot;:&quot;&quot;},&quot;virtual_tour&quot;:null,&quot;state&quot;:&quot;&quot;,&quot;labels&quot;:[],&quot;image&quot;:&quot;https:\\\/\\\/novagestioinmobiliaria.com\\\/wp-content\\\/uploads\\\/2026\\\/03\\\/Piso-en-venta-en-Capdepera-ref-1879-2-400x250.jpg&quot;,&quot;image_srcset&quot;:&quot;https:\\\/\\\/novagestioinmobiliaria.com\\\/wp-content\\\/uploads\\\/2026\\\/03\\\/Piso-en-venta-en-Capdepera-ref-1879-2-200x125.jpg 200w, https:\\\/\\\/novagestioinmobiliaria.com\\\/wp-content\\\/uploads\\\/2026\\\/03\\\/Piso-en-venta-en-Capdepera-ref-1879-2-800x500.jpg 800w, https:\\\/\\\/novagestioinmobiliaria.com\\\/wp-content\\\/uploads\\\/2026\\\/03\\\/Piso-en-venta-en-Capdepera-ref-1879-2-600x375.jpg 600w, https:\\\/\\\/novagestioinmobiliaria.com\\\/wp-content\\\/uploads\\\/2026\\\/03\\\/Piso-en-venta-en-Capdepera-ref-1879-2-400x250.jpg 400w&quot;}'>\r\n\t\t\t\t\t\t\t\t\t\t\t\t\t<\/compare-button>\r\n\t\t\t\t\t\t\t\t\t\t\t\t<\/div>\r\n\t\t\t\t\t\t\t\t\t\t\t\t<div class=\"mh-estate-vertical__buttons__single\">\r\n\t\t\t\t\t\t\t\t\t\t\t\t\t<a href=\"https:\/\/novagestioinmobiliaria.com\/de\/propiedades-properties-immobilien\/meerblick-apartment-zu-verkaufen-in-capdepera-pi1879cap-vde\/\"\r\n\t\t\t\t\t\t\t\t\t\t\t\t\t   title=\"Meerblick-Apartment zu verkaufen in Capdepera : : PI1879CAP-VDE\"\r\n\t\t\t\t\t\t\t\t\t\t\t\t\t   class=\"mdl-button mdl-js-button mdl-button--raised mdl-js-ripple-effect mdl-button--primary-ghost\">\r\n\t\t\t\t\t\t\t\t\t\t\t\t\t\tDetails\t\t\t\t\t\t\t\t\t\t\t\t\t\t<span class=\"mdl-button__icon-right\"><i class=\"fa fa-angle-right\"><\/i><\/span>\r\n\t\t\t\t\t\t\t\t\t\t\t\t\t<\/a>\r\n\t\t\t\t\t\t\t\t\t\t\t\t<\/div>\r\n\t\t\t\t\t\t\t\t\t\t\t<\/div>\r\n\t\t\t\t\t\t\t\t\t\t<\/div>\r\n\t\t\t\t\t\t\t\t\t<\/div>\r\n\t\t\t\t\t\t\t\t<\/div>\r\n\t\t\t\t\t\t\t<\/div>\r\n\t\t\t\t\t\t<\/article>\r\n\t\t\t\t\t<\/div>\r\n\t\t\t\t\r\n\t\t\t\t\t<div class=\"item\">\r\n\t\t\t\t\t\t<article class=\"mh-estate-vertical mh-estate-vertical--white  mh-attribute-property-type__fincas-landhaeuser mh-attribute-offer-type__zu-verkaufen mh-attribute-city__manacor-de mh-attribute-features__2-doppelzimmer mh-attribute-features__garten mh-attribute-features__panoramablick mh-attribute-features__ruhige-lage mh-attribute-features__terrasse\">\r\n\t\t\t\t\t\t\t<a href=\"https:\/\/novagestioinmobiliaria.com\/de\/propiedades-properties-immobilien\/rustikales-anwesen-zum-verkauf-in-manacor-p-cristo-fr1849ma-vde\/\"\r\n\t\t\t\t\t\t\t   title=\"Rustikales Anwesen zum Verkauf in Manacor &#8211; P. Cristo : : FR1849MA-VDE\"\r\n\t\t\t\t\t\t\t   class=\"mh-thumbnail\">\r\n                        <span class=\"mh-thumbnail__inner\">\r\n                                    <img\r\n                    data-srcset=\"https:\/\/novagestioinmobiliaria.com\/wp-content\/uploads\/2025\/12\/Finca-rustica-en-venta-en-Manacor-Porto-Cristo-ref-1849-12-200x125.jpg 200w, https:\/\/novagestioinmobiliaria.com\/wp-content\/uploads\/2025\/12\/Finca-rustica-en-venta-en-Manacor-Porto-Cristo-ref-1849-12-800x500.jpg 800w, https:\/\/novagestioinmobiliaria.com\/wp-content\/uploads\/2025\/12\/Finca-rustica-en-venta-en-Manacor-Porto-Cristo-ref-1849-12-600x375.jpg 600w, https:\/\/novagestioinmobiliaria.com\/wp-content\/uploads\/2025\/12\/Finca-rustica-en-venta-en-Manacor-Porto-Cristo-ref-1849-12-400x250.jpg 400w\"\r\n                    class=\"lazyload \" alt=\"Rustikales Anwesen zum Verkauf in Manacor &#8211; P. Cristo : : FR1849MA-VDE\"\r\n                    data-sizes=\"auto\"\r\n            >\r\n\t\t\t                        <\/span>\r\n\r\n\t\t\t\t\t\t\t\t\t\t\t\t\t\t\t\t\t<div class=\"mh-caption\">\r\n\t\t\t\t\t\t\t\t\t\t<div class=\"mh-caption__inner\">\r\n\t\t\t\t\t\t\t\t\t\t\tZu verkaufen\t\t\t\t\t\t\t\t\t\t<\/div>\r\n\t\t\t\t\t\t\t\t\t<\/div>\r\n\t\t\t\t\t\t\t\t\t\r\n\t\t\t\t\t\t\t\t<div class=\"mh-estate-vertical__text\">\r\n\t\t\t\t\t\t\t\t\t<div class=\"mh-estate-vertical__text__inner\">\r\n\t\t\t\t\t\t\t\t\t\tSch\u00f6nes rustikales Anwesen zum Verkauf in Manacor von 29.589 m2 laut Kataster, mit einem Geb\u00e4ude von etwa 120 m2 halb...\t\t\t\t\t\t\t\t\t<\/div>\r\n\t\t\t\t\t\t\t\t<\/div>\r\n\t\t\t\t\t\t\t<\/a>\r\n\r\n\t\t\t\t\t\t\t<div class=\"mh-estate-vertical__content\">\r\n\t\t\t\t\t\t\t\t<h3 class=\"mh-estate-vertical__heading\">\r\n\t\t\t\t\t\t\t\t\t<a href=\"https:\/\/novagestioinmobiliaria.com\/de\/propiedades-properties-immobilien\/rustikales-anwesen-zum-verkauf-in-manacor-p-cristo-fr1849ma-vde\/\"\r\n\t\t\t\t\t\t\t\t\t   title=\"Rustikales Anwesen zum Verkauf in Manacor &#8211; P. Cristo : : FR1849MA-VDE\">\r\n\t\t\t\t\t\t\t\t\t\tRustikales Anwesen zum Verkauf in Manacor &#8211; P. Cristo : : FR1849MA-VDE\t\t\t\t\t\t\t\t\t<\/a>\r\n\t\t\t\t\t\t\t\t<\/h3>\r\n\t\t\t\t\t\t\t\t<address class=\"mh-estate-vertical__subheading\">\r\n\t\t\t\t\t\t\t\t\tM\t\t\t\t\t\t\t\t<\/address>\r\n\t\t\t\t\t\t\t\t<div class=\"mh-estate-vertical__primary\">\r\n\t\t\t\t\t\t\t\t\t495.000 \u20ac\t\t\t\t\t\t\t\t<\/div>\r\n\r\n\t\t\t\t\t\t\t\t<div>\r\n\t\t\t\t\t\t\t\t\t<div class=\"mh-estate__list\">\r\n\t\t\t\t\t\t\t\t\t\t\r\n\t\t\t\t\t\t\t\t\t\t\t<span class=\"mh-estate-vertical__more-info mh-estate_attribute-offer-type\">\r\n                                        <strong>Tipo operaci\u00f3n:<\/strong>\r\n\t\t\t\t\t\t\t\t\t\t\t\t\t\t\t\t\t\t\t\t\t\t\t\t\t\tZu verkaufen\t\t\t\t\t\t\t\t\t\t\t\t\t\t                                    <\/span>\r\n\r\n\t\t\t\t\t\t\t\t\t\t\r\n\t\t\t\t\t\t\t\t\t\t\t<span class=\"mh-estate-vertical__more-info mh-estate_attribute-bedrooms\">\r\n                                        <strong>Habitaciones:<\/strong>\r\n\t\t\t\t\t\t\t\t\t\t\t\t2                                    <\/span>\r\n\r\n\t\t\t\t\t\t\t\t\t\t\r\n\t\t\t\t\t\t\t\t\t\t\t<span class=\"mh-estate-vertical__more-info mh-estate_attribute-bathrooms\">\r\n                                        <strong>Ba\u00f1os:<\/strong>\r\n\t\t\t\t\t\t\t\t\t\t\t\t1                                    <\/span>\r\n\r\n\t\t\t\t\t\t\t\t\t\t\t\t\t\t\t\t\t\t\t<\/div>\r\n\t\t\t\t\t\t\t\t<\/div>\r\n\r\n\t\t\t\t\t\t\t\t<div class=\"mh-estate-vertical__bottom\">\r\n\t\t\t\t\t\t\t\t\t<div class=\"mh-estate-vertical__bottom__inner\">\r\n\t\t\t\t\t\t\t\t\t\t<div class=\"mh-estate-vertical__date\">\r\n\t\t\t\t\t\t\t\t\t\t\t2 monat.\t\t\t\t\t\t\t\t\t\t<\/div>\r\n\t\t\t\t\t\t\t\t\t\t<div class=\"mh-estate-vertical__buttons-wrapper\">\r\n\t\t\t\t\t\t\t\t\t\t\t<div class=\"mh-estate-vertical__buttons\">\r\n\t\t\t\t\t\t\t\t\t\t\t\t<div class=\"mh-estate-vertical__buttons__single\">\r\n\t\t\t\t\t\t\t\t\t\t\t\t\t<compare-button class=\"myhome-compare\"\r\n\t\t\t\t\t\t\t\t\t\t\t\t\t\t\t\t\t:translations='{&quot;added&quot;:&quot;Zus\\u00e4tzlich&quot;,&quot;compare&quot;:&quot;Vergleichen&quot;}'\r\n\t\t\t\t\t\t\t\t\t\t\t\t\t\t\t\t\t:estate='{&quot;short_excerpt_limit&quot;:125,&quot;long_excerpt_limit&quot;:160,&quot;id&quot;:85956,&quot;agent_id&quot;:&quot;1&quot;,&quot;title&quot;:&quot;Rustikales Anwesen zum Verkauf in Manacor \\u2013 P. Cristo : : FR1849MA-VDE&quot;,&quot;content&quot;:&quot;Sch\\u00f6nes rustikales Anwesen zum Verkauf in Manacor von 29.589 m2 laut Kataster, mit einem Geb\\u00e4ude von etwa 120 m2 halb renoviert und mit Erweiterungsm\\u00f6glichkeit. Das Anwesen befindet sich zwischen Manacor und Porto Cristo in einer sehr ruhigen Gegend. Der untere Teil des Hauses ist halb renoviert und verf\\u00fcgt \\u00fcber eine K\\u00fcche, Wohnzimmer, Esszimmer, Eingangshalle und zwei Schlafzimmer. Drau\\u00dfen finden wir einen Holzofen und eine Regenwassersammelzisterne. Es besteht die M\\u00f6glichkeit, Wasser und Strom zu installieren. Der Zugang f\\u00fchrt zu zwei Stra\\u00dfen und bietet eine gute Aussicht. Ideal f\\u00fcr den Bau eines sch\\u00f6nen Hauses in einer nat\\u00fcrlichen Umgebung mit guter Anbindung.\\r\\nNova Gesti\\u00f3, Ihre Immobilienagentur in Manacor&quot;,&quot;excerpt&quot;:&quot;Sch\\u00f6nes rustikales Anwesen zum Verkauf in Manacor von 29.589 m2 laut Kataster, mit einem Geb\\u00e4ude von etwa 120 m2 halb renoviert und mit Erweiterungsm\\u00f6glichkeit. Das Anwesen befindet sich zwischen Manacor und Porto Cristo in einer sehr ruhigen Gegend. Der untere Teil des Hauses ist halb renoviert und verf\\u00fcgt \\u00fcber eine K\\u00fcche, Wohnzimmer, Esszimmer, Eingangshalle und [\\u2026]&quot;,&quot;short_excerpt&quot;:&quot;Sch\\u00f6nes rustikales Anwesen zum Verkauf in Manacor von 29.589 m2 laut Kataster, mit einem Geb\\u00e4ude von etwa 120 m2 halb reno...&quot;,&quot;long_excerpt&quot;:&quot;Sch\\u00f6nes rustikales Anwesen zum Verkauf in Manacor von 29.589 m2 laut Kataster, mit einem Geb\\u00e4ude von etwa 120 m2 halb renoviert und mit Erweiterungsm\\u00f6glichke...&quot;,&quot;link&quot;:&quot;https:\\\/\\\/novagestioinmobiliaria.com\\\/de\\\/propiedades-properties-immobilien\\\/rustikales-anwesen-zum-verkauf-in-manacor-p-cristo-fr1849ma-vde\\\/&quot;,&quot;offer_type&quot;:&quot;Zu verkaufen&quot;,&quot;price&quot;:&quot;495.000 \\u20ac&quot;,&quot;location&quot;:&quot;M&quot;,&quot;is_featured&quot;:true,&quot;gallery&quot;:[{&quot;id&quot;:85915,&quot;url&quot;:&quot;https:\\\/\\\/novagestioinmobiliaria.com\\\/wp-content\\\/uploads\\\/2025\\\/12\\\/Finca-rustica-en-venta-en-Manacor-Porto-Cristo-ref-1849-12.jpg&quot;,&quot;alt&quot;:&quot;&quot;},{&quot;id&quot;:85939,&quot;url&quot;:&quot;https:\\\/\\\/novagestioinmobiliaria.com\\\/wp-content\\\/uploads\\\/2025\\\/12\\\/Finca-rustica-en-venta-en-Manacor-Porto-Cristo-ref-1849-6.jpg&quot;,&quot;alt&quot;:&quot;&quot;},{&quot;id&quot;:85954,&quot;url&quot;:&quot;https:\\\/\\\/novagestioinmobiliaria.com\\\/wp-content\\\/uploads\\\/2025\\\/12\\\/Finca-rustica-en-venta-en-Manacor-Porto-Cristo-ref-1849-11.jpg&quot;,&quot;alt&quot;:&quot;&quot;},{&quot;id&quot;:85924,&quot;url&quot;:&quot;https:\\\/\\\/novagestioinmobiliaria.com\\\/wp-content\\\/uploads\\\/2025\\\/12\\\/Finca-rustica-en-venta-en-Manacor-Porto-Cristo-ref-1849-1.jpg&quot;,&quot;alt&quot;:&quot;&quot;},{&quot;id&quot;:85936,&quot;url&quot;:&quot;https:\\\/\\\/novagestioinmobiliaria.com\\\/wp-content\\\/uploads\\\/2025\\\/12\\\/Finca-rustica-en-venta-en-Manacor-Porto-Cristo-ref-1849-5.jpg&quot;,&quot;alt&quot;:&quot;&quot;},{&quot;id&quot;:85948,&quot;url&quot;:&quot;https:\\\/\\\/novagestioinmobiliaria.com\\\/wp-content\\\/uploads\\\/2025\\\/12\\\/Finca-rustica-en-venta-en-Manacor-Porto-Cristo-ref-1849-9.jpg&quot;,&quot;alt&quot;:&quot;&quot;},{&quot;id&quot;:85945,&quot;url&quot;:&quot;https:\\\/\\\/novagestioinmobiliaria.com\\\/wp-content\\\/uploads\\\/2025\\\/12\\\/Finca-rustica-en-venta-en-Manacor-Porto-Cristo-ref-1849-8.jpg&quot;,&quot;alt&quot;:&quot;&quot;},{&quot;id&quot;:85942,&quot;url&quot;:&quot;https:\\\/\\\/novagestioinmobiliaria.com\\\/wp-content\\\/uploads\\\/2025\\\/12\\\/Finca-rustica-en-venta-en-Manacor-Porto-Cristo-ref-1849-7.jpg&quot;,&quot;alt&quot;:&quot;&quot;},{&quot;id&quot;:85933,&quot;url&quot;:&quot;https:\\\/\\\/novagestioinmobiliaria.com\\\/wp-content\\\/uploads\\\/2025\\\/12\\\/Finca-rustica-en-venta-en-Manacor-Porto-Cristo-ref-1849-4.jpg&quot;,&quot;alt&quot;:&quot;&quot;},{&quot;id&quot;:85918,&quot;url&quot;:&quot;https:\\\/\\\/novagestioinmobiliaria.com\\\/wp-content\\\/uploads\\\/2025\\\/12\\\/Finca-rustica-en-venta-en-Manacor-Porto-Cristo-ref-1849-13.jpg&quot;,&quot;alt&quot;:&quot;&quot;},{&quot;id&quot;:85930,&quot;url&quot;:&quot;https:\\\/\\\/novagestioinmobiliaria.com\\\/wp-content\\\/uploads\\\/2025\\\/12\\\/Finca-rustica-en-venta-en-Manacor-Porto-Cristo-ref-1849-3.jpg&quot;,&quot;alt&quot;:&quot;&quot;},{&quot;id&quot;:85927,&quot;url&quot;:&quot;https:\\\/\\\/novagestioinmobiliaria.com\\\/wp-content\\\/uploads\\\/2025\\\/12\\\/Finca-rustica-en-venta-en-Manacor-Porto-Cristo-ref-1849-2.jpg&quot;,&quot;alt&quot;:&quot;&quot;},{&quot;id&quot;:85921,&quot;url&quot;:&quot;https:\\\/\\\/novagestioinmobiliaria.com\\\/wp-content\\\/uploads\\\/2025\\\/12\\\/Finca-rustica-en-venta-en-Manacor-Porto-Cristo-ref-1849-14.jpg&quot;,&quot;alt&quot;:&quot;&quot;},{&quot;id&quot;:85951,&quot;url&quot;:&quot;https:\\\/\\\/novagestioinmobiliaria.com\\\/wp-content\\\/uploads\\\/2025\\\/12\\\/Finca-rustica-en-venta-en-Manacor-Porto-Cristo-ref-1849-10.jpg&quot;,&quot;alt&quot;:&quot;&quot;}],&quot;attributes&quot;:[{&quot;slug&quot;:&quot;property-type&quot;,&quot;name&quot;:&quot;Tipo propiedad&quot;,&quot;has_archive&quot;:true,&quot;elements&quot;:[{&quot;name&quot;:&quot;Fincas \\\/ Landh\\u00e4user&quot;,&quot;link&quot;:&quot;https:\\\/\\\/novagestioinmobiliaria.com\\\/de\\\/immobilientyp\\\/fincas-landhaeuser\\\/&quot;,&quot;slug&quot;:&quot;fincas-landhaeuser&quot;}],&quot;card&quot;:false,&quot;show&quot;:true,&quot;display_after&quot;:&quot;&quot;,&quot;new_box&quot;:false},{&quot;slug&quot;:&quot;offer-type&quot;,&quot;name&quot;:&quot;Tipo operaci\\u00f3n&quot;,&quot;has_archive&quot;:true,&quot;elements&quot;:[{&quot;name&quot;:&quot;Zu verkaufen&quot;,&quot;link&quot;:&quot;https:\\\/\\\/novagestioinmobiliaria.com\\\/de\\\/offer-type\\\/zu-verkaufen\\\/&quot;,&quot;slug&quot;:&quot;zu-verkaufen&quot;}],&quot;card&quot;:true,&quot;show&quot;:true,&quot;display_after&quot;:&quot;&quot;,&quot;new_box&quot;:false},{&quot;slug&quot;:&quot;city&quot;,&quot;name&quot;:&quot;Zona&quot;,&quot;has_archive&quot;:true,&quot;elements&quot;:[{&quot;name&quot;:&quot;Manacor&quot;,&quot;link&quot;:&quot;https:\\\/\\\/novagestioinmobiliaria.com\\\/de\\\/city\\\/manacor-de\\\/&quot;,&quot;slug&quot;:&quot;manacor-de&quot;}],&quot;card&quot;:false,&quot;show&quot;:true,&quot;display_after&quot;:&quot;&quot;,&quot;new_box&quot;:false},{&quot;slug&quot;:&quot;price&quot;,&quot;name&quot;:&quot;Precio&quot;,&quot;has_archive&quot;:false,&quot;elements&quot;:[{&quot;name&quot;:&quot;495000&quot;,&quot;link&quot;:&quot;&quot;,&quot;slug&quot;:&quot;&quot;}],&quot;show&quot;:false,&quot;card&quot;:false,&quot;display_after&quot;:&quot;\\u20ac&quot;,&quot;new_box&quot;:false},{&quot;slug&quot;:&quot;bedrooms&quot;,&quot;name&quot;:&quot;Habitaciones&quot;,&quot;has_archive&quot;:false,&quot;elements&quot;:[{&quot;name&quot;:&quot;2&quot;,&quot;link&quot;:&quot;&quot;,&quot;slug&quot;:&quot;&quot;}],&quot;show&quot;:true,&quot;card&quot;:true,&quot;display_after&quot;:&quot;&quot;,&quot;new_box&quot;:false},{&quot;slug&quot;:&quot;bathrooms&quot;,&quot;name&quot;:&quot;Ba\\u00f1os&quot;,&quot;has_archive&quot;:false,&quot;elements&quot;:[{&quot;name&quot;:&quot;1&quot;,&quot;link&quot;:&quot;&quot;,&quot;slug&quot;:&quot;&quot;}],&quot;show&quot;:true,&quot;card&quot;:true,&quot;display_after&quot;:&quot;&quot;,&quot;new_box&quot;:false},{&quot;slug&quot;:&quot;features&quot;,&quot;name&quot;:&quot;Caracter\\u00edsticas&quot;,&quot;has_archive&quot;:true,&quot;elements&quot;:[{&quot;name&quot;:&quot;2 Doppelzimmer&quot;,&quot;link&quot;:&quot;https:\\\/\\\/novagestioinmobiliaria.com\\\/de\\\/eigenschaften\\\/2-doppelzimmer\\\/&quot;,&quot;slug&quot;:&quot;2-doppelzimmer&quot;},{&quot;name&quot;:&quot;Garten&quot;,&quot;link&quot;:&quot;https:\\\/\\\/novagestioinmobiliaria.com\\\/de\\\/eigenschaften\\\/garten\\\/&quot;,&quot;slug&quot;:&quot;garten&quot;},{&quot;name&quot;:&quot;Panoramablick&quot;,&quot;link&quot;:&quot;https:\\\/\\\/novagestioinmobiliaria.com\\\/de\\\/eigenschaften\\\/panoramablick\\\/&quot;,&quot;slug&quot;:&quot;panoramablick&quot;},{&quot;name&quot;:&quot;Ruhige Lage&quot;,&quot;link&quot;:&quot;https:\\\/\\\/novagestioinmobiliaria.com\\\/de\\\/eigenschaften\\\/ruhige-lage\\\/&quot;,&quot;slug&quot;:&quot;ruhige-lage&quot;},{&quot;name&quot;:&quot;Terrasse&quot;,&quot;link&quot;:&quot;https:\\\/\\\/novagestioinmobiliaria.com\\\/de\\\/eigenschaften\\\/terrasse\\\/&quot;,&quot;slug&quot;:&quot;terrasse&quot;}],&quot;card&quot;:false,&quot;show&quot;:true,&quot;display_after&quot;:&quot;&quot;,&quot;new_box&quot;:true}],&quot;views&quot;:20,&quot;days_ago&quot;:&quot;2 monat.&quot;,&quot;image_id&quot;:85915,&quot;image_url&quot;:&quot;https:\\\/\\\/novagestioinmobiliaria.com\\\/wp-content\\\/uploads\\\/2025\\\/12\\\/Finca-rustica-en-venta-en-Manacor-Porto-Cristo-ref-1849-12.jpg&quot;,&quot;tags&quot;:[{&quot;name&quot;:&quot;Caracter\\u00edsticas&quot;,&quot;elements&quot;:[{&quot;name&quot;:&quot;2 Doppelzimmer&quot;,&quot;link&quot;:&quot;https:\\\/\\\/novagestioinmobiliaria.com\\\/de\\\/eigenschaften\\\/2-doppelzimmer\\\/&quot;},{&quot;name&quot;:&quot;Garten&quot;,&quot;link&quot;:&quot;https:\\\/\\\/novagestioinmobiliaria.com\\\/de\\\/eigenschaften\\\/garten\\\/&quot;},{&quot;name&quot;:&quot;Panoramablick&quot;,&quot;link&quot;:&quot;https:\\\/\\\/novagestioinmobiliaria.com\\\/de\\\/eigenschaften\\\/panoramablick\\\/&quot;},{&quot;name&quot;:&quot;Ruhige Lage&quot;,&quot;link&quot;:&quot;https:\\\/\\\/novagestioinmobiliaria.com\\\/de\\\/eigenschaften\\\/ruhige-lage\\\/&quot;},{&quot;name&quot;:&quot;Terrasse&quot;,&quot;link&quot;:&quot;https:\\\/\\\/novagestioinmobiliaria.com\\\/de\\\/eigenschaften\\\/terrasse\\\/&quot;}],&quot;has_archive&quot;:true}],&quot;status&quot;:&quot;publish&quot;,&quot;plans&quot;:[],&quot;video_plan&quot;:{&quot;src&quot;:&quot;&quot;,&quot;video&quot;:&quot;&quot;},&quot;virtual_tour&quot;:null,&quot;state&quot;:&quot;&quot;,&quot;labels&quot;:[],&quot;image&quot;:&quot;https:\\\/\\\/novagestioinmobiliaria.com\\\/wp-content\\\/uploads\\\/2025\\\/12\\\/Finca-rustica-en-venta-en-Manacor-Porto-Cristo-ref-1849-12-400x250.jpg&quot;,&quot;image_srcset&quot;:&quot;https:\\\/\\\/novagestioinmobiliaria.com\\\/wp-content\\\/uploads\\\/2025\\\/12\\\/Finca-rustica-en-venta-en-Manacor-Porto-Cristo-ref-1849-12-200x125.jpg 200w, https:\\\/\\\/novagestioinmobiliaria.com\\\/wp-content\\\/uploads\\\/2025\\\/12\\\/Finca-rustica-en-venta-en-Manacor-Porto-Cristo-ref-1849-12-800x500.jpg 800w, https:\\\/\\\/novagestioinmobiliaria.com\\\/wp-content\\\/uploads\\\/2025\\\/12\\\/Finca-rustica-en-venta-en-Manacor-Porto-Cristo-ref-1849-12-600x375.jpg 600w, https:\\\/\\\/novagestioinmobiliaria.com\\\/wp-content\\\/uploads\\\/2025\\\/12\\\/Finca-rustica-en-venta-en-Manacor-Porto-Cristo-ref-1849-12-400x250.jpg 400w&quot;}'>\r\n\t\t\t\t\t\t\t\t\t\t\t\t\t<\/compare-button>\r\n\t\t\t\t\t\t\t\t\t\t\t\t<\/div>\r\n\t\t\t\t\t\t\t\t\t\t\t\t<div class=\"mh-estate-vertical__buttons__single\">\r\n\t\t\t\t\t\t\t\t\t\t\t\t\t<a href=\"https:\/\/novagestioinmobiliaria.com\/de\/propiedades-properties-immobilien\/rustikales-anwesen-zum-verkauf-in-manacor-p-cristo-fr1849ma-vde\/\"\r\n\t\t\t\t\t\t\t\t\t\t\t\t\t   title=\"Rustikales Anwesen zum Verkauf in Manacor &#8211; P. Cristo : : FR1849MA-VDE\"\r\n\t\t\t\t\t\t\t\t\t\t\t\t\t   class=\"mdl-button mdl-js-button mdl-button--raised mdl-js-ripple-effect mdl-button--primary-ghost\">\r\n\t\t\t\t\t\t\t\t\t\t\t\t\t\tDetails\t\t\t\t\t\t\t\t\t\t\t\t\t\t<span class=\"mdl-button__icon-right\"><i class=\"fa fa-angle-right\"><\/i><\/span>\r\n\t\t\t\t\t\t\t\t\t\t\t\t\t<\/a>\r\n\t\t\t\t\t\t\t\t\t\t\t\t<\/div>\r\n\t\t\t\t\t\t\t\t\t\t\t<\/div>\r\n\t\t\t\t\t\t\t\t\t\t<\/div>\r\n\t\t\t\t\t\t\t\t\t<\/div>\r\n\t\t\t\t\t\t\t\t<\/div>\r\n\t\t\t\t\t\t\t<\/div>\r\n\t\t\t\t\t\t<\/article>\r\n\t\t\t\t\t<\/div>\r\n\t\t\t\t\r\n\t\t\t\t\t<div class=\"item\">\r\n\t\t\t\t\t\t<article class=\"mh-estate-vertical mh-estate-vertical--white  mh-attribute-property-type__villen-chalets mh-attribute-offer-type__zu-verkaufen mh-attribute-city__porto-cristo-de mh-attribute-features__3-schlafzimmer mh-attribute-features__balkon mh-attribute-features__einbaukueche mh-attribute-features__garage-de mh-attribute-features__garten mh-attribute-features__grill mh-attribute-features__heizung mh-attribute-features__klimaanlage mh-attribute-features__obergeschoss mh-attribute-features__privatpool mh-attribute-features__ruhige-lage mh-attribute-features__terrasse\">\r\n\t\t\t\t\t\t\t<a href=\"https:\/\/novagestioinmobiliaria.com\/de\/propiedades-properties-immobilien\/schoenes-chalet-in-porto-cristo-zu-verkaufen-ch1851pc-vde\/\"\r\n\t\t\t\t\t\t\t   title=\"Sch\u00f6nes Chalet in Porto Cristo zu verkaufen : : CH1851PC-VDE\"\r\n\t\t\t\t\t\t\t   class=\"mh-thumbnail\">\r\n                        <span class=\"mh-thumbnail__inner\">\r\n                                    <img\r\n                    data-srcset=\"https:\/\/novagestioinmobiliaria.com\/wp-content\/uploads\/2025\/12\/Chalet-en-venta-en-Porto-Cristo-Manacor-ref-1851-62-200x125.jpg 200w, https:\/\/novagestioinmobiliaria.com\/wp-content\/uploads\/2025\/12\/Chalet-en-venta-en-Porto-Cristo-Manacor-ref-1851-62-1200x750.jpg 1200w, https:\/\/novagestioinmobiliaria.com\/wp-content\/uploads\/2025\/12\/Chalet-en-venta-en-Porto-Cristo-Manacor-ref-1851-62-800x500.jpg 800w, https:\/\/novagestioinmobiliaria.com\/wp-content\/uploads\/2025\/12\/Chalet-en-venta-en-Porto-Cristo-Manacor-ref-1851-62-600x375.jpg 600w, https:\/\/novagestioinmobiliaria.com\/wp-content\/uploads\/2025\/12\/Chalet-en-venta-en-Porto-Cristo-Manacor-ref-1851-62-400x250.jpg 400w\"\r\n                    class=\"lazyload \" alt=\"Sch\u00f6nes Chalet in Porto Cristo zu verkaufen : : CH1851PC-VDE\"\r\n                    data-sizes=\"auto\"\r\n            >\r\n\t\t\t                        <\/span>\r\n\r\n\t\t\t\t\t\t\t\t\t\t\t\t\t\t\t\t\t<div class=\"mh-caption\">\r\n\t\t\t\t\t\t\t\t\t\t<div class=\"mh-caption__inner\">\r\n\t\t\t\t\t\t\t\t\t\t\tZu verkaufen\t\t\t\t\t\t\t\t\t\t<\/div>\r\n\t\t\t\t\t\t\t\t\t<\/div>\r\n\t\t\t\t\t\t\t\t\t\r\n\t\t\t\t\t\t\t\t<div class=\"mh-estate-vertical__text\">\r\n\t\t\t\t\t\t\t\t\t<div class=\"mh-estate-vertical__text__inner\">\r\n\t\t\t\t\t\t\t\t\t\t[vc_row][vc_column][vc_btn title=&#8221;VIRTUELLE 360\u00ba &#8211; TOUR ANSEHEN&#8221; color=&#8221;info&#8221; align=&#8221;center&#8221; css=&#8221;&#8221; button_block=&#8221;true&#8221; link=&#8221;url:https%3A%2F%2Ffloorfy.com%2Fes%2Ftour%2F2526777%3Fplay%3Dno|target:_blank&#8221;][vc_column_text] Elit\u00e4re freistehende Villa in Porto Cristo, auf einem Grundst\u00fcck...\t\t\t\t\t\t\t\t\t<\/div>\r\n\t\t\t\t\t\t\t\t<\/div>\r\n\t\t\t\t\t\t\t<\/a>\r\n\r\n\t\t\t\t\t\t\t<div class=\"mh-estate-vertical__content\">\r\n\t\t\t\t\t\t\t\t<h3 class=\"mh-estate-vertical__heading\">\r\n\t\t\t\t\t\t\t\t\t<a href=\"https:\/\/novagestioinmobiliaria.com\/de\/propiedades-properties-immobilien\/schoenes-chalet-in-porto-cristo-zu-verkaufen-ch1851pc-vde\/\"\r\n\t\t\t\t\t\t\t\t\t   title=\"Sch\u00f6nes Chalet in Porto Cristo zu verkaufen : : CH1851PC-VDE\">\r\n\t\t\t\t\t\t\t\t\t\tSch\u00f6nes Chalet in Porto Cristo zu verkaufen : : CH1851PC-VDE\t\t\t\t\t\t\t\t\t<\/a>\r\n\t\t\t\t\t\t\t\t<\/h3>\r\n\t\t\t\t\t\t\t\t<address class=\"mh-estate-vertical__subheading\">\r\n\t\t\t\t\t\t\t\t\tP\t\t\t\t\t\t\t\t<\/address>\r\n\t\t\t\t\t\t\t\t<div class=\"mh-estate-vertical__primary\">\r\n\t\t\t\t\t\t\t\t\t1.590.000 \u20ac\t\t\t\t\t\t\t\t<\/div>\r\n\r\n\t\t\t\t\t\t\t\t<div>\r\n\t\t\t\t\t\t\t\t\t<div class=\"mh-estate__list\">\r\n\t\t\t\t\t\t\t\t\t\t\r\n\t\t\t\t\t\t\t\t\t\t\t<span class=\"mh-estate-vertical__more-info mh-estate_attribute-offer-type\">\r\n                                        <strong>Tipo operaci\u00f3n:<\/strong>\r\n\t\t\t\t\t\t\t\t\t\t\t\t\t\t\t\t\t\t\t\t\t\t\t\t\t\tZu verkaufen\t\t\t\t\t\t\t\t\t\t\t\t\t\t                                    <\/span>\r\n\r\n\t\t\t\t\t\t\t\t\t\t\r\n\t\t\t\t\t\t\t\t\t\t\t<span class=\"mh-estate-vertical__more-info mh-estate_attribute-bedrooms\">\r\n                                        <strong>Habitaciones:<\/strong>\r\n\t\t\t\t\t\t\t\t\t\t\t\t3                                    <\/span>\r\n\r\n\t\t\t\t\t\t\t\t\t\t\r\n\t\t\t\t\t\t\t\t\t\t\t<span class=\"mh-estate-vertical__more-info mh-estate_attribute-bathrooms\">\r\n                                        <strong>Ba\u00f1os:<\/strong>\r\n\t\t\t\t\t\t\t\t\t\t\t\t3                                    <\/span>\r\n\r\n\t\t\t\t\t\t\t\t\t\t\r\n\t\t\t\t\t\t\t\t\t\t\t<span class=\"mh-estate-vertical__more-info mh-estate_attribute-property-size\">\r\n                                        <strong>M2:<\/strong>\r\n\t\t\t\t\t\t\t\t\t\t\t\t360 m\u00b2                                    <\/span>\r\n\r\n\t\t\t\t\t\t\t\t\t\t\t\t\t\t\t\t\t\t\t<\/div>\r\n\t\t\t\t\t\t\t\t<\/div>\r\n\r\n\t\t\t\t\t\t\t\t<div class=\"mh-estate-vertical__bottom\">\r\n\t\t\t\t\t\t\t\t\t<div class=\"mh-estate-vertical__bottom__inner\">\r\n\t\t\t\t\t\t\t\t\t\t<div class=\"mh-estate-vertical__date\">\r\n\t\t\t\t\t\t\t\t\t\t\t4 monat.\t\t\t\t\t\t\t\t\t\t<\/div>\r\n\t\t\t\t\t\t\t\t\t\t<div class=\"mh-estate-vertical__buttons-wrapper\">\r\n\t\t\t\t\t\t\t\t\t\t\t<div class=\"mh-estate-vertical__buttons\">\r\n\t\t\t\t\t\t\t\t\t\t\t\t<div class=\"mh-estate-vertical__buttons__single\">\r\n\t\t\t\t\t\t\t\t\t\t\t\t\t<compare-button class=\"myhome-compare\"\r\n\t\t\t\t\t\t\t\t\t\t\t\t\t\t\t\t\t:translations='{&quot;added&quot;:&quot;Zus\\u00e4tzlich&quot;,&quot;compare&quot;:&quot;Vergleichen&quot;}'\r\n\t\t\t\t\t\t\t\t\t\t\t\t\t\t\t\t\t:estate='{&quot;short_excerpt_limit&quot;:125,&quot;long_excerpt_limit&quot;:160,&quot;id&quot;:86078,&quot;agent_id&quot;:&quot;1&quot;,&quot;title&quot;:&quot;Sch\\u00f6nes Chalet in Porto Cristo zu verkaufen : : CH1851PC-VDE&quot;,&quot;content&quot;:&quot;[vc_row][vc_column][vc_btn title=\\&quot;VIRTUELLE 360\\u00ba - TOUR ANSEHEN\\&quot; color=\\&quot;info\\&quot; align=\\&quot;center\\&quot; css=\\&quot;\\&quot; button_block=\\&quot;true\\&quot; link=\\&quot;url:https%3A%2F%2Ffloorfy.com%2Fes%2Ftour%2F2526777%3Fplay%3Dno|target:_blank\\&quot;][vc_column_text]\\r\\nElit\\u00e4re freistehende Villa in Porto Cristo, auf einem Grundst\\u00fcck von 700 m\\u00b2 und einer Wohnfl\\u00e4che von ca. 360 m\\u00b2 in ruhiger und gut angebundener Wohngegend.\\r\\nDas Haus erstreckt sich \\u00fcber 2 Etagen und vereint ger\\u00e4umige Raumgestaltung, Funktionalit\\u00e4t und hochwertige Bauweise.\\r\\nErdgeschoss\\r\\nEin elegantes Foyer f\\u00fchrt zu einem weitl\\u00e4ufigen, sehr hellen Wohnzimmer und einem separat abgetrennten Essbereich, ideal f\\u00fcr Familientreffen. Die komplett ausgestattete K\\u00fcche mit Elektroger\\u00e4ten bietet einen bequemen Zugang zur Au\\u00dfenbereich. Auf dieser Etage finden sich auch ein separates Waschk\\u00fcche, ein komplettes Badezimmer, eine geschlossene Garage f\\u00fcr zwei Autos und eine einladende \\u00fcberdachte Veranda.\\r\\nAu\\u00dfenbereich\\r\\nDer Au\\u00dfenbereich ist darauf ausgelegt, das mediterrane Klima voll auszukosten - mit einem privaten Pool, einer eindrucksvollen Pergola mit Kochbereich und Grillstation sowie weitl\\u00e4ufigen Terrassenbereichen zur Entspannung und f\\u00fcr Outdoor-Aktivit\\u00e4ten.\\r\\nObergeschoss\\r\\nDas Haus verf\\u00fcgt \\u00fcber drei Doppelzimmer. Das Hauptschlafzimmer bietet ein eigenes Bad und eine private Terrasse mit Blick auf den Pool. Das zweite Schlafzimmer verf\\u00fcgt ebenfalls \\u00fcber eine Terrasse und eine unverbaute Aussicht, w\\u00e4hrend das dritte einen Balkon mit Meerblick hat und so einen Mehrwert f\\u00fcr die Immobilie darstellt.\\r\\nAusstattung und Qualit\\u00e4ten\\r\\nDas Anwesen ist \\u00e4u\\u00dferst gepflegt und in einem ausgezeichneten Zustand. Es verf\\u00fcgt \\u00fcber Fu\\u00dfbodenheizung, Klimaanlage mit W\\u00e4rmepumpe in allen R\\u00e4umen, Holzfenster, Innent\\u00fcren aus Iroko und Fliesenboden - was W\\u00e4rme und Strapazierf\\u00e4higkeit verleiht.\\r\\nDer Verkauf erfolgt inklusive aller Elektroger\\u00e4te; die M\\u00f6bel sind nicht im Verkauf enthalten.\\r\\nEine Immobilie ideal sowohl als Hauptwohnsitz als auch als erstklassige Unterkunft, um Mallorca zu genie\\u00dfen - mit viel Platz, Privatsph\\u00e4re und einer ausgezeichneten Lage.\\r\\nNova Gesti\\u00f3, Ihre Immobilienagentur in Porto Cristo.\\r\\n[\\\/vc_column_text][\\\/vc_column][\\\/vc_row]&quot;,&quot;excerpt&quot;:&quot;[vc_row][vc_column][vc_btn title=\\u201dVIRTUELLE 360\\u00ba \\u2013 TOUR ANSEHEN\\u201d color=\\u201dinfo\\u201d align=\\u201dcenter\\u201d css=\\u201d\\u201d button_block=\\u201dtrue\\u201d link=\\u201durl:https%3A%2F%2Ffloorfy.com%2Fes%2Ftour%2F2526777%3Fplay%3Dno|target:_blank\\u201d][vc_column_text] Elit\\u00e4re freistehende Villa in Porto Cristo, auf einem Grundst\\u00fcck von 700 m\\u00b2 und einer Wohnfl\\u00e4che von ca. 360 m\\u00b2 in ruhiger und gut angebundener Wohngegend. Das Haus erstreckt sich \\u00fcber 2 Etagen und vereint ger\\u00e4umige Raumgestaltung, Funktionalit\\u00e4t und hochwertige Bauweise. Erdgeschoss Ein elegantes Foyer [\\u2026]&quot;,&quot;short_excerpt&quot;:&quot;\\r\\nElit\\u00e4re freistehende Villa in Porto Cristo, auf einem Grundst\\u00fcck von 700 m\\u00b2 und einer Wohnfl\\u00e4che von ca. 360 m\\u00b2 in ruhig...&quot;,&quot;long_excerpt&quot;:&quot;\\r\\nElit\\u00e4re freistehende Villa in Porto Cristo, auf einem Grundst\\u00fcck von 700 m\\u00b2 und einer Wohnfl\\u00e4che von ca. 360 m\\u00b2 in ruhiger und gut angebundener Wohngegend....&quot;,&quot;link&quot;:&quot;https:\\\/\\\/novagestioinmobiliaria.com\\\/de\\\/propiedades-properties-immobilien\\\/schoenes-chalet-in-porto-cristo-zu-verkaufen-ch1851pc-vde\\\/&quot;,&quot;offer_type&quot;:&quot;Zu verkaufen&quot;,&quot;price&quot;:&quot;1.590.000 \\u20ac&quot;,&quot;location&quot;:&quot;P&quot;,&quot;is_featured&quot;:true,&quot;gallery&quot;:[],&quot;attributes&quot;:[{&quot;slug&quot;:&quot;property-type&quot;,&quot;name&quot;:&quot;Tipo propiedad&quot;,&quot;has_archive&quot;:true,&quot;elements&quot;:[{&quot;name&quot;:&quot;Villen \\\/ Chalets&quot;,&quot;link&quot;:&quot;https:\\\/\\\/novagestioinmobiliaria.com\\\/de\\\/immobilientyp\\\/villen-chalets\\\/&quot;,&quot;slug&quot;:&quot;villen-chalets&quot;}],&quot;card&quot;:false,&quot;show&quot;:true,&quot;display_after&quot;:&quot;&quot;,&quot;new_box&quot;:false},{&quot;slug&quot;:&quot;offer-type&quot;,&quot;name&quot;:&quot;Tipo operaci\\u00f3n&quot;,&quot;has_archive&quot;:true,&quot;elements&quot;:[{&quot;name&quot;:&quot;Zu verkaufen&quot;,&quot;link&quot;:&quot;https:\\\/\\\/novagestioinmobiliaria.com\\\/de\\\/offer-type\\\/zu-verkaufen\\\/&quot;,&quot;slug&quot;:&quot;zu-verkaufen&quot;}],&quot;card&quot;:true,&quot;show&quot;:true,&quot;display_after&quot;:&quot;&quot;,&quot;new_box&quot;:false},{&quot;slug&quot;:&quot;city&quot;,&quot;name&quot;:&quot;Zona&quot;,&quot;has_archive&quot;:true,&quot;elements&quot;:[{&quot;name&quot;:&quot;Porto Cristo&quot;,&quot;link&quot;:&quot;https:\\\/\\\/novagestioinmobiliaria.com\\\/de\\\/city\\\/porto-cristo-de\\\/&quot;,&quot;slug&quot;:&quot;porto-cristo-de&quot;}],&quot;card&quot;:false,&quot;show&quot;:true,&quot;display_after&quot;:&quot;&quot;,&quot;new_box&quot;:false},{&quot;slug&quot;:&quot;price&quot;,&quot;name&quot;:&quot;Precio&quot;,&quot;has_archive&quot;:false,&quot;elements&quot;:[{&quot;name&quot;:&quot;1590000&quot;,&quot;link&quot;:&quot;&quot;,&quot;slug&quot;:&quot;&quot;}],&quot;show&quot;:false,&quot;card&quot;:false,&quot;display_after&quot;:&quot;\\u20ac&quot;,&quot;new_box&quot;:false},{&quot;slug&quot;:&quot;bedrooms&quot;,&quot;name&quot;:&quot;Habitaciones&quot;,&quot;has_archive&quot;:false,&quot;elements&quot;:[{&quot;name&quot;:&quot;3&quot;,&quot;link&quot;:&quot;&quot;,&quot;slug&quot;:&quot;&quot;}],&quot;show&quot;:true,&quot;card&quot;:true,&quot;display_after&quot;:&quot;&quot;,&quot;new_box&quot;:false},{&quot;slug&quot;:&quot;bathrooms&quot;,&quot;name&quot;:&quot;Ba\\u00f1os&quot;,&quot;has_archive&quot;:false,&quot;elements&quot;:[{&quot;name&quot;:&quot;3&quot;,&quot;link&quot;:&quot;&quot;,&quot;slug&quot;:&quot;&quot;}],&quot;show&quot;:true,&quot;card&quot;:true,&quot;display_after&quot;:&quot;&quot;,&quot;new_box&quot;:false},{&quot;slug&quot;:&quot;property-size&quot;,&quot;name&quot;:&quot;M2&quot;,&quot;has_archive&quot;:false,&quot;elements&quot;:[{&quot;name&quot;:&quot;360&quot;,&quot;link&quot;:&quot;&quot;,&quot;slug&quot;:&quot;&quot;}],&quot;show&quot;:true,&quot;card&quot;:true,&quot;display_after&quot;:&quot;m\\u00b2&quot;,&quot;new_box&quot;:false},{&quot;slug&quot;:&quot;lot-size&quot;,&quot;name&quot;:&quot;Terreno \\\/ Solar&quot;,&quot;has_archive&quot;:false,&quot;elements&quot;:[{&quot;name&quot;:&quot;700&quot;,&quot;link&quot;:&quot;&quot;,&quot;slug&quot;:&quot;&quot;}],&quot;show&quot;:true,&quot;card&quot;:false,&quot;display_after&quot;:&quot;m\\u00b2&quot;,&quot;new_box&quot;:false},{&quot;slug&quot;:&quot;features&quot;,&quot;name&quot;:&quot;Caracter\\u00edsticas&quot;,&quot;has_archive&quot;:true,&quot;elements&quot;:[{&quot;name&quot;:&quot;3 Schlafzimmer&quot;,&quot;link&quot;:&quot;https:\\\/\\\/novagestioinmobiliaria.com\\\/de\\\/eigenschaften\\\/3-schlafzimmer\\\/&quot;,&quot;slug&quot;:&quot;3-schlafzimmer&quot;},{&quot;name&quot;:&quot;Balkon&quot;,&quot;link&quot;:&quot;https:\\\/\\\/novagestioinmobiliaria.com\\\/de\\\/eigenschaften\\\/balkon\\\/&quot;,&quot;slug&quot;:&quot;balkon&quot;},{&quot;name&quot;:&quot;Einbauk\\u00fcche&quot;,&quot;link&quot;:&quot;https:\\\/\\\/novagestioinmobiliaria.com\\\/de\\\/eigenschaften\\\/einbaukueche\\\/&quot;,&quot;slug&quot;:&quot;einbaukueche&quot;},{&quot;name&quot;:&quot;Garage&quot;,&quot;link&quot;:&quot;https:\\\/\\\/novagestioinmobiliaria.com\\\/de\\\/eigenschaften\\\/garage-de\\\/&quot;,&quot;slug&quot;:&quot;garage-de&quot;},{&quot;name&quot;:&quot;Garten&quot;,&quot;link&quot;:&quot;https:\\\/\\\/novagestioinmobiliaria.com\\\/de\\\/eigenschaften\\\/garten\\\/&quot;,&quot;slug&quot;:&quot;garten&quot;},{&quot;name&quot;:&quot;Grill&quot;,&quot;link&quot;:&quot;https:\\\/\\\/novagestioinmobiliaria.com\\\/de\\\/eigenschaften\\\/grill\\\/&quot;,&quot;slug&quot;:&quot;grill&quot;},{&quot;name&quot;:&quot;Heizung&quot;,&quot;link&quot;:&quot;https:\\\/\\\/novagestioinmobiliaria.com\\\/de\\\/eigenschaften\\\/heizung\\\/&quot;,&quot;slug&quot;:&quot;heizung&quot;},{&quot;name&quot;:&quot;Klimaanlage&quot;,&quot;link&quot;:&quot;https:\\\/\\\/novagestioinmobiliaria.com\\\/de\\\/eigenschaften\\\/klimaanlage\\\/&quot;,&quot;slug&quot;:&quot;klimaanlage&quot;},{&quot;name&quot;:&quot;Obergeschoss&quot;,&quot;link&quot;:&quot;https:\\\/\\\/novagestioinmobiliaria.com\\\/de\\\/eigenschaften\\\/obergeschoss\\\/&quot;,&quot;slug&quot;:&quot;obergeschoss&quot;},{&quot;name&quot;:&quot;Privatpool&quot;,&quot;link&quot;:&quot;https:\\\/\\\/novagestioinmobiliaria.com\\\/de\\\/eigenschaften\\\/privatpool\\\/&quot;,&quot;slug&quot;:&quot;privatpool&quot;},{&quot;name&quot;:&quot;Ruhige Lage&quot;,&quot;link&quot;:&quot;https:\\\/\\\/novagestioinmobiliaria.com\\\/de\\\/eigenschaften\\\/ruhige-lage\\\/&quot;,&quot;slug&quot;:&quot;ruhige-lage&quot;},{&quot;name&quot;:&quot;Terrasse&quot;,&quot;link&quot;:&quot;https:\\\/\\\/novagestioinmobiliaria.com\\\/de\\\/eigenschaften\\\/terrasse\\\/&quot;,&quot;slug&quot;:&quot;terrasse&quot;}],&quot;card&quot;:false,&quot;show&quot;:true,&quot;display_after&quot;:&quot;&quot;,&quot;new_box&quot;:true}],&quot;views&quot;:30,&quot;days_ago&quot;:&quot;4 monat.&quot;,&quot;image_id&quot;:86022,&quot;image_url&quot;:&quot;https:\\\/\\\/novagestioinmobiliaria.com\\\/wp-content\\\/uploads\\\/2025\\\/12\\\/Chalet-en-venta-en-Porto-Cristo-Manacor-ref-1851-62.jpg&quot;,&quot;tags&quot;:[{&quot;name&quot;:&quot;Caracter\\u00edsticas&quot;,&quot;elements&quot;:[{&quot;name&quot;:&quot;3 Schlafzimmer&quot;,&quot;link&quot;:&quot;https:\\\/\\\/novagestioinmobiliaria.com\\\/de\\\/eigenschaften\\\/3-schlafzimmer\\\/&quot;},{&quot;name&quot;:&quot;Balkon&quot;,&quot;link&quot;:&quot;https:\\\/\\\/novagestioinmobiliaria.com\\\/de\\\/eigenschaften\\\/balkon\\\/&quot;},{&quot;name&quot;:&quot;Einbauk\\u00fcche&quot;,&quot;link&quot;:&quot;https:\\\/\\\/novagestioinmobiliaria.com\\\/de\\\/eigenschaften\\\/einbaukueche\\\/&quot;},{&quot;name&quot;:&quot;Garage&quot;,&quot;link&quot;:&quot;https:\\\/\\\/novagestioinmobiliaria.com\\\/de\\\/eigenschaften\\\/garage-de\\\/&quot;},{&quot;name&quot;:&quot;Garten&quot;,&quot;link&quot;:&quot;https:\\\/\\\/novagestioinmobiliaria.com\\\/de\\\/eigenschaften\\\/garten\\\/&quot;},{&quot;name&quot;:&quot;Grill&quot;,&quot;link&quot;:&quot;https:\\\/\\\/novagestioinmobiliaria.com\\\/de\\\/eigenschaften\\\/grill\\\/&quot;},{&quot;name&quot;:&quot;Heizung&quot;,&quot;link&quot;:&quot;https:\\\/\\\/novagestioinmobiliaria.com\\\/de\\\/eigenschaften\\\/heizung\\\/&quot;},{&quot;name&quot;:&quot;Klimaanlage&quot;,&quot;link&quot;:&quot;https:\\\/\\\/novagestioinmobiliaria.com\\\/de\\\/eigenschaften\\\/klimaanlage\\\/&quot;},{&quot;name&quot;:&quot;Obergeschoss&quot;,&quot;link&quot;:&quot;https:\\\/\\\/novagestioinmobiliaria.com\\\/de\\\/eigenschaften\\\/obergeschoss\\\/&quot;},{&quot;name&quot;:&quot;Privatpool&quot;,&quot;link&quot;:&quot;https:\\\/\\\/novagestioinmobiliaria.com\\\/de\\\/eigenschaften\\\/privatpool\\\/&quot;},{&quot;name&quot;:&quot;Ruhige Lage&quot;,&quot;link&quot;:&quot;https:\\\/\\\/novagestioinmobiliaria.com\\\/de\\\/eigenschaften\\\/ruhige-lage\\\/&quot;},{&quot;name&quot;:&quot;Terrasse&quot;,&quot;link&quot;:&quot;https:\\\/\\\/novagestioinmobiliaria.com\\\/de\\\/eigenschaften\\\/terrasse\\\/&quot;}],&quot;has_archive&quot;:true}],&quot;status&quot;:&quot;publish&quot;,&quot;plans&quot;:[],&quot;video_plan&quot;:{&quot;src&quot;:&quot;&quot;,&quot;video&quot;:&quot;&quot;},&quot;virtual_tour&quot;:null,&quot;state&quot;:&quot;&quot;,&quot;labels&quot;:[],&quot;image&quot;:&quot;https:\\\/\\\/novagestioinmobiliaria.com\\\/wp-content\\\/uploads\\\/2025\\\/12\\\/Chalet-en-venta-en-Porto-Cristo-Manacor-ref-1851-62-400x250.jpg&quot;,&quot;image_srcset&quot;:&quot;https:\\\/\\\/novagestioinmobiliaria.com\\\/wp-content\\\/uploads\\\/2025\\\/12\\\/Chalet-en-venta-en-Porto-Cristo-Manacor-ref-1851-62-200x125.jpg 200w, https:\\\/\\\/novagestioinmobiliaria.com\\\/wp-content\\\/uploads\\\/2025\\\/12\\\/Chalet-en-venta-en-Porto-Cristo-Manacor-ref-1851-62-1200x750.jpg 1200w, https:\\\/\\\/novagestioinmobiliaria.com\\\/wp-content\\\/uploads\\\/2025\\\/12\\\/Chalet-en-venta-en-Porto-Cristo-Manacor-ref-1851-62-800x500.jpg 800w, https:\\\/\\\/novagestioinmobiliaria.com\\\/wp-content\\\/uploads\\\/2025\\\/12\\\/Chalet-en-venta-en-Porto-Cristo-Manacor-ref-1851-62-600x375.jpg 600w, https:\\\/\\\/novagestioinmobiliaria.com\\\/wp-content\\\/uploads\\\/2025\\\/12\\\/Chalet-en-venta-en-Porto-Cristo-Manacor-ref-1851-62-400x250.jpg 400w&quot;}'>\r\n\t\t\t\t\t\t\t\t\t\t\t\t\t<\/compare-button>\r\n\t\t\t\t\t\t\t\t\t\t\t\t<\/div>\r\n\t\t\t\t\t\t\t\t\t\t\t\t<div class=\"mh-estate-vertical__buttons__single\">\r\n\t\t\t\t\t\t\t\t\t\t\t\t\t<a href=\"https:\/\/novagestioinmobiliaria.com\/de\/propiedades-properties-immobilien\/schoenes-chalet-in-porto-cristo-zu-verkaufen-ch1851pc-vde\/\"\r\n\t\t\t\t\t\t\t\t\t\t\t\t\t   title=\"Sch\u00f6nes Chalet in Porto Cristo zu verkaufen : : CH1851PC-VDE\"\r\n\t\t\t\t\t\t\t\t\t\t\t\t\t   class=\"mdl-button mdl-js-button mdl-button--raised mdl-js-ripple-effect mdl-button--primary-ghost\">\r\n\t\t\t\t\t\t\t\t\t\t\t\t\t\tDetails\t\t\t\t\t\t\t\t\t\t\t\t\t\t<span class=\"mdl-button__icon-right\"><i class=\"fa fa-angle-right\"><\/i><\/span>\r\n\t\t\t\t\t\t\t\t\t\t\t\t\t<\/a>\r\n\t\t\t\t\t\t\t\t\t\t\t\t<\/div>\r\n\t\t\t\t\t\t\t\t\t\t\t<\/div>\r\n\t\t\t\t\t\t\t\t\t\t<\/div>\r\n\t\t\t\t\t\t\t\t\t<\/div>\r\n\t\t\t\t\t\t\t\t<\/div>\r\n\t\t\t\t\t\t\t<\/div>\r\n\t\t\t\t\t\t<\/article>\r\n\t\t\t\t\t<\/div>\r\n\t\t\t\t\r\n\t\t\t\t\t<div class=\"item\">\r\n\t\t\t\t\t\t<article class=\"mh-estate-vertical mh-estate-vertical--white  mh-attribute-property-type__landgrundstuecke-bebaubares-land mh-attribute-offer-type__zu-verkaufen mh-attribute-city__felanitx-de mh-attribute-features__ausblick-auf-die-berge mh-attribute-features__bebaubar mh-attribute-features__panoramablick mh-attribute-features__ruhige-lage\">\r\n\t\t\t\t\t\t\t<a href=\"https:\/\/novagestioinmobiliaria.com\/de\/propiedades-properties-immobilien\/bebaubares-grundstueck-zum-verkauf-in-felanitx-tr1842ftx-vde\/\"\r\n\t\t\t\t\t\t\t   title=\"Bebaubares Grundst\u00fcck zum Verkauf in Felanitx : : TR1842FTX-VDE\"\r\n\t\t\t\t\t\t\t   class=\"mh-thumbnail\">\r\n                        <span class=\"mh-thumbnail__inner\">\r\n                                    <img\r\n                    data-srcset=\"https:\/\/novagestioinmobiliaria.com\/wp-content\/uploads\/2025\/11\/Terreno-rustico-en-venta-en-Felanitx-edificable-con-licencia-ref-1842-2-200x125.jpeg 200w, https:\/\/novagestioinmobiliaria.com\/wp-content\/uploads\/2025\/11\/Terreno-rustico-en-venta-en-Felanitx-edificable-con-licencia-ref-1842-2-800x500.jpeg 800w, https:\/\/novagestioinmobiliaria.com\/wp-content\/uploads\/2025\/11\/Terreno-rustico-en-venta-en-Felanitx-edificable-con-licencia-ref-1842-2-600x375.jpeg 600w, https:\/\/novagestioinmobiliaria.com\/wp-content\/uploads\/2025\/11\/Terreno-rustico-en-venta-en-Felanitx-edificable-con-licencia-ref-1842-2-400x250.jpeg 400w\"\r\n                    class=\"lazyload \" alt=\"Bebaubares Grundst\u00fcck zum Verkauf in Felanitx : : TR1842FTX-VDE\"\r\n                    data-sizes=\"auto\"\r\n            >\r\n\t\t\t                        <\/span>\r\n\r\n\t\t\t\t\t\t\t\t\t\t\t\t\t\t\t\t\t<div class=\"mh-caption\">\r\n\t\t\t\t\t\t\t\t\t\t<div class=\"mh-caption__inner\">\r\n\t\t\t\t\t\t\t\t\t\t\tZu verkaufen\t\t\t\t\t\t\t\t\t\t<\/div>\r\n\t\t\t\t\t\t\t\t\t<\/div>\r\n\t\t\t\t\t\t\t\t\t\r\n\t\t\t\t\t\t\t\t<div class=\"mh-estate-vertical__text\">\r\n\t\t\t\t\t\t\t\t\t<div class=\"mh-estate-vertical__text__inner\">\r\n\t\t\t\t\t\t\t\t\t\tSch\u00f6nes bebaubares Grundst\u00fcck von 15.000 m2 zum Verkauf in Felanitx, mit einem grundlegenden Projekt, um sofort ein erweiterbares 200 m2...\t\t\t\t\t\t\t\t\t<\/div>\r\n\t\t\t\t\t\t\t\t<\/div>\r\n\t\t\t\t\t\t\t<\/a>\r\n\r\n\t\t\t\t\t\t\t<div class=\"mh-estate-vertical__content\">\r\n\t\t\t\t\t\t\t\t<h3 class=\"mh-estate-vertical__heading\">\r\n\t\t\t\t\t\t\t\t\t<a href=\"https:\/\/novagestioinmobiliaria.com\/de\/propiedades-properties-immobilien\/bebaubares-grundstueck-zum-verkauf-in-felanitx-tr1842ftx-vde\/\"\r\n\t\t\t\t\t\t\t\t\t   title=\"Bebaubares Grundst\u00fcck zum Verkauf in Felanitx : : TR1842FTX-VDE\">\r\n\t\t\t\t\t\t\t\t\t\tBebaubares Grundst\u00fcck zum Verkauf in Felanitx : : TR1842FTX-VDE\t\t\t\t\t\t\t\t\t<\/a>\r\n\t\t\t\t\t\t\t\t<\/h3>\r\n\t\t\t\t\t\t\t\t<address class=\"mh-estate-vertical__subheading\">\r\n\t\t\t\t\t\t\t\t\tF\t\t\t\t\t\t\t\t<\/address>\r\n\t\t\t\t\t\t\t\t<div class=\"mh-estate-vertical__primary\">\r\n\t\t\t\t\t\t\t\t\t275.000 \u20ac\t\t\t\t\t\t\t\t<\/div>\r\n\r\n\t\t\t\t\t\t\t\t<div>\r\n\t\t\t\t\t\t\t\t\t<div class=\"mh-estate__list\">\r\n\t\t\t\t\t\t\t\t\t\t\r\n\t\t\t\t\t\t\t\t\t\t\t<span class=\"mh-estate-vertical__more-info mh-estate_attribute-offer-type\">\r\n                                        <strong>Tipo operaci\u00f3n:<\/strong>\r\n\t\t\t\t\t\t\t\t\t\t\t\t\t\t\t\t\t\t\t\t\t\t\t\t\t\tZu verkaufen\t\t\t\t\t\t\t\t\t\t\t\t\t\t                                    <\/span>\r\n\r\n\t\t\t\t\t\t\t\t\t\t\t\t\t\t\t\t\t\t\t<\/div>\r\n\t\t\t\t\t\t\t\t<\/div>\r\n\r\n\t\t\t\t\t\t\t\t<div class=\"mh-estate-vertical__bottom\">\r\n\t\t\t\t\t\t\t\t\t<div class=\"mh-estate-vertical__bottom__inner\">\r\n\t\t\t\t\t\t\t\t\t\t<div class=\"mh-estate-vertical__date\">\r\n\t\t\t\t\t\t\t\t\t\t\t5 monat.\t\t\t\t\t\t\t\t\t\t<\/div>\r\n\t\t\t\t\t\t\t\t\t\t<div class=\"mh-estate-vertical__buttons-wrapper\">\r\n\t\t\t\t\t\t\t\t\t\t\t<div class=\"mh-estate-vertical__buttons\">\r\n\t\t\t\t\t\t\t\t\t\t\t\t<div class=\"mh-estate-vertical__buttons__single\">\r\n\t\t\t\t\t\t\t\t\t\t\t\t\t<compare-button class=\"myhome-compare\"\r\n\t\t\t\t\t\t\t\t\t\t\t\t\t\t\t\t\t:translations='{&quot;added&quot;:&quot;Zus\\u00e4tzlich&quot;,&quot;compare&quot;:&quot;Vergleichen&quot;}'\r\n\t\t\t\t\t\t\t\t\t\t\t\t\t\t\t\t\t:estate='{&quot;short_excerpt_limit&quot;:125,&quot;long_excerpt_limit&quot;:160,&quot;id&quot;:84712,&quot;agent_id&quot;:&quot;1&quot;,&quot;title&quot;:&quot;Bebaubares Grundst\\u00fcck zum Verkauf in Felanitx : : TR1842FTX-VDE&quot;,&quot;content&quot;:&quot;Sch\\u00f6nes bebaubares Grundst\\u00fcck von 15.000 m2 zum Verkauf in Felanitx, mit einem grundlegenden Projekt, um sofort ein erweiterbares 200 m2 Haus zu bauen, mit der M\\u00f6glichkeit f\\u00fcr Strom und Brunnenprojekt. Die Zufahrt zum Grundst\\u00fcck ist asphaltiert und nur 10 Minuten von Felanitx entfernt. Ideal zum Bau eines Hauses auf einer Ebene, mit sehr guter und freier Aussicht. Gro\\u00dfe Gelegenheit, sofort zu bauen.\\r\\nNova Gesti\\u00f3, Ihre Immobilienagentur in Felanitx.&quot;,&quot;excerpt&quot;:&quot;Sch\\u00f6nes bebaubares Grundst\\u00fcck von 15.000 m2 zum Verkauf in Felanitx, mit einem grundlegenden Projekt, um sofort ein erweiterbares 200 m2 Haus zu bauen, mit der M\\u00f6glichkeit f\\u00fcr Strom und Brunnenprojekt. Die Zufahrt zum Grundst\\u00fcck ist asphaltiert und nur 10 Minuten von Felanitx entfernt. Ideal zum Bau eines Hauses auf einer Ebene, mit sehr guter und [\\u2026]&quot;,&quot;short_excerpt&quot;:&quot;Sch\\u00f6nes bebaubares Grundst\\u00fcck von 15.000 m2 zum Verkauf in Felanitx, mit einem grundlegenden Projekt, um sofort ein erweit...&quot;,&quot;long_excerpt&quot;:&quot;Sch\\u00f6nes bebaubares Grundst\\u00fcck von 15.000 m2 zum Verkauf in Felanitx, mit einem grundlegenden Projekt, um sofort ein erweiterbares 200 m2 Haus zu bauen, mit d...&quot;,&quot;link&quot;:&quot;https:\\\/\\\/novagestioinmobiliaria.com\\\/de\\\/propiedades-properties-immobilien\\\/bebaubares-grundstueck-zum-verkauf-in-felanitx-tr1842ftx-vde\\\/&quot;,&quot;offer_type&quot;:&quot;Zu verkaufen&quot;,&quot;price&quot;:&quot;275.000 \\u20ac&quot;,&quot;location&quot;:&quot;F&quot;,&quot;is_featured&quot;:true,&quot;gallery&quot;:[{&quot;id&quot;:84710,&quot;url&quot;:&quot;https:\\\/\\\/novagestioinmobiliaria.com\\\/wp-content\\\/uploads\\\/2025\\\/11\\\/Terreno-rustico-en-venta-en-Felanitx-edificable-con-licencia-ref-1842-3.jpeg&quot;,&quot;alt&quot;:&quot;&quot;},{&quot;id&quot;:84707,&quot;url&quot;:&quot;https:\\\/\\\/novagestioinmobiliaria.com\\\/wp-content\\\/uploads\\\/2025\\\/11\\\/Terreno-rustico-en-venta-en-Felanitx-edificable-con-licencia-ref-1842-2.jpeg&quot;,&quot;alt&quot;:&quot;&quot;},{&quot;id&quot;:84704,&quot;url&quot;:&quot;https:\\\/\\\/novagestioinmobiliaria.com\\\/wp-content\\\/uploads\\\/2025\\\/11\\\/Terreno-rustico-en-venta-en-Felanitx-edificable-con-licencia-ref-1842-1.jpeg&quot;,&quot;alt&quot;:&quot;&quot;},{&quot;id&quot;:84701,&quot;url&quot;:&quot;https:\\\/\\\/novagestioinmobiliaria.com\\\/wp-content\\\/uploads\\\/2025\\\/11\\\/Terreno-rustico-en-venta-en-Felanitx-edificable-con-licencia-ref-1842-6.jpeg&quot;,&quot;alt&quot;:&quot;&quot;},{&quot;id&quot;:84698,&quot;url&quot;:&quot;https:\\\/\\\/novagestioinmobiliaria.com\\\/wp-content\\\/uploads\\\/2025\\\/11\\\/Terreno-rustico-en-venta-en-Felanitx-edificable-con-licencia-ref-1842-5.jpeg&quot;,&quot;alt&quot;:&quot;&quot;},{&quot;id&quot;:84695,&quot;url&quot;:&quot;https:\\\/\\\/novagestioinmobiliaria.com\\\/wp-content\\\/uploads\\\/2025\\\/11\\\/Terreno-rustico-en-venta-en-Felanitx-edificable-con-licencia-ref-1842-4.jpeg&quot;,&quot;alt&quot;:&quot;&quot;}],&quot;attributes&quot;:[{&quot;slug&quot;:&quot;property-type&quot;,&quot;name&quot;:&quot;Tipo propiedad&quot;,&quot;has_archive&quot;:true,&quot;elements&quot;:[{&quot;name&quot;:&quot;Landgrundst\\u00fccke \\\/ Bebaubares Land&quot;,&quot;link&quot;:&quot;https:\\\/\\\/novagestioinmobiliaria.com\\\/de\\\/immobilientyp\\\/landgrundstuecke-bebaubares-land\\\/&quot;,&quot;slug&quot;:&quot;landgrundstuecke-bebaubares-land&quot;}],&quot;card&quot;:false,&quot;show&quot;:true,&quot;display_after&quot;:&quot;&quot;,&quot;new_box&quot;:false},{&quot;slug&quot;:&quot;offer-type&quot;,&quot;name&quot;:&quot;Tipo operaci\\u00f3n&quot;,&quot;has_archive&quot;:true,&quot;elements&quot;:[{&quot;name&quot;:&quot;Zu verkaufen&quot;,&quot;link&quot;:&quot;https:\\\/\\\/novagestioinmobiliaria.com\\\/de\\\/offer-type\\\/zu-verkaufen\\\/&quot;,&quot;slug&quot;:&quot;zu-verkaufen&quot;}],&quot;card&quot;:true,&quot;show&quot;:true,&quot;display_after&quot;:&quot;&quot;,&quot;new_box&quot;:false},{&quot;slug&quot;:&quot;city&quot;,&quot;name&quot;:&quot;Zona&quot;,&quot;has_archive&quot;:true,&quot;elements&quot;:[{&quot;name&quot;:&quot;Felanitx&quot;,&quot;link&quot;:&quot;https:\\\/\\\/novagestioinmobiliaria.com\\\/de\\\/city\\\/felanitx-de\\\/&quot;,&quot;slug&quot;:&quot;felanitx-de&quot;}],&quot;card&quot;:false,&quot;show&quot;:true,&quot;display_after&quot;:&quot;&quot;,&quot;new_box&quot;:false},{&quot;slug&quot;:&quot;price&quot;,&quot;name&quot;:&quot;Precio&quot;,&quot;has_archive&quot;:false,&quot;elements&quot;:[{&quot;name&quot;:&quot;275000&quot;,&quot;link&quot;:&quot;&quot;,&quot;slug&quot;:&quot;&quot;}],&quot;show&quot;:false,&quot;card&quot;:false,&quot;display_after&quot;:&quot;\\u20ac&quot;,&quot;new_box&quot;:false},{&quot;slug&quot;:&quot;lot-size&quot;,&quot;name&quot;:&quot;Terreno \\\/ Solar&quot;,&quot;has_archive&quot;:false,&quot;elements&quot;:[{&quot;name&quot;:&quot;15000&quot;,&quot;link&quot;:&quot;&quot;,&quot;slug&quot;:&quot;&quot;}],&quot;show&quot;:true,&quot;card&quot;:false,&quot;display_after&quot;:&quot;m\\u00b2&quot;,&quot;new_box&quot;:false},{&quot;slug&quot;:&quot;features&quot;,&quot;name&quot;:&quot;Caracter\\u00edsticas&quot;,&quot;has_archive&quot;:true,&quot;elements&quot;:[{&quot;name&quot;:&quot;Ausblick auf die Berge&quot;,&quot;link&quot;:&quot;https:\\\/\\\/novagestioinmobiliaria.com\\\/de\\\/eigenschaften\\\/ausblick-auf-die-berge\\\/&quot;,&quot;slug&quot;:&quot;ausblick-auf-die-berge&quot;},{&quot;name&quot;:&quot;Bebaubar&quot;,&quot;link&quot;:&quot;https:\\\/\\\/novagestioinmobiliaria.com\\\/de\\\/eigenschaften\\\/bebaubar\\\/&quot;,&quot;slug&quot;:&quot;bebaubar&quot;},{&quot;name&quot;:&quot;Panoramablick&quot;,&quot;link&quot;:&quot;https:\\\/\\\/novagestioinmobiliaria.com\\\/de\\\/eigenschaften\\\/panoramablick\\\/&quot;,&quot;slug&quot;:&quot;panoramablick&quot;},{&quot;name&quot;:&quot;Ruhige Lage&quot;,&quot;link&quot;:&quot;https:\\\/\\\/novagestioinmobiliaria.com\\\/de\\\/eigenschaften\\\/ruhige-lage\\\/&quot;,&quot;slug&quot;:&quot;ruhige-lage&quot;}],&quot;card&quot;:false,&quot;show&quot;:true,&quot;display_after&quot;:&quot;&quot;,&quot;new_box&quot;:true}],&quot;views&quot;:27,&quot;days_ago&quot;:&quot;5 monat.&quot;,&quot;image_id&quot;:84707,&quot;image_url&quot;:&quot;https:\\\/\\\/novagestioinmobiliaria.com\\\/wp-content\\\/uploads\\\/2025\\\/11\\\/Terreno-rustico-en-venta-en-Felanitx-edificable-con-licencia-ref-1842-2.jpeg&quot;,&quot;tags&quot;:[{&quot;name&quot;:&quot;Caracter\\u00edsticas&quot;,&quot;elements&quot;:[{&quot;name&quot;:&quot;Ausblick auf die Berge&quot;,&quot;link&quot;:&quot;https:\\\/\\\/novagestioinmobiliaria.com\\\/de\\\/eigenschaften\\\/ausblick-auf-die-berge\\\/&quot;},{&quot;name&quot;:&quot;Bebaubar&quot;,&quot;link&quot;:&quot;https:\\\/\\\/novagestioinmobiliaria.com\\\/de\\\/eigenschaften\\\/bebaubar\\\/&quot;},{&quot;name&quot;:&quot;Panoramablick&quot;,&quot;link&quot;:&quot;https:\\\/\\\/novagestioinmobiliaria.com\\\/de\\\/eigenschaften\\\/panoramablick\\\/&quot;},{&quot;name&quot;:&quot;Ruhige Lage&quot;,&quot;link&quot;:&quot;https:\\\/\\\/novagestioinmobiliaria.com\\\/de\\\/eigenschaften\\\/ruhige-lage\\\/&quot;}],&quot;has_archive&quot;:true}],&quot;status&quot;:&quot;publish&quot;,&quot;plans&quot;:[],&quot;video_plan&quot;:{&quot;src&quot;:&quot;&quot;,&quot;video&quot;:&quot;&quot;},&quot;virtual_tour&quot;:null,&quot;state&quot;:&quot;&quot;,&quot;labels&quot;:[],&quot;image&quot;:&quot;https:\\\/\\\/novagestioinmobiliaria.com\\\/wp-content\\\/uploads\\\/2025\\\/11\\\/Terreno-rustico-en-venta-en-Felanitx-edificable-con-licencia-ref-1842-2-400x250.jpeg&quot;,&quot;image_srcset&quot;:&quot;https:\\\/\\\/novagestioinmobiliaria.com\\\/wp-content\\\/uploads\\\/2025\\\/11\\\/Terreno-rustico-en-venta-en-Felanitx-edificable-con-licencia-ref-1842-2-200x125.jpeg 200w, https:\\\/\\\/novagestioinmobiliaria.com\\\/wp-content\\\/uploads\\\/2025\\\/11\\\/Terreno-rustico-en-venta-en-Felanitx-edificable-con-licencia-ref-1842-2-800x500.jpeg 800w, https:\\\/\\\/novagestioinmobiliaria.com\\\/wp-content\\\/uploads\\\/2025\\\/11\\\/Terreno-rustico-en-venta-en-Felanitx-edificable-con-licencia-ref-1842-2-600x375.jpeg 600w, https:\\\/\\\/novagestioinmobiliaria.com\\\/wp-content\\\/uploads\\\/2025\\\/11\\\/Terreno-rustico-en-venta-en-Felanitx-edificable-con-licencia-ref-1842-2-400x250.jpeg 400w&quot;}'>\r\n\t\t\t\t\t\t\t\t\t\t\t\t\t<\/compare-button>\r\n\t\t\t\t\t\t\t\t\t\t\t\t<\/div>\r\n\t\t\t\t\t\t\t\t\t\t\t\t<div class=\"mh-estate-vertical__buttons__single\">\r\n\t\t\t\t\t\t\t\t\t\t\t\t\t<a href=\"https:\/\/novagestioinmobiliaria.com\/de\/propiedades-properties-immobilien\/bebaubares-grundstueck-zum-verkauf-in-felanitx-tr1842ftx-vde\/\"\r\n\t\t\t\t\t\t\t\t\t\t\t\t\t   title=\"Bebaubares Grundst\u00fcck zum Verkauf in Felanitx : : TR1842FTX-VDE\"\r\n\t\t\t\t\t\t\t\t\t\t\t\t\t   class=\"mdl-button mdl-js-button mdl-button--raised mdl-js-ripple-effect mdl-button--primary-ghost\">\r\n\t\t\t\t\t\t\t\t\t\t\t\t\t\tDetails\t\t\t\t\t\t\t\t\t\t\t\t\t\t<span class=\"mdl-button__icon-right\"><i class=\"fa fa-angle-right\"><\/i><\/span>\r\n\t\t\t\t\t\t\t\t\t\t\t\t\t<\/a>\r\n\t\t\t\t\t\t\t\t\t\t\t\t<\/div>\r\n\t\t\t\t\t\t\t\t\t\t\t<\/div>\r\n\t\t\t\t\t\t\t\t\t\t<\/div>\r\n\t\t\t\t\t\t\t\t\t<\/div>\r\n\t\t\t\t\t\t\t\t<\/div>\r\n\t\t\t\t\t\t\t<\/div>\r\n\t\t\t\t\t\t<\/article>\r\n\t\t\t\t\t<\/div>\r\n\t\t\t\t\r\n\t\t\t\t\t<div class=\"item\">\r\n\t\t\t\t\t\t<article class=\"mh-estate-vertical mh-estate-vertical--white  mh-attribute-property-type__landgrundstuecke-bebaubares-land mh-attribute-offer-type__zu-verkaufen mh-attribute-city__manacor-de mh-attribute-features__bebaubar mh-attribute-features__panoramablick mh-attribute-features__ruhige-lage\">\r\n\t\t\t\t\t\t\t<a href=\"https:\/\/novagestioinmobiliaria.com\/de\/propiedades-properties-immobilien\/bauplatz-zum-verkauf-in-manacor-tr1839ma-vde\/\"\r\n\t\t\t\t\t\t\t   title=\"Bauplatz zum Verkauf in Manacor : : TR1839MA-VDE\"\r\n\t\t\t\t\t\t\t   class=\"mh-thumbnail\">\r\n                        <span class=\"mh-thumbnail__inner\">\r\n                                    <img\r\n                    data-srcset=\"https:\/\/novagestioinmobiliaria.com\/wp-content\/uploads\/2025\/11\/Terreno-rustico-en-venta-en-Manacor-Mallorca-ref-1839-4-200x125.jpg 200w, https:\/\/novagestioinmobiliaria.com\/wp-content\/uploads\/2025\/11\/Terreno-rustico-en-venta-en-Manacor-Mallorca-ref-1839-4-800x500.jpg 800w, https:\/\/novagestioinmobiliaria.com\/wp-content\/uploads\/2025\/11\/Terreno-rustico-en-venta-en-Manacor-Mallorca-ref-1839-4-600x375.jpg 600w, https:\/\/novagestioinmobiliaria.com\/wp-content\/uploads\/2025\/11\/Terreno-rustico-en-venta-en-Manacor-Mallorca-ref-1839-4-400x250.jpg 400w\"\r\n                    class=\"lazyload \" alt=\"Bauplatz zum Verkauf in Manacor : : TR1839MA-VDE\"\r\n                    data-sizes=\"auto\"\r\n            >\r\n\t\t\t                        <\/span>\r\n\r\n\t\t\t\t\t\t\t\t\t\t\t\t\t\t\t\t\t<div class=\"mh-caption\">\r\n\t\t\t\t\t\t\t\t\t\t<div class=\"mh-caption__inner\">\r\n\t\t\t\t\t\t\t\t\t\t\tZu verkaufen\t\t\t\t\t\t\t\t\t\t<\/div>\r\n\t\t\t\t\t\t\t\t\t<\/div>\r\n\t\t\t\t\t\t\t\t\t\r\n\t\t\t\t\t\t\t\t<div class=\"mh-estate-vertical__text\">\r\n\t\t\t\t\t\t\t\t\t<div class=\"mh-estate-vertical__text__inner\">\r\n\t\t\t\t\t\t\t\t\t\tRef 1839. Sch\u00f6nes rustikales Grundst\u00fcck zum Verkauf in Manacor von 37.500 m2, in einer sehr ruhigen Gegend mit einem kleinen...\t\t\t\t\t\t\t\t\t<\/div>\r\n\t\t\t\t\t\t\t\t<\/div>\r\n\t\t\t\t\t\t\t<\/a>\r\n\r\n\t\t\t\t\t\t\t<div class=\"mh-estate-vertical__content\">\r\n\t\t\t\t\t\t\t\t<h3 class=\"mh-estate-vertical__heading\">\r\n\t\t\t\t\t\t\t\t\t<a href=\"https:\/\/novagestioinmobiliaria.com\/de\/propiedades-properties-immobilien\/bauplatz-zum-verkauf-in-manacor-tr1839ma-vde\/\"\r\n\t\t\t\t\t\t\t\t\t   title=\"Bauplatz zum Verkauf in Manacor : : TR1839MA-VDE\">\r\n\t\t\t\t\t\t\t\t\t\tBauplatz zum Verkauf in Manacor : : TR1839MA-VDE\t\t\t\t\t\t\t\t\t<\/a>\r\n\t\t\t\t\t\t\t\t<\/h3>\r\n\t\t\t\t\t\t\t\t<address class=\"mh-estate-vertical__subheading\">\r\n\t\t\t\t\t\t\t\t\tM\t\t\t\t\t\t\t\t<\/address>\r\n\t\t\t\t\t\t\t\t<div class=\"mh-estate-vertical__primary\">\r\n\t\t\t\t\t\t\t\t\t275.000 \u20ac\t\t\t\t\t\t\t\t<\/div>\r\n\r\n\t\t\t\t\t\t\t\t<div>\r\n\t\t\t\t\t\t\t\t\t<div class=\"mh-estate__list\">\r\n\t\t\t\t\t\t\t\t\t\t\r\n\t\t\t\t\t\t\t\t\t\t\t<span class=\"mh-estate-vertical__more-info mh-estate_attribute-offer-type\">\r\n                                        <strong>Tipo operaci\u00f3n:<\/strong>\r\n\t\t\t\t\t\t\t\t\t\t\t\t\t\t\t\t\t\t\t\t\t\t\t\t\t\tZu verkaufen\t\t\t\t\t\t\t\t\t\t\t\t\t\t                                    <\/span>\r\n\r\n\t\t\t\t\t\t\t\t\t\t\t\t\t\t\t\t\t\t\t<\/div>\r\n\t\t\t\t\t\t\t\t<\/div>\r\n\r\n\t\t\t\t\t\t\t\t<div class=\"mh-estate-vertical__bottom\">\r\n\t\t\t\t\t\t\t\t\t<div class=\"mh-estate-vertical__bottom__inner\">\r\n\t\t\t\t\t\t\t\t\t\t<div class=\"mh-estate-vertical__date\">\r\n\t\t\t\t\t\t\t\t\t\t\t5 monat.\t\t\t\t\t\t\t\t\t\t<\/div>\r\n\t\t\t\t\t\t\t\t\t\t<div class=\"mh-estate-vertical__buttons-wrapper\">\r\n\t\t\t\t\t\t\t\t\t\t\t<div class=\"mh-estate-vertical__buttons\">\r\n\t\t\t\t\t\t\t\t\t\t\t\t<div class=\"mh-estate-vertical__buttons__single\">\r\n\t\t\t\t\t\t\t\t\t\t\t\t\t<compare-button class=\"myhome-compare\"\r\n\t\t\t\t\t\t\t\t\t\t\t\t\t\t\t\t\t:translations='{&quot;added&quot;:&quot;Zus\\u00e4tzlich&quot;,&quot;compare&quot;:&quot;Vergleichen&quot;}'\r\n\t\t\t\t\t\t\t\t\t\t\t\t\t\t\t\t\t:estate='{&quot;short_excerpt_limit&quot;:125,&quot;long_excerpt_limit&quot;:160,&quot;id&quot;:84586,&quot;agent_id&quot;:&quot;1&quot;,&quot;title&quot;:&quot;Bauplatz zum Verkauf in Manacor : : TR1839MA-VDE&quot;,&quot;content&quot;:&quot;Ref 1839. Sch\\u00f6nes rustikales Grundst\\u00fcck zum Verkauf in Manacor von 37.500 m2, in einer sehr ruhigen Gegend mit einem kleinen Kiefernwald. Das Grundst\\u00fcck ist bis zu 562 m2 bebaubar, einfacher Zugang, M\\u00f6glichkeit einen Brunnen zu graben. Es gibt einen unteren Bereich mit sehr guten Aussichten und einen oberen Bereich mit viel Privatsph\\u00e4re. Ein Traumort nur 10 Minuten von Manacor entfernt. Verpassen Sie nicht diese Gelegenheit, Ihr ideales Zuhause in einer nat\\u00fcrlichen und sehr ruhigen Umgebung zu bauen. Wenn ein Obergeschoss von der oberen Seite des Grundst\\u00fccks aus gebaut wird, kann das Meer aus der Ferne teilweise gesehen werden.\\r\\nNova Gesti\\u00f3, Ihre Immobilienagentur in Manacor&quot;,&quot;excerpt&quot;:&quot;Ref 1839. Sch\\u00f6nes rustikales Grundst\\u00fcck zum Verkauf in Manacor von 37.500 m2, in einer sehr ruhigen Gegend mit einem kleinen Kiefernwald. Das Grundst\\u00fcck ist bis zu 562 m2 bebaubar, einfacher Zugang, M\\u00f6glichkeit einen Brunnen zu graben. Es gibt einen unteren Bereich mit sehr guten Aussichten und einen oberen Bereich mit viel Privatsph\\u00e4re. Ein Traumort nur [\\u2026]&quot;,&quot;short_excerpt&quot;:&quot;Ref 1839. Sch\\u00f6nes rustikales Grundst\\u00fcck zum Verkauf in Manacor von 37.500 m2, in einer sehr ruhigen Gegend mit einem klein...&quot;,&quot;long_excerpt&quot;:&quot;Ref 1839. Sch\\u00f6nes rustikales Grundst\\u00fcck zum Verkauf in Manacor von 37.500 m2, in einer sehr ruhigen Gegend mit einem kleinen Kiefernwald. Das Grundst\\u00fcck ist ...&quot;,&quot;link&quot;:&quot;https:\\\/\\\/novagestioinmobiliaria.com\\\/de\\\/propiedades-properties-immobilien\\\/bauplatz-zum-verkauf-in-manacor-tr1839ma-vde\\\/&quot;,&quot;offer_type&quot;:&quot;Zu verkaufen&quot;,&quot;price&quot;:&quot;275.000 \\u20ac&quot;,&quot;location&quot;:&quot;M&quot;,&quot;is_featured&quot;:true,&quot;gallery&quot;:[{&quot;id&quot;:84581,&quot;url&quot;:&quot;https:\\\/\\\/novagestioinmobiliaria.com\\\/wp-content\\\/uploads\\\/2025\\\/11\\\/Terreno-rustico-en-venta-en-Manacor-Mallorca-ref-1839-2.jpg&quot;,&quot;alt&quot;:&quot;&quot;},{&quot;id&quot;:84578,&quot;url&quot;:&quot;https:\\\/\\\/novagestioinmobiliaria.com\\\/wp-content\\\/uploads\\\/2025\\\/11\\\/Terreno-rustico-en-venta-en-Manacor-Mallorca-ref-1839-1.jpg&quot;,&quot;alt&quot;:&quot;&quot;},{&quot;id&quot;:84575,&quot;url&quot;:&quot;https:\\\/\\\/novagestioinmobiliaria.com\\\/wp-content\\\/uploads\\\/2025\\\/11\\\/Terreno-rustico-en-venta-en-Manacor-Mallorca-ref-1839-6.jpg&quot;,&quot;alt&quot;:&quot;&quot;},{&quot;id&quot;:84572,&quot;url&quot;:&quot;https:\\\/\\\/novagestioinmobiliaria.com\\\/wp-content\\\/uploads\\\/2025\\\/11\\\/Terreno-rustico-en-venta-en-Manacor-Mallorca-ref-1839-5.jpg&quot;,&quot;alt&quot;:&quot;&quot;},{&quot;id&quot;:84569,&quot;url&quot;:&quot;https:\\\/\\\/novagestioinmobiliaria.com\\\/wp-content\\\/uploads\\\/2025\\\/11\\\/Terreno-rustico-en-venta-en-Manacor-Mallorca-ref-1839-4.jpg&quot;,&quot;alt&quot;:&quot;&quot;}],&quot;attributes&quot;:[{&quot;slug&quot;:&quot;property-type&quot;,&quot;name&quot;:&quot;Tipo propiedad&quot;,&quot;has_archive&quot;:true,&quot;elements&quot;:[{&quot;name&quot;:&quot;Landgrundst\\u00fccke \\\/ Bebaubares Land&quot;,&quot;link&quot;:&quot;https:\\\/\\\/novagestioinmobiliaria.com\\\/de\\\/immobilientyp\\\/landgrundstuecke-bebaubares-land\\\/&quot;,&quot;slug&quot;:&quot;landgrundstuecke-bebaubares-land&quot;}],&quot;card&quot;:false,&quot;show&quot;:true,&quot;display_after&quot;:&quot;&quot;,&quot;new_box&quot;:false},{&quot;slug&quot;:&quot;offer-type&quot;,&quot;name&quot;:&quot;Tipo operaci\\u00f3n&quot;,&quot;has_archive&quot;:true,&quot;elements&quot;:[{&quot;name&quot;:&quot;Zu verkaufen&quot;,&quot;link&quot;:&quot;https:\\\/\\\/novagestioinmobiliaria.com\\\/de\\\/offer-type\\\/zu-verkaufen\\\/&quot;,&quot;slug&quot;:&quot;zu-verkaufen&quot;}],&quot;card&quot;:true,&quot;show&quot;:true,&quot;display_after&quot;:&quot;&quot;,&quot;new_box&quot;:false},{&quot;slug&quot;:&quot;city&quot;,&quot;name&quot;:&quot;Zona&quot;,&quot;has_archive&quot;:true,&quot;elements&quot;:[{&quot;name&quot;:&quot;Manacor&quot;,&quot;link&quot;:&quot;https:\\\/\\\/novagestioinmobiliaria.com\\\/de\\\/city\\\/manacor-de\\\/&quot;,&quot;slug&quot;:&quot;manacor-de&quot;}],&quot;card&quot;:false,&quot;show&quot;:true,&quot;display_after&quot;:&quot;&quot;,&quot;new_box&quot;:false},{&quot;slug&quot;:&quot;price&quot;,&quot;name&quot;:&quot;Precio&quot;,&quot;has_archive&quot;:false,&quot;elements&quot;:[{&quot;name&quot;:&quot;275000&quot;,&quot;link&quot;:&quot;&quot;,&quot;slug&quot;:&quot;&quot;}],&quot;show&quot;:false,&quot;card&quot;:false,&quot;display_after&quot;:&quot;\\u20ac&quot;,&quot;new_box&quot;:false},{&quot;slug&quot;:&quot;lot-size&quot;,&quot;name&quot;:&quot;Terreno \\\/ Solar&quot;,&quot;has_archive&quot;:false,&quot;elements&quot;:[{&quot;name&quot;:&quot;37500&quot;,&quot;link&quot;:&quot;&quot;,&quot;slug&quot;:&quot;&quot;}],&quot;show&quot;:true,&quot;card&quot;:false,&quot;display_after&quot;:&quot;m\\u00b2&quot;,&quot;new_box&quot;:false},{&quot;slug&quot;:&quot;features&quot;,&quot;name&quot;:&quot;Caracter\\u00edsticas&quot;,&quot;has_archive&quot;:true,&quot;elements&quot;:[{&quot;name&quot;:&quot;Bebaubar&quot;,&quot;link&quot;:&quot;https:\\\/\\\/novagestioinmobiliaria.com\\\/de\\\/eigenschaften\\\/bebaubar\\\/&quot;,&quot;slug&quot;:&quot;bebaubar&quot;},{&quot;name&quot;:&quot;Panoramablick&quot;,&quot;link&quot;:&quot;https:\\\/\\\/novagestioinmobiliaria.com\\\/de\\\/eigenschaften\\\/panoramablick\\\/&quot;,&quot;slug&quot;:&quot;panoramablick&quot;},{&quot;name&quot;:&quot;Ruhige Lage&quot;,&quot;link&quot;:&quot;https:\\\/\\\/novagestioinmobiliaria.com\\\/de\\\/eigenschaften\\\/ruhige-lage\\\/&quot;,&quot;slug&quot;:&quot;ruhige-lage&quot;}],&quot;card&quot;:false,&quot;show&quot;:true,&quot;display_after&quot;:&quot;&quot;,&quot;new_box&quot;:true}],&quot;views&quot;:25,&quot;days_ago&quot;:&quot;5 monat.&quot;,&quot;image_id&quot;:84569,&quot;image_url&quot;:&quot;https:\\\/\\\/novagestioinmobiliaria.com\\\/wp-content\\\/uploads\\\/2025\\\/11\\\/Terreno-rustico-en-venta-en-Manacor-Mallorca-ref-1839-4.jpg&quot;,&quot;tags&quot;:[{&quot;name&quot;:&quot;Caracter\\u00edsticas&quot;,&quot;elements&quot;:[{&quot;name&quot;:&quot;Bebaubar&quot;,&quot;link&quot;:&quot;https:\\\/\\\/novagestioinmobiliaria.com\\\/de\\\/eigenschaften\\\/bebaubar\\\/&quot;},{&quot;name&quot;:&quot;Panoramablick&quot;,&quot;link&quot;:&quot;https:\\\/\\\/novagestioinmobiliaria.com\\\/de\\\/eigenschaften\\\/panoramablick\\\/&quot;},{&quot;name&quot;:&quot;Ruhige Lage&quot;,&quot;link&quot;:&quot;https:\\\/\\\/novagestioinmobiliaria.com\\\/de\\\/eigenschaften\\\/ruhige-lage\\\/&quot;}],&quot;has_archive&quot;:true}],&quot;status&quot;:&quot;publish&quot;,&quot;plans&quot;:[],&quot;video_plan&quot;:{&quot;src&quot;:&quot;&quot;,&quot;video&quot;:&quot;&quot;},&quot;virtual_tour&quot;:null,&quot;state&quot;:&quot;&quot;,&quot;labels&quot;:[],&quot;image&quot;:&quot;https:\\\/\\\/novagestioinmobiliaria.com\\\/wp-content\\\/uploads\\\/2025\\\/11\\\/Terreno-rustico-en-venta-en-Manacor-Mallorca-ref-1839-4-400x250.jpg&quot;,&quot;image_srcset&quot;:&quot;https:\\\/\\\/novagestioinmobiliaria.com\\\/wp-content\\\/uploads\\\/2025\\\/11\\\/Terreno-rustico-en-venta-en-Manacor-Mallorca-ref-1839-4-200x125.jpg 200w, https:\\\/\\\/novagestioinmobiliaria.com\\\/wp-content\\\/uploads\\\/2025\\\/11\\\/Terreno-rustico-en-venta-en-Manacor-Mallorca-ref-1839-4-800x500.jpg 800w, https:\\\/\\\/novagestioinmobiliaria.com\\\/wp-content\\\/uploads\\\/2025\\\/11\\\/Terreno-rustico-en-venta-en-Manacor-Mallorca-ref-1839-4-600x375.jpg 600w, https:\\\/\\\/novagestioinmobiliaria.com\\\/wp-content\\\/uploads\\\/2025\\\/11\\\/Terreno-rustico-en-venta-en-Manacor-Mallorca-ref-1839-4-400x250.jpg 400w&quot;}'>\r\n\t\t\t\t\t\t\t\t\t\t\t\t\t<\/compare-button>\r\n\t\t\t\t\t\t\t\t\t\t\t\t<\/div>\r\n\t\t\t\t\t\t\t\t\t\t\t\t<div class=\"mh-estate-vertical__buttons__single\">\r\n\t\t\t\t\t\t\t\t\t\t\t\t\t<a href=\"https:\/\/novagestioinmobiliaria.com\/de\/propiedades-properties-immobilien\/bauplatz-zum-verkauf-in-manacor-tr1839ma-vde\/\"\r\n\t\t\t\t\t\t\t\t\t\t\t\t\t   title=\"Bauplatz zum Verkauf in Manacor : : TR1839MA-VDE\"\r\n\t\t\t\t\t\t\t\t\t\t\t\t\t   class=\"mdl-button mdl-js-button mdl-button--raised mdl-js-ripple-effect mdl-button--primary-ghost\">\r\n\t\t\t\t\t\t\t\t\t\t\t\t\t\tDetails\t\t\t\t\t\t\t\t\t\t\t\t\t\t<span class=\"mdl-button__icon-right\"><i class=\"fa fa-angle-right\"><\/i><\/span>\r\n\t\t\t\t\t\t\t\t\t\t\t\t\t<\/a>\r\n\t\t\t\t\t\t\t\t\t\t\t\t<\/div>\r\n\t\t\t\t\t\t\t\t\t\t\t<\/div>\r\n\t\t\t\t\t\t\t\t\t\t<\/div>\r\n\t\t\t\t\t\t\t\t\t<\/div>\r\n\t\t\t\t\t\t\t\t<\/div>\r\n\t\t\t\t\t\t\t<\/div>\r\n\t\t\t\t\t\t<\/article>\r\n\t\t\t\t\t<\/div>\r\n\t\t\t\t\r\n\t\t\t\t\t<div class=\"item\">\r\n\t\t\t\t\t\t<article class=\"mh-estate-vertical mh-estate-vertical--white  mh-attribute-property-type__fincas-landhaeuser mh-attribute-offer-type__zu-verkaufen mh-attribute-city__manacor-de mh-attribute-features__garage-de mh-attribute-features__garten mh-attribute-features__panoramablick mh-attribute-features__ruhige-lage mh-attribute-features__terrasse\">\r\n\t\t\t\t\t\t\t<a href=\"https:\/\/novagestioinmobiliaria.com\/de\/propiedades-properties-immobilien\/schoenes-rustikales-anwesen-zum-verkauf-in-manacor-zum-umbau-fr1837ma-vde\/\"\r\n\t\t\t\t\t\t\t   title=\"Sch\u00f6nes rustikales Anwesen zum Verkauf in Manacor zum Umbau : : FR1837MA-VDE\"\r\n\t\t\t\t\t\t\t   class=\"mh-thumbnail\">\r\n                        <span class=\"mh-thumbnail__inner\">\r\n                                    <img\r\n                    data-srcset=\"https:\/\/novagestioinmobiliaria.com\/wp-content\/uploads\/2025\/11\/Finca-rustica-en-venta-en-Manacor-ref-1837-14-200x125.jpg 200w, https:\/\/novagestioinmobiliaria.com\/wp-content\/uploads\/2025\/11\/Finca-rustica-en-venta-en-Manacor-ref-1837-14-800x500.jpg 800w, https:\/\/novagestioinmobiliaria.com\/wp-content\/uploads\/2025\/11\/Finca-rustica-en-venta-en-Manacor-ref-1837-14-600x375.jpg 600w, https:\/\/novagestioinmobiliaria.com\/wp-content\/uploads\/2025\/11\/Finca-rustica-en-venta-en-Manacor-ref-1837-14-400x250.jpg 400w\"\r\n                    class=\"lazyload \" alt=\"Sch\u00f6nes rustikales Anwesen zum Verkauf in Manacor zum Umbau : : FR1837MA-VDE\"\r\n                    data-sizes=\"auto\"\r\n            >\r\n\t\t\t                        <\/span>\r\n\r\n\t\t\t\t\t\t\t\t\t\t\t\t\t\t\t\t\t<div class=\"mh-caption\">\r\n\t\t\t\t\t\t\t\t\t\t<div class=\"mh-caption__inner\">\r\n\t\t\t\t\t\t\t\t\t\t\tZu verkaufen\t\t\t\t\t\t\t\t\t\t<\/div>\r\n\t\t\t\t\t\t\t\t\t<\/div>\r\n\t\t\t\t\t\t\t\t\t\r\n\t\t\t\t\t\t\t\t<div class=\"mh-estate-vertical__text\">\r\n\t\t\t\t\t\t\t\t\t<div class=\"mh-estate-vertical__text__inner\">\r\n\t\t\t\t\t\t\t\t\t\tRustikales Anwesen zum Verkauf in Manacor zum Umbau in einer Gegend von maximaler Ruhe, in nat\u00fcrlicher Umgebung und mit guten...\t\t\t\t\t\t\t\t\t<\/div>\r\n\t\t\t\t\t\t\t\t<\/div>\r\n\t\t\t\t\t\t\t<\/a>\r\n\r\n\t\t\t\t\t\t\t<div class=\"mh-estate-vertical__content\">\r\n\t\t\t\t\t\t\t\t<h3 class=\"mh-estate-vertical__heading\">\r\n\t\t\t\t\t\t\t\t\t<a href=\"https:\/\/novagestioinmobiliaria.com\/de\/propiedades-properties-immobilien\/schoenes-rustikales-anwesen-zum-verkauf-in-manacor-zum-umbau-fr1837ma-vde\/\"\r\n\t\t\t\t\t\t\t\t\t   title=\"Sch\u00f6nes rustikales Anwesen zum Verkauf in Manacor zum Umbau : : FR1837MA-VDE\">\r\n\t\t\t\t\t\t\t\t\t\tSch\u00f6nes rustikales Anwesen zum Verkauf in Manacor zum Umbau : : FR1837MA-VDE\t\t\t\t\t\t\t\t\t<\/a>\r\n\t\t\t\t\t\t\t\t<\/h3>\r\n\t\t\t\t\t\t\t\t<address class=\"mh-estate-vertical__subheading\">\r\n\t\t\t\t\t\t\t\t\tM\t\t\t\t\t\t\t\t<\/address>\r\n\t\t\t\t\t\t\t\t<div class=\"mh-estate-vertical__primary\">\r\n\t\t\t\t\t\t\t\t\t425.000 \u20ac\t\t\t\t\t\t\t\t<\/div>\r\n\r\n\t\t\t\t\t\t\t\t<div>\r\n\t\t\t\t\t\t\t\t\t<div class=\"mh-estate__list\">\r\n\t\t\t\t\t\t\t\t\t\t\r\n\t\t\t\t\t\t\t\t\t\t\t<span class=\"mh-estate-vertical__more-info mh-estate_attribute-offer-type\">\r\n                                        <strong>Tipo operaci\u00f3n:<\/strong>\r\n\t\t\t\t\t\t\t\t\t\t\t\t\t\t\t\t\t\t\t\t\t\t\t\t\t\tZu verkaufen\t\t\t\t\t\t\t\t\t\t\t\t\t\t                                    <\/span>\r\n\r\n\t\t\t\t\t\t\t\t\t\t\r\n\t\t\t\t\t\t\t\t\t\t\t<span class=\"mh-estate-vertical__more-info mh-estate_attribute-bedrooms\">\r\n                                        <strong>Habitaciones:<\/strong>\r\n\t\t\t\t\t\t\t\t\t\t\t\t3                                    <\/span>\r\n\r\n\t\t\t\t\t\t\t\t\t\t\r\n\t\t\t\t\t\t\t\t\t\t\t<span class=\"mh-estate-vertical__more-info mh-estate_attribute-bathrooms\">\r\n                                        <strong>Ba\u00f1os:<\/strong>\r\n\t\t\t\t\t\t\t\t\t\t\t\t1                                    <\/span>\r\n\r\n\t\t\t\t\t\t\t\t\t\t\r\n\t\t\t\t\t\t\t\t\t\t\t<span class=\"mh-estate-vertical__more-info mh-estate_attribute-property-size\">\r\n                                        <strong>M2:<\/strong>\r\n\t\t\t\t\t\t\t\t\t\t\t\t88 m\u00b2                                    <\/span>\r\n\r\n\t\t\t\t\t\t\t\t\t\t\t\t\t\t\t\t\t\t\t<\/div>\r\n\t\t\t\t\t\t\t\t<\/div>\r\n\r\n\t\t\t\t\t\t\t\t<div class=\"mh-estate-vertical__bottom\">\r\n\t\t\t\t\t\t\t\t\t<div class=\"mh-estate-vertical__bottom__inner\">\r\n\t\t\t\t\t\t\t\t\t\t<div class=\"mh-estate-vertical__date\">\r\n\t\t\t\t\t\t\t\t\t\t\t6 monat.\t\t\t\t\t\t\t\t\t\t<\/div>\r\n\t\t\t\t\t\t\t\t\t\t<div class=\"mh-estate-vertical__buttons-wrapper\">\r\n\t\t\t\t\t\t\t\t\t\t\t<div class=\"mh-estate-vertical__buttons\">\r\n\t\t\t\t\t\t\t\t\t\t\t\t<div class=\"mh-estate-vertical__buttons__single\">\r\n\t\t\t\t\t\t\t\t\t\t\t\t\t<compare-button class=\"myhome-compare\"\r\n\t\t\t\t\t\t\t\t\t\t\t\t\t\t\t\t\t:translations='{&quot;added&quot;:&quot;Zus\\u00e4tzlich&quot;,&quot;compare&quot;:&quot;Vergleichen&quot;}'\r\n\t\t\t\t\t\t\t\t\t\t\t\t\t\t\t\t\t:estate='{&quot;short_excerpt_limit&quot;:125,&quot;long_excerpt_limit&quot;:160,&quot;id&quot;:84502,&quot;agent_id&quot;:&quot;1&quot;,&quot;title&quot;:&quot;Sch\\u00f6nes rustikales Anwesen zum Verkauf in Manacor zum Umbau : : FR1837MA-VDE&quot;,&quot;content&quot;:&quot;Rustikales Anwesen zum Verkauf in Manacor zum Umbau in einer Gegend von maximaler Ruhe, in nat\\u00fcrlicher Umgebung und mit guten Aussichten, das Anwesen besteht aus 4 angrenzenden Grundst\\u00fccken, die zusammen fast 24.000 m2 (die zusammengefasst werden sollten) einnehmen, in einem davon befindet sich ein Haus und andere Nebengeb\\u00e4ude, die renoviert werden m\\u00fcssen, aber das Hauptgeb\\u00e4ude ist als Wohngeb\\u00e4ude mit 88 m2 im einfachen Register vermerkt.\\r\\nEs gibt einen Wasserbrunnen, aber er ist nicht gemeldet. Ideal zum Renovieren und Erweitern um bis zu 1,5 % des Gesamts der zusammengeschlossenen Grundst\\u00fccke (359 m2 k\\u00f6nnten gebaut werden).\\r\\nEingez\\u00e4unt mit Trockensteinmauern auf mehreren Seiten und mit heimischer Vegetation. Das Haus k\\u00f6nnte mit einem nicht sehr hohen Budget bewohnbar gemacht und dann erweitert werden.\\r\\n\\r\\nNova Gestio, Immobilienagentur in Manacor&quot;,&quot;excerpt&quot;:&quot;Rustikales Anwesen zum Verkauf in Manacor zum Umbau in einer Gegend von maximaler Ruhe, in nat\\u00fcrlicher Umgebung und mit guten Aussichten, das Anwesen besteht aus 4 angrenzenden Grundst\\u00fccken, die zusammen fast 24.000 m2 (die zusammengefasst werden sollten) einnehmen, in einem davon befindet sich ein Haus und andere Nebengeb\\u00e4ude, die renoviert werden m\\u00fcssen, aber das Hauptgeb\\u00e4ude [\\u2026]&quot;,&quot;short_excerpt&quot;:&quot;Rustikales Anwesen zum Verkauf in Manacor zum Umbau in einer Gegend von maximaler Ruhe, in nat\\u00fcrlicher Umgebung und mit gu...&quot;,&quot;long_excerpt&quot;:&quot;Rustikales Anwesen zum Verkauf in Manacor zum Umbau in einer Gegend von maximaler Ruhe, in nat\\u00fcrlicher Umgebung und mit guten Aussichten, das Anwesen besteht...&quot;,&quot;link&quot;:&quot;https:\\\/\\\/novagestioinmobiliaria.com\\\/de\\\/propiedades-properties-immobilien\\\/schoenes-rustikales-anwesen-zum-verkauf-in-manacor-zum-umbau-fr1837ma-vde\\\/&quot;,&quot;offer_type&quot;:&quot;Zu verkaufen&quot;,&quot;price&quot;:&quot;425.000 \\u20ac&quot;,&quot;location&quot;:&quot;M&quot;,&quot;is_featured&quot;:true,&quot;gallery&quot;:[{&quot;id&quot;:84458,&quot;url&quot;:&quot;https:\\\/\\\/novagestioinmobiliaria.com\\\/wp-content\\\/uploads\\\/2025\\\/11\\\/Finca-rustica-en-venta-en-Manacor-ref-1837-16.jpg&quot;,&quot;alt&quot;:&quot;&quot;},{&quot;id&quot;:84497,&quot;url&quot;:&quot;https:\\\/\\\/novagestioinmobiliaria.com\\\/wp-content\\\/uploads\\\/2025\\\/11\\\/Finca-rustica-en-venta-en-Manacor-ref-1837-9.jpg&quot;,&quot;alt&quot;:&quot;&quot;},{&quot;id&quot;:84473,&quot;url&quot;:&quot;https:\\\/\\\/novagestioinmobiliaria.com\\\/wp-content\\\/uploads\\\/2025\\\/11\\\/Finca-rustica-en-venta-en-Manacor-ref-1837-1.jpg&quot;,&quot;alt&quot;:&quot;&quot;},{&quot;id&quot;:84494,&quot;url&quot;:&quot;https:\\\/\\\/novagestioinmobiliaria.com\\\/wp-content\\\/uploads\\\/2025\\\/11\\\/Finca-rustica-en-venta-en-Manacor-ref-1837-8.jpg&quot;,&quot;alt&quot;:&quot;&quot;},{&quot;id&quot;:84491,&quot;url&quot;:&quot;https:\\\/\\\/novagestioinmobiliaria.com\\\/wp-content\\\/uploads\\\/2025\\\/11\\\/Finca-rustica-en-venta-en-Manacor-ref-1837-7.jpg&quot;,&quot;alt&quot;:&quot;&quot;},{&quot;id&quot;:84500,&quot;url&quot;:&quot;https:\\\/\\\/novagestioinmobiliaria.com\\\/wp-content\\\/uploads\\\/2025\\\/11\\\/Finca-rustica-en-venta-en-Manacor-ref-1837-10.jpg&quot;,&quot;alt&quot;:&quot;&quot;},{&quot;id&quot;:84485,&quot;url&quot;:&quot;https:\\\/\\\/novagestioinmobiliaria.com\\\/wp-content\\\/uploads\\\/2025\\\/11\\\/Finca-rustica-en-venta-en-Manacor-ref-1837-5.jpg&quot;,&quot;alt&quot;:&quot;&quot;},{&quot;id&quot;:84476,&quot;url&quot;:&quot;https:\\\/\\\/novagestioinmobiliaria.com\\\/wp-content\\\/uploads\\\/2025\\\/11\\\/Finca-rustica-en-venta-en-Manacor-ref-1837-2.jpg&quot;,&quot;alt&quot;:&quot;&quot;},{&quot;id&quot;:84470,&quot;url&quot;:&quot;https:\\\/\\\/novagestioinmobiliaria.com\\\/wp-content\\\/uploads\\\/2025\\\/11\\\/Finca-rustica-en-venta-en-Manacor-ref-1837-20.jpg&quot;,&quot;alt&quot;:&quot;&quot;},{&quot;id&quot;:84467,&quot;url&quot;:&quot;https:\\\/\\\/novagestioinmobiliaria.com\\\/wp-content\\\/uploads\\\/2025\\\/11\\\/Finca-rustica-en-venta-en-Manacor-ref-1837-19.jpg&quot;,&quot;alt&quot;:&quot;&quot;},{&quot;id&quot;:84464,&quot;url&quot;:&quot;https:\\\/\\\/novagestioinmobiliaria.com\\\/wp-content\\\/uploads\\\/2025\\\/11\\\/Finca-rustica-en-venta-en-Manacor-ref-1837-18.jpg&quot;,&quot;alt&quot;:&quot;&quot;},{&quot;id&quot;:84461,&quot;url&quot;:&quot;https:\\\/\\\/novagestioinmobiliaria.com\\\/wp-content\\\/uploads\\\/2025\\\/11\\\/Finca-rustica-en-venta-en-Manacor-ref-1837-17.jpg&quot;,&quot;alt&quot;:&quot;&quot;},{&quot;id&quot;:84455,&quot;url&quot;:&quot;https:\\\/\\\/novagestioinmobiliaria.com\\\/wp-content\\\/uploads\\\/2025\\\/11\\\/Finca-rustica-en-venta-en-Manacor-ref-1837-15.jpg&quot;,&quot;alt&quot;:&quot;&quot;},{&quot;id&quot;:84452,&quot;url&quot;:&quot;https:\\\/\\\/novagestioinmobiliaria.com\\\/wp-content\\\/uploads\\\/2025\\\/11\\\/Finca-rustica-en-venta-en-Manacor-ref-1837-14.jpg&quot;,&quot;alt&quot;:&quot;&quot;},{&quot;id&quot;:84449,&quot;url&quot;:&quot;https:\\\/\\\/novagestioinmobiliaria.com\\\/wp-content\\\/uploads\\\/2025\\\/11\\\/Finca-rustica-en-venta-en-Manacor-ref-1837-13.jpg&quot;,&quot;alt&quot;:&quot;&quot;},{&quot;id&quot;:84446,&quot;url&quot;:&quot;https:\\\/\\\/novagestioinmobiliaria.com\\\/wp-content\\\/uploads\\\/2025\\\/11\\\/Finca-rustica-en-venta-en-Manacor-ref-1837-12.jpg&quot;,&quot;alt&quot;:&quot;&quot;},{&quot;id&quot;:84443,&quot;url&quot;:&quot;https:\\\/\\\/novagestioinmobiliaria.com\\\/wp-content\\\/uploads\\\/2025\\\/11\\\/Finca-rustica-en-venta-en-Manacor-ref-1837-11.jpg&quot;,&quot;alt&quot;:&quot;&quot;}],&quot;attributes&quot;:[{&quot;slug&quot;:&quot;property-type&quot;,&quot;name&quot;:&quot;Tipo propiedad&quot;,&quot;has_archive&quot;:true,&quot;elements&quot;:[{&quot;name&quot;:&quot;Fincas \\\/ Landh\\u00e4user&quot;,&quot;link&quot;:&quot;https:\\\/\\\/novagestioinmobiliaria.com\\\/de\\\/immobilientyp\\\/fincas-landhaeuser\\\/&quot;,&quot;slug&quot;:&quot;fincas-landhaeuser&quot;}],&quot;card&quot;:false,&quot;show&quot;:true,&quot;display_after&quot;:&quot;&quot;,&quot;new_box&quot;:false},{&quot;slug&quot;:&quot;offer-type&quot;,&quot;name&quot;:&quot;Tipo operaci\\u00f3n&quot;,&quot;has_archive&quot;:true,&quot;elements&quot;:[{&quot;name&quot;:&quot;Zu verkaufen&quot;,&quot;link&quot;:&quot;https:\\\/\\\/novagestioinmobiliaria.com\\\/de\\\/offer-type\\\/zu-verkaufen\\\/&quot;,&quot;slug&quot;:&quot;zu-verkaufen&quot;}],&quot;card&quot;:true,&quot;show&quot;:true,&quot;display_after&quot;:&quot;&quot;,&quot;new_box&quot;:false},{&quot;slug&quot;:&quot;city&quot;,&quot;name&quot;:&quot;Zona&quot;,&quot;has_archive&quot;:true,&quot;elements&quot;:[{&quot;name&quot;:&quot;Manacor&quot;,&quot;link&quot;:&quot;https:\\\/\\\/novagestioinmobiliaria.com\\\/de\\\/city\\\/manacor-de\\\/&quot;,&quot;slug&quot;:&quot;manacor-de&quot;}],&quot;card&quot;:false,&quot;show&quot;:true,&quot;display_after&quot;:&quot;&quot;,&quot;new_box&quot;:false},{&quot;slug&quot;:&quot;price&quot;,&quot;name&quot;:&quot;Precio&quot;,&quot;has_archive&quot;:false,&quot;elements&quot;:[{&quot;name&quot;:&quot;425000&quot;,&quot;link&quot;:&quot;&quot;,&quot;slug&quot;:&quot;&quot;}],&quot;show&quot;:false,&quot;card&quot;:false,&quot;display_after&quot;:&quot;\\u20ac&quot;,&quot;new_box&quot;:false},{&quot;slug&quot;:&quot;bedrooms&quot;,&quot;name&quot;:&quot;Habitaciones&quot;,&quot;has_archive&quot;:false,&quot;elements&quot;:[{&quot;name&quot;:&quot;3&quot;,&quot;link&quot;:&quot;&quot;,&quot;slug&quot;:&quot;&quot;}],&quot;show&quot;:true,&quot;card&quot;:true,&quot;display_after&quot;:&quot;&quot;,&quot;new_box&quot;:false},{&quot;slug&quot;:&quot;bathrooms&quot;,&quot;name&quot;:&quot;Ba\\u00f1os&quot;,&quot;has_archive&quot;:false,&quot;elements&quot;:[{&quot;name&quot;:&quot;1&quot;,&quot;link&quot;:&quot;&quot;,&quot;slug&quot;:&quot;&quot;}],&quot;show&quot;:true,&quot;card&quot;:true,&quot;display_after&quot;:&quot;&quot;,&quot;new_box&quot;:false},{&quot;slug&quot;:&quot;property-size&quot;,&quot;name&quot;:&quot;M2&quot;,&quot;has_archive&quot;:false,&quot;elements&quot;:[{&quot;name&quot;:&quot;88&quot;,&quot;link&quot;:&quot;&quot;,&quot;slug&quot;:&quot;&quot;}],&quot;show&quot;:true,&quot;card&quot;:true,&quot;display_after&quot;:&quot;m\\u00b2&quot;,&quot;new_box&quot;:false},{&quot;slug&quot;:&quot;lot-size&quot;,&quot;name&quot;:&quot;Terreno \\\/ Solar&quot;,&quot;has_archive&quot;:false,&quot;elements&quot;:[{&quot;name&quot;:&quot;23.900 m2&quot;,&quot;link&quot;:&quot;&quot;,&quot;slug&quot;:&quot;&quot;}],&quot;show&quot;:true,&quot;card&quot;:false,&quot;display_after&quot;:&quot;m\\u00b2&quot;,&quot;new_box&quot;:false},{&quot;slug&quot;:&quot;features&quot;,&quot;name&quot;:&quot;Caracter\\u00edsticas&quot;,&quot;has_archive&quot;:true,&quot;elements&quot;:[{&quot;name&quot;:&quot;Garage&quot;,&quot;link&quot;:&quot;https:\\\/\\\/novagestioinmobiliaria.com\\\/de\\\/eigenschaften\\\/garage-de\\\/&quot;,&quot;slug&quot;:&quot;garage-de&quot;},{&quot;name&quot;:&quot;Garten&quot;,&quot;link&quot;:&quot;https:\\\/\\\/novagestioinmobiliaria.com\\\/de\\\/eigenschaften\\\/garten\\\/&quot;,&quot;slug&quot;:&quot;garten&quot;},{&quot;name&quot;:&quot;Panoramablick&quot;,&quot;link&quot;:&quot;https:\\\/\\\/novagestioinmobiliaria.com\\\/de\\\/eigenschaften\\\/panoramablick\\\/&quot;,&quot;slug&quot;:&quot;panoramablick&quot;},{&quot;name&quot;:&quot;Ruhige Lage&quot;,&quot;link&quot;:&quot;https:\\\/\\\/novagestioinmobiliaria.com\\\/de\\\/eigenschaften\\\/ruhige-lage\\\/&quot;,&quot;slug&quot;:&quot;ruhige-lage&quot;},{&quot;name&quot;:&quot;Terrasse&quot;,&quot;link&quot;:&quot;https:\\\/\\\/novagestioinmobiliaria.com\\\/de\\\/eigenschaften\\\/terrasse\\\/&quot;,&quot;slug&quot;:&quot;terrasse&quot;}],&quot;card&quot;:false,&quot;show&quot;:true,&quot;display_after&quot;:&quot;&quot;,&quot;new_box&quot;:true}],&quot;views&quot;:25,&quot;days_ago&quot;:&quot;6 monat.&quot;,&quot;image_id&quot;:84452,&quot;image_url&quot;:&quot;https:\\\/\\\/novagestioinmobiliaria.com\\\/wp-content\\\/uploads\\\/2025\\\/11\\\/Finca-rustica-en-venta-en-Manacor-ref-1837-14.jpg&quot;,&quot;tags&quot;:[{&quot;name&quot;:&quot;Caracter\\u00edsticas&quot;,&quot;elements&quot;:[{&quot;name&quot;:&quot;Garage&quot;,&quot;link&quot;:&quot;https:\\\/\\\/novagestioinmobiliaria.com\\\/de\\\/eigenschaften\\\/garage-de\\\/&quot;},{&quot;name&quot;:&quot;Garten&quot;,&quot;link&quot;:&quot;https:\\\/\\\/novagestioinmobiliaria.com\\\/de\\\/eigenschaften\\\/garten\\\/&quot;},{&quot;name&quot;:&quot;Panoramablick&quot;,&quot;link&quot;:&quot;https:\\\/\\\/novagestioinmobiliaria.com\\\/de\\\/eigenschaften\\\/panoramablick\\\/&quot;},{&quot;name&quot;:&quot;Ruhige Lage&quot;,&quot;link&quot;:&quot;https:\\\/\\\/novagestioinmobiliaria.com\\\/de\\\/eigenschaften\\\/ruhige-lage\\\/&quot;},{&quot;name&quot;:&quot;Terrasse&quot;,&quot;link&quot;:&quot;https:\\\/\\\/novagestioinmobiliaria.com\\\/de\\\/eigenschaften\\\/terrasse\\\/&quot;}],&quot;has_archive&quot;:true}],&quot;status&quot;:&quot;publish&quot;,&quot;plans&quot;:[],&quot;video_plan&quot;:{&quot;src&quot;:&quot;&quot;,&quot;video&quot;:&quot;&quot;},&quot;virtual_tour&quot;:null,&quot;state&quot;:&quot;&quot;,&quot;labels&quot;:[],&quot;image&quot;:&quot;https:\\\/\\\/novagestioinmobiliaria.com\\\/wp-content\\\/uploads\\\/2025\\\/11\\\/Finca-rustica-en-venta-en-Manacor-ref-1837-14-400x250.jpg&quot;,&quot;image_srcset&quot;:&quot;https:\\\/\\\/novagestioinmobiliaria.com\\\/wp-content\\\/uploads\\\/2025\\\/11\\\/Finca-rustica-en-venta-en-Manacor-ref-1837-14-200x125.jpg 200w, https:\\\/\\\/novagestioinmobiliaria.com\\\/wp-content\\\/uploads\\\/2025\\\/11\\\/Finca-rustica-en-venta-en-Manacor-ref-1837-14-800x500.jpg 800w, https:\\\/\\\/novagestioinmobiliaria.com\\\/wp-content\\\/uploads\\\/2025\\\/11\\\/Finca-rustica-en-venta-en-Manacor-ref-1837-14-600x375.jpg 600w, https:\\\/\\\/novagestioinmobiliaria.com\\\/wp-content\\\/uploads\\\/2025\\\/11\\\/Finca-rustica-en-venta-en-Manacor-ref-1837-14-400x250.jpg 400w&quot;}'>\r\n\t\t\t\t\t\t\t\t\t\t\t\t\t<\/compare-button>\r\n\t\t\t\t\t\t\t\t\t\t\t\t<\/div>\r\n\t\t\t\t\t\t\t\t\t\t\t\t<div class=\"mh-estate-vertical__buttons__single\">\r\n\t\t\t\t\t\t\t\t\t\t\t\t\t<a href=\"https:\/\/novagestioinmobiliaria.com\/de\/propiedades-properties-immobilien\/schoenes-rustikales-anwesen-zum-verkauf-in-manacor-zum-umbau-fr1837ma-vde\/\"\r\n\t\t\t\t\t\t\t\t\t\t\t\t\t   title=\"Sch\u00f6nes rustikales Anwesen zum Verkauf in Manacor zum Umbau : : FR1837MA-VDE\"\r\n\t\t\t\t\t\t\t\t\t\t\t\t\t   class=\"mdl-button mdl-js-button mdl-button--raised mdl-js-ripple-effect mdl-button--primary-ghost\">\r\n\t\t\t\t\t\t\t\t\t\t\t\t\t\tDetails\t\t\t\t\t\t\t\t\t\t\t\t\t\t<span class=\"mdl-button__icon-right\"><i class=\"fa fa-angle-right\"><\/i><\/span>\r\n\t\t\t\t\t\t\t\t\t\t\t\t\t<\/a>\r\n\t\t\t\t\t\t\t\t\t\t\t\t<\/div>\r\n\t\t\t\t\t\t\t\t\t\t\t<\/div>\r\n\t\t\t\t\t\t\t\t\t\t<\/div>\r\n\t\t\t\t\t\t\t\t\t<\/div>\r\n\t\t\t\t\t\t\t\t<\/div>\r\n\t\t\t\t\t\t\t<\/div>\r\n\t\t\t\t\t\t<\/article>\r\n\t\t\t\t\t<\/div>\r\n\t\t\t\t\r\n\t\t\t\t\t<div class=\"item\">\r\n\t\t\t\t\t\t<article class=\"mh-estate-vertical mh-estate-vertical--white  mh-attribute-property-type__fincas-landhaeuser mh-attribute-offer-type__zu-verkaufen mh-attribute-city__manacor-de mh-attribute-features__1-bad mh-attribute-features__bebaubar mh-attribute-features__obergeschoss mh-attribute-features__ruhige-lage\">\r\n\t\t\t\t\t\t\t<a href=\"https:\/\/novagestioinmobiliaria.com\/de\/propiedades-properties-immobilien\/rustikales-anwesen-zum-verkauf-in-manacor-fr1832ma-vde\/\"\r\n\t\t\t\t\t\t\t   title=\"Rustikales Anwesen zum Verkauf in Manacor FR1832MA-VDE\"\r\n\t\t\t\t\t\t\t   class=\"mh-thumbnail\">\r\n                        <span class=\"mh-thumbnail__inner\">\r\n                                    <img\r\n                    data-srcset=\"https:\/\/novagestioinmobiliaria.com\/wp-content\/uploads\/2025\/11\/Finca-Rustica-en-venta-Manacor-ref-1832-12-200x125.jpg 200w, https:\/\/novagestioinmobiliaria.com\/wp-content\/uploads\/2025\/11\/Finca-Rustica-en-venta-Manacor-ref-1832-12-800x500.jpg 800w, https:\/\/novagestioinmobiliaria.com\/wp-content\/uploads\/2025\/11\/Finca-Rustica-en-venta-Manacor-ref-1832-12-600x375.jpg 600w, https:\/\/novagestioinmobiliaria.com\/wp-content\/uploads\/2025\/11\/Finca-Rustica-en-venta-Manacor-ref-1832-12-400x250.jpg 400w\"\r\n                    class=\"lazyload \" alt=\"Rustikales Anwesen zum Verkauf in Manacor FR1832MA-VDE\"\r\n                    data-sizes=\"auto\"\r\n            >\r\n\t\t\t                        <\/span>\r\n\r\n\t\t\t\t\t\t\t\t\t\t\t\t\t\t\t\t\t<div class=\"mh-caption\">\r\n\t\t\t\t\t\t\t\t\t\t<div class=\"mh-caption__inner\">\r\n\t\t\t\t\t\t\t\t\t\t\tZu verkaufen\t\t\t\t\t\t\t\t\t\t<\/div>\r\n\t\t\t\t\t\t\t\t\t<\/div>\r\n\t\t\t\t\t\t\t\t\t\r\n\t\t\t\t\t\t\t\t<div class=\"mh-estate-vertical__text\">\r\n\t\t\t\t\t\t\t\t\t<div class=\"mh-estate-vertical__text__inner\">\r\n\t\t\t\t\t\t\t\t\t\tRustikales Anwesen zum Verkauf in Manacor, mit 19.800 m\u00b2 Land und ca. 492 m\u00b2 bebaut \u2013 gro\u00dfes Renovierungspotenzial Entdecken Sie...\t\t\t\t\t\t\t\t\t<\/div>\r\n\t\t\t\t\t\t\t\t<\/div>\r\n\t\t\t\t\t\t\t<\/a>\r\n\r\n\t\t\t\t\t\t\t<div class=\"mh-estate-vertical__content\">\r\n\t\t\t\t\t\t\t\t<h3 class=\"mh-estate-vertical__heading\">\r\n\t\t\t\t\t\t\t\t\t<a href=\"https:\/\/novagestioinmobiliaria.com\/de\/propiedades-properties-immobilien\/rustikales-anwesen-zum-verkauf-in-manacor-fr1832ma-vde\/\"\r\n\t\t\t\t\t\t\t\t\t   title=\"Rustikales Anwesen zum Verkauf in Manacor FR1832MA-VDE\">\r\n\t\t\t\t\t\t\t\t\t\tRustikales Anwesen zum Verkauf in Manacor FR1832MA-VDE\t\t\t\t\t\t\t\t\t<\/a>\r\n\t\t\t\t\t\t\t\t<\/h3>\r\n\t\t\t\t\t\t\t\t<address class=\"mh-estate-vertical__subheading\">\r\n\t\t\t\t\t\t\t\t\tM\t\t\t\t\t\t\t\t<\/address>\r\n\t\t\t\t\t\t\t\t<div class=\"mh-estate-vertical__primary\">\r\n\t\t\t\t\t\t\t\t\t420.000 \u20ac\t\t\t\t\t\t\t\t<\/div>\r\n\r\n\t\t\t\t\t\t\t\t<div>\r\n\t\t\t\t\t\t\t\t\t<div class=\"mh-estate__list\">\r\n\t\t\t\t\t\t\t\t\t\t\r\n\t\t\t\t\t\t\t\t\t\t\t<span class=\"mh-estate-vertical__more-info mh-estate_attribute-offer-type\">\r\n                                        <strong>Tipo operaci\u00f3n:<\/strong>\r\n\t\t\t\t\t\t\t\t\t\t\t\t\t\t\t\t\t\t\t\t\t\t\t\t\t\tZu verkaufen\t\t\t\t\t\t\t\t\t\t\t\t\t\t                                    <\/span>\r\n\r\n\t\t\t\t\t\t\t\t\t\t\r\n\t\t\t\t\t\t\t\t\t\t\t<span class=\"mh-estate-vertical__more-info mh-estate_attribute-bedrooms\">\r\n                                        <strong>Habitaciones:<\/strong>\r\n\t\t\t\t\t\t\t\t\t\t\t\t4                                    <\/span>\r\n\r\n\t\t\t\t\t\t\t\t\t\t\r\n\t\t\t\t\t\t\t\t\t\t\t<span class=\"mh-estate-vertical__more-info mh-estate_attribute-bathrooms\">\r\n                                        <strong>Ba\u00f1os:<\/strong>\r\n\t\t\t\t\t\t\t\t\t\t\t\t1                                    <\/span>\r\n\r\n\t\t\t\t\t\t\t\t\t\t\t\t\t\t\t\t\t\t\t<\/div>\r\n\t\t\t\t\t\t\t\t<\/div>\r\n\r\n\t\t\t\t\t\t\t\t<div class=\"mh-estate-vertical__bottom\">\r\n\t\t\t\t\t\t\t\t\t<div class=\"mh-estate-vertical__bottom__inner\">\r\n\t\t\t\t\t\t\t\t\t\t<div class=\"mh-estate-vertical__date\">\r\n\t\t\t\t\t\t\t\t\t\t\t6 monat.\t\t\t\t\t\t\t\t\t\t<\/div>\r\n\t\t\t\t\t\t\t\t\t\t<div class=\"mh-estate-vertical__buttons-wrapper\">\r\n\t\t\t\t\t\t\t\t\t\t\t<div class=\"mh-estate-vertical__buttons\">\r\n\t\t\t\t\t\t\t\t\t\t\t\t<div class=\"mh-estate-vertical__buttons__single\">\r\n\t\t\t\t\t\t\t\t\t\t\t\t\t<compare-button class=\"myhome-compare\"\r\n\t\t\t\t\t\t\t\t\t\t\t\t\t\t\t\t\t:translations='{&quot;added&quot;:&quot;Zus\\u00e4tzlich&quot;,&quot;compare&quot;:&quot;Vergleichen&quot;}'\r\n\t\t\t\t\t\t\t\t\t\t\t\t\t\t\t\t\t:estate='{&quot;short_excerpt_limit&quot;:125,&quot;long_excerpt_limit&quot;:160,&quot;id&quot;:84144,&quot;agent_id&quot;:&quot;1&quot;,&quot;title&quot;:&quot;Rustikales Anwesen zum Verkauf in Manacor FR1832MA-VDE&quot;,&quot;content&quot;:&quot;Rustikales Anwesen zum Verkauf in Manacor, mit 19.800 m\\u00b2 Land und ca. 492 m\\u00b2 bebaut \\u2013 gro\\u00dfes Renovierungspotenzial\\r\\nEntdecken Sie dieses exklusive rustikale Anwesen in ruhiger nat\\u00fcrlicher Umgebung, ideal f\\u00fcr diejenigen, die Privatsph\\u00e4re, Platz und Verbindung zur Natur suchen.\\r\\nMit einer betr\\u00e4chtlichen Landfl\\u00e4che und ungef\\u00e4hr verschiedenen Geb\\u00e4udeabh\\u00e4ngigkeiten, verteilt auf mehrere Geb\\u00e4ude, bietet diese Immobilie ein enormes Potenzial, um eine Traumresidenz oder ein charmantes l\\u00e4ndliches Projekt zu schaffen.\\r\\nNur wenige Minuten vom Stadtzentrum entfernt und mit ausgezeichneter Zufahrt von einer asphaltierten Stra\\u00dfe aus, verbindet es die Bequemlichkeit der N\\u00e4he mit der authentischen Atmosph\\u00e4re der mallorquinischen Landschaft.\\r\\nHervorhebungen:\\r\\nCa. 492 m\\u00b2 bebaut\\r\\nGrundst\\u00fcck von 19.800 m\\u00b2\\r\\nStromversorgung von Gesa-Endesa\\r\\nIn Prozess der Anbindung an \\u00f6ffentliches Wasser\\r\\nNat\\u00fcrliche Umgebung, Privatsph\\u00e4re und einfacher Zugang\\r\\nEine ideale Gelegenheit f\\u00fcr diejenigen, die ein Projekt mit Seele und endlosen M\\u00f6glichkeiten suchen.\\r\\nNova Gesti\\u00f3, Immobilienagentur in Manacor&quot;,&quot;excerpt&quot;:&quot;Rustikales Anwesen zum Verkauf in Manacor, mit 19.800 m\\u00b2 Land und ca. 492 m\\u00b2 bebaut \\u2013 gro\\u00dfes Renovierungspotenzial Entdecken Sie dieses exklusive rustikale Anwesen in ruhiger nat\\u00fcrlicher Umgebung, ideal f\\u00fcr diejenigen, die Privatsph\\u00e4re, Platz und Verbindung zur Natur suchen. Mit einer betr\\u00e4chtlichen Landfl\\u00e4che und ungef\\u00e4hr verschiedenen Geb\\u00e4udeabh\\u00e4ngigkeiten, verteilt auf mehrere Geb\\u00e4ude, bietet diese Immobilie ein [\\u2026]&quot;,&quot;short_excerpt&quot;:&quot;Rustikales Anwesen zum Verkauf in Manacor, mit 19.800 m\\u00b2 Land und ca. 492 m\\u00b2 bebaut \\u2013 gro\\u00dfes Renovierungspotenzial\\r\\nEntdec...&quot;,&quot;long_excerpt&quot;:&quot;Rustikales Anwesen zum Verkauf in Manacor, mit 19.800 m\\u00b2 Land und ca. 492 m\\u00b2 bebaut \\u2013 gro\\u00dfes Renovierungspotenzial\\r\\nEntdecken Sie dieses exklusive rustikale ...&quot;,&quot;link&quot;:&quot;https:\\\/\\\/novagestioinmobiliaria.com\\\/de\\\/propiedades-properties-immobilien\\\/rustikales-anwesen-zum-verkauf-in-manacor-fr1832ma-vde\\\/&quot;,&quot;offer_type&quot;:&quot;Zu verkaufen&quot;,&quot;price&quot;:&quot;420.000 \\u20ac&quot;,&quot;location&quot;:&quot;M&quot;,&quot;is_featured&quot;:true,&quot;gallery&quot;:[{&quot;id&quot;:84139,&quot;url&quot;:&quot;https:\\\/\\\/novagestioinmobiliaria.com\\\/wp-content\\\/uploads\\\/2025\\\/11\\\/Finca-Rustica-en-venta-Manacor-ref-1832-12.jpg&quot;,&quot;alt&quot;:&quot;&quot;},{&quot;id&quot;:84142,&quot;url&quot;:&quot;https:\\\/\\\/novagestioinmobiliaria.com\\\/wp-content\\\/uploads\\\/2025\\\/11\\\/Finca-Rustica-en-venta-Manacor-ref-1832-13.jpg&quot;,&quot;alt&quot;:&quot;&quot;},{&quot;id&quot;:84136,&quot;url&quot;:&quot;https:\\\/\\\/novagestioinmobiliaria.com\\\/wp-content\\\/uploads\\\/2025\\\/11\\\/Finca-Rustica-en-venta-Manacor-ref-1832-11.jpg&quot;,&quot;alt&quot;:&quot;&quot;},{&quot;id&quot;:84103,&quot;url&quot;:&quot;https:\\\/\\\/novagestioinmobiliaria.com\\\/wp-content\\\/uploads\\\/2025\\\/11\\\/Finca-Rustica-en-venta-Manacor-ref-1832-31.jpg&quot;,&quot;alt&quot;:&quot;&quot;},{&quot;id&quot;:84133,&quot;url&quot;:&quot;https:\\\/\\\/novagestioinmobiliaria.com\\\/wp-content\\\/uploads\\\/2025\\\/11\\\/Finca-Rustica-en-venta-Manacor-ref-1832-10.jpg&quot;,&quot;alt&quot;:&quot;&quot;},{&quot;id&quot;:84073,&quot;url&quot;:&quot;https:\\\/\\\/novagestioinmobiliaria.com\\\/wp-content\\\/uploads\\\/2025\\\/11\\\/Finca-Rustica-en-venta-Manacor-ref-1832-21.jpg&quot;,&quot;alt&quot;:&quot;&quot;},{&quot;id&quot;:84130,&quot;url&quot;:&quot;https:\\\/\\\/novagestioinmobiliaria.com\\\/wp-content\\\/uploads\\\/2025\\\/11\\\/Finca-Rustica-en-venta-Manacor-ref-1832-9.jpg&quot;,&quot;alt&quot;:&quot;&quot;},{&quot;id&quot;:84124,&quot;url&quot;:&quot;https:\\\/\\\/novagestioinmobiliaria.com\\\/wp-content\\\/uploads\\\/2025\\\/11\\\/Finca-Rustica-en-venta-Manacor-ref-1832-7.jpg&quot;,&quot;alt&quot;:&quot;&quot;},{&quot;id&quot;:84121,&quot;url&quot;:&quot;https:\\\/\\\/novagestioinmobiliaria.com\\\/wp-content\\\/uploads\\\/2025\\\/11\\\/Finca-Rustica-en-venta-Manacor-ref-1832-6.jpg&quot;,&quot;alt&quot;:&quot;&quot;},{&quot;id&quot;:84118,&quot;url&quot;:&quot;https:\\\/\\\/novagestioinmobiliaria.com\\\/wp-content\\\/uploads\\\/2025\\\/11\\\/Finca-Rustica-en-venta-Manacor-ref-1832-5.jpg&quot;,&quot;alt&quot;:&quot;&quot;},{&quot;id&quot;:84115,&quot;url&quot;:&quot;https:\\\/\\\/novagestioinmobiliaria.com\\\/wp-content\\\/uploads\\\/2025\\\/11\\\/Finca-Rustica-en-venta-Manacor-ref-1832-4.jpg&quot;,&quot;alt&quot;:&quot;&quot;},{&quot;id&quot;:84112,&quot;url&quot;:&quot;https:\\\/\\\/novagestioinmobiliaria.com\\\/wp-content\\\/uploads\\\/2025\\\/11\\\/Finca-Rustica-en-venta-Manacor-ref-1832-3.jpg&quot;,&quot;alt&quot;:&quot;&quot;},{&quot;id&quot;:84052,&quot;url&quot;:&quot;https:\\\/\\\/novagestioinmobiliaria.com\\\/wp-content\\\/uploads\\\/2025\\\/11\\\/Finca-Rustica-en-venta-Manacor-ref-1832-14.jpg&quot;,&quot;alt&quot;:&quot;&quot;},{&quot;id&quot;:84109,&quot;url&quot;:&quot;https:\\\/\\\/novagestioinmobiliaria.com\\\/wp-content\\\/uploads\\\/2025\\\/11\\\/Finca-Rustica-en-venta-Manacor-ref-1832-2.jpg&quot;,&quot;alt&quot;:&quot;&quot;},{&quot;id&quot;:84106,&quot;url&quot;:&quot;https:\\\/\\\/novagestioinmobiliaria.com\\\/wp-content\\\/uploads\\\/2025\\\/11\\\/Finca-Rustica-en-venta-Manacor-ref-1832-1.jpg&quot;,&quot;alt&quot;:&quot;&quot;},{&quot;id&quot;:84100,&quot;url&quot;:&quot;https:\\\/\\\/novagestioinmobiliaria.com\\\/wp-content\\\/uploads\\\/2025\\\/11\\\/Finca-Rustica-en-venta-Manacor-ref-1832-30.jpg&quot;,&quot;alt&quot;:&quot;&quot;},{&quot;id&quot;:84097,&quot;url&quot;:&quot;https:\\\/\\\/novagestioinmobiliaria.com\\\/wp-content\\\/uploads\\\/2025\\\/11\\\/Finca-Rustica-en-venta-Manacor-ref-1832-29.jpg&quot;,&quot;alt&quot;:&quot;&quot;},{&quot;id&quot;:84094,&quot;url&quot;:&quot;https:\\\/\\\/novagestioinmobiliaria.com\\\/wp-content\\\/uploads\\\/2025\\\/11\\\/Finca-Rustica-en-venta-Manacor-ref-1832-28.jpg&quot;,&quot;alt&quot;:&quot;&quot;},{&quot;id&quot;:84091,&quot;url&quot;:&quot;https:\\\/\\\/novagestioinmobiliaria.com\\\/wp-content\\\/uploads\\\/2025\\\/11\\\/Finca-Rustica-en-venta-Manacor-ref-1832-27.jpg&quot;,&quot;alt&quot;:&quot;&quot;},{&quot;id&quot;:84058,&quot;url&quot;:&quot;https:\\\/\\\/novagestioinmobiliaria.com\\\/wp-content\\\/uploads\\\/2025\\\/11\\\/Finca-Rustica-en-venta-Manacor-ref-1832-16.jpg&quot;,&quot;alt&quot;:&quot;&quot;},{&quot;id&quot;:84088,&quot;url&quot;:&quot;https:\\\/\\\/novagestioinmobiliaria.com\\\/wp-content\\\/uploads\\\/2025\\\/11\\\/Finca-Rustica-en-venta-Manacor-ref-1832-26.jpg&quot;,&quot;alt&quot;:&quot;&quot;},{&quot;id&quot;:84085,&quot;url&quot;:&quot;https:\\\/\\\/novagestioinmobiliaria.com\\\/wp-content\\\/uploads\\\/2025\\\/11\\\/Finca-Rustica-en-venta-Manacor-ref-1832-25.jpg&quot;,&quot;alt&quot;:&quot;&quot;},{&quot;id&quot;:84127,&quot;url&quot;:&quot;https:\\\/\\\/novagestioinmobiliaria.com\\\/wp-content\\\/uploads\\\/2025\\\/11\\\/Finca-Rustica-en-venta-Manacor-ref-1832-8.jpg&quot;,&quot;alt&quot;:&quot;&quot;},{&quot;id&quot;:84082,&quot;url&quot;:&quot;https:\\\/\\\/novagestioinmobiliaria.com\\\/wp-content\\\/uploads\\\/2025\\\/11\\\/Finca-Rustica-en-venta-Manacor-ref-1832-24.jpg&quot;,&quot;alt&quot;:&quot;&quot;},{&quot;id&quot;:84079,&quot;url&quot;:&quot;https:\\\/\\\/novagestioinmobiliaria.com\\\/wp-content\\\/uploads\\\/2025\\\/11\\\/Finca-Rustica-en-venta-Manacor-ref-1832-23.jpg&quot;,&quot;alt&quot;:&quot;&quot;},{&quot;id&quot;:84076,&quot;url&quot;:&quot;https:\\\/\\\/novagestioinmobiliaria.com\\\/wp-content\\\/uploads\\\/2025\\\/11\\\/Finca-Rustica-en-venta-Manacor-ref-1832-22.jpg&quot;,&quot;alt&quot;:&quot;&quot;},{&quot;id&quot;:84070,&quot;url&quot;:&quot;https:\\\/\\\/novagestioinmobiliaria.com\\\/wp-content\\\/uploads\\\/2025\\\/11\\\/Finca-Rustica-en-venta-Manacor-ref-1832-20.jpg&quot;,&quot;alt&quot;:&quot;&quot;},{&quot;id&quot;:84067,&quot;url&quot;:&quot;https:\\\/\\\/novagestioinmobiliaria.com\\\/wp-content\\\/uploads\\\/2025\\\/11\\\/Finca-Rustica-en-venta-Manacor-ref-1832-19.jpg&quot;,&quot;alt&quot;:&quot;&quot;},{&quot;id&quot;:84064,&quot;url&quot;:&quot;https:\\\/\\\/novagestioinmobiliaria.com\\\/wp-content\\\/uploads\\\/2025\\\/11\\\/Finca-Rustica-en-venta-Manacor-ref-1832-18.jpg&quot;,&quot;alt&quot;:&quot;&quot;},{&quot;id&quot;:84061,&quot;url&quot;:&quot;https:\\\/\\\/novagestioinmobiliaria.com\\\/wp-content\\\/uploads\\\/2025\\\/11\\\/Finca-Rustica-en-venta-Manacor-ref-1832-17.jpg&quot;,&quot;alt&quot;:&quot;&quot;},{&quot;id&quot;:84055,&quot;url&quot;:&quot;https:\\\/\\\/novagestioinmobiliaria.com\\\/wp-content\\\/uploads\\\/2025\\\/11\\\/Finca-Rustica-en-venta-Manacor-ref-1832-15.jpg&quot;,&quot;alt&quot;:&quot;&quot;}],&quot;attributes&quot;:[{&quot;slug&quot;:&quot;property-type&quot;,&quot;name&quot;:&quot;Tipo propiedad&quot;,&quot;has_archive&quot;:true,&quot;elements&quot;:[{&quot;name&quot;:&quot;Fincas \\\/ Landh\\u00e4user&quot;,&quot;link&quot;:&quot;https:\\\/\\\/novagestioinmobiliaria.com\\\/de\\\/immobilientyp\\\/fincas-landhaeuser\\\/&quot;,&quot;slug&quot;:&quot;fincas-landhaeuser&quot;}],&quot;card&quot;:false,&quot;show&quot;:true,&quot;display_after&quot;:&quot;&quot;,&quot;new_box&quot;:false},{&quot;slug&quot;:&quot;offer-type&quot;,&quot;name&quot;:&quot;Tipo operaci\\u00f3n&quot;,&quot;has_archive&quot;:true,&quot;elements&quot;:[{&quot;name&quot;:&quot;Zu verkaufen&quot;,&quot;link&quot;:&quot;https:\\\/\\\/novagestioinmobiliaria.com\\\/de\\\/offer-type\\\/zu-verkaufen\\\/&quot;,&quot;slug&quot;:&quot;zu-verkaufen&quot;}],&quot;card&quot;:true,&quot;show&quot;:true,&quot;display_after&quot;:&quot;&quot;,&quot;new_box&quot;:false},{&quot;slug&quot;:&quot;city&quot;,&quot;name&quot;:&quot;Zona&quot;,&quot;has_archive&quot;:true,&quot;elements&quot;:[{&quot;name&quot;:&quot;Manacor&quot;,&quot;link&quot;:&quot;https:\\\/\\\/novagestioinmobiliaria.com\\\/de\\\/city\\\/manacor-de\\\/&quot;,&quot;slug&quot;:&quot;manacor-de&quot;}],&quot;card&quot;:false,&quot;show&quot;:true,&quot;display_after&quot;:&quot;&quot;,&quot;new_box&quot;:false},{&quot;slug&quot;:&quot;price&quot;,&quot;name&quot;:&quot;Precio&quot;,&quot;has_archive&quot;:false,&quot;elements&quot;:[{&quot;name&quot;:&quot;420000&quot;,&quot;link&quot;:&quot;&quot;,&quot;slug&quot;:&quot;&quot;}],&quot;show&quot;:false,&quot;card&quot;:false,&quot;display_after&quot;:&quot;\\u20ac&quot;,&quot;new_box&quot;:false},{&quot;slug&quot;:&quot;bedrooms&quot;,&quot;name&quot;:&quot;Habitaciones&quot;,&quot;has_archive&quot;:false,&quot;elements&quot;:[{&quot;name&quot;:&quot;4&quot;,&quot;link&quot;:&quot;&quot;,&quot;slug&quot;:&quot;&quot;}],&quot;show&quot;:true,&quot;card&quot;:true,&quot;display_after&quot;:&quot;&quot;,&quot;new_box&quot;:false},{&quot;slug&quot;:&quot;bathrooms&quot;,&quot;name&quot;:&quot;Ba\\u00f1os&quot;,&quot;has_archive&quot;:false,&quot;elements&quot;:[{&quot;name&quot;:&quot;1&quot;,&quot;link&quot;:&quot;&quot;,&quot;slug&quot;:&quot;&quot;}],&quot;show&quot;:true,&quot;card&quot;:true,&quot;display_after&quot;:&quot;&quot;,&quot;new_box&quot;:false},{&quot;slug&quot;:&quot;lot-size&quot;,&quot;name&quot;:&quot;Terreno \\\/ Solar&quot;,&quot;has_archive&quot;:false,&quot;elements&quot;:[{&quot;name&quot;:&quot;19800&quot;,&quot;link&quot;:&quot;&quot;,&quot;slug&quot;:&quot;&quot;}],&quot;show&quot;:true,&quot;card&quot;:false,&quot;display_after&quot;:&quot;m\\u00b2&quot;,&quot;new_box&quot;:false},{&quot;slug&quot;:&quot;features&quot;,&quot;name&quot;:&quot;Caracter\\u00edsticas&quot;,&quot;has_archive&quot;:true,&quot;elements&quot;:[{&quot;name&quot;:&quot;1 Bad&quot;,&quot;link&quot;:&quot;https:\\\/\\\/novagestioinmobiliaria.com\\\/de\\\/eigenschaften\\\/1-bad\\\/&quot;,&quot;slug&quot;:&quot;1-bad&quot;},{&quot;name&quot;:&quot;Bebaubar&quot;,&quot;link&quot;:&quot;https:\\\/\\\/novagestioinmobiliaria.com\\\/de\\\/eigenschaften\\\/bebaubar\\\/&quot;,&quot;slug&quot;:&quot;bebaubar&quot;},{&quot;name&quot;:&quot;Obergeschoss&quot;,&quot;link&quot;:&quot;https:\\\/\\\/novagestioinmobiliaria.com\\\/de\\\/eigenschaften\\\/obergeschoss\\\/&quot;,&quot;slug&quot;:&quot;obergeschoss&quot;},{&quot;name&quot;:&quot;Ruhige Lage&quot;,&quot;link&quot;:&quot;https:\\\/\\\/novagestioinmobiliaria.com\\\/de\\\/eigenschaften\\\/ruhige-lage\\\/&quot;,&quot;slug&quot;:&quot;ruhige-lage&quot;}],&quot;card&quot;:false,&quot;show&quot;:true,&quot;display_after&quot;:&quot;&quot;,&quot;new_box&quot;:true}],&quot;views&quot;:25,&quot;days_ago&quot;:&quot;6 monat.&quot;,&quot;image_id&quot;:84139,&quot;image_url&quot;:&quot;https:\\\/\\\/novagestioinmobiliaria.com\\\/wp-content\\\/uploads\\\/2025\\\/11\\\/Finca-Rustica-en-venta-Manacor-ref-1832-12.jpg&quot;,&quot;tags&quot;:[{&quot;name&quot;:&quot;Caracter\\u00edsticas&quot;,&quot;elements&quot;:[{&quot;name&quot;:&quot;1 Bad&quot;,&quot;link&quot;:&quot;https:\\\/\\\/novagestioinmobiliaria.com\\\/de\\\/eigenschaften\\\/1-bad\\\/&quot;},{&quot;name&quot;:&quot;Bebaubar&quot;,&quot;link&quot;:&quot;https:\\\/\\\/novagestioinmobiliaria.com\\\/de\\\/eigenschaften\\\/bebaubar\\\/&quot;},{&quot;name&quot;:&quot;Obergeschoss&quot;,&quot;link&quot;:&quot;https:\\\/\\\/novagestioinmobiliaria.com\\\/de\\\/eigenschaften\\\/obergeschoss\\\/&quot;},{&quot;name&quot;:&quot;Ruhige Lage&quot;,&quot;link&quot;:&quot;https:\\\/\\\/novagestioinmobiliaria.com\\\/de\\\/eigenschaften\\\/ruhige-lage\\\/&quot;}],&quot;has_archive&quot;:true}],&quot;status&quot;:&quot;publish&quot;,&quot;plans&quot;:[],&quot;video_plan&quot;:{&quot;src&quot;:&quot;&quot;,&quot;video&quot;:&quot;&quot;},&quot;virtual_tour&quot;:null,&quot;state&quot;:&quot;&quot;,&quot;labels&quot;:[],&quot;image&quot;:&quot;https:\\\/\\\/novagestioinmobiliaria.com\\\/wp-content\\\/uploads\\\/2025\\\/11\\\/Finca-Rustica-en-venta-Manacor-ref-1832-12-400x250.jpg&quot;,&quot;image_srcset&quot;:&quot;https:\\\/\\\/novagestioinmobiliaria.com\\\/wp-content\\\/uploads\\\/2025\\\/11\\\/Finca-Rustica-en-venta-Manacor-ref-1832-12-200x125.jpg 200w, https:\\\/\\\/novagestioinmobiliaria.com\\\/wp-content\\\/uploads\\\/2025\\\/11\\\/Finca-Rustica-en-venta-Manacor-ref-1832-12-800x500.jpg 800w, https:\\\/\\\/novagestioinmobiliaria.com\\\/wp-content\\\/uploads\\\/2025\\\/11\\\/Finca-Rustica-en-venta-Manacor-ref-1832-12-600x375.jpg 600w, https:\\\/\\\/novagestioinmobiliaria.com\\\/wp-content\\\/uploads\\\/2025\\\/11\\\/Finca-Rustica-en-venta-Manacor-ref-1832-12-400x250.jpg 400w&quot;}'>\r\n\t\t\t\t\t\t\t\t\t\t\t\t\t<\/compare-button>\r\n\t\t\t\t\t\t\t\t\t\t\t\t<\/div>\r\n\t\t\t\t\t\t\t\t\t\t\t\t<div class=\"mh-estate-vertical__buttons__single\">\r\n\t\t\t\t\t\t\t\t\t\t\t\t\t<a href=\"https:\/\/novagestioinmobiliaria.com\/de\/propiedades-properties-immobilien\/rustikales-anwesen-zum-verkauf-in-manacor-fr1832ma-vde\/\"\r\n\t\t\t\t\t\t\t\t\t\t\t\t\t   title=\"Rustikales Anwesen zum Verkauf in Manacor FR1832MA-VDE\"\r\n\t\t\t\t\t\t\t\t\t\t\t\t\t   class=\"mdl-button mdl-js-button mdl-button--raised mdl-js-ripple-effect mdl-button--primary-ghost\">\r\n\t\t\t\t\t\t\t\t\t\t\t\t\t\tDetails\t\t\t\t\t\t\t\t\t\t\t\t\t\t<span class=\"mdl-button__icon-right\"><i class=\"fa fa-angle-right\"><\/i><\/span>\r\n\t\t\t\t\t\t\t\t\t\t\t\t\t<\/a>\r\n\t\t\t\t\t\t\t\t\t\t\t\t<\/div>\r\n\t\t\t\t\t\t\t\t\t\t\t<\/div>\r\n\t\t\t\t\t\t\t\t\t\t<\/div>\r\n\t\t\t\t\t\t\t\t\t<\/div>\r\n\t\t\t\t\t\t\t\t<\/div>\r\n\t\t\t\t\t\t\t<\/div>\r\n\t\t\t\t\t\t<\/article>\r\n\t\t\t\t\t<\/div>\r\n\t\t\t\t\r\n\t\t\t\t\t<div class=\"item\">\r\n\t\t\t\t\t\t<article class=\"mh-estate-vertical mh-estate-vertical--white  mh-attribute-property-type__wohnungen-apartments mh-attribute-offer-type__zu-verkaufen mh-attribute-city__felanitx-de mh-attribute-features__2-doppelzimmer mh-attribute-features__einbaukueche mh-attribute-features__klimaanlage mh-attribute-features__moebliert mh-attribute-features__reformiert mh-attribute-features__stromanschluss mh-attribute-features__zentrale-lage\">\r\n\t\t\t\t\t\t\t<a href=\"https:\/\/novagestioinmobiliaria.com\/de\/propiedades-properties-immobilien\/duplex-wohnung-zum-verkauf-in-felanitx-pi1821ftx-ven\/\"\r\n\t\t\t\t\t\t\t   title=\"Duplex-Wohnung zum Verkauf in Felanitx : : PI1821FTX-VDE\"\r\n\t\t\t\t\t\t\t   class=\"mh-thumbnail\">\r\n                        <span class=\"mh-thumbnail__inner\">\r\n                                    <img\r\n                    data-srcset=\"https:\/\/novagestioinmobiliaria.com\/wp-content\/uploads\/2025\/10\/Duplex-alquiler-Felanitx-ref-1821-30-200x125.jpg 200w, https:\/\/novagestioinmobiliaria.com\/wp-content\/uploads\/2025\/10\/Duplex-alquiler-Felanitx-ref-1821-30-1200x750.jpg 1200w, https:\/\/novagestioinmobiliaria.com\/wp-content\/uploads\/2025\/10\/Duplex-alquiler-Felanitx-ref-1821-30-800x500.jpg 800w, https:\/\/novagestioinmobiliaria.com\/wp-content\/uploads\/2025\/10\/Duplex-alquiler-Felanitx-ref-1821-30-600x375.jpg 600w, https:\/\/novagestioinmobiliaria.com\/wp-content\/uploads\/2025\/10\/Duplex-alquiler-Felanitx-ref-1821-30-400x250.jpg 400w\"\r\n                    class=\"lazyload \" alt=\"Duplex-Wohnung zum Verkauf in Felanitx : : PI1821FTX-VDE\"\r\n                    data-sizes=\"auto\"\r\n            >\r\n\t\t\t                        <\/span>\r\n\r\n\t\t\t\t\t\t\t\t\t\t\t\t\t\t\t\t\t<div class=\"mh-caption\">\r\n\t\t\t\t\t\t\t\t\t\t<div class=\"mh-caption__inner\">\r\n\t\t\t\t\t\t\t\t\t\t\tZu verkaufen\t\t\t\t\t\t\t\t\t\t<\/div>\r\n\t\t\t\t\t\t\t\t\t<\/div>\r\n\t\t\t\t\t\t\t\t\t\r\n\t\t\t\t\t\t\t\t<div class=\"mh-estate-vertical__text\">\r\n\t\t\t\t\t\t\t\t\t<div class=\"mh-estate-vertical__text__inner\">\r\n\t\t\t\t\t\t\t\t\t\tRenoviertes 118 m\u00b2 gro\u00dfes Dachgeschosswohnung in Felanitx zu verkaufen. Das Duplex \u2014 im Grundbuch als Gewerberaum eingetragen \u2014 wurde komplett...\t\t\t\t\t\t\t\t\t<\/div>\r\n\t\t\t\t\t\t\t\t<\/div>\r\n\t\t\t\t\t\t\t<\/a>\r\n\r\n\t\t\t\t\t\t\t<div class=\"mh-estate-vertical__content\">\r\n\t\t\t\t\t\t\t\t<h3 class=\"mh-estate-vertical__heading\">\r\n\t\t\t\t\t\t\t\t\t<a href=\"https:\/\/novagestioinmobiliaria.com\/de\/propiedades-properties-immobilien\/duplex-wohnung-zum-verkauf-in-felanitx-pi1821ftx-ven\/\"\r\n\t\t\t\t\t\t\t\t\t   title=\"Duplex-Wohnung zum Verkauf in Felanitx : : PI1821FTX-VDE\">\r\n\t\t\t\t\t\t\t\t\t\tDuplex-Wohnung zum Verkauf in Felanitx : : PI1821FTX-VDE\t\t\t\t\t\t\t\t\t<\/a>\r\n\t\t\t\t\t\t\t\t<\/h3>\r\n\t\t\t\t\t\t\t\t<address class=\"mh-estate-vertical__subheading\">\r\n\t\t\t\t\t\t\t\t\tF\t\t\t\t\t\t\t\t<\/address>\r\n\t\t\t\t\t\t\t\t<div class=\"mh-estate-vertical__primary\">\r\n\t\t\t\t\t\t\t\t\t290.000 \u20ac\t\t\t\t\t\t\t\t<\/div>\r\n\r\n\t\t\t\t\t\t\t\t<div>\r\n\t\t\t\t\t\t\t\t\t<div class=\"mh-estate__list\">\r\n\t\t\t\t\t\t\t\t\t\t\r\n\t\t\t\t\t\t\t\t\t\t\t<span class=\"mh-estate-vertical__more-info mh-estate_attribute-offer-type\">\r\n                                        <strong>Tipo operaci\u00f3n:<\/strong>\r\n\t\t\t\t\t\t\t\t\t\t\t\t\t\t\t\t\t\t\t\t\t\t\t\t\t\tZu verkaufen\t\t\t\t\t\t\t\t\t\t\t\t\t\t                                    <\/span>\r\n\r\n\t\t\t\t\t\t\t\t\t\t\r\n\t\t\t\t\t\t\t\t\t\t\t<span class=\"mh-estate-vertical__more-info mh-estate_attribute-bedrooms\">\r\n                                        <strong>Habitaciones:<\/strong>\r\n\t\t\t\t\t\t\t\t\t\t\t\t2                                    <\/span>\r\n\r\n\t\t\t\t\t\t\t\t\t\t\r\n\t\t\t\t\t\t\t\t\t\t\t<span class=\"mh-estate-vertical__more-info mh-estate_attribute-bathrooms\">\r\n                                        <strong>Ba\u00f1os:<\/strong>\r\n\t\t\t\t\t\t\t\t\t\t\t\t2                                    <\/span>\r\n\r\n\t\t\t\t\t\t\t\t\t\t\r\n\t\t\t\t\t\t\t\t\t\t\t<span class=\"mh-estate-vertical__more-info mh-estate_attribute-property-size\">\r\n                                        <strong>M2:<\/strong>\r\n\t\t\t\t\t\t\t\t\t\t\t\t118 m\u00b2                                    <\/span>\r\n\r\n\t\t\t\t\t\t\t\t\t\t\t\t\t\t\t\t\t\t\t<\/div>\r\n\t\t\t\t\t\t\t\t<\/div>\r\n\r\n\t\t\t\t\t\t\t\t<div class=\"mh-estate-vertical__bottom\">\r\n\t\t\t\t\t\t\t\t\t<div class=\"mh-estate-vertical__bottom__inner\">\r\n\t\t\t\t\t\t\t\t\t\t<div class=\"mh-estate-vertical__date\">\r\n\t\t\t\t\t\t\t\t\t\t\t6 monat.\t\t\t\t\t\t\t\t\t\t<\/div>\r\n\t\t\t\t\t\t\t\t\t\t<div class=\"mh-estate-vertical__buttons-wrapper\">\r\n\t\t\t\t\t\t\t\t\t\t\t<div class=\"mh-estate-vertical__buttons\">\r\n\t\t\t\t\t\t\t\t\t\t\t\t<div class=\"mh-estate-vertical__buttons__single\">\r\n\t\t\t\t\t\t\t\t\t\t\t\t\t<compare-button class=\"myhome-compare\"\r\n\t\t\t\t\t\t\t\t\t\t\t\t\t\t\t\t\t:translations='{&quot;added&quot;:&quot;Zus\\u00e4tzlich&quot;,&quot;compare&quot;:&quot;Vergleichen&quot;}'\r\n\t\t\t\t\t\t\t\t\t\t\t\t\t\t\t\t\t:estate='{&quot;short_excerpt_limit&quot;:125,&quot;long_excerpt_limit&quot;:160,&quot;id&quot;:83575,&quot;agent_id&quot;:&quot;26&quot;,&quot;title&quot;:&quot;Duplex-Wohnung zum Verkauf in Felanitx : : PI1821FTX-VDE&quot;,&quot;content&quot;:&quot;Renoviertes 118 m\\u00b2 gro\\u00dfes Dachgeschosswohnung in Felanitx zu verkaufen. Das Duplex \\u2014 im Grundbuch als Gewerberaum eingetragen \\u2014 wurde komplett mit hochwertigen Materialien renoviert. Es erstreckt sich \\u00fcber zwei Etagen. Im ersten Stock befinden sich das Wohnzimmer und die K\\u00fcche mit Essbereich und hoher Decke; zwischen dem ersten und zweiten Stock gibt es ein G\\u00e4ste-WC und ein Badezimmer mit Dusche. Im Erdgeschoss befindet sich ein kleiner Abstellraum\\\/Lagerraum und zwei Doppelzimmer mit Einbauschr\\u00e4nken. Die Wohnung verf\\u00fcgt \\u00fcber eine Klimaanlage (Heizung und K\\u00fchlung) \\u00fcber Kan\\u00e4le. Sie wird komplett m\\u00f6bliert und ausgestattet vermietet.\\r\\nVERKAUFT MIT 2 PARKPL\\u00c4TZEN.\\r\\n\\r\\nNova Gesti\\u00f3, Ihr Immobilienmakler in Felanitx.&quot;,&quot;excerpt&quot;:&quot;Renoviertes 118 m\\u00b2 gro\\u00dfes Dachgeschosswohnung in Felanitx zu verkaufen. Das Duplex \\u2014 im Grundbuch als Gewerberaum eingetragen \\u2014 wurde komplett mit hochwertigen Materialien renoviert. Es erstreckt sich \\u00fcber zwei Etagen. Im ersten Stock befinden sich das Wohnzimmer und die K\\u00fcche mit Essbereich und hoher Decke; zwischen dem ersten und zweiten Stock gibt es ein G\\u00e4ste-WC [\\u2026]&quot;,&quot;short_excerpt&quot;:&quot;Renoviertes 118 m\\u00b2 gro\\u00dfes Dachgeschosswohnung in Felanitx zu verkaufen. Das Duplex \\u2014 im Grundbuch als Gewerberaum eingetra...&quot;,&quot;long_excerpt&quot;:&quot;Renoviertes 118 m\\u00b2 gro\\u00dfes Dachgeschosswohnung in Felanitx zu verkaufen. Das Duplex \\u2014 im Grundbuch als Gewerberaum eingetragen \\u2014 wurde komplett mit hochwertig...&quot;,&quot;link&quot;:&quot;https:\\\/\\\/novagestioinmobiliaria.com\\\/de\\\/propiedades-properties-immobilien\\\/duplex-wohnung-zum-verkauf-in-felanitx-pi1821ftx-ven\\\/&quot;,&quot;offer_type&quot;:&quot;Zu verkaufen&quot;,&quot;price&quot;:&quot;290.000 \\u20ac&quot;,&quot;location&quot;:&quot;F&quot;,&quot;is_featured&quot;:true,&quot;gallery&quot;:[],&quot;attributes&quot;:[{&quot;slug&quot;:&quot;property-type&quot;,&quot;name&quot;:&quot;Tipo propiedad&quot;,&quot;has_archive&quot;:true,&quot;elements&quot;:[{&quot;name&quot;:&quot;Wohnungen \\\/ Apartments&quot;,&quot;link&quot;:&quot;https:\\\/\\\/novagestioinmobiliaria.com\\\/de\\\/immobilientyp\\\/wohnungen-apartments\\\/&quot;,&quot;slug&quot;:&quot;wohnungen-apartments&quot;}],&quot;card&quot;:false,&quot;show&quot;:true,&quot;display_after&quot;:&quot;&quot;,&quot;new_box&quot;:false},{&quot;slug&quot;:&quot;offer-type&quot;,&quot;name&quot;:&quot;Tipo operaci\\u00f3n&quot;,&quot;has_archive&quot;:true,&quot;elements&quot;:[{&quot;name&quot;:&quot;Zu verkaufen&quot;,&quot;link&quot;:&quot;https:\\\/\\\/novagestioinmobiliaria.com\\\/de\\\/offer-type\\\/zu-verkaufen\\\/&quot;,&quot;slug&quot;:&quot;zu-verkaufen&quot;}],&quot;card&quot;:true,&quot;show&quot;:true,&quot;display_after&quot;:&quot;&quot;,&quot;new_box&quot;:false},{&quot;slug&quot;:&quot;city&quot;,&quot;name&quot;:&quot;Zona&quot;,&quot;has_archive&quot;:true,&quot;elements&quot;:[{&quot;name&quot;:&quot;Felanitx&quot;,&quot;link&quot;:&quot;https:\\\/\\\/novagestioinmobiliaria.com\\\/de\\\/city\\\/felanitx-de\\\/&quot;,&quot;slug&quot;:&quot;felanitx-de&quot;}],&quot;card&quot;:false,&quot;show&quot;:true,&quot;display_after&quot;:&quot;&quot;,&quot;new_box&quot;:false},{&quot;slug&quot;:&quot;price&quot;,&quot;name&quot;:&quot;Precio&quot;,&quot;has_archive&quot;:false,&quot;elements&quot;:[{&quot;name&quot;:&quot;290000&quot;,&quot;link&quot;:&quot;&quot;,&quot;slug&quot;:&quot;&quot;}],&quot;show&quot;:false,&quot;card&quot;:false,&quot;display_after&quot;:&quot;\\u20ac&quot;,&quot;new_box&quot;:false},{&quot;slug&quot;:&quot;bedrooms&quot;,&quot;name&quot;:&quot;Habitaciones&quot;,&quot;has_archive&quot;:false,&quot;elements&quot;:[{&quot;name&quot;:&quot;2&quot;,&quot;link&quot;:&quot;&quot;,&quot;slug&quot;:&quot;&quot;}],&quot;show&quot;:true,&quot;card&quot;:true,&quot;display_after&quot;:&quot;&quot;,&quot;new_box&quot;:false},{&quot;slug&quot;:&quot;bathrooms&quot;,&quot;name&quot;:&quot;Ba\\u00f1os&quot;,&quot;has_archive&quot;:false,&quot;elements&quot;:[{&quot;name&quot;:&quot;2&quot;,&quot;link&quot;:&quot;&quot;,&quot;slug&quot;:&quot;&quot;}],&quot;show&quot;:true,&quot;card&quot;:true,&quot;display_after&quot;:&quot;&quot;,&quot;new_box&quot;:false},{&quot;slug&quot;:&quot;property-size&quot;,&quot;name&quot;:&quot;M2&quot;,&quot;has_archive&quot;:false,&quot;elements&quot;:[{&quot;name&quot;:&quot;118&quot;,&quot;link&quot;:&quot;&quot;,&quot;slug&quot;:&quot;&quot;}],&quot;show&quot;:true,&quot;card&quot;:true,&quot;display_after&quot;:&quot;m\\u00b2&quot;,&quot;new_box&quot;:false},{&quot;slug&quot;:&quot;year-built&quot;,&quot;name&quot;:&quot;A\\u00f1o&quot;,&quot;has_archive&quot;:false,&quot;elements&quot;:[{&quot;name&quot;:&quot;2005&quot;,&quot;link&quot;:&quot;&quot;,&quot;slug&quot;:&quot;&quot;}],&quot;show&quot;:true,&quot;card&quot;:false,&quot;display_after&quot;:&quot;&quot;,&quot;new_box&quot;:false},{&quot;slug&quot;:&quot;features&quot;,&quot;name&quot;:&quot;Caracter\\u00edsticas&quot;,&quot;has_archive&quot;:true,&quot;elements&quot;:[{&quot;name&quot;:&quot;2 Doppelzimmer&quot;,&quot;link&quot;:&quot;https:\\\/\\\/novagestioinmobiliaria.com\\\/de\\\/eigenschaften\\\/2-doppelzimmer\\\/&quot;,&quot;slug&quot;:&quot;2-doppelzimmer&quot;},{&quot;name&quot;:&quot;Einbauk\\u00fcche&quot;,&quot;link&quot;:&quot;https:\\\/\\\/novagestioinmobiliaria.com\\\/de\\\/eigenschaften\\\/einbaukueche\\\/&quot;,&quot;slug&quot;:&quot;einbaukueche&quot;},{&quot;name&quot;:&quot;Klimaanlage&quot;,&quot;link&quot;:&quot;https:\\\/\\\/novagestioinmobiliaria.com\\\/de\\\/eigenschaften\\\/klimaanlage\\\/&quot;,&quot;slug&quot;:&quot;klimaanlage&quot;},{&quot;name&quot;:&quot;M\\u00f6bliert&quot;,&quot;link&quot;:&quot;https:\\\/\\\/novagestioinmobiliaria.com\\\/de\\\/eigenschaften\\\/moebliert\\\/&quot;,&quot;slug&quot;:&quot;moebliert&quot;},{&quot;name&quot;:&quot;Reformiert&quot;,&quot;link&quot;:&quot;https:\\\/\\\/novagestioinmobiliaria.com\\\/de\\\/eigenschaften\\\/reformiert\\\/&quot;,&quot;slug&quot;:&quot;reformiert&quot;},{&quot;name&quot;:&quot;Stromanschluss&quot;,&quot;link&quot;:&quot;https:\\\/\\\/novagestioinmobiliaria.com\\\/de\\\/eigenschaften\\\/stromanschluss\\\/&quot;,&quot;slug&quot;:&quot;stromanschluss&quot;},{&quot;name&quot;:&quot;Zentrale Lage&quot;,&quot;link&quot;:&quot;https:\\\/\\\/novagestioinmobiliaria.com\\\/de\\\/eigenschaften\\\/zentrale-lage\\\/&quot;,&quot;slug&quot;:&quot;zentrale-lage&quot;}],&quot;card&quot;:false,&quot;show&quot;:true,&quot;display_after&quot;:&quot;&quot;,&quot;new_box&quot;:true}],&quot;views&quot;:50,&quot;days_ago&quot;:&quot;6 monat.&quot;,&quot;image_id&quot;:83527,&quot;image_url&quot;:&quot;https:\\\/\\\/novagestioinmobiliaria.com\\\/wp-content\\\/uploads\\\/2025\\\/10\\\/Duplex-alquiler-Felanitx-ref-1821-30.jpg&quot;,&quot;tags&quot;:[{&quot;name&quot;:&quot;Caracter\\u00edsticas&quot;,&quot;elements&quot;:[{&quot;name&quot;:&quot;2 Doppelzimmer&quot;,&quot;link&quot;:&quot;https:\\\/\\\/novagestioinmobiliaria.com\\\/de\\\/eigenschaften\\\/2-doppelzimmer\\\/&quot;},{&quot;name&quot;:&quot;Einbauk\\u00fcche&quot;,&quot;link&quot;:&quot;https:\\\/\\\/novagestioinmobiliaria.com\\\/de\\\/eigenschaften\\\/einbaukueche\\\/&quot;},{&quot;name&quot;:&quot;Klimaanlage&quot;,&quot;link&quot;:&quot;https:\\\/\\\/novagestioinmobiliaria.com\\\/de\\\/eigenschaften\\\/klimaanlage\\\/&quot;},{&quot;name&quot;:&quot;M\\u00f6bliert&quot;,&quot;link&quot;:&quot;https:\\\/\\\/novagestioinmobiliaria.com\\\/de\\\/eigenschaften\\\/moebliert\\\/&quot;},{&quot;name&quot;:&quot;Reformiert&quot;,&quot;link&quot;:&quot;https:\\\/\\\/novagestioinmobiliaria.com\\\/de\\\/eigenschaften\\\/reformiert\\\/&quot;},{&quot;name&quot;:&quot;Stromanschluss&quot;,&quot;link&quot;:&quot;https:\\\/\\\/novagestioinmobiliaria.com\\\/de\\\/eigenschaften\\\/stromanschluss\\\/&quot;},{&quot;name&quot;:&quot;Zentrale Lage&quot;,&quot;link&quot;:&quot;https:\\\/\\\/novagestioinmobiliaria.com\\\/de\\\/eigenschaften\\\/zentrale-lage\\\/&quot;}],&quot;has_archive&quot;:true}],&quot;status&quot;:&quot;publish&quot;,&quot;plans&quot;:[],&quot;video_plan&quot;:{&quot;src&quot;:&quot;&quot;,&quot;video&quot;:&quot;&quot;},&quot;virtual_tour&quot;:null,&quot;state&quot;:&quot;&quot;,&quot;labels&quot;:[],&quot;image&quot;:&quot;https:\\\/\\\/novagestioinmobiliaria.com\\\/wp-content\\\/uploads\\\/2025\\\/10\\\/Duplex-alquiler-Felanitx-ref-1821-30-400x250.jpg&quot;,&quot;image_srcset&quot;:&quot;https:\\\/\\\/novagestioinmobiliaria.com\\\/wp-content\\\/uploads\\\/2025\\\/10\\\/Duplex-alquiler-Felanitx-ref-1821-30-200x125.jpg 200w, https:\\\/\\\/novagestioinmobiliaria.com\\\/wp-content\\\/uploads\\\/2025\\\/10\\\/Duplex-alquiler-Felanitx-ref-1821-30-1200x750.jpg 1200w, https:\\\/\\\/novagestioinmobiliaria.com\\\/wp-content\\\/uploads\\\/2025\\\/10\\\/Duplex-alquiler-Felanitx-ref-1821-30-800x500.jpg 800w, https:\\\/\\\/novagestioinmobiliaria.com\\\/wp-content\\\/uploads\\\/2025\\\/10\\\/Duplex-alquiler-Felanitx-ref-1821-30-600x375.jpg 600w, https:\\\/\\\/novagestioinmobiliaria.com\\\/wp-content\\\/uploads\\\/2025\\\/10\\\/Duplex-alquiler-Felanitx-ref-1821-30-400x250.jpg 400w&quot;}'>\r\n\t\t\t\t\t\t\t\t\t\t\t\t\t<\/compare-button>\r\n\t\t\t\t\t\t\t\t\t\t\t\t<\/div>\r\n\t\t\t\t\t\t\t\t\t\t\t\t<div class=\"mh-estate-vertical__buttons__single\">\r\n\t\t\t\t\t\t\t\t\t\t\t\t\t<a href=\"https:\/\/novagestioinmobiliaria.com\/de\/propiedades-properties-immobilien\/duplex-wohnung-zum-verkauf-in-felanitx-pi1821ftx-ven\/\"\r\n\t\t\t\t\t\t\t\t\t\t\t\t\t   title=\"Duplex-Wohnung zum Verkauf in Felanitx : : PI1821FTX-VDE\"\r\n\t\t\t\t\t\t\t\t\t\t\t\t\t   class=\"mdl-button mdl-js-button mdl-button--raised mdl-js-ripple-effect mdl-button--primary-ghost\">\r\n\t\t\t\t\t\t\t\t\t\t\t\t\t\tDetails\t\t\t\t\t\t\t\t\t\t\t\t\t\t<span class=\"mdl-button__icon-right\"><i class=\"fa fa-angle-right\"><\/i><\/span>\r\n\t\t\t\t\t\t\t\t\t\t\t\t\t<\/a>\r\n\t\t\t\t\t\t\t\t\t\t\t\t<\/div>\r\n\t\t\t\t\t\t\t\t\t\t\t<\/div>\r\n\t\t\t\t\t\t\t\t\t\t<\/div>\r\n\t\t\t\t\t\t\t\t\t<\/div>\r\n\t\t\t\t\t\t\t\t<\/div>\r\n\t\t\t\t\t\t\t<\/div>\r\n\t\t\t\t\t\t<\/article>\r\n\t\t\t\t\t<\/div>\r\n\t\t\t\t\r\n\t\t\t\t\t<div class=\"item\">\r\n\t\t\t\t\t\t<article class=\"mh-estate-vertical mh-estate-vertical--white  mh-attribute-property-type__stadtgrundstuecke mh-attribute-offer-type__zu-verkaufen mh-attribute-city__sa-coma-de\">\r\n\t\t\t\t\t\t\t<a href=\"https:\/\/novagestioinmobiliaria.com\/de\/propiedades-properties-immobilien\/bebaubares-grundstueck-zum-verkauf-in-sa-coma-so1820cm-vde\/\"\r\n\t\t\t\t\t\t\t   title=\"Bebaubares Grundst\u00fcck zum Verkauf in Sa Coma : : SO1820CM-VDE\"\r\n\t\t\t\t\t\t\t   class=\"mh-thumbnail\">\r\n                        <span class=\"mh-thumbnail__inner\">\r\n                                    <img\r\n                    data-srcset=\"https:\/\/novagestioinmobiliaria.com\/wp-content\/uploads\/2025\/10\/WhatsApp-Image-2025-10-14-at-12.23-200x125.jpg 200w, https:\/\/novagestioinmobiliaria.com\/wp-content\/uploads\/2025\/10\/WhatsApp-Image-2025-10-14-at-12.23-1600x1000.jpg 1600w, https:\/\/novagestioinmobiliaria.com\/wp-content\/uploads\/2025\/10\/WhatsApp-Image-2025-10-14-at-12.23-1200x750.jpg 1200w, https:\/\/novagestioinmobiliaria.com\/wp-content\/uploads\/2025\/10\/WhatsApp-Image-2025-10-14-at-12.23-800x500.jpg 800w, https:\/\/novagestioinmobiliaria.com\/wp-content\/uploads\/2025\/10\/WhatsApp-Image-2025-10-14-at-12.23-600x375.jpg 600w, https:\/\/novagestioinmobiliaria.com\/wp-content\/uploads\/2025\/10\/WhatsApp-Image-2025-10-14-at-12.23-400x250.jpg 400w\"\r\n                    class=\"lazyload \" alt=\"Bebaubares Grundst\u00fcck zum Verkauf in Sa Coma : : SO1820CM-VDE\"\r\n                    data-sizes=\"auto\"\r\n            >\r\n\t\t\t                        <\/span>\r\n\r\n\t\t\t\t\t\t\t\t\t\t\t\t\t\t\t\t\t<div class=\"mh-caption\">\r\n\t\t\t\t\t\t\t\t\t\t<div class=\"mh-caption__inner\">\r\n\t\t\t\t\t\t\t\t\t\t\tZu verkaufen\t\t\t\t\t\t\t\t\t\t<\/div>\r\n\t\t\t\t\t\t\t\t\t<\/div>\r\n\t\t\t\t\t\t\t\t\t\r\n\t\t\t\t\t\t\t\t<div class=\"mh-estate-vertical__text\">\r\n\t\t\t\t\t\t\t\t\t<div class=\"mh-estate-vertical__text__inner\">\r\n\t\t\t\t\t\t\t\t\t\tBebaubares Grundst\u00fcck von 309 m\u00b2 (286 m\u00b2 laut Kataster) zum Verkauf in Sa Coma. Dieses Grundst\u00fcck liegt 7 Gehminuten vom...\t\t\t\t\t\t\t\t\t<\/div>\r\n\t\t\t\t\t\t\t\t<\/div>\r\n\t\t\t\t\t\t\t<\/a>\r\n\r\n\t\t\t\t\t\t\t<div class=\"mh-estate-vertical__content\">\r\n\t\t\t\t\t\t\t\t<h3 class=\"mh-estate-vertical__heading\">\r\n\t\t\t\t\t\t\t\t\t<a href=\"https:\/\/novagestioinmobiliaria.com\/de\/propiedades-properties-immobilien\/bebaubares-grundstueck-zum-verkauf-in-sa-coma-so1820cm-vde\/\"\r\n\t\t\t\t\t\t\t\t\t   title=\"Bebaubares Grundst\u00fcck zum Verkauf in Sa Coma : : SO1820CM-VDE\">\r\n\t\t\t\t\t\t\t\t\t\tBebaubares Grundst\u00fcck zum Verkauf in Sa Coma : : SO1820CM-VDE\t\t\t\t\t\t\t\t\t<\/a>\r\n\t\t\t\t\t\t\t\t<\/h3>\r\n\t\t\t\t\t\t\t\t<address class=\"mh-estate-vertical__subheading\">\r\n\t\t\t\t\t\t\t\t\tC\t\t\t\t\t\t\t\t<\/address>\r\n\t\t\t\t\t\t\t\t<div class=\"mh-estate-vertical__primary\">\r\n\t\t\t\t\t\t\t\t\t160.000 \u20ac\t\t\t\t\t\t\t\t<\/div>\r\n\r\n\t\t\t\t\t\t\t\t<div>\r\n\t\t\t\t\t\t\t\t\t<div class=\"mh-estate__list\">\r\n\t\t\t\t\t\t\t\t\t\t\r\n\t\t\t\t\t\t\t\t\t\t\t<span class=\"mh-estate-vertical__more-info mh-estate_attribute-offer-type\">\r\n                                        <strong>Tipo operaci\u00f3n:<\/strong>\r\n\t\t\t\t\t\t\t\t\t\t\t\t\t\t\t\t\t\t\t\t\t\t\t\t\t\tZu verkaufen\t\t\t\t\t\t\t\t\t\t\t\t\t\t                                    <\/span>\r\n\r\n\t\t\t\t\t\t\t\t\t\t\r\n\t\t\t\t\t\t\t\t\t\t\t<span class=\"mh-estate-vertical__more-info mh-estate_attribute-property-size\">\r\n                                        <strong>M2:<\/strong>\r\n\t\t\t\t\t\t\t\t\t\t\t\t128 m\u00b2                                    <\/span>\r\n\r\n\t\t\t\t\t\t\t\t\t\t\t\t\t\t\t\t\t\t\t<\/div>\r\n\t\t\t\t\t\t\t\t<\/div>\r\n\r\n\t\t\t\t\t\t\t\t<div class=\"mh-estate-vertical__bottom\">\r\n\t\t\t\t\t\t\t\t\t<div class=\"mh-estate-vertical__bottom__inner\">\r\n\t\t\t\t\t\t\t\t\t\t<div class=\"mh-estate-vertical__date\">\r\n\t\t\t\t\t\t\t\t\t\t\t6 monat.\t\t\t\t\t\t\t\t\t\t<\/div>\r\n\t\t\t\t\t\t\t\t\t\t<div class=\"mh-estate-vertical__buttons-wrapper\">\r\n\t\t\t\t\t\t\t\t\t\t\t<div class=\"mh-estate-vertical__buttons\">\r\n\t\t\t\t\t\t\t\t\t\t\t\t<div class=\"mh-estate-vertical__buttons__single\">\r\n\t\t\t\t\t\t\t\t\t\t\t\t\t<compare-button class=\"myhome-compare\"\r\n\t\t\t\t\t\t\t\t\t\t\t\t\t\t\t\t\t:translations='{&quot;added&quot;:&quot;Zus\\u00e4tzlich&quot;,&quot;compare&quot;:&quot;Vergleichen&quot;}'\r\n\t\t\t\t\t\t\t\t\t\t\t\t\t\t\t\t\t:estate='{&quot;short_excerpt_limit&quot;:125,&quot;long_excerpt_limit&quot;:160,&quot;id&quot;:83467,&quot;agent_id&quot;:&quot;26&quot;,&quot;title&quot;:&quot;Bebaubares Grundst\\u00fcck zum Verkauf in Sa Coma : : SO1820CM-VDE&quot;,&quot;content&quot;:&quot;Bebaubares Grundst\\u00fcck von 309 m\\u00b2 (286 m\\u00b2 laut Kataster) zum Verkauf in Sa Coma. Dieses Grundst\\u00fcck liegt 7 Gehminuten vom Meer und der Promenade von Sa Coma entfernt.\\r\\nAuf dem Grundst\\u00fcck kann ein Einfamilienhaus auf 1 oder 2 Etagen mit maximal 102 m\\u00b2 Wohnfl\\u00e4che errichtet werden. Das Grundst\\u00fcck befindet sich in einer sehr ruhigen Gegend, an einer breiten Stra\\u00dfe mit einfacher Parkm\\u00f6glichkeit an der Ecke. Ideal f\\u00fcr den Bau Ihres Wunschhauses.\\r\\nNova Gesti\\u00f3, Immobilienagentur in Sa Coma.&quot;,&quot;excerpt&quot;:&quot;Bebaubares Grundst\\u00fcck von 309 m\\u00b2 (286 m\\u00b2 laut Kataster) zum Verkauf in Sa Coma. Dieses Grundst\\u00fcck liegt 7 Gehminuten vom Meer und der Promenade von Sa Coma entfernt. Auf dem Grundst\\u00fcck kann ein Einfamilienhaus auf 1 oder 2 Etagen mit maximal 102 m\\u00b2 Wohnfl\\u00e4che errichtet werden. Das Grundst\\u00fcck befindet sich in einer sehr ruhigen Gegend, [\\u2026]&quot;,&quot;short_excerpt&quot;:&quot;Bebaubares Grundst\\u00fcck von 309 m\\u00b2 (286 m\\u00b2 laut Kataster) zum Verkauf in Sa Coma. Dieses Grundst\\u00fcck liegt 7 Gehminuten vom M...&quot;,&quot;long_excerpt&quot;:&quot;Bebaubares Grundst\\u00fcck von 309 m\\u00b2 (286 m\\u00b2 laut Kataster) zum Verkauf in Sa Coma. Dieses Grundst\\u00fcck liegt 7 Gehminuten vom Meer und der Promenade von Sa Coma e...&quot;,&quot;link&quot;:&quot;https:\\\/\\\/novagestioinmobiliaria.com\\\/de\\\/propiedades-properties-immobilien\\\/bebaubares-grundstueck-zum-verkauf-in-sa-coma-so1820cm-vde\\\/&quot;,&quot;offer_type&quot;:&quot;Zu verkaufen&quot;,&quot;price&quot;:&quot;160.000 \\u20ac&quot;,&quot;location&quot;:&quot;C&quot;,&quot;is_featured&quot;:true,&quot;gallery&quot;:[],&quot;attributes&quot;:[{&quot;slug&quot;:&quot;property-type&quot;,&quot;name&quot;:&quot;Tipo propiedad&quot;,&quot;has_archive&quot;:true,&quot;elements&quot;:[{&quot;name&quot;:&quot;Stadtgrundst\\u00fccke&quot;,&quot;link&quot;:&quot;https:\\\/\\\/novagestioinmobiliaria.com\\\/de\\\/immobilientyp\\\/stadtgrundstuecke\\\/&quot;,&quot;slug&quot;:&quot;stadtgrundstuecke&quot;}],&quot;card&quot;:false,&quot;show&quot;:true,&quot;display_after&quot;:&quot;&quot;,&quot;new_box&quot;:false},{&quot;slug&quot;:&quot;offer-type&quot;,&quot;name&quot;:&quot;Tipo operaci\\u00f3n&quot;,&quot;has_archive&quot;:true,&quot;elements&quot;:[{&quot;name&quot;:&quot;Zu verkaufen&quot;,&quot;link&quot;:&quot;https:\\\/\\\/novagestioinmobiliaria.com\\\/de\\\/offer-type\\\/zu-verkaufen\\\/&quot;,&quot;slug&quot;:&quot;zu-verkaufen&quot;}],&quot;card&quot;:true,&quot;show&quot;:true,&quot;display_after&quot;:&quot;&quot;,&quot;new_box&quot;:false},{&quot;slug&quot;:&quot;city&quot;,&quot;name&quot;:&quot;Zona&quot;,&quot;has_archive&quot;:true,&quot;elements&quot;:[{&quot;name&quot;:&quot;Sa Coma&quot;,&quot;link&quot;:&quot;https:\\\/\\\/novagestioinmobiliaria.com\\\/de\\\/city\\\/sa-coma-de\\\/&quot;,&quot;slug&quot;:&quot;sa-coma-de&quot;}],&quot;card&quot;:false,&quot;show&quot;:true,&quot;display_after&quot;:&quot;&quot;,&quot;new_box&quot;:false},{&quot;slug&quot;:&quot;price&quot;,&quot;name&quot;:&quot;Precio&quot;,&quot;has_archive&quot;:false,&quot;elements&quot;:[{&quot;name&quot;:&quot;160000&quot;,&quot;link&quot;:&quot;&quot;,&quot;slug&quot;:&quot;&quot;}],&quot;show&quot;:false,&quot;card&quot;:false,&quot;display_after&quot;:&quot;\\u20ac&quot;,&quot;new_box&quot;:false},{&quot;slug&quot;:&quot;property-size&quot;,&quot;name&quot;:&quot;M2&quot;,&quot;has_archive&quot;:false,&quot;elements&quot;:[{&quot;name&quot;:&quot;128&quot;,&quot;link&quot;:&quot;&quot;,&quot;slug&quot;:&quot;&quot;}],&quot;show&quot;:true,&quot;card&quot;:true,&quot;display_after&quot;:&quot;m\\u00b2&quot;,&quot;new_box&quot;:false},{&quot;slug&quot;:&quot;lot-size&quot;,&quot;name&quot;:&quot;Terreno \\\/ Solar&quot;,&quot;has_archive&quot;:false,&quot;elements&quot;:[{&quot;name&quot;:&quot;309&quot;,&quot;link&quot;:&quot;&quot;,&quot;slug&quot;:&quot;&quot;}],&quot;show&quot;:true,&quot;card&quot;:false,&quot;display_after&quot;:&quot;m\\u00b2&quot;,&quot;new_box&quot;:false}],&quot;views&quot;:27,&quot;days_ago&quot;:&quot;6 monat.&quot;,&quot;image_id&quot;:83459,&quot;image_url&quot;:&quot;https:\\\/\\\/novagestioinmobiliaria.com\\\/wp-content\\\/uploads\\\/2025\\\/10\\\/WhatsApp-Image-2025-10-14-at-12.23.jpg&quot;,&quot;tags&quot;:[],&quot;status&quot;:&quot;publish&quot;,&quot;plans&quot;:[],&quot;video_plan&quot;:{&quot;src&quot;:&quot;&quot;,&quot;video&quot;:&quot;&quot;},&quot;virtual_tour&quot;:null,&quot;state&quot;:&quot;&quot;,&quot;labels&quot;:[],&quot;image&quot;:&quot;https:\\\/\\\/novagestioinmobiliaria.com\\\/wp-content\\\/uploads\\\/2025\\\/10\\\/WhatsApp-Image-2025-10-14-at-12.23-400x250.jpg&quot;,&quot;image_srcset&quot;:&quot;https:\\\/\\\/novagestioinmobiliaria.com\\\/wp-content\\\/uploads\\\/2025\\\/10\\\/WhatsApp-Image-2025-10-14-at-12.23-200x125.jpg 200w, https:\\\/\\\/novagestioinmobiliaria.com\\\/wp-content\\\/uploads\\\/2025\\\/10\\\/WhatsApp-Image-2025-10-14-at-12.23-1600x1000.jpg 1600w, https:\\\/\\\/novagestioinmobiliaria.com\\\/wp-content\\\/uploads\\\/2025\\\/10\\\/WhatsApp-Image-2025-10-14-at-12.23-1200x750.jpg 1200w, https:\\\/\\\/novagestioinmobiliaria.com\\\/wp-content\\\/uploads\\\/2025\\\/10\\\/WhatsApp-Image-2025-10-14-at-12.23-800x500.jpg 800w, https:\\\/\\\/novagestioinmobiliaria.com\\\/wp-content\\\/uploads\\\/2025\\\/10\\\/WhatsApp-Image-2025-10-14-at-12.23-600x375.jpg 600w, https:\\\/\\\/novagestioinmobiliaria.com\\\/wp-content\\\/uploads\\\/2025\\\/10\\\/WhatsApp-Image-2025-10-14-at-12.23-400x250.jpg 400w&quot;}'>\r\n\t\t\t\t\t\t\t\t\t\t\t\t\t<\/compare-button>\r\n\t\t\t\t\t\t\t\t\t\t\t\t<\/div>\r\n\t\t\t\t\t\t\t\t\t\t\t\t<div class=\"mh-estate-vertical__buttons__single\">\r\n\t\t\t\t\t\t\t\t\t\t\t\t\t<a href=\"https:\/\/novagestioinmobiliaria.com\/de\/propiedades-properties-immobilien\/bebaubares-grundstueck-zum-verkauf-in-sa-coma-so1820cm-vde\/\"\r\n\t\t\t\t\t\t\t\t\t\t\t\t\t   title=\"Bebaubares Grundst\u00fcck zum Verkauf in Sa Coma : : SO1820CM-VDE\"\r\n\t\t\t\t\t\t\t\t\t\t\t\t\t   class=\"mdl-button mdl-js-button mdl-button--raised mdl-js-ripple-effect mdl-button--primary-ghost\">\r\n\t\t\t\t\t\t\t\t\t\t\t\t\t\tDetails\t\t\t\t\t\t\t\t\t\t\t\t\t\t<span class=\"mdl-button__icon-right\"><i class=\"fa fa-angle-right\"><\/i><\/span>\r\n\t\t\t\t\t\t\t\t\t\t\t\t\t<\/a>\r\n\t\t\t\t\t\t\t\t\t\t\t\t<\/div>\r\n\t\t\t\t\t\t\t\t\t\t\t<\/div>\r\n\t\t\t\t\t\t\t\t\t\t<\/div>\r\n\t\t\t\t\t\t\t\t\t<\/div>\r\n\t\t\t\t\t\t\t\t<\/div>\r\n\t\t\t\t\t\t\t<\/div>\r\n\t\t\t\t\t\t<\/article>\r\n\t\t\t\t\t<\/div>\r\n\t\t\t\t\r\n\t\t\t\t\t<div class=\"item\">\r\n\t\t\t\t\t\t<article class=\"mh-estate-vertical mh-estate-vertical--white  mh-attribute-property-type__fincas-landhaeuser mh-attribute-offer-type__zu-verkaufen mh-attribute-city__ses-salines-de mh-attribute-features__klimaanlage mh-attribute-features__moebliert mh-attribute-features__panoramablick mh-attribute-features__privatpool\">\r\n\t\t\t\t\t\t\t<a href=\"https:\/\/novagestioinmobiliaria.com\/de\/propiedades-properties-immobilien\/landgut-zum-verkauf-in-ses-salines-fr1816ss-vde\/\"\r\n\t\t\t\t\t\t\t   title=\"Landgut zum Verkauf in Ses Salines : : FR1816SS-VDE\"\r\n\t\t\t\t\t\t\t   class=\"mh-thumbnail\">\r\n                        <span class=\"mh-thumbnail__inner\">\r\n                                    <img\r\n                    data-srcset=\"https:\/\/novagestioinmobiliaria.com\/wp-content\/uploads\/2025\/10\/Finca-Rustica-en-venta-Ses-Salines-ref-1816-20-200x125.jpg 200w, https:\/\/novagestioinmobiliaria.com\/wp-content\/uploads\/2025\/10\/Finca-Rustica-en-venta-Ses-Salines-ref-1816-20-1200x750.jpg 1200w, https:\/\/novagestioinmobiliaria.com\/wp-content\/uploads\/2025\/10\/Finca-Rustica-en-venta-Ses-Salines-ref-1816-20-800x500.jpg 800w, https:\/\/novagestioinmobiliaria.com\/wp-content\/uploads\/2025\/10\/Finca-Rustica-en-venta-Ses-Salines-ref-1816-20-600x375.jpg 600w, https:\/\/novagestioinmobiliaria.com\/wp-content\/uploads\/2025\/10\/Finca-Rustica-en-venta-Ses-Salines-ref-1816-20-400x250.jpg 400w\"\r\n                    class=\"lazyload \" alt=\"Landgut zum Verkauf in Ses Salines : : FR1816SS-VDE\"\r\n                    data-sizes=\"auto\"\r\n            >\r\n\t\t\t                        <\/span>\r\n\r\n\t\t\t\t\t\t\t\t\t\t\t\t\t\t\t\t\t<div class=\"mh-caption\">\r\n\t\t\t\t\t\t\t\t\t\t<div class=\"mh-caption__inner\">\r\n\t\t\t\t\t\t\t\t\t\t\tZu verkaufen\t\t\t\t\t\t\t\t\t\t<\/div>\r\n\t\t\t\t\t\t\t\t\t<\/div>\r\n\t\t\t\t\t\t\t\t\t\r\n\t\t\t\t\t\t\t\t<div class=\"mh-estate-vertical__text\">\r\n\t\t\t\t\t\t\t\t\t<div class=\"mh-estate-vertical__text__inner\">\r\n\t\t\t\t\t\t\t\t\t\tNur 600 Meter vom Zentrum von Ses Salines entfernt befindet sich dieses wundersch\u00f6ne Landgut, das im Jahr 2020 erbaut wurde...\t\t\t\t\t\t\t\t\t<\/div>\r\n\t\t\t\t\t\t\t\t<\/div>\r\n\t\t\t\t\t\t\t<\/a>\r\n\r\n\t\t\t\t\t\t\t<div class=\"mh-estate-vertical__content\">\r\n\t\t\t\t\t\t\t\t<h3 class=\"mh-estate-vertical__heading\">\r\n\t\t\t\t\t\t\t\t\t<a href=\"https:\/\/novagestioinmobiliaria.com\/de\/propiedades-properties-immobilien\/landgut-zum-verkauf-in-ses-salines-fr1816ss-vde\/\"\r\n\t\t\t\t\t\t\t\t\t   title=\"Landgut zum Verkauf in Ses Salines : : FR1816SS-VDE\">\r\n\t\t\t\t\t\t\t\t\t\tLandgut zum Verkauf in Ses Salines : : FR1816SS-VDE\t\t\t\t\t\t\t\t\t<\/a>\r\n\t\t\t\t\t\t\t\t<\/h3>\r\n\t\t\t\t\t\t\t\t<address class=\"mh-estate-vertical__subheading\">\r\n\t\t\t\t\t\t\t\t\tS\t\t\t\t\t\t\t\t<\/address>\r\n\t\t\t\t\t\t\t\t<div class=\"mh-estate-vertical__primary\">\r\n\t\t\t\t\t\t\t\t\t2.950.000 \u20ac\t\t\t\t\t\t\t\t<\/div>\r\n\r\n\t\t\t\t\t\t\t\t<div>\r\n\t\t\t\t\t\t\t\t\t<div class=\"mh-estate__list\">\r\n\t\t\t\t\t\t\t\t\t\t\r\n\t\t\t\t\t\t\t\t\t\t\t<span class=\"mh-estate-vertical__more-info mh-estate_attribute-offer-type\">\r\n                                        <strong>Tipo operaci\u00f3n:<\/strong>\r\n\t\t\t\t\t\t\t\t\t\t\t\t\t\t\t\t\t\t\t\t\t\t\t\t\t\tZu verkaufen\t\t\t\t\t\t\t\t\t\t\t\t\t\t                                    <\/span>\r\n\r\n\t\t\t\t\t\t\t\t\t\t\r\n\t\t\t\t\t\t\t\t\t\t\t<span class=\"mh-estate-vertical__more-info mh-estate_attribute-bedrooms\">\r\n                                        <strong>Habitaciones:<\/strong>\r\n\t\t\t\t\t\t\t\t\t\t\t\t5                                    <\/span>\r\n\r\n\t\t\t\t\t\t\t\t\t\t\r\n\t\t\t\t\t\t\t\t\t\t\t<span class=\"mh-estate-vertical__more-info mh-estate_attribute-bathrooms\">\r\n                                        <strong>Ba\u00f1os:<\/strong>\r\n\t\t\t\t\t\t\t\t\t\t\t\t4                                    <\/span>\r\n\r\n\t\t\t\t\t\t\t\t\t\t\r\n\t\t\t\t\t\t\t\t\t\t\t<span class=\"mh-estate-vertical__more-info mh-estate_attribute-property-size\">\r\n                                        <strong>M2:<\/strong>\r\n\t\t\t\t\t\t\t\t\t\t\t\t322 m\u00b2                                    <\/span>\r\n\r\n\t\t\t\t\t\t\t\t\t\t\t\t\t\t\t\t\t\t\t<\/div>\r\n\t\t\t\t\t\t\t\t<\/div>\r\n\r\n\t\t\t\t\t\t\t\t<div class=\"mh-estate-vertical__bottom\">\r\n\t\t\t\t\t\t\t\t\t<div class=\"mh-estate-vertical__bottom__inner\">\r\n\t\t\t\t\t\t\t\t\t\t<div class=\"mh-estate-vertical__date\">\r\n\t\t\t\t\t\t\t\t\t\t\t7 monat.\t\t\t\t\t\t\t\t\t\t<\/div>\r\n\t\t\t\t\t\t\t\t\t\t<div class=\"mh-estate-vertical__buttons-wrapper\">\r\n\t\t\t\t\t\t\t\t\t\t\t<div class=\"mh-estate-vertical__buttons\">\r\n\t\t\t\t\t\t\t\t\t\t\t\t<div class=\"mh-estate-vertical__buttons__single\">\r\n\t\t\t\t\t\t\t\t\t\t\t\t\t<compare-button class=\"myhome-compare\"\r\n\t\t\t\t\t\t\t\t\t\t\t\t\t\t\t\t\t:translations='{&quot;added&quot;:&quot;Zus\\u00e4tzlich&quot;,&quot;compare&quot;:&quot;Vergleichen&quot;}'\r\n\t\t\t\t\t\t\t\t\t\t\t\t\t\t\t\t\t:estate='{&quot;short_excerpt_limit&quot;:125,&quot;long_excerpt_limit&quot;:160,&quot;id&quot;:83216,&quot;agent_id&quot;:&quot;24&quot;,&quot;title&quot;:&quot;Landgut zum Verkauf in Ses Salines : : FR1816SS-VDE&quot;,&quot;content&quot;:&quot;Nur 600 Meter vom Zentrum von Ses Salines entfernt befindet sich dieses wundersch\\u00f6ne Landgut, das im Jahr 2020 erbaut wurde und perfekt in eine nat\\u00fcrliche und ruhige Umgebung integriert ist, auf einem Grundst\\u00fcck von ca. 14.000 m\\u00b2.\\r\\n\\r\\nDas Haus verf\\u00fcgt \\u00fcber 322 m\\u00b2 Wohnfl\\u00e4che, die sich auf 660 m\\u00b2 erweitern, wenn der Au\\u00dfenbereich mit Terrassen, Pool und Gartenbereichen einbezogen wird. Es kombiniert ein zeitgen\\u00f6ssisches Design mit traditionellem mediterranem Stil, mit gro\\u00dfen Fenstern, die die R\\u00e4ume mit Licht f\\u00fcllen und das Innere mit dem \\u00c4u\\u00dferen verbinden.\\r\\n\\r\\nIm Erdgeschoss befindet sich eine K\\u00fcche mit einer offenen Insel zum Wohn- und Esszimmer, was eine ger\\u00e4umige und gem\\u00fctliche Atmosph\\u00e4re schafft. Auf dieser Ebene befinden sich zwei Doppel-G\\u00e4stezimmer, jeweils mit eigenem Bad.\\r\\n\\r\\nDas Obergeschoss beherbergt drei weitere Schlafzimmer und zwei Badezimmer, wobei die Hauptsuite mit offenem Designbad und einer privaten Terrasse mit atemberaubendem Panoramablick auf die Berge hervorsticht.\\r\\n\\r\\nDer Au\\u00dfenbereich bietet mehrere Terrassenbereiche, die ideal zum Entspannen sind, einen Garten mit Olivenb\\u00e4umen und einen 14 x 4 Meter gro\\u00dfen Salzwasserpool, ideal, um das mallorquinische Klima das ganze Jahr \\u00fcber zu genie\\u00dfen.\\r\\n\\r\\nZu den Annehmlichkeiten geh\\u00f6ren eine Klimaanlage, Fu\\u00dfbodenheizung, ein Kamin im Wohnzimmer, ein gro\\u00dfer Keller und eine ger\\u00e4umige Garage.\\r\\n\\r\\nInsgesamt verf\\u00fcgt das Anwesen \\u00fcber 5 Doppelzimmer und 4 Badezimmer, bietet Raum und Komfort in einer einzigartigen Umgebung.\\r\\n\\r\\nEin elegantes und funktionales Anwesen, ideal f\\u00fcr diejenigen, die Ruhe, Privatsph\\u00e4re und den authentischen mediterranen Lebensstil in der N\\u00e4he des Dorfes Ses Salines suchen.\\r\\n\\r\\nNova Gestio, Immobilien in Ses Salines&quot;,&quot;excerpt&quot;:&quot;Nur 600 Meter vom Zentrum von Ses Salines entfernt befindet sich dieses wundersch\\u00f6ne Landgut, das im Jahr 2020 erbaut wurde und perfekt in eine nat\\u00fcrliche und ruhige Umgebung integriert ist, auf einem Grundst\\u00fcck von ca. 14.000 m\\u00b2. Das Haus verf\\u00fcgt \\u00fcber 322 m\\u00b2 Wohnfl\\u00e4che, die sich auf 660 m\\u00b2 erweitern, wenn der Au\\u00dfenbereich mit Terrassen, [\\u2026]&quot;,&quot;short_excerpt&quot;:&quot;Nur 600 Meter vom Zentrum von Ses Salines entfernt befindet sich dieses wundersch\\u00f6ne Landgut, das im Jahr 2020 erbaut wurd...&quot;,&quot;long_excerpt&quot;:&quot;Nur 600 Meter vom Zentrum von Ses Salines entfernt befindet sich dieses wundersch\\u00f6ne Landgut, das im Jahr 2020 erbaut wurde und perfekt in eine nat\\u00fcrliche un...&quot;,&quot;link&quot;:&quot;https:\\\/\\\/novagestioinmobiliaria.com\\\/de\\\/propiedades-properties-immobilien\\\/landgut-zum-verkauf-in-ses-salines-fr1816ss-vde\\\/&quot;,&quot;offer_type&quot;:&quot;Zu verkaufen&quot;,&quot;price&quot;:&quot;2.950.000 \\u20ac&quot;,&quot;location&quot;:&quot;S&quot;,&quot;is_featured&quot;:true,&quot;gallery&quot;:[],&quot;attributes&quot;:[{&quot;slug&quot;:&quot;property-type&quot;,&quot;name&quot;:&quot;Tipo propiedad&quot;,&quot;has_archive&quot;:true,&quot;elements&quot;:[{&quot;name&quot;:&quot;Fincas \\\/ Landh\\u00e4user&quot;,&quot;link&quot;:&quot;https:\\\/\\\/novagestioinmobiliaria.com\\\/de\\\/immobilientyp\\\/fincas-landhaeuser\\\/&quot;,&quot;slug&quot;:&quot;fincas-landhaeuser&quot;}],&quot;card&quot;:false,&quot;show&quot;:true,&quot;display_after&quot;:&quot;&quot;,&quot;new_box&quot;:false},{&quot;slug&quot;:&quot;offer-type&quot;,&quot;name&quot;:&quot;Tipo operaci\\u00f3n&quot;,&quot;has_archive&quot;:true,&quot;elements&quot;:[{&quot;name&quot;:&quot;Zu verkaufen&quot;,&quot;link&quot;:&quot;https:\\\/\\\/novagestioinmobiliaria.com\\\/de\\\/offer-type\\\/zu-verkaufen\\\/&quot;,&quot;slug&quot;:&quot;zu-verkaufen&quot;}],&quot;card&quot;:true,&quot;show&quot;:true,&quot;display_after&quot;:&quot;&quot;,&quot;new_box&quot;:false},{&quot;slug&quot;:&quot;city&quot;,&quot;name&quot;:&quot;Zona&quot;,&quot;has_archive&quot;:true,&quot;elements&quot;:[{&quot;name&quot;:&quot;Ses Salines&quot;,&quot;link&quot;:&quot;https:\\\/\\\/novagestioinmobiliaria.com\\\/de\\\/city\\\/ses-salines-de\\\/&quot;,&quot;slug&quot;:&quot;ses-salines-de&quot;}],&quot;card&quot;:false,&quot;show&quot;:true,&quot;display_after&quot;:&quot;&quot;,&quot;new_box&quot;:false},{&quot;slug&quot;:&quot;price&quot;,&quot;name&quot;:&quot;Precio&quot;,&quot;has_archive&quot;:false,&quot;elements&quot;:[{&quot;name&quot;:&quot;2950000&quot;,&quot;link&quot;:&quot;&quot;,&quot;slug&quot;:&quot;&quot;}],&quot;show&quot;:false,&quot;card&quot;:false,&quot;display_after&quot;:&quot;\\u20ac&quot;,&quot;new_box&quot;:false},{&quot;slug&quot;:&quot;bedrooms&quot;,&quot;name&quot;:&quot;Habitaciones&quot;,&quot;has_archive&quot;:false,&quot;elements&quot;:[{&quot;name&quot;:&quot;5&quot;,&quot;link&quot;:&quot;&quot;,&quot;slug&quot;:&quot;&quot;}],&quot;show&quot;:true,&quot;card&quot;:true,&quot;display_after&quot;:&quot;&quot;,&quot;new_box&quot;:false},{&quot;slug&quot;:&quot;bathrooms&quot;,&quot;name&quot;:&quot;Ba\\u00f1os&quot;,&quot;has_archive&quot;:false,&quot;elements&quot;:[{&quot;name&quot;:&quot;4&quot;,&quot;link&quot;:&quot;&quot;,&quot;slug&quot;:&quot;&quot;}],&quot;show&quot;:true,&quot;card&quot;:true,&quot;display_after&quot;:&quot;&quot;,&quot;new_box&quot;:false},{&quot;slug&quot;:&quot;property-size&quot;,&quot;name&quot;:&quot;M2&quot;,&quot;has_archive&quot;:false,&quot;elements&quot;:[{&quot;name&quot;:&quot;322&quot;,&quot;link&quot;:&quot;&quot;,&quot;slug&quot;:&quot;&quot;}],&quot;show&quot;:true,&quot;card&quot;:true,&quot;display_after&quot;:&quot;m\\u00b2&quot;,&quot;new_box&quot;:false},{&quot;slug&quot;:&quot;lot-size&quot;,&quot;name&quot;:&quot;Terreno \\\/ Solar&quot;,&quot;has_archive&quot;:false,&quot;elements&quot;:[{&quot;name&quot;:&quot;14000&quot;,&quot;link&quot;:&quot;&quot;,&quot;slug&quot;:&quot;&quot;}],&quot;show&quot;:true,&quot;card&quot;:false,&quot;display_after&quot;:&quot;m\\u00b2&quot;,&quot;new_box&quot;:false},{&quot;slug&quot;:&quot;year-built&quot;,&quot;name&quot;:&quot;A\\u00f1o&quot;,&quot;has_archive&quot;:false,&quot;elements&quot;:[{&quot;name&quot;:&quot;2020&quot;,&quot;link&quot;:&quot;&quot;,&quot;slug&quot;:&quot;&quot;}],&quot;show&quot;:true,&quot;card&quot;:false,&quot;display_after&quot;:&quot;&quot;,&quot;new_box&quot;:false},{&quot;slug&quot;:&quot;features&quot;,&quot;name&quot;:&quot;Caracter\\u00edsticas&quot;,&quot;has_archive&quot;:true,&quot;elements&quot;:[{&quot;name&quot;:&quot;Klimaanlage&quot;,&quot;link&quot;:&quot;https:\\\/\\\/novagestioinmobiliaria.com\\\/de\\\/eigenschaften\\\/klimaanlage\\\/&quot;,&quot;slug&quot;:&quot;klimaanlage&quot;},{&quot;name&quot;:&quot;M\\u00f6bliert&quot;,&quot;link&quot;:&quot;https:\\\/\\\/novagestioinmobiliaria.com\\\/de\\\/eigenschaften\\\/moebliert\\\/&quot;,&quot;slug&quot;:&quot;moebliert&quot;},{&quot;name&quot;:&quot;Panoramablick&quot;,&quot;link&quot;:&quot;https:\\\/\\\/novagestioinmobiliaria.com\\\/de\\\/eigenschaften\\\/panoramablick\\\/&quot;,&quot;slug&quot;:&quot;panoramablick&quot;},{&quot;name&quot;:&quot;Privatpool&quot;,&quot;link&quot;:&quot;https:\\\/\\\/novagestioinmobiliaria.com\\\/de\\\/eigenschaften\\\/privatpool\\\/&quot;,&quot;slug&quot;:&quot;privatpool&quot;}],&quot;card&quot;:false,&quot;show&quot;:true,&quot;display_after&quot;:&quot;&quot;,&quot;new_box&quot;:true}],&quot;views&quot;:21,&quot;days_ago&quot;:&quot;7 monat.&quot;,&quot;image_id&quot;:83082,&quot;image_url&quot;:&quot;https:\\\/\\\/novagestioinmobiliaria.com\\\/wp-content\\\/uploads\\\/2025\\\/10\\\/Finca-Rustica-en-venta-Ses-Salines-ref-1816-20.jpg&quot;,&quot;tags&quot;:[{&quot;name&quot;:&quot;Caracter\\u00edsticas&quot;,&quot;elements&quot;:[{&quot;name&quot;:&quot;Klimaanlage&quot;,&quot;link&quot;:&quot;https:\\\/\\\/novagestioinmobiliaria.com\\\/de\\\/eigenschaften\\\/klimaanlage\\\/&quot;},{&quot;name&quot;:&quot;M\\u00f6bliert&quot;,&quot;link&quot;:&quot;https:\\\/\\\/novagestioinmobiliaria.com\\\/de\\\/eigenschaften\\\/moebliert\\\/&quot;},{&quot;name&quot;:&quot;Panoramablick&quot;,&quot;link&quot;:&quot;https:\\\/\\\/novagestioinmobiliaria.com\\\/de\\\/eigenschaften\\\/panoramablick\\\/&quot;},{&quot;name&quot;:&quot;Privatpool&quot;,&quot;link&quot;:&quot;https:\\\/\\\/novagestioinmobiliaria.com\\\/de\\\/eigenschaften\\\/privatpool\\\/&quot;}],&quot;has_archive&quot;:true}],&quot;status&quot;:&quot;publish&quot;,&quot;plans&quot;:[],&quot;video_plan&quot;:{&quot;src&quot;:&quot;&quot;,&quot;video&quot;:&quot;&quot;},&quot;virtual_tour&quot;:null,&quot;state&quot;:&quot;&quot;,&quot;labels&quot;:[],&quot;image&quot;:&quot;https:\\\/\\\/novagestioinmobiliaria.com\\\/wp-content\\\/uploads\\\/2025\\\/10\\\/Finca-Rustica-en-venta-Ses-Salines-ref-1816-20-400x250.jpg&quot;,&quot;image_srcset&quot;:&quot;https:\\\/\\\/novagestioinmobiliaria.com\\\/wp-content\\\/uploads\\\/2025\\\/10\\\/Finca-Rustica-en-venta-Ses-Salines-ref-1816-20-200x125.jpg 200w, https:\\\/\\\/novagestioinmobiliaria.com\\\/wp-content\\\/uploads\\\/2025\\\/10\\\/Finca-Rustica-en-venta-Ses-Salines-ref-1816-20-1200x750.jpg 1200w, https:\\\/\\\/novagestioinmobiliaria.com\\\/wp-content\\\/uploads\\\/2025\\\/10\\\/Finca-Rustica-en-venta-Ses-Salines-ref-1816-20-800x500.jpg 800w, https:\\\/\\\/novagestioinmobiliaria.com\\\/wp-content\\\/uploads\\\/2025\\\/10\\\/Finca-Rustica-en-venta-Ses-Salines-ref-1816-20-600x375.jpg 600w, https:\\\/\\\/novagestioinmobiliaria.com\\\/wp-content\\\/uploads\\\/2025\\\/10\\\/Finca-Rustica-en-venta-Ses-Salines-ref-1816-20-400x250.jpg 400w&quot;}'>\r\n\t\t\t\t\t\t\t\t\t\t\t\t\t<\/compare-button>\r\n\t\t\t\t\t\t\t\t\t\t\t\t<\/div>\r\n\t\t\t\t\t\t\t\t\t\t\t\t<div class=\"mh-estate-vertical__buttons__single\">\r\n\t\t\t\t\t\t\t\t\t\t\t\t\t<a href=\"https:\/\/novagestioinmobiliaria.com\/de\/propiedades-properties-immobilien\/landgut-zum-verkauf-in-ses-salines-fr1816ss-vde\/\"\r\n\t\t\t\t\t\t\t\t\t\t\t\t\t   title=\"Landgut zum Verkauf in Ses Salines : : FR1816SS-VDE\"\r\n\t\t\t\t\t\t\t\t\t\t\t\t\t   class=\"mdl-button mdl-js-button mdl-button--raised mdl-js-ripple-effect mdl-button--primary-ghost\">\r\n\t\t\t\t\t\t\t\t\t\t\t\t\t\tDetails\t\t\t\t\t\t\t\t\t\t\t\t\t\t<span class=\"mdl-button__icon-right\"><i class=\"fa fa-angle-right\"><\/i><\/span>\r\n\t\t\t\t\t\t\t\t\t\t\t\t\t<\/a>\r\n\t\t\t\t\t\t\t\t\t\t\t\t<\/div>\r\n\t\t\t\t\t\t\t\t\t\t\t<\/div>\r\n\t\t\t\t\t\t\t\t\t\t<\/div>\r\n\t\t\t\t\t\t\t\t\t<\/div>\r\n\t\t\t\t\t\t\t\t<\/div>\r\n\t\t\t\t\t\t\t<\/div>\r\n\t\t\t\t\t\t<\/article>\r\n\t\t\t\t\t<\/div>\r\n\t\t\t\t\r\n\t\t\t\t\t<div class=\"item\">\r\n\t\t\t\t\t\t<article class=\"mh-estate-vertical mh-estate-vertical--white  mh-attribute-property-type__wohnungen-apartments mh-attribute-offer-type__zu-verkaufen mh-attribute-city__arta-de\">\r\n\t\t\t\t\t\t\t<a href=\"https:\/\/novagestioinmobiliaria.com\/de\/propiedades-properties-immobilien\/wohnung-zum-verkauf-in-arta-pi1783ar-vde\/\"\r\n\t\t\t\t\t\t\t   title=\"Wohnung zum Verkauf in Art\u00e1 : : PI1783AR-VDE\"\r\n\t\t\t\t\t\t\t   class=\"mh-thumbnail\">\r\n                        <span class=\"mh-thumbnail__inner\">\r\n                                    <img\r\n                    data-srcset=\"https:\/\/novagestioinmobiliaria.com\/wp-content\/uploads\/2025\/07\/Piso-alquiler-Arta-ref-8-200x125.jpg 200w, https:\/\/novagestioinmobiliaria.com\/wp-content\/uploads\/2025\/07\/Piso-alquiler-Arta-ref-8-800x500.jpg 800w, https:\/\/novagestioinmobiliaria.com\/wp-content\/uploads\/2025\/07\/Piso-alquiler-Arta-ref-8-600x375.jpg 600w, https:\/\/novagestioinmobiliaria.com\/wp-content\/uploads\/2025\/07\/Piso-alquiler-Arta-ref-8-400x250.jpg 400w\"\r\n                    class=\"lazyload \" alt=\"Wohnung zum Verkauf in Art\u00e1 : : PI1783AR-VDE\"\r\n                    data-sizes=\"auto\"\r\n            >\r\n\t\t\t                        <\/span>\r\n\r\n\t\t\t\t\t\t\t\t\t\t\t\t\t\t\t\t\t<div class=\"mh-caption\">\r\n\t\t\t\t\t\t\t\t\t\t<div class=\"mh-caption__inner\">\r\n\t\t\t\t\t\t\t\t\t\t\tZu verkaufen\t\t\t\t\t\t\t\t\t\t<\/div>\r\n\t\t\t\t\t\t\t\t\t<\/div>\r\n\t\t\t\t\t\t\t\t\t\r\n\t\t\t\t\t\t\t\t<div class=\"mh-estate-vertical__text\">\r\n\t\t\t\t\t\t\t\t\t<div class=\"mh-estate-vertical__text__inner\">\r\n\t\t\t\t\t\t\t\t\t\tGer\u00e4umige Wohnung zum Verkauf in Art\u00e1. Diese Wohnung, die sich im dritten Stock eines Geb\u00e4udes mit Aufzug befindet, verf\u00fcgt \u00fcber...\t\t\t\t\t\t\t\t\t<\/div>\r\n\t\t\t\t\t\t\t\t<\/div>\r\n\t\t\t\t\t\t\t<\/a>\r\n\r\n\t\t\t\t\t\t\t<div class=\"mh-estate-vertical__content\">\r\n\t\t\t\t\t\t\t\t<h3 class=\"mh-estate-vertical__heading\">\r\n\t\t\t\t\t\t\t\t\t<a href=\"https:\/\/novagestioinmobiliaria.com\/de\/propiedades-properties-immobilien\/wohnung-zum-verkauf-in-arta-pi1783ar-vde\/\"\r\n\t\t\t\t\t\t\t\t\t   title=\"Wohnung zum Verkauf in Art\u00e1 : : PI1783AR-VDE\">\r\n\t\t\t\t\t\t\t\t\t\tWohnung zum Verkauf in Art\u00e1 : : PI1783AR-VDE\t\t\t\t\t\t\t\t\t<\/a>\r\n\t\t\t\t\t\t\t\t<\/h3>\r\n\t\t\t\t\t\t\t\t<address class=\"mh-estate-vertical__subheading\">\r\n\t\t\t\t\t\t\t\t\t\t\t\t\t\t\t\t\t<\/address>\r\n\t\t\t\t\t\t\t\t<div class=\"mh-estate-vertical__primary\">\r\n\t\t\t\t\t\t\t\t\t430.000 \u20ac\t\t\t\t\t\t\t\t<\/div>\r\n\r\n\t\t\t\t\t\t\t\t<div>\r\n\t\t\t\t\t\t\t\t\t<div class=\"mh-estate__list\">\r\n\t\t\t\t\t\t\t\t\t\t\r\n\t\t\t\t\t\t\t\t\t\t\t<span class=\"mh-estate-vertical__more-info mh-estate_attribute-offer-type\">\r\n                                        <strong>Tipo operaci\u00f3n:<\/strong>\r\n\t\t\t\t\t\t\t\t\t\t\t\t\t\t\t\t\t\t\t\t\t\t\t\t\t\tZu verkaufen\t\t\t\t\t\t\t\t\t\t\t\t\t\t                                    <\/span>\r\n\r\n\t\t\t\t\t\t\t\t\t\t\r\n\t\t\t\t\t\t\t\t\t\t\t<span class=\"mh-estate-vertical__more-info mh-estate_attribute-bedrooms\">\r\n                                        <strong>Habitaciones:<\/strong>\r\n\t\t\t\t\t\t\t\t\t\t\t\t4                                    <\/span>\r\n\r\n\t\t\t\t\t\t\t\t\t\t\r\n\t\t\t\t\t\t\t\t\t\t\t<span class=\"mh-estate-vertical__more-info mh-estate_attribute-bathrooms\">\r\n                                        <strong>Ba\u00f1os:<\/strong>\r\n\t\t\t\t\t\t\t\t\t\t\t\t2                                    <\/span>\r\n\r\n\t\t\t\t\t\t\t\t\t\t\r\n\t\t\t\t\t\t\t\t\t\t\t<span class=\"mh-estate-vertical__more-info mh-estate_attribute-property-size\">\r\n                                        <strong>M2:<\/strong>\r\n\t\t\t\t\t\t\t\t\t\t\t\t125 m\u00b2                                    <\/span>\r\n\r\n\t\t\t\t\t\t\t\t\t\t\t\t\t\t\t\t\t\t\t<\/div>\r\n\t\t\t\t\t\t\t\t<\/div>\r\n\r\n\t\t\t\t\t\t\t\t<div class=\"mh-estate-vertical__bottom\">\r\n\t\t\t\t\t\t\t\t\t<div class=\"mh-estate-vertical__bottom__inner\">\r\n\t\t\t\t\t\t\t\t\t\t<div class=\"mh-estate-vertical__date\">\r\n\t\t\t\t\t\t\t\t\t\t\t10 monat.\t\t\t\t\t\t\t\t\t\t<\/div>\r\n\t\t\t\t\t\t\t\t\t\t<div class=\"mh-estate-vertical__buttons-wrapper\">\r\n\t\t\t\t\t\t\t\t\t\t\t<div class=\"mh-estate-vertical__buttons\">\r\n\t\t\t\t\t\t\t\t\t\t\t\t<div class=\"mh-estate-vertical__buttons__single\">\r\n\t\t\t\t\t\t\t\t\t\t\t\t\t<compare-button class=\"myhome-compare\"\r\n\t\t\t\t\t\t\t\t\t\t\t\t\t\t\t\t\t:translations='{&quot;added&quot;:&quot;Zus\\u00e4tzlich&quot;,&quot;compare&quot;:&quot;Vergleichen&quot;}'\r\n\t\t\t\t\t\t\t\t\t\t\t\t\t\t\t\t\t:estate='{&quot;short_excerpt_limit&quot;:125,&quot;long_excerpt_limit&quot;:160,&quot;id&quot;:80195,&quot;agent_id&quot;:&quot;24&quot;,&quot;title&quot;:&quot;Wohnung zum Verkauf in Art\\u00e1 : : PI1783AR-VDE&quot;,&quot;content&quot;:&quot;Ger\\u00e4umige Wohnung zum Verkauf in Art\\u00e1. Diese Wohnung, die sich im dritten Stock eines Geb\\u00e4udes mit Aufzug befindet, verf\\u00fcgt \\u00fcber eine Gesamtfl\\u00e4che von 125 m\\u00b2, aufgeteilt in ein Einzelzimmer, drei Doppelzimmer, zwei Badezimmer, separate K\\u00fcche, Wohnzimmer und Waschk\\u00fcche. Die Wohnung verf\\u00fcgt \\u00fcber Fliesenb\\u00f6den und befindet sich in einer ruhigen Gegend mit ausgezeichneter Anbindung an alle Dienstleistungen.\\r\\nEine gro\\u00dfartige Gelegenheit, eine ger\\u00e4umige und komfortable Wohnung in Art\\u00e1 zu erwerben.\\r\\nNova Gestio, Immobilienagentur in Art\\u00e1&quot;,&quot;excerpt&quot;:&quot;Ger\\u00e4umige Wohnung zum Verkauf in Art\\u00e1. Diese Wohnung, die sich im dritten Stock eines Geb\\u00e4udes mit Aufzug befindet, verf\\u00fcgt \\u00fcber eine Gesamtfl\\u00e4che von 125 m\\u00b2, aufgeteilt in ein Einzelzimmer, drei Doppelzimmer, zwei Badezimmer, separate K\\u00fcche, Wohnzimmer und Waschk\\u00fcche. Die Wohnung verf\\u00fcgt \\u00fcber Fliesenb\\u00f6den und befindet sich in einer ruhigen Gegend mit ausgezeichneter Anbindung an alle [\\u2026]&quot;,&quot;short_excerpt&quot;:&quot;Ger\\u00e4umige Wohnung zum Verkauf in Art\\u00e1. Diese Wohnung, die sich im dritten Stock eines Geb\\u00e4udes mit Aufzug befindet, verf\\u00fcg...&quot;,&quot;long_excerpt&quot;:&quot;Ger\\u00e4umige Wohnung zum Verkauf in Art\\u00e1. Diese Wohnung, die sich im dritten Stock eines Geb\\u00e4udes mit Aufzug befindet, verf\\u00fcgt \\u00fcber eine Gesamtfl\\u00e4che von 125 m\\u00b2...&quot;,&quot;link&quot;:&quot;https:\\\/\\\/novagestioinmobiliaria.com\\\/de\\\/propiedades-properties-immobilien\\\/wohnung-zum-verkauf-in-arta-pi1783ar-vde\\\/&quot;,&quot;offer_type&quot;:&quot;Zu verkaufen&quot;,&quot;price&quot;:&quot;430.000 \\u20ac&quot;,&quot;location&quot;:false,&quot;is_featured&quot;:true,&quot;gallery&quot;:[],&quot;attributes&quot;:[{&quot;slug&quot;:&quot;property-type&quot;,&quot;name&quot;:&quot;Tipo propiedad&quot;,&quot;has_archive&quot;:true,&quot;elements&quot;:[{&quot;name&quot;:&quot;Wohnungen \\\/ Apartments&quot;,&quot;link&quot;:&quot;https:\\\/\\\/novagestioinmobiliaria.com\\\/de\\\/immobilientyp\\\/wohnungen-apartments\\\/&quot;,&quot;slug&quot;:&quot;wohnungen-apartments&quot;}],&quot;card&quot;:false,&quot;show&quot;:true,&quot;display_after&quot;:&quot;&quot;,&quot;new_box&quot;:false},{&quot;slug&quot;:&quot;offer-type&quot;,&quot;name&quot;:&quot;Tipo operaci\\u00f3n&quot;,&quot;has_archive&quot;:true,&quot;elements&quot;:[{&quot;name&quot;:&quot;Zu verkaufen&quot;,&quot;link&quot;:&quot;https:\\\/\\\/novagestioinmobiliaria.com\\\/de\\\/offer-type\\\/zu-verkaufen\\\/&quot;,&quot;slug&quot;:&quot;zu-verkaufen&quot;}],&quot;card&quot;:true,&quot;show&quot;:true,&quot;display_after&quot;:&quot;&quot;,&quot;new_box&quot;:false},{&quot;slug&quot;:&quot;city&quot;,&quot;name&quot;:&quot;Zona&quot;,&quot;has_archive&quot;:true,&quot;elements&quot;:[{&quot;name&quot;:&quot;Art\\u00e1&quot;,&quot;link&quot;:&quot;https:\\\/\\\/novagestioinmobiliaria.com\\\/de\\\/city\\\/arta-de\\\/&quot;,&quot;slug&quot;:&quot;arta-de&quot;}],&quot;card&quot;:false,&quot;show&quot;:true,&quot;display_after&quot;:&quot;&quot;,&quot;new_box&quot;:false},{&quot;slug&quot;:&quot;price&quot;,&quot;name&quot;:&quot;Precio&quot;,&quot;has_archive&quot;:false,&quot;elements&quot;:[{&quot;name&quot;:&quot;430000&quot;,&quot;link&quot;:&quot;&quot;,&quot;slug&quot;:&quot;&quot;}],&quot;show&quot;:false,&quot;card&quot;:false,&quot;display_after&quot;:&quot;\\u20ac&quot;,&quot;new_box&quot;:false},{&quot;slug&quot;:&quot;bedrooms&quot;,&quot;name&quot;:&quot;Habitaciones&quot;,&quot;has_archive&quot;:false,&quot;elements&quot;:[{&quot;name&quot;:&quot;4&quot;,&quot;link&quot;:&quot;&quot;,&quot;slug&quot;:&quot;&quot;}],&quot;show&quot;:true,&quot;card&quot;:true,&quot;display_after&quot;:&quot;&quot;,&quot;new_box&quot;:false},{&quot;slug&quot;:&quot;bathrooms&quot;,&quot;name&quot;:&quot;Ba\\u00f1os&quot;,&quot;has_archive&quot;:false,&quot;elements&quot;:[{&quot;name&quot;:&quot;2&quot;,&quot;link&quot;:&quot;&quot;,&quot;slug&quot;:&quot;&quot;}],&quot;show&quot;:true,&quot;card&quot;:true,&quot;display_after&quot;:&quot;&quot;,&quot;new_box&quot;:false},{&quot;slug&quot;:&quot;property-size&quot;,&quot;name&quot;:&quot;M2&quot;,&quot;has_archive&quot;:false,&quot;elements&quot;:[{&quot;name&quot;:&quot;125&quot;,&quot;link&quot;:&quot;&quot;,&quot;slug&quot;:&quot;&quot;}],&quot;show&quot;:true,&quot;card&quot;:true,&quot;display_after&quot;:&quot;m\\u00b2&quot;,&quot;new_box&quot;:false}],&quot;views&quot;:25,&quot;days_ago&quot;:&quot;10 monat.&quot;,&quot;image_id&quot;:80145,&quot;image_url&quot;:&quot;https:\\\/\\\/novagestioinmobiliaria.com\\\/wp-content\\\/uploads\\\/2025\\\/07\\\/Piso-alquiler-Arta-ref-8.jpg&quot;,&quot;tags&quot;:[],&quot;status&quot;:&quot;publish&quot;,&quot;plans&quot;:[],&quot;video_plan&quot;:{&quot;src&quot;:&quot;&quot;,&quot;video&quot;:&quot;&quot;},&quot;virtual_tour&quot;:null,&quot;state&quot;:&quot;&quot;,&quot;labels&quot;:[],&quot;image&quot;:&quot;https:\\\/\\\/novagestioinmobiliaria.com\\\/wp-content\\\/uploads\\\/2025\\\/07\\\/Piso-alquiler-Arta-ref-8-400x250.jpg&quot;,&quot;image_srcset&quot;:&quot;https:\\\/\\\/novagestioinmobiliaria.com\\\/wp-content\\\/uploads\\\/2025\\\/07\\\/Piso-alquiler-Arta-ref-8-200x125.jpg 200w, https:\\\/\\\/novagestioinmobiliaria.com\\\/wp-content\\\/uploads\\\/2025\\\/07\\\/Piso-alquiler-Arta-ref-8-800x500.jpg 800w, https:\\\/\\\/novagestioinmobiliaria.com\\\/wp-content\\\/uploads\\\/2025\\\/07\\\/Piso-alquiler-Arta-ref-8-600x375.jpg 600w, https:\\\/\\\/novagestioinmobiliaria.com\\\/wp-content\\\/uploads\\\/2025\\\/07\\\/Piso-alquiler-Arta-ref-8-400x250.jpg 400w&quot;}'>\r\n\t\t\t\t\t\t\t\t\t\t\t\t\t<\/compare-button>\r\n\t\t\t\t\t\t\t\t\t\t\t\t<\/div>\r\n\t\t\t\t\t\t\t\t\t\t\t\t<div class=\"mh-estate-vertical__buttons__single\">\r\n\t\t\t\t\t\t\t\t\t\t\t\t\t<a href=\"https:\/\/novagestioinmobiliaria.com\/de\/propiedades-properties-immobilien\/wohnung-zum-verkauf-in-arta-pi1783ar-vde\/\"\r\n\t\t\t\t\t\t\t\t\t\t\t\t\t   title=\"Wohnung zum Verkauf in Art\u00e1 : : PI1783AR-VDE\"\r\n\t\t\t\t\t\t\t\t\t\t\t\t\t   class=\"mdl-button mdl-js-button mdl-button--raised mdl-js-ripple-effect mdl-button--primary-ghost\">\r\n\t\t\t\t\t\t\t\t\t\t\t\t\t\tDetails\t\t\t\t\t\t\t\t\t\t\t\t\t\t<span class=\"mdl-button__icon-right\"><i class=\"fa fa-angle-right\"><\/i><\/span>\r\n\t\t\t\t\t\t\t\t\t\t\t\t\t<\/a>\r\n\t\t\t\t\t\t\t\t\t\t\t\t<\/div>\r\n\t\t\t\t\t\t\t\t\t\t\t<\/div>\r\n\t\t\t\t\t\t\t\t\t\t<\/div>\r\n\t\t\t\t\t\t\t\t\t<\/div>\r\n\t\t\t\t\t\t\t\t<\/div>\r\n\t\t\t\t\t\t\t<\/div>\r\n\t\t\t\t\t\t<\/article>\r\n\t\t\t\t\t<\/div>\r\n\t\t\t\t\r\n\t\t\t\t\t<div class=\"item\">\r\n\t\t\t\t\t\t<article class=\"mh-estate-vertical mh-estate-vertical--white  mh-attribute-property-type__wohnungen-apartments mh-attribute-offer-type__zu-verkaufen mh-attribute-city__calonge-de\">\r\n\t\t\t\t\t\t\t<a href=\"https:\/\/novagestioinmobiliaria.com\/de\/propiedades-properties-immobilien\/wohnung-zu-verkaufen-in-calonge-pi1782ca-vde\/\"\r\n\t\t\t\t\t\t\t   title=\"Wohnung zu verkaufen in Calonge : : PI1782CA-VDE\"\r\n\t\t\t\t\t\t\t   class=\"mh-thumbnail\">\r\n                        <span class=\"mh-thumbnail__inner\">\r\n                                    <img\r\n                    data-srcset=\"https:\/\/novagestioinmobiliaria.com\/wp-content\/uploads\/2025\/07\/Piso-alquiler-Santanyi-ref-9-200x125.jpg 200w, https:\/\/novagestioinmobiliaria.com\/wp-content\/uploads\/2025\/07\/Piso-alquiler-Santanyi-ref-9-800x500.jpg 800w, https:\/\/novagestioinmobiliaria.com\/wp-content\/uploads\/2025\/07\/Piso-alquiler-Santanyi-ref-9-600x375.jpg 600w, https:\/\/novagestioinmobiliaria.com\/wp-content\/uploads\/2025\/07\/Piso-alquiler-Santanyi-ref-9-400x250.jpg 400w\"\r\n                    class=\"lazyload \" alt=\"Wohnung zu verkaufen in Calonge : : PI1782CA-VDE\"\r\n                    data-sizes=\"auto\"\r\n            >\r\n\t\t\t                        <\/span>\r\n\r\n\t\t\t\t\t\t\t\t\t\t\t\t\t\t\t\t\t<div class=\"mh-caption\">\r\n\t\t\t\t\t\t\t\t\t\t<div class=\"mh-caption__inner\">\r\n\t\t\t\t\t\t\t\t\t\t\tZu verkaufen\t\t\t\t\t\t\t\t\t\t<\/div>\r\n\t\t\t\t\t\t\t\t\t<\/div>\r\n\t\t\t\t\t\t\t\t\t\r\n\t\t\t\t\t\t\t\t<div class=\"mh-estate-vertical__text\">\r\n\t\t\t\t\t\t\t\t\t<div class=\"mh-estate-vertical__text__inner\">\r\n\t\t\t\t\t\t\t\t\t\tGer\u00e4umige Wohnung zu verkaufen in Calonge, einem Ortsteil der Gemeinde Santany\u00ed. Mit einer ungef\u00e4hren Wohnfl\u00e4che von 100 m\u00b2 verteilt sich...\t\t\t\t\t\t\t\t\t<\/div>\r\n\t\t\t\t\t\t\t\t<\/div>\r\n\t\t\t\t\t\t\t<\/a>\r\n\r\n\t\t\t\t\t\t\t<div class=\"mh-estate-vertical__content\">\r\n\t\t\t\t\t\t\t\t<h3 class=\"mh-estate-vertical__heading\">\r\n\t\t\t\t\t\t\t\t\t<a href=\"https:\/\/novagestioinmobiliaria.com\/de\/propiedades-properties-immobilien\/wohnung-zu-verkaufen-in-calonge-pi1782ca-vde\/\"\r\n\t\t\t\t\t\t\t\t\t   title=\"Wohnung zu verkaufen in Calonge : : PI1782CA-VDE\">\r\n\t\t\t\t\t\t\t\t\t\tWohnung zu verkaufen in Calonge : : PI1782CA-VDE\t\t\t\t\t\t\t\t\t<\/a>\r\n\t\t\t\t\t\t\t\t<\/h3>\r\n\t\t\t\t\t\t\t\t<address class=\"mh-estate-vertical__subheading\">\r\n\t\t\t\t\t\t\t\t\t\t\t\t\t\t\t\t\t<\/address>\r\n\t\t\t\t\t\t\t\t<div class=\"mh-estate-vertical__primary\">\r\n\t\t\t\t\t\t\t\t\t520.000 \u20ac\t\t\t\t\t\t\t\t<\/div>\r\n\r\n\t\t\t\t\t\t\t\t<div>\r\n\t\t\t\t\t\t\t\t\t<div class=\"mh-estate__list\">\r\n\t\t\t\t\t\t\t\t\t\t\r\n\t\t\t\t\t\t\t\t\t\t\t<span class=\"mh-estate-vertical__more-info mh-estate_attribute-offer-type\">\r\n                                        <strong>Tipo operaci\u00f3n:<\/strong>\r\n\t\t\t\t\t\t\t\t\t\t\t\t\t\t\t\t\t\t\t\t\t\t\t\t\t\tZu verkaufen\t\t\t\t\t\t\t\t\t\t\t\t\t\t                                    <\/span>\r\n\r\n\t\t\t\t\t\t\t\t\t\t\r\n\t\t\t\t\t\t\t\t\t\t\t<span class=\"mh-estate-vertical__more-info mh-estate_attribute-bedrooms\">\r\n                                        <strong>Habitaciones:<\/strong>\r\n\t\t\t\t\t\t\t\t\t\t\t\t4                                    <\/span>\r\n\r\n\t\t\t\t\t\t\t\t\t\t\r\n\t\t\t\t\t\t\t\t\t\t\t<span class=\"mh-estate-vertical__more-info mh-estate_attribute-bathrooms\">\r\n                                        <strong>Ba\u00f1os:<\/strong>\r\n\t\t\t\t\t\t\t\t\t\t\t\t2                                    <\/span>\r\n\r\n\t\t\t\t\t\t\t\t\t\t\r\n\t\t\t\t\t\t\t\t\t\t\t<span class=\"mh-estate-vertical__more-info mh-estate_attribute-property-size\">\r\n                                        <strong>M2:<\/strong>\r\n\t\t\t\t\t\t\t\t\t\t\t\t100 m\u00b2                                    <\/span>\r\n\r\n\t\t\t\t\t\t\t\t\t\t\t\t\t\t\t\t\t\t\t<\/div>\r\n\t\t\t\t\t\t\t\t<\/div>\r\n\r\n\t\t\t\t\t\t\t\t<div class=\"mh-estate-vertical__bottom\">\r\n\t\t\t\t\t\t\t\t\t<div class=\"mh-estate-vertical__bottom__inner\">\r\n\t\t\t\t\t\t\t\t\t\t<div class=\"mh-estate-vertical__date\">\r\n\t\t\t\t\t\t\t\t\t\t\t10 monat.\t\t\t\t\t\t\t\t\t\t<\/div>\r\n\t\t\t\t\t\t\t\t\t\t<div class=\"mh-estate-vertical__buttons-wrapper\">\r\n\t\t\t\t\t\t\t\t\t\t\t<div class=\"mh-estate-vertical__buttons\">\r\n\t\t\t\t\t\t\t\t\t\t\t\t<div class=\"mh-estate-vertical__buttons__single\">\r\n\t\t\t\t\t\t\t\t\t\t\t\t\t<compare-button class=\"myhome-compare\"\r\n\t\t\t\t\t\t\t\t\t\t\t\t\t\t\t\t\t:translations='{&quot;added&quot;:&quot;Zus\\u00e4tzlich&quot;,&quot;compare&quot;:&quot;Vergleichen&quot;}'\r\n\t\t\t\t\t\t\t\t\t\t\t\t\t\t\t\t\t:estate='{&quot;short_excerpt_limit&quot;:125,&quot;long_excerpt_limit&quot;:160,&quot;id&quot;:79999,&quot;agent_id&quot;:&quot;24&quot;,&quot;title&quot;:&quot;Wohnung zu verkaufen in Calonge : : PI1782CA-VDE&quot;,&quot;content&quot;:&quot;Ger\\u00e4umige Wohnung zu verkaufen in Calonge, einem Ortsteil der Gemeinde Santany\\u00ed.\\r\\nMit einer ungef\\u00e4hren Wohnfl\\u00e4che von 100 m\\u00b2 verteilt sich diese gut erhaltene Immobilie auf vier Schlafzimmer (drei Doppelzimmer und ein Einzelzimmer), zwei vollst\\u00e4ndige Badezimmer (eines davon en suite), ausgestattete K\\u00fcche, Wohn-Esszimmer und Waschk\\u00fcche.\\r\\nDie Wohnung verf\\u00fcgt \\u00fcber Einbauschr\\u00e4nke, elektrische Heizung, Fliesenb\\u00f6den und Deckenventilatoren in allen Zimmern und im Esszimmer.\\r\\nEine ausgezeichnete Gelegenheit f\\u00fcr diejenigen, die eine Wohnung in einer ruhigen und gut angebundenen Gegend im S\\u00fcdosten von Mallorca suchen.\\r\\n\\r\\nNova Gestio, Immobilien in Calonge&quot;,&quot;excerpt&quot;:&quot;Ger\\u00e4umige Wohnung zu verkaufen in Calonge, einem Ortsteil der Gemeinde Santany\\u00ed. Mit einer ungef\\u00e4hren Wohnfl\\u00e4che von 100 m\\u00b2 verteilt sich diese gut erhaltene Immobilie auf vier Schlafzimmer (drei Doppelzimmer und ein Einzelzimmer), zwei vollst\\u00e4ndige Badezimmer (eines davon en suite), ausgestattete K\\u00fcche, Wohn-Esszimmer und Waschk\\u00fcche. Die Wohnung verf\\u00fcgt \\u00fcber Einbauschr\\u00e4nke, elektrische Heizung, Fliesenb\\u00f6den und Deckenventilatoren in [\\u2026]&quot;,&quot;short_excerpt&quot;:&quot;Ger\\u00e4umige Wohnung zu verkaufen in Calonge, einem Ortsteil der Gemeinde Santany\\u00ed.\\r\\nMit einer ungef\\u00e4hren Wohnfl\\u00e4che von 100 ...&quot;,&quot;long_excerpt&quot;:&quot;Ger\\u00e4umige Wohnung zu verkaufen in Calonge, einem Ortsteil der Gemeinde Santany\\u00ed.\\r\\nMit einer ungef\\u00e4hren Wohnfl\\u00e4che von 100 m\\u00b2 verteilt sich diese gut erhalten...&quot;,&quot;link&quot;:&quot;https:\\\/\\\/novagestioinmobiliaria.com\\\/de\\\/propiedades-properties-immobilien\\\/wohnung-zu-verkaufen-in-calonge-pi1782ca-vde\\\/&quot;,&quot;offer_type&quot;:&quot;Zu verkaufen&quot;,&quot;price&quot;:&quot;520.000 \\u20ac&quot;,&quot;location&quot;:false,&quot;is_featured&quot;:true,&quot;gallery&quot;:[],&quot;attributes&quot;:[{&quot;slug&quot;:&quot;property-type&quot;,&quot;name&quot;:&quot;Tipo propiedad&quot;,&quot;has_archive&quot;:true,&quot;elements&quot;:[{&quot;name&quot;:&quot;Wohnungen \\\/ Apartments&quot;,&quot;link&quot;:&quot;https:\\\/\\\/novagestioinmobiliaria.com\\\/de\\\/immobilientyp\\\/wohnungen-apartments\\\/&quot;,&quot;slug&quot;:&quot;wohnungen-apartments&quot;}],&quot;card&quot;:false,&quot;show&quot;:true,&quot;display_after&quot;:&quot;&quot;,&quot;new_box&quot;:false},{&quot;slug&quot;:&quot;offer-type&quot;,&quot;name&quot;:&quot;Tipo operaci\\u00f3n&quot;,&quot;has_archive&quot;:true,&quot;elements&quot;:[{&quot;name&quot;:&quot;Zu verkaufen&quot;,&quot;link&quot;:&quot;https:\\\/\\\/novagestioinmobiliaria.com\\\/de\\\/offer-type\\\/zu-verkaufen\\\/&quot;,&quot;slug&quot;:&quot;zu-verkaufen&quot;}],&quot;card&quot;:true,&quot;show&quot;:true,&quot;display_after&quot;:&quot;&quot;,&quot;new_box&quot;:false},{&quot;slug&quot;:&quot;city&quot;,&quot;name&quot;:&quot;Zona&quot;,&quot;has_archive&quot;:true,&quot;elements&quot;:[{&quot;name&quot;:&quot;Calonge&quot;,&quot;link&quot;:&quot;https:\\\/\\\/novagestioinmobiliaria.com\\\/de\\\/city\\\/calonge-de\\\/&quot;,&quot;slug&quot;:&quot;calonge-de&quot;}],&quot;card&quot;:false,&quot;show&quot;:true,&quot;display_after&quot;:&quot;&quot;,&quot;new_box&quot;:false},{&quot;slug&quot;:&quot;price&quot;,&quot;name&quot;:&quot;Precio&quot;,&quot;has_archive&quot;:false,&quot;elements&quot;:[{&quot;name&quot;:&quot;520000&quot;,&quot;link&quot;:&quot;&quot;,&quot;slug&quot;:&quot;&quot;}],&quot;show&quot;:false,&quot;card&quot;:false,&quot;display_after&quot;:&quot;\\u20ac&quot;,&quot;new_box&quot;:false},{&quot;slug&quot;:&quot;bedrooms&quot;,&quot;name&quot;:&quot;Habitaciones&quot;,&quot;has_archive&quot;:false,&quot;elements&quot;:[{&quot;name&quot;:&quot;4&quot;,&quot;link&quot;:&quot;&quot;,&quot;slug&quot;:&quot;&quot;}],&quot;show&quot;:true,&quot;card&quot;:true,&quot;display_after&quot;:&quot;&quot;,&quot;new_box&quot;:false},{&quot;slug&quot;:&quot;bathrooms&quot;,&quot;name&quot;:&quot;Ba\\u00f1os&quot;,&quot;has_archive&quot;:false,&quot;elements&quot;:[{&quot;name&quot;:&quot;2&quot;,&quot;link&quot;:&quot;&quot;,&quot;slug&quot;:&quot;&quot;}],&quot;show&quot;:true,&quot;card&quot;:true,&quot;display_after&quot;:&quot;&quot;,&quot;new_box&quot;:false},{&quot;slug&quot;:&quot;property-size&quot;,&quot;name&quot;:&quot;M2&quot;,&quot;has_archive&quot;:false,&quot;elements&quot;:[{&quot;name&quot;:&quot;100&quot;,&quot;link&quot;:&quot;&quot;,&quot;slug&quot;:&quot;&quot;}],&quot;show&quot;:true,&quot;card&quot;:true,&quot;display_after&quot;:&quot;m\\u00b2&quot;,&quot;new_box&quot;:false}],&quot;views&quot;:26,&quot;days_ago&quot;:&quot;10 monat.&quot;,&quot;image_id&quot;:79892,&quot;image_url&quot;:&quot;https:\\\/\\\/novagestioinmobiliaria.com\\\/wp-content\\\/uploads\\\/2025\\\/07\\\/Piso-alquiler-Santanyi-ref-9.jpg&quot;,&quot;tags&quot;:[],&quot;status&quot;:&quot;publish&quot;,&quot;plans&quot;:[],&quot;video_plan&quot;:{&quot;src&quot;:&quot;&quot;,&quot;video&quot;:&quot;&quot;},&quot;virtual_tour&quot;:null,&quot;state&quot;:&quot;&quot;,&quot;labels&quot;:[],&quot;image&quot;:&quot;https:\\\/\\\/novagestioinmobiliaria.com\\\/wp-content\\\/uploads\\\/2025\\\/07\\\/Piso-alquiler-Santanyi-ref-9-400x250.jpg&quot;,&quot;image_srcset&quot;:&quot;https:\\\/\\\/novagestioinmobiliaria.com\\\/wp-content\\\/uploads\\\/2025\\\/07\\\/Piso-alquiler-Santanyi-ref-9-200x125.jpg 200w, https:\\\/\\\/novagestioinmobiliaria.com\\\/wp-content\\\/uploads\\\/2025\\\/07\\\/Piso-alquiler-Santanyi-ref-9-800x500.jpg 800w, https:\\\/\\\/novagestioinmobiliaria.com\\\/wp-content\\\/uploads\\\/2025\\\/07\\\/Piso-alquiler-Santanyi-ref-9-600x375.jpg 600w, https:\\\/\\\/novagestioinmobiliaria.com\\\/wp-content\\\/uploads\\\/2025\\\/07\\\/Piso-alquiler-Santanyi-ref-9-400x250.jpg 400w&quot;}'>\r\n\t\t\t\t\t\t\t\t\t\t\t\t\t<\/compare-button>\r\n\t\t\t\t\t\t\t\t\t\t\t\t<\/div>\r\n\t\t\t\t\t\t\t\t\t\t\t\t<div class=\"mh-estate-vertical__buttons__single\">\r\n\t\t\t\t\t\t\t\t\t\t\t\t\t<a href=\"https:\/\/novagestioinmobiliaria.com\/de\/propiedades-properties-immobilien\/wohnung-zu-verkaufen-in-calonge-pi1782ca-vde\/\"\r\n\t\t\t\t\t\t\t\t\t\t\t\t\t   title=\"Wohnung zu verkaufen in Calonge : : PI1782CA-VDE\"\r\n\t\t\t\t\t\t\t\t\t\t\t\t\t   class=\"mdl-button mdl-js-button mdl-button--raised mdl-js-ripple-effect mdl-button--primary-ghost\">\r\n\t\t\t\t\t\t\t\t\t\t\t\t\t\tDetails\t\t\t\t\t\t\t\t\t\t\t\t\t\t<span class=\"mdl-button__icon-right\"><i class=\"fa fa-angle-right\"><\/i><\/span>\r\n\t\t\t\t\t\t\t\t\t\t\t\t\t<\/a>\r\n\t\t\t\t\t\t\t\t\t\t\t\t<\/div>\r\n\t\t\t\t\t\t\t\t\t\t\t<\/div>\r\n\t\t\t\t\t\t\t\t\t\t<\/div>\r\n\t\t\t\t\t\t\t\t\t<\/div>\r\n\t\t\t\t\t\t\t\t<\/div>\r\n\t\t\t\t\t\t\t<\/div>\r\n\t\t\t\t\t\t<\/article>\r\n\t\t\t\t\t<\/div>\r\n\t\t\t\t\r\n\t\t\t\t\t<div class=\"item\">\r\n\t\t\t\t\t\t<article class=\"mh-estate-vertical mh-estate-vertical--white  mh-attribute-property-type__fincas-landhaeuser mh-attribute-offer-type__zu-verkaufen mh-attribute-city__sineu-de mh-attribute-features__ausblick-auf-die-berge mh-attribute-features__einbaukueche mh-attribute-features__moebliert mh-attribute-features__panoramablick mh-attribute-features__ruhige-lage mh-attribute-features__terrasse\">\r\n\t\t\t\t\t\t\t<a href=\"https:\/\/novagestioinmobiliaria.com\/de\/propiedades-properties-immobilien\/schoenes-rustikales-anwesen-zum-verkauf-in-sineu-fr1777si-vde\/\"\r\n\t\t\t\t\t\t\t   title=\"Sch\u00f6nes rustikales Anwesen zum Verkauf in Sineu FR1777SI-VDE\"\r\n\t\t\t\t\t\t\t   class=\"mh-thumbnail\">\r\n                        <span class=\"mh-thumbnail__inner\">\r\n                                    <img\r\n                    data-srcset=\"https:\/\/novagestioinmobiliaria.com\/wp-content\/uploads\/2025\/07\/Finca-rustica-en-venta-en-Sineu-ref-1777-22-200x125.jpg 200w, https:\/\/novagestioinmobiliaria.com\/wp-content\/uploads\/2025\/07\/Finca-rustica-en-venta-en-Sineu-ref-1777-22-1200x750.jpg 1200w, https:\/\/novagestioinmobiliaria.com\/wp-content\/uploads\/2025\/07\/Finca-rustica-en-venta-en-Sineu-ref-1777-22-800x500.jpg 800w, https:\/\/novagestioinmobiliaria.com\/wp-content\/uploads\/2025\/07\/Finca-rustica-en-venta-en-Sineu-ref-1777-22-600x375.jpg 600w, https:\/\/novagestioinmobiliaria.com\/wp-content\/uploads\/2025\/07\/Finca-rustica-en-venta-en-Sineu-ref-1777-22-400x250.jpg 400w\"\r\n                    class=\"lazyload \" alt=\"Sch\u00f6nes rustikales Anwesen zum Verkauf in Sineu FR1777SI-VDE\"\r\n                    data-sizes=\"auto\"\r\n            >\r\n\t\t\t                        <\/span>\r\n\r\n\t\t\t\t\t\t\t\t\t\t\t\t\t\t\t\t\t<div class=\"mh-caption\">\r\n\t\t\t\t\t\t\t\t\t\t<div class=\"mh-caption__inner\">\r\n\t\t\t\t\t\t\t\t\t\t\tZu verkaufen\t\t\t\t\t\t\t\t\t\t<\/div>\r\n\t\t\t\t\t\t\t\t\t<\/div>\r\n\t\t\t\t\t\t\t\t\t\r\n\t\t\t\t\t\t\t\t<div class=\"mh-estate-vertical__text\">\r\n\t\t\t\t\t\t\t\t\t<div class=\"mh-estate-vertical__text__inner\">\r\n\t\t\t\t\t\t\t\t\t\tCharmantes rustikales Anwesen zum Verkauf mit privilegiertem Blick in Sineu &#8211; Mallorca Zum Verkauf steht ein wundersch\u00f6nes rustikales Anwesen in...\t\t\t\t\t\t\t\t\t<\/div>\r\n\t\t\t\t\t\t\t\t<\/div>\r\n\t\t\t\t\t\t\t<\/a>\r\n\r\n\t\t\t\t\t\t\t<div class=\"mh-estate-vertical__content\">\r\n\t\t\t\t\t\t\t\t<h3 class=\"mh-estate-vertical__heading\">\r\n\t\t\t\t\t\t\t\t\t<a href=\"https:\/\/novagestioinmobiliaria.com\/de\/propiedades-properties-immobilien\/schoenes-rustikales-anwesen-zum-verkauf-in-sineu-fr1777si-vde\/\"\r\n\t\t\t\t\t\t\t\t\t   title=\"Sch\u00f6nes rustikales Anwesen zum Verkauf in Sineu FR1777SI-VDE\">\r\n\t\t\t\t\t\t\t\t\t\tSch\u00f6nes rustikales Anwesen zum Verkauf in Sineu FR1777SI-VDE\t\t\t\t\t\t\t\t\t<\/a>\r\n\t\t\t\t\t\t\t\t<\/h3>\r\n\t\t\t\t\t\t\t\t<address class=\"mh-estate-vertical__subheading\">\r\n\t\t\t\t\t\t\t\t\tS\t\t\t\t\t\t\t\t<\/address>\r\n\t\t\t\t\t\t\t\t<div class=\"mh-estate-vertical__primary\">\r\n\t\t\t\t\t\t\t\t\t595.000 \u20ac\t\t\t\t\t\t\t\t<\/div>\r\n\r\n\t\t\t\t\t\t\t\t<div>\r\n\t\t\t\t\t\t\t\t\t<div class=\"mh-estate__list\">\r\n\t\t\t\t\t\t\t\t\t\t\r\n\t\t\t\t\t\t\t\t\t\t\t<span class=\"mh-estate-vertical__more-info mh-estate_attribute-offer-type\">\r\n                                        <strong>Tipo operaci\u00f3n:<\/strong>\r\n\t\t\t\t\t\t\t\t\t\t\t\t\t\t\t\t\t\t\t\t\t\t\t\t\t\tZu verkaufen\t\t\t\t\t\t\t\t\t\t\t\t\t\t                                    <\/span>\r\n\r\n\t\t\t\t\t\t\t\t\t\t\r\n\t\t\t\t\t\t\t\t\t\t\t<span class=\"mh-estate-vertical__more-info mh-estate_attribute-bathrooms\">\r\n                                        <strong>Ba\u00f1os:<\/strong>\r\n\t\t\t\t\t\t\t\t\t\t\t\t1                                    <\/span>\r\n\r\n\t\t\t\t\t\t\t\t\t\t\r\n\t\t\t\t\t\t\t\t\t\t\t<span class=\"mh-estate-vertical__more-info mh-estate_attribute-property-size\">\r\n                                        <strong>M2:<\/strong>\r\n\t\t\t\t\t\t\t\t\t\t\t\t45 m\u00b2                                    <\/span>\r\n\r\n\t\t\t\t\t\t\t\t\t\t\t\t\t\t\t\t\t\t\t<\/div>\r\n\t\t\t\t\t\t\t\t<\/div>\r\n\r\n\t\t\t\t\t\t\t\t<div class=\"mh-estate-vertical__bottom\">\r\n\t\t\t\t\t\t\t\t\t<div class=\"mh-estate-vertical__bottom__inner\">\r\n\t\t\t\t\t\t\t\t\t\t<div class=\"mh-estate-vertical__date\">\r\n\t\t\t\t\t\t\t\t\t\t\t10 monat.\t\t\t\t\t\t\t\t\t\t<\/div>\r\n\t\t\t\t\t\t\t\t\t\t<div class=\"mh-estate-vertical__buttons-wrapper\">\r\n\t\t\t\t\t\t\t\t\t\t\t<div class=\"mh-estate-vertical__buttons\">\r\n\t\t\t\t\t\t\t\t\t\t\t\t<div class=\"mh-estate-vertical__buttons__single\">\r\n\t\t\t\t\t\t\t\t\t\t\t\t\t<compare-button class=\"myhome-compare\"\r\n\t\t\t\t\t\t\t\t\t\t\t\t\t\t\t\t\t:translations='{&quot;added&quot;:&quot;Zus\\u00e4tzlich&quot;,&quot;compare&quot;:&quot;Vergleichen&quot;}'\r\n\t\t\t\t\t\t\t\t\t\t\t\t\t\t\t\t\t:estate='{&quot;short_excerpt_limit&quot;:125,&quot;long_excerpt_limit&quot;:160,&quot;id&quot;:79563,&quot;agent_id&quot;:&quot;1&quot;,&quot;title&quot;:&quot;Sch\\u00f6nes rustikales Anwesen zum Verkauf in Sineu FR1777SI-VDE&quot;,&quot;content&quot;:&quot;Charmantes rustikales Anwesen zum Verkauf mit privilegiertem Blick in Sineu - Mallorca\\r\\nZum Verkauf steht ein wundersch\\u00f6nes rustikales Anwesen in einer unschlagbaren nat\\u00fcrlichen Umgebung, auf einem H\\u00fcgel mit spektakul\\u00e4rem freiem Blick auf die bekannte Stadt Sineu. Mit einer ungef\\u00e4hren Fl\\u00e4che von 7.800 m\\u00b2 Land ist dieses Anwesen ideal f\\u00fcr diejenigen, die Ruhe, Kontakt mit der Natur und bezaubernde Ausblicke suchen.\\r\\nAuf dem Anwesen befindet sich eine rechtlich registrierte 45 m\\u00b2 gro\\u00dfe Konstruktion, die eine gem\\u00fctliche offene K\\u00fcche-Wohnzimmer und ein vollst\\u00e4ndiges Badezimmer beherbergt. Es verf\\u00fcgt auch \\u00fcber einen 18 m\\u00b2 gro\\u00dfen Zisterne, die die Wasserspeicherung gew\\u00e4hrleistet.\\r\\nDas Anwesen verf\\u00fcgt \\u00fcber die Genehmigung f\\u00fcr den Bau eines Brunnens - ein Prozess, dessen Genehmigung unmittelbar bevorsteht - und hat den zus\\u00e4tzlichen Vorteil, dass es Strom am Grundst\\u00fcck gibt sowie die M\\u00f6glichkeit des Zugangs zu Leitungswasser, was mehrere Versorgungsoptionen f\\u00fcr ein komfortables und autarkes Leben bietet.\\r\\nDie Immobilie ist nicht bebaubar, aber sie hat eine reale M\\u00f6glichkeit, an das Stromnetz angeschlossen zu werden, was einen gro\\u00dfen Wert und Funktionalit\\u00e4t hinzuf\\u00fcgt, um sie in einen idealen l\\u00e4ndlichen R\\u00fcckzugsort, ein Wochenendhaus oder ein Erholungsanwesen zu verwandeln.\\r\\nUmgeben von Ruhe und Natur bietet dieses Anwesen eine ausgezeichnete Gelegenheit f\\u00fcr diejenigen, die in eine authentische Ecke von Mallorca investieren m\\u00f6chten, nur wenige Minuten vom Zentrum von Sineu entfernt und mit einfachem Zugang.\\r\\nNova Gesti\\u00f3, Immobilienagentur in Sineu&quot;,&quot;excerpt&quot;:&quot;Charmantes rustikales Anwesen zum Verkauf mit privilegiertem Blick in Sineu \\u2013 Mallorca Zum Verkauf steht ein wundersch\\u00f6nes rustikales Anwesen in einer unschlagbaren nat\\u00fcrlichen Umgebung, auf einem H\\u00fcgel mit spektakul\\u00e4rem freiem Blick auf die bekannte Stadt Sineu. Mit einer ungef\\u00e4hren Fl\\u00e4che von 7.800 m\\u00b2 Land ist dieses Anwesen ideal f\\u00fcr diejenigen, die Ruhe, Kontakt mit der [\\u2026]&quot;,&quot;short_excerpt&quot;:&quot;Charmantes rustikales Anwesen zum Verkauf mit privilegiertem Blick in Sineu - Mallorca\\r\\nZum Verkauf steht ein wundersch\\u00f6ne...&quot;,&quot;long_excerpt&quot;:&quot;Charmantes rustikales Anwesen zum Verkauf mit privilegiertem Blick in Sineu - Mallorca\\r\\nZum Verkauf steht ein wundersch\\u00f6nes rustikales Anwesen in einer unsch...&quot;,&quot;link&quot;:&quot;https:\\\/\\\/novagestioinmobiliaria.com\\\/de\\\/propiedades-properties-immobilien\\\/schoenes-rustikales-anwesen-zum-verkauf-in-sineu-fr1777si-vde\\\/&quot;,&quot;offer_type&quot;:&quot;Zu verkaufen&quot;,&quot;price&quot;:&quot;595.000 \\u20ac&quot;,&quot;location&quot;:&quot;S&quot;,&quot;is_featured&quot;:true,&quot;gallery&quot;:[{&quot;id&quot;:79492,&quot;url&quot;:&quot;https:\\\/\\\/novagestioinmobiliaria.com\\\/wp-content\\\/uploads\\\/2025\\\/07\\\/Finca-rustica-en-venta-en-Sineu-ref-1777-1.jpg&quot;,&quot;alt&quot;:&quot;&quot;},{&quot;id&quot;:79495,&quot;url&quot;:&quot;https:\\\/\\\/novagestioinmobiliaria.com\\\/wp-content\\\/uploads\\\/2025\\\/07\\\/Finca-rustica-en-venta-en-Sineu-ref-1777-2.jpg&quot;,&quot;alt&quot;:&quot;&quot;},{&quot;id&quot;:79498,&quot;url&quot;:&quot;https:\\\/\\\/novagestioinmobiliaria.com\\\/wp-content\\\/uploads\\\/2025\\\/07\\\/Finca-rustica-en-venta-en-Sineu-ref-1777-3.jpg&quot;,&quot;alt&quot;:&quot;&quot;},{&quot;id&quot;:79501,&quot;url&quot;:&quot;https:\\\/\\\/novagestioinmobiliaria.com\\\/wp-content\\\/uploads\\\/2025\\\/07\\\/Finca-rustica-en-venta-en-Sineu-ref-1777-4.jpg&quot;,&quot;alt&quot;:&quot;&quot;},{&quot;id&quot;:79504,&quot;url&quot;:&quot;https:\\\/\\\/novagestioinmobiliaria.com\\\/wp-content\\\/uploads\\\/2025\\\/07\\\/Finca-rustica-en-venta-en-Sineu-ref-1777-5.jpg&quot;,&quot;alt&quot;:&quot;&quot;},{&quot;id&quot;:79507,&quot;url&quot;:&quot;https:\\\/\\\/novagestioinmobiliaria.com\\\/wp-content\\\/uploads\\\/2025\\\/07\\\/Finca-rustica-en-venta-en-Sineu-ref-1777-6.jpg&quot;,&quot;alt&quot;:&quot;&quot;},{&quot;id&quot;:79510,&quot;url&quot;:&quot;https:\\\/\\\/novagestioinmobiliaria.com\\\/wp-content\\\/uploads\\\/2025\\\/07\\\/Finca-rustica-en-venta-en-Sineu-ref-1777-7.jpg&quot;,&quot;alt&quot;:&quot;&quot;},{&quot;id&quot;:79513,&quot;url&quot;:&quot;https:\\\/\\\/novagestioinmobiliaria.com\\\/wp-content\\\/uploads\\\/2025\\\/07\\\/Finca-rustica-en-venta-en-Sineu-ref-1777-8.jpg&quot;,&quot;alt&quot;:&quot;&quot;},{&quot;id&quot;:79516,&quot;url&quot;:&quot;https:\\\/\\\/novagestioinmobiliaria.com\\\/wp-content\\\/uploads\\\/2025\\\/07\\\/Finca-rustica-en-venta-en-Sineu-ref-1777-9.jpg&quot;,&quot;alt&quot;:&quot;&quot;},{&quot;id&quot;:79519,&quot;url&quot;:&quot;https:\\\/\\\/novagestioinmobiliaria.com\\\/wp-content\\\/uploads\\\/2025\\\/07\\\/Finca-rustica-en-venta-en-Sineu-ref-1777-10.jpg&quot;,&quot;alt&quot;:&quot;&quot;},{&quot;id&quot;:79522,&quot;url&quot;:&quot;https:\\\/\\\/novagestioinmobiliaria.com\\\/wp-content\\\/uploads\\\/2025\\\/07\\\/Finca-rustica-en-venta-en-Sineu-ref-1777-11.jpg&quot;,&quot;alt&quot;:&quot;&quot;},{&quot;id&quot;:79525,&quot;url&quot;:&quot;https:\\\/\\\/novagestioinmobiliaria.com\\\/wp-content\\\/uploads\\\/2025\\\/07\\\/Finca-rustica-en-venta-en-Sineu-ref-1777-12.jpg&quot;,&quot;alt&quot;:&quot;&quot;},{&quot;id&quot;:79528,&quot;url&quot;:&quot;https:\\\/\\\/novagestioinmobiliaria.com\\\/wp-content\\\/uploads\\\/2025\\\/07\\\/Finca-rustica-en-venta-en-Sineu-ref-1777-13.jpg&quot;,&quot;alt&quot;:&quot;&quot;},{&quot;id&quot;:79531,&quot;url&quot;:&quot;https:\\\/\\\/novagestioinmobiliaria.com\\\/wp-content\\\/uploads\\\/2025\\\/07\\\/Finca-rustica-en-venta-en-Sineu-ref-1777-14.jpg&quot;,&quot;alt&quot;:&quot;&quot;},{&quot;id&quot;:79534,&quot;url&quot;:&quot;https:\\\/\\\/novagestioinmobiliaria.com\\\/wp-content\\\/uploads\\\/2025\\\/07\\\/Finca-rustica-en-venta-en-Sineu-ref-1777-15.jpg&quot;,&quot;alt&quot;:&quot;&quot;},{&quot;id&quot;:79537,&quot;url&quot;:&quot;https:\\\/\\\/novagestioinmobiliaria.com\\\/wp-content\\\/uploads\\\/2025\\\/07\\\/Finca-rustica-en-venta-en-Sineu-ref-1777-16.jpg&quot;,&quot;alt&quot;:&quot;&quot;},{&quot;id&quot;:79540,&quot;url&quot;:&quot;https:\\\/\\\/novagestioinmobiliaria.com\\\/wp-content\\\/uploads\\\/2025\\\/07\\\/Finca-rustica-en-venta-en-Sineu-ref-1777-17.jpg&quot;,&quot;alt&quot;:&quot;&quot;},{&quot;id&quot;:79543,&quot;url&quot;:&quot;https:\\\/\\\/novagestioinmobiliaria.com\\\/wp-content\\\/uploads\\\/2025\\\/07\\\/Finca-rustica-en-venta-en-Sineu-ref-1777-18.jpg&quot;,&quot;alt&quot;:&quot;&quot;},{&quot;id&quot;:79546,&quot;url&quot;:&quot;https:\\\/\\\/novagestioinmobiliaria.com\\\/wp-content\\\/uploads\\\/2025\\\/07\\\/Finca-rustica-en-venta-en-Sineu-ref-1777-19.jpg&quot;,&quot;alt&quot;:&quot;&quot;},{&quot;id&quot;:79549,&quot;url&quot;:&quot;https:\\\/\\\/novagestioinmobiliaria.com\\\/wp-content\\\/uploads\\\/2025\\\/07\\\/Finca-rustica-en-venta-en-Sineu-ref-1777-20.jpg&quot;,&quot;alt&quot;:&quot;&quot;},{&quot;id&quot;:79552,&quot;url&quot;:&quot;https:\\\/\\\/novagestioinmobiliaria.com\\\/wp-content\\\/uploads\\\/2025\\\/07\\\/Finca-rustica-en-venta-en-Sineu-ref-1777-21.jpg&quot;,&quot;alt&quot;:&quot;&quot;},{&quot;id&quot;:79555,&quot;url&quot;:&quot;https:\\\/\\\/novagestioinmobiliaria.com\\\/wp-content\\\/uploads\\\/2025\\\/07\\\/Finca-rustica-en-venta-en-Sineu-ref-1777-22.jpg&quot;,&quot;alt&quot;:&quot;&quot;},{&quot;id&quot;:79558,&quot;url&quot;:&quot;https:\\\/\\\/novagestioinmobiliaria.com\\\/wp-content\\\/uploads\\\/2025\\\/07\\\/Finca-rustica-en-venta-en-Sineu-ref-1777-23.jpg&quot;,&quot;alt&quot;:&quot;&quot;},{&quot;id&quot;:79561,&quot;url&quot;:&quot;https:\\\/\\\/novagestioinmobiliaria.com\\\/wp-content\\\/uploads\\\/2025\\\/07\\\/Finca-rustica-en-venta-en-Sineu-ref-1777-24.jpg&quot;,&quot;alt&quot;:&quot;&quot;}],&quot;attributes&quot;:[{&quot;slug&quot;:&quot;property-type&quot;,&quot;name&quot;:&quot;Tipo propiedad&quot;,&quot;has_archive&quot;:true,&quot;elements&quot;:[{&quot;name&quot;:&quot;Fincas \\\/ Landh\\u00e4user&quot;,&quot;link&quot;:&quot;https:\\\/\\\/novagestioinmobiliaria.com\\\/de\\\/immobilientyp\\\/fincas-landhaeuser\\\/&quot;,&quot;slug&quot;:&quot;fincas-landhaeuser&quot;}],&quot;card&quot;:false,&quot;show&quot;:true,&quot;display_after&quot;:&quot;&quot;,&quot;new_box&quot;:false},{&quot;slug&quot;:&quot;offer-type&quot;,&quot;name&quot;:&quot;Tipo operaci\\u00f3n&quot;,&quot;has_archive&quot;:true,&quot;elements&quot;:[{&quot;name&quot;:&quot;Zu verkaufen&quot;,&quot;link&quot;:&quot;https:\\\/\\\/novagestioinmobiliaria.com\\\/de\\\/offer-type\\\/zu-verkaufen\\\/&quot;,&quot;slug&quot;:&quot;zu-verkaufen&quot;}],&quot;card&quot;:true,&quot;show&quot;:true,&quot;display_after&quot;:&quot;&quot;,&quot;new_box&quot;:false},{&quot;slug&quot;:&quot;city&quot;,&quot;name&quot;:&quot;Zona&quot;,&quot;has_archive&quot;:true,&quot;elements&quot;:[{&quot;name&quot;:&quot;Sineu&quot;,&quot;link&quot;:&quot;https:\\\/\\\/novagestioinmobiliaria.com\\\/de\\\/city\\\/sineu-de\\\/&quot;,&quot;slug&quot;:&quot;sineu-de&quot;}],&quot;card&quot;:false,&quot;show&quot;:true,&quot;display_after&quot;:&quot;&quot;,&quot;new_box&quot;:false},{&quot;slug&quot;:&quot;price&quot;,&quot;name&quot;:&quot;Precio&quot;,&quot;has_archive&quot;:false,&quot;elements&quot;:[{&quot;name&quot;:&quot;595000&quot;,&quot;link&quot;:&quot;&quot;,&quot;slug&quot;:&quot;&quot;}],&quot;show&quot;:false,&quot;card&quot;:false,&quot;display_after&quot;:&quot;\\u20ac&quot;,&quot;new_box&quot;:false},{&quot;slug&quot;:&quot;bathrooms&quot;,&quot;name&quot;:&quot;Ba\\u00f1os&quot;,&quot;has_archive&quot;:false,&quot;elements&quot;:[{&quot;name&quot;:&quot;1&quot;,&quot;link&quot;:&quot;&quot;,&quot;slug&quot;:&quot;&quot;}],&quot;show&quot;:true,&quot;card&quot;:true,&quot;display_after&quot;:&quot;&quot;,&quot;new_box&quot;:false},{&quot;slug&quot;:&quot;property-size&quot;,&quot;name&quot;:&quot;M2&quot;,&quot;has_archive&quot;:false,&quot;elements&quot;:[{&quot;name&quot;:&quot;45&quot;,&quot;link&quot;:&quot;&quot;,&quot;slug&quot;:&quot;&quot;}],&quot;show&quot;:true,&quot;card&quot;:true,&quot;display_after&quot;:&quot;m\\u00b2&quot;,&quot;new_box&quot;:false},{&quot;slug&quot;:&quot;lot-size&quot;,&quot;name&quot;:&quot;Terreno \\\/ Solar&quot;,&quot;has_archive&quot;:false,&quot;elements&quot;:[{&quot;name&quot;:&quot;7800&quot;,&quot;link&quot;:&quot;&quot;,&quot;slug&quot;:&quot;&quot;}],&quot;show&quot;:true,&quot;card&quot;:false,&quot;display_after&quot;:&quot;m\\u00b2&quot;,&quot;new_box&quot;:false},{&quot;slug&quot;:&quot;features&quot;,&quot;name&quot;:&quot;Caracter\\u00edsticas&quot;,&quot;has_archive&quot;:true,&quot;elements&quot;:[{&quot;name&quot;:&quot;Ausblick auf die Berge&quot;,&quot;link&quot;:&quot;https:\\\/\\\/novagestioinmobiliaria.com\\\/de\\\/eigenschaften\\\/ausblick-auf-die-berge\\\/&quot;,&quot;slug&quot;:&quot;ausblick-auf-die-berge&quot;},{&quot;name&quot;:&quot;Einbauk\\u00fcche&quot;,&quot;link&quot;:&quot;https:\\\/\\\/novagestioinmobiliaria.com\\\/de\\\/eigenschaften\\\/einbaukueche\\\/&quot;,&quot;slug&quot;:&quot;einbaukueche&quot;},{&quot;name&quot;:&quot;M\\u00f6bliert&quot;,&quot;link&quot;:&quot;https:\\\/\\\/novagestioinmobiliaria.com\\\/de\\\/eigenschaften\\\/moebliert\\\/&quot;,&quot;slug&quot;:&quot;moebliert&quot;},{&quot;name&quot;:&quot;Panoramablick&quot;,&quot;link&quot;:&quot;https:\\\/\\\/novagestioinmobiliaria.com\\\/de\\\/eigenschaften\\\/panoramablick\\\/&quot;,&quot;slug&quot;:&quot;panoramablick&quot;},{&quot;name&quot;:&quot;Ruhige Lage&quot;,&quot;link&quot;:&quot;https:\\\/\\\/novagestioinmobiliaria.com\\\/de\\\/eigenschaften\\\/ruhige-lage\\\/&quot;,&quot;slug&quot;:&quot;ruhige-lage&quot;},{&quot;name&quot;:&quot;Terrasse&quot;,&quot;link&quot;:&quot;https:\\\/\\\/novagestioinmobiliaria.com\\\/de\\\/eigenschaften\\\/terrasse\\\/&quot;,&quot;slug&quot;:&quot;terrasse&quot;}],&quot;card&quot;:false,&quot;show&quot;:true,&quot;display_after&quot;:&quot;&quot;,&quot;new_box&quot;:true}],&quot;views&quot;:26,&quot;days_ago&quot;:&quot;10 monat.&quot;,&quot;image_id&quot;:79555,&quot;image_url&quot;:&quot;https:\\\/\\\/novagestioinmobiliaria.com\\\/wp-content\\\/uploads\\\/2025\\\/07\\\/Finca-rustica-en-venta-en-Sineu-ref-1777-22.jpg&quot;,&quot;tags&quot;:[{&quot;name&quot;:&quot;Caracter\\u00edsticas&quot;,&quot;elements&quot;:[{&quot;name&quot;:&quot;Ausblick auf die Berge&quot;,&quot;link&quot;:&quot;https:\\\/\\\/novagestioinmobiliaria.com\\\/de\\\/eigenschaften\\\/ausblick-auf-die-berge\\\/&quot;},{&quot;name&quot;:&quot;Einbauk\\u00fcche&quot;,&quot;link&quot;:&quot;https:\\\/\\\/novagestioinmobiliaria.com\\\/de\\\/eigenschaften\\\/einbaukueche\\\/&quot;},{&quot;name&quot;:&quot;M\\u00f6bliert&quot;,&quot;link&quot;:&quot;https:\\\/\\\/novagestioinmobiliaria.com\\\/de\\\/eigenschaften\\\/moebliert\\\/&quot;},{&quot;name&quot;:&quot;Panoramablick&quot;,&quot;link&quot;:&quot;https:\\\/\\\/novagestioinmobiliaria.com\\\/de\\\/eigenschaften\\\/panoramablick\\\/&quot;},{&quot;name&quot;:&quot;Ruhige Lage&quot;,&quot;link&quot;:&quot;https:\\\/\\\/novagestioinmobiliaria.com\\\/de\\\/eigenschaften\\\/ruhige-lage\\\/&quot;},{&quot;name&quot;:&quot;Terrasse&quot;,&quot;link&quot;:&quot;https:\\\/\\\/novagestioinmobiliaria.com\\\/de\\\/eigenschaften\\\/terrasse\\\/&quot;}],&quot;has_archive&quot;:true}],&quot;status&quot;:&quot;publish&quot;,&quot;plans&quot;:[],&quot;video_plan&quot;:{&quot;src&quot;:&quot;&quot;,&quot;video&quot;:&quot;&quot;},&quot;virtual_tour&quot;:null,&quot;state&quot;:&quot;&quot;,&quot;labels&quot;:[],&quot;image&quot;:&quot;https:\\\/\\\/novagestioinmobiliaria.com\\\/wp-content\\\/uploads\\\/2025\\\/07\\\/Finca-rustica-en-venta-en-Sineu-ref-1777-22-400x250.jpg&quot;,&quot;image_srcset&quot;:&quot;https:\\\/\\\/novagestioinmobiliaria.com\\\/wp-content\\\/uploads\\\/2025\\\/07\\\/Finca-rustica-en-venta-en-Sineu-ref-1777-22-200x125.jpg 200w, https:\\\/\\\/novagestioinmobiliaria.com\\\/wp-content\\\/uploads\\\/2025\\\/07\\\/Finca-rustica-en-venta-en-Sineu-ref-1777-22-1200x750.jpg 1200w, https:\\\/\\\/novagestioinmobiliaria.com\\\/wp-content\\\/uploads\\\/2025\\\/07\\\/Finca-rustica-en-venta-en-Sineu-ref-1777-22-800x500.jpg 800w, https:\\\/\\\/novagestioinmobiliaria.com\\\/wp-content\\\/uploads\\\/2025\\\/07\\\/Finca-rustica-en-venta-en-Sineu-ref-1777-22-600x375.jpg 600w, https:\\\/\\\/novagestioinmobiliaria.com\\\/wp-content\\\/uploads\\\/2025\\\/07\\\/Finca-rustica-en-venta-en-Sineu-ref-1777-22-400x250.jpg 400w&quot;}'>\r\n\t\t\t\t\t\t\t\t\t\t\t\t\t<\/compare-button>\r\n\t\t\t\t\t\t\t\t\t\t\t\t<\/div>\r\n\t\t\t\t\t\t\t\t\t\t\t\t<div class=\"mh-estate-vertical__buttons__single\">\r\n\t\t\t\t\t\t\t\t\t\t\t\t\t<a href=\"https:\/\/novagestioinmobiliaria.com\/de\/propiedades-properties-immobilien\/schoenes-rustikales-anwesen-zum-verkauf-in-sineu-fr1777si-vde\/\"\r\n\t\t\t\t\t\t\t\t\t\t\t\t\t   title=\"Sch\u00f6nes rustikales Anwesen zum Verkauf in Sineu FR1777SI-VDE\"\r\n\t\t\t\t\t\t\t\t\t\t\t\t\t   class=\"mdl-button mdl-js-button mdl-button--raised mdl-js-ripple-effect mdl-button--primary-ghost\">\r\n\t\t\t\t\t\t\t\t\t\t\t\t\t\tDetails\t\t\t\t\t\t\t\t\t\t\t\t\t\t<span class=\"mdl-button__icon-right\"><i class=\"fa fa-angle-right\"><\/i><\/span>\r\n\t\t\t\t\t\t\t\t\t\t\t\t\t<\/a>\r\n\t\t\t\t\t\t\t\t\t\t\t\t<\/div>\r\n\t\t\t\t\t\t\t\t\t\t\t<\/div>\r\n\t\t\t\t\t\t\t\t\t\t<\/div>\r\n\t\t\t\t\t\t\t\t\t<\/div>\r\n\t\t\t\t\t\t\t\t<\/div>\r\n\t\t\t\t\t\t\t<\/div>\r\n\t\t\t\t\t\t<\/article>\r\n\t\t\t\t\t<\/div>\r\n\t\t\t\t\r\n\t\t\t\t\t<div class=\"item\">\r\n\t\t\t\t\t\t<article class=\"mh-estate-vertical mh-estate-vertical--white  mh-attribute-property-type__stadtgrundstuecke mh-attribute-offer-type__zu-verkaufen mh-attribute-city__cala-dor-de mh-attribute-features__erste-meereslinie mh-attribute-features__meerblick mh-attribute-features__ruhige-lage\">\r\n\t\t\t\t\t\t\t<a href=\"https:\/\/novagestioinmobiliaria.com\/de\/propiedades-properties-immobilien\/grundstueck-in-erster-linie-am-meer-in-cala-dor-so1773cd-vde\/\"\r\n\t\t\t\t\t\t\t   title=\"Grundst\u00fcck in erster Linie am Meer in Cala D&#8217;Or : : SO1773CD-VDE\"\r\n\t\t\t\t\t\t\t   class=\"mh-thumbnail\">\r\n                        <span class=\"mh-thumbnail__inner\">\r\n                                    <img\r\n                    data-srcset=\"https:\/\/novagestioinmobiliaria.com\/wp-content\/uploads\/2025\/06\/Solar-Cala-Dor-ref-1773-3-200x125.jpg 200w, https:\/\/novagestioinmobiliaria.com\/wp-content\/uploads\/2025\/06\/Solar-Cala-Dor-ref-1773-3-800x500.jpg 800w, https:\/\/novagestioinmobiliaria.com\/wp-content\/uploads\/2025\/06\/Solar-Cala-Dor-ref-1773-3-600x375.jpg 600w, https:\/\/novagestioinmobiliaria.com\/wp-content\/uploads\/2025\/06\/Solar-Cala-Dor-ref-1773-3-400x250.jpg 400w\"\r\n                    class=\"lazyload \" alt=\"Grundst\u00fcck in erster Linie am Meer in Cala D&#8217;Or : : SO1773CD-VDE\"\r\n                    data-sizes=\"auto\"\r\n            >\r\n\t\t\t                        <\/span>\r\n\r\n\t\t\t\t\t\t\t\t\t\t\t\t\t\t\t\t\t<div class=\"mh-caption\">\r\n\t\t\t\t\t\t\t\t\t\t<div class=\"mh-caption__inner\">\r\n\t\t\t\t\t\t\t\t\t\t\tZu verkaufen\t\t\t\t\t\t\t\t\t\t<\/div>\r\n\t\t\t\t\t\t\t\t\t<\/div>\r\n\t\t\t\t\t\t\t\t\t\r\n\t\t\t\t\t\t\t\t<div class=\"mh-estate-vertical__text\">\r\n\t\t\t\t\t\t\t\t\t<div class=\"mh-estate-vertical__text__inner\">\r\n\t\t\t\t\t\t\t\t\t\tSpektakul\u00e4res Grundst\u00fcck direkt am Meer in Cala d&#8217;Or, auf den Felsen, mit einzigartigem und ununterbrochenem Panoramablick. Das Grundst\u00fcck hat eine...\t\t\t\t\t\t\t\t\t<\/div>\r\n\t\t\t\t\t\t\t\t<\/div>\r\n\t\t\t\t\t\t\t<\/a>\r\n\r\n\t\t\t\t\t\t\t<div class=\"mh-estate-vertical__content\">\r\n\t\t\t\t\t\t\t\t<h3 class=\"mh-estate-vertical__heading\">\r\n\t\t\t\t\t\t\t\t\t<a href=\"https:\/\/novagestioinmobiliaria.com\/de\/propiedades-properties-immobilien\/grundstueck-in-erster-linie-am-meer-in-cala-dor-so1773cd-vde\/\"\r\n\t\t\t\t\t\t\t\t\t   title=\"Grundst\u00fcck in erster Linie am Meer in Cala D&#8217;Or : : SO1773CD-VDE\">\r\n\t\t\t\t\t\t\t\t\t\tGrundst\u00fcck in erster Linie am Meer in Cala D&#8217;Or : : SO1773CD-VDE\t\t\t\t\t\t\t\t\t<\/a>\r\n\t\t\t\t\t\t\t\t<\/h3>\r\n\t\t\t\t\t\t\t\t<address class=\"mh-estate-vertical__subheading\">\r\n\t\t\t\t\t\t\t\t\tC\t\t\t\t\t\t\t\t<\/address>\r\n\t\t\t\t\t\t\t\t<div class=\"mh-estate-vertical__primary\">\r\n\t\t\t\t\t\t\t\t\t1.500.000 \u20ac\t\t\t\t\t\t\t\t<\/div>\r\n\r\n\t\t\t\t\t\t\t\t<div>\r\n\t\t\t\t\t\t\t\t\t<div class=\"mh-estate__list\">\r\n\t\t\t\t\t\t\t\t\t\t\r\n\t\t\t\t\t\t\t\t\t\t\t<span class=\"mh-estate-vertical__more-info mh-estate_attribute-offer-type\">\r\n                                        <strong>Tipo operaci\u00f3n:<\/strong>\r\n\t\t\t\t\t\t\t\t\t\t\t\t\t\t\t\t\t\t\t\t\t\t\t\t\t\tZu verkaufen\t\t\t\t\t\t\t\t\t\t\t\t\t\t                                    <\/span>\r\n\r\n\t\t\t\t\t\t\t\t\t\t\t\t\t\t\t\t\t\t\t<\/div>\r\n\t\t\t\t\t\t\t\t<\/div>\r\n\r\n\t\t\t\t\t\t\t\t<div class=\"mh-estate-vertical__bottom\">\r\n\t\t\t\t\t\t\t\t\t<div class=\"mh-estate-vertical__bottom__inner\">\r\n\t\t\t\t\t\t\t\t\t\t<div class=\"mh-estate-vertical__date\">\r\n\t\t\t\t\t\t\t\t\t\t\t10 monat.\t\t\t\t\t\t\t\t\t\t<\/div>\r\n\t\t\t\t\t\t\t\t\t\t<div class=\"mh-estate-vertical__buttons-wrapper\">\r\n\t\t\t\t\t\t\t\t\t\t\t<div class=\"mh-estate-vertical__buttons\">\r\n\t\t\t\t\t\t\t\t\t\t\t\t<div class=\"mh-estate-vertical__buttons__single\">\r\n\t\t\t\t\t\t\t\t\t\t\t\t\t<compare-button class=\"myhome-compare\"\r\n\t\t\t\t\t\t\t\t\t\t\t\t\t\t\t\t\t:translations='{&quot;added&quot;:&quot;Zus\\u00e4tzlich&quot;,&quot;compare&quot;:&quot;Vergleichen&quot;}'\r\n\t\t\t\t\t\t\t\t\t\t\t\t\t\t\t\t\t:estate='{&quot;short_excerpt_limit&quot;:125,&quot;long_excerpt_limit&quot;:160,&quot;id&quot;:79151,&quot;agent_id&quot;:&quot;1&quot;,&quot;title&quot;:&quot;Grundst\\u00fcck in erster Linie am Meer in Cala D\\u2019Or : : SO1773CD-VDE&quot;,&quot;content&quot;:&quot;Spektakul\\u00e4res Grundst\\u00fcck direkt am Meer in Cala d&#039;Or, auf den Felsen, mit einzigartigem und ununterbrochenem Panoramablick. Das Grundst\\u00fcck hat eine Fl\\u00e4che von 1.000 m\\u00b2 und eine Bebaubarkeit von 350 bis 400 m\\u00b2, ideal f\\u00fcr den Bau eines exklusiven Einfamilienhauses.\\r\\nNeben diesem Grundst\\u00fcck befindet sich ein angrenzendes Grundst\\u00fcck von 1.320 m\\u00b2, das ebenfalls zum Verkauf steht. Es besteht die M\\u00f6glichkeit, beide Grundst\\u00fccke gemeinsam zu erwerben, zum Gesamtpreis von 3.000.000 \\u20ac, was eine Ersparnis von 300.000 \\u20ac gegen\\u00fcber dem individuellen Preis darstellt.\\r\\nBeide Grundst\\u00fccke befinden sich in einer der angesehensten Wohngegenden der Region und bieten eine einzigartige Gelegenheit, ein oder zwei hochwertige Wohnh\\u00e4user an einem privilegierten Standort zu bauen.\\r\\nDer Preis des 1.320 m\\u00b2 gro\\u00dfen Grundst\\u00fccks allein w\\u00fcrde 1.800.000 \\u20ac betragen.\\r\\nNova Gesti\\u00f3, Immobilienagentur in Cala D&#039;Or - Santanyi&quot;,&quot;excerpt&quot;:&quot;Spektakul\\u00e4res Grundst\\u00fcck direkt am Meer in Cala d\\u2019Or, auf den Felsen, mit einzigartigem und ununterbrochenem Panoramablick. Das Grundst\\u00fcck hat eine Fl\\u00e4che von 1.000 m\\u00b2 und eine Bebaubarkeit von 350 bis 400 m\\u00b2, ideal f\\u00fcr den Bau eines exklusiven Einfamilienhauses. Neben diesem Grundst\\u00fcck befindet sich ein angrenzendes Grundst\\u00fcck von 1.320 m\\u00b2, das ebenfalls zum Verkauf steht. [\\u2026]&quot;,&quot;short_excerpt&quot;:&quot;Spektakul\\u00e4res Grundst\\u00fcck direkt am Meer in Cala d&#039;Or, auf den Felsen, mit einzigartigem und ununterbrochenem Panoramablick...&quot;,&quot;long_excerpt&quot;:&quot;Spektakul\\u00e4res Grundst\\u00fcck direkt am Meer in Cala d&#039;Or, auf den Felsen, mit einzigartigem und ununterbrochenem Panoramablick. Das Grundst\\u00fcck hat eine Fl\\u00e4che vo...&quot;,&quot;link&quot;:&quot;https:\\\/\\\/novagestioinmobiliaria.com\\\/de\\\/propiedades-properties-immobilien\\\/grundstueck-in-erster-linie-am-meer-in-cala-dor-so1773cd-vde\\\/&quot;,&quot;offer_type&quot;:&quot;Zu verkaufen&quot;,&quot;price&quot;:&quot;1.500.000 \\u20ac&quot;,&quot;location&quot;:&quot;C&quot;,&quot;is_featured&quot;:true,&quot;gallery&quot;:[{&quot;id&quot;:79137,&quot;url&quot;:&quot;https:\\\/\\\/novagestioinmobiliaria.com\\\/wp-content\\\/uploads\\\/2025\\\/06\\\/Solar-Cala-Dor-ref-1773-6.jpg&quot;,&quot;alt&quot;:&quot;&quot;},{&quot;id&quot;:79140,&quot;url&quot;:&quot;https:\\\/\\\/novagestioinmobiliaria.com\\\/wp-content\\\/uploads\\\/2025\\\/06\\\/Solar-Cala-Dor-ref-1773-2.jpg&quot;,&quot;alt&quot;:&quot;&quot;},{&quot;id&quot;:79143,&quot;url&quot;:&quot;https:\\\/\\\/novagestioinmobiliaria.com\\\/wp-content\\\/uploads\\\/2025\\\/06\\\/Solar-Cala-Dor-ref-1773-3.jpg&quot;,&quot;alt&quot;:&quot;&quot;},{&quot;id&quot;:79149,&quot;url&quot;:&quot;https:\\\/\\\/novagestioinmobiliaria.com\\\/wp-content\\\/uploads\\\/2025\\\/06\\\/Solar-Cala-Dor-ref-1773-5.jpg&quot;,&quot;alt&quot;:&quot;&quot;}],&quot;attributes&quot;:[{&quot;slug&quot;:&quot;property-type&quot;,&quot;name&quot;:&quot;Tipo propiedad&quot;,&quot;has_archive&quot;:true,&quot;elements&quot;:[{&quot;name&quot;:&quot;Stadtgrundst\\u00fccke&quot;,&quot;link&quot;:&quot;https:\\\/\\\/novagestioinmobiliaria.com\\\/de\\\/immobilientyp\\\/stadtgrundstuecke\\\/&quot;,&quot;slug&quot;:&quot;stadtgrundstuecke&quot;}],&quot;card&quot;:false,&quot;show&quot;:true,&quot;display_after&quot;:&quot;&quot;,&quot;new_box&quot;:false},{&quot;slug&quot;:&quot;offer-type&quot;,&quot;name&quot;:&quot;Tipo operaci\\u00f3n&quot;,&quot;has_archive&quot;:true,&quot;elements&quot;:[{&quot;name&quot;:&quot;Zu verkaufen&quot;,&quot;link&quot;:&quot;https:\\\/\\\/novagestioinmobiliaria.com\\\/de\\\/offer-type\\\/zu-verkaufen\\\/&quot;,&quot;slug&quot;:&quot;zu-verkaufen&quot;}],&quot;card&quot;:true,&quot;show&quot;:true,&quot;display_after&quot;:&quot;&quot;,&quot;new_box&quot;:false},{&quot;slug&quot;:&quot;city&quot;,&quot;name&quot;:&quot;Zona&quot;,&quot;has_archive&quot;:true,&quot;elements&quot;:[{&quot;name&quot;:&quot;Cala d&#039;Or&quot;,&quot;link&quot;:&quot;https:\\\/\\\/novagestioinmobiliaria.com\\\/de\\\/city\\\/cala-dor-de\\\/&quot;,&quot;slug&quot;:&quot;cala-dor-de&quot;}],&quot;card&quot;:false,&quot;show&quot;:true,&quot;display_after&quot;:&quot;&quot;,&quot;new_box&quot;:false},{&quot;slug&quot;:&quot;price&quot;,&quot;name&quot;:&quot;Precio&quot;,&quot;has_archive&quot;:false,&quot;elements&quot;:[{&quot;name&quot;:&quot;1500000&quot;,&quot;link&quot;:&quot;&quot;,&quot;slug&quot;:&quot;&quot;}],&quot;show&quot;:false,&quot;card&quot;:false,&quot;display_after&quot;:&quot;\\u20ac&quot;,&quot;new_box&quot;:false},{&quot;slug&quot;:&quot;lot-size&quot;,&quot;name&quot;:&quot;Terreno \\\/ Solar&quot;,&quot;has_archive&quot;:false,&quot;elements&quot;:[{&quot;name&quot;:&quot;1000&quot;,&quot;link&quot;:&quot;&quot;,&quot;slug&quot;:&quot;&quot;}],&quot;show&quot;:true,&quot;card&quot;:false,&quot;display_after&quot;:&quot;m\\u00b2&quot;,&quot;new_box&quot;:false},{&quot;slug&quot;:&quot;features&quot;,&quot;name&quot;:&quot;Caracter\\u00edsticas&quot;,&quot;has_archive&quot;:true,&quot;elements&quot;:[{&quot;name&quot;:&quot;Erste Meereslinie&quot;,&quot;link&quot;:&quot;https:\\\/\\\/novagestioinmobiliaria.com\\\/de\\\/eigenschaften\\\/erste-meereslinie\\\/&quot;,&quot;slug&quot;:&quot;erste-meereslinie&quot;},{&quot;name&quot;:&quot;Meerblick&quot;,&quot;link&quot;:&quot;https:\\\/\\\/novagestioinmobiliaria.com\\\/de\\\/eigenschaften\\\/meerblick\\\/&quot;,&quot;slug&quot;:&quot;meerblick&quot;},{&quot;name&quot;:&quot;Ruhige Lage&quot;,&quot;link&quot;:&quot;https:\\\/\\\/novagestioinmobiliaria.com\\\/de\\\/eigenschaften\\\/ruhige-lage\\\/&quot;,&quot;slug&quot;:&quot;ruhige-lage&quot;}],&quot;card&quot;:false,&quot;show&quot;:true,&quot;display_after&quot;:&quot;&quot;,&quot;new_box&quot;:true}],&quot;views&quot;:25,&quot;days_ago&quot;:&quot;10 monat.&quot;,&quot;image_id&quot;:79143,&quot;image_url&quot;:&quot;https:\\\/\\\/novagestioinmobiliaria.com\\\/wp-content\\\/uploads\\\/2025\\\/06\\\/Solar-Cala-Dor-ref-1773-3.jpg&quot;,&quot;tags&quot;:[{&quot;name&quot;:&quot;Caracter\\u00edsticas&quot;,&quot;elements&quot;:[{&quot;name&quot;:&quot;Erste Meereslinie&quot;,&quot;link&quot;:&quot;https:\\\/\\\/novagestioinmobiliaria.com\\\/de\\\/eigenschaften\\\/erste-meereslinie\\\/&quot;},{&quot;name&quot;:&quot;Meerblick&quot;,&quot;link&quot;:&quot;https:\\\/\\\/novagestioinmobiliaria.com\\\/de\\\/eigenschaften\\\/meerblick\\\/&quot;},{&quot;name&quot;:&quot;Ruhige Lage&quot;,&quot;link&quot;:&quot;https:\\\/\\\/novagestioinmobiliaria.com\\\/de\\\/eigenschaften\\\/ruhige-lage\\\/&quot;}],&quot;has_archive&quot;:true}],&quot;status&quot;:&quot;publish&quot;,&quot;plans&quot;:[],&quot;video_plan&quot;:{&quot;src&quot;:&quot;&quot;,&quot;video&quot;:&quot;&quot;},&quot;virtual_tour&quot;:null,&quot;state&quot;:&quot;&quot;,&quot;labels&quot;:[],&quot;image&quot;:&quot;https:\\\/\\\/novagestioinmobiliaria.com\\\/wp-content\\\/uploads\\\/2025\\\/06\\\/Solar-Cala-Dor-ref-1773-3-400x250.jpg&quot;,&quot;image_srcset&quot;:&quot;https:\\\/\\\/novagestioinmobiliaria.com\\\/wp-content\\\/uploads\\\/2025\\\/06\\\/Solar-Cala-Dor-ref-1773-3-200x125.jpg 200w, https:\\\/\\\/novagestioinmobiliaria.com\\\/wp-content\\\/uploads\\\/2025\\\/06\\\/Solar-Cala-Dor-ref-1773-3-800x500.jpg 800w, https:\\\/\\\/novagestioinmobiliaria.com\\\/wp-content\\\/uploads\\\/2025\\\/06\\\/Solar-Cala-Dor-ref-1773-3-600x375.jpg 600w, https:\\\/\\\/novagestioinmobiliaria.com\\\/wp-content\\\/uploads\\\/2025\\\/06\\\/Solar-Cala-Dor-ref-1773-3-400x250.jpg 400w&quot;}'>\r\n\t\t\t\t\t\t\t\t\t\t\t\t\t<\/compare-button>\r\n\t\t\t\t\t\t\t\t\t\t\t\t<\/div>\r\n\t\t\t\t\t\t\t\t\t\t\t\t<div class=\"mh-estate-vertical__buttons__single\">\r\n\t\t\t\t\t\t\t\t\t\t\t\t\t<a href=\"https:\/\/novagestioinmobiliaria.com\/de\/propiedades-properties-immobilien\/grundstueck-in-erster-linie-am-meer-in-cala-dor-so1773cd-vde\/\"\r\n\t\t\t\t\t\t\t\t\t\t\t\t\t   title=\"Grundst\u00fcck in erster Linie am Meer in Cala D&#8217;Or : : SO1773CD-VDE\"\r\n\t\t\t\t\t\t\t\t\t\t\t\t\t   class=\"mdl-button mdl-js-button mdl-button--raised mdl-js-ripple-effect mdl-button--primary-ghost\">\r\n\t\t\t\t\t\t\t\t\t\t\t\t\t\tDetails\t\t\t\t\t\t\t\t\t\t\t\t\t\t<span class=\"mdl-button__icon-right\"><i class=\"fa fa-angle-right\"><\/i><\/span>\r\n\t\t\t\t\t\t\t\t\t\t\t\t\t<\/a>\r\n\t\t\t\t\t\t\t\t\t\t\t\t<\/div>\r\n\t\t\t\t\t\t\t\t\t\t\t<\/div>\r\n\t\t\t\t\t\t\t\t\t\t<\/div>\r\n\t\t\t\t\t\t\t\t\t<\/div>\r\n\t\t\t\t\t\t\t\t<\/div>\r\n\t\t\t\t\t\t\t<\/div>\r\n\t\t\t\t\t\t<\/article>\r\n\t\t\t\t\t<\/div>\r\n\t\t\t\t\r\n\t\t\t\t\t<div class=\"item\">\r\n\t\t\t\t\t\t<article class=\"mh-estate-vertical mh-estate-vertical--white  mh-attribute-property-type__stadtgrundstuecke mh-attribute-offer-type__zu-verkaufen mh-attribute-city__capdepera-de\">\r\n\t\t\t\t\t\t\t<a href=\"https:\/\/novagestioinmobiliaria.com\/de\/propiedades-properties-immobilien\/baugrundstueck-in-capdepera-zu-verkaufen-so1759cdp-vde\/\"\r\n\t\t\t\t\t\t\t   title=\"Baugrundst\u00fcck in Capdepera zu verkaufen : : SO1759CDP-VDE\"\r\n\t\t\t\t\t\t\t   class=\"mh-thumbnail\">\r\n                        <span class=\"mh-thumbnail__inner\">\r\n                                    <img\r\n                    data-srcset=\"https:\/\/novagestioinmobiliaria.com\/wp-content\/uploads\/2025\/06\/20250529_162214-200x125.jpg 200w, https:\/\/novagestioinmobiliaria.com\/wp-content\/uploads\/2025\/06\/20250529_162214-1200x750.jpg 1200w, https:\/\/novagestioinmobiliaria.com\/wp-content\/uploads\/2025\/06\/20250529_162214-800x500.jpg 800w, https:\/\/novagestioinmobiliaria.com\/wp-content\/uploads\/2025\/06\/20250529_162214-600x375.jpg 600w, https:\/\/novagestioinmobiliaria.com\/wp-content\/uploads\/2025\/06\/20250529_162214-400x250.jpg 400w\"\r\n                    class=\"lazyload \" alt=\"Baugrundst\u00fcck in Capdepera zu verkaufen : : SO1759CDP-VDE\"\r\n                    data-sizes=\"auto\"\r\n            >\r\n\t\t\t                        <\/span>\r\n\r\n\t\t\t\t\t\t\t\t\t\t\t\t\t\t\t\t\t<div class=\"mh-caption\">\r\n\t\t\t\t\t\t\t\t\t\t<div class=\"mh-caption__inner\">\r\n\t\t\t\t\t\t\t\t\t\t\tZu verkaufen\t\t\t\t\t\t\t\t\t\t<\/div>\r\n\t\t\t\t\t\t\t\t\t<\/div>\r\n\t\t\t\t\t\t\t\t\t\r\n\t\t\t\t\t\t\t\t<div class=\"mh-estate-vertical__text\">\r\n\t\t\t\t\t\t\t\t\t<div class=\"mh-estate-vertical__text__inner\">\r\n\t\t\t\t\t\t\t\t\t\tMagnificent urban land of 181 sqm with a house to renovate or to build a single-family home, located in a...\t\t\t\t\t\t\t\t\t<\/div>\r\n\t\t\t\t\t\t\t\t<\/div>\r\n\t\t\t\t\t\t\t<\/a>\r\n\r\n\t\t\t\t\t\t\t<div class=\"mh-estate-vertical__content\">\r\n\t\t\t\t\t\t\t\t<h3 class=\"mh-estate-vertical__heading\">\r\n\t\t\t\t\t\t\t\t\t<a href=\"https:\/\/novagestioinmobiliaria.com\/de\/propiedades-properties-immobilien\/baugrundstueck-in-capdepera-zu-verkaufen-so1759cdp-vde\/\"\r\n\t\t\t\t\t\t\t\t\t   title=\"Baugrundst\u00fcck in Capdepera zu verkaufen : : SO1759CDP-VDE\">\r\n\t\t\t\t\t\t\t\t\t\tBaugrundst\u00fcck in Capdepera zu verkaufen : : SO1759CDP-VDE\t\t\t\t\t\t\t\t\t<\/a>\r\n\t\t\t\t\t\t\t\t<\/h3>\r\n\t\t\t\t\t\t\t\t<address class=\"mh-estate-vertical__subheading\">\r\n\t\t\t\t\t\t\t\t\tC\t\t\t\t\t\t\t\t<\/address>\r\n\t\t\t\t\t\t\t\t<div class=\"mh-estate-vertical__primary\">\r\n\t\t\t\t\t\t\t\t\t265.000 \u20ac\t\t\t\t\t\t\t\t<\/div>\r\n\r\n\t\t\t\t\t\t\t\t<div>\r\n\t\t\t\t\t\t\t\t\t<div class=\"mh-estate__list\">\r\n\t\t\t\t\t\t\t\t\t\t\r\n\t\t\t\t\t\t\t\t\t\t\t<span class=\"mh-estate-vertical__more-info mh-estate_attribute-offer-type\">\r\n                                        <strong>Tipo operaci\u00f3n:<\/strong>\r\n\t\t\t\t\t\t\t\t\t\t\t\t\t\t\t\t\t\t\t\t\t\t\t\t\t\tZu verkaufen\t\t\t\t\t\t\t\t\t\t\t\t\t\t                                    <\/span>\r\n\r\n\t\t\t\t\t\t\t\t\t\t\t\t\t\t\t\t\t\t\t<\/div>\r\n\t\t\t\t\t\t\t\t<\/div>\r\n\r\n\t\t\t\t\t\t\t\t<div class=\"mh-estate-vertical__bottom\">\r\n\t\t\t\t\t\t\t\t\t<div class=\"mh-estate-vertical__bottom__inner\">\r\n\t\t\t\t\t\t\t\t\t\t<div class=\"mh-estate-vertical__date\">\r\n\t\t\t\t\t\t\t\t\t\t\t11 monat.\t\t\t\t\t\t\t\t\t\t<\/div>\r\n\t\t\t\t\t\t\t\t\t\t<div class=\"mh-estate-vertical__buttons-wrapper\">\r\n\t\t\t\t\t\t\t\t\t\t\t<div class=\"mh-estate-vertical__buttons\">\r\n\t\t\t\t\t\t\t\t\t\t\t\t<div class=\"mh-estate-vertical__buttons__single\">\r\n\t\t\t\t\t\t\t\t\t\t\t\t\t<compare-button class=\"myhome-compare\"\r\n\t\t\t\t\t\t\t\t\t\t\t\t\t\t\t\t\t:translations='{&quot;added&quot;:&quot;Zus\\u00e4tzlich&quot;,&quot;compare&quot;:&quot;Vergleichen&quot;}'\r\n\t\t\t\t\t\t\t\t\t\t\t\t\t\t\t\t\t:estate='{&quot;short_excerpt_limit&quot;:125,&quot;long_excerpt_limit&quot;:160,&quot;id&quot;:78214,&quot;agent_id&quot;:&quot;26&quot;,&quot;title&quot;:&quot;Baugrundst\\u00fcck in Capdepera zu verkaufen : : SO1759CDP-VDE&quot;,&quot;content&quot;:&quot;Magnificent urban land of 181 sqm with a house to renovate or to build a single-family home, located in a quiet area of Capdepera. The property is located in the heart of the town, a few steps from the town hall, the church, the health center, the post office, and the two main squares, surrounded by lively bars and restaurants.\\r\\nIt is a charming house, built in 1870, ideal for a rehabilitation project with character or to build a new home.\\r\\nNova Gesti\\u00f3, Real Estate in Capdepera.&quot;,&quot;excerpt&quot;:&quot;Magnificent urban land of 181 sqm with a house to renovate or to build a single-family home, located in a quiet area of Capdepera. The property is located in the heart of the town, a few steps from the town hall, the church, the health center, the post office, and the two main squares, surrounded [\\u2026]&quot;,&quot;short_excerpt&quot;:&quot;Magnificent urban land of 181 sqm with a house to renovate or to build a single-family home, located in a quiet area of Ca...&quot;,&quot;long_excerpt&quot;:&quot;Magnificent urban land of 181 sqm with a house to renovate or to build a single-family home, located in a quiet area of Capdepera. The property is located in...&quot;,&quot;link&quot;:&quot;https:\\\/\\\/novagestioinmobiliaria.com\\\/de\\\/propiedades-properties-immobilien\\\/baugrundstueck-in-capdepera-zu-verkaufen-so1759cdp-vde\\\/&quot;,&quot;offer_type&quot;:&quot;Zu verkaufen&quot;,&quot;price&quot;:&quot;265.000 \\u20ac&quot;,&quot;location&quot;:&quot;C&quot;,&quot;is_featured&quot;:true,&quot;gallery&quot;:[{&quot;id&quot;:78203,&quot;url&quot;:&quot;https:\\\/\\\/novagestioinmobiliaria.com\\\/wp-content\\\/uploads\\\/2025\\\/06\\\/20250529_162146.jpg&quot;,&quot;alt&quot;:&quot;&quot;},{&quot;id&quot;:78206,&quot;url&quot;:&quot;https:\\\/\\\/novagestioinmobiliaria.com\\\/wp-content\\\/uploads\\\/2025\\\/06\\\/20250529_162157.jpg&quot;,&quot;alt&quot;:&quot;&quot;},{&quot;id&quot;:78209,&quot;url&quot;:&quot;https:\\\/\\\/novagestioinmobiliaria.com\\\/wp-content\\\/uploads\\\/2025\\\/06\\\/20250529_162200.jpg&quot;,&quot;alt&quot;:&quot;&quot;},{&quot;id&quot;:78212,&quot;url&quot;:&quot;https:\\\/\\\/novagestioinmobiliaria.com\\\/wp-content\\\/uploads\\\/2025\\\/06\\\/20250529_162214.jpg&quot;,&quot;alt&quot;:&quot;&quot;}],&quot;attributes&quot;:[{&quot;slug&quot;:&quot;property-type&quot;,&quot;name&quot;:&quot;Tipo propiedad&quot;,&quot;has_archive&quot;:true,&quot;elements&quot;:[{&quot;name&quot;:&quot;Stadtgrundst\\u00fccke&quot;,&quot;link&quot;:&quot;https:\\\/\\\/novagestioinmobiliaria.com\\\/de\\\/immobilientyp\\\/stadtgrundstuecke\\\/&quot;,&quot;slug&quot;:&quot;stadtgrundstuecke&quot;}],&quot;card&quot;:false,&quot;show&quot;:true,&quot;display_after&quot;:&quot;&quot;,&quot;new_box&quot;:false},{&quot;slug&quot;:&quot;offer-type&quot;,&quot;name&quot;:&quot;Tipo operaci\\u00f3n&quot;,&quot;has_archive&quot;:true,&quot;elements&quot;:[{&quot;name&quot;:&quot;Zu verkaufen&quot;,&quot;link&quot;:&quot;https:\\\/\\\/novagestioinmobiliaria.com\\\/de\\\/offer-type\\\/zu-verkaufen\\\/&quot;,&quot;slug&quot;:&quot;zu-verkaufen&quot;}],&quot;card&quot;:true,&quot;show&quot;:true,&quot;display_after&quot;:&quot;&quot;,&quot;new_box&quot;:false},{&quot;slug&quot;:&quot;city&quot;,&quot;name&quot;:&quot;Zona&quot;,&quot;has_archive&quot;:true,&quot;elements&quot;:[{&quot;name&quot;:&quot;Capdepera&quot;,&quot;link&quot;:&quot;https:\\\/\\\/novagestioinmobiliaria.com\\\/de\\\/city\\\/capdepera-de\\\/&quot;,&quot;slug&quot;:&quot;capdepera-de&quot;}],&quot;card&quot;:false,&quot;show&quot;:true,&quot;display_after&quot;:&quot;&quot;,&quot;new_box&quot;:false},{&quot;slug&quot;:&quot;price&quot;,&quot;name&quot;:&quot;Precio&quot;,&quot;has_archive&quot;:false,&quot;elements&quot;:[{&quot;name&quot;:&quot;265000&quot;,&quot;link&quot;:&quot;&quot;,&quot;slug&quot;:&quot;&quot;}],&quot;show&quot;:false,&quot;card&quot;:false,&quot;display_after&quot;:&quot;\\u20ac&quot;,&quot;new_box&quot;:false},{&quot;slug&quot;:&quot;lot-size&quot;,&quot;name&quot;:&quot;Terreno \\\/ Solar&quot;,&quot;has_archive&quot;:false,&quot;elements&quot;:[{&quot;name&quot;:&quot;181&quot;,&quot;link&quot;:&quot;&quot;,&quot;slug&quot;:&quot;&quot;}],&quot;show&quot;:true,&quot;card&quot;:false,&quot;display_after&quot;:&quot;m\\u00b2&quot;,&quot;new_box&quot;:false}],&quot;views&quot;:26,&quot;days_ago&quot;:&quot;11 monat.&quot;,&quot;image_id&quot;:78212,&quot;image_url&quot;:&quot;https:\\\/\\\/novagestioinmobiliaria.com\\\/wp-content\\\/uploads\\\/2025\\\/06\\\/20250529_162214.jpg&quot;,&quot;tags&quot;:[],&quot;status&quot;:&quot;publish&quot;,&quot;plans&quot;:[],&quot;video_plan&quot;:{&quot;src&quot;:&quot;&quot;,&quot;video&quot;:&quot;&quot;},&quot;virtual_tour&quot;:null,&quot;state&quot;:&quot;&quot;,&quot;labels&quot;:[],&quot;image&quot;:&quot;https:\\\/\\\/novagestioinmobiliaria.com\\\/wp-content\\\/uploads\\\/2025\\\/06\\\/20250529_162214-400x250.jpg&quot;,&quot;image_srcset&quot;:&quot;https:\\\/\\\/novagestioinmobiliaria.com\\\/wp-content\\\/uploads\\\/2025\\\/06\\\/20250529_162214-200x125.jpg 200w, https:\\\/\\\/novagestioinmobiliaria.com\\\/wp-content\\\/uploads\\\/2025\\\/06\\\/20250529_162214-1200x750.jpg 1200w, https:\\\/\\\/novagestioinmobiliaria.com\\\/wp-content\\\/uploads\\\/2025\\\/06\\\/20250529_162214-800x500.jpg 800w, https:\\\/\\\/novagestioinmobiliaria.com\\\/wp-content\\\/uploads\\\/2025\\\/06\\\/20250529_162214-600x375.jpg 600w, https:\\\/\\\/novagestioinmobiliaria.com\\\/wp-content\\\/uploads\\\/2025\\\/06\\\/20250529_162214-400x250.jpg 400w&quot;}'>\r\n\t\t\t\t\t\t\t\t\t\t\t\t\t<\/compare-button>\r\n\t\t\t\t\t\t\t\t\t\t\t\t<\/div>\r\n\t\t\t\t\t\t\t\t\t\t\t\t<div class=\"mh-estate-vertical__buttons__single\">\r\n\t\t\t\t\t\t\t\t\t\t\t\t\t<a href=\"https:\/\/novagestioinmobiliaria.com\/de\/propiedades-properties-immobilien\/baugrundstueck-in-capdepera-zu-verkaufen-so1759cdp-vde\/\"\r\n\t\t\t\t\t\t\t\t\t\t\t\t\t   title=\"Baugrundst\u00fcck in Capdepera zu verkaufen : : SO1759CDP-VDE\"\r\n\t\t\t\t\t\t\t\t\t\t\t\t\t   class=\"mdl-button mdl-js-button mdl-button--raised mdl-js-ripple-effect mdl-button--primary-ghost\">\r\n\t\t\t\t\t\t\t\t\t\t\t\t\t\tDetails\t\t\t\t\t\t\t\t\t\t\t\t\t\t<span class=\"mdl-button__icon-right\"><i class=\"fa fa-angle-right\"><\/i><\/span>\r\n\t\t\t\t\t\t\t\t\t\t\t\t\t<\/a>\r\n\t\t\t\t\t\t\t\t\t\t\t\t<\/div>\r\n\t\t\t\t\t\t\t\t\t\t\t<\/div>\r\n\t\t\t\t\t\t\t\t\t\t<\/div>\r\n\t\t\t\t\t\t\t\t\t<\/div>\r\n\t\t\t\t\t\t\t\t<\/div>\r\n\t\t\t\t\t\t\t<\/div>\r\n\t\t\t\t\t\t<\/article>\r\n\t\t\t\t\t<\/div>\r\n\t\t\t\t\r\n\t\t\t\t\t<div class=\"item\">\r\n\t\t\t\t\t\t<article class=\"mh-estate-vertical mh-estate-vertical--white  mh-attribute-property-type__fincas-landhaeuser mh-attribute-offer-type__zu-verkaufen mh-attribute-city__manacor-de mh-attribute-features__ausblick-auf-die-berge mh-attribute-features__ruhige-lage mh-attribute-features__unverbaubare-aussicht\">\r\n\t\t\t\t\t\t\t<a href=\"https:\/\/novagestioinmobiliaria.com\/de\/propiedades-properties-immobilien\/rustikales-grundstueck-zum-verkauf-in-manacor-bebaubar-fr1757ma-vde\/\"\r\n\t\t\t\t\t\t\t   title=\"Rustikales Grundst\u00fcck zum Verkauf in Manacor bebaubar : : FR1757MA-VDE\"\r\n\t\t\t\t\t\t\t   class=\"mh-thumbnail\">\r\n                        <span class=\"mh-thumbnail__inner\">\r\n                                    <img\r\n                    data-srcset=\"https:\/\/novagestioinmobiliaria.com\/wp-content\/uploads\/2025\/05\/Terreno-rustico-venta-Manacor-ref-1757-6-200x125.jpg 200w, https:\/\/novagestioinmobiliaria.com\/wp-content\/uploads\/2025\/05\/Terreno-rustico-venta-Manacor-ref-1757-6-800x500.jpg 800w, https:\/\/novagestioinmobiliaria.com\/wp-content\/uploads\/2025\/05\/Terreno-rustico-venta-Manacor-ref-1757-6-600x375.jpg 600w, https:\/\/novagestioinmobiliaria.com\/wp-content\/uploads\/2025\/05\/Terreno-rustico-venta-Manacor-ref-1757-6-400x250.jpg 400w\"\r\n                    class=\"lazyload \" alt=\"Rustikales Grundst\u00fcck zum Verkauf in Manacor bebaubar : : FR1757MA-VDE\"\r\n                    data-sizes=\"auto\"\r\n            >\r\n\t\t\t                        <\/span>\r\n\r\n\t\t\t\t\t\t\t\t\t\t\t\t\t\t\t\t\t<div class=\"mh-caption\">\r\n\t\t\t\t\t\t\t\t\t\t<div class=\"mh-caption__inner\">\r\n\t\t\t\t\t\t\t\t\t\t\tZu verkaufen\t\t\t\t\t\t\t\t\t\t<\/div>\r\n\t\t\t\t\t\t\t\t\t<\/div>\r\n\t\t\t\t\t\t\t\t\t\r\n\t\t\t\t\t\t\t\t<div class=\"mh-estate-vertical__text\">\r\n\t\t\t\t\t\t\t\t\t<div class=\"mh-estate-vertical__text__inner\">\r\n\t\t\t\t\t\t\t\t\t\tRustikales Grundst\u00fcck zum Verkauf in Manacor, das Grundst\u00fcck besteht aus zwei Grundst\u00fccken, die aber nicht offiziell zusammen registriert sind, obwohl...\t\t\t\t\t\t\t\t\t<\/div>\r\n\t\t\t\t\t\t\t\t<\/div>\r\n\t\t\t\t\t\t\t<\/a>\r\n\r\n\t\t\t\t\t\t\t<div class=\"mh-estate-vertical__content\">\r\n\t\t\t\t\t\t\t\t<h3 class=\"mh-estate-vertical__heading\">\r\n\t\t\t\t\t\t\t\t\t<a href=\"https:\/\/novagestioinmobiliaria.com\/de\/propiedades-properties-immobilien\/rustikales-grundstueck-zum-verkauf-in-manacor-bebaubar-fr1757ma-vde\/\"\r\n\t\t\t\t\t\t\t\t\t   title=\"Rustikales Grundst\u00fcck zum Verkauf in Manacor bebaubar : : FR1757MA-VDE\">\r\n\t\t\t\t\t\t\t\t\t\tRustikales Grundst\u00fcck zum Verkauf in Manacor bebaubar : : FR1757MA-VDE\t\t\t\t\t\t\t\t\t<\/a>\r\n\t\t\t\t\t\t\t\t<\/h3>\r\n\t\t\t\t\t\t\t\t<address class=\"mh-estate-vertical__subheading\">\r\n\t\t\t\t\t\t\t\t\tM\t\t\t\t\t\t\t\t<\/address>\r\n\t\t\t\t\t\t\t\t<div class=\"mh-estate-vertical__primary\">\r\n\t\t\t\t\t\t\t\t\t245.000 \u20ac\t\t\t\t\t\t\t\t<\/div>\r\n\r\n\t\t\t\t\t\t\t\t<div>\r\n\t\t\t\t\t\t\t\t\t<div class=\"mh-estate__list\">\r\n\t\t\t\t\t\t\t\t\t\t\r\n\t\t\t\t\t\t\t\t\t\t\t<span class=\"mh-estate-vertical__more-info mh-estate_attribute-offer-type\">\r\n                                        <strong>Tipo operaci\u00f3n:<\/strong>\r\n\t\t\t\t\t\t\t\t\t\t\t\t\t\t\t\t\t\t\t\t\t\t\t\t\t\tZu verkaufen\t\t\t\t\t\t\t\t\t\t\t\t\t\t                                    <\/span>\r\n\r\n\t\t\t\t\t\t\t\t\t\t\t\t\t\t\t\t\t\t\t<\/div>\r\n\t\t\t\t\t\t\t\t<\/div>\r\n\r\n\t\t\t\t\t\t\t\t<div class=\"mh-estate-vertical__bottom\">\r\n\t\t\t\t\t\t\t\t\t<div class=\"mh-estate-vertical__bottom__inner\">\r\n\t\t\t\t\t\t\t\t\t\t<div class=\"mh-estate-vertical__date\">\r\n\t\t\t\t\t\t\t\t\t\t\t11 monat.\t\t\t\t\t\t\t\t\t\t<\/div>\r\n\t\t\t\t\t\t\t\t\t\t<div class=\"mh-estate-vertical__buttons-wrapper\">\r\n\t\t\t\t\t\t\t\t\t\t\t<div class=\"mh-estate-vertical__buttons\">\r\n\t\t\t\t\t\t\t\t\t\t\t\t<div class=\"mh-estate-vertical__buttons__single\">\r\n\t\t\t\t\t\t\t\t\t\t\t\t\t<compare-button class=\"myhome-compare\"\r\n\t\t\t\t\t\t\t\t\t\t\t\t\t\t\t\t\t:translations='{&quot;added&quot;:&quot;Zus\\u00e4tzlich&quot;,&quot;compare&quot;:&quot;Vergleichen&quot;}'\r\n\t\t\t\t\t\t\t\t\t\t\t\t\t\t\t\t\t:estate='{&quot;short_excerpt_limit&quot;:125,&quot;long_excerpt_limit&quot;:160,&quot;id&quot;:77788,&quot;agent_id&quot;:&quot;26&quot;,&quot;title&quot;:&quot;Rustikales Grundst\\u00fcck zum Verkauf in Manacor bebaubar : : FR1757MA-VDE&quot;,&quot;content&quot;:&quot;Rustikales Grundst\\u00fcck zum Verkauf in Manacor, das Grundst\\u00fcck besteht aus zwei Grundst\\u00fccken, die aber nicht offiziell zusammen registriert sind, obwohl sie zusammengelegt werden k\\u00f6nnten und dann 21.655 m2 ergeben w\\u00fcrden. Es gibt ein zu renovierendes Geb\\u00e4ude von ca. 200 m2, das Grundst\\u00fcck ist \\u00fcber eine leicht zug\\u00e4ngliche Asphaltstra\\u00dfe erreichbar. Es eignet sich ideal, um das Haus zu renovieren und ein Einfamilienhaus nur 5 Minuten von Manacor entfernt zu genie\\u00dfen. Es besteht die M\\u00f6glichkeit von Strom und Wasser. Es kann unverbindlich besichtigt werden.\\r\\nVereinbaren Sie einen Besuch mit uns.\\r\\n\\r\\nNova Gesti\\u00f3, Immobilien in Manacor&quot;,&quot;excerpt&quot;:&quot;Rustikales Grundst\\u00fcck zum Verkauf in Manacor, das Grundst\\u00fcck besteht aus zwei Grundst\\u00fccken, die aber nicht offiziell zusammen registriert sind, obwohl sie zusammengelegt werden k\\u00f6nnten und dann 21.655 m2 ergeben w\\u00fcrden. Es gibt ein zu renovierendes Geb\\u00e4ude von ca. 200 m2, das Grundst\\u00fcck ist \\u00fcber eine leicht zug\\u00e4ngliche Asphaltstra\\u00dfe erreichbar. Es eignet sich ideal, um das [\\u2026]&quot;,&quot;short_excerpt&quot;:&quot;Rustikales Grundst\\u00fcck zum Verkauf in Manacor, das Grundst\\u00fcck besteht aus zwei Grundst\\u00fccken, die aber nicht offiziell zusam...&quot;,&quot;long_excerpt&quot;:&quot;Rustikales Grundst\\u00fcck zum Verkauf in Manacor, das Grundst\\u00fcck besteht aus zwei Grundst\\u00fccken, die aber nicht offiziell zusammen registriert sind, obwohl sie zu...&quot;,&quot;link&quot;:&quot;https:\\\/\\\/novagestioinmobiliaria.com\\\/de\\\/propiedades-properties-immobilien\\\/rustikales-grundstueck-zum-verkauf-in-manacor-bebaubar-fr1757ma-vde\\\/&quot;,&quot;offer_type&quot;:&quot;Zu verkaufen&quot;,&quot;price&quot;:&quot;245.000 \\u20ac&quot;,&quot;location&quot;:&quot;M&quot;,&quot;is_featured&quot;:true,&quot;gallery&quot;:[{&quot;id&quot;:77765,&quot;url&quot;:&quot;https:\\\/\\\/novagestioinmobiliaria.com\\\/wp-content\\\/uploads\\\/2025\\\/05\\\/Terreno-rustico-venta-Manacor-ref-1757-1.jpg&quot;,&quot;alt&quot;:&quot;&quot;},{&quot;id&quot;:77768,&quot;url&quot;:&quot;https:\\\/\\\/novagestioinmobiliaria.com\\\/wp-content\\\/uploads\\\/2025\\\/05\\\/Terreno-rustico-venta-Manacor-ref-1757-2.jpg&quot;,&quot;alt&quot;:&quot;&quot;},{&quot;id&quot;:77771,&quot;url&quot;:&quot;https:\\\/\\\/novagestioinmobiliaria.com\\\/wp-content\\\/uploads\\\/2025\\\/05\\\/Terreno-rustico-venta-Manacor-ref-1757-3.jpg&quot;,&quot;alt&quot;:&quot;&quot;},{&quot;id&quot;:77774,&quot;url&quot;:&quot;https:\\\/\\\/novagestioinmobiliaria.com\\\/wp-content\\\/uploads\\\/2025\\\/05\\\/Terreno-rustico-venta-Manacor-ref-1757-4.jpg&quot;,&quot;alt&quot;:&quot;&quot;},{&quot;id&quot;:77777,&quot;url&quot;:&quot;https:\\\/\\\/novagestioinmobiliaria.com\\\/wp-content\\\/uploads\\\/2025\\\/05\\\/Terreno-rustico-venta-Manacor-ref-1757-5.jpg&quot;,&quot;alt&quot;:&quot;&quot;},{&quot;id&quot;:77780,&quot;url&quot;:&quot;https:\\\/\\\/novagestioinmobiliaria.com\\\/wp-content\\\/uploads\\\/2025\\\/05\\\/Terreno-rustico-venta-Manacor-ref-1757-6.jpg&quot;,&quot;alt&quot;:&quot;&quot;},{&quot;id&quot;:77783,&quot;url&quot;:&quot;https:\\\/\\\/novagestioinmobiliaria.com\\\/wp-content\\\/uploads\\\/2025\\\/05\\\/Terreno-rustico-venta-Manacor-ref-1757-7.jpg&quot;,&quot;alt&quot;:&quot;&quot;},{&quot;id&quot;:77786,&quot;url&quot;:&quot;https:\\\/\\\/novagestioinmobiliaria.com\\\/wp-content\\\/uploads\\\/2025\\\/05\\\/Terreno-rustico-venta-Manacor-ref-1757-8.jpg&quot;,&quot;alt&quot;:&quot;&quot;}],&quot;attributes&quot;:[{&quot;slug&quot;:&quot;property-type&quot;,&quot;name&quot;:&quot;Tipo propiedad&quot;,&quot;has_archive&quot;:true,&quot;elements&quot;:[{&quot;name&quot;:&quot;Fincas \\\/ Landh\\u00e4user&quot;,&quot;link&quot;:&quot;https:\\\/\\\/novagestioinmobiliaria.com\\\/de\\\/immobilientyp\\\/fincas-landhaeuser\\\/&quot;,&quot;slug&quot;:&quot;fincas-landhaeuser&quot;}],&quot;card&quot;:false,&quot;show&quot;:true,&quot;display_after&quot;:&quot;&quot;,&quot;new_box&quot;:false},{&quot;slug&quot;:&quot;offer-type&quot;,&quot;name&quot;:&quot;Tipo operaci\\u00f3n&quot;,&quot;has_archive&quot;:true,&quot;elements&quot;:[{&quot;name&quot;:&quot;Zu verkaufen&quot;,&quot;link&quot;:&quot;https:\\\/\\\/novagestioinmobiliaria.com\\\/de\\\/offer-type\\\/zu-verkaufen\\\/&quot;,&quot;slug&quot;:&quot;zu-verkaufen&quot;}],&quot;card&quot;:true,&quot;show&quot;:true,&quot;display_after&quot;:&quot;&quot;,&quot;new_box&quot;:false},{&quot;slug&quot;:&quot;city&quot;,&quot;name&quot;:&quot;Zona&quot;,&quot;has_archive&quot;:true,&quot;elements&quot;:[{&quot;name&quot;:&quot;Manacor&quot;,&quot;link&quot;:&quot;https:\\\/\\\/novagestioinmobiliaria.com\\\/de\\\/city\\\/manacor-de\\\/&quot;,&quot;slug&quot;:&quot;manacor-de&quot;}],&quot;card&quot;:false,&quot;show&quot;:true,&quot;display_after&quot;:&quot;&quot;,&quot;new_box&quot;:false},{&quot;slug&quot;:&quot;price&quot;,&quot;name&quot;:&quot;Precio&quot;,&quot;has_archive&quot;:false,&quot;elements&quot;:[{&quot;name&quot;:&quot;245000&quot;,&quot;link&quot;:&quot;&quot;,&quot;slug&quot;:&quot;&quot;}],&quot;show&quot;:false,&quot;card&quot;:false,&quot;display_after&quot;:&quot;\\u20ac&quot;,&quot;new_box&quot;:false},{&quot;slug&quot;:&quot;lot-size&quot;,&quot;name&quot;:&quot;Terreno \\\/ Solar&quot;,&quot;has_archive&quot;:false,&quot;elements&quot;:[{&quot;name&quot;:&quot;21655&quot;,&quot;link&quot;:&quot;&quot;,&quot;slug&quot;:&quot;&quot;}],&quot;show&quot;:true,&quot;card&quot;:false,&quot;display_after&quot;:&quot;m\\u00b2&quot;,&quot;new_box&quot;:false},{&quot;slug&quot;:&quot;features&quot;,&quot;name&quot;:&quot;Caracter\\u00edsticas&quot;,&quot;has_archive&quot;:true,&quot;elements&quot;:[{&quot;name&quot;:&quot;Ausblick auf die Berge&quot;,&quot;link&quot;:&quot;https:\\\/\\\/novagestioinmobiliaria.com\\\/de\\\/eigenschaften\\\/ausblick-auf-die-berge\\\/&quot;,&quot;slug&quot;:&quot;ausblick-auf-die-berge&quot;},{&quot;name&quot;:&quot;Ruhige Lage&quot;,&quot;link&quot;:&quot;https:\\\/\\\/novagestioinmobiliaria.com\\\/de\\\/eigenschaften\\\/ruhige-lage\\\/&quot;,&quot;slug&quot;:&quot;ruhige-lage&quot;},{&quot;name&quot;:&quot;Unverbaubare Aussicht&quot;,&quot;link&quot;:&quot;https:\\\/\\\/novagestioinmobiliaria.com\\\/de\\\/eigenschaften\\\/unverbaubare-aussicht\\\/&quot;,&quot;slug&quot;:&quot;unverbaubare-aussicht&quot;}],&quot;card&quot;:false,&quot;show&quot;:true,&quot;display_after&quot;:&quot;&quot;,&quot;new_box&quot;:true}],&quot;views&quot;:29,&quot;days_ago&quot;:&quot;11 monat.&quot;,&quot;image_id&quot;:77780,&quot;image_url&quot;:&quot;https:\\\/\\\/novagestioinmobiliaria.com\\\/wp-content\\\/uploads\\\/2025\\\/05\\\/Terreno-rustico-venta-Manacor-ref-1757-6.jpg&quot;,&quot;tags&quot;:[{&quot;name&quot;:&quot;Caracter\\u00edsticas&quot;,&quot;elements&quot;:[{&quot;name&quot;:&quot;Ausblick auf die Berge&quot;,&quot;link&quot;:&quot;https:\\\/\\\/novagestioinmobiliaria.com\\\/de\\\/eigenschaften\\\/ausblick-auf-die-berge\\\/&quot;},{&quot;name&quot;:&quot;Ruhige Lage&quot;,&quot;link&quot;:&quot;https:\\\/\\\/novagestioinmobiliaria.com\\\/de\\\/eigenschaften\\\/ruhige-lage\\\/&quot;},{&quot;name&quot;:&quot;Unverbaubare Aussicht&quot;,&quot;link&quot;:&quot;https:\\\/\\\/novagestioinmobiliaria.com\\\/de\\\/eigenschaften\\\/unverbaubare-aussicht\\\/&quot;}],&quot;has_archive&quot;:true}],&quot;status&quot;:&quot;publish&quot;,&quot;plans&quot;:[],&quot;video_plan&quot;:{&quot;src&quot;:&quot;&quot;,&quot;video&quot;:&quot;&quot;},&quot;virtual_tour&quot;:null,&quot;state&quot;:&quot;&quot;,&quot;labels&quot;:[],&quot;image&quot;:&quot;https:\\\/\\\/novagestioinmobiliaria.com\\\/wp-content\\\/uploads\\\/2025\\\/05\\\/Terreno-rustico-venta-Manacor-ref-1757-6-400x250.jpg&quot;,&quot;image_srcset&quot;:&quot;https:\\\/\\\/novagestioinmobiliaria.com\\\/wp-content\\\/uploads\\\/2025\\\/05\\\/Terreno-rustico-venta-Manacor-ref-1757-6-200x125.jpg 200w, https:\\\/\\\/novagestioinmobiliaria.com\\\/wp-content\\\/uploads\\\/2025\\\/05\\\/Terreno-rustico-venta-Manacor-ref-1757-6-800x500.jpg 800w, https:\\\/\\\/novagestioinmobiliaria.com\\\/wp-content\\\/uploads\\\/2025\\\/05\\\/Terreno-rustico-venta-Manacor-ref-1757-6-600x375.jpg 600w, https:\\\/\\\/novagestioinmobiliaria.com\\\/wp-content\\\/uploads\\\/2025\\\/05\\\/Terreno-rustico-venta-Manacor-ref-1757-6-400x250.jpg 400w&quot;}'>\r\n\t\t\t\t\t\t\t\t\t\t\t\t\t<\/compare-button>\r\n\t\t\t\t\t\t\t\t\t\t\t\t<\/div>\r\n\t\t\t\t\t\t\t\t\t\t\t\t<div class=\"mh-estate-vertical__buttons__single\">\r\n\t\t\t\t\t\t\t\t\t\t\t\t\t<a href=\"https:\/\/novagestioinmobiliaria.com\/de\/propiedades-properties-immobilien\/rustikales-grundstueck-zum-verkauf-in-manacor-bebaubar-fr1757ma-vde\/\"\r\n\t\t\t\t\t\t\t\t\t\t\t\t\t   title=\"Rustikales Grundst\u00fcck zum Verkauf in Manacor bebaubar : : FR1757MA-VDE\"\r\n\t\t\t\t\t\t\t\t\t\t\t\t\t   class=\"mdl-button mdl-js-button mdl-button--raised mdl-js-ripple-effect mdl-button--primary-ghost\">\r\n\t\t\t\t\t\t\t\t\t\t\t\t\t\tDetails\t\t\t\t\t\t\t\t\t\t\t\t\t\t<span class=\"mdl-button__icon-right\"><i class=\"fa fa-angle-right\"><\/i><\/span>\r\n\t\t\t\t\t\t\t\t\t\t\t\t\t<\/a>\r\n\t\t\t\t\t\t\t\t\t\t\t\t<\/div>\r\n\t\t\t\t\t\t\t\t\t\t\t<\/div>\r\n\t\t\t\t\t\t\t\t\t\t<\/div>\r\n\t\t\t\t\t\t\t\t\t<\/div>\r\n\t\t\t\t\t\t\t\t<\/div>\r\n\t\t\t\t\t\t\t<\/div>\r\n\t\t\t\t\t\t<\/article>\r\n\t\t\t\t\t<\/div>\r\n\t\t\t\t\r\n\t\t\t\t\t<div class=\"item\">\r\n\t\t\t\t\t\t<article class=\"mh-estate-vertical mh-estate-vertical--white  mh-attribute-property-type__landgrundstuecke-bebaubares-land mh-attribute-offer-type__zu-verkaufen mh-attribute-city__felanitx-de mh-attribute-features__ausblick-auf-die-berge mh-attribute-features__bebaubar mh-attribute-features__ruhige-lage mh-attribute-features__unverbaubare-aussicht\">\r\n\t\t\t\t\t\t\t<a href=\"https:\/\/novagestioinmobiliaria.com\/de\/propiedades-properties-immobilien\/rustikales-landhaus-zum-verkauf-in-felanitx-te1754fe-vde\/\"\r\n\t\t\t\t\t\t\t   title=\"Rustikales Landhaus zum Verkauf in Felanitx : : TE1754FE-VDE\"\r\n\t\t\t\t\t\t\t   class=\"mh-thumbnail\">\r\n                        <span class=\"mh-thumbnail__inner\">\r\n                                    <img\r\n                    data-srcset=\"https:\/\/novagestioinmobiliaria.com\/wp-content\/uploads\/2025\/05\/WhatsApp-Image-2025-05-15-at-11.59-200x125.jpg 200w, https:\/\/novagestioinmobiliaria.com\/wp-content\/uploads\/2025\/05\/WhatsApp-Image-2025-05-15-at-11.59-300x186.jpg 300w, https:\/\/novagestioinmobiliaria.com\/wp-content\/uploads\/2025\/05\/WhatsApp-Image-2025-05-15-at-11.59-1024x635.jpg 1024w, https:\/\/novagestioinmobiliaria.com\/wp-content\/uploads\/2025\/05\/WhatsApp-Image-2025-05-15-at-11.59-768x476.jpg 768w, https:\/\/novagestioinmobiliaria.com\/wp-content\/uploads\/2025\/05\/WhatsApp-Image-2025-05-15-at-11.59-1200x750.jpg 1200w, https:\/\/novagestioinmobiliaria.com\/wp-content\/uploads\/2025\/05\/WhatsApp-Image-2025-05-15-at-11.59-800x500.jpg 800w, https:\/\/novagestioinmobiliaria.com\/wp-content\/uploads\/2025\/05\/WhatsApp-Image-2025-05-15-at-11.59-600x375.jpg 600w, https:\/\/novagestioinmobiliaria.com\/wp-content\/uploads\/2025\/05\/WhatsApp-Image-2025-05-15-at-11.59-400x250.jpg 400w, https:\/\/novagestioinmobiliaria.com\/wp-content\/uploads\/2025\/05\/WhatsApp-Image-2025-05-15-at-11.59.jpg 1500w\"\r\n                    class=\"lazyload \" alt=\"Rustikales Landhaus zum Verkauf in Felanitx : : TE1754FE-VDE\"\r\n                    data-sizes=\"auto\"\r\n            >\r\n\t\t\t                        <\/span>\r\n\r\n\t\t\t\t\t\t\t\t\t\t\t\t\t\t\t\t\t<div class=\"mh-caption\">\r\n\t\t\t\t\t\t\t\t\t\t<div class=\"mh-caption__inner\">\r\n\t\t\t\t\t\t\t\t\t\t\tZu verkaufen\t\t\t\t\t\t\t\t\t\t<\/div>\r\n\t\t\t\t\t\t\t\t\t<\/div>\r\n\t\t\t\t\t\t\t\t\t\r\n\t\t\t\t\t\t\t\t<div class=\"mh-estate-vertical__text\">\r\n\t\t\t\t\t\t\t\t\t<div class=\"mh-estate-vertical__text__inner\">\r\n\t\t\t\t\t\t\t\t\t\tRustikales Landhaus zum Verkauf von 16.000 m2 an der Stra\u00dfe von Felanitx nach Manacor. Das Grundst\u00fcck hat eine Bebaubarkeit gem\u00e4\u00df...\t\t\t\t\t\t\t\t\t<\/div>\r\n\t\t\t\t\t\t\t\t<\/div>\r\n\t\t\t\t\t\t\t<\/a>\r\n\r\n\t\t\t\t\t\t\t<div class=\"mh-estate-vertical__content\">\r\n\t\t\t\t\t\t\t\t<h3 class=\"mh-estate-vertical__heading\">\r\n\t\t\t\t\t\t\t\t\t<a href=\"https:\/\/novagestioinmobiliaria.com\/de\/propiedades-properties-immobilien\/rustikales-landhaus-zum-verkauf-in-felanitx-te1754fe-vde\/\"\r\n\t\t\t\t\t\t\t\t\t   title=\"Rustikales Landhaus zum Verkauf in Felanitx : : TE1754FE-VDE\">\r\n\t\t\t\t\t\t\t\t\t\tRustikales Landhaus zum Verkauf in Felanitx : : TE1754FE-VDE\t\t\t\t\t\t\t\t\t<\/a>\r\n\t\t\t\t\t\t\t\t<\/h3>\r\n\t\t\t\t\t\t\t\t<address class=\"mh-estate-vertical__subheading\">\r\n\t\t\t\t\t\t\t\t\tF\t\t\t\t\t\t\t\t<\/address>\r\n\t\t\t\t\t\t\t\t<div class=\"mh-estate-vertical__primary\">\r\n\t\t\t\t\t\t\t\t\t170.000 \u20ac\t\t\t\t\t\t\t\t<\/div>\r\n\r\n\t\t\t\t\t\t\t\t<div>\r\n\t\t\t\t\t\t\t\t\t<div class=\"mh-estate__list\">\r\n\t\t\t\t\t\t\t\t\t\t\r\n\t\t\t\t\t\t\t\t\t\t\t<span class=\"mh-estate-vertical__more-info mh-estate_attribute-offer-type\">\r\n                                        <strong>Tipo operaci\u00f3n:<\/strong>\r\n\t\t\t\t\t\t\t\t\t\t\t\t\t\t\t\t\t\t\t\t\t\t\t\t\t\tZu verkaufen\t\t\t\t\t\t\t\t\t\t\t\t\t\t                                    <\/span>\r\n\r\n\t\t\t\t\t\t\t\t\t\t\t\t\t\t\t\t\t\t\t<\/div>\r\n\t\t\t\t\t\t\t\t<\/div>\r\n\r\n\t\t\t\t\t\t\t\t<div class=\"mh-estate-vertical__bottom\">\r\n\t\t\t\t\t\t\t\t\t<div class=\"mh-estate-vertical__bottom__inner\">\r\n\t\t\t\t\t\t\t\t\t\t<div class=\"mh-estate-vertical__date\">\r\n\t\t\t\t\t\t\t\t\t\t\t11 monat.\t\t\t\t\t\t\t\t\t\t<\/div>\r\n\t\t\t\t\t\t\t\t\t\t<div class=\"mh-estate-vertical__buttons-wrapper\">\r\n\t\t\t\t\t\t\t\t\t\t\t<div class=\"mh-estate-vertical__buttons\">\r\n\t\t\t\t\t\t\t\t\t\t\t\t<div class=\"mh-estate-vertical__buttons__single\">\r\n\t\t\t\t\t\t\t\t\t\t\t\t\t<compare-button class=\"myhome-compare\"\r\n\t\t\t\t\t\t\t\t\t\t\t\t\t\t\t\t\t:translations='{&quot;added&quot;:&quot;Zus\\u00e4tzlich&quot;,&quot;compare&quot;:&quot;Vergleichen&quot;}'\r\n\t\t\t\t\t\t\t\t\t\t\t\t\t\t\t\t\t:estate='{&quot;short_excerpt_limit&quot;:125,&quot;long_excerpt_limit&quot;:160,&quot;id&quot;:77638,&quot;agent_id&quot;:&quot;26&quot;,&quot;title&quot;:&quot;Rustikales Landhaus zum Verkauf in Felanitx : : TE1754FE-VDE&quot;,&quot;content&quot;:&quot;Rustikales Landhaus zum Verkauf von 16.000 m2 an der Stra\\u00dfe von Felanitx nach Manacor.\\r\\nDas Grundst\\u00fcck hat eine Bebaubarkeit gem\\u00e4\\u00df den aktuellen Vorschriften, ein Einfamilienhaus von ca. 250 m2 zu bauen. Ruhige und gut angebundene Gegend mit klarem Blick. Hervorragende Gelegenheit f\\u00fcr diejenigen, die in einer nat\\u00fcrlichen Umgebung leben m\\u00f6chten und leicht Zugang zu den Hauptstadtgebieten von Manacor haben. Nur 3 km von Felanitx entfernt. M\\u00f6glichkeit von Brunnenwasser. \\u00dcberschwemmungsfreies Gebiet.\\r\\nNova Gesti\\u00f3, Immobilien in Felanitx.&quot;,&quot;excerpt&quot;:&quot;Rustikales Landhaus zum Verkauf von 16.000 m2 an der Stra\\u00dfe von Felanitx nach Manacor. Das Grundst\\u00fcck hat eine Bebaubarkeit gem\\u00e4\\u00df den aktuellen Vorschriften, ein Einfamilienhaus von ca. 250 m2 zu bauen. Ruhige und gut angebundene Gegend mit klarem Blick. Hervorragende Gelegenheit f\\u00fcr diejenigen, die in einer nat\\u00fcrlichen Umgebung leben m\\u00f6chten und leicht Zugang zu den [\\u2026]&quot;,&quot;short_excerpt&quot;:&quot;Rustikales Landhaus zum Verkauf von 16.000 m2 an der Stra\\u00dfe von Felanitx nach Manacor.\\r\\nDas Grundst\\u00fcck hat eine Bebaubarke...&quot;,&quot;long_excerpt&quot;:&quot;Rustikales Landhaus zum Verkauf von 16.000 m2 an der Stra\\u00dfe von Felanitx nach Manacor.\\r\\nDas Grundst\\u00fcck hat eine Bebaubarkeit gem\\u00e4\\u00df den aktuellen Vorschriften...&quot;,&quot;link&quot;:&quot;https:\\\/\\\/novagestioinmobiliaria.com\\\/de\\\/propiedades-properties-immobilien\\\/rustikales-landhaus-zum-verkauf-in-felanitx-te1754fe-vde\\\/&quot;,&quot;offer_type&quot;:&quot;Zu verkaufen&quot;,&quot;price&quot;:&quot;170.000 \\u20ac&quot;,&quot;location&quot;:&quot;F&quot;,&quot;is_featured&quot;:true,&quot;gallery&quot;:[{&quot;id&quot;:77627,&quot;url&quot;:&quot;https:\\\/\\\/novagestioinmobiliaria.com\\\/wp-content\\\/uploads\\\/2025\\\/05\\\/WhatsApp-Image-2025-05-15-at-12.01.jpg&quot;,&quot;alt&quot;:&quot;&quot;},{&quot;id&quot;:77633,&quot;url&quot;:&quot;https:\\\/\\\/novagestioinmobiliaria.com\\\/wp-content\\\/uploads\\\/2025\\\/05\\\/Opera-Instantanea_2025-05-15_175547_www.google.jpg&quot;,&quot;alt&quot;:&quot;&quot;},{&quot;id&quot;:77636,&quot;url&quot;:&quot;https:\\\/\\\/novagestioinmobiliaria.com\\\/wp-content\\\/uploads\\\/2025\\\/05\\\/WhatsApp-Image-2025-05-15-at-11.59.jpg&quot;,&quot;alt&quot;:&quot;&quot;}],&quot;attributes&quot;:[{&quot;slug&quot;:&quot;property-type&quot;,&quot;name&quot;:&quot;Tipo propiedad&quot;,&quot;has_archive&quot;:true,&quot;elements&quot;:[{&quot;name&quot;:&quot;Landgrundst\\u00fccke \\\/ Bebaubares Land&quot;,&quot;link&quot;:&quot;https:\\\/\\\/novagestioinmobiliaria.com\\\/de\\\/immobilientyp\\\/landgrundstuecke-bebaubares-land\\\/&quot;,&quot;slug&quot;:&quot;landgrundstuecke-bebaubares-land&quot;}],&quot;card&quot;:false,&quot;show&quot;:true,&quot;display_after&quot;:&quot;&quot;,&quot;new_box&quot;:false},{&quot;slug&quot;:&quot;offer-type&quot;,&quot;name&quot;:&quot;Tipo operaci\\u00f3n&quot;,&quot;has_archive&quot;:true,&quot;elements&quot;:[{&quot;name&quot;:&quot;Zu verkaufen&quot;,&quot;link&quot;:&quot;https:\\\/\\\/novagestioinmobiliaria.com\\\/de\\\/offer-type\\\/zu-verkaufen\\\/&quot;,&quot;slug&quot;:&quot;zu-verkaufen&quot;}],&quot;card&quot;:true,&quot;show&quot;:true,&quot;display_after&quot;:&quot;&quot;,&quot;new_box&quot;:false},{&quot;slug&quot;:&quot;city&quot;,&quot;name&quot;:&quot;Zona&quot;,&quot;has_archive&quot;:true,&quot;elements&quot;:[{&quot;name&quot;:&quot;Felanitx&quot;,&quot;link&quot;:&quot;https:\\\/\\\/novagestioinmobiliaria.com\\\/de\\\/city\\\/felanitx-de\\\/&quot;,&quot;slug&quot;:&quot;felanitx-de&quot;}],&quot;card&quot;:false,&quot;show&quot;:true,&quot;display_after&quot;:&quot;&quot;,&quot;new_box&quot;:false},{&quot;slug&quot;:&quot;price&quot;,&quot;name&quot;:&quot;Precio&quot;,&quot;has_archive&quot;:false,&quot;elements&quot;:[{&quot;name&quot;:&quot;170000&quot;,&quot;link&quot;:&quot;&quot;,&quot;slug&quot;:&quot;&quot;}],&quot;show&quot;:false,&quot;card&quot;:false,&quot;display_after&quot;:&quot;\\u20ac&quot;,&quot;new_box&quot;:false},{&quot;slug&quot;:&quot;lot-size&quot;,&quot;name&quot;:&quot;Terreno \\\/ Solar&quot;,&quot;has_archive&quot;:false,&quot;elements&quot;:[{&quot;name&quot;:&quot;16.000&quot;,&quot;link&quot;:&quot;&quot;,&quot;slug&quot;:&quot;&quot;}],&quot;show&quot;:true,&quot;card&quot;:false,&quot;display_after&quot;:&quot;m\\u00b2&quot;,&quot;new_box&quot;:false},{&quot;slug&quot;:&quot;features&quot;,&quot;name&quot;:&quot;Caracter\\u00edsticas&quot;,&quot;has_archive&quot;:true,&quot;elements&quot;:[{&quot;name&quot;:&quot;Ausblick auf die Berge&quot;,&quot;link&quot;:&quot;https:\\\/\\\/novagestioinmobiliaria.com\\\/de\\\/eigenschaften\\\/ausblick-auf-die-berge\\\/&quot;,&quot;slug&quot;:&quot;ausblick-auf-die-berge&quot;},{&quot;name&quot;:&quot;Bebaubar&quot;,&quot;link&quot;:&quot;https:\\\/\\\/novagestioinmobiliaria.com\\\/de\\\/eigenschaften\\\/bebaubar\\\/&quot;,&quot;slug&quot;:&quot;bebaubar&quot;},{&quot;name&quot;:&quot;Ruhige Lage&quot;,&quot;link&quot;:&quot;https:\\\/\\\/novagestioinmobiliaria.com\\\/de\\\/eigenschaften\\\/ruhige-lage\\\/&quot;,&quot;slug&quot;:&quot;ruhige-lage&quot;},{&quot;name&quot;:&quot;Unverbaubare Aussicht&quot;,&quot;link&quot;:&quot;https:\\\/\\\/novagestioinmobiliaria.com\\\/de\\\/eigenschaften\\\/unverbaubare-aussicht\\\/&quot;,&quot;slug&quot;:&quot;unverbaubare-aussicht&quot;}],&quot;card&quot;:false,&quot;show&quot;:true,&quot;display_after&quot;:&quot;&quot;,&quot;new_box&quot;:true}],&quot;views&quot;:29,&quot;days_ago&quot;:&quot;11 monat.&quot;,&quot;image_id&quot;:77636,&quot;image_url&quot;:&quot;https:\\\/\\\/novagestioinmobiliaria.com\\\/wp-content\\\/uploads\\\/2025\\\/05\\\/WhatsApp-Image-2025-05-15-at-11.59.jpg&quot;,&quot;tags&quot;:[{&quot;name&quot;:&quot;Caracter\\u00edsticas&quot;,&quot;elements&quot;:[{&quot;name&quot;:&quot;Ausblick auf die Berge&quot;,&quot;link&quot;:&quot;https:\\\/\\\/novagestioinmobiliaria.com\\\/de\\\/eigenschaften\\\/ausblick-auf-die-berge\\\/&quot;},{&quot;name&quot;:&quot;Bebaubar&quot;,&quot;link&quot;:&quot;https:\\\/\\\/novagestioinmobiliaria.com\\\/de\\\/eigenschaften\\\/bebaubar\\\/&quot;},{&quot;name&quot;:&quot;Ruhige Lage&quot;,&quot;link&quot;:&quot;https:\\\/\\\/novagestioinmobiliaria.com\\\/de\\\/eigenschaften\\\/ruhige-lage\\\/&quot;},{&quot;name&quot;:&quot;Unverbaubare Aussicht&quot;,&quot;link&quot;:&quot;https:\\\/\\\/novagestioinmobiliaria.com\\\/de\\\/eigenschaften\\\/unverbaubare-aussicht\\\/&quot;}],&quot;has_archive&quot;:true}],&quot;status&quot;:&quot;publish&quot;,&quot;plans&quot;:[],&quot;video_plan&quot;:{&quot;src&quot;:&quot;&quot;,&quot;video&quot;:&quot;&quot;},&quot;virtual_tour&quot;:null,&quot;state&quot;:&quot;&quot;,&quot;labels&quot;:[],&quot;image&quot;:&quot;https:\\\/\\\/novagestioinmobiliaria.com\\\/wp-content\\\/uploads\\\/2025\\\/05\\\/WhatsApp-Image-2025-05-15-at-11.59-400x250.jpg&quot;,&quot;image_srcset&quot;:&quot;https:\\\/\\\/novagestioinmobiliaria.com\\\/wp-content\\\/uploads\\\/2025\\\/05\\\/WhatsApp-Image-2025-05-15-at-11.59-200x125.jpg 200w, https:\\\/\\\/novagestioinmobiliaria.com\\\/wp-content\\\/uploads\\\/2025\\\/05\\\/WhatsApp-Image-2025-05-15-at-11.59-300x186.jpg 300w, https:\\\/\\\/novagestioinmobiliaria.com\\\/wp-content\\\/uploads\\\/2025\\\/05\\\/WhatsApp-Image-2025-05-15-at-11.59-1024x635.jpg 1024w, https:\\\/\\\/novagestioinmobiliaria.com\\\/wp-content\\\/uploads\\\/2025\\\/05\\\/WhatsApp-Image-2025-05-15-at-11.59-768x476.jpg 768w, https:\\\/\\\/novagestioinmobiliaria.com\\\/wp-content\\\/uploads\\\/2025\\\/05\\\/WhatsApp-Image-2025-05-15-at-11.59-1200x750.jpg 1200w, https:\\\/\\\/novagestioinmobiliaria.com\\\/wp-content\\\/uploads\\\/2025\\\/05\\\/WhatsApp-Image-2025-05-15-at-11.59-800x500.jpg 800w, https:\\\/\\\/novagestioinmobiliaria.com\\\/wp-content\\\/uploads\\\/2025\\\/05\\\/WhatsApp-Image-2025-05-15-at-11.59-600x375.jpg 600w, https:\\\/\\\/novagestioinmobiliaria.com\\\/wp-content\\\/uploads\\\/2025\\\/05\\\/WhatsApp-Image-2025-05-15-at-11.59-400x250.jpg 400w, https:\\\/\\\/novagestioinmobiliaria.com\\\/wp-content\\\/uploads\\\/2025\\\/05\\\/WhatsApp-Image-2025-05-15-at-11.59.jpg 1500w&quot;}'>\r\n\t\t\t\t\t\t\t\t\t\t\t\t\t<\/compare-button>\r\n\t\t\t\t\t\t\t\t\t\t\t\t<\/div>\r\n\t\t\t\t\t\t\t\t\t\t\t\t<div class=\"mh-estate-vertical__buttons__single\">\r\n\t\t\t\t\t\t\t\t\t\t\t\t\t<a href=\"https:\/\/novagestioinmobiliaria.com\/de\/propiedades-properties-immobilien\/rustikales-landhaus-zum-verkauf-in-felanitx-te1754fe-vde\/\"\r\n\t\t\t\t\t\t\t\t\t\t\t\t\t   title=\"Rustikales Landhaus zum Verkauf in Felanitx : : TE1754FE-VDE\"\r\n\t\t\t\t\t\t\t\t\t\t\t\t\t   class=\"mdl-button mdl-js-button mdl-button--raised mdl-js-ripple-effect mdl-button--primary-ghost\">\r\n\t\t\t\t\t\t\t\t\t\t\t\t\t\tDetails\t\t\t\t\t\t\t\t\t\t\t\t\t\t<span class=\"mdl-button__icon-right\"><i class=\"fa fa-angle-right\"><\/i><\/span>\r\n\t\t\t\t\t\t\t\t\t\t\t\t\t<\/a>\r\n\t\t\t\t\t\t\t\t\t\t\t\t<\/div>\r\n\t\t\t\t\t\t\t\t\t\t\t<\/div>\r\n\t\t\t\t\t\t\t\t\t\t<\/div>\r\n\t\t\t\t\t\t\t\t\t<\/div>\r\n\t\t\t\t\t\t\t\t<\/div>\r\n\t\t\t\t\t\t\t<\/div>\r\n\t\t\t\t\t\t<\/article>\r\n\t\t\t\t\t<\/div>\r\n\t\t\t\t\r\n\t\t\t\t\t<div class=\"item\">\r\n\t\t\t\t\t\t<article class=\"mh-estate-vertical mh-estate-vertical--white  mh-attribute-property-type__stadtgrundstuecke mh-attribute-offer-type__zu-verkaufen mh-attribute-city__manacor-de mh-attribute-features__bebaubar mh-attribute-features__ruhige-lage mh-attribute-features__schulnah\">\r\n\t\t\t\t\t\t\t<a href=\"https:\/\/novagestioinmobiliaria.com\/de\/propiedades-properties-immobilien\/grundstueck-zu-verkaufen-manacor-so1283ma-vde\/\"\r\n\t\t\t\t\t\t\t   title=\"Grundst\u00fcck zu verkaufen Manacor : : SO1283MA-VDE\"\r\n\t\t\t\t\t\t\t   class=\"mh-thumbnail\">\r\n                        <span class=\"mh-thumbnail__inner\">\r\n                                    <img\r\n                    data-srcset=\"https:\/\/novagestioinmobiliaria.com\/wp-content\/uploads\/2022\/08\/Solar-en-venta-Manacor-ref-1283-200x125.jpg 200w, https:\/\/novagestioinmobiliaria.com\/wp-content\/uploads\/2022\/08\/Solar-en-venta-Manacor-ref-1283-1200x750.jpg 1200w, https:\/\/novagestioinmobiliaria.com\/wp-content\/uploads\/2022\/08\/Solar-en-venta-Manacor-ref-1283-800x500.jpg 800w, https:\/\/novagestioinmobiliaria.com\/wp-content\/uploads\/2022\/08\/Solar-en-venta-Manacor-ref-1283-600x375.jpg 600w, https:\/\/novagestioinmobiliaria.com\/wp-content\/uploads\/2022\/08\/Solar-en-venta-Manacor-ref-1283-400x250.jpg 400w\"\r\n                    class=\"lazyload \" alt=\"Grundst\u00fcck zu verkaufen Manacor : : SO1283MA-VDE\"\r\n                    data-sizes=\"auto\"\r\n            >\r\n\t\t\t                        <\/span>\r\n\r\n\t\t\t\t\t\t\t\t\t\t\t\t\t\t\t\t\t<div class=\"mh-caption\">\r\n\t\t\t\t\t\t\t\t\t\t<div class=\"mh-caption__inner\">\r\n\t\t\t\t\t\t\t\t\t\t\tZu verkaufen\t\t\t\t\t\t\t\t\t\t<\/div>\r\n\t\t\t\t\t\t\t\t\t<\/div>\r\n\t\t\t\t\t\t\t\t\t\r\n\t\t\t\t\t\t\t\t<div class=\"mh-estate-vertical__text\">\r\n\t\t\t\t\t\t\t\t\t<div class=\"mh-estate-vertical__text__inner\">\r\n\t\t\t\t\t\t\t\t\t\tGrundst\u00fcck zu verkaufen Manacor von 230 m2. Im Bereich des Instituts IES Manacor. Es hat 12 Meter Fassade, perfekt um...\t\t\t\t\t\t\t\t\t<\/div>\r\n\t\t\t\t\t\t\t\t<\/div>\r\n\t\t\t\t\t\t\t<\/a>\r\n\r\n\t\t\t\t\t\t\t<div class=\"mh-estate-vertical__content\">\r\n\t\t\t\t\t\t\t\t<h3 class=\"mh-estate-vertical__heading\">\r\n\t\t\t\t\t\t\t\t\t<a href=\"https:\/\/novagestioinmobiliaria.com\/de\/propiedades-properties-immobilien\/grundstueck-zu-verkaufen-manacor-so1283ma-vde\/\"\r\n\t\t\t\t\t\t\t\t\t   title=\"Grundst\u00fcck zu verkaufen Manacor : : SO1283MA-VDE\">\r\n\t\t\t\t\t\t\t\t\t\tGrundst\u00fcck zu verkaufen Manacor : : SO1283MA-VDE\t\t\t\t\t\t\t\t\t<\/a>\r\n\t\t\t\t\t\t\t\t<\/h3>\r\n\t\t\t\t\t\t\t\t<address class=\"mh-estate-vertical__subheading\">\r\n\t\t\t\t\t\t\t\t\t\t\t\t\t\t\t\t\t<\/address>\r\n\t\t\t\t\t\t\t\t<div class=\"mh-estate-vertical__primary\">\r\n\t\t\t\t\t\t\t\t\t154.000 \u20ac\t\t\t\t\t\t\t\t<\/div>\r\n\r\n\t\t\t\t\t\t\t\t<div>\r\n\t\t\t\t\t\t\t\t\t<div class=\"mh-estate__list\">\r\n\t\t\t\t\t\t\t\t\t\t\r\n\t\t\t\t\t\t\t\t\t\t\t<span class=\"mh-estate-vertical__more-info mh-estate_attribute-offer-type\">\r\n                                        <strong>Tipo operaci\u00f3n:<\/strong>\r\n\t\t\t\t\t\t\t\t\t\t\t\t\t\t\t\t\t\t\t\t\t\t\t\t\t\tZu verkaufen\t\t\t\t\t\t\t\t\t\t\t\t\t\t                                    <\/span>\r\n\r\n\t\t\t\t\t\t\t\t\t\t\r\n\t\t\t\t\t\t\t\t\t\t\t<span class=\"mh-estate-vertical__more-info mh-estate_attribute-property-size\">\r\n                                        <strong>M2:<\/strong>\r\n\t\t\t\t\t\t\t\t\t\t\t\t230 m\u00b2                                    <\/span>\r\n\r\n\t\t\t\t\t\t\t\t\t\t\t\t\t\t\t\t\t\t\t<\/div>\r\n\t\t\t\t\t\t\t\t<\/div>\r\n\r\n\t\t\t\t\t\t\t\t<div class=\"mh-estate-vertical__bottom\">\r\n\t\t\t\t\t\t\t\t\t<div class=\"mh-estate-vertical__bottom__inner\">\r\n\t\t\t\t\t\t\t\t\t\t<div class=\"mh-estate-vertical__date\">\r\n\t\t\t\t\t\t\t\t\t\t\t12 monat.\t\t\t\t\t\t\t\t\t\t<\/div>\r\n\t\t\t\t\t\t\t\t\t\t<div class=\"mh-estate-vertical__buttons-wrapper\">\r\n\t\t\t\t\t\t\t\t\t\t\t<div class=\"mh-estate-vertical__buttons\">\r\n\t\t\t\t\t\t\t\t\t\t\t\t<div class=\"mh-estate-vertical__buttons__single\">\r\n\t\t\t\t\t\t\t\t\t\t\t\t\t<compare-button class=\"myhome-compare\"\r\n\t\t\t\t\t\t\t\t\t\t\t\t\t\t\t\t\t:translations='{&quot;added&quot;:&quot;Zus\\u00e4tzlich&quot;,&quot;compare&quot;:&quot;Vergleichen&quot;}'\r\n\t\t\t\t\t\t\t\t\t\t\t\t\t\t\t\t\t:estate='{&quot;short_excerpt_limit&quot;:125,&quot;long_excerpt_limit&quot;:160,&quot;id&quot;:56572,&quot;agent_id&quot;:&quot;1&quot;,&quot;title&quot;:&quot;Grundst\\u00fcck zu verkaufen Manacor : : SO1283MA-VDE&quot;,&quot;content&quot;:&quot;Grundst\\u00fcck zu verkaufen Manacor von 230 m2. Im Bereich des Instituts IES Manacor. Es hat 12 Meter Fassade, perfekt um ein Haus mit Erdgeschoss und 2 H\\u00f6hen zu bauen.\\r\\nNova Gestio Immobilien in Manacor.&quot;,&quot;excerpt&quot;:&quot;Grundst\\u00fcck zu verkaufen Manacor von 230 m2. Im Bereich des Instituts IES Manacor. Es hat 12 Meter Fassade, perfekt um ein Haus mit Erdgeschoss und 2 H\\u00f6hen zu bauen. Nova Gestio Immobilien in Manacor.&quot;,&quot;short_excerpt&quot;:&quot;Grundst\\u00fcck zu verkaufen Manacor von 230 m2. Im Bereich des Instituts IES Manacor. Es hat 12 Meter Fassade, perfekt um ein ...&quot;,&quot;long_excerpt&quot;:&quot;Grundst\\u00fcck zu verkaufen Manacor von 230 m2. Im Bereich des Instituts IES Manacor. Es hat 12 Meter Fassade, perfekt um ein Haus mit Erdgeschoss und 2 H\\u00f6hen zu...&quot;,&quot;link&quot;:&quot;https:\\\/\\\/novagestioinmobiliaria.com\\\/de\\\/propiedades-properties-immobilien\\\/grundstueck-zu-verkaufen-manacor-so1283ma-vde\\\/&quot;,&quot;offer_type&quot;:&quot;Zu verkaufen&quot;,&quot;price&quot;:&quot;154.000 \\u20ac&quot;,&quot;location&quot;:false,&quot;is_featured&quot;:true,&quot;gallery&quot;:[],&quot;attributes&quot;:[{&quot;slug&quot;:&quot;property-type&quot;,&quot;name&quot;:&quot;Tipo propiedad&quot;,&quot;has_archive&quot;:true,&quot;elements&quot;:[{&quot;name&quot;:&quot;Stadtgrundst\\u00fccke&quot;,&quot;link&quot;:&quot;https:\\\/\\\/novagestioinmobiliaria.com\\\/de\\\/immobilientyp\\\/stadtgrundstuecke\\\/&quot;,&quot;slug&quot;:&quot;stadtgrundstuecke&quot;}],&quot;card&quot;:false,&quot;show&quot;:true,&quot;display_after&quot;:&quot;&quot;,&quot;new_box&quot;:false},{&quot;slug&quot;:&quot;offer-type&quot;,&quot;name&quot;:&quot;Tipo operaci\\u00f3n&quot;,&quot;has_archive&quot;:true,&quot;elements&quot;:[{&quot;name&quot;:&quot;Zu verkaufen&quot;,&quot;link&quot;:&quot;https:\\\/\\\/novagestioinmobiliaria.com\\\/de\\\/offer-type\\\/zu-verkaufen\\\/&quot;,&quot;slug&quot;:&quot;zu-verkaufen&quot;}],&quot;card&quot;:true,&quot;show&quot;:true,&quot;display_after&quot;:&quot;&quot;,&quot;new_box&quot;:false},{&quot;slug&quot;:&quot;city&quot;,&quot;name&quot;:&quot;Zona&quot;,&quot;has_archive&quot;:true,&quot;elements&quot;:[{&quot;name&quot;:&quot;Manacor&quot;,&quot;link&quot;:&quot;https:\\\/\\\/novagestioinmobiliaria.com\\\/de\\\/city\\\/manacor-de\\\/&quot;,&quot;slug&quot;:&quot;manacor-de&quot;}],&quot;card&quot;:false,&quot;show&quot;:true,&quot;display_after&quot;:&quot;&quot;,&quot;new_box&quot;:false},{&quot;slug&quot;:&quot;price&quot;,&quot;name&quot;:&quot;Precio&quot;,&quot;has_archive&quot;:false,&quot;elements&quot;:[{&quot;name&quot;:&quot;154000&quot;,&quot;link&quot;:&quot;&quot;,&quot;slug&quot;:&quot;&quot;}],&quot;show&quot;:false,&quot;card&quot;:false,&quot;display_after&quot;:&quot;\\u20ac&quot;,&quot;new_box&quot;:false},{&quot;slug&quot;:&quot;property-size&quot;,&quot;name&quot;:&quot;M2&quot;,&quot;has_archive&quot;:false,&quot;elements&quot;:[{&quot;name&quot;:&quot;230&quot;,&quot;link&quot;:&quot;&quot;,&quot;slug&quot;:&quot;&quot;}],&quot;show&quot;:true,&quot;card&quot;:true,&quot;display_after&quot;:&quot;m\\u00b2&quot;,&quot;new_box&quot;:false},{&quot;slug&quot;:&quot;lot-size&quot;,&quot;name&quot;:&quot;Terreno \\\/ Solar&quot;,&quot;has_archive&quot;:false,&quot;elements&quot;:[{&quot;name&quot;:&quot;230&quot;,&quot;link&quot;:&quot;&quot;,&quot;slug&quot;:&quot;&quot;}],&quot;show&quot;:true,&quot;card&quot;:false,&quot;display_after&quot;:&quot;m\\u00b2&quot;,&quot;new_box&quot;:false},{&quot;slug&quot;:&quot;features&quot;,&quot;name&quot;:&quot;Caracter\\u00edsticas&quot;,&quot;has_archive&quot;:true,&quot;elements&quot;:[{&quot;name&quot;:&quot;Bebaubar&quot;,&quot;link&quot;:&quot;https:\\\/\\\/novagestioinmobiliaria.com\\\/de\\\/eigenschaften\\\/bebaubar\\\/&quot;,&quot;slug&quot;:&quot;bebaubar&quot;},{&quot;name&quot;:&quot;Ruhige Lage&quot;,&quot;link&quot;:&quot;https:\\\/\\\/novagestioinmobiliaria.com\\\/de\\\/eigenschaften\\\/ruhige-lage\\\/&quot;,&quot;slug&quot;:&quot;ruhige-lage&quot;},{&quot;name&quot;:&quot;Schulnah&quot;,&quot;link&quot;:&quot;https:\\\/\\\/novagestioinmobiliaria.com\\\/de\\\/eigenschaften\\\/schulnah\\\/&quot;,&quot;slug&quot;:&quot;schulnah&quot;}],&quot;card&quot;:false,&quot;show&quot;:true,&quot;display_after&quot;:&quot;&quot;,&quot;new_box&quot;:true}],&quot;views&quot;:1352,&quot;days_ago&quot;:&quot;12 monat.&quot;,&quot;image_id&quot;:56570,&quot;image_url&quot;:&quot;https:\\\/\\\/novagestioinmobiliaria.com\\\/wp-content\\\/uploads\\\/2022\\\/08\\\/Solar-en-venta-Manacor-ref-1283.jpg&quot;,&quot;tags&quot;:[{&quot;name&quot;:&quot;Caracter\\u00edsticas&quot;,&quot;elements&quot;:[{&quot;name&quot;:&quot;Bebaubar&quot;,&quot;link&quot;:&quot;https:\\\/\\\/novagestioinmobiliaria.com\\\/de\\\/eigenschaften\\\/bebaubar\\\/&quot;},{&quot;name&quot;:&quot;Ruhige Lage&quot;,&quot;link&quot;:&quot;https:\\\/\\\/novagestioinmobiliaria.com\\\/de\\\/eigenschaften\\\/ruhige-lage\\\/&quot;},{&quot;name&quot;:&quot;Schulnah&quot;,&quot;link&quot;:&quot;https:\\\/\\\/novagestioinmobiliaria.com\\\/de\\\/eigenschaften\\\/schulnah\\\/&quot;}],&quot;has_archive&quot;:true}],&quot;status&quot;:&quot;publish&quot;,&quot;plans&quot;:[],&quot;video_plan&quot;:{&quot;src&quot;:&quot;&quot;,&quot;video&quot;:&quot;&quot;},&quot;virtual_tour&quot;:null,&quot;state&quot;:&quot;&quot;,&quot;labels&quot;:[],&quot;image&quot;:&quot;https:\\\/\\\/novagestioinmobiliaria.com\\\/wp-content\\\/uploads\\\/2022\\\/08\\\/Solar-en-venta-Manacor-ref-1283-400x250.jpg&quot;,&quot;image_srcset&quot;:&quot;https:\\\/\\\/novagestioinmobiliaria.com\\\/wp-content\\\/uploads\\\/2022\\\/08\\\/Solar-en-venta-Manacor-ref-1283-200x125.jpg 200w, https:\\\/\\\/novagestioinmobiliaria.com\\\/wp-content\\\/uploads\\\/2022\\\/08\\\/Solar-en-venta-Manacor-ref-1283-1200x750.jpg 1200w, https:\\\/\\\/novagestioinmobiliaria.com\\\/wp-content\\\/uploads\\\/2022\\\/08\\\/Solar-en-venta-Manacor-ref-1283-800x500.jpg 800w, https:\\\/\\\/novagestioinmobiliaria.com\\\/wp-content\\\/uploads\\\/2022\\\/08\\\/Solar-en-venta-Manacor-ref-1283-600x375.jpg 600w, https:\\\/\\\/novagestioinmobiliaria.com\\\/wp-content\\\/uploads\\\/2022\\\/08\\\/Solar-en-venta-Manacor-ref-1283-400x250.jpg 400w&quot;}'>\r\n\t\t\t\t\t\t\t\t\t\t\t\t\t<\/compare-button>\r\n\t\t\t\t\t\t\t\t\t\t\t\t<\/div>\r\n\t\t\t\t\t\t\t\t\t\t\t\t<div class=\"mh-estate-vertical__buttons__single\">\r\n\t\t\t\t\t\t\t\t\t\t\t\t\t<a href=\"https:\/\/novagestioinmobiliaria.com\/de\/propiedades-properties-immobilien\/grundstueck-zu-verkaufen-manacor-so1283ma-vde\/\"\r\n\t\t\t\t\t\t\t\t\t\t\t\t\t   title=\"Grundst\u00fcck zu verkaufen Manacor : : SO1283MA-VDE\"\r\n\t\t\t\t\t\t\t\t\t\t\t\t\t   class=\"mdl-button mdl-js-button mdl-button--raised mdl-js-ripple-effect mdl-button--primary-ghost\">\r\n\t\t\t\t\t\t\t\t\t\t\t\t\t\tDetails\t\t\t\t\t\t\t\t\t\t\t\t\t\t<span class=\"mdl-button__icon-right\"><i class=\"fa fa-angle-right\"><\/i><\/span>\r\n\t\t\t\t\t\t\t\t\t\t\t\t\t<\/a>\r\n\t\t\t\t\t\t\t\t\t\t\t\t<\/div>\r\n\t\t\t\t\t\t\t\t\t\t\t<\/div>\r\n\t\t\t\t\t\t\t\t\t\t<\/div>\r\n\t\t\t\t\t\t\t\t\t<\/div>\r\n\t\t\t\t\t\t\t\t<\/div>\r\n\t\t\t\t\t\t\t<\/div>\r\n\t\t\t\t\t\t<\/article>\r\n\t\t\t\t\t<\/div>\r\n\t\t\t\t\r\n\t\t\t\t\t<div class=\"item\">\r\n\t\t\t\t\t\t<article class=\"mh-estate-vertical mh-estate-vertical--white  mh-attribute-property-type__landgrundstuecke-bebaubares-land mh-attribute-offer-type__zu-verkaufen mh-attribute-city__manacor-de mh-attribute-features__bebaubar mh-attribute-features__garten mh-attribute-features__panoramablick mh-attribute-features__ruhige-lage\">\r\n\t\t\t\t\t\t\t<a href=\"https:\/\/novagestioinmobiliaria.com\/de\/propiedades-properties-immobilien\/grundstueck-mit-projekt-in-manacor-te1746ma-vde\/\"\r\n\t\t\t\t\t\t\t   title=\"Grundst\u00fcck mit Projekt in Manacor : : TE1746MA-VDE\"\r\n\t\t\t\t\t\t\t   class=\"mh-thumbnail\">\r\n                        <span class=\"mh-thumbnail__inner\">\r\n                                    <img\r\n                    data-srcset=\"https:\/\/novagestioinmobiliaria.com\/wp-content\/uploads\/2025\/04\/Terreno-Venta-Manacor-ref-6-200x125.jpg 200w, https:\/\/novagestioinmobiliaria.com\/wp-content\/uploads\/2025\/04\/Terreno-Venta-Manacor-ref-6-1200x750.jpg 1200w, https:\/\/novagestioinmobiliaria.com\/wp-content\/uploads\/2025\/04\/Terreno-Venta-Manacor-ref-6-800x500.jpg 800w, https:\/\/novagestioinmobiliaria.com\/wp-content\/uploads\/2025\/04\/Terreno-Venta-Manacor-ref-6-600x375.jpg 600w, https:\/\/novagestioinmobiliaria.com\/wp-content\/uploads\/2025\/04\/Terreno-Venta-Manacor-ref-6-400x250.jpg 400w\"\r\n                    class=\"lazyload \" alt=\"Grundst\u00fcck mit Projekt in Manacor : : TE1746MA-VDE\"\r\n                    data-sizes=\"auto\"\r\n            >\r\n\t\t\t                        <\/span>\r\n\r\n\t\t\t\t\t\t\t\t\t\t\t\t\t\t\t\t\t<div class=\"mh-caption\">\r\n\t\t\t\t\t\t\t\t\t\t<div class=\"mh-caption__inner\">\r\n\t\t\t\t\t\t\t\t\t\t\tZu verkaufen\t\t\t\t\t\t\t\t\t\t<\/div>\r\n\t\t\t\t\t\t\t\t\t<\/div>\r\n\t\t\t\t\t\t\t\t\t\r\n\t\t\t\t\t\t\t\t<div class=\"mh-estate-vertical__text\">\r\n\t\t\t\t\t\t\t\t\t<div class=\"mh-estate-vertical__text__inner\">\r\n\t\t\t\t\t\t\t\t\t\tGrundst\u00fcck mit Grundprojekt zum Verkauf in Manacor. Das Grundst\u00fcck hat 54.142 m2. Das Projekt erm\u00f6glicht einen sofortigen Baubeginn, bei dem...\t\t\t\t\t\t\t\t\t<\/div>\r\n\t\t\t\t\t\t\t\t<\/div>\r\n\t\t\t\t\t\t\t<\/a>\r\n\r\n\t\t\t\t\t\t\t<div class=\"mh-estate-vertical__content\">\r\n\t\t\t\t\t\t\t\t<h3 class=\"mh-estate-vertical__heading\">\r\n\t\t\t\t\t\t\t\t\t<a href=\"https:\/\/novagestioinmobiliaria.com\/de\/propiedades-properties-immobilien\/grundstueck-mit-projekt-in-manacor-te1746ma-vde\/\"\r\n\t\t\t\t\t\t\t\t\t   title=\"Grundst\u00fcck mit Projekt in Manacor : : TE1746MA-VDE\">\r\n\t\t\t\t\t\t\t\t\t\tGrundst\u00fcck mit Projekt in Manacor : : TE1746MA-VDE\t\t\t\t\t\t\t\t\t<\/a>\r\n\t\t\t\t\t\t\t\t<\/h3>\r\n\t\t\t\t\t\t\t\t<address class=\"mh-estate-vertical__subheading\">\r\n\t\t\t\t\t\t\t\t\tM\t\t\t\t\t\t\t\t<\/address>\r\n\t\t\t\t\t\t\t\t<div class=\"mh-estate-vertical__primary\">\r\n\t\t\t\t\t\t\t\t\t395.000 \u20ac\t\t\t\t\t\t\t\t<\/div>\r\n\r\n\t\t\t\t\t\t\t\t<div>\r\n\t\t\t\t\t\t\t\t\t<div class=\"mh-estate__list\">\r\n\t\t\t\t\t\t\t\t\t\t\r\n\t\t\t\t\t\t\t\t\t\t\t<span class=\"mh-estate-vertical__more-info mh-estate_attribute-offer-type\">\r\n                                        <strong>Tipo operaci\u00f3n:<\/strong>\r\n\t\t\t\t\t\t\t\t\t\t\t\t\t\t\t\t\t\t\t\t\t\t\t\t\t\tZu verkaufen\t\t\t\t\t\t\t\t\t\t\t\t\t\t                                    <\/span>\r\n\r\n\t\t\t\t\t\t\t\t\t\t\t\t\t\t\t\t\t\t\t<\/div>\r\n\t\t\t\t\t\t\t\t<\/div>\r\n\r\n\t\t\t\t\t\t\t\t<div class=\"mh-estate-vertical__bottom\">\r\n\t\t\t\t\t\t\t\t\t<div class=\"mh-estate-vertical__bottom__inner\">\r\n\t\t\t\t\t\t\t\t\t\t<div class=\"mh-estate-vertical__date\">\r\n\t\t\t\t\t\t\t\t\t\t\t12 monat.\t\t\t\t\t\t\t\t\t\t<\/div>\r\n\t\t\t\t\t\t\t\t\t\t<div class=\"mh-estate-vertical__buttons-wrapper\">\r\n\t\t\t\t\t\t\t\t\t\t\t<div class=\"mh-estate-vertical__buttons\">\r\n\t\t\t\t\t\t\t\t\t\t\t\t<div class=\"mh-estate-vertical__buttons__single\">\r\n\t\t\t\t\t\t\t\t\t\t\t\t\t<compare-button class=\"myhome-compare\"\r\n\t\t\t\t\t\t\t\t\t\t\t\t\t\t\t\t\t:translations='{&quot;added&quot;:&quot;Zus\\u00e4tzlich&quot;,&quot;compare&quot;:&quot;Vergleichen&quot;}'\r\n\t\t\t\t\t\t\t\t\t\t\t\t\t\t\t\t\t:estate='{&quot;short_excerpt_limit&quot;:125,&quot;long_excerpt_limit&quot;:160,&quot;id&quot;:76897,&quot;agent_id&quot;:&quot;26&quot;,&quot;title&quot;:&quot;Grundst\\u00fcck mit Projekt in Manacor : : TE1746MA-VDE&quot;,&quot;content&quot;:&quot;Grundst\\u00fcck mit Grundprojekt zum Verkauf in Manacor. Das Grundst\\u00fcck hat 54.142 m2. Das Projekt erm\\u00f6glicht einen sofortigen Baubeginn, bei dem ein modernes mallorquinisches rustikales Haus in L-Form von 270 m2 gebaut werden kann, einschlie\\u00dflich eines 35 m2 Pools und weitl\\u00e4ufiger G\\u00e4rten.\\r\\nNova esti\\u00f3, Immobilienagentur in Manacor.&quot;,&quot;excerpt&quot;:&quot;Grundst\\u00fcck mit Grundprojekt zum Verkauf in Manacor. Das Grundst\\u00fcck hat 54.142 m2. Das Projekt erm\\u00f6glicht einen sofortigen Baubeginn, bei dem ein modernes mallorquinisches rustikales Haus in L-Form von 270 m2 gebaut werden kann, einschlie\\u00dflich eines 35 m2 Pools und weitl\\u00e4ufiger G\\u00e4rten. Nova esti\\u00f3, Immobilienagentur in Manacor.&quot;,&quot;short_excerpt&quot;:&quot;Grundst\\u00fcck mit Grundprojekt zum Verkauf in Manacor. Das Grundst\\u00fcck hat 54.142 m2. Das Projekt erm\\u00f6glicht einen sofortigen ...&quot;,&quot;long_excerpt&quot;:&quot;Grundst\\u00fcck mit Grundprojekt zum Verkauf in Manacor. Das Grundst\\u00fcck hat 54.142 m2. Das Projekt erm\\u00f6glicht einen sofortigen Baubeginn, bei dem ein modernes mal...&quot;,&quot;link&quot;:&quot;https:\\\/\\\/novagestioinmobiliaria.com\\\/de\\\/propiedades-properties-immobilien\\\/grundstueck-mit-projekt-in-manacor-te1746ma-vde\\\/&quot;,&quot;offer_type&quot;:&quot;Zu verkaufen&quot;,&quot;price&quot;:&quot;395.000 \\u20ac&quot;,&quot;location&quot;:&quot;M&quot;,&quot;is_featured&quot;:true,&quot;gallery&quot;:[],&quot;attributes&quot;:[{&quot;slug&quot;:&quot;property-type&quot;,&quot;name&quot;:&quot;Tipo propiedad&quot;,&quot;has_archive&quot;:true,&quot;elements&quot;:[{&quot;name&quot;:&quot;Landgrundst\\u00fccke \\\/ Bebaubares Land&quot;,&quot;link&quot;:&quot;https:\\\/\\\/novagestioinmobiliaria.com\\\/de\\\/immobilientyp\\\/landgrundstuecke-bebaubares-land\\\/&quot;,&quot;slug&quot;:&quot;landgrundstuecke-bebaubares-land&quot;}],&quot;card&quot;:false,&quot;show&quot;:true,&quot;display_after&quot;:&quot;&quot;,&quot;new_box&quot;:false},{&quot;slug&quot;:&quot;offer-type&quot;,&quot;name&quot;:&quot;Tipo operaci\\u00f3n&quot;,&quot;has_archive&quot;:true,&quot;elements&quot;:[{&quot;name&quot;:&quot;Zu verkaufen&quot;,&quot;link&quot;:&quot;https:\\\/\\\/novagestioinmobiliaria.com\\\/de\\\/offer-type\\\/zu-verkaufen\\\/&quot;,&quot;slug&quot;:&quot;zu-verkaufen&quot;}],&quot;card&quot;:true,&quot;show&quot;:true,&quot;display_after&quot;:&quot;&quot;,&quot;new_box&quot;:false},{&quot;slug&quot;:&quot;city&quot;,&quot;name&quot;:&quot;Zona&quot;,&quot;has_archive&quot;:true,&quot;elements&quot;:[{&quot;name&quot;:&quot;Manacor&quot;,&quot;link&quot;:&quot;https:\\\/\\\/novagestioinmobiliaria.com\\\/de\\\/city\\\/manacor-de\\\/&quot;,&quot;slug&quot;:&quot;manacor-de&quot;}],&quot;card&quot;:false,&quot;show&quot;:true,&quot;display_after&quot;:&quot;&quot;,&quot;new_box&quot;:false},{&quot;slug&quot;:&quot;price&quot;,&quot;name&quot;:&quot;Precio&quot;,&quot;has_archive&quot;:false,&quot;elements&quot;:[{&quot;name&quot;:&quot;395000&quot;,&quot;link&quot;:&quot;&quot;,&quot;slug&quot;:&quot;&quot;}],&quot;show&quot;:false,&quot;card&quot;:false,&quot;display_after&quot;:&quot;\\u20ac&quot;,&quot;new_box&quot;:false},{&quot;slug&quot;:&quot;lot-size&quot;,&quot;name&quot;:&quot;Terreno \\\/ Solar&quot;,&quot;has_archive&quot;:false,&quot;elements&quot;:[{&quot;name&quot;:&quot;54142&quot;,&quot;link&quot;:&quot;&quot;,&quot;slug&quot;:&quot;&quot;}],&quot;show&quot;:true,&quot;card&quot;:false,&quot;display_after&quot;:&quot;m\\u00b2&quot;,&quot;new_box&quot;:false},{&quot;slug&quot;:&quot;features&quot;,&quot;name&quot;:&quot;Caracter\\u00edsticas&quot;,&quot;has_archive&quot;:true,&quot;elements&quot;:[{&quot;name&quot;:&quot;Bebaubar&quot;,&quot;link&quot;:&quot;https:\\\/\\\/novagestioinmobiliaria.com\\\/de\\\/eigenschaften\\\/bebaubar\\\/&quot;,&quot;slug&quot;:&quot;bebaubar&quot;},{&quot;name&quot;:&quot;Garten&quot;,&quot;link&quot;:&quot;https:\\\/\\\/novagestioinmobiliaria.com\\\/de\\\/eigenschaften\\\/garten\\\/&quot;,&quot;slug&quot;:&quot;garten&quot;},{&quot;name&quot;:&quot;Panoramablick&quot;,&quot;link&quot;:&quot;https:\\\/\\\/novagestioinmobiliaria.com\\\/de\\\/eigenschaften\\\/panoramablick\\\/&quot;,&quot;slug&quot;:&quot;panoramablick&quot;},{&quot;name&quot;:&quot;Ruhige Lage&quot;,&quot;link&quot;:&quot;https:\\\/\\\/novagestioinmobiliaria.com\\\/de\\\/eigenschaften\\\/ruhige-lage\\\/&quot;,&quot;slug&quot;:&quot;ruhige-lage&quot;}],&quot;card&quot;:false,&quot;show&quot;:true,&quot;display_after&quot;:&quot;&quot;,&quot;new_box&quot;:true}],&quot;views&quot;:47,&quot;days_ago&quot;:&quot;12 monat.&quot;,&quot;image_id&quot;:76892,&quot;image_url&quot;:&quot;https:\\\/\\\/novagestioinmobiliaria.com\\\/wp-content\\\/uploads\\\/2025\\\/04\\\/Terreno-Venta-Manacor-ref-6.jpg&quot;,&quot;tags&quot;:[{&quot;name&quot;:&quot;Caracter\\u00edsticas&quot;,&quot;elements&quot;:[{&quot;name&quot;:&quot;Bebaubar&quot;,&quot;link&quot;:&quot;https:\\\/\\\/novagestioinmobiliaria.com\\\/de\\\/eigenschaften\\\/bebaubar\\\/&quot;},{&quot;name&quot;:&quot;Garten&quot;,&quot;link&quot;:&quot;https:\\\/\\\/novagestioinmobiliaria.com\\\/de\\\/eigenschaften\\\/garten\\\/&quot;},{&quot;name&quot;:&quot;Panoramablick&quot;,&quot;link&quot;:&quot;https:\\\/\\\/novagestioinmobiliaria.com\\\/de\\\/eigenschaften\\\/panoramablick\\\/&quot;},{&quot;name&quot;:&quot;Ruhige Lage&quot;,&quot;link&quot;:&quot;https:\\\/\\\/novagestioinmobiliaria.com\\\/de\\\/eigenschaften\\\/ruhige-lage\\\/&quot;}],&quot;has_archive&quot;:true}],&quot;status&quot;:&quot;publish&quot;,&quot;plans&quot;:[],&quot;video_plan&quot;:{&quot;src&quot;:&quot;&quot;,&quot;video&quot;:&quot;&quot;},&quot;virtual_tour&quot;:null,&quot;state&quot;:&quot;&quot;,&quot;labels&quot;:[],&quot;image&quot;:&quot;https:\\\/\\\/novagestioinmobiliaria.com\\\/wp-content\\\/uploads\\\/2025\\\/04\\\/Terreno-Venta-Manacor-ref-6-400x250.jpg&quot;,&quot;image_srcset&quot;:&quot;https:\\\/\\\/novagestioinmobiliaria.com\\\/wp-content\\\/uploads\\\/2025\\\/04\\\/Terreno-Venta-Manacor-ref-6-200x125.jpg 200w, https:\\\/\\\/novagestioinmobiliaria.com\\\/wp-content\\\/uploads\\\/2025\\\/04\\\/Terreno-Venta-Manacor-ref-6-1200x750.jpg 1200w, https:\\\/\\\/novagestioinmobiliaria.com\\\/wp-content\\\/uploads\\\/2025\\\/04\\\/Terreno-Venta-Manacor-ref-6-800x500.jpg 800w, https:\\\/\\\/novagestioinmobiliaria.com\\\/wp-content\\\/uploads\\\/2025\\\/04\\\/Terreno-Venta-Manacor-ref-6-600x375.jpg 600w, https:\\\/\\\/novagestioinmobiliaria.com\\\/wp-content\\\/uploads\\\/2025\\\/04\\\/Terreno-Venta-Manacor-ref-6-400x250.jpg 400w&quot;}'>\r\n\t\t\t\t\t\t\t\t\t\t\t\t\t<\/compare-button>\r\n\t\t\t\t\t\t\t\t\t\t\t\t<\/div>\r\n\t\t\t\t\t\t\t\t\t\t\t\t<div class=\"mh-estate-vertical__buttons__single\">\r\n\t\t\t\t\t\t\t\t\t\t\t\t\t<a href=\"https:\/\/novagestioinmobiliaria.com\/de\/propiedades-properties-immobilien\/grundstueck-mit-projekt-in-manacor-te1746ma-vde\/\"\r\n\t\t\t\t\t\t\t\t\t\t\t\t\t   title=\"Grundst\u00fcck mit Projekt in Manacor : : TE1746MA-VDE\"\r\n\t\t\t\t\t\t\t\t\t\t\t\t\t   class=\"mdl-button mdl-js-button mdl-button--raised mdl-js-ripple-effect mdl-button--primary-ghost\">\r\n\t\t\t\t\t\t\t\t\t\t\t\t\t\tDetails\t\t\t\t\t\t\t\t\t\t\t\t\t\t<span class=\"mdl-button__icon-right\"><i class=\"fa fa-angle-right\"><\/i><\/span>\r\n\t\t\t\t\t\t\t\t\t\t\t\t\t<\/a>\r\n\t\t\t\t\t\t\t\t\t\t\t\t<\/div>\r\n\t\t\t\t\t\t\t\t\t\t\t<\/div>\r\n\t\t\t\t\t\t\t\t\t\t<\/div>\r\n\t\t\t\t\t\t\t\t\t<\/div>\r\n\t\t\t\t\t\t\t\t<\/div>\r\n\t\t\t\t\t\t\t<\/div>\r\n\t\t\t\t\t\t<\/article>\r\n\t\t\t\t\t<\/div>\r\n\t\t\t\t\r\n\t\t\t\t\t<div class=\"item\">\r\n\t\t\t\t\t\t<article class=\"mh-estate-vertical mh-estate-vertical--white  mh-attribute-property-type__stadtgrundstuecke mh-attribute-offer-type__zu-verkaufen mh-attribute-city__sant-llorenc-des-cardessar-de mh-attribute-features__bebaubar mh-attribute-features__panoramablick mh-attribute-features__ruhige-lage\">\r\n\t\t\t\t\t\t\t<a href=\"https:\/\/novagestioinmobiliaria.com\/de\/propiedades-properties-immobilien\/baugrundstueck-zum-verkauf-in-sant-llorenc-des-cardassar-s1738sllc-vde\/\"\r\n\t\t\t\t\t\t\t   title=\"Baugrundst\u00fcck zum Verkauf in Sant Lloren\u00e7 des Cardassar : : S1738SLLC-VDE\"\r\n\t\t\t\t\t\t\t   class=\"mh-thumbnail\">\r\n                        <span class=\"mh-thumbnail__inner\">\r\n                                    <img\r\n                    data-srcset=\"https:\/\/novagestioinmobiliaria.com\/wp-content\/uploads\/2025\/04\/Solar-urbano-Vender-Sant-Llorenc-8-200x125.jpg 200w, https:\/\/novagestioinmobiliaria.com\/wp-content\/uploads\/2025\/04\/Solar-urbano-Vender-Sant-Llorenc-8-800x500.jpg 800w, https:\/\/novagestioinmobiliaria.com\/wp-content\/uploads\/2025\/04\/Solar-urbano-Vender-Sant-Llorenc-8-600x375.jpg 600w, https:\/\/novagestioinmobiliaria.com\/wp-content\/uploads\/2025\/04\/Solar-urbano-Vender-Sant-Llorenc-8-400x250.jpg 400w\"\r\n                    class=\"lazyload \" alt=\"Baugrundst\u00fcck zum Verkauf in Sant Lloren\u00e7 des Cardassar : : S1738SLLC-VDE\"\r\n                    data-sizes=\"auto\"\r\n            >\r\n\t\t\t                        <\/span>\r\n\r\n\t\t\t\t\t\t\t\t\t\t\t\t\t\t\t\t\t<div class=\"mh-caption\">\r\n\t\t\t\t\t\t\t\t\t\t<div class=\"mh-caption__inner\">\r\n\t\t\t\t\t\t\t\t\t\t\tZu verkaufen\t\t\t\t\t\t\t\t\t\t<\/div>\r\n\t\t\t\t\t\t\t\t\t<\/div>\r\n\t\t\t\t\t\t\t\t\t\r\n\t\t\t\t\t\t\t\t<div class=\"mh-estate-vertical__text\">\r\n\t\t\t\t\t\t\t\t\t<div class=\"mh-estate-vertical__text__inner\">\r\n\t\t\t\t\t\t\t\t\t\tGrundst\u00fcck zum Verkauf in Sant Lloren\u00e7 des Cardassar von 235,5 qm. Die Abmessungen dieses Grundst\u00fccks betragen 9,63 m Front und...\t\t\t\t\t\t\t\t\t<\/div>\r\n\t\t\t\t\t\t\t\t<\/div>\r\n\t\t\t\t\t\t\t<\/a>\r\n\r\n\t\t\t\t\t\t\t<div class=\"mh-estate-vertical__content\">\r\n\t\t\t\t\t\t\t\t<h3 class=\"mh-estate-vertical__heading\">\r\n\t\t\t\t\t\t\t\t\t<a href=\"https:\/\/novagestioinmobiliaria.com\/de\/propiedades-properties-immobilien\/baugrundstueck-zum-verkauf-in-sant-llorenc-des-cardassar-s1738sllc-vde\/\"\r\n\t\t\t\t\t\t\t\t\t   title=\"Baugrundst\u00fcck zum Verkauf in Sant Lloren\u00e7 des Cardassar : : S1738SLLC-VDE\">\r\n\t\t\t\t\t\t\t\t\t\tBaugrundst\u00fcck zum Verkauf in Sant Lloren\u00e7 des Cardassar : : S1738SLLC-VDE\t\t\t\t\t\t\t\t\t<\/a>\r\n\t\t\t\t\t\t\t\t<\/h3>\r\n\t\t\t\t\t\t\t\t<address class=\"mh-estate-vertical__subheading\">\r\n\t\t\t\t\t\t\t\t\tS\t\t\t\t\t\t\t\t<\/address>\r\n\t\t\t\t\t\t\t\t<div class=\"mh-estate-vertical__primary\">\r\n\t\t\t\t\t\t\t\t\t165.000 \u20ac\t\t\t\t\t\t\t\t<\/div>\r\n\r\n\t\t\t\t\t\t\t\t<div>\r\n\t\t\t\t\t\t\t\t\t<div class=\"mh-estate__list\">\r\n\t\t\t\t\t\t\t\t\t\t\r\n\t\t\t\t\t\t\t\t\t\t\t<span class=\"mh-estate-vertical__more-info mh-estate_attribute-offer-type\">\r\n                                        <strong>Tipo operaci\u00f3n:<\/strong>\r\n\t\t\t\t\t\t\t\t\t\t\t\t\t\t\t\t\t\t\t\t\t\t\t\t\t\tZu verkaufen\t\t\t\t\t\t\t\t\t\t\t\t\t\t                                    <\/span>\r\n\r\n\t\t\t\t\t\t\t\t\t\t\t\t\t\t\t\t\t\t\t<\/div>\r\n\t\t\t\t\t\t\t\t<\/div>\r\n\r\n\t\t\t\t\t\t\t\t<div class=\"mh-estate-vertical__bottom\">\r\n\t\t\t\t\t\t\t\t\t<div class=\"mh-estate-vertical__bottom__inner\">\r\n\t\t\t\t\t\t\t\t\t\t<div class=\"mh-estate-vertical__date\">\r\n\t\t\t\t\t\t\t\t\t\t\t1\u00a0Jahr.\t\t\t\t\t\t\t\t\t\t<\/div>\r\n\t\t\t\t\t\t\t\t\t\t<div class=\"mh-estate-vertical__buttons-wrapper\">\r\n\t\t\t\t\t\t\t\t\t\t\t<div class=\"mh-estate-vertical__buttons\">\r\n\t\t\t\t\t\t\t\t\t\t\t\t<div class=\"mh-estate-vertical__buttons__single\">\r\n\t\t\t\t\t\t\t\t\t\t\t\t\t<compare-button class=\"myhome-compare\"\r\n\t\t\t\t\t\t\t\t\t\t\t\t\t\t\t\t\t:translations='{&quot;added&quot;:&quot;Zus\\u00e4tzlich&quot;,&quot;compare&quot;:&quot;Vergleichen&quot;}'\r\n\t\t\t\t\t\t\t\t\t\t\t\t\t\t\t\t\t:estate='{&quot;short_excerpt_limit&quot;:125,&quot;long_excerpt_limit&quot;:160,&quot;id&quot;:76457,&quot;agent_id&quot;:&quot;26&quot;,&quot;title&quot;:&quot;Baugrundst\\u00fcck zum Verkauf in Sant Lloren\\u00e7 des Cardassar : : S1738SLLC-VDE&quot;,&quot;content&quot;:&quot;Grundst\\u00fcck zum Verkauf in Sant Lloren\\u00e7 des Cardassar von 235,5 qm. Die Abmessungen dieses Grundst\\u00fccks betragen 9,63 m Front und 25 m Tiefe, mit einer Bebauungsm\\u00f6glichkeit von bis zu 344,15 qm. Es ist m\\u00f6glich, gem\\u00e4\\u00df den aktuellen Vorschriften zu bauen, Erdgeschoss und zwei Etagen von jeweils etwa 114 qm. Ideal f\\u00fcr den Bau eines Einfamilienhauses mit der M\\u00f6glichkeit eines Pools. Das Grundst\\u00fcck befindet sich in einer ruhigen Gegend und in der N\\u00e4he des Landes. NICHT \\u00fcberflutungsgef\\u00e4hrdete Zone.\\r\\nNova Gesti\\u00f3, Immobilienagentur in Sant Lloren\\u00e7 des Cardassar&quot;,&quot;excerpt&quot;:&quot;Grundst\\u00fcck zum Verkauf in Sant Lloren\\u00e7 des Cardassar von 235,5 qm. Die Abmessungen dieses Grundst\\u00fccks betragen 9,63 m Front und 25 m Tiefe, mit einer Bebauungsm\\u00f6glichkeit von bis zu 344,15 qm. Es ist m\\u00f6glich, gem\\u00e4\\u00df den aktuellen Vorschriften zu bauen, Erdgeschoss und zwei Etagen von jeweils etwa 114 qm. Ideal f\\u00fcr den Bau eines Einfamilienhauses [\\u2026]&quot;,&quot;short_excerpt&quot;:&quot;Grundst\\u00fcck zum Verkauf in Sant Lloren\\u00e7 des Cardassar von 235,5 qm. Die Abmessungen dieses Grundst\\u00fccks betragen 9,63 m Fron...&quot;,&quot;long_excerpt&quot;:&quot;Grundst\\u00fcck zum Verkauf in Sant Lloren\\u00e7 des Cardassar von 235,5 qm. Die Abmessungen dieses Grundst\\u00fccks betragen 9,63 m Front und 25 m Tiefe, mit einer Bebauun...&quot;,&quot;link&quot;:&quot;https:\\\/\\\/novagestioinmobiliaria.com\\\/de\\\/propiedades-properties-immobilien\\\/baugrundstueck-zum-verkauf-in-sant-llorenc-des-cardassar-s1738sllc-vde\\\/&quot;,&quot;offer_type&quot;:&quot;Zu verkaufen&quot;,&quot;price&quot;:&quot;165.000 \\u20ac&quot;,&quot;location&quot;:&quot;S&quot;,&quot;is_featured&quot;:true,&quot;gallery&quot;:[],&quot;attributes&quot;:[{&quot;slug&quot;:&quot;property-type&quot;,&quot;name&quot;:&quot;Tipo propiedad&quot;,&quot;has_archive&quot;:true,&quot;elements&quot;:[{&quot;name&quot;:&quot;Stadtgrundst\\u00fccke&quot;,&quot;link&quot;:&quot;https:\\\/\\\/novagestioinmobiliaria.com\\\/de\\\/immobilientyp\\\/stadtgrundstuecke\\\/&quot;,&quot;slug&quot;:&quot;stadtgrundstuecke&quot;}],&quot;card&quot;:false,&quot;show&quot;:true,&quot;display_after&quot;:&quot;&quot;,&quot;new_box&quot;:false},{&quot;slug&quot;:&quot;offer-type&quot;,&quot;name&quot;:&quot;Tipo operaci\\u00f3n&quot;,&quot;has_archive&quot;:true,&quot;elements&quot;:[{&quot;name&quot;:&quot;Zu verkaufen&quot;,&quot;link&quot;:&quot;https:\\\/\\\/novagestioinmobiliaria.com\\\/de\\\/offer-type\\\/zu-verkaufen\\\/&quot;,&quot;slug&quot;:&quot;zu-verkaufen&quot;}],&quot;card&quot;:true,&quot;show&quot;:true,&quot;display_after&quot;:&quot;&quot;,&quot;new_box&quot;:false},{&quot;slug&quot;:&quot;city&quot;,&quot;name&quot;:&quot;Zona&quot;,&quot;has_archive&quot;:true,&quot;elements&quot;:[{&quot;name&quot;:&quot;Sant Lloren\\u00e7 des Cardessar&quot;,&quot;link&quot;:&quot;https:\\\/\\\/novagestioinmobiliaria.com\\\/de\\\/city\\\/sant-llorenc-des-cardessar-de\\\/&quot;,&quot;slug&quot;:&quot;sant-llorenc-des-cardessar-de&quot;}],&quot;card&quot;:false,&quot;show&quot;:true,&quot;display_after&quot;:&quot;&quot;,&quot;new_box&quot;:false},{&quot;slug&quot;:&quot;price&quot;,&quot;name&quot;:&quot;Precio&quot;,&quot;has_archive&quot;:false,&quot;elements&quot;:[{&quot;name&quot;:&quot;165000&quot;,&quot;link&quot;:&quot;&quot;,&quot;slug&quot;:&quot;&quot;}],&quot;show&quot;:false,&quot;card&quot;:false,&quot;display_after&quot;:&quot;\\u20ac&quot;,&quot;new_box&quot;:false},{&quot;slug&quot;:&quot;lot-size&quot;,&quot;name&quot;:&quot;Terreno \\\/ Solar&quot;,&quot;has_archive&quot;:false,&quot;elements&quot;:[{&quot;name&quot;:&quot;235.50&quot;,&quot;link&quot;:&quot;&quot;,&quot;slug&quot;:&quot;&quot;}],&quot;show&quot;:true,&quot;card&quot;:false,&quot;display_after&quot;:&quot;m\\u00b2&quot;,&quot;new_box&quot;:false},{&quot;slug&quot;:&quot;features&quot;,&quot;name&quot;:&quot;Caracter\\u00edsticas&quot;,&quot;has_archive&quot;:true,&quot;elements&quot;:[{&quot;name&quot;:&quot;Bebaubar&quot;,&quot;link&quot;:&quot;https:\\\/\\\/novagestioinmobiliaria.com\\\/de\\\/eigenschaften\\\/bebaubar\\\/&quot;,&quot;slug&quot;:&quot;bebaubar&quot;},{&quot;name&quot;:&quot;Panoramablick&quot;,&quot;link&quot;:&quot;https:\\\/\\\/novagestioinmobiliaria.com\\\/de\\\/eigenschaften\\\/panoramablick\\\/&quot;,&quot;slug&quot;:&quot;panoramablick&quot;},{&quot;name&quot;:&quot;Ruhige Lage&quot;,&quot;link&quot;:&quot;https:\\\/\\\/novagestioinmobiliaria.com\\\/de\\\/eigenschaften\\\/ruhige-lage\\\/&quot;,&quot;slug&quot;:&quot;ruhige-lage&quot;}],&quot;card&quot;:false,&quot;show&quot;:true,&quot;display_after&quot;:&quot;&quot;,&quot;new_box&quot;:true}],&quot;views&quot;:48,&quot;days_ago&quot;:&quot;1\\u00a0Jahr.&quot;,&quot;image_id&quot;:76456,&quot;image_url&quot;:&quot;https:\\\/\\\/novagestioinmobiliaria.com\\\/wp-content\\\/uploads\\\/2025\\\/04\\\/Solar-urbano-Vender-Sant-Llorenc-8.jpg&quot;,&quot;tags&quot;:[{&quot;name&quot;:&quot;Caracter\\u00edsticas&quot;,&quot;elements&quot;:[{&quot;name&quot;:&quot;Bebaubar&quot;,&quot;link&quot;:&quot;https:\\\/\\\/novagestioinmobiliaria.com\\\/de\\\/eigenschaften\\\/bebaubar\\\/&quot;},{&quot;name&quot;:&quot;Panoramablick&quot;,&quot;link&quot;:&quot;https:\\\/\\\/novagestioinmobiliaria.com\\\/de\\\/eigenschaften\\\/panoramablick\\\/&quot;},{&quot;name&quot;:&quot;Ruhige Lage&quot;,&quot;link&quot;:&quot;https:\\\/\\\/novagestioinmobiliaria.com\\\/de\\\/eigenschaften\\\/ruhige-lage\\\/&quot;}],&quot;has_archive&quot;:true}],&quot;status&quot;:&quot;publish&quot;,&quot;plans&quot;:[],&quot;video_plan&quot;:{&quot;src&quot;:&quot;&quot;,&quot;video&quot;:&quot;&quot;},&quot;virtual_tour&quot;:null,&quot;state&quot;:&quot;&quot;,&quot;labels&quot;:[],&quot;image&quot;:&quot;https:\\\/\\\/novagestioinmobiliaria.com\\\/wp-content\\\/uploads\\\/2025\\\/04\\\/Solar-urbano-Vender-Sant-Llorenc-8-400x250.jpg&quot;,&quot;image_srcset&quot;:&quot;https:\\\/\\\/novagestioinmobiliaria.com\\\/wp-content\\\/uploads\\\/2025\\\/04\\\/Solar-urbano-Vender-Sant-Llorenc-8-200x125.jpg 200w, https:\\\/\\\/novagestioinmobiliaria.com\\\/wp-content\\\/uploads\\\/2025\\\/04\\\/Solar-urbano-Vender-Sant-Llorenc-8-800x500.jpg 800w, https:\\\/\\\/novagestioinmobiliaria.com\\\/wp-content\\\/uploads\\\/2025\\\/04\\\/Solar-urbano-Vender-Sant-Llorenc-8-600x375.jpg 600w, https:\\\/\\\/novagestioinmobiliaria.com\\\/wp-content\\\/uploads\\\/2025\\\/04\\\/Solar-urbano-Vender-Sant-Llorenc-8-400x250.jpg 400w&quot;}'>\r\n\t\t\t\t\t\t\t\t\t\t\t\t\t<\/compare-button>\r\n\t\t\t\t\t\t\t\t\t\t\t\t<\/div>\r\n\t\t\t\t\t\t\t\t\t\t\t\t<div class=\"mh-estate-vertical__buttons__single\">\r\n\t\t\t\t\t\t\t\t\t\t\t\t\t<a href=\"https:\/\/novagestioinmobiliaria.com\/de\/propiedades-properties-immobilien\/baugrundstueck-zum-verkauf-in-sant-llorenc-des-cardassar-s1738sllc-vde\/\"\r\n\t\t\t\t\t\t\t\t\t\t\t\t\t   title=\"Baugrundst\u00fcck zum Verkauf in Sant Lloren\u00e7 des Cardassar : : S1738SLLC-VDE\"\r\n\t\t\t\t\t\t\t\t\t\t\t\t\t   class=\"mdl-button mdl-js-button mdl-button--raised mdl-js-ripple-effect mdl-button--primary-ghost\">\r\n\t\t\t\t\t\t\t\t\t\t\t\t\t\tDetails\t\t\t\t\t\t\t\t\t\t\t\t\t\t<span class=\"mdl-button__icon-right\"><i class=\"fa fa-angle-right\"><\/i><\/span>\r\n\t\t\t\t\t\t\t\t\t\t\t\t\t<\/a>\r\n\t\t\t\t\t\t\t\t\t\t\t\t<\/div>\r\n\t\t\t\t\t\t\t\t\t\t\t<\/div>\r\n\t\t\t\t\t\t\t\t\t\t<\/div>\r\n\t\t\t\t\t\t\t\t\t<\/div>\r\n\t\t\t\t\t\t\t\t<\/div>\r\n\t\t\t\t\t\t\t<\/div>\r\n\t\t\t\t\t\t<\/article>\r\n\t\t\t\t\t<\/div>\r\n\t\t\t\t\r\n\t\t\t\t\t<div class=\"item\">\r\n\t\t\t\t\t\t<article class=\"mh-estate-vertical mh-estate-vertical--white  mh-attribute-property-type__stadtgrundstuecke mh-attribute-offer-type__zu-verkaufen mh-attribute-city__manacor-de\">\r\n\t\t\t\t\t\t\t<a href=\"https:\/\/novagestioinmobiliaria.com\/de\/propiedades-properties-immobilien\/baugrundstueck-in-manacor-zu-verkaufen-so1455ma-vde\/\"\r\n\t\t\t\t\t\t\t   title=\"Baugrundst\u00fcck in Manacor zu verkaufen : : SO1455MA-VDE\"\r\n\t\t\t\t\t\t\t   class=\"mh-thumbnail\">\r\n                        <span class=\"mh-thumbnail__inner\">\r\n                                    <img\r\n                    data-srcset=\"https:\/\/novagestioinmobiliaria.com\/wp-content\/uploads\/2023\/05\/Nova-Gestio-sin-imagenes-general-200x125.jpg 200w, https:\/\/novagestioinmobiliaria.com\/wp-content\/uploads\/2023\/05\/Nova-Gestio-sin-imagenes-general-800x500.jpg 800w, https:\/\/novagestioinmobiliaria.com\/wp-content\/uploads\/2023\/05\/Nova-Gestio-sin-imagenes-general-600x375.jpg 600w, https:\/\/novagestioinmobiliaria.com\/wp-content\/uploads\/2023\/05\/Nova-Gestio-sin-imagenes-general-400x250.jpg 400w\"\r\n                    class=\"lazyload \" alt=\"Baugrundst\u00fcck in Manacor zu verkaufen : : SO1455MA-VDE\"\r\n                    data-sizes=\"auto\"\r\n            >\r\n\t\t\t                        <\/span>\r\n\r\n\t\t\t\t\t\t\t\t\t\t\t\t\t\t\t\t\t<div class=\"mh-caption\">\r\n\t\t\t\t\t\t\t\t\t\t<div class=\"mh-caption__inner\">\r\n\t\t\t\t\t\t\t\t\t\t\tZu verkaufen\t\t\t\t\t\t\t\t\t\t<\/div>\r\n\t\t\t\t\t\t\t\t\t<\/div>\r\n\t\t\t\t\t\t\t\t\t\r\n\t\t\t\t\t\t\t\t<div class=\"mh-estate-vertical__text\">\r\n\t\t\t\t\t\t\t\t\t<div class=\"mh-estate-vertical__text__inner\">\r\n\t\t\t\t\t\t\t\t\t\tGrundst\u00fcck zu verkaufen in Manacor von 167 m2. Mit 13 Metern von linearen Fassade. Das Hotel liegt im st\u00e4dtischen Bereich,...\t\t\t\t\t\t\t\t\t<\/div>\r\n\t\t\t\t\t\t\t\t<\/div>\r\n\t\t\t\t\t\t\t<\/a>\r\n\r\n\t\t\t\t\t\t\t<div class=\"mh-estate-vertical__content\">\r\n\t\t\t\t\t\t\t\t<h3 class=\"mh-estate-vertical__heading\">\r\n\t\t\t\t\t\t\t\t\t<a href=\"https:\/\/novagestioinmobiliaria.com\/de\/propiedades-properties-immobilien\/baugrundstueck-in-manacor-zu-verkaufen-so1455ma-vde\/\"\r\n\t\t\t\t\t\t\t\t\t   title=\"Baugrundst\u00fcck in Manacor zu verkaufen : : SO1455MA-VDE\">\r\n\t\t\t\t\t\t\t\t\t\tBaugrundst\u00fcck in Manacor zu verkaufen : : SO1455MA-VDE\t\t\t\t\t\t\t\t\t<\/a>\r\n\t\t\t\t\t\t\t\t<\/h3>\r\n\t\t\t\t\t\t\t\t<address class=\"mh-estate-vertical__subheading\">\r\n\t\t\t\t\t\t\t\t\tManacor\t\t\t\t\t\t\t\t<\/address>\r\n\t\t\t\t\t\t\t\t<div class=\"mh-estate-vertical__primary\">\r\n\t\t\t\t\t\t\t\t\t170.000 \u20ac\t\t\t\t\t\t\t\t<\/div>\r\n\r\n\t\t\t\t\t\t\t\t<div>\r\n\t\t\t\t\t\t\t\t\t<div class=\"mh-estate__list\">\r\n\t\t\t\t\t\t\t\t\t\t\r\n\t\t\t\t\t\t\t\t\t\t\t<span class=\"mh-estate-vertical__more-info mh-estate_attribute-offer-type\">\r\n                                        <strong>Tipo operaci\u00f3n:<\/strong>\r\n\t\t\t\t\t\t\t\t\t\t\t\t\t\t\t\t\t\t\t\t\t\t\t\t\t\tZu verkaufen\t\t\t\t\t\t\t\t\t\t\t\t\t\t                                    <\/span>\r\n\r\n\t\t\t\t\t\t\t\t\t\t\t\t\t\t\t\t\t\t\t<\/div>\r\n\t\t\t\t\t\t\t\t<\/div>\r\n\r\n\t\t\t\t\t\t\t\t<div class=\"mh-estate-vertical__bottom\">\r\n\t\t\t\t\t\t\t\t\t<div class=\"mh-estate-vertical__bottom__inner\">\r\n\t\t\t\t\t\t\t\t\t\t<div class=\"mh-estate-vertical__date\">\r\n\t\t\t\t\t\t\t\t\t\t\t1\u00a0Jahr.\t\t\t\t\t\t\t\t\t\t<\/div>\r\n\t\t\t\t\t\t\t\t\t\t<div class=\"mh-estate-vertical__buttons-wrapper\">\r\n\t\t\t\t\t\t\t\t\t\t\t<div class=\"mh-estate-vertical__buttons\">\r\n\t\t\t\t\t\t\t\t\t\t\t\t<div class=\"mh-estate-vertical__buttons__single\">\r\n\t\t\t\t\t\t\t\t\t\t\t\t\t<compare-button class=\"myhome-compare\"\r\n\t\t\t\t\t\t\t\t\t\t\t\t\t\t\t\t\t:translations='{&quot;added&quot;:&quot;Zus\\u00e4tzlich&quot;,&quot;compare&quot;:&quot;Vergleichen&quot;}'\r\n\t\t\t\t\t\t\t\t\t\t\t\t\t\t\t\t\t:estate='{&quot;short_excerpt_limit&quot;:125,&quot;long_excerpt_limit&quot;:160,&quot;id&quot;:68595,&quot;agent_id&quot;:&quot;1&quot;,&quot;title&quot;:&quot;Baugrundst\\u00fcck in Manacor zu verkaufen : : SO1455MA-VDE&quot;,&quot;content&quot;:&quot;Grundst\\u00fcck zu verkaufen in Manacor von 167 m2. Mit 13 Metern von linearen Fassade. Das Hotel liegt im st\\u00e4dtischen Bereich, ruhig, in der N\\u00e4he des Passeig de na Camel-la.\\r\\n&nbsp;\\r\\n\\r\\nNova Gestio Inmobiliaria in Manacor.&quot;,&quot;excerpt&quot;:&quot;Grundst\\u00fcck zu verkaufen in Manacor von 167 m2. Mit 13 Metern von linearen Fassade. Das Hotel liegt im st\\u00e4dtischen Bereich, ruhig, in der N\\u00e4he des Passeig de na Camel-la. \\u00a0 Nova Gestio Inmobiliaria in Manacor.&quot;,&quot;short_excerpt&quot;:&quot;Grundst\\u00fcck zu verkaufen in Manacor von 167 m2. Mit 13 Metern von linearen Fassade. Das Hotel liegt im st\\u00e4dtischen Bereich,...&quot;,&quot;long_excerpt&quot;:&quot;Grundst\\u00fcck zu verkaufen in Manacor von 167 m2. Mit 13 Metern von linearen Fassade. Das Hotel liegt im st\\u00e4dtischen Bereich, ruhig, in der N\\u00e4he des Passeig de ...&quot;,&quot;link&quot;:&quot;https:\\\/\\\/novagestioinmobiliaria.com\\\/de\\\/propiedades-properties-immobilien\\\/baugrundstueck-in-manacor-zu-verkaufen-so1455ma-vde\\\/&quot;,&quot;offer_type&quot;:&quot;Zu verkaufen&quot;,&quot;price&quot;:&quot;170.000 \\u20ac&quot;,&quot;location&quot;:{&quot;address&quot;:&quot;Manacor&quot;,&quot;lat&quot;:&quot;39.5697165&quot;,&quot;lng&quot;:&quot;3.2095318&quot;},&quot;is_featured&quot;:true,&quot;gallery&quot;:[],&quot;attributes&quot;:[{&quot;slug&quot;:&quot;property-type&quot;,&quot;name&quot;:&quot;Tipo propiedad&quot;,&quot;has_archive&quot;:true,&quot;elements&quot;:[{&quot;name&quot;:&quot;Stadtgrundst\\u00fccke&quot;,&quot;link&quot;:&quot;https:\\\/\\\/novagestioinmobiliaria.com\\\/de\\\/immobilientyp\\\/stadtgrundstuecke\\\/&quot;,&quot;slug&quot;:&quot;stadtgrundstuecke&quot;}],&quot;card&quot;:false,&quot;show&quot;:true,&quot;display_after&quot;:&quot;&quot;,&quot;new_box&quot;:false},{&quot;slug&quot;:&quot;offer-type&quot;,&quot;name&quot;:&quot;Tipo operaci\\u00f3n&quot;,&quot;has_archive&quot;:true,&quot;elements&quot;:[{&quot;name&quot;:&quot;Zu verkaufen&quot;,&quot;link&quot;:&quot;https:\\\/\\\/novagestioinmobiliaria.com\\\/de\\\/offer-type\\\/zu-verkaufen\\\/&quot;,&quot;slug&quot;:&quot;zu-verkaufen&quot;}],&quot;card&quot;:true,&quot;show&quot;:true,&quot;display_after&quot;:&quot;&quot;,&quot;new_box&quot;:false},{&quot;slug&quot;:&quot;city&quot;,&quot;name&quot;:&quot;Zona&quot;,&quot;has_archive&quot;:true,&quot;elements&quot;:[{&quot;name&quot;:&quot;Manacor&quot;,&quot;link&quot;:&quot;https:\\\/\\\/novagestioinmobiliaria.com\\\/de\\\/city\\\/manacor-de\\\/&quot;,&quot;slug&quot;:&quot;manacor-de&quot;}],&quot;card&quot;:false,&quot;show&quot;:true,&quot;display_after&quot;:&quot;&quot;,&quot;new_box&quot;:false},{&quot;slug&quot;:&quot;price&quot;,&quot;name&quot;:&quot;Precio&quot;,&quot;has_archive&quot;:false,&quot;elements&quot;:[{&quot;name&quot;:&quot;170000&quot;,&quot;link&quot;:&quot;&quot;,&quot;slug&quot;:&quot;&quot;}],&quot;show&quot;:false,&quot;card&quot;:false,&quot;display_after&quot;:&quot;\\u20ac&quot;,&quot;new_box&quot;:false},{&quot;slug&quot;:&quot;lot-size&quot;,&quot;name&quot;:&quot;Terreno \\\/ Solar&quot;,&quot;has_archive&quot;:false,&quot;elements&quot;:[{&quot;name&quot;:&quot;167&quot;,&quot;link&quot;:&quot;&quot;,&quot;slug&quot;:&quot;&quot;}],&quot;show&quot;:true,&quot;card&quot;:false,&quot;display_after&quot;:&quot;m\\u00b2&quot;,&quot;new_box&quot;:false}],&quot;views&quot;:348,&quot;days_ago&quot;:&quot;1\\u00a0Jahr.&quot;,&quot;image_id&quot;:61764,&quot;image_url&quot;:&quot;https:\\\/\\\/novagestioinmobiliaria.com\\\/wp-content\\\/uploads\\\/2023\\\/05\\\/Nova-Gestio-sin-imagenes-general.jpg&quot;,&quot;tags&quot;:[],&quot;status&quot;:&quot;publish&quot;,&quot;plans&quot;:[],&quot;video_plan&quot;:{&quot;src&quot;:&quot;&quot;,&quot;video&quot;:&quot;&quot;},&quot;virtual_tour&quot;:null,&quot;state&quot;:&quot;&quot;,&quot;labels&quot;:[],&quot;image&quot;:&quot;https:\\\/\\\/novagestioinmobiliaria.com\\\/wp-content\\\/uploads\\\/2023\\\/05\\\/Nova-Gestio-sin-imagenes-general-400x250.jpg&quot;,&quot;image_srcset&quot;:&quot;https:\\\/\\\/novagestioinmobiliaria.com\\\/wp-content\\\/uploads\\\/2023\\\/05\\\/Nova-Gestio-sin-imagenes-general-200x125.jpg 200w, https:\\\/\\\/novagestioinmobiliaria.com\\\/wp-content\\\/uploads\\\/2023\\\/05\\\/Nova-Gestio-sin-imagenes-general-800x500.jpg 800w, https:\\\/\\\/novagestioinmobiliaria.com\\\/wp-content\\\/uploads\\\/2023\\\/05\\\/Nova-Gestio-sin-imagenes-general-600x375.jpg 600w, https:\\\/\\\/novagestioinmobiliaria.com\\\/wp-content\\\/uploads\\\/2023\\\/05\\\/Nova-Gestio-sin-imagenes-general-400x250.jpg 400w&quot;}'>\r\n\t\t\t\t\t\t\t\t\t\t\t\t\t<\/compare-button>\r\n\t\t\t\t\t\t\t\t\t\t\t\t<\/div>\r\n\t\t\t\t\t\t\t\t\t\t\t\t<div class=\"mh-estate-vertical__buttons__single\">\r\n\t\t\t\t\t\t\t\t\t\t\t\t\t<a href=\"https:\/\/novagestioinmobiliaria.com\/de\/propiedades-properties-immobilien\/baugrundstueck-in-manacor-zu-verkaufen-so1455ma-vde\/\"\r\n\t\t\t\t\t\t\t\t\t\t\t\t\t   title=\"Baugrundst\u00fcck in Manacor zu verkaufen : : SO1455MA-VDE\"\r\n\t\t\t\t\t\t\t\t\t\t\t\t\t   class=\"mdl-button mdl-js-button mdl-button--raised mdl-js-ripple-effect mdl-button--primary-ghost\">\r\n\t\t\t\t\t\t\t\t\t\t\t\t\t\tDetails\t\t\t\t\t\t\t\t\t\t\t\t\t\t<span class=\"mdl-button__icon-right\"><i class=\"fa fa-angle-right\"><\/i><\/span>\r\n\t\t\t\t\t\t\t\t\t\t\t\t\t<\/a>\r\n\t\t\t\t\t\t\t\t\t\t\t\t<\/div>\r\n\t\t\t\t\t\t\t\t\t\t\t<\/div>\r\n\t\t\t\t\t\t\t\t\t\t<\/div>\r\n\t\t\t\t\t\t\t\t\t<\/div>\r\n\t\t\t\t\t\t\t\t<\/div>\r\n\t\t\t\t\t\t\t<\/div>\r\n\t\t\t\t\t\t<\/article>\r\n\t\t\t\t\t<\/div>\r\n\t\t\t\t\r\n\t\t\t\t\t<div class=\"item\">\r\n\t\t\t\t\t\t<article class=\"mh-estate-vertical mh-estate-vertical--white  mh-attribute-property-type__stadtgrundstuecke mh-attribute-offer-type__zu-verkaufen mh-attribute-city__manacor-de mh-attribute-features__ruhige-lage\">\r\n\t\t\t\t\t\t\t<a href=\"https:\/\/novagestioinmobiliaria.com\/de\/propiedades-properties-immobilien\/baugrundstuck-zum-kauf-in-manacor-nova-gestio-inmobiliaria-so391ma-vde\/\"\r\n\t\t\t\t\t\t\t   title=\"Baugrundst\u00fcck zum Kauf in Manacor : : SO391MA-VDE\"\r\n\t\t\t\t\t\t\t   class=\"mh-thumbnail\">\r\n                        <span class=\"mh-thumbnail__inner\">\r\n                                    <img\r\n                    data-srcset=\"https:\/\/novagestioinmobiliaria.com\/wp-content\/uploads\/2020\/03\/Solar-venta-Manacor-ref-391-200x125.jpg 200w, https:\/\/novagestioinmobiliaria.com\/wp-content\/uploads\/2020\/03\/Solar-venta-Manacor-ref-391-800x500.jpg 800w, https:\/\/novagestioinmobiliaria.com\/wp-content\/uploads\/2020\/03\/Solar-venta-Manacor-ref-391-600x375.jpg 600w, https:\/\/novagestioinmobiliaria.com\/wp-content\/uploads\/2020\/03\/Solar-venta-Manacor-ref-391-400x250.jpg 400w\"\r\n                    class=\"lazyload \" alt=\"Baugrundst\u00fcck zum Kauf in Manacor : : SO391MA-VDE\"\r\n                    data-sizes=\"auto\"\r\n            >\r\n\t\t\t                        <\/span>\r\n\r\n\t\t\t\t\t\t\t\t\t\t\t\t\t\t\t\t\t<div class=\"mh-caption\">\r\n\t\t\t\t\t\t\t\t\t\t<div class=\"mh-caption__inner\">\r\n\t\t\t\t\t\t\t\t\t\t\tZu verkaufen\t\t\t\t\t\t\t\t\t\t<\/div>\r\n\t\t\t\t\t\t\t\t\t<\/div>\r\n\t\t\t\t\t\t\t\t\t\r\n\t\t\t\t\t\t\t\t<div class=\"mh-estate-vertical__text\">\r\n\t\t\t\t\t\t\t\t\t<div class=\"mh-estate-vertical__text__inner\">\r\n\t\t\t\t\t\t\t\t\t\tBaugrundst\u00fcck zum Kauf in Manacor, 267 M\u00b2 gross. Die H\u00f6he des zu bauenden Geb\u00e4udes darf maximal 2 Etagen haben (Erdgeschoss...\t\t\t\t\t\t\t\t\t<\/div>\r\n\t\t\t\t\t\t\t\t<\/div>\r\n\t\t\t\t\t\t\t<\/a>\r\n\r\n\t\t\t\t\t\t\t<div class=\"mh-estate-vertical__content\">\r\n\t\t\t\t\t\t\t\t<h3 class=\"mh-estate-vertical__heading\">\r\n\t\t\t\t\t\t\t\t\t<a href=\"https:\/\/novagestioinmobiliaria.com\/de\/propiedades-properties-immobilien\/baugrundstuck-zum-kauf-in-manacor-nova-gestio-inmobiliaria-so391ma-vde\/\"\r\n\t\t\t\t\t\t\t\t\t   title=\"Baugrundst\u00fcck zum Kauf in Manacor : : SO391MA-VDE\">\r\n\t\t\t\t\t\t\t\t\t\tBaugrundst\u00fcck zum Kauf in Manacor : : SO391MA-VDE\t\t\t\t\t\t\t\t\t<\/a>\r\n\t\t\t\t\t\t\t\t<\/h3>\r\n\t\t\t\t\t\t\t\t<address class=\"mh-estate-vertical__subheading\">\r\n\t\t\t\t\t\t\t\t\tManacor, Spanien\t\t\t\t\t\t\t\t<\/address>\r\n\t\t\t\t\t\t\t\t<div class=\"mh-estate-vertical__primary\">\r\n\t\t\t\t\t\t\t\t\t143.000 \u20ac\t\t\t\t\t\t\t\t<\/div>\r\n\r\n\t\t\t\t\t\t\t\t<div>\r\n\t\t\t\t\t\t\t\t\t<div class=\"mh-estate__list\">\r\n\t\t\t\t\t\t\t\t\t\t\r\n\t\t\t\t\t\t\t\t\t\t\t<span class=\"mh-estate-vertical__more-info mh-estate_attribute-offer-type\">\r\n                                        <strong>Tipo operaci\u00f3n:<\/strong>\r\n\t\t\t\t\t\t\t\t\t\t\t\t\t\t\t\t\t\t\t\t\t\t\t\t\t\tZu verkaufen\t\t\t\t\t\t\t\t\t\t\t\t\t\t                                    <\/span>\r\n\r\n\t\t\t\t\t\t\t\t\t\t\t\t\t\t\t\t\t\t\t<\/div>\r\n\t\t\t\t\t\t\t\t<\/div>\r\n\r\n\t\t\t\t\t\t\t\t<div class=\"mh-estate-vertical__bottom\">\r\n\t\t\t\t\t\t\t\t\t<div class=\"mh-estate-vertical__bottom__inner\">\r\n\t\t\t\t\t\t\t\t\t\t<div class=\"mh-estate-vertical__date\">\r\n\t\t\t\t\t\t\t\t\t\t\t2\u00a0Jahren.\t\t\t\t\t\t\t\t\t\t<\/div>\r\n\t\t\t\t\t\t\t\t\t\t<div class=\"mh-estate-vertical__buttons-wrapper\">\r\n\t\t\t\t\t\t\t\t\t\t\t<div class=\"mh-estate-vertical__buttons\">\r\n\t\t\t\t\t\t\t\t\t\t\t\t<div class=\"mh-estate-vertical__buttons__single\">\r\n\t\t\t\t\t\t\t\t\t\t\t\t\t<compare-button class=\"myhome-compare\"\r\n\t\t\t\t\t\t\t\t\t\t\t\t\t\t\t\t\t:translations='{&quot;added&quot;:&quot;Zus\\u00e4tzlich&quot;,&quot;compare&quot;:&quot;Vergleichen&quot;}'\r\n\t\t\t\t\t\t\t\t\t\t\t\t\t\t\t\t\t:estate='{&quot;short_excerpt_limit&quot;:125,&quot;long_excerpt_limit&quot;:160,&quot;id&quot;:31249,&quot;agent_id&quot;:&quot;1&quot;,&quot;title&quot;:&quot;Baugrundst\\u00fcck zum Kauf in Manacor : : SO391MA-VDE&quot;,&quot;content&quot;:&quot;Baugrundst\\u00fcck zum Kauf in Manacor, 267 M\\u00b2 gross. Die H\\u00f6he des zu bauenden Geb\\u00e4udes darf maximal 2 Etagen haben (Erdgeschoss + 1). Das Grundst\\u00fcck ist ideal f\\u00fcr den Bau eines Einfamilienhauses. Hinter ihm liegen Gr\\u00fcnfl\\u00e4chen.\\r\\nDie Lage ist ruhig, im unmittelbaren Umkreis der Stadt, nahe einer Schule.\\r\\nImmobilienagentur in Manacor\\r\\n\\r\\n&nbsp;&quot;,&quot;excerpt&quot;:&quot;Baugrundst\\u00fcck zum Kauf in Manacor, 267 M\\u00b2 gross. Die H\\u00f6he des zu bauenden Geb\\u00e4udes darf maximal 2 Etagen haben (Erdgeschoss + 1). Das Grundst\\u00fcck ist ideal f\\u00fcr den Bau eines Einfamilienhauses. Hinter ihm liegen Gr\\u00fcnfl\\u00e4chen. Die Lage ist ruhig, im unmittelbaren Umkreis der Stadt, nahe einer Schule. Immobilienagentur in Manacor \\u00a0&quot;,&quot;short_excerpt&quot;:&quot;Baugrundst\\u00fcck zum Kauf in Manacor, 267 M\\u00b2 gross. Die H\\u00f6he des zu bauenden Geb\\u00e4udes darf maximal 2 Etagen haben (Erdgeschos...&quot;,&quot;long_excerpt&quot;:&quot;Baugrundst\\u00fcck zum Kauf in Manacor, 267 M\\u00b2 gross. Die H\\u00f6he des zu bauenden Geb\\u00e4udes darf maximal 2 Etagen haben (Erdgeschoss + 1). Das Grundst\\u00fcck ist ideal f\\u00fc...&quot;,&quot;link&quot;:&quot;https:\\\/\\\/novagestioinmobiliaria.com\\\/de\\\/propiedades-properties-immobilien\\\/baugrundstuck-zum-kauf-in-manacor-nova-gestio-inmobiliaria-so391ma-vde\\\/&quot;,&quot;offer_type&quot;:&quot;Zu verkaufen&quot;,&quot;price&quot;:&quot;143.000 \\u20ac&quot;,&quot;location&quot;:{&quot;address&quot;:&quot;Manacor, Spanien&quot;,&quot;lat&quot;:&quot;39.5697165&quot;,&quot;lng&quot;:&quot;3.2095318&quot;},&quot;is_featured&quot;:true,&quot;gallery&quot;:[{&quot;id&quot;:31247,&quot;url&quot;:&quot;https:\\\/\\\/novagestioinmobiliaria.com\\\/wp-content\\\/uploads\\\/2020\\\/03\\\/Solar-venta-Manacor-ref-391.jpg&quot;,&quot;alt&quot;:&quot;&quot;}],&quot;attributes&quot;:[{&quot;slug&quot;:&quot;property-type&quot;,&quot;name&quot;:&quot;Tipo propiedad&quot;,&quot;has_archive&quot;:true,&quot;elements&quot;:[{&quot;name&quot;:&quot;Stadtgrundst\\u00fccke&quot;,&quot;link&quot;:&quot;https:\\\/\\\/novagestioinmobiliaria.com\\\/de\\\/immobilientyp\\\/stadtgrundstuecke\\\/&quot;,&quot;slug&quot;:&quot;stadtgrundstuecke&quot;}],&quot;card&quot;:false,&quot;show&quot;:true,&quot;display_after&quot;:&quot;&quot;,&quot;new_box&quot;:false},{&quot;slug&quot;:&quot;offer-type&quot;,&quot;name&quot;:&quot;Tipo operaci\\u00f3n&quot;,&quot;has_archive&quot;:true,&quot;elements&quot;:[{&quot;name&quot;:&quot;Zu verkaufen&quot;,&quot;link&quot;:&quot;https:\\\/\\\/novagestioinmobiliaria.com\\\/de\\\/offer-type\\\/zu-verkaufen\\\/&quot;,&quot;slug&quot;:&quot;zu-verkaufen&quot;}],&quot;card&quot;:true,&quot;show&quot;:true,&quot;display_after&quot;:&quot;&quot;,&quot;new_box&quot;:false},{&quot;slug&quot;:&quot;city&quot;,&quot;name&quot;:&quot;Zona&quot;,&quot;has_archive&quot;:true,&quot;elements&quot;:[{&quot;name&quot;:&quot;Manacor&quot;,&quot;link&quot;:&quot;https:\\\/\\\/novagestioinmobiliaria.com\\\/de\\\/city\\\/manacor-de\\\/&quot;,&quot;slug&quot;:&quot;manacor-de&quot;}],&quot;card&quot;:false,&quot;show&quot;:true,&quot;display_after&quot;:&quot;&quot;,&quot;new_box&quot;:false},{&quot;slug&quot;:&quot;price&quot;,&quot;name&quot;:&quot;Precio&quot;,&quot;has_archive&quot;:false,&quot;elements&quot;:[{&quot;name&quot;:&quot;143000&quot;,&quot;link&quot;:&quot;&quot;,&quot;slug&quot;:&quot;&quot;}],&quot;show&quot;:false,&quot;card&quot;:false,&quot;display_after&quot;:&quot;\\u20ac&quot;,&quot;new_box&quot;:false},{&quot;slug&quot;:&quot;lot-size&quot;,&quot;name&quot;:&quot;Terreno \\\/ Solar&quot;,&quot;has_archive&quot;:false,&quot;elements&quot;:[{&quot;name&quot;:&quot;267&quot;,&quot;link&quot;:&quot;&quot;,&quot;slug&quot;:&quot;&quot;}],&quot;show&quot;:true,&quot;card&quot;:false,&quot;display_after&quot;:&quot;m\\u00b2&quot;,&quot;new_box&quot;:false},{&quot;slug&quot;:&quot;features&quot;,&quot;name&quot;:&quot;Caracter\\u00edsticas&quot;,&quot;has_archive&quot;:true,&quot;elements&quot;:[{&quot;name&quot;:&quot;Ruhige Lage&quot;,&quot;link&quot;:&quot;https:\\\/\\\/novagestioinmobiliaria.com\\\/de\\\/eigenschaften\\\/ruhige-lage\\\/&quot;,&quot;slug&quot;:&quot;ruhige-lage&quot;}],&quot;card&quot;:false,&quot;show&quot;:true,&quot;display_after&quot;:&quot;&quot;,&quot;new_box&quot;:true}],&quot;views&quot;:1340,&quot;days_ago&quot;:&quot;2\\u00a0Jahren.&quot;,&quot;image_id&quot;:31247,&quot;image_url&quot;:&quot;https:\\\/\\\/novagestioinmobiliaria.com\\\/wp-content\\\/uploads\\\/2020\\\/03\\\/Solar-venta-Manacor-ref-391.jpg&quot;,&quot;tags&quot;:[{&quot;name&quot;:&quot;Caracter\\u00edsticas&quot;,&quot;elements&quot;:[{&quot;name&quot;:&quot;Ruhige Lage&quot;,&quot;link&quot;:&quot;https:\\\/\\\/novagestioinmobiliaria.com\\\/de\\\/eigenschaften\\\/ruhige-lage\\\/&quot;}],&quot;has_archive&quot;:true}],&quot;status&quot;:&quot;publish&quot;,&quot;plans&quot;:[],&quot;video_plan&quot;:{&quot;src&quot;:&quot;&quot;,&quot;video&quot;:&quot;&quot;},&quot;virtual_tour&quot;:null,&quot;state&quot;:&quot;&quot;,&quot;labels&quot;:[],&quot;image&quot;:&quot;https:\\\/\\\/novagestioinmobiliaria.com\\\/wp-content\\\/uploads\\\/2020\\\/03\\\/Solar-venta-Manacor-ref-391-400x250.jpg&quot;,&quot;image_srcset&quot;:&quot;https:\\\/\\\/novagestioinmobiliaria.com\\\/wp-content\\\/uploads\\\/2020\\\/03\\\/Solar-venta-Manacor-ref-391-200x125.jpg 200w, https:\\\/\\\/novagestioinmobiliaria.com\\\/wp-content\\\/uploads\\\/2020\\\/03\\\/Solar-venta-Manacor-ref-391-800x500.jpg 800w, https:\\\/\\\/novagestioinmobiliaria.com\\\/wp-content\\\/uploads\\\/2020\\\/03\\\/Solar-venta-Manacor-ref-391-600x375.jpg 600w, https:\\\/\\\/novagestioinmobiliaria.com\\\/wp-content\\\/uploads\\\/2020\\\/03\\\/Solar-venta-Manacor-ref-391-400x250.jpg 400w&quot;}'>\r\n\t\t\t\t\t\t\t\t\t\t\t\t\t<\/compare-button>\r\n\t\t\t\t\t\t\t\t\t\t\t\t<\/div>\r\n\t\t\t\t\t\t\t\t\t\t\t\t<div class=\"mh-estate-vertical__buttons__single\">\r\n\t\t\t\t\t\t\t\t\t\t\t\t\t<a href=\"https:\/\/novagestioinmobiliaria.com\/de\/propiedades-properties-immobilien\/baugrundstuck-zum-kauf-in-manacor-nova-gestio-inmobiliaria-so391ma-vde\/\"\r\n\t\t\t\t\t\t\t\t\t\t\t\t\t   title=\"Baugrundst\u00fcck zum Kauf in Manacor : : SO391MA-VDE\"\r\n\t\t\t\t\t\t\t\t\t\t\t\t\t   class=\"mdl-button mdl-js-button mdl-button--raised mdl-js-ripple-effect mdl-button--primary-ghost\">\r\n\t\t\t\t\t\t\t\t\t\t\t\t\t\tDetails\t\t\t\t\t\t\t\t\t\t\t\t\t\t<span class=\"mdl-button__icon-right\"><i class=\"fa fa-angle-right\"><\/i><\/span>\r\n\t\t\t\t\t\t\t\t\t\t\t\t\t<\/a>\r\n\t\t\t\t\t\t\t\t\t\t\t\t<\/div>\r\n\t\t\t\t\t\t\t\t\t\t\t<\/div>\r\n\t\t\t\t\t\t\t\t\t\t<\/div>\r\n\t\t\t\t\t\t\t\t\t<\/div>\r\n\t\t\t\t\t\t\t\t<\/div>\r\n\t\t\t\t\t\t\t<\/div>\r\n\t\t\t\t\t\t<\/article>\r\n\t\t\t\t\t<\/div>\r\n\t\t\t\t\r\n\t\t\t\t\t<div class=\"item\">\r\n\t\t\t\t\t\t<article class=\"mh-estate-vertical mh-estate-vertical--white  mh-attribute-property-type__gebaeude mh-attribute-offer-type__zu-verkaufen mh-attribute-city__manacor-de mh-attribute-features__buroraume mh-attribute-features__zentrale-lage\">\r\n\t\t\t\t\t\t\t<a href=\"https:\/\/novagestioinmobiliaria.com\/de\/propiedades-properties-immobilien\/komplettes-gebaeude-in-manacor-zu-verkaufen-ed329ma-vde\/\"\r\n\t\t\t\t\t\t\t   title=\"Komplettes Geb\u00e4ude in Manacor zu verkaufen : : ED329MA-VDE\"\r\n\t\t\t\t\t\t\t   class=\"mh-thumbnail\">\r\n                        <span class=\"mh-thumbnail__inner\">\r\n                                    <img\r\n                    data-srcset=\"https:\/\/novagestioinmobiliaria.com\/wp-content\/uploads\/2024\/04\/Edificio-venta-ONCE-ref-329-2-200x125.jpg 200w, https:\/\/novagestioinmobiliaria.com\/wp-content\/uploads\/2024\/04\/Edificio-venta-ONCE-ref-329-2-1200x750.jpg 1200w, https:\/\/novagestioinmobiliaria.com\/wp-content\/uploads\/2024\/04\/Edificio-venta-ONCE-ref-329-2-800x500.jpg 800w, https:\/\/novagestioinmobiliaria.com\/wp-content\/uploads\/2024\/04\/Edificio-venta-ONCE-ref-329-2-600x375.jpg 600w, https:\/\/novagestioinmobiliaria.com\/wp-content\/uploads\/2024\/04\/Edificio-venta-ONCE-ref-329-2-400x250.jpg 400w\"\r\n                    class=\"lazyload \" alt=\"Komplettes Geb\u00e4ude in Manacor zu verkaufen : : ED329MA-VDE\"\r\n                    data-sizes=\"auto\"\r\n            >\r\n\t\t\t                        <\/span>\r\n\r\n\t\t\t\t\t\t\t\t\t\t\t\t\t\t\t\t\t<div class=\"mh-caption\">\r\n\t\t\t\t\t\t\t\t\t\t<div class=\"mh-caption__inner\">\r\n\t\t\t\t\t\t\t\t\t\t\tZu verkaufen\t\t\t\t\t\t\t\t\t\t<\/div>\r\n\t\t\t\t\t\t\t\t\t<\/div>\r\n\t\t\t\t\t\t\t\t\t\r\n\t\t\t\t\t\t\t\t<div class=\"mh-estate-vertical__text\">\r\n\t\t\t\t\t\t\t\t\t<div class=\"mh-estate-vertical__text__inner\">\r\n\t\t\t\t\t\t\t\t\t\tKomplettes Geb\u00e4ude von 560 m\u00b2 gebaut und verteilt in 3 Etagen und 1 lokalen im Erdgeschoss, 4 B\u00e4der, Innentreppe, Aufzug,...\t\t\t\t\t\t\t\t\t<\/div>\r\n\t\t\t\t\t\t\t\t<\/div>\r\n\t\t\t\t\t\t\t<\/a>\r\n\r\n\t\t\t\t\t\t\t<div class=\"mh-estate-vertical__content\">\r\n\t\t\t\t\t\t\t\t<h3 class=\"mh-estate-vertical__heading\">\r\n\t\t\t\t\t\t\t\t\t<a href=\"https:\/\/novagestioinmobiliaria.com\/de\/propiedades-properties-immobilien\/komplettes-gebaeude-in-manacor-zu-verkaufen-ed329ma-vde\/\"\r\n\t\t\t\t\t\t\t\t\t   title=\"Komplettes Geb\u00e4ude in Manacor zu verkaufen : : ED329MA-VDE\">\r\n\t\t\t\t\t\t\t\t\t\tKomplettes Geb\u00e4ude in Manacor zu verkaufen : : ED329MA-VDE\t\t\t\t\t\t\t\t\t<\/a>\r\n\t\t\t\t\t\t\t\t<\/h3>\r\n\t\t\t\t\t\t\t\t<address class=\"mh-estate-vertical__subheading\">\r\n\t\t\t\t\t\t\t\t\tManacor\t\t\t\t\t\t\t\t<\/address>\r\n\t\t\t\t\t\t\t\t<div class=\"mh-estate-vertical__primary\">\r\n\t\t\t\t\t\t\t\t\t739.000 \u20ac\t\t\t\t\t\t\t\t<\/div>\r\n\r\n\t\t\t\t\t\t\t\t<div>\r\n\t\t\t\t\t\t\t\t\t<div class=\"mh-estate__list\">\r\n\t\t\t\t\t\t\t\t\t\t\r\n\t\t\t\t\t\t\t\t\t\t\t<span class=\"mh-estate-vertical__more-info mh-estate_attribute-offer-type\">\r\n                                        <strong>Tipo operaci\u00f3n:<\/strong>\r\n\t\t\t\t\t\t\t\t\t\t\t\t\t\t\t\t\t\t\t\t\t\t\t\t\t\tZu verkaufen\t\t\t\t\t\t\t\t\t\t\t\t\t\t                                    <\/span>\r\n\r\n\t\t\t\t\t\t\t\t\t\t\r\n\t\t\t\t\t\t\t\t\t\t\t<span class=\"mh-estate-vertical__more-info mh-estate_attribute-property-size\">\r\n                                        <strong>M2:<\/strong>\r\n\t\t\t\t\t\t\t\t\t\t\t\t560 m\u00b2                                    <\/span>\r\n\r\n\t\t\t\t\t\t\t\t\t\t\t\t\t\t\t\t\t\t\t<\/div>\r\n\t\t\t\t\t\t\t\t<\/div>\r\n\r\n\t\t\t\t\t\t\t\t<div class=\"mh-estate-vertical__bottom\">\r\n\t\t\t\t\t\t\t\t\t<div class=\"mh-estate-vertical__bottom__inner\">\r\n\t\t\t\t\t\t\t\t\t\t<div class=\"mh-estate-vertical__date\">\r\n\t\t\t\t\t\t\t\t\t\t\t2\u00a0Jahren.\t\t\t\t\t\t\t\t\t\t<\/div>\r\n\t\t\t\t\t\t\t\t\t\t<div class=\"mh-estate-vertical__buttons-wrapper\">\r\n\t\t\t\t\t\t\t\t\t\t\t<div class=\"mh-estate-vertical__buttons\">\r\n\t\t\t\t\t\t\t\t\t\t\t\t<div class=\"mh-estate-vertical__buttons__single\">\r\n\t\t\t\t\t\t\t\t\t\t\t\t\t<compare-button class=\"myhome-compare\"\r\n\t\t\t\t\t\t\t\t\t\t\t\t\t\t\t\t\t:translations='{&quot;added&quot;:&quot;Zus\\u00e4tzlich&quot;,&quot;compare&quot;:&quot;Vergleichen&quot;}'\r\n\t\t\t\t\t\t\t\t\t\t\t\t\t\t\t\t\t:estate='{&quot;short_excerpt_limit&quot;:125,&quot;long_excerpt_limit&quot;:160,&quot;id&quot;:68607,&quot;agent_id&quot;:&quot;1&quot;,&quot;title&quot;:&quot;Komplettes Geb\\u00e4ude in Manacor zu verkaufen : : ED329MA-VDE&quot;,&quot;content&quot;:&quot;Komplettes Geb\\u00e4ude von 560 m\\u00b2 gebaut und verteilt in 3 Etagen und 1 lokalen im Erdgeschoss, 4 B\\u00e4der, Innentreppe, Aufzug, AACC, Alarm, Schulungsraum, Tagungsraum, mehrere B\\u00fcros im Geb\\u00e4ude verteilt, Marmorb\\u00f6den, ideal f\\u00fcr gro\\u00dfe Unternehmen, Bankfiliale oder mehrere B\\u00fcros Coworking-Stil.\\r\\nNova Gestio Real Estate in Manacor.&quot;,&quot;excerpt&quot;:&quot;Komplettes Geb\\u00e4ude von 560 m\\u00b2 gebaut und verteilt in 3 Etagen und 1 lokalen im Erdgeschoss, 4 B\\u00e4der, Innentreppe, Aufzug, AACC, Alarm, Schulungsraum, Tagungsraum, mehrere B\\u00fcros im Geb\\u00e4ude verteilt, Marmorb\\u00f6den, ideal f\\u00fcr gro\\u00dfe Unternehmen, Bankfiliale oder mehrere B\\u00fcros Coworking-Stil. Nova Gestio Real Estate in Manacor.&quot;,&quot;short_excerpt&quot;:&quot;Komplettes Geb\\u00e4ude von 560 m\\u00b2 gebaut und verteilt in 3 Etagen und 1 lokalen im Erdgeschoss, 4 B\\u00e4der, Innentreppe, Aufzug, ...&quot;,&quot;long_excerpt&quot;:&quot;Komplettes Geb\\u00e4ude von 560 m\\u00b2 gebaut und verteilt in 3 Etagen und 1 lokalen im Erdgeschoss, 4 B\\u00e4der, Innentreppe, Aufzug, AACC, Alarm, Schulungsraum, Tagungs...&quot;,&quot;link&quot;:&quot;https:\\\/\\\/novagestioinmobiliaria.com\\\/de\\\/propiedades-properties-immobilien\\\/komplettes-gebaeude-in-manacor-zu-verkaufen-ed329ma-vde\\\/&quot;,&quot;offer_type&quot;:&quot;Zu verkaufen&quot;,&quot;price&quot;:&quot;739.000 \\u20ac&quot;,&quot;location&quot;:{&quot;address&quot;:&quot;Manacor&quot;,&quot;lat&quot;:&quot;39.5697165&quot;,&quot;lng&quot;:&quot;3.2095318&quot;},&quot;is_featured&quot;:true,&quot;gallery&quot;:[{&quot;id&quot;:68580,&quot;url&quot;:&quot;https:\\\/\\\/novagestioinmobiliaria.com\\\/wp-content\\\/uploads\\\/2023\\\/12\\\/LLAVEROS-02-1.jpg&quot;,&quot;alt&quot;:&quot;&quot;}],&quot;attributes&quot;:[{&quot;slug&quot;:&quot;property-type&quot;,&quot;name&quot;:&quot;Tipo propiedad&quot;,&quot;has_archive&quot;:true,&quot;elements&quot;:[{&quot;name&quot;:&quot;Geb\\u00e4ude&quot;,&quot;link&quot;:&quot;https:\\\/\\\/novagestioinmobiliaria.com\\\/de\\\/immobilientyp\\\/gebaeude\\\/&quot;,&quot;slug&quot;:&quot;gebaeude&quot;}],&quot;card&quot;:false,&quot;show&quot;:true,&quot;display_after&quot;:&quot;&quot;,&quot;new_box&quot;:false},{&quot;slug&quot;:&quot;offer-type&quot;,&quot;name&quot;:&quot;Tipo operaci\\u00f3n&quot;,&quot;has_archive&quot;:true,&quot;elements&quot;:[{&quot;name&quot;:&quot;Zu verkaufen&quot;,&quot;link&quot;:&quot;https:\\\/\\\/novagestioinmobiliaria.com\\\/de\\\/offer-type\\\/zu-verkaufen\\\/&quot;,&quot;slug&quot;:&quot;zu-verkaufen&quot;}],&quot;card&quot;:true,&quot;show&quot;:true,&quot;display_after&quot;:&quot;&quot;,&quot;new_box&quot;:false},{&quot;slug&quot;:&quot;city&quot;,&quot;name&quot;:&quot;Zona&quot;,&quot;has_archive&quot;:true,&quot;elements&quot;:[{&quot;name&quot;:&quot;Manacor&quot;,&quot;link&quot;:&quot;https:\\\/\\\/novagestioinmobiliaria.com\\\/de\\\/city\\\/manacor-de\\\/&quot;,&quot;slug&quot;:&quot;manacor-de&quot;}],&quot;card&quot;:false,&quot;show&quot;:true,&quot;display_after&quot;:&quot;&quot;,&quot;new_box&quot;:false},{&quot;slug&quot;:&quot;price&quot;,&quot;name&quot;:&quot;Precio&quot;,&quot;has_archive&quot;:false,&quot;elements&quot;:[{&quot;name&quot;:&quot;739000&quot;,&quot;link&quot;:&quot;&quot;,&quot;slug&quot;:&quot;&quot;}],&quot;show&quot;:false,&quot;card&quot;:false,&quot;display_after&quot;:&quot;\\u20ac&quot;,&quot;new_box&quot;:false},{&quot;slug&quot;:&quot;property-size&quot;,&quot;name&quot;:&quot;M2&quot;,&quot;has_archive&quot;:false,&quot;elements&quot;:[{&quot;name&quot;:&quot;560&quot;,&quot;link&quot;:&quot;&quot;,&quot;slug&quot;:&quot;&quot;}],&quot;show&quot;:true,&quot;card&quot;:true,&quot;display_after&quot;:&quot;m\\u00b2&quot;,&quot;new_box&quot;:false},{&quot;slug&quot;:&quot;features&quot;,&quot;name&quot;:&quot;Caracter\\u00edsticas&quot;,&quot;has_archive&quot;:true,&quot;elements&quot;:[{&quot;name&quot;:&quot;B\\u00fcror\\u00e4ume&quot;,&quot;link&quot;:&quot;https:\\\/\\\/novagestioinmobiliaria.com\\\/de\\\/eigenschaften\\\/buroraume\\\/&quot;,&quot;slug&quot;:&quot;buroraume&quot;},{&quot;name&quot;:&quot;Zentrale Lage&quot;,&quot;link&quot;:&quot;https:\\\/\\\/novagestioinmobiliaria.com\\\/de\\\/eigenschaften\\\/zentrale-lage\\\/&quot;,&quot;slug&quot;:&quot;zentrale-lage&quot;}],&quot;card&quot;:false,&quot;show&quot;:true,&quot;display_after&quot;:&quot;&quot;,&quot;new_box&quot;:true}],&quot;views&quot;:463,&quot;days_ago&quot;:&quot;2\\u00a0Jahren.&quot;,&quot;image_id&quot;:71095,&quot;image_url&quot;:&quot;https:\\\/\\\/novagestioinmobiliaria.com\\\/wp-content\\\/uploads\\\/2024\\\/04\\\/Edificio-venta-ONCE-ref-329-2.jpg&quot;,&quot;tags&quot;:[{&quot;name&quot;:&quot;Caracter\\u00edsticas&quot;,&quot;elements&quot;:[{&quot;name&quot;:&quot;B\\u00fcror\\u00e4ume&quot;,&quot;link&quot;:&quot;https:\\\/\\\/novagestioinmobiliaria.com\\\/de\\\/eigenschaften\\\/buroraume\\\/&quot;},{&quot;name&quot;:&quot;Zentrale Lage&quot;,&quot;link&quot;:&quot;https:\\\/\\\/novagestioinmobiliaria.com\\\/de\\\/eigenschaften\\\/zentrale-lage\\\/&quot;}],&quot;has_archive&quot;:true}],&quot;status&quot;:&quot;publish&quot;,&quot;plans&quot;:[],&quot;video_plan&quot;:{&quot;src&quot;:&quot;&quot;,&quot;video&quot;:&quot;&quot;},&quot;virtual_tour&quot;:null,&quot;state&quot;:&quot;&quot;,&quot;labels&quot;:[],&quot;image&quot;:&quot;https:\\\/\\\/novagestioinmobiliaria.com\\\/wp-content\\\/uploads\\\/2024\\\/04\\\/Edificio-venta-ONCE-ref-329-2-400x250.jpg&quot;,&quot;image_srcset&quot;:&quot;https:\\\/\\\/novagestioinmobiliaria.com\\\/wp-content\\\/uploads\\\/2024\\\/04\\\/Edificio-venta-ONCE-ref-329-2-200x125.jpg 200w, https:\\\/\\\/novagestioinmobiliaria.com\\\/wp-content\\\/uploads\\\/2024\\\/04\\\/Edificio-venta-ONCE-ref-329-2-1200x750.jpg 1200w, https:\\\/\\\/novagestioinmobiliaria.com\\\/wp-content\\\/uploads\\\/2024\\\/04\\\/Edificio-venta-ONCE-ref-329-2-800x500.jpg 800w, https:\\\/\\\/novagestioinmobiliaria.com\\\/wp-content\\\/uploads\\\/2024\\\/04\\\/Edificio-venta-ONCE-ref-329-2-600x375.jpg 600w, https:\\\/\\\/novagestioinmobiliaria.com\\\/wp-content\\\/uploads\\\/2024\\\/04\\\/Edificio-venta-ONCE-ref-329-2-400x250.jpg 400w&quot;}'>\r\n\t\t\t\t\t\t\t\t\t\t\t\t\t<\/compare-button>\r\n\t\t\t\t\t\t\t\t\t\t\t\t<\/div>\r\n\t\t\t\t\t\t\t\t\t\t\t\t<div class=\"mh-estate-vertical__buttons__single\">\r\n\t\t\t\t\t\t\t\t\t\t\t\t\t<a href=\"https:\/\/novagestioinmobiliaria.com\/de\/propiedades-properties-immobilien\/komplettes-gebaeude-in-manacor-zu-verkaufen-ed329ma-vde\/\"\r\n\t\t\t\t\t\t\t\t\t\t\t\t\t   title=\"Komplettes Geb\u00e4ude in Manacor zu verkaufen : : ED329MA-VDE\"\r\n\t\t\t\t\t\t\t\t\t\t\t\t\t   class=\"mdl-button mdl-js-button mdl-button--raised mdl-js-ripple-effect mdl-button--primary-ghost\">\r\n\t\t\t\t\t\t\t\t\t\t\t\t\t\tDetails\t\t\t\t\t\t\t\t\t\t\t\t\t\t<span class=\"mdl-button__icon-right\"><i class=\"fa fa-angle-right\"><\/i><\/span>\r\n\t\t\t\t\t\t\t\t\t\t\t\t\t<\/a>\r\n\t\t\t\t\t\t\t\t\t\t\t\t<\/div>\r\n\t\t\t\t\t\t\t\t\t\t\t<\/div>\r\n\t\t\t\t\t\t\t\t\t\t<\/div>\r\n\t\t\t\t\t\t\t\t\t<\/div>\r\n\t\t\t\t\t\t\t\t<\/div>\r\n\t\t\t\t\t\t\t<\/div>\r\n\t\t\t\t\t\t<\/article>\r\n\t\t\t\t\t<\/div>\r\n\t\t\t\t\r\n\t\t\t\t\t<div class=\"item\">\r\n\t\t\t\t\t\t<article class=\"mh-estate-vertical mh-estate-vertical--white  mh-attribute-property-type__geschaeftslokale-bueros mh-attribute-offer-type__zu-verkaufen mh-attribute-city__arta-de mh-attribute-features__2-doppelzimmer mh-attribute-features__einbaukueche mh-attribute-features__klimaanlage mh-attribute-features__terrasse mh-attribute-features__zentrale-lage\">\r\n\t\t\t\t\t\t\t<a href=\"https:\/\/novagestioinmobiliaria.com\/de\/propiedades-properties-immobilien\/raeumlichkeiten-zum-verkauf-in-arta-lo1604ar-vde\/\"\r\n\t\t\t\t\t\t\t   title=\"R\u00e4umlichkeiten zum Verkauf in Art\u00e0 : : LO1604AR-VDE\"\r\n\t\t\t\t\t\t\t   class=\"mh-thumbnail\">\r\n                        <span class=\"mh-thumbnail__inner\">\r\n                                    <img\r\n                    data-srcset=\"https:\/\/novagestioinmobiliaria.com\/wp-content\/uploads\/2024\/03\/Local-en-venta-en-Arta-ref-1604-8-200x125.jpg 200w, https:\/\/novagestioinmobiliaria.com\/wp-content\/uploads\/2024\/03\/Local-en-venta-en-Arta-ref-1604-8-800x500.jpg 800w, https:\/\/novagestioinmobiliaria.com\/wp-content\/uploads\/2024\/03\/Local-en-venta-en-Arta-ref-1604-8-600x375.jpg 600w, https:\/\/novagestioinmobiliaria.com\/wp-content\/uploads\/2024\/03\/Local-en-venta-en-Arta-ref-1604-8-400x250.jpg 400w\"\r\n                    class=\"lazyload \" alt=\"R\u00e4umlichkeiten zum Verkauf in Art\u00e0 : : LO1604AR-VDE\"\r\n                    data-sizes=\"auto\"\r\n            >\r\n\t\t\t                        <\/span>\r\n\r\n\t\t\t\t\t\t\t\t\t\t\t\t\t\t\t\t\t<div class=\"mh-caption\">\r\n\t\t\t\t\t\t\t\t\t\t<div class=\"mh-caption__inner\">\r\n\t\t\t\t\t\t\t\t\t\t\tZu verkaufen\t\t\t\t\t\t\t\t\t\t<\/div>\r\n\t\t\t\t\t\t\t\t\t<\/div>\r\n\t\t\t\t\t\t\t\t\t\r\n\t\t\t\t\t\t\t\t<div class=\"mh-estate-vertical__text\">\r\n\t\t\t\t\t\t\t\t\t<div class=\"mh-estate-vertical__text__inner\">\r\n\t\t\t\t\t\t\t\t\t\tLokal, sehr gut gelegen in einem zentralen Bereich von Art\u00e1, verf\u00fcgt \u00fcber 98 m\u00b2 bebaute Fl\u00e4che und Zugang zu einer...\t\t\t\t\t\t\t\t\t<\/div>\r\n\t\t\t\t\t\t\t\t<\/div>\r\n\t\t\t\t\t\t\t<\/a>\r\n\r\n\t\t\t\t\t\t\t<div class=\"mh-estate-vertical__content\">\r\n\t\t\t\t\t\t\t\t<h3 class=\"mh-estate-vertical__heading\">\r\n\t\t\t\t\t\t\t\t\t<a href=\"https:\/\/novagestioinmobiliaria.com\/de\/propiedades-properties-immobilien\/raeumlichkeiten-zum-verkauf-in-arta-lo1604ar-vde\/\"\r\n\t\t\t\t\t\t\t\t\t   title=\"R\u00e4umlichkeiten zum Verkauf in Art\u00e0 : : LO1604AR-VDE\">\r\n\t\t\t\t\t\t\t\t\t\tR\u00e4umlichkeiten zum Verkauf in Art\u00e0 : : LO1604AR-VDE\t\t\t\t\t\t\t\t\t<\/a>\r\n\t\t\t\t\t\t\t\t<\/h3>\r\n\t\t\t\t\t\t\t\t<address class=\"mh-estate-vertical__subheading\">\r\n\t\t\t\t\t\t\t\t\tArt\u00e1, Espa\u00f1a\t\t\t\t\t\t\t\t<\/address>\r\n\t\t\t\t\t\t\t\t<div class=\"mh-estate-vertical__primary\">\r\n\t\t\t\t\t\t\t\t\t300.000 \u20ac\t\t\t\t\t\t\t\t<\/div>\r\n\r\n\t\t\t\t\t\t\t\t<div>\r\n\t\t\t\t\t\t\t\t\t<div class=\"mh-estate__list\">\r\n\t\t\t\t\t\t\t\t\t\t\r\n\t\t\t\t\t\t\t\t\t\t\t<span class=\"mh-estate-vertical__more-info mh-estate_attribute-offer-type\">\r\n                                        <strong>Tipo operaci\u00f3n:<\/strong>\r\n\t\t\t\t\t\t\t\t\t\t\t\t\t\t\t\t\t\t\t\t\t\t\t\t\t\tZu verkaufen\t\t\t\t\t\t\t\t\t\t\t\t\t\t                                    <\/span>\r\n\r\n\t\t\t\t\t\t\t\t\t\t\r\n\t\t\t\t\t\t\t\t\t\t\t<span class=\"mh-estate-vertical__more-info mh-estate_attribute-bedrooms\">\r\n                                        <strong>Habitaciones:<\/strong>\r\n\t\t\t\t\t\t\t\t\t\t\t\t3                                    <\/span>\r\n\r\n\t\t\t\t\t\t\t\t\t\t\r\n\t\t\t\t\t\t\t\t\t\t\t<span class=\"mh-estate-vertical__more-info mh-estate_attribute-bathrooms\">\r\n                                        <strong>Ba\u00f1os:<\/strong>\r\n\t\t\t\t\t\t\t\t\t\t\t\t1                                    <\/span>\r\n\r\n\t\t\t\t\t\t\t\t\t\t\r\n\t\t\t\t\t\t\t\t\t\t\t<span class=\"mh-estate-vertical__more-info mh-estate_attribute-property-size\">\r\n                                        <strong>M2:<\/strong>\r\n\t\t\t\t\t\t\t\t\t\t\t\t98 m\u00b2                                    <\/span>\r\n\r\n\t\t\t\t\t\t\t\t\t\t\t\t\t\t\t\t\t\t\t<\/div>\r\n\t\t\t\t\t\t\t\t<\/div>\r\n\r\n\t\t\t\t\t\t\t\t<div class=\"mh-estate-vertical__bottom\">\r\n\t\t\t\t\t\t\t\t\t<div class=\"mh-estate-vertical__bottom__inner\">\r\n\t\t\t\t\t\t\t\t\t\t<div class=\"mh-estate-vertical__date\">\r\n\t\t\t\t\t\t\t\t\t\t\t2\u00a0Jahren.\t\t\t\t\t\t\t\t\t\t<\/div>\r\n\t\t\t\t\t\t\t\t\t\t<div class=\"mh-estate-vertical__buttons-wrapper\">\r\n\t\t\t\t\t\t\t\t\t\t\t<div class=\"mh-estate-vertical__buttons\">\r\n\t\t\t\t\t\t\t\t\t\t\t\t<div class=\"mh-estate-vertical__buttons__single\">\r\n\t\t\t\t\t\t\t\t\t\t\t\t\t<compare-button class=\"myhome-compare\"\r\n\t\t\t\t\t\t\t\t\t\t\t\t\t\t\t\t\t:translations='{&quot;added&quot;:&quot;Zus\\u00e4tzlich&quot;,&quot;compare&quot;:&quot;Vergleichen&quot;}'\r\n\t\t\t\t\t\t\t\t\t\t\t\t\t\t\t\t\t:estate='{&quot;short_excerpt_limit&quot;:125,&quot;long_excerpt_limit&quot;:160,&quot;id&quot;:70343,&quot;agent_id&quot;:&quot;1&quot;,&quot;title&quot;:&quot;R\\u00e4umlichkeiten zum Verkauf in Art\\u00e0 : : LO1604AR-VDE&quot;,&quot;content&quot;:&quot;Lokal, sehr gut gelegen in einem zentralen Bereich von Art\\u00e1, verf\\u00fcgt \\u00fcber 98 m\\u00b2 bebaute Fl\\u00e4che und Zugang zu einer Terrasse, die nur von Einheimischen genutzt werden kann. Es ist sehr gut verteilt, verf\\u00fcgt \\u00fcber ein Badezimmer, eine K\\u00fcche, einen Wasserenth\\u00e4rter, AACC durch Leitung und zwei geschlossene R\\u00e4ume. Ideal f\\u00fcr jede Art von Gesch\\u00e4ft. Es besteht die M\\u00f6glichkeit der \\u00dcberweisung von 55.000 \\u20ac zzgl. einer Miete von 1.500 \\u20ac.\\r\\nNova Real Estate Management in Art\\u00e1.&quot;,&quot;excerpt&quot;:&quot;Lokal, sehr gut gelegen in einem zentralen Bereich von Art\\u00e1, verf\\u00fcgt \\u00fcber 98 m\\u00b2 bebaute Fl\\u00e4che und Zugang zu einer Terrasse, die nur von Einheimischen genutzt werden kann. Es ist sehr gut verteilt, verf\\u00fcgt \\u00fcber ein Badezimmer, eine K\\u00fcche, einen Wasserenth\\u00e4rter, AACC durch Leitung und zwei geschlossene R\\u00e4ume. Ideal f\\u00fcr jede Art von Gesch\\u00e4ft. Es [\\u2026]&quot;,&quot;short_excerpt&quot;:&quot;Lokal, sehr gut gelegen in einem zentralen Bereich von Art\\u00e1, verf\\u00fcgt \\u00fcber 98 m\\u00b2 bebaute Fl\\u00e4che und Zugang zu einer Terrass...&quot;,&quot;long_excerpt&quot;:&quot;Lokal, sehr gut gelegen in einem zentralen Bereich von Art\\u00e1, verf\\u00fcgt \\u00fcber 98 m\\u00b2 bebaute Fl\\u00e4che und Zugang zu einer Terrasse, die nur von Einheimischen genutz...&quot;,&quot;link&quot;:&quot;https:\\\/\\\/novagestioinmobiliaria.com\\\/de\\\/propiedades-properties-immobilien\\\/raeumlichkeiten-zum-verkauf-in-arta-lo1604ar-vde\\\/&quot;,&quot;offer_type&quot;:&quot;Zu verkaufen&quot;,&quot;price&quot;:&quot;300.000 \\u20ac&quot;,&quot;location&quot;:{&quot;address&quot;:&quot;Art\\u00e1, Espa\\u00f1a&quot;,&quot;lat&quot;:&quot;39.6946212&quot;,&quot;lng&quot;:&quot;3.350928&quot;},&quot;is_featured&quot;:true,&quot;gallery&quot;:[{&quot;id&quot;:70282,&quot;url&quot;:&quot;https:\\\/\\\/novagestioinmobiliaria.com\\\/wp-content\\\/uploads\\\/2024\\\/03\\\/Local-en-venta-en-Arta-ref-1604-17.jpg&quot;,&quot;alt&quot;:&quot;&quot;},{&quot;id&quot;:70285,&quot;url&quot;:&quot;https:\\\/\\\/novagestioinmobiliaria.com\\\/wp-content\\\/uploads\\\/2024\\\/03\\\/Local-en-venta-en-Arta-ref-1604-1.jpg&quot;,&quot;alt&quot;:&quot;&quot;},{&quot;id&quot;:70288,&quot;url&quot;:&quot;https:\\\/\\\/novagestioinmobiliaria.com\\\/wp-content\\\/uploads\\\/2024\\\/03\\\/Local-en-venta-en-Arta-ref-1604-3.jpg&quot;,&quot;alt&quot;:&quot;&quot;},{&quot;id&quot;:70291,&quot;url&quot;:&quot;https:\\\/\\\/novagestioinmobiliaria.com\\\/wp-content\\\/uploads\\\/2024\\\/03\\\/Local-en-venta-en-Arta-ref-1604-4.jpg&quot;,&quot;alt&quot;:&quot;&quot;},{&quot;id&quot;:70294,&quot;url&quot;:&quot;https:\\\/\\\/novagestioinmobiliaria.com\\\/wp-content\\\/uploads\\\/2024\\\/03\\\/Local-en-venta-en-Arta-ref-1604-5.jpg&quot;,&quot;alt&quot;:&quot;&quot;},{&quot;id&quot;:70297,&quot;url&quot;:&quot;https:\\\/\\\/novagestioinmobiliaria.com\\\/wp-content\\\/uploads\\\/2024\\\/03\\\/Local-en-venta-en-Arta-ref-1604-6.jpg&quot;,&quot;alt&quot;:&quot;&quot;},{&quot;id&quot;:70300,&quot;url&quot;:&quot;https:\\\/\\\/novagestioinmobiliaria.com\\\/wp-content\\\/uploads\\\/2024\\\/03\\\/Local-en-venta-en-Arta-ref-1604-7.jpg&quot;,&quot;alt&quot;:&quot;&quot;},{&quot;id&quot;:70303,&quot;url&quot;:&quot;https:\\\/\\\/novagestioinmobiliaria.com\\\/wp-content\\\/uploads\\\/2024\\\/03\\\/Local-en-venta-en-Arta-ref-1604-8.jpg&quot;,&quot;alt&quot;:&quot;&quot;},{&quot;id&quot;:70306,&quot;url&quot;:&quot;https:\\\/\\\/novagestioinmobiliaria.com\\\/wp-content\\\/uploads\\\/2024\\\/03\\\/Local-en-venta-en-Arta-ref-1604-9.jpg&quot;,&quot;alt&quot;:&quot;&quot;},{&quot;id&quot;:70309,&quot;url&quot;:&quot;https:\\\/\\\/novagestioinmobiliaria.com\\\/wp-content\\\/uploads\\\/2024\\\/03\\\/Local-en-venta-en-Arta-ref-1604-10.jpg&quot;,&quot;alt&quot;:&quot;&quot;},{&quot;id&quot;:70312,&quot;url&quot;:&quot;https:\\\/\\\/novagestioinmobiliaria.com\\\/wp-content\\\/uploads\\\/2024\\\/03\\\/Local-en-venta-en-Arta-ref-1604-11.jpg&quot;,&quot;alt&quot;:&quot;&quot;},{&quot;id&quot;:70315,&quot;url&quot;:&quot;https:\\\/\\\/novagestioinmobiliaria.com\\\/wp-content\\\/uploads\\\/2024\\\/03\\\/Local-en-venta-en-Arta-ref-1604-12.jpg&quot;,&quot;alt&quot;:&quot;&quot;},{&quot;id&quot;:70318,&quot;url&quot;:&quot;https:\\\/\\\/novagestioinmobiliaria.com\\\/wp-content\\\/uploads\\\/2024\\\/03\\\/Local-en-venta-en-Arta-ref-1604-13.jpg&quot;,&quot;alt&quot;:&quot;&quot;},{&quot;id&quot;:70321,&quot;url&quot;:&quot;https:\\\/\\\/novagestioinmobiliaria.com\\\/wp-content\\\/uploads\\\/2024\\\/03\\\/Local-en-venta-en-Arta-ref-1604-14.jpg&quot;,&quot;alt&quot;:&quot;&quot;},{&quot;id&quot;:70324,&quot;url&quot;:&quot;https:\\\/\\\/novagestioinmobiliaria.com\\\/wp-content\\\/uploads\\\/2024\\\/03\\\/Local-en-venta-en-Arta-ref-1604-15.jpg&quot;,&quot;alt&quot;:&quot;&quot;},{&quot;id&quot;:70327,&quot;url&quot;:&quot;https:\\\/\\\/novagestioinmobiliaria.com\\\/wp-content\\\/uploads\\\/2024\\\/03\\\/Local-en-venta-en-Arta-ref-1604-16.jpg&quot;,&quot;alt&quot;:&quot;&quot;}],&quot;attributes&quot;:[{&quot;slug&quot;:&quot;property-type&quot;,&quot;name&quot;:&quot;Tipo propiedad&quot;,&quot;has_archive&quot;:true,&quot;elements&quot;:[{&quot;name&quot;:&quot;Gesch\\u00e4ftslokale \\\/ B\\u00fcros&quot;,&quot;link&quot;:&quot;https:\\\/\\\/novagestioinmobiliaria.com\\\/de\\\/immobilientyp\\\/geschaeftslokale-bueros\\\/&quot;,&quot;slug&quot;:&quot;geschaeftslokale-bueros&quot;}],&quot;card&quot;:false,&quot;show&quot;:true,&quot;display_after&quot;:&quot;&quot;,&quot;new_box&quot;:false},{&quot;slug&quot;:&quot;offer-type&quot;,&quot;name&quot;:&quot;Tipo operaci\\u00f3n&quot;,&quot;has_archive&quot;:true,&quot;elements&quot;:[{&quot;name&quot;:&quot;Zu verkaufen&quot;,&quot;link&quot;:&quot;https:\\\/\\\/novagestioinmobiliaria.com\\\/de\\\/offer-type\\\/zu-verkaufen\\\/&quot;,&quot;slug&quot;:&quot;zu-verkaufen&quot;}],&quot;card&quot;:true,&quot;show&quot;:true,&quot;display_after&quot;:&quot;&quot;,&quot;new_box&quot;:false},{&quot;slug&quot;:&quot;city&quot;,&quot;name&quot;:&quot;Zona&quot;,&quot;has_archive&quot;:true,&quot;elements&quot;:[{&quot;name&quot;:&quot;Art\\u00e1&quot;,&quot;link&quot;:&quot;https:\\\/\\\/novagestioinmobiliaria.com\\\/de\\\/city\\\/arta-de\\\/&quot;,&quot;slug&quot;:&quot;arta-de&quot;}],&quot;card&quot;:false,&quot;show&quot;:true,&quot;display_after&quot;:&quot;&quot;,&quot;new_box&quot;:false},{&quot;slug&quot;:&quot;price&quot;,&quot;name&quot;:&quot;Precio&quot;,&quot;has_archive&quot;:false,&quot;elements&quot;:[{&quot;name&quot;:&quot;300000&quot;,&quot;link&quot;:&quot;&quot;,&quot;slug&quot;:&quot;&quot;}],&quot;show&quot;:false,&quot;card&quot;:false,&quot;display_after&quot;:&quot;\\u20ac&quot;,&quot;new_box&quot;:false},{&quot;slug&quot;:&quot;bedrooms&quot;,&quot;name&quot;:&quot;Habitaciones&quot;,&quot;has_archive&quot;:false,&quot;elements&quot;:[{&quot;name&quot;:&quot;3&quot;,&quot;link&quot;:&quot;&quot;,&quot;slug&quot;:&quot;&quot;}],&quot;show&quot;:true,&quot;card&quot;:true,&quot;display_after&quot;:&quot;&quot;,&quot;new_box&quot;:false},{&quot;slug&quot;:&quot;bathrooms&quot;,&quot;name&quot;:&quot;Ba\\u00f1os&quot;,&quot;has_archive&quot;:false,&quot;elements&quot;:[{&quot;name&quot;:&quot;1&quot;,&quot;link&quot;:&quot;&quot;,&quot;slug&quot;:&quot;&quot;}],&quot;show&quot;:true,&quot;card&quot;:true,&quot;display_after&quot;:&quot;&quot;,&quot;new_box&quot;:false},{&quot;slug&quot;:&quot;property-size&quot;,&quot;name&quot;:&quot;M2&quot;,&quot;has_archive&quot;:false,&quot;elements&quot;:[{&quot;name&quot;:&quot;98&quot;,&quot;link&quot;:&quot;&quot;,&quot;slug&quot;:&quot;&quot;}],&quot;show&quot;:true,&quot;card&quot;:true,&quot;display_after&quot;:&quot;m\\u00b2&quot;,&quot;new_box&quot;:false},{&quot;slug&quot;:&quot;features&quot;,&quot;name&quot;:&quot;Caracter\\u00edsticas&quot;,&quot;has_archive&quot;:true,&quot;elements&quot;:[{&quot;name&quot;:&quot;2 Doppelzimmer&quot;,&quot;link&quot;:&quot;https:\\\/\\\/novagestioinmobiliaria.com\\\/de\\\/eigenschaften\\\/2-doppelzimmer\\\/&quot;,&quot;slug&quot;:&quot;2-doppelzimmer&quot;},{&quot;name&quot;:&quot;Einbauk\\u00fcche&quot;,&quot;link&quot;:&quot;https:\\\/\\\/novagestioinmobiliaria.com\\\/de\\\/eigenschaften\\\/einbaukueche\\\/&quot;,&quot;slug&quot;:&quot;einbaukueche&quot;},{&quot;name&quot;:&quot;Klimaanlage&quot;,&quot;link&quot;:&quot;https:\\\/\\\/novagestioinmobiliaria.com\\\/de\\\/eigenschaften\\\/klimaanlage\\\/&quot;,&quot;slug&quot;:&quot;klimaanlage&quot;},{&quot;name&quot;:&quot;Terrasse&quot;,&quot;link&quot;:&quot;https:\\\/\\\/novagestioinmobiliaria.com\\\/de\\\/eigenschaften\\\/terrasse\\\/&quot;,&quot;slug&quot;:&quot;terrasse&quot;},{&quot;name&quot;:&quot;Zentrale Lage&quot;,&quot;link&quot;:&quot;https:\\\/\\\/novagestioinmobiliaria.com\\\/de\\\/eigenschaften\\\/zentrale-lage\\\/&quot;,&quot;slug&quot;:&quot;zentrale-lage&quot;}],&quot;card&quot;:false,&quot;show&quot;:true,&quot;display_after&quot;:&quot;&quot;,&quot;new_box&quot;:true}],&quot;views&quot;:465,&quot;days_ago&quot;:&quot;2\\u00a0Jahren.&quot;,&quot;image_id&quot;:70303,&quot;image_url&quot;:&quot;https:\\\/\\\/novagestioinmobiliaria.com\\\/wp-content\\\/uploads\\\/2024\\\/03\\\/Local-en-venta-en-Arta-ref-1604-8.jpg&quot;,&quot;tags&quot;:[{&quot;name&quot;:&quot;Caracter\\u00edsticas&quot;,&quot;elements&quot;:[{&quot;name&quot;:&quot;2 Doppelzimmer&quot;,&quot;link&quot;:&quot;https:\\\/\\\/novagestioinmobiliaria.com\\\/de\\\/eigenschaften\\\/2-doppelzimmer\\\/&quot;},{&quot;name&quot;:&quot;Einbauk\\u00fcche&quot;,&quot;link&quot;:&quot;https:\\\/\\\/novagestioinmobiliaria.com\\\/de\\\/eigenschaften\\\/einbaukueche\\\/&quot;},{&quot;name&quot;:&quot;Klimaanlage&quot;,&quot;link&quot;:&quot;https:\\\/\\\/novagestioinmobiliaria.com\\\/de\\\/eigenschaften\\\/klimaanlage\\\/&quot;},{&quot;name&quot;:&quot;Terrasse&quot;,&quot;link&quot;:&quot;https:\\\/\\\/novagestioinmobiliaria.com\\\/de\\\/eigenschaften\\\/terrasse\\\/&quot;},{&quot;name&quot;:&quot;Zentrale Lage&quot;,&quot;link&quot;:&quot;https:\\\/\\\/novagestioinmobiliaria.com\\\/de\\\/eigenschaften\\\/zentrale-lage\\\/&quot;}],&quot;has_archive&quot;:true}],&quot;status&quot;:&quot;publish&quot;,&quot;plans&quot;:[],&quot;video_plan&quot;:{&quot;src&quot;:&quot;&quot;,&quot;video&quot;:&quot;&quot;},&quot;virtual_tour&quot;:null,&quot;state&quot;:&quot;&quot;,&quot;labels&quot;:[],&quot;image&quot;:&quot;https:\\\/\\\/novagestioinmobiliaria.com\\\/wp-content\\\/uploads\\\/2024\\\/03\\\/Local-en-venta-en-Arta-ref-1604-8-400x250.jpg&quot;,&quot;image_srcset&quot;:&quot;https:\\\/\\\/novagestioinmobiliaria.com\\\/wp-content\\\/uploads\\\/2024\\\/03\\\/Local-en-venta-en-Arta-ref-1604-8-200x125.jpg 200w, https:\\\/\\\/novagestioinmobiliaria.com\\\/wp-content\\\/uploads\\\/2024\\\/03\\\/Local-en-venta-en-Arta-ref-1604-8-800x500.jpg 800w, https:\\\/\\\/novagestioinmobiliaria.com\\\/wp-content\\\/uploads\\\/2024\\\/03\\\/Local-en-venta-en-Arta-ref-1604-8-600x375.jpg 600w, https:\\\/\\\/novagestioinmobiliaria.com\\\/wp-content\\\/uploads\\\/2024\\\/03\\\/Local-en-venta-en-Arta-ref-1604-8-400x250.jpg 400w&quot;}'>\r\n\t\t\t\t\t\t\t\t\t\t\t\t\t<\/compare-button>\r\n\t\t\t\t\t\t\t\t\t\t\t\t<\/div>\r\n\t\t\t\t\t\t\t\t\t\t\t\t<div class=\"mh-estate-vertical__buttons__single\">\r\n\t\t\t\t\t\t\t\t\t\t\t\t\t<a href=\"https:\/\/novagestioinmobiliaria.com\/de\/propiedades-properties-immobilien\/raeumlichkeiten-zum-verkauf-in-arta-lo1604ar-vde\/\"\r\n\t\t\t\t\t\t\t\t\t\t\t\t\t   title=\"R\u00e4umlichkeiten zum Verkauf in Art\u00e0 : : LO1604AR-VDE\"\r\n\t\t\t\t\t\t\t\t\t\t\t\t\t   class=\"mdl-button mdl-js-button mdl-button--raised mdl-js-ripple-effect mdl-button--primary-ghost\">\r\n\t\t\t\t\t\t\t\t\t\t\t\t\t\tDetails\t\t\t\t\t\t\t\t\t\t\t\t\t\t<span class=\"mdl-button__icon-right\"><i class=\"fa fa-angle-right\"><\/i><\/span>\r\n\t\t\t\t\t\t\t\t\t\t\t\t\t<\/a>\r\n\t\t\t\t\t\t\t\t\t\t\t\t<\/div>\r\n\t\t\t\t\t\t\t\t\t\t\t<\/div>\r\n\t\t\t\t\t\t\t\t\t\t<\/div>\r\n\t\t\t\t\t\t\t\t\t<\/div>\r\n\t\t\t\t\t\t\t\t<\/div>\r\n\t\t\t\t\t\t\t<\/div>\r\n\t\t\t\t\t\t<\/article>\r\n\t\t\t\t\t<\/div>\r\n\t\t\t\t\r\n\t\t\t\t\t<div class=\"item\">\r\n\t\t\t\t\t\t<article class=\"mh-estate-vertical mh-estate-vertical--white  mh-attribute-property-type__geschaeftslokale-bueros mh-attribute-offer-type__zu-verkaufen mh-attribute-city__porto-cristo-de mh-attribute-features__geschaftsraume mh-attribute-features__lagerhaus mh-attribute-features__zentrale-lage\">\r\n\t\t\t\t\t\t\t<a href=\"https:\/\/novagestioinmobiliaria.com\/de\/propiedades-properties-immobilien\/geraeumige-raeumlichkeiten-lager-zum-verkauf-in-porto-cristo-lo1593pc-vde\/\"\r\n\t\t\t\t\t\t\t   title=\"Ger\u00e4umige R\u00e4umlichkeiten \u2013 Lager zum Verkauf in Porto Cristo : : LO1593PC-VDE\"\r\n\t\t\t\t\t\t\t   class=\"mh-thumbnail\">\r\n                        <span class=\"mh-thumbnail__inner\">\r\n                                    <img\r\n                    data-srcset=\"https:\/\/novagestioinmobiliaria.com\/wp-content\/uploads\/2024\/02\/Local-en-venta-en-Porto-Cristo-ref-1593-2-200x125.jpg 200w, https:\/\/novagestioinmobiliaria.com\/wp-content\/uploads\/2024\/02\/Local-en-venta-en-Porto-Cristo-ref-1593-2-800x500.jpg 800w, https:\/\/novagestioinmobiliaria.com\/wp-content\/uploads\/2024\/02\/Local-en-venta-en-Porto-Cristo-ref-1593-2-600x375.jpg 600w, https:\/\/novagestioinmobiliaria.com\/wp-content\/uploads\/2024\/02\/Local-en-venta-en-Porto-Cristo-ref-1593-2-400x250.jpg 400w\"\r\n                    class=\"lazyload \" alt=\"Ger\u00e4umige R\u00e4umlichkeiten \u2013 Lager zum Verkauf in Porto Cristo : : LO1593PC-VDE\"\r\n                    data-sizes=\"auto\"\r\n            >\r\n\t\t\t                        <\/span>\r\n\r\n\t\t\t\t\t\t\t\t\t\t\t\t\t\t\t\t\t<div class=\"mh-caption\">\r\n\t\t\t\t\t\t\t\t\t\t<div class=\"mh-caption__inner\">\r\n\t\t\t\t\t\t\t\t\t\t\tZu verkaufen\t\t\t\t\t\t\t\t\t\t<\/div>\r\n\t\t\t\t\t\t\t\t\t<\/div>\r\n\t\t\t\t\t\t\t\t\t\r\n\t\t\t\t\t\t\t\t<div class=\"mh-estate-vertical__text\">\r\n\t\t\t\t\t\t\t\t\t<div class=\"mh-estate-vertical__text__inner\">\r\n\t\t\t\t\t\t\t\t\t\tGer\u00e4umige R\u00e4umlichkeiten \u2013 Lager zum Verkauf in Porto Cristo, ideal f\u00fcr Selbstst\u00e4ndige als Sanit\u00e4r-, Elektro-, Maurer-, Lager- oder Werkzeuglager und...\t\t\t\t\t\t\t\t\t<\/div>\r\n\t\t\t\t\t\t\t\t<\/div>\r\n\t\t\t\t\t\t\t<\/a>\r\n\r\n\t\t\t\t\t\t\t<div class=\"mh-estate-vertical__content\">\r\n\t\t\t\t\t\t\t\t<h3 class=\"mh-estate-vertical__heading\">\r\n\t\t\t\t\t\t\t\t\t<a href=\"https:\/\/novagestioinmobiliaria.com\/de\/propiedades-properties-immobilien\/geraeumige-raeumlichkeiten-lager-zum-verkauf-in-porto-cristo-lo1593pc-vde\/\"\r\n\t\t\t\t\t\t\t\t\t   title=\"Ger\u00e4umige R\u00e4umlichkeiten \u2013 Lager zum Verkauf in Porto Cristo : : LO1593PC-VDE\">\r\n\t\t\t\t\t\t\t\t\t\tGer\u00e4umige R\u00e4umlichkeiten \u2013 Lager zum Verkauf in Porto Cristo : : LO1593PC-VDE\t\t\t\t\t\t\t\t\t<\/a>\r\n\t\t\t\t\t\t\t\t<\/h3>\r\n\t\t\t\t\t\t\t\t<address class=\"mh-estate-vertical__subheading\">\r\n\t\t\t\t\t\t\t\t\tPorto Cristo, Espa\u00f1a\t\t\t\t\t\t\t\t<\/address>\r\n\t\t\t\t\t\t\t\t<div class=\"mh-estate-vertical__primary\">\r\n\t\t\t\t\t\t\t\t\t144.000 \u20ac\t\t\t\t\t\t\t\t<\/div>\r\n\r\n\t\t\t\t\t\t\t\t<div>\r\n\t\t\t\t\t\t\t\t\t<div class=\"mh-estate__list\">\r\n\t\t\t\t\t\t\t\t\t\t\r\n\t\t\t\t\t\t\t\t\t\t\t<span class=\"mh-estate-vertical__more-info mh-estate_attribute-offer-type\">\r\n                                        <strong>Tipo operaci\u00f3n:<\/strong>\r\n\t\t\t\t\t\t\t\t\t\t\t\t\t\t\t\t\t\t\t\t\t\t\t\t\t\tZu verkaufen\t\t\t\t\t\t\t\t\t\t\t\t\t\t                                    <\/span>\r\n\r\n\t\t\t\t\t\t\t\t\t\t\r\n\t\t\t\t\t\t\t\t\t\t\t<span class=\"mh-estate-vertical__more-info mh-estate_attribute-property-size\">\r\n                                        <strong>M2:<\/strong>\r\n\t\t\t\t\t\t\t\t\t\t\t\t120 m\u00b2                                    <\/span>\r\n\r\n\t\t\t\t\t\t\t\t\t\t\t\t\t\t\t\t\t\t\t<\/div>\r\n\t\t\t\t\t\t\t\t<\/div>\r\n\r\n\t\t\t\t\t\t\t\t<div class=\"mh-estate-vertical__bottom\">\r\n\t\t\t\t\t\t\t\t\t<div class=\"mh-estate-vertical__bottom__inner\">\r\n\t\t\t\t\t\t\t\t\t\t<div class=\"mh-estate-vertical__date\">\r\n\t\t\t\t\t\t\t\t\t\t\t2\u00a0Jahren.\t\t\t\t\t\t\t\t\t\t<\/div>\r\n\t\t\t\t\t\t\t\t\t\t<div class=\"mh-estate-vertical__buttons-wrapper\">\r\n\t\t\t\t\t\t\t\t\t\t\t<div class=\"mh-estate-vertical__buttons\">\r\n\t\t\t\t\t\t\t\t\t\t\t\t<div class=\"mh-estate-vertical__buttons__single\">\r\n\t\t\t\t\t\t\t\t\t\t\t\t\t<compare-button class=\"myhome-compare\"\r\n\t\t\t\t\t\t\t\t\t\t\t\t\t\t\t\t\t:translations='{&quot;added&quot;:&quot;Zus\\u00e4tzlich&quot;,&quot;compare&quot;:&quot;Vergleichen&quot;}'\r\n\t\t\t\t\t\t\t\t\t\t\t\t\t\t\t\t\t:estate='{&quot;short_excerpt_limit&quot;:125,&quot;long_excerpt_limit&quot;:160,&quot;id&quot;:69835,&quot;agent_id&quot;:&quot;1&quot;,&quot;title&quot;:&quot;Ger\\u00e4umige R\\u00e4umlichkeiten \\u2013 Lager zum Verkauf in Porto Cristo : : LO1593PC-VDE&quot;,&quot;content&quot;:&quot;Ger\\u00e4umige R\\u00e4umlichkeiten \\u2013 Lager zum Verkauf in Porto Cristo, ideal f\\u00fcr Selbstst\\u00e4ndige als Sanit\\u00e4r-, Elektro-, Maurer-, Lager- oder Werkzeuglager und k\\u00f6nnte auch als Autogarage genutzt werden, einfache Man\\u00f6vrierbarkeit, permanente Furt, kanalisierter Strom, Wasser und Strom aus eigenem Z\\u00e4hler, automatisches Rolltor mit Motor. Sackgasse mit wenig Verkehr, nur Nachbarn.\\r\\nNova Gesti\\u00f3 Inmobiliaria in Manacor&quot;,&quot;excerpt&quot;:&quot;Ger\\u00e4umige R\\u00e4umlichkeiten \\u2013 Lager zum Verkauf in Porto Cristo, ideal f\\u00fcr Selbstst\\u00e4ndige als Sanit\\u00e4r-, Elektro-, Maurer-, Lager- oder Werkzeuglager und k\\u00f6nnte auch als Autogarage genutzt werden, einfache Man\\u00f6vrierbarkeit, permanente Furt, kanalisierter Strom, Wasser und Strom aus eigenem Z\\u00e4hler, automatisches Rolltor mit Motor. Sackgasse mit wenig Verkehr, nur Nachbarn. Nova Gesti\\u00f3 Inmobiliaria in Manacor&quot;,&quot;short_excerpt&quot;:&quot;Ger\\u00e4umige R\\u00e4umlichkeiten \\u2013 Lager zum Verkauf in Porto Cristo, ideal f\\u00fcr Selbstst\\u00e4ndige als Sanit\\u00e4r-, Elektro-, Maurer-, La...&quot;,&quot;long_excerpt&quot;:&quot;Ger\\u00e4umige R\\u00e4umlichkeiten \\u2013 Lager zum Verkauf in Porto Cristo, ideal f\\u00fcr Selbstst\\u00e4ndige als Sanit\\u00e4r-, Elektro-, Maurer-, Lager- oder Werkzeuglager und k\\u00f6nnte ...&quot;,&quot;link&quot;:&quot;https:\\\/\\\/novagestioinmobiliaria.com\\\/de\\\/propiedades-properties-immobilien\\\/geraeumige-raeumlichkeiten-lager-zum-verkauf-in-porto-cristo-lo1593pc-vde\\\/&quot;,&quot;offer_type&quot;:&quot;Zu verkaufen&quot;,&quot;price&quot;:&quot;144.000 \\u20ac&quot;,&quot;location&quot;:{&quot;address&quot;:&quot;Porto Cristo, Espa\\u00f1a&quot;,&quot;lat&quot;:&quot;39.54413479999999&quot;,&quot;lng&quot;:&quot;3.3368181&quot;},&quot;is_featured&quot;:true,&quot;gallery&quot;:[{&quot;id&quot;:69759,&quot;url&quot;:&quot;https:\\\/\\\/novagestioinmobiliaria.com\\\/wp-content\\\/uploads\\\/2024\\\/02\\\/Local-en-venta-en-Porto-Cristo-ref-1593-1.jpg&quot;,&quot;alt&quot;:&quot;&quot;},{&quot;id&quot;:69762,&quot;url&quot;:&quot;https:\\\/\\\/novagestioinmobiliaria.com\\\/wp-content\\\/uploads\\\/2024\\\/02\\\/Local-en-venta-en-Porto-Cristo-ref-1593-2.jpg&quot;,&quot;alt&quot;:&quot;&quot;},{&quot;id&quot;:69765,&quot;url&quot;:&quot;https:\\\/\\\/novagestioinmobiliaria.com\\\/wp-content\\\/uploads\\\/2024\\\/02\\\/Local-en-venta-en-Porto-Cristo-ref-1593-3.jpg&quot;,&quot;alt&quot;:&quot;&quot;},{&quot;id&quot;:69768,&quot;url&quot;:&quot;https:\\\/\\\/novagestioinmobiliaria.com\\\/wp-content\\\/uploads\\\/2024\\\/02\\\/Local-en-venta-en-Porto-Cristo-ref-1593-4.jpg&quot;,&quot;alt&quot;:&quot;&quot;},{&quot;id&quot;:69771,&quot;url&quot;:&quot;https:\\\/\\\/novagestioinmobiliaria.com\\\/wp-content\\\/uploads\\\/2024\\\/02\\\/Local-en-venta-en-Porto-Cristo-ref-1593-5.jpg&quot;,&quot;alt&quot;:&quot;&quot;},{&quot;id&quot;:69774,&quot;url&quot;:&quot;https:\\\/\\\/novagestioinmobiliaria.com\\\/wp-content\\\/uploads\\\/2024\\\/02\\\/Local-en-venta-en-Porto-Cristo-ref-1593-6.jpg&quot;,&quot;alt&quot;:&quot;&quot;},{&quot;id&quot;:69777,&quot;url&quot;:&quot;https:\\\/\\\/novagestioinmobiliaria.com\\\/wp-content\\\/uploads\\\/2024\\\/02\\\/Local-en-venta-en-Porto-Cristo-ref-1593-7.jpg&quot;,&quot;alt&quot;:&quot;&quot;},{&quot;id&quot;:69780,&quot;url&quot;:&quot;https:\\\/\\\/novagestioinmobiliaria.com\\\/wp-content\\\/uploads\\\/2024\\\/02\\\/Local-en-venta-en-Porto-Cristo-ref-1593-8.jpg&quot;,&quot;alt&quot;:&quot;&quot;}],&quot;attributes&quot;:[{&quot;slug&quot;:&quot;property-type&quot;,&quot;name&quot;:&quot;Tipo propiedad&quot;,&quot;has_archive&quot;:true,&quot;elements&quot;:[{&quot;name&quot;:&quot;Gesch\\u00e4ftslokale \\\/ B\\u00fcros&quot;,&quot;link&quot;:&quot;https:\\\/\\\/novagestioinmobiliaria.com\\\/de\\\/immobilientyp\\\/geschaeftslokale-bueros\\\/&quot;,&quot;slug&quot;:&quot;geschaeftslokale-bueros&quot;}],&quot;card&quot;:false,&quot;show&quot;:true,&quot;display_after&quot;:&quot;&quot;,&quot;new_box&quot;:false},{&quot;slug&quot;:&quot;offer-type&quot;,&quot;name&quot;:&quot;Tipo operaci\\u00f3n&quot;,&quot;has_archive&quot;:true,&quot;elements&quot;:[{&quot;name&quot;:&quot;Zu verkaufen&quot;,&quot;link&quot;:&quot;https:\\\/\\\/novagestioinmobiliaria.com\\\/de\\\/offer-type\\\/zu-verkaufen\\\/&quot;,&quot;slug&quot;:&quot;zu-verkaufen&quot;}],&quot;card&quot;:true,&quot;show&quot;:true,&quot;display_after&quot;:&quot;&quot;,&quot;new_box&quot;:false},{&quot;slug&quot;:&quot;city&quot;,&quot;name&quot;:&quot;Zona&quot;,&quot;has_archive&quot;:true,&quot;elements&quot;:[{&quot;name&quot;:&quot;Porto Cristo&quot;,&quot;link&quot;:&quot;https:\\\/\\\/novagestioinmobiliaria.com\\\/de\\\/city\\\/porto-cristo-de\\\/&quot;,&quot;slug&quot;:&quot;porto-cristo-de&quot;}],&quot;card&quot;:false,&quot;show&quot;:true,&quot;display_after&quot;:&quot;&quot;,&quot;new_box&quot;:false},{&quot;slug&quot;:&quot;price&quot;,&quot;name&quot;:&quot;Precio&quot;,&quot;has_archive&quot;:false,&quot;elements&quot;:[{&quot;name&quot;:&quot;144000&quot;,&quot;link&quot;:&quot;&quot;,&quot;slug&quot;:&quot;&quot;}],&quot;show&quot;:false,&quot;card&quot;:false,&quot;display_after&quot;:&quot;\\u20ac&quot;,&quot;new_box&quot;:false},{&quot;slug&quot;:&quot;property-size&quot;,&quot;name&quot;:&quot;M2&quot;,&quot;has_archive&quot;:false,&quot;elements&quot;:[{&quot;name&quot;:&quot;120&quot;,&quot;link&quot;:&quot;&quot;,&quot;slug&quot;:&quot;&quot;}],&quot;show&quot;:true,&quot;card&quot;:true,&quot;display_after&quot;:&quot;m\\u00b2&quot;,&quot;new_box&quot;:false},{&quot;slug&quot;:&quot;features&quot;,&quot;name&quot;:&quot;Caracter\\u00edsticas&quot;,&quot;has_archive&quot;:true,&quot;elements&quot;:[{&quot;name&quot;:&quot;Gesch\\u00e4ftsr\\u00e4ume&quot;,&quot;link&quot;:&quot;https:\\\/\\\/novagestioinmobiliaria.com\\\/de\\\/eigenschaften\\\/geschaftsraume\\\/&quot;,&quot;slug&quot;:&quot;geschaftsraume&quot;},{&quot;name&quot;:&quot;Lagerhaus&quot;,&quot;link&quot;:&quot;https:\\\/\\\/novagestioinmobiliaria.com\\\/de\\\/eigenschaften\\\/lagerhaus\\\/&quot;,&quot;slug&quot;:&quot;lagerhaus&quot;},{&quot;name&quot;:&quot;Zentrale Lage&quot;,&quot;link&quot;:&quot;https:\\\/\\\/novagestioinmobiliaria.com\\\/de\\\/eigenschaften\\\/zentrale-lage\\\/&quot;,&quot;slug&quot;:&quot;zentrale-lage&quot;}],&quot;card&quot;:false,&quot;show&quot;:true,&quot;display_after&quot;:&quot;&quot;,&quot;new_box&quot;:true}],&quot;views&quot;:575,&quot;days_ago&quot;:&quot;2\\u00a0Jahren.&quot;,&quot;image_id&quot;:69762,&quot;image_url&quot;:&quot;https:\\\/\\\/novagestioinmobiliaria.com\\\/wp-content\\\/uploads\\\/2024\\\/02\\\/Local-en-venta-en-Porto-Cristo-ref-1593-2.jpg&quot;,&quot;tags&quot;:[{&quot;name&quot;:&quot;Caracter\\u00edsticas&quot;,&quot;elements&quot;:[{&quot;name&quot;:&quot;Gesch\\u00e4ftsr\\u00e4ume&quot;,&quot;link&quot;:&quot;https:\\\/\\\/novagestioinmobiliaria.com\\\/de\\\/eigenschaften\\\/geschaftsraume\\\/&quot;},{&quot;name&quot;:&quot;Lagerhaus&quot;,&quot;link&quot;:&quot;https:\\\/\\\/novagestioinmobiliaria.com\\\/de\\\/eigenschaften\\\/lagerhaus\\\/&quot;},{&quot;name&quot;:&quot;Zentrale Lage&quot;,&quot;link&quot;:&quot;https:\\\/\\\/novagestioinmobiliaria.com\\\/de\\\/eigenschaften\\\/zentrale-lage\\\/&quot;}],&quot;has_archive&quot;:true}],&quot;status&quot;:&quot;publish&quot;,&quot;plans&quot;:[],&quot;video_plan&quot;:{&quot;src&quot;:&quot;&quot;,&quot;video&quot;:&quot;&quot;},&quot;virtual_tour&quot;:null,&quot;state&quot;:&quot;&quot;,&quot;labels&quot;:[],&quot;image&quot;:&quot;https:\\\/\\\/novagestioinmobiliaria.com\\\/wp-content\\\/uploads\\\/2024\\\/02\\\/Local-en-venta-en-Porto-Cristo-ref-1593-2-400x250.jpg&quot;,&quot;image_srcset&quot;:&quot;https:\\\/\\\/novagestioinmobiliaria.com\\\/wp-content\\\/uploads\\\/2024\\\/02\\\/Local-en-venta-en-Porto-Cristo-ref-1593-2-200x125.jpg 200w, https:\\\/\\\/novagestioinmobiliaria.com\\\/wp-content\\\/uploads\\\/2024\\\/02\\\/Local-en-venta-en-Porto-Cristo-ref-1593-2-800x500.jpg 800w, https:\\\/\\\/novagestioinmobiliaria.com\\\/wp-content\\\/uploads\\\/2024\\\/02\\\/Local-en-venta-en-Porto-Cristo-ref-1593-2-600x375.jpg 600w, https:\\\/\\\/novagestioinmobiliaria.com\\\/wp-content\\\/uploads\\\/2024\\\/02\\\/Local-en-venta-en-Porto-Cristo-ref-1593-2-400x250.jpg 400w&quot;}'>\r\n\t\t\t\t\t\t\t\t\t\t\t\t\t<\/compare-button>\r\n\t\t\t\t\t\t\t\t\t\t\t\t<\/div>\r\n\t\t\t\t\t\t\t\t\t\t\t\t<div class=\"mh-estate-vertical__buttons__single\">\r\n\t\t\t\t\t\t\t\t\t\t\t\t\t<a href=\"https:\/\/novagestioinmobiliaria.com\/de\/propiedades-properties-immobilien\/geraeumige-raeumlichkeiten-lager-zum-verkauf-in-porto-cristo-lo1593pc-vde\/\"\r\n\t\t\t\t\t\t\t\t\t\t\t\t\t   title=\"Ger\u00e4umige R\u00e4umlichkeiten \u2013 Lager zum Verkauf in Porto Cristo : : LO1593PC-VDE\"\r\n\t\t\t\t\t\t\t\t\t\t\t\t\t   class=\"mdl-button mdl-js-button mdl-button--raised mdl-js-ripple-effect mdl-button--primary-ghost\">\r\n\t\t\t\t\t\t\t\t\t\t\t\t\t\tDetails\t\t\t\t\t\t\t\t\t\t\t\t\t\t<span class=\"mdl-button__icon-right\"><i class=\"fa fa-angle-right\"><\/i><\/span>\r\n\t\t\t\t\t\t\t\t\t\t\t\t\t<\/a>\r\n\t\t\t\t\t\t\t\t\t\t\t\t<\/div>\r\n\t\t\t\t\t\t\t\t\t\t\t<\/div>\r\n\t\t\t\t\t\t\t\t\t\t<\/div>\r\n\t\t\t\t\t\t\t\t\t<\/div>\r\n\t\t\t\t\t\t\t\t<\/div>\r\n\t\t\t\t\t\t\t<\/div>\r\n\t\t\t\t\t\t<\/article>\r\n\t\t\t\t\t<\/div>\r\n\t\t\t\t\t\t\t<\/div>\r\n\t\t\t[vc_empty_space][vc_btn title=&#8221;ALLE IMMOBILIEN&#8221; color=&#8221;turquoise&#8221; size=&#8221;lg&#8221; align=&#8221;center&#8221; link=&#8221;url:https%3A%2F%2Fnovagestioinmobiliaria.com%2Fde%2Foffer-type%2Fzu-verkaufen%2F&#8221;][vc_empty_space]\r\n\t\t<div class=\"mh-heading-wrapper  \">\r\n\t\t\t\r\n\t\t\t<h2 class=\"mh-heading  mh-heading--bottom-separator   \"\r\n\t\t\t\t\tstyle=\"font-weight:700;\">\r\n\t\t\t\tTOP-IMMOBILIEN ZU VERMIETEN\t\t\t<\/h2>\r\n\r\n\t\t\t\r\n\t\t\t\t\t<\/div>\r\n\r\n        \t\t\t<div class=\"mh-carousel owl-carousel owl-carousel--visible-3 \">\r\n\t\t\t\t\r\n\t\t\t\t\t<div class=\"item\">\r\n\t\t\t\t\t\t<article class=\"mh-estate-vertical mh-estate-vertical--white  mh-attribute-property-type__wohnungen-apartments mh-attribute-offer-type__zu-vermieten mh-attribute-city__cala-ratjada-de mh-attribute-features__2-doppelzimmer mh-attribute-features__einbaukueche mh-attribute-features__moebliert mh-attribute-features__ruhige-lage mh-attribute-features__wascherei\">\r\n\t\t\t\t\t\t\t<a href=\"https:\/\/novagestioinmobiliaria.com\/de\/propiedades-properties-immobilien\/wohnung-zur-miete-in-cala-ratjada-pi1884ca-ade\/\"\r\n\t\t\t\t\t\t\t   title=\"Wohnung zur Miete in Cala Ratjada : : PI1884CA-ADE\"\r\n\t\t\t\t\t\t\t   class=\"mh-thumbnail\">\r\n                        <span class=\"mh-thumbnail__inner\">\r\n                                                <\/span>\r\n\r\n\t\t\t\t\t\t\t\t\t\t\t\t\t\t\t\t\t<div class=\"mh-caption\">\r\n\t\t\t\t\t\t\t\t\t\t<div class=\"mh-caption__inner\">\r\n\t\t\t\t\t\t\t\t\t\t\tZu vermieten\t\t\t\t\t\t\t\t\t\t<\/div>\r\n\t\t\t\t\t\t\t\t\t<\/div>\r\n\t\t\t\t\t\t\t\t\t\r\n\t\t\t\t\t\t\t\t<div class=\"mh-estate-vertical__text\">\r\n\t\t\t\t\t\t\t\t\t<div class=\"mh-estate-vertical__text__inner\">\r\n\t\t\t\t\t\t\t\t\t\tWohnung zur Miete in Cala Ratjada mit sonniger privater Terrasse und ger\u00e4umigem Dachboden als zus\u00e4tzlichem Raum. Halb m\u00f6bliert und hell,...\t\t\t\t\t\t\t\t\t<\/div>\r\n\t\t\t\t\t\t\t\t<\/div>\r\n\t\t\t\t\t\t\t<\/a>\r\n\r\n\t\t\t\t\t\t\t<div class=\"mh-estate-vertical__content\">\r\n\t\t\t\t\t\t\t\t<h3 class=\"mh-estate-vertical__heading\">\r\n\t\t\t\t\t\t\t\t\t<a href=\"https:\/\/novagestioinmobiliaria.com\/de\/propiedades-properties-immobilien\/wohnung-zur-miete-in-cala-ratjada-pi1884ca-ade\/\"\r\n\t\t\t\t\t\t\t\t\t   title=\"Wohnung zur Miete in Cala Ratjada : : PI1884CA-ADE\">\r\n\t\t\t\t\t\t\t\t\t\tWohnung zur Miete in Cala Ratjada : : PI1884CA-ADE\t\t\t\t\t\t\t\t\t<\/a>\r\n\t\t\t\t\t\t\t\t<\/h3>\r\n\t\t\t\t\t\t\t\t<address class=\"mh-estate-vertical__subheading\">\r\n\t\t\t\t\t\t\t\t\tC\t\t\t\t\t\t\t\t<\/address>\r\n\t\t\t\t\t\t\t\t<div class=\"mh-estate-vertical__primary\">\r\n\t\t\t\t\t\t\t\t\t2.000 \u20ac\t\t\t\t\t\t\t\t<\/div>\r\n\r\n\t\t\t\t\t\t\t\t<div>\r\n\t\t\t\t\t\t\t\t\t<div class=\"mh-estate__list\">\r\n\t\t\t\t\t\t\t\t\t\t\r\n\t\t\t\t\t\t\t\t\t\t\t<span class=\"mh-estate-vertical__more-info mh-estate_attribute-offer-type\">\r\n                                        <strong>Tipo operaci\u00f3n:<\/strong>\r\n\t\t\t\t\t\t\t\t\t\t\t\t\t\t\t\t\t\t\t\t\t\t\t\t\t\tZu vermieten\t\t\t\t\t\t\t\t\t\t\t\t\t\t                                    <\/span>\r\n\r\n\t\t\t\t\t\t\t\t\t\t\r\n\t\t\t\t\t\t\t\t\t\t\t<span class=\"mh-estate-vertical__more-info mh-estate_attribute-bedrooms\">\r\n                                        <strong>Habitaciones:<\/strong>\r\n\t\t\t\t\t\t\t\t\t\t\t\t2                                    <\/span>\r\n\r\n\t\t\t\t\t\t\t\t\t\t\r\n\t\t\t\t\t\t\t\t\t\t\t<span class=\"mh-estate-vertical__more-info mh-estate_attribute-bathrooms\">\r\n                                        <strong>Ba\u00f1os:<\/strong>\r\n\t\t\t\t\t\t\t\t\t\t\t\t1                                    <\/span>\r\n\r\n\t\t\t\t\t\t\t\t\t\t\r\n\t\t\t\t\t\t\t\t\t\t\t<span class=\"mh-estate-vertical__more-info mh-estate_attribute-property-size\">\r\n                                        <strong>M2:<\/strong>\r\n\t\t\t\t\t\t\t\t\t\t\t\t72 m\u00b2                                    <\/span>\r\n\r\n\t\t\t\t\t\t\t\t\t\t\t\t\t\t\t\t\t\t\t<\/div>\r\n\t\t\t\t\t\t\t\t<\/div>\r\n\r\n\t\t\t\t\t\t\t\t<div class=\"mh-estate-vertical__bottom\">\r\n\t\t\t\t\t\t\t\t\t<div class=\"mh-estate-vertical__bottom__inner\">\r\n\t\t\t\t\t\t\t\t\t\t<div class=\"mh-estate-vertical__date\">\r\n\t\t\t\t\t\t\t\t\t\t\t5\u00a0Stunden.\t\t\t\t\t\t\t\t\t\t<\/div>\r\n\t\t\t\t\t\t\t\t\t\t<div class=\"mh-estate-vertical__buttons-wrapper\">\r\n\t\t\t\t\t\t\t\t\t\t\t<div class=\"mh-estate-vertical__buttons\">\r\n\t\t\t\t\t\t\t\t\t\t\t\t<div class=\"mh-estate-vertical__buttons__single\">\r\n\t\t\t\t\t\t\t\t\t\t\t\t\t<compare-button class=\"myhome-compare\"\r\n\t\t\t\t\t\t\t\t\t\t\t\t\t\t\t\t\t:translations='{&quot;added&quot;:&quot;Zus\\u00e4tzlich&quot;,&quot;compare&quot;:&quot;Vergleichen&quot;}'\r\n\t\t\t\t\t\t\t\t\t\t\t\t\t\t\t\t\t:estate='{&quot;short_excerpt_limit&quot;:125,&quot;long_excerpt_limit&quot;:160,&quot;id&quot;:89427,&quot;agent_id&quot;:&quot;26&quot;,&quot;title&quot;:&quot;Wohnung zur Miete in Cala Ratjada : : PI1884CA-ADE&quot;,&quot;content&quot;:&quot;Wohnung zur Miete in Cala Ratjada mit sonniger privater Terrasse und ger\\u00e4umigem Dachboden als zus\\u00e4tzlichem Raum. Halb m\\u00f6bliert und hell, gut angebunden und mit allen Dienstleistungen in der N\\u00e4he.\\r\\nDie Wohnung ist aufgeteilt in eine K\\u00fcche mit amerikanischer Theke, die in das Esszimmer integriert ist. Sie verf\\u00fcgt \\u00fcber 2 Doppelzimmer mit Einbauschr\\u00e4nken und ein drittes Zimmer als Wohnzimmer sowie ein komplettes Badezimmer mit Badewanne. Im Obergeschoss befindet sich ein Dachboden mit sichtbaren Holzbalken, der zus\\u00e4tzlichen offenen Raum mit Sitzbereich und Waschmaschine bietet, mit Zugang zur privaten Terrasse, die mit Tisch, St\\u00fchlen und Sonnenliegen unter einem Segeltuch ausgestattet ist.\\r\\n72 m\\u00b2 Nutzfl\\u00e4che \\\/ 121 m\\u00b2 Wohnfl\\u00e4che, amerikanische K\\u00fcche, Esszimmer, 2 Schlafzimmer, 1 komplettes Badezimmer mit Badewanne, private Terrasse von 32 m\\u00b2, Dachboden von 32 m\\u00b2, K\\u00fcche mit Fr\\u00fchst\\u00fcckstheke ausgestattet, m\\u00f6bliert, Waschmaschine inklusive.\\r\\nMIETBEDINGUNGEN:\\r\\n\\u2013 Saisonale Vermietung (11 Monate).\\r\\n\\u2013 Wirtschaftliche Solvenz muss durch unbefristeten Arbeitsvertrag und nachweisbare Eink\\u00fcnfte belegt werden.\\r\\n\\u2013 Strom- und Wasserkosten sind NICHT INBEGRIFFEN.\\r\\n\\u2013 Abfallgeb\\u00fchr inbegriffen.\\r\\n\\u2013 1 Monat Kaution.\\r\\n\\u2013 Haustiere mit Bedingungen erlaubt.\\r\\n\\u2013 Agenturprovision nach Vereinbarung.\\r\\n\\r\\nNova Gesti\\u00f3, Immobilienagentur in Cala Ratjada.&quot;,&quot;excerpt&quot;:&quot;Wohnung zur Miete in Cala Ratjada mit sonniger privater Terrasse und ger\\u00e4umigem Dachboden als zus\\u00e4tzlichem Raum. Halb m\\u00f6bliert und hell, gut angebunden und mit allen Dienstleistungen in der N\\u00e4he. Die Wohnung ist aufgeteilt in eine K\\u00fcche mit amerikanischer Theke, die in das Esszimmer integriert ist. Sie verf\\u00fcgt \\u00fcber 2 Doppelzimmer mit Einbauschr\\u00e4nken und ein drittes [\\u2026]&quot;,&quot;short_excerpt&quot;:&quot;Wohnung zur Miete in Cala Ratjada mit sonniger privater Terrasse und ger\\u00e4umigem Dachboden als zus\\u00e4tzlichem Raum. Halb m\\u00f6bl...&quot;,&quot;long_excerpt&quot;:&quot;Wohnung zur Miete in Cala Ratjada mit sonniger privater Terrasse und ger\\u00e4umigem Dachboden als zus\\u00e4tzlichem Raum. Halb m\\u00f6bliert und hell, gut angebunden und m...&quot;,&quot;link&quot;:&quot;https:\\\/\\\/novagestioinmobiliaria.com\\\/de\\\/propiedades-properties-immobilien\\\/wohnung-zur-miete-in-cala-ratjada-pi1884ca-ade\\\/&quot;,&quot;offer_type&quot;:&quot;Zu vermieten&quot;,&quot;price&quot;:&quot;2.000 \\u20ac&quot;,&quot;location&quot;:&quot;C&quot;,&quot;is_featured&quot;:true,&quot;gallery&quot;:[{&quot;id&quot;:89415,&quot;url&quot;:&quot;https:\\\/\\\/novagestioinmobiliaria.com\\\/wp-content\\\/uploads\\\/2026\\\/04\\\/Piso-Alquiler-Cala-Ratjada-ref-1884-12.jpg&quot;,&quot;alt&quot;:&quot;&quot;},{&quot;id&quot;:89409,&quot;url&quot;:&quot;https:\\\/\\\/novagestioinmobiliaria.com\\\/wp-content\\\/uploads\\\/2026\\\/04\\\/Piso-Alquiler-Cala-Ratjada-ref-1884-10.jpg&quot;,&quot;alt&quot;:&quot;&quot;},{&quot;id&quot;:89403,&quot;url&quot;:&quot;https:\\\/\\\/novagestioinmobiliaria.com\\\/wp-content\\\/uploads\\\/2026\\\/04\\\/Piso-Alquiler-Cala-Ratjada-ref-1884-8.jpg&quot;,&quot;alt&quot;:&quot;&quot;},{&quot;id&quot;:89421,&quot;url&quot;:&quot;https:\\\/\\\/novagestioinmobiliaria.com\\\/wp-content\\\/uploads\\\/2026\\\/04\\\/Piso-Alquiler-Cala-Ratjada-ref-1884-14.jpg&quot;,&quot;alt&quot;:&quot;&quot;},{&quot;id&quot;:89388,&quot;url&quot;:&quot;https:\\\/\\\/novagestioinmobiliaria.com\\\/wp-content\\\/uploads\\\/2026\\\/04\\\/Piso-Alquiler-Cala-Ratjada-ref-1884-3.jpg&quot;,&quot;alt&quot;:&quot;&quot;},{&quot;id&quot;:89391,&quot;url&quot;:&quot;https:\\\/\\\/novagestioinmobiliaria.com\\\/wp-content\\\/uploads\\\/2026\\\/04\\\/Piso-Alquiler-Cala-Ratjada-ref-1884-4.jpg&quot;,&quot;alt&quot;:&quot;&quot;},{&quot;id&quot;:89385,&quot;url&quot;:&quot;https:\\\/\\\/novagestioinmobiliaria.com\\\/wp-content\\\/uploads\\\/2026\\\/04\\\/Piso-Alquiler-Cala-Ratjada-ref-1884-2.jpg&quot;,&quot;alt&quot;:&quot;&quot;},{&quot;id&quot;:89424,&quot;url&quot;:&quot;https:\\\/\\\/novagestioinmobiliaria.com\\\/wp-content\\\/uploads\\\/2026\\\/04\\\/Piso-Alquiler-Cala-Ratjada-ref-1884-15.jpg&quot;,&quot;alt&quot;:&quot;&quot;},{&quot;id&quot;:89394,&quot;url&quot;:&quot;https:\\\/\\\/novagestioinmobiliaria.com\\\/wp-content\\\/uploads\\\/2026\\\/04\\\/Piso-Alquiler-Cala-Ratjada-ref-1884-5.jpg&quot;,&quot;alt&quot;:&quot;&quot;},{&quot;id&quot;:89418,&quot;url&quot;:&quot;https:\\\/\\\/novagestioinmobiliaria.com\\\/wp-content\\\/uploads\\\/2026\\\/04\\\/Piso-Alquiler-Cala-Ratjada-ref-1884-13.jpg&quot;,&quot;alt&quot;:&quot;&quot;},{&quot;id&quot;:89406,&quot;url&quot;:&quot;https:\\\/\\\/novagestioinmobiliaria.com\\\/wp-content\\\/uploads\\\/2026\\\/04\\\/Piso-Alquiler-Cala-Ratjada-ref-1884-9.jpg&quot;,&quot;alt&quot;:&quot;&quot;},{&quot;id&quot;:89400,&quot;url&quot;:&quot;https:\\\/\\\/novagestioinmobiliaria.com\\\/wp-content\\\/uploads\\\/2026\\\/04\\\/Piso-Alquiler-Cala-Ratjada-ref-1884-7.jpg&quot;,&quot;alt&quot;:&quot;&quot;},{&quot;id&quot;:89412,&quot;url&quot;:&quot;https:\\\/\\\/novagestioinmobiliaria.com\\\/wp-content\\\/uploads\\\/2026\\\/04\\\/Piso-Alquiler-Cala-Ratjada-ref-1884-11.jpg&quot;,&quot;alt&quot;:&quot;&quot;},{&quot;id&quot;:89397,&quot;url&quot;:&quot;https:\\\/\\\/novagestioinmobiliaria.com\\\/wp-content\\\/uploads\\\/2026\\\/04\\\/Piso-Alquiler-Cala-Ratjada-ref-1884-6.jpg&quot;,&quot;alt&quot;:&quot;&quot;},{&quot;id&quot;:89382,&quot;url&quot;:&quot;https:\\\/\\\/novagestioinmobiliaria.com\\\/wp-content\\\/uploads\\\/2026\\\/04\\\/Piso-Alquiler-Cala-Ratjada-ref-1884-1.jpg&quot;,&quot;alt&quot;:&quot;&quot;}],&quot;attributes&quot;:[{&quot;slug&quot;:&quot;property-type&quot;,&quot;name&quot;:&quot;Tipo propiedad&quot;,&quot;has_archive&quot;:true,&quot;elements&quot;:[{&quot;name&quot;:&quot;Wohnungen \\\/ Apartments&quot;,&quot;link&quot;:&quot;https:\\\/\\\/novagestioinmobiliaria.com\\\/de\\\/immobilientyp\\\/wohnungen-apartments\\\/&quot;,&quot;slug&quot;:&quot;wohnungen-apartments&quot;}],&quot;card&quot;:false,&quot;show&quot;:true,&quot;display_after&quot;:&quot;&quot;,&quot;new_box&quot;:false},{&quot;slug&quot;:&quot;offer-type&quot;,&quot;name&quot;:&quot;Tipo operaci\\u00f3n&quot;,&quot;has_archive&quot;:true,&quot;elements&quot;:[{&quot;name&quot;:&quot;Zu vermieten&quot;,&quot;link&quot;:&quot;https:\\\/\\\/novagestioinmobiliaria.com\\\/de\\\/offer-type\\\/zu-vermieten\\\/&quot;,&quot;slug&quot;:&quot;zu-vermieten&quot;}],&quot;card&quot;:true,&quot;show&quot;:true,&quot;display_after&quot;:&quot;&quot;,&quot;new_box&quot;:false},{&quot;slug&quot;:&quot;city&quot;,&quot;name&quot;:&quot;Zona&quot;,&quot;has_archive&quot;:true,&quot;elements&quot;:[{&quot;name&quot;:&quot;Cala Ratjada&quot;,&quot;link&quot;:&quot;https:\\\/\\\/novagestioinmobiliaria.com\\\/de\\\/city\\\/cala-ratjada-de\\\/&quot;,&quot;slug&quot;:&quot;cala-ratjada-de&quot;}],&quot;card&quot;:false,&quot;show&quot;:true,&quot;display_after&quot;:&quot;&quot;,&quot;new_box&quot;:false},{&quot;slug&quot;:&quot;price&quot;,&quot;name&quot;:&quot;Precio&quot;,&quot;has_archive&quot;:false,&quot;elements&quot;:[{&quot;name&quot;:&quot;2000&quot;,&quot;link&quot;:&quot;&quot;,&quot;slug&quot;:&quot;&quot;}],&quot;show&quot;:false,&quot;card&quot;:false,&quot;display_after&quot;:&quot;\\u20ac&quot;,&quot;new_box&quot;:false},{&quot;slug&quot;:&quot;bedrooms&quot;,&quot;name&quot;:&quot;Habitaciones&quot;,&quot;has_archive&quot;:false,&quot;elements&quot;:[{&quot;name&quot;:&quot;2&quot;,&quot;link&quot;:&quot;&quot;,&quot;slug&quot;:&quot;&quot;}],&quot;show&quot;:true,&quot;card&quot;:true,&quot;display_after&quot;:&quot;&quot;,&quot;new_box&quot;:false},{&quot;slug&quot;:&quot;bathrooms&quot;,&quot;name&quot;:&quot;Ba\\u00f1os&quot;,&quot;has_archive&quot;:false,&quot;elements&quot;:[{&quot;name&quot;:&quot;1&quot;,&quot;link&quot;:&quot;&quot;,&quot;slug&quot;:&quot;&quot;}],&quot;show&quot;:true,&quot;card&quot;:true,&quot;display_after&quot;:&quot;&quot;,&quot;new_box&quot;:false},{&quot;slug&quot;:&quot;property-size&quot;,&quot;name&quot;:&quot;M2&quot;,&quot;has_archive&quot;:false,&quot;elements&quot;:[{&quot;name&quot;:&quot;72&quot;,&quot;link&quot;:&quot;&quot;,&quot;slug&quot;:&quot;&quot;}],&quot;show&quot;:true,&quot;card&quot;:true,&quot;display_after&quot;:&quot;m\\u00b2&quot;,&quot;new_box&quot;:false},{&quot;slug&quot;:&quot;features&quot;,&quot;name&quot;:&quot;Caracter\\u00edsticas&quot;,&quot;has_archive&quot;:true,&quot;elements&quot;:[{&quot;name&quot;:&quot;2 Doppelzimmer&quot;,&quot;link&quot;:&quot;https:\\\/\\\/novagestioinmobiliaria.com\\\/de\\\/eigenschaften\\\/2-doppelzimmer\\\/&quot;,&quot;slug&quot;:&quot;2-doppelzimmer&quot;},{&quot;name&quot;:&quot;Einbauk\\u00fcche&quot;,&quot;link&quot;:&quot;https:\\\/\\\/novagestioinmobiliaria.com\\\/de\\\/eigenschaften\\\/einbaukueche\\\/&quot;,&quot;slug&quot;:&quot;einbaukueche&quot;},{&quot;name&quot;:&quot;M\\u00f6bliert&quot;,&quot;link&quot;:&quot;https:\\\/\\\/novagestioinmobiliaria.com\\\/de\\\/eigenschaften\\\/moebliert\\\/&quot;,&quot;slug&quot;:&quot;moebliert&quot;},{&quot;name&quot;:&quot;Ruhige Lage&quot;,&quot;link&quot;:&quot;https:\\\/\\\/novagestioinmobiliaria.com\\\/de\\\/eigenschaften\\\/ruhige-lage\\\/&quot;,&quot;slug&quot;:&quot;ruhige-lage&quot;},{&quot;name&quot;:&quot;W\\u00e4scherei&quot;,&quot;link&quot;:&quot;https:\\\/\\\/novagestioinmobiliaria.com\\\/de\\\/eigenschaften\\\/wascherei\\\/&quot;,&quot;slug&quot;:&quot;wascherei&quot;}],&quot;card&quot;:false,&quot;show&quot;:true,&quot;display_after&quot;:&quot;&quot;,&quot;new_box&quot;:true}],&quot;views&quot;:1,&quot;days_ago&quot;:&quot;5\\u00a0Stunden.&quot;,&quot;image_id&quot;:null,&quot;image_url&quot;:null,&quot;tags&quot;:[{&quot;name&quot;:&quot;Caracter\\u00edsticas&quot;,&quot;elements&quot;:[{&quot;name&quot;:&quot;2 Doppelzimmer&quot;,&quot;link&quot;:&quot;https:\\\/\\\/novagestioinmobiliaria.com\\\/de\\\/eigenschaften\\\/2-doppelzimmer\\\/&quot;},{&quot;name&quot;:&quot;Einbauk\\u00fcche&quot;,&quot;link&quot;:&quot;https:\\\/\\\/novagestioinmobiliaria.com\\\/de\\\/eigenschaften\\\/einbaukueche\\\/&quot;},{&quot;name&quot;:&quot;M\\u00f6bliert&quot;,&quot;link&quot;:&quot;https:\\\/\\\/novagestioinmobiliaria.com\\\/de\\\/eigenschaften\\\/moebliert\\\/&quot;},{&quot;name&quot;:&quot;Ruhige Lage&quot;,&quot;link&quot;:&quot;https:\\\/\\\/novagestioinmobiliaria.com\\\/de\\\/eigenschaften\\\/ruhige-lage\\\/&quot;},{&quot;name&quot;:&quot;W\\u00e4scherei&quot;,&quot;link&quot;:&quot;https:\\\/\\\/novagestioinmobiliaria.com\\\/de\\\/eigenschaften\\\/wascherei\\\/&quot;}],&quot;has_archive&quot;:true}],&quot;status&quot;:&quot;publish&quot;,&quot;plans&quot;:[],&quot;video_plan&quot;:{&quot;src&quot;:&quot;&quot;,&quot;video&quot;:&quot;&quot;},&quot;virtual_tour&quot;:null,&quot;state&quot;:&quot;&quot;,&quot;labels&quot;:[],&quot;image&quot;:&quot;&quot;,&quot;image_srcset&quot;:&quot;&quot;}'>\r\n\t\t\t\t\t\t\t\t\t\t\t\t\t<\/compare-button>\r\n\t\t\t\t\t\t\t\t\t\t\t\t<\/div>\r\n\t\t\t\t\t\t\t\t\t\t\t\t<div class=\"mh-estate-vertical__buttons__single\">\r\n\t\t\t\t\t\t\t\t\t\t\t\t\t<a href=\"https:\/\/novagestioinmobiliaria.com\/de\/propiedades-properties-immobilien\/wohnung-zur-miete-in-cala-ratjada-pi1884ca-ade\/\"\r\n\t\t\t\t\t\t\t\t\t\t\t\t\t   title=\"Wohnung zur Miete in Cala Ratjada : : PI1884CA-ADE\"\r\n\t\t\t\t\t\t\t\t\t\t\t\t\t   class=\"mdl-button mdl-js-button mdl-button--raised mdl-js-ripple-effect mdl-button--primary-ghost\">\r\n\t\t\t\t\t\t\t\t\t\t\t\t\t\tDetails\t\t\t\t\t\t\t\t\t\t\t\t\t\t<span class=\"mdl-button__icon-right\"><i class=\"fa fa-angle-right\"><\/i><\/span>\r\n\t\t\t\t\t\t\t\t\t\t\t\t\t<\/a>\r\n\t\t\t\t\t\t\t\t\t\t\t\t<\/div>\r\n\t\t\t\t\t\t\t\t\t\t\t<\/div>\r\n\t\t\t\t\t\t\t\t\t\t<\/div>\r\n\t\t\t\t\t\t\t\t\t<\/div>\r\n\t\t\t\t\t\t\t\t<\/div>\r\n\t\t\t\t\t\t\t<\/div>\r\n\t\t\t\t\t\t<\/article>\r\n\t\t\t\t\t<\/div>\r\n\t\t\t\t\r\n\t\t\t\t\t<div class=\"item\">\r\n\t\t\t\t\t\t<article class=\"mh-estate-vertical mh-estate-vertical--white  mh-attribute-property-type__stadthaeuser-ebenerdige-wohnungen mh-attribute-offer-type__zu-vermieten mh-attribute-city__felanitx-de mh-attribute-features__3-doppelzimmer mh-attribute-features__einbaukueche mh-attribute-features__garage-de mh-attribute-features__haustiere-nicht-erlaubt mh-attribute-features__innenhof mh-attribute-features__kamin mh-attribute-features__klimaanlage mh-attribute-features__langzeitmiete mh-attribute-features__moebliert mh-attribute-features__reformiert mh-attribute-features__ruhige-lage mh-attribute-features__terrasse\">\r\n\t\t\t\t\t\t\t<a href=\"https:\/\/novagestioinmobiliaria.com\/de\/propiedades-properties-immobilien\/mallorquinisches-haus-in-felanitx-zu-vermieten-ca1888fe-ade\/\"\r\n\t\t\t\t\t\t\t   title=\"Mallorquinisches Haus in Felanitx zu vermieten : : CA1888FE-ADE\"\r\n\t\t\t\t\t\t\t   class=\"mh-thumbnail\">\r\n                        <span class=\"mh-thumbnail__inner\">\r\n                                    <img\r\n                    data-srcset=\"https:\/\/novagestioinmobiliaria.com\/wp-content\/uploads\/2026\/04\/Casa-Alquiler-Felanitx-ref-1888-20-200x125.jpg 200w, https:\/\/novagestioinmobiliaria.com\/wp-content\/uploads\/2026\/04\/Casa-Alquiler-Felanitx-ref-1888-20-1200x750.jpg 1200w, https:\/\/novagestioinmobiliaria.com\/wp-content\/uploads\/2026\/04\/Casa-Alquiler-Felanitx-ref-1888-20-800x500.jpg 800w, https:\/\/novagestioinmobiliaria.com\/wp-content\/uploads\/2026\/04\/Casa-Alquiler-Felanitx-ref-1888-20-600x375.jpg 600w, https:\/\/novagestioinmobiliaria.com\/wp-content\/uploads\/2026\/04\/Casa-Alquiler-Felanitx-ref-1888-20-400x250.jpg 400w\"\r\n                    class=\"lazyload \" alt=\"Mallorquinisches Haus in Felanitx zu vermieten : : CA1888FE-ADE\"\r\n                    data-sizes=\"auto\"\r\n            >\r\n\t\t\t                        <\/span>\r\n\r\n\t\t\t\t\t\t\t\t\t\t\t\t\t\t\t\t\t<div class=\"mh-caption\">\r\n\t\t\t\t\t\t\t\t\t\t<div class=\"mh-caption__inner\">\r\n\t\t\t\t\t\t\t\t\t\t\tZu vermieten\t\t\t\t\t\t\t\t\t\t<\/div>\r\n\t\t\t\t\t\t\t\t\t<\/div>\r\n\t\t\t\t\t\t\t\t\t\r\n\t\t\t\t\t\t\t\t<div class=\"mh-estate-vertical__text\">\r\n\t\t\t\t\t\t\t\t\t<div class=\"mh-estate-vertical__text__inner\">\r\n\t\t\t\t\t\t\t\t\t\tVollst\u00e4ndig renoviertes mallorquinisches Haus mit 200 m\u00b2 in Felanitx zu vermieten, verteilt auf 2 Etagen mit S\u00fcdostausrichtung. Garagenplatz im Preis...\t\t\t\t\t\t\t\t\t<\/div>\r\n\t\t\t\t\t\t\t\t<\/div>\r\n\t\t\t\t\t\t\t<\/a>\r\n\r\n\t\t\t\t\t\t\t<div class=\"mh-estate-vertical__content\">\r\n\t\t\t\t\t\t\t\t<h3 class=\"mh-estate-vertical__heading\">\r\n\t\t\t\t\t\t\t\t\t<a href=\"https:\/\/novagestioinmobiliaria.com\/de\/propiedades-properties-immobilien\/mallorquinisches-haus-in-felanitx-zu-vermieten-ca1888fe-ade\/\"\r\n\t\t\t\t\t\t\t\t\t   title=\"Mallorquinisches Haus in Felanitx zu vermieten : : CA1888FE-ADE\">\r\n\t\t\t\t\t\t\t\t\t\tMallorquinisches Haus in Felanitx zu vermieten : : CA1888FE-ADE\t\t\t\t\t\t\t\t\t<\/a>\r\n\t\t\t\t\t\t\t\t<\/h3>\r\n\t\t\t\t\t\t\t\t<address class=\"mh-estate-vertical__subheading\">\r\n\t\t\t\t\t\t\t\t\tF\t\t\t\t\t\t\t\t<\/address>\r\n\t\t\t\t\t\t\t\t<div class=\"mh-estate-vertical__primary\">\r\n\t\t\t\t\t\t\t\t\t1.800 \u20ac\t\t\t\t\t\t\t\t<\/div>\r\n\r\n\t\t\t\t\t\t\t\t<div>\r\n\t\t\t\t\t\t\t\t\t<div class=\"mh-estate__list\">\r\n\t\t\t\t\t\t\t\t\t\t\r\n\t\t\t\t\t\t\t\t\t\t\t<span class=\"mh-estate-vertical__more-info mh-estate_attribute-offer-type\">\r\n                                        <strong>Tipo operaci\u00f3n:<\/strong>\r\n\t\t\t\t\t\t\t\t\t\t\t\t\t\t\t\t\t\t\t\t\t\t\t\t\t\tZu vermieten\t\t\t\t\t\t\t\t\t\t\t\t\t\t                                    <\/span>\r\n\r\n\t\t\t\t\t\t\t\t\t\t\r\n\t\t\t\t\t\t\t\t\t\t\t<span class=\"mh-estate-vertical__more-info mh-estate_attribute-bedrooms\">\r\n                                        <strong>Habitaciones:<\/strong>\r\n\t\t\t\t\t\t\t\t\t\t\t\t3                                    <\/span>\r\n\r\n\t\t\t\t\t\t\t\t\t\t\r\n\t\t\t\t\t\t\t\t\t\t\t<span class=\"mh-estate-vertical__more-info mh-estate_attribute-bathrooms\">\r\n                                        <strong>Ba\u00f1os:<\/strong>\r\n\t\t\t\t\t\t\t\t\t\t\t\t3                                    <\/span>\r\n\r\n\t\t\t\t\t\t\t\t\t\t\r\n\t\t\t\t\t\t\t\t\t\t\t<span class=\"mh-estate-vertical__more-info mh-estate_attribute-property-size\">\r\n                                        <strong>M2:<\/strong>\r\n\t\t\t\t\t\t\t\t\t\t\t\t200 m\u00b2                                    <\/span>\r\n\r\n\t\t\t\t\t\t\t\t\t\t\t\t\t\t\t\t\t\t\t<\/div>\r\n\t\t\t\t\t\t\t\t<\/div>\r\n\r\n\t\t\t\t\t\t\t\t<div class=\"mh-estate-vertical__bottom\">\r\n\t\t\t\t\t\t\t\t\t<div class=\"mh-estate-vertical__bottom__inner\">\r\n\t\t\t\t\t\t\t\t\t\t<div class=\"mh-estate-vertical__date\">\r\n\t\t\t\t\t\t\t\t\t\t\t1\u00a0Woche.\t\t\t\t\t\t\t\t\t\t<\/div>\r\n\t\t\t\t\t\t\t\t\t\t<div class=\"mh-estate-vertical__buttons-wrapper\">\r\n\t\t\t\t\t\t\t\t\t\t\t<div class=\"mh-estate-vertical__buttons\">\r\n\t\t\t\t\t\t\t\t\t\t\t\t<div class=\"mh-estate-vertical__buttons__single\">\r\n\t\t\t\t\t\t\t\t\t\t\t\t\t<compare-button class=\"myhome-compare\"\r\n\t\t\t\t\t\t\t\t\t\t\t\t\t\t\t\t\t:translations='{&quot;added&quot;:&quot;Zus\\u00e4tzlich&quot;,&quot;compare&quot;:&quot;Vergleichen&quot;}'\r\n\t\t\t\t\t\t\t\t\t\t\t\t\t\t\t\t\t:estate='{&quot;short_excerpt_limit&quot;:125,&quot;long_excerpt_limit&quot;:160,&quot;id&quot;:89376,&quot;agent_id&quot;:&quot;26&quot;,&quot;title&quot;:&quot;Mallorquinisches Haus in Felanitx zu vermieten : : CA1888FE-ADE&quot;,&quot;content&quot;:&quot;Vollst\\u00e4ndig renoviertes mallorquinisches Haus mit 200 m\\u00b2 in Felanitx zu vermieten, verteilt auf 2 Etagen mit S\\u00fcdostausrichtung. Garagenplatz im Preis inbegriffen.\\r\\nDas Erdgeschoss verf\\u00fcgt \\u00fcber eine kleine Eingangshalle, ein Wohnzimmer mit Kamin und Klimaanlage, eine unabh\\u00e4ngige, voll ausgestattete und m\\u00f6blierte K\\u00fcche sowie einen Innenhof mit Zugang zur Garage. Im Obergeschoss befinden sich 3 Schlafzimmer, eines davon mit Einbauschrank, und 3 komplette Badezimmer mit Dusche, alle en suite. Gro\\u00dfe sonnige Terrasse mit Speisekammer\\\/Lagerraum. Parkettboden, Holzinnenausbau und PVC-Au\\u00dfenfenster mit Doppelverglasung.\\r\\n200 m\\u00b2 Wohnfl\\u00e4che, 3 Schlafzimmer (1 mit Einbauschrank), 3 en-suite B\\u00e4der, sonnige Terrasse, Innenhof, Garage inklusive, m\\u00f6bliert und ausgestattet, 3 Klimaanlagen + Kamin, S\\u00fcdostausrichtung. Besichtigungen ab dem 1. Juli m\\u00f6glich. Ideal f\\u00fcr maximal 4 Personen.\\r\\nMIETBEDINGUNGEN:\\r\\n\\u2013 Langzeitmiete.\\r\\n\\u2013 Wirtschaftliche Zuverl\\u00e4ssigkeit ist durch einen unbefristeten Arbeitsvertrag und nachweisbare Eink\\u00fcnfte zu belegen.\\r\\n\\u2013 Kosten f\\u00fcr Wasser, Strom, Internet und M\\u00fcll NICHT INBEGRIFFEN\\r\\n\\u2013 1 Monatskaution + 1 Monat Garantie.\\r\\n\\u2013 KEINE Haustiere erlaubt.\\r\\n\\u2013 Weitere Kosten auf Anfrage.\\r\\n\\r\\nNova Gesti\\u00f3, Immobilienagentur in Felanitx.&quot;,&quot;excerpt&quot;:&quot;Vollst\\u00e4ndig renoviertes mallorquinisches Haus mit 200 m\\u00b2 in Felanitx zu vermieten, verteilt auf 2 Etagen mit S\\u00fcdostausrichtung. Garagenplatz im Preis inbegriffen. Das Erdgeschoss verf\\u00fcgt \\u00fcber eine kleine Eingangshalle, ein Wohnzimmer mit Kamin und Klimaanlage, eine unabh\\u00e4ngige, voll ausgestattete und m\\u00f6blierte K\\u00fcche sowie einen Innenhof mit Zugang zur Garage. Im Obergeschoss befinden sich 3 Schlafzimmer, eines [\\u2026]&quot;,&quot;short_excerpt&quot;:&quot;Vollst\\u00e4ndig renoviertes mallorquinisches Haus mit 200 m\\u00b2 in Felanitx zu vermieten, verteilt auf 2 Etagen mit S\\u00fcdostausrich...&quot;,&quot;long_excerpt&quot;:&quot;Vollst\\u00e4ndig renoviertes mallorquinisches Haus mit 200 m\\u00b2 in Felanitx zu vermieten, verteilt auf 2 Etagen mit S\\u00fcdostausrichtung. Garagenplatz im Preis inbegri...&quot;,&quot;link&quot;:&quot;https:\\\/\\\/novagestioinmobiliaria.com\\\/de\\\/propiedades-properties-immobilien\\\/mallorquinisches-haus-in-felanitx-zu-vermieten-ca1888fe-ade\\\/&quot;,&quot;offer_type&quot;:&quot;Zu vermieten&quot;,&quot;price&quot;:&quot;1.800 \\u20ac&quot;,&quot;location&quot;:&quot;F&quot;,&quot;is_featured&quot;:true,&quot;gallery&quot;:[{&quot;id&quot;:89371,&quot;url&quot;:&quot;https:\\\/\\\/novagestioinmobiliaria.com\\\/wp-content\\\/uploads\\\/2026\\\/04\\\/Casa-Alquiler-Felanitx-ref-1888-20.jpg&quot;,&quot;alt&quot;:&quot;&quot;},{&quot;id&quot;:89368,&quot;url&quot;:&quot;https:\\\/\\\/novagestioinmobiliaria.com\\\/wp-content\\\/uploads\\\/2026\\\/04\\\/Casa-Alquiler-Felanitx-ref-1888-19.jpg&quot;,&quot;alt&quot;:&quot;&quot;},{&quot;id&quot;:89338,&quot;url&quot;:&quot;https:\\\/\\\/novagestioinmobiliaria.com\\\/wp-content\\\/uploads\\\/2026\\\/04\\\/Casa-Alquiler-Felanitx-ref-1888-9.jpg&quot;,&quot;alt&quot;:&quot;&quot;},{&quot;id&quot;:89341,&quot;url&quot;:&quot;https:\\\/\\\/novagestioinmobiliaria.com\\\/wp-content\\\/uploads\\\/2026\\\/04\\\/Casa-Alquiler-Felanitx-ref-1888-10.jpg&quot;,&quot;alt&quot;:&quot;&quot;},{&quot;id&quot;:89374,&quot;url&quot;:&quot;https:\\\/\\\/novagestioinmobiliaria.com\\\/wp-content\\\/uploads\\\/2026\\\/04\\\/Casa-Alquiler-Felanitx-ref-1888-21.jpg&quot;,&quot;alt&quot;:&quot;&quot;},{&quot;id&quot;:89314,&quot;url&quot;:&quot;https:\\\/\\\/novagestioinmobiliaria.com\\\/wp-content\\\/uploads\\\/2026\\\/04\\\/Casa-Alquiler-Felanitx-ref-1888-1.jpg&quot;,&quot;alt&quot;:&quot;&quot;},{&quot;id&quot;:89311,&quot;url&quot;:&quot;https:\\\/\\\/novagestioinmobiliaria.com\\\/wp-content\\\/uploads\\\/2026\\\/04\\\/Casa-Alquiler-Felanitx-ref-1888-22.jpg&quot;,&quot;alt&quot;:&quot;&quot;},{&quot;id&quot;:89335,&quot;url&quot;:&quot;https:\\\/\\\/novagestioinmobiliaria.com\\\/wp-content\\\/uploads\\\/2026\\\/04\\\/Casa-Alquiler-Felanitx-ref-1888-8.jpg&quot;,&quot;alt&quot;:&quot;&quot;},{&quot;id&quot;:89365,&quot;url&quot;:&quot;https:\\\/\\\/novagestioinmobiliaria.com\\\/wp-content\\\/uploads\\\/2026\\\/04\\\/Casa-Alquiler-Felanitx-ref-1888-18.jpg&quot;,&quot;alt&quot;:&quot;&quot;},{&quot;id&quot;:89344,&quot;url&quot;:&quot;https:\\\/\\\/novagestioinmobiliaria.com\\\/wp-content\\\/uploads\\\/2026\\\/04\\\/Casa-Alquiler-Felanitx-ref-1888-11.jpg&quot;,&quot;alt&quot;:&quot;&quot;},{&quot;id&quot;:89362,&quot;url&quot;:&quot;https:\\\/\\\/novagestioinmobiliaria.com\\\/wp-content\\\/uploads\\\/2026\\\/04\\\/Casa-Alquiler-Felanitx-ref-1888-17.jpg&quot;,&quot;alt&quot;:&quot;&quot;},{&quot;id&quot;:89329,&quot;url&quot;:&quot;https:\\\/\\\/novagestioinmobiliaria.com\\\/wp-content\\\/uploads\\\/2026\\\/04\\\/Casa-Alquiler-Felanitx-ref-1888-6.jpg&quot;,&quot;alt&quot;:&quot;&quot;},{&quot;id&quot;:89356,&quot;url&quot;:&quot;https:\\\/\\\/novagestioinmobiliaria.com\\\/wp-content\\\/uploads\\\/2026\\\/04\\\/Casa-Alquiler-Felanitx-ref-1888-15.jpg&quot;,&quot;alt&quot;:&quot;&quot;},{&quot;id&quot;:89326,&quot;url&quot;:&quot;https:\\\/\\\/novagestioinmobiliaria.com\\\/wp-content\\\/uploads\\\/2026\\\/04\\\/Casa-Alquiler-Felanitx-ref-1888-5.jpg&quot;,&quot;alt&quot;:&quot;&quot;},{&quot;id&quot;:89353,&quot;url&quot;:&quot;https:\\\/\\\/novagestioinmobiliaria.com\\\/wp-content\\\/uploads\\\/2026\\\/04\\\/Casa-Alquiler-Felanitx-ref-1888-14.jpg&quot;,&quot;alt&quot;:&quot;&quot;},{&quot;id&quot;:89323,&quot;url&quot;:&quot;https:\\\/\\\/novagestioinmobiliaria.com\\\/wp-content\\\/uploads\\\/2026\\\/04\\\/Casa-Alquiler-Felanitx-ref-1888-4.jpg&quot;,&quot;alt&quot;:&quot;&quot;},{&quot;id&quot;:89350,&quot;url&quot;:&quot;https:\\\/\\\/novagestioinmobiliaria.com\\\/wp-content\\\/uploads\\\/2026\\\/04\\\/Casa-Alquiler-Felanitx-ref-1888-13.jpg&quot;,&quot;alt&quot;:&quot;&quot;},{&quot;id&quot;:89317,&quot;url&quot;:&quot;https:\\\/\\\/novagestioinmobiliaria.com\\\/wp-content\\\/uploads\\\/2026\\\/04\\\/Casa-Alquiler-Felanitx-ref-1888-2.jpg&quot;,&quot;alt&quot;:&quot;&quot;},{&quot;id&quot;:89347,&quot;url&quot;:&quot;https:\\\/\\\/novagestioinmobiliaria.com\\\/wp-content\\\/uploads\\\/2026\\\/04\\\/Casa-Alquiler-Felanitx-ref-1888-12.jpg&quot;,&quot;alt&quot;:&quot;&quot;},{&quot;id&quot;:89320,&quot;url&quot;:&quot;https:\\\/\\\/novagestioinmobiliaria.com\\\/wp-content\\\/uploads\\\/2026\\\/04\\\/Casa-Alquiler-Felanitx-ref-1888-3.jpg&quot;,&quot;alt&quot;:&quot;&quot;},{&quot;id&quot;:89359,&quot;url&quot;:&quot;https:\\\/\\\/novagestioinmobiliaria.com\\\/wp-content\\\/uploads\\\/2026\\\/04\\\/Casa-Alquiler-Felanitx-ref-1888-16.jpg&quot;,&quot;alt&quot;:&quot;&quot;},{&quot;id&quot;:89332,&quot;url&quot;:&quot;https:\\\/\\\/novagestioinmobiliaria.com\\\/wp-content\\\/uploads\\\/2026\\\/04\\\/Casa-Alquiler-Felanitx-ref-1888-7.jpg&quot;,&quot;alt&quot;:&quot;&quot;}],&quot;attributes&quot;:[{&quot;slug&quot;:&quot;property-type&quot;,&quot;name&quot;:&quot;Tipo propiedad&quot;,&quot;has_archive&quot;:true,&quot;elements&quot;:[{&quot;name&quot;:&quot;Stadth\\u00e4user \\\/ Ebenerdige Wohnungen&quot;,&quot;link&quot;:&quot;https:\\\/\\\/novagestioinmobiliaria.com\\\/de\\\/immobilientyp\\\/stadthaeuser-ebenerdige-wohnungen\\\/&quot;,&quot;slug&quot;:&quot;stadthaeuser-ebenerdige-wohnungen&quot;}],&quot;card&quot;:false,&quot;show&quot;:true,&quot;display_after&quot;:&quot;&quot;,&quot;new_box&quot;:false},{&quot;slug&quot;:&quot;offer-type&quot;,&quot;name&quot;:&quot;Tipo operaci\\u00f3n&quot;,&quot;has_archive&quot;:true,&quot;elements&quot;:[{&quot;name&quot;:&quot;Zu vermieten&quot;,&quot;link&quot;:&quot;https:\\\/\\\/novagestioinmobiliaria.com\\\/de\\\/offer-type\\\/zu-vermieten\\\/&quot;,&quot;slug&quot;:&quot;zu-vermieten&quot;}],&quot;card&quot;:true,&quot;show&quot;:true,&quot;display_after&quot;:&quot;&quot;,&quot;new_box&quot;:false},{&quot;slug&quot;:&quot;city&quot;,&quot;name&quot;:&quot;Zona&quot;,&quot;has_archive&quot;:true,&quot;elements&quot;:[{&quot;name&quot;:&quot;Felanitx&quot;,&quot;link&quot;:&quot;https:\\\/\\\/novagestioinmobiliaria.com\\\/de\\\/city\\\/felanitx-de\\\/&quot;,&quot;slug&quot;:&quot;felanitx-de&quot;}],&quot;card&quot;:false,&quot;show&quot;:true,&quot;display_after&quot;:&quot;&quot;,&quot;new_box&quot;:false},{&quot;slug&quot;:&quot;price&quot;,&quot;name&quot;:&quot;Precio&quot;,&quot;has_archive&quot;:false,&quot;elements&quot;:[{&quot;name&quot;:&quot;1800&quot;,&quot;link&quot;:&quot;&quot;,&quot;slug&quot;:&quot;&quot;}],&quot;show&quot;:false,&quot;card&quot;:false,&quot;display_after&quot;:&quot;\\u20ac&quot;,&quot;new_box&quot;:false},{&quot;slug&quot;:&quot;bedrooms&quot;,&quot;name&quot;:&quot;Habitaciones&quot;,&quot;has_archive&quot;:false,&quot;elements&quot;:[{&quot;name&quot;:&quot;3&quot;,&quot;link&quot;:&quot;&quot;,&quot;slug&quot;:&quot;&quot;}],&quot;show&quot;:true,&quot;card&quot;:true,&quot;display_after&quot;:&quot;&quot;,&quot;new_box&quot;:false},{&quot;slug&quot;:&quot;bathrooms&quot;,&quot;name&quot;:&quot;Ba\\u00f1os&quot;,&quot;has_archive&quot;:false,&quot;elements&quot;:[{&quot;name&quot;:&quot;3&quot;,&quot;link&quot;:&quot;&quot;,&quot;slug&quot;:&quot;&quot;}],&quot;show&quot;:true,&quot;card&quot;:true,&quot;display_after&quot;:&quot;&quot;,&quot;new_box&quot;:false},{&quot;slug&quot;:&quot;property-size&quot;,&quot;name&quot;:&quot;M2&quot;,&quot;has_archive&quot;:false,&quot;elements&quot;:[{&quot;name&quot;:&quot;200&quot;,&quot;link&quot;:&quot;&quot;,&quot;slug&quot;:&quot;&quot;}],&quot;show&quot;:true,&quot;card&quot;:true,&quot;display_after&quot;:&quot;m\\u00b2&quot;,&quot;new_box&quot;:false},{&quot;slug&quot;:&quot;features&quot;,&quot;name&quot;:&quot;Caracter\\u00edsticas&quot;,&quot;has_archive&quot;:true,&quot;elements&quot;:[{&quot;name&quot;:&quot;3 Doppelzimmer&quot;,&quot;link&quot;:&quot;https:\\\/\\\/novagestioinmobiliaria.com\\\/de\\\/eigenschaften\\\/3-doppelzimmer\\\/&quot;,&quot;slug&quot;:&quot;3-doppelzimmer&quot;},{&quot;name&quot;:&quot;Einbauk\\u00fcche&quot;,&quot;link&quot;:&quot;https:\\\/\\\/novagestioinmobiliaria.com\\\/de\\\/eigenschaften\\\/einbaukueche\\\/&quot;,&quot;slug&quot;:&quot;einbaukueche&quot;},{&quot;name&quot;:&quot;Garage&quot;,&quot;link&quot;:&quot;https:\\\/\\\/novagestioinmobiliaria.com\\\/de\\\/eigenschaften\\\/garage-de\\\/&quot;,&quot;slug&quot;:&quot;garage-de&quot;},{&quot;name&quot;:&quot;Haustiere NICHT erlaubt&quot;,&quot;link&quot;:&quot;https:\\\/\\\/novagestioinmobiliaria.com\\\/de\\\/eigenschaften\\\/haustiere-nicht-erlaubt\\\/&quot;,&quot;slug&quot;:&quot;haustiere-nicht-erlaubt&quot;},{&quot;name&quot;:&quot;Innenhof&quot;,&quot;link&quot;:&quot;https:\\\/\\\/novagestioinmobiliaria.com\\\/de\\\/eigenschaften\\\/innenhof\\\/&quot;,&quot;slug&quot;:&quot;innenhof&quot;},{&quot;name&quot;:&quot;Kamin&quot;,&quot;link&quot;:&quot;https:\\\/\\\/novagestioinmobiliaria.com\\\/de\\\/eigenschaften\\\/kamin\\\/&quot;,&quot;slug&quot;:&quot;kamin&quot;},{&quot;name&quot;:&quot;Klimaanlage&quot;,&quot;link&quot;:&quot;https:\\\/\\\/novagestioinmobiliaria.com\\\/de\\\/eigenschaften\\\/klimaanlage\\\/&quot;,&quot;slug&quot;:&quot;klimaanlage&quot;},{&quot;name&quot;:&quot;Langzeitmiete&quot;,&quot;link&quot;:&quot;https:\\\/\\\/novagestioinmobiliaria.com\\\/de\\\/eigenschaften\\\/langzeitmiete\\\/&quot;,&quot;slug&quot;:&quot;langzeitmiete&quot;},{&quot;name&quot;:&quot;M\\u00f6bliert&quot;,&quot;link&quot;:&quot;https:\\\/\\\/novagestioinmobiliaria.com\\\/de\\\/eigenschaften\\\/moebliert\\\/&quot;,&quot;slug&quot;:&quot;moebliert&quot;},{&quot;name&quot;:&quot;Reformiert&quot;,&quot;link&quot;:&quot;https:\\\/\\\/novagestioinmobiliaria.com\\\/de\\\/eigenschaften\\\/reformiert\\\/&quot;,&quot;slug&quot;:&quot;reformiert&quot;},{&quot;name&quot;:&quot;Ruhige Lage&quot;,&quot;link&quot;:&quot;https:\\\/\\\/novagestioinmobiliaria.com\\\/de\\\/eigenschaften\\\/ruhige-lage\\\/&quot;,&quot;slug&quot;:&quot;ruhige-lage&quot;},{&quot;name&quot;:&quot;Terrasse&quot;,&quot;link&quot;:&quot;https:\\\/\\\/novagestioinmobiliaria.com\\\/de\\\/eigenschaften\\\/terrasse\\\/&quot;,&quot;slug&quot;:&quot;terrasse&quot;}],&quot;card&quot;:false,&quot;show&quot;:true,&quot;display_after&quot;:&quot;&quot;,&quot;new_box&quot;:true}],&quot;views&quot;:6,&quot;days_ago&quot;:&quot;1\\u00a0Woche.&quot;,&quot;image_id&quot;:89371,&quot;image_url&quot;:&quot;https:\\\/\\\/novagestioinmobiliaria.com\\\/wp-content\\\/uploads\\\/2026\\\/04\\\/Casa-Alquiler-Felanitx-ref-1888-20.jpg&quot;,&quot;tags&quot;:[{&quot;name&quot;:&quot;Caracter\\u00edsticas&quot;,&quot;elements&quot;:[{&quot;name&quot;:&quot;3 Doppelzimmer&quot;,&quot;link&quot;:&quot;https:\\\/\\\/novagestioinmobiliaria.com\\\/de\\\/eigenschaften\\\/3-doppelzimmer\\\/&quot;},{&quot;name&quot;:&quot;Einbauk\\u00fcche&quot;,&quot;link&quot;:&quot;https:\\\/\\\/novagestioinmobiliaria.com\\\/de\\\/eigenschaften\\\/einbaukueche\\\/&quot;},{&quot;name&quot;:&quot;Garage&quot;,&quot;link&quot;:&quot;https:\\\/\\\/novagestioinmobiliaria.com\\\/de\\\/eigenschaften\\\/garage-de\\\/&quot;},{&quot;name&quot;:&quot;Haustiere NICHT erlaubt&quot;,&quot;link&quot;:&quot;https:\\\/\\\/novagestioinmobiliaria.com\\\/de\\\/eigenschaften\\\/haustiere-nicht-erlaubt\\\/&quot;},{&quot;name&quot;:&quot;Innenhof&quot;,&quot;link&quot;:&quot;https:\\\/\\\/novagestioinmobiliaria.com\\\/de\\\/eigenschaften\\\/innenhof\\\/&quot;},{&quot;name&quot;:&quot;Kamin&quot;,&quot;link&quot;:&quot;https:\\\/\\\/novagestioinmobiliaria.com\\\/de\\\/eigenschaften\\\/kamin\\\/&quot;},{&quot;name&quot;:&quot;Klimaanlage&quot;,&quot;link&quot;:&quot;https:\\\/\\\/novagestioinmobiliaria.com\\\/de\\\/eigenschaften\\\/klimaanlage\\\/&quot;},{&quot;name&quot;:&quot;Langzeitmiete&quot;,&quot;link&quot;:&quot;https:\\\/\\\/novagestioinmobiliaria.com\\\/de\\\/eigenschaften\\\/langzeitmiete\\\/&quot;},{&quot;name&quot;:&quot;M\\u00f6bliert&quot;,&quot;link&quot;:&quot;https:\\\/\\\/novagestioinmobiliaria.com\\\/de\\\/eigenschaften\\\/moebliert\\\/&quot;},{&quot;name&quot;:&quot;Reformiert&quot;,&quot;link&quot;:&quot;https:\\\/\\\/novagestioinmobiliaria.com\\\/de\\\/eigenschaften\\\/reformiert\\\/&quot;},{&quot;name&quot;:&quot;Ruhige Lage&quot;,&quot;link&quot;:&quot;https:\\\/\\\/novagestioinmobiliaria.com\\\/de\\\/eigenschaften\\\/ruhige-lage\\\/&quot;},{&quot;name&quot;:&quot;Terrasse&quot;,&quot;link&quot;:&quot;https:\\\/\\\/novagestioinmobiliaria.com\\\/de\\\/eigenschaften\\\/terrasse\\\/&quot;}],&quot;has_archive&quot;:true}],&quot;status&quot;:&quot;publish&quot;,&quot;plans&quot;:[],&quot;video_plan&quot;:{&quot;src&quot;:&quot;&quot;,&quot;video&quot;:&quot;&quot;},&quot;virtual_tour&quot;:null,&quot;state&quot;:&quot;&quot;,&quot;labels&quot;:[],&quot;image&quot;:&quot;https:\\\/\\\/novagestioinmobiliaria.com\\\/wp-content\\\/uploads\\\/2026\\\/04\\\/Casa-Alquiler-Felanitx-ref-1888-20-400x250.jpg&quot;,&quot;image_srcset&quot;:&quot;https:\\\/\\\/novagestioinmobiliaria.com\\\/wp-content\\\/uploads\\\/2026\\\/04\\\/Casa-Alquiler-Felanitx-ref-1888-20-200x125.jpg 200w, https:\\\/\\\/novagestioinmobiliaria.com\\\/wp-content\\\/uploads\\\/2026\\\/04\\\/Casa-Alquiler-Felanitx-ref-1888-20-1200x750.jpg 1200w, https:\\\/\\\/novagestioinmobiliaria.com\\\/wp-content\\\/uploads\\\/2026\\\/04\\\/Casa-Alquiler-Felanitx-ref-1888-20-800x500.jpg 800w, https:\\\/\\\/novagestioinmobiliaria.com\\\/wp-content\\\/uploads\\\/2026\\\/04\\\/Casa-Alquiler-Felanitx-ref-1888-20-600x375.jpg 600w, https:\\\/\\\/novagestioinmobiliaria.com\\\/wp-content\\\/uploads\\\/2026\\\/04\\\/Casa-Alquiler-Felanitx-ref-1888-20-400x250.jpg 400w&quot;}'>\r\n\t\t\t\t\t\t\t\t\t\t\t\t\t<\/compare-button>\r\n\t\t\t\t\t\t\t\t\t\t\t\t<\/div>\r\n\t\t\t\t\t\t\t\t\t\t\t\t<div class=\"mh-estate-vertical__buttons__single\">\r\n\t\t\t\t\t\t\t\t\t\t\t\t\t<a href=\"https:\/\/novagestioinmobiliaria.com\/de\/propiedades-properties-immobilien\/mallorquinisches-haus-in-felanitx-zu-vermieten-ca1888fe-ade\/\"\r\n\t\t\t\t\t\t\t\t\t\t\t\t\t   title=\"Mallorquinisches Haus in Felanitx zu vermieten : : CA1888FE-ADE\"\r\n\t\t\t\t\t\t\t\t\t\t\t\t\t   class=\"mdl-button mdl-js-button mdl-button--raised mdl-js-ripple-effect mdl-button--primary-ghost\">\r\n\t\t\t\t\t\t\t\t\t\t\t\t\t\tDetails\t\t\t\t\t\t\t\t\t\t\t\t\t\t<span class=\"mdl-button__icon-right\"><i class=\"fa fa-angle-right\"><\/i><\/span>\r\n\t\t\t\t\t\t\t\t\t\t\t\t\t<\/a>\r\n\t\t\t\t\t\t\t\t\t\t\t\t<\/div>\r\n\t\t\t\t\t\t\t\t\t\t\t<\/div>\r\n\t\t\t\t\t\t\t\t\t\t<\/div>\r\n\t\t\t\t\t\t\t\t\t<\/div>\r\n\t\t\t\t\t\t\t\t<\/div>\r\n\t\t\t\t\t\t\t<\/div>\r\n\t\t\t\t\t\t<\/article>\r\n\t\t\t\t\t<\/div>\r\n\t\t\t\t\r\n\t\t\t\t\t<div class=\"item\">\r\n\t\t\t\t\t\t<article class=\"mh-estate-vertical mh-estate-vertical--white  mh-attribute-property-type__wohnungen-apartments mh-attribute-offer-type__zu-vermieten mh-attribute-city__cala-mendia-de mh-attribute-features__garage-de mh-attribute-features__gemeinschaftspool mh-attribute-features__moebliert mh-attribute-features__strand-in-der-nahe-de\">\r\n\t\t\t\t\t\t\t<a href=\"https:\/\/novagestioinmobiliaria.com\/de\/propiedades-properties-immobilien\/wohnung-zu-vermieten-in-cala-mendia-pi1326can-ade\/\"\r\n\t\t\t\t\t\t\t   title=\"Wohnung zu vermieten in Cala Mend\u00eda : : PI1326CAN-ADE\"\r\n\t\t\t\t\t\t\t   class=\"mh-thumbnail\">\r\n                        <span class=\"mh-thumbnail__inner\">\r\n                                    <img\r\n                    data-srcset=\"https:\/\/novagestioinmobiliaria.com\/wp-content\/uploads\/2026\/04\/Apartamento-en-alquiler-en-Cala-Mendia-ref-1327-4-200x125.jpg 200w, https:\/\/novagestioinmobiliaria.com\/wp-content\/uploads\/2026\/04\/Apartamento-en-alquiler-en-Cala-Mendia-ref-1327-4-800x500.jpg 800w, https:\/\/novagestioinmobiliaria.com\/wp-content\/uploads\/2026\/04\/Apartamento-en-alquiler-en-Cala-Mendia-ref-1327-4-600x375.jpg 600w, https:\/\/novagestioinmobiliaria.com\/wp-content\/uploads\/2026\/04\/Apartamento-en-alquiler-en-Cala-Mendia-ref-1327-4-400x250.jpg 400w\"\r\n                    class=\"lazyload \" alt=\"Wohnung zu vermieten in Cala Mend\u00eda : : PI1326CAN-ADE\"\r\n                    data-sizes=\"auto\"\r\n            >\r\n\t\t\t                        <\/span>\r\n\r\n\t\t\t\t\t\t\t\t\t\t\t\t\t\t\t\t\t<div class=\"mh-caption\">\r\n\t\t\t\t\t\t\t\t\t\t<div class=\"mh-caption__inner\">\r\n\t\t\t\t\t\t\t\t\t\t\tZu vermieten\t\t\t\t\t\t\t\t\t\t<\/div>\r\n\t\t\t\t\t\t\t\t\t<\/div>\r\n\t\t\t\t\t\t\t\t\t\r\n\t\t\t\t\t\t\t\t<div class=\"mh-estate-vertical__text\">\r\n\t\t\t\t\t\t\t\t\t<div class=\"mh-estate-vertical__text__inner\">\r\n\t\t\t\t\t\t\t\t\t\tCharmante Wohnung zu vermieten in Cala Mend\u00eda. Zu vermieten ist eine ca. 46 m\u00b2 gro\u00dfe Wohnung, bestehend aus 1 Doppelzimmer...\t\t\t\t\t\t\t\t\t<\/div>\r\n\t\t\t\t\t\t\t\t<\/div>\r\n\t\t\t\t\t\t\t<\/a>\r\n\r\n\t\t\t\t\t\t\t<div class=\"mh-estate-vertical__content\">\r\n\t\t\t\t\t\t\t\t<h3 class=\"mh-estate-vertical__heading\">\r\n\t\t\t\t\t\t\t\t\t<a href=\"https:\/\/novagestioinmobiliaria.com\/de\/propiedades-properties-immobilien\/wohnung-zu-vermieten-in-cala-mendia-pi1326can-ade\/\"\r\n\t\t\t\t\t\t\t\t\t   title=\"Wohnung zu vermieten in Cala Mend\u00eda : : PI1326CAN-ADE\">\r\n\t\t\t\t\t\t\t\t\t\tWohnung zu vermieten in Cala Mend\u00eda : : PI1326CAN-ADE\t\t\t\t\t\t\t\t\t<\/a>\r\n\t\t\t\t\t\t\t\t<\/h3>\r\n\t\t\t\t\t\t\t\t<address class=\"mh-estate-vertical__subheading\">\r\n\t\t\t\t\t\t\t\t\tC\t\t\t\t\t\t\t\t<\/address>\r\n\t\t\t\t\t\t\t\t<div class=\"mh-estate-vertical__primary\">\r\n\t\t\t\t\t\t\t\t\t850 \u20ac\t\t\t\t\t\t\t\t<\/div>\r\n\r\n\t\t\t\t\t\t\t\t<div>\r\n\t\t\t\t\t\t\t\t\t<div class=\"mh-estate__list\">\r\n\t\t\t\t\t\t\t\t\t\t\r\n\t\t\t\t\t\t\t\t\t\t\t<span class=\"mh-estate-vertical__more-info mh-estate_attribute-offer-type\">\r\n                                        <strong>Tipo operaci\u00f3n:<\/strong>\r\n\t\t\t\t\t\t\t\t\t\t\t\t\t\t\t\t\t\t\t\t\t\t\t\t\t\tZu vermieten\t\t\t\t\t\t\t\t\t\t\t\t\t\t                                    <\/span>\r\n\r\n\t\t\t\t\t\t\t\t\t\t\r\n\t\t\t\t\t\t\t\t\t\t\t<span class=\"mh-estate-vertical__more-info mh-estate_attribute-bedrooms\">\r\n                                        <strong>Habitaciones:<\/strong>\r\n\t\t\t\t\t\t\t\t\t\t\t\t1                                    <\/span>\r\n\r\n\t\t\t\t\t\t\t\t\t\t\r\n\t\t\t\t\t\t\t\t\t\t\t<span class=\"mh-estate-vertical__more-info mh-estate_attribute-bathrooms\">\r\n                                        <strong>Ba\u00f1os:<\/strong>\r\n\t\t\t\t\t\t\t\t\t\t\t\t1                                    <\/span>\r\n\r\n\t\t\t\t\t\t\t\t\t\t\r\n\t\t\t\t\t\t\t\t\t\t\t<span class=\"mh-estate-vertical__more-info mh-estate_attribute-property-size\">\r\n                                        <strong>M2:<\/strong>\r\n\t\t\t\t\t\t\t\t\t\t\t\t46 m\u00b2                                    <\/span>\r\n\r\n\t\t\t\t\t\t\t\t\t\t\t\t\t\t\t\t\t\t\t<\/div>\r\n\t\t\t\t\t\t\t\t<\/div>\r\n\r\n\t\t\t\t\t\t\t\t<div class=\"mh-estate-vertical__bottom\">\r\n\t\t\t\t\t\t\t\t\t<div class=\"mh-estate-vertical__bottom__inner\">\r\n\t\t\t\t\t\t\t\t\t\t<div class=\"mh-estate-vertical__date\">\r\n\t\t\t\t\t\t\t\t\t\t\t3\u00a0Wochen.\t\t\t\t\t\t\t\t\t\t<\/div>\r\n\t\t\t\t\t\t\t\t\t\t<div class=\"mh-estate-vertical__buttons-wrapper\">\r\n\t\t\t\t\t\t\t\t\t\t\t<div class=\"mh-estate-vertical__buttons\">\r\n\t\t\t\t\t\t\t\t\t\t\t\t<div class=\"mh-estate-vertical__buttons__single\">\r\n\t\t\t\t\t\t\t\t\t\t\t\t\t<compare-button class=\"myhome-compare\"\r\n\t\t\t\t\t\t\t\t\t\t\t\t\t\t\t\t\t:translations='{&quot;added&quot;:&quot;Zus\\u00e4tzlich&quot;,&quot;compare&quot;:&quot;Vergleichen&quot;}'\r\n\t\t\t\t\t\t\t\t\t\t\t\t\t\t\t\t\t:estate='{&quot;short_excerpt_limit&quot;:125,&quot;long_excerpt_limit&quot;:160,&quot;id&quot;:88894,&quot;agent_id&quot;:&quot;26&quot;,&quot;title&quot;:&quot;Wohnung zu vermieten in Cala Mend\\u00eda : : PI1326CAN-ADE&quot;,&quot;content&quot;:&quot;Charmante Wohnung zu vermieten in Cala Mend\\u00eda.\\r\\nZu vermieten ist eine ca. 46 m\\u00b2 gro\\u00dfe Wohnung, bestehend aus 1 Doppelzimmer mit Einbauschrank, Wohnzimmer, m\\u00f6blierter K\\u00fcche und Waschmaschine im Waschbereich. Es verf\\u00fcgt \\u00fcber ein k\\u00fcrzlich renoviertes Badezimmer mit gro\\u00dfer Dusche. Au\\u00dferdem gibt es eine private Terrasse von ca. 15 m\\u00b2 und einen Au\\u00dfenparkplatz f\\u00fcr ein Fahrzeug.\\r\\nDar\\u00fcber hinaus verf\\u00fcgt die Anlage \\u00fcber einen Gemeinschaftspool.\\r\\nDie Fotos dienen als Referenz und zeigen eine \\u00e4hnliche Wohnung; das beworbene Objekt kann Unterschiede aufweisen.\\r\\nMIETBEDINGUNGEN:\\r\\n- Maximal 2 Personen.\\r\\n- Langzeitmiete.\\r\\n- 1 Monatsmiete Kaution und 1 Monatsmiete Garantie.\\r\\n- Stromkosten und M\\u00fcllabfuhrgeb\\u00fchren sind nicht im Preis inbegriffen.\\r\\n- Wasserkosten, Poolwartung und Gemeinschaftskosten sind im Preis enthalten.\\r\\n- Haustiere sind unter speziellen Bedingungen erlaubt.\\r\\n- Der Abschluss einer Mietausfallversicherung ist obligatorisch.\\r\\n- Weitere Kosten bei der Agentur zu erfragen.\\r\\nNova Gesti\\u00f3 Inmobiliaria - Ihre Immobilienagentur in Cala Mend\\u00eda&quot;,&quot;excerpt&quot;:&quot;Charmante Wohnung zu vermieten in Cala Mend\\u00eda. Zu vermieten ist eine ca. 46 m\\u00b2 gro\\u00dfe Wohnung, bestehend aus 1 Doppelzimmer mit Einbauschrank, Wohnzimmer, m\\u00f6blierter K\\u00fcche und Waschmaschine im Waschbereich. Es verf\\u00fcgt \\u00fcber ein k\\u00fcrzlich renoviertes Badezimmer mit gro\\u00dfer Dusche. Au\\u00dferdem gibt es eine private Terrasse von ca. 15 m\\u00b2 und einen Au\\u00dfenparkplatz f\\u00fcr ein Fahrzeug. [\\u2026]&quot;,&quot;short_excerpt&quot;:&quot;Charmante Wohnung zu vermieten in Cala Mend\\u00eda.\\r\\nZu vermieten ist eine ca. 46 m\\u00b2 gro\\u00dfe Wohnung, bestehend aus 1 Doppelzimme...&quot;,&quot;long_excerpt&quot;:&quot;Charmante Wohnung zu vermieten in Cala Mend\\u00eda.\\r\\nZu vermieten ist eine ca. 46 m\\u00b2 gro\\u00dfe Wohnung, bestehend aus 1 Doppelzimmer mit Einbauschrank, Wohnzimmer, m\\u00f6...&quot;,&quot;link&quot;:&quot;https:\\\/\\\/novagestioinmobiliaria.com\\\/de\\\/propiedades-properties-immobilien\\\/wohnung-zu-vermieten-in-cala-mendia-pi1326can-ade\\\/&quot;,&quot;offer_type&quot;:&quot;Zu vermieten&quot;,&quot;price&quot;:&quot;850 \\u20ac&quot;,&quot;location&quot;:&quot;C&quot;,&quot;is_featured&quot;:true,&quot;gallery&quot;:[{&quot;id&quot;:88892,&quot;url&quot;:&quot;https:\\\/\\\/novagestioinmobiliaria.com\\\/wp-content\\\/uploads\\\/2026\\\/04\\\/Apartamento-en-alquiler-en-Cala-Mendia-ref-1327-12.jpg&quot;,&quot;alt&quot;:&quot;&quot;},{&quot;id&quot;:88889,&quot;url&quot;:&quot;https:\\\/\\\/novagestioinmobiliaria.com\\\/wp-content\\\/uploads\\\/2026\\\/04\\\/Apartamento-en-alquiler-en-Cala-Mendia-ref-1327-11.jpg&quot;,&quot;alt&quot;:&quot;&quot;},{&quot;id&quot;:88886,&quot;url&quot;:&quot;https:\\\/\\\/novagestioinmobiliaria.com\\\/wp-content\\\/uploads\\\/2026\\\/04\\\/Apartamento-en-alquiler-en-Cala-Mendia-ref-1327-10.jpg&quot;,&quot;alt&quot;:&quot;&quot;},{&quot;id&quot;:88883,&quot;url&quot;:&quot;https:\\\/\\\/novagestioinmobiliaria.com\\\/wp-content\\\/uploads\\\/2026\\\/04\\\/Apartamento-en-alquiler-en-Cala-Mendia-ref-1327-9.jpg&quot;,&quot;alt&quot;:&quot;&quot;},{&quot;id&quot;:88880,&quot;url&quot;:&quot;https:\\\/\\\/novagestioinmobiliaria.com\\\/wp-content\\\/uploads\\\/2026\\\/04\\\/Apartamento-en-alquiler-en-Cala-Mendia-ref-1327-8.jpg&quot;,&quot;alt&quot;:&quot;&quot;},{&quot;id&quot;:88877,&quot;url&quot;:&quot;https:\\\/\\\/novagestioinmobiliaria.com\\\/wp-content\\\/uploads\\\/2026\\\/04\\\/Apartamento-en-alquiler-en-Cala-Mendia-ref-1327-7.jpg&quot;,&quot;alt&quot;:&quot;&quot;},{&quot;id&quot;:88874,&quot;url&quot;:&quot;https:\\\/\\\/novagestioinmobiliaria.com\\\/wp-content\\\/uploads\\\/2026\\\/04\\\/Apartamento-en-alquiler-en-Cala-Mendia-ref-1327-6.jpg&quot;,&quot;alt&quot;:&quot;&quot;},{&quot;id&quot;:88871,&quot;url&quot;:&quot;https:\\\/\\\/novagestioinmobiliaria.com\\\/wp-content\\\/uploads\\\/2026\\\/04\\\/Apartamento-en-alquiler-en-Cala-Mendia-ref-1327-5.jpg&quot;,&quot;alt&quot;:&quot;&quot;},{&quot;id&quot;:88868,&quot;url&quot;:&quot;https:\\\/\\\/novagestioinmobiliaria.com\\\/wp-content\\\/uploads\\\/2026\\\/04\\\/Apartamento-en-alquiler-en-Cala-Mendia-ref-1327-4.jpg&quot;,&quot;alt&quot;:&quot;&quot;},{&quot;id&quot;:88865,&quot;url&quot;:&quot;https:\\\/\\\/novagestioinmobiliaria.com\\\/wp-content\\\/uploads\\\/2026\\\/04\\\/Apartamento-en-alquiler-en-Cala-Mendia-ref-1327-3.jpg&quot;,&quot;alt&quot;:&quot;&quot;},{&quot;id&quot;:88862,&quot;url&quot;:&quot;https:\\\/\\\/novagestioinmobiliaria.com\\\/wp-content\\\/uploads\\\/2026\\\/04\\\/Apartamento-en-alquiler-en-Cala-Mendia-ref-1327-2.jpg&quot;,&quot;alt&quot;:&quot;&quot;},{&quot;id&quot;:88859,&quot;url&quot;:&quot;https:\\\/\\\/novagestioinmobiliaria.com\\\/wp-content\\\/uploads\\\/2026\\\/04\\\/Apartamento-en-alquiler-en-Cala-Mendia-ref-1327-1.jpg&quot;,&quot;alt&quot;:&quot;&quot;}],&quot;attributes&quot;:[{&quot;slug&quot;:&quot;property-type&quot;,&quot;name&quot;:&quot;Tipo propiedad&quot;,&quot;has_archive&quot;:true,&quot;elements&quot;:[{&quot;name&quot;:&quot;Wohnungen \\\/ Apartments&quot;,&quot;link&quot;:&quot;https:\\\/\\\/novagestioinmobiliaria.com\\\/de\\\/immobilientyp\\\/wohnungen-apartments\\\/&quot;,&quot;slug&quot;:&quot;wohnungen-apartments&quot;}],&quot;card&quot;:false,&quot;show&quot;:true,&quot;display_after&quot;:&quot;&quot;,&quot;new_box&quot;:false},{&quot;slug&quot;:&quot;offer-type&quot;,&quot;name&quot;:&quot;Tipo operaci\\u00f3n&quot;,&quot;has_archive&quot;:true,&quot;elements&quot;:[{&quot;name&quot;:&quot;Zu vermieten&quot;,&quot;link&quot;:&quot;https:\\\/\\\/novagestioinmobiliaria.com\\\/de\\\/offer-type\\\/zu-vermieten\\\/&quot;,&quot;slug&quot;:&quot;zu-vermieten&quot;}],&quot;card&quot;:true,&quot;show&quot;:true,&quot;display_after&quot;:&quot;&quot;,&quot;new_box&quot;:false},{&quot;slug&quot;:&quot;city&quot;,&quot;name&quot;:&quot;Zona&quot;,&quot;has_archive&quot;:true,&quot;elements&quot;:[{&quot;name&quot;:&quot;Cala Mendia&quot;,&quot;link&quot;:&quot;https:\\\/\\\/novagestioinmobiliaria.com\\\/de\\\/city\\\/cala-mendia-de\\\/&quot;,&quot;slug&quot;:&quot;cala-mendia-de&quot;}],&quot;card&quot;:false,&quot;show&quot;:true,&quot;display_after&quot;:&quot;&quot;,&quot;new_box&quot;:false},{&quot;slug&quot;:&quot;price&quot;,&quot;name&quot;:&quot;Precio&quot;,&quot;has_archive&quot;:false,&quot;elements&quot;:[{&quot;name&quot;:&quot;850&quot;,&quot;link&quot;:&quot;&quot;,&quot;slug&quot;:&quot;&quot;}],&quot;show&quot;:false,&quot;card&quot;:false,&quot;display_after&quot;:&quot;\\u20ac&quot;,&quot;new_box&quot;:false},{&quot;slug&quot;:&quot;bedrooms&quot;,&quot;name&quot;:&quot;Habitaciones&quot;,&quot;has_archive&quot;:false,&quot;elements&quot;:[{&quot;name&quot;:&quot;1&quot;,&quot;link&quot;:&quot;&quot;,&quot;slug&quot;:&quot;&quot;}],&quot;show&quot;:true,&quot;card&quot;:true,&quot;display_after&quot;:&quot;&quot;,&quot;new_box&quot;:false},{&quot;slug&quot;:&quot;bathrooms&quot;,&quot;name&quot;:&quot;Ba\\u00f1os&quot;,&quot;has_archive&quot;:false,&quot;elements&quot;:[{&quot;name&quot;:&quot;1&quot;,&quot;link&quot;:&quot;&quot;,&quot;slug&quot;:&quot;&quot;}],&quot;show&quot;:true,&quot;card&quot;:true,&quot;display_after&quot;:&quot;&quot;,&quot;new_box&quot;:false},{&quot;slug&quot;:&quot;property-size&quot;,&quot;name&quot;:&quot;M2&quot;,&quot;has_archive&quot;:false,&quot;elements&quot;:[{&quot;name&quot;:&quot;46&quot;,&quot;link&quot;:&quot;&quot;,&quot;slug&quot;:&quot;&quot;}],&quot;show&quot;:true,&quot;card&quot;:true,&quot;display_after&quot;:&quot;m\\u00b2&quot;,&quot;new_box&quot;:false},{&quot;slug&quot;:&quot;features&quot;,&quot;name&quot;:&quot;Caracter\\u00edsticas&quot;,&quot;has_archive&quot;:true,&quot;elements&quot;:[{&quot;name&quot;:&quot;Garage&quot;,&quot;link&quot;:&quot;https:\\\/\\\/novagestioinmobiliaria.com\\\/de\\\/eigenschaften\\\/garage-de\\\/&quot;,&quot;slug&quot;:&quot;garage-de&quot;},{&quot;name&quot;:&quot;Gemeinschaftspool&quot;,&quot;link&quot;:&quot;https:\\\/\\\/novagestioinmobiliaria.com\\\/de\\\/eigenschaften\\\/gemeinschaftspool\\\/&quot;,&quot;slug&quot;:&quot;gemeinschaftspool&quot;},{&quot;name&quot;:&quot;M\\u00f6bliert&quot;,&quot;link&quot;:&quot;https:\\\/\\\/novagestioinmobiliaria.com\\\/de\\\/eigenschaften\\\/moebliert\\\/&quot;,&quot;slug&quot;:&quot;moebliert&quot;},{&quot;name&quot;:&quot;Strand in der N\\u00e4he&quot;,&quot;link&quot;:&quot;https:\\\/\\\/novagestioinmobiliaria.com\\\/de\\\/eigenschaften\\\/strand-in-der-nahe-de\\\/&quot;,&quot;slug&quot;:&quot;strand-in-der-nahe-de&quot;}],&quot;card&quot;:false,&quot;show&quot;:true,&quot;display_after&quot;:&quot;&quot;,&quot;new_box&quot;:true}],&quot;views&quot;:8,&quot;days_ago&quot;:&quot;3\\u00a0Wochen.&quot;,&quot;image_id&quot;:88868,&quot;image_url&quot;:&quot;https:\\\/\\\/novagestioinmobiliaria.com\\\/wp-content\\\/uploads\\\/2026\\\/04\\\/Apartamento-en-alquiler-en-Cala-Mendia-ref-1327-4.jpg&quot;,&quot;tags&quot;:[{&quot;name&quot;:&quot;Caracter\\u00edsticas&quot;,&quot;elements&quot;:[{&quot;name&quot;:&quot;Garage&quot;,&quot;link&quot;:&quot;https:\\\/\\\/novagestioinmobiliaria.com\\\/de\\\/eigenschaften\\\/garage-de\\\/&quot;},{&quot;name&quot;:&quot;Gemeinschaftspool&quot;,&quot;link&quot;:&quot;https:\\\/\\\/novagestioinmobiliaria.com\\\/de\\\/eigenschaften\\\/gemeinschaftspool\\\/&quot;},{&quot;name&quot;:&quot;M\\u00f6bliert&quot;,&quot;link&quot;:&quot;https:\\\/\\\/novagestioinmobiliaria.com\\\/de\\\/eigenschaften\\\/moebliert\\\/&quot;},{&quot;name&quot;:&quot;Strand in der N\\u00e4he&quot;,&quot;link&quot;:&quot;https:\\\/\\\/novagestioinmobiliaria.com\\\/de\\\/eigenschaften\\\/strand-in-der-nahe-de\\\/&quot;}],&quot;has_archive&quot;:true}],&quot;status&quot;:&quot;publish&quot;,&quot;plans&quot;:[],&quot;video_plan&quot;:{&quot;src&quot;:&quot;&quot;,&quot;video&quot;:&quot;&quot;},&quot;virtual_tour&quot;:null,&quot;state&quot;:&quot;&quot;,&quot;labels&quot;:[],&quot;image&quot;:&quot;https:\\\/\\\/novagestioinmobiliaria.com\\\/wp-content\\\/uploads\\\/2026\\\/04\\\/Apartamento-en-alquiler-en-Cala-Mendia-ref-1327-4-400x250.jpg&quot;,&quot;image_srcset&quot;:&quot;https:\\\/\\\/novagestioinmobiliaria.com\\\/wp-content\\\/uploads\\\/2026\\\/04\\\/Apartamento-en-alquiler-en-Cala-Mendia-ref-1327-4-200x125.jpg 200w, https:\\\/\\\/novagestioinmobiliaria.com\\\/wp-content\\\/uploads\\\/2026\\\/04\\\/Apartamento-en-alquiler-en-Cala-Mendia-ref-1327-4-800x500.jpg 800w, https:\\\/\\\/novagestioinmobiliaria.com\\\/wp-content\\\/uploads\\\/2026\\\/04\\\/Apartamento-en-alquiler-en-Cala-Mendia-ref-1327-4-600x375.jpg 600w, https:\\\/\\\/novagestioinmobiliaria.com\\\/wp-content\\\/uploads\\\/2026\\\/04\\\/Apartamento-en-alquiler-en-Cala-Mendia-ref-1327-4-400x250.jpg 400w&quot;}'>\r\n\t\t\t\t\t\t\t\t\t\t\t\t\t<\/compare-button>\r\n\t\t\t\t\t\t\t\t\t\t\t\t<\/div>\r\n\t\t\t\t\t\t\t\t\t\t\t\t<div class=\"mh-estate-vertical__buttons__single\">\r\n\t\t\t\t\t\t\t\t\t\t\t\t\t<a href=\"https:\/\/novagestioinmobiliaria.com\/de\/propiedades-properties-immobilien\/wohnung-zu-vermieten-in-cala-mendia-pi1326can-ade\/\"\r\n\t\t\t\t\t\t\t\t\t\t\t\t\t   title=\"Wohnung zu vermieten in Cala Mend\u00eda : : PI1326CAN-ADE\"\r\n\t\t\t\t\t\t\t\t\t\t\t\t\t   class=\"mdl-button mdl-js-button mdl-button--raised mdl-js-ripple-effect mdl-button--primary-ghost\">\r\n\t\t\t\t\t\t\t\t\t\t\t\t\t\tDetails\t\t\t\t\t\t\t\t\t\t\t\t\t\t<span class=\"mdl-button__icon-right\"><i class=\"fa fa-angle-right\"><\/i><\/span>\r\n\t\t\t\t\t\t\t\t\t\t\t\t\t<\/a>\r\n\t\t\t\t\t\t\t\t\t\t\t\t<\/div>\r\n\t\t\t\t\t\t\t\t\t\t\t<\/div>\r\n\t\t\t\t\t\t\t\t\t\t<\/div>\r\n\t\t\t\t\t\t\t\t\t<\/div>\r\n\t\t\t\t\t\t\t\t<\/div>\r\n\t\t\t\t\t\t\t<\/div>\r\n\t\t\t\t\t\t<\/article>\r\n\t\t\t\t\t<\/div>\r\n\t\t\t\t\r\n\t\t\t\t\t<div class=\"item\">\r\n\t\t\t\t\t\t<article class=\"mh-estate-vertical mh-estate-vertical--white  mh-attribute-property-type__villen-chalets mh-attribute-offer-type__zu-vermieten mh-attribute-city__cala-mendia mh-attribute-features__3-schlafzimmer mh-attribute-features__auto-stellplatz mh-attribute-features__balkon mh-attribute-features__haustiere-erlaubt mh-attribute-features__klimaanlage mh-attribute-features__langzeitmiete mh-attribute-features__meerblick mh-attribute-features__moebliert mh-attribute-features__privatpool mh-attribute-features__ruhige-lage mh-attribute-features__terrasse\">\r\n\t\t\t\t\t\t\t<a href=\"https:\/\/novagestioinmobiliaria.com\/de\/propiedades-properties-immobilien\/duplex-in-1-meereslinie-zur-miete-in-cala-mendia-ch1882cma-ade\/\"\r\n\t\t\t\t\t\t\t   title=\"Duplex in 1. Meereslinie zur Miete in Cala Mend\u00eda : : CH1882CMA-ADE\"\r\n\t\t\t\t\t\t\t   class=\"mh-thumbnail\">\r\n                        <span class=\"mh-thumbnail__inner\">\r\n                                    <img\r\n                    data-srcset=\"https:\/\/novagestioinmobiliaria.com\/wp-content\/uploads\/2026\/04\/Chale-Adosado-Cala-Mendia-ref-1882-14-200x125.jpg 200w, https:\/\/novagestioinmobiliaria.com\/wp-content\/uploads\/2026\/04\/Chale-Adosado-Cala-Mendia-ref-1882-14-1200x750.jpg 1200w, https:\/\/novagestioinmobiliaria.com\/wp-content\/uploads\/2026\/04\/Chale-Adosado-Cala-Mendia-ref-1882-14-800x500.jpg 800w, https:\/\/novagestioinmobiliaria.com\/wp-content\/uploads\/2026\/04\/Chale-Adosado-Cala-Mendia-ref-1882-14-600x375.jpg 600w, https:\/\/novagestioinmobiliaria.com\/wp-content\/uploads\/2026\/04\/Chale-Adosado-Cala-Mendia-ref-1882-14-400x250.jpg 400w\"\r\n                    class=\"lazyload \" alt=\"Duplex in 1. Meereslinie zur Miete in Cala Mend\u00eda : : CH1882CMA-ADE\"\r\n                    data-sizes=\"auto\"\r\n            >\r\n\t\t\t                        <\/span>\r\n\r\n\t\t\t\t\t\t\t\t\t\t\t\t\t\t\t\t\t<div class=\"mh-caption\">\r\n\t\t\t\t\t\t\t\t\t\t<div class=\"mh-caption__inner\">\r\n\t\t\t\t\t\t\t\t\t\t\tZu vermieten\t\t\t\t\t\t\t\t\t\t<\/div>\r\n\t\t\t\t\t\t\t\t\t<\/div>\r\n\t\t\t\t\t\t\t\t\t\r\n\t\t\t\t\t\t\t\t<div class=\"mh-estate-vertical__text\">\r\n\t\t\t\t\t\t\t\t\t<div class=\"mh-estate-vertical__text__inner\">\r\n\t\t\t\t\t\t\t\t\t\tWundervolles Duplex mit atemberaubendem Blick auf das Meer und privatem Pool, nur wenige Meter vom Strand Cala Mend\u00eda entfernt. Dieses...\t\t\t\t\t\t\t\t\t<\/div>\r\n\t\t\t\t\t\t\t\t<\/div>\r\n\t\t\t\t\t\t\t<\/a>\r\n\r\n\t\t\t\t\t\t\t<div class=\"mh-estate-vertical__content\">\r\n\t\t\t\t\t\t\t\t<h3 class=\"mh-estate-vertical__heading\">\r\n\t\t\t\t\t\t\t\t\t<a href=\"https:\/\/novagestioinmobiliaria.com\/de\/propiedades-properties-immobilien\/duplex-in-1-meereslinie-zur-miete-in-cala-mendia-ch1882cma-ade\/\"\r\n\t\t\t\t\t\t\t\t\t   title=\"Duplex in 1. Meereslinie zur Miete in Cala Mend\u00eda : : CH1882CMA-ADE\">\r\n\t\t\t\t\t\t\t\t\t\tDuplex in 1. Meereslinie zur Miete in Cala Mend\u00eda : : CH1882CMA-ADE\t\t\t\t\t\t\t\t\t<\/a>\r\n\t\t\t\t\t\t\t\t<\/h3>\r\n\t\t\t\t\t\t\t\t<address class=\"mh-estate-vertical__subheading\">\r\n\t\t\t\t\t\t\t\t\tC\t\t\t\t\t\t\t\t<\/address>\r\n\t\t\t\t\t\t\t\t<div class=\"mh-estate-vertical__primary\">\r\n\t\t\t\t\t\t\t\t\t2.750 \u20ac\t\t\t\t\t\t\t\t<\/div>\r\n\r\n\t\t\t\t\t\t\t\t<div>\r\n\t\t\t\t\t\t\t\t\t<div class=\"mh-estate__list\">\r\n\t\t\t\t\t\t\t\t\t\t\r\n\t\t\t\t\t\t\t\t\t\t\t<span class=\"mh-estate-vertical__more-info mh-estate_attribute-offer-type\">\r\n                                        <strong>Tipo operaci\u00f3n:<\/strong>\r\n\t\t\t\t\t\t\t\t\t\t\t\t\t\t\t\t\t\t\t\t\t\t\t\t\t\tZu vermieten\t\t\t\t\t\t\t\t\t\t\t\t\t\t                                    <\/span>\r\n\r\n\t\t\t\t\t\t\t\t\t\t\r\n\t\t\t\t\t\t\t\t\t\t\t<span class=\"mh-estate-vertical__more-info mh-estate_attribute-bedrooms\">\r\n                                        <strong>Habitaciones:<\/strong>\r\n\t\t\t\t\t\t\t\t\t\t\t\t3                                    <\/span>\r\n\r\n\t\t\t\t\t\t\t\t\t\t\r\n\t\t\t\t\t\t\t\t\t\t\t<span class=\"mh-estate-vertical__more-info mh-estate_attribute-bathrooms\">\r\n                                        <strong>Ba\u00f1os:<\/strong>\r\n\t\t\t\t\t\t\t\t\t\t\t\t2                                    <\/span>\r\n\r\n\t\t\t\t\t\t\t\t\t\t\r\n\t\t\t\t\t\t\t\t\t\t\t<span class=\"mh-estate-vertical__more-info mh-estate_attribute-property-size\">\r\n                                        <strong>M2:<\/strong>\r\n\t\t\t\t\t\t\t\t\t\t\t\t145 m\u00b2                                    <\/span>\r\n\r\n\t\t\t\t\t\t\t\t\t\t\t\t\t\t\t\t\t\t\t<\/div>\r\n\t\t\t\t\t\t\t\t<\/div>\r\n\r\n\t\t\t\t\t\t\t\t<div class=\"mh-estate-vertical__bottom\">\r\n\t\t\t\t\t\t\t\t\t<div class=\"mh-estate-vertical__bottom__inner\">\r\n\t\t\t\t\t\t\t\t\t\t<div class=\"mh-estate-vertical__date\">\r\n\t\t\t\t\t\t\t\t\t\t\t3\u00a0Wochen.\t\t\t\t\t\t\t\t\t\t<\/div>\r\n\t\t\t\t\t\t\t\t\t\t<div class=\"mh-estate-vertical__buttons-wrapper\">\r\n\t\t\t\t\t\t\t\t\t\t\t<div class=\"mh-estate-vertical__buttons\">\r\n\t\t\t\t\t\t\t\t\t\t\t\t<div class=\"mh-estate-vertical__buttons__single\">\r\n\t\t\t\t\t\t\t\t\t\t\t\t\t<compare-button class=\"myhome-compare\"\r\n\t\t\t\t\t\t\t\t\t\t\t\t\t\t\t\t\t:translations='{&quot;added&quot;:&quot;Zus\\u00e4tzlich&quot;,&quot;compare&quot;:&quot;Vergleichen&quot;}'\r\n\t\t\t\t\t\t\t\t\t\t\t\t\t\t\t\t\t:estate='{&quot;short_excerpt_limit&quot;:125,&quot;long_excerpt_limit&quot;:160,&quot;id&quot;:88852,&quot;agent_id&quot;:&quot;26&quot;,&quot;title&quot;:&quot;Duplex in 1. Meereslinie zur Miete in Cala Mend\\u00eda : : CH1882CMA-ADE&quot;,&quot;content&quot;:&quot;Wundervolles Duplex mit atemberaubendem Blick auf das Meer und privatem Pool, nur wenige Meter vom Strand Cala Mend\\u00eda entfernt.\\r\\nDieses 145 m\\u00b2 Stadthaus erstreckt sich \\u00fcber zwei Etagen. Im oberen Stockwerk befindet sich das Wohn-Esszimmer mit Zugang zu einer gro\\u00dfen Terrasse mit Meerblick, die separate K\\u00fcche und eine Toilette. Das untere Stockwerk verf\\u00fcgt \\u00fcber drei Schlafzimmer und zwei Badezimmer, eines davon en suite. Das Anwesen ist sehr hell, verf\\u00fcgt \\u00fcber Klimaanlage und \\u00d6lheizung und wird m\\u00f6bliert mit modernen M\\u00f6beln vermietet. Die Terrasse im unteren Stockwerk l\\u00e4dt zum Genie\\u00dfen von langen Sonnenstunden und erfrischenden Schwimmb\\u00e4dern im fantastischen Pool ein.\\r\\nCala Mendia ist ein ruhiges Wohndorf, dessen kleine Bucht besonders malerisch ist. Andere paradiesische Str\\u00e4nde wie Cala Anguila, Cala Varques oder Cala Rom\\u00e1ntica liegen in der N\\u00e4he. Die Stadt Porto Cristo mit ihren ber\\u00fchmten Drachenh\\u00f6hlen und dem lebhaften Hafenviertel mit zahlreichen Restaurants ist etwa 3,5 km entfernt, w\\u00e4hrend die Stadt Manacor in etwa 15 Minuten erreichbar ist, wo Sie unter anderem ein Kino und die Akademie des ber\\u00fchmten Tennisspielers Rafa Nadal finden k\\u00f6nnen.\\r\\nVerpassen Sie nicht die Gelegenheit, in diesem au\\u00dfergew\\u00f6hnlichen Winkel Mallorcas in dieser sch\\u00f6nen Immobilie zu leben.\\r\\nMIETBEDINGUNGEN:\\r\\n- Langzeitvertrag\\r\\n- Nachweis wirtschaftlicher Solvenz und Zahlungsf\\u00e4higkeit erforderlich\\r\\n- Nebenkosten wie Wasser, Strom, Pool- und Gartenpflege, Gemeinschaftskosten und M\\u00fcllabfuhrsteuer sind nicht im Preis inbegriffen\\r\\n- 2 Monatsmieten Kaution\\r\\n- Weitere Ausgaben mit der Agentur abzustimmen.\\r\\n\\r\\nNova Gesti\\u00f3, Immobilienagentur in Cala Mend\\u00eda&quot;,&quot;excerpt&quot;:&quot;Wundervolles Duplex mit atemberaubendem Blick auf das Meer und privatem Pool, nur wenige Meter vom Strand Cala Mend\\u00eda entfernt. Dieses 145 m\\u00b2 Stadthaus erstreckt sich \\u00fcber zwei Etagen. Im oberen Stockwerk befindet sich das Wohn-Esszimmer mit Zugang zu einer gro\\u00dfen Terrasse mit Meerblick, die separate K\\u00fcche und eine Toilette. Das untere Stockwerk verf\\u00fcgt \\u00fcber drei [\\u2026]&quot;,&quot;short_excerpt&quot;:&quot;Wundervolles Duplex mit atemberaubendem Blick auf das Meer und privatem Pool, nur wenige Meter vom Strand Cala Mend\\u00eda entf...&quot;,&quot;long_excerpt&quot;:&quot;Wundervolles Duplex mit atemberaubendem Blick auf das Meer und privatem Pool, nur wenige Meter vom Strand Cala Mend\\u00eda entfernt.\\r\\nDieses 145 m\\u00b2 Stadthaus erst...&quot;,&quot;link&quot;:&quot;https:\\\/\\\/novagestioinmobiliaria.com\\\/de\\\/propiedades-properties-immobilien\\\/duplex-in-1-meereslinie-zur-miete-in-cala-mendia-ch1882cma-ade\\\/&quot;,&quot;offer_type&quot;:&quot;Zu vermieten&quot;,&quot;price&quot;:&quot;2.750 \\u20ac&quot;,&quot;location&quot;:&quot;C&quot;,&quot;is_featured&quot;:true,&quot;gallery&quot;:[{&quot;id&quot;:88850,&quot;url&quot;:&quot;https:\\\/\\\/novagestioinmobiliaria.com\\\/wp-content\\\/uploads\\\/2026\\\/04\\\/Chale-Adosado-Cala-Mendia-ref-1882-20.jpg&quot;,&quot;alt&quot;:&quot;&quot;},{&quot;id&quot;:88847,&quot;url&quot;:&quot;https:\\\/\\\/novagestioinmobiliaria.com\\\/wp-content\\\/uploads\\\/2026\\\/04\\\/Chale-Adosado-Cala-Mendia-ref-1882-19.jpg&quot;,&quot;alt&quot;:&quot;&quot;},{&quot;id&quot;:88844,&quot;url&quot;:&quot;https:\\\/\\\/novagestioinmobiliaria.com\\\/wp-content\\\/uploads\\\/2026\\\/04\\\/Chale-Adosado-Cala-Mendia-ref-1882-18.jpg&quot;,&quot;alt&quot;:&quot;&quot;},{&quot;id&quot;:88841,&quot;url&quot;:&quot;https:\\\/\\\/novagestioinmobiliaria.com\\\/wp-content\\\/uploads\\\/2026\\\/04\\\/Chale-Adosado-Cala-Mendia-ref-1882-17.jpg&quot;,&quot;alt&quot;:&quot;&quot;},{&quot;id&quot;:88838,&quot;url&quot;:&quot;https:\\\/\\\/novagestioinmobiliaria.com\\\/wp-content\\\/uploads\\\/2026\\\/04\\\/Chale-Adosado-Cala-Mendia-ref-1882-16.jpg&quot;,&quot;alt&quot;:&quot;&quot;},{&quot;id&quot;:88835,&quot;url&quot;:&quot;https:\\\/\\\/novagestioinmobiliaria.com\\\/wp-content\\\/uploads\\\/2026\\\/04\\\/Chale-Adosado-Cala-Mendia-ref-1882-15.jpg&quot;,&quot;alt&quot;:&quot;&quot;},{&quot;id&quot;:88832,&quot;url&quot;:&quot;https:\\\/\\\/novagestioinmobiliaria.com\\\/wp-content\\\/uploads\\\/2026\\\/04\\\/Chale-Adosado-Cala-Mendia-ref-1882-14.jpg&quot;,&quot;alt&quot;:&quot;&quot;},{&quot;id&quot;:88829,&quot;url&quot;:&quot;https:\\\/\\\/novagestioinmobiliaria.com\\\/wp-content\\\/uploads\\\/2026\\\/04\\\/Chale-Adosado-Cala-Mendia-ref-1882-13.jpg&quot;,&quot;alt&quot;:&quot;&quot;},{&quot;id&quot;:88826,&quot;url&quot;:&quot;https:\\\/\\\/novagestioinmobiliaria.com\\\/wp-content\\\/uploads\\\/2026\\\/04\\\/Chale-Adosado-Cala-Mendia-ref-1882-12.jpg&quot;,&quot;alt&quot;:&quot;&quot;},{&quot;id&quot;:88822,&quot;url&quot;:&quot;https:\\\/\\\/novagestioinmobiliaria.com\\\/wp-content\\\/uploads\\\/2026\\\/04\\\/Chale-Adosado-Cala-Mendia-ref-1882-11.jpg&quot;,&quot;alt&quot;:&quot;&quot;},{&quot;id&quot;:88819,&quot;url&quot;:&quot;https:\\\/\\\/novagestioinmobiliaria.com\\\/wp-content\\\/uploads\\\/2026\\\/04\\\/Chale-Adosado-Cala-Mendia-ref-1882-10.jpg&quot;,&quot;alt&quot;:&quot;&quot;},{&quot;id&quot;:88816,&quot;url&quot;:&quot;https:\\\/\\\/novagestioinmobiliaria.com\\\/wp-content\\\/uploads\\\/2026\\\/04\\\/Chale-Adosado-Cala-Mendia-ref-1882-9.jpg&quot;,&quot;alt&quot;:&quot;&quot;},{&quot;id&quot;:88813,&quot;url&quot;:&quot;https:\\\/\\\/novagestioinmobiliaria.com\\\/wp-content\\\/uploads\\\/2026\\\/04\\\/Chale-Adosado-Cala-Mendia-ref-1882-8.jpg&quot;,&quot;alt&quot;:&quot;&quot;},{&quot;id&quot;:88810,&quot;url&quot;:&quot;https:\\\/\\\/novagestioinmobiliaria.com\\\/wp-content\\\/uploads\\\/2026\\\/04\\\/Chale-Adosado-Cala-Mendia-ref-1882-7.jpg&quot;,&quot;alt&quot;:&quot;&quot;},{&quot;id&quot;:88807,&quot;url&quot;:&quot;https:\\\/\\\/novagestioinmobiliaria.com\\\/wp-content\\\/uploads\\\/2026\\\/04\\\/Chale-Adosado-Cala-Mendia-ref-1882-6.jpg&quot;,&quot;alt&quot;:&quot;&quot;},{&quot;id&quot;:88804,&quot;url&quot;:&quot;https:\\\/\\\/novagestioinmobiliaria.com\\\/wp-content\\\/uploads\\\/2026\\\/04\\\/Chale-Adosado-Cala-Mendia-ref-1882-5.jpg&quot;,&quot;alt&quot;:&quot;&quot;},{&quot;id&quot;:88801,&quot;url&quot;:&quot;https:\\\/\\\/novagestioinmobiliaria.com\\\/wp-content\\\/uploads\\\/2026\\\/04\\\/Chale-Adosado-Cala-Mendia-ref-1882-4.jpg&quot;,&quot;alt&quot;:&quot;&quot;},{&quot;id&quot;:88798,&quot;url&quot;:&quot;https:\\\/\\\/novagestioinmobiliaria.com\\\/wp-content\\\/uploads\\\/2026\\\/04\\\/Chale-Adosado-Cala-Mendia-ref-1882-3.jpg&quot;,&quot;alt&quot;:&quot;&quot;},{&quot;id&quot;:88795,&quot;url&quot;:&quot;https:\\\/\\\/novagestioinmobiliaria.com\\\/wp-content\\\/uploads\\\/2026\\\/04\\\/Chale-Adosado-Cala-Mendia-ref-1882-2.jpg&quot;,&quot;alt&quot;:&quot;&quot;},{&quot;id&quot;:88792,&quot;url&quot;:&quot;https:\\\/\\\/novagestioinmobiliaria.com\\\/wp-content\\\/uploads\\\/2026\\\/04\\\/Chale-Adosado-Cala-Mendia-ref-1882-1.jpg&quot;,&quot;alt&quot;:&quot;&quot;}],&quot;attributes&quot;:[{&quot;slug&quot;:&quot;property-type&quot;,&quot;name&quot;:&quot;Tipo propiedad&quot;,&quot;has_archive&quot;:true,&quot;elements&quot;:[{&quot;name&quot;:&quot;Villen \\\/ Chalets&quot;,&quot;link&quot;:&quot;https:\\\/\\\/novagestioinmobiliaria.com\\\/de\\\/immobilientyp\\\/villen-chalets\\\/&quot;,&quot;slug&quot;:&quot;villen-chalets&quot;}],&quot;card&quot;:false,&quot;show&quot;:true,&quot;display_after&quot;:&quot;&quot;,&quot;new_box&quot;:false},{&quot;slug&quot;:&quot;offer-type&quot;,&quot;name&quot;:&quot;Tipo operaci\\u00f3n&quot;,&quot;has_archive&quot;:true,&quot;elements&quot;:[{&quot;name&quot;:&quot;Zu vermieten&quot;,&quot;link&quot;:&quot;https:\\\/\\\/novagestioinmobiliaria.com\\\/de\\\/offer-type\\\/zu-vermieten\\\/&quot;,&quot;slug&quot;:&quot;zu-vermieten&quot;}],&quot;card&quot;:true,&quot;show&quot;:true,&quot;display_after&quot;:&quot;&quot;,&quot;new_box&quot;:false},{&quot;slug&quot;:&quot;city&quot;,&quot;name&quot;:&quot;Zona&quot;,&quot;has_archive&quot;:true,&quot;elements&quot;:[{&quot;name&quot;:&quot;cala-mendia&quot;,&quot;link&quot;:&quot;https:\\\/\\\/novagestioinmobiliaria.com\\\/de\\\/city\\\/cala-mendia\\\/&quot;,&quot;slug&quot;:&quot;cala-mendia&quot;}],&quot;card&quot;:false,&quot;show&quot;:true,&quot;display_after&quot;:&quot;&quot;,&quot;new_box&quot;:false},{&quot;slug&quot;:&quot;price&quot;,&quot;name&quot;:&quot;Precio&quot;,&quot;has_archive&quot;:false,&quot;elements&quot;:[{&quot;name&quot;:&quot;2750&quot;,&quot;link&quot;:&quot;&quot;,&quot;slug&quot;:&quot;&quot;}],&quot;show&quot;:false,&quot;card&quot;:false,&quot;display_after&quot;:&quot;\\u20ac&quot;,&quot;new_box&quot;:false},{&quot;slug&quot;:&quot;bedrooms&quot;,&quot;name&quot;:&quot;Habitaciones&quot;,&quot;has_archive&quot;:false,&quot;elements&quot;:[{&quot;name&quot;:&quot;3&quot;,&quot;link&quot;:&quot;&quot;,&quot;slug&quot;:&quot;&quot;}],&quot;show&quot;:true,&quot;card&quot;:true,&quot;display_after&quot;:&quot;&quot;,&quot;new_box&quot;:false},{&quot;slug&quot;:&quot;bathrooms&quot;,&quot;name&quot;:&quot;Ba\\u00f1os&quot;,&quot;has_archive&quot;:false,&quot;elements&quot;:[{&quot;name&quot;:&quot;2&quot;,&quot;link&quot;:&quot;&quot;,&quot;slug&quot;:&quot;&quot;}],&quot;show&quot;:true,&quot;card&quot;:true,&quot;display_after&quot;:&quot;&quot;,&quot;new_box&quot;:false},{&quot;slug&quot;:&quot;property-size&quot;,&quot;name&quot;:&quot;M2&quot;,&quot;has_archive&quot;:false,&quot;elements&quot;:[{&quot;name&quot;:&quot;145&quot;,&quot;link&quot;:&quot;&quot;,&quot;slug&quot;:&quot;&quot;}],&quot;show&quot;:true,&quot;card&quot;:true,&quot;display_after&quot;:&quot;m\\u00b2&quot;,&quot;new_box&quot;:false},{&quot;slug&quot;:&quot;features&quot;,&quot;name&quot;:&quot;Caracter\\u00edsticas&quot;,&quot;has_archive&quot;:true,&quot;elements&quot;:[{&quot;name&quot;:&quot;3 Schlafzimmer&quot;,&quot;link&quot;:&quot;https:\\\/\\\/novagestioinmobiliaria.com\\\/de\\\/eigenschaften\\\/3-schlafzimmer\\\/&quot;,&quot;slug&quot;:&quot;3-schlafzimmer&quot;},{&quot;name&quot;:&quot;Auto-Stellplatz&quot;,&quot;link&quot;:&quot;https:\\\/\\\/novagestioinmobiliaria.com\\\/de\\\/eigenschaften\\\/auto-stellplatz\\\/&quot;,&quot;slug&quot;:&quot;auto-stellplatz&quot;},{&quot;name&quot;:&quot;Balkon&quot;,&quot;link&quot;:&quot;https:\\\/\\\/novagestioinmobiliaria.com\\\/de\\\/eigenschaften\\\/balkon\\\/&quot;,&quot;slug&quot;:&quot;balkon&quot;},{&quot;name&quot;:&quot;Haustiere erlaubt&quot;,&quot;link&quot;:&quot;https:\\\/\\\/novagestioinmobiliaria.com\\\/de\\\/eigenschaften\\\/haustiere-erlaubt\\\/&quot;,&quot;slug&quot;:&quot;haustiere-erlaubt&quot;},{&quot;name&quot;:&quot;Klimaanlage&quot;,&quot;link&quot;:&quot;https:\\\/\\\/novagestioinmobiliaria.com\\\/de\\\/eigenschaften\\\/klimaanlage\\\/&quot;,&quot;slug&quot;:&quot;klimaanlage&quot;},{&quot;name&quot;:&quot;Langzeitmiete&quot;,&quot;link&quot;:&quot;https:\\\/\\\/novagestioinmobiliaria.com\\\/de\\\/eigenschaften\\\/langzeitmiete\\\/&quot;,&quot;slug&quot;:&quot;langzeitmiete&quot;},{&quot;name&quot;:&quot;Meerblick&quot;,&quot;link&quot;:&quot;https:\\\/\\\/novagestioinmobiliaria.com\\\/de\\\/eigenschaften\\\/meerblick\\\/&quot;,&quot;slug&quot;:&quot;meerblick&quot;},{&quot;name&quot;:&quot;M\\u00f6bliert&quot;,&quot;link&quot;:&quot;https:\\\/\\\/novagestioinmobiliaria.com\\\/de\\\/eigenschaften\\\/moebliert\\\/&quot;,&quot;slug&quot;:&quot;moebliert&quot;},{&quot;name&quot;:&quot;Privatpool&quot;,&quot;link&quot;:&quot;https:\\\/\\\/novagestioinmobiliaria.com\\\/de\\\/eigenschaften\\\/privatpool\\\/&quot;,&quot;slug&quot;:&quot;privatpool&quot;},{&quot;name&quot;:&quot;Ruhige Lage&quot;,&quot;link&quot;:&quot;https:\\\/\\\/novagestioinmobiliaria.com\\\/de\\\/eigenschaften\\\/ruhige-lage\\\/&quot;,&quot;slug&quot;:&quot;ruhige-lage&quot;},{&quot;name&quot;:&quot;Terrasse&quot;,&quot;link&quot;:&quot;https:\\\/\\\/novagestioinmobiliaria.com\\\/de\\\/eigenschaften\\\/terrasse\\\/&quot;,&quot;slug&quot;:&quot;terrasse&quot;}],&quot;card&quot;:false,&quot;show&quot;:true,&quot;display_after&quot;:&quot;&quot;,&quot;new_box&quot;:true}],&quot;views&quot;:8,&quot;days_ago&quot;:&quot;3\\u00a0Wochen.&quot;,&quot;image_id&quot;:88832,&quot;image_url&quot;:&quot;https:\\\/\\\/novagestioinmobiliaria.com\\\/wp-content\\\/uploads\\\/2026\\\/04\\\/Chale-Adosado-Cala-Mendia-ref-1882-14.jpg&quot;,&quot;tags&quot;:[{&quot;name&quot;:&quot;Caracter\\u00edsticas&quot;,&quot;elements&quot;:[{&quot;name&quot;:&quot;3 Schlafzimmer&quot;,&quot;link&quot;:&quot;https:\\\/\\\/novagestioinmobiliaria.com\\\/de\\\/eigenschaften\\\/3-schlafzimmer\\\/&quot;},{&quot;name&quot;:&quot;Auto-Stellplatz&quot;,&quot;link&quot;:&quot;https:\\\/\\\/novagestioinmobiliaria.com\\\/de\\\/eigenschaften\\\/auto-stellplatz\\\/&quot;},{&quot;name&quot;:&quot;Balkon&quot;,&quot;link&quot;:&quot;https:\\\/\\\/novagestioinmobiliaria.com\\\/de\\\/eigenschaften\\\/balkon\\\/&quot;},{&quot;name&quot;:&quot;Haustiere erlaubt&quot;,&quot;link&quot;:&quot;https:\\\/\\\/novagestioinmobiliaria.com\\\/de\\\/eigenschaften\\\/haustiere-erlaubt\\\/&quot;},{&quot;name&quot;:&quot;Klimaanlage&quot;,&quot;link&quot;:&quot;https:\\\/\\\/novagestioinmobiliaria.com\\\/de\\\/eigenschaften\\\/klimaanlage\\\/&quot;},{&quot;name&quot;:&quot;Langzeitmiete&quot;,&quot;link&quot;:&quot;https:\\\/\\\/novagestioinmobiliaria.com\\\/de\\\/eigenschaften\\\/langzeitmiete\\\/&quot;},{&quot;name&quot;:&quot;Meerblick&quot;,&quot;link&quot;:&quot;https:\\\/\\\/novagestioinmobiliaria.com\\\/de\\\/eigenschaften\\\/meerblick\\\/&quot;},{&quot;name&quot;:&quot;M\\u00f6bliert&quot;,&quot;link&quot;:&quot;https:\\\/\\\/novagestioinmobiliaria.com\\\/de\\\/eigenschaften\\\/moebliert\\\/&quot;},{&quot;name&quot;:&quot;Privatpool&quot;,&quot;link&quot;:&quot;https:\\\/\\\/novagestioinmobiliaria.com\\\/de\\\/eigenschaften\\\/privatpool\\\/&quot;},{&quot;name&quot;:&quot;Ruhige Lage&quot;,&quot;link&quot;:&quot;https:\\\/\\\/novagestioinmobiliaria.com\\\/de\\\/eigenschaften\\\/ruhige-lage\\\/&quot;},{&quot;name&quot;:&quot;Terrasse&quot;,&quot;link&quot;:&quot;https:\\\/\\\/novagestioinmobiliaria.com\\\/de\\\/eigenschaften\\\/terrasse\\\/&quot;}],&quot;has_archive&quot;:true}],&quot;status&quot;:&quot;publish&quot;,&quot;plans&quot;:[],&quot;video_plan&quot;:{&quot;src&quot;:&quot;&quot;,&quot;video&quot;:&quot;&quot;},&quot;virtual_tour&quot;:null,&quot;state&quot;:&quot;&quot;,&quot;labels&quot;:[],&quot;image&quot;:&quot;https:\\\/\\\/novagestioinmobiliaria.com\\\/wp-content\\\/uploads\\\/2026\\\/04\\\/Chale-Adosado-Cala-Mendia-ref-1882-14-400x250.jpg&quot;,&quot;image_srcset&quot;:&quot;https:\\\/\\\/novagestioinmobiliaria.com\\\/wp-content\\\/uploads\\\/2026\\\/04\\\/Chale-Adosado-Cala-Mendia-ref-1882-14-200x125.jpg 200w, https:\\\/\\\/novagestioinmobiliaria.com\\\/wp-content\\\/uploads\\\/2026\\\/04\\\/Chale-Adosado-Cala-Mendia-ref-1882-14-1200x750.jpg 1200w, https:\\\/\\\/novagestioinmobiliaria.com\\\/wp-content\\\/uploads\\\/2026\\\/04\\\/Chale-Adosado-Cala-Mendia-ref-1882-14-800x500.jpg 800w, https:\\\/\\\/novagestioinmobiliaria.com\\\/wp-content\\\/uploads\\\/2026\\\/04\\\/Chale-Adosado-Cala-Mendia-ref-1882-14-600x375.jpg 600w, https:\\\/\\\/novagestioinmobiliaria.com\\\/wp-content\\\/uploads\\\/2026\\\/04\\\/Chale-Adosado-Cala-Mendia-ref-1882-14-400x250.jpg 400w&quot;}'>\r\n\t\t\t\t\t\t\t\t\t\t\t\t\t<\/compare-button>\r\n\t\t\t\t\t\t\t\t\t\t\t\t<\/div>\r\n\t\t\t\t\t\t\t\t\t\t\t\t<div class=\"mh-estate-vertical__buttons__single\">\r\n\t\t\t\t\t\t\t\t\t\t\t\t\t<a href=\"https:\/\/novagestioinmobiliaria.com\/de\/propiedades-properties-immobilien\/duplex-in-1-meereslinie-zur-miete-in-cala-mendia-ch1882cma-ade\/\"\r\n\t\t\t\t\t\t\t\t\t\t\t\t\t   title=\"Duplex in 1. Meereslinie zur Miete in Cala Mend\u00eda : : CH1882CMA-ADE\"\r\n\t\t\t\t\t\t\t\t\t\t\t\t\t   class=\"mdl-button mdl-js-button mdl-button--raised mdl-js-ripple-effect mdl-button--primary-ghost\">\r\n\t\t\t\t\t\t\t\t\t\t\t\t\t\tDetails\t\t\t\t\t\t\t\t\t\t\t\t\t\t<span class=\"mdl-button__icon-right\"><i class=\"fa fa-angle-right\"><\/i><\/span>\r\n\t\t\t\t\t\t\t\t\t\t\t\t\t<\/a>\r\n\t\t\t\t\t\t\t\t\t\t\t\t<\/div>\r\n\t\t\t\t\t\t\t\t\t\t\t<\/div>\r\n\t\t\t\t\t\t\t\t\t\t<\/div>\r\n\t\t\t\t\t\t\t\t\t<\/div>\r\n\t\t\t\t\t\t\t\t<\/div>\r\n\t\t\t\t\t\t\t<\/div>\r\n\t\t\t\t\t\t<\/article>\r\n\t\t\t\t\t<\/div>\r\n\t\t\t\t\r\n\t\t\t\t\t<div class=\"item\">\r\n\t\t\t\t\t\t<article class=\"mh-estate-vertical mh-estate-vertical--white  mh-attribute-property-type__wohnungen-apartments mh-attribute-offer-type__zu-vermieten mh-attribute-city__manacor-de mh-attribute-features__3-schlafzimmer mh-attribute-features__balkon mh-attribute-features__einbaukueche mh-attribute-features__heizung mh-attribute-features__klimaanlage mh-attribute-features__moebliert mh-attribute-features__schulnah mh-attribute-features__terrasse mh-attribute-features__wascherei mh-attribute-features__zentrale-lage\">\r\n\t\t\t\t\t\t\t<a href=\"https:\/\/novagestioinmobiliaria.com\/de\/propiedades-properties-immobilien\/luxuswohnung-in-manacor-zu-vermieten-pi1737ma-ade\/\"\r\n\t\t\t\t\t\t\t   title=\"Luxuswohnung in Manacor zu vermieten : : PI1737MA-ADE\"\r\n\t\t\t\t\t\t\t   class=\"mh-thumbnail\">\r\n                        <span class=\"mh-thumbnail__inner\">\r\n                                    <img\r\n                    data-srcset=\"https:\/\/novagestioinmobiliaria.com\/wp-content\/uploads\/2026\/03\/Piso-alquiler-lujo-Manacor-ref-1737-3-200x125.jpg 200w, https:\/\/novagestioinmobiliaria.com\/wp-content\/uploads\/2026\/03\/Piso-alquiler-lujo-Manacor-ref-1737-3-1200x750.jpg 1200w, https:\/\/novagestioinmobiliaria.com\/wp-content\/uploads\/2026\/03\/Piso-alquiler-lujo-Manacor-ref-1737-3-800x500.jpg 800w, https:\/\/novagestioinmobiliaria.com\/wp-content\/uploads\/2026\/03\/Piso-alquiler-lujo-Manacor-ref-1737-3-600x375.jpg 600w, https:\/\/novagestioinmobiliaria.com\/wp-content\/uploads\/2026\/03\/Piso-alquiler-lujo-Manacor-ref-1737-3-400x250.jpg 400w\"\r\n                    class=\"lazyload \" alt=\"Luxuswohnung in Manacor zu vermieten : : PI1737MA-ADE\"\r\n                    data-sizes=\"auto\"\r\n            >\r\n\t\t\t                        <\/span>\r\n\r\n\t\t\t\t\t\t\t\t\t\t\t\t\t\t\t\t\t<div class=\"mh-caption\">\r\n\t\t\t\t\t\t\t\t\t\t<div class=\"mh-caption__inner\">\r\n\t\t\t\t\t\t\t\t\t\t\tZu vermieten\t\t\t\t\t\t\t\t\t\t<\/div>\r\n\t\t\t\t\t\t\t\t\t<\/div>\r\n\t\t\t\t\t\t\t\t\t\r\n\t\t\t\t\t\t\t\t<div class=\"mh-estate-vertical__text\">\r\n\t\t\t\t\t\t\t\t\t<div class=\"mh-estate-vertical__text__inner\">\r\n\t\t\t\t\t\t\t\t\t\tEine luxuri\u00f6se 280 m2 Wohnung mit einer ger\u00e4umigen 75 m2 Terrasse steht in Manacor zur Vermietung. Renoviert im Jahr 2020...\t\t\t\t\t\t\t\t\t<\/div>\r\n\t\t\t\t\t\t\t\t<\/div>\r\n\t\t\t\t\t\t\t<\/a>\r\n\r\n\t\t\t\t\t\t\t<div class=\"mh-estate-vertical__content\">\r\n\t\t\t\t\t\t\t\t<h3 class=\"mh-estate-vertical__heading\">\r\n\t\t\t\t\t\t\t\t\t<a href=\"https:\/\/novagestioinmobiliaria.com\/de\/propiedades-properties-immobilien\/luxuswohnung-in-manacor-zu-vermieten-pi1737ma-ade\/\"\r\n\t\t\t\t\t\t\t\t\t   title=\"Luxuswohnung in Manacor zu vermieten : : PI1737MA-ADE\">\r\n\t\t\t\t\t\t\t\t\t\tLuxuswohnung in Manacor zu vermieten : : PI1737MA-ADE\t\t\t\t\t\t\t\t\t<\/a>\r\n\t\t\t\t\t\t\t\t<\/h3>\r\n\t\t\t\t\t\t\t\t<address class=\"mh-estate-vertical__subheading\">\r\n\t\t\t\t\t\t\t\t\tM\t\t\t\t\t\t\t\t<\/address>\r\n\t\t\t\t\t\t\t\t<div class=\"mh-estate-vertical__primary\">\r\n\t\t\t\t\t\t\t\t\t2.500 \u20ac\t\t\t\t\t\t\t\t<\/div>\r\n\r\n\t\t\t\t\t\t\t\t<div>\r\n\t\t\t\t\t\t\t\t\t<div class=\"mh-estate__list\">\r\n\t\t\t\t\t\t\t\t\t\t\r\n\t\t\t\t\t\t\t\t\t\t\t<span class=\"mh-estate-vertical__more-info mh-estate_attribute-offer-type\">\r\n                                        <strong>Tipo operaci\u00f3n:<\/strong>\r\n\t\t\t\t\t\t\t\t\t\t\t\t\t\t\t\t\t\t\t\t\t\t\t\t\t\tZu vermieten\t\t\t\t\t\t\t\t\t\t\t\t\t\t                                    <\/span>\r\n\r\n\t\t\t\t\t\t\t\t\t\t\r\n\t\t\t\t\t\t\t\t\t\t\t<span class=\"mh-estate-vertical__more-info mh-estate_attribute-bedrooms\">\r\n                                        <strong>Habitaciones:<\/strong>\r\n\t\t\t\t\t\t\t\t\t\t\t\t3                                    <\/span>\r\n\r\n\t\t\t\t\t\t\t\t\t\t\r\n\t\t\t\t\t\t\t\t\t\t\t<span class=\"mh-estate-vertical__more-info mh-estate_attribute-property-size\">\r\n                                        <strong>M2:<\/strong>\r\n\t\t\t\t\t\t\t\t\t\t\t\t280 m\u00b2                                    <\/span>\r\n\r\n\t\t\t\t\t\t\t\t\t\t\t\t\t\t\t\t\t\t\t<\/div>\r\n\t\t\t\t\t\t\t\t<\/div>\r\n\r\n\t\t\t\t\t\t\t\t<div class=\"mh-estate-vertical__bottom\">\r\n\t\t\t\t\t\t\t\t\t<div class=\"mh-estate-vertical__bottom__inner\">\r\n\t\t\t\t\t\t\t\t\t\t<div class=\"mh-estate-vertical__date\">\r\n\t\t\t\t\t\t\t\t\t\t\t1\u00a0Monat.\t\t\t\t\t\t\t\t\t\t<\/div>\r\n\t\t\t\t\t\t\t\t\t\t<div class=\"mh-estate-vertical__buttons-wrapper\">\r\n\t\t\t\t\t\t\t\t\t\t\t<div class=\"mh-estate-vertical__buttons\">\r\n\t\t\t\t\t\t\t\t\t\t\t\t<div class=\"mh-estate-vertical__buttons__single\">\r\n\t\t\t\t\t\t\t\t\t\t\t\t\t<compare-button class=\"myhome-compare\"\r\n\t\t\t\t\t\t\t\t\t\t\t\t\t\t\t\t\t:translations='{&quot;added&quot;:&quot;Zus\\u00e4tzlich&quot;,&quot;compare&quot;:&quot;Vergleichen&quot;}'\r\n\t\t\t\t\t\t\t\t\t\t\t\t\t\t\t\t\t:estate='{&quot;short_excerpt_limit&quot;:125,&quot;long_excerpt_limit&quot;:160,&quot;id&quot;:88575,&quot;agent_id&quot;:&quot;26&quot;,&quot;title&quot;:&quot;Luxuswohnung in Manacor zu vermieten : : PI1737MA-ADE&quot;,&quot;content&quot;:&quot;Eine luxuri\\u00f6se 280 m2 Wohnung mit einer ger\\u00e4umigen 75 m2 Terrasse steht in Manacor zur Vermietung. Renoviert im Jahr 2020 mit Heizk\\u00f6rpern (Stadtgas) und Klimaanlage. Die Wohnung belegt das gesamte erste Stockwerk und besteht aus 3 Doppelzimmern, 2 Badezimmern, einem ger\\u00e4umigen und hellen m\\u00f6blierten Wohnzimmer, einer K\\u00fcche-Esszimmer mit Zugang zur Terrasse. Die K\\u00fcche ist offen und durch eine sch\\u00f6ne Insel vom Esszimmer getrennt, komplett ausgestattet mit hochwertigen Ger\\u00e4ten, ausgestattetem Hauswirtschaftsraum mit Waschmaschine und Trockner. Es gibt eine Garage f\\u00fcr 1 oder 2 Autos (25m2).\\r\\nMIETBEDINGUNGEN:\\r\\n- Nachweis einer Besch\\u00e4ftigung mit Betriebszugeh\\u00f6rigkeit oder nachgewiesenem Einkommen erforderlich.\\r\\n- Strom-, Wasser- und M\\u00fcllkosten sind separat.\\r\\n- 2 Monatsmieten als Kaution.\\r\\n- Keine Haustiere erlaubt.\\r\\n- Weitere Kosten bitte erfragen.\\r\\n\\r\\nNova Gesti\\u00f3, Immobilienagentur in Manacor&quot;,&quot;excerpt&quot;:&quot;Eine luxuri\\u00f6se 280 m2 Wohnung mit einer ger\\u00e4umigen 75 m2 Terrasse steht in Manacor zur Vermietung. Renoviert im Jahr 2020 mit Heizk\\u00f6rpern (Stadtgas) und Klimaanlage. Die Wohnung belegt das gesamte erste Stockwerk und besteht aus 3 Doppelzimmern, 2 Badezimmern, einem ger\\u00e4umigen und hellen m\\u00f6blierten Wohnzimmer, einer K\\u00fcche-Esszimmer mit Zugang zur Terrasse. Die K\\u00fcche ist offen [\\u2026]&quot;,&quot;short_excerpt&quot;:&quot;Eine luxuri\\u00f6se 280 m2 Wohnung mit einer ger\\u00e4umigen 75 m2 Terrasse steht in Manacor zur Vermietung. Renoviert im Jahr 2020 ...&quot;,&quot;long_excerpt&quot;:&quot;Eine luxuri\\u00f6se 280 m2 Wohnung mit einer ger\\u00e4umigen 75 m2 Terrasse steht in Manacor zur Vermietung. Renoviert im Jahr 2020 mit Heizk\\u00f6rpern (Stadtgas) und Klim...&quot;,&quot;link&quot;:&quot;https:\\\/\\\/novagestioinmobiliaria.com\\\/de\\\/propiedades-properties-immobilien\\\/luxuswohnung-in-manacor-zu-vermieten-pi1737ma-ade\\\/&quot;,&quot;offer_type&quot;:&quot;Zu vermieten&quot;,&quot;price&quot;:&quot;2.500 \\u20ac&quot;,&quot;location&quot;:&quot;M&quot;,&quot;is_featured&quot;:true,&quot;gallery&quot;:[{&quot;id&quot;:88543,&quot;url&quot;:&quot;https:\\\/\\\/novagestioinmobiliaria.com\\\/wp-content\\\/uploads\\\/2026\\\/03\\\/Piso-alquiler-lujo-Manacor-ref-1737-3.jpg&quot;,&quot;alt&quot;:&quot;&quot;},{&quot;id&quot;:88561,&quot;url&quot;:&quot;https:\\\/\\\/novagestioinmobiliaria.com\\\/wp-content\\\/uploads\\\/2026\\\/03\\\/Piso-alquiler-lujo-Manacor-ref-17375.jpg&quot;,&quot;alt&quot;:&quot;&quot;},{&quot;id&quot;:88564,&quot;url&quot;:&quot;https:\\\/\\\/novagestioinmobiliaria.com\\\/wp-content\\\/uploads\\\/2026\\\/03\\\/Piso-alquiler-lujo-Manacor-ref-17376.jpg&quot;,&quot;alt&quot;:&quot;&quot;},{&quot;id&quot;:88537,&quot;url&quot;:&quot;https:\\\/\\\/novagestioinmobiliaria.com\\\/wp-content\\\/uploads\\\/2026\\\/03\\\/Piso-alquiler-lujo-Manacor-ref-1737-1.jpg&quot;,&quot;alt&quot;:&quot;&quot;},{&quot;id&quot;:88567,&quot;url&quot;:&quot;https:\\\/\\\/novagestioinmobiliaria.com\\\/wp-content\\\/uploads\\\/2026\\\/03\\\/Piso-alquiler-lujo-Manacor-ref-17377.jpg&quot;,&quot;alt&quot;:&quot;&quot;},{&quot;id&quot;:88570,&quot;url&quot;:&quot;https:\\\/\\\/novagestioinmobiliaria.com\\\/wp-content\\\/uploads\\\/2026\\\/03\\\/Piso-alquiler-lujo-Manacor-ref-17378.jpg&quot;,&quot;alt&quot;:&quot;&quot;},{&quot;id&quot;:88555,&quot;url&quot;:&quot;https:\\\/\\\/novagestioinmobiliaria.com\\\/wp-content\\\/uploads\\\/2026\\\/03\\\/Piso-alquiler-lujo-Manacor-ref-1737-12.jpeg&quot;,&quot;alt&quot;:&quot;&quot;},{&quot;id&quot;:88558,&quot;url&quot;:&quot;https:\\\/\\\/novagestioinmobiliaria.com\\\/wp-content\\\/uploads\\\/2026\\\/03\\\/Piso-alquiler-lujo-Manacor-ref-17374.jpg&quot;,&quot;alt&quot;:&quot;&quot;},{&quot;id&quot;:88552,&quot;url&quot;:&quot;https:\\\/\\\/novagestioinmobiliaria.com\\\/wp-content\\\/uploads\\\/2026\\\/03\\\/Piso-alquiler-lujo-Manacor-ref-1737-11.jpeg&quot;,&quot;alt&quot;:&quot;&quot;},{&quot;id&quot;:88549,&quot;url&quot;:&quot;https:\\\/\\\/novagestioinmobiliaria.com\\\/wp-content\\\/uploads\\\/2026\\\/03\\\/Piso-alquiler-lujo-Manacor-ref-1737-10.jpeg&quot;,&quot;alt&quot;:&quot;&quot;},{&quot;id&quot;:88546,&quot;url&quot;:&quot;https:\\\/\\\/novagestioinmobiliaria.com\\\/wp-content\\\/uploads\\\/2026\\\/03\\\/Piso-alquiler-lujo-Manacor-ref-1737-9.jpeg&quot;,&quot;alt&quot;:&quot;&quot;}],&quot;attributes&quot;:[{&quot;slug&quot;:&quot;property-type&quot;,&quot;name&quot;:&quot;Tipo propiedad&quot;,&quot;has_archive&quot;:true,&quot;elements&quot;:[{&quot;name&quot;:&quot;Wohnungen \\\/ Apartments&quot;,&quot;link&quot;:&quot;https:\\\/\\\/novagestioinmobiliaria.com\\\/de\\\/immobilientyp\\\/wohnungen-apartments\\\/&quot;,&quot;slug&quot;:&quot;wohnungen-apartments&quot;}],&quot;card&quot;:false,&quot;show&quot;:true,&quot;display_after&quot;:&quot;&quot;,&quot;new_box&quot;:false},{&quot;slug&quot;:&quot;offer-type&quot;,&quot;name&quot;:&quot;Tipo operaci\\u00f3n&quot;,&quot;has_archive&quot;:true,&quot;elements&quot;:[{&quot;name&quot;:&quot;Zu vermieten&quot;,&quot;link&quot;:&quot;https:\\\/\\\/novagestioinmobiliaria.com\\\/de\\\/offer-type\\\/zu-vermieten\\\/&quot;,&quot;slug&quot;:&quot;zu-vermieten&quot;}],&quot;card&quot;:true,&quot;show&quot;:true,&quot;display_after&quot;:&quot;&quot;,&quot;new_box&quot;:false},{&quot;slug&quot;:&quot;city&quot;,&quot;name&quot;:&quot;Zona&quot;,&quot;has_archive&quot;:true,&quot;elements&quot;:[{&quot;name&quot;:&quot;Manacor&quot;,&quot;link&quot;:&quot;https:\\\/\\\/novagestioinmobiliaria.com\\\/de\\\/city\\\/manacor-de\\\/&quot;,&quot;slug&quot;:&quot;manacor-de&quot;}],&quot;card&quot;:false,&quot;show&quot;:true,&quot;display_after&quot;:&quot;&quot;,&quot;new_box&quot;:false},{&quot;slug&quot;:&quot;price&quot;,&quot;name&quot;:&quot;Precio&quot;,&quot;has_archive&quot;:false,&quot;elements&quot;:[{&quot;name&quot;:&quot;2500&quot;,&quot;link&quot;:&quot;&quot;,&quot;slug&quot;:&quot;&quot;}],&quot;show&quot;:false,&quot;card&quot;:false,&quot;display_after&quot;:&quot;\\u20ac&quot;,&quot;new_box&quot;:false},{&quot;slug&quot;:&quot;bedrooms&quot;,&quot;name&quot;:&quot;Habitaciones&quot;,&quot;has_archive&quot;:false,&quot;elements&quot;:[{&quot;name&quot;:&quot;3&quot;,&quot;link&quot;:&quot;&quot;,&quot;slug&quot;:&quot;&quot;}],&quot;show&quot;:true,&quot;card&quot;:true,&quot;display_after&quot;:&quot;&quot;,&quot;new_box&quot;:false},{&quot;slug&quot;:&quot;property-size&quot;,&quot;name&quot;:&quot;M2&quot;,&quot;has_archive&quot;:false,&quot;elements&quot;:[{&quot;name&quot;:&quot;280&quot;,&quot;link&quot;:&quot;&quot;,&quot;slug&quot;:&quot;&quot;}],&quot;show&quot;:true,&quot;card&quot;:true,&quot;display_after&quot;:&quot;m\\u00b2&quot;,&quot;new_box&quot;:false},{&quot;slug&quot;:&quot;features&quot;,&quot;name&quot;:&quot;Caracter\\u00edsticas&quot;,&quot;has_archive&quot;:true,&quot;elements&quot;:[{&quot;name&quot;:&quot;3 Schlafzimmer&quot;,&quot;link&quot;:&quot;https:\\\/\\\/novagestioinmobiliaria.com\\\/de\\\/eigenschaften\\\/3-schlafzimmer\\\/&quot;,&quot;slug&quot;:&quot;3-schlafzimmer&quot;},{&quot;name&quot;:&quot;Balkon&quot;,&quot;link&quot;:&quot;https:\\\/\\\/novagestioinmobiliaria.com\\\/de\\\/eigenschaften\\\/balkon\\\/&quot;,&quot;slug&quot;:&quot;balkon&quot;},{&quot;name&quot;:&quot;Einbauk\\u00fcche&quot;,&quot;link&quot;:&quot;https:\\\/\\\/novagestioinmobiliaria.com\\\/de\\\/eigenschaften\\\/einbaukueche\\\/&quot;,&quot;slug&quot;:&quot;einbaukueche&quot;},{&quot;name&quot;:&quot;Heizung&quot;,&quot;link&quot;:&quot;https:\\\/\\\/novagestioinmobiliaria.com\\\/de\\\/eigenschaften\\\/heizung\\\/&quot;,&quot;slug&quot;:&quot;heizung&quot;},{&quot;name&quot;:&quot;Klimaanlage&quot;,&quot;link&quot;:&quot;https:\\\/\\\/novagestioinmobiliaria.com\\\/de\\\/eigenschaften\\\/klimaanlage\\\/&quot;,&quot;slug&quot;:&quot;klimaanlage&quot;},{&quot;name&quot;:&quot;M\\u00f6bliert&quot;,&quot;link&quot;:&quot;https:\\\/\\\/novagestioinmobiliaria.com\\\/de\\\/eigenschaften\\\/moebliert\\\/&quot;,&quot;slug&quot;:&quot;moebliert&quot;},{&quot;name&quot;:&quot;Schulnah&quot;,&quot;link&quot;:&quot;https:\\\/\\\/novagestioinmobiliaria.com\\\/de\\\/eigenschaften\\\/schulnah\\\/&quot;,&quot;slug&quot;:&quot;schulnah&quot;},{&quot;name&quot;:&quot;Terrasse&quot;,&quot;link&quot;:&quot;https:\\\/\\\/novagestioinmobiliaria.com\\\/de\\\/eigenschaften\\\/terrasse\\\/&quot;,&quot;slug&quot;:&quot;terrasse&quot;},{&quot;name&quot;:&quot;W\\u00e4scherei&quot;,&quot;link&quot;:&quot;https:\\\/\\\/novagestioinmobiliaria.com\\\/de\\\/eigenschaften\\\/wascherei\\\/&quot;,&quot;slug&quot;:&quot;wascherei&quot;},{&quot;name&quot;:&quot;Zentrale Lage&quot;,&quot;link&quot;:&quot;https:\\\/\\\/novagestioinmobiliaria.com\\\/de\\\/eigenschaften\\\/zentrale-lage\\\/&quot;,&quot;slug&quot;:&quot;zentrale-lage&quot;}],&quot;card&quot;:false,&quot;show&quot;:true,&quot;display_after&quot;:&quot;&quot;,&quot;new_box&quot;:true}],&quot;views&quot;:11,&quot;days_ago&quot;:&quot;1\\u00a0Monat.&quot;,&quot;image_id&quot;:88543,&quot;image_url&quot;:&quot;https:\\\/\\\/novagestioinmobiliaria.com\\\/wp-content\\\/uploads\\\/2026\\\/03\\\/Piso-alquiler-lujo-Manacor-ref-1737-3.jpg&quot;,&quot;tags&quot;:[{&quot;name&quot;:&quot;Caracter\\u00edsticas&quot;,&quot;elements&quot;:[{&quot;name&quot;:&quot;3 Schlafzimmer&quot;,&quot;link&quot;:&quot;https:\\\/\\\/novagestioinmobiliaria.com\\\/de\\\/eigenschaften\\\/3-schlafzimmer\\\/&quot;},{&quot;name&quot;:&quot;Balkon&quot;,&quot;link&quot;:&quot;https:\\\/\\\/novagestioinmobiliaria.com\\\/de\\\/eigenschaften\\\/balkon\\\/&quot;},{&quot;name&quot;:&quot;Einbauk\\u00fcche&quot;,&quot;link&quot;:&quot;https:\\\/\\\/novagestioinmobiliaria.com\\\/de\\\/eigenschaften\\\/einbaukueche\\\/&quot;},{&quot;name&quot;:&quot;Heizung&quot;,&quot;link&quot;:&quot;https:\\\/\\\/novagestioinmobiliaria.com\\\/de\\\/eigenschaften\\\/heizung\\\/&quot;},{&quot;name&quot;:&quot;Klimaanlage&quot;,&quot;link&quot;:&quot;https:\\\/\\\/novagestioinmobiliaria.com\\\/de\\\/eigenschaften\\\/klimaanlage\\\/&quot;},{&quot;name&quot;:&quot;M\\u00f6bliert&quot;,&quot;link&quot;:&quot;https:\\\/\\\/novagestioinmobiliaria.com\\\/de\\\/eigenschaften\\\/moebliert\\\/&quot;},{&quot;name&quot;:&quot;Schulnah&quot;,&quot;link&quot;:&quot;https:\\\/\\\/novagestioinmobiliaria.com\\\/de\\\/eigenschaften\\\/schulnah\\\/&quot;},{&quot;name&quot;:&quot;Terrasse&quot;,&quot;link&quot;:&quot;https:\\\/\\\/novagestioinmobiliaria.com\\\/de\\\/eigenschaften\\\/terrasse\\\/&quot;},{&quot;name&quot;:&quot;W\\u00e4scherei&quot;,&quot;link&quot;:&quot;https:\\\/\\\/novagestioinmobiliaria.com\\\/de\\\/eigenschaften\\\/wascherei\\\/&quot;},{&quot;name&quot;:&quot;Zentrale Lage&quot;,&quot;link&quot;:&quot;https:\\\/\\\/novagestioinmobiliaria.com\\\/de\\\/eigenschaften\\\/zentrale-lage\\\/&quot;}],&quot;has_archive&quot;:true}],&quot;status&quot;:&quot;publish&quot;,&quot;plans&quot;:[],&quot;video_plan&quot;:{&quot;src&quot;:&quot;&quot;,&quot;video&quot;:&quot;&quot;},&quot;virtual_tour&quot;:null,&quot;state&quot;:&quot;&quot;,&quot;labels&quot;:[],&quot;image&quot;:&quot;https:\\\/\\\/novagestioinmobiliaria.com\\\/wp-content\\\/uploads\\\/2026\\\/03\\\/Piso-alquiler-lujo-Manacor-ref-1737-3-400x250.jpg&quot;,&quot;image_srcset&quot;:&quot;https:\\\/\\\/novagestioinmobiliaria.com\\\/wp-content\\\/uploads\\\/2026\\\/03\\\/Piso-alquiler-lujo-Manacor-ref-1737-3-200x125.jpg 200w, https:\\\/\\\/novagestioinmobiliaria.com\\\/wp-content\\\/uploads\\\/2026\\\/03\\\/Piso-alquiler-lujo-Manacor-ref-1737-3-1200x750.jpg 1200w, https:\\\/\\\/novagestioinmobiliaria.com\\\/wp-content\\\/uploads\\\/2026\\\/03\\\/Piso-alquiler-lujo-Manacor-ref-1737-3-800x500.jpg 800w, https:\\\/\\\/novagestioinmobiliaria.com\\\/wp-content\\\/uploads\\\/2026\\\/03\\\/Piso-alquiler-lujo-Manacor-ref-1737-3-600x375.jpg 600w, https:\\\/\\\/novagestioinmobiliaria.com\\\/wp-content\\\/uploads\\\/2026\\\/03\\\/Piso-alquiler-lujo-Manacor-ref-1737-3-400x250.jpg 400w&quot;}'>\r\n\t\t\t\t\t\t\t\t\t\t\t\t\t<\/compare-button>\r\n\t\t\t\t\t\t\t\t\t\t\t\t<\/div>\r\n\t\t\t\t\t\t\t\t\t\t\t\t<div class=\"mh-estate-vertical__buttons__single\">\r\n\t\t\t\t\t\t\t\t\t\t\t\t\t<a href=\"https:\/\/novagestioinmobiliaria.com\/de\/propiedades-properties-immobilien\/luxuswohnung-in-manacor-zu-vermieten-pi1737ma-ade\/\"\r\n\t\t\t\t\t\t\t\t\t\t\t\t\t   title=\"Luxuswohnung in Manacor zu vermieten : : PI1737MA-ADE\"\r\n\t\t\t\t\t\t\t\t\t\t\t\t\t   class=\"mdl-button mdl-js-button mdl-button--raised mdl-js-ripple-effect mdl-button--primary-ghost\">\r\n\t\t\t\t\t\t\t\t\t\t\t\t\t\tDetails\t\t\t\t\t\t\t\t\t\t\t\t\t\t<span class=\"mdl-button__icon-right\"><i class=\"fa fa-angle-right\"><\/i><\/span>\r\n\t\t\t\t\t\t\t\t\t\t\t\t\t<\/a>\r\n\t\t\t\t\t\t\t\t\t\t\t\t<\/div>\r\n\t\t\t\t\t\t\t\t\t\t\t<\/div>\r\n\t\t\t\t\t\t\t\t\t\t<\/div>\r\n\t\t\t\t\t\t\t\t\t<\/div>\r\n\t\t\t\t\t\t\t\t<\/div>\r\n\t\t\t\t\t\t\t<\/div>\r\n\t\t\t\t\t\t<\/article>\r\n\t\t\t\t\t<\/div>\r\n\t\t\t\t\r\n\t\t\t\t\t<div class=\"item\">\r\n\t\t\t\t\t\t<article class=\"mh-estate-vertical mh-estate-vertical--white  mh-attribute-property-type__fincas-landhaeuser mh-attribute-offer-type__zu-vermieten mh-attribute-city__santanyi-de mh-attribute-features__4-schlafzimmer mh-attribute-features__ausblick-auf-die-berge mh-attribute-features__einbaukueche mh-attribute-features__garten mh-attribute-features__haustiere-erlaubt mh-attribute-features__klimaanlage mh-attribute-features__moebliert mh-attribute-features__neubau mh-attribute-features__privatpool mh-attribute-features__ruhige-lage mh-attribute-features__strand-in-der-nahe-de mh-attribute-features__terrasse mh-attribute-features__unverbaubare-aussicht\">\r\n\t\t\t\t\t\t\t<a href=\"https:\/\/novagestioinmobiliaria.com\/de\/propiedades-properties-immobilien\/luxurioeses-rustikales-landhaus-zur-miete-in-santanyi-ca1765sa-ade\/\"\r\n\t\t\t\t\t\t\t   title=\"Luxuri\u00f6ses rustikales Landhaus zur Miete in Santany\u00ed : : CA1765SA-ADE\"\r\n\t\t\t\t\t\t\t   class=\"mh-thumbnail\">\r\n                        <span class=\"mh-thumbnail__inner\">\r\n                                    <img\r\n                    data-srcset=\"https:\/\/novagestioinmobiliaria.com\/wp-content\/uploads\/2025\/06\/Finca-rustica-alquiler-Santanyi-ref-1765-1-200x125.jpg 200w, https:\/\/novagestioinmobiliaria.com\/wp-content\/uploads\/2025\/06\/Finca-rustica-alquiler-Santanyi-ref-1765-1-1200x750.jpg 1200w, https:\/\/novagestioinmobiliaria.com\/wp-content\/uploads\/2025\/06\/Finca-rustica-alquiler-Santanyi-ref-1765-1-800x500.jpg 800w, https:\/\/novagestioinmobiliaria.com\/wp-content\/uploads\/2025\/06\/Finca-rustica-alquiler-Santanyi-ref-1765-1-600x375.jpg 600w, https:\/\/novagestioinmobiliaria.com\/wp-content\/uploads\/2025\/06\/Finca-rustica-alquiler-Santanyi-ref-1765-1-400x250.jpg 400w\"\r\n                    class=\"lazyload \" alt=\"Luxuri\u00f6ses rustikales Landhaus zur Miete in Santany\u00ed : : CA1765SA-ADE\"\r\n                    data-sizes=\"auto\"\r\n            >\r\n\t\t\t                        <\/span>\r\n\r\n\t\t\t\t\t\t\t\t\t\t\t\t\t\t\t\t\t<div class=\"mh-caption\">\r\n\t\t\t\t\t\t\t\t\t\t<div class=\"mh-caption__inner\">\r\n\t\t\t\t\t\t\t\t\t\t\tZu vermieten\t\t\t\t\t\t\t\t\t\t<\/div>\r\n\t\t\t\t\t\t\t\t\t<\/div>\r\n\t\t\t\t\t\t\t\t\t\r\n\t\t\t\t\t\t\t\t<div class=\"mh-estate-vertical__text\">\r\n\t\t\t\t\t\t\t\t\t<div class=\"mh-estate-vertical__text__inner\">\r\n\t\t\t\t\t\t\t\t\t\tEin brandneues luxuri\u00f6ses rustikales Landhaus steht in Santany\u00ed zur Vermietung. Es handelt sich um ein zweist\u00f6ckiges Haus mit 300 m2...\t\t\t\t\t\t\t\t\t<\/div>\r\n\t\t\t\t\t\t\t\t<\/div>\r\n\t\t\t\t\t\t\t<\/a>\r\n\r\n\t\t\t\t\t\t\t<div class=\"mh-estate-vertical__content\">\r\n\t\t\t\t\t\t\t\t<h3 class=\"mh-estate-vertical__heading\">\r\n\t\t\t\t\t\t\t\t\t<a href=\"https:\/\/novagestioinmobiliaria.com\/de\/propiedades-properties-immobilien\/luxurioeses-rustikales-landhaus-zur-miete-in-santanyi-ca1765sa-ade\/\"\r\n\t\t\t\t\t\t\t\t\t   title=\"Luxuri\u00f6ses rustikales Landhaus zur Miete in Santany\u00ed : : CA1765SA-ADE\">\r\n\t\t\t\t\t\t\t\t\t\tLuxuri\u00f6ses rustikales Landhaus zur Miete in Santany\u00ed : : CA1765SA-ADE\t\t\t\t\t\t\t\t\t<\/a>\r\n\t\t\t\t\t\t\t\t<\/h3>\r\n\t\t\t\t\t\t\t\t<address class=\"mh-estate-vertical__subheading\">\r\n\t\t\t\t\t\t\t\t\tS\t\t\t\t\t\t\t\t<\/address>\r\n\t\t\t\t\t\t\t\t<div class=\"mh-estate-vertical__primary\">\r\n\t\t\t\t\t\t\t\t\t2.900 \u20ac\t\t\t\t\t\t\t\t<\/div>\r\n\r\n\t\t\t\t\t\t\t\t<div>\r\n\t\t\t\t\t\t\t\t\t<div class=\"mh-estate__list\">\r\n\t\t\t\t\t\t\t\t\t\t\r\n\t\t\t\t\t\t\t\t\t\t\t<span class=\"mh-estate-vertical__more-info mh-estate_attribute-offer-type\">\r\n                                        <strong>Tipo operaci\u00f3n:<\/strong>\r\n\t\t\t\t\t\t\t\t\t\t\t\t\t\t\t\t\t\t\t\t\t\t\t\t\t\tZu vermieten\t\t\t\t\t\t\t\t\t\t\t\t\t\t                                    <\/span>\r\n\r\n\t\t\t\t\t\t\t\t\t\t\r\n\t\t\t\t\t\t\t\t\t\t\t<span class=\"mh-estate-vertical__more-info mh-estate_attribute-bedrooms\">\r\n                                        <strong>Habitaciones:<\/strong>\r\n\t\t\t\t\t\t\t\t\t\t\t\t4                                    <\/span>\r\n\r\n\t\t\t\t\t\t\t\t\t\t\r\n\t\t\t\t\t\t\t\t\t\t\t<span class=\"mh-estate-vertical__more-info mh-estate_attribute-bathrooms\">\r\n                                        <strong>Ba\u00f1os:<\/strong>\r\n\t\t\t\t\t\t\t\t\t\t\t\t4                                    <\/span>\r\n\r\n\t\t\t\t\t\t\t\t\t\t\r\n\t\t\t\t\t\t\t\t\t\t\t<span class=\"mh-estate-vertical__more-info mh-estate_attribute-property-size\">\r\n                                        <strong>M2:<\/strong>\r\n\t\t\t\t\t\t\t\t\t\t\t\t300 m\u00b2                                    <\/span>\r\n\r\n\t\t\t\t\t\t\t\t\t\t\t\t\t\t\t\t\t\t\t<\/div>\r\n\t\t\t\t\t\t\t\t<\/div>\r\n\r\n\t\t\t\t\t\t\t\t<div class=\"mh-estate-vertical__bottom\">\r\n\t\t\t\t\t\t\t\t\t<div class=\"mh-estate-vertical__bottom__inner\">\r\n\t\t\t\t\t\t\t\t\t\t<div class=\"mh-estate-vertical__date\">\r\n\t\t\t\t\t\t\t\t\t\t\t1\u00a0Monat.\t\t\t\t\t\t\t\t\t\t<\/div>\r\n\t\t\t\t\t\t\t\t\t\t<div class=\"mh-estate-vertical__buttons-wrapper\">\r\n\t\t\t\t\t\t\t\t\t\t\t<div class=\"mh-estate-vertical__buttons\">\r\n\t\t\t\t\t\t\t\t\t\t\t\t<div class=\"mh-estate-vertical__buttons__single\">\r\n\t\t\t\t\t\t\t\t\t\t\t\t\t<compare-button class=\"myhome-compare\"\r\n\t\t\t\t\t\t\t\t\t\t\t\t\t\t\t\t\t:translations='{&quot;added&quot;:&quot;Zus\\u00e4tzlich&quot;,&quot;compare&quot;:&quot;Vergleichen&quot;}'\r\n\t\t\t\t\t\t\t\t\t\t\t\t\t\t\t\t\t:estate='{&quot;short_excerpt_limit&quot;:125,&quot;long_excerpt_limit&quot;:160,&quot;id&quot;:88301,&quot;agent_id&quot;:&quot;26&quot;,&quot;title&quot;:&quot;Luxuri\\u00f6ses rustikales Landhaus zur Miete in Santany\\u00ed : : CA1765SA-ADE&quot;,&quot;content&quot;:&quot;Ein brandneues luxuri\\u00f6ses rustikales Landhaus steht in Santany\\u00ed zur Vermietung. Es handelt sich um ein zweist\\u00f6ckiges Haus mit 300 m2 (150 m2 pro Etage) auf einem 15.500 m2 gro\\u00dfen Grundst\\u00fcck, in nat\\u00fcrlicher und ruhiger Umgebung. Das Haus ist wie folgt aufgeteilt: Im Erdgeschoss befindet sich ein Eingangsbereich, der zu einem ger\\u00e4umigen und hellen Esszimmer mit herrlicher Aussicht, einer offenen und voll ausgestatteten K\\u00fcche (K\\u00fchlschrank, Ceranfeld, Backofen, Mikrowelle, Waschmaschine und Trockner), 1 G\\u00e4stetoilette, 1 gro\\u00dfes Badezimmer mit Badewanne und 1 Doppelzimmer f\\u00fchrt. Die erste Etage besteht aus einem ger\\u00e4umigen und hellen Wohnzimmer mit Bergblick, 3 Doppelzimmern und 2 B\\u00e4dern mit Dusche (1 en suite). Das Haus verf\\u00fcgt \\u00fcber eine Klimaanlage, Doppelverglasung. TEILM\\u00d6BLIERTE VERMIETUNG. Es gibt einen Pool mit erh\\u00f6htem Deck.\\r\\nVERMIETUNGSBEDINGUNGEN\\r\\n- Der Nachweis finanzieller Solvenz wird angefordert (Gehaltsabrechnungen, Arbeitsvertr\\u00e4ge mit mindestens 1 Jahr Besch\\u00e4ftigungsdauer).\\r\\n- Langfristige Vertr\\u00e4ge.\\r\\n- 1 Monatsmiete als Kaution.\\r\\n- 1 Monat Garantie.\\r\\n- Keine Haustiere erlaubt.\\r\\n- Andere Ausgaben, bitte bei der Agentur erfragen.\\r\\n\\r\\nNova Gesti\\u00f3, Immobilienagentur in Santany\\u00ed.&quot;,&quot;excerpt&quot;:&quot;Ein brandneues luxuri\\u00f6ses rustikales Landhaus steht in Santany\\u00ed zur Vermietung. Es handelt sich um ein zweist\\u00f6ckiges Haus mit 300 m2 (150 m2 pro Etage) auf einem 15.500 m2 gro\\u00dfen Grundst\\u00fcck, in nat\\u00fcrlicher und ruhiger Umgebung. Das Haus ist wie folgt aufgeteilt: Im Erdgeschoss befindet sich ein Eingangsbereich, der zu einem ger\\u00e4umigen und hellen Esszimmer mit [\\u2026]&quot;,&quot;short_excerpt&quot;:&quot;Ein brandneues luxuri\\u00f6ses rustikales Landhaus steht in Santany\\u00ed zur Vermietung. Es handelt sich um ein zweist\\u00f6ckiges Haus ...&quot;,&quot;long_excerpt&quot;:&quot;Ein brandneues luxuri\\u00f6ses rustikales Landhaus steht in Santany\\u00ed zur Vermietung. Es handelt sich um ein zweist\\u00f6ckiges Haus mit 300 m2 (150 m2 pro Etage) auf e...&quot;,&quot;link&quot;:&quot;https:\\\/\\\/novagestioinmobiliaria.com\\\/de\\\/propiedades-properties-immobilien\\\/luxurioeses-rustikales-landhaus-zur-miete-in-santanyi-ca1765sa-ade\\\/&quot;,&quot;offer_type&quot;:&quot;Zu vermieten&quot;,&quot;price&quot;:&quot;2.900 \\u20ac&quot;,&quot;location&quot;:&quot;S&quot;,&quot;is_featured&quot;:true,&quot;gallery&quot;:[{&quot;id&quot;:80311,&quot;url&quot;:&quot;https:\\\/\\\/novagestioinmobiliaria.com\\\/wp-content\\\/uploads\\\/2025\\\/06\\\/Finca-rustica-alquiler-Santanyi-ref-1765-1.jpg&quot;,&quot;alt&quot;:&quot;&quot;},{&quot;id&quot;:80320,&quot;url&quot;:&quot;https:\\\/\\\/novagestioinmobiliaria.com\\\/wp-content\\\/uploads\\\/2025\\\/06\\\/Finca-rustica-alquiler-Santanyi-ref-1765-4.jpg&quot;,&quot;alt&quot;:&quot;&quot;},{&quot;id&quot;:80323,&quot;url&quot;:&quot;https:\\\/\\\/novagestioinmobiliaria.com\\\/wp-content\\\/uploads\\\/2025\\\/06\\\/Finca-rustica-alquiler-Santanyi-ref-1765-5.jpg&quot;,&quot;alt&quot;:&quot;&quot;},{&quot;id&quot;:79101,&quot;url&quot;:&quot;https:\\\/\\\/novagestioinmobiliaria.com\\\/wp-content\\\/uploads\\\/2025\\\/06\\\/Finca-rustica-alquielr-Santanyi-ref-1765-18-1.jpg&quot;,&quot;alt&quot;:&quot;&quot;},{&quot;id&quot;:79071,&quot;url&quot;:&quot;https:\\\/\\\/novagestioinmobiliaria.com\\\/wp-content\\\/uploads\\\/2025\\\/06\\\/Finca-rustica-alquielr-Santanyi-ref-1765-7-1.jpg&quot;,&quot;alt&quot;:&quot;&quot;},{&quot;id&quot;:80326,&quot;url&quot;:&quot;https:\\\/\\\/novagestioinmobiliaria.com\\\/wp-content\\\/uploads\\\/2025\\\/06\\\/Finca-rustica-alquiler-Santanyi-ref-1765-7.jpg&quot;,&quot;alt&quot;:&quot;&quot;},{&quot;id&quot;:80356,&quot;url&quot;:&quot;https:\\\/\\\/novagestioinmobiliaria.com\\\/wp-content\\\/uploads\\\/2025\\\/06\\\/Finca-rustica-alquiler-Santanyi-ref-1765-17.jpg&quot;,&quot;alt&quot;:&quot;&quot;},{&quot;id&quot;:80329,&quot;url&quot;:&quot;https:\\\/\\\/novagestioinmobiliaria.com\\\/wp-content\\\/uploads\\\/2025\\\/06\\\/Finca-rustica-alquiler-Santanyi-ref-1765-8.jpg&quot;,&quot;alt&quot;:&quot;&quot;},{&quot;id&quot;:80359,&quot;url&quot;:&quot;https:\\\/\\\/novagestioinmobiliaria.com\\\/wp-content\\\/uploads\\\/2025\\\/06\\\/Finca-rustica-alquiler-Santanyi-ref-1765-18.jpg&quot;,&quot;alt&quot;:&quot;&quot;},{&quot;id&quot;:80362,&quot;url&quot;:&quot;https:\\\/\\\/novagestioinmobiliaria.com\\\/wp-content\\\/uploads\\\/2025\\\/06\\\/Finca-rustica-alquiler-Santanyi-ref-1765-6.jpg&quot;,&quot;alt&quot;:&quot;&quot;},{&quot;id&quot;:79107,&quot;url&quot;:&quot;https:\\\/\\\/novagestioinmobiliaria.com\\\/wp-content\\\/uploads\\\/2025\\\/06\\\/Finca-rustica-alquielr-Santanyi-ref-1765-20-1.jpg&quot;,&quot;alt&quot;:&quot;&quot;},{&quot;id&quot;:79080,&quot;url&quot;:&quot;https:\\\/\\\/novagestioinmobiliaria.com\\\/wp-content\\\/uploads\\\/2025\\\/06\\\/Finca-rustica-alquielr-Santanyi-ref-1765-10-1.jpg&quot;,&quot;alt&quot;:&quot;&quot;},{&quot;id&quot;:79110,&quot;url&quot;:&quot;https:\\\/\\\/novagestioinmobiliaria.com\\\/wp-content\\\/uploads\\\/2025\\\/06\\\/Finca-rustica-alquielr-Santanyi-ref-1765-21-1.jpg&quot;,&quot;alt&quot;:&quot;&quot;},{&quot;id&quot;:80344,&quot;url&quot;:&quot;https:\\\/\\\/novagestioinmobiliaria.com\\\/wp-content\\\/uploads\\\/2025\\\/06\\\/Finca-rustica-alquiler-Santanyi-ref-1765-13.jpg&quot;,&quot;alt&quot;:&quot;&quot;},{&quot;id&quot;:80317,&quot;url&quot;:&quot;https:\\\/\\\/novagestioinmobiliaria.com\\\/wp-content\\\/uploads\\\/2025\\\/06\\\/Finca-rustica-alquiler-Santanyi-ref-1765-3.jpg&quot;,&quot;alt&quot;:&quot;&quot;},{&quot;id&quot;:80347,&quot;url&quot;:&quot;https:\\\/\\\/novagestioinmobiliaria.com\\\/wp-content\\\/uploads\\\/2025\\\/06\\\/Finca-rustica-alquiler-Santanyi-ref-1765-14.jpg&quot;,&quot;alt&quot;:&quot;&quot;},{&quot;id&quot;:80350,&quot;url&quot;:&quot;https:\\\/\\\/novagestioinmobiliaria.com\\\/wp-content\\\/uploads\\\/2025\\\/06\\\/Finca-rustica-alquiler-Santanyi-ref-1765-15.jpg&quot;,&quot;alt&quot;:&quot;&quot;},{&quot;id&quot;:79092,&quot;url&quot;:&quot;https:\\\/\\\/novagestioinmobiliaria.com\\\/wp-content\\\/uploads\\\/2025\\\/06\\\/Finca-rustica-alquielr-Santanyi-ref-1765-14-1.jpg&quot;,&quot;alt&quot;:&quot;&quot;},{&quot;id&quot;:79116,&quot;url&quot;:&quot;https:\\\/\\\/novagestioinmobiliaria.com\\\/wp-content\\\/uploads\\\/2025\\\/06\\\/Finca-rustica-alquielr-Santanyi-ref-1765-23-1.jpg&quot;,&quot;alt&quot;:&quot;&quot;},{&quot;id&quot;:80338,&quot;url&quot;:&quot;https:\\\/\\\/novagestioinmobiliaria.com\\\/wp-content\\\/uploads\\\/2025\\\/06\\\/Finca-rustica-alquiler-Santanyi-ref-1765-11.jpg&quot;,&quot;alt&quot;:&quot;&quot;},{&quot;id&quot;:80335,&quot;url&quot;:&quot;https:\\\/\\\/novagestioinmobiliaria.com\\\/wp-content\\\/uploads\\\/2025\\\/06\\\/Finca-rustica-alquiler-Santanyi-ref-1765-10.jpg&quot;,&quot;alt&quot;:&quot;&quot;},{&quot;id&quot;:79083,&quot;url&quot;:&quot;https:\\\/\\\/novagestioinmobiliaria.com\\\/wp-content\\\/uploads\\\/2025\\\/06\\\/Finca-rustica-alquielr-Santanyi-ref-1765-11-1.jpg&quot;,&quot;alt&quot;:&quot;&quot;},{&quot;id&quot;:79113,&quot;url&quot;:&quot;https:\\\/\\\/novagestioinmobiliaria.com\\\/wp-content\\\/uploads\\\/2025\\\/06\\\/Finca-rustica-alquielr-Santanyi-ref-1765-22-1.jpg&quot;,&quot;alt&quot;:&quot;&quot;},{&quot;id&quot;:79056,&quot;url&quot;:&quot;https:\\\/\\\/novagestioinmobiliaria.com\\\/wp-content\\\/uploads\\\/2025\\\/06\\\/Finca-rustica-alquielr-Santanyi-ref-1765-2-1.jpg&quot;,&quot;alt&quot;:&quot;&quot;},{&quot;id&quot;:79053,&quot;url&quot;:&quot;https:\\\/\\\/novagestioinmobiliaria.com\\\/wp-content\\\/uploads\\\/2025\\\/06\\\/Finca-rustica-alquielr-Santanyi-ref-1765-1-1.jpg&quot;,&quot;alt&quot;:&quot;&quot;},{&quot;id&quot;:79086,&quot;url&quot;:&quot;https:\\\/\\\/novagestioinmobiliaria.com\\\/wp-content\\\/uploads\\\/2025\\\/06\\\/Finca-rustica-alquielr-Santanyi-ref-1765-12-2.jpg&quot;,&quot;alt&quot;:&quot;&quot;},{&quot;id&quot;:79089,&quot;url&quot;:&quot;https:\\\/\\\/novagestioinmobiliaria.com\\\/wp-content\\\/uploads\\\/2025\\\/06\\\/Finca-rustica-alquielr-Santanyi-ref-1765-13-1.jpg&quot;,&quot;alt&quot;:&quot;&quot;},{&quot;id&quot;:79062,&quot;url&quot;:&quot;https:\\\/\\\/novagestioinmobiliaria.com\\\/wp-content\\\/uploads\\\/2025\\\/06\\\/Finca-rustica-alquielr-Santanyi-ref-1765-4-1.jpg&quot;,&quot;alt&quot;:&quot;&quot;},{&quot;id&quot;:79059,&quot;url&quot;:&quot;https:\\\/\\\/novagestioinmobiliaria.com\\\/wp-content\\\/uploads\\\/2025\\\/06\\\/Finca-rustica-alquielr-Santanyi-ref-1765-3-1.jpg&quot;,&quot;alt&quot;:&quot;&quot;},{&quot;id&quot;:79095,&quot;url&quot;:&quot;https:\\\/\\\/novagestioinmobiliaria.com\\\/wp-content\\\/uploads\\\/2025\\\/06\\\/Finca-rustica-alquielr-Santanyi-ref-1765-15-1.jpg&quot;,&quot;alt&quot;:&quot;&quot;},{&quot;id&quot;:79065,&quot;url&quot;:&quot;https:\\\/\\\/novagestioinmobiliaria.com\\\/wp-content\\\/uploads\\\/2025\\\/06\\\/Finca-rustica-alquielr-Santanyi-ref-1765-5-1.jpg&quot;,&quot;alt&quot;:&quot;&quot;},{&quot;id&quot;:79098,&quot;url&quot;:&quot;https:\\\/\\\/novagestioinmobiliaria.com\\\/wp-content\\\/uploads\\\/2025\\\/06\\\/Finca-rustica-alquielr-Santanyi-ref-1765-17-1.jpg&quot;,&quot;alt&quot;:&quot;&quot;},{&quot;id&quot;:79068,&quot;url&quot;:&quot;https:\\\/\\\/novagestioinmobiliaria.com\\\/wp-content\\\/uploads\\\/2025\\\/06\\\/Finca-rustica-alquielr-Santanyi-ref-1765-6-1.jpg&quot;,&quot;alt&quot;:&quot;&quot;},{&quot;id&quot;:79104,&quot;url&quot;:&quot;https:\\\/\\\/novagestioinmobiliaria.com\\\/wp-content\\\/uploads\\\/2025\\\/06\\\/Finca-rustica-alquielr-Santanyi-ref-1765-19-1.jpg&quot;,&quot;alt&quot;:&quot;&quot;},{&quot;id&quot;:79074,&quot;url&quot;:&quot;https:\\\/\\\/novagestioinmobiliaria.com\\\/wp-content\\\/uploads\\\/2025\\\/06\\\/Finca-rustica-alquielr-Santanyi-ref-1765-8-1.jpg&quot;,&quot;alt&quot;:&quot;&quot;},{&quot;id&quot;:79077,&quot;url&quot;:&quot;https:\\\/\\\/novagestioinmobiliaria.com\\\/wp-content\\\/uploads\\\/2025\\\/06\\\/Finca-rustica-alquielr-Santanyi-ref-1765-9-2.jpg&quot;,&quot;alt&quot;:&quot;&quot;},{&quot;id&quot;:80332,&quot;url&quot;:&quot;https:\\\/\\\/novagestioinmobiliaria.com\\\/wp-content\\\/uploads\\\/2025\\\/06\\\/Finca-rustica-alquiler-Santanyi-ref-1765-9.jpg&quot;,&quot;alt&quot;:&quot;&quot;},{&quot;id&quot;:80353,&quot;url&quot;:&quot;https:\\\/\\\/novagestioinmobiliaria.com\\\/wp-content\\\/uploads\\\/2025\\\/06\\\/Finca-rustica-alquiler-Santanyi-ref-1765-16-scaled.jpg&quot;,&quot;alt&quot;:&quot;&quot;},{&quot;id&quot;:80314,&quot;url&quot;:&quot;https:\\\/\\\/novagestioinmobiliaria.com\\\/wp-content\\\/uploads\\\/2025\\\/06\\\/Finca-rustica-alquiler-Santanyi-ref-1765-2.jpg&quot;,&quot;alt&quot;:&quot;&quot;},{&quot;id&quot;:80341,&quot;url&quot;:&quot;https:\\\/\\\/novagestioinmobiliaria.com\\\/wp-content\\\/uploads\\\/2025\\\/06\\\/Finca-rustica-alquiler-Santanyi-ref-1765-12.jpg&quot;,&quot;alt&quot;:&quot;&quot;}],&quot;attributes&quot;:[{&quot;slug&quot;:&quot;property-type&quot;,&quot;name&quot;:&quot;Tipo propiedad&quot;,&quot;has_archive&quot;:true,&quot;elements&quot;:[{&quot;name&quot;:&quot;Fincas \\\/ Landh\\u00e4user&quot;,&quot;link&quot;:&quot;https:\\\/\\\/novagestioinmobiliaria.com\\\/de\\\/immobilientyp\\\/fincas-landhaeuser\\\/&quot;,&quot;slug&quot;:&quot;fincas-landhaeuser&quot;}],&quot;card&quot;:false,&quot;show&quot;:true,&quot;display_after&quot;:&quot;&quot;,&quot;new_box&quot;:false},{&quot;slug&quot;:&quot;offer-type&quot;,&quot;name&quot;:&quot;Tipo operaci\\u00f3n&quot;,&quot;has_archive&quot;:true,&quot;elements&quot;:[{&quot;name&quot;:&quot;Zu vermieten&quot;,&quot;link&quot;:&quot;https:\\\/\\\/novagestioinmobiliaria.com\\\/de\\\/offer-type\\\/zu-vermieten\\\/&quot;,&quot;slug&quot;:&quot;zu-vermieten&quot;}],&quot;card&quot;:true,&quot;show&quot;:true,&quot;display_after&quot;:&quot;&quot;,&quot;new_box&quot;:false},{&quot;slug&quot;:&quot;city&quot;,&quot;name&quot;:&quot;Zona&quot;,&quot;has_archive&quot;:true,&quot;elements&quot;:[{&quot;name&quot;:&quot;Santanyi&quot;,&quot;link&quot;:&quot;https:\\\/\\\/novagestioinmobiliaria.com\\\/de\\\/city\\\/santanyi-de\\\/&quot;,&quot;slug&quot;:&quot;santanyi-de&quot;}],&quot;card&quot;:false,&quot;show&quot;:true,&quot;display_after&quot;:&quot;&quot;,&quot;new_box&quot;:false},{&quot;slug&quot;:&quot;price&quot;,&quot;name&quot;:&quot;Precio&quot;,&quot;has_archive&quot;:false,&quot;elements&quot;:[{&quot;name&quot;:&quot;2900&quot;,&quot;link&quot;:&quot;&quot;,&quot;slug&quot;:&quot;&quot;}],&quot;show&quot;:false,&quot;card&quot;:false,&quot;display_after&quot;:&quot;\\u20ac&quot;,&quot;new_box&quot;:false},{&quot;slug&quot;:&quot;bedrooms&quot;,&quot;name&quot;:&quot;Habitaciones&quot;,&quot;has_archive&quot;:false,&quot;elements&quot;:[{&quot;name&quot;:&quot;4&quot;,&quot;link&quot;:&quot;&quot;,&quot;slug&quot;:&quot;&quot;}],&quot;show&quot;:true,&quot;card&quot;:true,&quot;display_after&quot;:&quot;&quot;,&quot;new_box&quot;:false},{&quot;slug&quot;:&quot;bathrooms&quot;,&quot;name&quot;:&quot;Ba\\u00f1os&quot;,&quot;has_archive&quot;:false,&quot;elements&quot;:[{&quot;name&quot;:&quot;4&quot;,&quot;link&quot;:&quot;&quot;,&quot;slug&quot;:&quot;&quot;}],&quot;show&quot;:true,&quot;card&quot;:true,&quot;display_after&quot;:&quot;&quot;,&quot;new_box&quot;:false},{&quot;slug&quot;:&quot;property-size&quot;,&quot;name&quot;:&quot;M2&quot;,&quot;has_archive&quot;:false,&quot;elements&quot;:[{&quot;name&quot;:&quot;300&quot;,&quot;link&quot;:&quot;&quot;,&quot;slug&quot;:&quot;&quot;}],&quot;show&quot;:true,&quot;card&quot;:true,&quot;display_after&quot;:&quot;m\\u00b2&quot;,&quot;new_box&quot;:false},{&quot;slug&quot;:&quot;year-built&quot;,&quot;name&quot;:&quot;A\\u00f1o&quot;,&quot;has_archive&quot;:false,&quot;elements&quot;:[{&quot;name&quot;:&quot;2025&quot;,&quot;link&quot;:&quot;&quot;,&quot;slug&quot;:&quot;&quot;}],&quot;show&quot;:true,&quot;card&quot;:false,&quot;display_after&quot;:&quot;&quot;,&quot;new_box&quot;:false},{&quot;slug&quot;:&quot;features&quot;,&quot;name&quot;:&quot;Caracter\\u00edsticas&quot;,&quot;has_archive&quot;:true,&quot;elements&quot;:[{&quot;name&quot;:&quot;4 Schlafzimmer&quot;,&quot;link&quot;:&quot;https:\\\/\\\/novagestioinmobiliaria.com\\\/de\\\/eigenschaften\\\/4-schlafzimmer\\\/&quot;,&quot;slug&quot;:&quot;4-schlafzimmer&quot;},{&quot;name&quot;:&quot;Ausblick auf die Berge&quot;,&quot;link&quot;:&quot;https:\\\/\\\/novagestioinmobiliaria.com\\\/de\\\/eigenschaften\\\/ausblick-auf-die-berge\\\/&quot;,&quot;slug&quot;:&quot;ausblick-auf-die-berge&quot;},{&quot;name&quot;:&quot;Einbauk\\u00fcche&quot;,&quot;link&quot;:&quot;https:\\\/\\\/novagestioinmobiliaria.com\\\/de\\\/eigenschaften\\\/einbaukueche\\\/&quot;,&quot;slug&quot;:&quot;einbaukueche&quot;},{&quot;name&quot;:&quot;Garten&quot;,&quot;link&quot;:&quot;https:\\\/\\\/novagestioinmobiliaria.com\\\/de\\\/eigenschaften\\\/garten\\\/&quot;,&quot;slug&quot;:&quot;garten&quot;},{&quot;name&quot;:&quot;Haustiere erlaubt&quot;,&quot;link&quot;:&quot;https:\\\/\\\/novagestioinmobiliaria.com\\\/de\\\/eigenschaften\\\/haustiere-erlaubt\\\/&quot;,&quot;slug&quot;:&quot;haustiere-erlaubt&quot;},{&quot;name&quot;:&quot;Klimaanlage&quot;,&quot;link&quot;:&quot;https:\\\/\\\/novagestioinmobiliaria.com\\\/de\\\/eigenschaften\\\/klimaanlage\\\/&quot;,&quot;slug&quot;:&quot;klimaanlage&quot;},{&quot;name&quot;:&quot;M\\u00f6bliert&quot;,&quot;link&quot;:&quot;https:\\\/\\\/novagestioinmobiliaria.com\\\/de\\\/eigenschaften\\\/moebliert\\\/&quot;,&quot;slug&quot;:&quot;moebliert&quot;},{&quot;name&quot;:&quot;Neubau&quot;,&quot;link&quot;:&quot;https:\\\/\\\/novagestioinmobiliaria.com\\\/de\\\/eigenschaften\\\/neubau\\\/&quot;,&quot;slug&quot;:&quot;neubau&quot;},{&quot;name&quot;:&quot;Privatpool&quot;,&quot;link&quot;:&quot;https:\\\/\\\/novagestioinmobiliaria.com\\\/de\\\/eigenschaften\\\/privatpool\\\/&quot;,&quot;slug&quot;:&quot;privatpool&quot;},{&quot;name&quot;:&quot;Ruhige Lage&quot;,&quot;link&quot;:&quot;https:\\\/\\\/novagestioinmobiliaria.com\\\/de\\\/eigenschaften\\\/ruhige-lage\\\/&quot;,&quot;slug&quot;:&quot;ruhige-lage&quot;},{&quot;name&quot;:&quot;Strand in der N\\u00e4he&quot;,&quot;link&quot;:&quot;https:\\\/\\\/novagestioinmobiliaria.com\\\/de\\\/eigenschaften\\\/strand-in-der-nahe-de\\\/&quot;,&quot;slug&quot;:&quot;strand-in-der-nahe-de&quot;},{&quot;name&quot;:&quot;Terrasse&quot;,&quot;link&quot;:&quot;https:\\\/\\\/novagestioinmobiliaria.com\\\/de\\\/eigenschaften\\\/terrasse\\\/&quot;,&quot;slug&quot;:&quot;terrasse&quot;},{&quot;name&quot;:&quot;Unverbaubare Aussicht&quot;,&quot;link&quot;:&quot;https:\\\/\\\/novagestioinmobiliaria.com\\\/de\\\/eigenschaften\\\/unverbaubare-aussicht\\\/&quot;,&quot;slug&quot;:&quot;unverbaubare-aussicht&quot;}],&quot;card&quot;:false,&quot;show&quot;:true,&quot;display_after&quot;:&quot;&quot;,&quot;new_box&quot;:true}],&quot;views&quot;:21,&quot;days_ago&quot;:&quot;1\\u00a0Monat.&quot;,&quot;image_id&quot;:80311,&quot;image_url&quot;:&quot;https:\\\/\\\/novagestioinmobiliaria.com\\\/wp-content\\\/uploads\\\/2025\\\/06\\\/Finca-rustica-alquiler-Santanyi-ref-1765-1.jpg&quot;,&quot;tags&quot;:[{&quot;name&quot;:&quot;Caracter\\u00edsticas&quot;,&quot;elements&quot;:[{&quot;name&quot;:&quot;4 Schlafzimmer&quot;,&quot;link&quot;:&quot;https:\\\/\\\/novagestioinmobiliaria.com\\\/de\\\/eigenschaften\\\/4-schlafzimmer\\\/&quot;},{&quot;name&quot;:&quot;Ausblick auf die Berge&quot;,&quot;link&quot;:&quot;https:\\\/\\\/novagestioinmobiliaria.com\\\/de\\\/eigenschaften\\\/ausblick-auf-die-berge\\\/&quot;},{&quot;name&quot;:&quot;Einbauk\\u00fcche&quot;,&quot;link&quot;:&quot;https:\\\/\\\/novagestioinmobiliaria.com\\\/de\\\/eigenschaften\\\/einbaukueche\\\/&quot;},{&quot;name&quot;:&quot;Garten&quot;,&quot;link&quot;:&quot;https:\\\/\\\/novagestioinmobiliaria.com\\\/de\\\/eigenschaften\\\/garten\\\/&quot;},{&quot;name&quot;:&quot;Haustiere erlaubt&quot;,&quot;link&quot;:&quot;https:\\\/\\\/novagestioinmobiliaria.com\\\/de\\\/eigenschaften\\\/haustiere-erlaubt\\\/&quot;},{&quot;name&quot;:&quot;Klimaanlage&quot;,&quot;link&quot;:&quot;https:\\\/\\\/novagestioinmobiliaria.com\\\/de\\\/eigenschaften\\\/klimaanlage\\\/&quot;},{&quot;name&quot;:&quot;M\\u00f6bliert&quot;,&quot;link&quot;:&quot;https:\\\/\\\/novagestioinmobiliaria.com\\\/de\\\/eigenschaften\\\/moebliert\\\/&quot;},{&quot;name&quot;:&quot;Neubau&quot;,&quot;link&quot;:&quot;https:\\\/\\\/novagestioinmobiliaria.com\\\/de\\\/eigenschaften\\\/neubau\\\/&quot;},{&quot;name&quot;:&quot;Privatpool&quot;,&quot;link&quot;:&quot;https:\\\/\\\/novagestioinmobiliaria.com\\\/de\\\/eigenschaften\\\/privatpool\\\/&quot;},{&quot;name&quot;:&quot;Ruhige Lage&quot;,&quot;link&quot;:&quot;https:\\\/\\\/novagestioinmobiliaria.com\\\/de\\\/eigenschaften\\\/ruhige-lage\\\/&quot;},{&quot;name&quot;:&quot;Strand in der N\\u00e4he&quot;,&quot;link&quot;:&quot;https:\\\/\\\/novagestioinmobiliaria.com\\\/de\\\/eigenschaften\\\/strand-in-der-nahe-de\\\/&quot;},{&quot;name&quot;:&quot;Terrasse&quot;,&quot;link&quot;:&quot;https:\\\/\\\/novagestioinmobiliaria.com\\\/de\\\/eigenschaften\\\/terrasse\\\/&quot;},{&quot;name&quot;:&quot;Unverbaubare Aussicht&quot;,&quot;link&quot;:&quot;https:\\\/\\\/novagestioinmobiliaria.com\\\/de\\\/eigenschaften\\\/unverbaubare-aussicht\\\/&quot;}],&quot;has_archive&quot;:true}],&quot;status&quot;:&quot;publish&quot;,&quot;plans&quot;:[],&quot;video_plan&quot;:{&quot;src&quot;:&quot;&quot;,&quot;video&quot;:&quot;&quot;},&quot;virtual_tour&quot;:null,&quot;state&quot;:&quot;&quot;,&quot;labels&quot;:[],&quot;image&quot;:&quot;https:\\\/\\\/novagestioinmobiliaria.com\\\/wp-content\\\/uploads\\\/2025\\\/06\\\/Finca-rustica-alquiler-Santanyi-ref-1765-1-400x250.jpg&quot;,&quot;image_srcset&quot;:&quot;https:\\\/\\\/novagestioinmobiliaria.com\\\/wp-content\\\/uploads\\\/2025\\\/06\\\/Finca-rustica-alquiler-Santanyi-ref-1765-1-200x125.jpg 200w, https:\\\/\\\/novagestioinmobiliaria.com\\\/wp-content\\\/uploads\\\/2025\\\/06\\\/Finca-rustica-alquiler-Santanyi-ref-1765-1-1200x750.jpg 1200w, https:\\\/\\\/novagestioinmobiliaria.com\\\/wp-content\\\/uploads\\\/2025\\\/06\\\/Finca-rustica-alquiler-Santanyi-ref-1765-1-800x500.jpg 800w, https:\\\/\\\/novagestioinmobiliaria.com\\\/wp-content\\\/uploads\\\/2025\\\/06\\\/Finca-rustica-alquiler-Santanyi-ref-1765-1-600x375.jpg 600w, https:\\\/\\\/novagestioinmobiliaria.com\\\/wp-content\\\/uploads\\\/2025\\\/06\\\/Finca-rustica-alquiler-Santanyi-ref-1765-1-400x250.jpg 400w&quot;}'>\r\n\t\t\t\t\t\t\t\t\t\t\t\t\t<\/compare-button>\r\n\t\t\t\t\t\t\t\t\t\t\t\t<\/div>\r\n\t\t\t\t\t\t\t\t\t\t\t\t<div class=\"mh-estate-vertical__buttons__single\">\r\n\t\t\t\t\t\t\t\t\t\t\t\t\t<a href=\"https:\/\/novagestioinmobiliaria.com\/de\/propiedades-properties-immobilien\/luxurioeses-rustikales-landhaus-zur-miete-in-santanyi-ca1765sa-ade\/\"\r\n\t\t\t\t\t\t\t\t\t\t\t\t\t   title=\"Luxuri\u00f6ses rustikales Landhaus zur Miete in Santany\u00ed : : CA1765SA-ADE\"\r\n\t\t\t\t\t\t\t\t\t\t\t\t\t   class=\"mdl-button mdl-js-button mdl-button--raised mdl-js-ripple-effect mdl-button--primary-ghost\">\r\n\t\t\t\t\t\t\t\t\t\t\t\t\t\tDetails\t\t\t\t\t\t\t\t\t\t\t\t\t\t<span class=\"mdl-button__icon-right\"><i class=\"fa fa-angle-right\"><\/i><\/span>\r\n\t\t\t\t\t\t\t\t\t\t\t\t\t<\/a>\r\n\t\t\t\t\t\t\t\t\t\t\t\t<\/div>\r\n\t\t\t\t\t\t\t\t\t\t\t<\/div>\r\n\t\t\t\t\t\t\t\t\t\t<\/div>\r\n\t\t\t\t\t\t\t\t\t<\/div>\r\n\t\t\t\t\t\t\t\t<\/div>\r\n\t\t\t\t\t\t\t<\/div>\r\n\t\t\t\t\t\t<\/article>\r\n\t\t\t\t\t<\/div>\r\n\t\t\t\t\r\n\t\t\t\t\t<div class=\"item\">\r\n\t\t\t\t\t\t<article class=\"mh-estate-vertical mh-estate-vertical--white  mh-attribute-property-type__wohnungen-apartments mh-attribute-offer-type__zu-vermieten mh-attribute-city__sa-rapita-de mh-attribute-features__2-doppelzimmer mh-attribute-features__balkon mh-attribute-features__einbaukueche mh-attribute-features__haustiere-nicht-erlaubt mh-attribute-features__meerblick mh-attribute-features__moebliert mh-attribute-features__ruhige-lage\">\r\n\t\t\t\t\t\t\t<a href=\"https:\/\/novagestioinmobiliaria.com\/de\/propiedades-properties-immobilien\/wohnung-zur-miete-in-sa-rapita-pi1644sr-ade\/\"\r\n\t\t\t\t\t\t\t   title=\"Wohnung zur Miete in Sa R\u00e1pita : : PI1644SR-ADE\"\r\n\t\t\t\t\t\t\t   class=\"mh-thumbnail\">\r\n                        <span class=\"mh-thumbnail__inner\">\r\n                                    <img\r\n                    data-srcset=\"https:\/\/novagestioinmobiliaria.com\/wp-content\/uploads\/2024\/06\/Pios-alquiler-Sa-Rapita-ref-1644-8-200x125.jpg 200w, https:\/\/novagestioinmobiliaria.com\/wp-content\/uploads\/2024\/06\/Pios-alquiler-Sa-Rapita-ref-1644-8-800x500.jpg 800w, https:\/\/novagestioinmobiliaria.com\/wp-content\/uploads\/2024\/06\/Pios-alquiler-Sa-Rapita-ref-1644-8-600x375.jpg 600w, https:\/\/novagestioinmobiliaria.com\/wp-content\/uploads\/2024\/06\/Pios-alquiler-Sa-Rapita-ref-1644-8-400x250.jpg 400w\"\r\n                    class=\"lazyload \" alt=\"Wohnung zur Miete in Sa R\u00e1pita : : PI1644SR-ADE\"\r\n                    data-sizes=\"auto\"\r\n            >\r\n\t\t\t                        <\/span>\r\n\r\n\t\t\t\t\t\t\t\t\t\t\t\t\t\t\t\t\t<div class=\"mh-caption\">\r\n\t\t\t\t\t\t\t\t\t\t<div class=\"mh-caption__inner\">\r\n\t\t\t\t\t\t\t\t\t\t\tZu vermieten\t\t\t\t\t\t\t\t\t\t<\/div>\r\n\t\t\t\t\t\t\t\t\t<\/div>\r\n\t\t\t\t\t\t\t\t\t\r\n\t\t\t\t\t\t\t\t<div class=\"mh-estate-vertical__text\">\r\n\t\t\t\t\t\t\t\t\t<div class=\"mh-estate-vertical__text__inner\">\r\n\t\t\t\t\t\t\t\t\t\tVERF\u00dcGBAR VOM 1.4.2026 BIS 31.5.2026 VERF\u00dcGBAR VOM 15.9.2026 BIS 15.6.2027 Wohnung zur Miete in Sa R\u00e1pita mit einer Gesamtfl\u00e4che von...\t\t\t\t\t\t\t\t\t<\/div>\r\n\t\t\t\t\t\t\t\t<\/div>\r\n\t\t\t\t\t\t\t<\/a>\r\n\r\n\t\t\t\t\t\t\t<div class=\"mh-estate-vertical__content\">\r\n\t\t\t\t\t\t\t\t<h3 class=\"mh-estate-vertical__heading\">\r\n\t\t\t\t\t\t\t\t\t<a href=\"https:\/\/novagestioinmobiliaria.com\/de\/propiedades-properties-immobilien\/wohnung-zur-miete-in-sa-rapita-pi1644sr-ade\/\"\r\n\t\t\t\t\t\t\t\t\t   title=\"Wohnung zur Miete in Sa R\u00e1pita : : PI1644SR-ADE\">\r\n\t\t\t\t\t\t\t\t\t\tWohnung zur Miete in Sa R\u00e1pita : : PI1644SR-ADE\t\t\t\t\t\t\t\t\t<\/a>\r\n\t\t\t\t\t\t\t\t<\/h3>\r\n\t\t\t\t\t\t\t\t<address class=\"mh-estate-vertical__subheading\">\r\n\t\t\t\t\t\t\t\t\tS\t\t\t\t\t\t\t\t<\/address>\r\n\t\t\t\t\t\t\t\t<div class=\"mh-estate-vertical__primary\">\r\n\t\t\t\t\t\t\t\t\t1.300 \u20ac\t\t\t\t\t\t\t\t<\/div>\r\n\r\n\t\t\t\t\t\t\t\t<div>\r\n\t\t\t\t\t\t\t\t\t<div class=\"mh-estate__list\">\r\n\t\t\t\t\t\t\t\t\t\t\r\n\t\t\t\t\t\t\t\t\t\t\t<span class=\"mh-estate-vertical__more-info mh-estate_attribute-offer-type\">\r\n                                        <strong>Tipo operaci\u00f3n:<\/strong>\r\n\t\t\t\t\t\t\t\t\t\t\t\t\t\t\t\t\t\t\t\t\t\t\t\t\t\tZu vermieten\t\t\t\t\t\t\t\t\t\t\t\t\t\t                                    <\/span>\r\n\r\n\t\t\t\t\t\t\t\t\t\t\r\n\t\t\t\t\t\t\t\t\t\t\t<span class=\"mh-estate-vertical__more-info mh-estate_attribute-bedrooms\">\r\n                                        <strong>Habitaciones:<\/strong>\r\n\t\t\t\t\t\t\t\t\t\t\t\t2                                    <\/span>\r\n\r\n\t\t\t\t\t\t\t\t\t\t\r\n\t\t\t\t\t\t\t\t\t\t\t<span class=\"mh-estate-vertical__more-info mh-estate_attribute-bathrooms\">\r\n                                        <strong>Ba\u00f1os:<\/strong>\r\n\t\t\t\t\t\t\t\t\t\t\t\t2                                    <\/span>\r\n\r\n\t\t\t\t\t\t\t\t\t\t\r\n\t\t\t\t\t\t\t\t\t\t\t<span class=\"mh-estate-vertical__more-info mh-estate_attribute-property-size\">\r\n                                        <strong>M2:<\/strong>\r\n\t\t\t\t\t\t\t\t\t\t\t\t90 m\u00b2                                    <\/span>\r\n\r\n\t\t\t\t\t\t\t\t\t\t\t\t\t\t\t\t\t\t\t<\/div>\r\n\t\t\t\t\t\t\t\t<\/div>\r\n\r\n\t\t\t\t\t\t\t\t<div class=\"mh-estate-vertical__bottom\">\r\n\t\t\t\t\t\t\t\t\t<div class=\"mh-estate-vertical__bottom__inner\">\r\n\t\t\t\t\t\t\t\t\t\t<div class=\"mh-estate-vertical__date\">\r\n\t\t\t\t\t\t\t\t\t\t\t2 monat.\t\t\t\t\t\t\t\t\t\t<\/div>\r\n\t\t\t\t\t\t\t\t\t\t<div class=\"mh-estate-vertical__buttons-wrapper\">\r\n\t\t\t\t\t\t\t\t\t\t\t<div class=\"mh-estate-vertical__buttons\">\r\n\t\t\t\t\t\t\t\t\t\t\t\t<div class=\"mh-estate-vertical__buttons__single\">\r\n\t\t\t\t\t\t\t\t\t\t\t\t\t<compare-button class=\"myhome-compare\"\r\n\t\t\t\t\t\t\t\t\t\t\t\t\t\t\t\t\t:translations='{&quot;added&quot;:&quot;Zus\\u00e4tzlich&quot;,&quot;compare&quot;:&quot;Vergleichen&quot;}'\r\n\t\t\t\t\t\t\t\t\t\t\t\t\t\t\t\t\t:estate='{&quot;short_excerpt_limit&quot;:125,&quot;long_excerpt_limit&quot;:160,&quot;id&quot;:88142,&quot;agent_id&quot;:&quot;26&quot;,&quot;title&quot;:&quot;Wohnung zur Miete in Sa R\\u00e1pita : : PI1644SR-ADE&quot;,&quot;content&quot;:&quot;VERF\\u00dcGBAR VOM 1.4.2026 BIS 31.5.2026\\r\\nVERF\\u00dcGBAR VOM 15.9.2026 BIS 15.6.2027\\r\\nWohnung zur Miete in Sa R\\u00e1pita mit einer Gesamtfl\\u00e4che von 90 m\\u00b2. Die Unterkunft besteht aus 2 Doppelzimmern mit Einbauschr\\u00e4nken und 2 Badezimmern. Beim Betreten finden wir einen ger\\u00e4umigen Balkon, der uns eine gute Bel\\u00fcftung und nat\\u00fcrliches Licht erm\\u00f6glicht. Die K\\u00fcche ist voll ausgestattet und f\\u00fchrt zu einem gem\\u00fctlichen Esszimmer. Dar\\u00fcber hinaus verf\\u00fcgt sie \\u00fcber einen separaten Waschraum und befindet sich in sehr gutem Zustand. Die Wohnung ist m\\u00f6bliert und die Kosten f\\u00fcr Wasser, Strom und Internet sind in der Miete enthalten. Die S\\u00fcdausrichtung der Immobilie gew\\u00e4hrleistet eine ausgezeichnete Beleuchtung den ganzen Tag \\u00fcber. Sie befindet sich im ersten Stock eines gut gepflegten Geb\\u00e4udes.\\r\\nMIETBEDINGUNGEN\\r\\n- Mietdauer vom 1.4.2026 bis 31.5.2026 und\\\/oder 15.9.2026 bis 15.6.2027\\r\\n- Nachweisbare finanzielle Solvenz\\r\\n- Eine Monatsmiete als Kaution\\r\\n- Keine Haustiere erlaubt\\r\\n- Weitere Kosten auf Anfrage\\r\\n\\r\\nNova Gesti\\u00f3, Immobilienagentur in Sa R\\u00e1pita.&quot;,&quot;excerpt&quot;:&quot;VERF\\u00dcGBAR VOM 1.4.2026 BIS 31.5.2026 VERF\\u00dcGBAR VOM 15.9.2026 BIS 15.6.2027 Wohnung zur Miete in Sa R\\u00e1pita mit einer Gesamtfl\\u00e4che von 90 m\\u00b2. Die Unterkunft besteht aus 2 Doppelzimmern mit Einbauschr\\u00e4nken und 2 Badezimmern. Beim Betreten finden wir einen ger\\u00e4umigen Balkon, der uns eine gute Bel\\u00fcftung und nat\\u00fcrliches Licht erm\\u00f6glicht. Die K\\u00fcche ist voll ausgestattet und [\\u2026]&quot;,&quot;short_excerpt&quot;:&quot;VERF\\u00dcGBAR VOM 1.4.2026 BIS 31.5.2026\\r\\nVERF\\u00dcGBAR VOM 15.9.2026 BIS 15.6.2027\\r\\nWohnung zur Miete in Sa R\\u00e1pita mit einer Gesa...&quot;,&quot;long_excerpt&quot;:&quot;VERF\\u00dcGBAR VOM 1.4.2026 BIS 31.5.2026\\r\\nVERF\\u00dcGBAR VOM 15.9.2026 BIS 15.6.2027\\r\\nWohnung zur Miete in Sa R\\u00e1pita mit einer Gesamtfl\\u00e4che von 90 m\\u00b2. Die Unterkunft ...&quot;,&quot;link&quot;:&quot;https:\\\/\\\/novagestioinmobiliaria.com\\\/de\\\/propiedades-properties-immobilien\\\/wohnung-zur-miete-in-sa-rapita-pi1644sr-ade\\\/&quot;,&quot;offer_type&quot;:&quot;Zu vermieten&quot;,&quot;price&quot;:&quot;1.300 \\u20ac&quot;,&quot;location&quot;:&quot;S&quot;,&quot;is_featured&quot;:true,&quot;gallery&quot;:[{&quot;id&quot;:72277,&quot;url&quot;:&quot;https:\\\/\\\/novagestioinmobiliaria.com\\\/wp-content\\\/uploads\\\/2024\\\/06\\\/Pios-alquiler-Sa-Rapita-ref-1644-1.jpg&quot;,&quot;alt&quot;:&quot;&quot;},{&quot;id&quot;:72280,&quot;url&quot;:&quot;https:\\\/\\\/novagestioinmobiliaria.com\\\/wp-content\\\/uploads\\\/2024\\\/06\\\/Pios-alquiler-Sa-Rapita-ref-1644-2.jpg&quot;,&quot;alt&quot;:&quot;&quot;},{&quot;id&quot;:72283,&quot;url&quot;:&quot;https:\\\/\\\/novagestioinmobiliaria.com\\\/wp-content\\\/uploads\\\/2024\\\/06\\\/Pios-alquiler-Sa-Rapita-ref-1644-3.jpg&quot;,&quot;alt&quot;:&quot;&quot;},{&quot;id&quot;:72286,&quot;url&quot;:&quot;https:\\\/\\\/novagestioinmobiliaria.com\\\/wp-content\\\/uploads\\\/2024\\\/06\\\/Pios-alquiler-Sa-Rapita-ref-1644-4.jpg&quot;,&quot;alt&quot;:&quot;&quot;},{&quot;id&quot;:72289,&quot;url&quot;:&quot;https:\\\/\\\/novagestioinmobiliaria.com\\\/wp-content\\\/uploads\\\/2024\\\/06\\\/Pios-alquiler-Sa-Rapita-ref-1644-5.jpg&quot;,&quot;alt&quot;:&quot;&quot;},{&quot;id&quot;:72292,&quot;url&quot;:&quot;https:\\\/\\\/novagestioinmobiliaria.com\\\/wp-content\\\/uploads\\\/2024\\\/06\\\/Pios-alquiler-Sa-Rapita-ref-1644-6.jpg&quot;,&quot;alt&quot;:&quot;&quot;},{&quot;id&quot;:72295,&quot;url&quot;:&quot;https:\\\/\\\/novagestioinmobiliaria.com\\\/wp-content\\\/uploads\\\/2024\\\/06\\\/Pios-alquiler-Sa-Rapita-ref-1644-7.jpg&quot;,&quot;alt&quot;:&quot;&quot;},{&quot;id&quot;:72298,&quot;url&quot;:&quot;https:\\\/\\\/novagestioinmobiliaria.com\\\/wp-content\\\/uploads\\\/2024\\\/06\\\/Pios-alquiler-Sa-Rapita-ref-1644-8.jpg&quot;,&quot;alt&quot;:&quot;&quot;},{&quot;id&quot;:72301,&quot;url&quot;:&quot;https:\\\/\\\/novagestioinmobiliaria.com\\\/wp-content\\\/uploads\\\/2024\\\/06\\\/Pios-alquiler-Sa-Rapita-ref-1644-9.jpg&quot;,&quot;alt&quot;:&quot;&quot;},{&quot;id&quot;:72304,&quot;url&quot;:&quot;https:\\\/\\\/novagestioinmobiliaria.com\\\/wp-content\\\/uploads\\\/2024\\\/06\\\/Pios-alquiler-Sa-Rapita-ref-1644-10.jpg&quot;,&quot;alt&quot;:&quot;&quot;},{&quot;id&quot;:72307,&quot;url&quot;:&quot;https:\\\/\\\/novagestioinmobiliaria.com\\\/wp-content\\\/uploads\\\/2024\\\/06\\\/Pios-alquiler-Sa-Rapita-ref-1644-11.jpg&quot;,&quot;alt&quot;:&quot;&quot;},{&quot;id&quot;:72310,&quot;url&quot;:&quot;https:\\\/\\\/novagestioinmobiliaria.com\\\/wp-content\\\/uploads\\\/2024\\\/06\\\/Pios-alquiler-Sa-Rapita-ref-1644-12.jpg&quot;,&quot;alt&quot;:&quot;&quot;},{&quot;id&quot;:72313,&quot;url&quot;:&quot;https:\\\/\\\/novagestioinmobiliaria.com\\\/wp-content\\\/uploads\\\/2024\\\/06\\\/Pios-alquiler-Sa-Rapita-ref-1644-13.jpg&quot;,&quot;alt&quot;:&quot;&quot;}],&quot;attributes&quot;:[{&quot;slug&quot;:&quot;property-type&quot;,&quot;name&quot;:&quot;Tipo propiedad&quot;,&quot;has_archive&quot;:true,&quot;elements&quot;:[{&quot;name&quot;:&quot;Wohnungen \\\/ Apartments&quot;,&quot;link&quot;:&quot;https:\\\/\\\/novagestioinmobiliaria.com\\\/de\\\/immobilientyp\\\/wohnungen-apartments\\\/&quot;,&quot;slug&quot;:&quot;wohnungen-apartments&quot;}],&quot;card&quot;:false,&quot;show&quot;:true,&quot;display_after&quot;:&quot;&quot;,&quot;new_box&quot;:false},{&quot;slug&quot;:&quot;offer-type&quot;,&quot;name&quot;:&quot;Tipo operaci\\u00f3n&quot;,&quot;has_archive&quot;:true,&quot;elements&quot;:[{&quot;name&quot;:&quot;Zu vermieten&quot;,&quot;link&quot;:&quot;https:\\\/\\\/novagestioinmobiliaria.com\\\/de\\\/offer-type\\\/zu-vermieten\\\/&quot;,&quot;slug&quot;:&quot;zu-vermieten&quot;}],&quot;card&quot;:true,&quot;show&quot;:true,&quot;display_after&quot;:&quot;&quot;,&quot;new_box&quot;:false},{&quot;slug&quot;:&quot;city&quot;,&quot;name&quot;:&quot;Zona&quot;,&quot;has_archive&quot;:true,&quot;elements&quot;:[{&quot;name&quot;:&quot;Sa R\\u00e0pita&quot;,&quot;link&quot;:&quot;https:\\\/\\\/novagestioinmobiliaria.com\\\/de\\\/city\\\/sa-rapita-de\\\/&quot;,&quot;slug&quot;:&quot;sa-rapita-de&quot;}],&quot;card&quot;:false,&quot;show&quot;:true,&quot;display_after&quot;:&quot;&quot;,&quot;new_box&quot;:false},{&quot;slug&quot;:&quot;price&quot;,&quot;name&quot;:&quot;Precio&quot;,&quot;has_archive&quot;:false,&quot;elements&quot;:[{&quot;name&quot;:&quot;1300&quot;,&quot;link&quot;:&quot;&quot;,&quot;slug&quot;:&quot;&quot;}],&quot;show&quot;:false,&quot;card&quot;:false,&quot;display_after&quot;:&quot;\\u20ac&quot;,&quot;new_box&quot;:false},{&quot;slug&quot;:&quot;bedrooms&quot;,&quot;name&quot;:&quot;Habitaciones&quot;,&quot;has_archive&quot;:false,&quot;elements&quot;:[{&quot;name&quot;:&quot;2&quot;,&quot;link&quot;:&quot;&quot;,&quot;slug&quot;:&quot;&quot;}],&quot;show&quot;:true,&quot;card&quot;:true,&quot;display_after&quot;:&quot;&quot;,&quot;new_box&quot;:false},{&quot;slug&quot;:&quot;bathrooms&quot;,&quot;name&quot;:&quot;Ba\\u00f1os&quot;,&quot;has_archive&quot;:false,&quot;elements&quot;:[{&quot;name&quot;:&quot;2&quot;,&quot;link&quot;:&quot;&quot;,&quot;slug&quot;:&quot;&quot;}],&quot;show&quot;:true,&quot;card&quot;:true,&quot;display_after&quot;:&quot;&quot;,&quot;new_box&quot;:false},{&quot;slug&quot;:&quot;property-size&quot;,&quot;name&quot;:&quot;M2&quot;,&quot;has_archive&quot;:false,&quot;elements&quot;:[{&quot;name&quot;:&quot;90&quot;,&quot;link&quot;:&quot;&quot;,&quot;slug&quot;:&quot;&quot;}],&quot;show&quot;:true,&quot;card&quot;:true,&quot;display_after&quot;:&quot;m\\u00b2&quot;,&quot;new_box&quot;:false},{&quot;slug&quot;:&quot;features&quot;,&quot;name&quot;:&quot;Caracter\\u00edsticas&quot;,&quot;has_archive&quot;:true,&quot;elements&quot;:[{&quot;name&quot;:&quot;2 Doppelzimmer&quot;,&quot;link&quot;:&quot;https:\\\/\\\/novagestioinmobiliaria.com\\\/de\\\/eigenschaften\\\/2-doppelzimmer\\\/&quot;,&quot;slug&quot;:&quot;2-doppelzimmer&quot;},{&quot;name&quot;:&quot;Balkon&quot;,&quot;link&quot;:&quot;https:\\\/\\\/novagestioinmobiliaria.com\\\/de\\\/eigenschaften\\\/balkon\\\/&quot;,&quot;slug&quot;:&quot;balkon&quot;},{&quot;name&quot;:&quot;Einbauk\\u00fcche&quot;,&quot;link&quot;:&quot;https:\\\/\\\/novagestioinmobiliaria.com\\\/de\\\/eigenschaften\\\/einbaukueche\\\/&quot;,&quot;slug&quot;:&quot;einbaukueche&quot;},{&quot;name&quot;:&quot;Haustiere NICHT erlaubt&quot;,&quot;link&quot;:&quot;https:\\\/\\\/novagestioinmobiliaria.com\\\/de\\\/eigenschaften\\\/haustiere-nicht-erlaubt\\\/&quot;,&quot;slug&quot;:&quot;haustiere-nicht-erlaubt&quot;},{&quot;name&quot;:&quot;Meerblick&quot;,&quot;link&quot;:&quot;https:\\\/\\\/novagestioinmobiliaria.com\\\/de\\\/eigenschaften\\\/meerblick\\\/&quot;,&quot;slug&quot;:&quot;meerblick&quot;},{&quot;name&quot;:&quot;M\\u00f6bliert&quot;,&quot;link&quot;:&quot;https:\\\/\\\/novagestioinmobiliaria.com\\\/de\\\/eigenschaften\\\/moebliert\\\/&quot;,&quot;slug&quot;:&quot;moebliert&quot;},{&quot;name&quot;:&quot;Ruhige Lage&quot;,&quot;link&quot;:&quot;https:\\\/\\\/novagestioinmobiliaria.com\\\/de\\\/eigenschaften\\\/ruhige-lage\\\/&quot;,&quot;slug&quot;:&quot;ruhige-lage&quot;}],&quot;card&quot;:false,&quot;show&quot;:true,&quot;display_after&quot;:&quot;&quot;,&quot;new_box&quot;:true}],&quot;views&quot;:13,&quot;days_ago&quot;:&quot;2 monat.&quot;,&quot;image_id&quot;:72298,&quot;image_url&quot;:&quot;https:\\\/\\\/novagestioinmobiliaria.com\\\/wp-content\\\/uploads\\\/2024\\\/06\\\/Pios-alquiler-Sa-Rapita-ref-1644-8.jpg&quot;,&quot;tags&quot;:[{&quot;name&quot;:&quot;Caracter\\u00edsticas&quot;,&quot;elements&quot;:[{&quot;name&quot;:&quot;2 Doppelzimmer&quot;,&quot;link&quot;:&quot;https:\\\/\\\/novagestioinmobiliaria.com\\\/de\\\/eigenschaften\\\/2-doppelzimmer\\\/&quot;},{&quot;name&quot;:&quot;Balkon&quot;,&quot;link&quot;:&quot;https:\\\/\\\/novagestioinmobiliaria.com\\\/de\\\/eigenschaften\\\/balkon\\\/&quot;},{&quot;name&quot;:&quot;Einbauk\\u00fcche&quot;,&quot;link&quot;:&quot;https:\\\/\\\/novagestioinmobiliaria.com\\\/de\\\/eigenschaften\\\/einbaukueche\\\/&quot;},{&quot;name&quot;:&quot;Haustiere NICHT erlaubt&quot;,&quot;link&quot;:&quot;https:\\\/\\\/novagestioinmobiliaria.com\\\/de\\\/eigenschaften\\\/haustiere-nicht-erlaubt\\\/&quot;},{&quot;name&quot;:&quot;Meerblick&quot;,&quot;link&quot;:&quot;https:\\\/\\\/novagestioinmobiliaria.com\\\/de\\\/eigenschaften\\\/meerblick\\\/&quot;},{&quot;name&quot;:&quot;M\\u00f6bliert&quot;,&quot;link&quot;:&quot;https:\\\/\\\/novagestioinmobiliaria.com\\\/de\\\/eigenschaften\\\/moebliert\\\/&quot;},{&quot;name&quot;:&quot;Ruhige Lage&quot;,&quot;link&quot;:&quot;https:\\\/\\\/novagestioinmobiliaria.com\\\/de\\\/eigenschaften\\\/ruhige-lage\\\/&quot;}],&quot;has_archive&quot;:true}],&quot;status&quot;:&quot;publish&quot;,&quot;plans&quot;:[],&quot;video_plan&quot;:{&quot;src&quot;:&quot;&quot;,&quot;video&quot;:&quot;&quot;},&quot;virtual_tour&quot;:null,&quot;state&quot;:&quot;&quot;,&quot;labels&quot;:[],&quot;image&quot;:&quot;https:\\\/\\\/novagestioinmobiliaria.com\\\/wp-content\\\/uploads\\\/2024\\\/06\\\/Pios-alquiler-Sa-Rapita-ref-1644-8-400x250.jpg&quot;,&quot;image_srcset&quot;:&quot;https:\\\/\\\/novagestioinmobiliaria.com\\\/wp-content\\\/uploads\\\/2024\\\/06\\\/Pios-alquiler-Sa-Rapita-ref-1644-8-200x125.jpg 200w, https:\\\/\\\/novagestioinmobiliaria.com\\\/wp-content\\\/uploads\\\/2024\\\/06\\\/Pios-alquiler-Sa-Rapita-ref-1644-8-800x500.jpg 800w, https:\\\/\\\/novagestioinmobiliaria.com\\\/wp-content\\\/uploads\\\/2024\\\/06\\\/Pios-alquiler-Sa-Rapita-ref-1644-8-600x375.jpg 600w, https:\\\/\\\/novagestioinmobiliaria.com\\\/wp-content\\\/uploads\\\/2024\\\/06\\\/Pios-alquiler-Sa-Rapita-ref-1644-8-400x250.jpg 400w&quot;}'>\r\n\t\t\t\t\t\t\t\t\t\t\t\t\t<\/compare-button>\r\n\t\t\t\t\t\t\t\t\t\t\t\t<\/div>\r\n\t\t\t\t\t\t\t\t\t\t\t\t<div class=\"mh-estate-vertical__buttons__single\">\r\n\t\t\t\t\t\t\t\t\t\t\t\t\t<a href=\"https:\/\/novagestioinmobiliaria.com\/de\/propiedades-properties-immobilien\/wohnung-zur-miete-in-sa-rapita-pi1644sr-ade\/\"\r\n\t\t\t\t\t\t\t\t\t\t\t\t\t   title=\"Wohnung zur Miete in Sa R\u00e1pita : : PI1644SR-ADE\"\r\n\t\t\t\t\t\t\t\t\t\t\t\t\t   class=\"mdl-button mdl-js-button mdl-button--raised mdl-js-ripple-effect mdl-button--primary-ghost\">\r\n\t\t\t\t\t\t\t\t\t\t\t\t\t\tDetails\t\t\t\t\t\t\t\t\t\t\t\t\t\t<span class=\"mdl-button__icon-right\"><i class=\"fa fa-angle-right\"><\/i><\/span>\r\n\t\t\t\t\t\t\t\t\t\t\t\t\t<\/a>\r\n\t\t\t\t\t\t\t\t\t\t\t\t<\/div>\r\n\t\t\t\t\t\t\t\t\t\t\t<\/div>\r\n\t\t\t\t\t\t\t\t\t\t<\/div>\r\n\t\t\t\t\t\t\t\t\t<\/div>\r\n\t\t\t\t\t\t\t\t<\/div>\r\n\t\t\t\t\t\t\t<\/div>\r\n\t\t\t\t\t\t<\/article>\r\n\t\t\t\t\t<\/div>\r\n\t\t\t\t\r\n\t\t\t\t\t<div class=\"item\">\r\n\t\t\t\t\t\t<article class=\"mh-estate-vertical mh-estate-vertical--white  mh-attribute-property-type__stadthaeuser-ebenerdige-wohnungen mh-attribute-offer-type__zu-vermieten mh-attribute-city__cala-ratjada-de mh-attribute-features__4-schlafzimmer mh-attribute-features__einbaukueche mh-attribute-features__klimaanlage mh-attribute-features__ruhige-lage mh-attribute-features__terrasse\">\r\n\t\t\t\t\t\t\t<a href=\"https:\/\/novagestioinmobiliaria.com\/de\/propiedades-properties-immobilien\/neues-erdgeschoss-zur-miete-in-cala-ratjada-ca1869cr-ade\/\"\r\n\t\t\t\t\t\t\t   title=\"Neues Erdgeschoss zur Miete in Cala Ratjada : : CA1869CR-ADE\"\r\n\t\t\t\t\t\t\t   class=\"mh-thumbnail\">\r\n                        <span class=\"mh-thumbnail__inner\">\r\n                                    <img\r\n                    data-srcset=\"https:\/\/novagestioinmobiliaria.com\/wp-content\/uploads\/2026\/03\/Casa-planta-baja-alquiler-Cala-Ratjada-ref-1869-2-200x125.jpeg 200w, https:\/\/novagestioinmobiliaria.com\/wp-content\/uploads\/2026\/03\/Casa-planta-baja-alquiler-Cala-Ratjada-ref-1869-2-800x500.jpeg 800w, https:\/\/novagestioinmobiliaria.com\/wp-content\/uploads\/2026\/03\/Casa-planta-baja-alquiler-Cala-Ratjada-ref-1869-2-600x375.jpeg 600w, https:\/\/novagestioinmobiliaria.com\/wp-content\/uploads\/2026\/03\/Casa-planta-baja-alquiler-Cala-Ratjada-ref-1869-2-400x250.jpeg 400w\"\r\n                    class=\"lazyload \" alt=\"Neues Erdgeschoss zur Miete in Cala Ratjada : : CA1869CR-ADE\"\r\n                    data-sizes=\"auto\"\r\n            >\r\n\t\t\t                        <\/span>\r\n\r\n\t\t\t\t\t\t\t\t\t\t\t\t\t\t\t\t\t<div class=\"mh-caption\">\r\n\t\t\t\t\t\t\t\t\t\t<div class=\"mh-caption__inner\">\r\n\t\t\t\t\t\t\t\t\t\t\tZu vermieten\t\t\t\t\t\t\t\t\t\t<\/div>\r\n\t\t\t\t\t\t\t\t\t<\/div>\r\n\t\t\t\t\t\t\t\t\t\r\n\t\t\t\t\t\t\t\t<div class=\"mh-estate-vertical__text\">\r\n\t\t\t\t\t\t\t\t\t<div class=\"mh-estate-vertical__text__inner\">\r\n\t\t\t\t\t\t\t\t\t\tVERF\u00dcGBAR AB JUNI Brandneue Erdgeschosswohnung zur Miete mit gro\u00dfz\u00fcgigem Privatbereich in einer ruhigen Gegend von Cala Ratjada, verf\u00fcgbar ab Juni....\t\t\t\t\t\t\t\t\t<\/div>\r\n\t\t\t\t\t\t\t\t<\/div>\r\n\t\t\t\t\t\t\t<\/a>\r\n\r\n\t\t\t\t\t\t\t<div class=\"mh-estate-vertical__content\">\r\n\t\t\t\t\t\t\t\t<h3 class=\"mh-estate-vertical__heading\">\r\n\t\t\t\t\t\t\t\t\t<a href=\"https:\/\/novagestioinmobiliaria.com\/de\/propiedades-properties-immobilien\/neues-erdgeschoss-zur-miete-in-cala-ratjada-ca1869cr-ade\/\"\r\n\t\t\t\t\t\t\t\t\t   title=\"Neues Erdgeschoss zur Miete in Cala Ratjada : : CA1869CR-ADE\">\r\n\t\t\t\t\t\t\t\t\t\tNeues Erdgeschoss zur Miete in Cala Ratjada : : CA1869CR-ADE\t\t\t\t\t\t\t\t\t<\/a>\r\n\t\t\t\t\t\t\t\t<\/h3>\r\n\t\t\t\t\t\t\t\t<address class=\"mh-estate-vertical__subheading\">\r\n\t\t\t\t\t\t\t\t\tC\t\t\t\t\t\t\t\t<\/address>\r\n\t\t\t\t\t\t\t\t<div class=\"mh-estate-vertical__primary\">\r\n\t\t\t\t\t\t\t\t\t2.500 \u20ac\t\t\t\t\t\t\t\t<\/div>\r\n\r\n\t\t\t\t\t\t\t\t<div>\r\n\t\t\t\t\t\t\t\t\t<div class=\"mh-estate__list\">\r\n\t\t\t\t\t\t\t\t\t\t\r\n\t\t\t\t\t\t\t\t\t\t\t<span class=\"mh-estate-vertical__more-info mh-estate_attribute-offer-type\">\r\n                                        <strong>Tipo operaci\u00f3n:<\/strong>\r\n\t\t\t\t\t\t\t\t\t\t\t\t\t\t\t\t\t\t\t\t\t\t\t\t\t\tZu vermieten\t\t\t\t\t\t\t\t\t\t\t\t\t\t                                    <\/span>\r\n\r\n\t\t\t\t\t\t\t\t\t\t\r\n\t\t\t\t\t\t\t\t\t\t\t<span class=\"mh-estate-vertical__more-info mh-estate_attribute-bedrooms\">\r\n                                        <strong>Habitaciones:<\/strong>\r\n\t\t\t\t\t\t\t\t\t\t\t\t4                                    <\/span>\r\n\r\n\t\t\t\t\t\t\t\t\t\t\r\n\t\t\t\t\t\t\t\t\t\t\t<span class=\"mh-estate-vertical__more-info mh-estate_attribute-bathrooms\">\r\n                                        <strong>Ba\u00f1os:<\/strong>\r\n\t\t\t\t\t\t\t\t\t\t\t\t2                                    <\/span>\r\n\r\n\t\t\t\t\t\t\t\t\t\t\r\n\t\t\t\t\t\t\t\t\t\t\t<span class=\"mh-estate-vertical__more-info mh-estate_attribute-property-size\">\r\n                                        <strong>M2:<\/strong>\r\n\t\t\t\t\t\t\t\t\t\t\t\t146 m\u00b2                                    <\/span>\r\n\r\n\t\t\t\t\t\t\t\t\t\t\t\t\t\t\t\t\t\t\t<\/div>\r\n\t\t\t\t\t\t\t\t<\/div>\r\n\r\n\t\t\t\t\t\t\t\t<div class=\"mh-estate-vertical__bottom\">\r\n\t\t\t\t\t\t\t\t\t<div class=\"mh-estate-vertical__bottom__inner\">\r\n\t\t\t\t\t\t\t\t\t\t<div class=\"mh-estate-vertical__date\">\r\n\t\t\t\t\t\t\t\t\t\t\t2 monat.\t\t\t\t\t\t\t\t\t\t<\/div>\r\n\t\t\t\t\t\t\t\t\t\t<div class=\"mh-estate-vertical__buttons-wrapper\">\r\n\t\t\t\t\t\t\t\t\t\t\t<div class=\"mh-estate-vertical__buttons\">\r\n\t\t\t\t\t\t\t\t\t\t\t\t<div class=\"mh-estate-vertical__buttons__single\">\r\n\t\t\t\t\t\t\t\t\t\t\t\t\t<compare-button class=\"myhome-compare\"\r\n\t\t\t\t\t\t\t\t\t\t\t\t\t\t\t\t\t:translations='{&quot;added&quot;:&quot;Zus\\u00e4tzlich&quot;,&quot;compare&quot;:&quot;Vergleichen&quot;}'\r\n\t\t\t\t\t\t\t\t\t\t\t\t\t\t\t\t\t:estate='{&quot;short_excerpt_limit&quot;:125,&quot;long_excerpt_limit&quot;:160,&quot;id&quot;:87809,&quot;agent_id&quot;:&quot;1&quot;,&quot;title&quot;:&quot;Neues Erdgeschoss zur Miete in Cala Ratjada : : CA1869CR-ADE&quot;,&quot;content&quot;:&quot;VERF\\u00dcGBAR AB JUNI\\r\\nBrandneue Erdgeschosswohnung zur Miete mit gro\\u00dfz\\u00fcgigem Privatbereich in einer ruhigen Gegend von Cala Ratjada, verf\\u00fcgbar ab Juni. Modernes und helles Zuhause mit gro\\u00dfz\\u00fcgigen exklusiven Au\\u00dfenbereichen, f\\u00fcnf Minuten von den Str\\u00e4nden Cala Agulla und Cala Mesquida entfernt.\\r\\nSie verf\\u00fcgt \\u00fcber ein gro\\u00dfes Wohn-Esszimmer mit voll ausgestatteter offener K\\u00fcche mit neuen Ger\\u00e4ten, separatem Waschraum und vier Schlafzimmern (2 Doppel- und 2 Einzelzimmer, unm\\u00f6bliert). Zwei vollst\\u00e4ndige Badezimmer, eines davon en suite im Hauptschlafzimmer. Klimaanlage warm\\\/kalt \\u00fcber Aerothermie. Au\\u00dfenbereiche: 16 m\\u00b2 Veranda, 20 m\\u00b2 Vorderterrasse und gro\\u00dfe 67 m\\u00b2 Hinterterrasse.\\r\\n146 m\\u00b2 gebaut, 4 Schlafzimmer, 2 Badezimmer, Veranda + 2 private Terrassen, ausgestattete und m\\u00f6blierte K\\u00fcche, unm\\u00f6blierte Schlafzimmer, warm\\\/kalt Aerothermie, einfaches Parken auf der Stra\\u00dfe.\\r\\nMIETBEDINGUNGEN:\\r\\n- Langfristige Vermietung.\\r\\n- Arbeitsvertr\\u00e4ge mit wichtiger Stellung oder nachweisbarem Einkommen sind erforderlich.\\r\\n- Strom- und Wasserkosten separat. M\\u00fcllgeb\\u00fchren inklusive.\\r\\n- 1 Monatsmiete als Kaution.\\r\\n- Haustiere mit Bedingungen erlaubt.\\r\\n- Andere Kosten auf Anfrage.\\r\\n\\r\\nNova Gesti\\u00f3, Immobilienagentur in Cala Ratjada&quot;,&quot;excerpt&quot;:&quot;VERF\\u00dcGBAR AB JUNI Brandneue Erdgeschosswohnung zur Miete mit gro\\u00dfz\\u00fcgigem Privatbereich in einer ruhigen Gegend von Cala Ratjada, verf\\u00fcgbar ab Juni. Modernes und helles Zuhause mit gro\\u00dfz\\u00fcgigen exklusiven Au\\u00dfenbereichen, f\\u00fcnf Minuten von den Str\\u00e4nden Cala Agulla und Cala Mesquida entfernt. Sie verf\\u00fcgt \\u00fcber ein gro\\u00dfes Wohn-Esszimmer mit voll ausgestatteter offener K\\u00fcche mit neuen Ger\\u00e4ten, separatem Waschraum [\\u2026]&quot;,&quot;short_excerpt&quot;:&quot;VERF\\u00dcGBAR AB JUNI\\r\\nBrandneue Erdgeschosswohnung zur Miete mit gro\\u00dfz\\u00fcgigem Privatbereich in einer ruhigen Gegend von Cala R...&quot;,&quot;long_excerpt&quot;:&quot;VERF\\u00dcGBAR AB JUNI\\r\\nBrandneue Erdgeschosswohnung zur Miete mit gro\\u00dfz\\u00fcgigem Privatbereich in einer ruhigen Gegend von Cala Ratjada, verf\\u00fcgbar ab Juni. Modernes...&quot;,&quot;link&quot;:&quot;https:\\\/\\\/novagestioinmobiliaria.com\\\/de\\\/propiedades-properties-immobilien\\\/neues-erdgeschoss-zur-miete-in-cala-ratjada-ca1869cr-ade\\\/&quot;,&quot;offer_type&quot;:&quot;Zu vermieten&quot;,&quot;price&quot;:&quot;2.500 \\u20ac&quot;,&quot;location&quot;:&quot;C&quot;,&quot;is_featured&quot;:true,&quot;gallery&quot;:[{&quot;id&quot;:87806,&quot;url&quot;:&quot;https:\\\/\\\/novagestioinmobiliaria.com\\\/wp-content\\\/uploads\\\/2026\\\/03\\\/Casa-planta-baja-alquiler-Cala-Ratjada-ref-1869-1-scaled.jpg&quot;,&quot;alt&quot;:&quot;&quot;},{&quot;id&quot;:87803,&quot;url&quot;:&quot;https:\\\/\\\/novagestioinmobiliaria.com\\\/wp-content\\\/uploads\\\/2026\\\/03\\\/Casa-planta-baja-alquiler-Cala-Ratjada-ref-1869-1.jpeg&quot;,&quot;alt&quot;:&quot;&quot;},{&quot;id&quot;:87800,&quot;url&quot;:&quot;https:\\\/\\\/novagestioinmobiliaria.com\\\/wp-content\\\/uploads\\\/2026\\\/03\\\/Casa-planta-baja-alquiler-Cala-Ratjada-ref-1869-2.jpeg&quot;,&quot;alt&quot;:&quot;&quot;}],&quot;attributes&quot;:[{&quot;slug&quot;:&quot;property-type&quot;,&quot;name&quot;:&quot;Tipo propiedad&quot;,&quot;has_archive&quot;:true,&quot;elements&quot;:[{&quot;name&quot;:&quot;Stadth\\u00e4user \\\/ Ebenerdige Wohnungen&quot;,&quot;link&quot;:&quot;https:\\\/\\\/novagestioinmobiliaria.com\\\/de\\\/immobilientyp\\\/stadthaeuser-ebenerdige-wohnungen\\\/&quot;,&quot;slug&quot;:&quot;stadthaeuser-ebenerdige-wohnungen&quot;}],&quot;card&quot;:false,&quot;show&quot;:true,&quot;display_after&quot;:&quot;&quot;,&quot;new_box&quot;:false},{&quot;slug&quot;:&quot;offer-type&quot;,&quot;name&quot;:&quot;Tipo operaci\\u00f3n&quot;,&quot;has_archive&quot;:true,&quot;elements&quot;:[{&quot;name&quot;:&quot;Zu vermieten&quot;,&quot;link&quot;:&quot;https:\\\/\\\/novagestioinmobiliaria.com\\\/de\\\/offer-type\\\/zu-vermieten\\\/&quot;,&quot;slug&quot;:&quot;zu-vermieten&quot;}],&quot;card&quot;:true,&quot;show&quot;:true,&quot;display_after&quot;:&quot;&quot;,&quot;new_box&quot;:false},{&quot;slug&quot;:&quot;city&quot;,&quot;name&quot;:&quot;Zona&quot;,&quot;has_archive&quot;:true,&quot;elements&quot;:[{&quot;name&quot;:&quot;Cala Ratjada&quot;,&quot;link&quot;:&quot;https:\\\/\\\/novagestioinmobiliaria.com\\\/de\\\/city\\\/cala-ratjada-de\\\/&quot;,&quot;slug&quot;:&quot;cala-ratjada-de&quot;}],&quot;card&quot;:false,&quot;show&quot;:true,&quot;display_after&quot;:&quot;&quot;,&quot;new_box&quot;:false},{&quot;slug&quot;:&quot;price&quot;,&quot;name&quot;:&quot;Precio&quot;,&quot;has_archive&quot;:false,&quot;elements&quot;:[{&quot;name&quot;:&quot;2500&quot;,&quot;link&quot;:&quot;&quot;,&quot;slug&quot;:&quot;&quot;}],&quot;show&quot;:false,&quot;card&quot;:false,&quot;display_after&quot;:&quot;\\u20ac&quot;,&quot;new_box&quot;:false},{&quot;slug&quot;:&quot;bedrooms&quot;,&quot;name&quot;:&quot;Habitaciones&quot;,&quot;has_archive&quot;:false,&quot;elements&quot;:[{&quot;name&quot;:&quot;4&quot;,&quot;link&quot;:&quot;&quot;,&quot;slug&quot;:&quot;&quot;}],&quot;show&quot;:true,&quot;card&quot;:true,&quot;display_after&quot;:&quot;&quot;,&quot;new_box&quot;:false},{&quot;slug&quot;:&quot;bathrooms&quot;,&quot;name&quot;:&quot;Ba\\u00f1os&quot;,&quot;has_archive&quot;:false,&quot;elements&quot;:[{&quot;name&quot;:&quot;2&quot;,&quot;link&quot;:&quot;&quot;,&quot;slug&quot;:&quot;&quot;}],&quot;show&quot;:true,&quot;card&quot;:true,&quot;display_after&quot;:&quot;&quot;,&quot;new_box&quot;:false},{&quot;slug&quot;:&quot;property-size&quot;,&quot;name&quot;:&quot;M2&quot;,&quot;has_archive&quot;:false,&quot;elements&quot;:[{&quot;name&quot;:&quot;146&quot;,&quot;link&quot;:&quot;&quot;,&quot;slug&quot;:&quot;&quot;}],&quot;show&quot;:true,&quot;card&quot;:true,&quot;display_after&quot;:&quot;m\\u00b2&quot;,&quot;new_box&quot;:false},{&quot;slug&quot;:&quot;features&quot;,&quot;name&quot;:&quot;Caracter\\u00edsticas&quot;,&quot;has_archive&quot;:true,&quot;elements&quot;:[{&quot;name&quot;:&quot;4 Schlafzimmer&quot;,&quot;link&quot;:&quot;https:\\\/\\\/novagestioinmobiliaria.com\\\/de\\\/eigenschaften\\\/4-schlafzimmer\\\/&quot;,&quot;slug&quot;:&quot;4-schlafzimmer&quot;},{&quot;name&quot;:&quot;Einbauk\\u00fcche&quot;,&quot;link&quot;:&quot;https:\\\/\\\/novagestioinmobiliaria.com\\\/de\\\/eigenschaften\\\/einbaukueche\\\/&quot;,&quot;slug&quot;:&quot;einbaukueche&quot;},{&quot;name&quot;:&quot;Klimaanlage&quot;,&quot;link&quot;:&quot;https:\\\/\\\/novagestioinmobiliaria.com\\\/de\\\/eigenschaften\\\/klimaanlage\\\/&quot;,&quot;slug&quot;:&quot;klimaanlage&quot;},{&quot;name&quot;:&quot;Ruhige Lage&quot;,&quot;link&quot;:&quot;https:\\\/\\\/novagestioinmobiliaria.com\\\/de\\\/eigenschaften\\\/ruhige-lage\\\/&quot;,&quot;slug&quot;:&quot;ruhige-lage&quot;},{&quot;name&quot;:&quot;Terrasse&quot;,&quot;link&quot;:&quot;https:\\\/\\\/novagestioinmobiliaria.com\\\/de\\\/eigenschaften\\\/terrasse\\\/&quot;,&quot;slug&quot;:&quot;terrasse&quot;}],&quot;card&quot;:false,&quot;show&quot;:true,&quot;display_after&quot;:&quot;&quot;,&quot;new_box&quot;:true}],&quot;views&quot;:26,&quot;days_ago&quot;:&quot;2 monat.&quot;,&quot;image_id&quot;:87800,&quot;image_url&quot;:&quot;https:\\\/\\\/novagestioinmobiliaria.com\\\/wp-content\\\/uploads\\\/2026\\\/03\\\/Casa-planta-baja-alquiler-Cala-Ratjada-ref-1869-2.jpeg&quot;,&quot;tags&quot;:[{&quot;name&quot;:&quot;Caracter\\u00edsticas&quot;,&quot;elements&quot;:[{&quot;name&quot;:&quot;4 Schlafzimmer&quot;,&quot;link&quot;:&quot;https:\\\/\\\/novagestioinmobiliaria.com\\\/de\\\/eigenschaften\\\/4-schlafzimmer\\\/&quot;},{&quot;name&quot;:&quot;Einbauk\\u00fcche&quot;,&quot;link&quot;:&quot;https:\\\/\\\/novagestioinmobiliaria.com\\\/de\\\/eigenschaften\\\/einbaukueche\\\/&quot;},{&quot;name&quot;:&quot;Klimaanlage&quot;,&quot;link&quot;:&quot;https:\\\/\\\/novagestioinmobiliaria.com\\\/de\\\/eigenschaften\\\/klimaanlage\\\/&quot;},{&quot;name&quot;:&quot;Ruhige Lage&quot;,&quot;link&quot;:&quot;https:\\\/\\\/novagestioinmobiliaria.com\\\/de\\\/eigenschaften\\\/ruhige-lage\\\/&quot;},{&quot;name&quot;:&quot;Terrasse&quot;,&quot;link&quot;:&quot;https:\\\/\\\/novagestioinmobiliaria.com\\\/de\\\/eigenschaften\\\/terrasse\\\/&quot;}],&quot;has_archive&quot;:true}],&quot;status&quot;:&quot;publish&quot;,&quot;plans&quot;:[],&quot;video_plan&quot;:{&quot;src&quot;:&quot;&quot;,&quot;video&quot;:&quot;&quot;},&quot;virtual_tour&quot;:null,&quot;state&quot;:&quot;&quot;,&quot;labels&quot;:[],&quot;image&quot;:&quot;https:\\\/\\\/novagestioinmobiliaria.com\\\/wp-content\\\/uploads\\\/2026\\\/03\\\/Casa-planta-baja-alquiler-Cala-Ratjada-ref-1869-2-400x250.jpeg&quot;,&quot;image_srcset&quot;:&quot;https:\\\/\\\/novagestioinmobiliaria.com\\\/wp-content\\\/uploads\\\/2026\\\/03\\\/Casa-planta-baja-alquiler-Cala-Ratjada-ref-1869-2-200x125.jpeg 200w, https:\\\/\\\/novagestioinmobiliaria.com\\\/wp-content\\\/uploads\\\/2026\\\/03\\\/Casa-planta-baja-alquiler-Cala-Ratjada-ref-1869-2-800x500.jpeg 800w, https:\\\/\\\/novagestioinmobiliaria.com\\\/wp-content\\\/uploads\\\/2026\\\/03\\\/Casa-planta-baja-alquiler-Cala-Ratjada-ref-1869-2-600x375.jpeg 600w, https:\\\/\\\/novagestioinmobiliaria.com\\\/wp-content\\\/uploads\\\/2026\\\/03\\\/Casa-planta-baja-alquiler-Cala-Ratjada-ref-1869-2-400x250.jpeg 400w&quot;}'>\r\n\t\t\t\t\t\t\t\t\t\t\t\t\t<\/compare-button>\r\n\t\t\t\t\t\t\t\t\t\t\t\t<\/div>\r\n\t\t\t\t\t\t\t\t\t\t\t\t<div class=\"mh-estate-vertical__buttons__single\">\r\n\t\t\t\t\t\t\t\t\t\t\t\t\t<a href=\"https:\/\/novagestioinmobiliaria.com\/de\/propiedades-properties-immobilien\/neues-erdgeschoss-zur-miete-in-cala-ratjada-ca1869cr-ade\/\"\r\n\t\t\t\t\t\t\t\t\t\t\t\t\t   title=\"Neues Erdgeschoss zur Miete in Cala Ratjada : : CA1869CR-ADE\"\r\n\t\t\t\t\t\t\t\t\t\t\t\t\t   class=\"mdl-button mdl-js-button mdl-button--raised mdl-js-ripple-effect mdl-button--primary-ghost\">\r\n\t\t\t\t\t\t\t\t\t\t\t\t\t\tDetails\t\t\t\t\t\t\t\t\t\t\t\t\t\t<span class=\"mdl-button__icon-right\"><i class=\"fa fa-angle-right\"><\/i><\/span>\r\n\t\t\t\t\t\t\t\t\t\t\t\t\t<\/a>\r\n\t\t\t\t\t\t\t\t\t\t\t\t<\/div>\r\n\t\t\t\t\t\t\t\t\t\t\t<\/div>\r\n\t\t\t\t\t\t\t\t\t\t<\/div>\r\n\t\t\t\t\t\t\t\t\t<\/div>\r\n\t\t\t\t\t\t\t\t<\/div>\r\n\t\t\t\t\t\t\t<\/div>\r\n\t\t\t\t\t\t<\/article>\r\n\t\t\t\t\t<\/div>\r\n\t\t\t\t\r\n\t\t\t\t\t<div class=\"item\">\r\n\t\t\t\t\t\t<article class=\"mh-estate-vertical mh-estate-vertical--white  mh-attribute-property-type__fincas-landhaeuser mh-attribute-offer-type__zu-vermieten mh-attribute-city__arta-de mh-attribute-features__4-schlafzimmer mh-attribute-features__ausblick-auf-die-berge mh-attribute-features__einbaukueche mh-attribute-features__garten mh-attribute-features__gemeinschaftspool mh-attribute-features__klimaanlage mh-attribute-features__moebliert mh-attribute-features__panoramablick mh-attribute-features__ruhige-lage mh-attribute-features__stromanschluss mh-attribute-features__terrasse mh-attribute-features__unverbaubare-aussicht mh-attribute-features__zentrale-lage\">\r\n\t\t\t\t\t\t\t<a href=\"https:\/\/novagestioinmobiliaria.com\/de\/propiedades-properties-immobilien\/rustikales-landhaus-zur-miete-in-arta-fr1870ar-ade\/\"\r\n\t\t\t\t\t\t\t   title=\"Rustikales Landhaus zur Miete in Art\u00e1 : : FR1870AR-ADE\"\r\n\t\t\t\t\t\t\t   class=\"mh-thumbnail\">\r\n                        <span class=\"mh-thumbnail__inner\">\r\n                                    <img\r\n                    data-srcset=\"https:\/\/novagestioinmobiliaria.com\/wp-content\/uploads\/2026\/02\/Fimca-rustica-Arta-alquiler-ref-1870-8-200x125.jpg 200w, https:\/\/novagestioinmobiliaria.com\/wp-content\/uploads\/2026\/02\/Fimca-rustica-Arta-alquiler-ref-1870-8-800x500.jpg 800w, https:\/\/novagestioinmobiliaria.com\/wp-content\/uploads\/2026\/02\/Fimca-rustica-Arta-alquiler-ref-1870-8-600x375.jpg 600w, https:\/\/novagestioinmobiliaria.com\/wp-content\/uploads\/2026\/02\/Fimca-rustica-Arta-alquiler-ref-1870-8-400x250.jpg 400w\"\r\n                    class=\"lazyload \" alt=\"Rustikales Landhaus zur Miete in Art\u00e1 : : FR1870AR-ADE\"\r\n                    data-sizes=\"auto\"\r\n            >\r\n\t\t\t                        <\/span>\r\n\r\n\t\t\t\t\t\t\t\t\t\t\t\t\t\t\t\t\t<div class=\"mh-caption\">\r\n\t\t\t\t\t\t\t\t\t\t<div class=\"mh-caption__inner\">\r\n\t\t\t\t\t\t\t\t\t\t\tZu vermieten\t\t\t\t\t\t\t\t\t\t<\/div>\r\n\t\t\t\t\t\t\t\t\t<\/div>\r\n\t\t\t\t\t\t\t\t\t\r\n\t\t\t\t\t\t\t\t<div class=\"mh-estate-vertical__text\">\r\n\t\t\t\t\t\t\t\t\t<div class=\"mh-estate-vertical__text__inner\">\r\n\t\t\t\t\t\t\t\t\t\tCharmantes rustikales Anwesen zur Miete in Art\u00e0, ideal f\u00fcr diejenigen, die Ruhe, Privatsph\u00e4re und eine privilegierte nat\u00fcrliche Umgebung suchen. Die...\t\t\t\t\t\t\t\t\t<\/div>\r\n\t\t\t\t\t\t\t\t<\/div>\r\n\t\t\t\t\t\t\t<\/a>\r\n\r\n\t\t\t\t\t\t\t<div class=\"mh-estate-vertical__content\">\r\n\t\t\t\t\t\t\t\t<h3 class=\"mh-estate-vertical__heading\">\r\n\t\t\t\t\t\t\t\t\t<a href=\"https:\/\/novagestioinmobiliaria.com\/de\/propiedades-properties-immobilien\/rustikales-landhaus-zur-miete-in-arta-fr1870ar-ade\/\"\r\n\t\t\t\t\t\t\t\t\t   title=\"Rustikales Landhaus zur Miete in Art\u00e1 : : FR1870AR-ADE\">\r\n\t\t\t\t\t\t\t\t\t\tRustikales Landhaus zur Miete in Art\u00e1 : : FR1870AR-ADE\t\t\t\t\t\t\t\t\t<\/a>\r\n\t\t\t\t\t\t\t\t<\/h3>\r\n\t\t\t\t\t\t\t\t<address class=\"mh-estate-vertical__subheading\">\r\n\t\t\t\t\t\t\t\t\tA\t\t\t\t\t\t\t\t<\/address>\r\n\t\t\t\t\t\t\t\t<div class=\"mh-estate-vertical__primary\">\r\n\t\t\t\t\t\t\t\t\t2.500 \u20ac\t\t\t\t\t\t\t\t<\/div>\r\n\r\n\t\t\t\t\t\t\t\t<div>\r\n\t\t\t\t\t\t\t\t\t<div class=\"mh-estate__list\">\r\n\t\t\t\t\t\t\t\t\t\t\r\n\t\t\t\t\t\t\t\t\t\t\t<span class=\"mh-estate-vertical__more-info mh-estate_attribute-offer-type\">\r\n                                        <strong>Tipo operaci\u00f3n:<\/strong>\r\n\t\t\t\t\t\t\t\t\t\t\t\t\t\t\t\t\t\t\t\t\t\t\t\t\t\tZu vermieten\t\t\t\t\t\t\t\t\t\t\t\t\t\t                                    <\/span>\r\n\r\n\t\t\t\t\t\t\t\t\t\t\r\n\t\t\t\t\t\t\t\t\t\t\t<span class=\"mh-estate-vertical__more-info mh-estate_attribute-bedrooms\">\r\n                                        <strong>Habitaciones:<\/strong>\r\n\t\t\t\t\t\t\t\t\t\t\t\t4                                    <\/span>\r\n\r\n\t\t\t\t\t\t\t\t\t\t\r\n\t\t\t\t\t\t\t\t\t\t\t<span class=\"mh-estate-vertical__more-info mh-estate_attribute-bathrooms\">\r\n                                        <strong>Ba\u00f1os:<\/strong>\r\n\t\t\t\t\t\t\t\t\t\t\t\t2                                    <\/span>\r\n\r\n\t\t\t\t\t\t\t\t\t\t\r\n\t\t\t\t\t\t\t\t\t\t\t<span class=\"mh-estate-vertical__more-info mh-estate_attribute-property-size\">\r\n                                        <strong>M2:<\/strong>\r\n\t\t\t\t\t\t\t\t\t\t\t\t150 m\u00b2                                    <\/span>\r\n\r\n\t\t\t\t\t\t\t\t\t\t\t\t\t\t\t\t\t\t\t<\/div>\r\n\t\t\t\t\t\t\t\t<\/div>\r\n\r\n\t\t\t\t\t\t\t\t<div class=\"mh-estate-vertical__bottom\">\r\n\t\t\t\t\t\t\t\t\t<div class=\"mh-estate-vertical__bottom__inner\">\r\n\t\t\t\t\t\t\t\t\t\t<div class=\"mh-estate-vertical__date\">\r\n\t\t\t\t\t\t\t\t\t\t\t2 monat.\t\t\t\t\t\t\t\t\t\t<\/div>\r\n\t\t\t\t\t\t\t\t\t\t<div class=\"mh-estate-vertical__buttons-wrapper\">\r\n\t\t\t\t\t\t\t\t\t\t\t<div class=\"mh-estate-vertical__buttons\">\r\n\t\t\t\t\t\t\t\t\t\t\t\t<div class=\"mh-estate-vertical__buttons__single\">\r\n\t\t\t\t\t\t\t\t\t\t\t\t\t<compare-button class=\"myhome-compare\"\r\n\t\t\t\t\t\t\t\t\t\t\t\t\t\t\t\t\t:translations='{&quot;added&quot;:&quot;Zus\\u00e4tzlich&quot;,&quot;compare&quot;:&quot;Vergleichen&quot;}'\r\n\t\t\t\t\t\t\t\t\t\t\t\t\t\t\t\t\t:estate='{&quot;short_excerpt_limit&quot;:125,&quot;long_excerpt_limit&quot;:160,&quot;id&quot;:87740,&quot;agent_id&quot;:&quot;26&quot;,&quot;title&quot;:&quot;Rustikales Landhaus zur Miete in Art\\u00e1 : : FR1870AR-ADE&quot;,&quot;content&quot;:&quot;Charmantes rustikales Anwesen zur Miete in Art\\u00e0, ideal f\\u00fcr diejenigen, die Ruhe, Privatsph\\u00e4re und eine privilegierte nat\\u00fcrliche Umgebung suchen.\\r\\n\\r\\nDie Immobilie verf\\u00fcgt \\u00fcber 150 m\\u00b2 Wohnfl\\u00e4che, aufgeteilt in 4 Schlafzimmer und 2 Badezimmer, eines davon en suite und das andere k\\u00fcrzlich mit einer Dusche renoviert. Sie bietet ein ger\\u00e4umiges und helles Wohn-Esszimmer mit direktem Zugang zu einer privaten Terrasse von ca. 30 m\\u00b2, ideal f\\u00fcr angenehme Momente im Freien und den Blick auf den Garten.\\r\\nDie K\\u00fcche ist voll ausgestattet mit K\\u00fchlschrank, Backofen, Cerankochfeld, Geschirrsp\\u00fcler und Waschmaschine, bereit zum Einzug. Das Haus verf\\u00fcgt auch \\u00fcber drei Klimaanlagen mit Heiz- und K\\u00fchlfunktion, die ganzj\\u00e4hrigen Komfort garantieren, sowie Steinzeugb\\u00f6den in Parkettoptik, die W\\u00e4rme und Stil verleihen.\\r\\nIm Au\\u00dfenbereich befindet sich das Anwesen auf einem Grundst\\u00fcck von ca. 520 m\\u00b2 und bietet einen sch\\u00f6nen Garten mit einem gro\\u00dfen Pool, ideal zum Genie\\u00dfen des mediterranen Klimas in entspannter Atmosph\\u00e4re.\\r\\n\\r\\nEin perfektes Zuhause f\\u00fcr diejenigen, die mitten in der Natur leben m\\u00f6chten, ohne auf Komfort zu verzichten, nur wenige Minuten vom charmanten Ort Art\\u00e0 entfernt.\\r\\n\\r\\nMIETBEDINGUNGEN\\r\\n- Nachweis \\u00fcber Arbeitseinkommen mit einer mindestens einj\\u00e4hrigen Historie oder nachweisbaren Einkommen erforderlich\\r\\n- Wasser und Strom NICHT INBEGRIFFEN\\r\\n- Pool- und Gartenpflege IM PREIS INBEGRIFFEN\\r\\n- 1 Monatsmiete Kaution\\r\\n- 1 Monat Gew\\u00e4hrleistung\\r\\n- Weitere Kosten, bei der Agentur erfragen\\r\\n- Haustiere erlaubt unter bestimmten Bedingungen\\r\\n\\r\\nNova Gesti\\u00f3 Inmobiliaria - Ihre Immobilienagentur in Art\\u00e0&quot;,&quot;excerpt&quot;:&quot;Charmantes rustikales Anwesen zur Miete in Art\\u00e0, ideal f\\u00fcr diejenigen, die Ruhe, Privatsph\\u00e4re und eine privilegierte nat\\u00fcrliche Umgebung suchen. Die Immobilie verf\\u00fcgt \\u00fcber 150 m\\u00b2 Wohnfl\\u00e4che, aufgeteilt in 4 Schlafzimmer und 2 Badezimmer, eines davon en suite und das andere k\\u00fcrzlich mit einer Dusche renoviert. Sie bietet ein ger\\u00e4umiges und helles Wohn-Esszimmer mit direktem Zugang [\\u2026]&quot;,&quot;short_excerpt&quot;:&quot;Charmantes rustikales Anwesen zur Miete in Art\\u00e0, ideal f\\u00fcr diejenigen, die Ruhe, Privatsph\\u00e4re und eine privilegierte nat\\u00fcr...&quot;,&quot;long_excerpt&quot;:&quot;Charmantes rustikales Anwesen zur Miete in Art\\u00e0, ideal f\\u00fcr diejenigen, die Ruhe, Privatsph\\u00e4re und eine privilegierte nat\\u00fcrliche Umgebung suchen.\\r\\n\\r\\nDie Immob...&quot;,&quot;link&quot;:&quot;https:\\\/\\\/novagestioinmobiliaria.com\\\/de\\\/propiedades-properties-immobilien\\\/rustikales-landhaus-zur-miete-in-arta-fr1870ar-ade\\\/&quot;,&quot;offer_type&quot;:&quot;Zu vermieten&quot;,&quot;price&quot;:&quot;2.500 \\u20ac&quot;,&quot;location&quot;:&quot;A&quot;,&quot;is_featured&quot;:true,&quot;gallery&quot;:[],&quot;attributes&quot;:[{&quot;slug&quot;:&quot;property-type&quot;,&quot;name&quot;:&quot;Tipo propiedad&quot;,&quot;has_archive&quot;:true,&quot;elements&quot;:[{&quot;name&quot;:&quot;Fincas \\\/ Landh\\u00e4user&quot;,&quot;link&quot;:&quot;https:\\\/\\\/novagestioinmobiliaria.com\\\/de\\\/immobilientyp\\\/fincas-landhaeuser\\\/&quot;,&quot;slug&quot;:&quot;fincas-landhaeuser&quot;}],&quot;card&quot;:false,&quot;show&quot;:true,&quot;display_after&quot;:&quot;&quot;,&quot;new_box&quot;:false},{&quot;slug&quot;:&quot;offer-type&quot;,&quot;name&quot;:&quot;Tipo operaci\\u00f3n&quot;,&quot;has_archive&quot;:true,&quot;elements&quot;:[{&quot;name&quot;:&quot;Zu vermieten&quot;,&quot;link&quot;:&quot;https:\\\/\\\/novagestioinmobiliaria.com\\\/de\\\/offer-type\\\/zu-vermieten\\\/&quot;,&quot;slug&quot;:&quot;zu-vermieten&quot;}],&quot;card&quot;:true,&quot;show&quot;:true,&quot;display_after&quot;:&quot;&quot;,&quot;new_box&quot;:false},{&quot;slug&quot;:&quot;city&quot;,&quot;name&quot;:&quot;Zona&quot;,&quot;has_archive&quot;:true,&quot;elements&quot;:[{&quot;name&quot;:&quot;Art\\u00e1&quot;,&quot;link&quot;:&quot;https:\\\/\\\/novagestioinmobiliaria.com\\\/de\\\/city\\\/arta-de\\\/&quot;,&quot;slug&quot;:&quot;arta-de&quot;}],&quot;card&quot;:false,&quot;show&quot;:true,&quot;display_after&quot;:&quot;&quot;,&quot;new_box&quot;:false},{&quot;slug&quot;:&quot;price&quot;,&quot;name&quot;:&quot;Precio&quot;,&quot;has_archive&quot;:false,&quot;elements&quot;:[{&quot;name&quot;:&quot;2500&quot;,&quot;link&quot;:&quot;&quot;,&quot;slug&quot;:&quot;&quot;}],&quot;show&quot;:false,&quot;card&quot;:false,&quot;display_after&quot;:&quot;\\u20ac&quot;,&quot;new_box&quot;:false},{&quot;slug&quot;:&quot;bedrooms&quot;,&quot;name&quot;:&quot;Habitaciones&quot;,&quot;has_archive&quot;:false,&quot;elements&quot;:[{&quot;name&quot;:&quot;4&quot;,&quot;link&quot;:&quot;&quot;,&quot;slug&quot;:&quot;&quot;}],&quot;show&quot;:true,&quot;card&quot;:true,&quot;display_after&quot;:&quot;&quot;,&quot;new_box&quot;:false},{&quot;slug&quot;:&quot;bathrooms&quot;,&quot;name&quot;:&quot;Ba\\u00f1os&quot;,&quot;has_archive&quot;:false,&quot;elements&quot;:[{&quot;name&quot;:&quot;2&quot;,&quot;link&quot;:&quot;&quot;,&quot;slug&quot;:&quot;&quot;}],&quot;show&quot;:true,&quot;card&quot;:true,&quot;display_after&quot;:&quot;&quot;,&quot;new_box&quot;:false},{&quot;slug&quot;:&quot;property-size&quot;,&quot;name&quot;:&quot;M2&quot;,&quot;has_archive&quot;:false,&quot;elements&quot;:[{&quot;name&quot;:&quot;150&quot;,&quot;link&quot;:&quot;&quot;,&quot;slug&quot;:&quot;&quot;}],&quot;show&quot;:true,&quot;card&quot;:true,&quot;display_after&quot;:&quot;m\\u00b2&quot;,&quot;new_box&quot;:false},{&quot;slug&quot;:&quot;lot-size&quot;,&quot;name&quot;:&quot;Terreno \\\/ Solar&quot;,&quot;has_archive&quot;:false,&quot;elements&quot;:[{&quot;name&quot;:&quot;520&quot;,&quot;link&quot;:&quot;&quot;,&quot;slug&quot;:&quot;&quot;}],&quot;show&quot;:true,&quot;card&quot;:false,&quot;display_after&quot;:&quot;m\\u00b2&quot;,&quot;new_box&quot;:false},{&quot;slug&quot;:&quot;features&quot;,&quot;name&quot;:&quot;Caracter\\u00edsticas&quot;,&quot;has_archive&quot;:true,&quot;elements&quot;:[{&quot;name&quot;:&quot;4 Schlafzimmer&quot;,&quot;link&quot;:&quot;https:\\\/\\\/novagestioinmobiliaria.com\\\/de\\\/eigenschaften\\\/4-schlafzimmer\\\/&quot;,&quot;slug&quot;:&quot;4-schlafzimmer&quot;},{&quot;name&quot;:&quot;Ausblick auf die Berge&quot;,&quot;link&quot;:&quot;https:\\\/\\\/novagestioinmobiliaria.com\\\/de\\\/eigenschaften\\\/ausblick-auf-die-berge\\\/&quot;,&quot;slug&quot;:&quot;ausblick-auf-die-berge&quot;},{&quot;name&quot;:&quot;Einbauk\\u00fcche&quot;,&quot;link&quot;:&quot;https:\\\/\\\/novagestioinmobiliaria.com\\\/de\\\/eigenschaften\\\/einbaukueche\\\/&quot;,&quot;slug&quot;:&quot;einbaukueche&quot;},{&quot;name&quot;:&quot;Garten&quot;,&quot;link&quot;:&quot;https:\\\/\\\/novagestioinmobiliaria.com\\\/de\\\/eigenschaften\\\/garten\\\/&quot;,&quot;slug&quot;:&quot;garten&quot;},{&quot;name&quot;:&quot;Gemeinschaftspool&quot;,&quot;link&quot;:&quot;https:\\\/\\\/novagestioinmobiliaria.com\\\/de\\\/eigenschaften\\\/gemeinschaftspool\\\/&quot;,&quot;slug&quot;:&quot;gemeinschaftspool&quot;},{&quot;name&quot;:&quot;Klimaanlage&quot;,&quot;link&quot;:&quot;https:\\\/\\\/novagestioinmobiliaria.com\\\/de\\\/eigenschaften\\\/klimaanlage\\\/&quot;,&quot;slug&quot;:&quot;klimaanlage&quot;},{&quot;name&quot;:&quot;M\\u00f6bliert&quot;,&quot;link&quot;:&quot;https:\\\/\\\/novagestioinmobiliaria.com\\\/de\\\/eigenschaften\\\/moebliert\\\/&quot;,&quot;slug&quot;:&quot;moebliert&quot;},{&quot;name&quot;:&quot;Panoramablick&quot;,&quot;link&quot;:&quot;https:\\\/\\\/novagestioinmobiliaria.com\\\/de\\\/eigenschaften\\\/panoramablick\\\/&quot;,&quot;slug&quot;:&quot;panoramablick&quot;},{&quot;name&quot;:&quot;Ruhige Lage&quot;,&quot;link&quot;:&quot;https:\\\/\\\/novagestioinmobiliaria.com\\\/de\\\/eigenschaften\\\/ruhige-lage\\\/&quot;,&quot;slug&quot;:&quot;ruhige-lage&quot;},{&quot;name&quot;:&quot;Stromanschluss&quot;,&quot;link&quot;:&quot;https:\\\/\\\/novagestioinmobiliaria.com\\\/de\\\/eigenschaften\\\/stromanschluss\\\/&quot;,&quot;slug&quot;:&quot;stromanschluss&quot;},{&quot;name&quot;:&quot;Terrasse&quot;,&quot;link&quot;:&quot;https:\\\/\\\/novagestioinmobiliaria.com\\\/de\\\/eigenschaften\\\/terrasse\\\/&quot;,&quot;slug&quot;:&quot;terrasse&quot;},{&quot;name&quot;:&quot;Unverbaubare Aussicht&quot;,&quot;link&quot;:&quot;https:\\\/\\\/novagestioinmobiliaria.com\\\/de\\\/eigenschaften\\\/unverbaubare-aussicht\\\/&quot;,&quot;slug&quot;:&quot;unverbaubare-aussicht&quot;},{&quot;name&quot;:&quot;Zentrale Lage&quot;,&quot;link&quot;:&quot;https:\\\/\\\/novagestioinmobiliaria.com\\\/de\\\/eigenschaften\\\/zentrale-lage\\\/&quot;,&quot;slug&quot;:&quot;zentrale-lage&quot;}],&quot;card&quot;:false,&quot;show&quot;:true,&quot;display_after&quot;:&quot;&quot;,&quot;new_box&quot;:true}],&quot;views&quot;:52,&quot;days_ago&quot;:&quot;2 monat.&quot;,&quot;image_id&quot;:87685,&quot;image_url&quot;:&quot;https:\\\/\\\/novagestioinmobiliaria.com\\\/wp-content\\\/uploads\\\/2026\\\/02\\\/Fimca-rustica-Arta-alquiler-ref-1870-8.jpg&quot;,&quot;tags&quot;:[{&quot;name&quot;:&quot;Caracter\\u00edsticas&quot;,&quot;elements&quot;:[{&quot;name&quot;:&quot;4 Schlafzimmer&quot;,&quot;link&quot;:&quot;https:\\\/\\\/novagestioinmobiliaria.com\\\/de\\\/eigenschaften\\\/4-schlafzimmer\\\/&quot;},{&quot;name&quot;:&quot;Ausblick auf die Berge&quot;,&quot;link&quot;:&quot;https:\\\/\\\/novagestioinmobiliaria.com\\\/de\\\/eigenschaften\\\/ausblick-auf-die-berge\\\/&quot;},{&quot;name&quot;:&quot;Einbauk\\u00fcche&quot;,&quot;link&quot;:&quot;https:\\\/\\\/novagestioinmobiliaria.com\\\/de\\\/eigenschaften\\\/einbaukueche\\\/&quot;},{&quot;name&quot;:&quot;Garten&quot;,&quot;link&quot;:&quot;https:\\\/\\\/novagestioinmobiliaria.com\\\/de\\\/eigenschaften\\\/garten\\\/&quot;},{&quot;name&quot;:&quot;Gemeinschaftspool&quot;,&quot;link&quot;:&quot;https:\\\/\\\/novagestioinmobiliaria.com\\\/de\\\/eigenschaften\\\/gemeinschaftspool\\\/&quot;},{&quot;name&quot;:&quot;Klimaanlage&quot;,&quot;link&quot;:&quot;https:\\\/\\\/novagestioinmobiliaria.com\\\/de\\\/eigenschaften\\\/klimaanlage\\\/&quot;},{&quot;name&quot;:&quot;M\\u00f6bliert&quot;,&quot;link&quot;:&quot;https:\\\/\\\/novagestioinmobiliaria.com\\\/de\\\/eigenschaften\\\/moebliert\\\/&quot;},{&quot;name&quot;:&quot;Panoramablick&quot;,&quot;link&quot;:&quot;https:\\\/\\\/novagestioinmobiliaria.com\\\/de\\\/eigenschaften\\\/panoramablick\\\/&quot;},{&quot;name&quot;:&quot;Ruhige Lage&quot;,&quot;link&quot;:&quot;https:\\\/\\\/novagestioinmobiliaria.com\\\/de\\\/eigenschaften\\\/ruhige-lage\\\/&quot;},{&quot;name&quot;:&quot;Stromanschluss&quot;,&quot;link&quot;:&quot;https:\\\/\\\/novagestioinmobiliaria.com\\\/de\\\/eigenschaften\\\/stromanschluss\\\/&quot;},{&quot;name&quot;:&quot;Terrasse&quot;,&quot;link&quot;:&quot;https:\\\/\\\/novagestioinmobiliaria.com\\\/de\\\/eigenschaften\\\/terrasse\\\/&quot;},{&quot;name&quot;:&quot;Unverbaubare Aussicht&quot;,&quot;link&quot;:&quot;https:\\\/\\\/novagestioinmobiliaria.com\\\/de\\\/eigenschaften\\\/unverbaubare-aussicht\\\/&quot;},{&quot;name&quot;:&quot;Zentrale Lage&quot;,&quot;link&quot;:&quot;https:\\\/\\\/novagestioinmobiliaria.com\\\/de\\\/eigenschaften\\\/zentrale-lage\\\/&quot;}],&quot;has_archive&quot;:true}],&quot;status&quot;:&quot;publish&quot;,&quot;plans&quot;:[],&quot;video_plan&quot;:{&quot;src&quot;:&quot;&quot;,&quot;video&quot;:&quot;&quot;},&quot;virtual_tour&quot;:null,&quot;state&quot;:&quot;&quot;,&quot;labels&quot;:[],&quot;image&quot;:&quot;https:\\\/\\\/novagestioinmobiliaria.com\\\/wp-content\\\/uploads\\\/2026\\\/02\\\/Fimca-rustica-Arta-alquiler-ref-1870-8-400x250.jpg&quot;,&quot;image_srcset&quot;:&quot;https:\\\/\\\/novagestioinmobiliaria.com\\\/wp-content\\\/uploads\\\/2026\\\/02\\\/Fimca-rustica-Arta-alquiler-ref-1870-8-200x125.jpg 200w, https:\\\/\\\/novagestioinmobiliaria.com\\\/wp-content\\\/uploads\\\/2026\\\/02\\\/Fimca-rustica-Arta-alquiler-ref-1870-8-800x500.jpg 800w, https:\\\/\\\/novagestioinmobiliaria.com\\\/wp-content\\\/uploads\\\/2026\\\/02\\\/Fimca-rustica-Arta-alquiler-ref-1870-8-600x375.jpg 600w, https:\\\/\\\/novagestioinmobiliaria.com\\\/wp-content\\\/uploads\\\/2026\\\/02\\\/Fimca-rustica-Arta-alquiler-ref-1870-8-400x250.jpg 400w&quot;}'>\r\n\t\t\t\t\t\t\t\t\t\t\t\t\t<\/compare-button>\r\n\t\t\t\t\t\t\t\t\t\t\t\t<\/div>\r\n\t\t\t\t\t\t\t\t\t\t\t\t<div class=\"mh-estate-vertical__buttons__single\">\r\n\t\t\t\t\t\t\t\t\t\t\t\t\t<a href=\"https:\/\/novagestioinmobiliaria.com\/de\/propiedades-properties-immobilien\/rustikales-landhaus-zur-miete-in-arta-fr1870ar-ade\/\"\r\n\t\t\t\t\t\t\t\t\t\t\t\t\t   title=\"Rustikales Landhaus zur Miete in Art\u00e1 : : FR1870AR-ADE\"\r\n\t\t\t\t\t\t\t\t\t\t\t\t\t   class=\"mdl-button mdl-js-button mdl-button--raised mdl-js-ripple-effect mdl-button--primary-ghost\">\r\n\t\t\t\t\t\t\t\t\t\t\t\t\t\tDetails\t\t\t\t\t\t\t\t\t\t\t\t\t\t<span class=\"mdl-button__icon-right\"><i class=\"fa fa-angle-right\"><\/i><\/span>\r\n\t\t\t\t\t\t\t\t\t\t\t\t\t<\/a>\r\n\t\t\t\t\t\t\t\t\t\t\t\t<\/div>\r\n\t\t\t\t\t\t\t\t\t\t\t<\/div>\r\n\t\t\t\t\t\t\t\t\t\t<\/div>\r\n\t\t\t\t\t\t\t\t\t<\/div>\r\n\t\t\t\t\t\t\t\t<\/div>\r\n\t\t\t\t\t\t\t<\/div>\r\n\t\t\t\t\t\t<\/article>\r\n\t\t\t\t\t<\/div>\r\n\t\t\t\t\r\n\t\t\t\t\t<div class=\"item\">\r\n\t\t\t\t\t\t<article class=\"mh-estate-vertical mh-estate-vertical--white  mh-attribute-property-type__villen-chalets mh-attribute-offer-type__zu-vermieten mh-attribute-city__manacor-de mh-attribute-features__3-schlafzimmer mh-attribute-features__auto-stellplatz mh-attribute-features__einbaukueche mh-attribute-features__klimaanlage mh-attribute-features__moebliert mh-attribute-features__neubau mh-attribute-features__ruhige-lage mh-attribute-features__schulnah mh-attribute-features__terrasse mh-attribute-features__wascherei mh-attribute-features__zentrale-lage\">\r\n\t\t\t\t\t\t\t<a href=\"https:\/\/novagestioinmobiliaria.com\/de\/propiedades-properties-immobilien\/villa-zur-miete-in-manacor-ch1854ma-ade\/\"\r\n\t\t\t\t\t\t\t   title=\"Villa zur Miete in Manacor : : CH1854MA-ADE\"\r\n\t\t\t\t\t\t\t   class=\"mh-thumbnail\">\r\n                        <span class=\"mh-thumbnail__inner\">\r\n                                    <img\r\n                    data-srcset=\"https:\/\/novagestioinmobiliaria.com\/wp-content\/uploads\/2026\/01\/Chalet-en-alquiler-en-Manacor-ref-1854-6-200x125.jpg 200w, https:\/\/novagestioinmobiliaria.com\/wp-content\/uploads\/2026\/01\/Chalet-en-alquiler-en-Manacor-ref-1854-6-800x500.jpg 800w, https:\/\/novagestioinmobiliaria.com\/wp-content\/uploads\/2026\/01\/Chalet-en-alquiler-en-Manacor-ref-1854-6-600x375.jpg 600w, https:\/\/novagestioinmobiliaria.com\/wp-content\/uploads\/2026\/01\/Chalet-en-alquiler-en-Manacor-ref-1854-6-400x250.jpg 400w\"\r\n                    class=\"lazyload \" alt=\"Villa zur Miete in Manacor : : CH1854MA-ADE\"\r\n                    data-sizes=\"auto\"\r\n            >\r\n\t\t\t                        <\/span>\r\n\r\n\t\t\t\t\t\t\t\t\t\t\t\t\t\t\t\t\t<div class=\"mh-caption\">\r\n\t\t\t\t\t\t\t\t\t\t<div class=\"mh-caption__inner\">\r\n\t\t\t\t\t\t\t\t\t\t\tZu vermieten\t\t\t\t\t\t\t\t\t\t<\/div>\r\n\t\t\t\t\t\t\t\t\t<\/div>\r\n\t\t\t\t\t\t\t\t\t\r\n\t\t\t\t\t\t\t\t<div class=\"mh-estate-vertical__text\">\r\n\t\t\t\t\t\t\t\t\t<div class=\"mh-estate-vertical__text__inner\">\r\n\t\t\t\t\t\t\t\t\t\t[vc_row][vc_column][vc_btn title=&#8221;VIRTUELLE 360\u00b0-TOUR ANSEHEN&#8221; color=&#8221;info&#8221; align=&#8221;center&#8221; css=&#8221;&#8221; button_block=&#8221;true&#8221; link=&#8221;url:https%3A%2F%2Ffloorfy.com%2Fes%2Ftour%2F2526405%3Fplay%3Dno|target:_blank&#8221;][vc_column_text] Sch\u00f6ne freistehende Villa zur Miete in Manacor, ganz in der N\u00e4he...\t\t\t\t\t\t\t\t\t<\/div>\r\n\t\t\t\t\t\t\t\t<\/div>\r\n\t\t\t\t\t\t\t<\/a>\r\n\r\n\t\t\t\t\t\t\t<div class=\"mh-estate-vertical__content\">\r\n\t\t\t\t\t\t\t\t<h3 class=\"mh-estate-vertical__heading\">\r\n\t\t\t\t\t\t\t\t\t<a href=\"https:\/\/novagestioinmobiliaria.com\/de\/propiedades-properties-immobilien\/villa-zur-miete-in-manacor-ch1854ma-ade\/\"\r\n\t\t\t\t\t\t\t\t\t   title=\"Villa zur Miete in Manacor : : CH1854MA-ADE\">\r\n\t\t\t\t\t\t\t\t\t\tVilla zur Miete in Manacor : : CH1854MA-ADE\t\t\t\t\t\t\t\t\t<\/a>\r\n\t\t\t\t\t\t\t\t<\/h3>\r\n\t\t\t\t\t\t\t\t<address class=\"mh-estate-vertical__subheading\">\r\n\t\t\t\t\t\t\t\t\tM\t\t\t\t\t\t\t\t<\/address>\r\n\t\t\t\t\t\t\t\t<div class=\"mh-estate-vertical__primary\">\r\n\t\t\t\t\t\t\t\t\t2.500 \u20ac\t\t\t\t\t\t\t\t<\/div>\r\n\r\n\t\t\t\t\t\t\t\t<div>\r\n\t\t\t\t\t\t\t\t\t<div class=\"mh-estate__list\">\r\n\t\t\t\t\t\t\t\t\t\t\r\n\t\t\t\t\t\t\t\t\t\t\t<span class=\"mh-estate-vertical__more-info mh-estate_attribute-offer-type\">\r\n                                        <strong>Tipo operaci\u00f3n:<\/strong>\r\n\t\t\t\t\t\t\t\t\t\t\t\t\t\t\t\t\t\t\t\t\t\t\t\t\t\tZu vermieten\t\t\t\t\t\t\t\t\t\t\t\t\t\t                                    <\/span>\r\n\r\n\t\t\t\t\t\t\t\t\t\t\r\n\t\t\t\t\t\t\t\t\t\t\t<span class=\"mh-estate-vertical__more-info mh-estate_attribute-bedrooms\">\r\n                                        <strong>Habitaciones:<\/strong>\r\n\t\t\t\t\t\t\t\t\t\t\t\t3                                    <\/span>\r\n\r\n\t\t\t\t\t\t\t\t\t\t\r\n\t\t\t\t\t\t\t\t\t\t\t<span class=\"mh-estate-vertical__more-info mh-estate_attribute-bathrooms\">\r\n                                        <strong>Ba\u00f1os:<\/strong>\r\n\t\t\t\t\t\t\t\t\t\t\t\t2                                    <\/span>\r\n\r\n\t\t\t\t\t\t\t\t\t\t\r\n\t\t\t\t\t\t\t\t\t\t\t<span class=\"mh-estate-vertical__more-info mh-estate_attribute-property-size\">\r\n                                        <strong>M2:<\/strong>\r\n\t\t\t\t\t\t\t\t\t\t\t\t300 m\u00b2                                    <\/span>\r\n\r\n\t\t\t\t\t\t\t\t\t\t\t\t\t\t\t\t\t\t\t<\/div>\r\n\t\t\t\t\t\t\t\t<\/div>\r\n\r\n\t\t\t\t\t\t\t\t<div class=\"mh-estate-vertical__bottom\">\r\n\t\t\t\t\t\t\t\t\t<div class=\"mh-estate-vertical__bottom__inner\">\r\n\t\t\t\t\t\t\t\t\t\t<div class=\"mh-estate-vertical__date\">\r\n\t\t\t\t\t\t\t\t\t\t\t3 monat.\t\t\t\t\t\t\t\t\t\t<\/div>\r\n\t\t\t\t\t\t\t\t\t\t<div class=\"mh-estate-vertical__buttons-wrapper\">\r\n\t\t\t\t\t\t\t\t\t\t\t<div class=\"mh-estate-vertical__buttons\">\r\n\t\t\t\t\t\t\t\t\t\t\t\t<div class=\"mh-estate-vertical__buttons__single\">\r\n\t\t\t\t\t\t\t\t\t\t\t\t\t<compare-button class=\"myhome-compare\"\r\n\t\t\t\t\t\t\t\t\t\t\t\t\t\t\t\t\t:translations='{&quot;added&quot;:&quot;Zus\\u00e4tzlich&quot;,&quot;compare&quot;:&quot;Vergleichen&quot;}'\r\n\t\t\t\t\t\t\t\t\t\t\t\t\t\t\t\t\t:estate='{&quot;short_excerpt_limit&quot;:125,&quot;long_excerpt_limit&quot;:160,&quot;id&quot;:86633,&quot;agent_id&quot;:&quot;26&quot;,&quot;title&quot;:&quot;Villa zur Miete in Manacor : : CH1854MA-ADE&quot;,&quot;content&quot;:&quot;[vc_row][vc_column][vc_btn title=\\&quot;VIRTUELLE 360\\u00b0-TOUR ANSEHEN\\&quot; color=\\&quot;info\\&quot; align=\\&quot;center\\&quot; css=\\&quot;\\&quot; button_block=\\&quot;true\\&quot; link=\\&quot;url:https%3A%2F%2Ffloorfy.com%2Fes%2Ftour%2F2526405%3Fplay%3Dno|target:_blank\\&quot;][vc_column_text]\\r\\nSch\\u00f6ne freistehende Villa zur Miete in Manacor, ganz in der N\\u00e4he der Rafa Nadal Academy, die bequem zu Fu\\u00df erreichbar ist. Die Lage ist ideal: eine Wohngegend abseits des Trubels der Stadt, aber mit allem, was Sie brauchen, in Reichweite.\\r\\nDie Unterkunft verf\\u00fcgt \\u00fcber 3 Doppelzimmer, 2 Badezimmer mit Dusche, eine gro\\u00dfe voll ausgestattete K\\u00fcche mit Waschk\\u00fcche, die zu einer der mehreren Terrassen und einem hellen Wohnzimmer f\\u00fchrt. Au\\u00dferdem verf\\u00fcgt sie \\u00fcber einen sehr ger\\u00e4umigen Keller mit Platz f\\u00fcr mehrere Autos und zur Aufbewahrung von Gegenst\\u00e4nden.\\r\\nDas Haus wurde 2009 erbaut und hat zwei Etagen. Obwohl es wenig genutzt wurde, haben die Besitzer k\\u00fcrzlich einige Verbesserungen vorgenommen, um es in einwandfreiem Zustand zu hinterlassen: \\u00dcberpr\\u00fcfung aller Installationen, Aktualisierung einiger Ger\\u00e4te, neue Klimager\\u00e4te, Malerei und andere Details, die w\\u00e4hrend des Besuchs gesch\\u00e4tzt werden k\\u00f6nnen.\\r\\nTeilweise m\\u00f6blierte Vermietung\\r\\n\\r\\nMIETBEDINGUNGEN:\\r\\n- Langzeitmiete.\\r\\n- Nachweis finanzieller Solidit\\u00e4t.\\r\\n- Strom, Wasser, Internet und M\\u00fcllabfuhrgeb\\u00fchr sind NICHT im Preis enthalten.\\r\\n- 1 Monatsmiete als Kaution.\\r\\n- 1 Monatsmiete als Garantie.\\r\\n- Weitere Kosten sind mit der Agentur zu kl\\u00e4ren.\\r\\n\\r\\nNova Gestio Inmobiliaria - Ihre Immobilienagentur in Manacor[\\\/vc_column_text][\\\/vc_column][\\\/vc_row]&quot;,&quot;excerpt&quot;:&quot;[vc_row][vc_column][vc_btn title=\\u201dVIRTUELLE 360\\u00b0-TOUR ANSEHEN\\u201d color=\\u201dinfo\\u201d align=\\u201dcenter\\u201d css=\\u201d\\u201d button_block=\\u201dtrue\\u201d link=\\u201durl:https%3A%2F%2Ffloorfy.com%2Fes%2Ftour%2F2526405%3Fplay%3Dno|target:_blank\\u201d][vc_column_text] Sch\\u00f6ne freistehende Villa zur Miete in Manacor, ganz in der N\\u00e4he der Rafa Nadal Academy, die bequem zu Fu\\u00df erreichbar ist. Die Lage ist ideal: eine Wohngegend abseits des Trubels der Stadt, aber mit allem, was Sie brauchen, in Reichweite. Die Unterkunft verf\\u00fcgt \\u00fcber 3 Doppelzimmer, [\\u2026]&quot;,&quot;short_excerpt&quot;:&quot;\\r\\nSch\\u00f6ne freistehende Villa zur Miete in Manacor, ganz in der N\\u00e4he der Rafa Nadal Academy, die bequem zu Fu\\u00df erreichbar is...&quot;,&quot;long_excerpt&quot;:&quot;\\r\\nSch\\u00f6ne freistehende Villa zur Miete in Manacor, ganz in der N\\u00e4he der Rafa Nadal Academy, die bequem zu Fu\\u00df erreichbar ist. Die Lage ist ideal: eine Wohngeg...&quot;,&quot;link&quot;:&quot;https:\\\/\\\/novagestioinmobiliaria.com\\\/de\\\/propiedades-properties-immobilien\\\/villa-zur-miete-in-manacor-ch1854ma-ade\\\/&quot;,&quot;offer_type&quot;:&quot;Zu vermieten&quot;,&quot;price&quot;:&quot;2.500 \\u20ac&quot;,&quot;location&quot;:&quot;M&quot;,&quot;is_featured&quot;:true,&quot;gallery&quot;:[{&quot;id&quot;:86586,&quot;url&quot;:&quot;https:\\\/\\\/novagestioinmobiliaria.com\\\/wp-content\\\/uploads\\\/2026\\\/01\\\/Chalet-en-alquiler-en-Manacor-ref-1854-6.jpg&quot;,&quot;alt&quot;:&quot;&quot;},{&quot;id&quot;:86628,&quot;url&quot;:&quot;https:\\\/\\\/novagestioinmobiliaria.com\\\/wp-content\\\/uploads\\\/2026\\\/01\\\/Chalet-en-alquiler-en-Manacor-ref-1854-20.jpg&quot;,&quot;alt&quot;:&quot;&quot;},{&quot;id&quot;:86625,&quot;url&quot;:&quot;https:\\\/\\\/novagestioinmobiliaria.com\\\/wp-content\\\/uploads\\\/2026\\\/01\\\/Chalet-en-alquiler-en-Manacor-ref-1854-19.jpg&quot;,&quot;alt&quot;:&quot;&quot;},{&quot;id&quot;:86595,&quot;url&quot;:&quot;https:\\\/\\\/novagestioinmobiliaria.com\\\/wp-content\\\/uploads\\\/2026\\\/01\\\/Chalet-en-alquiler-en-Manacor-ref-1854-9.jpg&quot;,&quot;alt&quot;:&quot;&quot;},{&quot;id&quot;:86619,&quot;url&quot;:&quot;https:\\\/\\\/novagestioinmobiliaria.com\\\/wp-content\\\/uploads\\\/2026\\\/01\\\/Chalet-en-alquiler-en-Manacor-ref-1854-17.jpg&quot;,&quot;alt&quot;:&quot;&quot;},{&quot;id&quot;:86607,&quot;url&quot;:&quot;https:\\\/\\\/novagestioinmobiliaria.com\\\/wp-content\\\/uploads\\\/2026\\\/01\\\/Chalet-en-alquiler-en-Manacor-ref-1854-13.jpg&quot;,&quot;alt&quot;:&quot;&quot;},{&quot;id&quot;:86616,&quot;url&quot;:&quot;https:\\\/\\\/novagestioinmobiliaria.com\\\/wp-content\\\/uploads\\\/2026\\\/01\\\/Chalet-en-alquiler-en-Manacor-ref-1854-16.jpg&quot;,&quot;alt&quot;:&quot;&quot;},{&quot;id&quot;:86580,&quot;url&quot;:&quot;https:\\\/\\\/novagestioinmobiliaria.com\\\/wp-content\\\/uploads\\\/2026\\\/01\\\/Chalet-en-alquiler-en-Manacor-ref-1854-4.jpg&quot;,&quot;alt&quot;:&quot;&quot;},{&quot;id&quot;:86568,&quot;url&quot;:&quot;https:\\\/\\\/novagestioinmobiliaria.com\\\/wp-content\\\/uploads\\\/2026\\\/01\\\/Chalet-en-alquiler-en-Manacor-ref-1854-22.jpg&quot;,&quot;alt&quot;:&quot;&quot;},{&quot;id&quot;:86622,&quot;url&quot;:&quot;https:\\\/\\\/novagestioinmobiliaria.com\\\/wp-content\\\/uploads\\\/2026\\\/01\\\/Chalet-en-alquiler-en-Manacor-ref-1854-18.jpg&quot;,&quot;alt&quot;:&quot;&quot;},{&quot;id&quot;:86631,&quot;url&quot;:&quot;https:\\\/\\\/novagestioinmobiliaria.com\\\/wp-content\\\/uploads\\\/2026\\\/01\\\/Chalet-en-alquiler-en-Manacor-ref-1854-21.jpg&quot;,&quot;alt&quot;:&quot;&quot;},{&quot;id&quot;:86601,&quot;url&quot;:&quot;https:\\\/\\\/novagestioinmobiliaria.com\\\/wp-content\\\/uploads\\\/2026\\\/01\\\/Chalet-en-alquiler-en-Manacor-ref-1854-11.jpg&quot;,&quot;alt&quot;:&quot;&quot;},{&quot;id&quot;:86574,&quot;url&quot;:&quot;https:\\\/\\\/novagestioinmobiliaria.com\\\/wp-content\\\/uploads\\\/2026\\\/01\\\/Chalet-en-alquiler-en-Manacor-ref-1854-2.jpg&quot;,&quot;alt&quot;:&quot;&quot;},{&quot;id&quot;:86604,&quot;url&quot;:&quot;https:\\\/\\\/novagestioinmobiliaria.com\\\/wp-content\\\/uploads\\\/2026\\\/01\\\/Chalet-en-alquiler-en-Manacor-ref-1854-12.jpg&quot;,&quot;alt&quot;:&quot;&quot;},{&quot;id&quot;:86577,&quot;url&quot;:&quot;https:\\\/\\\/novagestioinmobiliaria.com\\\/wp-content\\\/uploads\\\/2026\\\/01\\\/Chalet-en-alquiler-en-Manacor-ref-1854-3.jpg&quot;,&quot;alt&quot;:&quot;&quot;},{&quot;id&quot;:86583,&quot;url&quot;:&quot;https:\\\/\\\/novagestioinmobiliaria.com\\\/wp-content\\\/uploads\\\/2026\\\/01\\\/Chalet-en-alquiler-en-Manacor-ref-1854-5.jpg&quot;,&quot;alt&quot;:&quot;&quot;},{&quot;id&quot;:86613,&quot;url&quot;:&quot;https:\\\/\\\/novagestioinmobiliaria.com\\\/wp-content\\\/uploads\\\/2026\\\/01\\\/Chalet-en-alquiler-en-Manacor-ref-1854-15.jpg&quot;,&quot;alt&quot;:&quot;&quot;},{&quot;id&quot;:86589,&quot;url&quot;:&quot;https:\\\/\\\/novagestioinmobiliaria.com\\\/wp-content\\\/uploads\\\/2026\\\/01\\\/Chalet-en-alquiler-en-Manacor-ref-1854-7.jpg&quot;,&quot;alt&quot;:&quot;&quot;},{&quot;id&quot;:86592,&quot;url&quot;:&quot;https:\\\/\\\/novagestioinmobiliaria.com\\\/wp-content\\\/uploads\\\/2026\\\/01\\\/Chalet-en-alquiler-en-Manacor-ref-1854-8.jpg&quot;,&quot;alt&quot;:&quot;&quot;},{&quot;id&quot;:86598,&quot;url&quot;:&quot;https:\\\/\\\/novagestioinmobiliaria.com\\\/wp-content\\\/uploads\\\/2026\\\/01\\\/Chalet-en-alquiler-en-Manacor-ref-1854-10.jpg&quot;,&quot;alt&quot;:&quot;&quot;},{&quot;id&quot;:86571,&quot;url&quot;:&quot;https:\\\/\\\/novagestioinmobiliaria.com\\\/wp-content\\\/uploads\\\/2026\\\/01\\\/Chalet-en-alquiler-en-Manacor-ref-1854-1.jpg&quot;,&quot;alt&quot;:&quot;&quot;},{&quot;id&quot;:86610,&quot;url&quot;:&quot;https:\\\/\\\/novagestioinmobiliaria.com\\\/wp-content\\\/uploads\\\/2026\\\/01\\\/Chalet-en-alquiler-en-Manacor-ref-1854-14.jpg&quot;,&quot;alt&quot;:&quot;&quot;}],&quot;attributes&quot;:[{&quot;slug&quot;:&quot;property-type&quot;,&quot;name&quot;:&quot;Tipo propiedad&quot;,&quot;has_archive&quot;:true,&quot;elements&quot;:[{&quot;name&quot;:&quot;Villen \\\/ Chalets&quot;,&quot;link&quot;:&quot;https:\\\/\\\/novagestioinmobiliaria.com\\\/de\\\/immobilientyp\\\/villen-chalets\\\/&quot;,&quot;slug&quot;:&quot;villen-chalets&quot;}],&quot;card&quot;:false,&quot;show&quot;:true,&quot;display_after&quot;:&quot;&quot;,&quot;new_box&quot;:false},{&quot;slug&quot;:&quot;offer-type&quot;,&quot;name&quot;:&quot;Tipo operaci\\u00f3n&quot;,&quot;has_archive&quot;:true,&quot;elements&quot;:[{&quot;name&quot;:&quot;Zu vermieten&quot;,&quot;link&quot;:&quot;https:\\\/\\\/novagestioinmobiliaria.com\\\/de\\\/offer-type\\\/zu-vermieten\\\/&quot;,&quot;slug&quot;:&quot;zu-vermieten&quot;}],&quot;card&quot;:true,&quot;show&quot;:true,&quot;display_after&quot;:&quot;&quot;,&quot;new_box&quot;:false},{&quot;slug&quot;:&quot;city&quot;,&quot;name&quot;:&quot;Zona&quot;,&quot;has_archive&quot;:true,&quot;elements&quot;:[{&quot;name&quot;:&quot;Manacor&quot;,&quot;link&quot;:&quot;https:\\\/\\\/novagestioinmobiliaria.com\\\/de\\\/city\\\/manacor-de\\\/&quot;,&quot;slug&quot;:&quot;manacor-de&quot;}],&quot;card&quot;:false,&quot;show&quot;:true,&quot;display_after&quot;:&quot;&quot;,&quot;new_box&quot;:false},{&quot;slug&quot;:&quot;price&quot;,&quot;name&quot;:&quot;Precio&quot;,&quot;has_archive&quot;:false,&quot;elements&quot;:[{&quot;name&quot;:&quot;2500&quot;,&quot;link&quot;:&quot;&quot;,&quot;slug&quot;:&quot;&quot;}],&quot;show&quot;:false,&quot;card&quot;:false,&quot;display_after&quot;:&quot;\\u20ac&quot;,&quot;new_box&quot;:false},{&quot;slug&quot;:&quot;bedrooms&quot;,&quot;name&quot;:&quot;Habitaciones&quot;,&quot;has_archive&quot;:false,&quot;elements&quot;:[{&quot;name&quot;:&quot;3&quot;,&quot;link&quot;:&quot;&quot;,&quot;slug&quot;:&quot;&quot;}],&quot;show&quot;:true,&quot;card&quot;:true,&quot;display_after&quot;:&quot;&quot;,&quot;new_box&quot;:false},{&quot;slug&quot;:&quot;bathrooms&quot;,&quot;name&quot;:&quot;Ba\\u00f1os&quot;,&quot;has_archive&quot;:false,&quot;elements&quot;:[{&quot;name&quot;:&quot;2&quot;,&quot;link&quot;:&quot;&quot;,&quot;slug&quot;:&quot;&quot;}],&quot;show&quot;:true,&quot;card&quot;:true,&quot;display_after&quot;:&quot;&quot;,&quot;new_box&quot;:false},{&quot;slug&quot;:&quot;property-size&quot;,&quot;name&quot;:&quot;M2&quot;,&quot;has_archive&quot;:false,&quot;elements&quot;:[{&quot;name&quot;:&quot;300&quot;,&quot;link&quot;:&quot;&quot;,&quot;slug&quot;:&quot;&quot;}],&quot;show&quot;:true,&quot;card&quot;:true,&quot;display_after&quot;:&quot;m\\u00b2&quot;,&quot;new_box&quot;:false},{&quot;slug&quot;:&quot;lot-size&quot;,&quot;name&quot;:&quot;Terreno \\\/ Solar&quot;,&quot;has_archive&quot;:false,&quot;elements&quot;:[{&quot;name&quot;:&quot;1000&quot;,&quot;link&quot;:&quot;&quot;,&quot;slug&quot;:&quot;&quot;}],&quot;show&quot;:true,&quot;card&quot;:false,&quot;display_after&quot;:&quot;m\\u00b2&quot;,&quot;new_box&quot;:false},{&quot;slug&quot;:&quot;year-built&quot;,&quot;name&quot;:&quot;A\\u00f1o&quot;,&quot;has_archive&quot;:false,&quot;elements&quot;:[{&quot;name&quot;:&quot;2009&quot;,&quot;link&quot;:&quot;&quot;,&quot;slug&quot;:&quot;&quot;}],&quot;show&quot;:true,&quot;card&quot;:false,&quot;display_after&quot;:&quot;&quot;,&quot;new_box&quot;:false},{&quot;slug&quot;:&quot;features&quot;,&quot;name&quot;:&quot;Caracter\\u00edsticas&quot;,&quot;has_archive&quot;:true,&quot;elements&quot;:[{&quot;name&quot;:&quot;3 Schlafzimmer&quot;,&quot;link&quot;:&quot;https:\\\/\\\/novagestioinmobiliaria.com\\\/de\\\/eigenschaften\\\/3-schlafzimmer\\\/&quot;,&quot;slug&quot;:&quot;3-schlafzimmer&quot;},{&quot;name&quot;:&quot;Auto-Stellplatz&quot;,&quot;link&quot;:&quot;https:\\\/\\\/novagestioinmobiliaria.com\\\/de\\\/eigenschaften\\\/auto-stellplatz\\\/&quot;,&quot;slug&quot;:&quot;auto-stellplatz&quot;},{&quot;name&quot;:&quot;Einbauk\\u00fcche&quot;,&quot;link&quot;:&quot;https:\\\/\\\/novagestioinmobiliaria.com\\\/de\\\/eigenschaften\\\/einbaukueche\\\/&quot;,&quot;slug&quot;:&quot;einbaukueche&quot;},{&quot;name&quot;:&quot;Klimaanlage&quot;,&quot;link&quot;:&quot;https:\\\/\\\/novagestioinmobiliaria.com\\\/de\\\/eigenschaften\\\/klimaanlage\\\/&quot;,&quot;slug&quot;:&quot;klimaanlage&quot;},{&quot;name&quot;:&quot;M\\u00f6bliert&quot;,&quot;link&quot;:&quot;https:\\\/\\\/novagestioinmobiliaria.com\\\/de\\\/eigenschaften\\\/moebliert\\\/&quot;,&quot;slug&quot;:&quot;moebliert&quot;},{&quot;name&quot;:&quot;Neubau&quot;,&quot;link&quot;:&quot;https:\\\/\\\/novagestioinmobiliaria.com\\\/de\\\/eigenschaften\\\/neubau\\\/&quot;,&quot;slug&quot;:&quot;neubau&quot;},{&quot;name&quot;:&quot;Ruhige Lage&quot;,&quot;link&quot;:&quot;https:\\\/\\\/novagestioinmobiliaria.com\\\/de\\\/eigenschaften\\\/ruhige-lage\\\/&quot;,&quot;slug&quot;:&quot;ruhige-lage&quot;},{&quot;name&quot;:&quot;Schulnah&quot;,&quot;link&quot;:&quot;https:\\\/\\\/novagestioinmobiliaria.com\\\/de\\\/eigenschaften\\\/schulnah\\\/&quot;,&quot;slug&quot;:&quot;schulnah&quot;},{&quot;name&quot;:&quot;Terrasse&quot;,&quot;link&quot;:&quot;https:\\\/\\\/novagestioinmobiliaria.com\\\/de\\\/eigenschaften\\\/terrasse\\\/&quot;,&quot;slug&quot;:&quot;terrasse&quot;},{&quot;name&quot;:&quot;W\\u00e4scherei&quot;,&quot;link&quot;:&quot;https:\\\/\\\/novagestioinmobiliaria.com\\\/de\\\/eigenschaften\\\/wascherei\\\/&quot;,&quot;slug&quot;:&quot;wascherei&quot;},{&quot;name&quot;:&quot;Zentrale Lage&quot;,&quot;link&quot;:&quot;https:\\\/\\\/novagestioinmobiliaria.com\\\/de\\\/eigenschaften\\\/zentrale-lage\\\/&quot;,&quot;slug&quot;:&quot;zentrale-lage&quot;}],&quot;card&quot;:false,&quot;show&quot;:true,&quot;display_after&quot;:&quot;&quot;,&quot;new_box&quot;:true}],&quot;views&quot;:20,&quot;days_ago&quot;:&quot;3 monat.&quot;,&quot;image_id&quot;:86586,&quot;image_url&quot;:&quot;https:\\\/\\\/novagestioinmobiliaria.com\\\/wp-content\\\/uploads\\\/2026\\\/01\\\/Chalet-en-alquiler-en-Manacor-ref-1854-6.jpg&quot;,&quot;tags&quot;:[{&quot;name&quot;:&quot;Caracter\\u00edsticas&quot;,&quot;elements&quot;:[{&quot;name&quot;:&quot;3 Schlafzimmer&quot;,&quot;link&quot;:&quot;https:\\\/\\\/novagestioinmobiliaria.com\\\/de\\\/eigenschaften\\\/3-schlafzimmer\\\/&quot;},{&quot;name&quot;:&quot;Auto-Stellplatz&quot;,&quot;link&quot;:&quot;https:\\\/\\\/novagestioinmobiliaria.com\\\/de\\\/eigenschaften\\\/auto-stellplatz\\\/&quot;},{&quot;name&quot;:&quot;Einbauk\\u00fcche&quot;,&quot;link&quot;:&quot;https:\\\/\\\/novagestioinmobiliaria.com\\\/de\\\/eigenschaften\\\/einbaukueche\\\/&quot;},{&quot;name&quot;:&quot;Klimaanlage&quot;,&quot;link&quot;:&quot;https:\\\/\\\/novagestioinmobiliaria.com\\\/de\\\/eigenschaften\\\/klimaanlage\\\/&quot;},{&quot;name&quot;:&quot;M\\u00f6bliert&quot;,&quot;link&quot;:&quot;https:\\\/\\\/novagestioinmobiliaria.com\\\/de\\\/eigenschaften\\\/moebliert\\\/&quot;},{&quot;name&quot;:&quot;Neubau&quot;,&quot;link&quot;:&quot;https:\\\/\\\/novagestioinmobiliaria.com\\\/de\\\/eigenschaften\\\/neubau\\\/&quot;},{&quot;name&quot;:&quot;Ruhige Lage&quot;,&quot;link&quot;:&quot;https:\\\/\\\/novagestioinmobiliaria.com\\\/de\\\/eigenschaften\\\/ruhige-lage\\\/&quot;},{&quot;name&quot;:&quot;Schulnah&quot;,&quot;link&quot;:&quot;https:\\\/\\\/novagestioinmobiliaria.com\\\/de\\\/eigenschaften\\\/schulnah\\\/&quot;},{&quot;name&quot;:&quot;Terrasse&quot;,&quot;link&quot;:&quot;https:\\\/\\\/novagestioinmobiliaria.com\\\/de\\\/eigenschaften\\\/terrasse\\\/&quot;},{&quot;name&quot;:&quot;W\\u00e4scherei&quot;,&quot;link&quot;:&quot;https:\\\/\\\/novagestioinmobiliaria.com\\\/de\\\/eigenschaften\\\/wascherei\\\/&quot;},{&quot;name&quot;:&quot;Zentrale Lage&quot;,&quot;link&quot;:&quot;https:\\\/\\\/novagestioinmobiliaria.com\\\/de\\\/eigenschaften\\\/zentrale-lage\\\/&quot;}],&quot;has_archive&quot;:true}],&quot;status&quot;:&quot;publish&quot;,&quot;plans&quot;:[],&quot;video_plan&quot;:{&quot;src&quot;:&quot;&quot;,&quot;video&quot;:&quot;&quot;},&quot;virtual_tour&quot;:null,&quot;state&quot;:&quot;&quot;,&quot;labels&quot;:[],&quot;image&quot;:&quot;https:\\\/\\\/novagestioinmobiliaria.com\\\/wp-content\\\/uploads\\\/2026\\\/01\\\/Chalet-en-alquiler-en-Manacor-ref-1854-6-400x250.jpg&quot;,&quot;image_srcset&quot;:&quot;https:\\\/\\\/novagestioinmobiliaria.com\\\/wp-content\\\/uploads\\\/2026\\\/01\\\/Chalet-en-alquiler-en-Manacor-ref-1854-6-200x125.jpg 200w, https:\\\/\\\/novagestioinmobiliaria.com\\\/wp-content\\\/uploads\\\/2026\\\/01\\\/Chalet-en-alquiler-en-Manacor-ref-1854-6-800x500.jpg 800w, https:\\\/\\\/novagestioinmobiliaria.com\\\/wp-content\\\/uploads\\\/2026\\\/01\\\/Chalet-en-alquiler-en-Manacor-ref-1854-6-600x375.jpg 600w, https:\\\/\\\/novagestioinmobiliaria.com\\\/wp-content\\\/uploads\\\/2026\\\/01\\\/Chalet-en-alquiler-en-Manacor-ref-1854-6-400x250.jpg 400w&quot;}'>\r\n\t\t\t\t\t\t\t\t\t\t\t\t\t<\/compare-button>\r\n\t\t\t\t\t\t\t\t\t\t\t\t<\/div>\r\n\t\t\t\t\t\t\t\t\t\t\t\t<div class=\"mh-estate-vertical__buttons__single\">\r\n\t\t\t\t\t\t\t\t\t\t\t\t\t<a href=\"https:\/\/novagestioinmobiliaria.com\/de\/propiedades-properties-immobilien\/villa-zur-miete-in-manacor-ch1854ma-ade\/\"\r\n\t\t\t\t\t\t\t\t\t\t\t\t\t   title=\"Villa zur Miete in Manacor : : CH1854MA-ADE\"\r\n\t\t\t\t\t\t\t\t\t\t\t\t\t   class=\"mdl-button mdl-js-button mdl-button--raised mdl-js-ripple-effect mdl-button--primary-ghost\">\r\n\t\t\t\t\t\t\t\t\t\t\t\t\t\tDetails\t\t\t\t\t\t\t\t\t\t\t\t\t\t<span class=\"mdl-button__icon-right\"><i class=\"fa fa-angle-right\"><\/i><\/span>\r\n\t\t\t\t\t\t\t\t\t\t\t\t\t<\/a>\r\n\t\t\t\t\t\t\t\t\t\t\t\t<\/div>\r\n\t\t\t\t\t\t\t\t\t\t\t<\/div>\r\n\t\t\t\t\t\t\t\t\t\t<\/div>\r\n\t\t\t\t\t\t\t\t\t<\/div>\r\n\t\t\t\t\t\t\t\t<\/div>\r\n\t\t\t\t\t\t\t<\/div>\r\n\t\t\t\t\t\t<\/article>\r\n\t\t\t\t\t<\/div>\r\n\t\t\t\t\r\n\t\t\t\t\t<div class=\"item\">\r\n\t\t\t\t\t\t<article class=\"mh-estate-vertical mh-estate-vertical--white  mh-attribute-property-type__geschaeftslokale-bueros mh-attribute-offer-type__zu-vermieten mh-attribute-city__manacor-de mh-attribute-features__2-baeder-de mh-attribute-features__buroraume mh-attribute-features__klimaanlage\">\r\n\t\t\t\t\t\t\t<a href=\"https:\/\/novagestioinmobiliaria.com\/de\/propiedades-properties-immobilien\/gewerbeflaeche-zur-miete-in-manacor-lo1847ma-ade\/\"\r\n\t\t\t\t\t\t\t   title=\"Gewerbefl\u00e4che zur Miete in Manacor : : LO1847MA-ADE\"\r\n\t\t\t\t\t\t\t   class=\"mh-thumbnail\">\r\n                        <span class=\"mh-thumbnail__inner\">\r\n                                    <img\r\n                    data-srcset=\"https:\/\/novagestioinmobiliaria.com\/wp-content\/uploads\/2025\/12\/Local-oficina-en-alquiler-en-Manacor-ref-1847-1-1-200x125.jpg 200w, https:\/\/novagestioinmobiliaria.com\/wp-content\/uploads\/2025\/12\/Local-oficina-en-alquiler-en-Manacor-ref-1847-1-1-800x500.jpg 800w, https:\/\/novagestioinmobiliaria.com\/wp-content\/uploads\/2025\/12\/Local-oficina-en-alquiler-en-Manacor-ref-1847-1-1-600x375.jpg 600w, https:\/\/novagestioinmobiliaria.com\/wp-content\/uploads\/2025\/12\/Local-oficina-en-alquiler-en-Manacor-ref-1847-1-1-400x250.jpg 400w\"\r\n                    class=\"lazyload \" alt=\"Gewerbefl\u00e4che zur Miete in Manacor : : LO1847MA-ADE\"\r\n                    data-sizes=\"auto\"\r\n            >\r\n\t\t\t                        <\/span>\r\n\r\n\t\t\t\t\t\t\t\t\t\t\t\t\t\t\t\t\t<div class=\"mh-caption\">\r\n\t\t\t\t\t\t\t\t\t\t<div class=\"mh-caption__inner\">\r\n\t\t\t\t\t\t\t\t\t\t\tZu vermieten\t\t\t\t\t\t\t\t\t\t<\/div>\r\n\t\t\t\t\t\t\t\t\t<\/div>\r\n\t\t\t\t\t\t\t\t\t\r\n\t\t\t\t\t\t\t\t<div class=\"mh-estate-vertical__text\">\r\n\t\t\t\t\t\t\t\t\t<div class=\"mh-estate-vertical__text__inner\">\r\n\t\t\t\t\t\t\t\t\t\tGewerbefl\u00e4che zur Miete in Manacor. Diese Fl\u00e4che besteht aus 99 m\u00b2 und befindet sich im zweiten Stock eines Geb\u00e4udes mit...\t\t\t\t\t\t\t\t\t<\/div>\r\n\t\t\t\t\t\t\t\t<\/div>\r\n\t\t\t\t\t\t\t<\/a>\r\n\r\n\t\t\t\t\t\t\t<div class=\"mh-estate-vertical__content\">\r\n\t\t\t\t\t\t\t\t<h3 class=\"mh-estate-vertical__heading\">\r\n\t\t\t\t\t\t\t\t\t<a href=\"https:\/\/novagestioinmobiliaria.com\/de\/propiedades-properties-immobilien\/gewerbeflaeche-zur-miete-in-manacor-lo1847ma-ade\/\"\r\n\t\t\t\t\t\t\t\t\t   title=\"Gewerbefl\u00e4che zur Miete in Manacor : : LO1847MA-ADE\">\r\n\t\t\t\t\t\t\t\t\t\tGewerbefl\u00e4che zur Miete in Manacor : : LO1847MA-ADE\t\t\t\t\t\t\t\t\t<\/a>\r\n\t\t\t\t\t\t\t\t<\/h3>\r\n\t\t\t\t\t\t\t\t<address class=\"mh-estate-vertical__subheading\">\r\n\t\t\t\t\t\t\t\t\tM\t\t\t\t\t\t\t\t<\/address>\r\n\t\t\t\t\t\t\t\t<div class=\"mh-estate-vertical__primary\">\r\n\t\t\t\t\t\t\t\t\t700 \u20ac\t\t\t\t\t\t\t\t<\/div>\r\n\r\n\t\t\t\t\t\t\t\t<div>\r\n\t\t\t\t\t\t\t\t\t<div class=\"mh-estate__list\">\r\n\t\t\t\t\t\t\t\t\t\t\r\n\t\t\t\t\t\t\t\t\t\t\t<span class=\"mh-estate-vertical__more-info mh-estate_attribute-offer-type\">\r\n                                        <strong>Tipo operaci\u00f3n:<\/strong>\r\n\t\t\t\t\t\t\t\t\t\t\t\t\t\t\t\t\t\t\t\t\t\t\t\t\t\tZu vermieten\t\t\t\t\t\t\t\t\t\t\t\t\t\t                                    <\/span>\r\n\r\n\t\t\t\t\t\t\t\t\t\t\r\n\t\t\t\t\t\t\t\t\t\t\t<span class=\"mh-estate-vertical__more-info mh-estate_attribute-bedrooms\">\r\n                                        <strong>Habitaciones:<\/strong>\r\n\t\t\t\t\t\t\t\t\t\t\t\t3                                    <\/span>\r\n\r\n\t\t\t\t\t\t\t\t\t\t\r\n\t\t\t\t\t\t\t\t\t\t\t<span class=\"mh-estate-vertical__more-info mh-estate_attribute-bathrooms\">\r\n                                        <strong>Ba\u00f1os:<\/strong>\r\n\t\t\t\t\t\t\t\t\t\t\t\t2                                    <\/span>\r\n\r\n\t\t\t\t\t\t\t\t\t\t\r\n\t\t\t\t\t\t\t\t\t\t\t<span class=\"mh-estate-vertical__more-info mh-estate_attribute-property-size\">\r\n                                        <strong>M2:<\/strong>\r\n\t\t\t\t\t\t\t\t\t\t\t\t99 m\u00b2                                    <\/span>\r\n\r\n\t\t\t\t\t\t\t\t\t\t\t\t\t\t\t\t\t\t\t<\/div>\r\n\t\t\t\t\t\t\t\t<\/div>\r\n\r\n\t\t\t\t\t\t\t\t<div class=\"mh-estate-vertical__bottom\">\r\n\t\t\t\t\t\t\t\t\t<div class=\"mh-estate-vertical__bottom__inner\">\r\n\t\t\t\t\t\t\t\t\t\t<div class=\"mh-estate-vertical__date\">\r\n\t\t\t\t\t\t\t\t\t\t\t5 monat.\t\t\t\t\t\t\t\t\t\t<\/div>\r\n\t\t\t\t\t\t\t\t\t\t<div class=\"mh-estate-vertical__buttons-wrapper\">\r\n\t\t\t\t\t\t\t\t\t\t\t<div class=\"mh-estate-vertical__buttons\">\r\n\t\t\t\t\t\t\t\t\t\t\t\t<div class=\"mh-estate-vertical__buttons__single\">\r\n\t\t\t\t\t\t\t\t\t\t\t\t\t<compare-button class=\"myhome-compare\"\r\n\t\t\t\t\t\t\t\t\t\t\t\t\t\t\t\t\t:translations='{&quot;added&quot;:&quot;Zus\\u00e4tzlich&quot;,&quot;compare&quot;:&quot;Vergleichen&quot;}'\r\n\t\t\t\t\t\t\t\t\t\t\t\t\t\t\t\t\t:estate='{&quot;short_excerpt_limit&quot;:125,&quot;long_excerpt_limit&quot;:160,&quot;id&quot;:85829,&quot;agent_id&quot;:&quot;1&quot;,&quot;title&quot;:&quot;Gewerbefl\\u00e4che zur Miete in Manacor : : LO1847MA-ADE&quot;,&quot;content&quot;:&quot;Gewerbefl\\u00e4che zur Miete in Manacor. Diese Fl\\u00e4che besteht aus 99 m\\u00b2 und befindet sich im zweiten Stock eines Geb\\u00e4udes mit Aufzug.\\r\\nDieser Raum eignet sich ideal f\\u00fcr B\\u00fcros, Praxen oder Kliniken, dank seiner funktionalen Aufteilung und Helligkeit. Die Trennw\\u00e4nde sind verschiebbar und k\\u00f6nnen umgestaltet werden.\\r\\nMIETBEDINGUNGEN\\r\\n- Nachweis der nachweisbaren wirtschaftlichen Solvenz erforderlich.\\r\\n- Zwei Monatsmieten als Kaution.\\r\\n- Eine Monatsmiete als Vermittlungsgeb\\u00fchr.\\r\\n- Wasser-, Stromkosten, etc. sind nicht im Mietpreis enthalten.\\r\\n\\r\\nNova Gestio Inmobiliaria - Ihre Immobilienagentur in Manacor&quot;,&quot;excerpt&quot;:&quot;Gewerbefl\\u00e4che zur Miete in Manacor. Diese Fl\\u00e4che besteht aus 99 m\\u00b2 und befindet sich im zweiten Stock eines Geb\\u00e4udes mit Aufzug. Dieser Raum eignet sich ideal f\\u00fcr B\\u00fcros, Praxen oder Kliniken, dank seiner funktionalen Aufteilung und Helligkeit. Die Trennw\\u00e4nde sind verschiebbar und k\\u00f6nnen umgestaltet werden. MIETBEDINGUNGEN \\u2013 Nachweis der nachweisbaren wirtschaftlichen Solvenz erforderlich. \\u2013 Zwei [\\u2026]&quot;,&quot;short_excerpt&quot;:&quot;Gewerbefl\\u00e4che zur Miete in Manacor. Diese Fl\\u00e4che besteht aus 99 m\\u00b2 und befindet sich im zweiten Stock eines Geb\\u00e4udes mit A...&quot;,&quot;long_excerpt&quot;:&quot;Gewerbefl\\u00e4che zur Miete in Manacor. Diese Fl\\u00e4che besteht aus 99 m\\u00b2 und befindet sich im zweiten Stock eines Geb\\u00e4udes mit Aufzug.\\r\\nDieser Raum eignet sich ide...&quot;,&quot;link&quot;:&quot;https:\\\/\\\/novagestioinmobiliaria.com\\\/de\\\/propiedades-properties-immobilien\\\/gewerbeflaeche-zur-miete-in-manacor-lo1847ma-ade\\\/&quot;,&quot;offer_type&quot;:&quot;Zu vermieten&quot;,&quot;price&quot;:&quot;700 \\u20ac&quot;,&quot;location&quot;:&quot;M&quot;,&quot;is_featured&quot;:true,&quot;gallery&quot;:[{&quot;id&quot;:85839,&quot;url&quot;:&quot;https:\\\/\\\/novagestioinmobiliaria.com\\\/wp-content\\\/uploads\\\/2025\\\/12\\\/Local-oficina-en-alquiler-en-Manacor-ref-1847-1-1.jpg&quot;,&quot;alt&quot;:&quot;&quot;},{&quot;id&quot;:85848,&quot;url&quot;:&quot;https:\\\/\\\/novagestioinmobiliaria.com\\\/wp-content\\\/uploads\\\/2025\\\/12\\\/Local-oficina-en-alquiler-en-Manacor-ref-1847-4-1.jpg&quot;,&quot;alt&quot;:&quot;&quot;},{&quot;id&quot;:85845,&quot;url&quot;:&quot;https:\\\/\\\/novagestioinmobiliaria.com\\\/wp-content\\\/uploads\\\/2025\\\/12\\\/Local-oficina-en-alquiler-en-Manacor-ref-1847-3-1.jpg&quot;,&quot;alt&quot;:&quot;&quot;},{&quot;id&quot;:85842,&quot;url&quot;:&quot;https:\\\/\\\/novagestioinmobiliaria.com\\\/wp-content\\\/uploads\\\/2025\\\/12\\\/Local-oficina-en-alquiler-en-Manacor-ref-1847-2-1.jpg&quot;,&quot;alt&quot;:&quot;&quot;},{&quot;id&quot;:85836,&quot;url&quot;:&quot;https:\\\/\\\/novagestioinmobiliaria.com\\\/wp-content\\\/uploads\\\/2025\\\/12\\\/Local-oficina-en-alquiler-en-Manacor-ref-1847-7-1.jpg&quot;,&quot;alt&quot;:&quot;&quot;},{&quot;id&quot;:85833,&quot;url&quot;:&quot;https:\\\/\\\/novagestioinmobiliaria.com\\\/wp-content\\\/uploads\\\/2025\\\/12\\\/Local-oficina-en-alquiler-en-Manacor-ref-1847-6-1.jpg&quot;,&quot;alt&quot;:&quot;&quot;},{&quot;id&quot;:85830,&quot;url&quot;:&quot;https:\\\/\\\/novagestioinmobiliaria.com\\\/wp-content\\\/uploads\\\/2025\\\/12\\\/Local-oficina-en-alquiler-en-Manacor-ref-1847-5-1.jpg&quot;,&quot;alt&quot;:&quot;&quot;}],&quot;attributes&quot;:[{&quot;slug&quot;:&quot;property-type&quot;,&quot;name&quot;:&quot;Tipo propiedad&quot;,&quot;has_archive&quot;:true,&quot;elements&quot;:[{&quot;name&quot;:&quot;Gesch\\u00e4ftslokale \\\/ B\\u00fcros&quot;,&quot;link&quot;:&quot;https:\\\/\\\/novagestioinmobiliaria.com\\\/de\\\/immobilientyp\\\/geschaeftslokale-bueros\\\/&quot;,&quot;slug&quot;:&quot;geschaeftslokale-bueros&quot;}],&quot;card&quot;:false,&quot;show&quot;:true,&quot;display_after&quot;:&quot;&quot;,&quot;new_box&quot;:false},{&quot;slug&quot;:&quot;offer-type&quot;,&quot;name&quot;:&quot;Tipo operaci\\u00f3n&quot;,&quot;has_archive&quot;:true,&quot;elements&quot;:[{&quot;name&quot;:&quot;Zu vermieten&quot;,&quot;link&quot;:&quot;https:\\\/\\\/novagestioinmobiliaria.com\\\/de\\\/offer-type\\\/zu-vermieten\\\/&quot;,&quot;slug&quot;:&quot;zu-vermieten&quot;}],&quot;card&quot;:true,&quot;show&quot;:true,&quot;display_after&quot;:&quot;&quot;,&quot;new_box&quot;:false},{&quot;slug&quot;:&quot;city&quot;,&quot;name&quot;:&quot;Zona&quot;,&quot;has_archive&quot;:true,&quot;elements&quot;:[{&quot;name&quot;:&quot;Manacor&quot;,&quot;link&quot;:&quot;https:\\\/\\\/novagestioinmobiliaria.com\\\/de\\\/city\\\/manacor-de\\\/&quot;,&quot;slug&quot;:&quot;manacor-de&quot;}],&quot;card&quot;:false,&quot;show&quot;:true,&quot;display_after&quot;:&quot;&quot;,&quot;new_box&quot;:false},{&quot;slug&quot;:&quot;price&quot;,&quot;name&quot;:&quot;Precio&quot;,&quot;has_archive&quot;:false,&quot;elements&quot;:[{&quot;name&quot;:&quot;700&quot;,&quot;link&quot;:&quot;&quot;,&quot;slug&quot;:&quot;&quot;}],&quot;show&quot;:false,&quot;card&quot;:false,&quot;display_after&quot;:&quot;\\u20ac&quot;,&quot;new_box&quot;:false},{&quot;slug&quot;:&quot;bedrooms&quot;,&quot;name&quot;:&quot;Habitaciones&quot;,&quot;has_archive&quot;:false,&quot;elements&quot;:[{&quot;name&quot;:&quot;3&quot;,&quot;link&quot;:&quot;&quot;,&quot;slug&quot;:&quot;&quot;}],&quot;show&quot;:true,&quot;card&quot;:true,&quot;display_after&quot;:&quot;&quot;,&quot;new_box&quot;:false},{&quot;slug&quot;:&quot;bathrooms&quot;,&quot;name&quot;:&quot;Ba\\u00f1os&quot;,&quot;has_archive&quot;:false,&quot;elements&quot;:[{&quot;name&quot;:&quot;2&quot;,&quot;link&quot;:&quot;&quot;,&quot;slug&quot;:&quot;&quot;}],&quot;show&quot;:true,&quot;card&quot;:true,&quot;display_after&quot;:&quot;&quot;,&quot;new_box&quot;:false},{&quot;slug&quot;:&quot;property-size&quot;,&quot;name&quot;:&quot;M2&quot;,&quot;has_archive&quot;:false,&quot;elements&quot;:[{&quot;name&quot;:&quot;99&quot;,&quot;link&quot;:&quot;&quot;,&quot;slug&quot;:&quot;&quot;}],&quot;show&quot;:true,&quot;card&quot;:true,&quot;display_after&quot;:&quot;m\\u00b2&quot;,&quot;new_box&quot;:false},{&quot;slug&quot;:&quot;features&quot;,&quot;name&quot;:&quot;Caracter\\u00edsticas&quot;,&quot;has_archive&quot;:true,&quot;elements&quot;:[{&quot;name&quot;:&quot;2 B\\u00e4der&quot;,&quot;link&quot;:&quot;https:\\\/\\\/novagestioinmobiliaria.com\\\/de\\\/eigenschaften\\\/2-baeder-de\\\/&quot;,&quot;slug&quot;:&quot;2-baeder-de&quot;},{&quot;name&quot;:&quot;B\\u00fcror\\u00e4ume&quot;,&quot;link&quot;:&quot;https:\\\/\\\/novagestioinmobiliaria.com\\\/de\\\/eigenschaften\\\/buroraume\\\/&quot;,&quot;slug&quot;:&quot;buroraume&quot;},{&quot;name&quot;:&quot;Klimaanlage&quot;,&quot;link&quot;:&quot;https:\\\/\\\/novagestioinmobiliaria.com\\\/de\\\/eigenschaften\\\/klimaanlage\\\/&quot;,&quot;slug&quot;:&quot;klimaanlage&quot;}],&quot;card&quot;:false,&quot;show&quot;:true,&quot;display_after&quot;:&quot;&quot;,&quot;new_box&quot;:true}],&quot;views&quot;:21,&quot;days_ago&quot;:&quot;5 monat.&quot;,&quot;image_id&quot;:85839,&quot;image_url&quot;:&quot;https:\\\/\\\/novagestioinmobiliaria.com\\\/wp-content\\\/uploads\\\/2025\\\/12\\\/Local-oficina-en-alquiler-en-Manacor-ref-1847-1-1.jpg&quot;,&quot;tags&quot;:[{&quot;name&quot;:&quot;Caracter\\u00edsticas&quot;,&quot;elements&quot;:[{&quot;name&quot;:&quot;2 B\\u00e4der&quot;,&quot;link&quot;:&quot;https:\\\/\\\/novagestioinmobiliaria.com\\\/de\\\/eigenschaften\\\/2-baeder-de\\\/&quot;},{&quot;name&quot;:&quot;B\\u00fcror\\u00e4ume&quot;,&quot;link&quot;:&quot;https:\\\/\\\/novagestioinmobiliaria.com\\\/de\\\/eigenschaften\\\/buroraume\\\/&quot;},{&quot;name&quot;:&quot;Klimaanlage&quot;,&quot;link&quot;:&quot;https:\\\/\\\/novagestioinmobiliaria.com\\\/de\\\/eigenschaften\\\/klimaanlage\\\/&quot;}],&quot;has_archive&quot;:true}],&quot;status&quot;:&quot;publish&quot;,&quot;plans&quot;:[],&quot;video_plan&quot;:{&quot;src&quot;:&quot;&quot;,&quot;video&quot;:&quot;&quot;},&quot;virtual_tour&quot;:null,&quot;state&quot;:&quot;&quot;,&quot;labels&quot;:[],&quot;image&quot;:&quot;https:\\\/\\\/novagestioinmobiliaria.com\\\/wp-content\\\/uploads\\\/2025\\\/12\\\/Local-oficina-en-alquiler-en-Manacor-ref-1847-1-1-400x250.jpg&quot;,&quot;image_srcset&quot;:&quot;https:\\\/\\\/novagestioinmobiliaria.com\\\/wp-content\\\/uploads\\\/2025\\\/12\\\/Local-oficina-en-alquiler-en-Manacor-ref-1847-1-1-200x125.jpg 200w, https:\\\/\\\/novagestioinmobiliaria.com\\\/wp-content\\\/uploads\\\/2025\\\/12\\\/Local-oficina-en-alquiler-en-Manacor-ref-1847-1-1-800x500.jpg 800w, https:\\\/\\\/novagestioinmobiliaria.com\\\/wp-content\\\/uploads\\\/2025\\\/12\\\/Local-oficina-en-alquiler-en-Manacor-ref-1847-1-1-600x375.jpg 600w, https:\\\/\\\/novagestioinmobiliaria.com\\\/wp-content\\\/uploads\\\/2025\\\/12\\\/Local-oficina-en-alquiler-en-Manacor-ref-1847-1-1-400x250.jpg 400w&quot;}'>\r\n\t\t\t\t\t\t\t\t\t\t\t\t\t<\/compare-button>\r\n\t\t\t\t\t\t\t\t\t\t\t\t<\/div>\r\n\t\t\t\t\t\t\t\t\t\t\t\t<div class=\"mh-estate-vertical__buttons__single\">\r\n\t\t\t\t\t\t\t\t\t\t\t\t\t<a href=\"https:\/\/novagestioinmobiliaria.com\/de\/propiedades-properties-immobilien\/gewerbeflaeche-zur-miete-in-manacor-lo1847ma-ade\/\"\r\n\t\t\t\t\t\t\t\t\t\t\t\t\t   title=\"Gewerbefl\u00e4che zur Miete in Manacor : : LO1847MA-ADE\"\r\n\t\t\t\t\t\t\t\t\t\t\t\t\t   class=\"mdl-button mdl-js-button mdl-button--raised mdl-js-ripple-effect mdl-button--primary-ghost\">\r\n\t\t\t\t\t\t\t\t\t\t\t\t\t\tDetails\t\t\t\t\t\t\t\t\t\t\t\t\t\t<span class=\"mdl-button__icon-right\"><i class=\"fa fa-angle-right\"><\/i><\/span>\r\n\t\t\t\t\t\t\t\t\t\t\t\t\t<\/a>\r\n\t\t\t\t\t\t\t\t\t\t\t\t<\/div>\r\n\t\t\t\t\t\t\t\t\t\t\t<\/div>\r\n\t\t\t\t\t\t\t\t\t\t<\/div>\r\n\t\t\t\t\t\t\t\t\t<\/div>\r\n\t\t\t\t\t\t\t\t<\/div>\r\n\t\t\t\t\t\t\t<\/div>\r\n\t\t\t\t\t\t<\/article>\r\n\t\t\t\t\t<\/div>\r\n\t\t\t\t\r\n\t\t\t\t\t<div class=\"item\">\r\n\t\t\t\t\t\t<article class=\"mh-estate-vertical mh-estate-vertical--white  mh-attribute-property-type__fincas-landhaeuser mh-attribute-offer-type__zu-vermieten mh-attribute-city__manacor-de mh-attribute-features__3-schlafzimmer mh-attribute-features__ausblick-auf-die-berge mh-attribute-features__einbaukueche mh-attribute-features__garten mh-attribute-features__gemeinschaftspool mh-attribute-features__haustiere-nicht-erlaubt mh-attribute-features__klimaanlage mh-attribute-features__moebliert mh-attribute-features__ruhige-lage mh-attribute-features__wascherei\">\r\n\t\t\t\t\t\t\t<a href=\"https:\/\/novagestioinmobiliaria.com\/de\/propiedades-properties-immobilien\/reihenhaus-in-laendlichem-anwesen-zwischen-manacor-und-porto-cristo-zu-vermieten-fr647pc-ade\/\"\r\n\t\t\t\t\t\t\t   title=\"Reihenhaus in l\u00e4ndlichem Anwesen zwischen Manacor und Porto Cristo zu vermieten : : FR647PC-ADE\"\r\n\t\t\t\t\t\t\t   class=\"mh-thumbnail\">\r\n                        <span class=\"mh-thumbnail__inner\">\r\n                                    <img\r\n                    data-srcset=\"https:\/\/novagestioinmobiliaria.com\/wp-content\/uploads\/2018\/12\/Casa-adosada-alquiler-Porto-Cristo-ref-647-3-200x125.jpg 200w, https:\/\/novagestioinmobiliaria.com\/wp-content\/uploads\/2018\/12\/Casa-adosada-alquiler-Porto-Cristo-ref-647-3-800x500.jpg 800w, https:\/\/novagestioinmobiliaria.com\/wp-content\/uploads\/2018\/12\/Casa-adosada-alquiler-Porto-Cristo-ref-647-3-600x375.jpg 600w, https:\/\/novagestioinmobiliaria.com\/wp-content\/uploads\/2018\/12\/Casa-adosada-alquiler-Porto-Cristo-ref-647-3-400x250.jpg 400w\"\r\n                    class=\"lazyload \" alt=\"Reihenhaus in l\u00e4ndlichem Anwesen zwischen Manacor und Porto Cristo zu vermieten : : FR647PC-ADE\"\r\n                    data-sizes=\"auto\"\r\n            >\r\n\t\t\t                        <\/span>\r\n\r\n\t\t\t\t\t\t\t\t\t\t\t\t\t\t\t\t\t<div class=\"mh-caption\">\r\n\t\t\t\t\t\t\t\t\t\t<div class=\"mh-caption__inner\">\r\n\t\t\t\t\t\t\t\t\t\t\tZu vermieten\t\t\t\t\t\t\t\t\t\t<\/div>\r\n\t\t\t\t\t\t\t\t\t<\/div>\r\n\t\t\t\t\t\t\t\t\t\r\n\t\t\t\t\t\t\t\t<div class=\"mh-estate-vertical__text\">\r\n\t\t\t\t\t\t\t\t\t<div class=\"mh-estate-vertical__text__inner\">\r\n\t\t\t\t\t\t\t\t\t\tSOFORT VERF\u00dcGBAR! BEFRISTETE VERMIETUNG MIT M\u00d6GLICHKEIT ZUR VERL\u00c4NGERUNG Sch\u00f6nes Reihenhaus in einem wundervollen l\u00e4ndlichen Anwesen zwischen Manacor und Porto Cristo....\t\t\t\t\t\t\t\t\t<\/div>\r\n\t\t\t\t\t\t\t\t<\/div>\r\n\t\t\t\t\t\t\t<\/a>\r\n\r\n\t\t\t\t\t\t\t<div class=\"mh-estate-vertical__content\">\r\n\t\t\t\t\t\t\t\t<h3 class=\"mh-estate-vertical__heading\">\r\n\t\t\t\t\t\t\t\t\t<a href=\"https:\/\/novagestioinmobiliaria.com\/de\/propiedades-properties-immobilien\/reihenhaus-in-laendlichem-anwesen-zwischen-manacor-und-porto-cristo-zu-vermieten-fr647pc-ade\/\"\r\n\t\t\t\t\t\t\t\t\t   title=\"Reihenhaus in l\u00e4ndlichem Anwesen zwischen Manacor und Porto Cristo zu vermieten : : FR647PC-ADE\">\r\n\t\t\t\t\t\t\t\t\t\tReihenhaus in l\u00e4ndlichem Anwesen zwischen Manacor und Porto Cristo zu vermieten : : FR647PC-ADE\t\t\t\t\t\t\t\t\t<\/a>\r\n\t\t\t\t\t\t\t\t<\/h3>\r\n\t\t\t\t\t\t\t\t<address class=\"mh-estate-vertical__subheading\">\r\n\t\t\t\t\t\t\t\t\tM\t\t\t\t\t\t\t\t<\/address>\r\n\t\t\t\t\t\t\t\t<div class=\"mh-estate-vertical__primary\">\r\n\t\t\t\t\t\t\t\t\t2.100 \u20ac\t\t\t\t\t\t\t\t<\/div>\r\n\r\n\t\t\t\t\t\t\t\t<div>\r\n\t\t\t\t\t\t\t\t\t<div class=\"mh-estate__list\">\r\n\t\t\t\t\t\t\t\t\t\t\r\n\t\t\t\t\t\t\t\t\t\t\t<span class=\"mh-estate-vertical__more-info mh-estate_attribute-offer-type\">\r\n                                        <strong>Tipo operaci\u00f3n:<\/strong>\r\n\t\t\t\t\t\t\t\t\t\t\t\t\t\t\t\t\t\t\t\t\t\t\t\t\t\tZu vermieten\t\t\t\t\t\t\t\t\t\t\t\t\t\t                                    <\/span>\r\n\r\n\t\t\t\t\t\t\t\t\t\t\r\n\t\t\t\t\t\t\t\t\t\t\t<span class=\"mh-estate-vertical__more-info mh-estate_attribute-bedrooms\">\r\n                                        <strong>Habitaciones:<\/strong>\r\n\t\t\t\t\t\t\t\t\t\t\t\t3                                    <\/span>\r\n\r\n\t\t\t\t\t\t\t\t\t\t\r\n\t\t\t\t\t\t\t\t\t\t\t<span class=\"mh-estate-vertical__more-info mh-estate_attribute-bathrooms\">\r\n                                        <strong>Ba\u00f1os:<\/strong>\r\n\t\t\t\t\t\t\t\t\t\t\t\t3                                    <\/span>\r\n\r\n\t\t\t\t\t\t\t\t\t\t\r\n\t\t\t\t\t\t\t\t\t\t\t<span class=\"mh-estate-vertical__more-info mh-estate_attribute-property-size\">\r\n                                        <strong>M2:<\/strong>\r\n\t\t\t\t\t\t\t\t\t\t\t\t150 m\u00b2                                    <\/span>\r\n\r\n\t\t\t\t\t\t\t\t\t\t\t\t\t\t\t\t\t\t\t<\/div>\r\n\t\t\t\t\t\t\t\t<\/div>\r\n\r\n\t\t\t\t\t\t\t\t<div class=\"mh-estate-vertical__bottom\">\r\n\t\t\t\t\t\t\t\t\t<div class=\"mh-estate-vertical__bottom__inner\">\r\n\t\t\t\t\t\t\t\t\t\t<div class=\"mh-estate-vertical__date\">\r\n\t\t\t\t\t\t\t\t\t\t\t6 monat.\t\t\t\t\t\t\t\t\t\t<\/div>\r\n\t\t\t\t\t\t\t\t\t\t<div class=\"mh-estate-vertical__buttons-wrapper\">\r\n\t\t\t\t\t\t\t\t\t\t\t<div class=\"mh-estate-vertical__buttons\">\r\n\t\t\t\t\t\t\t\t\t\t\t\t<div class=\"mh-estate-vertical__buttons__single\">\r\n\t\t\t\t\t\t\t\t\t\t\t\t\t<compare-button class=\"myhome-compare\"\r\n\t\t\t\t\t\t\t\t\t\t\t\t\t\t\t\t\t:translations='{&quot;added&quot;:&quot;Zus\\u00e4tzlich&quot;,&quot;compare&quot;:&quot;Vergleichen&quot;}'\r\n\t\t\t\t\t\t\t\t\t\t\t\t\t\t\t\t\t:estate='{&quot;short_excerpt_limit&quot;:125,&quot;long_excerpt_limit&quot;:160,&quot;id&quot;:84204,&quot;agent_id&quot;:&quot;26&quot;,&quot;title&quot;:&quot;Reihenhaus in l\\u00e4ndlichem Anwesen zwischen Manacor und Porto Cristo zu vermieten : : FR647PC-ADE&quot;,&quot;content&quot;:&quot;SOFORT VERF\\u00dcGBAR! \\r\\nBEFRISTETE VERMIETUNG MIT M\\u00d6GLICHKEIT ZUR VERL\\u00c4NGERUNG\\r\\nSch\\u00f6nes Reihenhaus in einem wundervollen l\\u00e4ndlichen Anwesen zwischen Manacor und Porto Cristo. Es handelt sich um eine Gemeinschaft von insgesamt f\\u00fcnf unabh\\u00e4ngigen H\\u00e4usern, rustikale Reihenh\\u00e4user, die den gro\\u00dfen Garten mit Pool, Grillplatz und Spielplatz teilen. Jedes Haus verf\\u00fcgt \\u00fcber eine eigene Terrasse und einen separaten Eingang. Sie befinden sich auf einem Grundst\\u00fcck von ca. 25.000 m\\u00b2, in einer ruhigen Umgebung umgeben von Feldern und H\\u00fcgeln, ideal f\\u00fcr lange Spazierg\\u00e4nge. Gleichzeitig ist es nicht weit von der Stadt Manacor entfernt, die etwa 5 km entfernt liegt, oder dem Dorf Porto Cristo (ca. 7 km). Die wundersch\\u00f6nen Str\\u00e4nde an der Ostk\\u00fcste von Mallorca, wie Cala Varques oder Cala Anguila, sind ebenfalls in der N\\u00e4he, etwa 10 km entfernt.\\r\\nDas Haus besteht aus 150 m\\u00b2, aufgeteilt in ein ger\\u00e4umiges Wohn-\\\/Esszimmer, eine K\\u00fcche, 3 Schlafzimmer, 3 B\\u00e4der (alle en suite) und eine G\\u00e4stetoilette. Es ist voll m\\u00f6bliert und ausgestattet (Geschirr, Handt\\u00fccher, Bettw\\u00e4sche, TV, Geschirrsp\\u00fcler, Waschmaschine usw.) und verf\\u00fcgt \\u00fcber Klimaanlage und Dieselheizung. Das gesamte Haus ist sehr hell. Dar\\u00fcber hinaus verf\\u00fcgt das Haus \\u00fcber eine eigene private Terrasse.\\r\\nMIETBEDINGUNGEN:\\r\\n\\r\\n- ALLE KOSTEN SIND INKLUSIVE (Strom, Wasser, WLAN und Wartung des gemeinsamen Gartens und Pools).\\r\\n- Befristete Vermietung mit Verl\\u00e4ngerungsoption.\\r\\n- 1 Monat Kaution.\\r\\n- 1 Monat Garantie.\\r\\n- Keine Haustiere erlaubt.\\r\\n- Weitere Kosten sind mit der Agentur zu kl\\u00e4ren.\\r\\n\\r\\nNova Gesti\\u00f3, Immobilien in Porto Cristo.&quot;,&quot;excerpt&quot;:&quot;SOFORT VERF\\u00dcGBAR! BEFRISTETE VERMIETUNG MIT M\\u00d6GLICHKEIT ZUR VERL\\u00c4NGERUNG Sch\\u00f6nes Reihenhaus in einem wundervollen l\\u00e4ndlichen Anwesen zwischen Manacor und Porto Cristo. Es handelt sich um eine Gemeinschaft von insgesamt f\\u00fcnf unabh\\u00e4ngigen H\\u00e4usern, rustikale Reihenh\\u00e4user, die den gro\\u00dfen Garten mit Pool, Grillplatz und Spielplatz teilen. Jedes Haus verf\\u00fcgt \\u00fcber eine eigene Terrasse und einen separaten Eingang. Sie [\\u2026]&quot;,&quot;short_excerpt&quot;:&quot;SOFORT VERF\\u00dcGBAR! \\r\\nBEFRISTETE VERMIETUNG MIT M\\u00d6GLICHKEIT ZUR VERL\\u00c4NGERUNG\\r\\nSch\\u00f6nes Reihenhaus in einem wundervollen l\\u00e4ndl...&quot;,&quot;long_excerpt&quot;:&quot;SOFORT VERF\\u00dcGBAR! \\r\\nBEFRISTETE VERMIETUNG MIT M\\u00d6GLICHKEIT ZUR VERL\\u00c4NGERUNG\\r\\nSch\\u00f6nes Reihenhaus in einem wundervollen l\\u00e4ndlichen Anwesen zwischen Manacor und ...&quot;,&quot;link&quot;:&quot;https:\\\/\\\/novagestioinmobiliaria.com\\\/de\\\/propiedades-properties-immobilien\\\/reihenhaus-in-laendlichem-anwesen-zwischen-manacor-und-porto-cristo-zu-vermieten-fr647pc-ade\\\/&quot;,&quot;offer_type&quot;:&quot;Zu vermieten&quot;,&quot;price&quot;:&quot;2.100 \\u20ac&quot;,&quot;location&quot;:&quot;M&quot;,&quot;is_featured&quot;:true,&quot;gallery&quot;:[],&quot;attributes&quot;:[{&quot;slug&quot;:&quot;property-type&quot;,&quot;name&quot;:&quot;Tipo propiedad&quot;,&quot;has_archive&quot;:true,&quot;elements&quot;:[{&quot;name&quot;:&quot;Fincas \\\/ Landh\\u00e4user&quot;,&quot;link&quot;:&quot;https:\\\/\\\/novagestioinmobiliaria.com\\\/de\\\/immobilientyp\\\/fincas-landhaeuser\\\/&quot;,&quot;slug&quot;:&quot;fincas-landhaeuser&quot;}],&quot;card&quot;:false,&quot;show&quot;:true,&quot;display_after&quot;:&quot;&quot;,&quot;new_box&quot;:false},{&quot;slug&quot;:&quot;offer-type&quot;,&quot;name&quot;:&quot;Tipo operaci\\u00f3n&quot;,&quot;has_archive&quot;:true,&quot;elements&quot;:[{&quot;name&quot;:&quot;Zu vermieten&quot;,&quot;link&quot;:&quot;https:\\\/\\\/novagestioinmobiliaria.com\\\/de\\\/offer-type\\\/zu-vermieten\\\/&quot;,&quot;slug&quot;:&quot;zu-vermieten&quot;}],&quot;card&quot;:true,&quot;show&quot;:true,&quot;display_after&quot;:&quot;&quot;,&quot;new_box&quot;:false},{&quot;slug&quot;:&quot;city&quot;,&quot;name&quot;:&quot;Zona&quot;,&quot;has_archive&quot;:true,&quot;elements&quot;:[{&quot;name&quot;:&quot;Manacor&quot;,&quot;link&quot;:&quot;https:\\\/\\\/novagestioinmobiliaria.com\\\/de\\\/city\\\/manacor-de\\\/&quot;,&quot;slug&quot;:&quot;manacor-de&quot;}],&quot;card&quot;:false,&quot;show&quot;:true,&quot;display_after&quot;:&quot;&quot;,&quot;new_box&quot;:false},{&quot;slug&quot;:&quot;price&quot;,&quot;name&quot;:&quot;Precio&quot;,&quot;has_archive&quot;:false,&quot;elements&quot;:[{&quot;name&quot;:&quot;2100&quot;,&quot;link&quot;:&quot;&quot;,&quot;slug&quot;:&quot;&quot;}],&quot;show&quot;:false,&quot;card&quot;:false,&quot;display_after&quot;:&quot;\\u20ac&quot;,&quot;new_box&quot;:false},{&quot;slug&quot;:&quot;bedrooms&quot;,&quot;name&quot;:&quot;Habitaciones&quot;,&quot;has_archive&quot;:false,&quot;elements&quot;:[{&quot;name&quot;:&quot;3&quot;,&quot;link&quot;:&quot;&quot;,&quot;slug&quot;:&quot;&quot;}],&quot;show&quot;:true,&quot;card&quot;:true,&quot;display_after&quot;:&quot;&quot;,&quot;new_box&quot;:false},{&quot;slug&quot;:&quot;bathrooms&quot;,&quot;name&quot;:&quot;Ba\\u00f1os&quot;,&quot;has_archive&quot;:false,&quot;elements&quot;:[{&quot;name&quot;:&quot;3&quot;,&quot;link&quot;:&quot;&quot;,&quot;slug&quot;:&quot;&quot;}],&quot;show&quot;:true,&quot;card&quot;:true,&quot;display_after&quot;:&quot;&quot;,&quot;new_box&quot;:false},{&quot;slug&quot;:&quot;property-size&quot;,&quot;name&quot;:&quot;M2&quot;,&quot;has_archive&quot;:false,&quot;elements&quot;:[{&quot;name&quot;:&quot;150&quot;,&quot;link&quot;:&quot;&quot;,&quot;slug&quot;:&quot;&quot;}],&quot;show&quot;:true,&quot;card&quot;:true,&quot;display_after&quot;:&quot;m\\u00b2&quot;,&quot;new_box&quot;:false},{&quot;slug&quot;:&quot;features&quot;,&quot;name&quot;:&quot;Caracter\\u00edsticas&quot;,&quot;has_archive&quot;:true,&quot;elements&quot;:[{&quot;name&quot;:&quot;3 Schlafzimmer&quot;,&quot;link&quot;:&quot;https:\\\/\\\/novagestioinmobiliaria.com\\\/de\\\/eigenschaften\\\/3-schlafzimmer\\\/&quot;,&quot;slug&quot;:&quot;3-schlafzimmer&quot;},{&quot;name&quot;:&quot;Ausblick auf die Berge&quot;,&quot;link&quot;:&quot;https:\\\/\\\/novagestioinmobiliaria.com\\\/de\\\/eigenschaften\\\/ausblick-auf-die-berge\\\/&quot;,&quot;slug&quot;:&quot;ausblick-auf-die-berge&quot;},{&quot;name&quot;:&quot;Einbauk\\u00fcche&quot;,&quot;link&quot;:&quot;https:\\\/\\\/novagestioinmobiliaria.com\\\/de\\\/eigenschaften\\\/einbaukueche\\\/&quot;,&quot;slug&quot;:&quot;einbaukueche&quot;},{&quot;name&quot;:&quot;Garten&quot;,&quot;link&quot;:&quot;https:\\\/\\\/novagestioinmobiliaria.com\\\/de\\\/eigenschaften\\\/garten\\\/&quot;,&quot;slug&quot;:&quot;garten&quot;},{&quot;name&quot;:&quot;Gemeinschaftspool&quot;,&quot;link&quot;:&quot;https:\\\/\\\/novagestioinmobiliaria.com\\\/de\\\/eigenschaften\\\/gemeinschaftspool\\\/&quot;,&quot;slug&quot;:&quot;gemeinschaftspool&quot;},{&quot;name&quot;:&quot;Haustiere NICHT erlaubt&quot;,&quot;link&quot;:&quot;https:\\\/\\\/novagestioinmobiliaria.com\\\/de\\\/eigenschaften\\\/haustiere-nicht-erlaubt\\\/&quot;,&quot;slug&quot;:&quot;haustiere-nicht-erlaubt&quot;},{&quot;name&quot;:&quot;Klimaanlage&quot;,&quot;link&quot;:&quot;https:\\\/\\\/novagestioinmobiliaria.com\\\/de\\\/eigenschaften\\\/klimaanlage\\\/&quot;,&quot;slug&quot;:&quot;klimaanlage&quot;},{&quot;name&quot;:&quot;M\\u00f6bliert&quot;,&quot;link&quot;:&quot;https:\\\/\\\/novagestioinmobiliaria.com\\\/de\\\/eigenschaften\\\/moebliert\\\/&quot;,&quot;slug&quot;:&quot;moebliert&quot;},{&quot;name&quot;:&quot;Ruhige Lage&quot;,&quot;link&quot;:&quot;https:\\\/\\\/novagestioinmobiliaria.com\\\/de\\\/eigenschaften\\\/ruhige-lage\\\/&quot;,&quot;slug&quot;:&quot;ruhige-lage&quot;},{&quot;name&quot;:&quot;W\\u00e4scherei&quot;,&quot;link&quot;:&quot;https:\\\/\\\/novagestioinmobiliaria.com\\\/de\\\/eigenschaften\\\/wascherei\\\/&quot;,&quot;slug&quot;:&quot;wascherei&quot;}],&quot;card&quot;:false,&quot;show&quot;:true,&quot;display_after&quot;:&quot;&quot;,&quot;new_box&quot;:true}],&quot;views&quot;:36,&quot;days_ago&quot;:&quot;6 monat.&quot;,&quot;image_id&quot;:15637,&quot;image_url&quot;:&quot;https:\\\/\\\/novagestioinmobiliaria.com\\\/wp-content\\\/uploads\\\/2018\\\/12\\\/Casa-adosada-alquiler-Porto-Cristo-ref-647-3.jpg&quot;,&quot;tags&quot;:[{&quot;name&quot;:&quot;Caracter\\u00edsticas&quot;,&quot;elements&quot;:[{&quot;name&quot;:&quot;3 Schlafzimmer&quot;,&quot;link&quot;:&quot;https:\\\/\\\/novagestioinmobiliaria.com\\\/de\\\/eigenschaften\\\/3-schlafzimmer\\\/&quot;},{&quot;name&quot;:&quot;Ausblick auf die Berge&quot;,&quot;link&quot;:&quot;https:\\\/\\\/novagestioinmobiliaria.com\\\/de\\\/eigenschaften\\\/ausblick-auf-die-berge\\\/&quot;},{&quot;name&quot;:&quot;Einbauk\\u00fcche&quot;,&quot;link&quot;:&quot;https:\\\/\\\/novagestioinmobiliaria.com\\\/de\\\/eigenschaften\\\/einbaukueche\\\/&quot;},{&quot;name&quot;:&quot;Garten&quot;,&quot;link&quot;:&quot;https:\\\/\\\/novagestioinmobiliaria.com\\\/de\\\/eigenschaften\\\/garten\\\/&quot;},{&quot;name&quot;:&quot;Gemeinschaftspool&quot;,&quot;link&quot;:&quot;https:\\\/\\\/novagestioinmobiliaria.com\\\/de\\\/eigenschaften\\\/gemeinschaftspool\\\/&quot;},{&quot;name&quot;:&quot;Haustiere NICHT erlaubt&quot;,&quot;link&quot;:&quot;https:\\\/\\\/novagestioinmobiliaria.com\\\/de\\\/eigenschaften\\\/haustiere-nicht-erlaubt\\\/&quot;},{&quot;name&quot;:&quot;Klimaanlage&quot;,&quot;link&quot;:&quot;https:\\\/\\\/novagestioinmobiliaria.com\\\/de\\\/eigenschaften\\\/klimaanlage\\\/&quot;},{&quot;name&quot;:&quot;M\\u00f6bliert&quot;,&quot;link&quot;:&quot;https:\\\/\\\/novagestioinmobiliaria.com\\\/de\\\/eigenschaften\\\/moebliert\\\/&quot;},{&quot;name&quot;:&quot;Ruhige Lage&quot;,&quot;link&quot;:&quot;https:\\\/\\\/novagestioinmobiliaria.com\\\/de\\\/eigenschaften\\\/ruhige-lage\\\/&quot;},{&quot;name&quot;:&quot;W\\u00e4scherei&quot;,&quot;link&quot;:&quot;https:\\\/\\\/novagestioinmobiliaria.com\\\/de\\\/eigenschaften\\\/wascherei\\\/&quot;}],&quot;has_archive&quot;:true}],&quot;status&quot;:&quot;publish&quot;,&quot;plans&quot;:[],&quot;video_plan&quot;:{&quot;src&quot;:&quot;&quot;,&quot;video&quot;:&quot;&quot;},&quot;virtual_tour&quot;:null,&quot;state&quot;:&quot;&quot;,&quot;labels&quot;:[],&quot;image&quot;:&quot;https:\\\/\\\/novagestioinmobiliaria.com\\\/wp-content\\\/uploads\\\/2018\\\/12\\\/Casa-adosada-alquiler-Porto-Cristo-ref-647-3-400x250.jpg&quot;,&quot;image_srcset&quot;:&quot;https:\\\/\\\/novagestioinmobiliaria.com\\\/wp-content\\\/uploads\\\/2018\\\/12\\\/Casa-adosada-alquiler-Porto-Cristo-ref-647-3-200x125.jpg 200w, https:\\\/\\\/novagestioinmobiliaria.com\\\/wp-content\\\/uploads\\\/2018\\\/12\\\/Casa-adosada-alquiler-Porto-Cristo-ref-647-3-800x500.jpg 800w, https:\\\/\\\/novagestioinmobiliaria.com\\\/wp-content\\\/uploads\\\/2018\\\/12\\\/Casa-adosada-alquiler-Porto-Cristo-ref-647-3-600x375.jpg 600w, https:\\\/\\\/novagestioinmobiliaria.com\\\/wp-content\\\/uploads\\\/2018\\\/12\\\/Casa-adosada-alquiler-Porto-Cristo-ref-647-3-400x250.jpg 400w&quot;}'>\r\n\t\t\t\t\t\t\t\t\t\t\t\t\t<\/compare-button>\r\n\t\t\t\t\t\t\t\t\t\t\t\t<\/div>\r\n\t\t\t\t\t\t\t\t\t\t\t\t<div class=\"mh-estate-vertical__buttons__single\">\r\n\t\t\t\t\t\t\t\t\t\t\t\t\t<a href=\"https:\/\/novagestioinmobiliaria.com\/de\/propiedades-properties-immobilien\/reihenhaus-in-laendlichem-anwesen-zwischen-manacor-und-porto-cristo-zu-vermieten-fr647pc-ade\/\"\r\n\t\t\t\t\t\t\t\t\t\t\t\t\t   title=\"Reihenhaus in l\u00e4ndlichem Anwesen zwischen Manacor und Porto Cristo zu vermieten : : FR647PC-ADE\"\r\n\t\t\t\t\t\t\t\t\t\t\t\t\t   class=\"mdl-button mdl-js-button mdl-button--raised mdl-js-ripple-effect mdl-button--primary-ghost\">\r\n\t\t\t\t\t\t\t\t\t\t\t\t\t\tDetails\t\t\t\t\t\t\t\t\t\t\t\t\t\t<span class=\"mdl-button__icon-right\"><i class=\"fa fa-angle-right\"><\/i><\/span>\r\n\t\t\t\t\t\t\t\t\t\t\t\t\t<\/a>\r\n\t\t\t\t\t\t\t\t\t\t\t\t<\/div>\r\n\t\t\t\t\t\t\t\t\t\t\t<\/div>\r\n\t\t\t\t\t\t\t\t\t\t<\/div>\r\n\t\t\t\t\t\t\t\t\t<\/div>\r\n\t\t\t\t\t\t\t\t<\/div>\r\n\t\t\t\t\t\t\t<\/div>\r\n\t\t\t\t\t\t<\/article>\r\n\t\t\t\t\t<\/div>\r\n\t\t\t\t\r\n\t\t\t\t\t<div class=\"item\">\r\n\t\t\t\t\t\t<article class=\"mh-estate-vertical mh-estate-vertical--white  mh-attribute-property-type__wohnungen-apartments mh-attribute-offer-type__zu-vermieten mh-attribute-city__palma-de-mallorca-de mh-attribute-features__3-schlafzimmer mh-attribute-features__aufzug mh-attribute-features__auto-stellplatz mh-attribute-features__balkon mh-attribute-features__einbaukueche mh-attribute-features__haustiere-nicht-erlaubt mh-attribute-features__heizung mh-attribute-features__moebliert mh-attribute-features__wascherei\">\r\n\t\t\t\t\t\t\t<a href=\"https:\/\/novagestioinmobiliaria.com\/de\/propiedades-properties-immobilien\/neue-wohnung-zur-miete-in-palma-pi1815pa-ade\/\"\r\n\t\t\t\t\t\t\t   title=\"Neue Wohnung zur Miete in Palma : : PI1815PA-ADE\"\r\n\t\t\t\t\t\t\t   class=\"mh-thumbnail\">\r\n                        <span class=\"mh-thumbnail__inner\">\r\n                                    <img\r\n                    data-srcset=\"https:\/\/novagestioinmobiliaria.com\/wp-content\/uploads\/2025\/10\/Piso-Alquiler-Palma-ref-1815-14-200x125.jpg 200w, https:\/\/novagestioinmobiliaria.com\/wp-content\/uploads\/2025\/10\/Piso-Alquiler-Palma-ref-1815-14-1200x750.jpg 1200w, https:\/\/novagestioinmobiliaria.com\/wp-content\/uploads\/2025\/10\/Piso-Alquiler-Palma-ref-1815-14-800x500.jpg 800w, https:\/\/novagestioinmobiliaria.com\/wp-content\/uploads\/2025\/10\/Piso-Alquiler-Palma-ref-1815-14-600x375.jpg 600w, https:\/\/novagestioinmobiliaria.com\/wp-content\/uploads\/2025\/10\/Piso-Alquiler-Palma-ref-1815-14-400x250.jpg 400w\"\r\n                    class=\"lazyload \" alt=\"Neue Wohnung zur Miete in Palma : : PI1815PA-ADE\"\r\n                    data-sizes=\"auto\"\r\n            >\r\n\t\t\t                        <\/span>\r\n\r\n\t\t\t\t\t\t\t\t\t\t\t\t\t\t\t\t\t<div class=\"mh-caption\">\r\n\t\t\t\t\t\t\t\t\t\t<div class=\"mh-caption__inner\">\r\n\t\t\t\t\t\t\t\t\t\t\tZu vermieten\t\t\t\t\t\t\t\t\t\t<\/div>\r\n\t\t\t\t\t\t\t\t\t<\/div>\r\n\t\t\t\t\t\t\t\t\t\r\n\t\t\t\t\t\t\t\t<div class=\"mh-estate-vertical__text\">\r\n\t\t\t\t\t\t\t\t\t<div class=\"mh-estate-vertical__text__inner\">\r\n\t\t\t\t\t\t\t\t\t\tZEITMIETE (bis zu 11 Monate) Brandneue Wohnung zur Vermietung in Palma, 107 m2 mit einem gro\u00dfen Balkon. Baujahr 2017 mit...\t\t\t\t\t\t\t\t\t<\/div>\r\n\t\t\t\t\t\t\t\t<\/div>\r\n\t\t\t\t\t\t\t<\/a>\r\n\r\n\t\t\t\t\t\t\t<div class=\"mh-estate-vertical__content\">\r\n\t\t\t\t\t\t\t\t<h3 class=\"mh-estate-vertical__heading\">\r\n\t\t\t\t\t\t\t\t\t<a href=\"https:\/\/novagestioinmobiliaria.com\/de\/propiedades-properties-immobilien\/neue-wohnung-zur-miete-in-palma-pi1815pa-ade\/\"\r\n\t\t\t\t\t\t\t\t\t   title=\"Neue Wohnung zur Miete in Palma : : PI1815PA-ADE\">\r\n\t\t\t\t\t\t\t\t\t\tNeue Wohnung zur Miete in Palma : : PI1815PA-ADE\t\t\t\t\t\t\t\t\t<\/a>\r\n\t\t\t\t\t\t\t\t<\/h3>\r\n\t\t\t\t\t\t\t\t<address class=\"mh-estate-vertical__subheading\">\r\n\t\t\t\t\t\t\t\t\tP\t\t\t\t\t\t\t\t<\/address>\r\n\t\t\t\t\t\t\t\t<div class=\"mh-estate-vertical__primary\">\r\n\t\t\t\t\t\t\t\t\t2.200 \u20ac\t\t\t\t\t\t\t\t<\/div>\r\n\r\n\t\t\t\t\t\t\t\t<div>\r\n\t\t\t\t\t\t\t\t\t<div class=\"mh-estate__list\">\r\n\t\t\t\t\t\t\t\t\t\t\r\n\t\t\t\t\t\t\t\t\t\t\t<span class=\"mh-estate-vertical__more-info mh-estate_attribute-offer-type\">\r\n                                        <strong>Tipo operaci\u00f3n:<\/strong>\r\n\t\t\t\t\t\t\t\t\t\t\t\t\t\t\t\t\t\t\t\t\t\t\t\t\t\tZu vermieten\t\t\t\t\t\t\t\t\t\t\t\t\t\t                                    <\/span>\r\n\r\n\t\t\t\t\t\t\t\t\t\t\r\n\t\t\t\t\t\t\t\t\t\t\t<span class=\"mh-estate-vertical__more-info mh-estate_attribute-bedrooms\">\r\n                                        <strong>Habitaciones:<\/strong>\r\n\t\t\t\t\t\t\t\t\t\t\t\t3                                    <\/span>\r\n\r\n\t\t\t\t\t\t\t\t\t\t\r\n\t\t\t\t\t\t\t\t\t\t\t<span class=\"mh-estate-vertical__more-info mh-estate_attribute-bathrooms\">\r\n                                        <strong>Ba\u00f1os:<\/strong>\r\n\t\t\t\t\t\t\t\t\t\t\t\t2                                    <\/span>\r\n\r\n\t\t\t\t\t\t\t\t\t\t\r\n\t\t\t\t\t\t\t\t\t\t\t<span class=\"mh-estate-vertical__more-info mh-estate_attribute-property-size\">\r\n                                        <strong>M2:<\/strong>\r\n\t\t\t\t\t\t\t\t\t\t\t\t107 m\u00b2                                    <\/span>\r\n\r\n\t\t\t\t\t\t\t\t\t\t\t\t\t\t\t\t\t\t\t<\/div>\r\n\t\t\t\t\t\t\t\t<\/div>\r\n\r\n\t\t\t\t\t\t\t\t<div class=\"mh-estate-vertical__bottom\">\r\n\t\t\t\t\t\t\t\t\t<div class=\"mh-estate-vertical__bottom__inner\">\r\n\t\t\t\t\t\t\t\t\t\t<div class=\"mh-estate-vertical__date\">\r\n\t\t\t\t\t\t\t\t\t\t\t7 monat.\t\t\t\t\t\t\t\t\t\t<\/div>\r\n\t\t\t\t\t\t\t\t\t\t<div class=\"mh-estate-vertical__buttons-wrapper\">\r\n\t\t\t\t\t\t\t\t\t\t\t<div class=\"mh-estate-vertical__buttons\">\r\n\t\t\t\t\t\t\t\t\t\t\t\t<div class=\"mh-estate-vertical__buttons__single\">\r\n\t\t\t\t\t\t\t\t\t\t\t\t\t<compare-button class=\"myhome-compare\"\r\n\t\t\t\t\t\t\t\t\t\t\t\t\t\t\t\t\t:translations='{&quot;added&quot;:&quot;Zus\\u00e4tzlich&quot;,&quot;compare&quot;:&quot;Vergleichen&quot;}'\r\n\t\t\t\t\t\t\t\t\t\t\t\t\t\t\t\t\t:estate='{&quot;short_excerpt_limit&quot;:125,&quot;long_excerpt_limit&quot;:160,&quot;id&quot;:83218,&quot;agent_id&quot;:&quot;26&quot;,&quot;title&quot;:&quot;Neue Wohnung zur Miete in Palma : : PI1815PA-ADE&quot;,&quot;content&quot;:&quot;ZEITMIETE (bis zu 11 Monate)\\r\\nBrandneue Wohnung zur Vermietung in Palma, 107 m2 mit einem gro\\u00dfen Balkon. Baujahr 2017 mit Heizk\\u00f6rpern (Stadtgas). Die Wohnung befindet sich im ersten Stock mit Aufzug und besteht aus 3 Doppelzimmern, 2 Badezimmern, einem Badezimmer mit Badewanne en suite und das andere mit Dusche, ger\\u00e4umiges und helles Wohn-Esszimmer eingerichtet mit offener K\\u00fcche, beide mit Zugang zum Balkon, komplett ausgestattet mit Ger\\u00e4ten (Keramikkochfeld, K\\u00fchlschrank, Backofen, etc.), Hauswirtschaftsraum ausgestattet mit einer Waschmaschine. Es gibt einen Parkplatz in einer gemeinschaftlichen Garage.\\r\\nMIETBEDINGUNGEN:\\r\\n- Nachweis von Arbeitsvertr\\u00e4gen mit Betriebszugeh\\u00f6rigkeit oder nachweisbaren Einkommen erforderlich.\\r\\n- Vermietung f\\u00fcr Zweitwohnsitz.\\r\\n- Strom-, Wasser- und Gemeinschaftsgeb\\u00fchren NICHT ENTHALTEN.\\r\\n- 2 Monatsmieten als Kaution.\\r\\n- Keine Haustiere erlaubt.\\r\\n- Andere Kosten nach Absprache.\\r\\n\\r\\nNova Gesti\\u00f3, Immobilienagentur in Palma.&quot;,&quot;excerpt&quot;:&quot;ZEITMIETE (bis zu 11 Monate) Brandneue Wohnung zur Vermietung in Palma, 107 m2 mit einem gro\\u00dfen Balkon. Baujahr 2017 mit Heizk\\u00f6rpern (Stadtgas). Die Wohnung befindet sich im ersten Stock mit Aufzug und besteht aus 3 Doppelzimmern, 2 Badezimmern, einem Badezimmer mit Badewanne en suite und das andere mit Dusche, ger\\u00e4umiges und helles Wohn-Esszimmer eingerichtet mit [\\u2026]&quot;,&quot;short_excerpt&quot;:&quot;ZEITMIETE (bis zu 11 Monate)\\r\\nBrandneue Wohnung zur Vermietung in Palma, 107 m2 mit einem gro\\u00dfen Balkon. Baujahr 2017 mit ...&quot;,&quot;long_excerpt&quot;:&quot;ZEITMIETE (bis zu 11 Monate)\\r\\nBrandneue Wohnung zur Vermietung in Palma, 107 m2 mit einem gro\\u00dfen Balkon. Baujahr 2017 mit Heizk\\u00f6rpern (Stadtgas). Die Wohnung...&quot;,&quot;link&quot;:&quot;https:\\\/\\\/novagestioinmobiliaria.com\\\/de\\\/propiedades-properties-immobilien\\\/neue-wohnung-zur-miete-in-palma-pi1815pa-ade\\\/&quot;,&quot;offer_type&quot;:&quot;Zu vermieten&quot;,&quot;price&quot;:&quot;2.200 \\u20ac&quot;,&quot;location&quot;:&quot;P&quot;,&quot;is_featured&quot;:true,&quot;gallery&quot;:[],&quot;attributes&quot;:[{&quot;slug&quot;:&quot;property-type&quot;,&quot;name&quot;:&quot;Tipo propiedad&quot;,&quot;has_archive&quot;:true,&quot;elements&quot;:[{&quot;name&quot;:&quot;Wohnungen \\\/ Apartments&quot;,&quot;link&quot;:&quot;https:\\\/\\\/novagestioinmobiliaria.com\\\/de\\\/immobilientyp\\\/wohnungen-apartments\\\/&quot;,&quot;slug&quot;:&quot;wohnungen-apartments&quot;}],&quot;card&quot;:false,&quot;show&quot;:true,&quot;display_after&quot;:&quot;&quot;,&quot;new_box&quot;:false},{&quot;slug&quot;:&quot;offer-type&quot;,&quot;name&quot;:&quot;Tipo operaci\\u00f3n&quot;,&quot;has_archive&quot;:true,&quot;elements&quot;:[{&quot;name&quot;:&quot;Zu vermieten&quot;,&quot;link&quot;:&quot;https:\\\/\\\/novagestioinmobiliaria.com\\\/de\\\/offer-type\\\/zu-vermieten\\\/&quot;,&quot;slug&quot;:&quot;zu-vermieten&quot;}],&quot;card&quot;:true,&quot;show&quot;:true,&quot;display_after&quot;:&quot;&quot;,&quot;new_box&quot;:false},{&quot;slug&quot;:&quot;city&quot;,&quot;name&quot;:&quot;Zona&quot;,&quot;has_archive&quot;:true,&quot;elements&quot;:[{&quot;name&quot;:&quot;Palma de Mallorca&quot;,&quot;link&quot;:&quot;https:\\\/\\\/novagestioinmobiliaria.com\\\/de\\\/city\\\/palma-de-mallorca-de\\\/&quot;,&quot;slug&quot;:&quot;palma-de-mallorca-de&quot;}],&quot;card&quot;:false,&quot;show&quot;:true,&quot;display_after&quot;:&quot;&quot;,&quot;new_box&quot;:false},{&quot;slug&quot;:&quot;price&quot;,&quot;name&quot;:&quot;Precio&quot;,&quot;has_archive&quot;:false,&quot;elements&quot;:[{&quot;name&quot;:&quot;2200&quot;,&quot;link&quot;:&quot;&quot;,&quot;slug&quot;:&quot;&quot;}],&quot;show&quot;:false,&quot;card&quot;:false,&quot;display_after&quot;:&quot;\\u20ac&quot;,&quot;new_box&quot;:false},{&quot;slug&quot;:&quot;bedrooms&quot;,&quot;name&quot;:&quot;Habitaciones&quot;,&quot;has_archive&quot;:false,&quot;elements&quot;:[{&quot;name&quot;:&quot;3&quot;,&quot;link&quot;:&quot;&quot;,&quot;slug&quot;:&quot;&quot;}],&quot;show&quot;:true,&quot;card&quot;:true,&quot;display_after&quot;:&quot;&quot;,&quot;new_box&quot;:false},{&quot;slug&quot;:&quot;bathrooms&quot;,&quot;name&quot;:&quot;Ba\\u00f1os&quot;,&quot;has_archive&quot;:false,&quot;elements&quot;:[{&quot;name&quot;:&quot;2&quot;,&quot;link&quot;:&quot;&quot;,&quot;slug&quot;:&quot;&quot;}],&quot;show&quot;:true,&quot;card&quot;:true,&quot;display_after&quot;:&quot;&quot;,&quot;new_box&quot;:false},{&quot;slug&quot;:&quot;property-size&quot;,&quot;name&quot;:&quot;M2&quot;,&quot;has_archive&quot;:false,&quot;elements&quot;:[{&quot;name&quot;:&quot;107&quot;,&quot;link&quot;:&quot;&quot;,&quot;slug&quot;:&quot;&quot;}],&quot;show&quot;:true,&quot;card&quot;:true,&quot;display_after&quot;:&quot;m\\u00b2&quot;,&quot;new_box&quot;:false},{&quot;slug&quot;:&quot;features&quot;,&quot;name&quot;:&quot;Caracter\\u00edsticas&quot;,&quot;has_archive&quot;:true,&quot;elements&quot;:[{&quot;name&quot;:&quot;3 Schlafzimmer&quot;,&quot;link&quot;:&quot;https:\\\/\\\/novagestioinmobiliaria.com\\\/de\\\/eigenschaften\\\/3-schlafzimmer\\\/&quot;,&quot;slug&quot;:&quot;3-schlafzimmer&quot;},{&quot;name&quot;:&quot;Aufzug&quot;,&quot;link&quot;:&quot;https:\\\/\\\/novagestioinmobiliaria.com\\\/de\\\/eigenschaften\\\/aufzug\\\/&quot;,&quot;slug&quot;:&quot;aufzug&quot;},{&quot;name&quot;:&quot;Auto-Stellplatz&quot;,&quot;link&quot;:&quot;https:\\\/\\\/novagestioinmobiliaria.com\\\/de\\\/eigenschaften\\\/auto-stellplatz\\\/&quot;,&quot;slug&quot;:&quot;auto-stellplatz&quot;},{&quot;name&quot;:&quot;Balkon&quot;,&quot;link&quot;:&quot;https:\\\/\\\/novagestioinmobiliaria.com\\\/de\\\/eigenschaften\\\/balkon\\\/&quot;,&quot;slug&quot;:&quot;balkon&quot;},{&quot;name&quot;:&quot;Einbauk\\u00fcche&quot;,&quot;link&quot;:&quot;https:\\\/\\\/novagestioinmobiliaria.com\\\/de\\\/eigenschaften\\\/einbaukueche\\\/&quot;,&quot;slug&quot;:&quot;einbaukueche&quot;},{&quot;name&quot;:&quot;Haustiere NICHT erlaubt&quot;,&quot;link&quot;:&quot;https:\\\/\\\/novagestioinmobiliaria.com\\\/de\\\/eigenschaften\\\/haustiere-nicht-erlaubt\\\/&quot;,&quot;slug&quot;:&quot;haustiere-nicht-erlaubt&quot;},{&quot;name&quot;:&quot;Heizung&quot;,&quot;link&quot;:&quot;https:\\\/\\\/novagestioinmobiliaria.com\\\/de\\\/eigenschaften\\\/heizung\\\/&quot;,&quot;slug&quot;:&quot;heizung&quot;},{&quot;name&quot;:&quot;M\\u00f6bliert&quot;,&quot;link&quot;:&quot;https:\\\/\\\/novagestioinmobiliaria.com\\\/de\\\/eigenschaften\\\/moebliert\\\/&quot;,&quot;slug&quot;:&quot;moebliert&quot;},{&quot;name&quot;:&quot;W\\u00e4scherei&quot;,&quot;link&quot;:&quot;https:\\\/\\\/novagestioinmobiliaria.com\\\/de\\\/eigenschaften\\\/wascherei\\\/&quot;,&quot;slug&quot;:&quot;wascherei&quot;}],&quot;card&quot;:false,&quot;show&quot;:true,&quot;display_after&quot;:&quot;&quot;,&quot;new_box&quot;:true}],&quot;views&quot;:24,&quot;days_ago&quot;:&quot;7 monat.&quot;,&quot;image_id&quot;:83163,&quot;image_url&quot;:&quot;https:\\\/\\\/novagestioinmobiliaria.com\\\/wp-content\\\/uploads\\\/2025\\\/10\\\/Piso-Alquiler-Palma-ref-1815-14.jpg&quot;,&quot;tags&quot;:[{&quot;name&quot;:&quot;Caracter\\u00edsticas&quot;,&quot;elements&quot;:[{&quot;name&quot;:&quot;3 Schlafzimmer&quot;,&quot;link&quot;:&quot;https:\\\/\\\/novagestioinmobiliaria.com\\\/de\\\/eigenschaften\\\/3-schlafzimmer\\\/&quot;},{&quot;name&quot;:&quot;Aufzug&quot;,&quot;link&quot;:&quot;https:\\\/\\\/novagestioinmobiliaria.com\\\/de\\\/eigenschaften\\\/aufzug\\\/&quot;},{&quot;name&quot;:&quot;Auto-Stellplatz&quot;,&quot;link&quot;:&quot;https:\\\/\\\/novagestioinmobiliaria.com\\\/de\\\/eigenschaften\\\/auto-stellplatz\\\/&quot;},{&quot;name&quot;:&quot;Balkon&quot;,&quot;link&quot;:&quot;https:\\\/\\\/novagestioinmobiliaria.com\\\/de\\\/eigenschaften\\\/balkon\\\/&quot;},{&quot;name&quot;:&quot;Einbauk\\u00fcche&quot;,&quot;link&quot;:&quot;https:\\\/\\\/novagestioinmobiliaria.com\\\/de\\\/eigenschaften\\\/einbaukueche\\\/&quot;},{&quot;name&quot;:&quot;Haustiere NICHT erlaubt&quot;,&quot;link&quot;:&quot;https:\\\/\\\/novagestioinmobiliaria.com\\\/de\\\/eigenschaften\\\/haustiere-nicht-erlaubt\\\/&quot;},{&quot;name&quot;:&quot;Heizung&quot;,&quot;link&quot;:&quot;https:\\\/\\\/novagestioinmobiliaria.com\\\/de\\\/eigenschaften\\\/heizung\\\/&quot;},{&quot;name&quot;:&quot;M\\u00f6bliert&quot;,&quot;link&quot;:&quot;https:\\\/\\\/novagestioinmobiliaria.com\\\/de\\\/eigenschaften\\\/moebliert\\\/&quot;},{&quot;name&quot;:&quot;W\\u00e4scherei&quot;,&quot;link&quot;:&quot;https:\\\/\\\/novagestioinmobiliaria.com\\\/de\\\/eigenschaften\\\/wascherei\\\/&quot;}],&quot;has_archive&quot;:true}],&quot;status&quot;:&quot;publish&quot;,&quot;plans&quot;:[],&quot;video_plan&quot;:{&quot;src&quot;:&quot;&quot;,&quot;video&quot;:&quot;&quot;},&quot;virtual_tour&quot;:null,&quot;state&quot;:&quot;&quot;,&quot;labels&quot;:[],&quot;image&quot;:&quot;https:\\\/\\\/novagestioinmobiliaria.com\\\/wp-content\\\/uploads\\\/2025\\\/10\\\/Piso-Alquiler-Palma-ref-1815-14-400x250.jpg&quot;,&quot;image_srcset&quot;:&quot;https:\\\/\\\/novagestioinmobiliaria.com\\\/wp-content\\\/uploads\\\/2025\\\/10\\\/Piso-Alquiler-Palma-ref-1815-14-200x125.jpg 200w, https:\\\/\\\/novagestioinmobiliaria.com\\\/wp-content\\\/uploads\\\/2025\\\/10\\\/Piso-Alquiler-Palma-ref-1815-14-1200x750.jpg 1200w, https:\\\/\\\/novagestioinmobiliaria.com\\\/wp-content\\\/uploads\\\/2025\\\/10\\\/Piso-Alquiler-Palma-ref-1815-14-800x500.jpg 800w, https:\\\/\\\/novagestioinmobiliaria.com\\\/wp-content\\\/uploads\\\/2025\\\/10\\\/Piso-Alquiler-Palma-ref-1815-14-600x375.jpg 600w, https:\\\/\\\/novagestioinmobiliaria.com\\\/wp-content\\\/uploads\\\/2025\\\/10\\\/Piso-Alquiler-Palma-ref-1815-14-400x250.jpg 400w&quot;}'>\r\n\t\t\t\t\t\t\t\t\t\t\t\t\t<\/compare-button>\r\n\t\t\t\t\t\t\t\t\t\t\t\t<\/div>\r\n\t\t\t\t\t\t\t\t\t\t\t\t<div class=\"mh-estate-vertical__buttons__single\">\r\n\t\t\t\t\t\t\t\t\t\t\t\t\t<a href=\"https:\/\/novagestioinmobiliaria.com\/de\/propiedades-properties-immobilien\/neue-wohnung-zur-miete-in-palma-pi1815pa-ade\/\"\r\n\t\t\t\t\t\t\t\t\t\t\t\t\t   title=\"Neue Wohnung zur Miete in Palma : : PI1815PA-ADE\"\r\n\t\t\t\t\t\t\t\t\t\t\t\t\t   class=\"mdl-button mdl-js-button mdl-button--raised mdl-js-ripple-effect mdl-button--primary-ghost\">\r\n\t\t\t\t\t\t\t\t\t\t\t\t\t\tDetails\t\t\t\t\t\t\t\t\t\t\t\t\t\t<span class=\"mdl-button__icon-right\"><i class=\"fa fa-angle-right\"><\/i><\/span>\r\n\t\t\t\t\t\t\t\t\t\t\t\t\t<\/a>\r\n\t\t\t\t\t\t\t\t\t\t\t\t<\/div>\r\n\t\t\t\t\t\t\t\t\t\t\t<\/div>\r\n\t\t\t\t\t\t\t\t\t\t<\/div>\r\n\t\t\t\t\t\t\t\t\t<\/div>\r\n\t\t\t\t\t\t\t\t<\/div>\r\n\t\t\t\t\t\t\t<\/div>\r\n\t\t\t\t\t\t<\/article>\r\n\t\t\t\t\t<\/div>\r\n\t\t\t\t\r\n\t\t\t\t\t<div class=\"item\">\r\n\t\t\t\t\t\t<article class=\"mh-estate-vertical mh-estate-vertical--white  mh-attribute-property-type__geschaeftslokale-bueros mh-attribute-offer-type__zu-vermieten mh-attribute-city__manacor-de mh-attribute-features__klimaanlage mh-attribute-features__reformiert mh-attribute-features__zentrale-lage\">\r\n\t\t\t\t\t\t\t<a href=\"https:\/\/novagestioinmobiliaria.com\/de\/propiedades-properties-immobilien\/grosser-gewerberaum-zur-miete-in-manacor-lo1810ma-ade\/\"\r\n\t\t\t\t\t\t\t   title=\"Gro\u00dfer Gewerberaum zur Miete in Manacor : : LO1810MA-ADE\"\r\n\t\t\t\t\t\t\t   class=\"mh-thumbnail\">\r\n                        <span class=\"mh-thumbnail__inner\">\r\n                                    <img\r\n                    data-srcset=\"https:\/\/novagestioinmobiliaria.com\/wp-content\/uploads\/2025\/10\/Local-Alquiler-Manacor-Ref-1810-14-200x125.jpg 200w, https:\/\/novagestioinmobiliaria.com\/wp-content\/uploads\/2025\/10\/Local-Alquiler-Manacor-Ref-1810-14-1200x750.jpg 1200w, https:\/\/novagestioinmobiliaria.com\/wp-content\/uploads\/2025\/10\/Local-Alquiler-Manacor-Ref-1810-14-800x500.jpg 800w, https:\/\/novagestioinmobiliaria.com\/wp-content\/uploads\/2025\/10\/Local-Alquiler-Manacor-Ref-1810-14-600x375.jpg 600w, https:\/\/novagestioinmobiliaria.com\/wp-content\/uploads\/2025\/10\/Local-Alquiler-Manacor-Ref-1810-14-400x250.jpg 400w\"\r\n                    class=\"lazyload \" alt=\"Gro\u00dfer Gewerberaum zur Miete in Manacor : : LO1810MA-ADE\"\r\n                    data-sizes=\"auto\"\r\n            >\r\n\t\t\t                        <\/span>\r\n\r\n\t\t\t\t\t\t\t\t\t\t\t\t\t\t\t\t\t<div class=\"mh-caption\">\r\n\t\t\t\t\t\t\t\t\t\t<div class=\"mh-caption__inner\">\r\n\t\t\t\t\t\t\t\t\t\t\tZu vermieten\t\t\t\t\t\t\t\t\t\t<\/div>\r\n\t\t\t\t\t\t\t\t\t<\/div>\r\n\t\t\t\t\t\t\t\t\t\r\n\t\t\t\t\t\t\t\t<div class=\"mh-estate-vertical__text\">\r\n\t\t\t\t\t\t\t\t\t<div class=\"mh-estate-vertical__text__inner\">\r\n\t\t\t\t\t\t\t\t\t\tPr\u00e4chtiger Gewerberaum zur Miete in Manacor, in zentraler und belebter Lage. Seine Lage bietet maximale Sichtbarkeit und gro\u00dfe Schaufenster mit...\t\t\t\t\t\t\t\t\t<\/div>\r\n\t\t\t\t\t\t\t\t<\/div>\r\n\t\t\t\t\t\t\t<\/a>\r\n\r\n\t\t\t\t\t\t\t<div class=\"mh-estate-vertical__content\">\r\n\t\t\t\t\t\t\t\t<h3 class=\"mh-estate-vertical__heading\">\r\n\t\t\t\t\t\t\t\t\t<a href=\"https:\/\/novagestioinmobiliaria.com\/de\/propiedades-properties-immobilien\/grosser-gewerberaum-zur-miete-in-manacor-lo1810ma-ade\/\"\r\n\t\t\t\t\t\t\t\t\t   title=\"Gro\u00dfer Gewerberaum zur Miete in Manacor : : LO1810MA-ADE\">\r\n\t\t\t\t\t\t\t\t\t\tGro\u00dfer Gewerberaum zur Miete in Manacor : : LO1810MA-ADE\t\t\t\t\t\t\t\t\t<\/a>\r\n\t\t\t\t\t\t\t\t<\/h3>\r\n\t\t\t\t\t\t\t\t<address class=\"mh-estate-vertical__subheading\">\r\n\t\t\t\t\t\t\t\t\tM\t\t\t\t\t\t\t\t<\/address>\r\n\t\t\t\t\t\t\t\t<div class=\"mh-estate-vertical__primary\">\r\n\t\t\t\t\t\t\t\t\t1.500 \u20ac\t\t\t\t\t\t\t\t<\/div>\r\n\r\n\t\t\t\t\t\t\t\t<div>\r\n\t\t\t\t\t\t\t\t\t<div class=\"mh-estate__list\">\r\n\t\t\t\t\t\t\t\t\t\t\r\n\t\t\t\t\t\t\t\t\t\t\t<span class=\"mh-estate-vertical__more-info mh-estate_attribute-offer-type\">\r\n                                        <strong>Tipo operaci\u00f3n:<\/strong>\r\n\t\t\t\t\t\t\t\t\t\t\t\t\t\t\t\t\t\t\t\t\t\t\t\t\t\tZu vermieten\t\t\t\t\t\t\t\t\t\t\t\t\t\t                                    <\/span>\r\n\r\n\t\t\t\t\t\t\t\t\t\t\r\n\t\t\t\t\t\t\t\t\t\t\t<span class=\"mh-estate-vertical__more-info mh-estate_attribute-bathrooms\">\r\n                                        <strong>Ba\u00f1os:<\/strong>\r\n\t\t\t\t\t\t\t\t\t\t\t\t1                                    <\/span>\r\n\r\n\t\t\t\t\t\t\t\t\t\t\r\n\t\t\t\t\t\t\t\t\t\t\t<span class=\"mh-estate-vertical__more-info mh-estate_attribute-property-size\">\r\n                                        <strong>M2:<\/strong>\r\n\t\t\t\t\t\t\t\t\t\t\t\t116 m\u00b2                                    <\/span>\r\n\r\n\t\t\t\t\t\t\t\t\t\t\t\t\t\t\t\t\t\t\t<\/div>\r\n\t\t\t\t\t\t\t\t<\/div>\r\n\r\n\t\t\t\t\t\t\t\t<div class=\"mh-estate-vertical__bottom\">\r\n\t\t\t\t\t\t\t\t\t<div class=\"mh-estate-vertical__bottom__inner\">\r\n\t\t\t\t\t\t\t\t\t\t<div class=\"mh-estate-vertical__date\">\r\n\t\t\t\t\t\t\t\t\t\t\t7 monat.\t\t\t\t\t\t\t\t\t\t<\/div>\r\n\t\t\t\t\t\t\t\t\t\t<div class=\"mh-estate-vertical__buttons-wrapper\">\r\n\t\t\t\t\t\t\t\t\t\t\t<div class=\"mh-estate-vertical__buttons\">\r\n\t\t\t\t\t\t\t\t\t\t\t\t<div class=\"mh-estate-vertical__buttons__single\">\r\n\t\t\t\t\t\t\t\t\t\t\t\t\t<compare-button class=\"myhome-compare\"\r\n\t\t\t\t\t\t\t\t\t\t\t\t\t\t\t\t\t:translations='{&quot;added&quot;:&quot;Zus\\u00e4tzlich&quot;,&quot;compare&quot;:&quot;Vergleichen&quot;}'\r\n\t\t\t\t\t\t\t\t\t\t\t\t\t\t\t\t\t:estate='{&quot;short_excerpt_limit&quot;:125,&quot;long_excerpt_limit&quot;:160,&quot;id&quot;:82960,&quot;agent_id&quot;:&quot;24&quot;,&quot;title&quot;:&quot;Gro\\u00dfer Gewerberaum zur Miete in Manacor : : LO1810MA-ADE&quot;,&quot;content&quot;:&quot;Pr\\u00e4chtiger Gewerberaum zur Miete in Manacor, in zentraler und belebter Lage. Seine Lage bietet maximale Sichtbarkeit und gro\\u00dfe Schaufenster mit reichlich Tageslicht.\\r\\nEr verf\\u00fcgt \\u00fcber 116 m\\u00b2, die sich auf zwei offene R\\u00e4ume, ein komplettes Badezimmer mit Dusche und einen k\\u00fcrzlich abgeschlossenen Renovierungsprozess verteilen, der ihn bezugsfertig macht. Es verf\\u00fcgt \\u00fcber ein Kalt-\\\/Warm-Aerothermie-System. Ideal f\\u00fcr B\\u00fcros, Arztpraxen, Gesch\\u00e4fte, etc.\\r\\nEine einzigartige Gelegenheit, Ihr Gesch\\u00e4ft in einer der besten Lagen in Manacor zu etablieren.\\r\\nMIETBEDINGUNGEN\\r\\n- Nachweisliche finanzielle Solvenz wird ben\\u00f6tigt.\\r\\n- Eine Kaution von einem Monat wird verlangt.\\r\\n- Eine Monatsmiete als Maklergeb\\u00fchr wird gezahlt.\\r\\n- Die Nutzung des Objekts f\\u00fcr Bars oder Restaurants ist nicht gestattet.\\r\\nNova Gestio, Immobilienagentur in Manacor&quot;,&quot;excerpt&quot;:&quot;Pr\\u00e4chtiger Gewerberaum zur Miete in Manacor, in zentraler und belebter Lage. Seine Lage bietet maximale Sichtbarkeit und gro\\u00dfe Schaufenster mit reichlich Tageslicht. Er verf\\u00fcgt \\u00fcber 116 m\\u00b2, die sich auf zwei offene R\\u00e4ume, ein komplettes Badezimmer mit Dusche und einen k\\u00fcrzlich abgeschlossenen Renovierungsprozess verteilen, der ihn bezugsfertig macht. Es verf\\u00fcgt \\u00fcber ein Kalt-\\\/Warm-Aerothermie-System. Ideal f\\u00fcr [\\u2026]&quot;,&quot;short_excerpt&quot;:&quot;Pr\\u00e4chtiger Gewerberaum zur Miete in Manacor, in zentraler und belebter Lage. Seine Lage bietet maximale Sichtbarkeit und g...&quot;,&quot;long_excerpt&quot;:&quot;Pr\\u00e4chtiger Gewerberaum zur Miete in Manacor, in zentraler und belebter Lage. Seine Lage bietet maximale Sichtbarkeit und gro\\u00dfe Schaufenster mit reichlich Tag...&quot;,&quot;link&quot;:&quot;https:\\\/\\\/novagestioinmobiliaria.com\\\/de\\\/propiedades-properties-immobilien\\\/grosser-gewerberaum-zur-miete-in-manacor-lo1810ma-ade\\\/&quot;,&quot;offer_type&quot;:&quot;Zu vermieten&quot;,&quot;price&quot;:&quot;1.500 \\u20ac&quot;,&quot;location&quot;:&quot;M&quot;,&quot;is_featured&quot;:true,&quot;gallery&quot;:[],&quot;attributes&quot;:[{&quot;slug&quot;:&quot;property-type&quot;,&quot;name&quot;:&quot;Tipo propiedad&quot;,&quot;has_archive&quot;:true,&quot;elements&quot;:[{&quot;name&quot;:&quot;Gesch\\u00e4ftslokale \\\/ B\\u00fcros&quot;,&quot;link&quot;:&quot;https:\\\/\\\/novagestioinmobiliaria.com\\\/de\\\/immobilientyp\\\/geschaeftslokale-bueros\\\/&quot;,&quot;slug&quot;:&quot;geschaeftslokale-bueros&quot;}],&quot;card&quot;:false,&quot;show&quot;:true,&quot;display_after&quot;:&quot;&quot;,&quot;new_box&quot;:false},{&quot;slug&quot;:&quot;offer-type&quot;,&quot;name&quot;:&quot;Tipo operaci\\u00f3n&quot;,&quot;has_archive&quot;:true,&quot;elements&quot;:[{&quot;name&quot;:&quot;Zu vermieten&quot;,&quot;link&quot;:&quot;https:\\\/\\\/novagestioinmobiliaria.com\\\/de\\\/offer-type\\\/zu-vermieten\\\/&quot;,&quot;slug&quot;:&quot;zu-vermieten&quot;}],&quot;card&quot;:true,&quot;show&quot;:true,&quot;display_after&quot;:&quot;&quot;,&quot;new_box&quot;:false},{&quot;slug&quot;:&quot;city&quot;,&quot;name&quot;:&quot;Zona&quot;,&quot;has_archive&quot;:true,&quot;elements&quot;:[{&quot;name&quot;:&quot;Manacor&quot;,&quot;link&quot;:&quot;https:\\\/\\\/novagestioinmobiliaria.com\\\/de\\\/city\\\/manacor-de\\\/&quot;,&quot;slug&quot;:&quot;manacor-de&quot;}],&quot;card&quot;:false,&quot;show&quot;:true,&quot;display_after&quot;:&quot;&quot;,&quot;new_box&quot;:false},{&quot;slug&quot;:&quot;price&quot;,&quot;name&quot;:&quot;Precio&quot;,&quot;has_archive&quot;:false,&quot;elements&quot;:[{&quot;name&quot;:&quot;1500&quot;,&quot;link&quot;:&quot;&quot;,&quot;slug&quot;:&quot;&quot;}],&quot;show&quot;:false,&quot;card&quot;:false,&quot;display_after&quot;:&quot;\\u20ac&quot;,&quot;new_box&quot;:false},{&quot;slug&quot;:&quot;bathrooms&quot;,&quot;name&quot;:&quot;Ba\\u00f1os&quot;,&quot;has_archive&quot;:false,&quot;elements&quot;:[{&quot;name&quot;:&quot;1&quot;,&quot;link&quot;:&quot;&quot;,&quot;slug&quot;:&quot;&quot;}],&quot;show&quot;:true,&quot;card&quot;:true,&quot;display_after&quot;:&quot;&quot;,&quot;new_box&quot;:false},{&quot;slug&quot;:&quot;property-size&quot;,&quot;name&quot;:&quot;M2&quot;,&quot;has_archive&quot;:false,&quot;elements&quot;:[{&quot;name&quot;:&quot;116&quot;,&quot;link&quot;:&quot;&quot;,&quot;slug&quot;:&quot;&quot;}],&quot;show&quot;:true,&quot;card&quot;:true,&quot;display_after&quot;:&quot;m\\u00b2&quot;,&quot;new_box&quot;:false},{&quot;slug&quot;:&quot;features&quot;,&quot;name&quot;:&quot;Caracter\\u00edsticas&quot;,&quot;has_archive&quot;:true,&quot;elements&quot;:[{&quot;name&quot;:&quot;Klimaanlage&quot;,&quot;link&quot;:&quot;https:\\\/\\\/novagestioinmobiliaria.com\\\/de\\\/eigenschaften\\\/klimaanlage\\\/&quot;,&quot;slug&quot;:&quot;klimaanlage&quot;},{&quot;name&quot;:&quot;Reformiert&quot;,&quot;link&quot;:&quot;https:\\\/\\\/novagestioinmobiliaria.com\\\/de\\\/eigenschaften\\\/reformiert\\\/&quot;,&quot;slug&quot;:&quot;reformiert&quot;},{&quot;name&quot;:&quot;Zentrale Lage&quot;,&quot;link&quot;:&quot;https:\\\/\\\/novagestioinmobiliaria.com\\\/de\\\/eigenschaften\\\/zentrale-lage\\\/&quot;,&quot;slug&quot;:&quot;zentrale-lage&quot;}],&quot;card&quot;:false,&quot;show&quot;:true,&quot;display_after&quot;:&quot;&quot;,&quot;new_box&quot;:true}],&quot;views&quot;:21,&quot;days_ago&quot;:&quot;7 monat.&quot;,&quot;image_id&quot;:82928,&quot;image_url&quot;:&quot;https:\\\/\\\/novagestioinmobiliaria.com\\\/wp-content\\\/uploads\\\/2025\\\/10\\\/Local-Alquiler-Manacor-Ref-1810-14.jpg&quot;,&quot;tags&quot;:[{&quot;name&quot;:&quot;Caracter\\u00edsticas&quot;,&quot;elements&quot;:[{&quot;name&quot;:&quot;Klimaanlage&quot;,&quot;link&quot;:&quot;https:\\\/\\\/novagestioinmobiliaria.com\\\/de\\\/eigenschaften\\\/klimaanlage\\\/&quot;},{&quot;name&quot;:&quot;Reformiert&quot;,&quot;link&quot;:&quot;https:\\\/\\\/novagestioinmobiliaria.com\\\/de\\\/eigenschaften\\\/reformiert\\\/&quot;},{&quot;name&quot;:&quot;Zentrale Lage&quot;,&quot;link&quot;:&quot;https:\\\/\\\/novagestioinmobiliaria.com\\\/de\\\/eigenschaften\\\/zentrale-lage\\\/&quot;}],&quot;has_archive&quot;:true}],&quot;status&quot;:&quot;publish&quot;,&quot;plans&quot;:[],&quot;video_plan&quot;:{&quot;src&quot;:&quot;&quot;,&quot;video&quot;:&quot;&quot;},&quot;virtual_tour&quot;:null,&quot;state&quot;:&quot;&quot;,&quot;labels&quot;:[],&quot;image&quot;:&quot;https:\\\/\\\/novagestioinmobiliaria.com\\\/wp-content\\\/uploads\\\/2025\\\/10\\\/Local-Alquiler-Manacor-Ref-1810-14-400x250.jpg&quot;,&quot;image_srcset&quot;:&quot;https:\\\/\\\/novagestioinmobiliaria.com\\\/wp-content\\\/uploads\\\/2025\\\/10\\\/Local-Alquiler-Manacor-Ref-1810-14-200x125.jpg 200w, https:\\\/\\\/novagestioinmobiliaria.com\\\/wp-content\\\/uploads\\\/2025\\\/10\\\/Local-Alquiler-Manacor-Ref-1810-14-1200x750.jpg 1200w, https:\\\/\\\/novagestioinmobiliaria.com\\\/wp-content\\\/uploads\\\/2025\\\/10\\\/Local-Alquiler-Manacor-Ref-1810-14-800x500.jpg 800w, https:\\\/\\\/novagestioinmobiliaria.com\\\/wp-content\\\/uploads\\\/2025\\\/10\\\/Local-Alquiler-Manacor-Ref-1810-14-600x375.jpg 600w, https:\\\/\\\/novagestioinmobiliaria.com\\\/wp-content\\\/uploads\\\/2025\\\/10\\\/Local-Alquiler-Manacor-Ref-1810-14-400x250.jpg 400w&quot;}'>\r\n\t\t\t\t\t\t\t\t\t\t\t\t\t<\/compare-button>\r\n\t\t\t\t\t\t\t\t\t\t\t\t<\/div>\r\n\t\t\t\t\t\t\t\t\t\t\t\t<div class=\"mh-estate-vertical__buttons__single\">\r\n\t\t\t\t\t\t\t\t\t\t\t\t\t<a href=\"https:\/\/novagestioinmobiliaria.com\/de\/propiedades-properties-immobilien\/grosser-gewerberaum-zur-miete-in-manacor-lo1810ma-ade\/\"\r\n\t\t\t\t\t\t\t\t\t\t\t\t\t   title=\"Gro\u00dfer Gewerberaum zur Miete in Manacor : : LO1810MA-ADE\"\r\n\t\t\t\t\t\t\t\t\t\t\t\t\t   class=\"mdl-button mdl-js-button mdl-button--raised mdl-js-ripple-effect mdl-button--primary-ghost\">\r\n\t\t\t\t\t\t\t\t\t\t\t\t\t\tDetails\t\t\t\t\t\t\t\t\t\t\t\t\t\t<span class=\"mdl-button__icon-right\"><i class=\"fa fa-angle-right\"><\/i><\/span>\r\n\t\t\t\t\t\t\t\t\t\t\t\t\t<\/a>\r\n\t\t\t\t\t\t\t\t\t\t\t\t<\/div>\r\n\t\t\t\t\t\t\t\t\t\t\t<\/div>\r\n\t\t\t\t\t\t\t\t\t\t<\/div>\r\n\t\t\t\t\t\t\t\t\t<\/div>\r\n\t\t\t\t\t\t\t\t<\/div>\r\n\t\t\t\t\t\t\t<\/div>\r\n\t\t\t\t\t\t<\/article>\r\n\t\t\t\t\t<\/div>\r\n\t\t\t\t\r\n\t\t\t\t\t<div class=\"item\">\r\n\t\t\t\t\t\t<article class=\"mh-estate-vertical mh-estate-vertical--white  mh-attribute-property-type__geschaeftslokale-bueros mh-attribute-offer-type__zu-vermieten mh-attribute-city__manacor-de mh-attribute-features__4-schlafzimmer mh-attribute-features__buroraume mh-attribute-features__geschaftsraume mh-attribute-features__haustiere-nicht-erlaubt mh-attribute-features__klimaanlage mh-attribute-features__ruhige-lage mh-attribute-features__zentrale-lage\">\r\n\t\t\t\t\t\t\t<a href=\"https:\/\/novagestioinmobiliaria.com\/de\/propiedades-properties-immobilien\/gewerbeflaeche-mit-gesundheitslizenz-in-manacor-zu-vermieten-lo1808ma-ade\/\"\r\n\t\t\t\t\t\t\t   title=\"Gewerbefl\u00e4che mit Gesundheitslizenz in Manacor zu vermieten : : LO1808MA-ADE\"\r\n\t\t\t\t\t\t\t   class=\"mh-thumbnail\">\r\n                        <span class=\"mh-thumbnail__inner\">\r\n                                    <img\r\n                    data-srcset=\"https:\/\/novagestioinmobiliaria.com\/wp-content\/uploads\/2025\/10\/Local-alquiler-manacor-ref-1808-20-200x125.jpg 200w, https:\/\/novagestioinmobiliaria.com\/wp-content\/uploads\/2025\/10\/Local-alquiler-manacor-ref-1808-20-1200x750.jpg 1200w, https:\/\/novagestioinmobiliaria.com\/wp-content\/uploads\/2025\/10\/Local-alquiler-manacor-ref-1808-20-800x500.jpg 800w, https:\/\/novagestioinmobiliaria.com\/wp-content\/uploads\/2025\/10\/Local-alquiler-manacor-ref-1808-20-600x375.jpg 600w, https:\/\/novagestioinmobiliaria.com\/wp-content\/uploads\/2025\/10\/Local-alquiler-manacor-ref-1808-20-400x250.jpg 400w\"\r\n                    class=\"lazyload \" alt=\"Gewerbefl\u00e4che mit Gesundheitslizenz in Manacor zu vermieten : : LO1808MA-ADE\"\r\n                    data-sizes=\"auto\"\r\n            >\r\n\t\t\t                        <\/span>\r\n\r\n\t\t\t\t\t\t\t\t\t\t\t\t\t\t\t\t\t<div class=\"mh-caption\">\r\n\t\t\t\t\t\t\t\t\t\t<div class=\"mh-caption__inner\">\r\n\t\t\t\t\t\t\t\t\t\t\tZu vermieten\t\t\t\t\t\t\t\t\t\t<\/div>\r\n\t\t\t\t\t\t\t\t\t<\/div>\r\n\t\t\t\t\t\t\t\t\t\r\n\t\t\t\t\t\t\t\t<div class=\"mh-estate-vertical__text\">\r\n\t\t\t\t\t\t\t\t\t<div class=\"mh-estate-vertical__text__inner\">\r\n\t\t\t\t\t\t\t\t\t\tSpektakul\u00e4re Mietfl\u00e4che im Zentrum von Manacor mit GESUNDHEITSLIZENZ, die Fl\u00e4che hat 170 m2 zusammen mit dem Eingang im Erdgeschoss, ideal...\t\t\t\t\t\t\t\t\t<\/div>\r\n\t\t\t\t\t\t\t\t<\/div>\r\n\t\t\t\t\t\t\t<\/a>\r\n\r\n\t\t\t\t\t\t\t<div class=\"mh-estate-vertical__content\">\r\n\t\t\t\t\t\t\t\t<h3 class=\"mh-estate-vertical__heading\">\r\n\t\t\t\t\t\t\t\t\t<a href=\"https:\/\/novagestioinmobiliaria.com\/de\/propiedades-properties-immobilien\/gewerbeflaeche-mit-gesundheitslizenz-in-manacor-zu-vermieten-lo1808ma-ade\/\"\r\n\t\t\t\t\t\t\t\t\t   title=\"Gewerbefl\u00e4che mit Gesundheitslizenz in Manacor zu vermieten : : LO1808MA-ADE\">\r\n\t\t\t\t\t\t\t\t\t\tGewerbefl\u00e4che mit Gesundheitslizenz in Manacor zu vermieten : : LO1808MA-ADE\t\t\t\t\t\t\t\t\t<\/a>\r\n\t\t\t\t\t\t\t\t<\/h3>\r\n\t\t\t\t\t\t\t\t<address class=\"mh-estate-vertical__subheading\">\r\n\t\t\t\t\t\t\t\t\tM\t\t\t\t\t\t\t\t<\/address>\r\n\t\t\t\t\t\t\t\t<div class=\"mh-estate-vertical__primary\">\r\n\t\t\t\t\t\t\t\t\t1.100 \u20ac\t\t\t\t\t\t\t\t<\/div>\r\n\r\n\t\t\t\t\t\t\t\t<div>\r\n\t\t\t\t\t\t\t\t\t<div class=\"mh-estate__list\">\r\n\t\t\t\t\t\t\t\t\t\t\r\n\t\t\t\t\t\t\t\t\t\t\t<span class=\"mh-estate-vertical__more-info mh-estate_attribute-offer-type\">\r\n                                        <strong>Tipo operaci\u00f3n:<\/strong>\r\n\t\t\t\t\t\t\t\t\t\t\t\t\t\t\t\t\t\t\t\t\t\t\t\t\t\tZu vermieten\t\t\t\t\t\t\t\t\t\t\t\t\t\t                                    <\/span>\r\n\r\n\t\t\t\t\t\t\t\t\t\t\r\n\t\t\t\t\t\t\t\t\t\t\t<span class=\"mh-estate-vertical__more-info mh-estate_attribute-bedrooms\">\r\n                                        <strong>Habitaciones:<\/strong>\r\n\t\t\t\t\t\t\t\t\t\t\t\t5                                    <\/span>\r\n\r\n\t\t\t\t\t\t\t\t\t\t\r\n\t\t\t\t\t\t\t\t\t\t\t<span class=\"mh-estate-vertical__more-info mh-estate_attribute-bathrooms\">\r\n                                        <strong>Ba\u00f1os:<\/strong>\r\n\t\t\t\t\t\t\t\t\t\t\t\t3                                    <\/span>\r\n\r\n\t\t\t\t\t\t\t\t\t\t\r\n\t\t\t\t\t\t\t\t\t\t\t<span class=\"mh-estate-vertical__more-info mh-estate_attribute-property-size\">\r\n                                        <strong>M2:<\/strong>\r\n\t\t\t\t\t\t\t\t\t\t\t\t170 m\u00b2                                    <\/span>\r\n\r\n\t\t\t\t\t\t\t\t\t\t\t\t\t\t\t\t\t\t\t<\/div>\r\n\t\t\t\t\t\t\t\t<\/div>\r\n\r\n\t\t\t\t\t\t\t\t<div class=\"mh-estate-vertical__bottom\">\r\n\t\t\t\t\t\t\t\t\t<div class=\"mh-estate-vertical__bottom__inner\">\r\n\t\t\t\t\t\t\t\t\t\t<div class=\"mh-estate-vertical__date\">\r\n\t\t\t\t\t\t\t\t\t\t\t7 monat.\t\t\t\t\t\t\t\t\t\t<\/div>\r\n\t\t\t\t\t\t\t\t\t\t<div class=\"mh-estate-vertical__buttons-wrapper\">\r\n\t\t\t\t\t\t\t\t\t\t\t<div class=\"mh-estate-vertical__buttons\">\r\n\t\t\t\t\t\t\t\t\t\t\t\t<div class=\"mh-estate-vertical__buttons__single\">\r\n\t\t\t\t\t\t\t\t\t\t\t\t\t<compare-button class=\"myhome-compare\"\r\n\t\t\t\t\t\t\t\t\t\t\t\t\t\t\t\t\t:translations='{&quot;added&quot;:&quot;Zus\\u00e4tzlich&quot;,&quot;compare&quot;:&quot;Vergleichen&quot;}'\r\n\t\t\t\t\t\t\t\t\t\t\t\t\t\t\t\t\t:estate='{&quot;short_excerpt_limit&quot;:125,&quot;long_excerpt_limit&quot;:160,&quot;id&quot;:82539,&quot;agent_id&quot;:&quot;26&quot;,&quot;title&quot;:&quot;Gewerbefl\\u00e4che mit Gesundheitslizenz in Manacor zu vermieten : : LO1808MA-ADE&quot;,&quot;content&quot;:&quot;Spektakul\\u00e4re Mietfl\\u00e4che im Zentrum von Manacor mit GESUNDHEITSLIZENZ, die Fl\\u00e4che hat 170 m2 zusammen mit dem Eingang im Erdgeschoss, ideal f\\u00fcr jede Art von Gesch\\u00e4ft au\\u00dfer solchen, die eine Rauchabsaugung erfordern. Die riesigen Fenster mit guter Verglasung geben ihm eine gro\\u00dfartige Sicht und Licht. Die Fl\\u00e4che ist aufgeteilt in einen ger\\u00e4umigen Wartebereich mit einer kleinen Garderobe oder Abstellraum, ein Raum mit Toiletten und ein Innenraum oder m\\u00f6glicher Dusche, es gibt ein Badezimmer mit zwei Toiletten und einen Reinigungsraum. Es verf\\u00fcgt \\u00fcber zwei ger\\u00e4umige unabh\\u00e4ngige R\\u00e4ume mit Waschbecken, einer der R\\u00e4ume hat ein kleines B\\u00fcro oder einen geschlossenen Lagerraum. Es liegt in einem zentralen und sehr gut gelegenen Bereich mit viel Verkehr.\\r\\nMIETBEDINGUNGEN:\\r\\n- Wirtschaftliche Bonit\\u00e4t wird angefordert.\\r\\n- Strom-, Wasser- und M\\u00fcllkosten nicht enthalten.\\r\\n- 1 Monatsmiete Kaution.\\r\\n- 1 Monat Agenturgeb\\u00fchren.\\r\\n\\r\\nNova Gesti\\u00f3, Immobilien in Manacor.&quot;,&quot;excerpt&quot;:&quot;Spektakul\\u00e4re Mietfl\\u00e4che im Zentrum von Manacor mit GESUNDHEITSLIZENZ, die Fl\\u00e4che hat 170 m2 zusammen mit dem Eingang im Erdgeschoss, ideal f\\u00fcr jede Art von Gesch\\u00e4ft au\\u00dfer solchen, die eine Rauchabsaugung erfordern. Die riesigen Fenster mit guter Verglasung geben ihm eine gro\\u00dfartige Sicht und Licht. Die Fl\\u00e4che ist aufgeteilt in einen ger\\u00e4umigen Wartebereich mit einer kleinen [\\u2026]&quot;,&quot;short_excerpt&quot;:&quot;Spektakul\\u00e4re Mietfl\\u00e4che im Zentrum von Manacor mit GESUNDHEITSLIZENZ, die Fl\\u00e4che hat 170 m2 zusammen mit dem Eingang im Er...&quot;,&quot;long_excerpt&quot;:&quot;Spektakul\\u00e4re Mietfl\\u00e4che im Zentrum von Manacor mit GESUNDHEITSLIZENZ, die Fl\\u00e4che hat 170 m2 zusammen mit dem Eingang im Erdgeschoss, ideal f\\u00fcr jede Art von G...&quot;,&quot;link&quot;:&quot;https:\\\/\\\/novagestioinmobiliaria.com\\\/de\\\/propiedades-properties-immobilien\\\/gewerbeflaeche-mit-gesundheitslizenz-in-manacor-zu-vermieten-lo1808ma-ade\\\/&quot;,&quot;offer_type&quot;:&quot;Zu vermieten&quot;,&quot;price&quot;:&quot;1.100 \\u20ac&quot;,&quot;location&quot;:&quot;M&quot;,&quot;is_featured&quot;:true,&quot;gallery&quot;:[{&quot;id&quot;:82423,&quot;url&quot;:&quot;https:\\\/\\\/novagestioinmobiliaria.com\\\/wp-content\\\/uploads\\\/2025\\\/10\\\/Local-alquiler-manacor-ref-1808-38.jpg&quot;,&quot;alt&quot;:&quot;&quot;},{&quot;id&quot;:82426,&quot;url&quot;:&quot;https:\\\/\\\/novagestioinmobiliaria.com\\\/wp-content\\\/uploads\\\/2025\\\/10\\\/Local-alquiler-manacor-ref-1808-39.jpg&quot;,&quot;alt&quot;:&quot;&quot;},{&quot;id&quot;:82429,&quot;url&quot;:&quot;https:\\\/\\\/novagestioinmobiliaria.com\\\/wp-content\\\/uploads\\\/2025\\\/10\\\/Local-alquiler-manacor-ref-1808-1.jpg&quot;,&quot;alt&quot;:&quot;&quot;},{&quot;id&quot;:82432,&quot;url&quot;:&quot;https:\\\/\\\/novagestioinmobiliaria.com\\\/wp-content\\\/uploads\\\/2025\\\/10\\\/Local-alquiler-manacor-ref-1808-2.jpg&quot;,&quot;alt&quot;:&quot;&quot;},{&quot;id&quot;:82435,&quot;url&quot;:&quot;https:\\\/\\\/novagestioinmobiliaria.com\\\/wp-content\\\/uploads\\\/2025\\\/10\\\/Local-alquiler-manacor-ref-1808-3.jpg&quot;,&quot;alt&quot;:&quot;&quot;},{&quot;id&quot;:82438,&quot;url&quot;:&quot;https:\\\/\\\/novagestioinmobiliaria.com\\\/wp-content\\\/uploads\\\/2025\\\/10\\\/Local-alquiler-manacor-ref-1808-4.jpg&quot;,&quot;alt&quot;:&quot;&quot;},{&quot;id&quot;:82441,&quot;url&quot;:&quot;https:\\\/\\\/novagestioinmobiliaria.com\\\/wp-content\\\/uploads\\\/2025\\\/10\\\/Local-alquiler-manacor-ref-1808-5.jpg&quot;,&quot;alt&quot;:&quot;&quot;},{&quot;id&quot;:82444,&quot;url&quot;:&quot;https:\\\/\\\/novagestioinmobiliaria.com\\\/wp-content\\\/uploads\\\/2025\\\/10\\\/Local-alquiler-manacor-ref-1808-6.jpg&quot;,&quot;alt&quot;:&quot;&quot;},{&quot;id&quot;:82447,&quot;url&quot;:&quot;https:\\\/\\\/novagestioinmobiliaria.com\\\/wp-content\\\/uploads\\\/2025\\\/10\\\/Local-alquiler-manacor-ref-1808-7.jpg&quot;,&quot;alt&quot;:&quot;&quot;},{&quot;id&quot;:82450,&quot;url&quot;:&quot;https:\\\/\\\/novagestioinmobiliaria.com\\\/wp-content\\\/uploads\\\/2025\\\/10\\\/Local-alquiler-manacor-ref-1808-8.jpg&quot;,&quot;alt&quot;:&quot;&quot;},{&quot;id&quot;:82453,&quot;url&quot;:&quot;https:\\\/\\\/novagestioinmobiliaria.com\\\/wp-content\\\/uploads\\\/2025\\\/10\\\/Local-alquiler-manacor-ref-1808-9.jpg&quot;,&quot;alt&quot;:&quot;&quot;},{&quot;id&quot;:82456,&quot;url&quot;:&quot;https:\\\/\\\/novagestioinmobiliaria.com\\\/wp-content\\\/uploads\\\/2025\\\/10\\\/Local-alquiler-manacor-ref-1808-10.jpg&quot;,&quot;alt&quot;:&quot;&quot;},{&quot;id&quot;:82459,&quot;url&quot;:&quot;https:\\\/\\\/novagestioinmobiliaria.com\\\/wp-content\\\/uploads\\\/2025\\\/10\\\/Local-alquiler-manacor-ref-1808-11.jpg&quot;,&quot;alt&quot;:&quot;&quot;},{&quot;id&quot;:82462,&quot;url&quot;:&quot;https:\\\/\\\/novagestioinmobiliaria.com\\\/wp-content\\\/uploads\\\/2025\\\/10\\\/Local-alquiler-manacor-ref-1808-12.jpg&quot;,&quot;alt&quot;:&quot;&quot;},{&quot;id&quot;:82465,&quot;url&quot;:&quot;https:\\\/\\\/novagestioinmobiliaria.com\\\/wp-content\\\/uploads\\\/2025\\\/10\\\/Local-alquiler-manacor-ref-1808-13.jpg&quot;,&quot;alt&quot;:&quot;&quot;},{&quot;id&quot;:82468,&quot;url&quot;:&quot;https:\\\/\\\/novagestioinmobiliaria.com\\\/wp-content\\\/uploads\\\/2025\\\/10\\\/Local-alquiler-manacor-ref-1808-14.jpg&quot;,&quot;alt&quot;:&quot;&quot;},{&quot;id&quot;:82471,&quot;url&quot;:&quot;https:\\\/\\\/novagestioinmobiliaria.com\\\/wp-content\\\/uploads\\\/2025\\\/10\\\/Local-alquiler-manacor-ref-1808-15.jpg&quot;,&quot;alt&quot;:&quot;&quot;},{&quot;id&quot;:82474,&quot;url&quot;:&quot;https:\\\/\\\/novagestioinmobiliaria.com\\\/wp-content\\\/uploads\\\/2025\\\/10\\\/Local-alquiler-manacor-ref-1808-16.jpg&quot;,&quot;alt&quot;:&quot;&quot;},{&quot;id&quot;:82477,&quot;url&quot;:&quot;https:\\\/\\\/novagestioinmobiliaria.com\\\/wp-content\\\/uploads\\\/2025\\\/10\\\/Local-alquiler-manacor-ref-1808-17.jpg&quot;,&quot;alt&quot;:&quot;&quot;},{&quot;id&quot;:82480,&quot;url&quot;:&quot;https:\\\/\\\/novagestioinmobiliaria.com\\\/wp-content\\\/uploads\\\/2025\\\/10\\\/Local-alquiler-manacor-ref-1808-18.jpg&quot;,&quot;alt&quot;:&quot;&quot;},{&quot;id&quot;:82483,&quot;url&quot;:&quot;https:\\\/\\\/novagestioinmobiliaria.com\\\/wp-content\\\/uploads\\\/2025\\\/10\\\/Local-alquiler-manacor-ref-1808-19.jpg&quot;,&quot;alt&quot;:&quot;&quot;},{&quot;id&quot;:82486,&quot;url&quot;:&quot;https:\\\/\\\/novagestioinmobiliaria.com\\\/wp-content\\\/uploads\\\/2025\\\/10\\\/Local-alquiler-manacor-ref-1808-20.jpg&quot;,&quot;alt&quot;:&quot;&quot;},{&quot;id&quot;:82489,&quot;url&quot;:&quot;https:\\\/\\\/novagestioinmobiliaria.com\\\/wp-content\\\/uploads\\\/2025\\\/10\\\/Local-alquiler-manacor-ref-1808-21.jpg&quot;,&quot;alt&quot;:&quot;&quot;},{&quot;id&quot;:82492,&quot;url&quot;:&quot;https:\\\/\\\/novagestioinmobiliaria.com\\\/wp-content\\\/uploads\\\/2025\\\/10\\\/Local-alquiler-manacor-ref-1808-22.jpg&quot;,&quot;alt&quot;:&quot;&quot;},{&quot;id&quot;:82495,&quot;url&quot;:&quot;https:\\\/\\\/novagestioinmobiliaria.com\\\/wp-content\\\/uploads\\\/2025\\\/10\\\/Local-alquiler-manacor-ref-1808-23.jpg&quot;,&quot;alt&quot;:&quot;&quot;},{&quot;id&quot;:82498,&quot;url&quot;:&quot;https:\\\/\\\/novagestioinmobiliaria.com\\\/wp-content\\\/uploads\\\/2025\\\/10\\\/Local-alquiler-manacor-ref-1808-24.jpg&quot;,&quot;alt&quot;:&quot;&quot;},{&quot;id&quot;:82501,&quot;url&quot;:&quot;https:\\\/\\\/novagestioinmobiliaria.com\\\/wp-content\\\/uploads\\\/2025\\\/10\\\/Local-alquiler-manacor-ref-1808-25.jpg&quot;,&quot;alt&quot;:&quot;&quot;},{&quot;id&quot;:82504,&quot;url&quot;:&quot;https:\\\/\\\/novagestioinmobiliaria.com\\\/wp-content\\\/uploads\\\/2025\\\/10\\\/Local-alquiler-manacor-ref-1808-26.jpg&quot;,&quot;alt&quot;:&quot;&quot;},{&quot;id&quot;:82507,&quot;url&quot;:&quot;https:\\\/\\\/novagestioinmobiliaria.com\\\/wp-content\\\/uploads\\\/2025\\\/10\\\/Local-alquiler-manacor-ref-1808-27.jpg&quot;,&quot;alt&quot;:&quot;&quot;},{&quot;id&quot;:82510,&quot;url&quot;:&quot;https:\\\/\\\/novagestioinmobiliaria.com\\\/wp-content\\\/uploads\\\/2025\\\/10\\\/Local-alquiler-manacor-ref-1808-28.jpg&quot;,&quot;alt&quot;:&quot;&quot;},{&quot;id&quot;:82513,&quot;url&quot;:&quot;https:\\\/\\\/novagestioinmobiliaria.com\\\/wp-content\\\/uploads\\\/2025\\\/10\\\/Local-alquiler-manacor-ref-1808-29.jpg&quot;,&quot;alt&quot;:&quot;&quot;},{&quot;id&quot;:82516,&quot;url&quot;:&quot;https:\\\/\\\/novagestioinmobiliaria.com\\\/wp-content\\\/uploads\\\/2025\\\/10\\\/Local-alquiler-manacor-ref-1808-30.jpg&quot;,&quot;alt&quot;:&quot;&quot;},{&quot;id&quot;:82519,&quot;url&quot;:&quot;https:\\\/\\\/novagestioinmobiliaria.com\\\/wp-content\\\/uploads\\\/2025\\\/10\\\/Local-alquiler-manacor-ref-1808-31.jpg&quot;,&quot;alt&quot;:&quot;&quot;},{&quot;id&quot;:82522,&quot;url&quot;:&quot;https:\\\/\\\/novagestioinmobiliaria.com\\\/wp-content\\\/uploads\\\/2025\\\/10\\\/Local-alquiler-manacor-ref-1808-32.jpg&quot;,&quot;alt&quot;:&quot;&quot;},{&quot;id&quot;:82525,&quot;url&quot;:&quot;https:\\\/\\\/novagestioinmobiliaria.com\\\/wp-content\\\/uploads\\\/2025\\\/10\\\/Local-alquiler-manacor-ref-1808-33.jpg&quot;,&quot;alt&quot;:&quot;&quot;},{&quot;id&quot;:82528,&quot;url&quot;:&quot;https:\\\/\\\/novagestioinmobiliaria.com\\\/wp-content\\\/uploads\\\/2025\\\/10\\\/Local-alquiler-manacor-ref-1808-34.jpg&quot;,&quot;alt&quot;:&quot;&quot;},{&quot;id&quot;:82531,&quot;url&quot;:&quot;https:\\\/\\\/novagestioinmobiliaria.com\\\/wp-content\\\/uploads\\\/2025\\\/10\\\/Local-alquiler-manacor-ref-1808-35.jpg&quot;,&quot;alt&quot;:&quot;&quot;},{&quot;id&quot;:82534,&quot;url&quot;:&quot;https:\\\/\\\/novagestioinmobiliaria.com\\\/wp-content\\\/uploads\\\/2025\\\/10\\\/Local-alquiler-manacor-ref-1808-36.jpg&quot;,&quot;alt&quot;:&quot;&quot;},{&quot;id&quot;:82537,&quot;url&quot;:&quot;https:\\\/\\\/novagestioinmobiliaria.com\\\/wp-content\\\/uploads\\\/2025\\\/10\\\/Local-alquiler-manacor-ref-1808-37.jpg&quot;,&quot;alt&quot;:&quot;&quot;}],&quot;attributes&quot;:[{&quot;slug&quot;:&quot;property-type&quot;,&quot;name&quot;:&quot;Tipo propiedad&quot;,&quot;has_archive&quot;:true,&quot;elements&quot;:[{&quot;name&quot;:&quot;Gesch\\u00e4ftslokale \\\/ B\\u00fcros&quot;,&quot;link&quot;:&quot;https:\\\/\\\/novagestioinmobiliaria.com\\\/de\\\/immobilientyp\\\/geschaeftslokale-bueros\\\/&quot;,&quot;slug&quot;:&quot;geschaeftslokale-bueros&quot;}],&quot;card&quot;:false,&quot;show&quot;:true,&quot;display_after&quot;:&quot;&quot;,&quot;new_box&quot;:false},{&quot;slug&quot;:&quot;offer-type&quot;,&quot;name&quot;:&quot;Tipo operaci\\u00f3n&quot;,&quot;has_archive&quot;:true,&quot;elements&quot;:[{&quot;name&quot;:&quot;Zu vermieten&quot;,&quot;link&quot;:&quot;https:\\\/\\\/novagestioinmobiliaria.com\\\/de\\\/offer-type\\\/zu-vermieten\\\/&quot;,&quot;slug&quot;:&quot;zu-vermieten&quot;}],&quot;card&quot;:true,&quot;show&quot;:true,&quot;display_after&quot;:&quot;&quot;,&quot;new_box&quot;:false},{&quot;slug&quot;:&quot;city&quot;,&quot;name&quot;:&quot;Zona&quot;,&quot;has_archive&quot;:true,&quot;elements&quot;:[{&quot;name&quot;:&quot;Manacor&quot;,&quot;link&quot;:&quot;https:\\\/\\\/novagestioinmobiliaria.com\\\/de\\\/city\\\/manacor-de\\\/&quot;,&quot;slug&quot;:&quot;manacor-de&quot;}],&quot;card&quot;:false,&quot;show&quot;:true,&quot;display_after&quot;:&quot;&quot;,&quot;new_box&quot;:false},{&quot;slug&quot;:&quot;price&quot;,&quot;name&quot;:&quot;Precio&quot;,&quot;has_archive&quot;:false,&quot;elements&quot;:[{&quot;name&quot;:&quot;1100&quot;,&quot;link&quot;:&quot;&quot;,&quot;slug&quot;:&quot;&quot;}],&quot;show&quot;:false,&quot;card&quot;:false,&quot;display_after&quot;:&quot;\\u20ac&quot;,&quot;new_box&quot;:false},{&quot;slug&quot;:&quot;bedrooms&quot;,&quot;name&quot;:&quot;Habitaciones&quot;,&quot;has_archive&quot;:false,&quot;elements&quot;:[{&quot;name&quot;:&quot;5&quot;,&quot;link&quot;:&quot;&quot;,&quot;slug&quot;:&quot;&quot;}],&quot;show&quot;:true,&quot;card&quot;:true,&quot;display_after&quot;:&quot;&quot;,&quot;new_box&quot;:false},{&quot;slug&quot;:&quot;bathrooms&quot;,&quot;name&quot;:&quot;Ba\\u00f1os&quot;,&quot;has_archive&quot;:false,&quot;elements&quot;:[{&quot;name&quot;:&quot;3&quot;,&quot;link&quot;:&quot;&quot;,&quot;slug&quot;:&quot;&quot;}],&quot;show&quot;:true,&quot;card&quot;:true,&quot;display_after&quot;:&quot;&quot;,&quot;new_box&quot;:false},{&quot;slug&quot;:&quot;property-size&quot;,&quot;name&quot;:&quot;M2&quot;,&quot;has_archive&quot;:false,&quot;elements&quot;:[{&quot;name&quot;:&quot;170&quot;,&quot;link&quot;:&quot;&quot;,&quot;slug&quot;:&quot;&quot;}],&quot;show&quot;:true,&quot;card&quot;:true,&quot;display_after&quot;:&quot;m\\u00b2&quot;,&quot;new_box&quot;:false},{&quot;slug&quot;:&quot;features&quot;,&quot;name&quot;:&quot;Caracter\\u00edsticas&quot;,&quot;has_archive&quot;:true,&quot;elements&quot;:[{&quot;name&quot;:&quot;4 Schlafzimmer&quot;,&quot;link&quot;:&quot;https:\\\/\\\/novagestioinmobiliaria.com\\\/de\\\/eigenschaften\\\/4-schlafzimmer\\\/&quot;,&quot;slug&quot;:&quot;4-schlafzimmer&quot;},{&quot;name&quot;:&quot;B\\u00fcror\\u00e4ume&quot;,&quot;link&quot;:&quot;https:\\\/\\\/novagestioinmobiliaria.com\\\/de\\\/eigenschaften\\\/buroraume\\\/&quot;,&quot;slug&quot;:&quot;buroraume&quot;},{&quot;name&quot;:&quot;Gesch\\u00e4ftsr\\u00e4ume&quot;,&quot;link&quot;:&quot;https:\\\/\\\/novagestioinmobiliaria.com\\\/de\\\/eigenschaften\\\/geschaftsraume\\\/&quot;,&quot;slug&quot;:&quot;geschaftsraume&quot;},{&quot;name&quot;:&quot;Haustiere NICHT erlaubt&quot;,&quot;link&quot;:&quot;https:\\\/\\\/novagestioinmobiliaria.com\\\/de\\\/eigenschaften\\\/haustiere-nicht-erlaubt\\\/&quot;,&quot;slug&quot;:&quot;haustiere-nicht-erlaubt&quot;},{&quot;name&quot;:&quot;Klimaanlage&quot;,&quot;link&quot;:&quot;https:\\\/\\\/novagestioinmobiliaria.com\\\/de\\\/eigenschaften\\\/klimaanlage\\\/&quot;,&quot;slug&quot;:&quot;klimaanlage&quot;},{&quot;name&quot;:&quot;Ruhige Lage&quot;,&quot;link&quot;:&quot;https:\\\/\\\/novagestioinmobiliaria.com\\\/de\\\/eigenschaften\\\/ruhige-lage\\\/&quot;,&quot;slug&quot;:&quot;ruhige-lage&quot;},{&quot;name&quot;:&quot;Zentrale Lage&quot;,&quot;link&quot;:&quot;https:\\\/\\\/novagestioinmobiliaria.com\\\/de\\\/eigenschaften\\\/zentrale-lage\\\/&quot;,&quot;slug&quot;:&quot;zentrale-lage&quot;}],&quot;card&quot;:false,&quot;show&quot;:true,&quot;display_after&quot;:&quot;&quot;,&quot;new_box&quot;:true}],&quot;views&quot;:27,&quot;days_ago&quot;:&quot;7 monat.&quot;,&quot;image_id&quot;:82486,&quot;image_url&quot;:&quot;https:\\\/\\\/novagestioinmobiliaria.com\\\/wp-content\\\/uploads\\\/2025\\\/10\\\/Local-alquiler-manacor-ref-1808-20.jpg&quot;,&quot;tags&quot;:[{&quot;name&quot;:&quot;Caracter\\u00edsticas&quot;,&quot;elements&quot;:[{&quot;name&quot;:&quot;4 Schlafzimmer&quot;,&quot;link&quot;:&quot;https:\\\/\\\/novagestioinmobiliaria.com\\\/de\\\/eigenschaften\\\/4-schlafzimmer\\\/&quot;},{&quot;name&quot;:&quot;B\\u00fcror\\u00e4ume&quot;,&quot;link&quot;:&quot;https:\\\/\\\/novagestioinmobiliaria.com\\\/de\\\/eigenschaften\\\/buroraume\\\/&quot;},{&quot;name&quot;:&quot;Gesch\\u00e4ftsr\\u00e4ume&quot;,&quot;link&quot;:&quot;https:\\\/\\\/novagestioinmobiliaria.com\\\/de\\\/eigenschaften\\\/geschaftsraume\\\/&quot;},{&quot;name&quot;:&quot;Haustiere NICHT erlaubt&quot;,&quot;link&quot;:&quot;https:\\\/\\\/novagestioinmobiliaria.com\\\/de\\\/eigenschaften\\\/haustiere-nicht-erlaubt\\\/&quot;},{&quot;name&quot;:&quot;Klimaanlage&quot;,&quot;link&quot;:&quot;https:\\\/\\\/novagestioinmobiliaria.com\\\/de\\\/eigenschaften\\\/klimaanlage\\\/&quot;},{&quot;name&quot;:&quot;Ruhige Lage&quot;,&quot;link&quot;:&quot;https:\\\/\\\/novagestioinmobiliaria.com\\\/de\\\/eigenschaften\\\/ruhige-lage\\\/&quot;},{&quot;name&quot;:&quot;Zentrale Lage&quot;,&quot;link&quot;:&quot;https:\\\/\\\/novagestioinmobiliaria.com\\\/de\\\/eigenschaften\\\/zentrale-lage\\\/&quot;}],&quot;has_archive&quot;:true}],&quot;status&quot;:&quot;publish&quot;,&quot;plans&quot;:[],&quot;video_plan&quot;:{&quot;src&quot;:&quot;&quot;,&quot;video&quot;:&quot;&quot;},&quot;virtual_tour&quot;:null,&quot;state&quot;:&quot;&quot;,&quot;labels&quot;:[],&quot;image&quot;:&quot;https:\\\/\\\/novagestioinmobiliaria.com\\\/wp-content\\\/uploads\\\/2025\\\/10\\\/Local-alquiler-manacor-ref-1808-20-400x250.jpg&quot;,&quot;image_srcset&quot;:&quot;https:\\\/\\\/novagestioinmobiliaria.com\\\/wp-content\\\/uploads\\\/2025\\\/10\\\/Local-alquiler-manacor-ref-1808-20-200x125.jpg 200w, https:\\\/\\\/novagestioinmobiliaria.com\\\/wp-content\\\/uploads\\\/2025\\\/10\\\/Local-alquiler-manacor-ref-1808-20-1200x750.jpg 1200w, https:\\\/\\\/novagestioinmobiliaria.com\\\/wp-content\\\/uploads\\\/2025\\\/10\\\/Local-alquiler-manacor-ref-1808-20-800x500.jpg 800w, https:\\\/\\\/novagestioinmobiliaria.com\\\/wp-content\\\/uploads\\\/2025\\\/10\\\/Local-alquiler-manacor-ref-1808-20-600x375.jpg 600w, https:\\\/\\\/novagestioinmobiliaria.com\\\/wp-content\\\/uploads\\\/2025\\\/10\\\/Local-alquiler-manacor-ref-1808-20-400x250.jpg 400w&quot;}'>\r\n\t\t\t\t\t\t\t\t\t\t\t\t\t<\/compare-button>\r\n\t\t\t\t\t\t\t\t\t\t\t\t<\/div>\r\n\t\t\t\t\t\t\t\t\t\t\t\t<div class=\"mh-estate-vertical__buttons__single\">\r\n\t\t\t\t\t\t\t\t\t\t\t\t\t<a href=\"https:\/\/novagestioinmobiliaria.com\/de\/propiedades-properties-immobilien\/gewerbeflaeche-mit-gesundheitslizenz-in-manacor-zu-vermieten-lo1808ma-ade\/\"\r\n\t\t\t\t\t\t\t\t\t\t\t\t\t   title=\"Gewerbefl\u00e4che mit Gesundheitslizenz in Manacor zu vermieten : : LO1808MA-ADE\"\r\n\t\t\t\t\t\t\t\t\t\t\t\t\t   class=\"mdl-button mdl-js-button mdl-button--raised mdl-js-ripple-effect mdl-button--primary-ghost\">\r\n\t\t\t\t\t\t\t\t\t\t\t\t\t\tDetails\t\t\t\t\t\t\t\t\t\t\t\t\t\t<span class=\"mdl-button__icon-right\"><i class=\"fa fa-angle-right\"><\/i><\/span>\r\n\t\t\t\t\t\t\t\t\t\t\t\t\t<\/a>\r\n\t\t\t\t\t\t\t\t\t\t\t\t<\/div>\r\n\t\t\t\t\t\t\t\t\t\t\t<\/div>\r\n\t\t\t\t\t\t\t\t\t\t<\/div>\r\n\t\t\t\t\t\t\t\t\t<\/div>\r\n\t\t\t\t\t\t\t\t<\/div>\r\n\t\t\t\t\t\t\t<\/div>\r\n\t\t\t\t\t\t<\/article>\r\n\t\t\t\t\t<\/div>\r\n\t\t\t\t\r\n\t\t\t\t\t<div class=\"item\">\r\n\t\t\t\t\t\t<article class=\"mh-estate-vertical mh-estate-vertical--white  mh-attribute-property-type__stadthaeuser-ebenerdige-wohnungen mh-attribute-offer-type__zu-vermieten mh-attribute-city__vilafranca-de-bonany-2 mh-attribute-features__4-schlafzimmer mh-attribute-features__klimaanlage mh-attribute-features__moebliert mh-attribute-features__terrasse\">\r\n\t\t\t\t\t\t\t<a href=\"https:\/\/novagestioinmobiliaria.com\/de\/propiedades-properties-immobilien\/haus-zur-voruebergehenden-vermietung-in-vilafranca-de-bonany-ca1798vi-ade\/\"\r\n\t\t\t\t\t\t\t   title=\"Haus zur vor\u00fcbergehenden Vermietung in Vilafranca de Bonany : : CA1798VI-ADE\"\r\n\t\t\t\t\t\t\t   class=\"mh-thumbnail\">\r\n                        <span class=\"mh-thumbnail__inner\">\r\n                                    <img\r\n                    data-srcset=\"https:\/\/novagestioinmobiliaria.com\/wp-content\/uploads\/2025\/09\/Casa-alquiler-Vilafranca-ref-1798-3-200x125.jpg 200w, https:\/\/novagestioinmobiliaria.com\/wp-content\/uploads\/2025\/09\/Casa-alquiler-Vilafranca-ref-1798-3-800x500.jpg 800w, https:\/\/novagestioinmobiliaria.com\/wp-content\/uploads\/2025\/09\/Casa-alquiler-Vilafranca-ref-1798-3-600x375.jpg 600w, https:\/\/novagestioinmobiliaria.com\/wp-content\/uploads\/2025\/09\/Casa-alquiler-Vilafranca-ref-1798-3-400x250.jpg 400w\"\r\n                    class=\"lazyload \" alt=\"Haus zur vor\u00fcbergehenden Vermietung in Vilafranca de Bonany : : CA1798VI-ADE\"\r\n                    data-sizes=\"auto\"\r\n            >\r\n\t\t\t                        <\/span>\r\n\r\n\t\t\t\t\t\t\t\t\t\t\t\t\t\t\t\t\t<div class=\"mh-caption\">\r\n\t\t\t\t\t\t\t\t\t\t<div class=\"mh-caption__inner\">\r\n\t\t\t\t\t\t\t\t\t\t\tZu vermieten\t\t\t\t\t\t\t\t\t\t<\/div>\r\n\t\t\t\t\t\t\t\t\t<\/div>\r\n\t\t\t\t\t\t\t\t\t\r\n\t\t\t\t\t\t\t\t<div class=\"mh-estate-vertical__text\">\r\n\t\t\t\t\t\t\t\t\t<div class=\"mh-estate-vertical__text__inner\">\r\n\t\t\t\t\t\t\t\t\t\tVERF\u00dcGBAR VON OKTOBER BIS APRIL &nbsp; Charmantes Haus zur Miete in Vilafranca de Bonany. Die Unterkunft verf\u00fcgt \u00fcber drei Doppelzimmer,...\t\t\t\t\t\t\t\t\t<\/div>\r\n\t\t\t\t\t\t\t\t<\/div>\r\n\t\t\t\t\t\t\t<\/a>\r\n\r\n\t\t\t\t\t\t\t<div class=\"mh-estate-vertical__content\">\r\n\t\t\t\t\t\t\t\t<h3 class=\"mh-estate-vertical__heading\">\r\n\t\t\t\t\t\t\t\t\t<a href=\"https:\/\/novagestioinmobiliaria.com\/de\/propiedades-properties-immobilien\/haus-zur-voruebergehenden-vermietung-in-vilafranca-de-bonany-ca1798vi-ade\/\"\r\n\t\t\t\t\t\t\t\t\t   title=\"Haus zur vor\u00fcbergehenden Vermietung in Vilafranca de Bonany : : CA1798VI-ADE\">\r\n\t\t\t\t\t\t\t\t\t\tHaus zur vor\u00fcbergehenden Vermietung in Vilafranca de Bonany : : CA1798VI-ADE\t\t\t\t\t\t\t\t\t<\/a>\r\n\t\t\t\t\t\t\t\t<\/h3>\r\n\t\t\t\t\t\t\t\t<address class=\"mh-estate-vertical__subheading\">\r\n\t\t\t\t\t\t\t\t\t\t\t\t\t\t\t\t\t<\/address>\r\n\t\t\t\t\t\t\t\t<div class=\"mh-estate-vertical__primary\">\r\n\t\t\t\t\t\t\t\t\t1.600 \u20ac\t\t\t\t\t\t\t\t<\/div>\r\n\r\n\t\t\t\t\t\t\t\t<div>\r\n\t\t\t\t\t\t\t\t\t<div class=\"mh-estate__list\">\r\n\t\t\t\t\t\t\t\t\t\t\r\n\t\t\t\t\t\t\t\t\t\t\t<span class=\"mh-estate-vertical__more-info mh-estate_attribute-offer-type\">\r\n                                        <strong>Tipo operaci\u00f3n:<\/strong>\r\n\t\t\t\t\t\t\t\t\t\t\t\t\t\t\t\t\t\t\t\t\t\t\t\t\t\tZu vermieten\t\t\t\t\t\t\t\t\t\t\t\t\t\t                                    <\/span>\r\n\r\n\t\t\t\t\t\t\t\t\t\t\r\n\t\t\t\t\t\t\t\t\t\t\t<span class=\"mh-estate-vertical__more-info mh-estate_attribute-bedrooms\">\r\n                                        <strong>Habitaciones:<\/strong>\r\n\t\t\t\t\t\t\t\t\t\t\t\t4                                    <\/span>\r\n\r\n\t\t\t\t\t\t\t\t\t\t\r\n\t\t\t\t\t\t\t\t\t\t\t<span class=\"mh-estate-vertical__more-info mh-estate_attribute-bathrooms\">\r\n                                        <strong>Ba\u00f1os:<\/strong>\r\n\t\t\t\t\t\t\t\t\t\t\t\t2                                    <\/span>\r\n\r\n\t\t\t\t\t\t\t\t\t\t\r\n\t\t\t\t\t\t\t\t\t\t\t<span class=\"mh-estate-vertical__more-info mh-estate_attribute-property-size\">\r\n                                        <strong>M2:<\/strong>\r\n\t\t\t\t\t\t\t\t\t\t\t\t200 m\u00b2                                    <\/span>\r\n\r\n\t\t\t\t\t\t\t\t\t\t\t\t\t\t\t\t\t\t\t<\/div>\r\n\t\t\t\t\t\t\t\t<\/div>\r\n\r\n\t\t\t\t\t\t\t\t<div class=\"mh-estate-vertical__bottom\">\r\n\t\t\t\t\t\t\t\t\t<div class=\"mh-estate-vertical__bottom__inner\">\r\n\t\t\t\t\t\t\t\t\t\t<div class=\"mh-estate-vertical__date\">\r\n\t\t\t\t\t\t\t\t\t\t\t7 monat.\t\t\t\t\t\t\t\t\t\t<\/div>\r\n\t\t\t\t\t\t\t\t\t\t<div class=\"mh-estate-vertical__buttons-wrapper\">\r\n\t\t\t\t\t\t\t\t\t\t\t<div class=\"mh-estate-vertical__buttons\">\r\n\t\t\t\t\t\t\t\t\t\t\t\t<div class=\"mh-estate-vertical__buttons__single\">\r\n\t\t\t\t\t\t\t\t\t\t\t\t\t<compare-button class=\"myhome-compare\"\r\n\t\t\t\t\t\t\t\t\t\t\t\t\t\t\t\t\t:translations='{&quot;added&quot;:&quot;Zus\\u00e4tzlich&quot;,&quot;compare&quot;:&quot;Vergleichen&quot;}'\r\n\t\t\t\t\t\t\t\t\t\t\t\t\t\t\t\t\t:estate='{&quot;short_excerpt_limit&quot;:125,&quot;long_excerpt_limit&quot;:160,&quot;id&quot;:82130,&quot;agent_id&quot;:&quot;24&quot;,&quot;title&quot;:&quot;Haus zur vor\\u00fcbergehenden Vermietung in Vilafranca de Bonany : : CA1798VI-ADE&quot;,&quot;content&quot;:&quot;VERF\\u00dcGBAR VON OKTOBER BIS APRIL\\r\\n&nbsp;\\r\\nCharmantes Haus zur Miete in Vilafranca de Bonany. Die Unterkunft verf\\u00fcgt \\u00fcber drei Doppelzimmer, alle mit Klimaanlage ausgestattet und eines mit begehbarem Kleiderschrank, ein Einzelzimmer und zwei Badezimmer. Es gibt auch ein ger\\u00e4umiges Wohn-Esszimmer mit Kamin, Deckenventilator und Klimaanlage. Die K\\u00fcche ist renoviert und voll ausgestattet (einschlie\\u00dflich Geschirrsp\\u00fcler). Au\\u00dferdem gibt es einen gro\\u00dfen privaten Garten drau\\u00dfen und einen Waschbereich.\\r\\nDie Immobilie wird voll m\\u00f6bliert \\u00fcbergeben und ist bezugsfertig.\\r\\nMIETBEDINGUNGEN\\r\\n- Vor\\u00fcbergehende Vermietung von Oktober 2025 bis April 2026: M\\u00f6glichkeit zur Monatsmiete\\r\\n- Gehaltsabrechnungen und Arbeitsvertr\\u00e4ge werden angefordert.\\r\\n- Strom- und Wasserkosten sind nicht inbegriffen.\\r\\n- Internet- und M\\u00fcllgeb\\u00fchren inbegriffen.\\r\\n- 1 Monat Kaution.\\r\\n- 1 Monat Agenturgeb\\u00fchren.\\r\\nNova Gestio, Immobilienagentur in Vilafranca de Bonany&quot;,&quot;excerpt&quot;:&quot;VERF\\u00dcGBAR VON OKTOBER BIS APRIL \\u00a0 Charmantes Haus zur Miete in Vilafranca de Bonany. Die Unterkunft verf\\u00fcgt \\u00fcber drei Doppelzimmer, alle mit Klimaanlage ausgestattet und eines mit begehbarem Kleiderschrank, ein Einzelzimmer und zwei Badezimmer. Es gibt auch ein ger\\u00e4umiges Wohn-Esszimmer mit Kamin, Deckenventilator und Klimaanlage. Die K\\u00fcche ist renoviert und voll ausgestattet (einschlie\\u00dflich Geschirrsp\\u00fcler). Au\\u00dferdem [\\u2026]&quot;,&quot;short_excerpt&quot;:&quot;VERF\\u00dcGBAR VON OKTOBER BIS APRIL\\r\\n\\u00a0\\r\\nCharmantes Haus zur Miete in Vilafranca de Bonany. Die Unterkunft verf\\u00fcgt \\u00fcber dr...&quot;,&quot;long_excerpt&quot;:&quot;VERF\\u00dcGBAR VON OKTOBER BIS APRIL\\r\\n\\u00a0\\r\\nCharmantes Haus zur Miete in Vilafranca de Bonany. Die Unterkunft verf\\u00fcgt \\u00fcber drei Doppelzimmer, alle mit Klimaanla...&quot;,&quot;link&quot;:&quot;https:\\\/\\\/novagestioinmobiliaria.com\\\/de\\\/propiedades-properties-immobilien\\\/haus-zur-voruebergehenden-vermietung-in-vilafranca-de-bonany-ca1798vi-ade\\\/&quot;,&quot;offer_type&quot;:&quot;Zu vermieten&quot;,&quot;price&quot;:&quot;1.600 \\u20ac&quot;,&quot;location&quot;:false,&quot;is_featured&quot;:true,&quot;gallery&quot;:[{&quot;id&quot;:82068,&quot;url&quot;:&quot;https:\\\/\\\/novagestioinmobiliaria.com\\\/wp-content\\\/uploads\\\/2025\\\/09\\\/Casa-alquiler-Vilafranca-ref-1798-1.jpg&quot;,&quot;alt&quot;:&quot;&quot;},{&quot;id&quot;:82071,&quot;url&quot;:&quot;https:\\\/\\\/novagestioinmobiliaria.com\\\/wp-content\\\/uploads\\\/2025\\\/09\\\/Casa-alquiler-Vilafranca-ref-1798-2.jpg&quot;,&quot;alt&quot;:&quot;&quot;},{&quot;id&quot;:82074,&quot;url&quot;:&quot;https:\\\/\\\/novagestioinmobiliaria.com\\\/wp-content\\\/uploads\\\/2025\\\/09\\\/Casa-alquiler-Vilafranca-ref-1798-3.jpg&quot;,&quot;alt&quot;:&quot;&quot;},{&quot;id&quot;:82077,&quot;url&quot;:&quot;https:\\\/\\\/novagestioinmobiliaria.com\\\/wp-content\\\/uploads\\\/2025\\\/09\\\/Casa-alquiler-Vilafranca-ref-1798-4.jpg&quot;,&quot;alt&quot;:&quot;&quot;},{&quot;id&quot;:82080,&quot;url&quot;:&quot;https:\\\/\\\/novagestioinmobiliaria.com\\\/wp-content\\\/uploads\\\/2025\\\/09\\\/Casa-alquiler-Vilafranca-ref-1798-5.jpg&quot;,&quot;alt&quot;:&quot;&quot;},{&quot;id&quot;:82083,&quot;url&quot;:&quot;https:\\\/\\\/novagestioinmobiliaria.com\\\/wp-content\\\/uploads\\\/2025\\\/09\\\/Casa-alquiler-Vilafranca-ref-1798-6.jpg&quot;,&quot;alt&quot;:&quot;&quot;},{&quot;id&quot;:82086,&quot;url&quot;:&quot;https:\\\/\\\/novagestioinmobiliaria.com\\\/wp-content\\\/uploads\\\/2025\\\/09\\\/Casa-alquiler-Vilafranca-ref-1798-7.jpg&quot;,&quot;alt&quot;:&quot;&quot;},{&quot;id&quot;:82089,&quot;url&quot;:&quot;https:\\\/\\\/novagestioinmobiliaria.com\\\/wp-content\\\/uploads\\\/2025\\\/09\\\/Casa-alquiler-Vilafranca-ref-1798-8.jpg&quot;,&quot;alt&quot;:&quot;&quot;},{&quot;id&quot;:82092,&quot;url&quot;:&quot;https:\\\/\\\/novagestioinmobiliaria.com\\\/wp-content\\\/uploads\\\/2025\\\/09\\\/Casa-alquiler-Vilafranca-ref-1798-9.jpg&quot;,&quot;alt&quot;:&quot;&quot;},{&quot;id&quot;:82095,&quot;url&quot;:&quot;https:\\\/\\\/novagestioinmobiliaria.com\\\/wp-content\\\/uploads\\\/2025\\\/09\\\/Casa-alquiler-Vilafranca-ref-1798-10.jpg&quot;,&quot;alt&quot;:&quot;&quot;},{&quot;id&quot;:82098,&quot;url&quot;:&quot;https:\\\/\\\/novagestioinmobiliaria.com\\\/wp-content\\\/uploads\\\/2025\\\/09\\\/Casa-alquiler-Vilafranca-ref-1798-11.jpg&quot;,&quot;alt&quot;:&quot;&quot;},{&quot;id&quot;:82101,&quot;url&quot;:&quot;https:\\\/\\\/novagestioinmobiliaria.com\\\/wp-content\\\/uploads\\\/2025\\\/09\\\/Casa-alquiler-Vilafranca-ref-1798-12.jpg&quot;,&quot;alt&quot;:&quot;&quot;},{&quot;id&quot;:82104,&quot;url&quot;:&quot;https:\\\/\\\/novagestioinmobiliaria.com\\\/wp-content\\\/uploads\\\/2025\\\/09\\\/Casa-alquiler-Vilafranca-ref-1798-13.jpg&quot;,&quot;alt&quot;:&quot;&quot;},{&quot;id&quot;:82107,&quot;url&quot;:&quot;https:\\\/\\\/novagestioinmobiliaria.com\\\/wp-content\\\/uploads\\\/2025\\\/09\\\/Casa-alquiler-Vilafranca-ref-1798-14.jpg&quot;,&quot;alt&quot;:&quot;&quot;},{&quot;id&quot;:82110,&quot;url&quot;:&quot;https:\\\/\\\/novagestioinmobiliaria.com\\\/wp-content\\\/uploads\\\/2025\\\/09\\\/Casa-alquiler-Vilafranca-ref-1798-15.jpg&quot;,&quot;alt&quot;:&quot;&quot;},{&quot;id&quot;:82113,&quot;url&quot;:&quot;https:\\\/\\\/novagestioinmobiliaria.com\\\/wp-content\\\/uploads\\\/2025\\\/09\\\/Casa-alquiler-Vilafranca-ref-1798-16.jpg&quot;,&quot;alt&quot;:&quot;&quot;},{&quot;id&quot;:82116,&quot;url&quot;:&quot;https:\\\/\\\/novagestioinmobiliaria.com\\\/wp-content\\\/uploads\\\/2025\\\/09\\\/Casa-alquiler-Vilafranca-ref-1798-17.jpg&quot;,&quot;alt&quot;:&quot;&quot;},{&quot;id&quot;:82119,&quot;url&quot;:&quot;https:\\\/\\\/novagestioinmobiliaria.com\\\/wp-content\\\/uploads\\\/2025\\\/09\\\/Casa-alquiler-Vilafranca-ref-1798-18.jpg&quot;,&quot;alt&quot;:&quot;&quot;},{&quot;id&quot;:82122,&quot;url&quot;:&quot;https:\\\/\\\/novagestioinmobiliaria.com\\\/wp-content\\\/uploads\\\/2025\\\/09\\\/Casa-alquiler-Vilafranca-ref-1798-19.jpg&quot;,&quot;alt&quot;:&quot;&quot;},{&quot;id&quot;:82125,&quot;url&quot;:&quot;https:\\\/\\\/novagestioinmobiliaria.com\\\/wp-content\\\/uploads\\\/2025\\\/09\\\/Casa-alquiler-Vilafranca-ref-1798-20.jpg&quot;,&quot;alt&quot;:&quot;&quot;},{&quot;id&quot;:82128,&quot;url&quot;:&quot;https:\\\/\\\/novagestioinmobiliaria.com\\\/wp-content\\\/uploads\\\/2025\\\/09\\\/Casa-alquiler-Vilafranca-ref-1798-21.jpg&quot;,&quot;alt&quot;:&quot;&quot;}],&quot;attributes&quot;:[{&quot;slug&quot;:&quot;property-type&quot;,&quot;name&quot;:&quot;Tipo propiedad&quot;,&quot;has_archive&quot;:true,&quot;elements&quot;:[{&quot;name&quot;:&quot;Stadth\\u00e4user \\\/ Ebenerdige Wohnungen&quot;,&quot;link&quot;:&quot;https:\\\/\\\/novagestioinmobiliaria.com\\\/de\\\/immobilientyp\\\/stadthaeuser-ebenerdige-wohnungen\\\/&quot;,&quot;slug&quot;:&quot;stadthaeuser-ebenerdige-wohnungen&quot;}],&quot;card&quot;:false,&quot;show&quot;:true,&quot;display_after&quot;:&quot;&quot;,&quot;new_box&quot;:false},{&quot;slug&quot;:&quot;offer-type&quot;,&quot;name&quot;:&quot;Tipo operaci\\u00f3n&quot;,&quot;has_archive&quot;:true,&quot;elements&quot;:[{&quot;name&quot;:&quot;Zu vermieten&quot;,&quot;link&quot;:&quot;https:\\\/\\\/novagestioinmobiliaria.com\\\/de\\\/offer-type\\\/zu-vermieten\\\/&quot;,&quot;slug&quot;:&quot;zu-vermieten&quot;}],&quot;card&quot;:true,&quot;show&quot;:true,&quot;display_after&quot;:&quot;&quot;,&quot;new_box&quot;:false},{&quot;slug&quot;:&quot;city&quot;,&quot;name&quot;:&quot;Zona&quot;,&quot;has_archive&quot;:true,&quot;elements&quot;:[{&quot;name&quot;:&quot;Vilafranca de Bonany&quot;,&quot;link&quot;:&quot;https:\\\/\\\/novagestioinmobiliaria.com\\\/de\\\/city\\\/vilafranca-de-bonany-2\\\/&quot;,&quot;slug&quot;:&quot;vilafranca-de-bonany-2&quot;}],&quot;card&quot;:false,&quot;show&quot;:true,&quot;display_after&quot;:&quot;&quot;,&quot;new_box&quot;:false},{&quot;slug&quot;:&quot;price&quot;,&quot;name&quot;:&quot;Precio&quot;,&quot;has_archive&quot;:false,&quot;elements&quot;:[{&quot;name&quot;:&quot;1600&quot;,&quot;link&quot;:&quot;&quot;,&quot;slug&quot;:&quot;&quot;}],&quot;show&quot;:false,&quot;card&quot;:false,&quot;display_after&quot;:&quot;\\u20ac&quot;,&quot;new_box&quot;:false},{&quot;slug&quot;:&quot;bedrooms&quot;,&quot;name&quot;:&quot;Habitaciones&quot;,&quot;has_archive&quot;:false,&quot;elements&quot;:[{&quot;name&quot;:&quot;4&quot;,&quot;link&quot;:&quot;&quot;,&quot;slug&quot;:&quot;&quot;}],&quot;show&quot;:true,&quot;card&quot;:true,&quot;display_after&quot;:&quot;&quot;,&quot;new_box&quot;:false},{&quot;slug&quot;:&quot;bathrooms&quot;,&quot;name&quot;:&quot;Ba\\u00f1os&quot;,&quot;has_archive&quot;:false,&quot;elements&quot;:[{&quot;name&quot;:&quot;2&quot;,&quot;link&quot;:&quot;&quot;,&quot;slug&quot;:&quot;&quot;}],&quot;show&quot;:true,&quot;card&quot;:true,&quot;display_after&quot;:&quot;&quot;,&quot;new_box&quot;:false},{&quot;slug&quot;:&quot;property-size&quot;,&quot;name&quot;:&quot;M2&quot;,&quot;has_archive&quot;:false,&quot;elements&quot;:[{&quot;name&quot;:&quot;200&quot;,&quot;link&quot;:&quot;&quot;,&quot;slug&quot;:&quot;&quot;}],&quot;show&quot;:true,&quot;card&quot;:true,&quot;display_after&quot;:&quot;m\\u00b2&quot;,&quot;new_box&quot;:false},{&quot;slug&quot;:&quot;features&quot;,&quot;name&quot;:&quot;Caracter\\u00edsticas&quot;,&quot;has_archive&quot;:true,&quot;elements&quot;:[{&quot;name&quot;:&quot;4 Schlafzimmer&quot;,&quot;link&quot;:&quot;https:\\\/\\\/novagestioinmobiliaria.com\\\/de\\\/eigenschaften\\\/4-schlafzimmer\\\/&quot;,&quot;slug&quot;:&quot;4-schlafzimmer&quot;},{&quot;name&quot;:&quot;Klimaanlage&quot;,&quot;link&quot;:&quot;https:\\\/\\\/novagestioinmobiliaria.com\\\/de\\\/eigenschaften\\\/klimaanlage\\\/&quot;,&quot;slug&quot;:&quot;klimaanlage&quot;},{&quot;name&quot;:&quot;M\\u00f6bliert&quot;,&quot;link&quot;:&quot;https:\\\/\\\/novagestioinmobiliaria.com\\\/de\\\/eigenschaften\\\/moebliert\\\/&quot;,&quot;slug&quot;:&quot;moebliert&quot;},{&quot;name&quot;:&quot;Terrasse&quot;,&quot;link&quot;:&quot;https:\\\/\\\/novagestioinmobiliaria.com\\\/de\\\/eigenschaften\\\/terrasse\\\/&quot;,&quot;slug&quot;:&quot;terrasse&quot;}],&quot;card&quot;:false,&quot;show&quot;:true,&quot;display_after&quot;:&quot;&quot;,&quot;new_box&quot;:true}],&quot;views&quot;:30,&quot;days_ago&quot;:&quot;7 monat.&quot;,&quot;image_id&quot;:82074,&quot;image_url&quot;:&quot;https:\\\/\\\/novagestioinmobiliaria.com\\\/wp-content\\\/uploads\\\/2025\\\/09\\\/Casa-alquiler-Vilafranca-ref-1798-3.jpg&quot;,&quot;tags&quot;:[{&quot;name&quot;:&quot;Caracter\\u00edsticas&quot;,&quot;elements&quot;:[{&quot;name&quot;:&quot;4 Schlafzimmer&quot;,&quot;link&quot;:&quot;https:\\\/\\\/novagestioinmobiliaria.com\\\/de\\\/eigenschaften\\\/4-schlafzimmer\\\/&quot;},{&quot;name&quot;:&quot;Klimaanlage&quot;,&quot;link&quot;:&quot;https:\\\/\\\/novagestioinmobiliaria.com\\\/de\\\/eigenschaften\\\/klimaanlage\\\/&quot;},{&quot;name&quot;:&quot;M\\u00f6bliert&quot;,&quot;link&quot;:&quot;https:\\\/\\\/novagestioinmobiliaria.com\\\/de\\\/eigenschaften\\\/moebliert\\\/&quot;},{&quot;name&quot;:&quot;Terrasse&quot;,&quot;link&quot;:&quot;https:\\\/\\\/novagestioinmobiliaria.com\\\/de\\\/eigenschaften\\\/terrasse\\\/&quot;}],&quot;has_archive&quot;:true}],&quot;status&quot;:&quot;publish&quot;,&quot;plans&quot;:[],&quot;video_plan&quot;:{&quot;src&quot;:&quot;&quot;,&quot;video&quot;:&quot;&quot;},&quot;virtual_tour&quot;:null,&quot;state&quot;:&quot;&quot;,&quot;labels&quot;:[],&quot;image&quot;:&quot;https:\\\/\\\/novagestioinmobiliaria.com\\\/wp-content\\\/uploads\\\/2025\\\/09\\\/Casa-alquiler-Vilafranca-ref-1798-3-400x250.jpg&quot;,&quot;image_srcset&quot;:&quot;https:\\\/\\\/novagestioinmobiliaria.com\\\/wp-content\\\/uploads\\\/2025\\\/09\\\/Casa-alquiler-Vilafranca-ref-1798-3-200x125.jpg 200w, https:\\\/\\\/novagestioinmobiliaria.com\\\/wp-content\\\/uploads\\\/2025\\\/09\\\/Casa-alquiler-Vilafranca-ref-1798-3-800x500.jpg 800w, https:\\\/\\\/novagestioinmobiliaria.com\\\/wp-content\\\/uploads\\\/2025\\\/09\\\/Casa-alquiler-Vilafranca-ref-1798-3-600x375.jpg 600w, https:\\\/\\\/novagestioinmobiliaria.com\\\/wp-content\\\/uploads\\\/2025\\\/09\\\/Casa-alquiler-Vilafranca-ref-1798-3-400x250.jpg 400w&quot;}'>\r\n\t\t\t\t\t\t\t\t\t\t\t\t\t<\/compare-button>\r\n\t\t\t\t\t\t\t\t\t\t\t\t<\/div>\r\n\t\t\t\t\t\t\t\t\t\t\t\t<div class=\"mh-estate-vertical__buttons__single\">\r\n\t\t\t\t\t\t\t\t\t\t\t\t\t<a href=\"https:\/\/novagestioinmobiliaria.com\/de\/propiedades-properties-immobilien\/haus-zur-voruebergehenden-vermietung-in-vilafranca-de-bonany-ca1798vi-ade\/\"\r\n\t\t\t\t\t\t\t\t\t\t\t\t\t   title=\"Haus zur vor\u00fcbergehenden Vermietung in Vilafranca de Bonany : : CA1798VI-ADE\"\r\n\t\t\t\t\t\t\t\t\t\t\t\t\t   class=\"mdl-button mdl-js-button mdl-button--raised mdl-js-ripple-effect mdl-button--primary-ghost\">\r\n\t\t\t\t\t\t\t\t\t\t\t\t\t\tDetails\t\t\t\t\t\t\t\t\t\t\t\t\t\t<span class=\"mdl-button__icon-right\"><i class=\"fa fa-angle-right\"><\/i><\/span>\r\n\t\t\t\t\t\t\t\t\t\t\t\t\t<\/a>\r\n\t\t\t\t\t\t\t\t\t\t\t\t<\/div>\r\n\t\t\t\t\t\t\t\t\t\t\t<\/div>\r\n\t\t\t\t\t\t\t\t\t\t<\/div>\r\n\t\t\t\t\t\t\t\t\t<\/div>\r\n\t\t\t\t\t\t\t\t<\/div>\r\n\t\t\t\t\t\t\t<\/div>\r\n\t\t\t\t\t\t<\/article>\r\n\t\t\t\t\t<\/div>\r\n\t\t\t\t\r\n\t\t\t\t\t<div class=\"item\">\r\n\t\t\t\t\t\t<article class=\"mh-estate-vertical mh-estate-vertical--white  mh-attribute-property-type__fincas-landhaeuser mh-attribute-offer-type__zu-vermieten mh-attribute-city__montuiri-de mh-attribute-features__grill mh-attribute-features__heizung mh-attribute-features__klimaanlage mh-attribute-features__panoramablick mh-attribute-features__privatpool mh-attribute-features__terrasse\">\r\n\t\t\t\t\t\t\t<a href=\"https:\/\/novagestioinmobiliaria.com\/de\/propiedades-properties-immobilien\/rustikales-anwesen-zur-miete-in-montuiri-fr1788mo-ade\/\"\r\n\t\t\t\t\t\t\t   title=\"Rustikales Anwesen zur Miete in Montu\u00efri : : FR1788MO-ADE\"\r\n\t\t\t\t\t\t\t   class=\"mh-thumbnail\">\r\n                        <span class=\"mh-thumbnail__inner\">\r\n                                    <img\r\n                    data-srcset=\"https:\/\/novagestioinmobiliaria.com\/wp-content\/uploads\/2025\/08\/Finca-rustica_Alquiler_Montuiri_ref_1788-23-200x125.jpg 200w, https:\/\/novagestioinmobiliaria.com\/wp-content\/uploads\/2025\/08\/Finca-rustica_Alquiler_Montuiri_ref_1788-23-1200x750.jpg 1200w, https:\/\/novagestioinmobiliaria.com\/wp-content\/uploads\/2025\/08\/Finca-rustica_Alquiler_Montuiri_ref_1788-23-800x500.jpg 800w, https:\/\/novagestioinmobiliaria.com\/wp-content\/uploads\/2025\/08\/Finca-rustica_Alquiler_Montuiri_ref_1788-23-600x375.jpg 600w, https:\/\/novagestioinmobiliaria.com\/wp-content\/uploads\/2025\/08\/Finca-rustica_Alquiler_Montuiri_ref_1788-23-400x250.jpg 400w\"\r\n                    class=\"lazyload \" alt=\"Rustikales Anwesen zur Miete in Montu\u00efri : : FR1788MO-ADE\"\r\n                    data-sizes=\"auto\"\r\n            >\r\n\t\t\t                        <\/span>\r\n\r\n\t\t\t\t\t\t\t\t\t\t\t\t\t\t\t\t\t<div class=\"mh-caption\">\r\n\t\t\t\t\t\t\t\t\t\t<div class=\"mh-caption__inner\">\r\n\t\t\t\t\t\t\t\t\t\t\tZu vermieten\t\t\t\t\t\t\t\t\t\t<\/div>\r\n\t\t\t\t\t\t\t\t\t<\/div>\r\n\t\t\t\t\t\t\t\t\t\r\n\t\t\t\t\t\t\t\t<div class=\"mh-estate-vertical__text\">\r\n\t\t\t\t\t\t\t\t\t<div class=\"mh-estate-vertical__text__inner\">\r\n\t\t\t\t\t\t\t\t\t\tVERF\u00dcGBAR AB NOVEMBER 2026 Wunderbares rustikales Anwesen zur Miete in Montu\u00efri. Das Haus mit ca. 350 m\u00b2 Wohnfl\u00e4che verf\u00fcgt \u00fcber...\t\t\t\t\t\t\t\t\t<\/div>\r\n\t\t\t\t\t\t\t\t<\/div>\r\n\t\t\t\t\t\t\t<\/a>\r\n\r\n\t\t\t\t\t\t\t<div class=\"mh-estate-vertical__content\">\r\n\t\t\t\t\t\t\t\t<h3 class=\"mh-estate-vertical__heading\">\r\n\t\t\t\t\t\t\t\t\t<a href=\"https:\/\/novagestioinmobiliaria.com\/de\/propiedades-properties-immobilien\/rustikales-anwesen-zur-miete-in-montuiri-fr1788mo-ade\/\"\r\n\t\t\t\t\t\t\t\t\t   title=\"Rustikales Anwesen zur Miete in Montu\u00efri : : FR1788MO-ADE\">\r\n\t\t\t\t\t\t\t\t\t\tRustikales Anwesen zur Miete in Montu\u00efri : : FR1788MO-ADE\t\t\t\t\t\t\t\t\t<\/a>\r\n\t\t\t\t\t\t\t\t<\/h3>\r\n\t\t\t\t\t\t\t\t<address class=\"mh-estate-vertical__subheading\">\r\n\t\t\t\t\t\t\t\t\t\t\t\t\t\t\t\t\t<\/address>\r\n\t\t\t\t\t\t\t\t<div class=\"mh-estate-vertical__primary\">\r\n\t\t\t\t\t\t\t\t\t4.300 \u20ac\t\t\t\t\t\t\t\t<\/div>\r\n\r\n\t\t\t\t\t\t\t\t<div>\r\n\t\t\t\t\t\t\t\t\t<div class=\"mh-estate__list\">\r\n\t\t\t\t\t\t\t\t\t\t\r\n\t\t\t\t\t\t\t\t\t\t\t<span class=\"mh-estate-vertical__more-info mh-estate_attribute-offer-type\">\r\n                                        <strong>Tipo operaci\u00f3n:<\/strong>\r\n\t\t\t\t\t\t\t\t\t\t\t\t\t\t\t\t\t\t\t\t\t\t\t\t\t\tZu vermieten\t\t\t\t\t\t\t\t\t\t\t\t\t\t                                    <\/span>\r\n\r\n\t\t\t\t\t\t\t\t\t\t\r\n\t\t\t\t\t\t\t\t\t\t\t<span class=\"mh-estate-vertical__more-info mh-estate_attribute-bedrooms\">\r\n                                        <strong>Habitaciones:<\/strong>\r\n\t\t\t\t\t\t\t\t\t\t\t\t4                                    <\/span>\r\n\r\n\t\t\t\t\t\t\t\t\t\t\r\n\t\t\t\t\t\t\t\t\t\t\t<span class=\"mh-estate-vertical__more-info mh-estate_attribute-bathrooms\">\r\n                                        <strong>Ba\u00f1os:<\/strong>\r\n\t\t\t\t\t\t\t\t\t\t\t\t3                                    <\/span>\r\n\r\n\t\t\t\t\t\t\t\t\t\t\r\n\t\t\t\t\t\t\t\t\t\t\t<span class=\"mh-estate-vertical__more-info mh-estate_attribute-property-size\">\r\n                                        <strong>M2:<\/strong>\r\n\t\t\t\t\t\t\t\t\t\t\t\t350 m\u00b2                                    <\/span>\r\n\r\n\t\t\t\t\t\t\t\t\t\t\t\t\t\t\t\t\t\t\t<\/div>\r\n\t\t\t\t\t\t\t\t<\/div>\r\n\r\n\t\t\t\t\t\t\t\t<div class=\"mh-estate-vertical__bottom\">\r\n\t\t\t\t\t\t\t\t\t<div class=\"mh-estate-vertical__bottom__inner\">\r\n\t\t\t\t\t\t\t\t\t\t<div class=\"mh-estate-vertical__date\">\r\n\t\t\t\t\t\t\t\t\t\t\t9 monat.\t\t\t\t\t\t\t\t\t\t<\/div>\r\n\t\t\t\t\t\t\t\t\t\t<div class=\"mh-estate-vertical__buttons-wrapper\">\r\n\t\t\t\t\t\t\t\t\t\t\t<div class=\"mh-estate-vertical__buttons\">\r\n\t\t\t\t\t\t\t\t\t\t\t\t<div class=\"mh-estate-vertical__buttons__single\">\r\n\t\t\t\t\t\t\t\t\t\t\t\t\t<compare-button class=\"myhome-compare\"\r\n\t\t\t\t\t\t\t\t\t\t\t\t\t\t\t\t\t:translations='{&quot;added&quot;:&quot;Zus\\u00e4tzlich&quot;,&quot;compare&quot;:&quot;Vergleichen&quot;}'\r\n\t\t\t\t\t\t\t\t\t\t\t\t\t\t\t\t\t:estate='{&quot;short_excerpt_limit&quot;:125,&quot;long_excerpt_limit&quot;:160,&quot;id&quot;:80750,&quot;agent_id&quot;:&quot;24&quot;,&quot;title&quot;:&quot;Rustikales Anwesen zur Miete in Montu\\u00efri : : FR1788MO-ADE&quot;,&quot;content&quot;:&quot;VERF\\u00dcGBAR AB NOVEMBER 2026\\r\\nWunderbares rustikales Anwesen zur Miete in Montu\\u00efri. Das Haus mit ca. 350 m\\u00b2 Wohnfl\\u00e4che verf\\u00fcgt \\u00fcber vier Doppelzimmer (drei im Obergeschoss und eines im Erdgeschoss), zwei vollst\\u00e4ndige Badezimmer im Inneren und ein drittes Badezimmer im Au\\u00dfenbereich. Die K\\u00fcche ist neu und voll ausgestattet und verf\\u00fcgt \\u00fcber gro\\u00dfz\\u00fcgige Wohn- und Essbereiche. Drau\\u00dfen l\\u00e4dt eine angenehme Veranda mit M\\u00f6beln dazu ein, die Umgebung zu genie\\u00dfen. Dar\\u00fcber hinaus ist es mit Klimaanlage, Zentralheizung mit Diesel, Kamin, WiFi-Verbindung und Sat-TV ausgestattet.\\r\\nAu\\u00dferdem befindet sich drau\\u00dfen der Chill-out-Bereich mit einem privaten Pool von 10 x 5 Metern, neben Sonnenliegen, Sofas und sorgf\\u00e4ltig gestalteter Beleuchtung f\\u00fcr den Abend. Das Anwesen verf\\u00fcgt auch \\u00fcber einen sch\\u00f6nen Garten von 500 m2, zwei Grills (einen fest installierten und einen tragbaren) und ein rustikales Grundst\\u00fcck von 18.000 m2, was es zu einem perfekten Ort f\\u00fcr diejenigen macht, die eine nat\\u00fcrliche, friedliche Umgebung mit allem Komfort suchen, um mit Familie oder Freunden zu genie\\u00dfen. Nur 15 km entfernt befindet sich einer der exklusivsten Golfpl\\u00e4tze der Insel.\\r\\nAbschlie\\u00dfend wurde in einem alten Windm\\u00fchlen-Turm ein zus\\u00e4tzliches Bett eingerichtet, ideal f\\u00fcr Aufenthalte w\\u00e4hrend der Monate mit mildem Wetter.\\r\\nMIETBEDINGUNGEN\\r\\n- Verf\\u00fcgbar ab dem 15. September\\r\\n- Nachweis der finanziellen Leistungsf\\u00e4higkeit erforderlich (Gehaltsabrechnungen, Arbeitsvertr\\u00e4ge, usw.)\\r\\n- Strom, Wasser, Gas, Internet und M\\u00fcllgeb\\u00fchr nicht im Preis inbegriffen\\r\\n- 1 Monat Kaution\\r\\n- 1 Monat Garantie\\r\\n- Haustiere sind nicht erlaubt\\r\\n- Weitere Kosten sind mit der Agentur zu kl\\u00e4ren\\r\\nNova Gestio, Immobilienagentur in Montu\\u00efri&quot;,&quot;excerpt&quot;:&quot;VERF\\u00dcGBAR AB NOVEMBER 2026 Wunderbares rustikales Anwesen zur Miete in Montu\\u00efri. Das Haus mit ca. 350 m\\u00b2 Wohnfl\\u00e4che verf\\u00fcgt \\u00fcber vier Doppelzimmer (drei im Obergeschoss und eines im Erdgeschoss), zwei vollst\\u00e4ndige Badezimmer im Inneren und ein drittes Badezimmer im Au\\u00dfenbereich. Die K\\u00fcche ist neu und voll ausgestattet und verf\\u00fcgt \\u00fcber gro\\u00dfz\\u00fcgige Wohn- und Essbereiche. Drau\\u00dfen [\\u2026]&quot;,&quot;short_excerpt&quot;:&quot;VERF\\u00dcGBAR AB NOVEMBER 2026\\r\\nWunderbares rustikales Anwesen zur Miete in Montu\\u00efri. Das Haus mit ca. 350 m\\u00b2 Wohnfl\\u00e4che verf\\u00fc...&quot;,&quot;long_excerpt&quot;:&quot;VERF\\u00dcGBAR AB NOVEMBER 2026\\r\\nWunderbares rustikales Anwesen zur Miete in Montu\\u00efri. Das Haus mit ca. 350 m\\u00b2 Wohnfl\\u00e4che verf\\u00fcgt \\u00fcber vier Doppelzimmer (drei im ...&quot;,&quot;link&quot;:&quot;https:\\\/\\\/novagestioinmobiliaria.com\\\/de\\\/propiedades-properties-immobilien\\\/rustikales-anwesen-zur-miete-in-montuiri-fr1788mo-ade\\\/&quot;,&quot;offer_type&quot;:&quot;Zu vermieten&quot;,&quot;price&quot;:&quot;4.300 \\u20ac&quot;,&quot;location&quot;:false,&quot;is_featured&quot;:true,&quot;gallery&quot;:[],&quot;attributes&quot;:[{&quot;slug&quot;:&quot;property-type&quot;,&quot;name&quot;:&quot;Tipo propiedad&quot;,&quot;has_archive&quot;:true,&quot;elements&quot;:[{&quot;name&quot;:&quot;Fincas \\\/ Landh\\u00e4user&quot;,&quot;link&quot;:&quot;https:\\\/\\\/novagestioinmobiliaria.com\\\/de\\\/immobilientyp\\\/fincas-landhaeuser\\\/&quot;,&quot;slug&quot;:&quot;fincas-landhaeuser&quot;}],&quot;card&quot;:false,&quot;show&quot;:true,&quot;display_after&quot;:&quot;&quot;,&quot;new_box&quot;:false},{&quot;slug&quot;:&quot;offer-type&quot;,&quot;name&quot;:&quot;Tipo operaci\\u00f3n&quot;,&quot;has_archive&quot;:true,&quot;elements&quot;:[{&quot;name&quot;:&quot;Zu vermieten&quot;,&quot;link&quot;:&quot;https:\\\/\\\/novagestioinmobiliaria.com\\\/de\\\/offer-type\\\/zu-vermieten\\\/&quot;,&quot;slug&quot;:&quot;zu-vermieten&quot;}],&quot;card&quot;:true,&quot;show&quot;:true,&quot;display_after&quot;:&quot;&quot;,&quot;new_box&quot;:false},{&quot;slug&quot;:&quot;city&quot;,&quot;name&quot;:&quot;Zona&quot;,&quot;has_archive&quot;:true,&quot;elements&quot;:[{&quot;name&quot;:&quot;Montuiri&quot;,&quot;link&quot;:&quot;https:\\\/\\\/novagestioinmobiliaria.com\\\/de\\\/city\\\/montuiri-de\\\/&quot;,&quot;slug&quot;:&quot;montuiri-de&quot;}],&quot;card&quot;:false,&quot;show&quot;:true,&quot;display_after&quot;:&quot;&quot;,&quot;new_box&quot;:false},{&quot;slug&quot;:&quot;price&quot;,&quot;name&quot;:&quot;Precio&quot;,&quot;has_archive&quot;:false,&quot;elements&quot;:[{&quot;name&quot;:&quot;4300&quot;,&quot;link&quot;:&quot;&quot;,&quot;slug&quot;:&quot;&quot;}],&quot;show&quot;:false,&quot;card&quot;:false,&quot;display_after&quot;:&quot;\\u20ac&quot;,&quot;new_box&quot;:false},{&quot;slug&quot;:&quot;bedrooms&quot;,&quot;name&quot;:&quot;Habitaciones&quot;,&quot;has_archive&quot;:false,&quot;elements&quot;:[{&quot;name&quot;:&quot;4&quot;,&quot;link&quot;:&quot;&quot;,&quot;slug&quot;:&quot;&quot;}],&quot;show&quot;:true,&quot;card&quot;:true,&quot;display_after&quot;:&quot;&quot;,&quot;new_box&quot;:false},{&quot;slug&quot;:&quot;bathrooms&quot;,&quot;name&quot;:&quot;Ba\\u00f1os&quot;,&quot;has_archive&quot;:false,&quot;elements&quot;:[{&quot;name&quot;:&quot;3&quot;,&quot;link&quot;:&quot;&quot;,&quot;slug&quot;:&quot;&quot;}],&quot;show&quot;:true,&quot;card&quot;:true,&quot;display_after&quot;:&quot;&quot;,&quot;new_box&quot;:false},{&quot;slug&quot;:&quot;property-size&quot;,&quot;name&quot;:&quot;M2&quot;,&quot;has_archive&quot;:false,&quot;elements&quot;:[{&quot;name&quot;:&quot;350&quot;,&quot;link&quot;:&quot;&quot;,&quot;slug&quot;:&quot;&quot;}],&quot;show&quot;:true,&quot;card&quot;:true,&quot;display_after&quot;:&quot;m\\u00b2&quot;,&quot;new_box&quot;:false},{&quot;slug&quot;:&quot;lot-size&quot;,&quot;name&quot;:&quot;Terreno \\\/ Solar&quot;,&quot;has_archive&quot;:false,&quot;elements&quot;:[{&quot;name&quot;:&quot;18000&quot;,&quot;link&quot;:&quot;&quot;,&quot;slug&quot;:&quot;&quot;}],&quot;show&quot;:true,&quot;card&quot;:false,&quot;display_after&quot;:&quot;m\\u00b2&quot;,&quot;new_box&quot;:false},{&quot;slug&quot;:&quot;features&quot;,&quot;name&quot;:&quot;Caracter\\u00edsticas&quot;,&quot;has_archive&quot;:true,&quot;elements&quot;:[{&quot;name&quot;:&quot;Grill&quot;,&quot;link&quot;:&quot;https:\\\/\\\/novagestioinmobiliaria.com\\\/de\\\/eigenschaften\\\/grill\\\/&quot;,&quot;slug&quot;:&quot;grill&quot;},{&quot;name&quot;:&quot;Heizung&quot;,&quot;link&quot;:&quot;https:\\\/\\\/novagestioinmobiliaria.com\\\/de\\\/eigenschaften\\\/heizung\\\/&quot;,&quot;slug&quot;:&quot;heizung&quot;},{&quot;name&quot;:&quot;Klimaanlage&quot;,&quot;link&quot;:&quot;https:\\\/\\\/novagestioinmobiliaria.com\\\/de\\\/eigenschaften\\\/klimaanlage\\\/&quot;,&quot;slug&quot;:&quot;klimaanlage&quot;},{&quot;name&quot;:&quot;Panoramablick&quot;,&quot;link&quot;:&quot;https:\\\/\\\/novagestioinmobiliaria.com\\\/de\\\/eigenschaften\\\/panoramablick\\\/&quot;,&quot;slug&quot;:&quot;panoramablick&quot;},{&quot;name&quot;:&quot;Privatpool&quot;,&quot;link&quot;:&quot;https:\\\/\\\/novagestioinmobiliaria.com\\\/de\\\/eigenschaften\\\/privatpool\\\/&quot;,&quot;slug&quot;:&quot;privatpool&quot;},{&quot;name&quot;:&quot;Terrasse&quot;,&quot;link&quot;:&quot;https:\\\/\\\/novagestioinmobiliaria.com\\\/de\\\/eigenschaften\\\/terrasse\\\/&quot;,&quot;slug&quot;:&quot;terrasse&quot;}],&quot;card&quot;:false,&quot;show&quot;:true,&quot;display_after&quot;:&quot;&quot;,&quot;new_box&quot;:true}],&quot;views&quot;:32,&quot;days_ago&quot;:&quot;9 monat.&quot;,&quot;image_id&quot;:80697,&quot;image_url&quot;:&quot;https:\\\/\\\/novagestioinmobiliaria.com\\\/wp-content\\\/uploads\\\/2025\\\/08\\\/Finca-rustica_Alquiler_Montuiri_ref_1788-23.jpg&quot;,&quot;tags&quot;:[{&quot;name&quot;:&quot;Caracter\\u00edsticas&quot;,&quot;elements&quot;:[{&quot;name&quot;:&quot;Grill&quot;,&quot;link&quot;:&quot;https:\\\/\\\/novagestioinmobiliaria.com\\\/de\\\/eigenschaften\\\/grill\\\/&quot;},{&quot;name&quot;:&quot;Heizung&quot;,&quot;link&quot;:&quot;https:\\\/\\\/novagestioinmobiliaria.com\\\/de\\\/eigenschaften\\\/heizung\\\/&quot;},{&quot;name&quot;:&quot;Klimaanlage&quot;,&quot;link&quot;:&quot;https:\\\/\\\/novagestioinmobiliaria.com\\\/de\\\/eigenschaften\\\/klimaanlage\\\/&quot;},{&quot;name&quot;:&quot;Panoramablick&quot;,&quot;link&quot;:&quot;https:\\\/\\\/novagestioinmobiliaria.com\\\/de\\\/eigenschaften\\\/panoramablick\\\/&quot;},{&quot;name&quot;:&quot;Privatpool&quot;,&quot;link&quot;:&quot;https:\\\/\\\/novagestioinmobiliaria.com\\\/de\\\/eigenschaften\\\/privatpool\\\/&quot;},{&quot;name&quot;:&quot;Terrasse&quot;,&quot;link&quot;:&quot;https:\\\/\\\/novagestioinmobiliaria.com\\\/de\\\/eigenschaften\\\/terrasse\\\/&quot;}],&quot;has_archive&quot;:true}],&quot;status&quot;:&quot;publish&quot;,&quot;plans&quot;:[],&quot;video_plan&quot;:{&quot;src&quot;:&quot;&quot;,&quot;video&quot;:&quot;&quot;},&quot;virtual_tour&quot;:null,&quot;state&quot;:&quot;&quot;,&quot;labels&quot;:[],&quot;image&quot;:&quot;https:\\\/\\\/novagestioinmobiliaria.com\\\/wp-content\\\/uploads\\\/2025\\\/08\\\/Finca-rustica_Alquiler_Montuiri_ref_1788-23-400x250.jpg&quot;,&quot;image_srcset&quot;:&quot;https:\\\/\\\/novagestioinmobiliaria.com\\\/wp-content\\\/uploads\\\/2025\\\/08\\\/Finca-rustica_Alquiler_Montuiri_ref_1788-23-200x125.jpg 200w, https:\\\/\\\/novagestioinmobiliaria.com\\\/wp-content\\\/uploads\\\/2025\\\/08\\\/Finca-rustica_Alquiler_Montuiri_ref_1788-23-1200x750.jpg 1200w, https:\\\/\\\/novagestioinmobiliaria.com\\\/wp-content\\\/uploads\\\/2025\\\/08\\\/Finca-rustica_Alquiler_Montuiri_ref_1788-23-800x500.jpg 800w, https:\\\/\\\/novagestioinmobiliaria.com\\\/wp-content\\\/uploads\\\/2025\\\/08\\\/Finca-rustica_Alquiler_Montuiri_ref_1788-23-600x375.jpg 600w, https:\\\/\\\/novagestioinmobiliaria.com\\\/wp-content\\\/uploads\\\/2025\\\/08\\\/Finca-rustica_Alquiler_Montuiri_ref_1788-23-400x250.jpg 400w&quot;}'>\r\n\t\t\t\t\t\t\t\t\t\t\t\t\t<\/compare-button>\r\n\t\t\t\t\t\t\t\t\t\t\t\t<\/div>\r\n\t\t\t\t\t\t\t\t\t\t\t\t<div class=\"mh-estate-vertical__buttons__single\">\r\n\t\t\t\t\t\t\t\t\t\t\t\t\t<a href=\"https:\/\/novagestioinmobiliaria.com\/de\/propiedades-properties-immobilien\/rustikales-anwesen-zur-miete-in-montuiri-fr1788mo-ade\/\"\r\n\t\t\t\t\t\t\t\t\t\t\t\t\t   title=\"Rustikales Anwesen zur Miete in Montu\u00efri : : FR1788MO-ADE\"\r\n\t\t\t\t\t\t\t\t\t\t\t\t\t   class=\"mdl-button mdl-js-button mdl-button--raised mdl-js-ripple-effect mdl-button--primary-ghost\">\r\n\t\t\t\t\t\t\t\t\t\t\t\t\t\tDetails\t\t\t\t\t\t\t\t\t\t\t\t\t\t<span class=\"mdl-button__icon-right\"><i class=\"fa fa-angle-right\"><\/i><\/span>\r\n\t\t\t\t\t\t\t\t\t\t\t\t\t<\/a>\r\n\t\t\t\t\t\t\t\t\t\t\t\t<\/div>\r\n\t\t\t\t\t\t\t\t\t\t\t<\/div>\r\n\t\t\t\t\t\t\t\t\t\t<\/div>\r\n\t\t\t\t\t\t\t\t\t<\/div>\r\n\t\t\t\t\t\t\t\t<\/div>\r\n\t\t\t\t\t\t\t<\/div>\r\n\t\t\t\t\t\t<\/article>\r\n\t\t\t\t\t<\/div>\r\n\t\t\t\t\r\n\t\t\t\t\t<div class=\"item\">\r\n\t\t\t\t\t\t<article class=\"mh-estate-vertical mh-estate-vertical--white  mh-attribute-property-type__wohnungen-apartments mh-attribute-offer-type__zu-vermieten mh-attribute-city__cala-figuera-de mh-attribute-features__3-schlafzimmer mh-attribute-features__balkon mh-attribute-features__einbaukueche mh-attribute-features__gemeinschaftspool mh-attribute-features__haustiere-erlaubt mh-attribute-features__klimaanlage mh-attribute-features__meerblick mh-attribute-features__moebliert mh-attribute-features__panoramablick mh-attribute-features__ruhige-lage mh-attribute-features__terrasse\">\r\n\t\t\t\t\t\t\t<a href=\"https:\/\/novagestioinmobiliaria.com\/de\/propiedades-properties-immobilien\/meerblick-wohnung-zur-miete-in-cala-figuera-pi1665cfi-ade\/\"\r\n\t\t\t\t\t\t\t   title=\"Meerblick Wohnung zur Miete in Cala Figuera : : PI1665CFI-ADE\"\r\n\t\t\t\t\t\t\t   class=\"mh-thumbnail\">\r\n                        <span class=\"mh-thumbnail__inner\">\r\n                                    <img\r\n                    data-srcset=\"https:\/\/novagestioinmobiliaria.com\/wp-content\/uploads\/2025\/08\/Piso-alquiler-Cala-Figuera-ref-1665-24-200x125.jpg 200w, https:\/\/novagestioinmobiliaria.com\/wp-content\/uploads\/2025\/08\/Piso-alquiler-Cala-Figuera-ref-1665-24-1200x750.jpg 1200w, https:\/\/novagestioinmobiliaria.com\/wp-content\/uploads\/2025\/08\/Piso-alquiler-Cala-Figuera-ref-1665-24-800x500.jpg 800w, https:\/\/novagestioinmobiliaria.com\/wp-content\/uploads\/2025\/08\/Piso-alquiler-Cala-Figuera-ref-1665-24-600x375.jpg 600w, https:\/\/novagestioinmobiliaria.com\/wp-content\/uploads\/2025\/08\/Piso-alquiler-Cala-Figuera-ref-1665-24-400x250.jpg 400w\"\r\n                    class=\"lazyload \" alt=\"Meerblick Wohnung zur Miete in Cala Figuera : : PI1665CFI-ADE\"\r\n                    data-sizes=\"auto\"\r\n            >\r\n\t\t\t                        <\/span>\r\n\r\n\t\t\t\t\t\t\t\t\t\t\t\t\t\t\t\t\t<div class=\"mh-caption\">\r\n\t\t\t\t\t\t\t\t\t\t<div class=\"mh-caption__inner\">\r\n\t\t\t\t\t\t\t\t\t\t\tZu vermieten\t\t\t\t\t\t\t\t\t\t<\/div>\r\n\t\t\t\t\t\t\t\t\t<\/div>\r\n\t\t\t\t\t\t\t\t\t\r\n\t\t\t\t\t\t\t\t<div class=\"mh-estate-vertical__text\">\r\n\t\t\t\t\t\t\t\t\t<div class=\"mh-estate-vertical__text__inner\">\r\n\t\t\t\t\t\t\t\t\t\tWohnung mit Meerblick in Cala Figuera zu vermieten. Die Wohnung verf\u00fcgt \u00fcber eine Gesamtfl\u00e4che von 138 m\u00b2, aufgeteilt in ein...\t\t\t\t\t\t\t\t\t<\/div>\r\n\t\t\t\t\t\t\t\t<\/div>\r\n\t\t\t\t\t\t\t<\/a>\r\n\r\n\t\t\t\t\t\t\t<div class=\"mh-estate-vertical__content\">\r\n\t\t\t\t\t\t\t\t<h3 class=\"mh-estate-vertical__heading\">\r\n\t\t\t\t\t\t\t\t\t<a href=\"https:\/\/novagestioinmobiliaria.com\/de\/propiedades-properties-immobilien\/meerblick-wohnung-zur-miete-in-cala-figuera-pi1665cfi-ade\/\"\r\n\t\t\t\t\t\t\t\t\t   title=\"Meerblick Wohnung zur Miete in Cala Figuera : : PI1665CFI-ADE\">\r\n\t\t\t\t\t\t\t\t\t\tMeerblick Wohnung zur Miete in Cala Figuera : : PI1665CFI-ADE\t\t\t\t\t\t\t\t\t<\/a>\r\n\t\t\t\t\t\t\t\t<\/h3>\r\n\t\t\t\t\t\t\t\t<address class=\"mh-estate-vertical__subheading\">\r\n\t\t\t\t\t\t\t\t\tC\t\t\t\t\t\t\t\t<\/address>\r\n\t\t\t\t\t\t\t\t<div class=\"mh-estate-vertical__primary\">\r\n\t\t\t\t\t\t\t\t\t1.850 \u20ac\t\t\t\t\t\t\t\t<\/div>\r\n\r\n\t\t\t\t\t\t\t\t<div>\r\n\t\t\t\t\t\t\t\t\t<div class=\"mh-estate__list\">\r\n\t\t\t\t\t\t\t\t\t\t\r\n\t\t\t\t\t\t\t\t\t\t\t<span class=\"mh-estate-vertical__more-info mh-estate_attribute-offer-type\">\r\n                                        <strong>Tipo operaci\u00f3n:<\/strong>\r\n\t\t\t\t\t\t\t\t\t\t\t\t\t\t\t\t\t\t\t\t\t\t\t\t\t\tZu vermieten\t\t\t\t\t\t\t\t\t\t\t\t\t\t                                    <\/span>\r\n\r\n\t\t\t\t\t\t\t\t\t\t\r\n\t\t\t\t\t\t\t\t\t\t\t<span class=\"mh-estate-vertical__more-info mh-estate_attribute-bedrooms\">\r\n                                        <strong>Habitaciones:<\/strong>\r\n\t\t\t\t\t\t\t\t\t\t\t\t3                                    <\/span>\r\n\r\n\t\t\t\t\t\t\t\t\t\t\r\n\t\t\t\t\t\t\t\t\t\t\t<span class=\"mh-estate-vertical__more-info mh-estate_attribute-bathrooms\">\r\n                                        <strong>Ba\u00f1os:<\/strong>\r\n\t\t\t\t\t\t\t\t\t\t\t\t2                                    <\/span>\r\n\r\n\t\t\t\t\t\t\t\t\t\t\r\n\t\t\t\t\t\t\t\t\t\t\t<span class=\"mh-estate-vertical__more-info mh-estate_attribute-property-size\">\r\n                                        <strong>M2:<\/strong>\r\n\t\t\t\t\t\t\t\t\t\t\t\t138 m\u00b2                                    <\/span>\r\n\r\n\t\t\t\t\t\t\t\t\t\t\t\t\t\t\t\t\t\t\t<\/div>\r\n\t\t\t\t\t\t\t\t<\/div>\r\n\r\n\t\t\t\t\t\t\t\t<div class=\"mh-estate-vertical__bottom\">\r\n\t\t\t\t\t\t\t\t\t<div class=\"mh-estate-vertical__bottom__inner\">\r\n\t\t\t\t\t\t\t\t\t\t<div class=\"mh-estate-vertical__date\">\r\n\t\t\t\t\t\t\t\t\t\t\t9 monat.\t\t\t\t\t\t\t\t\t\t<\/div>\r\n\t\t\t\t\t\t\t\t\t\t<div class=\"mh-estate-vertical__buttons-wrapper\">\r\n\t\t\t\t\t\t\t\t\t\t\t<div class=\"mh-estate-vertical__buttons\">\r\n\t\t\t\t\t\t\t\t\t\t\t\t<div class=\"mh-estate-vertical__buttons__single\">\r\n\t\t\t\t\t\t\t\t\t\t\t\t\t<compare-button class=\"myhome-compare\"\r\n\t\t\t\t\t\t\t\t\t\t\t\t\t\t\t\t\t:translations='{&quot;added&quot;:&quot;Zus\\u00e4tzlich&quot;,&quot;compare&quot;:&quot;Vergleichen&quot;}'\r\n\t\t\t\t\t\t\t\t\t\t\t\t\t\t\t\t\t:estate='{&quot;short_excerpt_limit&quot;:125,&quot;long_excerpt_limit&quot;:160,&quot;id&quot;:73028,&quot;agent_id&quot;:&quot;1&quot;,&quot;title&quot;:&quot;Meerblick Wohnung zur Miete in Cala Figuera : : PI1665CFI-ADE&quot;,&quot;content&quot;:&quot;Wohnung mit Meerblick in Cala Figuera zu vermieten. Die Wohnung verf\\u00fcgt \\u00fcber eine Gesamtfl\\u00e4che von 138 m\\u00b2, aufgeteilt in ein Einzelzimmer und zwei Doppelzimmer. Sie verf\\u00fcgt \\u00fcber zwei voll ausgestattete Badezimmer, eines mit Badewanne und eines mit Dusche. Zu den Ausstattungsmerkmalen geh\\u00f6ren die Klimaanlage warm\\\/kalt, Einbauschr\\u00e4nke und eine voll ausgestattete K\\u00fcche. Die Wohnung befindet sich in gutem Zustand und wird voll m\\u00f6bliert vermietet.\\r\\nDar\\u00fcber hinaus verf\\u00fcgt sie \\u00fcber einen Waschraum, Waschmaschine, Trockner, Fliesenb\\u00f6den, zwei Terrassen und Zugang zu einem Gemeinschaftspool. Es besteht auch die M\\u00f6glichkeit, einen optionalen Parkplatz zu haben.\\r\\nMIETBEDINGUNGEN\\r\\n- Nachweis der finanziellen Solvenz erforderlich (Gehaltsabrechnungen, Arbeitsvertr\\u00e4ge mit einer Mindestbesch\\u00e4ftigungsdauer von 1 Jahr).\\r\\n- 1 Monatsmiete Kaution\\r\\n- 1 Monatsmiete Garantie\\r\\n- Strom- und Internetkosten nicht inbegriffen\\r\\n- Wasser- und Gemeinschaftskosten im Preis inbegriffen\\r\\n- Keine Haustiere erlaubt\\r\\n- Weitere Kosten sind mit der Agentur zu kl\\u00e4ren&quot;,&quot;excerpt&quot;:&quot;Wohnung mit Meerblick in Cala Figuera zu vermieten. Die Wohnung verf\\u00fcgt \\u00fcber eine Gesamtfl\\u00e4che von 138 m\\u00b2, aufgeteilt in ein Einzelzimmer und zwei Doppelzimmer. Sie verf\\u00fcgt \\u00fcber zwei voll ausgestattete Badezimmer, eines mit Badewanne und eines mit Dusche. Zu den Ausstattungsmerkmalen geh\\u00f6ren die Klimaanlage warm\\\/kalt, Einbauschr\\u00e4nke und eine voll ausgestattete K\\u00fcche. Die Wohnung befindet sich [\\u2026]&quot;,&quot;short_excerpt&quot;:&quot;Wohnung mit Meerblick in Cala Figuera zu vermieten. Die Wohnung verf\\u00fcgt \\u00fcber eine Gesamtfl\\u00e4che von 138 m\\u00b2, aufgeteilt in e...&quot;,&quot;long_excerpt&quot;:&quot;Wohnung mit Meerblick in Cala Figuera zu vermieten. Die Wohnung verf\\u00fcgt \\u00fcber eine Gesamtfl\\u00e4che von 138 m\\u00b2, aufgeteilt in ein Einzelzimmer und zwei Doppelzimm...&quot;,&quot;link&quot;:&quot;https:\\\/\\\/novagestioinmobiliaria.com\\\/de\\\/propiedades-properties-immobilien\\\/meerblick-wohnung-zur-miete-in-cala-figuera-pi1665cfi-ade\\\/&quot;,&quot;offer_type&quot;:&quot;Zu vermieten&quot;,&quot;price&quot;:&quot;1.850 \\u20ac&quot;,&quot;location&quot;:&quot;C&quot;,&quot;is_featured&quot;:true,&quot;gallery&quot;:[{&quot;id&quot;:86888,&quot;url&quot;:&quot;https:\\\/\\\/novagestioinmobiliaria.com\\\/wp-content\\\/uploads\\\/2025\\\/08\\\/Piso-alquiler-Cala-Figuera-ref-1665-24.jpg&quot;,&quot;alt&quot;:&quot;&quot;},{&quot;id&quot;:86906,&quot;url&quot;:&quot;https:\\\/\\\/novagestioinmobiliaria.com\\\/wp-content\\\/uploads\\\/2025\\\/08\\\/Piso-alquiler-Cala-Figuera-ref-1665-30.jpg&quot;,&quot;alt&quot;:&quot;&quot;},{&quot;id&quot;:86933,&quot;url&quot;:&quot;https:\\\/\\\/novagestioinmobiliaria.com\\\/wp-content\\\/uploads\\\/2025\\\/08\\\/Piso-alquiler-Cala-Figuera-ref-1665-6.jpg&quot;,&quot;alt&quot;:&quot;&quot;},{&quot;id&quot;:86939,&quot;url&quot;:&quot;https:\\\/\\\/novagestioinmobiliaria.com\\\/wp-content\\\/uploads\\\/2025\\\/08\\\/Piso-alquiler-Cala-Figuera-ref-1665-8.jpg&quot;,&quot;alt&quot;:&quot;&quot;},{&quot;id&quot;:86879,&quot;url&quot;:&quot;https:\\\/\\\/novagestioinmobiliaria.com\\\/wp-content\\\/uploads\\\/2025\\\/08\\\/Piso-alquiler-Cala-Figuera-ref-1665-21.jpg&quot;,&quot;alt&quot;:&quot;&quot;},{&quot;id&quot;:86909,&quot;url&quot;:&quot;https:\\\/\\\/novagestioinmobiliaria.com\\\/wp-content\\\/uploads\\\/2025\\\/08\\\/Piso-alquiler-Cala-Figuera-ref-1665-31.jpg&quot;,&quot;alt&quot;:&quot;&quot;},{&quot;id&quot;:86930,&quot;url&quot;:&quot;https:\\\/\\\/novagestioinmobiliaria.com\\\/wp-content\\\/uploads\\\/2025\\\/08\\\/Piso-alquiler-Cala-Figuera-ref-1665-5.jpg&quot;,&quot;alt&quot;:&quot;&quot;},{&quot;id&quot;:86903,&quot;url&quot;:&quot;https:\\\/\\\/novagestioinmobiliaria.com\\\/wp-content\\\/uploads\\\/2025\\\/08\\\/Piso-alquiler-Cala-Figuera-ref-1665-29.jpg&quot;,&quot;alt&quot;:&quot;&quot;},{&quot;id&quot;:86924,&quot;url&quot;:&quot;https:\\\/\\\/novagestioinmobiliaria.com\\\/wp-content\\\/uploads\\\/2025\\\/08\\\/Piso-alquiler-Cala-Figuera-ref-1665-3-scaled.jpg&quot;,&quot;alt&quot;:&quot;&quot;},{&quot;id&quot;:86915,&quot;url&quot;:&quot;https:\\\/\\\/novagestioinmobiliaria.com\\\/wp-content\\\/uploads\\\/2025\\\/08\\\/Piso-alquiler-Cala-Figuera-ref-1665-33-scaled.jpg&quot;,&quot;alt&quot;:&quot;&quot;},{&quot;id&quot;:86918,&quot;url&quot;:&quot;https:\\\/\\\/novagestioinmobiliaria.com\\\/wp-content\\\/uploads\\\/2025\\\/08\\\/Piso-alquiler-Cala-Figuera-ref-1665-1-scaled.jpg&quot;,&quot;alt&quot;:&quot;&quot;},{&quot;id&quot;:86885,&quot;url&quot;:&quot;https:\\\/\\\/novagestioinmobiliaria.com\\\/wp-content\\\/uploads\\\/2025\\\/08\\\/Piso-alquiler-Cala-Figuera-ref-1665-23.jpg&quot;,&quot;alt&quot;:&quot;&quot;},{&quot;id&quot;:86891,&quot;url&quot;:&quot;https:\\\/\\\/novagestioinmobiliaria.com\\\/wp-content\\\/uploads\\\/2025\\\/08\\\/Piso-alquiler-Cala-Figuera-ref-1665-25.jpg&quot;,&quot;alt&quot;:&quot;&quot;},{&quot;id&quot;:86864,&quot;url&quot;:&quot;https:\\\/\\\/novagestioinmobiliaria.com\\\/wp-content\\\/uploads\\\/2025\\\/08\\\/Piso-alquiler-Cala-Figuera-ref-1665-16.jpg&quot;,&quot;alt&quot;:&quot;&quot;},{&quot;id&quot;:86894,&quot;url&quot;:&quot;https:\\\/\\\/novagestioinmobiliaria.com\\\/wp-content\\\/uploads\\\/2025\\\/08\\\/Piso-alquiler-Cala-Figuera-ref-1665-26.jpg&quot;,&quot;alt&quot;:&quot;&quot;},{&quot;id&quot;:86861,&quot;url&quot;:&quot;https:\\\/\\\/novagestioinmobiliaria.com\\\/wp-content\\\/uploads\\\/2025\\\/08\\\/Piso-alquiler-Cala-Figuera-ref-1665-15.jpg&quot;,&quot;alt&quot;:&quot;&quot;},{&quot;id&quot;:86897,&quot;url&quot;:&quot;https:\\\/\\\/novagestioinmobiliaria.com\\\/wp-content\\\/uploads\\\/2025\\\/08\\\/Piso-alquiler-Cala-Figuera-ref-1665-27.jpg&quot;,&quot;alt&quot;:&quot;&quot;},{&quot;id&quot;:86858,&quot;url&quot;:&quot;https:\\\/\\\/novagestioinmobiliaria.com\\\/wp-content\\\/uploads\\\/2025\\\/08\\\/Piso-alquiler-Cala-Figuera-ref-1665-14.jpg&quot;,&quot;alt&quot;:&quot;&quot;},{&quot;id&quot;:86867,&quot;url&quot;:&quot;https:\\\/\\\/novagestioinmobiliaria.com\\\/wp-content\\\/uploads\\\/2025\\\/08\\\/Piso-alquiler-Cala-Figuera-ref-1665-17.jpg&quot;,&quot;alt&quot;:&quot;&quot;},{&quot;id&quot;:86846,&quot;url&quot;:&quot;https:\\\/\\\/novagestioinmobiliaria.com\\\/wp-content\\\/uploads\\\/2025\\\/08\\\/Piso-alquiler-Cala-Figuera-ref-1665-10.jpg&quot;,&quot;alt&quot;:&quot;&quot;},{&quot;id&quot;:86876,&quot;url&quot;:&quot;https:\\\/\\\/novagestioinmobiliaria.com\\\/wp-content\\\/uploads\\\/2025\\\/08\\\/Piso-alquiler-Cala-Figuera-ref-1665-20.jpg&quot;,&quot;alt&quot;:&quot;&quot;},{&quot;id&quot;:86912,&quot;url&quot;:&quot;https:\\\/\\\/novagestioinmobiliaria.com\\\/wp-content\\\/uploads\\\/2025\\\/08\\\/Piso-alquiler-Cala-Figuera-ref-1665-32.jpg&quot;,&quot;alt&quot;:&quot;&quot;},{&quot;id&quot;:86882,&quot;url&quot;:&quot;https:\\\/\\\/novagestioinmobiliaria.com\\\/wp-content\\\/uploads\\\/2025\\\/08\\\/Piso-alquiler-Cala-Figuera-ref-1665-22.jpg&quot;,&quot;alt&quot;:&quot;&quot;},{&quot;id&quot;:86942,&quot;url&quot;:&quot;https:\\\/\\\/novagestioinmobiliaria.com\\\/wp-content\\\/uploads\\\/2025\\\/08\\\/Piso-alquiler-Cala-Figuera-ref-1665-9.jpg&quot;,&quot;alt&quot;:&quot;&quot;},{&quot;id&quot;:86900,&quot;url&quot;:&quot;https:\\\/\\\/novagestioinmobiliaria.com\\\/wp-content\\\/uploads\\\/2025\\\/08\\\/Piso-alquiler-Cala-Figuera-ref-1665-28.jpg&quot;,&quot;alt&quot;:&quot;&quot;},{&quot;id&quot;:86936,&quot;url&quot;:&quot;https:\\\/\\\/novagestioinmobiliaria.com\\\/wp-content\\\/uploads\\\/2025\\\/08\\\/Piso-alquiler-Cala-Figuera-ref-1665-7.jpg&quot;,&quot;alt&quot;:&quot;&quot;},{&quot;id&quot;:86927,&quot;url&quot;:&quot;https:\\\/\\\/novagestioinmobiliaria.com\\\/wp-content\\\/uploads\\\/2025\\\/08\\\/Piso-alquiler-Cala-Figuera-ref-1665-4-scaled.jpg&quot;,&quot;alt&quot;:&quot;&quot;},{&quot;id&quot;:86870,&quot;url&quot;:&quot;https:\\\/\\\/novagestioinmobiliaria.com\\\/wp-content\\\/uploads\\\/2025\\\/08\\\/Piso-alquiler-Cala-Figuera-ref-1665-18.jpg&quot;,&quot;alt&quot;:&quot;&quot;},{&quot;id&quot;:86921,&quot;url&quot;:&quot;https:\\\/\\\/novagestioinmobiliaria.com\\\/wp-content\\\/uploads\\\/2025\\\/08\\\/Piso-alquiler-Cala-Figuera-ref-1665-2-scaled.jpg&quot;,&quot;alt&quot;:&quot;&quot;},{&quot;id&quot;:86873,&quot;url&quot;:&quot;https:\\\/\\\/novagestioinmobiliaria.com\\\/wp-content\\\/uploads\\\/2025\\\/08\\\/Piso-alquiler-Cala-Figuera-ref-1665-19.jpg&quot;,&quot;alt&quot;:&quot;&quot;},{&quot;id&quot;:86852,&quot;url&quot;:&quot;https:\\\/\\\/novagestioinmobiliaria.com\\\/wp-content\\\/uploads\\\/2025\\\/08\\\/Piso-alquiler-Cala-Figuera-ref-1665-12.jpg&quot;,&quot;alt&quot;:&quot;&quot;},{&quot;id&quot;:86849,&quot;url&quot;:&quot;https:\\\/\\\/novagestioinmobiliaria.com\\\/wp-content\\\/uploads\\\/2025\\\/08\\\/Piso-alquiler-Cala-Figuera-ref-1665-11.jpg&quot;,&quot;alt&quot;:&quot;&quot;},{&quot;id&quot;:86855,&quot;url&quot;:&quot;https:\\\/\\\/novagestioinmobiliaria.com\\\/wp-content\\\/uploads\\\/2025\\\/08\\\/Piso-alquiler-Cala-Figuera-ref-1665-13.jpg&quot;,&quot;alt&quot;:&quot;&quot;}],&quot;attributes&quot;:[{&quot;slug&quot;:&quot;property-type&quot;,&quot;name&quot;:&quot;Tipo propiedad&quot;,&quot;has_archive&quot;:true,&quot;elements&quot;:[{&quot;name&quot;:&quot;Wohnungen \\\/ Apartments&quot;,&quot;link&quot;:&quot;https:\\\/\\\/novagestioinmobiliaria.com\\\/de\\\/immobilientyp\\\/wohnungen-apartments\\\/&quot;,&quot;slug&quot;:&quot;wohnungen-apartments&quot;}],&quot;card&quot;:false,&quot;show&quot;:true,&quot;display_after&quot;:&quot;&quot;,&quot;new_box&quot;:false},{&quot;slug&quot;:&quot;offer-type&quot;,&quot;name&quot;:&quot;Tipo operaci\\u00f3n&quot;,&quot;has_archive&quot;:true,&quot;elements&quot;:[{&quot;name&quot;:&quot;Zu vermieten&quot;,&quot;link&quot;:&quot;https:\\\/\\\/novagestioinmobiliaria.com\\\/de\\\/offer-type\\\/zu-vermieten\\\/&quot;,&quot;slug&quot;:&quot;zu-vermieten&quot;}],&quot;card&quot;:true,&quot;show&quot;:true,&quot;display_after&quot;:&quot;&quot;,&quot;new_box&quot;:false},{&quot;slug&quot;:&quot;city&quot;,&quot;name&quot;:&quot;Zona&quot;,&quot;has_archive&quot;:true,&quot;elements&quot;:[{&quot;name&quot;:&quot;Cala Figuera&quot;,&quot;link&quot;:&quot;https:\\\/\\\/novagestioinmobiliaria.com\\\/de\\\/city\\\/cala-figuera-de\\\/&quot;,&quot;slug&quot;:&quot;cala-figuera-de&quot;}],&quot;card&quot;:false,&quot;show&quot;:true,&quot;display_after&quot;:&quot;&quot;,&quot;new_box&quot;:false},{&quot;slug&quot;:&quot;price&quot;,&quot;name&quot;:&quot;Precio&quot;,&quot;has_archive&quot;:false,&quot;elements&quot;:[{&quot;name&quot;:&quot;1850&quot;,&quot;link&quot;:&quot;&quot;,&quot;slug&quot;:&quot;&quot;}],&quot;show&quot;:false,&quot;card&quot;:false,&quot;display_after&quot;:&quot;\\u20ac&quot;,&quot;new_box&quot;:false},{&quot;slug&quot;:&quot;bedrooms&quot;,&quot;name&quot;:&quot;Habitaciones&quot;,&quot;has_archive&quot;:false,&quot;elements&quot;:[{&quot;name&quot;:&quot;3&quot;,&quot;link&quot;:&quot;&quot;,&quot;slug&quot;:&quot;&quot;}],&quot;show&quot;:true,&quot;card&quot;:true,&quot;display_after&quot;:&quot;&quot;,&quot;new_box&quot;:false},{&quot;slug&quot;:&quot;bathrooms&quot;,&quot;name&quot;:&quot;Ba\\u00f1os&quot;,&quot;has_archive&quot;:false,&quot;elements&quot;:[{&quot;name&quot;:&quot;2&quot;,&quot;link&quot;:&quot;&quot;,&quot;slug&quot;:&quot;&quot;}],&quot;show&quot;:true,&quot;card&quot;:true,&quot;display_after&quot;:&quot;&quot;,&quot;new_box&quot;:false},{&quot;slug&quot;:&quot;property-size&quot;,&quot;name&quot;:&quot;M2&quot;,&quot;has_archive&quot;:false,&quot;elements&quot;:[{&quot;name&quot;:&quot;138&quot;,&quot;link&quot;:&quot;&quot;,&quot;slug&quot;:&quot;&quot;}],&quot;show&quot;:true,&quot;card&quot;:true,&quot;display_after&quot;:&quot;m\\u00b2&quot;,&quot;new_box&quot;:false},{&quot;slug&quot;:&quot;features&quot;,&quot;name&quot;:&quot;Caracter\\u00edsticas&quot;,&quot;has_archive&quot;:true,&quot;elements&quot;:[{&quot;name&quot;:&quot;3 Schlafzimmer&quot;,&quot;link&quot;:&quot;https:\\\/\\\/novagestioinmobiliaria.com\\\/de\\\/eigenschaften\\\/3-schlafzimmer\\\/&quot;,&quot;slug&quot;:&quot;3-schlafzimmer&quot;},{&quot;name&quot;:&quot;Balkon&quot;,&quot;link&quot;:&quot;https:\\\/\\\/novagestioinmobiliaria.com\\\/de\\\/eigenschaften\\\/balkon\\\/&quot;,&quot;slug&quot;:&quot;balkon&quot;},{&quot;name&quot;:&quot;Einbauk\\u00fcche&quot;,&quot;link&quot;:&quot;https:\\\/\\\/novagestioinmobiliaria.com\\\/de\\\/eigenschaften\\\/einbaukueche\\\/&quot;,&quot;slug&quot;:&quot;einbaukueche&quot;},{&quot;name&quot;:&quot;Gemeinschaftspool&quot;,&quot;link&quot;:&quot;https:\\\/\\\/novagestioinmobiliaria.com\\\/de\\\/eigenschaften\\\/gemeinschaftspool\\\/&quot;,&quot;slug&quot;:&quot;gemeinschaftspool&quot;},{&quot;name&quot;:&quot;Haustiere erlaubt&quot;,&quot;link&quot;:&quot;https:\\\/\\\/novagestioinmobiliaria.com\\\/de\\\/eigenschaften\\\/haustiere-erlaubt\\\/&quot;,&quot;slug&quot;:&quot;haustiere-erlaubt&quot;},{&quot;name&quot;:&quot;Klimaanlage&quot;,&quot;link&quot;:&quot;https:\\\/\\\/novagestioinmobiliaria.com\\\/de\\\/eigenschaften\\\/klimaanlage\\\/&quot;,&quot;slug&quot;:&quot;klimaanlage&quot;},{&quot;name&quot;:&quot;Meerblick&quot;,&quot;link&quot;:&quot;https:\\\/\\\/novagestioinmobiliaria.com\\\/de\\\/eigenschaften\\\/meerblick\\\/&quot;,&quot;slug&quot;:&quot;meerblick&quot;},{&quot;name&quot;:&quot;M\\u00f6bliert&quot;,&quot;link&quot;:&quot;https:\\\/\\\/novagestioinmobiliaria.com\\\/de\\\/eigenschaften\\\/moebliert\\\/&quot;,&quot;slug&quot;:&quot;moebliert&quot;},{&quot;name&quot;:&quot;Panoramablick&quot;,&quot;link&quot;:&quot;https:\\\/\\\/novagestioinmobiliaria.com\\\/de\\\/eigenschaften\\\/panoramablick\\\/&quot;,&quot;slug&quot;:&quot;panoramablick&quot;},{&quot;name&quot;:&quot;Ruhige Lage&quot;,&quot;link&quot;:&quot;https:\\\/\\\/novagestioinmobiliaria.com\\\/de\\\/eigenschaften\\\/ruhige-lage\\\/&quot;,&quot;slug&quot;:&quot;ruhige-lage&quot;},{&quot;name&quot;:&quot;Terrasse&quot;,&quot;link&quot;:&quot;https:\\\/\\\/novagestioinmobiliaria.com\\\/de\\\/eigenschaften\\\/terrasse\\\/&quot;,&quot;slug&quot;:&quot;terrasse&quot;}],&quot;card&quot;:false,&quot;show&quot;:true,&quot;display_after&quot;:&quot;&quot;,&quot;new_box&quot;:true}],&quot;views&quot;:841,&quot;days_ago&quot;:&quot;9 monat.&quot;,&quot;image_id&quot;:86888,&quot;image_url&quot;:&quot;https:\\\/\\\/novagestioinmobiliaria.com\\\/wp-content\\\/uploads\\\/2025\\\/08\\\/Piso-alquiler-Cala-Figuera-ref-1665-24.jpg&quot;,&quot;tags&quot;:[{&quot;name&quot;:&quot;Caracter\\u00edsticas&quot;,&quot;elements&quot;:[{&quot;name&quot;:&quot;3 Schlafzimmer&quot;,&quot;link&quot;:&quot;https:\\\/\\\/novagestioinmobiliaria.com\\\/de\\\/eigenschaften\\\/3-schlafzimmer\\\/&quot;},{&quot;name&quot;:&quot;Balkon&quot;,&quot;link&quot;:&quot;https:\\\/\\\/novagestioinmobiliaria.com\\\/de\\\/eigenschaften\\\/balkon\\\/&quot;},{&quot;name&quot;:&quot;Einbauk\\u00fcche&quot;,&quot;link&quot;:&quot;https:\\\/\\\/novagestioinmobiliaria.com\\\/de\\\/eigenschaften\\\/einbaukueche\\\/&quot;},{&quot;name&quot;:&quot;Gemeinschaftspool&quot;,&quot;link&quot;:&quot;https:\\\/\\\/novagestioinmobiliaria.com\\\/de\\\/eigenschaften\\\/gemeinschaftspool\\\/&quot;},{&quot;name&quot;:&quot;Haustiere erlaubt&quot;,&quot;link&quot;:&quot;https:\\\/\\\/novagestioinmobiliaria.com\\\/de\\\/eigenschaften\\\/haustiere-erlaubt\\\/&quot;},{&quot;name&quot;:&quot;Klimaanlage&quot;,&quot;link&quot;:&quot;https:\\\/\\\/novagestioinmobiliaria.com\\\/de\\\/eigenschaften\\\/klimaanlage\\\/&quot;},{&quot;name&quot;:&quot;Meerblick&quot;,&quot;link&quot;:&quot;https:\\\/\\\/novagestioinmobiliaria.com\\\/de\\\/eigenschaften\\\/meerblick\\\/&quot;},{&quot;name&quot;:&quot;M\\u00f6bliert&quot;,&quot;link&quot;:&quot;https:\\\/\\\/novagestioinmobiliaria.com\\\/de\\\/eigenschaften\\\/moebliert\\\/&quot;},{&quot;name&quot;:&quot;Panoramablick&quot;,&quot;link&quot;:&quot;https:\\\/\\\/novagestioinmobiliaria.com\\\/de\\\/eigenschaften\\\/panoramablick\\\/&quot;},{&quot;name&quot;:&quot;Ruhige Lage&quot;,&quot;link&quot;:&quot;https:\\\/\\\/novagestioinmobiliaria.com\\\/de\\\/eigenschaften\\\/ruhige-lage\\\/&quot;},{&quot;name&quot;:&quot;Terrasse&quot;,&quot;link&quot;:&quot;https:\\\/\\\/novagestioinmobiliaria.com\\\/de\\\/eigenschaften\\\/terrasse\\\/&quot;}],&quot;has_archive&quot;:true}],&quot;status&quot;:&quot;publish&quot;,&quot;plans&quot;:[],&quot;video_plan&quot;:{&quot;src&quot;:&quot;&quot;,&quot;video&quot;:&quot;&quot;},&quot;virtual_tour&quot;:null,&quot;state&quot;:&quot;&quot;,&quot;labels&quot;:[],&quot;image&quot;:&quot;https:\\\/\\\/novagestioinmobiliaria.com\\\/wp-content\\\/uploads\\\/2025\\\/08\\\/Piso-alquiler-Cala-Figuera-ref-1665-24-400x250.jpg&quot;,&quot;image_srcset&quot;:&quot;https:\\\/\\\/novagestioinmobiliaria.com\\\/wp-content\\\/uploads\\\/2025\\\/08\\\/Piso-alquiler-Cala-Figuera-ref-1665-24-200x125.jpg 200w, https:\\\/\\\/novagestioinmobiliaria.com\\\/wp-content\\\/uploads\\\/2025\\\/08\\\/Piso-alquiler-Cala-Figuera-ref-1665-24-1200x750.jpg 1200w, https:\\\/\\\/novagestioinmobiliaria.com\\\/wp-content\\\/uploads\\\/2025\\\/08\\\/Piso-alquiler-Cala-Figuera-ref-1665-24-800x500.jpg 800w, https:\\\/\\\/novagestioinmobiliaria.com\\\/wp-content\\\/uploads\\\/2025\\\/08\\\/Piso-alquiler-Cala-Figuera-ref-1665-24-600x375.jpg 600w, https:\\\/\\\/novagestioinmobiliaria.com\\\/wp-content\\\/uploads\\\/2025\\\/08\\\/Piso-alquiler-Cala-Figuera-ref-1665-24-400x250.jpg 400w&quot;}'>\r\n\t\t\t\t\t\t\t\t\t\t\t\t\t<\/compare-button>\r\n\t\t\t\t\t\t\t\t\t\t\t\t<\/div>\r\n\t\t\t\t\t\t\t\t\t\t\t\t<div class=\"mh-estate-vertical__buttons__single\">\r\n\t\t\t\t\t\t\t\t\t\t\t\t\t<a href=\"https:\/\/novagestioinmobiliaria.com\/de\/propiedades-properties-immobilien\/meerblick-wohnung-zur-miete-in-cala-figuera-pi1665cfi-ade\/\"\r\n\t\t\t\t\t\t\t\t\t\t\t\t\t   title=\"Meerblick Wohnung zur Miete in Cala Figuera : : PI1665CFI-ADE\"\r\n\t\t\t\t\t\t\t\t\t\t\t\t\t   class=\"mdl-button mdl-js-button mdl-button--raised mdl-js-ripple-effect mdl-button--primary-ghost\">\r\n\t\t\t\t\t\t\t\t\t\t\t\t\t\tDetails\t\t\t\t\t\t\t\t\t\t\t\t\t\t<span class=\"mdl-button__icon-right\"><i class=\"fa fa-angle-right\"><\/i><\/span>\r\n\t\t\t\t\t\t\t\t\t\t\t\t\t<\/a>\r\n\t\t\t\t\t\t\t\t\t\t\t\t<\/div>\r\n\t\t\t\t\t\t\t\t\t\t\t<\/div>\r\n\t\t\t\t\t\t\t\t\t\t<\/div>\r\n\t\t\t\t\t\t\t\t\t<\/div>\r\n\t\t\t\t\t\t\t\t<\/div>\r\n\t\t\t\t\t\t\t<\/div>\r\n\t\t\t\t\t\t<\/article>\r\n\t\t\t\t\t<\/div>\r\n\t\t\t\t\r\n\t\t\t\t\t<div class=\"item\">\r\n\t\t\t\t\t\t<article class=\"mh-estate-vertical mh-estate-vertical--white  mh-attribute-property-type__wohnungen-apartments mh-attribute-offer-type__zu-vermieten mh-attribute-city__colonia-de-sant-jordi-de\">\r\n\t\t\t\t\t\t\t<a href=\"https:\/\/novagestioinmobiliaria.com\/de\/propiedades-properties-immobilien\/duplex-zur-miete-in-colonia-de-sant-jordi-pi1785csj-ade\/\"\r\n\t\t\t\t\t\t\t   title=\"Duplex zur Miete in Colonia de Sant Jordi : : PI1785CSJ-ADE\"\r\n\t\t\t\t\t\t\t   class=\"mh-thumbnail\">\r\n                        <span class=\"mh-thumbnail__inner\">\r\n                                    <img\r\n                    data-srcset=\"https:\/\/novagestioinmobiliaria.com\/wp-content\/uploads\/2025\/07\/Duplex-Colonia-de-SJ-17857-200x125.jpg 200w, https:\/\/novagestioinmobiliaria.com\/wp-content\/uploads\/2025\/07\/Duplex-Colonia-de-SJ-17857-1200x750.jpg 1200w, https:\/\/novagestioinmobiliaria.com\/wp-content\/uploads\/2025\/07\/Duplex-Colonia-de-SJ-17857-800x500.jpg 800w, https:\/\/novagestioinmobiliaria.com\/wp-content\/uploads\/2025\/07\/Duplex-Colonia-de-SJ-17857-600x375.jpg 600w, https:\/\/novagestioinmobiliaria.com\/wp-content\/uploads\/2025\/07\/Duplex-Colonia-de-SJ-17857-400x250.jpg 400w\"\r\n                    class=\"lazyload \" alt=\"Duplex zur Miete in Colonia de Sant Jordi : : PI1785CSJ-ADE\"\r\n                    data-sizes=\"auto\"\r\n            >\r\n\t\t\t                        <\/span>\r\n\r\n\t\t\t\t\t\t\t\t\t\t\t\t\t\t\t\t\t<div class=\"mh-caption\">\r\n\t\t\t\t\t\t\t\t\t\t<div class=\"mh-caption__inner\">\r\n\t\t\t\t\t\t\t\t\t\t\tZu vermieten\t\t\t\t\t\t\t\t\t\t<\/div>\r\n\t\t\t\t\t\t\t\t\t<\/div>\r\n\t\t\t\t\t\t\t\t\t\r\n\t\t\t\t\t\t\t\t<div class=\"mh-estate-vertical__text\">\r\n\t\t\t\t\t\t\t\t\t<div class=\"mh-estate-vertical__text__inner\">\r\n\t\t\t\t\t\t\t\t\t\tSch\u00f6nes Duplex zur Miete direkt am Meer in Colonia de Sant Jordi. Mit einer Gesamtfl\u00e4che von 90 m\u00b2 auf zwei...\t\t\t\t\t\t\t\t\t<\/div>\r\n\t\t\t\t\t\t\t\t<\/div>\r\n\t\t\t\t\t\t\t<\/a>\r\n\r\n\t\t\t\t\t\t\t<div class=\"mh-estate-vertical__content\">\r\n\t\t\t\t\t\t\t\t<h3 class=\"mh-estate-vertical__heading\">\r\n\t\t\t\t\t\t\t\t\t<a href=\"https:\/\/novagestioinmobiliaria.com\/de\/propiedades-properties-immobilien\/duplex-zur-miete-in-colonia-de-sant-jordi-pi1785csj-ade\/\"\r\n\t\t\t\t\t\t\t\t\t   title=\"Duplex zur Miete in Colonia de Sant Jordi : : PI1785CSJ-ADE\">\r\n\t\t\t\t\t\t\t\t\t\tDuplex zur Miete in Colonia de Sant Jordi : : PI1785CSJ-ADE\t\t\t\t\t\t\t\t\t<\/a>\r\n\t\t\t\t\t\t\t\t<\/h3>\r\n\t\t\t\t\t\t\t\t<address class=\"mh-estate-vertical__subheading\">\r\n\t\t\t\t\t\t\t\t\t\t\t\t\t\t\t\t\t<\/address>\r\n\t\t\t\t\t\t\t\t<div class=\"mh-estate-vertical__primary\">\r\n\t\t\t\t\t\t\t\t\t2.300 \u20ac\t\t\t\t\t\t\t\t<\/div>\r\n\r\n\t\t\t\t\t\t\t\t<div>\r\n\t\t\t\t\t\t\t\t\t<div class=\"mh-estate__list\">\r\n\t\t\t\t\t\t\t\t\t\t\r\n\t\t\t\t\t\t\t\t\t\t\t<span class=\"mh-estate-vertical__more-info mh-estate_attribute-offer-type\">\r\n                                        <strong>Tipo operaci\u00f3n:<\/strong>\r\n\t\t\t\t\t\t\t\t\t\t\t\t\t\t\t\t\t\t\t\t\t\t\t\t\t\tZu vermieten\t\t\t\t\t\t\t\t\t\t\t\t\t\t                                    <\/span>\r\n\r\n\t\t\t\t\t\t\t\t\t\t\r\n\t\t\t\t\t\t\t\t\t\t\t<span class=\"mh-estate-vertical__more-info mh-estate_attribute-bedrooms\">\r\n                                        <strong>Habitaciones:<\/strong>\r\n\t\t\t\t\t\t\t\t\t\t\t\t2                                    <\/span>\r\n\r\n\t\t\t\t\t\t\t\t\t\t\r\n\t\t\t\t\t\t\t\t\t\t\t<span class=\"mh-estate-vertical__more-info mh-estate_attribute-bathrooms\">\r\n                                        <strong>Ba\u00f1os:<\/strong>\r\n\t\t\t\t\t\t\t\t\t\t\t\t2                                    <\/span>\r\n\r\n\t\t\t\t\t\t\t\t\t\t\r\n\t\t\t\t\t\t\t\t\t\t\t<span class=\"mh-estate-vertical__more-info mh-estate_attribute-property-size\">\r\n                                        <strong>M2:<\/strong>\r\n\t\t\t\t\t\t\t\t\t\t\t\t90 m\u00b2                                    <\/span>\r\n\r\n\t\t\t\t\t\t\t\t\t\t\t\t\t\t\t\t\t\t\t<\/div>\r\n\t\t\t\t\t\t\t\t<\/div>\r\n\r\n\t\t\t\t\t\t\t\t<div class=\"mh-estate-vertical__bottom\">\r\n\t\t\t\t\t\t\t\t\t<div class=\"mh-estate-vertical__bottom__inner\">\r\n\t\t\t\t\t\t\t\t\t\t<div class=\"mh-estate-vertical__date\">\r\n\t\t\t\t\t\t\t\t\t\t\t9 monat.\t\t\t\t\t\t\t\t\t\t<\/div>\r\n\t\t\t\t\t\t\t\t\t\t<div class=\"mh-estate-vertical__buttons-wrapper\">\r\n\t\t\t\t\t\t\t\t\t\t\t<div class=\"mh-estate-vertical__buttons\">\r\n\t\t\t\t\t\t\t\t\t\t\t\t<div class=\"mh-estate-vertical__buttons__single\">\r\n\t\t\t\t\t\t\t\t\t\t\t\t\t<compare-button class=\"myhome-compare\"\r\n\t\t\t\t\t\t\t\t\t\t\t\t\t\t\t\t\t:translations='{&quot;added&quot;:&quot;Zus\\u00e4tzlich&quot;,&quot;compare&quot;:&quot;Vergleichen&quot;}'\r\n\t\t\t\t\t\t\t\t\t\t\t\t\t\t\t\t\t:estate='{&quot;short_excerpt_limit&quot;:125,&quot;long_excerpt_limit&quot;:160,&quot;id&quot;:80203,&quot;agent_id&quot;:&quot;24&quot;,&quot;title&quot;:&quot;Duplex zur Miete in Colonia de Sant Jordi : : PI1785CSJ-ADE&quot;,&quot;content&quot;:&quot;Sch\\u00f6nes Duplex zur Miete direkt am Meer in Colonia de Sant Jordi. Mit einer Gesamtfl\\u00e4che von 90 m\\u00b2 auf zwei Etagen verteilt, verf\\u00fcgt diese Immobilie \\u00fcber zwei Doppelzimmer, zwei Badezimmer, Klimaanlage (warm\\\/kalt), Deckenventilatoren und einen Einbauschrank. Das Anwesen wurde k\\u00fcrzlich renoviert und befindet sich in ausgezeichnetem Zustand. Es verf\\u00fcgt \\u00fcber eine voll ausgestattete K\\u00fcche, Esszimmer, Waschmaschine, Trockner und wird voll m\\u00f6bliert vermietet.\\r\\nDie zwei Terrassen bieten einen idealen Raum zum Entspannen und genie\\u00dfen atemberaubender Meerblick.\\r\\n\\r\\nMIETBEDINGUNGEN\\r\\n- Preis nach Vereinbarung je nach Mietdauer und Monaten. (Ab \\u20ac2.000)\\r\\n- 1 Monatsmiete Kaution\\r\\n- Alle Kosten inklusive (au\\u00dfer der Stromrechnung f\\u00fcr die Monate Januar und Februar)\\r\\n- Keine Haustiere erlaubt\\r\\n- Agenturgeb\\u00fchren\\r\\n\\r\\nNova Gestio, Immobilien in Colonia de Sant Jordi&quot;,&quot;excerpt&quot;:&quot;Sch\\u00f6nes Duplex zur Miete direkt am Meer in Colonia de Sant Jordi. Mit einer Gesamtfl\\u00e4che von 90 m\\u00b2 auf zwei Etagen verteilt, verf\\u00fcgt diese Immobilie \\u00fcber zwei Doppelzimmer, zwei Badezimmer, Klimaanlage (warm\\\/kalt), Deckenventilatoren und einen Einbauschrank. Das Anwesen wurde k\\u00fcrzlich renoviert und befindet sich in ausgezeichnetem Zustand. Es verf\\u00fcgt \\u00fcber eine voll ausgestattete K\\u00fcche, Esszimmer, [\\u2026]&quot;,&quot;short_excerpt&quot;:&quot;Sch\\u00f6nes Duplex zur Miete direkt am Meer in Colonia de Sant Jordi. Mit einer Gesamtfl\\u00e4che von 90 m\\u00b2 auf zwei Etagen verteil...&quot;,&quot;long_excerpt&quot;:&quot;Sch\\u00f6nes Duplex zur Miete direkt am Meer in Colonia de Sant Jordi. Mit einer Gesamtfl\\u00e4che von 90 m\\u00b2 auf zwei Etagen verteilt, verf\\u00fcgt diese Immobilie \\u00fcber zwe...&quot;,&quot;link&quot;:&quot;https:\\\/\\\/novagestioinmobiliaria.com\\\/de\\\/propiedades-properties-immobilien\\\/duplex-zur-miete-in-colonia-de-sant-jordi-pi1785csj-ade\\\/&quot;,&quot;offer_type&quot;:&quot;Zu vermieten&quot;,&quot;price&quot;:&quot;2.300 \\u20ac&quot;,&quot;location&quot;:false,&quot;is_featured&quot;:true,&quot;gallery&quot;:[{&quot;id&quot;:80260,&quot;url&quot;:&quot;https:\\\/\\\/novagestioinmobiliaria.com\\\/wp-content\\\/uploads\\\/2025\\\/07\\\/Duplex-Colonia-de-SJ-178516.jpg&quot;,&quot;alt&quot;:&quot;&quot;},{&quot;id&quot;:80263,&quot;url&quot;:&quot;https:\\\/\\\/novagestioinmobiliaria.com\\\/wp-content\\\/uploads\\\/2025\\\/07\\\/Duplex-Colonia-de-SJ-178515.jpg&quot;,&quot;alt&quot;:&quot;&quot;},{&quot;id&quot;:80266,&quot;url&quot;:&quot;https:\\\/\\\/novagestioinmobiliaria.com\\\/wp-content\\\/uploads\\\/2025\\\/07\\\/Duplex-Colonia-de-SJ-178514.jpg&quot;,&quot;alt&quot;:&quot;&quot;},{&quot;id&quot;:80269,&quot;url&quot;:&quot;https:\\\/\\\/novagestioinmobiliaria.com\\\/wp-content\\\/uploads\\\/2025\\\/07\\\/Duplex-Colonia-de-SJ-178513.jpg&quot;,&quot;alt&quot;:&quot;&quot;},{&quot;id&quot;:80272,&quot;url&quot;:&quot;https:\\\/\\\/novagestioinmobiliaria.com\\\/wp-content\\\/uploads\\\/2025\\\/07\\\/Duplex-Colonia-de-SJ-178512.jpg&quot;,&quot;alt&quot;:&quot;&quot;},{&quot;id&quot;:80275,&quot;url&quot;:&quot;https:\\\/\\\/novagestioinmobiliaria.com\\\/wp-content\\\/uploads\\\/2025\\\/07\\\/Duplex-Colonia-de-SJ-178511.jpg&quot;,&quot;alt&quot;:&quot;&quot;},{&quot;id&quot;:80278,&quot;url&quot;:&quot;https:\\\/\\\/novagestioinmobiliaria.com\\\/wp-content\\\/uploads\\\/2025\\\/07\\\/Duplex-Colonia-de-SJ-178510.jpg&quot;,&quot;alt&quot;:&quot;&quot;},{&quot;id&quot;:80281,&quot;url&quot;:&quot;https:\\\/\\\/novagestioinmobiliaria.com\\\/wp-content\\\/uploads\\\/2025\\\/07\\\/Duplex-Colonia-de-SJ-17859.jpg&quot;,&quot;alt&quot;:&quot;&quot;},{&quot;id&quot;:80284,&quot;url&quot;:&quot;https:\\\/\\\/novagestioinmobiliaria.com\\\/wp-content\\\/uploads\\\/2025\\\/07\\\/Duplex-Colonia-de-SJ-17858.jpg&quot;,&quot;alt&quot;:&quot;&quot;},{&quot;id&quot;:80287,&quot;url&quot;:&quot;https:\\\/\\\/novagestioinmobiliaria.com\\\/wp-content\\\/uploads\\\/2025\\\/07\\\/Duplex-Colonia-de-SJ-17857.jpg&quot;,&quot;alt&quot;:&quot;&quot;},{&quot;id&quot;:80290,&quot;url&quot;:&quot;https:\\\/\\\/novagestioinmobiliaria.com\\\/wp-content\\\/uploads\\\/2025\\\/07\\\/Duplex-Colonia-de-SJ-17856.jpg&quot;,&quot;alt&quot;:&quot;&quot;},{&quot;id&quot;:80293,&quot;url&quot;:&quot;https:\\\/\\\/novagestioinmobiliaria.com\\\/wp-content\\\/uploads\\\/2025\\\/07\\\/Duplex-Colonia-de-SJ-17855.jpg&quot;,&quot;alt&quot;:&quot;&quot;},{&quot;id&quot;:80296,&quot;url&quot;:&quot;https:\\\/\\\/novagestioinmobiliaria.com\\\/wp-content\\\/uploads\\\/2025\\\/07\\\/Duplex-Colonia-de-SJ-17854.jpg&quot;,&quot;alt&quot;:&quot;&quot;},{&quot;id&quot;:80299,&quot;url&quot;:&quot;https:\\\/\\\/novagestioinmobiliaria.com\\\/wp-content\\\/uploads\\\/2025\\\/07\\\/Duplex-Colonia-de-SJ-17853.jpg&quot;,&quot;alt&quot;:&quot;&quot;},{&quot;id&quot;:80302,&quot;url&quot;:&quot;https:\\\/\\\/novagestioinmobiliaria.com\\\/wp-content\\\/uploads\\\/2025\\\/07\\\/Duplex-Colonia-de-SJ-17852.jpg&quot;,&quot;alt&quot;:&quot;&quot;},{&quot;id&quot;:80305,&quot;url&quot;:&quot;https:\\\/\\\/novagestioinmobiliaria.com\\\/wp-content\\\/uploads\\\/2025\\\/07\\\/Duplex-Colonia-de-SJ-178518.jpg&quot;,&quot;alt&quot;:&quot;&quot;},{&quot;id&quot;:80308,&quot;url&quot;:&quot;https:\\\/\\\/novagestioinmobiliaria.com\\\/wp-content\\\/uploads\\\/2025\\\/07\\\/Duplex-Colonia-de-SJ-178517.jpg&quot;,&quot;alt&quot;:&quot;&quot;}],&quot;attributes&quot;:[{&quot;slug&quot;:&quot;property-type&quot;,&quot;name&quot;:&quot;Tipo propiedad&quot;,&quot;has_archive&quot;:true,&quot;elements&quot;:[{&quot;name&quot;:&quot;Wohnungen \\\/ Apartments&quot;,&quot;link&quot;:&quot;https:\\\/\\\/novagestioinmobiliaria.com\\\/de\\\/immobilientyp\\\/wohnungen-apartments\\\/&quot;,&quot;slug&quot;:&quot;wohnungen-apartments&quot;}],&quot;card&quot;:false,&quot;show&quot;:true,&quot;display_after&quot;:&quot;&quot;,&quot;new_box&quot;:false},{&quot;slug&quot;:&quot;offer-type&quot;,&quot;name&quot;:&quot;Tipo operaci\\u00f3n&quot;,&quot;has_archive&quot;:true,&quot;elements&quot;:[{&quot;name&quot;:&quot;Zu vermieten&quot;,&quot;link&quot;:&quot;https:\\\/\\\/novagestioinmobiliaria.com\\\/de\\\/offer-type\\\/zu-vermieten\\\/&quot;,&quot;slug&quot;:&quot;zu-vermieten&quot;}],&quot;card&quot;:true,&quot;show&quot;:true,&quot;display_after&quot;:&quot;&quot;,&quot;new_box&quot;:false},{&quot;slug&quot;:&quot;city&quot;,&quot;name&quot;:&quot;Zona&quot;,&quot;has_archive&quot;:true,&quot;elements&quot;:[{&quot;name&quot;:&quot;Colonia de Sant Jordi&quot;,&quot;link&quot;:&quot;https:\\\/\\\/novagestioinmobiliaria.com\\\/de\\\/city\\\/colonia-de-sant-jordi-de\\\/&quot;,&quot;slug&quot;:&quot;colonia-de-sant-jordi-de&quot;}],&quot;card&quot;:false,&quot;show&quot;:true,&quot;display_after&quot;:&quot;&quot;,&quot;new_box&quot;:false},{&quot;slug&quot;:&quot;price&quot;,&quot;name&quot;:&quot;Precio&quot;,&quot;has_archive&quot;:false,&quot;elements&quot;:[{&quot;name&quot;:&quot;2300&quot;,&quot;link&quot;:&quot;&quot;,&quot;slug&quot;:&quot;&quot;}],&quot;show&quot;:false,&quot;card&quot;:false,&quot;display_after&quot;:&quot;\\u20ac&quot;,&quot;new_box&quot;:false},{&quot;slug&quot;:&quot;bedrooms&quot;,&quot;name&quot;:&quot;Habitaciones&quot;,&quot;has_archive&quot;:false,&quot;elements&quot;:[{&quot;name&quot;:&quot;2&quot;,&quot;link&quot;:&quot;&quot;,&quot;slug&quot;:&quot;&quot;}],&quot;show&quot;:true,&quot;card&quot;:true,&quot;display_after&quot;:&quot;&quot;,&quot;new_box&quot;:false},{&quot;slug&quot;:&quot;bathrooms&quot;,&quot;name&quot;:&quot;Ba\\u00f1os&quot;,&quot;has_archive&quot;:false,&quot;elements&quot;:[{&quot;name&quot;:&quot;2&quot;,&quot;link&quot;:&quot;&quot;,&quot;slug&quot;:&quot;&quot;}],&quot;show&quot;:true,&quot;card&quot;:true,&quot;display_after&quot;:&quot;&quot;,&quot;new_box&quot;:false},{&quot;slug&quot;:&quot;property-size&quot;,&quot;name&quot;:&quot;M2&quot;,&quot;has_archive&quot;:false,&quot;elements&quot;:[{&quot;name&quot;:&quot;90&quot;,&quot;link&quot;:&quot;&quot;,&quot;slug&quot;:&quot;&quot;}],&quot;show&quot;:true,&quot;card&quot;:true,&quot;display_after&quot;:&quot;m\\u00b2&quot;,&quot;new_box&quot;:false}],&quot;views&quot;:30,&quot;days_ago&quot;:&quot;9 monat.&quot;,&quot;image_id&quot;:80287,&quot;image_url&quot;:&quot;https:\\\/\\\/novagestioinmobiliaria.com\\\/wp-content\\\/uploads\\\/2025\\\/07\\\/Duplex-Colonia-de-SJ-17857.jpg&quot;,&quot;tags&quot;:[],&quot;status&quot;:&quot;publish&quot;,&quot;plans&quot;:[],&quot;video_plan&quot;:{&quot;src&quot;:&quot;&quot;,&quot;video&quot;:&quot;&quot;},&quot;virtual_tour&quot;:null,&quot;state&quot;:&quot;&quot;,&quot;labels&quot;:[],&quot;image&quot;:&quot;https:\\\/\\\/novagestioinmobiliaria.com\\\/wp-content\\\/uploads\\\/2025\\\/07\\\/Duplex-Colonia-de-SJ-17857-400x250.jpg&quot;,&quot;image_srcset&quot;:&quot;https:\\\/\\\/novagestioinmobiliaria.com\\\/wp-content\\\/uploads\\\/2025\\\/07\\\/Duplex-Colonia-de-SJ-17857-200x125.jpg 200w, https:\\\/\\\/novagestioinmobiliaria.com\\\/wp-content\\\/uploads\\\/2025\\\/07\\\/Duplex-Colonia-de-SJ-17857-1200x750.jpg 1200w, https:\\\/\\\/novagestioinmobiliaria.com\\\/wp-content\\\/uploads\\\/2025\\\/07\\\/Duplex-Colonia-de-SJ-17857-800x500.jpg 800w, https:\\\/\\\/novagestioinmobiliaria.com\\\/wp-content\\\/uploads\\\/2025\\\/07\\\/Duplex-Colonia-de-SJ-17857-600x375.jpg 600w, https:\\\/\\\/novagestioinmobiliaria.com\\\/wp-content\\\/uploads\\\/2025\\\/07\\\/Duplex-Colonia-de-SJ-17857-400x250.jpg 400w&quot;}'>\r\n\t\t\t\t\t\t\t\t\t\t\t\t\t<\/compare-button>\r\n\t\t\t\t\t\t\t\t\t\t\t\t<\/div>\r\n\t\t\t\t\t\t\t\t\t\t\t\t<div class=\"mh-estate-vertical__buttons__single\">\r\n\t\t\t\t\t\t\t\t\t\t\t\t\t<a href=\"https:\/\/novagestioinmobiliaria.com\/de\/propiedades-properties-immobilien\/duplex-zur-miete-in-colonia-de-sant-jordi-pi1785csj-ade\/\"\r\n\t\t\t\t\t\t\t\t\t\t\t\t\t   title=\"Duplex zur Miete in Colonia de Sant Jordi : : PI1785CSJ-ADE\"\r\n\t\t\t\t\t\t\t\t\t\t\t\t\t   class=\"mdl-button mdl-js-button mdl-button--raised mdl-js-ripple-effect mdl-button--primary-ghost\">\r\n\t\t\t\t\t\t\t\t\t\t\t\t\t\tDetails\t\t\t\t\t\t\t\t\t\t\t\t\t\t<span class=\"mdl-button__icon-right\"><i class=\"fa fa-angle-right\"><\/i><\/span>\r\n\t\t\t\t\t\t\t\t\t\t\t\t\t<\/a>\r\n\t\t\t\t\t\t\t\t\t\t\t\t<\/div>\r\n\t\t\t\t\t\t\t\t\t\t\t<\/div>\r\n\t\t\t\t\t\t\t\t\t\t<\/div>\r\n\t\t\t\t\t\t\t\t\t<\/div>\r\n\t\t\t\t\t\t\t\t<\/div>\r\n\t\t\t\t\t\t\t<\/div>\r\n\t\t\t\t\t\t<\/article>\r\n\t\t\t\t\t<\/div>\r\n\t\t\t\t\t\t\t<\/div>\r\n\t\t\t[vc_empty_space][vc_btn title=&#8221;ALLE IMMOBILIEN&#8221; color=&#8221;turquoise&#8221; size=&#8221;lg&#8221; align=&#8221;center&#8221; link=&#8221;url:https%3A%2F%2Fnovagestioinmobiliaria.com%2Fde%2Foffer-type%2Fzu-vermieten%2F&#8221;][vc_empty_space]\r\n\t\t<div class=\"mh-heading-wrapper  \">\r\n\t\t\t\r\n\t\t\t<h2 class=\"mh-heading  mh-heading--bottom-separator   \"\r\n\t\t\t\t\tstyle=\"font-weight:700;\">\r\n\t\t\t\tUNSER NEUIGKEITEN-BLOG\t\t\t<\/h2>\r\n\r\n\t\t\t\r\n\t\t\t\t\t<\/div>\r\n\r\n        \t\t\t<div class=\"owl-carousel owl-carousel--visible-3 \">\r\n\t\t\t\t\t\t\t\t\t<article\r\n\t\t\t\t\t\tclass=\"mh-post-grid mh-post-grid--img-absolute  post-35392 post type-post status-publish format-standard has-post-thumbnail hentry category-compraventa-de category-immobilien category-immobiliensektor tag-architecture-de tag-design-de tag-house-de\">\r\n\t\t\t\t\t\t<a href=\"https:\/\/novagestioinmobiliaria.com\/de\/nebenkosten-bei-einem-immobilienkauf-in-spanien-nova-gestio-immobilien\/\"\r\n\t\t\t\t\t\t   title=\"Nebenkosten bei einem Immobilienkauf in Spanien\"\r\n\t\t\t\t\t\t   class=\"mh-post-grid__thumbnail\">\r\n\t\t\t\t\t\t\t\t\t\t\t\t\t\t\t<span class=\"mh-thumbnail__inner \">\r\n\t\t\t\t\t\t\t\t            <img\r\n                    data-srcset=\"https:\/\/novagestioinmobiliaria.com\/wp-content\/uploads\/2017\/01\/Gastos-compraventa-02-Nova-Gestio-200x125.jpg 200w, https:\/\/novagestioinmobiliaria.com\/wp-content\/uploads\/2017\/01\/Gastos-compraventa-02-Nova-Gestio-800x500.jpg 800w, https:\/\/novagestioinmobiliaria.com\/wp-content\/uploads\/2017\/01\/Gastos-compraventa-02-Nova-Gestio-600x375.jpg 600w, https:\/\/novagestioinmobiliaria.com\/wp-content\/uploads\/2017\/01\/Gastos-compraventa-02-Nova-Gestio-400x250.jpg 400w\"\r\n                    class=\"lazyload \" alt=\"Nebenkosten bei einem Immobilienkauf in Spanien\"\r\n                    data-sizes=\"auto\"\r\n            >\r\n\t\t\t\t\t\t\t\t\t\t<\/span>\r\n\t\t\t\t\t\t\t\t<span class=\"mh-caption\">\r\n\t\t\t\t\t\t\t\t<span class=\"mh-caption__inner\">15 Januar 2025<\/span>\r\n\t\t\t\t\t\t\t<\/span>\r\n\t\t\t\t\t\t\t\t\t\t\t\t\t<\/a>\r\n\t\t\t\t\t\t<div class=\"mh-post-grid__inner\">\r\n\t\t\t\t\t\t\t<h3 class=\"mh-post-grid__heading\">\r\n\t\t\t\t\t\t\t\t<a href=\"https:\/\/novagestioinmobiliaria.com\/de\/nebenkosten-bei-einem-immobilienkauf-in-spanien-nova-gestio-immobilien\/\" title=\"Nebenkosten bei einem Immobilienkauf in Spanien\">\r\n\t\t\t\t\t\t\t\t\tNebenkosten bei einem Immobilienkauf in Spanien\t\t\t\t\t\t\t\t<\/a>\r\n\t\t\t\t\t\t\t<\/h3>\r\n\t\t\t\t\t\t\t<div class=\"mh-post-grid__excerpt\">\r\n\t\t\t\t\t\t\t\tMit diesem Artikel m\u00f6chten wir unseren Kunden und dem generellen Publikum mehr Klarheit \u00fcber die anfallenden Nebenkosten bei einem Immobilienerwerb in Spanien verschaffen, welche zus\u00e4tzlich zum Immobilienpreis gezahlt werden m\u00fcssen. Wir haben jedoch in vielen...\t\t\t\t\t\t\t<\/div>\r\n\t\t\t\t\t\t\t<div class=\"mh-post-grid__btn-wrapper\">\r\n\t\t\t\t\t\t\t\t<a href=\"https:\/\/novagestioinmobiliaria.com\/de\/nebenkosten-bei-einem-immobilienkauf-in-spanien-nova-gestio-immobilien\/\" title=\"Nebenkosten bei einem Immobilienkauf in Spanien\"\r\n\t\t\t\t\t\t\t\t   class=\"mdl-button mdl-js-button mdl-button--raised mdl-js-ripple-effect mdl-button--primary-ghost\">\r\n\t\t\t\t\t\t\t\t\tMehr lesen\t\t\t\t\t\t\t\t<\/a>\r\n\t\t\t\t\t\t\t<\/div>\r\n\t\t\t\t\t\t<\/div>\r\n\t\t\t\t\t<\/article>\r\n\t\t\t\t\t\t\t<\/div>\r\n\t\t\t[vc_empty_space][vc_btn title=&#8221;UNSERE GOOGLE BEWERTUNGEN&#8221; color=&#8221;turquoise&#8221; size=&#8221;lg&#8221; align=&#8221;center&#8221; link=&#8221;url:https%3A%2F%2Fwww.google.es%2Fsearch%3Fq%3DNova%2BGestio%2BInmobiliaria%2C%2BRambla%2Bdel%2BRei%2Ben%2BJaume%2C%2B11%2C%2B07500%2BManacor%2C%2BIlles%2BBalears%26ludocid%3D11655019601926887453%23lrd%3D0x129649d52a30d8cb%3A0xa1bef293b711181d%2C1|target:_blank&#8221;][\/vc_column][\/vc_row]<\/p>\n<\/div>","protected":false},"excerpt":{"rendered":"<p>[vc_row full_width=&#8221;stretch_row_content_no_spaces&#8221; css=&#8221;.vc_custom_1699006899461{margin-bottom: 10px !important;}&#8221;][vc_column 0=&#8221;&#8221;][vc_single_image image=&#8221;61280&#8243; img_size=&#8221;full&#8221; alignment=&#8221;center&#8221;][vc_empty_space height=&#8221;15px&#8221;][\/vc_column][\/vc_row][vc_row][vc_column][vc_row_inner][vc_column_inner width=&#8221;1\/4&#8243;][vc_btn title=&#8221;IMMOBILIEN ZU VERKAUFEN&#8221; color=&#8221;turquoise&#8221; size=&#8221;lg&#8221; align=&#8221;center&#8221; button_block=&#8221;true&#8221; link=&#8221;url:https%3A%2F%2Fnovagestioinmobiliaria.com%2Fde%2Foffer-type%2Fzu-verkaufen%2F|target:_blank&#8221;][\/vc_column_inner][vc_column_inner width=&#8221;1\/4&#8243;][vc_btn title=&#8221;IMMOBILIEN ZU VERMIETEN&#8221; color=&#8221;turquoise&#8221; size=&#8221;lg&#8221; align=&#8221;center&#8221; button_block=&#8221;true&#8221; link=&#8221;url:https%3A%2F%2Fnovagestioinmobiliaria.com%2Fde%2Foffer-type%2Fzu-vermieten%2F|target:_blank&#8221;][\/vc_column_inner][vc_column_inner width=&#8221;1\/4&#8243;][vc_btn title=&#8221;EMPFOHLENE KAUFOBJEKTE&#8221; color=&#8221;turquoise&#8221; size=&#8221;lg&#8221; align=&#8221;center&#8221; button_block=&#8221;true&#8221; link=&#8221;url:https%3A%2F%2Fnovagestioinmobiliaria.com%2Fde%2Fempfohlene-kaufobjekte-3%2F|target:_blank&#8221;][\/vc_column_inner][vc_column_inner width=&#8221;1\/4&#8243;][vc_btn title=&#8221;EMPFOHLENE MIETOBJEKTE&#8221; color=&#8221;turquoise&#8221; size=&#8221;lg&#8221; align=&#8221;center&#8221; button_block=&#8221;true&#8221; link=&#8221;url:https%3A%2F%2Fnovagestioinmobiliaria.com%2Fde%2Fempfohlene-mietobjekte%2F|target:_blank&#8221;][\/vc_column_inner][\/vc_row_inner][vc_row_inner][vc_column_inner width=&#8221;1\/2&#8243;][vc_column_text css=&#8221;&#8221;]Besitzen Sie eine Immobilie und wissen nicht, wie viel sie [&hellip;]<\/p>\n","protected":false},"author":1,"featured_media":0,"parent":0,"menu_order":0,"comment_status":"closed","ping_status":"closed","template":"page_full-width.php","meta":{"_exactmetrics_skip_tracking":false,"_exactmetrics_sitenote_active":false,"_exactmetrics_sitenote_note":"","_exactmetrics_sitenote_category":0,"footnotes":"","_joinchat":[]},"_links":{"self":[{"href":"https:\/\/novagestioinmobiliaria.com\/de\/wp-json\/wp\/v2\/pages\/2249"}],"collection":[{"href":"https:\/\/novagestioinmobiliaria.com\/de\/wp-json\/wp\/v2\/pages"}],"about":[{"href":"https:\/\/novagestioinmobiliaria.com\/de\/wp-json\/wp\/v2\/types\/page"}],"author":[{"embeddable":true,"href":"https:\/\/novagestioinmobiliaria.com\/de\/wp-json\/wp\/v2\/users\/1"}],"replies":[{"embeddable":true,"href":"https:\/\/novagestioinmobiliaria.com\/de\/wp-json\/wp\/v2\/comments?post=2249"}],"version-history":[{"count":65,"href":"https:\/\/novagestioinmobiliaria.com\/de\/wp-json\/wp\/v2\/pages\/2249\/revisions"}],"predecessor-version":[{"id":79870,"href":"https:\/\/novagestioinmobiliaria.com\/de\/wp-json\/wp\/v2\/pages\/2249\/revisions\/79870"}],"wp:attachment":[{"href":"https:\/\/novagestioinmobiliaria.com\/de\/wp-json\/wp\/v2\/media?parent=2249"}],"curies":[{"name":"wp","href":"https:\/\/api.w.org\/{rel}","templated":true}]}}