{"id":79864,"date":"2025-07-15T11:29:59","date_gmt":"2025-07-15T11:29:59","guid":{"rendered":"https:\/\/novagestioinmobiliaria.com\/eigentuemer-der-eine-anfrage-stellt\/"},"modified":"2025-07-15T17:40:17","modified_gmt":"2025-07-15T17:40:17","slug":"eigentuemer-der-eine-anfrage-stellt","status":"publish","type":"page","link":"https:\/\/novagestioinmobiliaria.com\/de\/eigentuemer-der-eine-anfrage-stellt\/","title":{"rendered":"Eigent\u00fcmer, der eine Anfrage stellt"},"content":{"rendered":"<div class=\"wpb-content-wrapper\"><p>[vc_row full_width=&#8221;stretch_row_content_no_spaces&#8221;][vc_column]\r\n\t\t<div class=\"mh-heading-wrapper  \">\r\n\t\t\t\t\t\t\t<div class=\"mh-heading-background-wrapper mh-background-cover lazyload\" style=\"background-image:inherit;\" data-bg-image=\"url(&#039;https:\/\/novagestioinmobiliaria.com\/wp-content\/uploads\/2019\/06\/Finca-alquiler-Sant-Joan-ref-732-6.jpg&#039;)\">\r\n\t\t\t\r\n\t\t\t<h1 class=\"mh-heading mh-color-white mh-heading--bottom-separator   \"\r\n\t\t\t\t\tstyle=\"font-weight:700;\">\r\n\t\t\t\tICH M\u00d6CHTE EINE KOSTENLOSE IMMOBILIENBEWERTUNG\t\t\t<\/h1>\r\n\r\n\t\t\t\r\n\t\t\t\t\t\t\t<\/div>\r\n\t\t\t\t\t<\/div>\r\n\r\n        [\/vc_column][\/vc_row][vc_row 0=&#8221;&#8221;][vc_column css=&#8221;.vc_custom_1494338363945{padding-top: 39px !important;padding-bottom: 24px !important;}&#8221;][vc_row_inner][vc_column_inner][vc_empty_space height=&#8221;12px&#8221;][\/vc_column_inner][\/vc_row_inner][vc_single_image image=&#8221;3186&#8243; img_size=&#8221;full&#8221; alignment=&#8221;center&#8221;][vc_row_inner 0=&#8221;&#8221;][vc_column_inner width=&#8221;1\/2&#8243;]\r\n\t\t<div class=\"mh-heading-wrapper  \">\r\n\t\t\t\r\n\t\t\t<h3 class=\"mh-heading  mh-heading--bottom-separator    vc_custom_1752600172862\"\r\n\t\t\t\t\tstyle=\"font-weight:700;\">\r\n\t\t\t\tM\u00f6chten Sie, dass wir Ihre Immobilie bewerten?\t\t\t<\/h3>\r\n\r\n\t\t\t\r\n\t\t\t\t\t<\/div>\r\n\r\n        [vc_column_text css=&#8221;&#8221;]<br \/>\n<strong>Besitzen Sie eine Immobilie und wissen nicht, wie viel sie wert sein k\u00f6nnte?<\/strong><br \/>\n<strong>Nova Gesti\u00f3 Inmobiliaria bewertet sie kostenlos und unverbindlich f\u00fcr Sie.<\/strong><br \/>\nWir besichtigen sie auch kostenlos, um Ihnen eine realistische, marktgerechte Bewertung zu erstellen.<br \/>\nSchreiben Sie uns, und wir vereinbaren einen kostenlosen Besichtigungstermin mit einem erfahrenen Immobilienmakler. M\u00f6chten Sie wissen, wie viel Ihre Immobilie wert ist?<br \/>\nNova Gesti\u00f3 Inmobiliaria bietet Ihnen eine kostenlose, professionelle und unverbindliche Bewertung an.<br \/>\nEiner unserer Makler besucht Ihre Immobilie kostenlos und ermittelt pers\u00f6nlich den Marktwert.<br \/>\nDas ist der erste Schritt zu einem erfolgreichen Verkauf!<\/p>\n<p>Kontaktieren Sie uns jetzt und vereinbaren Sie einen kostenlosen Besichtigungstermin.<\/p>\n<p><strong>F\u00fcllen Sie unser Formular aus.<\/strong>[\/vc_column_text]\r\n\t\t<div class=\"mh-heading-wrapper  \">\r\n\t\t\t\r\n\t\t\t<h3 class=\"mh-heading  mh-heading--bottom-separator    vc_custom_1752599771732\"\r\n\t\t\t\t\tstyle=\"font-weight:700;\">\r\n\t\t\t\tKOSTENLOSES IMMOBILIENBEWERTUNGSFORMULAR\t\t\t<\/h3>\r\n\r\n\t\t\t\r\n\t\t\t\t\t<\/div>\r\n\r\n        \n<div class=\"wpcf7 no-js\" id=\"wpcf7-f79874-o1\" lang=\"en-US\" dir=\"ltr\">\n<div class=\"screen-reader-response\"><p role=\"status\" aria-live=\"polite\" aria-atomic=\"true\"><\/p> <ul><\/ul><\/div>\n<form action=\"\/de\/wp-json\/wp\/v2\/pages\/79864#wpcf7-f79874-o1\" method=\"post\" class=\"wpcf7-form init\" aria-label=\"Contact form\" novalidate=\"novalidate\" data-status=\"init\">\n<div style=\"display: none;\">\n<input type=\"hidden\" name=\"_wpcf7\" value=\"79874\" \/>\n<input type=\"hidden\" name=\"_wpcf7_version\" value=\"5.9.8\" \/>\n<input type=\"hidden\" name=\"_wpcf7_locale\" value=\"en_US\" \/>\n<input type=\"hidden\" name=\"_wpcf7_unit_tag\" value=\"wpcf7-f79874-o1\" \/>\n<input type=\"hidden\" name=\"_wpcf7_container_post\" value=\"0\" \/>\n<input type=\"hidden\" name=\"_wpcf7_posted_data_hash\" value=\"\" \/>\n<input type=\"hidden\" name=\"_wpcf7_recaptcha_response\" value=\"\" \/>\n<\/div>\n<p>Felder mit * sind Pflichtfelder. <label><span class=\"wpcf7-form-control-wrap\" data-name=\"su-nombre\"><input size=\"40\" maxlength=\"400\" class=\"wpcf7-form-control wpcf7-text wpcf7-validates-as-required\" aria-required=\"true\" aria-invalid=\"false\" placeholder=\"Ihr vollst\u00e4ndiger Name*\" value=\"\" type=\"text\" name=\"su-nombre\" \/><\/span><\/label><label><span class=\"wpcf7-form-control-wrap\" data-name=\"su-mail\"><input size=\"40\" maxlength=\"400\" class=\"wpcf7-form-control wpcf7-email wpcf7-validates-as-required wpcf7-text wpcf7-validates-as-email\" aria-required=\"true\" aria-invalid=\"false\" placeholder=\"Ihre E-Mail*\" value=\"\" type=\"email\" name=\"su-mail\" \/><\/span><\/label><label><span class=\"wpcf7-form-control-wrap\" data-name=\"su-telefono\"><input size=\"40\" maxlength=\"400\" class=\"wpcf7-form-control wpcf7-text wpcf7-validates-as-required\" aria-required=\"true\" aria-invalid=\"false\" placeholder=\"Ihre Telefonnummer*\" value=\"\" type=\"text\" name=\"su-telefono\" \/><\/span><\/label><span class=\"wpcf7-form-control-wrap\" data-name=\"vendo\"><select class=\"wpcf7-form-control wpcf7-select wpcf7-validates-as-required\" aria-required=\"true\" aria-invalid=\"false\" name=\"vendo\"><option value=\"Ich verkaufe ein\/e...*\">Ich verkaufe ein\/e...*<\/option><option value=\"Reihenhaus \/ Doppelhaush\u00e4lfte\">Reihenhaus \/ Doppelhaush\u00e4lfte<\/option><option value=\"Freistehendes Haus\">Freistehendes Haus<\/option><option value=\"Villa\">Villa<\/option><option value=\"B\u00fcro\">B\u00fcro<\/option><option value=\"Rustikales Anwesen\">Rustikales Anwesen<\/option><option value=\"Garage\">Garage<\/option><option value=\"Gewerbefl\u00e4che\">Gewerbefl\u00e4che<\/option><option value=\"Industriehalle\">Industriehalle<\/option><option value=\"Stellplatz\">Stellplatz<\/option><option value=\"Wohnung \/ Apartment\">Wohnung \/ Apartment<\/option><option value=\"Erdgeschosswohnung\">Erdgeschosswohnung<\/option><option value=\"Besondere Immobilie\">Besondere Immobilie<\/option><option value=\"Baugrundst\u00fcck\">Baugrundst\u00fcck<\/option><option value=\"Landwirtschaftsfl\u00e4che\">Landwirtschaftsfl\u00e4che<\/option><option value=\"Andere\">Andere<\/option><\/select><\/span><label><span class=\"wpcf7-form-control-wrap\" data-name=\"su-poblacion\"><input size=\"40\" maxlength=\"400\" class=\"wpcf7-form-control wpcf7-text wpcf7-validates-as-required\" aria-required=\"true\" aria-invalid=\"false\" placeholder=\"Ort*\" value=\"\" type=\"text\" name=\"su-poblacion\" \/><\/span><\/label><label><span class=\"wpcf7-form-control-wrap\" data-name=\"zona\"><input size=\"40\" maxlength=\"400\" class=\"wpcf7-form-control wpcf7-text\" aria-invalid=\"false\" placeholder=\"Gebiet der Immobilie\" value=\"\" type=\"text\" name=\"zona\" \/><\/span><\/label><label><span class=\"wpcf7-form-control-wrap\" data-name=\"caracteristicas\"><textarea cols=\"40\" rows=\"10\" maxlength=\"2000\" class=\"wpcf7-form-control wpcf7-textarea\" aria-invalid=\"false\" placeholder=\"Bitte beschreiben Sie Ihre Immobilie so genau wie m\u00f6glich.\" name=\"caracteristicas\"><\/textarea><\/span> <\/label><span class=\"wpcf7-form-control-wrap\" data-name=\"terminos-condiciones\"><span class=\"wpcf7-form-control wpcf7-acceptance\"><span class=\"wpcf7-list-item\"><input type=\"checkbox\" name=\"terminos-condiciones\" value=\"1\" aria-invalid=\"false\" \/><\/span><\/span><\/span><a href=\"http:\/\/novagestioinmobiliaria.com\/aviso-legal-y-proteccion-de-datos\/\" target=\"_blank\" rel=\"noopener\"> Mit dem Absenden dieses Formulars akzeptiere ich die rechtlichen Bedingungen<\/a><br \/>\n<input class=\"wpcf7-form-control wpcf7-submit has-spinner\" type=\"submit\" value=\"Formular absenden\" \/>\n<\/p><div class=\"wpcf7-response-output\" aria-hidden=\"true\"><\/div>\n<\/form>\n<\/div>\n[\/vc_column_inner][vc_column_inner width=&#8221;1\/2&#8243;][vc_single_image image=&#8221;79772&#8243; img_size=&#8221;full&#8221; css=&#8221;&#8221;][\/vc_column_inner][\/vc_row_inner][\/vc_column][\/vc_row][vc_row 0=&#8221;&#8221; full_width=&#8221;stretch_row&#8221; css=&#8221;.vc_custom_1494609476686{background-color: #f4f4f4 !important;}&#8221;][vc_column css=&#8221;.vc_custom_1494333765775{padding-top: 39px !important;padding-bottom: 24px !important;}&#8221;]\r\n\t\t<div class=\"mh-heading-wrapper  \">\r\n\t\t\t\r\n\t\t\t<h2 class=\"mh-heading  mh-heading--bottom-separator    vc_custom_1752599748340\"\r\n\t\t\t\t\tstyle=\"font-weight:700;\">\r\n\t\t\t\tAusgew\u00e4hlte Immobilien\t\t\t<\/h2>\r\n\r\n\t\t\t\r\n\t\t\t\t\t<\/div>\r\n\r\n        \t\t\t<div class=\"mh-carousel owl-carousel owl-carousel--visible-3 \">\r\n\t\t\t\t\r\n\t\t\t\t\t<div class=\"item\">\r\n\t\t\t\t\t\t<article class=\"mh-estate-vertical   mh-attribute-property-type__wohnungen-apartments mh-attribute-offer-type__zu-vermieten mh-attribute-city__cala-ratjada-de mh-attribute-features__2-doppelzimmer mh-attribute-features__einbaukueche mh-attribute-features__moebliert mh-attribute-features__ruhige-lage mh-attribute-features__wascherei\">\r\n\t\t\t\t\t\t\t<a href=\"https:\/\/novagestioinmobiliaria.com\/de\/propiedades-properties-immobilien\/wohnung-zur-miete-in-cala-ratjada-pi1884ca-ade\/\"\r\n\t\t\t\t\t\t\t   title=\"Wohnung zur Miete in Cala Ratjada : : PI1884CA-ADE\"\r\n\t\t\t\t\t\t\t   class=\"mh-thumbnail\">\r\n                        <span class=\"mh-thumbnail__inner\">\r\n                                                <\/span>\r\n\r\n\t\t\t\t\t\t\t\t\t\t\t\t\t\t\t\t\t<div class=\"mh-caption\">\r\n\t\t\t\t\t\t\t\t\t\t<div class=\"mh-caption__inner\">\r\n\t\t\t\t\t\t\t\t\t\t\tZu vermieten\t\t\t\t\t\t\t\t\t\t<\/div>\r\n\t\t\t\t\t\t\t\t\t<\/div>\r\n\t\t\t\t\t\t\t\t\t\r\n\t\t\t\t\t\t\t\t<div class=\"mh-estate-vertical__text\">\r\n\t\t\t\t\t\t\t\t\t<div class=\"mh-estate-vertical__text__inner\">\r\n\t\t\t\t\t\t\t\t\t\tWohnung zur Miete in Cala Ratjada mit sonniger privater Terrasse und ger\u00e4umigem Dachboden als zus\u00e4tzlichem Raum. Halb m\u00f6bliert und hell,...\t\t\t\t\t\t\t\t\t<\/div>\r\n\t\t\t\t\t\t\t\t<\/div>\r\n\t\t\t\t\t\t\t<\/a>\r\n\r\n\t\t\t\t\t\t\t<div class=\"mh-estate-vertical__content\">\r\n\t\t\t\t\t\t\t\t<h3 class=\"mh-estate-vertical__heading\">\r\n\t\t\t\t\t\t\t\t\t<a href=\"https:\/\/novagestioinmobiliaria.com\/de\/propiedades-properties-immobilien\/wohnung-zur-miete-in-cala-ratjada-pi1884ca-ade\/\"\r\n\t\t\t\t\t\t\t\t\t   title=\"Wohnung zur Miete in Cala Ratjada : : PI1884CA-ADE\">\r\n\t\t\t\t\t\t\t\t\t\tWohnung zur Miete in Cala Ratjada : : PI1884CA-ADE\t\t\t\t\t\t\t\t\t<\/a>\r\n\t\t\t\t\t\t\t\t<\/h3>\r\n\t\t\t\t\t\t\t\t<address class=\"mh-estate-vertical__subheading\">\r\n\t\t\t\t\t\t\t\t\tC\t\t\t\t\t\t\t\t<\/address>\r\n\t\t\t\t\t\t\t\t<div class=\"mh-estate-vertical__primary\">\r\n\t\t\t\t\t\t\t\t\t2.000 \u20ac\t\t\t\t\t\t\t\t<\/div>\r\n\r\n\t\t\t\t\t\t\t\t<div>\r\n\t\t\t\t\t\t\t\t\t<div class=\"mh-estate__list\">\r\n\t\t\t\t\t\t\t\t\t\t\r\n\t\t\t\t\t\t\t\t\t\t\t<span class=\"mh-estate-vertical__more-info mh-estate_attribute-offer-type\">\r\n                                        <strong>Tipo operaci\u00f3n:<\/strong>\r\n\t\t\t\t\t\t\t\t\t\t\t\t\t\t\t\t\t\t\t\t\t\t\t\t\t\tZu vermieten\t\t\t\t\t\t\t\t\t\t\t\t\t\t                                    <\/span>\r\n\r\n\t\t\t\t\t\t\t\t\t\t\r\n\t\t\t\t\t\t\t\t\t\t\t<span class=\"mh-estate-vertical__more-info mh-estate_attribute-bedrooms\">\r\n                                        <strong>Habitaciones:<\/strong>\r\n\t\t\t\t\t\t\t\t\t\t\t\t2                                    <\/span>\r\n\r\n\t\t\t\t\t\t\t\t\t\t\r\n\t\t\t\t\t\t\t\t\t\t\t<span class=\"mh-estate-vertical__more-info mh-estate_attribute-bathrooms\">\r\n                                        <strong>Ba\u00f1os:<\/strong>\r\n\t\t\t\t\t\t\t\t\t\t\t\t1                                    <\/span>\r\n\r\n\t\t\t\t\t\t\t\t\t\t\r\n\t\t\t\t\t\t\t\t\t\t\t<span class=\"mh-estate-vertical__more-info mh-estate_attribute-property-size\">\r\n                                        <strong>M2:<\/strong>\r\n\t\t\t\t\t\t\t\t\t\t\t\t72 m\u00b2                                    <\/span>\r\n\r\n\t\t\t\t\t\t\t\t\t\t\t\t\t\t\t\t\t\t\t<\/div>\r\n\t\t\t\t\t\t\t\t<\/div>\r\n\r\n\t\t\t\t\t\t\t\t<div class=\"mh-estate-vertical__bottom\">\r\n\t\t\t\t\t\t\t\t\t<div class=\"mh-estate-vertical__bottom__inner\">\r\n\t\t\t\t\t\t\t\t\t\t<div class=\"mh-estate-vertical__date\">\r\n\t\t\t\t\t\t\t\t\t\t\t7\u00a0Stunden.\t\t\t\t\t\t\t\t\t\t<\/div>\r\n\t\t\t\t\t\t\t\t\t\t<div class=\"mh-estate-vertical__buttons-wrapper\">\r\n\t\t\t\t\t\t\t\t\t\t\t<div class=\"mh-estate-vertical__buttons\">\r\n\t\t\t\t\t\t\t\t\t\t\t\t<div class=\"mh-estate-vertical__buttons__single\">\r\n\t\t\t\t\t\t\t\t\t\t\t\t\t<compare-button class=\"myhome-compare\"\r\n\t\t\t\t\t\t\t\t\t\t\t\t\t\t\t\t\t:translations='{&quot;added&quot;:&quot;Zus\\u00e4tzlich&quot;,&quot;compare&quot;:&quot;Vergleichen&quot;}'\r\n\t\t\t\t\t\t\t\t\t\t\t\t\t\t\t\t\t:estate='{&quot;short_excerpt_limit&quot;:125,&quot;long_excerpt_limit&quot;:160,&quot;id&quot;:89427,&quot;agent_id&quot;:&quot;26&quot;,&quot;title&quot;:&quot;Wohnung zur Miete in Cala Ratjada : : PI1884CA-ADE&quot;,&quot;content&quot;:&quot;Wohnung zur Miete in Cala Ratjada mit sonniger privater Terrasse und ger\\u00e4umigem Dachboden als zus\\u00e4tzlichem Raum. Halb m\\u00f6bliert und hell, gut angebunden und mit allen Dienstleistungen in der N\\u00e4he.\\r\\nDie Wohnung ist aufgeteilt in eine K\\u00fcche mit amerikanischer Theke, die in das Esszimmer integriert ist. Sie verf\\u00fcgt \\u00fcber 2 Doppelzimmer mit Einbauschr\\u00e4nken und ein drittes Zimmer als Wohnzimmer sowie ein komplettes Badezimmer mit Badewanne. Im Obergeschoss befindet sich ein Dachboden mit sichtbaren Holzbalken, der zus\\u00e4tzlichen offenen Raum mit Sitzbereich und Waschmaschine bietet, mit Zugang zur privaten Terrasse, die mit Tisch, St\\u00fchlen und Sonnenliegen unter einem Segeltuch ausgestattet ist.\\r\\n72 m\\u00b2 Nutzfl\\u00e4che \\\/ 121 m\\u00b2 Wohnfl\\u00e4che, amerikanische K\\u00fcche, Esszimmer, 2 Schlafzimmer, 1 komplettes Badezimmer mit Badewanne, private Terrasse von 32 m\\u00b2, Dachboden von 32 m\\u00b2, K\\u00fcche mit Fr\\u00fchst\\u00fcckstheke ausgestattet, m\\u00f6bliert, Waschmaschine inklusive.\\r\\nMIETBEDINGUNGEN:\\r\\n\\u2013 Saisonale Vermietung (11 Monate).\\r\\n\\u2013 Wirtschaftliche Solvenz muss durch unbefristeten Arbeitsvertrag und nachweisbare Eink\\u00fcnfte belegt werden.\\r\\n\\u2013 Strom- und Wasserkosten sind NICHT INBEGRIFFEN.\\r\\n\\u2013 Abfallgeb\\u00fchr inbegriffen.\\r\\n\\u2013 1 Monat Kaution.\\r\\n\\u2013 Haustiere mit Bedingungen erlaubt.\\r\\n\\u2013 Agenturprovision nach Vereinbarung.\\r\\n\\r\\nNova Gesti\\u00f3, Immobilienagentur in Cala Ratjada.&quot;,&quot;excerpt&quot;:&quot;Wohnung zur Miete in Cala Ratjada mit sonniger privater Terrasse und ger\\u00e4umigem Dachboden als zus\\u00e4tzlichem Raum. Halb m\\u00f6bliert und hell, gut angebunden und mit allen Dienstleistungen in der N\\u00e4he. Die Wohnung ist aufgeteilt in eine K\\u00fcche mit amerikanischer Theke, die in das Esszimmer integriert ist. Sie verf\\u00fcgt \\u00fcber 2 Doppelzimmer mit Einbauschr\\u00e4nken und ein drittes [\\u2026]&quot;,&quot;short_excerpt&quot;:&quot;Wohnung zur Miete in Cala Ratjada mit sonniger privater Terrasse und ger\\u00e4umigem Dachboden als zus\\u00e4tzlichem Raum. Halb m\\u00f6bl...&quot;,&quot;long_excerpt&quot;:&quot;Wohnung zur Miete in Cala Ratjada mit sonniger privater Terrasse und ger\\u00e4umigem Dachboden als zus\\u00e4tzlichem Raum. Halb m\\u00f6bliert und hell, gut angebunden und m...&quot;,&quot;link&quot;:&quot;https:\\\/\\\/novagestioinmobiliaria.com\\\/de\\\/propiedades-properties-immobilien\\\/wohnung-zur-miete-in-cala-ratjada-pi1884ca-ade\\\/&quot;,&quot;offer_type&quot;:&quot;Zu vermieten&quot;,&quot;price&quot;:&quot;2.000 \\u20ac&quot;,&quot;location&quot;:&quot;C&quot;,&quot;is_featured&quot;:true,&quot;gallery&quot;:[{&quot;id&quot;:89415,&quot;url&quot;:&quot;https:\\\/\\\/novagestioinmobiliaria.com\\\/wp-content\\\/uploads\\\/2026\\\/04\\\/Piso-Alquiler-Cala-Ratjada-ref-1884-12.jpg&quot;,&quot;alt&quot;:&quot;&quot;},{&quot;id&quot;:89409,&quot;url&quot;:&quot;https:\\\/\\\/novagestioinmobiliaria.com\\\/wp-content\\\/uploads\\\/2026\\\/04\\\/Piso-Alquiler-Cala-Ratjada-ref-1884-10.jpg&quot;,&quot;alt&quot;:&quot;&quot;},{&quot;id&quot;:89403,&quot;url&quot;:&quot;https:\\\/\\\/novagestioinmobiliaria.com\\\/wp-content\\\/uploads\\\/2026\\\/04\\\/Piso-Alquiler-Cala-Ratjada-ref-1884-8.jpg&quot;,&quot;alt&quot;:&quot;&quot;},{&quot;id&quot;:89421,&quot;url&quot;:&quot;https:\\\/\\\/novagestioinmobiliaria.com\\\/wp-content\\\/uploads\\\/2026\\\/04\\\/Piso-Alquiler-Cala-Ratjada-ref-1884-14.jpg&quot;,&quot;alt&quot;:&quot;&quot;},{&quot;id&quot;:89388,&quot;url&quot;:&quot;https:\\\/\\\/novagestioinmobiliaria.com\\\/wp-content\\\/uploads\\\/2026\\\/04\\\/Piso-Alquiler-Cala-Ratjada-ref-1884-3.jpg&quot;,&quot;alt&quot;:&quot;&quot;},{&quot;id&quot;:89391,&quot;url&quot;:&quot;https:\\\/\\\/novagestioinmobiliaria.com\\\/wp-content\\\/uploads\\\/2026\\\/04\\\/Piso-Alquiler-Cala-Ratjada-ref-1884-4.jpg&quot;,&quot;alt&quot;:&quot;&quot;},{&quot;id&quot;:89385,&quot;url&quot;:&quot;https:\\\/\\\/novagestioinmobiliaria.com\\\/wp-content\\\/uploads\\\/2026\\\/04\\\/Piso-Alquiler-Cala-Ratjada-ref-1884-2.jpg&quot;,&quot;alt&quot;:&quot;&quot;},{&quot;id&quot;:89424,&quot;url&quot;:&quot;https:\\\/\\\/novagestioinmobiliaria.com\\\/wp-content\\\/uploads\\\/2026\\\/04\\\/Piso-Alquiler-Cala-Ratjada-ref-1884-15.jpg&quot;,&quot;alt&quot;:&quot;&quot;},{&quot;id&quot;:89394,&quot;url&quot;:&quot;https:\\\/\\\/novagestioinmobiliaria.com\\\/wp-content\\\/uploads\\\/2026\\\/04\\\/Piso-Alquiler-Cala-Ratjada-ref-1884-5.jpg&quot;,&quot;alt&quot;:&quot;&quot;},{&quot;id&quot;:89418,&quot;url&quot;:&quot;https:\\\/\\\/novagestioinmobiliaria.com\\\/wp-content\\\/uploads\\\/2026\\\/04\\\/Piso-Alquiler-Cala-Ratjada-ref-1884-13.jpg&quot;,&quot;alt&quot;:&quot;&quot;},{&quot;id&quot;:89406,&quot;url&quot;:&quot;https:\\\/\\\/novagestioinmobiliaria.com\\\/wp-content\\\/uploads\\\/2026\\\/04\\\/Piso-Alquiler-Cala-Ratjada-ref-1884-9.jpg&quot;,&quot;alt&quot;:&quot;&quot;},{&quot;id&quot;:89400,&quot;url&quot;:&quot;https:\\\/\\\/novagestioinmobiliaria.com\\\/wp-content\\\/uploads\\\/2026\\\/04\\\/Piso-Alquiler-Cala-Ratjada-ref-1884-7.jpg&quot;,&quot;alt&quot;:&quot;&quot;},{&quot;id&quot;:89412,&quot;url&quot;:&quot;https:\\\/\\\/novagestioinmobiliaria.com\\\/wp-content\\\/uploads\\\/2026\\\/04\\\/Piso-Alquiler-Cala-Ratjada-ref-1884-11.jpg&quot;,&quot;alt&quot;:&quot;&quot;},{&quot;id&quot;:89397,&quot;url&quot;:&quot;https:\\\/\\\/novagestioinmobiliaria.com\\\/wp-content\\\/uploads\\\/2026\\\/04\\\/Piso-Alquiler-Cala-Ratjada-ref-1884-6.jpg&quot;,&quot;alt&quot;:&quot;&quot;},{&quot;id&quot;:89382,&quot;url&quot;:&quot;https:\\\/\\\/novagestioinmobiliaria.com\\\/wp-content\\\/uploads\\\/2026\\\/04\\\/Piso-Alquiler-Cala-Ratjada-ref-1884-1.jpg&quot;,&quot;alt&quot;:&quot;&quot;}],&quot;attributes&quot;:[{&quot;slug&quot;:&quot;property-type&quot;,&quot;name&quot;:&quot;Tipo propiedad&quot;,&quot;has_archive&quot;:true,&quot;elements&quot;:[{&quot;name&quot;:&quot;Wohnungen \\\/ Apartments&quot;,&quot;link&quot;:&quot;https:\\\/\\\/novagestioinmobiliaria.com\\\/de\\\/immobilientyp\\\/wohnungen-apartments\\\/&quot;,&quot;slug&quot;:&quot;wohnungen-apartments&quot;}],&quot;card&quot;:false,&quot;show&quot;:true,&quot;display_after&quot;:&quot;&quot;,&quot;new_box&quot;:false},{&quot;slug&quot;:&quot;offer-type&quot;,&quot;name&quot;:&quot;Tipo operaci\\u00f3n&quot;,&quot;has_archive&quot;:true,&quot;elements&quot;:[{&quot;name&quot;:&quot;Zu vermieten&quot;,&quot;link&quot;:&quot;https:\\\/\\\/novagestioinmobiliaria.com\\\/de\\\/offer-type\\\/zu-vermieten\\\/&quot;,&quot;slug&quot;:&quot;zu-vermieten&quot;}],&quot;card&quot;:true,&quot;show&quot;:true,&quot;display_after&quot;:&quot;&quot;,&quot;new_box&quot;:false},{&quot;slug&quot;:&quot;city&quot;,&quot;name&quot;:&quot;Zona&quot;,&quot;has_archive&quot;:true,&quot;elements&quot;:[{&quot;name&quot;:&quot;Cala Ratjada&quot;,&quot;link&quot;:&quot;https:\\\/\\\/novagestioinmobiliaria.com\\\/de\\\/city\\\/cala-ratjada-de\\\/&quot;,&quot;slug&quot;:&quot;cala-ratjada-de&quot;}],&quot;card&quot;:false,&quot;show&quot;:true,&quot;display_after&quot;:&quot;&quot;,&quot;new_box&quot;:false},{&quot;slug&quot;:&quot;price&quot;,&quot;name&quot;:&quot;Precio&quot;,&quot;has_archive&quot;:false,&quot;elements&quot;:[{&quot;name&quot;:&quot;2000&quot;,&quot;link&quot;:&quot;&quot;,&quot;slug&quot;:&quot;&quot;}],&quot;show&quot;:false,&quot;card&quot;:false,&quot;display_after&quot;:&quot;\\u20ac&quot;,&quot;new_box&quot;:false},{&quot;slug&quot;:&quot;bedrooms&quot;,&quot;name&quot;:&quot;Habitaciones&quot;,&quot;has_archive&quot;:false,&quot;elements&quot;:[{&quot;name&quot;:&quot;2&quot;,&quot;link&quot;:&quot;&quot;,&quot;slug&quot;:&quot;&quot;}],&quot;show&quot;:true,&quot;card&quot;:true,&quot;display_after&quot;:&quot;&quot;,&quot;new_box&quot;:false},{&quot;slug&quot;:&quot;bathrooms&quot;,&quot;name&quot;:&quot;Ba\\u00f1os&quot;,&quot;has_archive&quot;:false,&quot;elements&quot;:[{&quot;name&quot;:&quot;1&quot;,&quot;link&quot;:&quot;&quot;,&quot;slug&quot;:&quot;&quot;}],&quot;show&quot;:true,&quot;card&quot;:true,&quot;display_after&quot;:&quot;&quot;,&quot;new_box&quot;:false},{&quot;slug&quot;:&quot;property-size&quot;,&quot;name&quot;:&quot;M2&quot;,&quot;has_archive&quot;:false,&quot;elements&quot;:[{&quot;name&quot;:&quot;72&quot;,&quot;link&quot;:&quot;&quot;,&quot;slug&quot;:&quot;&quot;}],&quot;show&quot;:true,&quot;card&quot;:true,&quot;display_after&quot;:&quot;m\\u00b2&quot;,&quot;new_box&quot;:false},{&quot;slug&quot;:&quot;features&quot;,&quot;name&quot;:&quot;Caracter\\u00edsticas&quot;,&quot;has_archive&quot;:true,&quot;elements&quot;:[{&quot;name&quot;:&quot;2 Doppelzimmer&quot;,&quot;link&quot;:&quot;https:\\\/\\\/novagestioinmobiliaria.com\\\/de\\\/eigenschaften\\\/2-doppelzimmer\\\/&quot;,&quot;slug&quot;:&quot;2-doppelzimmer&quot;},{&quot;name&quot;:&quot;Einbauk\\u00fcche&quot;,&quot;link&quot;:&quot;https:\\\/\\\/novagestioinmobiliaria.com\\\/de\\\/eigenschaften\\\/einbaukueche\\\/&quot;,&quot;slug&quot;:&quot;einbaukueche&quot;},{&quot;name&quot;:&quot;M\\u00f6bliert&quot;,&quot;link&quot;:&quot;https:\\\/\\\/novagestioinmobiliaria.com\\\/de\\\/eigenschaften\\\/moebliert\\\/&quot;,&quot;slug&quot;:&quot;moebliert&quot;},{&quot;name&quot;:&quot;Ruhige Lage&quot;,&quot;link&quot;:&quot;https:\\\/\\\/novagestioinmobiliaria.com\\\/de\\\/eigenschaften\\\/ruhige-lage\\\/&quot;,&quot;slug&quot;:&quot;ruhige-lage&quot;},{&quot;name&quot;:&quot;W\\u00e4scherei&quot;,&quot;link&quot;:&quot;https:\\\/\\\/novagestioinmobiliaria.com\\\/de\\\/eigenschaften\\\/wascherei\\\/&quot;,&quot;slug&quot;:&quot;wascherei&quot;}],&quot;card&quot;:false,&quot;show&quot;:true,&quot;display_after&quot;:&quot;&quot;,&quot;new_box&quot;:true}],&quot;views&quot;:1,&quot;days_ago&quot;:&quot;7\\u00a0Stunden.&quot;,&quot;image_id&quot;:null,&quot;image_url&quot;:null,&quot;tags&quot;:[{&quot;name&quot;:&quot;Caracter\\u00edsticas&quot;,&quot;elements&quot;:[{&quot;name&quot;:&quot;2 Doppelzimmer&quot;,&quot;link&quot;:&quot;https:\\\/\\\/novagestioinmobiliaria.com\\\/de\\\/eigenschaften\\\/2-doppelzimmer\\\/&quot;},{&quot;name&quot;:&quot;Einbauk\\u00fcche&quot;,&quot;link&quot;:&quot;https:\\\/\\\/novagestioinmobiliaria.com\\\/de\\\/eigenschaften\\\/einbaukueche\\\/&quot;},{&quot;name&quot;:&quot;M\\u00f6bliert&quot;,&quot;link&quot;:&quot;https:\\\/\\\/novagestioinmobiliaria.com\\\/de\\\/eigenschaften\\\/moebliert\\\/&quot;},{&quot;name&quot;:&quot;Ruhige Lage&quot;,&quot;link&quot;:&quot;https:\\\/\\\/novagestioinmobiliaria.com\\\/de\\\/eigenschaften\\\/ruhige-lage\\\/&quot;},{&quot;name&quot;:&quot;W\\u00e4scherei&quot;,&quot;link&quot;:&quot;https:\\\/\\\/novagestioinmobiliaria.com\\\/de\\\/eigenschaften\\\/wascherei\\\/&quot;}],&quot;has_archive&quot;:true}],&quot;status&quot;:&quot;publish&quot;,&quot;plans&quot;:[],&quot;video_plan&quot;:{&quot;src&quot;:&quot;&quot;,&quot;video&quot;:&quot;&quot;},&quot;virtual_tour&quot;:null,&quot;state&quot;:&quot;&quot;,&quot;labels&quot;:[],&quot;image&quot;:&quot;&quot;,&quot;image_srcset&quot;:&quot;&quot;}'>\r\n\t\t\t\t\t\t\t\t\t\t\t\t\t<\/compare-button>\r\n\t\t\t\t\t\t\t\t\t\t\t\t<\/div>\r\n\t\t\t\t\t\t\t\t\t\t\t\t<div class=\"mh-estate-vertical__buttons__single\">\r\n\t\t\t\t\t\t\t\t\t\t\t\t\t<a href=\"https:\/\/novagestioinmobiliaria.com\/de\/propiedades-properties-immobilien\/wohnung-zur-miete-in-cala-ratjada-pi1884ca-ade\/\"\r\n\t\t\t\t\t\t\t\t\t\t\t\t\t   title=\"Wohnung zur Miete in Cala Ratjada : : PI1884CA-ADE\"\r\n\t\t\t\t\t\t\t\t\t\t\t\t\t   class=\"mdl-button mdl-js-button mdl-button--raised mdl-js-ripple-effect mdl-button--primary-ghost\">\r\n\t\t\t\t\t\t\t\t\t\t\t\t\t\tDetails\t\t\t\t\t\t\t\t\t\t\t\t\t\t<span class=\"mdl-button__icon-right\"><i class=\"fa fa-angle-right\"><\/i><\/span>\r\n\t\t\t\t\t\t\t\t\t\t\t\t\t<\/a>\r\n\t\t\t\t\t\t\t\t\t\t\t\t<\/div>\r\n\t\t\t\t\t\t\t\t\t\t\t<\/div>\r\n\t\t\t\t\t\t\t\t\t\t<\/div>\r\n\t\t\t\t\t\t\t\t\t<\/div>\r\n\t\t\t\t\t\t\t\t<\/div>\r\n\t\t\t\t\t\t\t<\/div>\r\n\t\t\t\t\t\t<\/article>\r\n\t\t\t\t\t<\/div>\r\n\t\t\t\t\r\n\t\t\t\t\t<div class=\"item\">\r\n\t\t\t\t\t\t<article class=\"mh-estate-vertical   mh-attribute-property-type__stadthaeuser-ebenerdige-wohnungen mh-attribute-offer-type__zu-vermieten mh-attribute-city__felanitx-de mh-attribute-features__3-doppelzimmer mh-attribute-features__einbaukueche mh-attribute-features__garage-de mh-attribute-features__haustiere-nicht-erlaubt mh-attribute-features__innenhof mh-attribute-features__kamin mh-attribute-features__klimaanlage mh-attribute-features__langzeitmiete mh-attribute-features__moebliert mh-attribute-features__reformiert mh-attribute-features__ruhige-lage mh-attribute-features__terrasse\">\r\n\t\t\t\t\t\t\t<a href=\"https:\/\/novagestioinmobiliaria.com\/de\/propiedades-properties-immobilien\/mallorquinisches-haus-in-felanitx-zu-vermieten-ca1888fe-ade\/\"\r\n\t\t\t\t\t\t\t   title=\"Mallorquinisches Haus in Felanitx zu vermieten : : CA1888FE-ADE\"\r\n\t\t\t\t\t\t\t   class=\"mh-thumbnail\">\r\n                        <span class=\"mh-thumbnail__inner\">\r\n                                    <img\r\n                    data-srcset=\"https:\/\/novagestioinmobiliaria.com\/wp-content\/uploads\/2026\/04\/Casa-Alquiler-Felanitx-ref-1888-20-200x125.jpg 200w, https:\/\/novagestioinmobiliaria.com\/wp-content\/uploads\/2026\/04\/Casa-Alquiler-Felanitx-ref-1888-20-1200x750.jpg 1200w, https:\/\/novagestioinmobiliaria.com\/wp-content\/uploads\/2026\/04\/Casa-Alquiler-Felanitx-ref-1888-20-800x500.jpg 800w, https:\/\/novagestioinmobiliaria.com\/wp-content\/uploads\/2026\/04\/Casa-Alquiler-Felanitx-ref-1888-20-600x375.jpg 600w, https:\/\/novagestioinmobiliaria.com\/wp-content\/uploads\/2026\/04\/Casa-Alquiler-Felanitx-ref-1888-20-400x250.jpg 400w\"\r\n                    class=\"lazyload \" alt=\"Mallorquinisches Haus in Felanitx zu vermieten : : CA1888FE-ADE\"\r\n                    data-sizes=\"auto\"\r\n            >\r\n\t\t\t                        <\/span>\r\n\r\n\t\t\t\t\t\t\t\t\t\t\t\t\t\t\t\t\t<div class=\"mh-caption\">\r\n\t\t\t\t\t\t\t\t\t\t<div class=\"mh-caption__inner\">\r\n\t\t\t\t\t\t\t\t\t\t\tZu vermieten\t\t\t\t\t\t\t\t\t\t<\/div>\r\n\t\t\t\t\t\t\t\t\t<\/div>\r\n\t\t\t\t\t\t\t\t\t\r\n\t\t\t\t\t\t\t\t<div class=\"mh-estate-vertical__text\">\r\n\t\t\t\t\t\t\t\t\t<div class=\"mh-estate-vertical__text__inner\">\r\n\t\t\t\t\t\t\t\t\t\tVollst\u00e4ndig renoviertes mallorquinisches Haus mit 200 m\u00b2 in Felanitx zu vermieten, verteilt auf 2 Etagen mit S\u00fcdostausrichtung. Garagenplatz im Preis...\t\t\t\t\t\t\t\t\t<\/div>\r\n\t\t\t\t\t\t\t\t<\/div>\r\n\t\t\t\t\t\t\t<\/a>\r\n\r\n\t\t\t\t\t\t\t<div class=\"mh-estate-vertical__content\">\r\n\t\t\t\t\t\t\t\t<h3 class=\"mh-estate-vertical__heading\">\r\n\t\t\t\t\t\t\t\t\t<a href=\"https:\/\/novagestioinmobiliaria.com\/de\/propiedades-properties-immobilien\/mallorquinisches-haus-in-felanitx-zu-vermieten-ca1888fe-ade\/\"\r\n\t\t\t\t\t\t\t\t\t   title=\"Mallorquinisches Haus in Felanitx zu vermieten : : CA1888FE-ADE\">\r\n\t\t\t\t\t\t\t\t\t\tMallorquinisches Haus in Felanitx zu vermieten : : CA1888FE-ADE\t\t\t\t\t\t\t\t\t<\/a>\r\n\t\t\t\t\t\t\t\t<\/h3>\r\n\t\t\t\t\t\t\t\t<address class=\"mh-estate-vertical__subheading\">\r\n\t\t\t\t\t\t\t\t\tF\t\t\t\t\t\t\t\t<\/address>\r\n\t\t\t\t\t\t\t\t<div class=\"mh-estate-vertical__primary\">\r\n\t\t\t\t\t\t\t\t\t1.800 \u20ac\t\t\t\t\t\t\t\t<\/div>\r\n\r\n\t\t\t\t\t\t\t\t<div>\r\n\t\t\t\t\t\t\t\t\t<div class=\"mh-estate__list\">\r\n\t\t\t\t\t\t\t\t\t\t\r\n\t\t\t\t\t\t\t\t\t\t\t<span class=\"mh-estate-vertical__more-info mh-estate_attribute-offer-type\">\r\n                                        <strong>Tipo operaci\u00f3n:<\/strong>\r\n\t\t\t\t\t\t\t\t\t\t\t\t\t\t\t\t\t\t\t\t\t\t\t\t\t\tZu vermieten\t\t\t\t\t\t\t\t\t\t\t\t\t\t                                    <\/span>\r\n\r\n\t\t\t\t\t\t\t\t\t\t\r\n\t\t\t\t\t\t\t\t\t\t\t<span class=\"mh-estate-vertical__more-info mh-estate_attribute-bedrooms\">\r\n                                        <strong>Habitaciones:<\/strong>\r\n\t\t\t\t\t\t\t\t\t\t\t\t3                                    <\/span>\r\n\r\n\t\t\t\t\t\t\t\t\t\t\r\n\t\t\t\t\t\t\t\t\t\t\t<span class=\"mh-estate-vertical__more-info mh-estate_attribute-bathrooms\">\r\n                                        <strong>Ba\u00f1os:<\/strong>\r\n\t\t\t\t\t\t\t\t\t\t\t\t3                                    <\/span>\r\n\r\n\t\t\t\t\t\t\t\t\t\t\r\n\t\t\t\t\t\t\t\t\t\t\t<span class=\"mh-estate-vertical__more-info mh-estate_attribute-property-size\">\r\n                                        <strong>M2:<\/strong>\r\n\t\t\t\t\t\t\t\t\t\t\t\t200 m\u00b2                                    <\/span>\r\n\r\n\t\t\t\t\t\t\t\t\t\t\t\t\t\t\t\t\t\t\t<\/div>\r\n\t\t\t\t\t\t\t\t<\/div>\r\n\r\n\t\t\t\t\t\t\t\t<div class=\"mh-estate-vertical__bottom\">\r\n\t\t\t\t\t\t\t\t\t<div class=\"mh-estate-vertical__bottom__inner\">\r\n\t\t\t\t\t\t\t\t\t\t<div class=\"mh-estate-vertical__date\">\r\n\t\t\t\t\t\t\t\t\t\t\t1\u00a0Woche.\t\t\t\t\t\t\t\t\t\t<\/div>\r\n\t\t\t\t\t\t\t\t\t\t<div class=\"mh-estate-vertical__buttons-wrapper\">\r\n\t\t\t\t\t\t\t\t\t\t\t<div class=\"mh-estate-vertical__buttons\">\r\n\t\t\t\t\t\t\t\t\t\t\t\t<div class=\"mh-estate-vertical__buttons__single\">\r\n\t\t\t\t\t\t\t\t\t\t\t\t\t<compare-button class=\"myhome-compare\"\r\n\t\t\t\t\t\t\t\t\t\t\t\t\t\t\t\t\t:translations='{&quot;added&quot;:&quot;Zus\\u00e4tzlich&quot;,&quot;compare&quot;:&quot;Vergleichen&quot;}'\r\n\t\t\t\t\t\t\t\t\t\t\t\t\t\t\t\t\t:estate='{&quot;short_excerpt_limit&quot;:125,&quot;long_excerpt_limit&quot;:160,&quot;id&quot;:89376,&quot;agent_id&quot;:&quot;26&quot;,&quot;title&quot;:&quot;Mallorquinisches Haus in Felanitx zu vermieten : : CA1888FE-ADE&quot;,&quot;content&quot;:&quot;Vollst\\u00e4ndig renoviertes mallorquinisches Haus mit 200 m\\u00b2 in Felanitx zu vermieten, verteilt auf 2 Etagen mit S\\u00fcdostausrichtung. Garagenplatz im Preis inbegriffen.\\r\\nDas Erdgeschoss verf\\u00fcgt \\u00fcber eine kleine Eingangshalle, ein Wohnzimmer mit Kamin und Klimaanlage, eine unabh\\u00e4ngige, voll ausgestattete und m\\u00f6blierte K\\u00fcche sowie einen Innenhof mit Zugang zur Garage. Im Obergeschoss befinden sich 3 Schlafzimmer, eines davon mit Einbauschrank, und 3 komplette Badezimmer mit Dusche, alle en suite. Gro\\u00dfe sonnige Terrasse mit Speisekammer\\\/Lagerraum. Parkettboden, Holzinnenausbau und PVC-Au\\u00dfenfenster mit Doppelverglasung.\\r\\n200 m\\u00b2 Wohnfl\\u00e4che, 3 Schlafzimmer (1 mit Einbauschrank), 3 en-suite B\\u00e4der, sonnige Terrasse, Innenhof, Garage inklusive, m\\u00f6bliert und ausgestattet, 3 Klimaanlagen + Kamin, S\\u00fcdostausrichtung. Besichtigungen ab dem 1. Juli m\\u00f6glich. Ideal f\\u00fcr maximal 4 Personen.\\r\\nMIETBEDINGUNGEN:\\r\\n\\u2013 Langzeitmiete.\\r\\n\\u2013 Wirtschaftliche Zuverl\\u00e4ssigkeit ist durch einen unbefristeten Arbeitsvertrag und nachweisbare Eink\\u00fcnfte zu belegen.\\r\\n\\u2013 Kosten f\\u00fcr Wasser, Strom, Internet und M\\u00fcll NICHT INBEGRIFFEN\\r\\n\\u2013 1 Monatskaution + 1 Monat Garantie.\\r\\n\\u2013 KEINE Haustiere erlaubt.\\r\\n\\u2013 Weitere Kosten auf Anfrage.\\r\\n\\r\\nNova Gesti\\u00f3, Immobilienagentur in Felanitx.&quot;,&quot;excerpt&quot;:&quot;Vollst\\u00e4ndig renoviertes mallorquinisches Haus mit 200 m\\u00b2 in Felanitx zu vermieten, verteilt auf 2 Etagen mit S\\u00fcdostausrichtung. Garagenplatz im Preis inbegriffen. Das Erdgeschoss verf\\u00fcgt \\u00fcber eine kleine Eingangshalle, ein Wohnzimmer mit Kamin und Klimaanlage, eine unabh\\u00e4ngige, voll ausgestattete und m\\u00f6blierte K\\u00fcche sowie einen Innenhof mit Zugang zur Garage. Im Obergeschoss befinden sich 3 Schlafzimmer, eines [\\u2026]&quot;,&quot;short_excerpt&quot;:&quot;Vollst\\u00e4ndig renoviertes mallorquinisches Haus mit 200 m\\u00b2 in Felanitx zu vermieten, verteilt auf 2 Etagen mit S\\u00fcdostausrich...&quot;,&quot;long_excerpt&quot;:&quot;Vollst\\u00e4ndig renoviertes mallorquinisches Haus mit 200 m\\u00b2 in Felanitx zu vermieten, verteilt auf 2 Etagen mit S\\u00fcdostausrichtung. Garagenplatz im Preis inbegri...&quot;,&quot;link&quot;:&quot;https:\\\/\\\/novagestioinmobiliaria.com\\\/de\\\/propiedades-properties-immobilien\\\/mallorquinisches-haus-in-felanitx-zu-vermieten-ca1888fe-ade\\\/&quot;,&quot;offer_type&quot;:&quot;Zu vermieten&quot;,&quot;price&quot;:&quot;1.800 \\u20ac&quot;,&quot;location&quot;:&quot;F&quot;,&quot;is_featured&quot;:true,&quot;gallery&quot;:[{&quot;id&quot;:89371,&quot;url&quot;:&quot;https:\\\/\\\/novagestioinmobiliaria.com\\\/wp-content\\\/uploads\\\/2026\\\/04\\\/Casa-Alquiler-Felanitx-ref-1888-20.jpg&quot;,&quot;alt&quot;:&quot;&quot;},{&quot;id&quot;:89368,&quot;url&quot;:&quot;https:\\\/\\\/novagestioinmobiliaria.com\\\/wp-content\\\/uploads\\\/2026\\\/04\\\/Casa-Alquiler-Felanitx-ref-1888-19.jpg&quot;,&quot;alt&quot;:&quot;&quot;},{&quot;id&quot;:89338,&quot;url&quot;:&quot;https:\\\/\\\/novagestioinmobiliaria.com\\\/wp-content\\\/uploads\\\/2026\\\/04\\\/Casa-Alquiler-Felanitx-ref-1888-9.jpg&quot;,&quot;alt&quot;:&quot;&quot;},{&quot;id&quot;:89341,&quot;url&quot;:&quot;https:\\\/\\\/novagestioinmobiliaria.com\\\/wp-content\\\/uploads\\\/2026\\\/04\\\/Casa-Alquiler-Felanitx-ref-1888-10.jpg&quot;,&quot;alt&quot;:&quot;&quot;},{&quot;id&quot;:89374,&quot;url&quot;:&quot;https:\\\/\\\/novagestioinmobiliaria.com\\\/wp-content\\\/uploads\\\/2026\\\/04\\\/Casa-Alquiler-Felanitx-ref-1888-21.jpg&quot;,&quot;alt&quot;:&quot;&quot;},{&quot;id&quot;:89314,&quot;url&quot;:&quot;https:\\\/\\\/novagestioinmobiliaria.com\\\/wp-content\\\/uploads\\\/2026\\\/04\\\/Casa-Alquiler-Felanitx-ref-1888-1.jpg&quot;,&quot;alt&quot;:&quot;&quot;},{&quot;id&quot;:89311,&quot;url&quot;:&quot;https:\\\/\\\/novagestioinmobiliaria.com\\\/wp-content\\\/uploads\\\/2026\\\/04\\\/Casa-Alquiler-Felanitx-ref-1888-22.jpg&quot;,&quot;alt&quot;:&quot;&quot;},{&quot;id&quot;:89335,&quot;url&quot;:&quot;https:\\\/\\\/novagestioinmobiliaria.com\\\/wp-content\\\/uploads\\\/2026\\\/04\\\/Casa-Alquiler-Felanitx-ref-1888-8.jpg&quot;,&quot;alt&quot;:&quot;&quot;},{&quot;id&quot;:89365,&quot;url&quot;:&quot;https:\\\/\\\/novagestioinmobiliaria.com\\\/wp-content\\\/uploads\\\/2026\\\/04\\\/Casa-Alquiler-Felanitx-ref-1888-18.jpg&quot;,&quot;alt&quot;:&quot;&quot;},{&quot;id&quot;:89344,&quot;url&quot;:&quot;https:\\\/\\\/novagestioinmobiliaria.com\\\/wp-content\\\/uploads\\\/2026\\\/04\\\/Casa-Alquiler-Felanitx-ref-1888-11.jpg&quot;,&quot;alt&quot;:&quot;&quot;},{&quot;id&quot;:89362,&quot;url&quot;:&quot;https:\\\/\\\/novagestioinmobiliaria.com\\\/wp-content\\\/uploads\\\/2026\\\/04\\\/Casa-Alquiler-Felanitx-ref-1888-17.jpg&quot;,&quot;alt&quot;:&quot;&quot;},{&quot;id&quot;:89329,&quot;url&quot;:&quot;https:\\\/\\\/novagestioinmobiliaria.com\\\/wp-content\\\/uploads\\\/2026\\\/04\\\/Casa-Alquiler-Felanitx-ref-1888-6.jpg&quot;,&quot;alt&quot;:&quot;&quot;},{&quot;id&quot;:89356,&quot;url&quot;:&quot;https:\\\/\\\/novagestioinmobiliaria.com\\\/wp-content\\\/uploads\\\/2026\\\/04\\\/Casa-Alquiler-Felanitx-ref-1888-15.jpg&quot;,&quot;alt&quot;:&quot;&quot;},{&quot;id&quot;:89326,&quot;url&quot;:&quot;https:\\\/\\\/novagestioinmobiliaria.com\\\/wp-content\\\/uploads\\\/2026\\\/04\\\/Casa-Alquiler-Felanitx-ref-1888-5.jpg&quot;,&quot;alt&quot;:&quot;&quot;},{&quot;id&quot;:89353,&quot;url&quot;:&quot;https:\\\/\\\/novagestioinmobiliaria.com\\\/wp-content\\\/uploads\\\/2026\\\/04\\\/Casa-Alquiler-Felanitx-ref-1888-14.jpg&quot;,&quot;alt&quot;:&quot;&quot;},{&quot;id&quot;:89323,&quot;url&quot;:&quot;https:\\\/\\\/novagestioinmobiliaria.com\\\/wp-content\\\/uploads\\\/2026\\\/04\\\/Casa-Alquiler-Felanitx-ref-1888-4.jpg&quot;,&quot;alt&quot;:&quot;&quot;},{&quot;id&quot;:89350,&quot;url&quot;:&quot;https:\\\/\\\/novagestioinmobiliaria.com\\\/wp-content\\\/uploads\\\/2026\\\/04\\\/Casa-Alquiler-Felanitx-ref-1888-13.jpg&quot;,&quot;alt&quot;:&quot;&quot;},{&quot;id&quot;:89317,&quot;url&quot;:&quot;https:\\\/\\\/novagestioinmobiliaria.com\\\/wp-content\\\/uploads\\\/2026\\\/04\\\/Casa-Alquiler-Felanitx-ref-1888-2.jpg&quot;,&quot;alt&quot;:&quot;&quot;},{&quot;id&quot;:89347,&quot;url&quot;:&quot;https:\\\/\\\/novagestioinmobiliaria.com\\\/wp-content\\\/uploads\\\/2026\\\/04\\\/Casa-Alquiler-Felanitx-ref-1888-12.jpg&quot;,&quot;alt&quot;:&quot;&quot;},{&quot;id&quot;:89320,&quot;url&quot;:&quot;https:\\\/\\\/novagestioinmobiliaria.com\\\/wp-content\\\/uploads\\\/2026\\\/04\\\/Casa-Alquiler-Felanitx-ref-1888-3.jpg&quot;,&quot;alt&quot;:&quot;&quot;},{&quot;id&quot;:89359,&quot;url&quot;:&quot;https:\\\/\\\/novagestioinmobiliaria.com\\\/wp-content\\\/uploads\\\/2026\\\/04\\\/Casa-Alquiler-Felanitx-ref-1888-16.jpg&quot;,&quot;alt&quot;:&quot;&quot;},{&quot;id&quot;:89332,&quot;url&quot;:&quot;https:\\\/\\\/novagestioinmobiliaria.com\\\/wp-content\\\/uploads\\\/2026\\\/04\\\/Casa-Alquiler-Felanitx-ref-1888-7.jpg&quot;,&quot;alt&quot;:&quot;&quot;}],&quot;attributes&quot;:[{&quot;slug&quot;:&quot;property-type&quot;,&quot;name&quot;:&quot;Tipo propiedad&quot;,&quot;has_archive&quot;:true,&quot;elements&quot;:[{&quot;name&quot;:&quot;Stadth\\u00e4user \\\/ Ebenerdige Wohnungen&quot;,&quot;link&quot;:&quot;https:\\\/\\\/novagestioinmobiliaria.com\\\/de\\\/immobilientyp\\\/stadthaeuser-ebenerdige-wohnungen\\\/&quot;,&quot;slug&quot;:&quot;stadthaeuser-ebenerdige-wohnungen&quot;}],&quot;card&quot;:false,&quot;show&quot;:true,&quot;display_after&quot;:&quot;&quot;,&quot;new_box&quot;:false},{&quot;slug&quot;:&quot;offer-type&quot;,&quot;name&quot;:&quot;Tipo operaci\\u00f3n&quot;,&quot;has_archive&quot;:true,&quot;elements&quot;:[{&quot;name&quot;:&quot;Zu vermieten&quot;,&quot;link&quot;:&quot;https:\\\/\\\/novagestioinmobiliaria.com\\\/de\\\/offer-type\\\/zu-vermieten\\\/&quot;,&quot;slug&quot;:&quot;zu-vermieten&quot;}],&quot;card&quot;:true,&quot;show&quot;:true,&quot;display_after&quot;:&quot;&quot;,&quot;new_box&quot;:false},{&quot;slug&quot;:&quot;city&quot;,&quot;name&quot;:&quot;Zona&quot;,&quot;has_archive&quot;:true,&quot;elements&quot;:[{&quot;name&quot;:&quot;Felanitx&quot;,&quot;link&quot;:&quot;https:\\\/\\\/novagestioinmobiliaria.com\\\/de\\\/city\\\/felanitx-de\\\/&quot;,&quot;slug&quot;:&quot;felanitx-de&quot;}],&quot;card&quot;:false,&quot;show&quot;:true,&quot;display_after&quot;:&quot;&quot;,&quot;new_box&quot;:false},{&quot;slug&quot;:&quot;price&quot;,&quot;name&quot;:&quot;Precio&quot;,&quot;has_archive&quot;:false,&quot;elements&quot;:[{&quot;name&quot;:&quot;1800&quot;,&quot;link&quot;:&quot;&quot;,&quot;slug&quot;:&quot;&quot;}],&quot;show&quot;:false,&quot;card&quot;:false,&quot;display_after&quot;:&quot;\\u20ac&quot;,&quot;new_box&quot;:false},{&quot;slug&quot;:&quot;bedrooms&quot;,&quot;name&quot;:&quot;Habitaciones&quot;,&quot;has_archive&quot;:false,&quot;elements&quot;:[{&quot;name&quot;:&quot;3&quot;,&quot;link&quot;:&quot;&quot;,&quot;slug&quot;:&quot;&quot;}],&quot;show&quot;:true,&quot;card&quot;:true,&quot;display_after&quot;:&quot;&quot;,&quot;new_box&quot;:false},{&quot;slug&quot;:&quot;bathrooms&quot;,&quot;name&quot;:&quot;Ba\\u00f1os&quot;,&quot;has_archive&quot;:false,&quot;elements&quot;:[{&quot;name&quot;:&quot;3&quot;,&quot;link&quot;:&quot;&quot;,&quot;slug&quot;:&quot;&quot;}],&quot;show&quot;:true,&quot;card&quot;:true,&quot;display_after&quot;:&quot;&quot;,&quot;new_box&quot;:false},{&quot;slug&quot;:&quot;property-size&quot;,&quot;name&quot;:&quot;M2&quot;,&quot;has_archive&quot;:false,&quot;elements&quot;:[{&quot;name&quot;:&quot;200&quot;,&quot;link&quot;:&quot;&quot;,&quot;slug&quot;:&quot;&quot;}],&quot;show&quot;:true,&quot;card&quot;:true,&quot;display_after&quot;:&quot;m\\u00b2&quot;,&quot;new_box&quot;:false},{&quot;slug&quot;:&quot;features&quot;,&quot;name&quot;:&quot;Caracter\\u00edsticas&quot;,&quot;has_archive&quot;:true,&quot;elements&quot;:[{&quot;name&quot;:&quot;3 Doppelzimmer&quot;,&quot;link&quot;:&quot;https:\\\/\\\/novagestioinmobiliaria.com\\\/de\\\/eigenschaften\\\/3-doppelzimmer\\\/&quot;,&quot;slug&quot;:&quot;3-doppelzimmer&quot;},{&quot;name&quot;:&quot;Einbauk\\u00fcche&quot;,&quot;link&quot;:&quot;https:\\\/\\\/novagestioinmobiliaria.com\\\/de\\\/eigenschaften\\\/einbaukueche\\\/&quot;,&quot;slug&quot;:&quot;einbaukueche&quot;},{&quot;name&quot;:&quot;Garage&quot;,&quot;link&quot;:&quot;https:\\\/\\\/novagestioinmobiliaria.com\\\/de\\\/eigenschaften\\\/garage-de\\\/&quot;,&quot;slug&quot;:&quot;garage-de&quot;},{&quot;name&quot;:&quot;Haustiere NICHT erlaubt&quot;,&quot;link&quot;:&quot;https:\\\/\\\/novagestioinmobiliaria.com\\\/de\\\/eigenschaften\\\/haustiere-nicht-erlaubt\\\/&quot;,&quot;slug&quot;:&quot;haustiere-nicht-erlaubt&quot;},{&quot;name&quot;:&quot;Innenhof&quot;,&quot;link&quot;:&quot;https:\\\/\\\/novagestioinmobiliaria.com\\\/de\\\/eigenschaften\\\/innenhof\\\/&quot;,&quot;slug&quot;:&quot;innenhof&quot;},{&quot;name&quot;:&quot;Kamin&quot;,&quot;link&quot;:&quot;https:\\\/\\\/novagestioinmobiliaria.com\\\/de\\\/eigenschaften\\\/kamin\\\/&quot;,&quot;slug&quot;:&quot;kamin&quot;},{&quot;name&quot;:&quot;Klimaanlage&quot;,&quot;link&quot;:&quot;https:\\\/\\\/novagestioinmobiliaria.com\\\/de\\\/eigenschaften\\\/klimaanlage\\\/&quot;,&quot;slug&quot;:&quot;klimaanlage&quot;},{&quot;name&quot;:&quot;Langzeitmiete&quot;,&quot;link&quot;:&quot;https:\\\/\\\/novagestioinmobiliaria.com\\\/de\\\/eigenschaften\\\/langzeitmiete\\\/&quot;,&quot;slug&quot;:&quot;langzeitmiete&quot;},{&quot;name&quot;:&quot;M\\u00f6bliert&quot;,&quot;link&quot;:&quot;https:\\\/\\\/novagestioinmobiliaria.com\\\/de\\\/eigenschaften\\\/moebliert\\\/&quot;,&quot;slug&quot;:&quot;moebliert&quot;},{&quot;name&quot;:&quot;Reformiert&quot;,&quot;link&quot;:&quot;https:\\\/\\\/novagestioinmobiliaria.com\\\/de\\\/eigenschaften\\\/reformiert\\\/&quot;,&quot;slug&quot;:&quot;reformiert&quot;},{&quot;name&quot;:&quot;Ruhige Lage&quot;,&quot;link&quot;:&quot;https:\\\/\\\/novagestioinmobiliaria.com\\\/de\\\/eigenschaften\\\/ruhige-lage\\\/&quot;,&quot;slug&quot;:&quot;ruhige-lage&quot;},{&quot;name&quot;:&quot;Terrasse&quot;,&quot;link&quot;:&quot;https:\\\/\\\/novagestioinmobiliaria.com\\\/de\\\/eigenschaften\\\/terrasse\\\/&quot;,&quot;slug&quot;:&quot;terrasse&quot;}],&quot;card&quot;:false,&quot;show&quot;:true,&quot;display_after&quot;:&quot;&quot;,&quot;new_box&quot;:true}],&quot;views&quot;:6,&quot;days_ago&quot;:&quot;1\\u00a0Woche.&quot;,&quot;image_id&quot;:89371,&quot;image_url&quot;:&quot;https:\\\/\\\/novagestioinmobiliaria.com\\\/wp-content\\\/uploads\\\/2026\\\/04\\\/Casa-Alquiler-Felanitx-ref-1888-20.jpg&quot;,&quot;tags&quot;:[{&quot;name&quot;:&quot;Caracter\\u00edsticas&quot;,&quot;elements&quot;:[{&quot;name&quot;:&quot;3 Doppelzimmer&quot;,&quot;link&quot;:&quot;https:\\\/\\\/novagestioinmobiliaria.com\\\/de\\\/eigenschaften\\\/3-doppelzimmer\\\/&quot;},{&quot;name&quot;:&quot;Einbauk\\u00fcche&quot;,&quot;link&quot;:&quot;https:\\\/\\\/novagestioinmobiliaria.com\\\/de\\\/eigenschaften\\\/einbaukueche\\\/&quot;},{&quot;name&quot;:&quot;Garage&quot;,&quot;link&quot;:&quot;https:\\\/\\\/novagestioinmobiliaria.com\\\/de\\\/eigenschaften\\\/garage-de\\\/&quot;},{&quot;name&quot;:&quot;Haustiere NICHT erlaubt&quot;,&quot;link&quot;:&quot;https:\\\/\\\/novagestioinmobiliaria.com\\\/de\\\/eigenschaften\\\/haustiere-nicht-erlaubt\\\/&quot;},{&quot;name&quot;:&quot;Innenhof&quot;,&quot;link&quot;:&quot;https:\\\/\\\/novagestioinmobiliaria.com\\\/de\\\/eigenschaften\\\/innenhof\\\/&quot;},{&quot;name&quot;:&quot;Kamin&quot;,&quot;link&quot;:&quot;https:\\\/\\\/novagestioinmobiliaria.com\\\/de\\\/eigenschaften\\\/kamin\\\/&quot;},{&quot;name&quot;:&quot;Klimaanlage&quot;,&quot;link&quot;:&quot;https:\\\/\\\/novagestioinmobiliaria.com\\\/de\\\/eigenschaften\\\/klimaanlage\\\/&quot;},{&quot;name&quot;:&quot;Langzeitmiete&quot;,&quot;link&quot;:&quot;https:\\\/\\\/novagestioinmobiliaria.com\\\/de\\\/eigenschaften\\\/langzeitmiete\\\/&quot;},{&quot;name&quot;:&quot;M\\u00f6bliert&quot;,&quot;link&quot;:&quot;https:\\\/\\\/novagestioinmobiliaria.com\\\/de\\\/eigenschaften\\\/moebliert\\\/&quot;},{&quot;name&quot;:&quot;Reformiert&quot;,&quot;link&quot;:&quot;https:\\\/\\\/novagestioinmobiliaria.com\\\/de\\\/eigenschaften\\\/reformiert\\\/&quot;},{&quot;name&quot;:&quot;Ruhige Lage&quot;,&quot;link&quot;:&quot;https:\\\/\\\/novagestioinmobiliaria.com\\\/de\\\/eigenschaften\\\/ruhige-lage\\\/&quot;},{&quot;name&quot;:&quot;Terrasse&quot;,&quot;link&quot;:&quot;https:\\\/\\\/novagestioinmobiliaria.com\\\/de\\\/eigenschaften\\\/terrasse\\\/&quot;}],&quot;has_archive&quot;:true}],&quot;status&quot;:&quot;publish&quot;,&quot;plans&quot;:[],&quot;video_plan&quot;:{&quot;src&quot;:&quot;&quot;,&quot;video&quot;:&quot;&quot;},&quot;virtual_tour&quot;:null,&quot;state&quot;:&quot;&quot;,&quot;labels&quot;:[],&quot;image&quot;:&quot;https:\\\/\\\/novagestioinmobiliaria.com\\\/wp-content\\\/uploads\\\/2026\\\/04\\\/Casa-Alquiler-Felanitx-ref-1888-20-400x250.jpg&quot;,&quot;image_srcset&quot;:&quot;https:\\\/\\\/novagestioinmobiliaria.com\\\/wp-content\\\/uploads\\\/2026\\\/04\\\/Casa-Alquiler-Felanitx-ref-1888-20-200x125.jpg 200w, https:\\\/\\\/novagestioinmobiliaria.com\\\/wp-content\\\/uploads\\\/2026\\\/04\\\/Casa-Alquiler-Felanitx-ref-1888-20-1200x750.jpg 1200w, https:\\\/\\\/novagestioinmobiliaria.com\\\/wp-content\\\/uploads\\\/2026\\\/04\\\/Casa-Alquiler-Felanitx-ref-1888-20-800x500.jpg 800w, https:\\\/\\\/novagestioinmobiliaria.com\\\/wp-content\\\/uploads\\\/2026\\\/04\\\/Casa-Alquiler-Felanitx-ref-1888-20-600x375.jpg 600w, https:\\\/\\\/novagestioinmobiliaria.com\\\/wp-content\\\/uploads\\\/2026\\\/04\\\/Casa-Alquiler-Felanitx-ref-1888-20-400x250.jpg 400w&quot;}'>\r\n\t\t\t\t\t\t\t\t\t\t\t\t\t<\/compare-button>\r\n\t\t\t\t\t\t\t\t\t\t\t\t<\/div>\r\n\t\t\t\t\t\t\t\t\t\t\t\t<div class=\"mh-estate-vertical__buttons__single\">\r\n\t\t\t\t\t\t\t\t\t\t\t\t\t<a href=\"https:\/\/novagestioinmobiliaria.com\/de\/propiedades-properties-immobilien\/mallorquinisches-haus-in-felanitx-zu-vermieten-ca1888fe-ade\/\"\r\n\t\t\t\t\t\t\t\t\t\t\t\t\t   title=\"Mallorquinisches Haus in Felanitx zu vermieten : : CA1888FE-ADE\"\r\n\t\t\t\t\t\t\t\t\t\t\t\t\t   class=\"mdl-button mdl-js-button mdl-button--raised mdl-js-ripple-effect mdl-button--primary-ghost\">\r\n\t\t\t\t\t\t\t\t\t\t\t\t\t\tDetails\t\t\t\t\t\t\t\t\t\t\t\t\t\t<span class=\"mdl-button__icon-right\"><i class=\"fa fa-angle-right\"><\/i><\/span>\r\n\t\t\t\t\t\t\t\t\t\t\t\t\t<\/a>\r\n\t\t\t\t\t\t\t\t\t\t\t\t<\/div>\r\n\t\t\t\t\t\t\t\t\t\t\t<\/div>\r\n\t\t\t\t\t\t\t\t\t\t<\/div>\r\n\t\t\t\t\t\t\t\t\t<\/div>\r\n\t\t\t\t\t\t\t\t<\/div>\r\n\t\t\t\t\t\t\t<\/div>\r\n\t\t\t\t\t\t<\/article>\r\n\t\t\t\t\t<\/div>\r\n\t\t\t\t\r\n\t\t\t\t\t<div class=\"item\">\r\n\t\t\t\t\t\t<article class=\"mh-estate-vertical   mh-attribute-property-type__stadthaeuser-ebenerdige-wohnungen mh-attribute-offer-type__zu-verkaufen mh-attribute-city__felanitx-de mh-attribute-features__2-doppelzimmer mh-attribute-features__einbaukueche mh-attribute-features__garage-de mh-attribute-features__kamin mh-attribute-features__moebliert mh-attribute-features__obergeschoss mh-attribute-features__privatpool mh-attribute-features__reformiert mh-attribute-features__terrasse mh-attribute-features__wohnungen mh-attribute-features__zentrale-lage\">\r\n\t\t\t\t\t\t\t<a href=\"https:\/\/novagestioinmobiliaria.com\/de\/propiedades-properties-immobilien\/haus-zum-verkauf-in-felanitx-ca1672fe-vde\/\"\r\n\t\t\t\t\t\t\t   title=\"Haus zum Verkauf in Felanitx : : CA1672FE-VDE\"\r\n\t\t\t\t\t\t\t   class=\"mh-thumbnail\">\r\n                        <span class=\"mh-thumbnail__inner\">\r\n                                    <img\r\n                    data-srcset=\"https:\/\/novagestioinmobiliaria.com\/wp-content\/uploads\/2024\/08\/Casa-en-venta-Felanitx-techo-libre-ref-1672-16-200x125.jpg 200w, https:\/\/novagestioinmobiliaria.com\/wp-content\/uploads\/2024\/08\/Casa-en-venta-Felanitx-techo-libre-ref-1672-16-800x500.jpg 800w, https:\/\/novagestioinmobiliaria.com\/wp-content\/uploads\/2024\/08\/Casa-en-venta-Felanitx-techo-libre-ref-1672-16-600x375.jpg 600w, https:\/\/novagestioinmobiliaria.com\/wp-content\/uploads\/2024\/08\/Casa-en-venta-Felanitx-techo-libre-ref-1672-16-400x250.jpg 400w\"\r\n                    class=\"lazyload \" alt=\"Haus zum Verkauf in Felanitx : : CA1672FE-VDE\"\r\n                    data-sizes=\"auto\"\r\n            >\r\n\t\t\t                        <\/span>\r\n\r\n\t\t\t\t\t\t\t\t\t\t\t\t\t\t\t\t\t<div class=\"mh-caption\">\r\n\t\t\t\t\t\t\t\t\t\t<div class=\"mh-caption__inner\">\r\n\t\t\t\t\t\t\t\t\t\t\tZu verkaufen\t\t\t\t\t\t\t\t\t\t<\/div>\r\n\t\t\t\t\t\t\t\t\t<\/div>\r\n\t\t\t\t\t\t\t\t\t\r\n\t\t\t\t\t\t\t\t<div class=\"mh-estate-vertical__text\">\r\n\t\t\t\t\t\t\t\t\t<div class=\"mh-estate-vertical__text__inner\">\r\n\t\t\t\t\t\t\t\t\t\tDieses ger\u00e4umige Haus zum Verkauf in Felanitx hat eine Gesamtfl\u00e4che von 170 m\u00b2, von denen 130 m\u00b2 nutzbar sind. Das...\t\t\t\t\t\t\t\t\t<\/div>\r\n\t\t\t\t\t\t\t\t<\/div>\r\n\t\t\t\t\t\t\t<\/a>\r\n\r\n\t\t\t\t\t\t\t<div class=\"mh-estate-vertical__content\">\r\n\t\t\t\t\t\t\t\t<h3 class=\"mh-estate-vertical__heading\">\r\n\t\t\t\t\t\t\t\t\t<a href=\"https:\/\/novagestioinmobiliaria.com\/de\/propiedades-properties-immobilien\/haus-zum-verkauf-in-felanitx-ca1672fe-vde\/\"\r\n\t\t\t\t\t\t\t\t\t   title=\"Haus zum Verkauf in Felanitx : : CA1672FE-VDE\">\r\n\t\t\t\t\t\t\t\t\t\tHaus zum Verkauf in Felanitx : : CA1672FE-VDE\t\t\t\t\t\t\t\t\t<\/a>\r\n\t\t\t\t\t\t\t\t<\/h3>\r\n\t\t\t\t\t\t\t\t<address class=\"mh-estate-vertical__subheading\">\r\n\t\t\t\t\t\t\t\t\t\t\t\t\t\t\t\t\t<\/address>\r\n\t\t\t\t\t\t\t\t<div class=\"mh-estate-vertical__primary\">\r\n\t\t\t\t\t\t\t\t\t450.000 \u20ac\t\t\t\t\t\t\t\t<\/div>\r\n\r\n\t\t\t\t\t\t\t\t<div>\r\n\t\t\t\t\t\t\t\t\t<div class=\"mh-estate__list\">\r\n\t\t\t\t\t\t\t\t\t\t\r\n\t\t\t\t\t\t\t\t\t\t\t<span class=\"mh-estate-vertical__more-info mh-estate_attribute-offer-type\">\r\n                                        <strong>Tipo operaci\u00f3n:<\/strong>\r\n\t\t\t\t\t\t\t\t\t\t\t\t\t\t\t\t\t\t\t\t\t\t\t\t\t\tZu verkaufen\t\t\t\t\t\t\t\t\t\t\t\t\t\t                                    <\/span>\r\n\r\n\t\t\t\t\t\t\t\t\t\t\r\n\t\t\t\t\t\t\t\t\t\t\t<span class=\"mh-estate-vertical__more-info mh-estate_attribute-bedrooms\">\r\n                                        <strong>Habitaciones:<\/strong>\r\n\t\t\t\t\t\t\t\t\t\t\t\t2                                    <\/span>\r\n\r\n\t\t\t\t\t\t\t\t\t\t\r\n\t\t\t\t\t\t\t\t\t\t\t<span class=\"mh-estate-vertical__more-info mh-estate_attribute-bathrooms\">\r\n                                        <strong>Ba\u00f1os:<\/strong>\r\n\t\t\t\t\t\t\t\t\t\t\t\t2                                    <\/span>\r\n\r\n\t\t\t\t\t\t\t\t\t\t\r\n\t\t\t\t\t\t\t\t\t\t\t<span class=\"mh-estate-vertical__more-info mh-estate_attribute-property-size\">\r\n                                        <strong>M2:<\/strong>\r\n\t\t\t\t\t\t\t\t\t\t\t\t170 m\u00b2                                    <\/span>\r\n\r\n\t\t\t\t\t\t\t\t\t\t\t\t\t\t\t\t\t\t\t<\/div>\r\n\t\t\t\t\t\t\t\t<\/div>\r\n\r\n\t\t\t\t\t\t\t\t<div class=\"mh-estate-vertical__bottom\">\r\n\t\t\t\t\t\t\t\t\t<div class=\"mh-estate-vertical__bottom__inner\">\r\n\t\t\t\t\t\t\t\t\t\t<div class=\"mh-estate-vertical__date\">\r\n\t\t\t\t\t\t\t\t\t\t\t1\u00a0Woche.\t\t\t\t\t\t\t\t\t\t<\/div>\r\n\t\t\t\t\t\t\t\t\t\t<div class=\"mh-estate-vertical__buttons-wrapper\">\r\n\t\t\t\t\t\t\t\t\t\t\t<div class=\"mh-estate-vertical__buttons\">\r\n\t\t\t\t\t\t\t\t\t\t\t\t<div class=\"mh-estate-vertical__buttons__single\">\r\n\t\t\t\t\t\t\t\t\t\t\t\t\t<compare-button class=\"myhome-compare\"\r\n\t\t\t\t\t\t\t\t\t\t\t\t\t\t\t\t\t:translations='{&quot;added&quot;:&quot;Zus\\u00e4tzlich&quot;,&quot;compare&quot;:&quot;Vergleichen&quot;}'\r\n\t\t\t\t\t\t\t\t\t\t\t\t\t\t\t\t\t:estate='{&quot;short_excerpt_limit&quot;:125,&quot;long_excerpt_limit&quot;:160,&quot;id&quot;:73594,&quot;agent_id&quot;:&quot;24&quot;,&quot;title&quot;:&quot;Haus zum Verkauf in Felanitx : : CA1672FE-VDE&quot;,&quot;content&quot;:&quot;Dieses ger\\u00e4umige Haus zum Verkauf in Felanitx hat eine Gesamtfl\\u00e4che von 170 m\\u00b2, von denen 130 m\\u00b2 nutzbar sind. Das Anwesen verf\\u00fcgt \\u00fcber 2 Schlafzimmer und 2 B\\u00e4der und ist zwischen 10 und 20 Jahre alt. Es hat einen gem\\u00fctlichen Kamin, eine K\\u00fcche, ein Esszimmer und eine sonnige Terrasse mit einem genehmigten Projekt zum Bau eines Swimmingpools. Das Haus verf\\u00fcgt \\u00fcber zwei Terrassen im Obergeschoss, ein Ankleidezimmer und ein Fernsehzimmer. Es wurde vor 5 Jahren renoviert und wird teilm\\u00f6bliert verkauft und hat eine kleine Garage als Abstellraum. \\u00d6l-Zentralheizung.\\r\\n\\r\\nVerpassen Sie nicht die Gelegenheit, diese Immobilie mit ihrem eigenen Charme zu erwerben.\\r\\n\\r\\nNova Gesti\\u00f3-Immobilien in Felanitx&quot;,&quot;excerpt&quot;:&quot;Dieses ger\\u00e4umige Haus zum Verkauf in Felanitx hat eine Gesamtfl\\u00e4che von 170 m\\u00b2, von denen 130 m\\u00b2 nutzbar sind. Das Anwesen verf\\u00fcgt \\u00fcber 2 Schlafzimmer und 2 B\\u00e4der und ist zwischen 10 und 20 Jahre alt. Es hat einen gem\\u00fctlichen Kamin, eine K\\u00fcche, ein Esszimmer und eine sonnige Terrasse mit einem genehmigten Projekt zum Bau [\\u2026]&quot;,&quot;short_excerpt&quot;:&quot;Dieses ger\\u00e4umige Haus zum Verkauf in Felanitx hat eine Gesamtfl\\u00e4che von 170 m\\u00b2, von denen 130 m\\u00b2 nutzbar sind. Das Anwesen...&quot;,&quot;long_excerpt&quot;:&quot;Dieses ger\\u00e4umige Haus zum Verkauf in Felanitx hat eine Gesamtfl\\u00e4che von 170 m\\u00b2, von denen 130 m\\u00b2 nutzbar sind. Das Anwesen verf\\u00fcgt \\u00fcber 2 Schlafzimmer und 2 ...&quot;,&quot;link&quot;:&quot;https:\\\/\\\/novagestioinmobiliaria.com\\\/de\\\/propiedades-properties-immobilien\\\/haus-zum-verkauf-in-felanitx-ca1672fe-vde\\\/&quot;,&quot;offer_type&quot;:&quot;Zu verkaufen&quot;,&quot;price&quot;:&quot;450.000 \\u20ac&quot;,&quot;location&quot;:false,&quot;is_featured&quot;:true,&quot;gallery&quot;:[],&quot;attributes&quot;:[{&quot;slug&quot;:&quot;property-type&quot;,&quot;name&quot;:&quot;Tipo propiedad&quot;,&quot;has_archive&quot;:true,&quot;elements&quot;:[{&quot;name&quot;:&quot;Stadth\\u00e4user \\\/ Ebenerdige Wohnungen&quot;,&quot;link&quot;:&quot;https:\\\/\\\/novagestioinmobiliaria.com\\\/de\\\/immobilientyp\\\/stadthaeuser-ebenerdige-wohnungen\\\/&quot;,&quot;slug&quot;:&quot;stadthaeuser-ebenerdige-wohnungen&quot;}],&quot;card&quot;:false,&quot;show&quot;:true,&quot;display_after&quot;:&quot;&quot;,&quot;new_box&quot;:false},{&quot;slug&quot;:&quot;offer-type&quot;,&quot;name&quot;:&quot;Tipo operaci\\u00f3n&quot;,&quot;has_archive&quot;:true,&quot;elements&quot;:[{&quot;name&quot;:&quot;Zu verkaufen&quot;,&quot;link&quot;:&quot;https:\\\/\\\/novagestioinmobiliaria.com\\\/de\\\/offer-type\\\/zu-verkaufen\\\/&quot;,&quot;slug&quot;:&quot;zu-verkaufen&quot;}],&quot;card&quot;:true,&quot;show&quot;:true,&quot;display_after&quot;:&quot;&quot;,&quot;new_box&quot;:false},{&quot;slug&quot;:&quot;city&quot;,&quot;name&quot;:&quot;Zona&quot;,&quot;has_archive&quot;:true,&quot;elements&quot;:[{&quot;name&quot;:&quot;Felanitx&quot;,&quot;link&quot;:&quot;https:\\\/\\\/novagestioinmobiliaria.com\\\/de\\\/city\\\/felanitx-de\\\/&quot;,&quot;slug&quot;:&quot;felanitx-de&quot;}],&quot;card&quot;:false,&quot;show&quot;:true,&quot;display_after&quot;:&quot;&quot;,&quot;new_box&quot;:false},{&quot;slug&quot;:&quot;price&quot;,&quot;name&quot;:&quot;Precio&quot;,&quot;has_archive&quot;:false,&quot;elements&quot;:[{&quot;name&quot;:&quot;450000&quot;,&quot;link&quot;:&quot;&quot;,&quot;slug&quot;:&quot;&quot;}],&quot;show&quot;:false,&quot;card&quot;:false,&quot;display_after&quot;:&quot;\\u20ac&quot;,&quot;new_box&quot;:false},{&quot;slug&quot;:&quot;bedrooms&quot;,&quot;name&quot;:&quot;Habitaciones&quot;,&quot;has_archive&quot;:false,&quot;elements&quot;:[{&quot;name&quot;:&quot;2&quot;,&quot;link&quot;:&quot;&quot;,&quot;slug&quot;:&quot;&quot;}],&quot;show&quot;:true,&quot;card&quot;:true,&quot;display_after&quot;:&quot;&quot;,&quot;new_box&quot;:false},{&quot;slug&quot;:&quot;bathrooms&quot;,&quot;name&quot;:&quot;Ba\\u00f1os&quot;,&quot;has_archive&quot;:false,&quot;elements&quot;:[{&quot;name&quot;:&quot;2&quot;,&quot;link&quot;:&quot;&quot;,&quot;slug&quot;:&quot;&quot;}],&quot;show&quot;:true,&quot;card&quot;:true,&quot;display_after&quot;:&quot;&quot;,&quot;new_box&quot;:false},{&quot;slug&quot;:&quot;property-size&quot;,&quot;name&quot;:&quot;M2&quot;,&quot;has_archive&quot;:false,&quot;elements&quot;:[{&quot;name&quot;:&quot;170&quot;,&quot;link&quot;:&quot;&quot;,&quot;slug&quot;:&quot;&quot;}],&quot;show&quot;:true,&quot;card&quot;:true,&quot;display_after&quot;:&quot;m\\u00b2&quot;,&quot;new_box&quot;:false},{&quot;slug&quot;:&quot;features&quot;,&quot;name&quot;:&quot;Caracter\\u00edsticas&quot;,&quot;has_archive&quot;:true,&quot;elements&quot;:[{&quot;name&quot;:&quot;2 Doppelzimmer&quot;,&quot;link&quot;:&quot;https:\\\/\\\/novagestioinmobiliaria.com\\\/de\\\/eigenschaften\\\/2-doppelzimmer\\\/&quot;,&quot;slug&quot;:&quot;2-doppelzimmer&quot;},{&quot;name&quot;:&quot;Einbauk\\u00fcche&quot;,&quot;link&quot;:&quot;https:\\\/\\\/novagestioinmobiliaria.com\\\/de\\\/eigenschaften\\\/einbaukueche\\\/&quot;,&quot;slug&quot;:&quot;einbaukueche&quot;},{&quot;name&quot;:&quot;Garage&quot;,&quot;link&quot;:&quot;https:\\\/\\\/novagestioinmobiliaria.com\\\/de\\\/eigenschaften\\\/garage-de\\\/&quot;,&quot;slug&quot;:&quot;garage-de&quot;},{&quot;name&quot;:&quot;Kamin&quot;,&quot;link&quot;:&quot;https:\\\/\\\/novagestioinmobiliaria.com\\\/de\\\/eigenschaften\\\/kamin\\\/&quot;,&quot;slug&quot;:&quot;kamin&quot;},{&quot;name&quot;:&quot;M\\u00f6bliert&quot;,&quot;link&quot;:&quot;https:\\\/\\\/novagestioinmobiliaria.com\\\/de\\\/eigenschaften\\\/moebliert\\\/&quot;,&quot;slug&quot;:&quot;moebliert&quot;},{&quot;name&quot;:&quot;Obergeschoss&quot;,&quot;link&quot;:&quot;https:\\\/\\\/novagestioinmobiliaria.com\\\/de\\\/eigenschaften\\\/obergeschoss\\\/&quot;,&quot;slug&quot;:&quot;obergeschoss&quot;},{&quot;name&quot;:&quot;Privatpool&quot;,&quot;link&quot;:&quot;https:\\\/\\\/novagestioinmobiliaria.com\\\/de\\\/eigenschaften\\\/privatpool\\\/&quot;,&quot;slug&quot;:&quot;privatpool&quot;},{&quot;name&quot;:&quot;Reformiert&quot;,&quot;link&quot;:&quot;https:\\\/\\\/novagestioinmobiliaria.com\\\/de\\\/eigenschaften\\\/reformiert\\\/&quot;,&quot;slug&quot;:&quot;reformiert&quot;},{&quot;name&quot;:&quot;Terrasse&quot;,&quot;link&quot;:&quot;https:\\\/\\\/novagestioinmobiliaria.com\\\/de\\\/eigenschaften\\\/terrasse\\\/&quot;,&quot;slug&quot;:&quot;terrasse&quot;},{&quot;name&quot;:&quot;Wohnungen&quot;,&quot;link&quot;:&quot;https:\\\/\\\/novagestioinmobiliaria.com\\\/de\\\/eigenschaften\\\/wohnungen\\\/&quot;,&quot;slug&quot;:&quot;wohnungen&quot;},{&quot;name&quot;:&quot;Zentrale Lage&quot;,&quot;link&quot;:&quot;https:\\\/\\\/novagestioinmobiliaria.com\\\/de\\\/eigenschaften\\\/zentrale-lage\\\/&quot;,&quot;slug&quot;:&quot;zentrale-lage&quot;}],&quot;card&quot;:false,&quot;show&quot;:true,&quot;display_after&quot;:&quot;&quot;,&quot;new_box&quot;:true}],&quot;views&quot;:265,&quot;days_ago&quot;:&quot;1\\u00a0Woche.&quot;,&quot;image_id&quot;:73550,&quot;image_url&quot;:&quot;https:\\\/\\\/novagestioinmobiliaria.com\\\/wp-content\\\/uploads\\\/2024\\\/08\\\/Casa-en-venta-Felanitx-techo-libre-ref-1672-16.jpg&quot;,&quot;tags&quot;:[{&quot;name&quot;:&quot;Caracter\\u00edsticas&quot;,&quot;elements&quot;:[{&quot;name&quot;:&quot;2 Doppelzimmer&quot;,&quot;link&quot;:&quot;https:\\\/\\\/novagestioinmobiliaria.com\\\/de\\\/eigenschaften\\\/2-doppelzimmer\\\/&quot;},{&quot;name&quot;:&quot;Einbauk\\u00fcche&quot;,&quot;link&quot;:&quot;https:\\\/\\\/novagestioinmobiliaria.com\\\/de\\\/eigenschaften\\\/einbaukueche\\\/&quot;},{&quot;name&quot;:&quot;Garage&quot;,&quot;link&quot;:&quot;https:\\\/\\\/novagestioinmobiliaria.com\\\/de\\\/eigenschaften\\\/garage-de\\\/&quot;},{&quot;name&quot;:&quot;Kamin&quot;,&quot;link&quot;:&quot;https:\\\/\\\/novagestioinmobiliaria.com\\\/de\\\/eigenschaften\\\/kamin\\\/&quot;},{&quot;name&quot;:&quot;M\\u00f6bliert&quot;,&quot;link&quot;:&quot;https:\\\/\\\/novagestioinmobiliaria.com\\\/de\\\/eigenschaften\\\/moebliert\\\/&quot;},{&quot;name&quot;:&quot;Obergeschoss&quot;,&quot;link&quot;:&quot;https:\\\/\\\/novagestioinmobiliaria.com\\\/de\\\/eigenschaften\\\/obergeschoss\\\/&quot;},{&quot;name&quot;:&quot;Privatpool&quot;,&quot;link&quot;:&quot;https:\\\/\\\/novagestioinmobiliaria.com\\\/de\\\/eigenschaften\\\/privatpool\\\/&quot;},{&quot;name&quot;:&quot;Reformiert&quot;,&quot;link&quot;:&quot;https:\\\/\\\/novagestioinmobiliaria.com\\\/de\\\/eigenschaften\\\/reformiert\\\/&quot;},{&quot;name&quot;:&quot;Terrasse&quot;,&quot;link&quot;:&quot;https:\\\/\\\/novagestioinmobiliaria.com\\\/de\\\/eigenschaften\\\/terrasse\\\/&quot;},{&quot;name&quot;:&quot;Wohnungen&quot;,&quot;link&quot;:&quot;https:\\\/\\\/novagestioinmobiliaria.com\\\/de\\\/eigenschaften\\\/wohnungen\\\/&quot;},{&quot;name&quot;:&quot;Zentrale Lage&quot;,&quot;link&quot;:&quot;https:\\\/\\\/novagestioinmobiliaria.com\\\/de\\\/eigenschaften\\\/zentrale-lage\\\/&quot;}],&quot;has_archive&quot;:true}],&quot;status&quot;:&quot;publish&quot;,&quot;plans&quot;:[],&quot;video_plan&quot;:{&quot;src&quot;:&quot;&quot;,&quot;video&quot;:&quot;&quot;},&quot;virtual_tour&quot;:null,&quot;state&quot;:&quot;&quot;,&quot;labels&quot;:[],&quot;image&quot;:&quot;https:\\\/\\\/novagestioinmobiliaria.com\\\/wp-content\\\/uploads\\\/2024\\\/08\\\/Casa-en-venta-Felanitx-techo-libre-ref-1672-16-400x250.jpg&quot;,&quot;image_srcset&quot;:&quot;https:\\\/\\\/novagestioinmobiliaria.com\\\/wp-content\\\/uploads\\\/2024\\\/08\\\/Casa-en-venta-Felanitx-techo-libre-ref-1672-16-200x125.jpg 200w, https:\\\/\\\/novagestioinmobiliaria.com\\\/wp-content\\\/uploads\\\/2024\\\/08\\\/Casa-en-venta-Felanitx-techo-libre-ref-1672-16-800x500.jpg 800w, https:\\\/\\\/novagestioinmobiliaria.com\\\/wp-content\\\/uploads\\\/2024\\\/08\\\/Casa-en-venta-Felanitx-techo-libre-ref-1672-16-600x375.jpg 600w, https:\\\/\\\/novagestioinmobiliaria.com\\\/wp-content\\\/uploads\\\/2024\\\/08\\\/Casa-en-venta-Felanitx-techo-libre-ref-1672-16-400x250.jpg 400w&quot;}'>\r\n\t\t\t\t\t\t\t\t\t\t\t\t\t<\/compare-button>\r\n\t\t\t\t\t\t\t\t\t\t\t\t<\/div>\r\n\t\t\t\t\t\t\t\t\t\t\t\t<div class=\"mh-estate-vertical__buttons__single\">\r\n\t\t\t\t\t\t\t\t\t\t\t\t\t<a href=\"https:\/\/novagestioinmobiliaria.com\/de\/propiedades-properties-immobilien\/haus-zum-verkauf-in-felanitx-ca1672fe-vde\/\"\r\n\t\t\t\t\t\t\t\t\t\t\t\t\t   title=\"Haus zum Verkauf in Felanitx : : CA1672FE-VDE\"\r\n\t\t\t\t\t\t\t\t\t\t\t\t\t   class=\"mdl-button mdl-js-button mdl-button--raised mdl-js-ripple-effect mdl-button--primary-ghost\">\r\n\t\t\t\t\t\t\t\t\t\t\t\t\t\tDetails\t\t\t\t\t\t\t\t\t\t\t\t\t\t<span class=\"mdl-button__icon-right\"><i class=\"fa fa-angle-right\"><\/i><\/span>\r\n\t\t\t\t\t\t\t\t\t\t\t\t\t<\/a>\r\n\t\t\t\t\t\t\t\t\t\t\t\t<\/div>\r\n\t\t\t\t\t\t\t\t\t\t\t<\/div>\r\n\t\t\t\t\t\t\t\t\t\t<\/div>\r\n\t\t\t\t\t\t\t\t\t<\/div>\r\n\t\t\t\t\t\t\t\t<\/div>\r\n\t\t\t\t\t\t\t<\/div>\r\n\t\t\t\t\t\t<\/article>\r\n\t\t\t\t\t<\/div>\r\n\t\t\t\t\r\n\t\t\t\t\t<div class=\"item\">\r\n\t\t\t\t\t\t<article class=\"mh-estate-vertical   mh-attribute-property-type__wohnungen-apartments mh-attribute-offer-type__zu-verkaufen mh-attribute-city__arta-de mh-attribute-features__3-schlafzimmer mh-attribute-features__auto-stellplatz mh-attribute-features__einbaukueche mh-attribute-features__moebliert mh-attribute-features__ruhige-lage mh-attribute-features__zentrale-lage\">\r\n\t\t\t\t\t\t\t<a href=\"https:\/\/novagestioinmobiliaria.com\/de\/propiedades-properties-immobilien\/wohnung-zu-verkaufen-in-arta-pi1755ar-vde\/\"\r\n\t\t\t\t\t\t\t   title=\"Wohnung zu verkaufen in Art\u00e0 : : PI1755AR-VDE\"\r\n\t\t\t\t\t\t\t   class=\"mh-thumbnail\">\r\n                        <span class=\"mh-thumbnail__inner\">\r\n                                    <img\r\n                    data-srcset=\"https:\/\/novagestioinmobiliaria.com\/wp-content\/uploads\/2025\/05\/2-1-200x125.jpg 200w, https:\/\/novagestioinmobiliaria.com\/wp-content\/uploads\/2025\/05\/2-1-1200x750.jpg 1200w, https:\/\/novagestioinmobiliaria.com\/wp-content\/uploads\/2025\/05\/2-1-800x500.jpg 800w, https:\/\/novagestioinmobiliaria.com\/wp-content\/uploads\/2025\/05\/2-1-600x375.jpg 600w, https:\/\/novagestioinmobiliaria.com\/wp-content\/uploads\/2025\/05\/2-1-400x250.jpg 400w\"\r\n                    class=\"lazyload \" alt=\"Wohnung zu verkaufen in Art\u00e0 : : PI1755AR-VDE\"\r\n                    data-sizes=\"auto\"\r\n            >\r\n\t\t\t                        <\/span>\r\n\r\n\t\t\t\t\t\t\t\t\t\t\t\t\t\t\t\t\t<div class=\"mh-caption\">\r\n\t\t\t\t\t\t\t\t\t\t<div class=\"mh-caption__inner\">\r\n\t\t\t\t\t\t\t\t\t\t\tZu verkaufen\t\t\t\t\t\t\t\t\t\t<\/div>\r\n\t\t\t\t\t\t\t\t\t<\/div>\r\n\t\t\t\t\t\t\t\t\t\r\n\t\t\t\t\t\t\t\t<div class=\"mh-estate-vertical__text\">\r\n\t\t\t\t\t\t\t\t\t<div class=\"mh-estate-vertical__text__inner\">\r\n\t\t\t\t\t\t\t\t\t\tHelle, komplett m\u00f6blierte Wohnung zum Verkauf in Art\u00e0, ideal f\u00fcr diejenigen, die Komfort und Lebensqualit\u00e4t in einer ruhigen Umgebung suchen....\t\t\t\t\t\t\t\t\t<\/div>\r\n\t\t\t\t\t\t\t\t<\/div>\r\n\t\t\t\t\t\t\t<\/a>\r\n\r\n\t\t\t\t\t\t\t<div class=\"mh-estate-vertical__content\">\r\n\t\t\t\t\t\t\t\t<h3 class=\"mh-estate-vertical__heading\">\r\n\t\t\t\t\t\t\t\t\t<a href=\"https:\/\/novagestioinmobiliaria.com\/de\/propiedades-properties-immobilien\/wohnung-zu-verkaufen-in-arta-pi1755ar-vde\/\"\r\n\t\t\t\t\t\t\t\t\t   title=\"Wohnung zu verkaufen in Art\u00e0 : : PI1755AR-VDE\">\r\n\t\t\t\t\t\t\t\t\t\tWohnung zu verkaufen in Art\u00e0 : : PI1755AR-VDE\t\t\t\t\t\t\t\t\t<\/a>\r\n\t\t\t\t\t\t\t\t<\/h3>\r\n\t\t\t\t\t\t\t\t<address class=\"mh-estate-vertical__subheading\">\r\n\t\t\t\t\t\t\t\t\tA\t\t\t\t\t\t\t\t<\/address>\r\n\t\t\t\t\t\t\t\t<div class=\"mh-estate-vertical__primary\">\r\n\t\t\t\t\t\t\t\t\t340.000 \u20ac\t\t\t\t\t\t\t\t<\/div>\r\n\r\n\t\t\t\t\t\t\t\t<div>\r\n\t\t\t\t\t\t\t\t\t<div class=\"mh-estate__list\">\r\n\t\t\t\t\t\t\t\t\t\t\r\n\t\t\t\t\t\t\t\t\t\t\t<span class=\"mh-estate-vertical__more-info mh-estate_attribute-offer-type\">\r\n                                        <strong>Tipo operaci\u00f3n:<\/strong>\r\n\t\t\t\t\t\t\t\t\t\t\t\t\t\t\t\t\t\t\t\t\t\t\t\t\t\tZu verkaufen\t\t\t\t\t\t\t\t\t\t\t\t\t\t                                    <\/span>\r\n\r\n\t\t\t\t\t\t\t\t\t\t\r\n\t\t\t\t\t\t\t\t\t\t\t<span class=\"mh-estate-vertical__more-info mh-estate_attribute-bedrooms\">\r\n                                        <strong>Habitaciones:<\/strong>\r\n\t\t\t\t\t\t\t\t\t\t\t\t3                                    <\/span>\r\n\r\n\t\t\t\t\t\t\t\t\t\t\r\n\t\t\t\t\t\t\t\t\t\t\t<span class=\"mh-estate-vertical__more-info mh-estate_attribute-bathrooms\">\r\n                                        <strong>Ba\u00f1os:<\/strong>\r\n\t\t\t\t\t\t\t\t\t\t\t\t2                                    <\/span>\r\n\r\n\t\t\t\t\t\t\t\t\t\t\r\n\t\t\t\t\t\t\t\t\t\t\t<span class=\"mh-estate-vertical__more-info mh-estate_attribute-property-size\">\r\n                                        <strong>M2:<\/strong>\r\n\t\t\t\t\t\t\t\t\t\t\t\t97 m\u00b2                                    <\/span>\r\n\r\n\t\t\t\t\t\t\t\t\t\t\t\t\t\t\t\t\t\t\t<\/div>\r\n\t\t\t\t\t\t\t\t<\/div>\r\n\r\n\t\t\t\t\t\t\t\t<div class=\"mh-estate-vertical__bottom\">\r\n\t\t\t\t\t\t\t\t\t<div class=\"mh-estate-vertical__bottom__inner\">\r\n\t\t\t\t\t\t\t\t\t\t<div class=\"mh-estate-vertical__date\">\r\n\t\t\t\t\t\t\t\t\t\t\t1\u00a0Woche.\t\t\t\t\t\t\t\t\t\t<\/div>\r\n\t\t\t\t\t\t\t\t\t\t<div class=\"mh-estate-vertical__buttons-wrapper\">\r\n\t\t\t\t\t\t\t\t\t\t\t<div class=\"mh-estate-vertical__buttons\">\r\n\t\t\t\t\t\t\t\t\t\t\t\t<div class=\"mh-estate-vertical__buttons__single\">\r\n\t\t\t\t\t\t\t\t\t\t\t\t\t<compare-button class=\"myhome-compare\"\r\n\t\t\t\t\t\t\t\t\t\t\t\t\t\t\t\t\t:translations='{&quot;added&quot;:&quot;Zus\\u00e4tzlich&quot;,&quot;compare&quot;:&quot;Vergleichen&quot;}'\r\n\t\t\t\t\t\t\t\t\t\t\t\t\t\t\t\t\t:estate='{&quot;short_excerpt_limit&quot;:125,&quot;long_excerpt_limit&quot;:160,&quot;id&quot;:77623,&quot;agent_id&quot;:&quot;26&quot;,&quot;title&quot;:&quot;Wohnung zu verkaufen in Art\\u00e0 : : PI1755AR-VDE&quot;,&quot;content&quot;:&quot;Helle, komplett m\\u00f6blierte Wohnung zum Verkauf in Art\\u00e0, ideal f\\u00fcr diejenigen, die Komfort und Lebensqualit\\u00e4t in einer ruhigen Umgebung suchen.\\r\\nDie Immobilie hat eine Gesamtfl\\u00e4che von 147 m\\u00b2 (einschlie\\u00dflich Parkplatz), davon entfallen 106 m\\u00b2 auf die Wohnung. Sie verf\\u00fcgt \\u00fcber einen gem\\u00fctlichen Eingangsbereich, ein ger\\u00e4umiges und helles Wohn-Esszimmer, eine komplett ausgestattete separate K\\u00fcche, 3 Doppelzimmer, 2 komplette Badezimmer (eines mit Dusche und eines mit Badewanne) und 2 Balkone.\\r\\nHervorzuheben ist die hervorragende W\\u00e4rme- und Schalld\\u00e4mmung dank hochwertiger Au\\u00dfenfenster der Marke Technal und doppelt verglasten Climalit-Fenstern, die ganzj\\u00e4hrigen Komfort gew\\u00e4hrleisten.\\r\\nDie Wohnung befindet sich in einer ruhigen und gut angebundenen Gegend, nur 5 Gehminuten vom Zentrum entfernt und mit leichtem Zugang zu allen Dienstleistungen. Au\\u00dferdem verf\\u00fcgt die Wohnung \\u00fcber einen g\\u00fcltigen Energieausweis und eine aktuelle Wohnungsberechtigungskarte.\\r\\nInklusive Stellplatz in der Gemeinschaftsgarage.\\r\\nNova Gesti\\u00f3 Inmobiliaria - Ihre Immobilienagentur in Art\\u00e0&quot;,&quot;excerpt&quot;:&quot;Helle, komplett m\\u00f6blierte Wohnung zum Verkauf in Art\\u00e0, ideal f\\u00fcr diejenigen, die Komfort und Lebensqualit\\u00e4t in einer ruhigen Umgebung suchen. Die Immobilie hat eine Gesamtfl\\u00e4che von 147 m\\u00b2 (einschlie\\u00dflich Parkplatz), davon entfallen 106 m\\u00b2 auf die Wohnung. Sie verf\\u00fcgt \\u00fcber einen gem\\u00fctlichen Eingangsbereich, ein ger\\u00e4umiges und helles Wohn-Esszimmer, eine komplett ausgestattete separate K\\u00fcche, 3 Doppelzimmer, [\\u2026]&quot;,&quot;short_excerpt&quot;:&quot;Helle, komplett m\\u00f6blierte Wohnung zum Verkauf in Art\\u00e0, ideal f\\u00fcr diejenigen, die Komfort und Lebensqualit\\u00e4t in einer ruhig...&quot;,&quot;long_excerpt&quot;:&quot;Helle, komplett m\\u00f6blierte Wohnung zum Verkauf in Art\\u00e0, ideal f\\u00fcr diejenigen, die Komfort und Lebensqualit\\u00e4t in einer ruhigen Umgebung suchen.\\r\\nDie Immobilie ...&quot;,&quot;link&quot;:&quot;https:\\\/\\\/novagestioinmobiliaria.com\\\/de\\\/propiedades-properties-immobilien\\\/wohnung-zu-verkaufen-in-arta-pi1755ar-vde\\\/&quot;,&quot;offer_type&quot;:&quot;Zu verkaufen&quot;,&quot;price&quot;:&quot;340.000 \\u20ac&quot;,&quot;location&quot;:&quot;A&quot;,&quot;is_featured&quot;:true,&quot;gallery&quot;:[],&quot;attributes&quot;:[{&quot;slug&quot;:&quot;property-type&quot;,&quot;name&quot;:&quot;Tipo propiedad&quot;,&quot;has_archive&quot;:true,&quot;elements&quot;:[{&quot;name&quot;:&quot;Wohnungen \\\/ Apartments&quot;,&quot;link&quot;:&quot;https:\\\/\\\/novagestioinmobiliaria.com\\\/de\\\/immobilientyp\\\/wohnungen-apartments\\\/&quot;,&quot;slug&quot;:&quot;wohnungen-apartments&quot;}],&quot;card&quot;:false,&quot;show&quot;:true,&quot;display_after&quot;:&quot;&quot;,&quot;new_box&quot;:false},{&quot;slug&quot;:&quot;offer-type&quot;,&quot;name&quot;:&quot;Tipo operaci\\u00f3n&quot;,&quot;has_archive&quot;:true,&quot;elements&quot;:[{&quot;name&quot;:&quot;Zu verkaufen&quot;,&quot;link&quot;:&quot;https:\\\/\\\/novagestioinmobiliaria.com\\\/de\\\/offer-type\\\/zu-verkaufen\\\/&quot;,&quot;slug&quot;:&quot;zu-verkaufen&quot;}],&quot;card&quot;:true,&quot;show&quot;:true,&quot;display_after&quot;:&quot;&quot;,&quot;new_box&quot;:false},{&quot;slug&quot;:&quot;city&quot;,&quot;name&quot;:&quot;Zona&quot;,&quot;has_archive&quot;:true,&quot;elements&quot;:[{&quot;name&quot;:&quot;Art\\u00e1&quot;,&quot;link&quot;:&quot;https:\\\/\\\/novagestioinmobiliaria.com\\\/de\\\/city\\\/arta-de\\\/&quot;,&quot;slug&quot;:&quot;arta-de&quot;}],&quot;card&quot;:false,&quot;show&quot;:true,&quot;display_after&quot;:&quot;&quot;,&quot;new_box&quot;:false},{&quot;slug&quot;:&quot;price&quot;,&quot;name&quot;:&quot;Precio&quot;,&quot;has_archive&quot;:false,&quot;elements&quot;:[{&quot;name&quot;:&quot;340000&quot;,&quot;link&quot;:&quot;&quot;,&quot;slug&quot;:&quot;&quot;}],&quot;show&quot;:false,&quot;card&quot;:false,&quot;display_after&quot;:&quot;\\u20ac&quot;,&quot;new_box&quot;:false},{&quot;slug&quot;:&quot;bedrooms&quot;,&quot;name&quot;:&quot;Habitaciones&quot;,&quot;has_archive&quot;:false,&quot;elements&quot;:[{&quot;name&quot;:&quot;3&quot;,&quot;link&quot;:&quot;&quot;,&quot;slug&quot;:&quot;&quot;}],&quot;show&quot;:true,&quot;card&quot;:true,&quot;display_after&quot;:&quot;&quot;,&quot;new_box&quot;:false},{&quot;slug&quot;:&quot;bathrooms&quot;,&quot;name&quot;:&quot;Ba\\u00f1os&quot;,&quot;has_archive&quot;:false,&quot;elements&quot;:[{&quot;name&quot;:&quot;2&quot;,&quot;link&quot;:&quot;&quot;,&quot;slug&quot;:&quot;&quot;}],&quot;show&quot;:true,&quot;card&quot;:true,&quot;display_after&quot;:&quot;&quot;,&quot;new_box&quot;:false},{&quot;slug&quot;:&quot;property-size&quot;,&quot;name&quot;:&quot;M2&quot;,&quot;has_archive&quot;:false,&quot;elements&quot;:[{&quot;name&quot;:&quot;97&quot;,&quot;link&quot;:&quot;&quot;,&quot;slug&quot;:&quot;&quot;}],&quot;show&quot;:true,&quot;card&quot;:true,&quot;display_after&quot;:&quot;m\\u00b2&quot;,&quot;new_box&quot;:false},{&quot;slug&quot;:&quot;features&quot;,&quot;name&quot;:&quot;Caracter\\u00edsticas&quot;,&quot;has_archive&quot;:true,&quot;elements&quot;:[{&quot;name&quot;:&quot;3 Schlafzimmer&quot;,&quot;link&quot;:&quot;https:\\\/\\\/novagestioinmobiliaria.com\\\/de\\\/eigenschaften\\\/3-schlafzimmer\\\/&quot;,&quot;slug&quot;:&quot;3-schlafzimmer&quot;},{&quot;name&quot;:&quot;Auto-Stellplatz&quot;,&quot;link&quot;:&quot;https:\\\/\\\/novagestioinmobiliaria.com\\\/de\\\/eigenschaften\\\/auto-stellplatz\\\/&quot;,&quot;slug&quot;:&quot;auto-stellplatz&quot;},{&quot;name&quot;:&quot;Einbauk\\u00fcche&quot;,&quot;link&quot;:&quot;https:\\\/\\\/novagestioinmobiliaria.com\\\/de\\\/eigenschaften\\\/einbaukueche\\\/&quot;,&quot;slug&quot;:&quot;einbaukueche&quot;},{&quot;name&quot;:&quot;M\\u00f6bliert&quot;,&quot;link&quot;:&quot;https:\\\/\\\/novagestioinmobiliaria.com\\\/de\\\/eigenschaften\\\/moebliert\\\/&quot;,&quot;slug&quot;:&quot;moebliert&quot;},{&quot;name&quot;:&quot;Ruhige Lage&quot;,&quot;link&quot;:&quot;https:\\\/\\\/novagestioinmobiliaria.com\\\/de\\\/eigenschaften\\\/ruhige-lage\\\/&quot;,&quot;slug&quot;:&quot;ruhige-lage&quot;},{&quot;name&quot;:&quot;Zentrale Lage&quot;,&quot;link&quot;:&quot;https:\\\/\\\/novagestioinmobiliaria.com\\\/de\\\/eigenschaften\\\/zentrale-lage\\\/&quot;,&quot;slug&quot;:&quot;zentrale-lage&quot;}],&quot;card&quot;:false,&quot;show&quot;:true,&quot;display_after&quot;:&quot;&quot;,&quot;new_box&quot;:true}],&quot;views&quot;:39,&quot;days_ago&quot;:&quot;1\\u00a0Woche.&quot;,&quot;image_id&quot;:77572,&quot;image_url&quot;:&quot;https:\\\/\\\/novagestioinmobiliaria.com\\\/wp-content\\\/uploads\\\/2025\\\/05\\\/2-1.jpg&quot;,&quot;tags&quot;:[{&quot;name&quot;:&quot;Caracter\\u00edsticas&quot;,&quot;elements&quot;:[{&quot;name&quot;:&quot;3 Schlafzimmer&quot;,&quot;link&quot;:&quot;https:\\\/\\\/novagestioinmobiliaria.com\\\/de\\\/eigenschaften\\\/3-schlafzimmer\\\/&quot;},{&quot;name&quot;:&quot;Auto-Stellplatz&quot;,&quot;link&quot;:&quot;https:\\\/\\\/novagestioinmobiliaria.com\\\/de\\\/eigenschaften\\\/auto-stellplatz\\\/&quot;},{&quot;name&quot;:&quot;Einbauk\\u00fcche&quot;,&quot;link&quot;:&quot;https:\\\/\\\/novagestioinmobiliaria.com\\\/de\\\/eigenschaften\\\/einbaukueche\\\/&quot;},{&quot;name&quot;:&quot;M\\u00f6bliert&quot;,&quot;link&quot;:&quot;https:\\\/\\\/novagestioinmobiliaria.com\\\/de\\\/eigenschaften\\\/moebliert\\\/&quot;},{&quot;name&quot;:&quot;Ruhige Lage&quot;,&quot;link&quot;:&quot;https:\\\/\\\/novagestioinmobiliaria.com\\\/de\\\/eigenschaften\\\/ruhige-lage\\\/&quot;},{&quot;name&quot;:&quot;Zentrale Lage&quot;,&quot;link&quot;:&quot;https:\\\/\\\/novagestioinmobiliaria.com\\\/de\\\/eigenschaften\\\/zentrale-lage\\\/&quot;}],&quot;has_archive&quot;:true}],&quot;status&quot;:&quot;publish&quot;,&quot;plans&quot;:[],&quot;video_plan&quot;:{&quot;src&quot;:&quot;&quot;,&quot;video&quot;:&quot;&quot;},&quot;virtual_tour&quot;:null,&quot;state&quot;:&quot;&quot;,&quot;labels&quot;:[],&quot;image&quot;:&quot;https:\\\/\\\/novagestioinmobiliaria.com\\\/wp-content\\\/uploads\\\/2025\\\/05\\\/2-1-400x250.jpg&quot;,&quot;image_srcset&quot;:&quot;https:\\\/\\\/novagestioinmobiliaria.com\\\/wp-content\\\/uploads\\\/2025\\\/05\\\/2-1-200x125.jpg 200w, https:\\\/\\\/novagestioinmobiliaria.com\\\/wp-content\\\/uploads\\\/2025\\\/05\\\/2-1-1200x750.jpg 1200w, https:\\\/\\\/novagestioinmobiliaria.com\\\/wp-content\\\/uploads\\\/2025\\\/05\\\/2-1-800x500.jpg 800w, https:\\\/\\\/novagestioinmobiliaria.com\\\/wp-content\\\/uploads\\\/2025\\\/05\\\/2-1-600x375.jpg 600w, https:\\\/\\\/novagestioinmobiliaria.com\\\/wp-content\\\/uploads\\\/2025\\\/05\\\/2-1-400x250.jpg 400w&quot;}'>\r\n\t\t\t\t\t\t\t\t\t\t\t\t\t<\/compare-button>\r\n\t\t\t\t\t\t\t\t\t\t\t\t<\/div>\r\n\t\t\t\t\t\t\t\t\t\t\t\t<div class=\"mh-estate-vertical__buttons__single\">\r\n\t\t\t\t\t\t\t\t\t\t\t\t\t<a href=\"https:\/\/novagestioinmobiliaria.com\/de\/propiedades-properties-immobilien\/wohnung-zu-verkaufen-in-arta-pi1755ar-vde\/\"\r\n\t\t\t\t\t\t\t\t\t\t\t\t\t   title=\"Wohnung zu verkaufen in Art\u00e0 : : PI1755AR-VDE\"\r\n\t\t\t\t\t\t\t\t\t\t\t\t\t   class=\"mdl-button mdl-js-button mdl-button--raised mdl-js-ripple-effect mdl-button--primary-ghost\">\r\n\t\t\t\t\t\t\t\t\t\t\t\t\t\tDetails\t\t\t\t\t\t\t\t\t\t\t\t\t\t<span class=\"mdl-button__icon-right\"><i class=\"fa fa-angle-right\"><\/i><\/span>\r\n\t\t\t\t\t\t\t\t\t\t\t\t\t<\/a>\r\n\t\t\t\t\t\t\t\t\t\t\t\t<\/div>\r\n\t\t\t\t\t\t\t\t\t\t\t<\/div>\r\n\t\t\t\t\t\t\t\t\t\t<\/div>\r\n\t\t\t\t\t\t\t\t\t<\/div>\r\n\t\t\t\t\t\t\t\t<\/div>\r\n\t\t\t\t\t\t\t<\/div>\r\n\t\t\t\t\t\t<\/article>\r\n\t\t\t\t\t<\/div>\r\n\t\t\t\t\r\n\t\t\t\t\t<div class=\"item\">\r\n\t\t\t\t\t\t<article class=\"mh-estate-vertical   mh-attribute-property-type__landgrundstuecke-bebaubares-land mh-attribute-offer-type__zu-verkaufen mh-attribute-city__porreres-de mh-attribute-features__ausblick-auf-die-berge mh-attribute-features__bebaubar mh-attribute-features__privatpool mh-attribute-features__ruhige-lage mh-attribute-features__unverbaubare-aussicht\">\r\n\t\t\t\t\t\t\t<a href=\"https:\/\/novagestioinmobiliaria.com\/de\/propiedades-properties-immobilien\/rustikales-grundstueck-in-porreres-zu-verkaufen-fr1885po-vde\/\"\r\n\t\t\t\t\t\t\t   title=\"Rustikales Grundst\u00fcck in Porreres zu verkaufen : : FR1885PO-VDE\"\r\n\t\t\t\t\t\t\t   class=\"mh-thumbnail\">\r\n                        <span class=\"mh-thumbnail__inner\">\r\n                                    <img\r\n                    data-srcset=\"https:\/\/novagestioinmobiliaria.com\/wp-content\/uploads\/2026\/04\/FincaRustica-venta-porreres-ref-1885-1-200x125.jpg 200w, https:\/\/novagestioinmobiliaria.com\/wp-content\/uploads\/2026\/04\/FincaRustica-venta-porreres-ref-1885-1-800x500.jpg 800w, https:\/\/novagestioinmobiliaria.com\/wp-content\/uploads\/2026\/04\/FincaRustica-venta-porreres-ref-1885-1-600x375.jpg 600w, https:\/\/novagestioinmobiliaria.com\/wp-content\/uploads\/2026\/04\/FincaRustica-venta-porreres-ref-1885-1-400x250.jpg 400w\"\r\n                    class=\"lazyload \" alt=\"Rustikales Grundst\u00fcck in Porreres zu verkaufen : : FR1885PO-VDE\"\r\n                    data-sizes=\"auto\"\r\n            >\r\n\t\t\t                        <\/span>\r\n\r\n\t\t\t\t\t\t\t\t\t\t\t\t\t\t\t\t\t<div class=\"mh-caption\">\r\n\t\t\t\t\t\t\t\t\t\t<div class=\"mh-caption__inner\">\r\n\t\t\t\t\t\t\t\t\t\t\tZu verkaufen\t\t\t\t\t\t\t\t\t\t<\/div>\r\n\t\t\t\t\t\t\t\t\t<\/div>\r\n\t\t\t\t\t\t\t\t\t\r\n\t\t\t\t\t\t\t\t<div class=\"mh-estate-vertical__text\">\r\n\t\t\t\t\t\t\t\t\t<div class=\"mh-estate-vertical__text__inner\">\r\n\t\t\t\t\t\t\t\t\t\tWundersch\u00f6nes baureifes rustikales Grundst\u00fcck von 17.368 m\u00b2 in Porreres zu verkaufen, komplett mit traditioneller mallorquinischer Steinmauer begrenzt, umgeben von Zypressen...\t\t\t\t\t\t\t\t\t<\/div>\r\n\t\t\t\t\t\t\t\t<\/div>\r\n\t\t\t\t\t\t\t<\/a>\r\n\r\n\t\t\t\t\t\t\t<div class=\"mh-estate-vertical__content\">\r\n\t\t\t\t\t\t\t\t<h3 class=\"mh-estate-vertical__heading\">\r\n\t\t\t\t\t\t\t\t\t<a href=\"https:\/\/novagestioinmobiliaria.com\/de\/propiedades-properties-immobilien\/rustikales-grundstueck-in-porreres-zu-verkaufen-fr1885po-vde\/\"\r\n\t\t\t\t\t\t\t\t\t   title=\"Rustikales Grundst\u00fcck in Porreres zu verkaufen : : FR1885PO-VDE\">\r\n\t\t\t\t\t\t\t\t\t\tRustikales Grundst\u00fcck in Porreres zu verkaufen : : FR1885PO-VDE\t\t\t\t\t\t\t\t\t<\/a>\r\n\t\t\t\t\t\t\t\t<\/h3>\r\n\t\t\t\t\t\t\t\t<address class=\"mh-estate-vertical__subheading\">\r\n\t\t\t\t\t\t\t\t\tP\t\t\t\t\t\t\t\t<\/address>\r\n\t\t\t\t\t\t\t\t<div class=\"mh-estate-vertical__primary\">\r\n\t\t\t\t\t\t\t\t\t295.000 \u20ac\t\t\t\t\t\t\t\t<\/div>\r\n\r\n\t\t\t\t\t\t\t\t<div>\r\n\t\t\t\t\t\t\t\t\t<div class=\"mh-estate__list\">\r\n\t\t\t\t\t\t\t\t\t\t\r\n\t\t\t\t\t\t\t\t\t\t\t<span class=\"mh-estate-vertical__more-info mh-estate_attribute-offer-type\">\r\n                                        <strong>Tipo operaci\u00f3n:<\/strong>\r\n\t\t\t\t\t\t\t\t\t\t\t\t\t\t\t\t\t\t\t\t\t\t\t\t\t\tZu verkaufen\t\t\t\t\t\t\t\t\t\t\t\t\t\t                                    <\/span>\r\n\r\n\t\t\t\t\t\t\t\t\t\t\r\n\t\t\t\t\t\t\t\t\t\t\t<span class=\"mh-estate-vertical__more-info mh-estate_attribute-property-size\">\r\n                                        <strong>M2:<\/strong>\r\n\t\t\t\t\t\t\t\t\t\t\t\t300 ca. m\u00b2                                    <\/span>\r\n\r\n\t\t\t\t\t\t\t\t\t\t\t\t\t\t\t\t\t\t\t<\/div>\r\n\t\t\t\t\t\t\t\t<\/div>\r\n\r\n\t\t\t\t\t\t\t\t<div class=\"mh-estate-vertical__bottom\">\r\n\t\t\t\t\t\t\t\t\t<div class=\"mh-estate-vertical__bottom__inner\">\r\n\t\t\t\t\t\t\t\t\t\t<div class=\"mh-estate-vertical__date\">\r\n\t\t\t\t\t\t\t\t\t\t\t2\u00a0Wochen.\t\t\t\t\t\t\t\t\t\t<\/div>\r\n\t\t\t\t\t\t\t\t\t\t<div class=\"mh-estate-vertical__buttons-wrapper\">\r\n\t\t\t\t\t\t\t\t\t\t\t<div class=\"mh-estate-vertical__buttons\">\r\n\t\t\t\t\t\t\t\t\t\t\t\t<div class=\"mh-estate-vertical__buttons__single\">\r\n\t\t\t\t\t\t\t\t\t\t\t\t\t<compare-button class=\"myhome-compare\"\r\n\t\t\t\t\t\t\t\t\t\t\t\t\t\t\t\t\t:translations='{&quot;added&quot;:&quot;Zus\\u00e4tzlich&quot;,&quot;compare&quot;:&quot;Vergleichen&quot;}'\r\n\t\t\t\t\t\t\t\t\t\t\t\t\t\t\t\t\t:estate='{&quot;short_excerpt_limit&quot;:125,&quot;long_excerpt_limit&quot;:160,&quot;id&quot;:89027,&quot;agent_id&quot;:&quot;26&quot;,&quot;title&quot;:&quot;Rustikales Grundst\\u00fcck in Porreres zu verkaufen : : FR1885PO-VDE&quot;,&quot;content&quot;:&quot;Wundersch\\u00f6nes baureifes rustikales Grundst\\u00fcck von 17.368 m\\u00b2 in Porreres zu verkaufen, komplett mit traditioneller mallorquinischer Steinmauer begrenzt, umgeben von Zypressen und sorgf\\u00e4ltig gepflanzten Olivenb\\u00e4umen, was ihm einen authentischen und sehr besonderen Charakter verleiht. Gelegen in einer ruhigen, sonnigen Gegend mit guter Zufahrt \\u00fcber eine asphaltierte Stra\\u00dfe, ideal f\\u00fcr diejenigen, die Privatsph\\u00e4re suchen, ohne auf die Bequemlichkeit der Anbindung zu verzichten.\\r\\nDas Anwesen hatte fr\\u00fcher ein Projekt f\\u00fcr den Bau eines Einfamilienhauses von ca. 300 m\\u00b2 mit Terrasse, Veranda und Pool. Dieses Projekt ist derzeit nicht in Kraft, es besteht jedoch die M\\u00f6glichkeit, ein neues Projekt zu beantragen, das an die Bed\\u00fcrfnisse und Vorlieben des zuk\\u00fcnftigen Besitzers angepasst ist, entsprechend den geltenden st\\u00e4dtebaulichen Vorschriften.\\r\\nEs besteht eine reale M\\u00f6glichkeit der Stromnetzanschlusses und Wasserverf\\u00fcgbarkeit \\u00fcber einen Z\\u00e4hler, was die Entwicklung jedes neuen Projekts erleichtert.\\r\\nEine ausgezeichnete Gelegenheit, ein ma\\u00dfgeschneidertes Haus in einer privilegierten nat\\u00fcrlichen Umgebung zu entwickeln, mit dem ganzen Charme der mallorquinischen Landschaft.\\r\\nNova Gesti\\u00f3, Ihre vertrauensw\\u00fcrdige Immobilienagentur in Porreres.&quot;,&quot;excerpt&quot;:&quot;Wundersch\\u00f6nes baureifes rustikales Grundst\\u00fcck von 17.368 m\\u00b2 in Porreres zu verkaufen, komplett mit traditioneller mallorquinischer Steinmauer begrenzt, umgeben von Zypressen und sorgf\\u00e4ltig gepflanzten Olivenb\\u00e4umen, was ihm einen authentischen und sehr besonderen Charakter verleiht. Gelegen in einer ruhigen, sonnigen Gegend mit guter Zufahrt \\u00fcber eine asphaltierte Stra\\u00dfe, ideal f\\u00fcr diejenigen, die Privatsph\\u00e4re suchen, ohne auf die [\\u2026]&quot;,&quot;short_excerpt&quot;:&quot;Wundersch\\u00f6nes baureifes rustikales Grundst\\u00fcck von 17.368 m\\u00b2 in Porreres zu verkaufen, komplett mit traditioneller mallorqu...&quot;,&quot;long_excerpt&quot;:&quot;Wundersch\\u00f6nes baureifes rustikales Grundst\\u00fcck von 17.368 m\\u00b2 in Porreres zu verkaufen, komplett mit traditioneller mallorquinischer Steinmauer begrenzt, umgeb...&quot;,&quot;link&quot;:&quot;https:\\\/\\\/novagestioinmobiliaria.com\\\/de\\\/propiedades-properties-immobilien\\\/rustikales-grundstueck-in-porreres-zu-verkaufen-fr1885po-vde\\\/&quot;,&quot;offer_type&quot;:&quot;Zu verkaufen&quot;,&quot;price&quot;:&quot;295.000 \\u20ac&quot;,&quot;location&quot;:&quot;P&quot;,&quot;is_featured&quot;:true,&quot;gallery&quot;:[{&quot;id&quot;:89025,&quot;url&quot;:&quot;https:\\\/\\\/novagestioinmobiliaria.com\\\/wp-content\\\/uploads\\\/2026\\\/04\\\/FincaRustica-venta-porreres-ref-1885-6.jpg&quot;,&quot;alt&quot;:&quot;&quot;},{&quot;id&quot;:89022,&quot;url&quot;:&quot;https:\\\/\\\/novagestioinmobiliaria.com\\\/wp-content\\\/uploads\\\/2026\\\/04\\\/FincaRustica-venta-porreres-ref-1885-5.jpg&quot;,&quot;alt&quot;:&quot;&quot;},{&quot;id&quot;:89019,&quot;url&quot;:&quot;https:\\\/\\\/novagestioinmobiliaria.com\\\/wp-content\\\/uploads\\\/2026\\\/04\\\/FincaRustica-venta-porreres-ref-1885-4.jpg&quot;,&quot;alt&quot;:&quot;&quot;},{&quot;id&quot;:89016,&quot;url&quot;:&quot;https:\\\/\\\/novagestioinmobiliaria.com\\\/wp-content\\\/uploads\\\/2026\\\/04\\\/FincaRustica-venta-porreres-ref-1885-3.jpg&quot;,&quot;alt&quot;:&quot;&quot;},{&quot;id&quot;:89013,&quot;url&quot;:&quot;https:\\\/\\\/novagestioinmobiliaria.com\\\/wp-content\\\/uploads\\\/2026\\\/04\\\/FincaRustica-venta-porreres-ref-1885-2.jpg&quot;,&quot;alt&quot;:&quot;&quot;},{&quot;id&quot;:89010,&quot;url&quot;:&quot;https:\\\/\\\/novagestioinmobiliaria.com\\\/wp-content\\\/uploads\\\/2026\\\/04\\\/FincaRustica-venta-porreres-ref-1885-1.jpg&quot;,&quot;alt&quot;:&quot;&quot;},{&quot;id&quot;:89007,&quot;url&quot;:&quot;https:\\\/\\\/novagestioinmobiliaria.com\\\/wp-content\\\/uploads\\\/2026\\\/04\\\/FincaRustica-venta-porreres-ref-1885-7.jpg&quot;,&quot;alt&quot;:&quot;&quot;}],&quot;attributes&quot;:[{&quot;slug&quot;:&quot;property-type&quot;,&quot;name&quot;:&quot;Tipo propiedad&quot;,&quot;has_archive&quot;:true,&quot;elements&quot;:[{&quot;name&quot;:&quot;Landgrundst\\u00fccke \\\/ Bebaubares Land&quot;,&quot;link&quot;:&quot;https:\\\/\\\/novagestioinmobiliaria.com\\\/de\\\/immobilientyp\\\/landgrundstuecke-bebaubares-land\\\/&quot;,&quot;slug&quot;:&quot;landgrundstuecke-bebaubares-land&quot;}],&quot;card&quot;:false,&quot;show&quot;:true,&quot;display_after&quot;:&quot;&quot;,&quot;new_box&quot;:false},{&quot;slug&quot;:&quot;offer-type&quot;,&quot;name&quot;:&quot;Tipo operaci\\u00f3n&quot;,&quot;has_archive&quot;:true,&quot;elements&quot;:[{&quot;name&quot;:&quot;Zu verkaufen&quot;,&quot;link&quot;:&quot;https:\\\/\\\/novagestioinmobiliaria.com\\\/de\\\/offer-type\\\/zu-verkaufen\\\/&quot;,&quot;slug&quot;:&quot;zu-verkaufen&quot;}],&quot;card&quot;:true,&quot;show&quot;:true,&quot;display_after&quot;:&quot;&quot;,&quot;new_box&quot;:false},{&quot;slug&quot;:&quot;city&quot;,&quot;name&quot;:&quot;Zona&quot;,&quot;has_archive&quot;:true,&quot;elements&quot;:[{&quot;name&quot;:&quot;Porreres&quot;,&quot;link&quot;:&quot;https:\\\/\\\/novagestioinmobiliaria.com\\\/de\\\/city\\\/porreres-de\\\/&quot;,&quot;slug&quot;:&quot;porreres-de&quot;}],&quot;card&quot;:false,&quot;show&quot;:true,&quot;display_after&quot;:&quot;&quot;,&quot;new_box&quot;:false},{&quot;slug&quot;:&quot;price&quot;,&quot;name&quot;:&quot;Precio&quot;,&quot;has_archive&quot;:false,&quot;elements&quot;:[{&quot;name&quot;:&quot;295000\\u20ac&quot;,&quot;link&quot;:&quot;&quot;,&quot;slug&quot;:&quot;&quot;}],&quot;show&quot;:false,&quot;card&quot;:false,&quot;display_after&quot;:&quot;\\u20ac&quot;,&quot;new_box&quot;:false},{&quot;slug&quot;:&quot;property-size&quot;,&quot;name&quot;:&quot;M2&quot;,&quot;has_archive&quot;:false,&quot;elements&quot;:[{&quot;name&quot;:&quot;300 ca.&quot;,&quot;link&quot;:&quot;&quot;,&quot;slug&quot;:&quot;&quot;}],&quot;show&quot;:true,&quot;card&quot;:true,&quot;display_after&quot;:&quot;m\\u00b2&quot;,&quot;new_box&quot;:false},{&quot;slug&quot;:&quot;lot-size&quot;,&quot;name&quot;:&quot;Terreno \\\/ Solar&quot;,&quot;has_archive&quot;:false,&quot;elements&quot;:[{&quot;name&quot;:&quot;17368&quot;,&quot;link&quot;:&quot;&quot;,&quot;slug&quot;:&quot;&quot;}],&quot;show&quot;:true,&quot;card&quot;:false,&quot;display_after&quot;:&quot;m\\u00b2&quot;,&quot;new_box&quot;:false},{&quot;slug&quot;:&quot;features&quot;,&quot;name&quot;:&quot;Caracter\\u00edsticas&quot;,&quot;has_archive&quot;:true,&quot;elements&quot;:[{&quot;name&quot;:&quot;Ausblick auf die Berge&quot;,&quot;link&quot;:&quot;https:\\\/\\\/novagestioinmobiliaria.com\\\/de\\\/eigenschaften\\\/ausblick-auf-die-berge\\\/&quot;,&quot;slug&quot;:&quot;ausblick-auf-die-berge&quot;},{&quot;name&quot;:&quot;Bebaubar&quot;,&quot;link&quot;:&quot;https:\\\/\\\/novagestioinmobiliaria.com\\\/de\\\/eigenschaften\\\/bebaubar\\\/&quot;,&quot;slug&quot;:&quot;bebaubar&quot;},{&quot;name&quot;:&quot;Privatpool&quot;,&quot;link&quot;:&quot;https:\\\/\\\/novagestioinmobiliaria.com\\\/de\\\/eigenschaften\\\/privatpool\\\/&quot;,&quot;slug&quot;:&quot;privatpool&quot;},{&quot;name&quot;:&quot;Ruhige Lage&quot;,&quot;link&quot;:&quot;https:\\\/\\\/novagestioinmobiliaria.com\\\/de\\\/eigenschaften\\\/ruhige-lage\\\/&quot;,&quot;slug&quot;:&quot;ruhige-lage&quot;},{&quot;name&quot;:&quot;Unverbaubare Aussicht&quot;,&quot;link&quot;:&quot;https:\\\/\\\/novagestioinmobiliaria.com\\\/de\\\/eigenschaften\\\/unverbaubare-aussicht\\\/&quot;,&quot;slug&quot;:&quot;unverbaubare-aussicht&quot;}],&quot;card&quot;:false,&quot;show&quot;:true,&quot;display_after&quot;:&quot;&quot;,&quot;new_box&quot;:true}],&quot;views&quot;:6,&quot;days_ago&quot;:&quot;2\\u00a0Wochen.&quot;,&quot;image_id&quot;:89010,&quot;image_url&quot;:&quot;https:\\\/\\\/novagestioinmobiliaria.com\\\/wp-content\\\/uploads\\\/2026\\\/04\\\/FincaRustica-venta-porreres-ref-1885-1.jpg&quot;,&quot;tags&quot;:[{&quot;name&quot;:&quot;Caracter\\u00edsticas&quot;,&quot;elements&quot;:[{&quot;name&quot;:&quot;Ausblick auf die Berge&quot;,&quot;link&quot;:&quot;https:\\\/\\\/novagestioinmobiliaria.com\\\/de\\\/eigenschaften\\\/ausblick-auf-die-berge\\\/&quot;},{&quot;name&quot;:&quot;Bebaubar&quot;,&quot;link&quot;:&quot;https:\\\/\\\/novagestioinmobiliaria.com\\\/de\\\/eigenschaften\\\/bebaubar\\\/&quot;},{&quot;name&quot;:&quot;Privatpool&quot;,&quot;link&quot;:&quot;https:\\\/\\\/novagestioinmobiliaria.com\\\/de\\\/eigenschaften\\\/privatpool\\\/&quot;},{&quot;name&quot;:&quot;Ruhige Lage&quot;,&quot;link&quot;:&quot;https:\\\/\\\/novagestioinmobiliaria.com\\\/de\\\/eigenschaften\\\/ruhige-lage\\\/&quot;},{&quot;name&quot;:&quot;Unverbaubare Aussicht&quot;,&quot;link&quot;:&quot;https:\\\/\\\/novagestioinmobiliaria.com\\\/de\\\/eigenschaften\\\/unverbaubare-aussicht\\\/&quot;}],&quot;has_archive&quot;:true}],&quot;status&quot;:&quot;publish&quot;,&quot;plans&quot;:[],&quot;video_plan&quot;:{&quot;src&quot;:&quot;&quot;,&quot;video&quot;:&quot;&quot;},&quot;virtual_tour&quot;:null,&quot;state&quot;:&quot;&quot;,&quot;labels&quot;:[],&quot;image&quot;:&quot;https:\\\/\\\/novagestioinmobiliaria.com\\\/wp-content\\\/uploads\\\/2026\\\/04\\\/FincaRustica-venta-porreres-ref-1885-1-400x250.jpg&quot;,&quot;image_srcset&quot;:&quot;https:\\\/\\\/novagestioinmobiliaria.com\\\/wp-content\\\/uploads\\\/2026\\\/04\\\/FincaRustica-venta-porreres-ref-1885-1-200x125.jpg 200w, https:\\\/\\\/novagestioinmobiliaria.com\\\/wp-content\\\/uploads\\\/2026\\\/04\\\/FincaRustica-venta-porreres-ref-1885-1-800x500.jpg 800w, https:\\\/\\\/novagestioinmobiliaria.com\\\/wp-content\\\/uploads\\\/2026\\\/04\\\/FincaRustica-venta-porreres-ref-1885-1-600x375.jpg 600w, https:\\\/\\\/novagestioinmobiliaria.com\\\/wp-content\\\/uploads\\\/2026\\\/04\\\/FincaRustica-venta-porreres-ref-1885-1-400x250.jpg 400w&quot;}'>\r\n\t\t\t\t\t\t\t\t\t\t\t\t\t<\/compare-button>\r\n\t\t\t\t\t\t\t\t\t\t\t\t<\/div>\r\n\t\t\t\t\t\t\t\t\t\t\t\t<div class=\"mh-estate-vertical__buttons__single\">\r\n\t\t\t\t\t\t\t\t\t\t\t\t\t<a href=\"https:\/\/novagestioinmobiliaria.com\/de\/propiedades-properties-immobilien\/rustikales-grundstueck-in-porreres-zu-verkaufen-fr1885po-vde\/\"\r\n\t\t\t\t\t\t\t\t\t\t\t\t\t   title=\"Rustikales Grundst\u00fcck in Porreres zu verkaufen : : FR1885PO-VDE\"\r\n\t\t\t\t\t\t\t\t\t\t\t\t\t   class=\"mdl-button mdl-js-button mdl-button--raised mdl-js-ripple-effect mdl-button--primary-ghost\">\r\n\t\t\t\t\t\t\t\t\t\t\t\t\t\tDetails\t\t\t\t\t\t\t\t\t\t\t\t\t\t<span class=\"mdl-button__icon-right\"><i class=\"fa fa-angle-right\"><\/i><\/span>\r\n\t\t\t\t\t\t\t\t\t\t\t\t\t<\/a>\r\n\t\t\t\t\t\t\t\t\t\t\t\t<\/div>\r\n\t\t\t\t\t\t\t\t\t\t\t<\/div>\r\n\t\t\t\t\t\t\t\t\t\t<\/div>\r\n\t\t\t\t\t\t\t\t\t<\/div>\r\n\t\t\t\t\t\t\t\t<\/div>\r\n\t\t\t\t\t\t\t<\/div>\r\n\t\t\t\t\t\t<\/article>\r\n\t\t\t\t\t<\/div>\r\n\t\t\t\t\r\n\t\t\t\t\t<div class=\"item\">\r\n\t\t\t\t\t\t<article class=\"mh-estate-vertical   mh-attribute-property-type__wohnungen-apartments mh-attribute-offer-type__zu-verkaufen mh-attribute-city__cala-millor-de mh-attribute-features__2-doppelzimmer mh-attribute-features__balkon mh-attribute-features__einbaukueche mh-attribute-features__klimaanlage mh-attribute-features__meerblick mh-attribute-features__reformiert mh-attribute-features__strand-in-der-nahe-de mh-attribute-features__zentrale-lage\">\r\n\t\t\t\t\t\t\t<a href=\"https:\/\/novagestioinmobiliaria.com\/de\/propiedades-properties-immobilien\/renovierte-wohnung-zum-verkauf-in-cala-millor-pi1887cm-vde\/\"\r\n\t\t\t\t\t\t\t   title=\"Renovierte Wohnung zum Verkauf in Cala Millor : : PI1887CM-VDE\"\r\n\t\t\t\t\t\t\t   class=\"mh-thumbnail\">\r\n                        <span class=\"mh-thumbnail__inner\">\r\n                                    <img\r\n                    data-srcset=\"https:\/\/novagestioinmobiliaria.com\/wp-content\/uploads\/2026\/04\/Piso-Venta-CalaMillor-ref-1883-30-200x125.jpg 200w, https:\/\/novagestioinmobiliaria.com\/wp-content\/uploads\/2026\/04\/Piso-Venta-CalaMillor-ref-1883-30-1200x750.jpg 1200w, https:\/\/novagestioinmobiliaria.com\/wp-content\/uploads\/2026\/04\/Piso-Venta-CalaMillor-ref-1883-30-800x500.jpg 800w, https:\/\/novagestioinmobiliaria.com\/wp-content\/uploads\/2026\/04\/Piso-Venta-CalaMillor-ref-1883-30-600x375.jpg 600w, https:\/\/novagestioinmobiliaria.com\/wp-content\/uploads\/2026\/04\/Piso-Venta-CalaMillor-ref-1883-30-400x250.jpg 400w\"\r\n                    class=\"lazyload \" alt=\"Renovierte Wohnung zum Verkauf in Cala Millor : : PI1887CM-VDE\"\r\n                    data-sizes=\"auto\"\r\n            >\r\n\t\t\t                        <\/span>\r\n\r\n\t\t\t\t\t\t\t\t\t\t\t\t\t\t\t\t\t<div class=\"mh-caption\">\r\n\t\t\t\t\t\t\t\t\t\t<div class=\"mh-caption__inner\">\r\n\t\t\t\t\t\t\t\t\t\t\tZu verkaufen\t\t\t\t\t\t\t\t\t\t<\/div>\r\n\t\t\t\t\t\t\t\t\t<\/div>\r\n\t\t\t\t\t\t\t\t\t\r\n\t\t\t\t\t\t\t\t<div class=\"mh-estate-vertical__text\">\r\n\t\t\t\t\t\t\t\t\t<div class=\"mh-estate-vertical__text__inner\">\r\n\t\t\t\t\t\t\t\t\t\tSch\u00f6ne komplett renovierte Wohnung (2023-2024) zu verkaufen in Cala Millor, 100 m vom Strand entfernt. Sie hat eine konstruierte Fl\u00e4che...\t\t\t\t\t\t\t\t\t<\/div>\r\n\t\t\t\t\t\t\t\t<\/div>\r\n\t\t\t\t\t\t\t<\/a>\r\n\r\n\t\t\t\t\t\t\t<div class=\"mh-estate-vertical__content\">\r\n\t\t\t\t\t\t\t\t<h3 class=\"mh-estate-vertical__heading\">\r\n\t\t\t\t\t\t\t\t\t<a href=\"https:\/\/novagestioinmobiliaria.com\/de\/propiedades-properties-immobilien\/renovierte-wohnung-zum-verkauf-in-cala-millor-pi1887cm-vde\/\"\r\n\t\t\t\t\t\t\t\t\t   title=\"Renovierte Wohnung zum Verkauf in Cala Millor : : PI1887CM-VDE\">\r\n\t\t\t\t\t\t\t\t\t\tRenovierte Wohnung zum Verkauf in Cala Millor : : PI1887CM-VDE\t\t\t\t\t\t\t\t\t<\/a>\r\n\t\t\t\t\t\t\t\t<\/h3>\r\n\t\t\t\t\t\t\t\t<address class=\"mh-estate-vertical__subheading\">\r\n\t\t\t\t\t\t\t\t\tC\t\t\t\t\t\t\t\t<\/address>\r\n\t\t\t\t\t\t\t\t<div class=\"mh-estate-vertical__primary\">\r\n\t\t\t\t\t\t\t\t\t360.000 \u20ac\t\t\t\t\t\t\t\t<\/div>\r\n\r\n\t\t\t\t\t\t\t\t<div>\r\n\t\t\t\t\t\t\t\t\t<div class=\"mh-estate__list\">\r\n\t\t\t\t\t\t\t\t\t\t\r\n\t\t\t\t\t\t\t\t\t\t\t<span class=\"mh-estate-vertical__more-info mh-estate_attribute-offer-type\">\r\n                                        <strong>Tipo operaci\u00f3n:<\/strong>\r\n\t\t\t\t\t\t\t\t\t\t\t\t\t\t\t\t\t\t\t\t\t\t\t\t\t\tZu verkaufen\t\t\t\t\t\t\t\t\t\t\t\t\t\t                                    <\/span>\r\n\r\n\t\t\t\t\t\t\t\t\t\t\r\n\t\t\t\t\t\t\t\t\t\t\t<span class=\"mh-estate-vertical__more-info mh-estate_attribute-bedrooms\">\r\n                                        <strong>Habitaciones:<\/strong>\r\n\t\t\t\t\t\t\t\t\t\t\t\t2                                    <\/span>\r\n\r\n\t\t\t\t\t\t\t\t\t\t\r\n\t\t\t\t\t\t\t\t\t\t\t<span class=\"mh-estate-vertical__more-info mh-estate_attribute-bathrooms\">\r\n                                        <strong>Ba\u00f1os:<\/strong>\r\n\t\t\t\t\t\t\t\t\t\t\t\t1                                    <\/span>\r\n\r\n\t\t\t\t\t\t\t\t\t\t\r\n\t\t\t\t\t\t\t\t\t\t\t<span class=\"mh-estate-vertical__more-info mh-estate_attribute-property-size\">\r\n                                        <strong>M2:<\/strong>\r\n\t\t\t\t\t\t\t\t\t\t\t\t75 m\u00b2                                    <\/span>\r\n\r\n\t\t\t\t\t\t\t\t\t\t\t\t\t\t\t\t\t\t\t<\/div>\r\n\t\t\t\t\t\t\t\t<\/div>\r\n\r\n\t\t\t\t\t\t\t\t<div class=\"mh-estate-vertical__bottom\">\r\n\t\t\t\t\t\t\t\t\t<div class=\"mh-estate-vertical__bottom__inner\">\r\n\t\t\t\t\t\t\t\t\t\t<div class=\"mh-estate-vertical__date\">\r\n\t\t\t\t\t\t\t\t\t\t\t2\u00a0Wochen.\t\t\t\t\t\t\t\t\t\t<\/div>\r\n\t\t\t\t\t\t\t\t\t\t<div class=\"mh-estate-vertical__buttons-wrapper\">\r\n\t\t\t\t\t\t\t\t\t\t\t<div class=\"mh-estate-vertical__buttons\">\r\n\t\t\t\t\t\t\t\t\t\t\t\t<div class=\"mh-estate-vertical__buttons__single\">\r\n\t\t\t\t\t\t\t\t\t\t\t\t\t<compare-button class=\"myhome-compare\"\r\n\t\t\t\t\t\t\t\t\t\t\t\t\t\t\t\t\t:translations='{&quot;added&quot;:&quot;Zus\\u00e4tzlich&quot;,&quot;compare&quot;:&quot;Vergleichen&quot;}'\r\n\t\t\t\t\t\t\t\t\t\t\t\t\t\t\t\t\t:estate='{&quot;short_excerpt_limit&quot;:125,&quot;long_excerpt_limit&quot;:160,&quot;id&quot;:88999,&quot;agent_id&quot;:&quot;26&quot;,&quot;title&quot;:&quot;Renovierte Wohnung zum Verkauf in Cala Millor : : PI1887CM-VDE&quot;,&quot;content&quot;:&quot;Sch\\u00f6ne komplett renovierte Wohnung (2023-2024) zu verkaufen in Cala Millor, 100 m vom Strand entfernt. Sie hat eine konstruierte Fl\\u00e4che von 84 m2 zusammen mit einem gro\\u00dfen Balkon\\\/Terrasse. Sie besteht aus 2 Doppelzimmern, 1 Badezimmer mit Dusche und integrierter W\\u00e4scherei. Die K\\u00fcche ist unabh\\u00e4ngig, komplett ausgestattet mit einer Bar, die mit dem Wohn-Esszimmer verbunden ist, beide mit Zugang zum Balkon. Sie verf\\u00fcgt \\u00fcber einen gro\\u00dfen Balkon mit Meerblick, einen Chill-out-Bereich und Platz f\\u00fcr einen Grill. Die Fenster sind brandneu, mit Doppelverglasung und Moskitonetzen. Sie befindet sich im 2. Stock ohne Aufzug mit 1 Nachbarn auf der Etage und nur 9 Nachbarn im Geb\\u00e4ude, was eine ruhige Umgebung garantiert, gut gelegen und in Strandn\\u00e4he. Die Innenschreinerei ist aus Holz und die Au\\u00dfenschreinerei aus PVC, der Boden ist Parkett. Die Wohnung wird halbm\\u00f6bliert verkauft. Sie liegt in einer gut angebundenen Gegend mit allen Dienstleistungen in der N\\u00e4he.\\r\\nM\\u00d6GLICHKEIT EINER GRO\\u00dfEN GARAGE (Preis separat zu erfragen)\\r\\n\\r\\nNova Gesti\\u00f3, Immobilienagentur in Cala Millor.&quot;,&quot;excerpt&quot;:&quot;Sch\\u00f6ne komplett renovierte Wohnung (2023-2024) zu verkaufen in Cala Millor, 100 m vom Strand entfernt. Sie hat eine konstruierte Fl\\u00e4che von 84 m2 zusammen mit einem gro\\u00dfen Balkon\\\/Terrasse. Sie besteht aus 2 Doppelzimmern, 1 Badezimmer mit Dusche und integrierter W\\u00e4scherei. Die K\\u00fcche ist unabh\\u00e4ngig, komplett ausgestattet mit einer Bar, die mit dem Wohn-Esszimmer verbunden ist, [\\u2026]&quot;,&quot;short_excerpt&quot;:&quot;Sch\\u00f6ne komplett renovierte Wohnung (2023-2024) zu verkaufen in Cala Millor, 100 m vom Strand entfernt. Sie hat eine konstr...&quot;,&quot;long_excerpt&quot;:&quot;Sch\\u00f6ne komplett renovierte Wohnung (2023-2024) zu verkaufen in Cala Millor, 100 m vom Strand entfernt. Sie hat eine konstruierte Fl\\u00e4che von 84 m2 zusammen mi...&quot;,&quot;link&quot;:&quot;https:\\\/\\\/novagestioinmobiliaria.com\\\/de\\\/propiedades-properties-immobilien\\\/renovierte-wohnung-zum-verkauf-in-cala-millor-pi1887cm-vde\\\/&quot;,&quot;offer_type&quot;:&quot;Zu verkaufen&quot;,&quot;price&quot;:&quot;360.000 \\u20ac&quot;,&quot;location&quot;:&quot;C&quot;,&quot;is_featured&quot;:true,&quot;gallery&quot;:[{&quot;id&quot;:88970,&quot;url&quot;:&quot;https:\\\/\\\/novagestioinmobiliaria.com\\\/wp-content\\\/uploads\\\/2026\\\/04\\\/Piso-Venta-CalaMillor-ref-1883-25.jpg&quot;,&quot;alt&quot;:&quot;&quot;},{&quot;id&quot;:88901,&quot;url&quot;:&quot;https:\\\/\\\/novagestioinmobiliaria.com\\\/wp-content\\\/uploads\\\/2026\\\/04\\\/Piso-Venta-CalaMillor-ref-1883-2.jpg&quot;,&quot;alt&quot;:&quot;&quot;},{&quot;id&quot;:88940,&quot;url&quot;:&quot;https:\\\/\\\/novagestioinmobiliaria.com\\\/wp-content\\\/uploads\\\/2026\\\/04\\\/Piso-Venta-CalaMillor-ref-1883-15.jpg&quot;,&quot;alt&quot;:&quot;&quot;},{&quot;id&quot;:88919,&quot;url&quot;:&quot;https:\\\/\\\/novagestioinmobiliaria.com\\\/wp-content\\\/uploads\\\/2026\\\/04\\\/Piso-Venta-CalaMillor-ref-1883-8.jpg&quot;,&quot;alt&quot;:&quot;&quot;},{&quot;id&quot;:88898,&quot;url&quot;:&quot;https:\\\/\\\/novagestioinmobiliaria.com\\\/wp-content\\\/uploads\\\/2026\\\/04\\\/Piso-Venta-CalaMillor-ref-1883-1.jpg&quot;,&quot;alt&quot;:&quot;&quot;},{&quot;id&quot;:88928,&quot;url&quot;:&quot;https:\\\/\\\/novagestioinmobiliaria.com\\\/wp-content\\\/uploads\\\/2026\\\/04\\\/Piso-Venta-CalaMillor-ref-1883-11.jpg&quot;,&quot;alt&quot;:&quot;&quot;},{&quot;id&quot;:88985,&quot;url&quot;:&quot;https:\\\/\\\/novagestioinmobiliaria.com\\\/wp-content\\\/uploads\\\/2026\\\/04\\\/Piso-Venta-CalaMillor-ref-1883-30.jpg&quot;,&quot;alt&quot;:&quot;&quot;},{&quot;id&quot;:88958,&quot;url&quot;:&quot;https:\\\/\\\/novagestioinmobiliaria.com\\\/wp-content\\\/uploads\\\/2026\\\/04\\\/Piso-Venta-CalaMillor-ref-1883-21.jpg&quot;,&quot;alt&quot;:&quot;&quot;},{&quot;id&quot;:88952,&quot;url&quot;:&quot;https:\\\/\\\/novagestioinmobiliaria.com\\\/wp-content\\\/uploads\\\/2026\\\/04\\\/Piso-Venta-CalaMillor-ref-1883-19.jpg&quot;,&quot;alt&quot;:&quot;&quot;},{&quot;id&quot;:88988,&quot;url&quot;:&quot;https:\\\/\\\/novagestioinmobiliaria.com\\\/wp-content\\\/uploads\\\/2026\\\/04\\\/Piso-Venta-CalaMillor-ref-1883-31.jpg&quot;,&quot;alt&quot;:&quot;&quot;},{&quot;id&quot;:88931,&quot;url&quot;:&quot;https:\\\/\\\/novagestioinmobiliaria.com\\\/wp-content\\\/uploads\\\/2026\\\/04\\\/Piso-Venta-CalaMillor-ref-1883-12.jpg&quot;,&quot;alt&quot;:&quot;&quot;},{&quot;id&quot;:88994,&quot;url&quot;:&quot;https:\\\/\\\/novagestioinmobiliaria.com\\\/wp-content\\\/uploads\\\/2026\\\/04\\\/Piso-Venta-CalaMillor-ref-1883-33.jpg&quot;,&quot;alt&quot;:&quot;&quot;},{&quot;id&quot;:88967,&quot;url&quot;:&quot;https:\\\/\\\/novagestioinmobiliaria.com\\\/wp-content\\\/uploads\\\/2026\\\/04\\\/Piso-Venta-CalaMillor-ref-1883-24.jpg&quot;,&quot;alt&quot;:&quot;&quot;},{&quot;id&quot;:88934,&quot;url&quot;:&quot;https:\\\/\\\/novagestioinmobiliaria.com\\\/wp-content\\\/uploads\\\/2026\\\/04\\\/Piso-Venta-CalaMillor-ref-1883-13.jpg&quot;,&quot;alt&quot;:&quot;&quot;},{&quot;id&quot;:88991,&quot;url&quot;:&quot;https:\\\/\\\/novagestioinmobiliaria.com\\\/wp-content\\\/uploads\\\/2026\\\/04\\\/Piso-Venta-CalaMillor-ref-1883-32.jpg&quot;,&quot;alt&quot;:&quot;&quot;},{&quot;id&quot;:88961,&quot;url&quot;:&quot;https:\\\/\\\/novagestioinmobiliaria.com\\\/wp-content\\\/uploads\\\/2026\\\/04\\\/Piso-Venta-CalaMillor-ref-1883-22.jpg&quot;,&quot;alt&quot;:&quot;&quot;},{&quot;id&quot;:88925,&quot;url&quot;:&quot;https:\\\/\\\/novagestioinmobiliaria.com\\\/wp-content\\\/uploads\\\/2026\\\/04\\\/Piso-Venta-CalaMillor-ref-1883-10.jpg&quot;,&quot;alt&quot;:&quot;&quot;},{&quot;id&quot;:88916,&quot;url&quot;:&quot;https:\\\/\\\/novagestioinmobiliaria.com\\\/wp-content\\\/uploads\\\/2026\\\/04\\\/Piso-Venta-CalaMillor-ref-1883-7.jpg&quot;,&quot;alt&quot;:&quot;&quot;},{&quot;id&quot;:88946,&quot;url&quot;:&quot;https:\\\/\\\/novagestioinmobiliaria.com\\\/wp-content\\\/uploads\\\/2026\\\/04\\\/Piso-Venta-CalaMillor-ref-1883-17.jpg&quot;,&quot;alt&quot;:&quot;&quot;},{&quot;id&quot;:88973,&quot;url&quot;:&quot;https:\\\/\\\/novagestioinmobiliaria.com\\\/wp-content\\\/uploads\\\/2026\\\/04\\\/Piso-Venta-CalaMillor-ref-1883-26.jpg&quot;,&quot;alt&quot;:&quot;&quot;},{&quot;id&quot;:88910,&quot;url&quot;:&quot;https:\\\/\\\/novagestioinmobiliaria.com\\\/wp-content\\\/uploads\\\/2026\\\/04\\\/Piso-Venta-CalaMillor-ref-1883-5.jpg&quot;,&quot;alt&quot;:&quot;&quot;},{&quot;id&quot;:88943,&quot;url&quot;:&quot;https:\\\/\\\/novagestioinmobiliaria.com\\\/wp-content\\\/uploads\\\/2026\\\/04\\\/Piso-Venta-CalaMillor-ref-1883-16.jpg&quot;,&quot;alt&quot;:&quot;&quot;},{&quot;id&quot;:88913,&quot;url&quot;:&quot;https:\\\/\\\/novagestioinmobiliaria.com\\\/wp-content\\\/uploads\\\/2026\\\/04\\\/Piso-Venta-CalaMillor-ref-1883-6.jpg&quot;,&quot;alt&quot;:&quot;&quot;},{&quot;id&quot;:88979,&quot;url&quot;:&quot;https:\\\/\\\/novagestioinmobiliaria.com\\\/wp-content\\\/uploads\\\/2026\\\/04\\\/Piso-Venta-CalaMillor-ref-1883-28.jpg&quot;,&quot;alt&quot;:&quot;&quot;},{&quot;id&quot;:88922,&quot;url&quot;:&quot;https:\\\/\\\/novagestioinmobiliaria.com\\\/wp-content\\\/uploads\\\/2026\\\/04\\\/Piso-Venta-CalaMillor-ref-1883-9.jpg&quot;,&quot;alt&quot;:&quot;&quot;},{&quot;id&quot;:88955,&quot;url&quot;:&quot;https:\\\/\\\/novagestioinmobiliaria.com\\\/wp-content\\\/uploads\\\/2026\\\/04\\\/Piso-Venta-CalaMillor-ref-1883-20.jpg&quot;,&quot;alt&quot;:&quot;&quot;},{&quot;id&quot;:88937,&quot;url&quot;:&quot;https:\\\/\\\/novagestioinmobiliaria.com\\\/wp-content\\\/uploads\\\/2026\\\/04\\\/Piso-Venta-CalaMillor-ref-1883-14.jpg&quot;,&quot;alt&quot;:&quot;&quot;},{&quot;id&quot;:88904,&quot;url&quot;:&quot;https:\\\/\\\/novagestioinmobiliaria.com\\\/wp-content\\\/uploads\\\/2026\\\/04\\\/Piso-Venta-CalaMillor-ref-1883-3.jpg&quot;,&quot;alt&quot;:&quot;&quot;},{&quot;id&quot;:88949,&quot;url&quot;:&quot;https:\\\/\\\/novagestioinmobiliaria.com\\\/wp-content\\\/uploads\\\/2026\\\/04\\\/Piso-Venta-CalaMillor-ref-1883-18.jpg&quot;,&quot;alt&quot;:&quot;&quot;},{&quot;id&quot;:88976,&quot;url&quot;:&quot;https:\\\/\\\/novagestioinmobiliaria.com\\\/wp-content\\\/uploads\\\/2026\\\/04\\\/Piso-Venta-CalaMillor-ref-1883-27.jpg&quot;,&quot;alt&quot;:&quot;&quot;},{&quot;id&quot;:88907,&quot;url&quot;:&quot;https:\\\/\\\/novagestioinmobiliaria.com\\\/wp-content\\\/uploads\\\/2026\\\/04\\\/Piso-Venta-CalaMillor-ref-1883-4.jpg&quot;,&quot;alt&quot;:&quot;&quot;},{&quot;id&quot;:88964,&quot;url&quot;:&quot;https:\\\/\\\/novagestioinmobiliaria.com\\\/wp-content\\\/uploads\\\/2026\\\/04\\\/Piso-Venta-CalaMillor-ref-1883-23.jpg&quot;,&quot;alt&quot;:&quot;&quot;},{&quot;id&quot;:88982,&quot;url&quot;:&quot;https:\\\/\\\/novagestioinmobiliaria.com\\\/wp-content\\\/uploads\\\/2026\\\/04\\\/Piso-Venta-CalaMillor-ref-1883-29.jpg&quot;,&quot;alt&quot;:&quot;&quot;},{&quot;id&quot;:88997,&quot;url&quot;:&quot;https:\\\/\\\/novagestioinmobiliaria.com\\\/wp-content\\\/uploads\\\/2026\\\/04\\\/Piso-Venta-CalaMillor-ref-1883-34.jpg&quot;,&quot;alt&quot;:&quot;&quot;}],&quot;attributes&quot;:[{&quot;slug&quot;:&quot;property-type&quot;,&quot;name&quot;:&quot;Tipo propiedad&quot;,&quot;has_archive&quot;:true,&quot;elements&quot;:[{&quot;name&quot;:&quot;Wohnungen \\\/ Apartments&quot;,&quot;link&quot;:&quot;https:\\\/\\\/novagestioinmobiliaria.com\\\/de\\\/immobilientyp\\\/wohnungen-apartments\\\/&quot;,&quot;slug&quot;:&quot;wohnungen-apartments&quot;}],&quot;card&quot;:false,&quot;show&quot;:true,&quot;display_after&quot;:&quot;&quot;,&quot;new_box&quot;:false},{&quot;slug&quot;:&quot;offer-type&quot;,&quot;name&quot;:&quot;Tipo operaci\\u00f3n&quot;,&quot;has_archive&quot;:true,&quot;elements&quot;:[{&quot;name&quot;:&quot;Zu verkaufen&quot;,&quot;link&quot;:&quot;https:\\\/\\\/novagestioinmobiliaria.com\\\/de\\\/offer-type\\\/zu-verkaufen\\\/&quot;,&quot;slug&quot;:&quot;zu-verkaufen&quot;}],&quot;card&quot;:true,&quot;show&quot;:true,&quot;display_after&quot;:&quot;&quot;,&quot;new_box&quot;:false},{&quot;slug&quot;:&quot;city&quot;,&quot;name&quot;:&quot;Zona&quot;,&quot;has_archive&quot;:true,&quot;elements&quot;:[{&quot;name&quot;:&quot;Cala Millor&quot;,&quot;link&quot;:&quot;https:\\\/\\\/novagestioinmobiliaria.com\\\/de\\\/city\\\/cala-millor-de\\\/&quot;,&quot;slug&quot;:&quot;cala-millor-de&quot;}],&quot;card&quot;:false,&quot;show&quot;:true,&quot;display_after&quot;:&quot;&quot;,&quot;new_box&quot;:false},{&quot;slug&quot;:&quot;price&quot;,&quot;name&quot;:&quot;Precio&quot;,&quot;has_archive&quot;:false,&quot;elements&quot;:[{&quot;name&quot;:&quot;360000&quot;,&quot;link&quot;:&quot;&quot;,&quot;slug&quot;:&quot;&quot;}],&quot;show&quot;:false,&quot;card&quot;:false,&quot;display_after&quot;:&quot;\\u20ac&quot;,&quot;new_box&quot;:false},{&quot;slug&quot;:&quot;bedrooms&quot;,&quot;name&quot;:&quot;Habitaciones&quot;,&quot;has_archive&quot;:false,&quot;elements&quot;:[{&quot;name&quot;:&quot;2&quot;,&quot;link&quot;:&quot;&quot;,&quot;slug&quot;:&quot;&quot;}],&quot;show&quot;:true,&quot;card&quot;:true,&quot;display_after&quot;:&quot;&quot;,&quot;new_box&quot;:false},{&quot;slug&quot;:&quot;bathrooms&quot;,&quot;name&quot;:&quot;Ba\\u00f1os&quot;,&quot;has_archive&quot;:false,&quot;elements&quot;:[{&quot;name&quot;:&quot;1&quot;,&quot;link&quot;:&quot;&quot;,&quot;slug&quot;:&quot;&quot;}],&quot;show&quot;:true,&quot;card&quot;:true,&quot;display_after&quot;:&quot;&quot;,&quot;new_box&quot;:false},{&quot;slug&quot;:&quot;property-size&quot;,&quot;name&quot;:&quot;M2&quot;,&quot;has_archive&quot;:false,&quot;elements&quot;:[{&quot;name&quot;:&quot;75&quot;,&quot;link&quot;:&quot;&quot;,&quot;slug&quot;:&quot;&quot;}],&quot;show&quot;:true,&quot;card&quot;:true,&quot;display_after&quot;:&quot;m\\u00b2&quot;,&quot;new_box&quot;:false},{&quot;slug&quot;:&quot;features&quot;,&quot;name&quot;:&quot;Caracter\\u00edsticas&quot;,&quot;has_archive&quot;:true,&quot;elements&quot;:[{&quot;name&quot;:&quot;2 Doppelzimmer&quot;,&quot;link&quot;:&quot;https:\\\/\\\/novagestioinmobiliaria.com\\\/de\\\/eigenschaften\\\/2-doppelzimmer\\\/&quot;,&quot;slug&quot;:&quot;2-doppelzimmer&quot;},{&quot;name&quot;:&quot;Balkon&quot;,&quot;link&quot;:&quot;https:\\\/\\\/novagestioinmobiliaria.com\\\/de\\\/eigenschaften\\\/balkon\\\/&quot;,&quot;slug&quot;:&quot;balkon&quot;},{&quot;name&quot;:&quot;Einbauk\\u00fcche&quot;,&quot;link&quot;:&quot;https:\\\/\\\/novagestioinmobiliaria.com\\\/de\\\/eigenschaften\\\/einbaukueche\\\/&quot;,&quot;slug&quot;:&quot;einbaukueche&quot;},{&quot;name&quot;:&quot;Klimaanlage&quot;,&quot;link&quot;:&quot;https:\\\/\\\/novagestioinmobiliaria.com\\\/de\\\/eigenschaften\\\/klimaanlage\\\/&quot;,&quot;slug&quot;:&quot;klimaanlage&quot;},{&quot;name&quot;:&quot;Meerblick&quot;,&quot;link&quot;:&quot;https:\\\/\\\/novagestioinmobiliaria.com\\\/de\\\/eigenschaften\\\/meerblick\\\/&quot;,&quot;slug&quot;:&quot;meerblick&quot;},{&quot;name&quot;:&quot;Reformiert&quot;,&quot;link&quot;:&quot;https:\\\/\\\/novagestioinmobiliaria.com\\\/de\\\/eigenschaften\\\/reformiert\\\/&quot;,&quot;slug&quot;:&quot;reformiert&quot;},{&quot;name&quot;:&quot;Strand in der N\\u00e4he&quot;,&quot;link&quot;:&quot;https:\\\/\\\/novagestioinmobiliaria.com\\\/de\\\/eigenschaften\\\/strand-in-der-nahe-de\\\/&quot;,&quot;slug&quot;:&quot;strand-in-der-nahe-de&quot;},{&quot;name&quot;:&quot;Zentrale Lage&quot;,&quot;link&quot;:&quot;https:\\\/\\\/novagestioinmobiliaria.com\\\/de\\\/eigenschaften\\\/zentrale-lage\\\/&quot;,&quot;slug&quot;:&quot;zentrale-lage&quot;}],&quot;card&quot;:false,&quot;show&quot;:true,&quot;display_after&quot;:&quot;&quot;,&quot;new_box&quot;:true}],&quot;views&quot;:16,&quot;days_ago&quot;:&quot;2\\u00a0Wochen.&quot;,&quot;image_id&quot;:88985,&quot;image_url&quot;:&quot;https:\\\/\\\/novagestioinmobiliaria.com\\\/wp-content\\\/uploads\\\/2026\\\/04\\\/Piso-Venta-CalaMillor-ref-1883-30.jpg&quot;,&quot;tags&quot;:[{&quot;name&quot;:&quot;Caracter\\u00edsticas&quot;,&quot;elements&quot;:[{&quot;name&quot;:&quot;2 Doppelzimmer&quot;,&quot;link&quot;:&quot;https:\\\/\\\/novagestioinmobiliaria.com\\\/de\\\/eigenschaften\\\/2-doppelzimmer\\\/&quot;},{&quot;name&quot;:&quot;Balkon&quot;,&quot;link&quot;:&quot;https:\\\/\\\/novagestioinmobiliaria.com\\\/de\\\/eigenschaften\\\/balkon\\\/&quot;},{&quot;name&quot;:&quot;Einbauk\\u00fcche&quot;,&quot;link&quot;:&quot;https:\\\/\\\/novagestioinmobiliaria.com\\\/de\\\/eigenschaften\\\/einbaukueche\\\/&quot;},{&quot;name&quot;:&quot;Klimaanlage&quot;,&quot;link&quot;:&quot;https:\\\/\\\/novagestioinmobiliaria.com\\\/de\\\/eigenschaften\\\/klimaanlage\\\/&quot;},{&quot;name&quot;:&quot;Meerblick&quot;,&quot;link&quot;:&quot;https:\\\/\\\/novagestioinmobiliaria.com\\\/de\\\/eigenschaften\\\/meerblick\\\/&quot;},{&quot;name&quot;:&quot;Reformiert&quot;,&quot;link&quot;:&quot;https:\\\/\\\/novagestioinmobiliaria.com\\\/de\\\/eigenschaften\\\/reformiert\\\/&quot;},{&quot;name&quot;:&quot;Strand in der N\\u00e4he&quot;,&quot;link&quot;:&quot;https:\\\/\\\/novagestioinmobiliaria.com\\\/de\\\/eigenschaften\\\/strand-in-der-nahe-de\\\/&quot;},{&quot;name&quot;:&quot;Zentrale Lage&quot;,&quot;link&quot;:&quot;https:\\\/\\\/novagestioinmobiliaria.com\\\/de\\\/eigenschaften\\\/zentrale-lage\\\/&quot;}],&quot;has_archive&quot;:true}],&quot;status&quot;:&quot;publish&quot;,&quot;plans&quot;:[],&quot;video_plan&quot;:{&quot;src&quot;:&quot;&quot;,&quot;video&quot;:&quot;&quot;},&quot;virtual_tour&quot;:null,&quot;state&quot;:&quot;&quot;,&quot;labels&quot;:[],&quot;image&quot;:&quot;https:\\\/\\\/novagestioinmobiliaria.com\\\/wp-content\\\/uploads\\\/2026\\\/04\\\/Piso-Venta-CalaMillor-ref-1883-30-400x250.jpg&quot;,&quot;image_srcset&quot;:&quot;https:\\\/\\\/novagestioinmobiliaria.com\\\/wp-content\\\/uploads\\\/2026\\\/04\\\/Piso-Venta-CalaMillor-ref-1883-30-200x125.jpg 200w, https:\\\/\\\/novagestioinmobiliaria.com\\\/wp-content\\\/uploads\\\/2026\\\/04\\\/Piso-Venta-CalaMillor-ref-1883-30-1200x750.jpg 1200w, https:\\\/\\\/novagestioinmobiliaria.com\\\/wp-content\\\/uploads\\\/2026\\\/04\\\/Piso-Venta-CalaMillor-ref-1883-30-800x500.jpg 800w, https:\\\/\\\/novagestioinmobiliaria.com\\\/wp-content\\\/uploads\\\/2026\\\/04\\\/Piso-Venta-CalaMillor-ref-1883-30-600x375.jpg 600w, https:\\\/\\\/novagestioinmobiliaria.com\\\/wp-content\\\/uploads\\\/2026\\\/04\\\/Piso-Venta-CalaMillor-ref-1883-30-400x250.jpg 400w&quot;}'>\r\n\t\t\t\t\t\t\t\t\t\t\t\t\t<\/compare-button>\r\n\t\t\t\t\t\t\t\t\t\t\t\t<\/div>\r\n\t\t\t\t\t\t\t\t\t\t\t\t<div class=\"mh-estate-vertical__buttons__single\">\r\n\t\t\t\t\t\t\t\t\t\t\t\t\t<a href=\"https:\/\/novagestioinmobiliaria.com\/de\/propiedades-properties-immobilien\/renovierte-wohnung-zum-verkauf-in-cala-millor-pi1887cm-vde\/\"\r\n\t\t\t\t\t\t\t\t\t\t\t\t\t   title=\"Renovierte Wohnung zum Verkauf in Cala Millor : : PI1887CM-VDE\"\r\n\t\t\t\t\t\t\t\t\t\t\t\t\t   class=\"mdl-button mdl-js-button mdl-button--raised mdl-js-ripple-effect mdl-button--primary-ghost\">\r\n\t\t\t\t\t\t\t\t\t\t\t\t\t\tDetails\t\t\t\t\t\t\t\t\t\t\t\t\t\t<span class=\"mdl-button__icon-right\"><i class=\"fa fa-angle-right\"><\/i><\/span>\r\n\t\t\t\t\t\t\t\t\t\t\t\t\t<\/a>\r\n\t\t\t\t\t\t\t\t\t\t\t\t<\/div>\r\n\t\t\t\t\t\t\t\t\t\t\t<\/div>\r\n\t\t\t\t\t\t\t\t\t\t<\/div>\r\n\t\t\t\t\t\t\t\t\t<\/div>\r\n\t\t\t\t\t\t\t\t<\/div>\r\n\t\t\t\t\t\t\t<\/div>\r\n\t\t\t\t\t\t<\/article>\r\n\t\t\t\t\t<\/div>\r\n\t\t\t\t\r\n\t\t\t\t\t<div class=\"item\">\r\n\t\t\t\t\t\t<article class=\"mh-estate-vertical   mh-attribute-property-type__wohnungen-apartments mh-attribute-offer-type__zu-vermieten mh-attribute-city__cala-mendia-de mh-attribute-features__garage-de mh-attribute-features__gemeinschaftspool mh-attribute-features__moebliert mh-attribute-features__strand-in-der-nahe-de\">\r\n\t\t\t\t\t\t\t<a href=\"https:\/\/novagestioinmobiliaria.com\/de\/propiedades-properties-immobilien\/wohnung-zu-vermieten-in-cala-mendia-pi1326can-ade\/\"\r\n\t\t\t\t\t\t\t   title=\"Wohnung zu vermieten in Cala Mend\u00eda : : PI1326CAN-ADE\"\r\n\t\t\t\t\t\t\t   class=\"mh-thumbnail\">\r\n                        <span class=\"mh-thumbnail__inner\">\r\n                                    <img\r\n                    data-srcset=\"https:\/\/novagestioinmobiliaria.com\/wp-content\/uploads\/2026\/04\/Apartamento-en-alquiler-en-Cala-Mendia-ref-1327-4-200x125.jpg 200w, https:\/\/novagestioinmobiliaria.com\/wp-content\/uploads\/2026\/04\/Apartamento-en-alquiler-en-Cala-Mendia-ref-1327-4-800x500.jpg 800w, https:\/\/novagestioinmobiliaria.com\/wp-content\/uploads\/2026\/04\/Apartamento-en-alquiler-en-Cala-Mendia-ref-1327-4-600x375.jpg 600w, https:\/\/novagestioinmobiliaria.com\/wp-content\/uploads\/2026\/04\/Apartamento-en-alquiler-en-Cala-Mendia-ref-1327-4-400x250.jpg 400w\"\r\n                    class=\"lazyload \" alt=\"Wohnung zu vermieten in Cala Mend\u00eda : : PI1326CAN-ADE\"\r\n                    data-sizes=\"auto\"\r\n            >\r\n\t\t\t                        <\/span>\r\n\r\n\t\t\t\t\t\t\t\t\t\t\t\t\t\t\t\t\t<div class=\"mh-caption\">\r\n\t\t\t\t\t\t\t\t\t\t<div class=\"mh-caption__inner\">\r\n\t\t\t\t\t\t\t\t\t\t\tZu vermieten\t\t\t\t\t\t\t\t\t\t<\/div>\r\n\t\t\t\t\t\t\t\t\t<\/div>\r\n\t\t\t\t\t\t\t\t\t\r\n\t\t\t\t\t\t\t\t<div class=\"mh-estate-vertical__text\">\r\n\t\t\t\t\t\t\t\t\t<div class=\"mh-estate-vertical__text__inner\">\r\n\t\t\t\t\t\t\t\t\t\tCharmante Wohnung zu vermieten in Cala Mend\u00eda. Zu vermieten ist eine ca. 46 m\u00b2 gro\u00dfe Wohnung, bestehend aus 1 Doppelzimmer...\t\t\t\t\t\t\t\t\t<\/div>\r\n\t\t\t\t\t\t\t\t<\/div>\r\n\t\t\t\t\t\t\t<\/a>\r\n\r\n\t\t\t\t\t\t\t<div class=\"mh-estate-vertical__content\">\r\n\t\t\t\t\t\t\t\t<h3 class=\"mh-estate-vertical__heading\">\r\n\t\t\t\t\t\t\t\t\t<a href=\"https:\/\/novagestioinmobiliaria.com\/de\/propiedades-properties-immobilien\/wohnung-zu-vermieten-in-cala-mendia-pi1326can-ade\/\"\r\n\t\t\t\t\t\t\t\t\t   title=\"Wohnung zu vermieten in Cala Mend\u00eda : : PI1326CAN-ADE\">\r\n\t\t\t\t\t\t\t\t\t\tWohnung zu vermieten in Cala Mend\u00eda : : PI1326CAN-ADE\t\t\t\t\t\t\t\t\t<\/a>\r\n\t\t\t\t\t\t\t\t<\/h3>\r\n\t\t\t\t\t\t\t\t<address class=\"mh-estate-vertical__subheading\">\r\n\t\t\t\t\t\t\t\t\tC\t\t\t\t\t\t\t\t<\/address>\r\n\t\t\t\t\t\t\t\t<div class=\"mh-estate-vertical__primary\">\r\n\t\t\t\t\t\t\t\t\t850 \u20ac\t\t\t\t\t\t\t\t<\/div>\r\n\r\n\t\t\t\t\t\t\t\t<div>\r\n\t\t\t\t\t\t\t\t\t<div class=\"mh-estate__list\">\r\n\t\t\t\t\t\t\t\t\t\t\r\n\t\t\t\t\t\t\t\t\t\t\t<span class=\"mh-estate-vertical__more-info mh-estate_attribute-offer-type\">\r\n                                        <strong>Tipo operaci\u00f3n:<\/strong>\r\n\t\t\t\t\t\t\t\t\t\t\t\t\t\t\t\t\t\t\t\t\t\t\t\t\t\tZu vermieten\t\t\t\t\t\t\t\t\t\t\t\t\t\t                                    <\/span>\r\n\r\n\t\t\t\t\t\t\t\t\t\t\r\n\t\t\t\t\t\t\t\t\t\t\t<span class=\"mh-estate-vertical__more-info mh-estate_attribute-bedrooms\">\r\n                                        <strong>Habitaciones:<\/strong>\r\n\t\t\t\t\t\t\t\t\t\t\t\t1                                    <\/span>\r\n\r\n\t\t\t\t\t\t\t\t\t\t\r\n\t\t\t\t\t\t\t\t\t\t\t<span class=\"mh-estate-vertical__more-info mh-estate_attribute-bathrooms\">\r\n                                        <strong>Ba\u00f1os:<\/strong>\r\n\t\t\t\t\t\t\t\t\t\t\t\t1                                    <\/span>\r\n\r\n\t\t\t\t\t\t\t\t\t\t\r\n\t\t\t\t\t\t\t\t\t\t\t<span class=\"mh-estate-vertical__more-info mh-estate_attribute-property-size\">\r\n                                        <strong>M2:<\/strong>\r\n\t\t\t\t\t\t\t\t\t\t\t\t46 m\u00b2                                    <\/span>\r\n\r\n\t\t\t\t\t\t\t\t\t\t\t\t\t\t\t\t\t\t\t<\/div>\r\n\t\t\t\t\t\t\t\t<\/div>\r\n\r\n\t\t\t\t\t\t\t\t<div class=\"mh-estate-vertical__bottom\">\r\n\t\t\t\t\t\t\t\t\t<div class=\"mh-estate-vertical__bottom__inner\">\r\n\t\t\t\t\t\t\t\t\t\t<div class=\"mh-estate-vertical__date\">\r\n\t\t\t\t\t\t\t\t\t\t\t3\u00a0Wochen.\t\t\t\t\t\t\t\t\t\t<\/div>\r\n\t\t\t\t\t\t\t\t\t\t<div class=\"mh-estate-vertical__buttons-wrapper\">\r\n\t\t\t\t\t\t\t\t\t\t\t<div class=\"mh-estate-vertical__buttons\">\r\n\t\t\t\t\t\t\t\t\t\t\t\t<div class=\"mh-estate-vertical__buttons__single\">\r\n\t\t\t\t\t\t\t\t\t\t\t\t\t<compare-button class=\"myhome-compare\"\r\n\t\t\t\t\t\t\t\t\t\t\t\t\t\t\t\t\t:translations='{&quot;added&quot;:&quot;Zus\\u00e4tzlich&quot;,&quot;compare&quot;:&quot;Vergleichen&quot;}'\r\n\t\t\t\t\t\t\t\t\t\t\t\t\t\t\t\t\t:estate='{&quot;short_excerpt_limit&quot;:125,&quot;long_excerpt_limit&quot;:160,&quot;id&quot;:88894,&quot;agent_id&quot;:&quot;26&quot;,&quot;title&quot;:&quot;Wohnung zu vermieten in Cala Mend\\u00eda : : PI1326CAN-ADE&quot;,&quot;content&quot;:&quot;Charmante Wohnung zu vermieten in Cala Mend\\u00eda.\\r\\nZu vermieten ist eine ca. 46 m\\u00b2 gro\\u00dfe Wohnung, bestehend aus 1 Doppelzimmer mit Einbauschrank, Wohnzimmer, m\\u00f6blierter K\\u00fcche und Waschmaschine im Waschbereich. Es verf\\u00fcgt \\u00fcber ein k\\u00fcrzlich renoviertes Badezimmer mit gro\\u00dfer Dusche. Au\\u00dferdem gibt es eine private Terrasse von ca. 15 m\\u00b2 und einen Au\\u00dfenparkplatz f\\u00fcr ein Fahrzeug.\\r\\nDar\\u00fcber hinaus verf\\u00fcgt die Anlage \\u00fcber einen Gemeinschaftspool.\\r\\nDie Fotos dienen als Referenz und zeigen eine \\u00e4hnliche Wohnung; das beworbene Objekt kann Unterschiede aufweisen.\\r\\nMIETBEDINGUNGEN:\\r\\n- Maximal 2 Personen.\\r\\n- Langzeitmiete.\\r\\n- 1 Monatsmiete Kaution und 1 Monatsmiete Garantie.\\r\\n- Stromkosten und M\\u00fcllabfuhrgeb\\u00fchren sind nicht im Preis inbegriffen.\\r\\n- Wasserkosten, Poolwartung und Gemeinschaftskosten sind im Preis enthalten.\\r\\n- Haustiere sind unter speziellen Bedingungen erlaubt.\\r\\n- Der Abschluss einer Mietausfallversicherung ist obligatorisch.\\r\\n- Weitere Kosten bei der Agentur zu erfragen.\\r\\nNova Gesti\\u00f3 Inmobiliaria - Ihre Immobilienagentur in Cala Mend\\u00eda&quot;,&quot;excerpt&quot;:&quot;Charmante Wohnung zu vermieten in Cala Mend\\u00eda. Zu vermieten ist eine ca. 46 m\\u00b2 gro\\u00dfe Wohnung, bestehend aus 1 Doppelzimmer mit Einbauschrank, Wohnzimmer, m\\u00f6blierter K\\u00fcche und Waschmaschine im Waschbereich. Es verf\\u00fcgt \\u00fcber ein k\\u00fcrzlich renoviertes Badezimmer mit gro\\u00dfer Dusche. Au\\u00dferdem gibt es eine private Terrasse von ca. 15 m\\u00b2 und einen Au\\u00dfenparkplatz f\\u00fcr ein Fahrzeug. [\\u2026]&quot;,&quot;short_excerpt&quot;:&quot;Charmante Wohnung zu vermieten in Cala Mend\\u00eda.\\r\\nZu vermieten ist eine ca. 46 m\\u00b2 gro\\u00dfe Wohnung, bestehend aus 1 Doppelzimme...&quot;,&quot;long_excerpt&quot;:&quot;Charmante Wohnung zu vermieten in Cala Mend\\u00eda.\\r\\nZu vermieten ist eine ca. 46 m\\u00b2 gro\\u00dfe Wohnung, bestehend aus 1 Doppelzimmer mit Einbauschrank, Wohnzimmer, m\\u00f6...&quot;,&quot;link&quot;:&quot;https:\\\/\\\/novagestioinmobiliaria.com\\\/de\\\/propiedades-properties-immobilien\\\/wohnung-zu-vermieten-in-cala-mendia-pi1326can-ade\\\/&quot;,&quot;offer_type&quot;:&quot;Zu vermieten&quot;,&quot;price&quot;:&quot;850 \\u20ac&quot;,&quot;location&quot;:&quot;C&quot;,&quot;is_featured&quot;:true,&quot;gallery&quot;:[{&quot;id&quot;:88892,&quot;url&quot;:&quot;https:\\\/\\\/novagestioinmobiliaria.com\\\/wp-content\\\/uploads\\\/2026\\\/04\\\/Apartamento-en-alquiler-en-Cala-Mendia-ref-1327-12.jpg&quot;,&quot;alt&quot;:&quot;&quot;},{&quot;id&quot;:88889,&quot;url&quot;:&quot;https:\\\/\\\/novagestioinmobiliaria.com\\\/wp-content\\\/uploads\\\/2026\\\/04\\\/Apartamento-en-alquiler-en-Cala-Mendia-ref-1327-11.jpg&quot;,&quot;alt&quot;:&quot;&quot;},{&quot;id&quot;:88886,&quot;url&quot;:&quot;https:\\\/\\\/novagestioinmobiliaria.com\\\/wp-content\\\/uploads\\\/2026\\\/04\\\/Apartamento-en-alquiler-en-Cala-Mendia-ref-1327-10.jpg&quot;,&quot;alt&quot;:&quot;&quot;},{&quot;id&quot;:88883,&quot;url&quot;:&quot;https:\\\/\\\/novagestioinmobiliaria.com\\\/wp-content\\\/uploads\\\/2026\\\/04\\\/Apartamento-en-alquiler-en-Cala-Mendia-ref-1327-9.jpg&quot;,&quot;alt&quot;:&quot;&quot;},{&quot;id&quot;:88880,&quot;url&quot;:&quot;https:\\\/\\\/novagestioinmobiliaria.com\\\/wp-content\\\/uploads\\\/2026\\\/04\\\/Apartamento-en-alquiler-en-Cala-Mendia-ref-1327-8.jpg&quot;,&quot;alt&quot;:&quot;&quot;},{&quot;id&quot;:88877,&quot;url&quot;:&quot;https:\\\/\\\/novagestioinmobiliaria.com\\\/wp-content\\\/uploads\\\/2026\\\/04\\\/Apartamento-en-alquiler-en-Cala-Mendia-ref-1327-7.jpg&quot;,&quot;alt&quot;:&quot;&quot;},{&quot;id&quot;:88874,&quot;url&quot;:&quot;https:\\\/\\\/novagestioinmobiliaria.com\\\/wp-content\\\/uploads\\\/2026\\\/04\\\/Apartamento-en-alquiler-en-Cala-Mendia-ref-1327-6.jpg&quot;,&quot;alt&quot;:&quot;&quot;},{&quot;id&quot;:88871,&quot;url&quot;:&quot;https:\\\/\\\/novagestioinmobiliaria.com\\\/wp-content\\\/uploads\\\/2026\\\/04\\\/Apartamento-en-alquiler-en-Cala-Mendia-ref-1327-5.jpg&quot;,&quot;alt&quot;:&quot;&quot;},{&quot;id&quot;:88868,&quot;url&quot;:&quot;https:\\\/\\\/novagestioinmobiliaria.com\\\/wp-content\\\/uploads\\\/2026\\\/04\\\/Apartamento-en-alquiler-en-Cala-Mendia-ref-1327-4.jpg&quot;,&quot;alt&quot;:&quot;&quot;},{&quot;id&quot;:88865,&quot;url&quot;:&quot;https:\\\/\\\/novagestioinmobiliaria.com\\\/wp-content\\\/uploads\\\/2026\\\/04\\\/Apartamento-en-alquiler-en-Cala-Mendia-ref-1327-3.jpg&quot;,&quot;alt&quot;:&quot;&quot;},{&quot;id&quot;:88862,&quot;url&quot;:&quot;https:\\\/\\\/novagestioinmobiliaria.com\\\/wp-content\\\/uploads\\\/2026\\\/04\\\/Apartamento-en-alquiler-en-Cala-Mendia-ref-1327-2.jpg&quot;,&quot;alt&quot;:&quot;&quot;},{&quot;id&quot;:88859,&quot;url&quot;:&quot;https:\\\/\\\/novagestioinmobiliaria.com\\\/wp-content\\\/uploads\\\/2026\\\/04\\\/Apartamento-en-alquiler-en-Cala-Mendia-ref-1327-1.jpg&quot;,&quot;alt&quot;:&quot;&quot;}],&quot;attributes&quot;:[{&quot;slug&quot;:&quot;property-type&quot;,&quot;name&quot;:&quot;Tipo propiedad&quot;,&quot;has_archive&quot;:true,&quot;elements&quot;:[{&quot;name&quot;:&quot;Wohnungen \\\/ Apartments&quot;,&quot;link&quot;:&quot;https:\\\/\\\/novagestioinmobiliaria.com\\\/de\\\/immobilientyp\\\/wohnungen-apartments\\\/&quot;,&quot;slug&quot;:&quot;wohnungen-apartments&quot;}],&quot;card&quot;:false,&quot;show&quot;:true,&quot;display_after&quot;:&quot;&quot;,&quot;new_box&quot;:false},{&quot;slug&quot;:&quot;offer-type&quot;,&quot;name&quot;:&quot;Tipo operaci\\u00f3n&quot;,&quot;has_archive&quot;:true,&quot;elements&quot;:[{&quot;name&quot;:&quot;Zu vermieten&quot;,&quot;link&quot;:&quot;https:\\\/\\\/novagestioinmobiliaria.com\\\/de\\\/offer-type\\\/zu-vermieten\\\/&quot;,&quot;slug&quot;:&quot;zu-vermieten&quot;}],&quot;card&quot;:true,&quot;show&quot;:true,&quot;display_after&quot;:&quot;&quot;,&quot;new_box&quot;:false},{&quot;slug&quot;:&quot;city&quot;,&quot;name&quot;:&quot;Zona&quot;,&quot;has_archive&quot;:true,&quot;elements&quot;:[{&quot;name&quot;:&quot;Cala Mendia&quot;,&quot;link&quot;:&quot;https:\\\/\\\/novagestioinmobiliaria.com\\\/de\\\/city\\\/cala-mendia-de\\\/&quot;,&quot;slug&quot;:&quot;cala-mendia-de&quot;}],&quot;card&quot;:false,&quot;show&quot;:true,&quot;display_after&quot;:&quot;&quot;,&quot;new_box&quot;:false},{&quot;slug&quot;:&quot;price&quot;,&quot;name&quot;:&quot;Precio&quot;,&quot;has_archive&quot;:false,&quot;elements&quot;:[{&quot;name&quot;:&quot;850&quot;,&quot;link&quot;:&quot;&quot;,&quot;slug&quot;:&quot;&quot;}],&quot;show&quot;:false,&quot;card&quot;:false,&quot;display_after&quot;:&quot;\\u20ac&quot;,&quot;new_box&quot;:false},{&quot;slug&quot;:&quot;bedrooms&quot;,&quot;name&quot;:&quot;Habitaciones&quot;,&quot;has_archive&quot;:false,&quot;elements&quot;:[{&quot;name&quot;:&quot;1&quot;,&quot;link&quot;:&quot;&quot;,&quot;slug&quot;:&quot;&quot;}],&quot;show&quot;:true,&quot;card&quot;:true,&quot;display_after&quot;:&quot;&quot;,&quot;new_box&quot;:false},{&quot;slug&quot;:&quot;bathrooms&quot;,&quot;name&quot;:&quot;Ba\\u00f1os&quot;,&quot;has_archive&quot;:false,&quot;elements&quot;:[{&quot;name&quot;:&quot;1&quot;,&quot;link&quot;:&quot;&quot;,&quot;slug&quot;:&quot;&quot;}],&quot;show&quot;:true,&quot;card&quot;:true,&quot;display_after&quot;:&quot;&quot;,&quot;new_box&quot;:false},{&quot;slug&quot;:&quot;property-size&quot;,&quot;name&quot;:&quot;M2&quot;,&quot;has_archive&quot;:false,&quot;elements&quot;:[{&quot;name&quot;:&quot;46&quot;,&quot;link&quot;:&quot;&quot;,&quot;slug&quot;:&quot;&quot;}],&quot;show&quot;:true,&quot;card&quot;:true,&quot;display_after&quot;:&quot;m\\u00b2&quot;,&quot;new_box&quot;:false},{&quot;slug&quot;:&quot;features&quot;,&quot;name&quot;:&quot;Caracter\\u00edsticas&quot;,&quot;has_archive&quot;:true,&quot;elements&quot;:[{&quot;name&quot;:&quot;Garage&quot;,&quot;link&quot;:&quot;https:\\\/\\\/novagestioinmobiliaria.com\\\/de\\\/eigenschaften\\\/garage-de\\\/&quot;,&quot;slug&quot;:&quot;garage-de&quot;},{&quot;name&quot;:&quot;Gemeinschaftspool&quot;,&quot;link&quot;:&quot;https:\\\/\\\/novagestioinmobiliaria.com\\\/de\\\/eigenschaften\\\/gemeinschaftspool\\\/&quot;,&quot;slug&quot;:&quot;gemeinschaftspool&quot;},{&quot;name&quot;:&quot;M\\u00f6bliert&quot;,&quot;link&quot;:&quot;https:\\\/\\\/novagestioinmobiliaria.com\\\/de\\\/eigenschaften\\\/moebliert\\\/&quot;,&quot;slug&quot;:&quot;moebliert&quot;},{&quot;name&quot;:&quot;Strand in der N\\u00e4he&quot;,&quot;link&quot;:&quot;https:\\\/\\\/novagestioinmobiliaria.com\\\/de\\\/eigenschaften\\\/strand-in-der-nahe-de\\\/&quot;,&quot;slug&quot;:&quot;strand-in-der-nahe-de&quot;}],&quot;card&quot;:false,&quot;show&quot;:true,&quot;display_after&quot;:&quot;&quot;,&quot;new_box&quot;:true}],&quot;views&quot;:8,&quot;days_ago&quot;:&quot;3\\u00a0Wochen.&quot;,&quot;image_id&quot;:88868,&quot;image_url&quot;:&quot;https:\\\/\\\/novagestioinmobiliaria.com\\\/wp-content\\\/uploads\\\/2026\\\/04\\\/Apartamento-en-alquiler-en-Cala-Mendia-ref-1327-4.jpg&quot;,&quot;tags&quot;:[{&quot;name&quot;:&quot;Caracter\\u00edsticas&quot;,&quot;elements&quot;:[{&quot;name&quot;:&quot;Garage&quot;,&quot;link&quot;:&quot;https:\\\/\\\/novagestioinmobiliaria.com\\\/de\\\/eigenschaften\\\/garage-de\\\/&quot;},{&quot;name&quot;:&quot;Gemeinschaftspool&quot;,&quot;link&quot;:&quot;https:\\\/\\\/novagestioinmobiliaria.com\\\/de\\\/eigenschaften\\\/gemeinschaftspool\\\/&quot;},{&quot;name&quot;:&quot;M\\u00f6bliert&quot;,&quot;link&quot;:&quot;https:\\\/\\\/novagestioinmobiliaria.com\\\/de\\\/eigenschaften\\\/moebliert\\\/&quot;},{&quot;name&quot;:&quot;Strand in der N\\u00e4he&quot;,&quot;link&quot;:&quot;https:\\\/\\\/novagestioinmobiliaria.com\\\/de\\\/eigenschaften\\\/strand-in-der-nahe-de\\\/&quot;}],&quot;has_archive&quot;:true}],&quot;status&quot;:&quot;publish&quot;,&quot;plans&quot;:[],&quot;video_plan&quot;:{&quot;src&quot;:&quot;&quot;,&quot;video&quot;:&quot;&quot;},&quot;virtual_tour&quot;:null,&quot;state&quot;:&quot;&quot;,&quot;labels&quot;:[],&quot;image&quot;:&quot;https:\\\/\\\/novagestioinmobiliaria.com\\\/wp-content\\\/uploads\\\/2026\\\/04\\\/Apartamento-en-alquiler-en-Cala-Mendia-ref-1327-4-400x250.jpg&quot;,&quot;image_srcset&quot;:&quot;https:\\\/\\\/novagestioinmobiliaria.com\\\/wp-content\\\/uploads\\\/2026\\\/04\\\/Apartamento-en-alquiler-en-Cala-Mendia-ref-1327-4-200x125.jpg 200w, https:\\\/\\\/novagestioinmobiliaria.com\\\/wp-content\\\/uploads\\\/2026\\\/04\\\/Apartamento-en-alquiler-en-Cala-Mendia-ref-1327-4-800x500.jpg 800w, https:\\\/\\\/novagestioinmobiliaria.com\\\/wp-content\\\/uploads\\\/2026\\\/04\\\/Apartamento-en-alquiler-en-Cala-Mendia-ref-1327-4-600x375.jpg 600w, https:\\\/\\\/novagestioinmobiliaria.com\\\/wp-content\\\/uploads\\\/2026\\\/04\\\/Apartamento-en-alquiler-en-Cala-Mendia-ref-1327-4-400x250.jpg 400w&quot;}'>\r\n\t\t\t\t\t\t\t\t\t\t\t\t\t<\/compare-button>\r\n\t\t\t\t\t\t\t\t\t\t\t\t<\/div>\r\n\t\t\t\t\t\t\t\t\t\t\t\t<div class=\"mh-estate-vertical__buttons__single\">\r\n\t\t\t\t\t\t\t\t\t\t\t\t\t<a href=\"https:\/\/novagestioinmobiliaria.com\/de\/propiedades-properties-immobilien\/wohnung-zu-vermieten-in-cala-mendia-pi1326can-ade\/\"\r\n\t\t\t\t\t\t\t\t\t\t\t\t\t   title=\"Wohnung zu vermieten in Cala Mend\u00eda : : PI1326CAN-ADE\"\r\n\t\t\t\t\t\t\t\t\t\t\t\t\t   class=\"mdl-button mdl-js-button mdl-button--raised mdl-js-ripple-effect mdl-button--primary-ghost\">\r\n\t\t\t\t\t\t\t\t\t\t\t\t\t\tDetails\t\t\t\t\t\t\t\t\t\t\t\t\t\t<span class=\"mdl-button__icon-right\"><i class=\"fa fa-angle-right\"><\/i><\/span>\r\n\t\t\t\t\t\t\t\t\t\t\t\t\t<\/a>\r\n\t\t\t\t\t\t\t\t\t\t\t\t<\/div>\r\n\t\t\t\t\t\t\t\t\t\t\t<\/div>\r\n\t\t\t\t\t\t\t\t\t\t<\/div>\r\n\t\t\t\t\t\t\t\t\t<\/div>\r\n\t\t\t\t\t\t\t\t<\/div>\r\n\t\t\t\t\t\t\t<\/div>\r\n\t\t\t\t\t\t<\/article>\r\n\t\t\t\t\t<\/div>\r\n\t\t\t\t\r\n\t\t\t\t\t<div class=\"item\">\r\n\t\t\t\t\t\t<article class=\"mh-estate-vertical   mh-attribute-property-type__villen-chalets mh-attribute-offer-type__zu-vermieten mh-attribute-city__cala-mendia mh-attribute-features__3-schlafzimmer mh-attribute-features__auto-stellplatz mh-attribute-features__balkon mh-attribute-features__haustiere-erlaubt mh-attribute-features__klimaanlage mh-attribute-features__langzeitmiete mh-attribute-features__meerblick mh-attribute-features__moebliert mh-attribute-features__privatpool mh-attribute-features__ruhige-lage mh-attribute-features__terrasse\">\r\n\t\t\t\t\t\t\t<a href=\"https:\/\/novagestioinmobiliaria.com\/de\/propiedades-properties-immobilien\/duplex-in-1-meereslinie-zur-miete-in-cala-mendia-ch1882cma-ade\/\"\r\n\t\t\t\t\t\t\t   title=\"Duplex in 1. Meereslinie zur Miete in Cala Mend\u00eda : : CH1882CMA-ADE\"\r\n\t\t\t\t\t\t\t   class=\"mh-thumbnail\">\r\n                        <span class=\"mh-thumbnail__inner\">\r\n                                    <img\r\n                    data-srcset=\"https:\/\/novagestioinmobiliaria.com\/wp-content\/uploads\/2026\/04\/Chale-Adosado-Cala-Mendia-ref-1882-14-200x125.jpg 200w, https:\/\/novagestioinmobiliaria.com\/wp-content\/uploads\/2026\/04\/Chale-Adosado-Cala-Mendia-ref-1882-14-1200x750.jpg 1200w, https:\/\/novagestioinmobiliaria.com\/wp-content\/uploads\/2026\/04\/Chale-Adosado-Cala-Mendia-ref-1882-14-800x500.jpg 800w, https:\/\/novagestioinmobiliaria.com\/wp-content\/uploads\/2026\/04\/Chale-Adosado-Cala-Mendia-ref-1882-14-600x375.jpg 600w, https:\/\/novagestioinmobiliaria.com\/wp-content\/uploads\/2026\/04\/Chale-Adosado-Cala-Mendia-ref-1882-14-400x250.jpg 400w\"\r\n                    class=\"lazyload \" alt=\"Duplex in 1. Meereslinie zur Miete in Cala Mend\u00eda : : CH1882CMA-ADE\"\r\n                    data-sizes=\"auto\"\r\n            >\r\n\t\t\t                        <\/span>\r\n\r\n\t\t\t\t\t\t\t\t\t\t\t\t\t\t\t\t\t<div class=\"mh-caption\">\r\n\t\t\t\t\t\t\t\t\t\t<div class=\"mh-caption__inner\">\r\n\t\t\t\t\t\t\t\t\t\t\tZu vermieten\t\t\t\t\t\t\t\t\t\t<\/div>\r\n\t\t\t\t\t\t\t\t\t<\/div>\r\n\t\t\t\t\t\t\t\t\t\r\n\t\t\t\t\t\t\t\t<div class=\"mh-estate-vertical__text\">\r\n\t\t\t\t\t\t\t\t\t<div class=\"mh-estate-vertical__text__inner\">\r\n\t\t\t\t\t\t\t\t\t\tWundervolles Duplex mit atemberaubendem Blick auf das Meer und privatem Pool, nur wenige Meter vom Strand Cala Mend\u00eda entfernt. Dieses...\t\t\t\t\t\t\t\t\t<\/div>\r\n\t\t\t\t\t\t\t\t<\/div>\r\n\t\t\t\t\t\t\t<\/a>\r\n\r\n\t\t\t\t\t\t\t<div class=\"mh-estate-vertical__content\">\r\n\t\t\t\t\t\t\t\t<h3 class=\"mh-estate-vertical__heading\">\r\n\t\t\t\t\t\t\t\t\t<a href=\"https:\/\/novagestioinmobiliaria.com\/de\/propiedades-properties-immobilien\/duplex-in-1-meereslinie-zur-miete-in-cala-mendia-ch1882cma-ade\/\"\r\n\t\t\t\t\t\t\t\t\t   title=\"Duplex in 1. Meereslinie zur Miete in Cala Mend\u00eda : : CH1882CMA-ADE\">\r\n\t\t\t\t\t\t\t\t\t\tDuplex in 1. Meereslinie zur Miete in Cala Mend\u00eda : : CH1882CMA-ADE\t\t\t\t\t\t\t\t\t<\/a>\r\n\t\t\t\t\t\t\t\t<\/h3>\r\n\t\t\t\t\t\t\t\t<address class=\"mh-estate-vertical__subheading\">\r\n\t\t\t\t\t\t\t\t\tC\t\t\t\t\t\t\t\t<\/address>\r\n\t\t\t\t\t\t\t\t<div class=\"mh-estate-vertical__primary\">\r\n\t\t\t\t\t\t\t\t\t2.750 \u20ac\t\t\t\t\t\t\t\t<\/div>\r\n\r\n\t\t\t\t\t\t\t\t<div>\r\n\t\t\t\t\t\t\t\t\t<div class=\"mh-estate__list\">\r\n\t\t\t\t\t\t\t\t\t\t\r\n\t\t\t\t\t\t\t\t\t\t\t<span class=\"mh-estate-vertical__more-info mh-estate_attribute-offer-type\">\r\n                                        <strong>Tipo operaci\u00f3n:<\/strong>\r\n\t\t\t\t\t\t\t\t\t\t\t\t\t\t\t\t\t\t\t\t\t\t\t\t\t\tZu vermieten\t\t\t\t\t\t\t\t\t\t\t\t\t\t                                    <\/span>\r\n\r\n\t\t\t\t\t\t\t\t\t\t\r\n\t\t\t\t\t\t\t\t\t\t\t<span class=\"mh-estate-vertical__more-info mh-estate_attribute-bedrooms\">\r\n                                        <strong>Habitaciones:<\/strong>\r\n\t\t\t\t\t\t\t\t\t\t\t\t3                                    <\/span>\r\n\r\n\t\t\t\t\t\t\t\t\t\t\r\n\t\t\t\t\t\t\t\t\t\t\t<span class=\"mh-estate-vertical__more-info mh-estate_attribute-bathrooms\">\r\n                                        <strong>Ba\u00f1os:<\/strong>\r\n\t\t\t\t\t\t\t\t\t\t\t\t2                                    <\/span>\r\n\r\n\t\t\t\t\t\t\t\t\t\t\r\n\t\t\t\t\t\t\t\t\t\t\t<span class=\"mh-estate-vertical__more-info mh-estate_attribute-property-size\">\r\n                                        <strong>M2:<\/strong>\r\n\t\t\t\t\t\t\t\t\t\t\t\t145 m\u00b2                                    <\/span>\r\n\r\n\t\t\t\t\t\t\t\t\t\t\t\t\t\t\t\t\t\t\t<\/div>\r\n\t\t\t\t\t\t\t\t<\/div>\r\n\r\n\t\t\t\t\t\t\t\t<div class=\"mh-estate-vertical__bottom\">\r\n\t\t\t\t\t\t\t\t\t<div class=\"mh-estate-vertical__bottom__inner\">\r\n\t\t\t\t\t\t\t\t\t\t<div class=\"mh-estate-vertical__date\">\r\n\t\t\t\t\t\t\t\t\t\t\t3\u00a0Wochen.\t\t\t\t\t\t\t\t\t\t<\/div>\r\n\t\t\t\t\t\t\t\t\t\t<div class=\"mh-estate-vertical__buttons-wrapper\">\r\n\t\t\t\t\t\t\t\t\t\t\t<div class=\"mh-estate-vertical__buttons\">\r\n\t\t\t\t\t\t\t\t\t\t\t\t<div class=\"mh-estate-vertical__buttons__single\">\r\n\t\t\t\t\t\t\t\t\t\t\t\t\t<compare-button class=\"myhome-compare\"\r\n\t\t\t\t\t\t\t\t\t\t\t\t\t\t\t\t\t:translations='{&quot;added&quot;:&quot;Zus\\u00e4tzlich&quot;,&quot;compare&quot;:&quot;Vergleichen&quot;}'\r\n\t\t\t\t\t\t\t\t\t\t\t\t\t\t\t\t\t:estate='{&quot;short_excerpt_limit&quot;:125,&quot;long_excerpt_limit&quot;:160,&quot;id&quot;:88852,&quot;agent_id&quot;:&quot;26&quot;,&quot;title&quot;:&quot;Duplex in 1. Meereslinie zur Miete in Cala Mend\\u00eda : : CH1882CMA-ADE&quot;,&quot;content&quot;:&quot;Wundervolles Duplex mit atemberaubendem Blick auf das Meer und privatem Pool, nur wenige Meter vom Strand Cala Mend\\u00eda entfernt.\\r\\nDieses 145 m\\u00b2 Stadthaus erstreckt sich \\u00fcber zwei Etagen. Im oberen Stockwerk befindet sich das Wohn-Esszimmer mit Zugang zu einer gro\\u00dfen Terrasse mit Meerblick, die separate K\\u00fcche und eine Toilette. Das untere Stockwerk verf\\u00fcgt \\u00fcber drei Schlafzimmer und zwei Badezimmer, eines davon en suite. Das Anwesen ist sehr hell, verf\\u00fcgt \\u00fcber Klimaanlage und \\u00d6lheizung und wird m\\u00f6bliert mit modernen M\\u00f6beln vermietet. Die Terrasse im unteren Stockwerk l\\u00e4dt zum Genie\\u00dfen von langen Sonnenstunden und erfrischenden Schwimmb\\u00e4dern im fantastischen Pool ein.\\r\\nCala Mendia ist ein ruhiges Wohndorf, dessen kleine Bucht besonders malerisch ist. Andere paradiesische Str\\u00e4nde wie Cala Anguila, Cala Varques oder Cala Rom\\u00e1ntica liegen in der N\\u00e4he. Die Stadt Porto Cristo mit ihren ber\\u00fchmten Drachenh\\u00f6hlen und dem lebhaften Hafenviertel mit zahlreichen Restaurants ist etwa 3,5 km entfernt, w\\u00e4hrend die Stadt Manacor in etwa 15 Minuten erreichbar ist, wo Sie unter anderem ein Kino und die Akademie des ber\\u00fchmten Tennisspielers Rafa Nadal finden k\\u00f6nnen.\\r\\nVerpassen Sie nicht die Gelegenheit, in diesem au\\u00dfergew\\u00f6hnlichen Winkel Mallorcas in dieser sch\\u00f6nen Immobilie zu leben.\\r\\nMIETBEDINGUNGEN:\\r\\n- Langzeitvertrag\\r\\n- Nachweis wirtschaftlicher Solvenz und Zahlungsf\\u00e4higkeit erforderlich\\r\\n- Nebenkosten wie Wasser, Strom, Pool- und Gartenpflege, Gemeinschaftskosten und M\\u00fcllabfuhrsteuer sind nicht im Preis inbegriffen\\r\\n- 2 Monatsmieten Kaution\\r\\n- Weitere Ausgaben mit der Agentur abzustimmen.\\r\\n\\r\\nNova Gesti\\u00f3, Immobilienagentur in Cala Mend\\u00eda&quot;,&quot;excerpt&quot;:&quot;Wundervolles Duplex mit atemberaubendem Blick auf das Meer und privatem Pool, nur wenige Meter vom Strand Cala Mend\\u00eda entfernt. Dieses 145 m\\u00b2 Stadthaus erstreckt sich \\u00fcber zwei Etagen. Im oberen Stockwerk befindet sich das Wohn-Esszimmer mit Zugang zu einer gro\\u00dfen Terrasse mit Meerblick, die separate K\\u00fcche und eine Toilette. Das untere Stockwerk verf\\u00fcgt \\u00fcber drei [\\u2026]&quot;,&quot;short_excerpt&quot;:&quot;Wundervolles Duplex mit atemberaubendem Blick auf das Meer und privatem Pool, nur wenige Meter vom Strand Cala Mend\\u00eda entf...&quot;,&quot;long_excerpt&quot;:&quot;Wundervolles Duplex mit atemberaubendem Blick auf das Meer und privatem Pool, nur wenige Meter vom Strand Cala Mend\\u00eda entfernt.\\r\\nDieses 145 m\\u00b2 Stadthaus erst...&quot;,&quot;link&quot;:&quot;https:\\\/\\\/novagestioinmobiliaria.com\\\/de\\\/propiedades-properties-immobilien\\\/duplex-in-1-meereslinie-zur-miete-in-cala-mendia-ch1882cma-ade\\\/&quot;,&quot;offer_type&quot;:&quot;Zu vermieten&quot;,&quot;price&quot;:&quot;2.750 \\u20ac&quot;,&quot;location&quot;:&quot;C&quot;,&quot;is_featured&quot;:true,&quot;gallery&quot;:[{&quot;id&quot;:88850,&quot;url&quot;:&quot;https:\\\/\\\/novagestioinmobiliaria.com\\\/wp-content\\\/uploads\\\/2026\\\/04\\\/Chale-Adosado-Cala-Mendia-ref-1882-20.jpg&quot;,&quot;alt&quot;:&quot;&quot;},{&quot;id&quot;:88847,&quot;url&quot;:&quot;https:\\\/\\\/novagestioinmobiliaria.com\\\/wp-content\\\/uploads\\\/2026\\\/04\\\/Chale-Adosado-Cala-Mendia-ref-1882-19.jpg&quot;,&quot;alt&quot;:&quot;&quot;},{&quot;id&quot;:88844,&quot;url&quot;:&quot;https:\\\/\\\/novagestioinmobiliaria.com\\\/wp-content\\\/uploads\\\/2026\\\/04\\\/Chale-Adosado-Cala-Mendia-ref-1882-18.jpg&quot;,&quot;alt&quot;:&quot;&quot;},{&quot;id&quot;:88841,&quot;url&quot;:&quot;https:\\\/\\\/novagestioinmobiliaria.com\\\/wp-content\\\/uploads\\\/2026\\\/04\\\/Chale-Adosado-Cala-Mendia-ref-1882-17.jpg&quot;,&quot;alt&quot;:&quot;&quot;},{&quot;id&quot;:88838,&quot;url&quot;:&quot;https:\\\/\\\/novagestioinmobiliaria.com\\\/wp-content\\\/uploads\\\/2026\\\/04\\\/Chale-Adosado-Cala-Mendia-ref-1882-16.jpg&quot;,&quot;alt&quot;:&quot;&quot;},{&quot;id&quot;:88835,&quot;url&quot;:&quot;https:\\\/\\\/novagestioinmobiliaria.com\\\/wp-content\\\/uploads\\\/2026\\\/04\\\/Chale-Adosado-Cala-Mendia-ref-1882-15.jpg&quot;,&quot;alt&quot;:&quot;&quot;},{&quot;id&quot;:88832,&quot;url&quot;:&quot;https:\\\/\\\/novagestioinmobiliaria.com\\\/wp-content\\\/uploads\\\/2026\\\/04\\\/Chale-Adosado-Cala-Mendia-ref-1882-14.jpg&quot;,&quot;alt&quot;:&quot;&quot;},{&quot;id&quot;:88829,&quot;url&quot;:&quot;https:\\\/\\\/novagestioinmobiliaria.com\\\/wp-content\\\/uploads\\\/2026\\\/04\\\/Chale-Adosado-Cala-Mendia-ref-1882-13.jpg&quot;,&quot;alt&quot;:&quot;&quot;},{&quot;id&quot;:88826,&quot;url&quot;:&quot;https:\\\/\\\/novagestioinmobiliaria.com\\\/wp-content\\\/uploads\\\/2026\\\/04\\\/Chale-Adosado-Cala-Mendia-ref-1882-12.jpg&quot;,&quot;alt&quot;:&quot;&quot;},{&quot;id&quot;:88822,&quot;url&quot;:&quot;https:\\\/\\\/novagestioinmobiliaria.com\\\/wp-content\\\/uploads\\\/2026\\\/04\\\/Chale-Adosado-Cala-Mendia-ref-1882-11.jpg&quot;,&quot;alt&quot;:&quot;&quot;},{&quot;id&quot;:88819,&quot;url&quot;:&quot;https:\\\/\\\/novagestioinmobiliaria.com\\\/wp-content\\\/uploads\\\/2026\\\/04\\\/Chale-Adosado-Cala-Mendia-ref-1882-10.jpg&quot;,&quot;alt&quot;:&quot;&quot;},{&quot;id&quot;:88816,&quot;url&quot;:&quot;https:\\\/\\\/novagestioinmobiliaria.com\\\/wp-content\\\/uploads\\\/2026\\\/04\\\/Chale-Adosado-Cala-Mendia-ref-1882-9.jpg&quot;,&quot;alt&quot;:&quot;&quot;},{&quot;id&quot;:88813,&quot;url&quot;:&quot;https:\\\/\\\/novagestioinmobiliaria.com\\\/wp-content\\\/uploads\\\/2026\\\/04\\\/Chale-Adosado-Cala-Mendia-ref-1882-8.jpg&quot;,&quot;alt&quot;:&quot;&quot;},{&quot;id&quot;:88810,&quot;url&quot;:&quot;https:\\\/\\\/novagestioinmobiliaria.com\\\/wp-content\\\/uploads\\\/2026\\\/04\\\/Chale-Adosado-Cala-Mendia-ref-1882-7.jpg&quot;,&quot;alt&quot;:&quot;&quot;},{&quot;id&quot;:88807,&quot;url&quot;:&quot;https:\\\/\\\/novagestioinmobiliaria.com\\\/wp-content\\\/uploads\\\/2026\\\/04\\\/Chale-Adosado-Cala-Mendia-ref-1882-6.jpg&quot;,&quot;alt&quot;:&quot;&quot;},{&quot;id&quot;:88804,&quot;url&quot;:&quot;https:\\\/\\\/novagestioinmobiliaria.com\\\/wp-content\\\/uploads\\\/2026\\\/04\\\/Chale-Adosado-Cala-Mendia-ref-1882-5.jpg&quot;,&quot;alt&quot;:&quot;&quot;},{&quot;id&quot;:88801,&quot;url&quot;:&quot;https:\\\/\\\/novagestioinmobiliaria.com\\\/wp-content\\\/uploads\\\/2026\\\/04\\\/Chale-Adosado-Cala-Mendia-ref-1882-4.jpg&quot;,&quot;alt&quot;:&quot;&quot;},{&quot;id&quot;:88798,&quot;url&quot;:&quot;https:\\\/\\\/novagestioinmobiliaria.com\\\/wp-content\\\/uploads\\\/2026\\\/04\\\/Chale-Adosado-Cala-Mendia-ref-1882-3.jpg&quot;,&quot;alt&quot;:&quot;&quot;},{&quot;id&quot;:88795,&quot;url&quot;:&quot;https:\\\/\\\/novagestioinmobiliaria.com\\\/wp-content\\\/uploads\\\/2026\\\/04\\\/Chale-Adosado-Cala-Mendia-ref-1882-2.jpg&quot;,&quot;alt&quot;:&quot;&quot;},{&quot;id&quot;:88792,&quot;url&quot;:&quot;https:\\\/\\\/novagestioinmobiliaria.com\\\/wp-content\\\/uploads\\\/2026\\\/04\\\/Chale-Adosado-Cala-Mendia-ref-1882-1.jpg&quot;,&quot;alt&quot;:&quot;&quot;}],&quot;attributes&quot;:[{&quot;slug&quot;:&quot;property-type&quot;,&quot;name&quot;:&quot;Tipo propiedad&quot;,&quot;has_archive&quot;:true,&quot;elements&quot;:[{&quot;name&quot;:&quot;Villen \\\/ Chalets&quot;,&quot;link&quot;:&quot;https:\\\/\\\/novagestioinmobiliaria.com\\\/de\\\/immobilientyp\\\/villen-chalets\\\/&quot;,&quot;slug&quot;:&quot;villen-chalets&quot;}],&quot;card&quot;:false,&quot;show&quot;:true,&quot;display_after&quot;:&quot;&quot;,&quot;new_box&quot;:false},{&quot;slug&quot;:&quot;offer-type&quot;,&quot;name&quot;:&quot;Tipo operaci\\u00f3n&quot;,&quot;has_archive&quot;:true,&quot;elements&quot;:[{&quot;name&quot;:&quot;Zu vermieten&quot;,&quot;link&quot;:&quot;https:\\\/\\\/novagestioinmobiliaria.com\\\/de\\\/offer-type\\\/zu-vermieten\\\/&quot;,&quot;slug&quot;:&quot;zu-vermieten&quot;}],&quot;card&quot;:true,&quot;show&quot;:true,&quot;display_after&quot;:&quot;&quot;,&quot;new_box&quot;:false},{&quot;slug&quot;:&quot;city&quot;,&quot;name&quot;:&quot;Zona&quot;,&quot;has_archive&quot;:true,&quot;elements&quot;:[{&quot;name&quot;:&quot;cala-mendia&quot;,&quot;link&quot;:&quot;https:\\\/\\\/novagestioinmobiliaria.com\\\/de\\\/city\\\/cala-mendia\\\/&quot;,&quot;slug&quot;:&quot;cala-mendia&quot;}],&quot;card&quot;:false,&quot;show&quot;:true,&quot;display_after&quot;:&quot;&quot;,&quot;new_box&quot;:false},{&quot;slug&quot;:&quot;price&quot;,&quot;name&quot;:&quot;Precio&quot;,&quot;has_archive&quot;:false,&quot;elements&quot;:[{&quot;name&quot;:&quot;2750&quot;,&quot;link&quot;:&quot;&quot;,&quot;slug&quot;:&quot;&quot;}],&quot;show&quot;:false,&quot;card&quot;:false,&quot;display_after&quot;:&quot;\\u20ac&quot;,&quot;new_box&quot;:false},{&quot;slug&quot;:&quot;bedrooms&quot;,&quot;name&quot;:&quot;Habitaciones&quot;,&quot;has_archive&quot;:false,&quot;elements&quot;:[{&quot;name&quot;:&quot;3&quot;,&quot;link&quot;:&quot;&quot;,&quot;slug&quot;:&quot;&quot;}],&quot;show&quot;:true,&quot;card&quot;:true,&quot;display_after&quot;:&quot;&quot;,&quot;new_box&quot;:false},{&quot;slug&quot;:&quot;bathrooms&quot;,&quot;name&quot;:&quot;Ba\\u00f1os&quot;,&quot;has_archive&quot;:false,&quot;elements&quot;:[{&quot;name&quot;:&quot;2&quot;,&quot;link&quot;:&quot;&quot;,&quot;slug&quot;:&quot;&quot;}],&quot;show&quot;:true,&quot;card&quot;:true,&quot;display_after&quot;:&quot;&quot;,&quot;new_box&quot;:false},{&quot;slug&quot;:&quot;property-size&quot;,&quot;name&quot;:&quot;M2&quot;,&quot;has_archive&quot;:false,&quot;elements&quot;:[{&quot;name&quot;:&quot;145&quot;,&quot;link&quot;:&quot;&quot;,&quot;slug&quot;:&quot;&quot;}],&quot;show&quot;:true,&quot;card&quot;:true,&quot;display_after&quot;:&quot;m\\u00b2&quot;,&quot;new_box&quot;:false},{&quot;slug&quot;:&quot;features&quot;,&quot;name&quot;:&quot;Caracter\\u00edsticas&quot;,&quot;has_archive&quot;:true,&quot;elements&quot;:[{&quot;name&quot;:&quot;3 Schlafzimmer&quot;,&quot;link&quot;:&quot;https:\\\/\\\/novagestioinmobiliaria.com\\\/de\\\/eigenschaften\\\/3-schlafzimmer\\\/&quot;,&quot;slug&quot;:&quot;3-schlafzimmer&quot;},{&quot;name&quot;:&quot;Auto-Stellplatz&quot;,&quot;link&quot;:&quot;https:\\\/\\\/novagestioinmobiliaria.com\\\/de\\\/eigenschaften\\\/auto-stellplatz\\\/&quot;,&quot;slug&quot;:&quot;auto-stellplatz&quot;},{&quot;name&quot;:&quot;Balkon&quot;,&quot;link&quot;:&quot;https:\\\/\\\/novagestioinmobiliaria.com\\\/de\\\/eigenschaften\\\/balkon\\\/&quot;,&quot;slug&quot;:&quot;balkon&quot;},{&quot;name&quot;:&quot;Haustiere erlaubt&quot;,&quot;link&quot;:&quot;https:\\\/\\\/novagestioinmobiliaria.com\\\/de\\\/eigenschaften\\\/haustiere-erlaubt\\\/&quot;,&quot;slug&quot;:&quot;haustiere-erlaubt&quot;},{&quot;name&quot;:&quot;Klimaanlage&quot;,&quot;link&quot;:&quot;https:\\\/\\\/novagestioinmobiliaria.com\\\/de\\\/eigenschaften\\\/klimaanlage\\\/&quot;,&quot;slug&quot;:&quot;klimaanlage&quot;},{&quot;name&quot;:&quot;Langzeitmiete&quot;,&quot;link&quot;:&quot;https:\\\/\\\/novagestioinmobiliaria.com\\\/de\\\/eigenschaften\\\/langzeitmiete\\\/&quot;,&quot;slug&quot;:&quot;langzeitmiete&quot;},{&quot;name&quot;:&quot;Meerblick&quot;,&quot;link&quot;:&quot;https:\\\/\\\/novagestioinmobiliaria.com\\\/de\\\/eigenschaften\\\/meerblick\\\/&quot;,&quot;slug&quot;:&quot;meerblick&quot;},{&quot;name&quot;:&quot;M\\u00f6bliert&quot;,&quot;link&quot;:&quot;https:\\\/\\\/novagestioinmobiliaria.com\\\/de\\\/eigenschaften\\\/moebliert\\\/&quot;,&quot;slug&quot;:&quot;moebliert&quot;},{&quot;name&quot;:&quot;Privatpool&quot;,&quot;link&quot;:&quot;https:\\\/\\\/novagestioinmobiliaria.com\\\/de\\\/eigenschaften\\\/privatpool\\\/&quot;,&quot;slug&quot;:&quot;privatpool&quot;},{&quot;name&quot;:&quot;Ruhige Lage&quot;,&quot;link&quot;:&quot;https:\\\/\\\/novagestioinmobiliaria.com\\\/de\\\/eigenschaften\\\/ruhige-lage\\\/&quot;,&quot;slug&quot;:&quot;ruhige-lage&quot;},{&quot;name&quot;:&quot;Terrasse&quot;,&quot;link&quot;:&quot;https:\\\/\\\/novagestioinmobiliaria.com\\\/de\\\/eigenschaften\\\/terrasse\\\/&quot;,&quot;slug&quot;:&quot;terrasse&quot;}],&quot;card&quot;:false,&quot;show&quot;:true,&quot;display_after&quot;:&quot;&quot;,&quot;new_box&quot;:true}],&quot;views&quot;:8,&quot;days_ago&quot;:&quot;3\\u00a0Wochen.&quot;,&quot;image_id&quot;:88832,&quot;image_url&quot;:&quot;https:\\\/\\\/novagestioinmobiliaria.com\\\/wp-content\\\/uploads\\\/2026\\\/04\\\/Chale-Adosado-Cala-Mendia-ref-1882-14.jpg&quot;,&quot;tags&quot;:[{&quot;name&quot;:&quot;Caracter\\u00edsticas&quot;,&quot;elements&quot;:[{&quot;name&quot;:&quot;3 Schlafzimmer&quot;,&quot;link&quot;:&quot;https:\\\/\\\/novagestioinmobiliaria.com\\\/de\\\/eigenschaften\\\/3-schlafzimmer\\\/&quot;},{&quot;name&quot;:&quot;Auto-Stellplatz&quot;,&quot;link&quot;:&quot;https:\\\/\\\/novagestioinmobiliaria.com\\\/de\\\/eigenschaften\\\/auto-stellplatz\\\/&quot;},{&quot;name&quot;:&quot;Balkon&quot;,&quot;link&quot;:&quot;https:\\\/\\\/novagestioinmobiliaria.com\\\/de\\\/eigenschaften\\\/balkon\\\/&quot;},{&quot;name&quot;:&quot;Haustiere erlaubt&quot;,&quot;link&quot;:&quot;https:\\\/\\\/novagestioinmobiliaria.com\\\/de\\\/eigenschaften\\\/haustiere-erlaubt\\\/&quot;},{&quot;name&quot;:&quot;Klimaanlage&quot;,&quot;link&quot;:&quot;https:\\\/\\\/novagestioinmobiliaria.com\\\/de\\\/eigenschaften\\\/klimaanlage\\\/&quot;},{&quot;name&quot;:&quot;Langzeitmiete&quot;,&quot;link&quot;:&quot;https:\\\/\\\/novagestioinmobiliaria.com\\\/de\\\/eigenschaften\\\/langzeitmiete\\\/&quot;},{&quot;name&quot;:&quot;Meerblick&quot;,&quot;link&quot;:&quot;https:\\\/\\\/novagestioinmobiliaria.com\\\/de\\\/eigenschaften\\\/meerblick\\\/&quot;},{&quot;name&quot;:&quot;M\\u00f6bliert&quot;,&quot;link&quot;:&quot;https:\\\/\\\/novagestioinmobiliaria.com\\\/de\\\/eigenschaften\\\/moebliert\\\/&quot;},{&quot;name&quot;:&quot;Privatpool&quot;,&quot;link&quot;:&quot;https:\\\/\\\/novagestioinmobiliaria.com\\\/de\\\/eigenschaften\\\/privatpool\\\/&quot;},{&quot;name&quot;:&quot;Ruhige Lage&quot;,&quot;link&quot;:&quot;https:\\\/\\\/novagestioinmobiliaria.com\\\/de\\\/eigenschaften\\\/ruhige-lage\\\/&quot;},{&quot;name&quot;:&quot;Terrasse&quot;,&quot;link&quot;:&quot;https:\\\/\\\/novagestioinmobiliaria.com\\\/de\\\/eigenschaften\\\/terrasse\\\/&quot;}],&quot;has_archive&quot;:true}],&quot;status&quot;:&quot;publish&quot;,&quot;plans&quot;:[],&quot;video_plan&quot;:{&quot;src&quot;:&quot;&quot;,&quot;video&quot;:&quot;&quot;},&quot;virtual_tour&quot;:null,&quot;state&quot;:&quot;&quot;,&quot;labels&quot;:[],&quot;image&quot;:&quot;https:\\\/\\\/novagestioinmobiliaria.com\\\/wp-content\\\/uploads\\\/2026\\\/04\\\/Chale-Adosado-Cala-Mendia-ref-1882-14-400x250.jpg&quot;,&quot;image_srcset&quot;:&quot;https:\\\/\\\/novagestioinmobiliaria.com\\\/wp-content\\\/uploads\\\/2026\\\/04\\\/Chale-Adosado-Cala-Mendia-ref-1882-14-200x125.jpg 200w, https:\\\/\\\/novagestioinmobiliaria.com\\\/wp-content\\\/uploads\\\/2026\\\/04\\\/Chale-Adosado-Cala-Mendia-ref-1882-14-1200x750.jpg 1200w, https:\\\/\\\/novagestioinmobiliaria.com\\\/wp-content\\\/uploads\\\/2026\\\/04\\\/Chale-Adosado-Cala-Mendia-ref-1882-14-800x500.jpg 800w, https:\\\/\\\/novagestioinmobiliaria.com\\\/wp-content\\\/uploads\\\/2026\\\/04\\\/Chale-Adosado-Cala-Mendia-ref-1882-14-600x375.jpg 600w, https:\\\/\\\/novagestioinmobiliaria.com\\\/wp-content\\\/uploads\\\/2026\\\/04\\\/Chale-Adosado-Cala-Mendia-ref-1882-14-400x250.jpg 400w&quot;}'>\r\n\t\t\t\t\t\t\t\t\t\t\t\t\t<\/compare-button>\r\n\t\t\t\t\t\t\t\t\t\t\t\t<\/div>\r\n\t\t\t\t\t\t\t\t\t\t\t\t<div class=\"mh-estate-vertical__buttons__single\">\r\n\t\t\t\t\t\t\t\t\t\t\t\t\t<a href=\"https:\/\/novagestioinmobiliaria.com\/de\/propiedades-properties-immobilien\/duplex-in-1-meereslinie-zur-miete-in-cala-mendia-ch1882cma-ade\/\"\r\n\t\t\t\t\t\t\t\t\t\t\t\t\t   title=\"Duplex in 1. Meereslinie zur Miete in Cala Mend\u00eda : : CH1882CMA-ADE\"\r\n\t\t\t\t\t\t\t\t\t\t\t\t\t   class=\"mdl-button mdl-js-button mdl-button--raised mdl-js-ripple-effect mdl-button--primary-ghost\">\r\n\t\t\t\t\t\t\t\t\t\t\t\t\t\tDetails\t\t\t\t\t\t\t\t\t\t\t\t\t\t<span class=\"mdl-button__icon-right\"><i class=\"fa fa-angle-right\"><\/i><\/span>\r\n\t\t\t\t\t\t\t\t\t\t\t\t\t<\/a>\r\n\t\t\t\t\t\t\t\t\t\t\t\t<\/div>\r\n\t\t\t\t\t\t\t\t\t\t\t<\/div>\r\n\t\t\t\t\t\t\t\t\t\t<\/div>\r\n\t\t\t\t\t\t\t\t\t<\/div>\r\n\t\t\t\t\t\t\t\t<\/div>\r\n\t\t\t\t\t\t\t<\/div>\r\n\t\t\t\t\t\t<\/article>\r\n\t\t\t\t\t<\/div>\r\n\t\t\t\t\r\n\t\t\t\t\t<div class=\"item\">\r\n\t\t\t\t\t\t<article class=\"mh-estate-vertical   mh-attribute-property-type__reihenhaeuser-doppelhaushaelften mh-attribute-offer-type__zu-verkaufen mh-attribute-city__cala-romantica-de mh-attribute-features__2-doppelzimmer mh-attribute-features__auto-stellplatz mh-attribute-features__duplex-de mh-attribute-features__einbaukueche mh-attribute-features__gemeinschaftspool mh-attribute-features__klimaanlage mh-attribute-features__moebliert mh-attribute-features__ruhige-lage mh-attribute-features__strand-in-der-nahe-de mh-attribute-features__terrasse\">\r\n\t\t\t\t\t\t\t<a href=\"https:\/\/novagestioinmobiliaria.com\/de\/propiedades-properties-immobilien\/schoenes-reihenhaus-zum-verkauf-in-cala-romantica-ad1881cr-vde\/\"\r\n\t\t\t\t\t\t\t   title=\"Sch\u00f6nes Reihenhaus zum Verkauf in Cala Rom\u00e1ntica : : AD1881CR-VDE\"\r\n\t\t\t\t\t\t\t   class=\"mh-thumbnail\">\r\n                        <span class=\"mh-thumbnail__inner\">\r\n                                    <img\r\n                    data-srcset=\"https:\/\/novagestioinmobiliaria.com\/wp-content\/uploads\/2026\/03\/Adosado-en-venta-en-Cala-Romantica-ref-1881-12-1-200x125.jpg 200w, https:\/\/novagestioinmobiliaria.com\/wp-content\/uploads\/2026\/03\/Adosado-en-venta-en-Cala-Romantica-ref-1881-12-1-800x500.jpg 800w, https:\/\/novagestioinmobiliaria.com\/wp-content\/uploads\/2026\/03\/Adosado-en-venta-en-Cala-Romantica-ref-1881-12-1-600x375.jpg 600w, https:\/\/novagestioinmobiliaria.com\/wp-content\/uploads\/2026\/03\/Adosado-en-venta-en-Cala-Romantica-ref-1881-12-1-400x250.jpg 400w\"\r\n                    class=\"lazyload \" alt=\"Sch\u00f6nes Reihenhaus zum Verkauf in Cala Rom\u00e1ntica : : AD1881CR-VDE\"\r\n                    data-sizes=\"auto\"\r\n            >\r\n\t\t\t                        <\/span>\r\n\r\n\t\t\t\t\t\t\t\t\t\t\t\t\t\t\t\t\t<div class=\"mh-caption\">\r\n\t\t\t\t\t\t\t\t\t\t<div class=\"mh-caption__inner\">\r\n\t\t\t\t\t\t\t\t\t\t\tZu verkaufen\t\t\t\t\t\t\t\t\t\t<\/div>\r\n\t\t\t\t\t\t\t\t\t<\/div>\r\n\t\t\t\t\t\t\t\t\t\r\n\t\t\t\t\t\t\t\t<div class=\"mh-estate-vertical__text\">\r\n\t\t\t\t\t\t\t\t\t<div class=\"mh-estate-vertical__text__inner\">\r\n\t\t\t\t\t\t\t\t\t\tEntdecken Sie dieses elegante Reihenhaus zum Verkauf in S&#8217;Estany d&#8217;en Mas, in der exklusiven Gegend von Cala Rom\u00e1ntica, einem sehr...\t\t\t\t\t\t\t\t\t<\/div>\r\n\t\t\t\t\t\t\t\t<\/div>\r\n\t\t\t\t\t\t\t<\/a>\r\n\r\n\t\t\t\t\t\t\t<div class=\"mh-estate-vertical__content\">\r\n\t\t\t\t\t\t\t\t<h3 class=\"mh-estate-vertical__heading\">\r\n\t\t\t\t\t\t\t\t\t<a href=\"https:\/\/novagestioinmobiliaria.com\/de\/propiedades-properties-immobilien\/schoenes-reihenhaus-zum-verkauf-in-cala-romantica-ad1881cr-vde\/\"\r\n\t\t\t\t\t\t\t\t\t   title=\"Sch\u00f6nes Reihenhaus zum Verkauf in Cala Rom\u00e1ntica : : AD1881CR-VDE\">\r\n\t\t\t\t\t\t\t\t\t\tSch\u00f6nes Reihenhaus zum Verkauf in Cala Rom\u00e1ntica : : AD1881CR-VDE\t\t\t\t\t\t\t\t\t<\/a>\r\n\t\t\t\t\t\t\t\t<\/h3>\r\n\t\t\t\t\t\t\t\t<address class=\"mh-estate-vertical__subheading\">\r\n\t\t\t\t\t\t\t\t\tC\t\t\t\t\t\t\t\t<\/address>\r\n\t\t\t\t\t\t\t\t<div class=\"mh-estate-vertical__primary\">\r\n\t\t\t\t\t\t\t\t\t435.000 \u20ac\t\t\t\t\t\t\t\t<\/div>\r\n\r\n\t\t\t\t\t\t\t\t<div>\r\n\t\t\t\t\t\t\t\t\t<div class=\"mh-estate__list\">\r\n\t\t\t\t\t\t\t\t\t\t\r\n\t\t\t\t\t\t\t\t\t\t\t<span class=\"mh-estate-vertical__more-info mh-estate_attribute-offer-type\">\r\n                                        <strong>Tipo operaci\u00f3n:<\/strong>\r\n\t\t\t\t\t\t\t\t\t\t\t\t\t\t\t\t\t\t\t\t\t\t\t\t\t\tZu verkaufen\t\t\t\t\t\t\t\t\t\t\t\t\t\t                                    <\/span>\r\n\r\n\t\t\t\t\t\t\t\t\t\t\r\n\t\t\t\t\t\t\t\t\t\t\t<span class=\"mh-estate-vertical__more-info mh-estate_attribute-bedrooms\">\r\n                                        <strong>Habitaciones:<\/strong>\r\n\t\t\t\t\t\t\t\t\t\t\t\t2                                    <\/span>\r\n\r\n\t\t\t\t\t\t\t\t\t\t\r\n\t\t\t\t\t\t\t\t\t\t\t<span class=\"mh-estate-vertical__more-info mh-estate_attribute-bathrooms\">\r\n                                        <strong>Ba\u00f1os:<\/strong>\r\n\t\t\t\t\t\t\t\t\t\t\t\t2                                    <\/span>\r\n\r\n\t\t\t\t\t\t\t\t\t\t\r\n\t\t\t\t\t\t\t\t\t\t\t<span class=\"mh-estate-vertical__more-info mh-estate_attribute-property-size\">\r\n                                        <strong>M2:<\/strong>\r\n\t\t\t\t\t\t\t\t\t\t\t\t100 m\u00b2                                    <\/span>\r\n\r\n\t\t\t\t\t\t\t\t\t\t\t\t\t\t\t\t\t\t\t<\/div>\r\n\t\t\t\t\t\t\t\t<\/div>\r\n\r\n\t\t\t\t\t\t\t\t<div class=\"mh-estate-vertical__bottom\">\r\n\t\t\t\t\t\t\t\t\t<div class=\"mh-estate-vertical__bottom__inner\">\r\n\t\t\t\t\t\t\t\t\t\t<div class=\"mh-estate-vertical__date\">\r\n\t\t\t\t\t\t\t\t\t\t\t1\u00a0Monat.\t\t\t\t\t\t\t\t\t\t<\/div>\r\n\t\t\t\t\t\t\t\t\t\t<div class=\"mh-estate-vertical__buttons-wrapper\">\r\n\t\t\t\t\t\t\t\t\t\t\t<div class=\"mh-estate-vertical__buttons\">\r\n\t\t\t\t\t\t\t\t\t\t\t\t<div class=\"mh-estate-vertical__buttons__single\">\r\n\t\t\t\t\t\t\t\t\t\t\t\t\t<compare-button class=\"myhome-compare\"\r\n\t\t\t\t\t\t\t\t\t\t\t\t\t\t\t\t\t:translations='{&quot;added&quot;:&quot;Zus\\u00e4tzlich&quot;,&quot;compare&quot;:&quot;Vergleichen&quot;}'\r\n\t\t\t\t\t\t\t\t\t\t\t\t\t\t\t\t\t:estate='{&quot;short_excerpt_limit&quot;:125,&quot;long_excerpt_limit&quot;:160,&quot;id&quot;:88644,&quot;agent_id&quot;:&quot;1&quot;,&quot;title&quot;:&quot;Sch\\u00f6nes Reihenhaus zum Verkauf in Cala Rom\\u00e1ntica : : AD1881CR-VDE&quot;,&quot;content&quot;:&quot;Entdecken Sie dieses elegante Reihenhaus zum Verkauf in S&#039;Estany d&#039;en Mas, in der exklusiven Gegend von Cala Rom\\u00e1ntica, einem sehr gefragten privilegierten Standort sowohl f\\u00fcr nationale als auch internationale K\\u00e4ufer, die eine Zweitwohnsitz auf Mallorca suchen. Die Immobilie, mit ca. 100 m\\u00b2 bebauter Fl\\u00e4che, befindet sich in einer gepflegten gehobenen Wohnanlage in einer ruhigen, sicheren und gut erreichbaren Umgebung, nur 400 Meter vom Strand von Cala Rom\\u00e1ntica entfernt, einer der attraktivsten Buchten in der Gegend. Auf zwei Etagen verteilt, bietet das Haus ein funktionales und helles Design. Im Erdgeschoss finden Sie ein ger\\u00e4umiges Wohnzimmer mit offener amerikanischer K\\u00fcche, komplett eingerichtet und ausgestattet, das nat\\u00fcrlich mit dem Au\\u00dfenbereich verbunden ist. Dar\\u00fcber hinaus verf\\u00fcgt es \\u00fcber eine separate Waschk\\u00fcche mit praktischem WC. Vom Wohnzimmer aus gelangen Sie auf eine herrliche Veranda von ca. 25 m\\u00b2, ideal zum Genie\\u00dfen des mediterranen Klimas, mit direktem Zugang zu einem privaten Garten von ca. 42 m\\u00b2, perfekt, um sich zu entspannen oder Familienmomente zu teilen. Im Obergeschoss befinden sich zwei ger\\u00e4umige Doppelzimmer mit Einbauschr\\u00e4nken, wobei das Hauptschlafzimmer mit eigenem Bad hervorsticht. Das Haus verf\\u00fcgt \\u00fcber insgesamt zwei vollst\\u00e4ndige Badezimmer, beide mit Dusche, was Komfort und N\\u00fctzlichkeit bietet. Die Immobilie ist mit einer Klimaanlage ausgestattet, die ganzj\\u00e4hrig f\\u00fcr Komfort sorgt, sowie einem im Preis inbegriffenen Parkplatz im Freien, was zus\\u00e4tzlichen Komfort bietet. Sie wird voll m\\u00f6bliert verkauft, bereit zum Einzug oder zum sofortigen Genuss ab dem ersten Tag. Die Wohnanlage verf\\u00fcgt \\u00fcber einen gepflegten Gemeinschaftsbereich mit Pool und G\\u00e4rten, was sowohl f\\u00fcr den Urlaubsgebrauch als auch f\\u00fcr Investitionen einen Mehrwert bringt. Eine ideale Immobilie als Zweitwohnsitz auf Mallorca, die Lage, Komfort und mediterranen Lebensstil vereint.\\r\\nNova Gestio, Ihre Immobilienagentur in Cala Rom\\u00e1ntica.&quot;,&quot;excerpt&quot;:&quot;Entdecken Sie dieses elegante Reihenhaus zum Verkauf in S\\u2019Estany d\\u2019en Mas, in der exklusiven Gegend von Cala Rom\\u00e1ntica, einem sehr gefragten privilegierten Standort sowohl f\\u00fcr nationale als auch internationale K\\u00e4ufer, die eine Zweitwohnsitz auf Mallorca suchen. Die Immobilie, mit ca. 100 m\\u00b2 bebauter Fl\\u00e4che, befindet sich in einer gepflegten gehobenen Wohnanlage in einer ruhigen, sicheren [\\u2026]&quot;,&quot;short_excerpt&quot;:&quot;Entdecken Sie dieses elegante Reihenhaus zum Verkauf in S&#039;Estany d&#039;en Mas, in der exklusiven Gegend von Cala Rom\\u00e1ntica, ei...&quot;,&quot;long_excerpt&quot;:&quot;Entdecken Sie dieses elegante Reihenhaus zum Verkauf in S&#039;Estany d&#039;en Mas, in der exklusiven Gegend von Cala Rom\\u00e1ntica, einem sehr gefragten privilegierten S...&quot;,&quot;link&quot;:&quot;https:\\\/\\\/novagestioinmobiliaria.com\\\/de\\\/propiedades-properties-immobilien\\\/schoenes-reihenhaus-zum-verkauf-in-cala-romantica-ad1881cr-vde\\\/&quot;,&quot;offer_type&quot;:&quot;Zu verkaufen&quot;,&quot;price&quot;:&quot;435.000 \\u20ac&quot;,&quot;location&quot;:&quot;C&quot;,&quot;is_featured&quot;:true,&quot;gallery&quot;:[{&quot;id&quot;:89304,&quot;url&quot;:&quot;https:\\\/\\\/novagestioinmobiliaria.com\\\/wp-content\\\/uploads\\\/2026\\\/03\\\/Adosado-en-venta-en-Cala-Romantica-ref-1881-27.jpg&quot;,&quot;alt&quot;:&quot;&quot;},{&quot;id&quot;:89301,&quot;url&quot;:&quot;https:\\\/\\\/novagestioinmobiliaria.com\\\/wp-content\\\/uploads\\\/2026\\\/03\\\/Adosado-en-venta-en-Cala-Romantica-ref-1881-21-1.jpg&quot;,&quot;alt&quot;:&quot;&quot;},{&quot;id&quot;:89298,&quot;url&quot;:&quot;https:\\\/\\\/novagestioinmobiliaria.com\\\/wp-content\\\/uploads\\\/2026\\\/03\\\/Adosado-en-venta-en-Cala-Romantica-ref-1881-20-1.jpg&quot;,&quot;alt&quot;:&quot;&quot;},{&quot;id&quot;:89295,&quot;url&quot;:&quot;https:\\\/\\\/novagestioinmobiliaria.com\\\/wp-content\\\/uploads\\\/2026\\\/03\\\/Adosado-en-venta-en-Cala-Romantica-ref-1881-19-1.jpg&quot;,&quot;alt&quot;:&quot;&quot;},{&quot;id&quot;:89292,&quot;url&quot;:&quot;https:\\\/\\\/novagestioinmobiliaria.com\\\/wp-content\\\/uploads\\\/2026\\\/03\\\/Adosado-en-venta-en-Cala-Romantica-ref-1881-22-1.jpg&quot;,&quot;alt&quot;:&quot;&quot;},{&quot;id&quot;:89289,&quot;url&quot;:&quot;https:\\\/\\\/novagestioinmobiliaria.com\\\/wp-content\\\/uploads\\\/2026\\\/03\\\/Adosado-en-venta-en-Cala-Romantica-ref-1881-15-1.jpg&quot;,&quot;alt&quot;:&quot;&quot;},{&quot;id&quot;:89286,&quot;url&quot;:&quot;https:\\\/\\\/novagestioinmobiliaria.com\\\/wp-content\\\/uploads\\\/2026\\\/03\\\/Adosado-en-venta-en-Cala-Romantica-ref-1881-16-1.jpg&quot;,&quot;alt&quot;:&quot;&quot;},{&quot;id&quot;:89283,&quot;url&quot;:&quot;https:\\\/\\\/novagestioinmobiliaria.com\\\/wp-content\\\/uploads\\\/2026\\\/03\\\/Adosado-en-venta-en-Cala-Romantica-ref-1881-9.jpg&quot;,&quot;alt&quot;:&quot;&quot;},{&quot;id&quot;:89280,&quot;url&quot;:&quot;https:\\\/\\\/novagestioinmobiliaria.com\\\/wp-content\\\/uploads\\\/2026\\\/03\\\/Adosado-en-venta-en-Cala-Romantica-ref-1881-7.jpg&quot;,&quot;alt&quot;:&quot;&quot;},{&quot;id&quot;:89277,&quot;url&quot;:&quot;https:\\\/\\\/novagestioinmobiliaria.com\\\/wp-content\\\/uploads\\\/2026\\\/03\\\/Adosado-en-venta-en-Cala-Romantica-ref-1881-6-1.jpg&quot;,&quot;alt&quot;:&quot;&quot;},{&quot;id&quot;:89274,&quot;url&quot;:&quot;https:\\\/\\\/novagestioinmobiliaria.com\\\/wp-content\\\/uploads\\\/2026\\\/03\\\/Adosado-en-venta-en-Cala-Romantica-ref-1881-5-2.jpg&quot;,&quot;alt&quot;:&quot;&quot;},{&quot;id&quot;:89271,&quot;url&quot;:&quot;https:\\\/\\\/novagestioinmobiliaria.com\\\/wp-content\\\/uploads\\\/2026\\\/03\\\/Adosado-en-venta-en-Cala-Romantica-ref-1881-3-1.jpg&quot;,&quot;alt&quot;:&quot;&quot;},{&quot;id&quot;:89268,&quot;url&quot;:&quot;https:\\\/\\\/novagestioinmobiliaria.com\\\/wp-content\\\/uploads\\\/2026\\\/03\\\/Adosado-en-venta-en-Cala-Romantica-ref-1881-2-1.jpg&quot;,&quot;alt&quot;:&quot;&quot;},{&quot;id&quot;:89265,&quot;url&quot;:&quot;https:\\\/\\\/novagestioinmobiliaria.com\\\/wp-content\\\/uploads\\\/2026\\\/03\\\/Adosado-en-venta-en-Cala-Romantica-ref-1881-1-1.jpg&quot;,&quot;alt&quot;:&quot;&quot;},{&quot;id&quot;:89259,&quot;url&quot;:&quot;https:\\\/\\\/novagestioinmobiliaria.com\\\/wp-content\\\/uploads\\\/2026\\\/03\\\/Adosado-en-venta-en-Cala-Romantica-ref-1881-26-1.jpg&quot;,&quot;alt&quot;:&quot;&quot;},{&quot;id&quot;:89256,&quot;url&quot;:&quot;https:\\\/\\\/novagestioinmobiliaria.com\\\/wp-content\\\/uploads\\\/2026\\\/03\\\/Adosado-en-venta-en-Cala-Romantica-ref-1881-25.jpg&quot;,&quot;alt&quot;:&quot;&quot;},{&quot;id&quot;:89253,&quot;url&quot;:&quot;https:\\\/\\\/novagestioinmobiliaria.com\\\/wp-content\\\/uploads\\\/2026\\\/03\\\/Adosado-en-venta-en-Cala-Romantica-ref-1881-24.jpg&quot;,&quot;alt&quot;:&quot;&quot;},{&quot;id&quot;:89250,&quot;url&quot;:&quot;https:\\\/\\\/novagestioinmobiliaria.com\\\/wp-content\\\/uploads\\\/2026\\\/03\\\/Adosado-en-venta-en-Cala-Romantica-ref-1881-23-1.jpg&quot;,&quot;alt&quot;:&quot;&quot;},{&quot;id&quot;:89235,&quot;url&quot;:&quot;https:\\\/\\\/novagestioinmobiliaria.com\\\/wp-content\\\/uploads\\\/2026\\\/03\\\/Adosado-en-venta-en-Cala-Romantica-ref-1881-18-1.jpg&quot;,&quot;alt&quot;:&quot;&quot;},{&quot;id&quot;:89223,&quot;url&quot;:&quot;https:\\\/\\\/novagestioinmobiliaria.com\\\/wp-content\\\/uploads\\\/2026\\\/03\\\/Adosado-en-venta-en-Cala-Romantica-ref-1881-14-1.jpg&quot;,&quot;alt&quot;:&quot;&quot;},{&quot;id&quot;:89217,&quot;url&quot;:&quot;https:\\\/\\\/novagestioinmobiliaria.com\\\/wp-content\\\/uploads\\\/2026\\\/03\\\/Adosado-en-venta-en-Cala-Romantica-ref-1881-12-1.jpg&quot;,&quot;alt&quot;:&quot;&quot;},{&quot;id&quot;:89205,&quot;url&quot;:&quot;https:\\\/\\\/novagestioinmobiliaria.com\\\/wp-content\\\/uploads\\\/2026\\\/03\\\/Adosado-en-venta-en-Cala-Romantica-ref-1881-8-1.jpg&quot;,&quot;alt&quot;:&quot;&quot;},{&quot;id&quot;:89196,&quot;url&quot;:&quot;https:\\\/\\\/novagestioinmobiliaria.com\\\/wp-content\\\/uploads\\\/2026\\\/03\\\/Adosado-en-venta-en-Cala-Romantica-ref-1881-5-1.jpg&quot;,&quot;alt&quot;:&quot;&quot;}],&quot;attributes&quot;:[{&quot;slug&quot;:&quot;property-type&quot;,&quot;name&quot;:&quot;Tipo propiedad&quot;,&quot;has_archive&quot;:true,&quot;elements&quot;:[{&quot;name&quot;:&quot;Reihenh\\u00e4user \\\/ Doppelhaush\\u00e4lften&quot;,&quot;link&quot;:&quot;https:\\\/\\\/novagestioinmobiliaria.com\\\/de\\\/immobilientyp\\\/reihenhaeuser-doppelhaushaelften\\\/&quot;,&quot;slug&quot;:&quot;reihenhaeuser-doppelhaushaelften&quot;}],&quot;card&quot;:false,&quot;show&quot;:true,&quot;display_after&quot;:&quot;&quot;,&quot;new_box&quot;:false},{&quot;slug&quot;:&quot;offer-type&quot;,&quot;name&quot;:&quot;Tipo operaci\\u00f3n&quot;,&quot;has_archive&quot;:true,&quot;elements&quot;:[{&quot;name&quot;:&quot;Zu verkaufen&quot;,&quot;link&quot;:&quot;https:\\\/\\\/novagestioinmobiliaria.com\\\/de\\\/offer-type\\\/zu-verkaufen\\\/&quot;,&quot;slug&quot;:&quot;zu-verkaufen&quot;}],&quot;card&quot;:true,&quot;show&quot;:true,&quot;display_after&quot;:&quot;&quot;,&quot;new_box&quot;:false},{&quot;slug&quot;:&quot;city&quot;,&quot;name&quot;:&quot;Zona&quot;,&quot;has_archive&quot;:true,&quot;elements&quot;:[{&quot;name&quot;:&quot;Cala Rom\\u00e1ntica&quot;,&quot;link&quot;:&quot;https:\\\/\\\/novagestioinmobiliaria.com\\\/de\\\/city\\\/cala-romantica-de\\\/&quot;,&quot;slug&quot;:&quot;cala-romantica-de&quot;}],&quot;card&quot;:false,&quot;show&quot;:true,&quot;display_after&quot;:&quot;&quot;,&quot;new_box&quot;:false},{&quot;slug&quot;:&quot;price&quot;,&quot;name&quot;:&quot;Precio&quot;,&quot;has_archive&quot;:false,&quot;elements&quot;:[{&quot;name&quot;:&quot;435000&quot;,&quot;link&quot;:&quot;&quot;,&quot;slug&quot;:&quot;&quot;}],&quot;show&quot;:false,&quot;card&quot;:false,&quot;display_after&quot;:&quot;\\u20ac&quot;,&quot;new_box&quot;:false},{&quot;slug&quot;:&quot;bedrooms&quot;,&quot;name&quot;:&quot;Habitaciones&quot;,&quot;has_archive&quot;:false,&quot;elements&quot;:[{&quot;name&quot;:&quot;2&quot;,&quot;link&quot;:&quot;&quot;,&quot;slug&quot;:&quot;&quot;}],&quot;show&quot;:true,&quot;card&quot;:true,&quot;display_after&quot;:&quot;&quot;,&quot;new_box&quot;:false},{&quot;slug&quot;:&quot;bathrooms&quot;,&quot;name&quot;:&quot;Ba\\u00f1os&quot;,&quot;has_archive&quot;:false,&quot;elements&quot;:[{&quot;name&quot;:&quot;2&quot;,&quot;link&quot;:&quot;&quot;,&quot;slug&quot;:&quot;&quot;}],&quot;show&quot;:true,&quot;card&quot;:true,&quot;display_after&quot;:&quot;&quot;,&quot;new_box&quot;:false},{&quot;slug&quot;:&quot;property-size&quot;,&quot;name&quot;:&quot;M2&quot;,&quot;has_archive&quot;:false,&quot;elements&quot;:[{&quot;name&quot;:&quot;100&quot;,&quot;link&quot;:&quot;&quot;,&quot;slug&quot;:&quot;&quot;}],&quot;show&quot;:true,&quot;card&quot;:true,&quot;display_after&quot;:&quot;m\\u00b2&quot;,&quot;new_box&quot;:false},{&quot;slug&quot;:&quot;features&quot;,&quot;name&quot;:&quot;Caracter\\u00edsticas&quot;,&quot;has_archive&quot;:true,&quot;elements&quot;:[{&quot;name&quot;:&quot;2 Doppelzimmer&quot;,&quot;link&quot;:&quot;https:\\\/\\\/novagestioinmobiliaria.com\\\/de\\\/eigenschaften\\\/2-doppelzimmer\\\/&quot;,&quot;slug&quot;:&quot;2-doppelzimmer&quot;},{&quot;name&quot;:&quot;Auto-Stellplatz&quot;,&quot;link&quot;:&quot;https:\\\/\\\/novagestioinmobiliaria.com\\\/de\\\/eigenschaften\\\/auto-stellplatz\\\/&quot;,&quot;slug&quot;:&quot;auto-stellplatz&quot;},{&quot;name&quot;:&quot;Duplex&quot;,&quot;link&quot;:&quot;https:\\\/\\\/novagestioinmobiliaria.com\\\/de\\\/eigenschaften\\\/duplex-de\\\/&quot;,&quot;slug&quot;:&quot;duplex-de&quot;},{&quot;name&quot;:&quot;Einbauk\\u00fcche&quot;,&quot;link&quot;:&quot;https:\\\/\\\/novagestioinmobiliaria.com\\\/de\\\/eigenschaften\\\/einbaukueche\\\/&quot;,&quot;slug&quot;:&quot;einbaukueche&quot;},{&quot;name&quot;:&quot;Gemeinschaftspool&quot;,&quot;link&quot;:&quot;https:\\\/\\\/novagestioinmobiliaria.com\\\/de\\\/eigenschaften\\\/gemeinschaftspool\\\/&quot;,&quot;slug&quot;:&quot;gemeinschaftspool&quot;},{&quot;name&quot;:&quot;Klimaanlage&quot;,&quot;link&quot;:&quot;https:\\\/\\\/novagestioinmobiliaria.com\\\/de\\\/eigenschaften\\\/klimaanlage\\\/&quot;,&quot;slug&quot;:&quot;klimaanlage&quot;},{&quot;name&quot;:&quot;M\\u00f6bliert&quot;,&quot;link&quot;:&quot;https:\\\/\\\/novagestioinmobiliaria.com\\\/de\\\/eigenschaften\\\/moebliert\\\/&quot;,&quot;slug&quot;:&quot;moebliert&quot;},{&quot;name&quot;:&quot;Ruhige Lage&quot;,&quot;link&quot;:&quot;https:\\\/\\\/novagestioinmobiliaria.com\\\/de\\\/eigenschaften\\\/ruhige-lage\\\/&quot;,&quot;slug&quot;:&quot;ruhige-lage&quot;},{&quot;name&quot;:&quot;Strand in der N\\u00e4he&quot;,&quot;link&quot;:&quot;https:\\\/\\\/novagestioinmobiliaria.com\\\/de\\\/eigenschaften\\\/strand-in-der-nahe-de\\\/&quot;,&quot;slug&quot;:&quot;strand-in-der-nahe-de&quot;},{&quot;name&quot;:&quot;Terrasse&quot;,&quot;link&quot;:&quot;https:\\\/\\\/novagestioinmobiliaria.com\\\/de\\\/eigenschaften\\\/terrasse\\\/&quot;,&quot;slug&quot;:&quot;terrasse&quot;}],&quot;card&quot;:false,&quot;show&quot;:true,&quot;display_after&quot;:&quot;&quot;,&quot;new_box&quot;:true}],&quot;views&quot;:17,&quot;days_ago&quot;:&quot;1\\u00a0Monat.&quot;,&quot;image_id&quot;:89217,&quot;image_url&quot;:&quot;https:\\\/\\\/novagestioinmobiliaria.com\\\/wp-content\\\/uploads\\\/2026\\\/03\\\/Adosado-en-venta-en-Cala-Romantica-ref-1881-12-1.jpg&quot;,&quot;tags&quot;:[{&quot;name&quot;:&quot;Caracter\\u00edsticas&quot;,&quot;elements&quot;:[{&quot;name&quot;:&quot;2 Doppelzimmer&quot;,&quot;link&quot;:&quot;https:\\\/\\\/novagestioinmobiliaria.com\\\/de\\\/eigenschaften\\\/2-doppelzimmer\\\/&quot;},{&quot;name&quot;:&quot;Auto-Stellplatz&quot;,&quot;link&quot;:&quot;https:\\\/\\\/novagestioinmobiliaria.com\\\/de\\\/eigenschaften\\\/auto-stellplatz\\\/&quot;},{&quot;name&quot;:&quot;Duplex&quot;,&quot;link&quot;:&quot;https:\\\/\\\/novagestioinmobiliaria.com\\\/de\\\/eigenschaften\\\/duplex-de\\\/&quot;},{&quot;name&quot;:&quot;Einbauk\\u00fcche&quot;,&quot;link&quot;:&quot;https:\\\/\\\/novagestioinmobiliaria.com\\\/de\\\/eigenschaften\\\/einbaukueche\\\/&quot;},{&quot;name&quot;:&quot;Gemeinschaftspool&quot;,&quot;link&quot;:&quot;https:\\\/\\\/novagestioinmobiliaria.com\\\/de\\\/eigenschaften\\\/gemeinschaftspool\\\/&quot;},{&quot;name&quot;:&quot;Klimaanlage&quot;,&quot;link&quot;:&quot;https:\\\/\\\/novagestioinmobiliaria.com\\\/de\\\/eigenschaften\\\/klimaanlage\\\/&quot;},{&quot;name&quot;:&quot;M\\u00f6bliert&quot;,&quot;link&quot;:&quot;https:\\\/\\\/novagestioinmobiliaria.com\\\/de\\\/eigenschaften\\\/moebliert\\\/&quot;},{&quot;name&quot;:&quot;Ruhige Lage&quot;,&quot;link&quot;:&quot;https:\\\/\\\/novagestioinmobiliaria.com\\\/de\\\/eigenschaften\\\/ruhige-lage\\\/&quot;},{&quot;name&quot;:&quot;Strand in der N\\u00e4he&quot;,&quot;link&quot;:&quot;https:\\\/\\\/novagestioinmobiliaria.com\\\/de\\\/eigenschaften\\\/strand-in-der-nahe-de\\\/&quot;},{&quot;name&quot;:&quot;Terrasse&quot;,&quot;link&quot;:&quot;https:\\\/\\\/novagestioinmobiliaria.com\\\/de\\\/eigenschaften\\\/terrasse\\\/&quot;}],&quot;has_archive&quot;:true}],&quot;status&quot;:&quot;publish&quot;,&quot;plans&quot;:[],&quot;video_plan&quot;:{&quot;src&quot;:&quot;&quot;,&quot;video&quot;:&quot;&quot;},&quot;virtual_tour&quot;:null,&quot;state&quot;:&quot;&quot;,&quot;labels&quot;:[],&quot;image&quot;:&quot;https:\\\/\\\/novagestioinmobiliaria.com\\\/wp-content\\\/uploads\\\/2026\\\/03\\\/Adosado-en-venta-en-Cala-Romantica-ref-1881-12-1-400x250.jpg&quot;,&quot;image_srcset&quot;:&quot;https:\\\/\\\/novagestioinmobiliaria.com\\\/wp-content\\\/uploads\\\/2026\\\/03\\\/Adosado-en-venta-en-Cala-Romantica-ref-1881-12-1-200x125.jpg 200w, https:\\\/\\\/novagestioinmobiliaria.com\\\/wp-content\\\/uploads\\\/2026\\\/03\\\/Adosado-en-venta-en-Cala-Romantica-ref-1881-12-1-800x500.jpg 800w, https:\\\/\\\/novagestioinmobiliaria.com\\\/wp-content\\\/uploads\\\/2026\\\/03\\\/Adosado-en-venta-en-Cala-Romantica-ref-1881-12-1-600x375.jpg 600w, https:\\\/\\\/novagestioinmobiliaria.com\\\/wp-content\\\/uploads\\\/2026\\\/03\\\/Adosado-en-venta-en-Cala-Romantica-ref-1881-12-1-400x250.jpg 400w&quot;}'>\r\n\t\t\t\t\t\t\t\t\t\t\t\t\t<\/compare-button>\r\n\t\t\t\t\t\t\t\t\t\t\t\t<\/div>\r\n\t\t\t\t\t\t\t\t\t\t\t\t<div class=\"mh-estate-vertical__buttons__single\">\r\n\t\t\t\t\t\t\t\t\t\t\t\t\t<a href=\"https:\/\/novagestioinmobiliaria.com\/de\/propiedades-properties-immobilien\/schoenes-reihenhaus-zum-verkauf-in-cala-romantica-ad1881cr-vde\/\"\r\n\t\t\t\t\t\t\t\t\t\t\t\t\t   title=\"Sch\u00f6nes Reihenhaus zum Verkauf in Cala Rom\u00e1ntica : : AD1881CR-VDE\"\r\n\t\t\t\t\t\t\t\t\t\t\t\t\t   class=\"mdl-button mdl-js-button mdl-button--raised mdl-js-ripple-effect mdl-button--primary-ghost\">\r\n\t\t\t\t\t\t\t\t\t\t\t\t\t\tDetails\t\t\t\t\t\t\t\t\t\t\t\t\t\t<span class=\"mdl-button__icon-right\"><i class=\"fa fa-angle-right\"><\/i><\/span>\r\n\t\t\t\t\t\t\t\t\t\t\t\t\t<\/a>\r\n\t\t\t\t\t\t\t\t\t\t\t\t<\/div>\r\n\t\t\t\t\t\t\t\t\t\t\t<\/div>\r\n\t\t\t\t\t\t\t\t\t\t<\/div>\r\n\t\t\t\t\t\t\t\t\t<\/div>\r\n\t\t\t\t\t\t\t\t<\/div>\r\n\t\t\t\t\t\t\t<\/div>\r\n\t\t\t\t\t\t<\/article>\r\n\t\t\t\t\t<\/div>\r\n\t\t\t\t\r\n\t\t\t\t\t<div class=\"item\">\r\n\t\t\t\t\t\t<article class=\"mh-estate-vertical   mh-attribute-property-type__wohnungen-apartments mh-attribute-offer-type__zu-vermieten mh-attribute-city__manacor-de mh-attribute-features__3-schlafzimmer mh-attribute-features__balkon mh-attribute-features__einbaukueche mh-attribute-features__heizung mh-attribute-features__klimaanlage mh-attribute-features__moebliert mh-attribute-features__schulnah mh-attribute-features__terrasse mh-attribute-features__wascherei mh-attribute-features__zentrale-lage\">\r\n\t\t\t\t\t\t\t<a href=\"https:\/\/novagestioinmobiliaria.com\/de\/propiedades-properties-immobilien\/luxuswohnung-in-manacor-zu-vermieten-pi1737ma-ade\/\"\r\n\t\t\t\t\t\t\t   title=\"Luxuswohnung in Manacor zu vermieten : : PI1737MA-ADE\"\r\n\t\t\t\t\t\t\t   class=\"mh-thumbnail\">\r\n                        <span class=\"mh-thumbnail__inner\">\r\n                                    <img\r\n                    data-srcset=\"https:\/\/novagestioinmobiliaria.com\/wp-content\/uploads\/2026\/03\/Piso-alquiler-lujo-Manacor-ref-1737-3-200x125.jpg 200w, https:\/\/novagestioinmobiliaria.com\/wp-content\/uploads\/2026\/03\/Piso-alquiler-lujo-Manacor-ref-1737-3-1200x750.jpg 1200w, https:\/\/novagestioinmobiliaria.com\/wp-content\/uploads\/2026\/03\/Piso-alquiler-lujo-Manacor-ref-1737-3-800x500.jpg 800w, https:\/\/novagestioinmobiliaria.com\/wp-content\/uploads\/2026\/03\/Piso-alquiler-lujo-Manacor-ref-1737-3-600x375.jpg 600w, https:\/\/novagestioinmobiliaria.com\/wp-content\/uploads\/2026\/03\/Piso-alquiler-lujo-Manacor-ref-1737-3-400x250.jpg 400w\"\r\n                    class=\"lazyload \" alt=\"Luxuswohnung in Manacor zu vermieten : : PI1737MA-ADE\"\r\n                    data-sizes=\"auto\"\r\n            >\r\n\t\t\t                        <\/span>\r\n\r\n\t\t\t\t\t\t\t\t\t\t\t\t\t\t\t\t\t<div class=\"mh-caption\">\r\n\t\t\t\t\t\t\t\t\t\t<div class=\"mh-caption__inner\">\r\n\t\t\t\t\t\t\t\t\t\t\tZu vermieten\t\t\t\t\t\t\t\t\t\t<\/div>\r\n\t\t\t\t\t\t\t\t\t<\/div>\r\n\t\t\t\t\t\t\t\t\t\r\n\t\t\t\t\t\t\t\t<div class=\"mh-estate-vertical__text\">\r\n\t\t\t\t\t\t\t\t\t<div class=\"mh-estate-vertical__text__inner\">\r\n\t\t\t\t\t\t\t\t\t\tEine luxuri\u00f6se 280 m2 Wohnung mit einer ger\u00e4umigen 75 m2 Terrasse steht in Manacor zur Vermietung. Renoviert im Jahr 2020...\t\t\t\t\t\t\t\t\t<\/div>\r\n\t\t\t\t\t\t\t\t<\/div>\r\n\t\t\t\t\t\t\t<\/a>\r\n\r\n\t\t\t\t\t\t\t<div class=\"mh-estate-vertical__content\">\r\n\t\t\t\t\t\t\t\t<h3 class=\"mh-estate-vertical__heading\">\r\n\t\t\t\t\t\t\t\t\t<a href=\"https:\/\/novagestioinmobiliaria.com\/de\/propiedades-properties-immobilien\/luxuswohnung-in-manacor-zu-vermieten-pi1737ma-ade\/\"\r\n\t\t\t\t\t\t\t\t\t   title=\"Luxuswohnung in Manacor zu vermieten : : PI1737MA-ADE\">\r\n\t\t\t\t\t\t\t\t\t\tLuxuswohnung in Manacor zu vermieten : : PI1737MA-ADE\t\t\t\t\t\t\t\t\t<\/a>\r\n\t\t\t\t\t\t\t\t<\/h3>\r\n\t\t\t\t\t\t\t\t<address class=\"mh-estate-vertical__subheading\">\r\n\t\t\t\t\t\t\t\t\tM\t\t\t\t\t\t\t\t<\/address>\r\n\t\t\t\t\t\t\t\t<div class=\"mh-estate-vertical__primary\">\r\n\t\t\t\t\t\t\t\t\t2.500 \u20ac\t\t\t\t\t\t\t\t<\/div>\r\n\r\n\t\t\t\t\t\t\t\t<div>\r\n\t\t\t\t\t\t\t\t\t<div class=\"mh-estate__list\">\r\n\t\t\t\t\t\t\t\t\t\t\r\n\t\t\t\t\t\t\t\t\t\t\t<span class=\"mh-estate-vertical__more-info mh-estate_attribute-offer-type\">\r\n                                        <strong>Tipo operaci\u00f3n:<\/strong>\r\n\t\t\t\t\t\t\t\t\t\t\t\t\t\t\t\t\t\t\t\t\t\t\t\t\t\tZu vermieten\t\t\t\t\t\t\t\t\t\t\t\t\t\t                                    <\/span>\r\n\r\n\t\t\t\t\t\t\t\t\t\t\r\n\t\t\t\t\t\t\t\t\t\t\t<span class=\"mh-estate-vertical__more-info mh-estate_attribute-bedrooms\">\r\n                                        <strong>Habitaciones:<\/strong>\r\n\t\t\t\t\t\t\t\t\t\t\t\t3                                    <\/span>\r\n\r\n\t\t\t\t\t\t\t\t\t\t\r\n\t\t\t\t\t\t\t\t\t\t\t<span class=\"mh-estate-vertical__more-info mh-estate_attribute-property-size\">\r\n                                        <strong>M2:<\/strong>\r\n\t\t\t\t\t\t\t\t\t\t\t\t280 m\u00b2                                    <\/span>\r\n\r\n\t\t\t\t\t\t\t\t\t\t\t\t\t\t\t\t\t\t\t<\/div>\r\n\t\t\t\t\t\t\t\t<\/div>\r\n\r\n\t\t\t\t\t\t\t\t<div class=\"mh-estate-vertical__bottom\">\r\n\t\t\t\t\t\t\t\t\t<div class=\"mh-estate-vertical__bottom__inner\">\r\n\t\t\t\t\t\t\t\t\t\t<div class=\"mh-estate-vertical__date\">\r\n\t\t\t\t\t\t\t\t\t\t\t1\u00a0Monat.\t\t\t\t\t\t\t\t\t\t<\/div>\r\n\t\t\t\t\t\t\t\t\t\t<div class=\"mh-estate-vertical__buttons-wrapper\">\r\n\t\t\t\t\t\t\t\t\t\t\t<div class=\"mh-estate-vertical__buttons\">\r\n\t\t\t\t\t\t\t\t\t\t\t\t<div class=\"mh-estate-vertical__buttons__single\">\r\n\t\t\t\t\t\t\t\t\t\t\t\t\t<compare-button class=\"myhome-compare\"\r\n\t\t\t\t\t\t\t\t\t\t\t\t\t\t\t\t\t:translations='{&quot;added&quot;:&quot;Zus\\u00e4tzlich&quot;,&quot;compare&quot;:&quot;Vergleichen&quot;}'\r\n\t\t\t\t\t\t\t\t\t\t\t\t\t\t\t\t\t:estate='{&quot;short_excerpt_limit&quot;:125,&quot;long_excerpt_limit&quot;:160,&quot;id&quot;:88575,&quot;agent_id&quot;:&quot;26&quot;,&quot;title&quot;:&quot;Luxuswohnung in Manacor zu vermieten : : PI1737MA-ADE&quot;,&quot;content&quot;:&quot;Eine luxuri\\u00f6se 280 m2 Wohnung mit einer ger\\u00e4umigen 75 m2 Terrasse steht in Manacor zur Vermietung. Renoviert im Jahr 2020 mit Heizk\\u00f6rpern (Stadtgas) und Klimaanlage. Die Wohnung belegt das gesamte erste Stockwerk und besteht aus 3 Doppelzimmern, 2 Badezimmern, einem ger\\u00e4umigen und hellen m\\u00f6blierten Wohnzimmer, einer K\\u00fcche-Esszimmer mit Zugang zur Terrasse. Die K\\u00fcche ist offen und durch eine sch\\u00f6ne Insel vom Esszimmer getrennt, komplett ausgestattet mit hochwertigen Ger\\u00e4ten, ausgestattetem Hauswirtschaftsraum mit Waschmaschine und Trockner. Es gibt eine Garage f\\u00fcr 1 oder 2 Autos (25m2).\\r\\nMIETBEDINGUNGEN:\\r\\n- Nachweis einer Besch\\u00e4ftigung mit Betriebszugeh\\u00f6rigkeit oder nachgewiesenem Einkommen erforderlich.\\r\\n- Strom-, Wasser- und M\\u00fcllkosten sind separat.\\r\\n- 2 Monatsmieten als Kaution.\\r\\n- Keine Haustiere erlaubt.\\r\\n- Weitere Kosten bitte erfragen.\\r\\n\\r\\nNova Gesti\\u00f3, Immobilienagentur in Manacor&quot;,&quot;excerpt&quot;:&quot;Eine luxuri\\u00f6se 280 m2 Wohnung mit einer ger\\u00e4umigen 75 m2 Terrasse steht in Manacor zur Vermietung. Renoviert im Jahr 2020 mit Heizk\\u00f6rpern (Stadtgas) und Klimaanlage. Die Wohnung belegt das gesamte erste Stockwerk und besteht aus 3 Doppelzimmern, 2 Badezimmern, einem ger\\u00e4umigen und hellen m\\u00f6blierten Wohnzimmer, einer K\\u00fcche-Esszimmer mit Zugang zur Terrasse. Die K\\u00fcche ist offen [\\u2026]&quot;,&quot;short_excerpt&quot;:&quot;Eine luxuri\\u00f6se 280 m2 Wohnung mit einer ger\\u00e4umigen 75 m2 Terrasse steht in Manacor zur Vermietung. Renoviert im Jahr 2020 ...&quot;,&quot;long_excerpt&quot;:&quot;Eine luxuri\\u00f6se 280 m2 Wohnung mit einer ger\\u00e4umigen 75 m2 Terrasse steht in Manacor zur Vermietung. Renoviert im Jahr 2020 mit Heizk\\u00f6rpern (Stadtgas) und Klim...&quot;,&quot;link&quot;:&quot;https:\\\/\\\/novagestioinmobiliaria.com\\\/de\\\/propiedades-properties-immobilien\\\/luxuswohnung-in-manacor-zu-vermieten-pi1737ma-ade\\\/&quot;,&quot;offer_type&quot;:&quot;Zu vermieten&quot;,&quot;price&quot;:&quot;2.500 \\u20ac&quot;,&quot;location&quot;:&quot;M&quot;,&quot;is_featured&quot;:true,&quot;gallery&quot;:[{&quot;id&quot;:88543,&quot;url&quot;:&quot;https:\\\/\\\/novagestioinmobiliaria.com\\\/wp-content\\\/uploads\\\/2026\\\/03\\\/Piso-alquiler-lujo-Manacor-ref-1737-3.jpg&quot;,&quot;alt&quot;:&quot;&quot;},{&quot;id&quot;:88561,&quot;url&quot;:&quot;https:\\\/\\\/novagestioinmobiliaria.com\\\/wp-content\\\/uploads\\\/2026\\\/03\\\/Piso-alquiler-lujo-Manacor-ref-17375.jpg&quot;,&quot;alt&quot;:&quot;&quot;},{&quot;id&quot;:88564,&quot;url&quot;:&quot;https:\\\/\\\/novagestioinmobiliaria.com\\\/wp-content\\\/uploads\\\/2026\\\/03\\\/Piso-alquiler-lujo-Manacor-ref-17376.jpg&quot;,&quot;alt&quot;:&quot;&quot;},{&quot;id&quot;:88537,&quot;url&quot;:&quot;https:\\\/\\\/novagestioinmobiliaria.com\\\/wp-content\\\/uploads\\\/2026\\\/03\\\/Piso-alquiler-lujo-Manacor-ref-1737-1.jpg&quot;,&quot;alt&quot;:&quot;&quot;},{&quot;id&quot;:88567,&quot;url&quot;:&quot;https:\\\/\\\/novagestioinmobiliaria.com\\\/wp-content\\\/uploads\\\/2026\\\/03\\\/Piso-alquiler-lujo-Manacor-ref-17377.jpg&quot;,&quot;alt&quot;:&quot;&quot;},{&quot;id&quot;:88570,&quot;url&quot;:&quot;https:\\\/\\\/novagestioinmobiliaria.com\\\/wp-content\\\/uploads\\\/2026\\\/03\\\/Piso-alquiler-lujo-Manacor-ref-17378.jpg&quot;,&quot;alt&quot;:&quot;&quot;},{&quot;id&quot;:88555,&quot;url&quot;:&quot;https:\\\/\\\/novagestioinmobiliaria.com\\\/wp-content\\\/uploads\\\/2026\\\/03\\\/Piso-alquiler-lujo-Manacor-ref-1737-12.jpeg&quot;,&quot;alt&quot;:&quot;&quot;},{&quot;id&quot;:88558,&quot;url&quot;:&quot;https:\\\/\\\/novagestioinmobiliaria.com\\\/wp-content\\\/uploads\\\/2026\\\/03\\\/Piso-alquiler-lujo-Manacor-ref-17374.jpg&quot;,&quot;alt&quot;:&quot;&quot;},{&quot;id&quot;:88552,&quot;url&quot;:&quot;https:\\\/\\\/novagestioinmobiliaria.com\\\/wp-content\\\/uploads\\\/2026\\\/03\\\/Piso-alquiler-lujo-Manacor-ref-1737-11.jpeg&quot;,&quot;alt&quot;:&quot;&quot;},{&quot;id&quot;:88549,&quot;url&quot;:&quot;https:\\\/\\\/novagestioinmobiliaria.com\\\/wp-content\\\/uploads\\\/2026\\\/03\\\/Piso-alquiler-lujo-Manacor-ref-1737-10.jpeg&quot;,&quot;alt&quot;:&quot;&quot;},{&quot;id&quot;:88546,&quot;url&quot;:&quot;https:\\\/\\\/novagestioinmobiliaria.com\\\/wp-content\\\/uploads\\\/2026\\\/03\\\/Piso-alquiler-lujo-Manacor-ref-1737-9.jpeg&quot;,&quot;alt&quot;:&quot;&quot;}],&quot;attributes&quot;:[{&quot;slug&quot;:&quot;property-type&quot;,&quot;name&quot;:&quot;Tipo propiedad&quot;,&quot;has_archive&quot;:true,&quot;elements&quot;:[{&quot;name&quot;:&quot;Wohnungen \\\/ Apartments&quot;,&quot;link&quot;:&quot;https:\\\/\\\/novagestioinmobiliaria.com\\\/de\\\/immobilientyp\\\/wohnungen-apartments\\\/&quot;,&quot;slug&quot;:&quot;wohnungen-apartments&quot;}],&quot;card&quot;:false,&quot;show&quot;:true,&quot;display_after&quot;:&quot;&quot;,&quot;new_box&quot;:false},{&quot;slug&quot;:&quot;offer-type&quot;,&quot;name&quot;:&quot;Tipo operaci\\u00f3n&quot;,&quot;has_archive&quot;:true,&quot;elements&quot;:[{&quot;name&quot;:&quot;Zu vermieten&quot;,&quot;link&quot;:&quot;https:\\\/\\\/novagestioinmobiliaria.com\\\/de\\\/offer-type\\\/zu-vermieten\\\/&quot;,&quot;slug&quot;:&quot;zu-vermieten&quot;}],&quot;card&quot;:true,&quot;show&quot;:true,&quot;display_after&quot;:&quot;&quot;,&quot;new_box&quot;:false},{&quot;slug&quot;:&quot;city&quot;,&quot;name&quot;:&quot;Zona&quot;,&quot;has_archive&quot;:true,&quot;elements&quot;:[{&quot;name&quot;:&quot;Manacor&quot;,&quot;link&quot;:&quot;https:\\\/\\\/novagestioinmobiliaria.com\\\/de\\\/city\\\/manacor-de\\\/&quot;,&quot;slug&quot;:&quot;manacor-de&quot;}],&quot;card&quot;:false,&quot;show&quot;:true,&quot;display_after&quot;:&quot;&quot;,&quot;new_box&quot;:false},{&quot;slug&quot;:&quot;price&quot;,&quot;name&quot;:&quot;Precio&quot;,&quot;has_archive&quot;:false,&quot;elements&quot;:[{&quot;name&quot;:&quot;2500&quot;,&quot;link&quot;:&quot;&quot;,&quot;slug&quot;:&quot;&quot;}],&quot;show&quot;:false,&quot;card&quot;:false,&quot;display_after&quot;:&quot;\\u20ac&quot;,&quot;new_box&quot;:false},{&quot;slug&quot;:&quot;bedrooms&quot;,&quot;name&quot;:&quot;Habitaciones&quot;,&quot;has_archive&quot;:false,&quot;elements&quot;:[{&quot;name&quot;:&quot;3&quot;,&quot;link&quot;:&quot;&quot;,&quot;slug&quot;:&quot;&quot;}],&quot;show&quot;:true,&quot;card&quot;:true,&quot;display_after&quot;:&quot;&quot;,&quot;new_box&quot;:false},{&quot;slug&quot;:&quot;property-size&quot;,&quot;name&quot;:&quot;M2&quot;,&quot;has_archive&quot;:false,&quot;elements&quot;:[{&quot;name&quot;:&quot;280&quot;,&quot;link&quot;:&quot;&quot;,&quot;slug&quot;:&quot;&quot;}],&quot;show&quot;:true,&quot;card&quot;:true,&quot;display_after&quot;:&quot;m\\u00b2&quot;,&quot;new_box&quot;:false},{&quot;slug&quot;:&quot;features&quot;,&quot;name&quot;:&quot;Caracter\\u00edsticas&quot;,&quot;has_archive&quot;:true,&quot;elements&quot;:[{&quot;name&quot;:&quot;3 Schlafzimmer&quot;,&quot;link&quot;:&quot;https:\\\/\\\/novagestioinmobiliaria.com\\\/de\\\/eigenschaften\\\/3-schlafzimmer\\\/&quot;,&quot;slug&quot;:&quot;3-schlafzimmer&quot;},{&quot;name&quot;:&quot;Balkon&quot;,&quot;link&quot;:&quot;https:\\\/\\\/novagestioinmobiliaria.com\\\/de\\\/eigenschaften\\\/balkon\\\/&quot;,&quot;slug&quot;:&quot;balkon&quot;},{&quot;name&quot;:&quot;Einbauk\\u00fcche&quot;,&quot;link&quot;:&quot;https:\\\/\\\/novagestioinmobiliaria.com\\\/de\\\/eigenschaften\\\/einbaukueche\\\/&quot;,&quot;slug&quot;:&quot;einbaukueche&quot;},{&quot;name&quot;:&quot;Heizung&quot;,&quot;link&quot;:&quot;https:\\\/\\\/novagestioinmobiliaria.com\\\/de\\\/eigenschaften\\\/heizung\\\/&quot;,&quot;slug&quot;:&quot;heizung&quot;},{&quot;name&quot;:&quot;Klimaanlage&quot;,&quot;link&quot;:&quot;https:\\\/\\\/novagestioinmobiliaria.com\\\/de\\\/eigenschaften\\\/klimaanlage\\\/&quot;,&quot;slug&quot;:&quot;klimaanlage&quot;},{&quot;name&quot;:&quot;M\\u00f6bliert&quot;,&quot;link&quot;:&quot;https:\\\/\\\/novagestioinmobiliaria.com\\\/de\\\/eigenschaften\\\/moebliert\\\/&quot;,&quot;slug&quot;:&quot;moebliert&quot;},{&quot;name&quot;:&quot;Schulnah&quot;,&quot;link&quot;:&quot;https:\\\/\\\/novagestioinmobiliaria.com\\\/de\\\/eigenschaften\\\/schulnah\\\/&quot;,&quot;slug&quot;:&quot;schulnah&quot;},{&quot;name&quot;:&quot;Terrasse&quot;,&quot;link&quot;:&quot;https:\\\/\\\/novagestioinmobiliaria.com\\\/de\\\/eigenschaften\\\/terrasse\\\/&quot;,&quot;slug&quot;:&quot;terrasse&quot;},{&quot;name&quot;:&quot;W\\u00e4scherei&quot;,&quot;link&quot;:&quot;https:\\\/\\\/novagestioinmobiliaria.com\\\/de\\\/eigenschaften\\\/wascherei\\\/&quot;,&quot;slug&quot;:&quot;wascherei&quot;},{&quot;name&quot;:&quot;Zentrale Lage&quot;,&quot;link&quot;:&quot;https:\\\/\\\/novagestioinmobiliaria.com\\\/de\\\/eigenschaften\\\/zentrale-lage\\\/&quot;,&quot;slug&quot;:&quot;zentrale-lage&quot;}],&quot;card&quot;:false,&quot;show&quot;:true,&quot;display_after&quot;:&quot;&quot;,&quot;new_box&quot;:true}],&quot;views&quot;:11,&quot;days_ago&quot;:&quot;1\\u00a0Monat.&quot;,&quot;image_id&quot;:88543,&quot;image_url&quot;:&quot;https:\\\/\\\/novagestioinmobiliaria.com\\\/wp-content\\\/uploads\\\/2026\\\/03\\\/Piso-alquiler-lujo-Manacor-ref-1737-3.jpg&quot;,&quot;tags&quot;:[{&quot;name&quot;:&quot;Caracter\\u00edsticas&quot;,&quot;elements&quot;:[{&quot;name&quot;:&quot;3 Schlafzimmer&quot;,&quot;link&quot;:&quot;https:\\\/\\\/novagestioinmobiliaria.com\\\/de\\\/eigenschaften\\\/3-schlafzimmer\\\/&quot;},{&quot;name&quot;:&quot;Balkon&quot;,&quot;link&quot;:&quot;https:\\\/\\\/novagestioinmobiliaria.com\\\/de\\\/eigenschaften\\\/balkon\\\/&quot;},{&quot;name&quot;:&quot;Einbauk\\u00fcche&quot;,&quot;link&quot;:&quot;https:\\\/\\\/novagestioinmobiliaria.com\\\/de\\\/eigenschaften\\\/einbaukueche\\\/&quot;},{&quot;name&quot;:&quot;Heizung&quot;,&quot;link&quot;:&quot;https:\\\/\\\/novagestioinmobiliaria.com\\\/de\\\/eigenschaften\\\/heizung\\\/&quot;},{&quot;name&quot;:&quot;Klimaanlage&quot;,&quot;link&quot;:&quot;https:\\\/\\\/novagestioinmobiliaria.com\\\/de\\\/eigenschaften\\\/klimaanlage\\\/&quot;},{&quot;name&quot;:&quot;M\\u00f6bliert&quot;,&quot;link&quot;:&quot;https:\\\/\\\/novagestioinmobiliaria.com\\\/de\\\/eigenschaften\\\/moebliert\\\/&quot;},{&quot;name&quot;:&quot;Schulnah&quot;,&quot;link&quot;:&quot;https:\\\/\\\/novagestioinmobiliaria.com\\\/de\\\/eigenschaften\\\/schulnah\\\/&quot;},{&quot;name&quot;:&quot;Terrasse&quot;,&quot;link&quot;:&quot;https:\\\/\\\/novagestioinmobiliaria.com\\\/de\\\/eigenschaften\\\/terrasse\\\/&quot;},{&quot;name&quot;:&quot;W\\u00e4scherei&quot;,&quot;link&quot;:&quot;https:\\\/\\\/novagestioinmobiliaria.com\\\/de\\\/eigenschaften\\\/wascherei\\\/&quot;},{&quot;name&quot;:&quot;Zentrale Lage&quot;,&quot;link&quot;:&quot;https:\\\/\\\/novagestioinmobiliaria.com\\\/de\\\/eigenschaften\\\/zentrale-lage\\\/&quot;}],&quot;has_archive&quot;:true}],&quot;status&quot;:&quot;publish&quot;,&quot;plans&quot;:[],&quot;video_plan&quot;:{&quot;src&quot;:&quot;&quot;,&quot;video&quot;:&quot;&quot;},&quot;virtual_tour&quot;:null,&quot;state&quot;:&quot;&quot;,&quot;labels&quot;:[],&quot;image&quot;:&quot;https:\\\/\\\/novagestioinmobiliaria.com\\\/wp-content\\\/uploads\\\/2026\\\/03\\\/Piso-alquiler-lujo-Manacor-ref-1737-3-400x250.jpg&quot;,&quot;image_srcset&quot;:&quot;https:\\\/\\\/novagestioinmobiliaria.com\\\/wp-content\\\/uploads\\\/2026\\\/03\\\/Piso-alquiler-lujo-Manacor-ref-1737-3-200x125.jpg 200w, https:\\\/\\\/novagestioinmobiliaria.com\\\/wp-content\\\/uploads\\\/2026\\\/03\\\/Piso-alquiler-lujo-Manacor-ref-1737-3-1200x750.jpg 1200w, https:\\\/\\\/novagestioinmobiliaria.com\\\/wp-content\\\/uploads\\\/2026\\\/03\\\/Piso-alquiler-lujo-Manacor-ref-1737-3-800x500.jpg 800w, https:\\\/\\\/novagestioinmobiliaria.com\\\/wp-content\\\/uploads\\\/2026\\\/03\\\/Piso-alquiler-lujo-Manacor-ref-1737-3-600x375.jpg 600w, https:\\\/\\\/novagestioinmobiliaria.com\\\/wp-content\\\/uploads\\\/2026\\\/03\\\/Piso-alquiler-lujo-Manacor-ref-1737-3-400x250.jpg 400w&quot;}'>\r\n\t\t\t\t\t\t\t\t\t\t\t\t\t<\/compare-button>\r\n\t\t\t\t\t\t\t\t\t\t\t\t<\/div>\r\n\t\t\t\t\t\t\t\t\t\t\t\t<div class=\"mh-estate-vertical__buttons__single\">\r\n\t\t\t\t\t\t\t\t\t\t\t\t\t<a href=\"https:\/\/novagestioinmobiliaria.com\/de\/propiedades-properties-immobilien\/luxuswohnung-in-manacor-zu-vermieten-pi1737ma-ade\/\"\r\n\t\t\t\t\t\t\t\t\t\t\t\t\t   title=\"Luxuswohnung in Manacor zu vermieten : : PI1737MA-ADE\"\r\n\t\t\t\t\t\t\t\t\t\t\t\t\t   class=\"mdl-button mdl-js-button mdl-button--raised mdl-js-ripple-effect mdl-button--primary-ghost\">\r\n\t\t\t\t\t\t\t\t\t\t\t\t\t\tDetails\t\t\t\t\t\t\t\t\t\t\t\t\t\t<span class=\"mdl-button__icon-right\"><i class=\"fa fa-angle-right\"><\/i><\/span>\r\n\t\t\t\t\t\t\t\t\t\t\t\t\t<\/a>\r\n\t\t\t\t\t\t\t\t\t\t\t\t<\/div>\r\n\t\t\t\t\t\t\t\t\t\t\t<\/div>\r\n\t\t\t\t\t\t\t\t\t\t<\/div>\r\n\t\t\t\t\t\t\t\t\t<\/div>\r\n\t\t\t\t\t\t\t\t<\/div>\r\n\t\t\t\t\t\t\t<\/div>\r\n\t\t\t\t\t\t<\/article>\r\n\t\t\t\t\t<\/div>\r\n\t\t\t\t\r\n\t\t\t\t\t<div class=\"item\">\r\n\t\t\t\t\t\t<article class=\"mh-estate-vertical   mh-attribute-property-type__wohnungen-apartments mh-attribute-offer-type__zu-verkaufen mh-attribute-city__capdepera-de mh-attribute-features__3-schlafzimmer mh-attribute-features__gemeinschaftspool mh-attribute-features__heizung mh-attribute-features__meerblick mh-attribute-features__panoramablick mh-attribute-features__ruhige-lage mh-attribute-features__terrasse\">\r\n\t\t\t\t\t\t\t<a href=\"https:\/\/novagestioinmobiliaria.com\/de\/propiedades-properties-immobilien\/meerblick-apartment-zu-verkaufen-in-capdepera-pi1879cap-vde\/\"\r\n\t\t\t\t\t\t\t   title=\"Meerblick-Apartment zu verkaufen in Capdepera : : PI1879CAP-VDE\"\r\n\t\t\t\t\t\t\t   class=\"mh-thumbnail\">\r\n                        <span class=\"mh-thumbnail__inner\">\r\n                                    <img\r\n                    data-srcset=\"https:\/\/novagestioinmobiliaria.com\/wp-content\/uploads\/2026\/03\/Piso-en-venta-en-Capdepera-ref-1879-2-200x125.jpg 200w, https:\/\/novagestioinmobiliaria.com\/wp-content\/uploads\/2026\/03\/Piso-en-venta-en-Capdepera-ref-1879-2-800x500.jpg 800w, https:\/\/novagestioinmobiliaria.com\/wp-content\/uploads\/2026\/03\/Piso-en-venta-en-Capdepera-ref-1879-2-600x375.jpg 600w, https:\/\/novagestioinmobiliaria.com\/wp-content\/uploads\/2026\/03\/Piso-en-venta-en-Capdepera-ref-1879-2-400x250.jpg 400w\"\r\n                    class=\"lazyload \" alt=\"Meerblick-Apartment zu verkaufen in Capdepera : : PI1879CAP-VDE\"\r\n                    data-sizes=\"auto\"\r\n            >\r\n\t\t\t                        <\/span>\r\n\r\n\t\t\t\t\t\t\t\t\t\t\t\t\t\t\t\t\t<div class=\"mh-caption\">\r\n\t\t\t\t\t\t\t\t\t\t<div class=\"mh-caption__inner\">\r\n\t\t\t\t\t\t\t\t\t\t\tZu verkaufen\t\t\t\t\t\t\t\t\t\t<\/div>\r\n\t\t\t\t\t\t\t\t\t<\/div>\r\n\t\t\t\t\t\t\t\t\t\r\n\t\t\t\t\t\t\t\t<div class=\"mh-estate-vertical__text\">\r\n\t\t\t\t\t\t\t\t\t<div class=\"mh-estate-vertical__text__inner\">\r\n\t\t\t\t\t\t\t\t\t\tCharmantes Penthouse mit offenem Meerblick zu verkaufen in Capdepera, eine Unterkunft, die Licht, Ger\u00e4umigkeit und eine sorgf\u00e4ltig durchdachte \u00c4sthetik in...\t\t\t\t\t\t\t\t\t<\/div>\r\n\t\t\t\t\t\t\t\t<\/div>\r\n\t\t\t\t\t\t\t<\/a>\r\n\r\n\t\t\t\t\t\t\t<div class=\"mh-estate-vertical__content\">\r\n\t\t\t\t\t\t\t\t<h3 class=\"mh-estate-vertical__heading\">\r\n\t\t\t\t\t\t\t\t\t<a href=\"https:\/\/novagestioinmobiliaria.com\/de\/propiedades-properties-immobilien\/meerblick-apartment-zu-verkaufen-in-capdepera-pi1879cap-vde\/\"\r\n\t\t\t\t\t\t\t\t\t   title=\"Meerblick-Apartment zu verkaufen in Capdepera : : PI1879CAP-VDE\">\r\n\t\t\t\t\t\t\t\t\t\tMeerblick-Apartment zu verkaufen in Capdepera : : PI1879CAP-VDE\t\t\t\t\t\t\t\t\t<\/a>\r\n\t\t\t\t\t\t\t\t<\/h3>\r\n\t\t\t\t\t\t\t\t<address class=\"mh-estate-vertical__subheading\">\r\n\t\t\t\t\t\t\t\t\tC\t\t\t\t\t\t\t\t<\/address>\r\n\t\t\t\t\t\t\t\t<div class=\"mh-estate-vertical__primary\">\r\n\t\t\t\t\t\t\t\t\t425.000 \u20ac\t\t\t\t\t\t\t\t<\/div>\r\n\r\n\t\t\t\t\t\t\t\t<div>\r\n\t\t\t\t\t\t\t\t\t<div class=\"mh-estate__list\">\r\n\t\t\t\t\t\t\t\t\t\t\r\n\t\t\t\t\t\t\t\t\t\t\t<span class=\"mh-estate-vertical__more-info mh-estate_attribute-offer-type\">\r\n                                        <strong>Tipo operaci\u00f3n:<\/strong>\r\n\t\t\t\t\t\t\t\t\t\t\t\t\t\t\t\t\t\t\t\t\t\t\t\t\t\tZu verkaufen\t\t\t\t\t\t\t\t\t\t\t\t\t\t                                    <\/span>\r\n\r\n\t\t\t\t\t\t\t\t\t\t\r\n\t\t\t\t\t\t\t\t\t\t\t<span class=\"mh-estate-vertical__more-info mh-estate_attribute-bedrooms\">\r\n                                        <strong>Habitaciones:<\/strong>\r\n\t\t\t\t\t\t\t\t\t\t\t\t3                                    <\/span>\r\n\r\n\t\t\t\t\t\t\t\t\t\t\r\n\t\t\t\t\t\t\t\t\t\t\t<span class=\"mh-estate-vertical__more-info mh-estate_attribute-bathrooms\">\r\n                                        <strong>Ba\u00f1os:<\/strong>\r\n\t\t\t\t\t\t\t\t\t\t\t\t2                                    <\/span>\r\n\r\n\t\t\t\t\t\t\t\t\t\t\r\n\t\t\t\t\t\t\t\t\t\t\t<span class=\"mh-estate-vertical__more-info mh-estate_attribute-property-size\">\r\n                                        <strong>M2:<\/strong>\r\n\t\t\t\t\t\t\t\t\t\t\t\t120 m\u00b2                                    <\/span>\r\n\r\n\t\t\t\t\t\t\t\t\t\t\t\t\t\t\t\t\t\t\t<\/div>\r\n\t\t\t\t\t\t\t\t<\/div>\r\n\r\n\t\t\t\t\t\t\t\t<div class=\"mh-estate-vertical__bottom\">\r\n\t\t\t\t\t\t\t\t\t<div class=\"mh-estate-vertical__bottom__inner\">\r\n\t\t\t\t\t\t\t\t\t\t<div class=\"mh-estate-vertical__date\">\r\n\t\t\t\t\t\t\t\t\t\t\t1\u00a0Monat.\t\t\t\t\t\t\t\t\t\t<\/div>\r\n\t\t\t\t\t\t\t\t\t\t<div class=\"mh-estate-vertical__buttons-wrapper\">\r\n\t\t\t\t\t\t\t\t\t\t\t<div class=\"mh-estate-vertical__buttons\">\r\n\t\t\t\t\t\t\t\t\t\t\t\t<div class=\"mh-estate-vertical__buttons__single\">\r\n\t\t\t\t\t\t\t\t\t\t\t\t\t<compare-button class=\"myhome-compare\"\r\n\t\t\t\t\t\t\t\t\t\t\t\t\t\t\t\t\t:translations='{&quot;added&quot;:&quot;Zus\\u00e4tzlich&quot;,&quot;compare&quot;:&quot;Vergleichen&quot;}'\r\n\t\t\t\t\t\t\t\t\t\t\t\t\t\t\t\t\t:estate='{&quot;short_excerpt_limit&quot;:125,&quot;long_excerpt_limit&quot;:160,&quot;id&quot;:88573,&quot;agent_id&quot;:&quot;1&quot;,&quot;title&quot;:&quot;Meerblick-Apartment zu verkaufen in Capdepera : : PI1879CAP-VDE&quot;,&quot;content&quot;:&quot;Charmantes Penthouse mit offenem Meerblick zu verkaufen in Capdepera, eine Unterkunft, die Licht, Ger\\u00e4umigkeit und eine sorgf\\u00e4ltig durchdachte \\u00c4sthetik in jedem Detail vereint. Mit einer ungef\\u00e4hren Wohnfl\\u00e4che von 120 m\\u00b2, verteilt es sich auf drei Doppelzimmer mit Einbauschr\\u00e4nken und zwei voll ausgestatteten Badezimmern, eines mit Dusche und das andere mit Badewanne, einschlie\\u00dflich eines en-suite Badezimmers im Hauptschlafzimmer ausgestattet. Der Tagesbereich zeichnet sich durch sein offenes Konzept aus, mit einem ger\\u00e4umigen Wohn-Esszimmer, das mit der K\\u00fcche integriert ist und direktem Zugang zu einer angenehmen Terrasse mit freiem Blick auf das Meer und den Berg bietet. Die K\\u00fcche wird unm\\u00f6bliert pr\\u00e4sentiert und bietet die M\\u00f6glichkeit, sie ganz nach Ihrem Geschmack zu gestalten. Das Wohnzimmer verf\\u00fcgt \\u00fcber einen eleganten Parkettboden, der W\\u00e4rme verleiht, w\\u00e4hrend der Rest der Unterkunft \\u00fcber Fliesenboden verf\\u00fcgt. Die Fenster sind doppelt verglast mit Kipp- und Drehmechanismus, was f\\u00fcr thermischen und akustischen Komfort sorgt. Die Heizung erfolgt mit Propangas. Eines der markantesten Elemente dieser Unterkunft ist die Decke des Wohnzimmers mit freiliegenden Holzbalken, die ihm einen rustikalen und sehr besonderen gem\\u00fctlichen Charakter verleihen. Die Wohnung liegt im zweiten Stock ohne Aufzug, das Geb\\u00e4ude verf\\u00fcgt \\u00fcber Gemeinschaftsbereiche mit Garten und Pool, ideal zum Genie\\u00dfen des mediterranen Klimas. Dar\\u00fcber hinaus umfasst die Unterkunft einen Au\\u00dfenparkplatz. Eine Immobilie mit Pers\\u00f6nlichkeit, perfekt sowohl als Hauptwohnsitz als auch f\\u00fcr l\\u00e4ngere Aufenthalte in einer der ruhigsten und attraktivsten Gegenden im Nordosten von Mallorca.\\r\\nNova Gestio, Ihre Immobilienagentur in Capdepera&quot;,&quot;excerpt&quot;:&quot;Charmantes Penthouse mit offenem Meerblick zu verkaufen in Capdepera, eine Unterkunft, die Licht, Ger\\u00e4umigkeit und eine sorgf\\u00e4ltig durchdachte \\u00c4sthetik in jedem Detail vereint. Mit einer ungef\\u00e4hren Wohnfl\\u00e4che von 120 m\\u00b2, verteilt es sich auf drei Doppelzimmer mit Einbauschr\\u00e4nken und zwei voll ausgestatteten Badezimmern, eines mit Dusche und das andere mit Badewanne, einschlie\\u00dflich eines en-suite Badezimmers [\\u2026]&quot;,&quot;short_excerpt&quot;:&quot;Charmantes Penthouse mit offenem Meerblick zu verkaufen in Capdepera, eine Unterkunft, die Licht, Ger\\u00e4umigkeit und eine so...&quot;,&quot;long_excerpt&quot;:&quot;Charmantes Penthouse mit offenem Meerblick zu verkaufen in Capdepera, eine Unterkunft, die Licht, Ger\\u00e4umigkeit und eine sorgf\\u00e4ltig durchdachte \\u00c4sthetik in je...&quot;,&quot;link&quot;:&quot;https:\\\/\\\/novagestioinmobiliaria.com\\\/de\\\/propiedades-properties-immobilien\\\/meerblick-apartment-zu-verkaufen-in-capdepera-pi1879cap-vde\\\/&quot;,&quot;offer_type&quot;:&quot;Zu verkaufen&quot;,&quot;price&quot;:&quot;425.000 \\u20ac&quot;,&quot;location&quot;:&quot;C&quot;,&quot;is_featured&quot;:true,&quot;gallery&quot;:[{&quot;id&quot;:88518,&quot;url&quot;:&quot;https:\\\/\\\/novagestioinmobiliaria.com\\\/wp-content\\\/uploads\\\/2026\\\/03\\\/Piso-en-venta-en-Capdepera-ref-1879-5.jpg&quot;,&quot;alt&quot;:&quot;&quot;},{&quot;id&quot;:88527,&quot;url&quot;:&quot;https:\\\/\\\/novagestioinmobiliaria.com\\\/wp-content\\\/uploads\\\/2026\\\/03\\\/Piso-en-venta-en-Capdepera-ref-1879-8.jpg&quot;,&quot;alt&quot;:&quot;&quot;},{&quot;id&quot;:88479,&quot;url&quot;:&quot;https:\\\/\\\/novagestioinmobiliaria.com\\\/wp-content\\\/uploads\\\/2026\\\/03\\\/Piso-en-venta-en-Capdepera-ref-1879-11.jpg&quot;,&quot;alt&quot;:&quot;&quot;},{&quot;id&quot;:88506,&quot;url&quot;:&quot;https:\\\/\\\/novagestioinmobiliaria.com\\\/wp-content\\\/uploads\\\/2026\\\/03\\\/Piso-en-venta-en-Capdepera-ref-1879-1.jpg&quot;,&quot;alt&quot;:&quot;&quot;},{&quot;id&quot;:88530,&quot;url&quot;:&quot;https:\\\/\\\/novagestioinmobiliaria.com\\\/wp-content\\\/uploads\\\/2026\\\/03\\\/Piso-en-venta-en-Capdepera-ref-1879-9.jpg&quot;,&quot;alt&quot;:&quot;&quot;},{&quot;id&quot;:88521,&quot;url&quot;:&quot;https:\\\/\\\/novagestioinmobiliaria.com\\\/wp-content\\\/uploads\\\/2026\\\/03\\\/Piso-en-venta-en-Capdepera-ref-1879-6.jpg&quot;,&quot;alt&quot;:&quot;&quot;},{&quot;id&quot;:88515,&quot;url&quot;:&quot;https:\\\/\\\/novagestioinmobiliaria.com\\\/wp-content\\\/uploads\\\/2026\\\/03\\\/Piso-en-venta-en-Capdepera-ref-1879-4.jpg&quot;,&quot;alt&quot;:&quot;&quot;},{&quot;id&quot;:88512,&quot;url&quot;:&quot;https:\\\/\\\/novagestioinmobiliaria.com\\\/wp-content\\\/uploads\\\/2026\\\/03\\\/Piso-en-venta-en-Capdepera-ref-1879-3.jpg&quot;,&quot;alt&quot;:&quot;&quot;},{&quot;id&quot;:88509,&quot;url&quot;:&quot;https:\\\/\\\/novagestioinmobiliaria.com\\\/wp-content\\\/uploads\\\/2026\\\/03\\\/Piso-en-venta-en-Capdepera-ref-1879-2.jpg&quot;,&quot;alt&quot;:&quot;&quot;},{&quot;id&quot;:88533,&quot;url&quot;:&quot;https:\\\/\\\/novagestioinmobiliaria.com\\\/wp-content\\\/uploads\\\/2026\\\/03\\\/Piso-en-venta-en-Capdepera-ref-1879-10.jpg&quot;,&quot;alt&quot;:&quot;&quot;},{&quot;id&quot;:88503,&quot;url&quot;:&quot;https:\\\/\\\/novagestioinmobiliaria.com\\\/wp-content\\\/uploads\\\/2026\\\/03\\\/Piso-en-venta-en-Capdepera-ref-1879-19.jpg&quot;,&quot;alt&quot;:&quot;&quot;},{&quot;id&quot;:88500,&quot;url&quot;:&quot;https:\\\/\\\/novagestioinmobiliaria.com\\\/wp-content\\\/uploads\\\/2026\\\/03\\\/Piso-en-venta-en-Capdepera-ref-1879-18.jpg&quot;,&quot;alt&quot;:&quot;&quot;},{&quot;id&quot;:88497,&quot;url&quot;:&quot;https:\\\/\\\/novagestioinmobiliaria.com\\\/wp-content\\\/uploads\\\/2026\\\/03\\\/Piso-en-venta-en-Capdepera-ref-1879-17.jpg&quot;,&quot;alt&quot;:&quot;&quot;},{&quot;id&quot;:88524,&quot;url&quot;:&quot;https:\\\/\\\/novagestioinmobiliaria.com\\\/wp-content\\\/uploads\\\/2026\\\/03\\\/Piso-en-venta-en-Capdepera-ref-1879-7.jpg&quot;,&quot;alt&quot;:&quot;&quot;},{&quot;id&quot;:88491,&quot;url&quot;:&quot;https:\\\/\\\/novagestioinmobiliaria.com\\\/wp-content\\\/uploads\\\/2026\\\/03\\\/Piso-en-venta-en-Capdepera-ref-1879-15.jpg&quot;,&quot;alt&quot;:&quot;&quot;},{&quot;id&quot;:88488,&quot;url&quot;:&quot;https:\\\/\\\/novagestioinmobiliaria.com\\\/wp-content\\\/uploads\\\/2026\\\/03\\\/Piso-en-venta-en-Capdepera-ref-1879-14.jpg&quot;,&quot;alt&quot;:&quot;&quot;},{&quot;id&quot;:88485,&quot;url&quot;:&quot;https:\\\/\\\/novagestioinmobiliaria.com\\\/wp-content\\\/uploads\\\/2026\\\/03\\\/Piso-en-venta-en-Capdepera-ref-1879-13.jpg&quot;,&quot;alt&quot;:&quot;&quot;},{&quot;id&quot;:88494,&quot;url&quot;:&quot;https:\\\/\\\/novagestioinmobiliaria.com\\\/wp-content\\\/uploads\\\/2026\\\/03\\\/Piso-en-venta-en-Capdepera-ref-1879-16.jpg&quot;,&quot;alt&quot;:&quot;&quot;},{&quot;id&quot;:88482,&quot;url&quot;:&quot;https:\\\/\\\/novagestioinmobiliaria.com\\\/wp-content\\\/uploads\\\/2026\\\/03\\\/Piso-en-venta-en-Capdepera-ref-1879-12.jpg&quot;,&quot;alt&quot;:&quot;&quot;}],&quot;attributes&quot;:[{&quot;slug&quot;:&quot;property-type&quot;,&quot;name&quot;:&quot;Tipo propiedad&quot;,&quot;has_archive&quot;:true,&quot;elements&quot;:[{&quot;name&quot;:&quot;Wohnungen \\\/ Apartments&quot;,&quot;link&quot;:&quot;https:\\\/\\\/novagestioinmobiliaria.com\\\/de\\\/immobilientyp\\\/wohnungen-apartments\\\/&quot;,&quot;slug&quot;:&quot;wohnungen-apartments&quot;}],&quot;card&quot;:false,&quot;show&quot;:true,&quot;display_after&quot;:&quot;&quot;,&quot;new_box&quot;:false},{&quot;slug&quot;:&quot;offer-type&quot;,&quot;name&quot;:&quot;Tipo operaci\\u00f3n&quot;,&quot;has_archive&quot;:true,&quot;elements&quot;:[{&quot;name&quot;:&quot;Zu verkaufen&quot;,&quot;link&quot;:&quot;https:\\\/\\\/novagestioinmobiliaria.com\\\/de\\\/offer-type\\\/zu-verkaufen\\\/&quot;,&quot;slug&quot;:&quot;zu-verkaufen&quot;}],&quot;card&quot;:true,&quot;show&quot;:true,&quot;display_after&quot;:&quot;&quot;,&quot;new_box&quot;:false},{&quot;slug&quot;:&quot;city&quot;,&quot;name&quot;:&quot;Zona&quot;,&quot;has_archive&quot;:true,&quot;elements&quot;:[{&quot;name&quot;:&quot;Capdepera&quot;,&quot;link&quot;:&quot;https:\\\/\\\/novagestioinmobiliaria.com\\\/de\\\/city\\\/capdepera-de\\\/&quot;,&quot;slug&quot;:&quot;capdepera-de&quot;}],&quot;card&quot;:false,&quot;show&quot;:true,&quot;display_after&quot;:&quot;&quot;,&quot;new_box&quot;:false},{&quot;slug&quot;:&quot;price&quot;,&quot;name&quot;:&quot;Precio&quot;,&quot;has_archive&quot;:false,&quot;elements&quot;:[{&quot;name&quot;:&quot;425000&quot;,&quot;link&quot;:&quot;&quot;,&quot;slug&quot;:&quot;&quot;}],&quot;show&quot;:false,&quot;card&quot;:false,&quot;display_after&quot;:&quot;\\u20ac&quot;,&quot;new_box&quot;:false},{&quot;slug&quot;:&quot;bedrooms&quot;,&quot;name&quot;:&quot;Habitaciones&quot;,&quot;has_archive&quot;:false,&quot;elements&quot;:[{&quot;name&quot;:&quot;3&quot;,&quot;link&quot;:&quot;&quot;,&quot;slug&quot;:&quot;&quot;}],&quot;show&quot;:true,&quot;card&quot;:true,&quot;display_after&quot;:&quot;&quot;,&quot;new_box&quot;:false},{&quot;slug&quot;:&quot;bathrooms&quot;,&quot;name&quot;:&quot;Ba\\u00f1os&quot;,&quot;has_archive&quot;:false,&quot;elements&quot;:[{&quot;name&quot;:&quot;2&quot;,&quot;link&quot;:&quot;&quot;,&quot;slug&quot;:&quot;&quot;}],&quot;show&quot;:true,&quot;card&quot;:true,&quot;display_after&quot;:&quot;&quot;,&quot;new_box&quot;:false},{&quot;slug&quot;:&quot;property-size&quot;,&quot;name&quot;:&quot;M2&quot;,&quot;has_archive&quot;:false,&quot;elements&quot;:[{&quot;name&quot;:&quot;120&quot;,&quot;link&quot;:&quot;&quot;,&quot;slug&quot;:&quot;&quot;}],&quot;show&quot;:true,&quot;card&quot;:true,&quot;display_after&quot;:&quot;m\\u00b2&quot;,&quot;new_box&quot;:false},{&quot;slug&quot;:&quot;features&quot;,&quot;name&quot;:&quot;Caracter\\u00edsticas&quot;,&quot;has_archive&quot;:true,&quot;elements&quot;:[{&quot;name&quot;:&quot;3 Schlafzimmer&quot;,&quot;link&quot;:&quot;https:\\\/\\\/novagestioinmobiliaria.com\\\/de\\\/eigenschaften\\\/3-schlafzimmer\\\/&quot;,&quot;slug&quot;:&quot;3-schlafzimmer&quot;},{&quot;name&quot;:&quot;Gemeinschaftspool&quot;,&quot;link&quot;:&quot;https:\\\/\\\/novagestioinmobiliaria.com\\\/de\\\/eigenschaften\\\/gemeinschaftspool\\\/&quot;,&quot;slug&quot;:&quot;gemeinschaftspool&quot;},{&quot;name&quot;:&quot;Heizung&quot;,&quot;link&quot;:&quot;https:\\\/\\\/novagestioinmobiliaria.com\\\/de\\\/eigenschaften\\\/heizung\\\/&quot;,&quot;slug&quot;:&quot;heizung&quot;},{&quot;name&quot;:&quot;Meerblick&quot;,&quot;link&quot;:&quot;https:\\\/\\\/novagestioinmobiliaria.com\\\/de\\\/eigenschaften\\\/meerblick\\\/&quot;,&quot;slug&quot;:&quot;meerblick&quot;},{&quot;name&quot;:&quot;Panoramablick&quot;,&quot;link&quot;:&quot;https:\\\/\\\/novagestioinmobiliaria.com\\\/de\\\/eigenschaften\\\/panoramablick\\\/&quot;,&quot;slug&quot;:&quot;panoramablick&quot;},{&quot;name&quot;:&quot;Ruhige Lage&quot;,&quot;link&quot;:&quot;https:\\\/\\\/novagestioinmobiliaria.com\\\/de\\\/eigenschaften\\\/ruhige-lage\\\/&quot;,&quot;slug&quot;:&quot;ruhige-lage&quot;},{&quot;name&quot;:&quot;Terrasse&quot;,&quot;link&quot;:&quot;https:\\\/\\\/novagestioinmobiliaria.com\\\/de\\\/eigenschaften\\\/terrasse\\\/&quot;,&quot;slug&quot;:&quot;terrasse&quot;}],&quot;card&quot;:false,&quot;show&quot;:true,&quot;display_after&quot;:&quot;&quot;,&quot;new_box&quot;:true}],&quot;views&quot;:15,&quot;days_ago&quot;:&quot;1\\u00a0Monat.&quot;,&quot;image_id&quot;:88509,&quot;image_url&quot;:&quot;https:\\\/\\\/novagestioinmobiliaria.com\\\/wp-content\\\/uploads\\\/2026\\\/03\\\/Piso-en-venta-en-Capdepera-ref-1879-2.jpg&quot;,&quot;tags&quot;:[{&quot;name&quot;:&quot;Caracter\\u00edsticas&quot;,&quot;elements&quot;:[{&quot;name&quot;:&quot;3 Schlafzimmer&quot;,&quot;link&quot;:&quot;https:\\\/\\\/novagestioinmobiliaria.com\\\/de\\\/eigenschaften\\\/3-schlafzimmer\\\/&quot;},{&quot;name&quot;:&quot;Gemeinschaftspool&quot;,&quot;link&quot;:&quot;https:\\\/\\\/novagestioinmobiliaria.com\\\/de\\\/eigenschaften\\\/gemeinschaftspool\\\/&quot;},{&quot;name&quot;:&quot;Heizung&quot;,&quot;link&quot;:&quot;https:\\\/\\\/novagestioinmobiliaria.com\\\/de\\\/eigenschaften\\\/heizung\\\/&quot;},{&quot;name&quot;:&quot;Meerblick&quot;,&quot;link&quot;:&quot;https:\\\/\\\/novagestioinmobiliaria.com\\\/de\\\/eigenschaften\\\/meerblick\\\/&quot;},{&quot;name&quot;:&quot;Panoramablick&quot;,&quot;link&quot;:&quot;https:\\\/\\\/novagestioinmobiliaria.com\\\/de\\\/eigenschaften\\\/panoramablick\\\/&quot;},{&quot;name&quot;:&quot;Ruhige Lage&quot;,&quot;link&quot;:&quot;https:\\\/\\\/novagestioinmobiliaria.com\\\/de\\\/eigenschaften\\\/ruhige-lage\\\/&quot;},{&quot;name&quot;:&quot;Terrasse&quot;,&quot;link&quot;:&quot;https:\\\/\\\/novagestioinmobiliaria.com\\\/de\\\/eigenschaften\\\/terrasse\\\/&quot;}],&quot;has_archive&quot;:true}],&quot;status&quot;:&quot;publish&quot;,&quot;plans&quot;:[],&quot;video_plan&quot;:{&quot;src&quot;:&quot;&quot;,&quot;video&quot;:&quot;&quot;},&quot;virtual_tour&quot;:null,&quot;state&quot;:&quot;&quot;,&quot;labels&quot;:[],&quot;image&quot;:&quot;https:\\\/\\\/novagestioinmobiliaria.com\\\/wp-content\\\/uploads\\\/2026\\\/03\\\/Piso-en-venta-en-Capdepera-ref-1879-2-400x250.jpg&quot;,&quot;image_srcset&quot;:&quot;https:\\\/\\\/novagestioinmobiliaria.com\\\/wp-content\\\/uploads\\\/2026\\\/03\\\/Piso-en-venta-en-Capdepera-ref-1879-2-200x125.jpg 200w, https:\\\/\\\/novagestioinmobiliaria.com\\\/wp-content\\\/uploads\\\/2026\\\/03\\\/Piso-en-venta-en-Capdepera-ref-1879-2-800x500.jpg 800w, https:\\\/\\\/novagestioinmobiliaria.com\\\/wp-content\\\/uploads\\\/2026\\\/03\\\/Piso-en-venta-en-Capdepera-ref-1879-2-600x375.jpg 600w, https:\\\/\\\/novagestioinmobiliaria.com\\\/wp-content\\\/uploads\\\/2026\\\/03\\\/Piso-en-venta-en-Capdepera-ref-1879-2-400x250.jpg 400w&quot;}'>\r\n\t\t\t\t\t\t\t\t\t\t\t\t\t<\/compare-button>\r\n\t\t\t\t\t\t\t\t\t\t\t\t<\/div>\r\n\t\t\t\t\t\t\t\t\t\t\t\t<div class=\"mh-estate-vertical__buttons__single\">\r\n\t\t\t\t\t\t\t\t\t\t\t\t\t<a href=\"https:\/\/novagestioinmobiliaria.com\/de\/propiedades-properties-immobilien\/meerblick-apartment-zu-verkaufen-in-capdepera-pi1879cap-vde\/\"\r\n\t\t\t\t\t\t\t\t\t\t\t\t\t   title=\"Meerblick-Apartment zu verkaufen in Capdepera : : PI1879CAP-VDE\"\r\n\t\t\t\t\t\t\t\t\t\t\t\t\t   class=\"mdl-button mdl-js-button mdl-button--raised mdl-js-ripple-effect mdl-button--primary-ghost\">\r\n\t\t\t\t\t\t\t\t\t\t\t\t\t\tDetails\t\t\t\t\t\t\t\t\t\t\t\t\t\t<span class=\"mdl-button__icon-right\"><i class=\"fa fa-angle-right\"><\/i><\/span>\r\n\t\t\t\t\t\t\t\t\t\t\t\t\t<\/a>\r\n\t\t\t\t\t\t\t\t\t\t\t\t<\/div>\r\n\t\t\t\t\t\t\t\t\t\t\t<\/div>\r\n\t\t\t\t\t\t\t\t\t\t<\/div>\r\n\t\t\t\t\t\t\t\t\t<\/div>\r\n\t\t\t\t\t\t\t\t<\/div>\r\n\t\t\t\t\t\t\t<\/div>\r\n\t\t\t\t\t\t<\/article>\r\n\t\t\t\t\t<\/div>\r\n\t\t\t\t\r\n\t\t\t\t\t<div class=\"item\">\r\n\t\t\t\t\t\t<article class=\"mh-estate-vertical   mh-attribute-property-type__fincas-landhaeuser mh-attribute-offer-type__zu-vermieten mh-attribute-city__santanyi-de mh-attribute-features__4-schlafzimmer mh-attribute-features__ausblick-auf-die-berge mh-attribute-features__einbaukueche mh-attribute-features__garten mh-attribute-features__haustiere-erlaubt mh-attribute-features__klimaanlage mh-attribute-features__moebliert mh-attribute-features__neubau mh-attribute-features__privatpool mh-attribute-features__ruhige-lage mh-attribute-features__strand-in-der-nahe-de mh-attribute-features__terrasse mh-attribute-features__unverbaubare-aussicht\">\r\n\t\t\t\t\t\t\t<a href=\"https:\/\/novagestioinmobiliaria.com\/de\/propiedades-properties-immobilien\/luxurioeses-rustikales-landhaus-zur-miete-in-santanyi-ca1765sa-ade\/\"\r\n\t\t\t\t\t\t\t   title=\"Luxuri\u00f6ses rustikales Landhaus zur Miete in Santany\u00ed : : CA1765SA-ADE\"\r\n\t\t\t\t\t\t\t   class=\"mh-thumbnail\">\r\n                        <span class=\"mh-thumbnail__inner\">\r\n                                    <img\r\n                    data-srcset=\"https:\/\/novagestioinmobiliaria.com\/wp-content\/uploads\/2025\/06\/Finca-rustica-alquiler-Santanyi-ref-1765-1-200x125.jpg 200w, https:\/\/novagestioinmobiliaria.com\/wp-content\/uploads\/2025\/06\/Finca-rustica-alquiler-Santanyi-ref-1765-1-1200x750.jpg 1200w, https:\/\/novagestioinmobiliaria.com\/wp-content\/uploads\/2025\/06\/Finca-rustica-alquiler-Santanyi-ref-1765-1-800x500.jpg 800w, https:\/\/novagestioinmobiliaria.com\/wp-content\/uploads\/2025\/06\/Finca-rustica-alquiler-Santanyi-ref-1765-1-600x375.jpg 600w, https:\/\/novagestioinmobiliaria.com\/wp-content\/uploads\/2025\/06\/Finca-rustica-alquiler-Santanyi-ref-1765-1-400x250.jpg 400w\"\r\n                    class=\"lazyload \" alt=\"Luxuri\u00f6ses rustikales Landhaus zur Miete in Santany\u00ed : : CA1765SA-ADE\"\r\n                    data-sizes=\"auto\"\r\n            >\r\n\t\t\t                        <\/span>\r\n\r\n\t\t\t\t\t\t\t\t\t\t\t\t\t\t\t\t\t<div class=\"mh-caption\">\r\n\t\t\t\t\t\t\t\t\t\t<div class=\"mh-caption__inner\">\r\n\t\t\t\t\t\t\t\t\t\t\tZu vermieten\t\t\t\t\t\t\t\t\t\t<\/div>\r\n\t\t\t\t\t\t\t\t\t<\/div>\r\n\t\t\t\t\t\t\t\t\t\r\n\t\t\t\t\t\t\t\t<div class=\"mh-estate-vertical__text\">\r\n\t\t\t\t\t\t\t\t\t<div class=\"mh-estate-vertical__text__inner\">\r\n\t\t\t\t\t\t\t\t\t\tEin brandneues luxuri\u00f6ses rustikales Landhaus steht in Santany\u00ed zur Vermietung. Es handelt sich um ein zweist\u00f6ckiges Haus mit 300 m2...\t\t\t\t\t\t\t\t\t<\/div>\r\n\t\t\t\t\t\t\t\t<\/div>\r\n\t\t\t\t\t\t\t<\/a>\r\n\r\n\t\t\t\t\t\t\t<div class=\"mh-estate-vertical__content\">\r\n\t\t\t\t\t\t\t\t<h3 class=\"mh-estate-vertical__heading\">\r\n\t\t\t\t\t\t\t\t\t<a href=\"https:\/\/novagestioinmobiliaria.com\/de\/propiedades-properties-immobilien\/luxurioeses-rustikales-landhaus-zur-miete-in-santanyi-ca1765sa-ade\/\"\r\n\t\t\t\t\t\t\t\t\t   title=\"Luxuri\u00f6ses rustikales Landhaus zur Miete in Santany\u00ed : : CA1765SA-ADE\">\r\n\t\t\t\t\t\t\t\t\t\tLuxuri\u00f6ses rustikales Landhaus zur Miete in Santany\u00ed : : CA1765SA-ADE\t\t\t\t\t\t\t\t\t<\/a>\r\n\t\t\t\t\t\t\t\t<\/h3>\r\n\t\t\t\t\t\t\t\t<address class=\"mh-estate-vertical__subheading\">\r\n\t\t\t\t\t\t\t\t\tS\t\t\t\t\t\t\t\t<\/address>\r\n\t\t\t\t\t\t\t\t<div class=\"mh-estate-vertical__primary\">\r\n\t\t\t\t\t\t\t\t\t2.900 \u20ac\t\t\t\t\t\t\t\t<\/div>\r\n\r\n\t\t\t\t\t\t\t\t<div>\r\n\t\t\t\t\t\t\t\t\t<div class=\"mh-estate__list\">\r\n\t\t\t\t\t\t\t\t\t\t\r\n\t\t\t\t\t\t\t\t\t\t\t<span class=\"mh-estate-vertical__more-info mh-estate_attribute-offer-type\">\r\n                                        <strong>Tipo operaci\u00f3n:<\/strong>\r\n\t\t\t\t\t\t\t\t\t\t\t\t\t\t\t\t\t\t\t\t\t\t\t\t\t\tZu vermieten\t\t\t\t\t\t\t\t\t\t\t\t\t\t                                    <\/span>\r\n\r\n\t\t\t\t\t\t\t\t\t\t\r\n\t\t\t\t\t\t\t\t\t\t\t<span class=\"mh-estate-vertical__more-info mh-estate_attribute-bedrooms\">\r\n                                        <strong>Habitaciones:<\/strong>\r\n\t\t\t\t\t\t\t\t\t\t\t\t4                                    <\/span>\r\n\r\n\t\t\t\t\t\t\t\t\t\t\r\n\t\t\t\t\t\t\t\t\t\t\t<span class=\"mh-estate-vertical__more-info mh-estate_attribute-bathrooms\">\r\n                                        <strong>Ba\u00f1os:<\/strong>\r\n\t\t\t\t\t\t\t\t\t\t\t\t4                                    <\/span>\r\n\r\n\t\t\t\t\t\t\t\t\t\t\r\n\t\t\t\t\t\t\t\t\t\t\t<span class=\"mh-estate-vertical__more-info mh-estate_attribute-property-size\">\r\n                                        <strong>M2:<\/strong>\r\n\t\t\t\t\t\t\t\t\t\t\t\t300 m\u00b2                                    <\/span>\r\n\r\n\t\t\t\t\t\t\t\t\t\t\t\t\t\t\t\t\t\t\t<\/div>\r\n\t\t\t\t\t\t\t\t<\/div>\r\n\r\n\t\t\t\t\t\t\t\t<div class=\"mh-estate-vertical__bottom\">\r\n\t\t\t\t\t\t\t\t\t<div class=\"mh-estate-vertical__bottom__inner\">\r\n\t\t\t\t\t\t\t\t\t\t<div class=\"mh-estate-vertical__date\">\r\n\t\t\t\t\t\t\t\t\t\t\t1\u00a0Monat.\t\t\t\t\t\t\t\t\t\t<\/div>\r\n\t\t\t\t\t\t\t\t\t\t<div class=\"mh-estate-vertical__buttons-wrapper\">\r\n\t\t\t\t\t\t\t\t\t\t\t<div class=\"mh-estate-vertical__buttons\">\r\n\t\t\t\t\t\t\t\t\t\t\t\t<div class=\"mh-estate-vertical__buttons__single\">\r\n\t\t\t\t\t\t\t\t\t\t\t\t\t<compare-button class=\"myhome-compare\"\r\n\t\t\t\t\t\t\t\t\t\t\t\t\t\t\t\t\t:translations='{&quot;added&quot;:&quot;Zus\\u00e4tzlich&quot;,&quot;compare&quot;:&quot;Vergleichen&quot;}'\r\n\t\t\t\t\t\t\t\t\t\t\t\t\t\t\t\t\t:estate='{&quot;short_excerpt_limit&quot;:125,&quot;long_excerpt_limit&quot;:160,&quot;id&quot;:88301,&quot;agent_id&quot;:&quot;26&quot;,&quot;title&quot;:&quot;Luxuri\\u00f6ses rustikales Landhaus zur Miete in Santany\\u00ed : : CA1765SA-ADE&quot;,&quot;content&quot;:&quot;Ein brandneues luxuri\\u00f6ses rustikales Landhaus steht in Santany\\u00ed zur Vermietung. Es handelt sich um ein zweist\\u00f6ckiges Haus mit 300 m2 (150 m2 pro Etage) auf einem 15.500 m2 gro\\u00dfen Grundst\\u00fcck, in nat\\u00fcrlicher und ruhiger Umgebung. Das Haus ist wie folgt aufgeteilt: Im Erdgeschoss befindet sich ein Eingangsbereich, der zu einem ger\\u00e4umigen und hellen Esszimmer mit herrlicher Aussicht, einer offenen und voll ausgestatteten K\\u00fcche (K\\u00fchlschrank, Ceranfeld, Backofen, Mikrowelle, Waschmaschine und Trockner), 1 G\\u00e4stetoilette, 1 gro\\u00dfes Badezimmer mit Badewanne und 1 Doppelzimmer f\\u00fchrt. Die erste Etage besteht aus einem ger\\u00e4umigen und hellen Wohnzimmer mit Bergblick, 3 Doppelzimmern und 2 B\\u00e4dern mit Dusche (1 en suite). Das Haus verf\\u00fcgt \\u00fcber eine Klimaanlage, Doppelverglasung. TEILM\\u00d6BLIERTE VERMIETUNG. Es gibt einen Pool mit erh\\u00f6htem Deck.\\r\\nVERMIETUNGSBEDINGUNGEN\\r\\n- Der Nachweis finanzieller Solvenz wird angefordert (Gehaltsabrechnungen, Arbeitsvertr\\u00e4ge mit mindestens 1 Jahr Besch\\u00e4ftigungsdauer).\\r\\n- Langfristige Vertr\\u00e4ge.\\r\\n- 1 Monatsmiete als Kaution.\\r\\n- 1 Monat Garantie.\\r\\n- Keine Haustiere erlaubt.\\r\\n- Andere Ausgaben, bitte bei der Agentur erfragen.\\r\\n\\r\\nNova Gesti\\u00f3, Immobilienagentur in Santany\\u00ed.&quot;,&quot;excerpt&quot;:&quot;Ein brandneues luxuri\\u00f6ses rustikales Landhaus steht in Santany\\u00ed zur Vermietung. Es handelt sich um ein zweist\\u00f6ckiges Haus mit 300 m2 (150 m2 pro Etage) auf einem 15.500 m2 gro\\u00dfen Grundst\\u00fcck, in nat\\u00fcrlicher und ruhiger Umgebung. Das Haus ist wie folgt aufgeteilt: Im Erdgeschoss befindet sich ein Eingangsbereich, der zu einem ger\\u00e4umigen und hellen Esszimmer mit [\\u2026]&quot;,&quot;short_excerpt&quot;:&quot;Ein brandneues luxuri\\u00f6ses rustikales Landhaus steht in Santany\\u00ed zur Vermietung. Es handelt sich um ein zweist\\u00f6ckiges Haus ...&quot;,&quot;long_excerpt&quot;:&quot;Ein brandneues luxuri\\u00f6ses rustikales Landhaus steht in Santany\\u00ed zur Vermietung. Es handelt sich um ein zweist\\u00f6ckiges Haus mit 300 m2 (150 m2 pro Etage) auf e...&quot;,&quot;link&quot;:&quot;https:\\\/\\\/novagestioinmobiliaria.com\\\/de\\\/propiedades-properties-immobilien\\\/luxurioeses-rustikales-landhaus-zur-miete-in-santanyi-ca1765sa-ade\\\/&quot;,&quot;offer_type&quot;:&quot;Zu vermieten&quot;,&quot;price&quot;:&quot;2.900 \\u20ac&quot;,&quot;location&quot;:&quot;S&quot;,&quot;is_featured&quot;:true,&quot;gallery&quot;:[{&quot;id&quot;:80311,&quot;url&quot;:&quot;https:\\\/\\\/novagestioinmobiliaria.com\\\/wp-content\\\/uploads\\\/2025\\\/06\\\/Finca-rustica-alquiler-Santanyi-ref-1765-1.jpg&quot;,&quot;alt&quot;:&quot;&quot;},{&quot;id&quot;:80320,&quot;url&quot;:&quot;https:\\\/\\\/novagestioinmobiliaria.com\\\/wp-content\\\/uploads\\\/2025\\\/06\\\/Finca-rustica-alquiler-Santanyi-ref-1765-4.jpg&quot;,&quot;alt&quot;:&quot;&quot;},{&quot;id&quot;:80323,&quot;url&quot;:&quot;https:\\\/\\\/novagestioinmobiliaria.com\\\/wp-content\\\/uploads\\\/2025\\\/06\\\/Finca-rustica-alquiler-Santanyi-ref-1765-5.jpg&quot;,&quot;alt&quot;:&quot;&quot;},{&quot;id&quot;:79101,&quot;url&quot;:&quot;https:\\\/\\\/novagestioinmobiliaria.com\\\/wp-content\\\/uploads\\\/2025\\\/06\\\/Finca-rustica-alquielr-Santanyi-ref-1765-18-1.jpg&quot;,&quot;alt&quot;:&quot;&quot;},{&quot;id&quot;:79071,&quot;url&quot;:&quot;https:\\\/\\\/novagestioinmobiliaria.com\\\/wp-content\\\/uploads\\\/2025\\\/06\\\/Finca-rustica-alquielr-Santanyi-ref-1765-7-1.jpg&quot;,&quot;alt&quot;:&quot;&quot;},{&quot;id&quot;:80326,&quot;url&quot;:&quot;https:\\\/\\\/novagestioinmobiliaria.com\\\/wp-content\\\/uploads\\\/2025\\\/06\\\/Finca-rustica-alquiler-Santanyi-ref-1765-7.jpg&quot;,&quot;alt&quot;:&quot;&quot;},{&quot;id&quot;:80356,&quot;url&quot;:&quot;https:\\\/\\\/novagestioinmobiliaria.com\\\/wp-content\\\/uploads\\\/2025\\\/06\\\/Finca-rustica-alquiler-Santanyi-ref-1765-17.jpg&quot;,&quot;alt&quot;:&quot;&quot;},{&quot;id&quot;:80329,&quot;url&quot;:&quot;https:\\\/\\\/novagestioinmobiliaria.com\\\/wp-content\\\/uploads\\\/2025\\\/06\\\/Finca-rustica-alquiler-Santanyi-ref-1765-8.jpg&quot;,&quot;alt&quot;:&quot;&quot;},{&quot;id&quot;:80359,&quot;url&quot;:&quot;https:\\\/\\\/novagestioinmobiliaria.com\\\/wp-content\\\/uploads\\\/2025\\\/06\\\/Finca-rustica-alquiler-Santanyi-ref-1765-18.jpg&quot;,&quot;alt&quot;:&quot;&quot;},{&quot;id&quot;:80362,&quot;url&quot;:&quot;https:\\\/\\\/novagestioinmobiliaria.com\\\/wp-content\\\/uploads\\\/2025\\\/06\\\/Finca-rustica-alquiler-Santanyi-ref-1765-6.jpg&quot;,&quot;alt&quot;:&quot;&quot;},{&quot;id&quot;:79107,&quot;url&quot;:&quot;https:\\\/\\\/novagestioinmobiliaria.com\\\/wp-content\\\/uploads\\\/2025\\\/06\\\/Finca-rustica-alquielr-Santanyi-ref-1765-20-1.jpg&quot;,&quot;alt&quot;:&quot;&quot;},{&quot;id&quot;:79080,&quot;url&quot;:&quot;https:\\\/\\\/novagestioinmobiliaria.com\\\/wp-content\\\/uploads\\\/2025\\\/06\\\/Finca-rustica-alquielr-Santanyi-ref-1765-10-1.jpg&quot;,&quot;alt&quot;:&quot;&quot;},{&quot;id&quot;:79110,&quot;url&quot;:&quot;https:\\\/\\\/novagestioinmobiliaria.com\\\/wp-content\\\/uploads\\\/2025\\\/06\\\/Finca-rustica-alquielr-Santanyi-ref-1765-21-1.jpg&quot;,&quot;alt&quot;:&quot;&quot;},{&quot;id&quot;:80344,&quot;url&quot;:&quot;https:\\\/\\\/novagestioinmobiliaria.com\\\/wp-content\\\/uploads\\\/2025\\\/06\\\/Finca-rustica-alquiler-Santanyi-ref-1765-13.jpg&quot;,&quot;alt&quot;:&quot;&quot;},{&quot;id&quot;:80317,&quot;url&quot;:&quot;https:\\\/\\\/novagestioinmobiliaria.com\\\/wp-content\\\/uploads\\\/2025\\\/06\\\/Finca-rustica-alquiler-Santanyi-ref-1765-3.jpg&quot;,&quot;alt&quot;:&quot;&quot;},{&quot;id&quot;:80347,&quot;url&quot;:&quot;https:\\\/\\\/novagestioinmobiliaria.com\\\/wp-content\\\/uploads\\\/2025\\\/06\\\/Finca-rustica-alquiler-Santanyi-ref-1765-14.jpg&quot;,&quot;alt&quot;:&quot;&quot;},{&quot;id&quot;:80350,&quot;url&quot;:&quot;https:\\\/\\\/novagestioinmobiliaria.com\\\/wp-content\\\/uploads\\\/2025\\\/06\\\/Finca-rustica-alquiler-Santanyi-ref-1765-15.jpg&quot;,&quot;alt&quot;:&quot;&quot;},{&quot;id&quot;:79092,&quot;url&quot;:&quot;https:\\\/\\\/novagestioinmobiliaria.com\\\/wp-content\\\/uploads\\\/2025\\\/06\\\/Finca-rustica-alquielr-Santanyi-ref-1765-14-1.jpg&quot;,&quot;alt&quot;:&quot;&quot;},{&quot;id&quot;:79116,&quot;url&quot;:&quot;https:\\\/\\\/novagestioinmobiliaria.com\\\/wp-content\\\/uploads\\\/2025\\\/06\\\/Finca-rustica-alquielr-Santanyi-ref-1765-23-1.jpg&quot;,&quot;alt&quot;:&quot;&quot;},{&quot;id&quot;:80338,&quot;url&quot;:&quot;https:\\\/\\\/novagestioinmobiliaria.com\\\/wp-content\\\/uploads\\\/2025\\\/06\\\/Finca-rustica-alquiler-Santanyi-ref-1765-11.jpg&quot;,&quot;alt&quot;:&quot;&quot;},{&quot;id&quot;:80335,&quot;url&quot;:&quot;https:\\\/\\\/novagestioinmobiliaria.com\\\/wp-content\\\/uploads\\\/2025\\\/06\\\/Finca-rustica-alquiler-Santanyi-ref-1765-10.jpg&quot;,&quot;alt&quot;:&quot;&quot;},{&quot;id&quot;:79083,&quot;url&quot;:&quot;https:\\\/\\\/novagestioinmobiliaria.com\\\/wp-content\\\/uploads\\\/2025\\\/06\\\/Finca-rustica-alquielr-Santanyi-ref-1765-11-1.jpg&quot;,&quot;alt&quot;:&quot;&quot;},{&quot;id&quot;:79113,&quot;url&quot;:&quot;https:\\\/\\\/novagestioinmobiliaria.com\\\/wp-content\\\/uploads\\\/2025\\\/06\\\/Finca-rustica-alquielr-Santanyi-ref-1765-22-1.jpg&quot;,&quot;alt&quot;:&quot;&quot;},{&quot;id&quot;:79056,&quot;url&quot;:&quot;https:\\\/\\\/novagestioinmobiliaria.com\\\/wp-content\\\/uploads\\\/2025\\\/06\\\/Finca-rustica-alquielr-Santanyi-ref-1765-2-1.jpg&quot;,&quot;alt&quot;:&quot;&quot;},{&quot;id&quot;:79053,&quot;url&quot;:&quot;https:\\\/\\\/novagestioinmobiliaria.com\\\/wp-content\\\/uploads\\\/2025\\\/06\\\/Finca-rustica-alquielr-Santanyi-ref-1765-1-1.jpg&quot;,&quot;alt&quot;:&quot;&quot;},{&quot;id&quot;:79086,&quot;url&quot;:&quot;https:\\\/\\\/novagestioinmobiliaria.com\\\/wp-content\\\/uploads\\\/2025\\\/06\\\/Finca-rustica-alquielr-Santanyi-ref-1765-12-2.jpg&quot;,&quot;alt&quot;:&quot;&quot;},{&quot;id&quot;:79089,&quot;url&quot;:&quot;https:\\\/\\\/novagestioinmobiliaria.com\\\/wp-content\\\/uploads\\\/2025\\\/06\\\/Finca-rustica-alquielr-Santanyi-ref-1765-13-1.jpg&quot;,&quot;alt&quot;:&quot;&quot;},{&quot;id&quot;:79062,&quot;url&quot;:&quot;https:\\\/\\\/novagestioinmobiliaria.com\\\/wp-content\\\/uploads\\\/2025\\\/06\\\/Finca-rustica-alquielr-Santanyi-ref-1765-4-1.jpg&quot;,&quot;alt&quot;:&quot;&quot;},{&quot;id&quot;:79059,&quot;url&quot;:&quot;https:\\\/\\\/novagestioinmobiliaria.com\\\/wp-content\\\/uploads\\\/2025\\\/06\\\/Finca-rustica-alquielr-Santanyi-ref-1765-3-1.jpg&quot;,&quot;alt&quot;:&quot;&quot;},{&quot;id&quot;:79095,&quot;url&quot;:&quot;https:\\\/\\\/novagestioinmobiliaria.com\\\/wp-content\\\/uploads\\\/2025\\\/06\\\/Finca-rustica-alquielr-Santanyi-ref-1765-15-1.jpg&quot;,&quot;alt&quot;:&quot;&quot;},{&quot;id&quot;:79065,&quot;url&quot;:&quot;https:\\\/\\\/novagestioinmobiliaria.com\\\/wp-content\\\/uploads\\\/2025\\\/06\\\/Finca-rustica-alquielr-Santanyi-ref-1765-5-1.jpg&quot;,&quot;alt&quot;:&quot;&quot;},{&quot;id&quot;:79098,&quot;url&quot;:&quot;https:\\\/\\\/novagestioinmobiliaria.com\\\/wp-content\\\/uploads\\\/2025\\\/06\\\/Finca-rustica-alquielr-Santanyi-ref-1765-17-1.jpg&quot;,&quot;alt&quot;:&quot;&quot;},{&quot;id&quot;:79068,&quot;url&quot;:&quot;https:\\\/\\\/novagestioinmobiliaria.com\\\/wp-content\\\/uploads\\\/2025\\\/06\\\/Finca-rustica-alquielr-Santanyi-ref-1765-6-1.jpg&quot;,&quot;alt&quot;:&quot;&quot;},{&quot;id&quot;:79104,&quot;url&quot;:&quot;https:\\\/\\\/novagestioinmobiliaria.com\\\/wp-content\\\/uploads\\\/2025\\\/06\\\/Finca-rustica-alquielr-Santanyi-ref-1765-19-1.jpg&quot;,&quot;alt&quot;:&quot;&quot;},{&quot;id&quot;:79074,&quot;url&quot;:&quot;https:\\\/\\\/novagestioinmobiliaria.com\\\/wp-content\\\/uploads\\\/2025\\\/06\\\/Finca-rustica-alquielr-Santanyi-ref-1765-8-1.jpg&quot;,&quot;alt&quot;:&quot;&quot;},{&quot;id&quot;:79077,&quot;url&quot;:&quot;https:\\\/\\\/novagestioinmobiliaria.com\\\/wp-content\\\/uploads\\\/2025\\\/06\\\/Finca-rustica-alquielr-Santanyi-ref-1765-9-2.jpg&quot;,&quot;alt&quot;:&quot;&quot;},{&quot;id&quot;:80332,&quot;url&quot;:&quot;https:\\\/\\\/novagestioinmobiliaria.com\\\/wp-content\\\/uploads\\\/2025\\\/06\\\/Finca-rustica-alquiler-Santanyi-ref-1765-9.jpg&quot;,&quot;alt&quot;:&quot;&quot;},{&quot;id&quot;:80353,&quot;url&quot;:&quot;https:\\\/\\\/novagestioinmobiliaria.com\\\/wp-content\\\/uploads\\\/2025\\\/06\\\/Finca-rustica-alquiler-Santanyi-ref-1765-16-scaled.jpg&quot;,&quot;alt&quot;:&quot;&quot;},{&quot;id&quot;:80314,&quot;url&quot;:&quot;https:\\\/\\\/novagestioinmobiliaria.com\\\/wp-content\\\/uploads\\\/2025\\\/06\\\/Finca-rustica-alquiler-Santanyi-ref-1765-2.jpg&quot;,&quot;alt&quot;:&quot;&quot;},{&quot;id&quot;:80341,&quot;url&quot;:&quot;https:\\\/\\\/novagestioinmobiliaria.com\\\/wp-content\\\/uploads\\\/2025\\\/06\\\/Finca-rustica-alquiler-Santanyi-ref-1765-12.jpg&quot;,&quot;alt&quot;:&quot;&quot;}],&quot;attributes&quot;:[{&quot;slug&quot;:&quot;property-type&quot;,&quot;name&quot;:&quot;Tipo propiedad&quot;,&quot;has_archive&quot;:true,&quot;elements&quot;:[{&quot;name&quot;:&quot;Fincas \\\/ Landh\\u00e4user&quot;,&quot;link&quot;:&quot;https:\\\/\\\/novagestioinmobiliaria.com\\\/de\\\/immobilientyp\\\/fincas-landhaeuser\\\/&quot;,&quot;slug&quot;:&quot;fincas-landhaeuser&quot;}],&quot;card&quot;:false,&quot;show&quot;:true,&quot;display_after&quot;:&quot;&quot;,&quot;new_box&quot;:false},{&quot;slug&quot;:&quot;offer-type&quot;,&quot;name&quot;:&quot;Tipo operaci\\u00f3n&quot;,&quot;has_archive&quot;:true,&quot;elements&quot;:[{&quot;name&quot;:&quot;Zu vermieten&quot;,&quot;link&quot;:&quot;https:\\\/\\\/novagestioinmobiliaria.com\\\/de\\\/offer-type\\\/zu-vermieten\\\/&quot;,&quot;slug&quot;:&quot;zu-vermieten&quot;}],&quot;card&quot;:true,&quot;show&quot;:true,&quot;display_after&quot;:&quot;&quot;,&quot;new_box&quot;:false},{&quot;slug&quot;:&quot;city&quot;,&quot;name&quot;:&quot;Zona&quot;,&quot;has_archive&quot;:true,&quot;elements&quot;:[{&quot;name&quot;:&quot;Santanyi&quot;,&quot;link&quot;:&quot;https:\\\/\\\/novagestioinmobiliaria.com\\\/de\\\/city\\\/santanyi-de\\\/&quot;,&quot;slug&quot;:&quot;santanyi-de&quot;}],&quot;card&quot;:false,&quot;show&quot;:true,&quot;display_after&quot;:&quot;&quot;,&quot;new_box&quot;:false},{&quot;slug&quot;:&quot;price&quot;,&quot;name&quot;:&quot;Precio&quot;,&quot;has_archive&quot;:false,&quot;elements&quot;:[{&quot;name&quot;:&quot;2900&quot;,&quot;link&quot;:&quot;&quot;,&quot;slug&quot;:&quot;&quot;}],&quot;show&quot;:false,&quot;card&quot;:false,&quot;display_after&quot;:&quot;\\u20ac&quot;,&quot;new_box&quot;:false},{&quot;slug&quot;:&quot;bedrooms&quot;,&quot;name&quot;:&quot;Habitaciones&quot;,&quot;has_archive&quot;:false,&quot;elements&quot;:[{&quot;name&quot;:&quot;4&quot;,&quot;link&quot;:&quot;&quot;,&quot;slug&quot;:&quot;&quot;}],&quot;show&quot;:true,&quot;card&quot;:true,&quot;display_after&quot;:&quot;&quot;,&quot;new_box&quot;:false},{&quot;slug&quot;:&quot;bathrooms&quot;,&quot;name&quot;:&quot;Ba\\u00f1os&quot;,&quot;has_archive&quot;:false,&quot;elements&quot;:[{&quot;name&quot;:&quot;4&quot;,&quot;link&quot;:&quot;&quot;,&quot;slug&quot;:&quot;&quot;}],&quot;show&quot;:true,&quot;card&quot;:true,&quot;display_after&quot;:&quot;&quot;,&quot;new_box&quot;:false},{&quot;slug&quot;:&quot;property-size&quot;,&quot;name&quot;:&quot;M2&quot;,&quot;has_archive&quot;:false,&quot;elements&quot;:[{&quot;name&quot;:&quot;300&quot;,&quot;link&quot;:&quot;&quot;,&quot;slug&quot;:&quot;&quot;}],&quot;show&quot;:true,&quot;card&quot;:true,&quot;display_after&quot;:&quot;m\\u00b2&quot;,&quot;new_box&quot;:false},{&quot;slug&quot;:&quot;year-built&quot;,&quot;name&quot;:&quot;A\\u00f1o&quot;,&quot;has_archive&quot;:false,&quot;elements&quot;:[{&quot;name&quot;:&quot;2025&quot;,&quot;link&quot;:&quot;&quot;,&quot;slug&quot;:&quot;&quot;}],&quot;show&quot;:true,&quot;card&quot;:false,&quot;display_after&quot;:&quot;&quot;,&quot;new_box&quot;:false},{&quot;slug&quot;:&quot;features&quot;,&quot;name&quot;:&quot;Caracter\\u00edsticas&quot;,&quot;has_archive&quot;:true,&quot;elements&quot;:[{&quot;name&quot;:&quot;4 Schlafzimmer&quot;,&quot;link&quot;:&quot;https:\\\/\\\/novagestioinmobiliaria.com\\\/de\\\/eigenschaften\\\/4-schlafzimmer\\\/&quot;,&quot;slug&quot;:&quot;4-schlafzimmer&quot;},{&quot;name&quot;:&quot;Ausblick auf die Berge&quot;,&quot;link&quot;:&quot;https:\\\/\\\/novagestioinmobiliaria.com\\\/de\\\/eigenschaften\\\/ausblick-auf-die-berge\\\/&quot;,&quot;slug&quot;:&quot;ausblick-auf-die-berge&quot;},{&quot;name&quot;:&quot;Einbauk\\u00fcche&quot;,&quot;link&quot;:&quot;https:\\\/\\\/novagestioinmobiliaria.com\\\/de\\\/eigenschaften\\\/einbaukueche\\\/&quot;,&quot;slug&quot;:&quot;einbaukueche&quot;},{&quot;name&quot;:&quot;Garten&quot;,&quot;link&quot;:&quot;https:\\\/\\\/novagestioinmobiliaria.com\\\/de\\\/eigenschaften\\\/garten\\\/&quot;,&quot;slug&quot;:&quot;garten&quot;},{&quot;name&quot;:&quot;Haustiere erlaubt&quot;,&quot;link&quot;:&quot;https:\\\/\\\/novagestioinmobiliaria.com\\\/de\\\/eigenschaften\\\/haustiere-erlaubt\\\/&quot;,&quot;slug&quot;:&quot;haustiere-erlaubt&quot;},{&quot;name&quot;:&quot;Klimaanlage&quot;,&quot;link&quot;:&quot;https:\\\/\\\/novagestioinmobiliaria.com\\\/de\\\/eigenschaften\\\/klimaanlage\\\/&quot;,&quot;slug&quot;:&quot;klimaanlage&quot;},{&quot;name&quot;:&quot;M\\u00f6bliert&quot;,&quot;link&quot;:&quot;https:\\\/\\\/novagestioinmobiliaria.com\\\/de\\\/eigenschaften\\\/moebliert\\\/&quot;,&quot;slug&quot;:&quot;moebliert&quot;},{&quot;name&quot;:&quot;Neubau&quot;,&quot;link&quot;:&quot;https:\\\/\\\/novagestioinmobiliaria.com\\\/de\\\/eigenschaften\\\/neubau\\\/&quot;,&quot;slug&quot;:&quot;neubau&quot;},{&quot;name&quot;:&quot;Privatpool&quot;,&quot;link&quot;:&quot;https:\\\/\\\/novagestioinmobiliaria.com\\\/de\\\/eigenschaften\\\/privatpool\\\/&quot;,&quot;slug&quot;:&quot;privatpool&quot;},{&quot;name&quot;:&quot;Ruhige Lage&quot;,&quot;link&quot;:&quot;https:\\\/\\\/novagestioinmobiliaria.com\\\/de\\\/eigenschaften\\\/ruhige-lage\\\/&quot;,&quot;slug&quot;:&quot;ruhige-lage&quot;},{&quot;name&quot;:&quot;Strand in der N\\u00e4he&quot;,&quot;link&quot;:&quot;https:\\\/\\\/novagestioinmobiliaria.com\\\/de\\\/eigenschaften\\\/strand-in-der-nahe-de\\\/&quot;,&quot;slug&quot;:&quot;strand-in-der-nahe-de&quot;},{&quot;name&quot;:&quot;Terrasse&quot;,&quot;link&quot;:&quot;https:\\\/\\\/novagestioinmobiliaria.com\\\/de\\\/eigenschaften\\\/terrasse\\\/&quot;,&quot;slug&quot;:&quot;terrasse&quot;},{&quot;name&quot;:&quot;Unverbaubare Aussicht&quot;,&quot;link&quot;:&quot;https:\\\/\\\/novagestioinmobiliaria.com\\\/de\\\/eigenschaften\\\/unverbaubare-aussicht\\\/&quot;,&quot;slug&quot;:&quot;unverbaubare-aussicht&quot;}],&quot;card&quot;:false,&quot;show&quot;:true,&quot;display_after&quot;:&quot;&quot;,&quot;new_box&quot;:true}],&quot;views&quot;:21,&quot;days_ago&quot;:&quot;1\\u00a0Monat.&quot;,&quot;image_id&quot;:80311,&quot;image_url&quot;:&quot;https:\\\/\\\/novagestioinmobiliaria.com\\\/wp-content\\\/uploads\\\/2025\\\/06\\\/Finca-rustica-alquiler-Santanyi-ref-1765-1.jpg&quot;,&quot;tags&quot;:[{&quot;name&quot;:&quot;Caracter\\u00edsticas&quot;,&quot;elements&quot;:[{&quot;name&quot;:&quot;4 Schlafzimmer&quot;,&quot;link&quot;:&quot;https:\\\/\\\/novagestioinmobiliaria.com\\\/de\\\/eigenschaften\\\/4-schlafzimmer\\\/&quot;},{&quot;name&quot;:&quot;Ausblick auf die Berge&quot;,&quot;link&quot;:&quot;https:\\\/\\\/novagestioinmobiliaria.com\\\/de\\\/eigenschaften\\\/ausblick-auf-die-berge\\\/&quot;},{&quot;name&quot;:&quot;Einbauk\\u00fcche&quot;,&quot;link&quot;:&quot;https:\\\/\\\/novagestioinmobiliaria.com\\\/de\\\/eigenschaften\\\/einbaukueche\\\/&quot;},{&quot;name&quot;:&quot;Garten&quot;,&quot;link&quot;:&quot;https:\\\/\\\/novagestioinmobiliaria.com\\\/de\\\/eigenschaften\\\/garten\\\/&quot;},{&quot;name&quot;:&quot;Haustiere erlaubt&quot;,&quot;link&quot;:&quot;https:\\\/\\\/novagestioinmobiliaria.com\\\/de\\\/eigenschaften\\\/haustiere-erlaubt\\\/&quot;},{&quot;name&quot;:&quot;Klimaanlage&quot;,&quot;link&quot;:&quot;https:\\\/\\\/novagestioinmobiliaria.com\\\/de\\\/eigenschaften\\\/klimaanlage\\\/&quot;},{&quot;name&quot;:&quot;M\\u00f6bliert&quot;,&quot;link&quot;:&quot;https:\\\/\\\/novagestioinmobiliaria.com\\\/de\\\/eigenschaften\\\/moebliert\\\/&quot;},{&quot;name&quot;:&quot;Neubau&quot;,&quot;link&quot;:&quot;https:\\\/\\\/novagestioinmobiliaria.com\\\/de\\\/eigenschaften\\\/neubau\\\/&quot;},{&quot;name&quot;:&quot;Privatpool&quot;,&quot;link&quot;:&quot;https:\\\/\\\/novagestioinmobiliaria.com\\\/de\\\/eigenschaften\\\/privatpool\\\/&quot;},{&quot;name&quot;:&quot;Ruhige Lage&quot;,&quot;link&quot;:&quot;https:\\\/\\\/novagestioinmobiliaria.com\\\/de\\\/eigenschaften\\\/ruhige-lage\\\/&quot;},{&quot;name&quot;:&quot;Strand in der N\\u00e4he&quot;,&quot;link&quot;:&quot;https:\\\/\\\/novagestioinmobiliaria.com\\\/de\\\/eigenschaften\\\/strand-in-der-nahe-de\\\/&quot;},{&quot;name&quot;:&quot;Terrasse&quot;,&quot;link&quot;:&quot;https:\\\/\\\/novagestioinmobiliaria.com\\\/de\\\/eigenschaften\\\/terrasse\\\/&quot;},{&quot;name&quot;:&quot;Unverbaubare Aussicht&quot;,&quot;link&quot;:&quot;https:\\\/\\\/novagestioinmobiliaria.com\\\/de\\\/eigenschaften\\\/unverbaubare-aussicht\\\/&quot;}],&quot;has_archive&quot;:true}],&quot;status&quot;:&quot;publish&quot;,&quot;plans&quot;:[],&quot;video_plan&quot;:{&quot;src&quot;:&quot;&quot;,&quot;video&quot;:&quot;&quot;},&quot;virtual_tour&quot;:null,&quot;state&quot;:&quot;&quot;,&quot;labels&quot;:[],&quot;image&quot;:&quot;https:\\\/\\\/novagestioinmobiliaria.com\\\/wp-content\\\/uploads\\\/2025\\\/06\\\/Finca-rustica-alquiler-Santanyi-ref-1765-1-400x250.jpg&quot;,&quot;image_srcset&quot;:&quot;https:\\\/\\\/novagestioinmobiliaria.com\\\/wp-content\\\/uploads\\\/2025\\\/06\\\/Finca-rustica-alquiler-Santanyi-ref-1765-1-200x125.jpg 200w, https:\\\/\\\/novagestioinmobiliaria.com\\\/wp-content\\\/uploads\\\/2025\\\/06\\\/Finca-rustica-alquiler-Santanyi-ref-1765-1-1200x750.jpg 1200w, https:\\\/\\\/novagestioinmobiliaria.com\\\/wp-content\\\/uploads\\\/2025\\\/06\\\/Finca-rustica-alquiler-Santanyi-ref-1765-1-800x500.jpg 800w, https:\\\/\\\/novagestioinmobiliaria.com\\\/wp-content\\\/uploads\\\/2025\\\/06\\\/Finca-rustica-alquiler-Santanyi-ref-1765-1-600x375.jpg 600w, https:\\\/\\\/novagestioinmobiliaria.com\\\/wp-content\\\/uploads\\\/2025\\\/06\\\/Finca-rustica-alquiler-Santanyi-ref-1765-1-400x250.jpg 400w&quot;}'>\r\n\t\t\t\t\t\t\t\t\t\t\t\t\t<\/compare-button>\r\n\t\t\t\t\t\t\t\t\t\t\t\t<\/div>\r\n\t\t\t\t\t\t\t\t\t\t\t\t<div class=\"mh-estate-vertical__buttons__single\">\r\n\t\t\t\t\t\t\t\t\t\t\t\t\t<a href=\"https:\/\/novagestioinmobiliaria.com\/de\/propiedades-properties-immobilien\/luxurioeses-rustikales-landhaus-zur-miete-in-santanyi-ca1765sa-ade\/\"\r\n\t\t\t\t\t\t\t\t\t\t\t\t\t   title=\"Luxuri\u00f6ses rustikales Landhaus zur Miete in Santany\u00ed : : CA1765SA-ADE\"\r\n\t\t\t\t\t\t\t\t\t\t\t\t\t   class=\"mdl-button mdl-js-button mdl-button--raised mdl-js-ripple-effect mdl-button--primary-ghost\">\r\n\t\t\t\t\t\t\t\t\t\t\t\t\t\tDetails\t\t\t\t\t\t\t\t\t\t\t\t\t\t<span class=\"mdl-button__icon-right\"><i class=\"fa fa-angle-right\"><\/i><\/span>\r\n\t\t\t\t\t\t\t\t\t\t\t\t\t<\/a>\r\n\t\t\t\t\t\t\t\t\t\t\t\t<\/div>\r\n\t\t\t\t\t\t\t\t\t\t\t<\/div>\r\n\t\t\t\t\t\t\t\t\t\t<\/div>\r\n\t\t\t\t\t\t\t\t\t<\/div>\r\n\t\t\t\t\t\t\t\t<\/div>\r\n\t\t\t\t\t\t\t<\/div>\r\n\t\t\t\t\t\t<\/article>\r\n\t\t\t\t\t<\/div>\r\n\t\t\t\t\r\n\t\t\t\t\t<div class=\"item\">\r\n\t\t\t\t\t\t<article class=\"mh-estate-vertical   mh-attribute-property-type__wohnungen-apartments mh-attribute-offer-type__zu-vermieten mh-attribute-city__sa-rapita-de mh-attribute-features__2-doppelzimmer mh-attribute-features__balkon mh-attribute-features__einbaukueche mh-attribute-features__haustiere-nicht-erlaubt mh-attribute-features__meerblick mh-attribute-features__moebliert mh-attribute-features__ruhige-lage\">\r\n\t\t\t\t\t\t\t<a href=\"https:\/\/novagestioinmobiliaria.com\/de\/propiedades-properties-immobilien\/wohnung-zur-miete-in-sa-rapita-pi1644sr-ade\/\"\r\n\t\t\t\t\t\t\t   title=\"Wohnung zur Miete in Sa R\u00e1pita : : PI1644SR-ADE\"\r\n\t\t\t\t\t\t\t   class=\"mh-thumbnail\">\r\n                        <span class=\"mh-thumbnail__inner\">\r\n                                    <img\r\n                    data-srcset=\"https:\/\/novagestioinmobiliaria.com\/wp-content\/uploads\/2024\/06\/Pios-alquiler-Sa-Rapita-ref-1644-8-200x125.jpg 200w, https:\/\/novagestioinmobiliaria.com\/wp-content\/uploads\/2024\/06\/Pios-alquiler-Sa-Rapita-ref-1644-8-800x500.jpg 800w, https:\/\/novagestioinmobiliaria.com\/wp-content\/uploads\/2024\/06\/Pios-alquiler-Sa-Rapita-ref-1644-8-600x375.jpg 600w, https:\/\/novagestioinmobiliaria.com\/wp-content\/uploads\/2024\/06\/Pios-alquiler-Sa-Rapita-ref-1644-8-400x250.jpg 400w\"\r\n                    class=\"lazyload \" alt=\"Wohnung zur Miete in Sa R\u00e1pita : : PI1644SR-ADE\"\r\n                    data-sizes=\"auto\"\r\n            >\r\n\t\t\t                        <\/span>\r\n\r\n\t\t\t\t\t\t\t\t\t\t\t\t\t\t\t\t\t<div class=\"mh-caption\">\r\n\t\t\t\t\t\t\t\t\t\t<div class=\"mh-caption__inner\">\r\n\t\t\t\t\t\t\t\t\t\t\tZu vermieten\t\t\t\t\t\t\t\t\t\t<\/div>\r\n\t\t\t\t\t\t\t\t\t<\/div>\r\n\t\t\t\t\t\t\t\t\t\r\n\t\t\t\t\t\t\t\t<div class=\"mh-estate-vertical__text\">\r\n\t\t\t\t\t\t\t\t\t<div class=\"mh-estate-vertical__text__inner\">\r\n\t\t\t\t\t\t\t\t\t\tVERF\u00dcGBAR VOM 1.4.2026 BIS 31.5.2026 VERF\u00dcGBAR VOM 15.9.2026 BIS 15.6.2027 Wohnung zur Miete in Sa R\u00e1pita mit einer Gesamtfl\u00e4che von...\t\t\t\t\t\t\t\t\t<\/div>\r\n\t\t\t\t\t\t\t\t<\/div>\r\n\t\t\t\t\t\t\t<\/a>\r\n\r\n\t\t\t\t\t\t\t<div class=\"mh-estate-vertical__content\">\r\n\t\t\t\t\t\t\t\t<h3 class=\"mh-estate-vertical__heading\">\r\n\t\t\t\t\t\t\t\t\t<a href=\"https:\/\/novagestioinmobiliaria.com\/de\/propiedades-properties-immobilien\/wohnung-zur-miete-in-sa-rapita-pi1644sr-ade\/\"\r\n\t\t\t\t\t\t\t\t\t   title=\"Wohnung zur Miete in Sa R\u00e1pita : : PI1644SR-ADE\">\r\n\t\t\t\t\t\t\t\t\t\tWohnung zur Miete in Sa R\u00e1pita : : PI1644SR-ADE\t\t\t\t\t\t\t\t\t<\/a>\r\n\t\t\t\t\t\t\t\t<\/h3>\r\n\t\t\t\t\t\t\t\t<address class=\"mh-estate-vertical__subheading\">\r\n\t\t\t\t\t\t\t\t\tS\t\t\t\t\t\t\t\t<\/address>\r\n\t\t\t\t\t\t\t\t<div class=\"mh-estate-vertical__primary\">\r\n\t\t\t\t\t\t\t\t\t1.300 \u20ac\t\t\t\t\t\t\t\t<\/div>\r\n\r\n\t\t\t\t\t\t\t\t<div>\r\n\t\t\t\t\t\t\t\t\t<div class=\"mh-estate__list\">\r\n\t\t\t\t\t\t\t\t\t\t\r\n\t\t\t\t\t\t\t\t\t\t\t<span class=\"mh-estate-vertical__more-info mh-estate_attribute-offer-type\">\r\n                                        <strong>Tipo operaci\u00f3n:<\/strong>\r\n\t\t\t\t\t\t\t\t\t\t\t\t\t\t\t\t\t\t\t\t\t\t\t\t\t\tZu vermieten\t\t\t\t\t\t\t\t\t\t\t\t\t\t                                    <\/span>\r\n\r\n\t\t\t\t\t\t\t\t\t\t\r\n\t\t\t\t\t\t\t\t\t\t\t<span class=\"mh-estate-vertical__more-info mh-estate_attribute-bedrooms\">\r\n                                        <strong>Habitaciones:<\/strong>\r\n\t\t\t\t\t\t\t\t\t\t\t\t2                                    <\/span>\r\n\r\n\t\t\t\t\t\t\t\t\t\t\r\n\t\t\t\t\t\t\t\t\t\t\t<span class=\"mh-estate-vertical__more-info mh-estate_attribute-bathrooms\">\r\n                                        <strong>Ba\u00f1os:<\/strong>\r\n\t\t\t\t\t\t\t\t\t\t\t\t2                                    <\/span>\r\n\r\n\t\t\t\t\t\t\t\t\t\t\r\n\t\t\t\t\t\t\t\t\t\t\t<span class=\"mh-estate-vertical__more-info mh-estate_attribute-property-size\">\r\n                                        <strong>M2:<\/strong>\r\n\t\t\t\t\t\t\t\t\t\t\t\t90 m\u00b2                                    <\/span>\r\n\r\n\t\t\t\t\t\t\t\t\t\t\t\t\t\t\t\t\t\t\t<\/div>\r\n\t\t\t\t\t\t\t\t<\/div>\r\n\r\n\t\t\t\t\t\t\t\t<div class=\"mh-estate-vertical__bottom\">\r\n\t\t\t\t\t\t\t\t\t<div class=\"mh-estate-vertical__bottom__inner\">\r\n\t\t\t\t\t\t\t\t\t\t<div class=\"mh-estate-vertical__date\">\r\n\t\t\t\t\t\t\t\t\t\t\t2 monat.\t\t\t\t\t\t\t\t\t\t<\/div>\r\n\t\t\t\t\t\t\t\t\t\t<div class=\"mh-estate-vertical__buttons-wrapper\">\r\n\t\t\t\t\t\t\t\t\t\t\t<div class=\"mh-estate-vertical__buttons\">\r\n\t\t\t\t\t\t\t\t\t\t\t\t<div class=\"mh-estate-vertical__buttons__single\">\r\n\t\t\t\t\t\t\t\t\t\t\t\t\t<compare-button class=\"myhome-compare\"\r\n\t\t\t\t\t\t\t\t\t\t\t\t\t\t\t\t\t:translations='{&quot;added&quot;:&quot;Zus\\u00e4tzlich&quot;,&quot;compare&quot;:&quot;Vergleichen&quot;}'\r\n\t\t\t\t\t\t\t\t\t\t\t\t\t\t\t\t\t:estate='{&quot;short_excerpt_limit&quot;:125,&quot;long_excerpt_limit&quot;:160,&quot;id&quot;:88142,&quot;agent_id&quot;:&quot;26&quot;,&quot;title&quot;:&quot;Wohnung zur Miete in Sa R\\u00e1pita : : PI1644SR-ADE&quot;,&quot;content&quot;:&quot;VERF\\u00dcGBAR VOM 1.4.2026 BIS 31.5.2026\\r\\nVERF\\u00dcGBAR VOM 15.9.2026 BIS 15.6.2027\\r\\nWohnung zur Miete in Sa R\\u00e1pita mit einer Gesamtfl\\u00e4che von 90 m\\u00b2. Die Unterkunft besteht aus 2 Doppelzimmern mit Einbauschr\\u00e4nken und 2 Badezimmern. Beim Betreten finden wir einen ger\\u00e4umigen Balkon, der uns eine gute Bel\\u00fcftung und nat\\u00fcrliches Licht erm\\u00f6glicht. Die K\\u00fcche ist voll ausgestattet und f\\u00fchrt zu einem gem\\u00fctlichen Esszimmer. Dar\\u00fcber hinaus verf\\u00fcgt sie \\u00fcber einen separaten Waschraum und befindet sich in sehr gutem Zustand. Die Wohnung ist m\\u00f6bliert und die Kosten f\\u00fcr Wasser, Strom und Internet sind in der Miete enthalten. Die S\\u00fcdausrichtung der Immobilie gew\\u00e4hrleistet eine ausgezeichnete Beleuchtung den ganzen Tag \\u00fcber. Sie befindet sich im ersten Stock eines gut gepflegten Geb\\u00e4udes.\\r\\nMIETBEDINGUNGEN\\r\\n- Mietdauer vom 1.4.2026 bis 31.5.2026 und\\\/oder 15.9.2026 bis 15.6.2027\\r\\n- Nachweisbare finanzielle Solvenz\\r\\n- Eine Monatsmiete als Kaution\\r\\n- Keine Haustiere erlaubt\\r\\n- Weitere Kosten auf Anfrage\\r\\n\\r\\nNova Gesti\\u00f3, Immobilienagentur in Sa R\\u00e1pita.&quot;,&quot;excerpt&quot;:&quot;VERF\\u00dcGBAR VOM 1.4.2026 BIS 31.5.2026 VERF\\u00dcGBAR VOM 15.9.2026 BIS 15.6.2027 Wohnung zur Miete in Sa R\\u00e1pita mit einer Gesamtfl\\u00e4che von 90 m\\u00b2. Die Unterkunft besteht aus 2 Doppelzimmern mit Einbauschr\\u00e4nken und 2 Badezimmern. Beim Betreten finden wir einen ger\\u00e4umigen Balkon, der uns eine gute Bel\\u00fcftung und nat\\u00fcrliches Licht erm\\u00f6glicht. Die K\\u00fcche ist voll ausgestattet und [\\u2026]&quot;,&quot;short_excerpt&quot;:&quot;VERF\\u00dcGBAR VOM 1.4.2026 BIS 31.5.2026\\r\\nVERF\\u00dcGBAR VOM 15.9.2026 BIS 15.6.2027\\r\\nWohnung zur Miete in Sa R\\u00e1pita mit einer Gesa...&quot;,&quot;long_excerpt&quot;:&quot;VERF\\u00dcGBAR VOM 1.4.2026 BIS 31.5.2026\\r\\nVERF\\u00dcGBAR VOM 15.9.2026 BIS 15.6.2027\\r\\nWohnung zur Miete in Sa R\\u00e1pita mit einer Gesamtfl\\u00e4che von 90 m\\u00b2. Die Unterkunft ...&quot;,&quot;link&quot;:&quot;https:\\\/\\\/novagestioinmobiliaria.com\\\/de\\\/propiedades-properties-immobilien\\\/wohnung-zur-miete-in-sa-rapita-pi1644sr-ade\\\/&quot;,&quot;offer_type&quot;:&quot;Zu vermieten&quot;,&quot;price&quot;:&quot;1.300 \\u20ac&quot;,&quot;location&quot;:&quot;S&quot;,&quot;is_featured&quot;:true,&quot;gallery&quot;:[{&quot;id&quot;:72277,&quot;url&quot;:&quot;https:\\\/\\\/novagestioinmobiliaria.com\\\/wp-content\\\/uploads\\\/2024\\\/06\\\/Pios-alquiler-Sa-Rapita-ref-1644-1.jpg&quot;,&quot;alt&quot;:&quot;&quot;},{&quot;id&quot;:72280,&quot;url&quot;:&quot;https:\\\/\\\/novagestioinmobiliaria.com\\\/wp-content\\\/uploads\\\/2024\\\/06\\\/Pios-alquiler-Sa-Rapita-ref-1644-2.jpg&quot;,&quot;alt&quot;:&quot;&quot;},{&quot;id&quot;:72283,&quot;url&quot;:&quot;https:\\\/\\\/novagestioinmobiliaria.com\\\/wp-content\\\/uploads\\\/2024\\\/06\\\/Pios-alquiler-Sa-Rapita-ref-1644-3.jpg&quot;,&quot;alt&quot;:&quot;&quot;},{&quot;id&quot;:72286,&quot;url&quot;:&quot;https:\\\/\\\/novagestioinmobiliaria.com\\\/wp-content\\\/uploads\\\/2024\\\/06\\\/Pios-alquiler-Sa-Rapita-ref-1644-4.jpg&quot;,&quot;alt&quot;:&quot;&quot;},{&quot;id&quot;:72289,&quot;url&quot;:&quot;https:\\\/\\\/novagestioinmobiliaria.com\\\/wp-content\\\/uploads\\\/2024\\\/06\\\/Pios-alquiler-Sa-Rapita-ref-1644-5.jpg&quot;,&quot;alt&quot;:&quot;&quot;},{&quot;id&quot;:72292,&quot;url&quot;:&quot;https:\\\/\\\/novagestioinmobiliaria.com\\\/wp-content\\\/uploads\\\/2024\\\/06\\\/Pios-alquiler-Sa-Rapita-ref-1644-6.jpg&quot;,&quot;alt&quot;:&quot;&quot;},{&quot;id&quot;:72295,&quot;url&quot;:&quot;https:\\\/\\\/novagestioinmobiliaria.com\\\/wp-content\\\/uploads\\\/2024\\\/06\\\/Pios-alquiler-Sa-Rapita-ref-1644-7.jpg&quot;,&quot;alt&quot;:&quot;&quot;},{&quot;id&quot;:72298,&quot;url&quot;:&quot;https:\\\/\\\/novagestioinmobiliaria.com\\\/wp-content\\\/uploads\\\/2024\\\/06\\\/Pios-alquiler-Sa-Rapita-ref-1644-8.jpg&quot;,&quot;alt&quot;:&quot;&quot;},{&quot;id&quot;:72301,&quot;url&quot;:&quot;https:\\\/\\\/novagestioinmobiliaria.com\\\/wp-content\\\/uploads\\\/2024\\\/06\\\/Pios-alquiler-Sa-Rapita-ref-1644-9.jpg&quot;,&quot;alt&quot;:&quot;&quot;},{&quot;id&quot;:72304,&quot;url&quot;:&quot;https:\\\/\\\/novagestioinmobiliaria.com\\\/wp-content\\\/uploads\\\/2024\\\/06\\\/Pios-alquiler-Sa-Rapita-ref-1644-10.jpg&quot;,&quot;alt&quot;:&quot;&quot;},{&quot;id&quot;:72307,&quot;url&quot;:&quot;https:\\\/\\\/novagestioinmobiliaria.com\\\/wp-content\\\/uploads\\\/2024\\\/06\\\/Pios-alquiler-Sa-Rapita-ref-1644-11.jpg&quot;,&quot;alt&quot;:&quot;&quot;},{&quot;id&quot;:72310,&quot;url&quot;:&quot;https:\\\/\\\/novagestioinmobiliaria.com\\\/wp-content\\\/uploads\\\/2024\\\/06\\\/Pios-alquiler-Sa-Rapita-ref-1644-12.jpg&quot;,&quot;alt&quot;:&quot;&quot;},{&quot;id&quot;:72313,&quot;url&quot;:&quot;https:\\\/\\\/novagestioinmobiliaria.com\\\/wp-content\\\/uploads\\\/2024\\\/06\\\/Pios-alquiler-Sa-Rapita-ref-1644-13.jpg&quot;,&quot;alt&quot;:&quot;&quot;}],&quot;attributes&quot;:[{&quot;slug&quot;:&quot;property-type&quot;,&quot;name&quot;:&quot;Tipo propiedad&quot;,&quot;has_archive&quot;:true,&quot;elements&quot;:[{&quot;name&quot;:&quot;Wohnungen \\\/ Apartments&quot;,&quot;link&quot;:&quot;https:\\\/\\\/novagestioinmobiliaria.com\\\/de\\\/immobilientyp\\\/wohnungen-apartments\\\/&quot;,&quot;slug&quot;:&quot;wohnungen-apartments&quot;}],&quot;card&quot;:false,&quot;show&quot;:true,&quot;display_after&quot;:&quot;&quot;,&quot;new_box&quot;:false},{&quot;slug&quot;:&quot;offer-type&quot;,&quot;name&quot;:&quot;Tipo operaci\\u00f3n&quot;,&quot;has_archive&quot;:true,&quot;elements&quot;:[{&quot;name&quot;:&quot;Zu vermieten&quot;,&quot;link&quot;:&quot;https:\\\/\\\/novagestioinmobiliaria.com\\\/de\\\/offer-type\\\/zu-vermieten\\\/&quot;,&quot;slug&quot;:&quot;zu-vermieten&quot;}],&quot;card&quot;:true,&quot;show&quot;:true,&quot;display_after&quot;:&quot;&quot;,&quot;new_box&quot;:false},{&quot;slug&quot;:&quot;city&quot;,&quot;name&quot;:&quot;Zona&quot;,&quot;has_archive&quot;:true,&quot;elements&quot;:[{&quot;name&quot;:&quot;Sa R\\u00e0pita&quot;,&quot;link&quot;:&quot;https:\\\/\\\/novagestioinmobiliaria.com\\\/de\\\/city\\\/sa-rapita-de\\\/&quot;,&quot;slug&quot;:&quot;sa-rapita-de&quot;}],&quot;card&quot;:false,&quot;show&quot;:true,&quot;display_after&quot;:&quot;&quot;,&quot;new_box&quot;:false},{&quot;slug&quot;:&quot;price&quot;,&quot;name&quot;:&quot;Precio&quot;,&quot;has_archive&quot;:false,&quot;elements&quot;:[{&quot;name&quot;:&quot;1300&quot;,&quot;link&quot;:&quot;&quot;,&quot;slug&quot;:&quot;&quot;}],&quot;show&quot;:false,&quot;card&quot;:false,&quot;display_after&quot;:&quot;\\u20ac&quot;,&quot;new_box&quot;:false},{&quot;slug&quot;:&quot;bedrooms&quot;,&quot;name&quot;:&quot;Habitaciones&quot;,&quot;has_archive&quot;:false,&quot;elements&quot;:[{&quot;name&quot;:&quot;2&quot;,&quot;link&quot;:&quot;&quot;,&quot;slug&quot;:&quot;&quot;}],&quot;show&quot;:true,&quot;card&quot;:true,&quot;display_after&quot;:&quot;&quot;,&quot;new_box&quot;:false},{&quot;slug&quot;:&quot;bathrooms&quot;,&quot;name&quot;:&quot;Ba\\u00f1os&quot;,&quot;has_archive&quot;:false,&quot;elements&quot;:[{&quot;name&quot;:&quot;2&quot;,&quot;link&quot;:&quot;&quot;,&quot;slug&quot;:&quot;&quot;}],&quot;show&quot;:true,&quot;card&quot;:true,&quot;display_after&quot;:&quot;&quot;,&quot;new_box&quot;:false},{&quot;slug&quot;:&quot;property-size&quot;,&quot;name&quot;:&quot;M2&quot;,&quot;has_archive&quot;:false,&quot;elements&quot;:[{&quot;name&quot;:&quot;90&quot;,&quot;link&quot;:&quot;&quot;,&quot;slug&quot;:&quot;&quot;}],&quot;show&quot;:true,&quot;card&quot;:true,&quot;display_after&quot;:&quot;m\\u00b2&quot;,&quot;new_box&quot;:false},{&quot;slug&quot;:&quot;features&quot;,&quot;name&quot;:&quot;Caracter\\u00edsticas&quot;,&quot;has_archive&quot;:true,&quot;elements&quot;:[{&quot;name&quot;:&quot;2 Doppelzimmer&quot;,&quot;link&quot;:&quot;https:\\\/\\\/novagestioinmobiliaria.com\\\/de\\\/eigenschaften\\\/2-doppelzimmer\\\/&quot;,&quot;slug&quot;:&quot;2-doppelzimmer&quot;},{&quot;name&quot;:&quot;Balkon&quot;,&quot;link&quot;:&quot;https:\\\/\\\/novagestioinmobiliaria.com\\\/de\\\/eigenschaften\\\/balkon\\\/&quot;,&quot;slug&quot;:&quot;balkon&quot;},{&quot;name&quot;:&quot;Einbauk\\u00fcche&quot;,&quot;link&quot;:&quot;https:\\\/\\\/novagestioinmobiliaria.com\\\/de\\\/eigenschaften\\\/einbaukueche\\\/&quot;,&quot;slug&quot;:&quot;einbaukueche&quot;},{&quot;name&quot;:&quot;Haustiere NICHT erlaubt&quot;,&quot;link&quot;:&quot;https:\\\/\\\/novagestioinmobiliaria.com\\\/de\\\/eigenschaften\\\/haustiere-nicht-erlaubt\\\/&quot;,&quot;slug&quot;:&quot;haustiere-nicht-erlaubt&quot;},{&quot;name&quot;:&quot;Meerblick&quot;,&quot;link&quot;:&quot;https:\\\/\\\/novagestioinmobiliaria.com\\\/de\\\/eigenschaften\\\/meerblick\\\/&quot;,&quot;slug&quot;:&quot;meerblick&quot;},{&quot;name&quot;:&quot;M\\u00f6bliert&quot;,&quot;link&quot;:&quot;https:\\\/\\\/novagestioinmobiliaria.com\\\/de\\\/eigenschaften\\\/moebliert\\\/&quot;,&quot;slug&quot;:&quot;moebliert&quot;},{&quot;name&quot;:&quot;Ruhige Lage&quot;,&quot;link&quot;:&quot;https:\\\/\\\/novagestioinmobiliaria.com\\\/de\\\/eigenschaften\\\/ruhige-lage\\\/&quot;,&quot;slug&quot;:&quot;ruhige-lage&quot;}],&quot;card&quot;:false,&quot;show&quot;:true,&quot;display_after&quot;:&quot;&quot;,&quot;new_box&quot;:true}],&quot;views&quot;:13,&quot;days_ago&quot;:&quot;2 monat.&quot;,&quot;image_id&quot;:72298,&quot;image_url&quot;:&quot;https:\\\/\\\/novagestioinmobiliaria.com\\\/wp-content\\\/uploads\\\/2024\\\/06\\\/Pios-alquiler-Sa-Rapita-ref-1644-8.jpg&quot;,&quot;tags&quot;:[{&quot;name&quot;:&quot;Caracter\\u00edsticas&quot;,&quot;elements&quot;:[{&quot;name&quot;:&quot;2 Doppelzimmer&quot;,&quot;link&quot;:&quot;https:\\\/\\\/novagestioinmobiliaria.com\\\/de\\\/eigenschaften\\\/2-doppelzimmer\\\/&quot;},{&quot;name&quot;:&quot;Balkon&quot;,&quot;link&quot;:&quot;https:\\\/\\\/novagestioinmobiliaria.com\\\/de\\\/eigenschaften\\\/balkon\\\/&quot;},{&quot;name&quot;:&quot;Einbauk\\u00fcche&quot;,&quot;link&quot;:&quot;https:\\\/\\\/novagestioinmobiliaria.com\\\/de\\\/eigenschaften\\\/einbaukueche\\\/&quot;},{&quot;name&quot;:&quot;Haustiere NICHT erlaubt&quot;,&quot;link&quot;:&quot;https:\\\/\\\/novagestioinmobiliaria.com\\\/de\\\/eigenschaften\\\/haustiere-nicht-erlaubt\\\/&quot;},{&quot;name&quot;:&quot;Meerblick&quot;,&quot;link&quot;:&quot;https:\\\/\\\/novagestioinmobiliaria.com\\\/de\\\/eigenschaften\\\/meerblick\\\/&quot;},{&quot;name&quot;:&quot;M\\u00f6bliert&quot;,&quot;link&quot;:&quot;https:\\\/\\\/novagestioinmobiliaria.com\\\/de\\\/eigenschaften\\\/moebliert\\\/&quot;},{&quot;name&quot;:&quot;Ruhige Lage&quot;,&quot;link&quot;:&quot;https:\\\/\\\/novagestioinmobiliaria.com\\\/de\\\/eigenschaften\\\/ruhige-lage\\\/&quot;}],&quot;has_archive&quot;:true}],&quot;status&quot;:&quot;publish&quot;,&quot;plans&quot;:[],&quot;video_plan&quot;:{&quot;src&quot;:&quot;&quot;,&quot;video&quot;:&quot;&quot;},&quot;virtual_tour&quot;:null,&quot;state&quot;:&quot;&quot;,&quot;labels&quot;:[],&quot;image&quot;:&quot;https:\\\/\\\/novagestioinmobiliaria.com\\\/wp-content\\\/uploads\\\/2024\\\/06\\\/Pios-alquiler-Sa-Rapita-ref-1644-8-400x250.jpg&quot;,&quot;image_srcset&quot;:&quot;https:\\\/\\\/novagestioinmobiliaria.com\\\/wp-content\\\/uploads\\\/2024\\\/06\\\/Pios-alquiler-Sa-Rapita-ref-1644-8-200x125.jpg 200w, https:\\\/\\\/novagestioinmobiliaria.com\\\/wp-content\\\/uploads\\\/2024\\\/06\\\/Pios-alquiler-Sa-Rapita-ref-1644-8-800x500.jpg 800w, https:\\\/\\\/novagestioinmobiliaria.com\\\/wp-content\\\/uploads\\\/2024\\\/06\\\/Pios-alquiler-Sa-Rapita-ref-1644-8-600x375.jpg 600w, https:\\\/\\\/novagestioinmobiliaria.com\\\/wp-content\\\/uploads\\\/2024\\\/06\\\/Pios-alquiler-Sa-Rapita-ref-1644-8-400x250.jpg 400w&quot;}'>\r\n\t\t\t\t\t\t\t\t\t\t\t\t\t<\/compare-button>\r\n\t\t\t\t\t\t\t\t\t\t\t\t<\/div>\r\n\t\t\t\t\t\t\t\t\t\t\t\t<div class=\"mh-estate-vertical__buttons__single\">\r\n\t\t\t\t\t\t\t\t\t\t\t\t\t<a href=\"https:\/\/novagestioinmobiliaria.com\/de\/propiedades-properties-immobilien\/wohnung-zur-miete-in-sa-rapita-pi1644sr-ade\/\"\r\n\t\t\t\t\t\t\t\t\t\t\t\t\t   title=\"Wohnung zur Miete in Sa R\u00e1pita : : PI1644SR-ADE\"\r\n\t\t\t\t\t\t\t\t\t\t\t\t\t   class=\"mdl-button mdl-js-button mdl-button--raised mdl-js-ripple-effect mdl-button--primary-ghost\">\r\n\t\t\t\t\t\t\t\t\t\t\t\t\t\tDetails\t\t\t\t\t\t\t\t\t\t\t\t\t\t<span class=\"mdl-button__icon-right\"><i class=\"fa fa-angle-right\"><\/i><\/span>\r\n\t\t\t\t\t\t\t\t\t\t\t\t\t<\/a>\r\n\t\t\t\t\t\t\t\t\t\t\t\t<\/div>\r\n\t\t\t\t\t\t\t\t\t\t\t<\/div>\r\n\t\t\t\t\t\t\t\t\t\t<\/div>\r\n\t\t\t\t\t\t\t\t\t<\/div>\r\n\t\t\t\t\t\t\t\t<\/div>\r\n\t\t\t\t\t\t\t<\/div>\r\n\t\t\t\t\t\t<\/article>\r\n\t\t\t\t\t<\/div>\r\n\t\t\t\t\r\n\t\t\t\t\t<div class=\"item\">\r\n\t\t\t\t\t\t<article class=\"mh-estate-vertical   mh-attribute-property-type__stadthaeuser-ebenerdige-wohnungen mh-attribute-offer-type__zu-vermieten mh-attribute-city__cala-ratjada-de mh-attribute-features__4-schlafzimmer mh-attribute-features__einbaukueche mh-attribute-features__klimaanlage mh-attribute-features__ruhige-lage mh-attribute-features__terrasse\">\r\n\t\t\t\t\t\t\t<a href=\"https:\/\/novagestioinmobiliaria.com\/de\/propiedades-properties-immobilien\/neues-erdgeschoss-zur-miete-in-cala-ratjada-ca1869cr-ade\/\"\r\n\t\t\t\t\t\t\t   title=\"Neues Erdgeschoss zur Miete in Cala Ratjada : : CA1869CR-ADE\"\r\n\t\t\t\t\t\t\t   class=\"mh-thumbnail\">\r\n                        <span class=\"mh-thumbnail__inner\">\r\n                                    <img\r\n                    data-srcset=\"https:\/\/novagestioinmobiliaria.com\/wp-content\/uploads\/2026\/03\/Casa-planta-baja-alquiler-Cala-Ratjada-ref-1869-2-200x125.jpeg 200w, https:\/\/novagestioinmobiliaria.com\/wp-content\/uploads\/2026\/03\/Casa-planta-baja-alquiler-Cala-Ratjada-ref-1869-2-800x500.jpeg 800w, https:\/\/novagestioinmobiliaria.com\/wp-content\/uploads\/2026\/03\/Casa-planta-baja-alquiler-Cala-Ratjada-ref-1869-2-600x375.jpeg 600w, https:\/\/novagestioinmobiliaria.com\/wp-content\/uploads\/2026\/03\/Casa-planta-baja-alquiler-Cala-Ratjada-ref-1869-2-400x250.jpeg 400w\"\r\n                    class=\"lazyload \" alt=\"Neues Erdgeschoss zur Miete in Cala Ratjada : : CA1869CR-ADE\"\r\n                    data-sizes=\"auto\"\r\n            >\r\n\t\t\t                        <\/span>\r\n\r\n\t\t\t\t\t\t\t\t\t\t\t\t\t\t\t\t\t<div class=\"mh-caption\">\r\n\t\t\t\t\t\t\t\t\t\t<div class=\"mh-caption__inner\">\r\n\t\t\t\t\t\t\t\t\t\t\tZu vermieten\t\t\t\t\t\t\t\t\t\t<\/div>\r\n\t\t\t\t\t\t\t\t\t<\/div>\r\n\t\t\t\t\t\t\t\t\t\r\n\t\t\t\t\t\t\t\t<div class=\"mh-estate-vertical__text\">\r\n\t\t\t\t\t\t\t\t\t<div class=\"mh-estate-vertical__text__inner\">\r\n\t\t\t\t\t\t\t\t\t\tVERF\u00dcGBAR AB JUNI Brandneue Erdgeschosswohnung zur Miete mit gro\u00dfz\u00fcgigem Privatbereich in einer ruhigen Gegend von Cala Ratjada, verf\u00fcgbar ab Juni....\t\t\t\t\t\t\t\t\t<\/div>\r\n\t\t\t\t\t\t\t\t<\/div>\r\n\t\t\t\t\t\t\t<\/a>\r\n\r\n\t\t\t\t\t\t\t<div class=\"mh-estate-vertical__content\">\r\n\t\t\t\t\t\t\t\t<h3 class=\"mh-estate-vertical__heading\">\r\n\t\t\t\t\t\t\t\t\t<a href=\"https:\/\/novagestioinmobiliaria.com\/de\/propiedades-properties-immobilien\/neues-erdgeschoss-zur-miete-in-cala-ratjada-ca1869cr-ade\/\"\r\n\t\t\t\t\t\t\t\t\t   title=\"Neues Erdgeschoss zur Miete in Cala Ratjada : : CA1869CR-ADE\">\r\n\t\t\t\t\t\t\t\t\t\tNeues Erdgeschoss zur Miete in Cala Ratjada : : CA1869CR-ADE\t\t\t\t\t\t\t\t\t<\/a>\r\n\t\t\t\t\t\t\t\t<\/h3>\r\n\t\t\t\t\t\t\t\t<address class=\"mh-estate-vertical__subheading\">\r\n\t\t\t\t\t\t\t\t\tC\t\t\t\t\t\t\t\t<\/address>\r\n\t\t\t\t\t\t\t\t<div class=\"mh-estate-vertical__primary\">\r\n\t\t\t\t\t\t\t\t\t2.500 \u20ac\t\t\t\t\t\t\t\t<\/div>\r\n\r\n\t\t\t\t\t\t\t\t<div>\r\n\t\t\t\t\t\t\t\t\t<div class=\"mh-estate__list\">\r\n\t\t\t\t\t\t\t\t\t\t\r\n\t\t\t\t\t\t\t\t\t\t\t<span class=\"mh-estate-vertical__more-info mh-estate_attribute-offer-type\">\r\n                                        <strong>Tipo operaci\u00f3n:<\/strong>\r\n\t\t\t\t\t\t\t\t\t\t\t\t\t\t\t\t\t\t\t\t\t\t\t\t\t\tZu vermieten\t\t\t\t\t\t\t\t\t\t\t\t\t\t                                    <\/span>\r\n\r\n\t\t\t\t\t\t\t\t\t\t\r\n\t\t\t\t\t\t\t\t\t\t\t<span class=\"mh-estate-vertical__more-info mh-estate_attribute-bedrooms\">\r\n                                        <strong>Habitaciones:<\/strong>\r\n\t\t\t\t\t\t\t\t\t\t\t\t4                                    <\/span>\r\n\r\n\t\t\t\t\t\t\t\t\t\t\r\n\t\t\t\t\t\t\t\t\t\t\t<span class=\"mh-estate-vertical__more-info mh-estate_attribute-bathrooms\">\r\n                                        <strong>Ba\u00f1os:<\/strong>\r\n\t\t\t\t\t\t\t\t\t\t\t\t2                                    <\/span>\r\n\r\n\t\t\t\t\t\t\t\t\t\t\r\n\t\t\t\t\t\t\t\t\t\t\t<span class=\"mh-estate-vertical__more-info mh-estate_attribute-property-size\">\r\n                                        <strong>M2:<\/strong>\r\n\t\t\t\t\t\t\t\t\t\t\t\t146 m\u00b2                                    <\/span>\r\n\r\n\t\t\t\t\t\t\t\t\t\t\t\t\t\t\t\t\t\t\t<\/div>\r\n\t\t\t\t\t\t\t\t<\/div>\r\n\r\n\t\t\t\t\t\t\t\t<div class=\"mh-estate-vertical__bottom\">\r\n\t\t\t\t\t\t\t\t\t<div class=\"mh-estate-vertical__bottom__inner\">\r\n\t\t\t\t\t\t\t\t\t\t<div class=\"mh-estate-vertical__date\">\r\n\t\t\t\t\t\t\t\t\t\t\t2 monat.\t\t\t\t\t\t\t\t\t\t<\/div>\r\n\t\t\t\t\t\t\t\t\t\t<div class=\"mh-estate-vertical__buttons-wrapper\">\r\n\t\t\t\t\t\t\t\t\t\t\t<div class=\"mh-estate-vertical__buttons\">\r\n\t\t\t\t\t\t\t\t\t\t\t\t<div class=\"mh-estate-vertical__buttons__single\">\r\n\t\t\t\t\t\t\t\t\t\t\t\t\t<compare-button class=\"myhome-compare\"\r\n\t\t\t\t\t\t\t\t\t\t\t\t\t\t\t\t\t:translations='{&quot;added&quot;:&quot;Zus\\u00e4tzlich&quot;,&quot;compare&quot;:&quot;Vergleichen&quot;}'\r\n\t\t\t\t\t\t\t\t\t\t\t\t\t\t\t\t\t:estate='{&quot;short_excerpt_limit&quot;:125,&quot;long_excerpt_limit&quot;:160,&quot;id&quot;:87809,&quot;agent_id&quot;:&quot;1&quot;,&quot;title&quot;:&quot;Neues Erdgeschoss zur Miete in Cala Ratjada : : CA1869CR-ADE&quot;,&quot;content&quot;:&quot;VERF\\u00dcGBAR AB JUNI\\r\\nBrandneue Erdgeschosswohnung zur Miete mit gro\\u00dfz\\u00fcgigem Privatbereich in einer ruhigen Gegend von Cala Ratjada, verf\\u00fcgbar ab Juni. Modernes und helles Zuhause mit gro\\u00dfz\\u00fcgigen exklusiven Au\\u00dfenbereichen, f\\u00fcnf Minuten von den Str\\u00e4nden Cala Agulla und Cala Mesquida entfernt.\\r\\nSie verf\\u00fcgt \\u00fcber ein gro\\u00dfes Wohn-Esszimmer mit voll ausgestatteter offener K\\u00fcche mit neuen Ger\\u00e4ten, separatem Waschraum und vier Schlafzimmern (2 Doppel- und 2 Einzelzimmer, unm\\u00f6bliert). Zwei vollst\\u00e4ndige Badezimmer, eines davon en suite im Hauptschlafzimmer. Klimaanlage warm\\\/kalt \\u00fcber Aerothermie. Au\\u00dfenbereiche: 16 m\\u00b2 Veranda, 20 m\\u00b2 Vorderterrasse und gro\\u00dfe 67 m\\u00b2 Hinterterrasse.\\r\\n146 m\\u00b2 gebaut, 4 Schlafzimmer, 2 Badezimmer, Veranda + 2 private Terrassen, ausgestattete und m\\u00f6blierte K\\u00fcche, unm\\u00f6blierte Schlafzimmer, warm\\\/kalt Aerothermie, einfaches Parken auf der Stra\\u00dfe.\\r\\nMIETBEDINGUNGEN:\\r\\n- Langfristige Vermietung.\\r\\n- Arbeitsvertr\\u00e4ge mit wichtiger Stellung oder nachweisbarem Einkommen sind erforderlich.\\r\\n- Strom- und Wasserkosten separat. M\\u00fcllgeb\\u00fchren inklusive.\\r\\n- 1 Monatsmiete als Kaution.\\r\\n- Haustiere mit Bedingungen erlaubt.\\r\\n- Andere Kosten auf Anfrage.\\r\\n\\r\\nNova Gesti\\u00f3, Immobilienagentur in Cala Ratjada&quot;,&quot;excerpt&quot;:&quot;VERF\\u00dcGBAR AB JUNI Brandneue Erdgeschosswohnung zur Miete mit gro\\u00dfz\\u00fcgigem Privatbereich in einer ruhigen Gegend von Cala Ratjada, verf\\u00fcgbar ab Juni. Modernes und helles Zuhause mit gro\\u00dfz\\u00fcgigen exklusiven Au\\u00dfenbereichen, f\\u00fcnf Minuten von den Str\\u00e4nden Cala Agulla und Cala Mesquida entfernt. Sie verf\\u00fcgt \\u00fcber ein gro\\u00dfes Wohn-Esszimmer mit voll ausgestatteter offener K\\u00fcche mit neuen Ger\\u00e4ten, separatem Waschraum [\\u2026]&quot;,&quot;short_excerpt&quot;:&quot;VERF\\u00dcGBAR AB JUNI\\r\\nBrandneue Erdgeschosswohnung zur Miete mit gro\\u00dfz\\u00fcgigem Privatbereich in einer ruhigen Gegend von Cala R...&quot;,&quot;long_excerpt&quot;:&quot;VERF\\u00dcGBAR AB JUNI\\r\\nBrandneue Erdgeschosswohnung zur Miete mit gro\\u00dfz\\u00fcgigem Privatbereich in einer ruhigen Gegend von Cala Ratjada, verf\\u00fcgbar ab Juni. Modernes...&quot;,&quot;link&quot;:&quot;https:\\\/\\\/novagestioinmobiliaria.com\\\/de\\\/propiedades-properties-immobilien\\\/neues-erdgeschoss-zur-miete-in-cala-ratjada-ca1869cr-ade\\\/&quot;,&quot;offer_type&quot;:&quot;Zu vermieten&quot;,&quot;price&quot;:&quot;2.500 \\u20ac&quot;,&quot;location&quot;:&quot;C&quot;,&quot;is_featured&quot;:true,&quot;gallery&quot;:[{&quot;id&quot;:87806,&quot;url&quot;:&quot;https:\\\/\\\/novagestioinmobiliaria.com\\\/wp-content\\\/uploads\\\/2026\\\/03\\\/Casa-planta-baja-alquiler-Cala-Ratjada-ref-1869-1-scaled.jpg&quot;,&quot;alt&quot;:&quot;&quot;},{&quot;id&quot;:87803,&quot;url&quot;:&quot;https:\\\/\\\/novagestioinmobiliaria.com\\\/wp-content\\\/uploads\\\/2026\\\/03\\\/Casa-planta-baja-alquiler-Cala-Ratjada-ref-1869-1.jpeg&quot;,&quot;alt&quot;:&quot;&quot;},{&quot;id&quot;:87800,&quot;url&quot;:&quot;https:\\\/\\\/novagestioinmobiliaria.com\\\/wp-content\\\/uploads\\\/2026\\\/03\\\/Casa-planta-baja-alquiler-Cala-Ratjada-ref-1869-2.jpeg&quot;,&quot;alt&quot;:&quot;&quot;}],&quot;attributes&quot;:[{&quot;slug&quot;:&quot;property-type&quot;,&quot;name&quot;:&quot;Tipo propiedad&quot;,&quot;has_archive&quot;:true,&quot;elements&quot;:[{&quot;name&quot;:&quot;Stadth\\u00e4user \\\/ Ebenerdige Wohnungen&quot;,&quot;link&quot;:&quot;https:\\\/\\\/novagestioinmobiliaria.com\\\/de\\\/immobilientyp\\\/stadthaeuser-ebenerdige-wohnungen\\\/&quot;,&quot;slug&quot;:&quot;stadthaeuser-ebenerdige-wohnungen&quot;}],&quot;card&quot;:false,&quot;show&quot;:true,&quot;display_after&quot;:&quot;&quot;,&quot;new_box&quot;:false},{&quot;slug&quot;:&quot;offer-type&quot;,&quot;name&quot;:&quot;Tipo operaci\\u00f3n&quot;,&quot;has_archive&quot;:true,&quot;elements&quot;:[{&quot;name&quot;:&quot;Zu vermieten&quot;,&quot;link&quot;:&quot;https:\\\/\\\/novagestioinmobiliaria.com\\\/de\\\/offer-type\\\/zu-vermieten\\\/&quot;,&quot;slug&quot;:&quot;zu-vermieten&quot;}],&quot;card&quot;:true,&quot;show&quot;:true,&quot;display_after&quot;:&quot;&quot;,&quot;new_box&quot;:false},{&quot;slug&quot;:&quot;city&quot;,&quot;name&quot;:&quot;Zona&quot;,&quot;has_archive&quot;:true,&quot;elements&quot;:[{&quot;name&quot;:&quot;Cala Ratjada&quot;,&quot;link&quot;:&quot;https:\\\/\\\/novagestioinmobiliaria.com\\\/de\\\/city\\\/cala-ratjada-de\\\/&quot;,&quot;slug&quot;:&quot;cala-ratjada-de&quot;}],&quot;card&quot;:false,&quot;show&quot;:true,&quot;display_after&quot;:&quot;&quot;,&quot;new_box&quot;:false},{&quot;slug&quot;:&quot;price&quot;,&quot;name&quot;:&quot;Precio&quot;,&quot;has_archive&quot;:false,&quot;elements&quot;:[{&quot;name&quot;:&quot;2500&quot;,&quot;link&quot;:&quot;&quot;,&quot;slug&quot;:&quot;&quot;}],&quot;show&quot;:false,&quot;card&quot;:false,&quot;display_after&quot;:&quot;\\u20ac&quot;,&quot;new_box&quot;:false},{&quot;slug&quot;:&quot;bedrooms&quot;,&quot;name&quot;:&quot;Habitaciones&quot;,&quot;has_archive&quot;:false,&quot;elements&quot;:[{&quot;name&quot;:&quot;4&quot;,&quot;link&quot;:&quot;&quot;,&quot;slug&quot;:&quot;&quot;}],&quot;show&quot;:true,&quot;card&quot;:true,&quot;display_after&quot;:&quot;&quot;,&quot;new_box&quot;:false},{&quot;slug&quot;:&quot;bathrooms&quot;,&quot;name&quot;:&quot;Ba\\u00f1os&quot;,&quot;has_archive&quot;:false,&quot;elements&quot;:[{&quot;name&quot;:&quot;2&quot;,&quot;link&quot;:&quot;&quot;,&quot;slug&quot;:&quot;&quot;}],&quot;show&quot;:true,&quot;card&quot;:true,&quot;display_after&quot;:&quot;&quot;,&quot;new_box&quot;:false},{&quot;slug&quot;:&quot;property-size&quot;,&quot;name&quot;:&quot;M2&quot;,&quot;has_archive&quot;:false,&quot;elements&quot;:[{&quot;name&quot;:&quot;146&quot;,&quot;link&quot;:&quot;&quot;,&quot;slug&quot;:&quot;&quot;}],&quot;show&quot;:true,&quot;card&quot;:true,&quot;display_after&quot;:&quot;m\\u00b2&quot;,&quot;new_box&quot;:false},{&quot;slug&quot;:&quot;features&quot;,&quot;name&quot;:&quot;Caracter\\u00edsticas&quot;,&quot;has_archive&quot;:true,&quot;elements&quot;:[{&quot;name&quot;:&quot;4 Schlafzimmer&quot;,&quot;link&quot;:&quot;https:\\\/\\\/novagestioinmobiliaria.com\\\/de\\\/eigenschaften\\\/4-schlafzimmer\\\/&quot;,&quot;slug&quot;:&quot;4-schlafzimmer&quot;},{&quot;name&quot;:&quot;Einbauk\\u00fcche&quot;,&quot;link&quot;:&quot;https:\\\/\\\/novagestioinmobiliaria.com\\\/de\\\/eigenschaften\\\/einbaukueche\\\/&quot;,&quot;slug&quot;:&quot;einbaukueche&quot;},{&quot;name&quot;:&quot;Klimaanlage&quot;,&quot;link&quot;:&quot;https:\\\/\\\/novagestioinmobiliaria.com\\\/de\\\/eigenschaften\\\/klimaanlage\\\/&quot;,&quot;slug&quot;:&quot;klimaanlage&quot;},{&quot;name&quot;:&quot;Ruhige Lage&quot;,&quot;link&quot;:&quot;https:\\\/\\\/novagestioinmobiliaria.com\\\/de\\\/eigenschaften\\\/ruhige-lage\\\/&quot;,&quot;slug&quot;:&quot;ruhige-lage&quot;},{&quot;name&quot;:&quot;Terrasse&quot;,&quot;link&quot;:&quot;https:\\\/\\\/novagestioinmobiliaria.com\\\/de\\\/eigenschaften\\\/terrasse\\\/&quot;,&quot;slug&quot;:&quot;terrasse&quot;}],&quot;card&quot;:false,&quot;show&quot;:true,&quot;display_after&quot;:&quot;&quot;,&quot;new_box&quot;:true}],&quot;views&quot;:26,&quot;days_ago&quot;:&quot;2 monat.&quot;,&quot;image_id&quot;:87800,&quot;image_url&quot;:&quot;https:\\\/\\\/novagestioinmobiliaria.com\\\/wp-content\\\/uploads\\\/2026\\\/03\\\/Casa-planta-baja-alquiler-Cala-Ratjada-ref-1869-2.jpeg&quot;,&quot;tags&quot;:[{&quot;name&quot;:&quot;Caracter\\u00edsticas&quot;,&quot;elements&quot;:[{&quot;name&quot;:&quot;4 Schlafzimmer&quot;,&quot;link&quot;:&quot;https:\\\/\\\/novagestioinmobiliaria.com\\\/de\\\/eigenschaften\\\/4-schlafzimmer\\\/&quot;},{&quot;name&quot;:&quot;Einbauk\\u00fcche&quot;,&quot;link&quot;:&quot;https:\\\/\\\/novagestioinmobiliaria.com\\\/de\\\/eigenschaften\\\/einbaukueche\\\/&quot;},{&quot;name&quot;:&quot;Klimaanlage&quot;,&quot;link&quot;:&quot;https:\\\/\\\/novagestioinmobiliaria.com\\\/de\\\/eigenschaften\\\/klimaanlage\\\/&quot;},{&quot;name&quot;:&quot;Ruhige Lage&quot;,&quot;link&quot;:&quot;https:\\\/\\\/novagestioinmobiliaria.com\\\/de\\\/eigenschaften\\\/ruhige-lage\\\/&quot;},{&quot;name&quot;:&quot;Terrasse&quot;,&quot;link&quot;:&quot;https:\\\/\\\/novagestioinmobiliaria.com\\\/de\\\/eigenschaften\\\/terrasse\\\/&quot;}],&quot;has_archive&quot;:true}],&quot;status&quot;:&quot;publish&quot;,&quot;plans&quot;:[],&quot;video_plan&quot;:{&quot;src&quot;:&quot;&quot;,&quot;video&quot;:&quot;&quot;},&quot;virtual_tour&quot;:null,&quot;state&quot;:&quot;&quot;,&quot;labels&quot;:[],&quot;image&quot;:&quot;https:\\\/\\\/novagestioinmobiliaria.com\\\/wp-content\\\/uploads\\\/2026\\\/03\\\/Casa-planta-baja-alquiler-Cala-Ratjada-ref-1869-2-400x250.jpeg&quot;,&quot;image_srcset&quot;:&quot;https:\\\/\\\/novagestioinmobiliaria.com\\\/wp-content\\\/uploads\\\/2026\\\/03\\\/Casa-planta-baja-alquiler-Cala-Ratjada-ref-1869-2-200x125.jpeg 200w, https:\\\/\\\/novagestioinmobiliaria.com\\\/wp-content\\\/uploads\\\/2026\\\/03\\\/Casa-planta-baja-alquiler-Cala-Ratjada-ref-1869-2-800x500.jpeg 800w, https:\\\/\\\/novagestioinmobiliaria.com\\\/wp-content\\\/uploads\\\/2026\\\/03\\\/Casa-planta-baja-alquiler-Cala-Ratjada-ref-1869-2-600x375.jpeg 600w, https:\\\/\\\/novagestioinmobiliaria.com\\\/wp-content\\\/uploads\\\/2026\\\/03\\\/Casa-planta-baja-alquiler-Cala-Ratjada-ref-1869-2-400x250.jpeg 400w&quot;}'>\r\n\t\t\t\t\t\t\t\t\t\t\t\t\t<\/compare-button>\r\n\t\t\t\t\t\t\t\t\t\t\t\t<\/div>\r\n\t\t\t\t\t\t\t\t\t\t\t\t<div class=\"mh-estate-vertical__buttons__single\">\r\n\t\t\t\t\t\t\t\t\t\t\t\t\t<a href=\"https:\/\/novagestioinmobiliaria.com\/de\/propiedades-properties-immobilien\/neues-erdgeschoss-zur-miete-in-cala-ratjada-ca1869cr-ade\/\"\r\n\t\t\t\t\t\t\t\t\t\t\t\t\t   title=\"Neues Erdgeschoss zur Miete in Cala Ratjada : : CA1869CR-ADE\"\r\n\t\t\t\t\t\t\t\t\t\t\t\t\t   class=\"mdl-button mdl-js-button mdl-button--raised mdl-js-ripple-effect mdl-button--primary-ghost\">\r\n\t\t\t\t\t\t\t\t\t\t\t\t\t\tDetails\t\t\t\t\t\t\t\t\t\t\t\t\t\t<span class=\"mdl-button__icon-right\"><i class=\"fa fa-angle-right\"><\/i><\/span>\r\n\t\t\t\t\t\t\t\t\t\t\t\t\t<\/a>\r\n\t\t\t\t\t\t\t\t\t\t\t\t<\/div>\r\n\t\t\t\t\t\t\t\t\t\t\t<\/div>\r\n\t\t\t\t\t\t\t\t\t\t<\/div>\r\n\t\t\t\t\t\t\t\t\t<\/div>\r\n\t\t\t\t\t\t\t\t<\/div>\r\n\t\t\t\t\t\t\t<\/div>\r\n\t\t\t\t\t\t<\/article>\r\n\t\t\t\t\t<\/div>\r\n\t\t\t\t\r\n\t\t\t\t\t<div class=\"item\">\r\n\t\t\t\t\t\t<article class=\"mh-estate-vertical   mh-attribute-property-type__fincas-landhaeuser mh-attribute-offer-type__zu-vermieten mh-attribute-city__arta-de mh-attribute-features__4-schlafzimmer mh-attribute-features__ausblick-auf-die-berge mh-attribute-features__einbaukueche mh-attribute-features__garten mh-attribute-features__gemeinschaftspool mh-attribute-features__klimaanlage mh-attribute-features__moebliert mh-attribute-features__panoramablick mh-attribute-features__ruhige-lage mh-attribute-features__stromanschluss mh-attribute-features__terrasse mh-attribute-features__unverbaubare-aussicht mh-attribute-features__zentrale-lage\">\r\n\t\t\t\t\t\t\t<a href=\"https:\/\/novagestioinmobiliaria.com\/de\/propiedades-properties-immobilien\/rustikales-landhaus-zur-miete-in-arta-fr1870ar-ade\/\"\r\n\t\t\t\t\t\t\t   title=\"Rustikales Landhaus zur Miete in Art\u00e1 : : FR1870AR-ADE\"\r\n\t\t\t\t\t\t\t   class=\"mh-thumbnail\">\r\n                        <span class=\"mh-thumbnail__inner\">\r\n                                    <img\r\n                    data-srcset=\"https:\/\/novagestioinmobiliaria.com\/wp-content\/uploads\/2026\/02\/Fimca-rustica-Arta-alquiler-ref-1870-8-200x125.jpg 200w, https:\/\/novagestioinmobiliaria.com\/wp-content\/uploads\/2026\/02\/Fimca-rustica-Arta-alquiler-ref-1870-8-800x500.jpg 800w, https:\/\/novagestioinmobiliaria.com\/wp-content\/uploads\/2026\/02\/Fimca-rustica-Arta-alquiler-ref-1870-8-600x375.jpg 600w, https:\/\/novagestioinmobiliaria.com\/wp-content\/uploads\/2026\/02\/Fimca-rustica-Arta-alquiler-ref-1870-8-400x250.jpg 400w\"\r\n                    class=\"lazyload \" alt=\"Rustikales Landhaus zur Miete in Art\u00e1 : : FR1870AR-ADE\"\r\n                    data-sizes=\"auto\"\r\n            >\r\n\t\t\t                        <\/span>\r\n\r\n\t\t\t\t\t\t\t\t\t\t\t\t\t\t\t\t\t<div class=\"mh-caption\">\r\n\t\t\t\t\t\t\t\t\t\t<div class=\"mh-caption__inner\">\r\n\t\t\t\t\t\t\t\t\t\t\tZu vermieten\t\t\t\t\t\t\t\t\t\t<\/div>\r\n\t\t\t\t\t\t\t\t\t<\/div>\r\n\t\t\t\t\t\t\t\t\t\r\n\t\t\t\t\t\t\t\t<div class=\"mh-estate-vertical__text\">\r\n\t\t\t\t\t\t\t\t\t<div class=\"mh-estate-vertical__text__inner\">\r\n\t\t\t\t\t\t\t\t\t\tCharmantes rustikales Anwesen zur Miete in Art\u00e0, ideal f\u00fcr diejenigen, die Ruhe, Privatsph\u00e4re und eine privilegierte nat\u00fcrliche Umgebung suchen. Die...\t\t\t\t\t\t\t\t\t<\/div>\r\n\t\t\t\t\t\t\t\t<\/div>\r\n\t\t\t\t\t\t\t<\/a>\r\n\r\n\t\t\t\t\t\t\t<div class=\"mh-estate-vertical__content\">\r\n\t\t\t\t\t\t\t\t<h3 class=\"mh-estate-vertical__heading\">\r\n\t\t\t\t\t\t\t\t\t<a href=\"https:\/\/novagestioinmobiliaria.com\/de\/propiedades-properties-immobilien\/rustikales-landhaus-zur-miete-in-arta-fr1870ar-ade\/\"\r\n\t\t\t\t\t\t\t\t\t   title=\"Rustikales Landhaus zur Miete in Art\u00e1 : : FR1870AR-ADE\">\r\n\t\t\t\t\t\t\t\t\t\tRustikales Landhaus zur Miete in Art\u00e1 : : FR1870AR-ADE\t\t\t\t\t\t\t\t\t<\/a>\r\n\t\t\t\t\t\t\t\t<\/h3>\r\n\t\t\t\t\t\t\t\t<address class=\"mh-estate-vertical__subheading\">\r\n\t\t\t\t\t\t\t\t\tA\t\t\t\t\t\t\t\t<\/address>\r\n\t\t\t\t\t\t\t\t<div class=\"mh-estate-vertical__primary\">\r\n\t\t\t\t\t\t\t\t\t2.500 \u20ac\t\t\t\t\t\t\t\t<\/div>\r\n\r\n\t\t\t\t\t\t\t\t<div>\r\n\t\t\t\t\t\t\t\t\t<div class=\"mh-estate__list\">\r\n\t\t\t\t\t\t\t\t\t\t\r\n\t\t\t\t\t\t\t\t\t\t\t<span class=\"mh-estate-vertical__more-info mh-estate_attribute-offer-type\">\r\n                                        <strong>Tipo operaci\u00f3n:<\/strong>\r\n\t\t\t\t\t\t\t\t\t\t\t\t\t\t\t\t\t\t\t\t\t\t\t\t\t\tZu vermieten\t\t\t\t\t\t\t\t\t\t\t\t\t\t                                    <\/span>\r\n\r\n\t\t\t\t\t\t\t\t\t\t\r\n\t\t\t\t\t\t\t\t\t\t\t<span class=\"mh-estate-vertical__more-info mh-estate_attribute-bedrooms\">\r\n                                        <strong>Habitaciones:<\/strong>\r\n\t\t\t\t\t\t\t\t\t\t\t\t4                                    <\/span>\r\n\r\n\t\t\t\t\t\t\t\t\t\t\r\n\t\t\t\t\t\t\t\t\t\t\t<span class=\"mh-estate-vertical__more-info mh-estate_attribute-bathrooms\">\r\n                                        <strong>Ba\u00f1os:<\/strong>\r\n\t\t\t\t\t\t\t\t\t\t\t\t2                                    <\/span>\r\n\r\n\t\t\t\t\t\t\t\t\t\t\r\n\t\t\t\t\t\t\t\t\t\t\t<span class=\"mh-estate-vertical__more-info mh-estate_attribute-property-size\">\r\n                                        <strong>M2:<\/strong>\r\n\t\t\t\t\t\t\t\t\t\t\t\t150 m\u00b2                                    <\/span>\r\n\r\n\t\t\t\t\t\t\t\t\t\t\t\t\t\t\t\t\t\t\t<\/div>\r\n\t\t\t\t\t\t\t\t<\/div>\r\n\r\n\t\t\t\t\t\t\t\t<div class=\"mh-estate-vertical__bottom\">\r\n\t\t\t\t\t\t\t\t\t<div class=\"mh-estate-vertical__bottom__inner\">\r\n\t\t\t\t\t\t\t\t\t\t<div class=\"mh-estate-vertical__date\">\r\n\t\t\t\t\t\t\t\t\t\t\t2 monat.\t\t\t\t\t\t\t\t\t\t<\/div>\r\n\t\t\t\t\t\t\t\t\t\t<div class=\"mh-estate-vertical__buttons-wrapper\">\r\n\t\t\t\t\t\t\t\t\t\t\t<div class=\"mh-estate-vertical__buttons\">\r\n\t\t\t\t\t\t\t\t\t\t\t\t<div class=\"mh-estate-vertical__buttons__single\">\r\n\t\t\t\t\t\t\t\t\t\t\t\t\t<compare-button class=\"myhome-compare\"\r\n\t\t\t\t\t\t\t\t\t\t\t\t\t\t\t\t\t:translations='{&quot;added&quot;:&quot;Zus\\u00e4tzlich&quot;,&quot;compare&quot;:&quot;Vergleichen&quot;}'\r\n\t\t\t\t\t\t\t\t\t\t\t\t\t\t\t\t\t:estate='{&quot;short_excerpt_limit&quot;:125,&quot;long_excerpt_limit&quot;:160,&quot;id&quot;:87740,&quot;agent_id&quot;:&quot;26&quot;,&quot;title&quot;:&quot;Rustikales Landhaus zur Miete in Art\\u00e1 : : FR1870AR-ADE&quot;,&quot;content&quot;:&quot;Charmantes rustikales Anwesen zur Miete in Art\\u00e0, ideal f\\u00fcr diejenigen, die Ruhe, Privatsph\\u00e4re und eine privilegierte nat\\u00fcrliche Umgebung suchen.\\r\\n\\r\\nDie Immobilie verf\\u00fcgt \\u00fcber 150 m\\u00b2 Wohnfl\\u00e4che, aufgeteilt in 4 Schlafzimmer und 2 Badezimmer, eines davon en suite und das andere k\\u00fcrzlich mit einer Dusche renoviert. Sie bietet ein ger\\u00e4umiges und helles Wohn-Esszimmer mit direktem Zugang zu einer privaten Terrasse von ca. 30 m\\u00b2, ideal f\\u00fcr angenehme Momente im Freien und den Blick auf den Garten.\\r\\nDie K\\u00fcche ist voll ausgestattet mit K\\u00fchlschrank, Backofen, Cerankochfeld, Geschirrsp\\u00fcler und Waschmaschine, bereit zum Einzug. Das Haus verf\\u00fcgt auch \\u00fcber drei Klimaanlagen mit Heiz- und K\\u00fchlfunktion, die ganzj\\u00e4hrigen Komfort garantieren, sowie Steinzeugb\\u00f6den in Parkettoptik, die W\\u00e4rme und Stil verleihen.\\r\\nIm Au\\u00dfenbereich befindet sich das Anwesen auf einem Grundst\\u00fcck von ca. 520 m\\u00b2 und bietet einen sch\\u00f6nen Garten mit einem gro\\u00dfen Pool, ideal zum Genie\\u00dfen des mediterranen Klimas in entspannter Atmosph\\u00e4re.\\r\\n\\r\\nEin perfektes Zuhause f\\u00fcr diejenigen, die mitten in der Natur leben m\\u00f6chten, ohne auf Komfort zu verzichten, nur wenige Minuten vom charmanten Ort Art\\u00e0 entfernt.\\r\\n\\r\\nMIETBEDINGUNGEN\\r\\n- Nachweis \\u00fcber Arbeitseinkommen mit einer mindestens einj\\u00e4hrigen Historie oder nachweisbaren Einkommen erforderlich\\r\\n- Wasser und Strom NICHT INBEGRIFFEN\\r\\n- Pool- und Gartenpflege IM PREIS INBEGRIFFEN\\r\\n- 1 Monatsmiete Kaution\\r\\n- 1 Monat Gew\\u00e4hrleistung\\r\\n- Weitere Kosten, bei der Agentur erfragen\\r\\n- Haustiere erlaubt unter bestimmten Bedingungen\\r\\n\\r\\nNova Gesti\\u00f3 Inmobiliaria - Ihre Immobilienagentur in Art\\u00e0&quot;,&quot;excerpt&quot;:&quot;Charmantes rustikales Anwesen zur Miete in Art\\u00e0, ideal f\\u00fcr diejenigen, die Ruhe, Privatsph\\u00e4re und eine privilegierte nat\\u00fcrliche Umgebung suchen. Die Immobilie verf\\u00fcgt \\u00fcber 150 m\\u00b2 Wohnfl\\u00e4che, aufgeteilt in 4 Schlafzimmer und 2 Badezimmer, eines davon en suite und das andere k\\u00fcrzlich mit einer Dusche renoviert. Sie bietet ein ger\\u00e4umiges und helles Wohn-Esszimmer mit direktem Zugang [\\u2026]&quot;,&quot;short_excerpt&quot;:&quot;Charmantes rustikales Anwesen zur Miete in Art\\u00e0, ideal f\\u00fcr diejenigen, die Ruhe, Privatsph\\u00e4re und eine privilegierte nat\\u00fcr...&quot;,&quot;long_excerpt&quot;:&quot;Charmantes rustikales Anwesen zur Miete in Art\\u00e0, ideal f\\u00fcr diejenigen, die Ruhe, Privatsph\\u00e4re und eine privilegierte nat\\u00fcrliche Umgebung suchen.\\r\\n\\r\\nDie Immob...&quot;,&quot;link&quot;:&quot;https:\\\/\\\/novagestioinmobiliaria.com\\\/de\\\/propiedades-properties-immobilien\\\/rustikales-landhaus-zur-miete-in-arta-fr1870ar-ade\\\/&quot;,&quot;offer_type&quot;:&quot;Zu vermieten&quot;,&quot;price&quot;:&quot;2.500 \\u20ac&quot;,&quot;location&quot;:&quot;A&quot;,&quot;is_featured&quot;:true,&quot;gallery&quot;:[],&quot;attributes&quot;:[{&quot;slug&quot;:&quot;property-type&quot;,&quot;name&quot;:&quot;Tipo propiedad&quot;,&quot;has_archive&quot;:true,&quot;elements&quot;:[{&quot;name&quot;:&quot;Fincas \\\/ Landh\\u00e4user&quot;,&quot;link&quot;:&quot;https:\\\/\\\/novagestioinmobiliaria.com\\\/de\\\/immobilientyp\\\/fincas-landhaeuser\\\/&quot;,&quot;slug&quot;:&quot;fincas-landhaeuser&quot;}],&quot;card&quot;:false,&quot;show&quot;:true,&quot;display_after&quot;:&quot;&quot;,&quot;new_box&quot;:false},{&quot;slug&quot;:&quot;offer-type&quot;,&quot;name&quot;:&quot;Tipo operaci\\u00f3n&quot;,&quot;has_archive&quot;:true,&quot;elements&quot;:[{&quot;name&quot;:&quot;Zu vermieten&quot;,&quot;link&quot;:&quot;https:\\\/\\\/novagestioinmobiliaria.com\\\/de\\\/offer-type\\\/zu-vermieten\\\/&quot;,&quot;slug&quot;:&quot;zu-vermieten&quot;}],&quot;card&quot;:true,&quot;show&quot;:true,&quot;display_after&quot;:&quot;&quot;,&quot;new_box&quot;:false},{&quot;slug&quot;:&quot;city&quot;,&quot;name&quot;:&quot;Zona&quot;,&quot;has_archive&quot;:true,&quot;elements&quot;:[{&quot;name&quot;:&quot;Art\\u00e1&quot;,&quot;link&quot;:&quot;https:\\\/\\\/novagestioinmobiliaria.com\\\/de\\\/city\\\/arta-de\\\/&quot;,&quot;slug&quot;:&quot;arta-de&quot;}],&quot;card&quot;:false,&quot;show&quot;:true,&quot;display_after&quot;:&quot;&quot;,&quot;new_box&quot;:false},{&quot;slug&quot;:&quot;price&quot;,&quot;name&quot;:&quot;Precio&quot;,&quot;has_archive&quot;:false,&quot;elements&quot;:[{&quot;name&quot;:&quot;2500&quot;,&quot;link&quot;:&quot;&quot;,&quot;slug&quot;:&quot;&quot;}],&quot;show&quot;:false,&quot;card&quot;:false,&quot;display_after&quot;:&quot;\\u20ac&quot;,&quot;new_box&quot;:false},{&quot;slug&quot;:&quot;bedrooms&quot;,&quot;name&quot;:&quot;Habitaciones&quot;,&quot;has_archive&quot;:false,&quot;elements&quot;:[{&quot;name&quot;:&quot;4&quot;,&quot;link&quot;:&quot;&quot;,&quot;slug&quot;:&quot;&quot;}],&quot;show&quot;:true,&quot;card&quot;:true,&quot;display_after&quot;:&quot;&quot;,&quot;new_box&quot;:false},{&quot;slug&quot;:&quot;bathrooms&quot;,&quot;name&quot;:&quot;Ba\\u00f1os&quot;,&quot;has_archive&quot;:false,&quot;elements&quot;:[{&quot;name&quot;:&quot;2&quot;,&quot;link&quot;:&quot;&quot;,&quot;slug&quot;:&quot;&quot;}],&quot;show&quot;:true,&quot;card&quot;:true,&quot;display_after&quot;:&quot;&quot;,&quot;new_box&quot;:false},{&quot;slug&quot;:&quot;property-size&quot;,&quot;name&quot;:&quot;M2&quot;,&quot;has_archive&quot;:false,&quot;elements&quot;:[{&quot;name&quot;:&quot;150&quot;,&quot;link&quot;:&quot;&quot;,&quot;slug&quot;:&quot;&quot;}],&quot;show&quot;:true,&quot;card&quot;:true,&quot;display_after&quot;:&quot;m\\u00b2&quot;,&quot;new_box&quot;:false},{&quot;slug&quot;:&quot;lot-size&quot;,&quot;name&quot;:&quot;Terreno \\\/ Solar&quot;,&quot;has_archive&quot;:false,&quot;elements&quot;:[{&quot;name&quot;:&quot;520&quot;,&quot;link&quot;:&quot;&quot;,&quot;slug&quot;:&quot;&quot;}],&quot;show&quot;:true,&quot;card&quot;:false,&quot;display_after&quot;:&quot;m\\u00b2&quot;,&quot;new_box&quot;:false},{&quot;slug&quot;:&quot;features&quot;,&quot;name&quot;:&quot;Caracter\\u00edsticas&quot;,&quot;has_archive&quot;:true,&quot;elements&quot;:[{&quot;name&quot;:&quot;4 Schlafzimmer&quot;,&quot;link&quot;:&quot;https:\\\/\\\/novagestioinmobiliaria.com\\\/de\\\/eigenschaften\\\/4-schlafzimmer\\\/&quot;,&quot;slug&quot;:&quot;4-schlafzimmer&quot;},{&quot;name&quot;:&quot;Ausblick auf die Berge&quot;,&quot;link&quot;:&quot;https:\\\/\\\/novagestioinmobiliaria.com\\\/de\\\/eigenschaften\\\/ausblick-auf-die-berge\\\/&quot;,&quot;slug&quot;:&quot;ausblick-auf-die-berge&quot;},{&quot;name&quot;:&quot;Einbauk\\u00fcche&quot;,&quot;link&quot;:&quot;https:\\\/\\\/novagestioinmobiliaria.com\\\/de\\\/eigenschaften\\\/einbaukueche\\\/&quot;,&quot;slug&quot;:&quot;einbaukueche&quot;},{&quot;name&quot;:&quot;Garten&quot;,&quot;link&quot;:&quot;https:\\\/\\\/novagestioinmobiliaria.com\\\/de\\\/eigenschaften\\\/garten\\\/&quot;,&quot;slug&quot;:&quot;garten&quot;},{&quot;name&quot;:&quot;Gemeinschaftspool&quot;,&quot;link&quot;:&quot;https:\\\/\\\/novagestioinmobiliaria.com\\\/de\\\/eigenschaften\\\/gemeinschaftspool\\\/&quot;,&quot;slug&quot;:&quot;gemeinschaftspool&quot;},{&quot;name&quot;:&quot;Klimaanlage&quot;,&quot;link&quot;:&quot;https:\\\/\\\/novagestioinmobiliaria.com\\\/de\\\/eigenschaften\\\/klimaanlage\\\/&quot;,&quot;slug&quot;:&quot;klimaanlage&quot;},{&quot;name&quot;:&quot;M\\u00f6bliert&quot;,&quot;link&quot;:&quot;https:\\\/\\\/novagestioinmobiliaria.com\\\/de\\\/eigenschaften\\\/moebliert\\\/&quot;,&quot;slug&quot;:&quot;moebliert&quot;},{&quot;name&quot;:&quot;Panoramablick&quot;,&quot;link&quot;:&quot;https:\\\/\\\/novagestioinmobiliaria.com\\\/de\\\/eigenschaften\\\/panoramablick\\\/&quot;,&quot;slug&quot;:&quot;panoramablick&quot;},{&quot;name&quot;:&quot;Ruhige Lage&quot;,&quot;link&quot;:&quot;https:\\\/\\\/novagestioinmobiliaria.com\\\/de\\\/eigenschaften\\\/ruhige-lage\\\/&quot;,&quot;slug&quot;:&quot;ruhige-lage&quot;},{&quot;name&quot;:&quot;Stromanschluss&quot;,&quot;link&quot;:&quot;https:\\\/\\\/novagestioinmobiliaria.com\\\/de\\\/eigenschaften\\\/stromanschluss\\\/&quot;,&quot;slug&quot;:&quot;stromanschluss&quot;},{&quot;name&quot;:&quot;Terrasse&quot;,&quot;link&quot;:&quot;https:\\\/\\\/novagestioinmobiliaria.com\\\/de\\\/eigenschaften\\\/terrasse\\\/&quot;,&quot;slug&quot;:&quot;terrasse&quot;},{&quot;name&quot;:&quot;Unverbaubare Aussicht&quot;,&quot;link&quot;:&quot;https:\\\/\\\/novagestioinmobiliaria.com\\\/de\\\/eigenschaften\\\/unverbaubare-aussicht\\\/&quot;,&quot;slug&quot;:&quot;unverbaubare-aussicht&quot;},{&quot;name&quot;:&quot;Zentrale Lage&quot;,&quot;link&quot;:&quot;https:\\\/\\\/novagestioinmobiliaria.com\\\/de\\\/eigenschaften\\\/zentrale-lage\\\/&quot;,&quot;slug&quot;:&quot;zentrale-lage&quot;}],&quot;card&quot;:false,&quot;show&quot;:true,&quot;display_after&quot;:&quot;&quot;,&quot;new_box&quot;:true}],&quot;views&quot;:52,&quot;days_ago&quot;:&quot;2 monat.&quot;,&quot;image_id&quot;:87685,&quot;image_url&quot;:&quot;https:\\\/\\\/novagestioinmobiliaria.com\\\/wp-content\\\/uploads\\\/2026\\\/02\\\/Fimca-rustica-Arta-alquiler-ref-1870-8.jpg&quot;,&quot;tags&quot;:[{&quot;name&quot;:&quot;Caracter\\u00edsticas&quot;,&quot;elements&quot;:[{&quot;name&quot;:&quot;4 Schlafzimmer&quot;,&quot;link&quot;:&quot;https:\\\/\\\/novagestioinmobiliaria.com\\\/de\\\/eigenschaften\\\/4-schlafzimmer\\\/&quot;},{&quot;name&quot;:&quot;Ausblick auf die Berge&quot;,&quot;link&quot;:&quot;https:\\\/\\\/novagestioinmobiliaria.com\\\/de\\\/eigenschaften\\\/ausblick-auf-die-berge\\\/&quot;},{&quot;name&quot;:&quot;Einbauk\\u00fcche&quot;,&quot;link&quot;:&quot;https:\\\/\\\/novagestioinmobiliaria.com\\\/de\\\/eigenschaften\\\/einbaukueche\\\/&quot;},{&quot;name&quot;:&quot;Garten&quot;,&quot;link&quot;:&quot;https:\\\/\\\/novagestioinmobiliaria.com\\\/de\\\/eigenschaften\\\/garten\\\/&quot;},{&quot;name&quot;:&quot;Gemeinschaftspool&quot;,&quot;link&quot;:&quot;https:\\\/\\\/novagestioinmobiliaria.com\\\/de\\\/eigenschaften\\\/gemeinschaftspool\\\/&quot;},{&quot;name&quot;:&quot;Klimaanlage&quot;,&quot;link&quot;:&quot;https:\\\/\\\/novagestioinmobiliaria.com\\\/de\\\/eigenschaften\\\/klimaanlage\\\/&quot;},{&quot;name&quot;:&quot;M\\u00f6bliert&quot;,&quot;link&quot;:&quot;https:\\\/\\\/novagestioinmobiliaria.com\\\/de\\\/eigenschaften\\\/moebliert\\\/&quot;},{&quot;name&quot;:&quot;Panoramablick&quot;,&quot;link&quot;:&quot;https:\\\/\\\/novagestioinmobiliaria.com\\\/de\\\/eigenschaften\\\/panoramablick\\\/&quot;},{&quot;name&quot;:&quot;Ruhige Lage&quot;,&quot;link&quot;:&quot;https:\\\/\\\/novagestioinmobiliaria.com\\\/de\\\/eigenschaften\\\/ruhige-lage\\\/&quot;},{&quot;name&quot;:&quot;Stromanschluss&quot;,&quot;link&quot;:&quot;https:\\\/\\\/novagestioinmobiliaria.com\\\/de\\\/eigenschaften\\\/stromanschluss\\\/&quot;},{&quot;name&quot;:&quot;Terrasse&quot;,&quot;link&quot;:&quot;https:\\\/\\\/novagestioinmobiliaria.com\\\/de\\\/eigenschaften\\\/terrasse\\\/&quot;},{&quot;name&quot;:&quot;Unverbaubare Aussicht&quot;,&quot;link&quot;:&quot;https:\\\/\\\/novagestioinmobiliaria.com\\\/de\\\/eigenschaften\\\/unverbaubare-aussicht\\\/&quot;},{&quot;name&quot;:&quot;Zentrale Lage&quot;,&quot;link&quot;:&quot;https:\\\/\\\/novagestioinmobiliaria.com\\\/de\\\/eigenschaften\\\/zentrale-lage\\\/&quot;}],&quot;has_archive&quot;:true}],&quot;status&quot;:&quot;publish&quot;,&quot;plans&quot;:[],&quot;video_plan&quot;:{&quot;src&quot;:&quot;&quot;,&quot;video&quot;:&quot;&quot;},&quot;virtual_tour&quot;:null,&quot;state&quot;:&quot;&quot;,&quot;labels&quot;:[],&quot;image&quot;:&quot;https:\\\/\\\/novagestioinmobiliaria.com\\\/wp-content\\\/uploads\\\/2026\\\/02\\\/Fimca-rustica-Arta-alquiler-ref-1870-8-400x250.jpg&quot;,&quot;image_srcset&quot;:&quot;https:\\\/\\\/novagestioinmobiliaria.com\\\/wp-content\\\/uploads\\\/2026\\\/02\\\/Fimca-rustica-Arta-alquiler-ref-1870-8-200x125.jpg 200w, https:\\\/\\\/novagestioinmobiliaria.com\\\/wp-content\\\/uploads\\\/2026\\\/02\\\/Fimca-rustica-Arta-alquiler-ref-1870-8-800x500.jpg 800w, https:\\\/\\\/novagestioinmobiliaria.com\\\/wp-content\\\/uploads\\\/2026\\\/02\\\/Fimca-rustica-Arta-alquiler-ref-1870-8-600x375.jpg 600w, https:\\\/\\\/novagestioinmobiliaria.com\\\/wp-content\\\/uploads\\\/2026\\\/02\\\/Fimca-rustica-Arta-alquiler-ref-1870-8-400x250.jpg 400w&quot;}'>\r\n\t\t\t\t\t\t\t\t\t\t\t\t\t<\/compare-button>\r\n\t\t\t\t\t\t\t\t\t\t\t\t<\/div>\r\n\t\t\t\t\t\t\t\t\t\t\t\t<div class=\"mh-estate-vertical__buttons__single\">\r\n\t\t\t\t\t\t\t\t\t\t\t\t\t<a href=\"https:\/\/novagestioinmobiliaria.com\/de\/propiedades-properties-immobilien\/rustikales-landhaus-zur-miete-in-arta-fr1870ar-ade\/\"\r\n\t\t\t\t\t\t\t\t\t\t\t\t\t   title=\"Rustikales Landhaus zur Miete in Art\u00e1 : : FR1870AR-ADE\"\r\n\t\t\t\t\t\t\t\t\t\t\t\t\t   class=\"mdl-button mdl-js-button mdl-button--raised mdl-js-ripple-effect mdl-button--primary-ghost\">\r\n\t\t\t\t\t\t\t\t\t\t\t\t\t\tDetails\t\t\t\t\t\t\t\t\t\t\t\t\t\t<span class=\"mdl-button__icon-right\"><i class=\"fa fa-angle-right\"><\/i><\/span>\r\n\t\t\t\t\t\t\t\t\t\t\t\t\t<\/a>\r\n\t\t\t\t\t\t\t\t\t\t\t\t<\/div>\r\n\t\t\t\t\t\t\t\t\t\t\t<\/div>\r\n\t\t\t\t\t\t\t\t\t\t<\/div>\r\n\t\t\t\t\t\t\t\t\t<\/div>\r\n\t\t\t\t\t\t\t\t<\/div>\r\n\t\t\t\t\t\t\t<\/div>\r\n\t\t\t\t\t\t<\/article>\r\n\t\t\t\t\t<\/div>\r\n\t\t\t\t\t\t\t<\/div>\r\n\t\t\t[\/vc_column][\/vc_row]<\/p>\n<\/div>","protected":false},"excerpt":{"rendered":"<p>[vc_row full_width=&#8221;stretch_row_content_no_spaces&#8221;][vc_column][\/vc_column][\/vc_row][vc_row 0=&#8221;&#8221;][vc_column css=&#8221;.vc_custom_1494338363945{padding-top: 39px !important;padding-bottom: 24px !important;}&#8221;][vc_row_inner][vc_column_inner][vc_empty_space height=&#8221;12px&#8221;][\/vc_column_inner][\/vc_row_inner][vc_single_image image=&#8221;3186&#8243; img_size=&#8221;full&#8221; alignment=&#8221;center&#8221;][vc_row_inner 0=&#8221;&#8221;][vc_column_inner width=&#8221;1\/2&#8243;][vc_column_text css=&#8221;&#8221;] Besitzen Sie eine Immobilie und wissen nicht, wie viel sie wert sein k\u00f6nnte? Nova Gesti\u00f3 Inmobiliaria bewertet sie kostenlos und unverbindlich f\u00fcr Sie. Wir besichtigen sie auch kostenlos, um Ihnen eine realistische, marktgerechte Bewertung zu erstellen. Schreiben Sie uns, und [&hellip;]<\/p>\n","protected":false},"author":1,"featured_media":0,"parent":0,"menu_order":0,"comment_status":"closed","ping_status":"closed","template":"page_full-width.php","meta":{"_exactmetrics_skip_tracking":false,"_exactmetrics_sitenote_active":false,"_exactmetrics_sitenote_note":"","_exactmetrics_sitenote_category":0,"footnotes":"","_joinchat":[]},"_links":{"self":[{"href":"https:\/\/novagestioinmobiliaria.com\/de\/wp-json\/wp\/v2\/pages\/79864"}],"collection":[{"href":"https:\/\/novagestioinmobiliaria.com\/de\/wp-json\/wp\/v2\/pages"}],"about":[{"href":"https:\/\/novagestioinmobiliaria.com\/de\/wp-json\/wp\/v2\/types\/page"}],"author":[{"embeddable":true,"href":"https:\/\/novagestioinmobiliaria.com\/de\/wp-json\/wp\/v2\/users\/1"}],"replies":[{"embeddable":true,"href":"https:\/\/novagestioinmobiliaria.com\/de\/wp-json\/wp\/v2\/comments?post=79864"}],"version-history":[{"count":6,"href":"https:\/\/novagestioinmobiliaria.com\/de\/wp-json\/wp\/v2\/pages\/79864\/revisions"}],"predecessor-version":[{"id":79876,"href":"https:\/\/novagestioinmobiliaria.com\/de\/wp-json\/wp\/v2\/pages\/79864\/revisions\/79876"}],"wp:attachment":[{"href":"https:\/\/novagestioinmobiliaria.com\/de\/wp-json\/wp\/v2\/media?parent=79864"}],"curies":[{"name":"wp","href":"https:\/\/api.w.org\/{rel}","templated":true}]}}