{"id":79864,"date":"2025-07-15T11:29:59","date_gmt":"2025-07-15T11:29:59","guid":{"rendered":"https:\/\/novagestioinmobiliaria.com\/eigentuemer-der-eine-anfrage-stellt\/"},"modified":"2025-07-15T17:40:17","modified_gmt":"2025-07-15T17:40:17","slug":"eigentuemer-der-eine-anfrage-stellt","status":"publish","type":"page","link":"https:\/\/novagestioinmobiliaria.com\/de\/eigentuemer-der-eine-anfrage-stellt\/","title":{"rendered":"Eigent\u00fcmer, der eine Anfrage stellt"},"content":{"rendered":"<div class=\"wpb-content-wrapper\"><p>[vc_row full_width=&#8221;stretch_row_content_no_spaces&#8221;][vc_column]\r\n\t\t<div class=\"mh-heading-wrapper  \">\r\n\t\t\t\t\t\t\t<div class=\"mh-heading-background-wrapper mh-background-cover lazyload\" style=\"background-image:inherit;\" data-bg-image=\"url(&#039;https:\/\/novagestioinmobiliaria.com\/wp-content\/uploads\/2019\/06\/Finca-alquiler-Sant-Joan-ref-732-6.jpg&#039;)\">\r\n\t\t\t\r\n\t\t\t<h1 class=\"mh-heading mh-color-white mh-heading--bottom-separator   \"\r\n\t\t\t\t\tstyle=\"font-weight:700;\">\r\n\t\t\t\tICH M\u00d6CHTE EINE KOSTENLOSE IMMOBILIENBEWERTUNG\t\t\t<\/h1>\r\n\r\n\t\t\t\r\n\t\t\t\t\t\t\t<\/div>\r\n\t\t\t\t\t<\/div>\r\n\r\n        [\/vc_column][\/vc_row][vc_row 0=&#8221;&#8221;][vc_column css=&#8221;.vc_custom_1494338363945{padding-top: 39px !important;padding-bottom: 24px !important;}&#8221;][vc_row_inner][vc_column_inner][vc_empty_space height=&#8221;12px&#8221;][\/vc_column_inner][\/vc_row_inner][vc_single_image image=&#8221;3186&#8243; img_size=&#8221;full&#8221; alignment=&#8221;center&#8221;][vc_row_inner 0=&#8221;&#8221;][vc_column_inner width=&#8221;1\/2&#8243;]\r\n\t\t<div class=\"mh-heading-wrapper  \">\r\n\t\t\t\r\n\t\t\t<h3 class=\"mh-heading  mh-heading--bottom-separator    vc_custom_1752600172862\"\r\n\t\t\t\t\tstyle=\"font-weight:700;\">\r\n\t\t\t\tM\u00f6chten Sie, dass wir Ihre Immobilie bewerten?\t\t\t<\/h3>\r\n\r\n\t\t\t\r\n\t\t\t\t\t<\/div>\r\n\r\n        [vc_column_text css=&#8221;&#8221;]<br \/>\n<strong>Besitzen Sie eine Immobilie und wissen nicht, wie viel sie wert sein k\u00f6nnte?<\/strong><br \/>\n<strong>Nova Gesti\u00f3 Inmobiliaria bewertet sie kostenlos und unverbindlich f\u00fcr Sie.<\/strong><br \/>\nWir besichtigen sie auch kostenlos, um Ihnen eine realistische, marktgerechte Bewertung zu erstellen.<br \/>\nSchreiben Sie uns, und wir vereinbaren einen kostenlosen Besichtigungstermin mit einem erfahrenen Immobilienmakler. M\u00f6chten Sie wissen, wie viel Ihre Immobilie wert ist?<br \/>\nNova Gesti\u00f3 Inmobiliaria bietet Ihnen eine kostenlose, professionelle und unverbindliche Bewertung an.<br \/>\nEiner unserer Makler besucht Ihre Immobilie kostenlos und ermittelt pers\u00f6nlich den Marktwert.<br \/>\nDas ist der erste Schritt zu einem erfolgreichen Verkauf!<\/p>\n<p>Kontaktieren Sie uns jetzt und vereinbaren Sie einen kostenlosen Besichtigungstermin.<\/p>\n<p><strong>F\u00fcllen Sie unser Formular aus.<\/strong>[\/vc_column_text]\r\n\t\t<div class=\"mh-heading-wrapper  \">\r\n\t\t\t\r\n\t\t\t<h3 class=\"mh-heading  mh-heading--bottom-separator    vc_custom_1752599771732\"\r\n\t\t\t\t\tstyle=\"font-weight:700;\">\r\n\t\t\t\tKOSTENLOSES IMMOBILIENBEWERTUNGSFORMULAR\t\t\t<\/h3>\r\n\r\n\t\t\t\r\n\t\t\t\t\t<\/div>\r\n\r\n        \n<div class=\"wpcf7 no-js\" id=\"wpcf7-f79874-o1\" lang=\"en-US\" dir=\"ltr\">\n<div class=\"screen-reader-response\"><p role=\"status\" aria-live=\"polite\" aria-atomic=\"true\"><\/p> <ul><\/ul><\/div>\n<form action=\"\/de\/wp-json\/wp\/v2\/pages\/79864#wpcf7-f79874-o1\" method=\"post\" class=\"wpcf7-form init\" aria-label=\"Contact form\" novalidate=\"novalidate\" data-status=\"init\">\n<div style=\"display: none;\">\n<input type=\"hidden\" name=\"_wpcf7\" value=\"79874\" \/>\n<input type=\"hidden\" name=\"_wpcf7_version\" value=\"5.9.8\" \/>\n<input type=\"hidden\" name=\"_wpcf7_locale\" value=\"en_US\" \/>\n<input type=\"hidden\" name=\"_wpcf7_unit_tag\" value=\"wpcf7-f79874-o1\" \/>\n<input type=\"hidden\" name=\"_wpcf7_container_post\" value=\"0\" \/>\n<input type=\"hidden\" name=\"_wpcf7_posted_data_hash\" value=\"\" \/>\n<input type=\"hidden\" name=\"_wpcf7_recaptcha_response\" value=\"\" \/>\n<\/div>\n<p>Felder mit * sind Pflichtfelder. <label><span class=\"wpcf7-form-control-wrap\" data-name=\"su-nombre\"><input size=\"40\" maxlength=\"400\" class=\"wpcf7-form-control wpcf7-text wpcf7-validates-as-required\" aria-required=\"true\" aria-invalid=\"false\" placeholder=\"Ihr vollst\u00e4ndiger Name*\" value=\"\" type=\"text\" name=\"su-nombre\" \/><\/span><\/label><label><span class=\"wpcf7-form-control-wrap\" data-name=\"su-mail\"><input size=\"40\" maxlength=\"400\" class=\"wpcf7-form-control wpcf7-email wpcf7-validates-as-required wpcf7-text wpcf7-validates-as-email\" aria-required=\"true\" aria-invalid=\"false\" placeholder=\"Ihre E-Mail*\" value=\"\" type=\"email\" name=\"su-mail\" \/><\/span><\/label><label><span class=\"wpcf7-form-control-wrap\" data-name=\"su-telefono\"><input size=\"40\" maxlength=\"400\" class=\"wpcf7-form-control wpcf7-text wpcf7-validates-as-required\" aria-required=\"true\" aria-invalid=\"false\" placeholder=\"Ihre Telefonnummer*\" value=\"\" type=\"text\" name=\"su-telefono\" \/><\/span><\/label><span class=\"wpcf7-form-control-wrap\" data-name=\"vendo\"><select class=\"wpcf7-form-control wpcf7-select wpcf7-validates-as-required\" aria-required=\"true\" aria-invalid=\"false\" name=\"vendo\"><option value=\"Ich verkaufe ein\/e...*\">Ich verkaufe ein\/e...*<\/option><option value=\"Reihenhaus \/ Doppelhaush\u00e4lfte\">Reihenhaus \/ Doppelhaush\u00e4lfte<\/option><option value=\"Freistehendes Haus\">Freistehendes Haus<\/option><option value=\"Villa\">Villa<\/option><option value=\"B\u00fcro\">B\u00fcro<\/option><option value=\"Rustikales Anwesen\">Rustikales Anwesen<\/option><option value=\"Garage\">Garage<\/option><option value=\"Gewerbefl\u00e4che\">Gewerbefl\u00e4che<\/option><option value=\"Industriehalle\">Industriehalle<\/option><option value=\"Stellplatz\">Stellplatz<\/option><option value=\"Wohnung \/ Apartment\">Wohnung \/ Apartment<\/option><option value=\"Erdgeschosswohnung\">Erdgeschosswohnung<\/option><option value=\"Besondere Immobilie\">Besondere Immobilie<\/option><option value=\"Baugrundst\u00fcck\">Baugrundst\u00fcck<\/option><option value=\"Landwirtschaftsfl\u00e4che\">Landwirtschaftsfl\u00e4che<\/option><option value=\"Andere\">Andere<\/option><\/select><\/span><label><span class=\"wpcf7-form-control-wrap\" data-name=\"su-poblacion\"><input size=\"40\" maxlength=\"400\" class=\"wpcf7-form-control wpcf7-text wpcf7-validates-as-required\" aria-required=\"true\" aria-invalid=\"false\" placeholder=\"Ort*\" value=\"\" type=\"text\" name=\"su-poblacion\" \/><\/span><\/label><label><span class=\"wpcf7-form-control-wrap\" data-name=\"zona\"><input size=\"40\" maxlength=\"400\" class=\"wpcf7-form-control wpcf7-text\" aria-invalid=\"false\" placeholder=\"Gebiet der Immobilie\" value=\"\" type=\"text\" name=\"zona\" \/><\/span><\/label><label><span class=\"wpcf7-form-control-wrap\" data-name=\"caracteristicas\"><textarea cols=\"40\" rows=\"10\" maxlength=\"2000\" class=\"wpcf7-form-control wpcf7-textarea\" aria-invalid=\"false\" placeholder=\"Bitte beschreiben Sie Ihre Immobilie so genau wie m\u00f6glich.\" name=\"caracteristicas\"><\/textarea><\/span> <\/label><span class=\"wpcf7-form-control-wrap\" data-name=\"terminos-condiciones\"><span class=\"wpcf7-form-control wpcf7-acceptance\"><span class=\"wpcf7-list-item\"><input type=\"checkbox\" name=\"terminos-condiciones\" value=\"1\" aria-invalid=\"false\" \/><\/span><\/span><\/span><a href=\"http:\/\/novagestioinmobiliaria.com\/aviso-legal-y-proteccion-de-datos\/\" target=\"_blank\" rel=\"noopener\"> Mit dem Absenden dieses Formulars akzeptiere ich die rechtlichen Bedingungen<\/a><br \/>\n<input class=\"wpcf7-form-control wpcf7-submit has-spinner\" type=\"submit\" value=\"Formular absenden\" \/>\n<\/p><div class=\"wpcf7-response-output\" aria-hidden=\"true\"><\/div>\n<\/form>\n<\/div>\n[\/vc_column_inner][vc_column_inner width=&#8221;1\/2&#8243;][vc_single_image image=&#8221;79772&#8243; img_size=&#8221;full&#8221; css=&#8221;&#8221;][\/vc_column_inner][\/vc_row_inner][\/vc_column][\/vc_row][vc_row 0=&#8221;&#8221; full_width=&#8221;stretch_row&#8221; css=&#8221;.vc_custom_1494609476686{background-color: #f4f4f4 !important;}&#8221;][vc_column css=&#8221;.vc_custom_1494333765775{padding-top: 39px !important;padding-bottom: 24px !important;}&#8221;]\r\n\t\t<div class=\"mh-heading-wrapper  \">\r\n\t\t\t\r\n\t\t\t<h2 class=\"mh-heading  mh-heading--bottom-separator    vc_custom_1752599748340\"\r\n\t\t\t\t\tstyle=\"font-weight:700;\">\r\n\t\t\t\tAusgew\u00e4hlte Immobilien\t\t\t<\/h2>\r\n\r\n\t\t\t\r\n\t\t\t\t\t<\/div>\r\n\r\n        \t\t\t<div class=\"mh-carousel owl-carousel owl-carousel--visible-3 \">\r\n\t\t\t\t\r\n\t\t\t\t\t<div class=\"item\">\r\n\t\t\t\t\t\t<article class=\"mh-estate-vertical   mh-attribute-property-type__wohnungen-apartments mh-attribute-offer-type__zu-vermieten mh-attribute-city__cala-morlanda-de mh-attribute-features__1-bad mh-attribute-features__einbaukueche mh-attribute-features__garten mh-attribute-features__haustiere-nicht-erlaubt mh-attribute-features__klimaanlage mh-attribute-features__langzeitmiete mh-attribute-features__moebliert mh-attribute-features__obergeschoss mh-attribute-features__ruhige-lage mh-attribute-features__terrasse\">\r\n\t\t\t\t\t\t\t<a href=\"https:\/\/novagestioinmobiliaria.com\/de\/propiedades-properties-immobilien\/wunderschoenes-haus-zu-vermieten-in-cala-morlanda-ca1922cmor-ade\/\"\r\n\t\t\t\t\t\t\t   title=\"Wundersch\u00f6nes Haus zu vermieten in Cala Morlanda : : CA1922CMOR-ADE\"\r\n\t\t\t\t\t\t\t   class=\"mh-thumbnail\">\r\n                        <span class=\"mh-thumbnail__inner\">\r\n                                    <img\r\n                    data-srcset=\"https:\/\/novagestioinmobiliaria.com\/wp-content\/uploads\/2026\/08\/Casa-en-alquiler-en-Cala-Morlanda-ref-1922-7-200x125.jpg 200w, https:\/\/novagestioinmobiliaria.com\/wp-content\/uploads\/2026\/08\/Casa-en-alquiler-en-Cala-Morlanda-ref-1922-7-800x500.jpg 800w, https:\/\/novagestioinmobiliaria.com\/wp-content\/uploads\/2026\/08\/Casa-en-alquiler-en-Cala-Morlanda-ref-1922-7-600x375.jpg 600w, https:\/\/novagestioinmobiliaria.com\/wp-content\/uploads\/2026\/08\/Casa-en-alquiler-en-Cala-Morlanda-ref-1922-7-400x250.jpg 400w\"\r\n                    class=\"lazyload \" alt=\"Wundersch\u00f6nes Haus zu vermieten in Cala Morlanda : : CA1922CMOR-ADE\"\r\n                    data-sizes=\"auto\"\r\n            >\r\n\t\t\t                        <\/span>\r\n\r\n\t\t\t\t\t\t\t\t\t\t\t\t\t\t\t\t\t<div class=\"mh-caption\">\r\n\t\t\t\t\t\t\t\t\t\t<div class=\"mh-caption__inner\">\r\n\t\t\t\t\t\t\t\t\t\t\tZu vermieten\t\t\t\t\t\t\t\t\t\t<\/div>\r\n\t\t\t\t\t\t\t\t\t<\/div>\r\n\t\t\t\t\t\t\t\t\t\r\n\t\t\t\t\t\t\t\t<div class=\"mh-estate-vertical__text\">\r\n\t\t\t\t\t\t\t\t\t<div class=\"mh-estate-vertical__text__inner\">\r\n\t\t\t\t\t\t\t\t\t\tVERF\u00dcGBAR AB JANUAR 2027 \u2013 LANGZEITMIETE Charmantes Haus mit privatem Garten in Cala Morlanda, nur 5 Minuten vom Meer entfernt....\t\t\t\t\t\t\t\t\t<\/div>\r\n\t\t\t\t\t\t\t\t<\/div>\r\n\t\t\t\t\t\t\t<\/a>\r\n\r\n\t\t\t\t\t\t\t<div class=\"mh-estate-vertical__content\">\r\n\t\t\t\t\t\t\t\t<h3 class=\"mh-estate-vertical__heading\">\r\n\t\t\t\t\t\t\t\t\t<a href=\"https:\/\/novagestioinmobiliaria.com\/de\/propiedades-properties-immobilien\/wunderschoenes-haus-zu-vermieten-in-cala-morlanda-ca1922cmor-ade\/\"\r\n\t\t\t\t\t\t\t\t\t   title=\"Wundersch\u00f6nes Haus zu vermieten in Cala Morlanda : : CA1922CMOR-ADE\">\r\n\t\t\t\t\t\t\t\t\t\tWundersch\u00f6nes Haus zu vermieten in Cala Morlanda : : CA1922CMOR-ADE\t\t\t\t\t\t\t\t\t<\/a>\r\n\t\t\t\t\t\t\t\t<\/h3>\r\n\t\t\t\t\t\t\t\t<address class=\"mh-estate-vertical__subheading\">\r\n\t\t\t\t\t\t\t\t\t\t\t\t\t\t\t\t\t<\/address>\r\n\t\t\t\t\t\t\t\t<div class=\"mh-estate-vertical__primary\">\r\n\t\t\t\t\t\t\t\t\t1.700 \u20ac\t\t\t\t\t\t\t\t<\/div>\r\n\r\n\t\t\t\t\t\t\t\t<div>\r\n\t\t\t\t\t\t\t\t\t<div class=\"mh-estate__list\">\r\n\t\t\t\t\t\t\t\t\t\t\r\n\t\t\t\t\t\t\t\t\t\t\t<span class=\"mh-estate-vertical__more-info mh-estate_attribute-offer-type\">\r\n                                        <strong>Angebotsart :<\/strong>\r\n\t\t\t\t\t\t\t\t\t\t\t\t\t\t\t\t\t\t\t\t\t\t\t\t\t\tZu vermieten\t\t\t\t\t\t\t\t\t\t\t\t\t\t                                    <\/span>\r\n\r\n\t\t\t\t\t\t\t\t\t\t\r\n\t\t\t\t\t\t\t\t\t\t\t<span class=\"mh-estate-vertical__more-info mh-estate_attribute-bedrooms\">\r\n                                        <strong>Schlafzimmer:<\/strong>\r\n\t\t\t\t\t\t\t\t\t\t\t\t1                                    <\/span>\r\n\r\n\t\t\t\t\t\t\t\t\t\t\r\n\t\t\t\t\t\t\t\t\t\t\t<span class=\"mh-estate-vertical__more-info mh-estate_attribute-bathrooms\">\r\n                                        <strong>Badezimmer:<\/strong>\r\n\t\t\t\t\t\t\t\t\t\t\t\t1                                    <\/span>\r\n\r\n\t\t\t\t\t\t\t\t\t\t\r\n\t\t\t\t\t\t\t\t\t\t\t<span class=\"mh-estate-vertical__more-info mh-estate_attribute-property-size\">\r\n                                        <strong>Qm:<\/strong>\r\n\t\t\t\t\t\t\t\t\t\t\t\t110 qm                                    <\/span>\r\n\r\n\t\t\t\t\t\t\t\t\t\t\t\t\t\t\t\t\t\t\t<\/div>\r\n\t\t\t\t\t\t\t\t<\/div>\r\n\r\n\t\t\t\t\t\t\t\t<div class=\"mh-estate-vertical__bottom\">\r\n\t\t\t\t\t\t\t\t\t<div class=\"mh-estate-vertical__bottom__inner\">\r\n\t\t\t\t\t\t\t\t\t\t<div class=\"mh-estate-vertical__date\">\r\n\t\t\t\t\t\t\t\t\t\t\t3\u00a0Tagen.\t\t\t\t\t\t\t\t\t\t<\/div>\r\n\t\t\t\t\t\t\t\t\t\t<div class=\"mh-estate-vertical__buttons-wrapper\">\r\n\t\t\t\t\t\t\t\t\t\t\t<div class=\"mh-estate-vertical__buttons\">\r\n\t\t\t\t\t\t\t\t\t\t\t\t<div class=\"mh-estate-vertical__buttons__single\">\r\n\t\t\t\t\t\t\t\t\t\t\t\t\t<compare-button class=\"myhome-compare\"\r\n\t\t\t\t\t\t\t\t\t\t\t\t\t\t\t\t\t:translations='{&quot;added&quot;:&quot;Zus\\u00e4tzlich&quot;,&quot;compare&quot;:&quot;Vergleichen&quot;}'\r\n\t\t\t\t\t\t\t\t\t\t\t\t\t\t\t\t\t:estate='{&quot;short_excerpt_limit&quot;:125,&quot;long_excerpt_limit&quot;:160,&quot;id&quot;:93477,&quot;agent_id&quot;:&quot;1&quot;,&quot;title&quot;:&quot;Wundersch\\u00f6nes Haus zu vermieten in Cala Morlanda : : CA1922CMOR-ADE&quot;,&quot;content&quot;:&quot;VERF\\u00dcGBAR AB JANUAR 2027 \\u2013 LANGZEITMIETE\\r\\nCharmantes Haus mit privatem Garten in Cala Morlanda, nur 5 Minuten vom Meer entfernt. Wenn Sie Ruhe, Privatsph\\u00e4re und einen Au\\u00dfenbereich suchen, um das Klima Mallorcas zu genie\\u00dfen, k\\u00f6nnte dieses gem\\u00fctliche Haus in Cala Morlanda eine ausgezeichnete Wahl sein. Es befindet sich in einer der ruhigsten und angenehmsten Wohngegenden der Gegend, das Grundst\\u00fcck liegt an einer Ecke und hat keine direkten Nachbarn, was eine besonders intime und entspannte Umgebung bietet. Im Erdgeschoss gibt es eine ger\\u00e4umige Garage mit Platz f\\u00fcr fast zwei Fahrzeuge, au\\u00dferdem befindet sich dort ein Kamin, der einen angenehmen Raum f\\u00fcr Mahlzeiten und Familientreffen schafft. Von diesem Stockwerk aus gelangt man in einen wundersch\\u00f6nen, gepflegten privaten Garten, perfekt f\\u00fcr Fr\\u00fchst\\u00fcck im Freien, zum Lesen, Entspannen oder einfach zum Genie\\u00dfen der Ruhe. Im Obergeschoss befindet sich eine komplett renovierte, m\\u00f6blierte und ausgestattete Wohnung, die geschmackvoll dekoriert ist und eine warme und einladende Atmosph\\u00e4re bietet. Gro\\u00dfe Fenster zum Garten lassen viel nat\\u00fcrliches Licht herein. Die Aufteilung umfasst einen kleinen Essbereich, ein gem\\u00fctliches Wohnzimmer mit offener K\\u00fcche, ein Komplettbad mit Dusche und ein ger\\u00e4umiges Schlafzimmer mit gro\\u00dfem Einbauschrank. Das Haus verf\\u00fcgt au\\u00dferdem \\u00fcber eine Klimaanlage mit Kan\\u00e4len, die sowohl im Sommer als auch im Winter f\\u00fcr eine angenehme Temperatur sorgt. Die Lage in breiten Wohnstra\\u00dfen und nur 5 Minuten vom Meer entfernt macht diese Immobilie besonders geeignet f\\u00fcr Paare, die Wert auf Ruhe, Privatsph\\u00e4re und die M\\u00f6glichkeit legen, einen eigenen Au\\u00dfenbereich zu haben.\\r\\nMIETBEDINGUNGEN\\r\\n- Verf\\u00fcgbar ausschlie\\u00dflich ab Januar 2027.\\r\\n- Langzeitmiete.\\r\\n- Nachweisbare Bonit\\u00e4t anhand von Gehaltsabrechnungen, Vertr\\u00e4gen und Eink\\u00fcnften notwendig.\\r\\n- Eine Monatsmiete Kaution.\\r\\n- Betriebskosten und M\\u00fcllgeb\\u00fchren nicht inbegriffen.\\r\\n- Haustiere sind nicht erlaubt.\\r\\n- Weitere Kosten: bitte mit der Agentur abkl\\u00e4ren.\\r\\nNova Gesti\\u00f3 Inmobiliaria, Ihre Immobilienagentur in Cala Morlanda.&quot;,&quot;excerpt&quot;:&quot;VERF\\u00dcGBAR AB JANUAR 2027 \\u2013 LANGZEITMIETE Charmantes Haus mit privatem Garten in Cala Morlanda, nur 5 Minuten vom Meer entfernt. Wenn Sie Ruhe, Privatsph\\u00e4re und einen Au\\u00dfenbereich suchen, um das Klima Mallorcas zu genie\\u00dfen, k\\u00f6nnte dieses gem\\u00fctliche Haus in Cala Morlanda eine ausgezeichnete Wahl sein. Es befindet sich in einer der ruhigsten und angenehmsten Wohngegenden [\\u2026]&quot;,&quot;short_excerpt&quot;:&quot;VERF\\u00dcGBAR AB JANUAR 2027 \\u2013 LANGZEITMIETE\\r\\nCharmantes Haus mit privatem Garten in Cala Morlanda, nur 5 Minuten vom Meer ent...&quot;,&quot;long_excerpt&quot;:&quot;VERF\\u00dcGBAR AB JANUAR 2027 \\u2013 LANGZEITMIETE\\r\\nCharmantes Haus mit privatem Garten in Cala Morlanda, nur 5 Minuten vom Meer entfernt. Wenn Sie Ruhe, Privatsph\\u00e4re ...&quot;,&quot;link&quot;:&quot;https:\\\/\\\/novagestioinmobiliaria.com\\\/de\\\/propiedades-properties-immobilien\\\/wunderschoenes-haus-zu-vermieten-in-cala-morlanda-ca1922cmor-ade\\\/&quot;,&quot;offer_type&quot;:&quot;Zu vermieten&quot;,&quot;price&quot;:&quot;1.700 \\u20ac&quot;,&quot;location&quot;:false,&quot;is_featured&quot;:true,&quot;gallery&quot;:[{&quot;id&quot;:93471,&quot;url&quot;:&quot;https:\\\/\\\/novagestioinmobiliaria.com\\\/wp-content\\\/uploads\\\/2026\\\/08\\\/Casa-en-alquiler-en-Cala-Morlanda-ref-1922-7.jpg&quot;,&quot;alt&quot;:&quot;&quot;},{&quot;id&quot;:93474,&quot;url&quot;:&quot;https:\\\/\\\/novagestioinmobiliaria.com\\\/wp-content\\\/uploads\\\/2026\\\/08\\\/Casa-en-alquiler-en-Cala-Morlanda-ref-1922-8.jpg&quot;,&quot;alt&quot;:&quot;&quot;},{&quot;id&quot;:93468,&quot;url&quot;:&quot;https:\\\/\\\/novagestioinmobiliaria.com\\\/wp-content\\\/uploads\\\/2026\\\/08\\\/Casa-en-alquiler-en-Cala-Morlanda-ref-1922-6.jpg&quot;,&quot;alt&quot;:&quot;&quot;},{&quot;id&quot;:93435,&quot;url&quot;:&quot;https:\\\/\\\/novagestioinmobiliaria.com\\\/wp-content\\\/uploads\\\/2026\\\/08\\\/Casa-en-alquiler-en-Cala-Morlanda-ref-1922-10.jpg&quot;,&quot;alt&quot;:&quot;&quot;},{&quot;id&quot;:93444,&quot;url&quot;:&quot;https:\\\/\\\/novagestioinmobiliaria.com\\\/wp-content\\\/uploads\\\/2026\\\/08\\\/Casa-en-alquiler-en-Cala-Morlanda-ref-1922-13.jpg&quot;,&quot;alt&quot;:&quot;&quot;},{&quot;id&quot;:93462,&quot;url&quot;:&quot;https:\\\/\\\/novagestioinmobiliaria.com\\\/wp-content\\\/uploads\\\/2026\\\/08\\\/Casa-en-alquiler-en-Cala-Morlanda-ref-1922-4.jpg&quot;,&quot;alt&quot;:&quot;&quot;},{&quot;id&quot;:93465,&quot;url&quot;:&quot;https:\\\/\\\/novagestioinmobiliaria.com\\\/wp-content\\\/uploads\\\/2026\\\/08\\\/Casa-en-alquiler-en-Cala-Morlanda-ref-1922-5.jpg&quot;,&quot;alt&quot;:&quot;&quot;},{&quot;id&quot;:93432,&quot;url&quot;:&quot;https:\\\/\\\/novagestioinmobiliaria.com\\\/wp-content\\\/uploads\\\/2026\\\/08\\\/Casa-en-alquiler-en-Cala-Morlanda-ref-1922-9.jpg&quot;,&quot;alt&quot;:&quot;&quot;},{&quot;id&quot;:93459,&quot;url&quot;:&quot;https:\\\/\\\/novagestioinmobiliaria.com\\\/wp-content\\\/uploads\\\/2026\\\/08\\\/Casa-en-alquiler-en-Cala-Morlanda-ref-1922-3.jpg&quot;,&quot;alt&quot;:&quot;&quot;},{&quot;id&quot;:93453,&quot;url&quot;:&quot;https:\\\/\\\/novagestioinmobiliaria.com\\\/wp-content\\\/uploads\\\/2026\\\/08\\\/Casa-en-alquiler-en-Cala-Morlanda-ref-1922-1.jpg&quot;,&quot;alt&quot;:&quot;&quot;},{&quot;id&quot;:93456,&quot;url&quot;:&quot;https:\\\/\\\/novagestioinmobiliaria.com\\\/wp-content\\\/uploads\\\/2026\\\/08\\\/Casa-en-alquiler-en-Cala-Morlanda-ref-1922-2.jpg&quot;,&quot;alt&quot;:&quot;&quot;},{&quot;id&quot;:93450,&quot;url&quot;:&quot;https:\\\/\\\/novagestioinmobiliaria.com\\\/wp-content\\\/uploads\\\/2026\\\/08\\\/Casa-en-alquiler-en-Cala-Morlanda-ref-1922-15.jpg&quot;,&quot;alt&quot;:&quot;&quot;},{&quot;id&quot;:93447,&quot;url&quot;:&quot;https:\\\/\\\/novagestioinmobiliaria.com\\\/wp-content\\\/uploads\\\/2026\\\/08\\\/Casa-en-alquiler-en-Cala-Morlanda-ref-1922-14.jpg&quot;,&quot;alt&quot;:&quot;&quot;},{&quot;id&quot;:93441,&quot;url&quot;:&quot;https:\\\/\\\/novagestioinmobiliaria.com\\\/wp-content\\\/uploads\\\/2026\\\/08\\\/Casa-en-alquiler-en-Cala-Morlanda-ref-1922-12.jpg&quot;,&quot;alt&quot;:&quot;&quot;},{&quot;id&quot;:93438,&quot;url&quot;:&quot;https:\\\/\\\/novagestioinmobiliaria.com\\\/wp-content\\\/uploads\\\/2026\\\/08\\\/Casa-en-alquiler-en-Cala-Morlanda-ref-1922-11.jpg&quot;,&quot;alt&quot;:&quot;&quot;}],&quot;attributes&quot;:[{&quot;slug&quot;:&quot;property-type&quot;,&quot;name&quot;:&quot;Immobilientyp&quot;,&quot;has_archive&quot;:true,&quot;elements&quot;:[{&quot;name&quot;:&quot;Wohnungen \\\/ Apartments&quot;,&quot;link&quot;:&quot;https:\\\/\\\/novagestioinmobiliaria.com\\\/de\\\/immobilientyp\\\/wohnungen-apartments\\\/&quot;,&quot;slug&quot;:&quot;wohnungen-apartments&quot;}],&quot;card&quot;:false,&quot;show&quot;:true,&quot;display_after&quot;:&quot;&quot;,&quot;new_box&quot;:false},{&quot;slug&quot;:&quot;offer-type&quot;,&quot;name&quot;:&quot;Angebotsart &quot;,&quot;has_archive&quot;:true,&quot;elements&quot;:[{&quot;name&quot;:&quot;Zu vermieten&quot;,&quot;link&quot;:&quot;https:\\\/\\\/novagestioinmobiliaria.com\\\/de\\\/offer-type\\\/zu-vermieten\\\/&quot;,&quot;slug&quot;:&quot;zu-vermieten&quot;}],&quot;card&quot;:true,&quot;show&quot;:true,&quot;display_after&quot;:&quot;&quot;,&quot;new_box&quot;:false},{&quot;slug&quot;:&quot;city&quot;,&quot;name&quot;:&quot;Ort&quot;,&quot;has_archive&quot;:true,&quot;elements&quot;:[{&quot;name&quot;:&quot;Cala Morlanda&quot;,&quot;link&quot;:&quot;https:\\\/\\\/novagestioinmobiliaria.com\\\/de\\\/city\\\/cala-morlanda-de\\\/&quot;,&quot;slug&quot;:&quot;cala-morlanda-de&quot;}],&quot;card&quot;:false,&quot;show&quot;:true,&quot;display_after&quot;:&quot;&quot;,&quot;new_box&quot;:false},{&quot;slug&quot;:&quot;price&quot;,&quot;name&quot;:&quot;Preis&quot;,&quot;has_archive&quot;:false,&quot;elements&quot;:[{&quot;name&quot;:&quot;1700&quot;,&quot;link&quot;:&quot;&quot;,&quot;slug&quot;:&quot;&quot;}],&quot;show&quot;:false,&quot;card&quot;:false,&quot;display_after&quot;:&quot;\\u20ac&quot;,&quot;new_box&quot;:false},{&quot;slug&quot;:&quot;bedrooms&quot;,&quot;name&quot;:&quot;Schlafzimmer&quot;,&quot;has_archive&quot;:false,&quot;elements&quot;:[{&quot;name&quot;:&quot;1&quot;,&quot;link&quot;:&quot;&quot;,&quot;slug&quot;:&quot;&quot;}],&quot;show&quot;:true,&quot;card&quot;:true,&quot;display_after&quot;:&quot;&quot;,&quot;new_box&quot;:false},{&quot;slug&quot;:&quot;bathrooms&quot;,&quot;name&quot;:&quot;Badezimmer&quot;,&quot;has_archive&quot;:false,&quot;elements&quot;:[{&quot;name&quot;:&quot;1&quot;,&quot;link&quot;:&quot;&quot;,&quot;slug&quot;:&quot;&quot;}],&quot;show&quot;:true,&quot;card&quot;:true,&quot;display_after&quot;:&quot;&quot;,&quot;new_box&quot;:false},{&quot;slug&quot;:&quot;property-size&quot;,&quot;name&quot;:&quot;Qm&quot;,&quot;has_archive&quot;:false,&quot;elements&quot;:[{&quot;name&quot;:&quot;110&quot;,&quot;link&quot;:&quot;&quot;,&quot;slug&quot;:&quot;&quot;}],&quot;show&quot;:true,&quot;card&quot;:true,&quot;display_after&quot;:&quot;qm&quot;,&quot;new_box&quot;:false},{&quot;slug&quot;:&quot;features&quot;,&quot;name&quot;:&quot;Eigenschaften&quot;,&quot;has_archive&quot;:true,&quot;elements&quot;:[{&quot;name&quot;:&quot;1 Bad&quot;,&quot;link&quot;:&quot;https:\\\/\\\/novagestioinmobiliaria.com\\\/de\\\/eigenschaften\\\/1-bad\\\/&quot;,&quot;slug&quot;:&quot;1-bad&quot;},{&quot;name&quot;:&quot;Einbauk\\u00fcche&quot;,&quot;link&quot;:&quot;https:\\\/\\\/novagestioinmobiliaria.com\\\/de\\\/eigenschaften\\\/einbaukueche\\\/&quot;,&quot;slug&quot;:&quot;einbaukueche&quot;},{&quot;name&quot;:&quot;Garten&quot;,&quot;link&quot;:&quot;https:\\\/\\\/novagestioinmobiliaria.com\\\/de\\\/eigenschaften\\\/garten\\\/&quot;,&quot;slug&quot;:&quot;garten&quot;},{&quot;name&quot;:&quot;Haustiere NICHT erlaubt&quot;,&quot;link&quot;:&quot;https:\\\/\\\/novagestioinmobiliaria.com\\\/de\\\/eigenschaften\\\/haustiere-nicht-erlaubt\\\/&quot;,&quot;slug&quot;:&quot;haustiere-nicht-erlaubt&quot;},{&quot;name&quot;:&quot;Klimaanlage&quot;,&quot;link&quot;:&quot;https:\\\/\\\/novagestioinmobiliaria.com\\\/de\\\/eigenschaften\\\/klimaanlage\\\/&quot;,&quot;slug&quot;:&quot;klimaanlage&quot;},{&quot;name&quot;:&quot;Langzeitmiete&quot;,&quot;link&quot;:&quot;https:\\\/\\\/novagestioinmobiliaria.com\\\/de\\\/eigenschaften\\\/langzeitmiete\\\/&quot;,&quot;slug&quot;:&quot;langzeitmiete&quot;},{&quot;name&quot;:&quot;M\\u00f6bliert&quot;,&quot;link&quot;:&quot;https:\\\/\\\/novagestioinmobiliaria.com\\\/de\\\/eigenschaften\\\/moebliert\\\/&quot;,&quot;slug&quot;:&quot;moebliert&quot;},{&quot;name&quot;:&quot;Obergeschoss&quot;,&quot;link&quot;:&quot;https:\\\/\\\/novagestioinmobiliaria.com\\\/de\\\/eigenschaften\\\/obergeschoss\\\/&quot;,&quot;slug&quot;:&quot;obergeschoss&quot;},{&quot;name&quot;:&quot;Ruhige Lage&quot;,&quot;link&quot;:&quot;https:\\\/\\\/novagestioinmobiliaria.com\\\/de\\\/eigenschaften\\\/ruhige-lage\\\/&quot;,&quot;slug&quot;:&quot;ruhige-lage&quot;},{&quot;name&quot;:&quot;Terrasse&quot;,&quot;link&quot;:&quot;https:\\\/\\\/novagestioinmobiliaria.com\\\/de\\\/eigenschaften\\\/terrasse\\\/&quot;,&quot;slug&quot;:&quot;terrasse&quot;}],&quot;card&quot;:false,&quot;show&quot;:true,&quot;display_after&quot;:&quot;&quot;,&quot;new_box&quot;:true}],&quot;views&quot;:1,&quot;days_ago&quot;:&quot;3\\u00a0Tagen.&quot;,&quot;image_id&quot;:93471,&quot;image_url&quot;:&quot;https:\\\/\\\/novagestioinmobiliaria.com\\\/wp-content\\\/uploads\\\/2026\\\/08\\\/Casa-en-alquiler-en-Cala-Morlanda-ref-1922-7.jpg&quot;,&quot;tags&quot;:[{&quot;name&quot;:&quot;Eigenschaften&quot;,&quot;elements&quot;:[{&quot;name&quot;:&quot;1 Bad&quot;,&quot;link&quot;:&quot;https:\\\/\\\/novagestioinmobiliaria.com\\\/de\\\/eigenschaften\\\/1-bad\\\/&quot;},{&quot;name&quot;:&quot;Einbauk\\u00fcche&quot;,&quot;link&quot;:&quot;https:\\\/\\\/novagestioinmobiliaria.com\\\/de\\\/eigenschaften\\\/einbaukueche\\\/&quot;},{&quot;name&quot;:&quot;Garten&quot;,&quot;link&quot;:&quot;https:\\\/\\\/novagestioinmobiliaria.com\\\/de\\\/eigenschaften\\\/garten\\\/&quot;},{&quot;name&quot;:&quot;Haustiere NICHT erlaubt&quot;,&quot;link&quot;:&quot;https:\\\/\\\/novagestioinmobiliaria.com\\\/de\\\/eigenschaften\\\/haustiere-nicht-erlaubt\\\/&quot;},{&quot;name&quot;:&quot;Klimaanlage&quot;,&quot;link&quot;:&quot;https:\\\/\\\/novagestioinmobiliaria.com\\\/de\\\/eigenschaften\\\/klimaanlage\\\/&quot;},{&quot;name&quot;:&quot;Langzeitmiete&quot;,&quot;link&quot;:&quot;https:\\\/\\\/novagestioinmobiliaria.com\\\/de\\\/eigenschaften\\\/langzeitmiete\\\/&quot;},{&quot;name&quot;:&quot;M\\u00f6bliert&quot;,&quot;link&quot;:&quot;https:\\\/\\\/novagestioinmobiliaria.com\\\/de\\\/eigenschaften\\\/moebliert\\\/&quot;},{&quot;name&quot;:&quot;Obergeschoss&quot;,&quot;link&quot;:&quot;https:\\\/\\\/novagestioinmobiliaria.com\\\/de\\\/eigenschaften\\\/obergeschoss\\\/&quot;},{&quot;name&quot;:&quot;Ruhige Lage&quot;,&quot;link&quot;:&quot;https:\\\/\\\/novagestioinmobiliaria.com\\\/de\\\/eigenschaften\\\/ruhige-lage\\\/&quot;},{&quot;name&quot;:&quot;Terrasse&quot;,&quot;link&quot;:&quot;https:\\\/\\\/novagestioinmobiliaria.com\\\/de\\\/eigenschaften\\\/terrasse\\\/&quot;}],&quot;has_archive&quot;:true}],&quot;status&quot;:&quot;publish&quot;,&quot;plans&quot;:[],&quot;video_plan&quot;:{&quot;src&quot;:&quot;https:\\\/\\\/youtu.be\\\/cUwl4EOtkvg&quot;,&quot;video&quot;:&quot;&quot;},&quot;virtual_tour&quot;:null,&quot;state&quot;:&quot;&quot;,&quot;labels&quot;:[],&quot;image&quot;:&quot;https:\\\/\\\/novagestioinmobiliaria.com\\\/wp-content\\\/uploads\\\/2026\\\/08\\\/Casa-en-alquiler-en-Cala-Morlanda-ref-1922-7-400x250.jpg&quot;,&quot;image_srcset&quot;:&quot;https:\\\/\\\/novagestioinmobiliaria.com\\\/wp-content\\\/uploads\\\/2026\\\/08\\\/Casa-en-alquiler-en-Cala-Morlanda-ref-1922-7-200x125.jpg 200w, https:\\\/\\\/novagestioinmobiliaria.com\\\/wp-content\\\/uploads\\\/2026\\\/08\\\/Casa-en-alquiler-en-Cala-Morlanda-ref-1922-7-800x500.jpg 800w, https:\\\/\\\/novagestioinmobiliaria.com\\\/wp-content\\\/uploads\\\/2026\\\/08\\\/Casa-en-alquiler-en-Cala-Morlanda-ref-1922-7-600x375.jpg 600w, https:\\\/\\\/novagestioinmobiliaria.com\\\/wp-content\\\/uploads\\\/2026\\\/08\\\/Casa-en-alquiler-en-Cala-Morlanda-ref-1922-7-400x250.jpg 400w&quot;}'>\r\n\t\t\t\t\t\t\t\t\t\t\t\t\t<\/compare-button>\r\n\t\t\t\t\t\t\t\t\t\t\t\t<\/div>\r\n\t\t\t\t\t\t\t\t\t\t\t\t<div class=\"mh-estate-vertical__buttons__single\">\r\n\t\t\t\t\t\t\t\t\t\t\t\t\t<a href=\"https:\/\/novagestioinmobiliaria.com\/de\/propiedades-properties-immobilien\/wunderschoenes-haus-zu-vermieten-in-cala-morlanda-ca1922cmor-ade\/\"\r\n\t\t\t\t\t\t\t\t\t\t\t\t\t   title=\"Wundersch\u00f6nes Haus zu vermieten in Cala Morlanda : : CA1922CMOR-ADE\"\r\n\t\t\t\t\t\t\t\t\t\t\t\t\t   class=\"mdl-button mdl-js-button mdl-button--raised mdl-js-ripple-effect mdl-button--primary-ghost\">\r\n\t\t\t\t\t\t\t\t\t\t\t\t\t\tDetails\t\t\t\t\t\t\t\t\t\t\t\t\t\t<span class=\"mdl-button__icon-right\"><i class=\"fa fa-angle-right\"><\/i><\/span>\r\n\t\t\t\t\t\t\t\t\t\t\t\t\t<\/a>\r\n\t\t\t\t\t\t\t\t\t\t\t\t<\/div>\r\n\t\t\t\t\t\t\t\t\t\t\t<\/div>\r\n\t\t\t\t\t\t\t\t\t\t<\/div>\r\n\t\t\t\t\t\t\t\t\t<\/div>\r\n\t\t\t\t\t\t\t\t<\/div>\r\n\t\t\t\t\t\t\t<\/div>\r\n\t\t\t\t\t\t<\/article>\r\n\t\t\t\t\t<\/div>\r\n\t\t\t\t\r\n\t\t\t\t\t<div class=\"item\">\r\n\t\t\t\t\t\t<article class=\"mh-estate-vertical   mh-attribute-property-type__wohnungen-apartments mh-attribute-offer-type__zu-vermieten mh-attribute-city__porto-cristo-de mh-attribute-features__3-schlafzimmer mh-attribute-features__balkon mh-attribute-features__einbaukueche mh-attribute-features__haustiere-nicht-erlaubt mh-attribute-features__klimaanlage mh-attribute-features__meerblick mh-attribute-features__moebliert mh-attribute-features__terrasse\">\r\n\t\t\t\t\t\t\t<a href=\"https:\/\/novagestioinmobiliaria.com\/de\/propiedades-properties-immobilien\/spektakulaere-wohnung-direkt-am-strand-zur-miete-in-porto-cristo-pi1921pc-ade\/\"\r\n\t\t\t\t\t\t\t   title=\"Spektakul\u00e4re Wohnung direkt am Strand zur Miete in Porto Cristo : : PI1921PC-ADE\"\r\n\t\t\t\t\t\t\t   class=\"mh-thumbnail\">\r\n                        <span class=\"mh-thumbnail__inner\">\r\n                                    <img\r\n                    data-srcset=\"https:\/\/novagestioinmobiliaria.com\/wp-content\/uploads\/2026\/08\/Piso-en-alquiler-en-primera-linea-de-mar-en-Porto-Cristo-ref-1921-17-BIS-200x125.jpg 200w, https:\/\/novagestioinmobiliaria.com\/wp-content\/uploads\/2026\/08\/Piso-en-alquiler-en-primera-linea-de-mar-en-Porto-Cristo-ref-1921-17-BIS-800x500.jpg 800w, https:\/\/novagestioinmobiliaria.com\/wp-content\/uploads\/2026\/08\/Piso-en-alquiler-en-primera-linea-de-mar-en-Porto-Cristo-ref-1921-17-BIS-600x375.jpg 600w, https:\/\/novagestioinmobiliaria.com\/wp-content\/uploads\/2026\/08\/Piso-en-alquiler-en-primera-linea-de-mar-en-Porto-Cristo-ref-1921-17-BIS-400x250.jpg 400w\"\r\n                    class=\"lazyload \" alt=\"Spektakul\u00e4re Wohnung direkt am Strand zur Miete in Porto Cristo : : PI1921PC-ADE\"\r\n                    data-sizes=\"auto\"\r\n            >\r\n\t\t\t                        <\/span>\r\n\r\n\t\t\t\t\t\t\t\t\t\t\t\t\t\t\t\t\t<div class=\"mh-caption\">\r\n\t\t\t\t\t\t\t\t\t\t<div class=\"mh-caption__inner\">\r\n\t\t\t\t\t\t\t\t\t\t\tZu vermieten\t\t\t\t\t\t\t\t\t\t<\/div>\r\n\t\t\t\t\t\t\t\t\t<\/div>\r\n\t\t\t\t\t\t\t\t\t\r\n\t\t\t\t\t\t\t\t<div class=\"mh-estate-vertical__text\">\r\n\t\t\t\t\t\t\t\t\t<div class=\"mh-estate-vertical__text__inner\">\r\n\t\t\t\t\t\t\t\t\t\tNUR VON SEPTEMBER BIS JUNI VERF\u00dcGBAR Sch\u00f6ne Wohnung zur Miete direkt am Meer in Porto Cristo mit beeindruckendem Blick auf...\t\t\t\t\t\t\t\t\t<\/div>\r\n\t\t\t\t\t\t\t\t<\/div>\r\n\t\t\t\t\t\t\t<\/a>\r\n\r\n\t\t\t\t\t\t\t<div class=\"mh-estate-vertical__content\">\r\n\t\t\t\t\t\t\t\t<h3 class=\"mh-estate-vertical__heading\">\r\n\t\t\t\t\t\t\t\t\t<a href=\"https:\/\/novagestioinmobiliaria.com\/de\/propiedades-properties-immobilien\/spektakulaere-wohnung-direkt-am-strand-zur-miete-in-porto-cristo-pi1921pc-ade\/\"\r\n\t\t\t\t\t\t\t\t\t   title=\"Spektakul\u00e4re Wohnung direkt am Strand zur Miete in Porto Cristo : : PI1921PC-ADE\">\r\n\t\t\t\t\t\t\t\t\t\tSpektakul\u00e4re Wohnung direkt am Strand zur Miete in Porto Cristo : : PI1921PC-ADE\t\t\t\t\t\t\t\t\t<\/a>\r\n\t\t\t\t\t\t\t\t<\/h3>\r\n\t\t\t\t\t\t\t\t<address class=\"mh-estate-vertical__subheading\">\r\n\t\t\t\t\t\t\t\t\t\t\t\t\t\t\t\t\t<\/address>\r\n\t\t\t\t\t\t\t\t<div class=\"mh-estate-vertical__primary\">\r\n\t\t\t\t\t\t\t\t\t1.300 \u20ac\t\t\t\t\t\t\t\t<\/div>\r\n\r\n\t\t\t\t\t\t\t\t<div>\r\n\t\t\t\t\t\t\t\t\t<div class=\"mh-estate__list\">\r\n\t\t\t\t\t\t\t\t\t\t\r\n\t\t\t\t\t\t\t\t\t\t\t<span class=\"mh-estate-vertical__more-info mh-estate_attribute-offer-type\">\r\n                                        <strong>Angebotsart :<\/strong>\r\n\t\t\t\t\t\t\t\t\t\t\t\t\t\t\t\t\t\t\t\t\t\t\t\t\t\tZu vermieten\t\t\t\t\t\t\t\t\t\t\t\t\t\t                                    <\/span>\r\n\r\n\t\t\t\t\t\t\t\t\t\t\r\n\t\t\t\t\t\t\t\t\t\t\t<span class=\"mh-estate-vertical__more-info mh-estate_attribute-bedrooms\">\r\n                                        <strong>Schlafzimmer:<\/strong>\r\n\t\t\t\t\t\t\t\t\t\t\t\t3                                    <\/span>\r\n\r\n\t\t\t\t\t\t\t\t\t\t\r\n\t\t\t\t\t\t\t\t\t\t\t<span class=\"mh-estate-vertical__more-info mh-estate_attribute-bathrooms\">\r\n                                        <strong>Badezimmer:<\/strong>\r\n\t\t\t\t\t\t\t\t\t\t\t\t2                                    <\/span>\r\n\r\n\t\t\t\t\t\t\t\t\t\t\r\n\t\t\t\t\t\t\t\t\t\t\t<span class=\"mh-estate-vertical__more-info mh-estate_attribute-property-size\">\r\n                                        <strong>Qm:<\/strong>\r\n\t\t\t\t\t\t\t\t\t\t\t\t100 qm                                    <\/span>\r\n\r\n\t\t\t\t\t\t\t\t\t\t\t\t\t\t\t\t\t\t\t<\/div>\r\n\t\t\t\t\t\t\t\t<\/div>\r\n\r\n\t\t\t\t\t\t\t\t<div class=\"mh-estate-vertical__bottom\">\r\n\t\t\t\t\t\t\t\t\t<div class=\"mh-estate-vertical__bottom__inner\">\r\n\t\t\t\t\t\t\t\t\t\t<div class=\"mh-estate-vertical__date\">\r\n\t\t\t\t\t\t\t\t\t\t\t3\u00a0Tagen.\t\t\t\t\t\t\t\t\t\t<\/div>\r\n\t\t\t\t\t\t\t\t\t\t<div class=\"mh-estate-vertical__buttons-wrapper\">\r\n\t\t\t\t\t\t\t\t\t\t\t<div class=\"mh-estate-vertical__buttons\">\r\n\t\t\t\t\t\t\t\t\t\t\t\t<div class=\"mh-estate-vertical__buttons__single\">\r\n\t\t\t\t\t\t\t\t\t\t\t\t\t<compare-button class=\"myhome-compare\"\r\n\t\t\t\t\t\t\t\t\t\t\t\t\t\t\t\t\t:translations='{&quot;added&quot;:&quot;Zus\\u00e4tzlich&quot;,&quot;compare&quot;:&quot;Vergleichen&quot;}'\r\n\t\t\t\t\t\t\t\t\t\t\t\t\t\t\t\t\t:estate='{&quot;short_excerpt_limit&quot;:125,&quot;long_excerpt_limit&quot;:160,&quot;id&quot;:93414,&quot;agent_id&quot;:&quot;1&quot;,&quot;title&quot;:&quot;Spektakul\\u00e4re Wohnung direkt am Strand zur Miete in Porto Cristo : : PI1921PC-ADE&quot;,&quot;content&quot;:&quot;NUR VON SEPTEMBER BIS JUNI VERF\\u00dcGBAR\\r\\nSch\\u00f6ne Wohnung zur Miete direkt am Meer in Porto Cristo mit beeindruckendem Blick auf die Bucht und den Hafen. Die Wohnung verf\\u00fcgt \\u00fcber 100 m\\u00b2, verteilt auf einen kleinen Flur, zwei Doppelzimmer, eines davon mit eigenem Bad, und ein Einzelzimmer mit Etagenbetten. Die Schlafzimmer sind mit Einbauschr\\u00e4nken ausgestattet. Das gro\\u00dfz\\u00fcgige Wohn-Esszimmer bietet einen spektakul\\u00e4ren Blick auf die Bucht von Porto Cristo und verbindet sich mit einer offenen K\\u00fcche, die komplett mit K\\u00fchlschrank, Ofen, Cerankochfeld und Mikrowelle ausgestattet ist und von der aus man ebenfalls das Meer sehen kann. Die Wohnung hat zwei Badezimmer, eines mit Dusche und eines mit Badewanne, sowie einen Hauswirtschaftsraum mit Waschmaschine und einen hinteren Balkon. Einer der gr\\u00f6\\u00dften Vorz\\u00fcge ist die privilegierte Lage in einem der sch\\u00f6nsten Gebiete von Porto Cristo. Von der Terrasse aus hat man direkten Blick auf den Strand, die Bucht und das Ein- und Auslaufen der Boote im Hafen, was sie zu einem perfekten Ort macht, um die Umgebung zu genie\\u00dfen. Die Wohnung wird komplett m\\u00f6bliert und ausgestattet vermietet, bereit f\\u00fcr einen komfortablen und angenehmen Aufenthalt in einer der reizvollsten Gemeinden des \\u00f6stlichen Mallorca. Optional steht ein Parkplatz f\\u00fcr 65 \\u20ac\\\/Monat zur Verf\\u00fcgung. Klimaanlage im Wohnzimmer.\\r\\nMIETBEDINGUNGEN\\r\\n- Nachweis \\u00fcber finanzielle Solvenz, Vertr\\u00e4ge und Gehaltsabrechnungen erforderlich\\r\\n- Nur von September bis Juni verf\\u00fcgbar\\r\\n- Nebenkosten (Versorgung, Wasser, Strom, M\\u00fcll und Internet) nicht inbegriffen.\\r\\n- 1 Monatskaution\\r\\n- 1 Monatsprovision\\r\\n- Keine Haustiere erlaubt\\r\\n- Miete ausschlie\\u00dflich von September bis Juni verf\\u00fcgbar.\\r\\nNova Gestio, Ihre Immobilienagentur in Porto Cristo&quot;,&quot;excerpt&quot;:&quot;NUR VON SEPTEMBER BIS JUNI VERF\\u00dcGBAR Sch\\u00f6ne Wohnung zur Miete direkt am Meer in Porto Cristo mit beeindruckendem Blick auf die Bucht und den Hafen. Die Wohnung verf\\u00fcgt \\u00fcber 100 m\\u00b2, verteilt auf einen kleinen Flur, zwei Doppelzimmer, eines davon mit eigenem Bad, und ein Einzelzimmer mit Etagenbetten. Die Schlafzimmer sind mit Einbauschr\\u00e4nken ausgestattet. Das [\\u2026]&quot;,&quot;short_excerpt&quot;:&quot;NUR VON SEPTEMBER BIS JUNI VERF\\u00dcGBAR\\r\\nSch\\u00f6ne Wohnung zur Miete direkt am Meer in Porto Cristo mit beeindruckendem Blick au...&quot;,&quot;long_excerpt&quot;:&quot;NUR VON SEPTEMBER BIS JUNI VERF\\u00dcGBAR\\r\\nSch\\u00f6ne Wohnung zur Miete direkt am Meer in Porto Cristo mit beeindruckendem Blick auf die Bucht und den Hafen. Die Wohn...&quot;,&quot;link&quot;:&quot;https:\\\/\\\/novagestioinmobiliaria.com\\\/de\\\/propiedades-properties-immobilien\\\/spektakulaere-wohnung-direkt-am-strand-zur-miete-in-porto-cristo-pi1921pc-ade\\\/&quot;,&quot;offer_type&quot;:&quot;Zu vermieten&quot;,&quot;price&quot;:&quot;1.300 \\u20ac&quot;,&quot;location&quot;:false,&quot;is_featured&quot;:true,&quot;gallery&quot;:[{&quot;id&quot;:93361,&quot;url&quot;:&quot;https:\\\/\\\/novagestioinmobiliaria.com\\\/wp-content\\\/uploads\\\/2026\\\/08\\\/Piso-en-alquiler-en-primera-linea-de-mar-en-Porto-Cristo-ref-1921-1.jpg&quot;,&quot;alt&quot;:&quot;&quot;},{&quot;id&quot;:93364,&quot;url&quot;:&quot;https:\\\/\\\/novagestioinmobiliaria.com\\\/wp-content\\\/uploads\\\/2026\\\/08\\\/Piso-en-alquiler-en-primera-linea-de-mar-en-Porto-Cristo-ref-1921-2.jpg&quot;,&quot;alt&quot;:&quot;&quot;},{&quot;id&quot;:93367,&quot;url&quot;:&quot;https:\\\/\\\/novagestioinmobiliaria.com\\\/wp-content\\\/uploads\\\/2026\\\/08\\\/Piso-en-alquiler-en-primera-linea-de-mar-en-Porto-Cristo-ref-1921-3.jpg&quot;,&quot;alt&quot;:&quot;&quot;},{&quot;id&quot;:93370,&quot;url&quot;:&quot;https:\\\/\\\/novagestioinmobiliaria.com\\\/wp-content\\\/uploads\\\/2026\\\/08\\\/Piso-en-alquiler-en-primera-linea-de-mar-en-Porto-Cristo-ref-1921-4.jpg&quot;,&quot;alt&quot;:&quot;&quot;},{&quot;id&quot;:93373,&quot;url&quot;:&quot;https:\\\/\\\/novagestioinmobiliaria.com\\\/wp-content\\\/uploads\\\/2026\\\/08\\\/Piso-en-alquiler-en-primera-linea-de-mar-en-Porto-Cristo-ref-1921-5.jpg&quot;,&quot;alt&quot;:&quot;&quot;},{&quot;id&quot;:93376,&quot;url&quot;:&quot;https:\\\/\\\/novagestioinmobiliaria.com\\\/wp-content\\\/uploads\\\/2026\\\/08\\\/Piso-en-alquiler-en-primera-linea-de-mar-en-Porto-Cristo-ref-1921-6.jpg&quot;,&quot;alt&quot;:&quot;&quot;},{&quot;id&quot;:93379,&quot;url&quot;:&quot;https:\\\/\\\/novagestioinmobiliaria.com\\\/wp-content\\\/uploads\\\/2026\\\/08\\\/Piso-en-alquiler-en-primera-linea-de-mar-en-Porto-Cristo-ref-1921-7.jpg&quot;,&quot;alt&quot;:&quot;&quot;},{&quot;id&quot;:93382,&quot;url&quot;:&quot;https:\\\/\\\/novagestioinmobiliaria.com\\\/wp-content\\\/uploads\\\/2026\\\/08\\\/Piso-en-alquiler-en-primera-linea-de-mar-en-Porto-Cristo-ref-1921-8.jpg&quot;,&quot;alt&quot;:&quot;&quot;},{&quot;id&quot;:93385,&quot;url&quot;:&quot;https:\\\/\\\/novagestioinmobiliaria.com\\\/wp-content\\\/uploads\\\/2026\\\/08\\\/Piso-en-alquiler-en-primera-linea-de-mar-en-Porto-Cristo-ref-1921-9.jpg&quot;,&quot;alt&quot;:&quot;&quot;},{&quot;id&quot;:93388,&quot;url&quot;:&quot;https:\\\/\\\/novagestioinmobiliaria.com\\\/wp-content\\\/uploads\\\/2026\\\/08\\\/Piso-en-alquiler-en-primera-linea-de-mar-en-Porto-Cristo-ref-1921-10.jpg&quot;,&quot;alt&quot;:&quot;&quot;},{&quot;id&quot;:93391,&quot;url&quot;:&quot;https:\\\/\\\/novagestioinmobiliaria.com\\\/wp-content\\\/uploads\\\/2026\\\/08\\\/Piso-en-alquiler-en-primera-linea-de-mar-en-Porto-Cristo-ref-1921-11.jpg&quot;,&quot;alt&quot;:&quot;&quot;},{&quot;id&quot;:93394,&quot;url&quot;:&quot;https:\\\/\\\/novagestioinmobiliaria.com\\\/wp-content\\\/uploads\\\/2026\\\/08\\\/Piso-en-alquiler-en-primera-linea-de-mar-en-Porto-Cristo-ref-1921-12.jpg&quot;,&quot;alt&quot;:&quot;&quot;},{&quot;id&quot;:93397,&quot;url&quot;:&quot;https:\\\/\\\/novagestioinmobiliaria.com\\\/wp-content\\\/uploads\\\/2026\\\/08\\\/Piso-en-alquiler-en-primera-linea-de-mar-en-Porto-Cristo-ref-1921-13.jpg&quot;,&quot;alt&quot;:&quot;&quot;},{&quot;id&quot;:93400,&quot;url&quot;:&quot;https:\\\/\\\/novagestioinmobiliaria.com\\\/wp-content\\\/uploads\\\/2026\\\/08\\\/Piso-en-alquiler-en-primera-linea-de-mar-en-Porto-Cristo-ref-1921-14.jpg&quot;,&quot;alt&quot;:&quot;&quot;},{&quot;id&quot;:93403,&quot;url&quot;:&quot;https:\\\/\\\/novagestioinmobiliaria.com\\\/wp-content\\\/uploads\\\/2026\\\/08\\\/Piso-en-alquiler-en-primera-linea-de-mar-en-Porto-Cristo-ref-1921-15.jpg&quot;,&quot;alt&quot;:&quot;&quot;},{&quot;id&quot;:93412,&quot;url&quot;:&quot;https:\\\/\\\/novagestioinmobiliaria.com\\\/wp-content\\\/uploads\\\/2026\\\/08\\\/Piso-en-alquiler-en-primera-linea-de-mar-en-Porto-Cristo-ref-1921-18.jpg&quot;,&quot;alt&quot;:&quot;&quot;},{&quot;id&quot;:93427,&quot;url&quot;:&quot;https:\\\/\\\/novagestioinmobiliaria.com\\\/wp-content\\\/uploads\\\/2026\\\/08\\\/Piso-en-alquiler-en-primera-linea-de-mar-en-Porto-Cristo-ref-1921-17-BIS.jpg&quot;,&quot;alt&quot;:&quot;&quot;}],&quot;attributes&quot;:[{&quot;slug&quot;:&quot;property-type&quot;,&quot;name&quot;:&quot;Immobilientyp&quot;,&quot;has_archive&quot;:true,&quot;elements&quot;:[{&quot;name&quot;:&quot;Wohnungen \\\/ Apartments&quot;,&quot;link&quot;:&quot;https:\\\/\\\/novagestioinmobiliaria.com\\\/de\\\/immobilientyp\\\/wohnungen-apartments\\\/&quot;,&quot;slug&quot;:&quot;wohnungen-apartments&quot;}],&quot;card&quot;:false,&quot;show&quot;:true,&quot;display_after&quot;:&quot;&quot;,&quot;new_box&quot;:false},{&quot;slug&quot;:&quot;offer-type&quot;,&quot;name&quot;:&quot;Angebotsart &quot;,&quot;has_archive&quot;:true,&quot;elements&quot;:[{&quot;name&quot;:&quot;Zu vermieten&quot;,&quot;link&quot;:&quot;https:\\\/\\\/novagestioinmobiliaria.com\\\/de\\\/offer-type\\\/zu-vermieten\\\/&quot;,&quot;slug&quot;:&quot;zu-vermieten&quot;}],&quot;card&quot;:true,&quot;show&quot;:true,&quot;display_after&quot;:&quot;&quot;,&quot;new_box&quot;:false},{&quot;slug&quot;:&quot;city&quot;,&quot;name&quot;:&quot;Ort&quot;,&quot;has_archive&quot;:true,&quot;elements&quot;:[{&quot;name&quot;:&quot;Porto Cristo&quot;,&quot;link&quot;:&quot;https:\\\/\\\/novagestioinmobiliaria.com\\\/de\\\/city\\\/porto-cristo-de\\\/&quot;,&quot;slug&quot;:&quot;porto-cristo-de&quot;}],&quot;card&quot;:false,&quot;show&quot;:true,&quot;display_after&quot;:&quot;&quot;,&quot;new_box&quot;:false},{&quot;slug&quot;:&quot;price&quot;,&quot;name&quot;:&quot;Preis&quot;,&quot;has_archive&quot;:false,&quot;elements&quot;:[{&quot;name&quot;:&quot;1300&quot;,&quot;link&quot;:&quot;&quot;,&quot;slug&quot;:&quot;&quot;}],&quot;show&quot;:false,&quot;card&quot;:false,&quot;display_after&quot;:&quot;\\u20ac&quot;,&quot;new_box&quot;:false},{&quot;slug&quot;:&quot;bedrooms&quot;,&quot;name&quot;:&quot;Schlafzimmer&quot;,&quot;has_archive&quot;:false,&quot;elements&quot;:[{&quot;name&quot;:&quot;3&quot;,&quot;link&quot;:&quot;&quot;,&quot;slug&quot;:&quot;&quot;}],&quot;show&quot;:true,&quot;card&quot;:true,&quot;display_after&quot;:&quot;&quot;,&quot;new_box&quot;:false},{&quot;slug&quot;:&quot;bathrooms&quot;,&quot;name&quot;:&quot;Badezimmer&quot;,&quot;has_archive&quot;:false,&quot;elements&quot;:[{&quot;name&quot;:&quot;2&quot;,&quot;link&quot;:&quot;&quot;,&quot;slug&quot;:&quot;&quot;}],&quot;show&quot;:true,&quot;card&quot;:true,&quot;display_after&quot;:&quot;&quot;,&quot;new_box&quot;:false},{&quot;slug&quot;:&quot;property-size&quot;,&quot;name&quot;:&quot;Qm&quot;,&quot;has_archive&quot;:false,&quot;elements&quot;:[{&quot;name&quot;:&quot;100&quot;,&quot;link&quot;:&quot;&quot;,&quot;slug&quot;:&quot;&quot;}],&quot;show&quot;:true,&quot;card&quot;:true,&quot;display_after&quot;:&quot;qm&quot;,&quot;new_box&quot;:false},{&quot;slug&quot;:&quot;features&quot;,&quot;name&quot;:&quot;Eigenschaften&quot;,&quot;has_archive&quot;:true,&quot;elements&quot;:[{&quot;name&quot;:&quot;3 Schlafzimmer&quot;,&quot;link&quot;:&quot;https:\\\/\\\/novagestioinmobiliaria.com\\\/de\\\/eigenschaften\\\/3-schlafzimmer\\\/&quot;,&quot;slug&quot;:&quot;3-schlafzimmer&quot;},{&quot;name&quot;:&quot;Balkon&quot;,&quot;link&quot;:&quot;https:\\\/\\\/novagestioinmobiliaria.com\\\/de\\\/eigenschaften\\\/balkon\\\/&quot;,&quot;slug&quot;:&quot;balkon&quot;},{&quot;name&quot;:&quot;Einbauk\\u00fcche&quot;,&quot;link&quot;:&quot;https:\\\/\\\/novagestioinmobiliaria.com\\\/de\\\/eigenschaften\\\/einbaukueche\\\/&quot;,&quot;slug&quot;:&quot;einbaukueche&quot;},{&quot;name&quot;:&quot;Haustiere NICHT erlaubt&quot;,&quot;link&quot;:&quot;https:\\\/\\\/novagestioinmobiliaria.com\\\/de\\\/eigenschaften\\\/haustiere-nicht-erlaubt\\\/&quot;,&quot;slug&quot;:&quot;haustiere-nicht-erlaubt&quot;},{&quot;name&quot;:&quot;Klimaanlage&quot;,&quot;link&quot;:&quot;https:\\\/\\\/novagestioinmobiliaria.com\\\/de\\\/eigenschaften\\\/klimaanlage\\\/&quot;,&quot;slug&quot;:&quot;klimaanlage&quot;},{&quot;name&quot;:&quot;Meerblick&quot;,&quot;link&quot;:&quot;https:\\\/\\\/novagestioinmobiliaria.com\\\/de\\\/eigenschaften\\\/meerblick\\\/&quot;,&quot;slug&quot;:&quot;meerblick&quot;},{&quot;name&quot;:&quot;M\\u00f6bliert&quot;,&quot;link&quot;:&quot;https:\\\/\\\/novagestioinmobiliaria.com\\\/de\\\/eigenschaften\\\/moebliert\\\/&quot;,&quot;slug&quot;:&quot;moebliert&quot;},{&quot;name&quot;:&quot;Terrasse&quot;,&quot;link&quot;:&quot;https:\\\/\\\/novagestioinmobiliaria.com\\\/de\\\/eigenschaften\\\/terrasse\\\/&quot;,&quot;slug&quot;:&quot;terrasse&quot;}],&quot;card&quot;:false,&quot;show&quot;:true,&quot;display_after&quot;:&quot;&quot;,&quot;new_box&quot;:true}],&quot;views&quot;:11,&quot;days_ago&quot;:&quot;3\\u00a0Tagen.&quot;,&quot;image_id&quot;:93427,&quot;image_url&quot;:&quot;https:\\\/\\\/novagestioinmobiliaria.com\\\/wp-content\\\/uploads\\\/2026\\\/08\\\/Piso-en-alquiler-en-primera-linea-de-mar-en-Porto-Cristo-ref-1921-17-BIS.jpg&quot;,&quot;tags&quot;:[{&quot;name&quot;:&quot;Eigenschaften&quot;,&quot;elements&quot;:[{&quot;name&quot;:&quot;3 Schlafzimmer&quot;,&quot;link&quot;:&quot;https:\\\/\\\/novagestioinmobiliaria.com\\\/de\\\/eigenschaften\\\/3-schlafzimmer\\\/&quot;},{&quot;name&quot;:&quot;Balkon&quot;,&quot;link&quot;:&quot;https:\\\/\\\/novagestioinmobiliaria.com\\\/de\\\/eigenschaften\\\/balkon\\\/&quot;},{&quot;name&quot;:&quot;Einbauk\\u00fcche&quot;,&quot;link&quot;:&quot;https:\\\/\\\/novagestioinmobiliaria.com\\\/de\\\/eigenschaften\\\/einbaukueche\\\/&quot;},{&quot;name&quot;:&quot;Haustiere NICHT erlaubt&quot;,&quot;link&quot;:&quot;https:\\\/\\\/novagestioinmobiliaria.com\\\/de\\\/eigenschaften\\\/haustiere-nicht-erlaubt\\\/&quot;},{&quot;name&quot;:&quot;Klimaanlage&quot;,&quot;link&quot;:&quot;https:\\\/\\\/novagestioinmobiliaria.com\\\/de\\\/eigenschaften\\\/klimaanlage\\\/&quot;},{&quot;name&quot;:&quot;Meerblick&quot;,&quot;link&quot;:&quot;https:\\\/\\\/novagestioinmobiliaria.com\\\/de\\\/eigenschaften\\\/meerblick\\\/&quot;},{&quot;name&quot;:&quot;M\\u00f6bliert&quot;,&quot;link&quot;:&quot;https:\\\/\\\/novagestioinmobiliaria.com\\\/de\\\/eigenschaften\\\/moebliert\\\/&quot;},{&quot;name&quot;:&quot;Terrasse&quot;,&quot;link&quot;:&quot;https:\\\/\\\/novagestioinmobiliaria.com\\\/de\\\/eigenschaften\\\/terrasse\\\/&quot;}],&quot;has_archive&quot;:true}],&quot;status&quot;:&quot;publish&quot;,&quot;plans&quot;:[],&quot;video_plan&quot;:{&quot;src&quot;:&quot;https:\\\/\\\/youtu.be\\\/ERnEzY54pVA&quot;,&quot;video&quot;:&quot;&quot;},&quot;virtual_tour&quot;:null,&quot;state&quot;:&quot;&quot;,&quot;labels&quot;:[],&quot;image&quot;:&quot;https:\\\/\\\/novagestioinmobiliaria.com\\\/wp-content\\\/uploads\\\/2026\\\/08\\\/Piso-en-alquiler-en-primera-linea-de-mar-en-Porto-Cristo-ref-1921-17-BIS-400x250.jpg&quot;,&quot;image_srcset&quot;:&quot;https:\\\/\\\/novagestioinmobiliaria.com\\\/wp-content\\\/uploads\\\/2026\\\/08\\\/Piso-en-alquiler-en-primera-linea-de-mar-en-Porto-Cristo-ref-1921-17-BIS-200x125.jpg 200w, https:\\\/\\\/novagestioinmobiliaria.com\\\/wp-content\\\/uploads\\\/2026\\\/08\\\/Piso-en-alquiler-en-primera-linea-de-mar-en-Porto-Cristo-ref-1921-17-BIS-800x500.jpg 800w, https:\\\/\\\/novagestioinmobiliaria.com\\\/wp-content\\\/uploads\\\/2026\\\/08\\\/Piso-en-alquiler-en-primera-linea-de-mar-en-Porto-Cristo-ref-1921-17-BIS-600x375.jpg 600w, https:\\\/\\\/novagestioinmobiliaria.com\\\/wp-content\\\/uploads\\\/2026\\\/08\\\/Piso-en-alquiler-en-primera-linea-de-mar-en-Porto-Cristo-ref-1921-17-BIS-400x250.jpg 400w&quot;}'>\r\n\t\t\t\t\t\t\t\t\t\t\t\t\t<\/compare-button>\r\n\t\t\t\t\t\t\t\t\t\t\t\t<\/div>\r\n\t\t\t\t\t\t\t\t\t\t\t\t<div class=\"mh-estate-vertical__buttons__single\">\r\n\t\t\t\t\t\t\t\t\t\t\t\t\t<a href=\"https:\/\/novagestioinmobiliaria.com\/de\/propiedades-properties-immobilien\/spektakulaere-wohnung-direkt-am-strand-zur-miete-in-porto-cristo-pi1921pc-ade\/\"\r\n\t\t\t\t\t\t\t\t\t\t\t\t\t   title=\"Spektakul\u00e4re Wohnung direkt am Strand zur Miete in Porto Cristo : : PI1921PC-ADE\"\r\n\t\t\t\t\t\t\t\t\t\t\t\t\t   class=\"mdl-button mdl-js-button mdl-button--raised mdl-js-ripple-effect mdl-button--primary-ghost\">\r\n\t\t\t\t\t\t\t\t\t\t\t\t\t\tDetails\t\t\t\t\t\t\t\t\t\t\t\t\t\t<span class=\"mdl-button__icon-right\"><i class=\"fa fa-angle-right\"><\/i><\/span>\r\n\t\t\t\t\t\t\t\t\t\t\t\t\t<\/a>\r\n\t\t\t\t\t\t\t\t\t\t\t\t<\/div>\r\n\t\t\t\t\t\t\t\t\t\t\t<\/div>\r\n\t\t\t\t\t\t\t\t\t\t<\/div>\r\n\t\t\t\t\t\t\t\t\t<\/div>\r\n\t\t\t\t\t\t\t\t<\/div>\r\n\t\t\t\t\t\t\t<\/div>\r\n\t\t\t\t\t\t<\/article>\r\n\t\t\t\t\t<\/div>\r\n\t\t\t\t\r\n\t\t\t\t\t<div class=\"item\">\r\n\t\t\t\t\t\t<article class=\"mh-estate-vertical   mh-attribute-property-type__wohnungen-apartments mh-attribute-offer-type__zu-vermieten mh-attribute-city__cala-millor-de mh-attribute-features__2-doppelzimmer mh-attribute-features__aufzug mh-attribute-features__ausblick-auf-die-berge mh-attribute-features__einbaukueche mh-attribute-features__gemeinschaftspool mh-attribute-features__haustiere-nicht-erlaubt mh-attribute-features__klimaanlage mh-attribute-features__meerblick mh-attribute-features__moebliert mh-attribute-features__obergeschoss mh-attribute-features__panoramablick mh-attribute-features__terrasse\">\r\n\t\t\t\t\t\t\t<a href=\"https:\/\/novagestioinmobiliaria.com\/de\/propiedades-properties-immobilien\/wunderschoene-wohnung-mit-meerblick-zur-miete-in-cala-millor-pi1920cmll-ade\/\"\r\n\t\t\t\t\t\t\t   title=\"Wundersch\u00f6ne Penthouse-Wohnung mit Meerblick zur Miete in Cala Millor : : PI1920CMLL-ADE\"\r\n\t\t\t\t\t\t\t   class=\"mh-thumbnail\">\r\n                        <span class=\"mh-thumbnail__inner\">\r\n                                    <img\r\n                    data-srcset=\"https:\/\/novagestioinmobiliaria.com\/wp-content\/uploads\/2026\/08\/Piso-alquiler-vistas-al-mar-Cala-Millor-Sa-Coma-ref-1920-6-200x125.jpg 200w, https:\/\/novagestioinmobiliaria.com\/wp-content\/uploads\/2026\/08\/Piso-alquiler-vistas-al-mar-Cala-Millor-Sa-Coma-ref-1920-6-800x500.jpg 800w, https:\/\/novagestioinmobiliaria.com\/wp-content\/uploads\/2026\/08\/Piso-alquiler-vistas-al-mar-Cala-Millor-Sa-Coma-ref-1920-6-600x375.jpg 600w, https:\/\/novagestioinmobiliaria.com\/wp-content\/uploads\/2026\/08\/Piso-alquiler-vistas-al-mar-Cala-Millor-Sa-Coma-ref-1920-6-400x250.jpg 400w\"\r\n                    class=\"lazyload \" alt=\"Wundersch\u00f6ne Penthouse-Wohnung mit Meerblick zur Miete in Cala Millor : : PI1920CMLL-ADE\"\r\n                    data-sizes=\"auto\"\r\n            >\r\n\t\t\t                        <\/span>\r\n\r\n\t\t\t\t\t\t\t\t\t\t\t\t\t\t\t\t\t<div class=\"mh-caption\">\r\n\t\t\t\t\t\t\t\t\t\t<div class=\"mh-caption__inner\">\r\n\t\t\t\t\t\t\t\t\t\t\tZu vermieten\t\t\t\t\t\t\t\t\t\t<\/div>\r\n\t\t\t\t\t\t\t\t\t<\/div>\r\n\t\t\t\t\t\t\t\t\t\r\n\t\t\t\t\t\t\t\t<div class=\"mh-estate-vertical__text\">\r\n\t\t\t\t\t\t\t\t\t<div class=\"mh-estate-vertical__text__inner\">\r\n\t\t\t\t\t\t\t\t\t\tSch\u00f6ne Penthouse-Wohnung zur Miete direkt am Strand zwischen Sa Coma und Cala Millor. Sie hat 53 m2 Wohnfl\u00e4che sowie 10...\t\t\t\t\t\t\t\t\t<\/div>\r\n\t\t\t\t\t\t\t\t<\/div>\r\n\t\t\t\t\t\t\t<\/a>\r\n\r\n\t\t\t\t\t\t\t<div class=\"mh-estate-vertical__content\">\r\n\t\t\t\t\t\t\t\t<h3 class=\"mh-estate-vertical__heading\">\r\n\t\t\t\t\t\t\t\t\t<a href=\"https:\/\/novagestioinmobiliaria.com\/de\/propiedades-properties-immobilien\/wunderschoene-wohnung-mit-meerblick-zur-miete-in-cala-millor-pi1920cmll-ade\/\"\r\n\t\t\t\t\t\t\t\t\t   title=\"Wundersch\u00f6ne Penthouse-Wohnung mit Meerblick zur Miete in Cala Millor : : PI1920CMLL-ADE\">\r\n\t\t\t\t\t\t\t\t\t\tWundersch\u00f6ne Penthouse-Wohnung mit Meerblick zur Miete in Cala Millor : : PI1920CMLL-ADE\t\t\t\t\t\t\t\t\t<\/a>\r\n\t\t\t\t\t\t\t\t<\/h3>\r\n\t\t\t\t\t\t\t\t<address class=\"mh-estate-vertical__subheading\">\r\n\t\t\t\t\t\t\t\t\t\t\t\t\t\t\t\t\t<\/address>\r\n\t\t\t\t\t\t\t\t<div class=\"mh-estate-vertical__primary\">\r\n\t\t\t\t\t\t\t\t\t2.200 \u20ac\t\t\t\t\t\t\t\t<\/div>\r\n\r\n\t\t\t\t\t\t\t\t<div>\r\n\t\t\t\t\t\t\t\t\t<div class=\"mh-estate__list\">\r\n\t\t\t\t\t\t\t\t\t\t\r\n\t\t\t\t\t\t\t\t\t\t\t<span class=\"mh-estate-vertical__more-info mh-estate_attribute-offer-type\">\r\n                                        <strong>Angebotsart :<\/strong>\r\n\t\t\t\t\t\t\t\t\t\t\t\t\t\t\t\t\t\t\t\t\t\t\t\t\t\tZu vermieten\t\t\t\t\t\t\t\t\t\t\t\t\t\t                                    <\/span>\r\n\r\n\t\t\t\t\t\t\t\t\t\t\r\n\t\t\t\t\t\t\t\t\t\t\t<span class=\"mh-estate-vertical__more-info mh-estate_attribute-bedrooms\">\r\n                                        <strong>Schlafzimmer:<\/strong>\r\n\t\t\t\t\t\t\t\t\t\t\t\t2                                    <\/span>\r\n\r\n\t\t\t\t\t\t\t\t\t\t\r\n\t\t\t\t\t\t\t\t\t\t\t<span class=\"mh-estate-vertical__more-info mh-estate_attribute-bathrooms\">\r\n                                        <strong>Badezimmer:<\/strong>\r\n\t\t\t\t\t\t\t\t\t\t\t\t1                                    <\/span>\r\n\r\n\t\t\t\t\t\t\t\t\t\t\r\n\t\t\t\t\t\t\t\t\t\t\t<span class=\"mh-estate-vertical__more-info mh-estate_attribute-property-size\">\r\n                                        <strong>Qm:<\/strong>\r\n\t\t\t\t\t\t\t\t\t\t\t\t53 qm                                    <\/span>\r\n\r\n\t\t\t\t\t\t\t\t\t\t\t\t\t\t\t\t\t\t\t<\/div>\r\n\t\t\t\t\t\t\t\t<\/div>\r\n\r\n\t\t\t\t\t\t\t\t<div class=\"mh-estate-vertical__bottom\">\r\n\t\t\t\t\t\t\t\t\t<div class=\"mh-estate-vertical__bottom__inner\">\r\n\t\t\t\t\t\t\t\t\t\t<div class=\"mh-estate-vertical__date\">\r\n\t\t\t\t\t\t\t\t\t\t\t7\u00a0Tagen.\t\t\t\t\t\t\t\t\t\t<\/div>\r\n\t\t\t\t\t\t\t\t\t\t<div class=\"mh-estate-vertical__buttons-wrapper\">\r\n\t\t\t\t\t\t\t\t\t\t\t<div class=\"mh-estate-vertical__buttons\">\r\n\t\t\t\t\t\t\t\t\t\t\t\t<div class=\"mh-estate-vertical__buttons__single\">\r\n\t\t\t\t\t\t\t\t\t\t\t\t\t<compare-button class=\"myhome-compare\"\r\n\t\t\t\t\t\t\t\t\t\t\t\t\t\t\t\t\t:translations='{&quot;added&quot;:&quot;Zus\\u00e4tzlich&quot;,&quot;compare&quot;:&quot;Vergleichen&quot;}'\r\n\t\t\t\t\t\t\t\t\t\t\t\t\t\t\t\t\t:estate='{&quot;short_excerpt_limit&quot;:125,&quot;long_excerpt_limit&quot;:160,&quot;id&quot;:93353,&quot;agent_id&quot;:&quot;24&quot;,&quot;title&quot;:&quot;Wundersch\\u00f6ne Penthouse-Wohnung mit Meerblick zur Miete in Cala Millor : : PI1920CMLL-ADE&quot;,&quot;content&quot;:&quot;Sch\\u00f6ne Penthouse-Wohnung zur Miete direkt am Strand zwischen Sa Coma und Cala Millor. Sie hat 53 m2 Wohnfl\\u00e4che sowie 10 m2 halb\\u00fcberdachte Terrasse und 62 m2 private Terrasse mit spektakul\\u00e4rem Blick auf die Bucht von Cala Millor und den Naturpark Sa Punta den Amer. Die Wohnung verf\\u00fcgt \\u00fcber zwei Schlafzimmer, eines davon mit Zugang zur Terrasse und Meerblick, ein Badezimmer mit Dusche, ein Wohn-Esszimmer sowie eine m\\u00f6blierte und ausgestattete K\\u00fcche. Klimaanlage mit W\\u00e4rmepumpe. Fliesenb\\u00f6den. Der Zugang zur Terrasse erfolgt \\u00fcber eine Au\\u00dfentreppe, die zu einer sch\\u00f6nen 62 m2 gro\\u00dfen Terrasse f\\u00fchrt, auf der man sehr angenehme Momente mit Blick auf die Natur und das Meer verbringen kann; eine Chill-Out-Ecke, Pflanzen usw. sind m\\u00f6glich, da Wasser und Strom vorhanden sind. Das Geb\\u00e4ude verf\\u00fcgt \\u00fcber einen Aufzug. Haustiere sind von der Gemeinschaft nicht erlaubt. Es gibt einen Pool und Gemeinschaftsg\\u00e4rten. Eine hochwertige Wohnung, sehr gut erhalten, ausgestattet und m\\u00f6bliert.\\r\\n\\r\\nMIETBEDINGUNGEN\\r\\n- Nachweisbare Eink\\u00fcnfte werden verlangt\\r\\n- 1 Monatskaution\\r\\n- Wasser, Strom und Internet NICHT INKLUSIVE\\r\\n- M\\u00fcllabfuhr und Gemeinschaftskosten INKLUSIVE\\r\\n- Haustiere unter keinen Umst\\u00e4nden erlaubt\\r\\n- Weitere Kosten bitte mit der Agentur kl\\u00e4ren\\r\\nNova Gestio, Ihre Immobilienagentur in Cala Millor - Sa Coma&quot;,&quot;excerpt&quot;:&quot;Sch\\u00f6ne Penthouse-Wohnung zur Miete direkt am Strand zwischen Sa Coma und Cala Millor. Sie hat 53 m2 Wohnfl\\u00e4che sowie 10 m2 halb\\u00fcberdachte Terrasse und 62 m2 private Terrasse mit spektakul\\u00e4rem Blick auf die Bucht von Cala Millor und den Naturpark Sa Punta den Amer. Die Wohnung verf\\u00fcgt \\u00fcber zwei Schlafzimmer, eines davon mit Zugang zur [\\u2026]&quot;,&quot;short_excerpt&quot;:&quot;Sch\\u00f6ne Penthouse-Wohnung zur Miete direkt am Strand zwischen Sa Coma und Cala Millor. Sie hat 53 m2 Wohnfl\\u00e4che sowie 10 m2...&quot;,&quot;long_excerpt&quot;:&quot;Sch\\u00f6ne Penthouse-Wohnung zur Miete direkt am Strand zwischen Sa Coma und Cala Millor. Sie hat 53 m2 Wohnfl\\u00e4che sowie 10 m2 halb\\u00fcberdachte Terrasse und 62 m2 ...&quot;,&quot;link&quot;:&quot;https:\\\/\\\/novagestioinmobiliaria.com\\\/de\\\/propiedades-properties-immobilien\\\/wunderschoene-wohnung-mit-meerblick-zur-miete-in-cala-millor-pi1920cmll-ade\\\/&quot;,&quot;offer_type&quot;:&quot;Zu vermieten&quot;,&quot;price&quot;:&quot;2.200 \\u20ac&quot;,&quot;location&quot;:false,&quot;is_featured&quot;:true,&quot;gallery&quot;:[{&quot;id&quot;:93309,&quot;url&quot;:&quot;https:\\\/\\\/novagestioinmobiliaria.com\\\/wp-content\\\/uploads\\\/2026\\\/08\\\/Piso-alquiler-vistas-al-mar-Cala-Millor-Sa-Coma-ref-1920-6.jpg&quot;,&quot;alt&quot;:&quot;&quot;},{&quot;id&quot;:93324,&quot;url&quot;:&quot;https:\\\/\\\/novagestioinmobiliaria.com\\\/wp-content\\\/uploads\\\/2026\\\/08\\\/Piso-alquiler-vistas-al-mar-Cala-Millor-Sa-Coma-ref-1920-11.jpg&quot;,&quot;alt&quot;:&quot;&quot;},{&quot;id&quot;:93351,&quot;url&quot;:&quot;https:\\\/\\\/novagestioinmobiliaria.com\\\/wp-content\\\/uploads\\\/2026\\\/08\\\/Piso-alquiler-vistas-al-mar-Cala-Millor-Sa-Coma-ref-1920-20.jpg&quot;,&quot;alt&quot;:&quot;&quot;},{&quot;id&quot;:93348,&quot;url&quot;:&quot;https:\\\/\\\/novagestioinmobiliaria.com\\\/wp-content\\\/uploads\\\/2026\\\/08\\\/Piso-alquiler-vistas-al-mar-Cala-Millor-Sa-Coma-ref-1920-19.jpg&quot;,&quot;alt&quot;:&quot;&quot;},{&quot;id&quot;:93318,&quot;url&quot;:&quot;https:\\\/\\\/novagestioinmobiliaria.com\\\/wp-content\\\/uploads\\\/2026\\\/08\\\/Piso-alquiler-vistas-al-mar-Cala-Millor-Sa-Coma-ref-1920-9.jpg&quot;,&quot;alt&quot;:&quot;&quot;},{&quot;id&quot;:93342,&quot;url&quot;:&quot;https:\\\/\\\/novagestioinmobiliaria.com\\\/wp-content\\\/uploads\\\/2026\\\/08\\\/Piso-alquiler-vistas-al-mar-Cala-Millor-Sa-Coma-ref-1920-17.jpg&quot;,&quot;alt&quot;:&quot;&quot;},{&quot;id&quot;:93339,&quot;url&quot;:&quot;https:\\\/\\\/novagestioinmobiliaria.com\\\/wp-content\\\/uploads\\\/2026\\\/08\\\/Piso-alquiler-vistas-al-mar-Cala-Millor-Sa-Coma-ref-1920-16.jpg&quot;,&quot;alt&quot;:&quot;&quot;},{&quot;id&quot;:93315,&quot;url&quot;:&quot;https:\\\/\\\/novagestioinmobiliaria.com\\\/wp-content\\\/uploads\\\/2026\\\/08\\\/Piso-alquiler-vistas-al-mar-Cala-Millor-Sa-Coma-ref-1920-8.jpg&quot;,&quot;alt&quot;:&quot;&quot;},{&quot;id&quot;:93336,&quot;url&quot;:&quot;https:\\\/\\\/novagestioinmobiliaria.com\\\/wp-content\\\/uploads\\\/2026\\\/08\\\/Piso-alquiler-vistas-al-mar-Cala-Millor-Sa-Coma-ref-1920-15.jpg&quot;,&quot;alt&quot;:&quot;&quot;},{&quot;id&quot;:93333,&quot;url&quot;:&quot;https:\\\/\\\/novagestioinmobiliaria.com\\\/wp-content\\\/uploads\\\/2026\\\/08\\\/Piso-alquiler-vistas-al-mar-Cala-Millor-Sa-Coma-ref-1920-14.jpg&quot;,&quot;alt&quot;:&quot;&quot;},{&quot;id&quot;:93300,&quot;url&quot;:&quot;https:\\\/\\\/novagestioinmobiliaria.com\\\/wp-content\\\/uploads\\\/2026\\\/08\\\/Piso-alquiler-vistas-al-mar-Cala-Millor-Sa-Coma-ref-1920-3.jpg&quot;,&quot;alt&quot;:&quot;&quot;},{&quot;id&quot;:93330,&quot;url&quot;:&quot;https:\\\/\\\/novagestioinmobiliaria.com\\\/wp-content\\\/uploads\\\/2026\\\/08\\\/Piso-alquiler-vistas-al-mar-Cala-Millor-Sa-Coma-ref-1920-13.jpg&quot;,&quot;alt&quot;:&quot;&quot;},{&quot;id&quot;:93327,&quot;url&quot;:&quot;https:\\\/\\\/novagestioinmobiliaria.com\\\/wp-content\\\/uploads\\\/2026\\\/08\\\/Piso-alquiler-vistas-al-mar-Cala-Millor-Sa-Coma-ref-1920-12.jpg&quot;,&quot;alt&quot;:&quot;&quot;},{&quot;id&quot;:93303,&quot;url&quot;:&quot;https:\\\/\\\/novagestioinmobiliaria.com\\\/wp-content\\\/uploads\\\/2026\\\/08\\\/Piso-alquiler-vistas-al-mar-Cala-Millor-Sa-Coma-ref-1920-4.jpg&quot;,&quot;alt&quot;:&quot;&quot;},{&quot;id&quot;:93321,&quot;url&quot;:&quot;https:\\\/\\\/novagestioinmobiliaria.com\\\/wp-content\\\/uploads\\\/2026\\\/08\\\/Piso-alquiler-vistas-al-mar-Cala-Millor-Sa-Coma-ref-1920-10.jpg&quot;,&quot;alt&quot;:&quot;&quot;},{&quot;id&quot;:93312,&quot;url&quot;:&quot;https:\\\/\\\/novagestioinmobiliaria.com\\\/wp-content\\\/uploads\\\/2026\\\/08\\\/Piso-alquiler-vistas-al-mar-Cala-Millor-Sa-Coma-ref-1920-7.jpg&quot;,&quot;alt&quot;:&quot;&quot;},{&quot;id&quot;:93306,&quot;url&quot;:&quot;https:\\\/\\\/novagestioinmobiliaria.com\\\/wp-content\\\/uploads\\\/2026\\\/08\\\/Piso-alquiler-vistas-al-mar-Cala-Millor-Sa-Coma-ref-1920-5.jpg&quot;,&quot;alt&quot;:&quot;&quot;},{&quot;id&quot;:93297,&quot;url&quot;:&quot;https:\\\/\\\/novagestioinmobiliaria.com\\\/wp-content\\\/uploads\\\/2026\\\/08\\\/Piso-alquiler-vistas-al-mar-Cala-Millor-Sa-Coma-ref-1920-2.jpg&quot;,&quot;alt&quot;:&quot;&quot;},{&quot;id&quot;:93294,&quot;url&quot;:&quot;https:\\\/\\\/novagestioinmobiliaria.com\\\/wp-content\\\/uploads\\\/2026\\\/08\\\/Piso-alquiler-vistas-al-mar-Cala-Millor-Sa-Coma-ref-1920-1.jpg&quot;,&quot;alt&quot;:&quot;&quot;}],&quot;attributes&quot;:[{&quot;slug&quot;:&quot;property-type&quot;,&quot;name&quot;:&quot;Immobilientyp&quot;,&quot;has_archive&quot;:true,&quot;elements&quot;:[{&quot;name&quot;:&quot;Wohnungen \\\/ Apartments&quot;,&quot;link&quot;:&quot;https:\\\/\\\/novagestioinmobiliaria.com\\\/de\\\/immobilientyp\\\/wohnungen-apartments\\\/&quot;,&quot;slug&quot;:&quot;wohnungen-apartments&quot;}],&quot;card&quot;:false,&quot;show&quot;:true,&quot;display_after&quot;:&quot;&quot;,&quot;new_box&quot;:false},{&quot;slug&quot;:&quot;offer-type&quot;,&quot;name&quot;:&quot;Angebotsart &quot;,&quot;has_archive&quot;:true,&quot;elements&quot;:[{&quot;name&quot;:&quot;Zu vermieten&quot;,&quot;link&quot;:&quot;https:\\\/\\\/novagestioinmobiliaria.com\\\/de\\\/offer-type\\\/zu-vermieten\\\/&quot;,&quot;slug&quot;:&quot;zu-vermieten&quot;}],&quot;card&quot;:true,&quot;show&quot;:true,&quot;display_after&quot;:&quot;&quot;,&quot;new_box&quot;:false},{&quot;slug&quot;:&quot;city&quot;,&quot;name&quot;:&quot;Ort&quot;,&quot;has_archive&quot;:true,&quot;elements&quot;:[{&quot;name&quot;:&quot;Cala Millor&quot;,&quot;link&quot;:&quot;https:\\\/\\\/novagestioinmobiliaria.com\\\/de\\\/city\\\/cala-millor-de\\\/&quot;,&quot;slug&quot;:&quot;cala-millor-de&quot;}],&quot;card&quot;:false,&quot;show&quot;:true,&quot;display_after&quot;:&quot;&quot;,&quot;new_box&quot;:false},{&quot;slug&quot;:&quot;price&quot;,&quot;name&quot;:&quot;Preis&quot;,&quot;has_archive&quot;:false,&quot;elements&quot;:[{&quot;name&quot;:&quot;2200&quot;,&quot;link&quot;:&quot;&quot;,&quot;slug&quot;:&quot;&quot;}],&quot;show&quot;:false,&quot;card&quot;:false,&quot;display_after&quot;:&quot;\\u20ac&quot;,&quot;new_box&quot;:false},{&quot;slug&quot;:&quot;bedrooms&quot;,&quot;name&quot;:&quot;Schlafzimmer&quot;,&quot;has_archive&quot;:false,&quot;elements&quot;:[{&quot;name&quot;:&quot;2&quot;,&quot;link&quot;:&quot;&quot;,&quot;slug&quot;:&quot;&quot;}],&quot;show&quot;:true,&quot;card&quot;:true,&quot;display_after&quot;:&quot;&quot;,&quot;new_box&quot;:false},{&quot;slug&quot;:&quot;bathrooms&quot;,&quot;name&quot;:&quot;Badezimmer&quot;,&quot;has_archive&quot;:false,&quot;elements&quot;:[{&quot;name&quot;:&quot;1&quot;,&quot;link&quot;:&quot;&quot;,&quot;slug&quot;:&quot;&quot;}],&quot;show&quot;:true,&quot;card&quot;:true,&quot;display_after&quot;:&quot;&quot;,&quot;new_box&quot;:false},{&quot;slug&quot;:&quot;property-size&quot;,&quot;name&quot;:&quot;Qm&quot;,&quot;has_archive&quot;:false,&quot;elements&quot;:[{&quot;name&quot;:&quot;53&quot;,&quot;link&quot;:&quot;&quot;,&quot;slug&quot;:&quot;&quot;}],&quot;show&quot;:true,&quot;card&quot;:true,&quot;display_after&quot;:&quot;qm&quot;,&quot;new_box&quot;:false},{&quot;slug&quot;:&quot;features&quot;,&quot;name&quot;:&quot;Eigenschaften&quot;,&quot;has_archive&quot;:true,&quot;elements&quot;:[{&quot;name&quot;:&quot;2 Doppelzimmer&quot;,&quot;link&quot;:&quot;https:\\\/\\\/novagestioinmobiliaria.com\\\/de\\\/eigenschaften\\\/2-doppelzimmer\\\/&quot;,&quot;slug&quot;:&quot;2-doppelzimmer&quot;},{&quot;name&quot;:&quot;Aufzug&quot;,&quot;link&quot;:&quot;https:\\\/\\\/novagestioinmobiliaria.com\\\/de\\\/eigenschaften\\\/aufzug\\\/&quot;,&quot;slug&quot;:&quot;aufzug&quot;},{&quot;name&quot;:&quot;Ausblick auf die Berge&quot;,&quot;link&quot;:&quot;https:\\\/\\\/novagestioinmobiliaria.com\\\/de\\\/eigenschaften\\\/ausblick-auf-die-berge\\\/&quot;,&quot;slug&quot;:&quot;ausblick-auf-die-berge&quot;},{&quot;name&quot;:&quot;Einbauk\\u00fcche&quot;,&quot;link&quot;:&quot;https:\\\/\\\/novagestioinmobiliaria.com\\\/de\\\/eigenschaften\\\/einbaukueche\\\/&quot;,&quot;slug&quot;:&quot;einbaukueche&quot;},{&quot;name&quot;:&quot;Gemeinschaftspool&quot;,&quot;link&quot;:&quot;https:\\\/\\\/novagestioinmobiliaria.com\\\/de\\\/eigenschaften\\\/gemeinschaftspool\\\/&quot;,&quot;slug&quot;:&quot;gemeinschaftspool&quot;},{&quot;name&quot;:&quot;Haustiere NICHT erlaubt&quot;,&quot;link&quot;:&quot;https:\\\/\\\/novagestioinmobiliaria.com\\\/de\\\/eigenschaften\\\/haustiere-nicht-erlaubt\\\/&quot;,&quot;slug&quot;:&quot;haustiere-nicht-erlaubt&quot;},{&quot;name&quot;:&quot;Klimaanlage&quot;,&quot;link&quot;:&quot;https:\\\/\\\/novagestioinmobiliaria.com\\\/de\\\/eigenschaften\\\/klimaanlage\\\/&quot;,&quot;slug&quot;:&quot;klimaanlage&quot;},{&quot;name&quot;:&quot;Meerblick&quot;,&quot;link&quot;:&quot;https:\\\/\\\/novagestioinmobiliaria.com\\\/de\\\/eigenschaften\\\/meerblick\\\/&quot;,&quot;slug&quot;:&quot;meerblick&quot;},{&quot;name&quot;:&quot;M\\u00f6bliert&quot;,&quot;link&quot;:&quot;https:\\\/\\\/novagestioinmobiliaria.com\\\/de\\\/eigenschaften\\\/moebliert\\\/&quot;,&quot;slug&quot;:&quot;moebliert&quot;},{&quot;name&quot;:&quot;Obergeschoss&quot;,&quot;link&quot;:&quot;https:\\\/\\\/novagestioinmobiliaria.com\\\/de\\\/eigenschaften\\\/obergeschoss\\\/&quot;,&quot;slug&quot;:&quot;obergeschoss&quot;},{&quot;name&quot;:&quot;Panoramablick&quot;,&quot;link&quot;:&quot;https:\\\/\\\/novagestioinmobiliaria.com\\\/de\\\/eigenschaften\\\/panoramablick\\\/&quot;,&quot;slug&quot;:&quot;panoramablick&quot;},{&quot;name&quot;:&quot;Terrasse&quot;,&quot;link&quot;:&quot;https:\\\/\\\/novagestioinmobiliaria.com\\\/de\\\/eigenschaften\\\/terrasse\\\/&quot;,&quot;slug&quot;:&quot;terrasse&quot;}],&quot;card&quot;:false,&quot;show&quot;:true,&quot;display_after&quot;:&quot;&quot;,&quot;new_box&quot;:true}],&quot;views&quot;:6,&quot;days_ago&quot;:&quot;7\\u00a0Tagen.&quot;,&quot;image_id&quot;:93309,&quot;image_url&quot;:&quot;https:\\\/\\\/novagestioinmobiliaria.com\\\/wp-content\\\/uploads\\\/2026\\\/08\\\/Piso-alquiler-vistas-al-mar-Cala-Millor-Sa-Coma-ref-1920-6.jpg&quot;,&quot;tags&quot;:[{&quot;name&quot;:&quot;Eigenschaften&quot;,&quot;elements&quot;:[{&quot;name&quot;:&quot;2 Doppelzimmer&quot;,&quot;link&quot;:&quot;https:\\\/\\\/novagestioinmobiliaria.com\\\/de\\\/eigenschaften\\\/2-doppelzimmer\\\/&quot;},{&quot;name&quot;:&quot;Aufzug&quot;,&quot;link&quot;:&quot;https:\\\/\\\/novagestioinmobiliaria.com\\\/de\\\/eigenschaften\\\/aufzug\\\/&quot;},{&quot;name&quot;:&quot;Ausblick auf die Berge&quot;,&quot;link&quot;:&quot;https:\\\/\\\/novagestioinmobiliaria.com\\\/de\\\/eigenschaften\\\/ausblick-auf-die-berge\\\/&quot;},{&quot;name&quot;:&quot;Einbauk\\u00fcche&quot;,&quot;link&quot;:&quot;https:\\\/\\\/novagestioinmobiliaria.com\\\/de\\\/eigenschaften\\\/einbaukueche\\\/&quot;},{&quot;name&quot;:&quot;Gemeinschaftspool&quot;,&quot;link&quot;:&quot;https:\\\/\\\/novagestioinmobiliaria.com\\\/de\\\/eigenschaften\\\/gemeinschaftspool\\\/&quot;},{&quot;name&quot;:&quot;Haustiere NICHT erlaubt&quot;,&quot;link&quot;:&quot;https:\\\/\\\/novagestioinmobiliaria.com\\\/de\\\/eigenschaften\\\/haustiere-nicht-erlaubt\\\/&quot;},{&quot;name&quot;:&quot;Klimaanlage&quot;,&quot;link&quot;:&quot;https:\\\/\\\/novagestioinmobiliaria.com\\\/de\\\/eigenschaften\\\/klimaanlage\\\/&quot;},{&quot;name&quot;:&quot;Meerblick&quot;,&quot;link&quot;:&quot;https:\\\/\\\/novagestioinmobiliaria.com\\\/de\\\/eigenschaften\\\/meerblick\\\/&quot;},{&quot;name&quot;:&quot;M\\u00f6bliert&quot;,&quot;link&quot;:&quot;https:\\\/\\\/novagestioinmobiliaria.com\\\/de\\\/eigenschaften\\\/moebliert\\\/&quot;},{&quot;name&quot;:&quot;Obergeschoss&quot;,&quot;link&quot;:&quot;https:\\\/\\\/novagestioinmobiliaria.com\\\/de\\\/eigenschaften\\\/obergeschoss\\\/&quot;},{&quot;name&quot;:&quot;Panoramablick&quot;,&quot;link&quot;:&quot;https:\\\/\\\/novagestioinmobiliaria.com\\\/de\\\/eigenschaften\\\/panoramablick\\\/&quot;},{&quot;name&quot;:&quot;Terrasse&quot;,&quot;link&quot;:&quot;https:\\\/\\\/novagestioinmobiliaria.com\\\/de\\\/eigenschaften\\\/terrasse\\\/&quot;}],&quot;has_archive&quot;:true}],&quot;status&quot;:&quot;publish&quot;,&quot;plans&quot;:[],&quot;video_plan&quot;:{&quot;src&quot;:&quot;&quot;,&quot;video&quot;:&quot;&quot;},&quot;virtual_tour&quot;:null,&quot;state&quot;:&quot;&quot;,&quot;labels&quot;:[],&quot;image&quot;:&quot;https:\\\/\\\/novagestioinmobiliaria.com\\\/wp-content\\\/uploads\\\/2026\\\/08\\\/Piso-alquiler-vistas-al-mar-Cala-Millor-Sa-Coma-ref-1920-6-400x250.jpg&quot;,&quot;image_srcset&quot;:&quot;https:\\\/\\\/novagestioinmobiliaria.com\\\/wp-content\\\/uploads\\\/2026\\\/08\\\/Piso-alquiler-vistas-al-mar-Cala-Millor-Sa-Coma-ref-1920-6-200x125.jpg 200w, https:\\\/\\\/novagestioinmobiliaria.com\\\/wp-content\\\/uploads\\\/2026\\\/08\\\/Piso-alquiler-vistas-al-mar-Cala-Millor-Sa-Coma-ref-1920-6-800x500.jpg 800w, https:\\\/\\\/novagestioinmobiliaria.com\\\/wp-content\\\/uploads\\\/2026\\\/08\\\/Piso-alquiler-vistas-al-mar-Cala-Millor-Sa-Coma-ref-1920-6-600x375.jpg 600w, https:\\\/\\\/novagestioinmobiliaria.com\\\/wp-content\\\/uploads\\\/2026\\\/08\\\/Piso-alquiler-vistas-al-mar-Cala-Millor-Sa-Coma-ref-1920-6-400x250.jpg 400w&quot;}'>\r\n\t\t\t\t\t\t\t\t\t\t\t\t\t<\/compare-button>\r\n\t\t\t\t\t\t\t\t\t\t\t\t<\/div>\r\n\t\t\t\t\t\t\t\t\t\t\t\t<div class=\"mh-estate-vertical__buttons__single\">\r\n\t\t\t\t\t\t\t\t\t\t\t\t\t<a href=\"https:\/\/novagestioinmobiliaria.com\/de\/propiedades-properties-immobilien\/wunderschoene-wohnung-mit-meerblick-zur-miete-in-cala-millor-pi1920cmll-ade\/\"\r\n\t\t\t\t\t\t\t\t\t\t\t\t\t   title=\"Wundersch\u00f6ne Penthouse-Wohnung mit Meerblick zur Miete in Cala Millor : : PI1920CMLL-ADE\"\r\n\t\t\t\t\t\t\t\t\t\t\t\t\t   class=\"mdl-button mdl-js-button mdl-button--raised mdl-js-ripple-effect mdl-button--primary-ghost\">\r\n\t\t\t\t\t\t\t\t\t\t\t\t\t\tDetails\t\t\t\t\t\t\t\t\t\t\t\t\t\t<span class=\"mdl-button__icon-right\"><i class=\"fa fa-angle-right\"><\/i><\/span>\r\n\t\t\t\t\t\t\t\t\t\t\t\t\t<\/a>\r\n\t\t\t\t\t\t\t\t\t\t\t\t<\/div>\r\n\t\t\t\t\t\t\t\t\t\t\t<\/div>\r\n\t\t\t\t\t\t\t\t\t\t<\/div>\r\n\t\t\t\t\t\t\t\t\t<\/div>\r\n\t\t\t\t\t\t\t\t<\/div>\r\n\t\t\t\t\t\t\t<\/div>\r\n\t\t\t\t\t\t<\/article>\r\n\t\t\t\t\t<\/div>\r\n\t\t\t\t\r\n\t\t\t\t\t<div class=\"item\">\r\n\t\t\t\t\t\t<article class=\"mh-estate-vertical   mh-attribute-property-type__wohnungen-apartments mh-attribute-offer-type__zu-vermieten mh-attribute-city__cala-millor-de mh-attribute-features__2-doppelzimmer mh-attribute-features__einbaukueche mh-attribute-features__haustiere-nicht-erlaubt mh-attribute-features__meerblick mh-attribute-features__obergeschoss mh-attribute-features__panoramablick mh-attribute-features__terrasse\">\r\n\t\t\t\t\t\t\t<a href=\"https:\/\/novagestioinmobiliaria.com\/de\/propiedades-properties-immobilien\/penthouse-zu-vermieten-in-cala-millor-pi1513cmll-ade\/\"\r\n\t\t\t\t\t\t\t   title=\"Penthouse zu vermieten in Cala Millor : : PI1513CMLL-ADE\"\r\n\t\t\t\t\t\t\t   class=\"mh-thumbnail\">\r\n                        <span class=\"mh-thumbnail__inner\">\r\n                                    <img\r\n                    data-srcset=\"https:\/\/novagestioinmobiliaria.com\/wp-content\/uploads\/2023\/10\/Piso-alquiler-Cala-Millor-ref-1513-19-200x125.jpg 200w, https:\/\/novagestioinmobiliaria.com\/wp-content\/uploads\/2023\/10\/Piso-alquiler-Cala-Millor-ref-1513-19-800x500.jpg 800w, https:\/\/novagestioinmobiliaria.com\/wp-content\/uploads\/2023\/10\/Piso-alquiler-Cala-Millor-ref-1513-19-600x375.jpg 600w, https:\/\/novagestioinmobiliaria.com\/wp-content\/uploads\/2023\/10\/Piso-alquiler-Cala-Millor-ref-1513-19-400x250.jpg 400w\"\r\n                    class=\"lazyload \" alt=\"Penthouse zu vermieten in Cala Millor : : PI1513CMLL-ADE\"\r\n                    data-sizes=\"auto\"\r\n            >\r\n\t\t\t                        <\/span>\r\n\r\n\t\t\t\t\t\t\t\t\t\t\t\t\t\t\t\t\t<div class=\"mh-caption\">\r\n\t\t\t\t\t\t\t\t\t\t<div class=\"mh-caption__inner\">\r\n\t\t\t\t\t\t\t\t\t\t\tZu vermieten\t\t\t\t\t\t\t\t\t\t<\/div>\r\n\t\t\t\t\t\t\t\t\t<\/div>\r\n\t\t\t\t\t\t\t\t\t\r\n\t\t\t\t\t\t\t\t<div class=\"mh-estate-vertical__text\">\r\n\t\t\t\t\t\t\t\t\t<div class=\"mh-estate-vertical__text__inner\">\r\n\t\t\t\t\t\t\t\t\t\tVERF\u00dcGBAR IM NOVEMBER Ein modernes Penthouse mit 120 m\u00b2 wird in Cala Millor, ERSTE MEERESLINIE, vermietet. UNM\u00d6BLIERT. Die Wohnung verf\u00fcgt...\t\t\t\t\t\t\t\t\t<\/div>\r\n\t\t\t\t\t\t\t\t<\/div>\r\n\t\t\t\t\t\t\t<\/a>\r\n\r\n\t\t\t\t\t\t\t<div class=\"mh-estate-vertical__content\">\r\n\t\t\t\t\t\t\t\t<h3 class=\"mh-estate-vertical__heading\">\r\n\t\t\t\t\t\t\t\t\t<a href=\"https:\/\/novagestioinmobiliaria.com\/de\/propiedades-properties-immobilien\/penthouse-zu-vermieten-in-cala-millor-pi1513cmll-ade\/\"\r\n\t\t\t\t\t\t\t\t\t   title=\"Penthouse zu vermieten in Cala Millor : : PI1513CMLL-ADE\">\r\n\t\t\t\t\t\t\t\t\t\tPenthouse zu vermieten in Cala Millor : : PI1513CMLL-ADE\t\t\t\t\t\t\t\t\t<\/a>\r\n\t\t\t\t\t\t\t\t<\/h3>\r\n\t\t\t\t\t\t\t\t<address class=\"mh-estate-vertical__subheading\">\r\n\t\t\t\t\t\t\t\t\t\t\t\t\t\t\t\t\t<\/address>\r\n\t\t\t\t\t\t\t\t<div class=\"mh-estate-vertical__primary\">\r\n\t\t\t\t\t\t\t\t\t1.800 \u20ac\t\t\t\t\t\t\t\t<\/div>\r\n\r\n\t\t\t\t\t\t\t\t<div>\r\n\t\t\t\t\t\t\t\t\t<div class=\"mh-estate__list\">\r\n\t\t\t\t\t\t\t\t\t\t\r\n\t\t\t\t\t\t\t\t\t\t\t<span class=\"mh-estate-vertical__more-info mh-estate_attribute-offer-type\">\r\n                                        <strong>Angebotsart :<\/strong>\r\n\t\t\t\t\t\t\t\t\t\t\t\t\t\t\t\t\t\t\t\t\t\t\t\t\t\tZu vermieten\t\t\t\t\t\t\t\t\t\t\t\t\t\t                                    <\/span>\r\n\r\n\t\t\t\t\t\t\t\t\t\t\r\n\t\t\t\t\t\t\t\t\t\t\t<span class=\"mh-estate-vertical__more-info mh-estate_attribute-bedrooms\">\r\n                                        <strong>Schlafzimmer:<\/strong>\r\n\t\t\t\t\t\t\t\t\t\t\t\t2                                    <\/span>\r\n\r\n\t\t\t\t\t\t\t\t\t\t\r\n\t\t\t\t\t\t\t\t\t\t\t<span class=\"mh-estate-vertical__more-info mh-estate_attribute-bathrooms\">\r\n                                        <strong>Badezimmer:<\/strong>\r\n\t\t\t\t\t\t\t\t\t\t\t\t2                                    <\/span>\r\n\r\n\t\t\t\t\t\t\t\t\t\t\r\n\t\t\t\t\t\t\t\t\t\t\t<span class=\"mh-estate-vertical__more-info mh-estate_attribute-property-size\">\r\n                                        <strong>Qm:<\/strong>\r\n\t\t\t\t\t\t\t\t\t\t\t\t120 qm                                    <\/span>\r\n\r\n\t\t\t\t\t\t\t\t\t\t\t\t\t\t\t\t\t\t\t<\/div>\r\n\t\t\t\t\t\t\t\t<\/div>\r\n\r\n\t\t\t\t\t\t\t\t<div class=\"mh-estate-vertical__bottom\">\r\n\t\t\t\t\t\t\t\t\t<div class=\"mh-estate-vertical__bottom__inner\">\r\n\t\t\t\t\t\t\t\t\t\t<div class=\"mh-estate-vertical__date\">\r\n\t\t\t\t\t\t\t\t\t\t\t2\u00a0Wochen.\t\t\t\t\t\t\t\t\t\t<\/div>\r\n\t\t\t\t\t\t\t\t\t\t<div class=\"mh-estate-vertical__buttons-wrapper\">\r\n\t\t\t\t\t\t\t\t\t\t\t<div class=\"mh-estate-vertical__buttons\">\r\n\t\t\t\t\t\t\t\t\t\t\t\t<div class=\"mh-estate-vertical__buttons__single\">\r\n\t\t\t\t\t\t\t\t\t\t\t\t\t<compare-button class=\"myhome-compare\"\r\n\t\t\t\t\t\t\t\t\t\t\t\t\t\t\t\t\t:translations='{&quot;added&quot;:&quot;Zus\\u00e4tzlich&quot;,&quot;compare&quot;:&quot;Vergleichen&quot;}'\r\n\t\t\t\t\t\t\t\t\t\t\t\t\t\t\t\t\t:estate='{&quot;short_excerpt_limit&quot;:125,&quot;long_excerpt_limit&quot;:160,&quot;id&quot;:93177,&quot;agent_id&quot;:&quot;24&quot;,&quot;title&quot;:&quot;Penthouse zu vermieten in Cala Millor : : PI1513CMLL-ADE&quot;,&quot;content&quot;:&quot;VERF\\u00dcGBAR IM NOVEMBER\\r\\nEin modernes Penthouse mit 120 m\\u00b2 wird in Cala Millor, ERSTE MEERESLINIE, vermietet. UNM\\u00d6BLIERT. Die Wohnung verf\\u00fcgt \\u00fcber eine sch\\u00f6ne und ger\\u00e4umige Eingangshalle mit Gegensprechanlage, ein Wohn-Esszimmer mit Kamin und direktem Zugang zu einer Terrasse von ca. 60 m\\u00b2, 2 Doppelzimmer, eines mit Balkon und das andere mit einer Terrasse von ca. 10 m\\u00b2, 2 Badezimmer, eines mit Badewanne und das andere mit Dusche (eines davon en suite), 1 G\\u00e4ste-WC, komplett ausgestattete und m\\u00f6blierte K\\u00fcche (mit Cerankochfeld, Ofen, K\\u00fchlschrank und Geschirrsp\\u00fcler), Waschraum (mit Waschmaschine und Wasserenth\\u00e4rter) sowie begehbarer Kleiderschrank im Hauptschlafzimmer. Das Geb\\u00e4ude verf\\u00fcgt \\u00fcber einen Aufzug und Klimaanlage mit W\\u00e4rmepumpe in jedem der Hauptzimmer.\\r\\nMIETBEDINGUNGEN:\\r\\n- Wirtschaftliche Solvenz wird verlangt (Gehaltsabrechnungen, Arbeitsvertr\\u00e4ge usw.).\\r\\n- Langfristiger Mietvertrag.\\r\\n- 1 Monatsmiete als Kaution.\\r\\n- 1 Monatsmiete als Garantie.\\r\\n- Gemeinschaftskosten sind in der Miete enthalten.\\r\\n- Nebenkosten separat (Strom und Wasser).\\r\\n- Weitere Kosten auf Anfrage.\\r\\nNova Gesti\\u00f3, Ihre Immobilienagentur in Cala Millor&quot;,&quot;excerpt&quot;:&quot;VERF\\u00dcGBAR IM NOVEMBER Ein modernes Penthouse mit 120 m\\u00b2 wird in Cala Millor, ERSTE MEERESLINIE, vermietet. UNM\\u00d6BLIERT. Die Wohnung verf\\u00fcgt \\u00fcber eine sch\\u00f6ne und ger\\u00e4umige Eingangshalle mit Gegensprechanlage, ein Wohn-Esszimmer mit Kamin und direktem Zugang zu einer Terrasse von ca. 60 m\\u00b2, 2 Doppelzimmer, eines mit Balkon und das andere mit einer Terrasse von ca. [\\u2026]&quot;,&quot;short_excerpt&quot;:&quot;VERF\\u00dcGBAR IM NOVEMBER\\r\\nEin modernes Penthouse mit 120 m\\u00b2 wird in Cala Millor, ERSTE MEERESLINIE, vermietet. UNM\\u00d6BLIERT. Di...&quot;,&quot;long_excerpt&quot;:&quot;VERF\\u00dcGBAR IM NOVEMBER\\r\\nEin modernes Penthouse mit 120 m\\u00b2 wird in Cala Millor, ERSTE MEERESLINIE, vermietet. UNM\\u00d6BLIERT. Die Wohnung verf\\u00fcgt \\u00fcber eine sch\\u00f6ne ...&quot;,&quot;link&quot;:&quot;https:\\\/\\\/novagestioinmobiliaria.com\\\/de\\\/propiedades-properties-immobilien\\\/penthouse-zu-vermieten-in-cala-millor-pi1513cmll-ade\\\/&quot;,&quot;offer_type&quot;:&quot;Zu vermieten&quot;,&quot;price&quot;:&quot;1.800 \\u20ac&quot;,&quot;location&quot;:false,&quot;is_featured&quot;:true,&quot;gallery&quot;:[],&quot;attributes&quot;:[{&quot;slug&quot;:&quot;property-type&quot;,&quot;name&quot;:&quot;Immobilientyp&quot;,&quot;has_archive&quot;:true,&quot;elements&quot;:[{&quot;name&quot;:&quot;Wohnungen \\\/ Apartments&quot;,&quot;link&quot;:&quot;https:\\\/\\\/novagestioinmobiliaria.com\\\/de\\\/immobilientyp\\\/wohnungen-apartments\\\/&quot;,&quot;slug&quot;:&quot;wohnungen-apartments&quot;}],&quot;card&quot;:false,&quot;show&quot;:true,&quot;display_after&quot;:&quot;&quot;,&quot;new_box&quot;:false},{&quot;slug&quot;:&quot;offer-type&quot;,&quot;name&quot;:&quot;Angebotsart &quot;,&quot;has_archive&quot;:true,&quot;elements&quot;:[{&quot;name&quot;:&quot;Zu vermieten&quot;,&quot;link&quot;:&quot;https:\\\/\\\/novagestioinmobiliaria.com\\\/de\\\/offer-type\\\/zu-vermieten\\\/&quot;,&quot;slug&quot;:&quot;zu-vermieten&quot;}],&quot;card&quot;:true,&quot;show&quot;:true,&quot;display_after&quot;:&quot;&quot;,&quot;new_box&quot;:false},{&quot;slug&quot;:&quot;city&quot;,&quot;name&quot;:&quot;Ort&quot;,&quot;has_archive&quot;:true,&quot;elements&quot;:[{&quot;name&quot;:&quot;Cala Millor&quot;,&quot;link&quot;:&quot;https:\\\/\\\/novagestioinmobiliaria.com\\\/de\\\/city\\\/cala-millor-de\\\/&quot;,&quot;slug&quot;:&quot;cala-millor-de&quot;}],&quot;card&quot;:false,&quot;show&quot;:true,&quot;display_after&quot;:&quot;&quot;,&quot;new_box&quot;:false},{&quot;slug&quot;:&quot;price&quot;,&quot;name&quot;:&quot;Preis&quot;,&quot;has_archive&quot;:false,&quot;elements&quot;:[{&quot;name&quot;:&quot;1800&quot;,&quot;link&quot;:&quot;&quot;,&quot;slug&quot;:&quot;&quot;}],&quot;show&quot;:false,&quot;card&quot;:false,&quot;display_after&quot;:&quot;\\u20ac&quot;,&quot;new_box&quot;:false},{&quot;slug&quot;:&quot;bedrooms&quot;,&quot;name&quot;:&quot;Schlafzimmer&quot;,&quot;has_archive&quot;:false,&quot;elements&quot;:[{&quot;name&quot;:&quot;2&quot;,&quot;link&quot;:&quot;&quot;,&quot;slug&quot;:&quot;&quot;}],&quot;show&quot;:true,&quot;card&quot;:true,&quot;display_after&quot;:&quot;&quot;,&quot;new_box&quot;:false},{&quot;slug&quot;:&quot;bathrooms&quot;,&quot;name&quot;:&quot;Badezimmer&quot;,&quot;has_archive&quot;:false,&quot;elements&quot;:[{&quot;name&quot;:&quot;2&quot;,&quot;link&quot;:&quot;&quot;,&quot;slug&quot;:&quot;&quot;}],&quot;show&quot;:true,&quot;card&quot;:true,&quot;display_after&quot;:&quot;&quot;,&quot;new_box&quot;:false},{&quot;slug&quot;:&quot;property-size&quot;,&quot;name&quot;:&quot;Qm&quot;,&quot;has_archive&quot;:false,&quot;elements&quot;:[{&quot;name&quot;:&quot;120&quot;,&quot;link&quot;:&quot;&quot;,&quot;slug&quot;:&quot;&quot;}],&quot;show&quot;:true,&quot;card&quot;:true,&quot;display_after&quot;:&quot;qm&quot;,&quot;new_box&quot;:false},{&quot;slug&quot;:&quot;features&quot;,&quot;name&quot;:&quot;Eigenschaften&quot;,&quot;has_archive&quot;:true,&quot;elements&quot;:[{&quot;name&quot;:&quot;2 Doppelzimmer&quot;,&quot;link&quot;:&quot;https:\\\/\\\/novagestioinmobiliaria.com\\\/de\\\/eigenschaften\\\/2-doppelzimmer\\\/&quot;,&quot;slug&quot;:&quot;2-doppelzimmer&quot;},{&quot;name&quot;:&quot;Einbauk\\u00fcche&quot;,&quot;link&quot;:&quot;https:\\\/\\\/novagestioinmobiliaria.com\\\/de\\\/eigenschaften\\\/einbaukueche\\\/&quot;,&quot;slug&quot;:&quot;einbaukueche&quot;},{&quot;name&quot;:&quot;Haustiere NICHT erlaubt&quot;,&quot;link&quot;:&quot;https:\\\/\\\/novagestioinmobiliaria.com\\\/de\\\/eigenschaften\\\/haustiere-nicht-erlaubt\\\/&quot;,&quot;slug&quot;:&quot;haustiere-nicht-erlaubt&quot;},{&quot;name&quot;:&quot;Meerblick&quot;,&quot;link&quot;:&quot;https:\\\/\\\/novagestioinmobiliaria.com\\\/de\\\/eigenschaften\\\/meerblick\\\/&quot;,&quot;slug&quot;:&quot;meerblick&quot;},{&quot;name&quot;:&quot;Obergeschoss&quot;,&quot;link&quot;:&quot;https:\\\/\\\/novagestioinmobiliaria.com\\\/de\\\/eigenschaften\\\/obergeschoss\\\/&quot;,&quot;slug&quot;:&quot;obergeschoss&quot;},{&quot;name&quot;:&quot;Panoramablick&quot;,&quot;link&quot;:&quot;https:\\\/\\\/novagestioinmobiliaria.com\\\/de\\\/eigenschaften\\\/panoramablick\\\/&quot;,&quot;slug&quot;:&quot;panoramablick&quot;},{&quot;name&quot;:&quot;Terrasse&quot;,&quot;link&quot;:&quot;https:\\\/\\\/novagestioinmobiliaria.com\\\/de\\\/eigenschaften\\\/terrasse\\\/&quot;,&quot;slug&quot;:&quot;terrasse&quot;}],&quot;card&quot;:false,&quot;show&quot;:true,&quot;display_after&quot;:&quot;&quot;,&quot;new_box&quot;:true}],&quot;views&quot;:5,&quot;days_ago&quot;:&quot;2\\u00a0Wochen.&quot;,&quot;image_id&quot;:65638,&quot;image_url&quot;:&quot;https:\\\/\\\/novagestioinmobiliaria.com\\\/wp-content\\\/uploads\\\/2023\\\/10\\\/Piso-alquiler-Cala-Millor-ref-1513-19.jpg&quot;,&quot;tags&quot;:[{&quot;name&quot;:&quot;Eigenschaften&quot;,&quot;elements&quot;:[{&quot;name&quot;:&quot;2 Doppelzimmer&quot;,&quot;link&quot;:&quot;https:\\\/\\\/novagestioinmobiliaria.com\\\/de\\\/eigenschaften\\\/2-doppelzimmer\\\/&quot;},{&quot;name&quot;:&quot;Einbauk\\u00fcche&quot;,&quot;link&quot;:&quot;https:\\\/\\\/novagestioinmobiliaria.com\\\/de\\\/eigenschaften\\\/einbaukueche\\\/&quot;},{&quot;name&quot;:&quot;Haustiere NICHT erlaubt&quot;,&quot;link&quot;:&quot;https:\\\/\\\/novagestioinmobiliaria.com\\\/de\\\/eigenschaften\\\/haustiere-nicht-erlaubt\\\/&quot;},{&quot;name&quot;:&quot;Meerblick&quot;,&quot;link&quot;:&quot;https:\\\/\\\/novagestioinmobiliaria.com\\\/de\\\/eigenschaften\\\/meerblick\\\/&quot;},{&quot;name&quot;:&quot;Obergeschoss&quot;,&quot;link&quot;:&quot;https:\\\/\\\/novagestioinmobiliaria.com\\\/de\\\/eigenschaften\\\/obergeschoss\\\/&quot;},{&quot;name&quot;:&quot;Panoramablick&quot;,&quot;link&quot;:&quot;https:\\\/\\\/novagestioinmobiliaria.com\\\/de\\\/eigenschaften\\\/panoramablick\\\/&quot;},{&quot;name&quot;:&quot;Terrasse&quot;,&quot;link&quot;:&quot;https:\\\/\\\/novagestioinmobiliaria.com\\\/de\\\/eigenschaften\\\/terrasse\\\/&quot;}],&quot;has_archive&quot;:true}],&quot;status&quot;:&quot;publish&quot;,&quot;plans&quot;:[],&quot;video_plan&quot;:{&quot;src&quot;:&quot;&quot;,&quot;video&quot;:&quot;&quot;},&quot;virtual_tour&quot;:null,&quot;state&quot;:&quot;&quot;,&quot;labels&quot;:[],&quot;image&quot;:&quot;https:\\\/\\\/novagestioinmobiliaria.com\\\/wp-content\\\/uploads\\\/2023\\\/10\\\/Piso-alquiler-Cala-Millor-ref-1513-19-400x250.jpg&quot;,&quot;image_srcset&quot;:&quot;https:\\\/\\\/novagestioinmobiliaria.com\\\/wp-content\\\/uploads\\\/2023\\\/10\\\/Piso-alquiler-Cala-Millor-ref-1513-19-200x125.jpg 200w, https:\\\/\\\/novagestioinmobiliaria.com\\\/wp-content\\\/uploads\\\/2023\\\/10\\\/Piso-alquiler-Cala-Millor-ref-1513-19-800x500.jpg 800w, https:\\\/\\\/novagestioinmobiliaria.com\\\/wp-content\\\/uploads\\\/2023\\\/10\\\/Piso-alquiler-Cala-Millor-ref-1513-19-600x375.jpg 600w, https:\\\/\\\/novagestioinmobiliaria.com\\\/wp-content\\\/uploads\\\/2023\\\/10\\\/Piso-alquiler-Cala-Millor-ref-1513-19-400x250.jpg 400w&quot;}'>\r\n\t\t\t\t\t\t\t\t\t\t\t\t\t<\/compare-button>\r\n\t\t\t\t\t\t\t\t\t\t\t\t<\/div>\r\n\t\t\t\t\t\t\t\t\t\t\t\t<div class=\"mh-estate-vertical__buttons__single\">\r\n\t\t\t\t\t\t\t\t\t\t\t\t\t<a href=\"https:\/\/novagestioinmobiliaria.com\/de\/propiedades-properties-immobilien\/penthouse-zu-vermieten-in-cala-millor-pi1513cmll-ade\/\"\r\n\t\t\t\t\t\t\t\t\t\t\t\t\t   title=\"Penthouse zu vermieten in Cala Millor : : PI1513CMLL-ADE\"\r\n\t\t\t\t\t\t\t\t\t\t\t\t\t   class=\"mdl-button mdl-js-button mdl-button--raised mdl-js-ripple-effect mdl-button--primary-ghost\">\r\n\t\t\t\t\t\t\t\t\t\t\t\t\t\tDetails\t\t\t\t\t\t\t\t\t\t\t\t\t\t<span class=\"mdl-button__icon-right\"><i class=\"fa fa-angle-right\"><\/i><\/span>\r\n\t\t\t\t\t\t\t\t\t\t\t\t\t<\/a>\r\n\t\t\t\t\t\t\t\t\t\t\t\t<\/div>\r\n\t\t\t\t\t\t\t\t\t\t\t<\/div>\r\n\t\t\t\t\t\t\t\t\t\t<\/div>\r\n\t\t\t\t\t\t\t\t\t<\/div>\r\n\t\t\t\t\t\t\t\t<\/div>\r\n\t\t\t\t\t\t\t<\/div>\r\n\t\t\t\t\t\t<\/article>\r\n\t\t\t\t\t<\/div>\r\n\t\t\t\t\r\n\t\t\t\t\t<div class=\"item\">\r\n\t\t\t\t\t\t<article class=\"mh-estate-vertical   mh-attribute-property-type__wohnungen-apartments mh-attribute-offer-type__zu-vermieten mh-attribute-city__manacor-de mh-attribute-features__3-schlafzimmer mh-attribute-features__einbaukueche mh-attribute-features__haustiere-nicht-erlaubt mh-attribute-features__heizung mh-attribute-features__moebliert mh-attribute-features__ruhige-lage mh-attribute-features__schulnah mh-attribute-features__terrasse mh-attribute-features__unverbaubare-aussicht mh-attribute-features__wascherei\">\r\n\t\t\t\t\t\t\t<a href=\"https:\/\/novagestioinmobiliaria.com\/de\/propiedades-properties-immobilien\/wohnung-zur-miete-in-manacor-pi1028ma-ade\/\"\r\n\t\t\t\t\t\t\t   title=\"Wohnung zur Miete in Manacor : : PI1028MA-ADE\"\r\n\t\t\t\t\t\t\t   class=\"mh-thumbnail\">\r\n                        <span class=\"mh-thumbnail__inner\">\r\n                                    <img\r\n                    data-srcset=\"https:\/\/novagestioinmobiliaria.com\/wp-content\/uploads\/2021\/07\/Piso-alquiler-Manacor-ref-1028-13-200x125.jpg 200w, https:\/\/novagestioinmobiliaria.com\/wp-content\/uploads\/2021\/07\/Piso-alquiler-Manacor-ref-1028-13-1200x750.jpg 1200w, https:\/\/novagestioinmobiliaria.com\/wp-content\/uploads\/2021\/07\/Piso-alquiler-Manacor-ref-1028-13-800x500.jpg 800w, https:\/\/novagestioinmobiliaria.com\/wp-content\/uploads\/2021\/07\/Piso-alquiler-Manacor-ref-1028-13-600x375.jpg 600w, https:\/\/novagestioinmobiliaria.com\/wp-content\/uploads\/2021\/07\/Piso-alquiler-Manacor-ref-1028-13-400x250.jpg 400w\"\r\n                    class=\"lazyload \" alt=\"Wohnung zur Miete in Manacor : : PI1028MA-ADE\"\r\n                    data-sizes=\"auto\"\r\n            >\r\n\t\t\t                        <\/span>\r\n\r\n\t\t\t\t\t\t\t\t\t\t\t\t\t\t\t\t\t<div class=\"mh-caption\">\r\n\t\t\t\t\t\t\t\t\t\t<div class=\"mh-caption__inner\">\r\n\t\t\t\t\t\t\t\t\t\t\tZu vermieten\t\t\t\t\t\t\t\t\t\t<\/div>\r\n\t\t\t\t\t\t\t\t\t<\/div>\r\n\t\t\t\t\t\t\t\t\t\r\n\t\t\t\t\t\t\t\t<div class=\"mh-estate-vertical__text\">\r\n\t\t\t\t\t\t\t\t\t<div class=\"mh-estate-vertical__text__inner\">\r\n\t\t\t\t\t\t\t\t\t\tAB 1. SEPTEMBER VERF\u00dcGBAR &#8211; LESEN SIE DIE ANZEIGE GENAU &#8211; MAXIMAL ZWEI PERSONEN Sch\u00f6ne und gem\u00fctliche Wohnung zur Miete...\t\t\t\t\t\t\t\t\t<\/div>\r\n\t\t\t\t\t\t\t\t<\/div>\r\n\t\t\t\t\t\t\t<\/a>\r\n\r\n\t\t\t\t\t\t\t<div class=\"mh-estate-vertical__content\">\r\n\t\t\t\t\t\t\t\t<h3 class=\"mh-estate-vertical__heading\">\r\n\t\t\t\t\t\t\t\t\t<a href=\"https:\/\/novagestioinmobiliaria.com\/de\/propiedades-properties-immobilien\/wohnung-zur-miete-in-manacor-pi1028ma-ade\/\"\r\n\t\t\t\t\t\t\t\t\t   title=\"Wohnung zur Miete in Manacor : : PI1028MA-ADE\">\r\n\t\t\t\t\t\t\t\t\t\tWohnung zur Miete in Manacor : : PI1028MA-ADE\t\t\t\t\t\t\t\t\t<\/a>\r\n\t\t\t\t\t\t\t\t<\/h3>\r\n\t\t\t\t\t\t\t\t<address class=\"mh-estate-vertical__subheading\">\r\n\t\t\t\t\t\t\t\t\t\t\t\t\t\t\t\t\t<\/address>\r\n\t\t\t\t\t\t\t\t<div class=\"mh-estate-vertical__primary\">\r\n\t\t\t\t\t\t\t\t\t1.200 \u20ac\t\t\t\t\t\t\t\t<\/div>\r\n\r\n\t\t\t\t\t\t\t\t<div>\r\n\t\t\t\t\t\t\t\t\t<div class=\"mh-estate__list\">\r\n\t\t\t\t\t\t\t\t\t\t\r\n\t\t\t\t\t\t\t\t\t\t\t<span class=\"mh-estate-vertical__more-info mh-estate_attribute-offer-type\">\r\n                                        <strong>Angebotsart :<\/strong>\r\n\t\t\t\t\t\t\t\t\t\t\t\t\t\t\t\t\t\t\t\t\t\t\t\t\t\tZu vermieten\t\t\t\t\t\t\t\t\t\t\t\t\t\t                                    <\/span>\r\n\r\n\t\t\t\t\t\t\t\t\t\t\r\n\t\t\t\t\t\t\t\t\t\t\t<span class=\"mh-estate-vertical__more-info mh-estate_attribute-bedrooms\">\r\n                                        <strong>Schlafzimmer:<\/strong>\r\n\t\t\t\t\t\t\t\t\t\t\t\t3                                    <\/span>\r\n\r\n\t\t\t\t\t\t\t\t\t\t\r\n\t\t\t\t\t\t\t\t\t\t\t<span class=\"mh-estate-vertical__more-info mh-estate_attribute-bathrooms\">\r\n                                        <strong>Badezimmer:<\/strong>\r\n\t\t\t\t\t\t\t\t\t\t\t\t2                                    <\/span>\r\n\r\n\t\t\t\t\t\t\t\t\t\t\r\n\t\t\t\t\t\t\t\t\t\t\t<span class=\"mh-estate-vertical__more-info mh-estate_attribute-property-size\">\r\n                                        <strong>Qm:<\/strong>\r\n\t\t\t\t\t\t\t\t\t\t\t\t90 qm                                    <\/span>\r\n\r\n\t\t\t\t\t\t\t\t\t\t\t\t\t\t\t\t\t\t\t<\/div>\r\n\t\t\t\t\t\t\t\t<\/div>\r\n\r\n\t\t\t\t\t\t\t\t<div class=\"mh-estate-vertical__bottom\">\r\n\t\t\t\t\t\t\t\t\t<div class=\"mh-estate-vertical__bottom__inner\">\r\n\t\t\t\t\t\t\t\t\t\t<div class=\"mh-estate-vertical__date\">\r\n\t\t\t\t\t\t\t\t\t\t\t2\u00a0Wochen.\t\t\t\t\t\t\t\t\t\t<\/div>\r\n\t\t\t\t\t\t\t\t\t\t<div class=\"mh-estate-vertical__buttons-wrapper\">\r\n\t\t\t\t\t\t\t\t\t\t\t<div class=\"mh-estate-vertical__buttons\">\r\n\t\t\t\t\t\t\t\t\t\t\t\t<div class=\"mh-estate-vertical__buttons__single\">\r\n\t\t\t\t\t\t\t\t\t\t\t\t\t<compare-button class=\"myhome-compare\"\r\n\t\t\t\t\t\t\t\t\t\t\t\t\t\t\t\t\t:translations='{&quot;added&quot;:&quot;Zus\\u00e4tzlich&quot;,&quot;compare&quot;:&quot;Vergleichen&quot;}'\r\n\t\t\t\t\t\t\t\t\t\t\t\t\t\t\t\t\t:estate='{&quot;short_excerpt_limit&quot;:125,&quot;long_excerpt_limit&quot;:160,&quot;id&quot;:92833,&quot;agent_id&quot;:&quot;24&quot;,&quot;title&quot;:&quot;Wohnung zur Miete in Manacor : : PI1028MA-ADE&quot;,&quot;content&quot;:&quot;AB 1. SEPTEMBER VERF\\u00dcGBAR - LESEN SIE DIE ANZEIGE GENAU - MAXIMAL ZWEI PERSONEN\\r\\nSch\\u00f6ne und gem\\u00fctliche Wohnung zur Miete in Manacor, ca. 90 m2, verteilt auf einen Eingangsflur, ein Wohn-Esszimmer mit Balkon nach au\\u00dfen mit wundersch\\u00f6ner und freier Aussicht, 3 Schlafzimmer (2 Doppel- und 1 Einzelzimmer), zwei Badezimmer, eines mit Badewanne und eines mit Dusche, Echtholzparkettboden, sch\\u00f6ne, ger\\u00e4umige und helle K\\u00fcche, komplett ausgestattet mit K\\u00fchlschrank, Backofen, Cerankochfeld und Geschirrsp\\u00fcler, Hauswirtschaftsraum mit neuer Waschmaschine und Trockner. Vom Hauptschlafzimmer und vom Wohnzimmer gelangt man auf den Balkon mit herrlicher freier Aussicht. Zentralheizung vorhanden. Bereich mit einfacher Parkm\\u00f6glichkeit, in der N\\u00e4he von Schulen, der Nationalpolizei und dem Rafa Nadal Komplex. Sehr gute Aussicht. Balkonterrasse. Ideal f\\u00fcr Lehrer oder Beamte.\\r\\n\\r\\nMIETBEDINGUNGEN:\\r\\n- Verf\\u00fcgbar ab 1. September\\r\\n- Mietdauer 11 Monate mit Verl\\u00e4ngerungsm\\u00f6glichkeit.\\r\\n- Festanstellungen und aktuelle Gehaltsabrechnungen werden verlangt\\r\\n- Nebenkosten (Strom, Wasser, etc.) sind separat zu zahlen. Die Gemeinschaftskosten sind inklusive\\r\\n- Eine Monatsmiete als Kaution\\r\\n- Weitere Kosten beim Makler erfragen\\r\\n- KEINE Haustiere erlaubt\\r\\n- MAXIMAL ZWEI PERSONEN\\r\\n\\r\\nNova Gestio, Ihre Immobilienagentur in Manacor&quot;,&quot;excerpt&quot;:&quot;AB 1. SEPTEMBER VERF\\u00dcGBAR \\u2013 LESEN SIE DIE ANZEIGE GENAU \\u2013 MAXIMAL ZWEI PERSONEN Sch\\u00f6ne und gem\\u00fctliche Wohnung zur Miete in Manacor, ca. 90 m2, verteilt auf einen Eingangsflur, ein Wohn-Esszimmer mit Balkon nach au\\u00dfen mit wundersch\\u00f6ner und freier Aussicht, 3 Schlafzimmer (2 Doppel- und 1 Einzelzimmer), zwei Badezimmer, eines mit Badewanne und eines mit [\\u2026]&quot;,&quot;short_excerpt&quot;:&quot;AB 1. SEPTEMBER VERF\\u00dcGBAR - LESEN SIE DIE ANZEIGE GENAU - MAXIMAL ZWEI PERSONEN\\r\\nSch\\u00f6ne und gem\\u00fctliche Wohnung zur Miete i...&quot;,&quot;long_excerpt&quot;:&quot;AB 1. SEPTEMBER VERF\\u00dcGBAR - LESEN SIE DIE ANZEIGE GENAU - MAXIMAL ZWEI PERSONEN\\r\\nSch\\u00f6ne und gem\\u00fctliche Wohnung zur Miete in Manacor, ca. 90 m2, verteilt auf ...&quot;,&quot;link&quot;:&quot;https:\\\/\\\/novagestioinmobiliaria.com\\\/de\\\/propiedades-properties-immobilien\\\/wohnung-zur-miete-in-manacor-pi1028ma-ade\\\/&quot;,&quot;offer_type&quot;:&quot;Zu vermieten&quot;,&quot;price&quot;:&quot;1.200 \\u20ac&quot;,&quot;location&quot;:false,&quot;is_featured&quot;:true,&quot;gallery&quot;:[{&quot;id&quot;:46274,&quot;url&quot;:&quot;https:\\\/\\\/novagestioinmobiliaria.com\\\/wp-content\\\/uploads\\\/2021\\\/07\\\/Piso-alquiler-Manacor-ref-1028-13.jpg&quot;,&quot;alt&quot;:&quot;&quot;},{&quot;id&quot;:46271,&quot;url&quot;:&quot;https:\\\/\\\/novagestioinmobiliaria.com\\\/wp-content\\\/uploads\\\/2021\\\/07\\\/Piso-alquiler-Manacor-ref-1028-12.jpg&quot;,&quot;alt&quot;:&quot;&quot;},{&quot;id&quot;:46268,&quot;url&quot;:&quot;https:\\\/\\\/novagestioinmobiliaria.com\\\/wp-content\\\/uploads\\\/2021\\\/07\\\/Piso-alquiler-Manacor-ref-1028-11.jpg&quot;,&quot;alt&quot;:&quot;&quot;},{&quot;id&quot;:46265,&quot;url&quot;:&quot;https:\\\/\\\/novagestioinmobiliaria.com\\\/wp-content\\\/uploads\\\/2021\\\/07\\\/Piso-alquiler-Manacor-ref-1028-10.jpg&quot;,&quot;alt&quot;:&quot;&quot;},{&quot;id&quot;:46262,&quot;url&quot;:&quot;https:\\\/\\\/novagestioinmobiliaria.com\\\/wp-content\\\/uploads\\\/2021\\\/07\\\/Piso-alquiler-Manacor-ref-1028-9.jpg&quot;,&quot;alt&quot;:&quot;&quot;},{&quot;id&quot;:46259,&quot;url&quot;:&quot;https:\\\/\\\/novagestioinmobiliaria.com\\\/wp-content\\\/uploads\\\/2021\\\/07\\\/Piso-alquiler-Manacor-ref-1028-8.jpg&quot;,&quot;alt&quot;:&quot;&quot;},{&quot;id&quot;:46256,&quot;url&quot;:&quot;https:\\\/\\\/novagestioinmobiliaria.com\\\/wp-content\\\/uploads\\\/2021\\\/07\\\/Piso-alquiler-Manacor-ref-1028-7.jpg&quot;,&quot;alt&quot;:&quot;&quot;},{&quot;id&quot;:46253,&quot;url&quot;:&quot;https:\\\/\\\/novagestioinmobiliaria.com\\\/wp-content\\\/uploads\\\/2021\\\/07\\\/Piso-alquiler-Manacor-ref-1028-6.jpg&quot;,&quot;alt&quot;:&quot;&quot;},{&quot;id&quot;:46250,&quot;url&quot;:&quot;https:\\\/\\\/novagestioinmobiliaria.com\\\/wp-content\\\/uploads\\\/2021\\\/07\\\/Piso-alquiler-Manacor-ref-1028-5.jpg&quot;,&quot;alt&quot;:&quot;&quot;},{&quot;id&quot;:46247,&quot;url&quot;:&quot;https:\\\/\\\/novagestioinmobiliaria.com\\\/wp-content\\\/uploads\\\/2021\\\/07\\\/Piso-alquiler-Manacor-ref-1028-4.jpg&quot;,&quot;alt&quot;:&quot;&quot;},{&quot;id&quot;:46244,&quot;url&quot;:&quot;https:\\\/\\\/novagestioinmobiliaria.com\\\/wp-content\\\/uploads\\\/2021\\\/07\\\/Piso-alquiler-Manacor-ref-1028-3.jpg&quot;,&quot;alt&quot;:&quot;&quot;},{&quot;id&quot;:46241,&quot;url&quot;:&quot;https:\\\/\\\/novagestioinmobiliaria.com\\\/wp-content\\\/uploads\\\/2021\\\/07\\\/Piso-alquiler-Manacor-ref-1028-2.jpg&quot;,&quot;alt&quot;:&quot;&quot;},{&quot;id&quot;:46238,&quot;url&quot;:&quot;https:\\\/\\\/novagestioinmobiliaria.com\\\/wp-content\\\/uploads\\\/2021\\\/07\\\/Piso-alquiler-Manacor-ref-1028-1.jpg&quot;,&quot;alt&quot;:&quot;&quot;},{&quot;id&quot;:46235,&quot;url&quot;:&quot;https:\\\/\\\/novagestioinmobiliaria.com\\\/wp-content\\\/uploads\\\/2021\\\/07\\\/Piso-alquiler-Manacor-ref-1028-15.jpg&quot;,&quot;alt&quot;:&quot;&quot;},{&quot;id&quot;:46232,&quot;url&quot;:&quot;https:\\\/\\\/novagestioinmobiliaria.com\\\/wp-content\\\/uploads\\\/2021\\\/07\\\/Piso-alquiler-Manacor-ref-1028-14.jpg&quot;,&quot;alt&quot;:&quot;&quot;}],&quot;attributes&quot;:[{&quot;slug&quot;:&quot;property-type&quot;,&quot;name&quot;:&quot;Immobilientyp&quot;,&quot;has_archive&quot;:true,&quot;elements&quot;:[{&quot;name&quot;:&quot;Wohnungen \\\/ Apartments&quot;,&quot;link&quot;:&quot;https:\\\/\\\/novagestioinmobiliaria.com\\\/de\\\/immobilientyp\\\/wohnungen-apartments\\\/&quot;,&quot;slug&quot;:&quot;wohnungen-apartments&quot;}],&quot;card&quot;:false,&quot;show&quot;:true,&quot;display_after&quot;:&quot;&quot;,&quot;new_box&quot;:false},{&quot;slug&quot;:&quot;offer-type&quot;,&quot;name&quot;:&quot;Angebotsart &quot;,&quot;has_archive&quot;:true,&quot;elements&quot;:[{&quot;name&quot;:&quot;Zu vermieten&quot;,&quot;link&quot;:&quot;https:\\\/\\\/novagestioinmobiliaria.com\\\/de\\\/offer-type\\\/zu-vermieten\\\/&quot;,&quot;slug&quot;:&quot;zu-vermieten&quot;}],&quot;card&quot;:true,&quot;show&quot;:true,&quot;display_after&quot;:&quot;&quot;,&quot;new_box&quot;:false},{&quot;slug&quot;:&quot;city&quot;,&quot;name&quot;:&quot;Ort&quot;,&quot;has_archive&quot;:true,&quot;elements&quot;:[{&quot;name&quot;:&quot;Manacor&quot;,&quot;link&quot;:&quot;https:\\\/\\\/novagestioinmobiliaria.com\\\/de\\\/city\\\/manacor-de\\\/&quot;,&quot;slug&quot;:&quot;manacor-de&quot;}],&quot;card&quot;:false,&quot;show&quot;:true,&quot;display_after&quot;:&quot;&quot;,&quot;new_box&quot;:false},{&quot;slug&quot;:&quot;price&quot;,&quot;name&quot;:&quot;Preis&quot;,&quot;has_archive&quot;:false,&quot;elements&quot;:[{&quot;name&quot;:&quot;1200&quot;,&quot;link&quot;:&quot;&quot;,&quot;slug&quot;:&quot;&quot;}],&quot;show&quot;:false,&quot;card&quot;:false,&quot;display_after&quot;:&quot;\\u20ac&quot;,&quot;new_box&quot;:false},{&quot;slug&quot;:&quot;bedrooms&quot;,&quot;name&quot;:&quot;Schlafzimmer&quot;,&quot;has_archive&quot;:false,&quot;elements&quot;:[{&quot;name&quot;:&quot;3&quot;,&quot;link&quot;:&quot;&quot;,&quot;slug&quot;:&quot;&quot;}],&quot;show&quot;:true,&quot;card&quot;:true,&quot;display_after&quot;:&quot;&quot;,&quot;new_box&quot;:false},{&quot;slug&quot;:&quot;bathrooms&quot;,&quot;name&quot;:&quot;Badezimmer&quot;,&quot;has_archive&quot;:false,&quot;elements&quot;:[{&quot;name&quot;:&quot;2&quot;,&quot;link&quot;:&quot;&quot;,&quot;slug&quot;:&quot;&quot;}],&quot;show&quot;:true,&quot;card&quot;:true,&quot;display_after&quot;:&quot;&quot;,&quot;new_box&quot;:false},{&quot;slug&quot;:&quot;property-size&quot;,&quot;name&quot;:&quot;Qm&quot;,&quot;has_archive&quot;:false,&quot;elements&quot;:[{&quot;name&quot;:&quot;90&quot;,&quot;link&quot;:&quot;&quot;,&quot;slug&quot;:&quot;&quot;}],&quot;show&quot;:true,&quot;card&quot;:true,&quot;display_after&quot;:&quot;qm&quot;,&quot;new_box&quot;:false},{&quot;slug&quot;:&quot;features&quot;,&quot;name&quot;:&quot;Eigenschaften&quot;,&quot;has_archive&quot;:true,&quot;elements&quot;:[{&quot;name&quot;:&quot;3 Schlafzimmer&quot;,&quot;link&quot;:&quot;https:\\\/\\\/novagestioinmobiliaria.com\\\/de\\\/eigenschaften\\\/3-schlafzimmer\\\/&quot;,&quot;slug&quot;:&quot;3-schlafzimmer&quot;},{&quot;name&quot;:&quot;Einbauk\\u00fcche&quot;,&quot;link&quot;:&quot;https:\\\/\\\/novagestioinmobiliaria.com\\\/de\\\/eigenschaften\\\/einbaukueche\\\/&quot;,&quot;slug&quot;:&quot;einbaukueche&quot;},{&quot;name&quot;:&quot;Haustiere NICHT erlaubt&quot;,&quot;link&quot;:&quot;https:\\\/\\\/novagestioinmobiliaria.com\\\/de\\\/eigenschaften\\\/haustiere-nicht-erlaubt\\\/&quot;,&quot;slug&quot;:&quot;haustiere-nicht-erlaubt&quot;},{&quot;name&quot;:&quot;Heizung&quot;,&quot;link&quot;:&quot;https:\\\/\\\/novagestioinmobiliaria.com\\\/de\\\/eigenschaften\\\/heizung\\\/&quot;,&quot;slug&quot;:&quot;heizung&quot;},{&quot;name&quot;:&quot;M\\u00f6bliert&quot;,&quot;link&quot;:&quot;https:\\\/\\\/novagestioinmobiliaria.com\\\/de\\\/eigenschaften\\\/moebliert\\\/&quot;,&quot;slug&quot;:&quot;moebliert&quot;},{&quot;name&quot;:&quot;Ruhige Lage&quot;,&quot;link&quot;:&quot;https:\\\/\\\/novagestioinmobiliaria.com\\\/de\\\/eigenschaften\\\/ruhige-lage\\\/&quot;,&quot;slug&quot;:&quot;ruhige-lage&quot;},{&quot;name&quot;:&quot;Schulnah&quot;,&quot;link&quot;:&quot;https:\\\/\\\/novagestioinmobiliaria.com\\\/de\\\/eigenschaften\\\/schulnah\\\/&quot;,&quot;slug&quot;:&quot;schulnah&quot;},{&quot;name&quot;:&quot;Terrasse&quot;,&quot;link&quot;:&quot;https:\\\/\\\/novagestioinmobiliaria.com\\\/de\\\/eigenschaften\\\/terrasse\\\/&quot;,&quot;slug&quot;:&quot;terrasse&quot;},{&quot;name&quot;:&quot;Unverbaubare Aussicht&quot;,&quot;link&quot;:&quot;https:\\\/\\\/novagestioinmobiliaria.com\\\/de\\\/eigenschaften\\\/unverbaubare-aussicht\\\/&quot;,&quot;slug&quot;:&quot;unverbaubare-aussicht&quot;},{&quot;name&quot;:&quot;W\\u00e4scherei&quot;,&quot;link&quot;:&quot;https:\\\/\\\/novagestioinmobiliaria.com\\\/de\\\/eigenschaften\\\/wascherei\\\/&quot;,&quot;slug&quot;:&quot;wascherei&quot;}],&quot;card&quot;:false,&quot;show&quot;:true,&quot;display_after&quot;:&quot;&quot;,&quot;new_box&quot;:true}],&quot;views&quot;:6,&quot;days_ago&quot;:&quot;2\\u00a0Wochen.&quot;,&quot;image_id&quot;:46274,&quot;image_url&quot;:&quot;https:\\\/\\\/novagestioinmobiliaria.com\\\/wp-content\\\/uploads\\\/2021\\\/07\\\/Piso-alquiler-Manacor-ref-1028-13.jpg&quot;,&quot;tags&quot;:[{&quot;name&quot;:&quot;Eigenschaften&quot;,&quot;elements&quot;:[{&quot;name&quot;:&quot;3 Schlafzimmer&quot;,&quot;link&quot;:&quot;https:\\\/\\\/novagestioinmobiliaria.com\\\/de\\\/eigenschaften\\\/3-schlafzimmer\\\/&quot;},{&quot;name&quot;:&quot;Einbauk\\u00fcche&quot;,&quot;link&quot;:&quot;https:\\\/\\\/novagestioinmobiliaria.com\\\/de\\\/eigenschaften\\\/einbaukueche\\\/&quot;},{&quot;name&quot;:&quot;Haustiere NICHT erlaubt&quot;,&quot;link&quot;:&quot;https:\\\/\\\/novagestioinmobiliaria.com\\\/de\\\/eigenschaften\\\/haustiere-nicht-erlaubt\\\/&quot;},{&quot;name&quot;:&quot;Heizung&quot;,&quot;link&quot;:&quot;https:\\\/\\\/novagestioinmobiliaria.com\\\/de\\\/eigenschaften\\\/heizung\\\/&quot;},{&quot;name&quot;:&quot;M\\u00f6bliert&quot;,&quot;link&quot;:&quot;https:\\\/\\\/novagestioinmobiliaria.com\\\/de\\\/eigenschaften\\\/moebliert\\\/&quot;},{&quot;name&quot;:&quot;Ruhige Lage&quot;,&quot;link&quot;:&quot;https:\\\/\\\/novagestioinmobiliaria.com\\\/de\\\/eigenschaften\\\/ruhige-lage\\\/&quot;},{&quot;name&quot;:&quot;Schulnah&quot;,&quot;link&quot;:&quot;https:\\\/\\\/novagestioinmobiliaria.com\\\/de\\\/eigenschaften\\\/schulnah\\\/&quot;},{&quot;name&quot;:&quot;Terrasse&quot;,&quot;link&quot;:&quot;https:\\\/\\\/novagestioinmobiliaria.com\\\/de\\\/eigenschaften\\\/terrasse\\\/&quot;},{&quot;name&quot;:&quot;Unverbaubare Aussicht&quot;,&quot;link&quot;:&quot;https:\\\/\\\/novagestioinmobiliaria.com\\\/de\\\/eigenschaften\\\/unverbaubare-aussicht\\\/&quot;},{&quot;name&quot;:&quot;W\\u00e4scherei&quot;,&quot;link&quot;:&quot;https:\\\/\\\/novagestioinmobiliaria.com\\\/de\\\/eigenschaften\\\/wascherei\\\/&quot;}],&quot;has_archive&quot;:true}],&quot;status&quot;:&quot;publish&quot;,&quot;plans&quot;:[],&quot;video_plan&quot;:{&quot;src&quot;:&quot;&quot;,&quot;video&quot;:&quot;&quot;},&quot;virtual_tour&quot;:null,&quot;state&quot;:&quot;&quot;,&quot;labels&quot;:[],&quot;image&quot;:&quot;https:\\\/\\\/novagestioinmobiliaria.com\\\/wp-content\\\/uploads\\\/2021\\\/07\\\/Piso-alquiler-Manacor-ref-1028-13-400x250.jpg&quot;,&quot;image_srcset&quot;:&quot;https:\\\/\\\/novagestioinmobiliaria.com\\\/wp-content\\\/uploads\\\/2021\\\/07\\\/Piso-alquiler-Manacor-ref-1028-13-200x125.jpg 200w, https:\\\/\\\/novagestioinmobiliaria.com\\\/wp-content\\\/uploads\\\/2021\\\/07\\\/Piso-alquiler-Manacor-ref-1028-13-1200x750.jpg 1200w, https:\\\/\\\/novagestioinmobiliaria.com\\\/wp-content\\\/uploads\\\/2021\\\/07\\\/Piso-alquiler-Manacor-ref-1028-13-800x500.jpg 800w, https:\\\/\\\/novagestioinmobiliaria.com\\\/wp-content\\\/uploads\\\/2021\\\/07\\\/Piso-alquiler-Manacor-ref-1028-13-600x375.jpg 600w, https:\\\/\\\/novagestioinmobiliaria.com\\\/wp-content\\\/uploads\\\/2021\\\/07\\\/Piso-alquiler-Manacor-ref-1028-13-400x250.jpg 400w&quot;}'>\r\n\t\t\t\t\t\t\t\t\t\t\t\t\t<\/compare-button>\r\n\t\t\t\t\t\t\t\t\t\t\t\t<\/div>\r\n\t\t\t\t\t\t\t\t\t\t\t\t<div class=\"mh-estate-vertical__buttons__single\">\r\n\t\t\t\t\t\t\t\t\t\t\t\t\t<a href=\"https:\/\/novagestioinmobiliaria.com\/de\/propiedades-properties-immobilien\/wohnung-zur-miete-in-manacor-pi1028ma-ade\/\"\r\n\t\t\t\t\t\t\t\t\t\t\t\t\t   title=\"Wohnung zur Miete in Manacor : : PI1028MA-ADE\"\r\n\t\t\t\t\t\t\t\t\t\t\t\t\t   class=\"mdl-button mdl-js-button mdl-button--raised mdl-js-ripple-effect mdl-button--primary-ghost\">\r\n\t\t\t\t\t\t\t\t\t\t\t\t\t\tDetails\t\t\t\t\t\t\t\t\t\t\t\t\t\t<span class=\"mdl-button__icon-right\"><i class=\"fa fa-angle-right\"><\/i><\/span>\r\n\t\t\t\t\t\t\t\t\t\t\t\t\t<\/a>\r\n\t\t\t\t\t\t\t\t\t\t\t\t<\/div>\r\n\t\t\t\t\t\t\t\t\t\t\t<\/div>\r\n\t\t\t\t\t\t\t\t\t\t<\/div>\r\n\t\t\t\t\t\t\t\t\t<\/div>\r\n\t\t\t\t\t\t\t\t<\/div>\r\n\t\t\t\t\t\t\t<\/div>\r\n\t\t\t\t\t\t<\/article>\r\n\t\t\t\t\t<\/div>\r\n\t\t\t\t\r\n\t\t\t\t\t<div class=\"item\">\r\n\t\t\t\t\t\t<article class=\"mh-estate-vertical   mh-attribute-property-type__fincas-landhaeuser mh-attribute-offer-type__zu-verkaufen mh-attribute-city__sineu-de mh-attribute-features__ausblick-auf-die-berge mh-attribute-features__einbaukueche mh-attribute-features__moebliert mh-attribute-features__panoramablick mh-attribute-features__ruhige-lage mh-attribute-features__terrasse\">\r\n\t\t\t\t\t\t\t<a href=\"https:\/\/novagestioinmobiliaria.com\/de\/propiedades-properties-immobilien\/schoenes-rustikales-anwesen-zum-verkauf-in-sineu-fr1777si-vde\/\"\r\n\t\t\t\t\t\t\t   title=\"Wundersch\u00f6nes rustikales Anwesen zum Verkauf in Sineu : : FR1777SI-VDE\"\r\n\t\t\t\t\t\t\t   class=\"mh-thumbnail\">\r\n                        <span class=\"mh-thumbnail__inner\">\r\n                                    <img\r\n                    data-srcset=\"https:\/\/novagestioinmobiliaria.com\/wp-content\/uploads\/2026\/08\/Finca-rustica-en-venta-en-Sineu-ref-1777-16-200x125.jpg 200w, https:\/\/novagestioinmobiliaria.com\/wp-content\/uploads\/2026\/08\/Finca-rustica-en-venta-en-Sineu-ref-1777-16-1200x750.jpg 1200w, https:\/\/novagestioinmobiliaria.com\/wp-content\/uploads\/2026\/08\/Finca-rustica-en-venta-en-Sineu-ref-1777-16-800x500.jpg 800w, https:\/\/novagestioinmobiliaria.com\/wp-content\/uploads\/2026\/08\/Finca-rustica-en-venta-en-Sineu-ref-1777-16-600x375.jpg 600w, https:\/\/novagestioinmobiliaria.com\/wp-content\/uploads\/2026\/08\/Finca-rustica-en-venta-en-Sineu-ref-1777-16-400x250.jpg 400w\"\r\n                    class=\"lazyload \" alt=\"Wundersch\u00f6nes rustikales Anwesen zum Verkauf in Sineu : : FR1777SI-VDE\"\r\n                    data-sizes=\"auto\"\r\n            >\r\n\t\t\t                        <\/span>\r\n\r\n\t\t\t\t\t\t\t\t\t\t\t\t\t\t\t\t\t<div class=\"mh-caption\">\r\n\t\t\t\t\t\t\t\t\t\t<div class=\"mh-caption__inner\">\r\n\t\t\t\t\t\t\t\t\t\t\tZu verkaufen\t\t\t\t\t\t\t\t\t\t<\/div>\r\n\t\t\t\t\t\t\t\t\t<\/div>\r\n\t\t\t\t\t\t\t\t\t\r\n\t\t\t\t\t\t\t\t<div class=\"mh-estate-vertical__text\">\r\n\t\t\t\t\t\t\t\t\t<div class=\"mh-estate-vertical__text__inner\">\r\n\t\t\t\t\t\t\t\t\t\tCharmantes rustikales Anwesen mit privilegierter Aussicht in Sineu \u2013 Mallorca zu verkaufen Wenn Sie Ruhe im Zentrum Mallorcas suchen, ist...\t\t\t\t\t\t\t\t\t<\/div>\r\n\t\t\t\t\t\t\t\t<\/div>\r\n\t\t\t\t\t\t\t<\/a>\r\n\r\n\t\t\t\t\t\t\t<div class=\"mh-estate-vertical__content\">\r\n\t\t\t\t\t\t\t\t<h3 class=\"mh-estate-vertical__heading\">\r\n\t\t\t\t\t\t\t\t\t<a href=\"https:\/\/novagestioinmobiliaria.com\/de\/propiedades-properties-immobilien\/schoenes-rustikales-anwesen-zum-verkauf-in-sineu-fr1777si-vde\/\"\r\n\t\t\t\t\t\t\t\t\t   title=\"Wundersch\u00f6nes rustikales Anwesen zum Verkauf in Sineu : : FR1777SI-VDE\">\r\n\t\t\t\t\t\t\t\t\t\tWundersch\u00f6nes rustikales Anwesen zum Verkauf in Sineu : : FR1777SI-VDE\t\t\t\t\t\t\t\t\t<\/a>\r\n\t\t\t\t\t\t\t\t<\/h3>\r\n\t\t\t\t\t\t\t\t<address class=\"mh-estate-vertical__subheading\">\r\n\t\t\t\t\t\t\t\t\tS\t\t\t\t\t\t\t\t<\/address>\r\n\t\t\t\t\t\t\t\t<div class=\"mh-estate-vertical__primary\">\r\n\t\t\t\t\t\t\t\t\t595.000 \u20ac\t\t\t\t\t\t\t\t<\/div>\r\n\r\n\t\t\t\t\t\t\t\t<div>\r\n\t\t\t\t\t\t\t\t\t<div class=\"mh-estate__list\">\r\n\t\t\t\t\t\t\t\t\t\t\r\n\t\t\t\t\t\t\t\t\t\t\t<span class=\"mh-estate-vertical__more-info mh-estate_attribute-offer-type\">\r\n                                        <strong>Angebotsart :<\/strong>\r\n\t\t\t\t\t\t\t\t\t\t\t\t\t\t\t\t\t\t\t\t\t\t\t\t\t\tZu verkaufen\t\t\t\t\t\t\t\t\t\t\t\t\t\t                                    <\/span>\r\n\r\n\t\t\t\t\t\t\t\t\t\t\r\n\t\t\t\t\t\t\t\t\t\t\t<span class=\"mh-estate-vertical__more-info mh-estate_attribute-bathrooms\">\r\n                                        <strong>Badezimmer:<\/strong>\r\n\t\t\t\t\t\t\t\t\t\t\t\t1                                    <\/span>\r\n\r\n\t\t\t\t\t\t\t\t\t\t\r\n\t\t\t\t\t\t\t\t\t\t\t<span class=\"mh-estate-vertical__more-info mh-estate_attribute-property-size\">\r\n                                        <strong>Qm:<\/strong>\r\n\t\t\t\t\t\t\t\t\t\t\t\t45 qm                                    <\/span>\r\n\r\n\t\t\t\t\t\t\t\t\t\t\t\t\t\t\t\t\t\t\t<\/div>\r\n\t\t\t\t\t\t\t\t<\/div>\r\n\r\n\t\t\t\t\t\t\t\t<div class=\"mh-estate-vertical__bottom\">\r\n\t\t\t\t\t\t\t\t\t<div class=\"mh-estate-vertical__bottom__inner\">\r\n\t\t\t\t\t\t\t\t\t\t<div class=\"mh-estate-vertical__date\">\r\n\t\t\t\t\t\t\t\t\t\t\t3\u00a0Wochen.\t\t\t\t\t\t\t\t\t\t<\/div>\r\n\t\t\t\t\t\t\t\t\t\t<div class=\"mh-estate-vertical__buttons-wrapper\">\r\n\t\t\t\t\t\t\t\t\t\t\t<div class=\"mh-estate-vertical__buttons\">\r\n\t\t\t\t\t\t\t\t\t\t\t\t<div class=\"mh-estate-vertical__buttons__single\">\r\n\t\t\t\t\t\t\t\t\t\t\t\t\t<compare-button class=\"myhome-compare\"\r\n\t\t\t\t\t\t\t\t\t\t\t\t\t\t\t\t\t:translations='{&quot;added&quot;:&quot;Zus\\u00e4tzlich&quot;,&quot;compare&quot;:&quot;Vergleichen&quot;}'\r\n\t\t\t\t\t\t\t\t\t\t\t\t\t\t\t\t\t:estate='{&quot;short_excerpt_limit&quot;:125,&quot;long_excerpt_limit&quot;:160,&quot;id&quot;:79563,&quot;agent_id&quot;:&quot;1&quot;,&quot;title&quot;:&quot;Wundersch\\u00f6nes rustikales Anwesen zum Verkauf in Sineu : : FR1777SI-VDE&quot;,&quot;content&quot;:&quot;Charmantes rustikales Anwesen mit privilegierter Aussicht in Sineu \\u2013 Mallorca zu verkaufen\\r\\nWenn Sie Ruhe im Zentrum Mallorcas suchen, ist dieses etwa 7.000 m\\u00b2 gro\\u00dfe Anwesen in Sineu eine ausgezeichnete Gelegenheit. Es verf\\u00fcgt \\u00fcber eine legalisierte Bausubstanz von 50 m\\u00b2 mit einer modernen K\\u00fcche, die erst vor zwei Jahren installiert wurde, offen zu einem hellen Wohnzimmer. Derzeit gibt es ein komplettes Badezimmer, aber die Struktur erm\\u00f6glicht problemlos die Einrichtung von zwei zus\\u00e4tzlichen Schlafzimmern nach Ihren Bed\\u00fcrfnissen.\\r\\nDas Anwesen besticht durch seine unverbauten Aussichten und gute Zufahrtsm\\u00f6glichkeiten und befindet sich nur wenige Minuten vom Ortszentrum entfernt. Was die Einrichtungen betrifft, gibt es einen 18 m\\u00b2 gro\\u00dfen Zisternenraum und eine g\\u00fcltige Genehmigung zur Erstellung eines eigenen Brunnens. Dar\\u00fcber hinaus wurde die \\u00e4u\\u00dfere Elektroinstallation bereits durchgef\\u00fchrt, und die Erstbezugs-Genehmigung befindet sich im Verfahren. Es besteht auch die M\\u00f6glichkeit, das Anwesen an das allgemeine Stromnetz anzuschlie\\u00dfen, da ein Endesa-Angebot zwischen 8k und 10k vorliegt. Es handelt sich um eine Immobilie mit gro\\u00dfem Potenzial, ideal f\\u00fcr diejenigen, die einen unkomplizierten R\\u00fcckzugsort auf dem Land suchen.\\r\\n\\r\\n+Einige der ver\\u00f6ffentlichten Bilder wurden ausschlie\\u00dflich zu Illustrationszwecken mittels K\\u00fcnstlicher Intelligenz erstellt oder modifiziert, um m\\u00f6gliche Dekorations-, M\\u00f6blierungs- oder Pr\\u00e4sentationsoptionen der Immobilie zu zeigen. Diese Bilder stellen nicht unbedingt den aktuellen Zustand, die M\\u00f6blierung, Oberfl\\u00e4chen oder Ausstattung der Immobilie dar und sind nicht vertraglich bindend. Um den tats\\u00e4chlichen Zustand der Immobilie zu erfahren, sollten die Originalfotos und eine pers\\u00f6nliche Besichtigung als Referenz herangezogen werden.\\r\\n\\r\\nNova Gesti\\u00f3, Ihre Immobilienagentur in Sineu&quot;,&quot;excerpt&quot;:&quot;Charmantes rustikales Anwesen mit privilegierter Aussicht in Sineu \\u2013 Mallorca zu verkaufen Wenn Sie Ruhe im Zentrum Mallorcas suchen, ist dieses etwa 7.000 m\\u00b2 gro\\u00dfe Anwesen in Sineu eine ausgezeichnete Gelegenheit. Es verf\\u00fcgt \\u00fcber eine legalisierte Bausubstanz von 50 m\\u00b2 mit einer modernen K\\u00fcche, die erst vor zwei Jahren installiert wurde, offen zu einem hellen [\\u2026]&quot;,&quot;short_excerpt&quot;:&quot;Charmantes rustikales Anwesen mit privilegierter Aussicht in Sineu \\u2013 Mallorca zu verkaufen\\r\\nWenn Sie Ruhe im Zentrum Mallo...&quot;,&quot;long_excerpt&quot;:&quot;Charmantes rustikales Anwesen mit privilegierter Aussicht in Sineu \\u2013 Mallorca zu verkaufen\\r\\nWenn Sie Ruhe im Zentrum Mallorcas suchen, ist dieses etwa 7.000 ...&quot;,&quot;link&quot;:&quot;https:\\\/\\\/novagestioinmobiliaria.com\\\/de\\\/propiedades-properties-immobilien\\\/schoenes-rustikales-anwesen-zum-verkauf-in-sineu-fr1777si-vde\\\/&quot;,&quot;offer_type&quot;:&quot;Zu verkaufen&quot;,&quot;price&quot;:&quot;595.000 \\u20ac&quot;,&quot;location&quot;:&quot;S&quot;,&quot;is_featured&quot;:true,&quot;gallery&quot;:[{&quot;id&quot;:93254,&quot;url&quot;:&quot;https:\\\/\\\/novagestioinmobiliaria.com\\\/wp-content\\\/uploads\\\/2026\\\/08\\\/Finca-rustica-en-venta-en-Sineu-ref-1777-16.jpg&quot;,&quot;alt&quot;:&quot;&quot;},{&quot;id&quot;:93290,&quot;url&quot;:&quot;https:\\\/\\\/novagestioinmobiliaria.com\\\/wp-content\\\/uploads\\\/2026\\\/08\\\/Finca-rustica-en-venta-en-Sineu-ref-1777-28-IA.jpg&quot;,&quot;alt&quot;:&quot;&quot;},{&quot;id&quot;:93287,&quot;url&quot;:&quot;https:\\\/\\\/novagestioinmobiliaria.com\\\/wp-content\\\/uploads\\\/2026\\\/08\\\/Finca-rustica-en-venta-en-Sineu-ref-1777-27-IA.jpg&quot;,&quot;alt&quot;:&quot;&quot;},{&quot;id&quot;:93281,&quot;url&quot;:&quot;https:\\\/\\\/novagestioinmobiliaria.com\\\/wp-content\\\/uploads\\\/2026\\\/08\\\/Finca-rustica-en-venta-en-Sineu-ref-1777-25-IA.jpg&quot;,&quot;alt&quot;:&quot;&quot;},{&quot;id&quot;:93266,&quot;url&quot;:&quot;https:\\\/\\\/novagestioinmobiliaria.com\\\/wp-content\\\/uploads\\\/2026\\\/08\\\/Finca-rustica-en-venta-en-Sineu-ref-1777-20-IA.jpg&quot;,&quot;alt&quot;:&quot;&quot;},{&quot;id&quot;:93278,&quot;url&quot;:&quot;https:\\\/\\\/novagestioinmobiliaria.com\\\/wp-content\\\/uploads\\\/2026\\\/08\\\/Finca-rustica-en-venta-en-Sineu-ref-1777-24-IA.jpg&quot;,&quot;alt&quot;:&quot;&quot;},{&quot;id&quot;:93275,&quot;url&quot;:&quot;https:\\\/\\\/novagestioinmobiliaria.com\\\/wp-content\\\/uploads\\\/2026\\\/08\\\/Finca-rustica-en-venta-en-Sineu-ref-1777-23.jpg&quot;,&quot;alt&quot;:&quot;&quot;},{&quot;id&quot;:93284,&quot;url&quot;:&quot;https:\\\/\\\/novagestioinmobiliaria.com\\\/wp-content\\\/uploads\\\/2026\\\/08\\\/Finca-rustica-en-venta-en-Sineu-ref-1777-26-IA.jpg&quot;,&quot;alt&quot;:&quot;&quot;},{&quot;id&quot;:93272,&quot;url&quot;:&quot;https:\\\/\\\/novagestioinmobiliaria.com\\\/wp-content\\\/uploads\\\/2026\\\/08\\\/Finca-rustica-en-venta-en-Sineu-ref-1777-22-IA.jpg&quot;,&quot;alt&quot;:&quot;&quot;},{&quot;id&quot;:93263,&quot;url&quot;:&quot;https:\\\/\\\/novagestioinmobiliaria.com\\\/wp-content\\\/uploads\\\/2026\\\/08\\\/Finca-rustica-en-venta-en-Sineu-ref-1777-19-IA.jpg&quot;,&quot;alt&quot;:&quot;&quot;},{&quot;id&quot;:93269,&quot;url&quot;:&quot;https:\\\/\\\/novagestioinmobiliaria.com\\\/wp-content\\\/uploads\\\/2026\\\/08\\\/Finca-rustica-en-venta-en-Sineu-ref-1777-21-IA.jpg&quot;,&quot;alt&quot;:&quot;&quot;},{&quot;id&quot;:93260,&quot;url&quot;:&quot;https:\\\/\\\/novagestioinmobiliaria.com\\\/wp-content\\\/uploads\\\/2026\\\/08\\\/Finca-rustica-en-venta-en-Sineu-ref-1777-18.jpg&quot;,&quot;alt&quot;:&quot;&quot;},{&quot;id&quot;:93257,&quot;url&quot;:&quot;https:\\\/\\\/novagestioinmobiliaria.com\\\/wp-content\\\/uploads\\\/2026\\\/08\\\/Finca-rustica-en-venta-en-Sineu-ref-1777-17.jpg&quot;,&quot;alt&quot;:&quot;&quot;},{&quot;id&quot;:93251,&quot;url&quot;:&quot;https:\\\/\\\/novagestioinmobiliaria.com\\\/wp-content\\\/uploads\\\/2026\\\/08\\\/Finca-rustica-en-venta-en-Sineu-ref-1777-15.jpg&quot;,&quot;alt&quot;:&quot;&quot;},{&quot;id&quot;:93248,&quot;url&quot;:&quot;https:\\\/\\\/novagestioinmobiliaria.com\\\/wp-content\\\/uploads\\\/2026\\\/08\\\/Finca-rustica-en-venta-en-Sineu-ref-1777-14.jpg&quot;,&quot;alt&quot;:&quot;&quot;},{&quot;id&quot;:93245,&quot;url&quot;:&quot;https:\\\/\\\/novagestioinmobiliaria.com\\\/wp-content\\\/uploads\\\/2026\\\/08\\\/Finca-rustica-en-venta-en-Sineu-ref-1777-13.jpg&quot;,&quot;alt&quot;:&quot;&quot;},{&quot;id&quot;:93242,&quot;url&quot;:&quot;https:\\\/\\\/novagestioinmobiliaria.com\\\/wp-content\\\/uploads\\\/2026\\\/08\\\/Finca-rustica-en-venta-en-Sineu-ref-1777-12.jpg&quot;,&quot;alt&quot;:&quot;&quot;},{&quot;id&quot;:93239,&quot;url&quot;:&quot;https:\\\/\\\/novagestioinmobiliaria.com\\\/wp-content\\\/uploads\\\/2026\\\/08\\\/Finca-rustica-en-venta-en-Sineu-ref-1777-11.jpg&quot;,&quot;alt&quot;:&quot;&quot;},{&quot;id&quot;:93236,&quot;url&quot;:&quot;https:\\\/\\\/novagestioinmobiliaria.com\\\/wp-content\\\/uploads\\\/2026\\\/08\\\/Finca-rustica-en-venta-en-Sineu-ref-1777-7.jpg&quot;,&quot;alt&quot;:&quot;&quot;},{&quot;id&quot;:93233,&quot;url&quot;:&quot;https:\\\/\\\/novagestioinmobiliaria.com\\\/wp-content\\\/uploads\\\/2026\\\/08\\\/Finca-rustica-en-venta-en-Sineu-ref-1777-5.jpg&quot;,&quot;alt&quot;:&quot;&quot;},{&quot;id&quot;:93230,&quot;url&quot;:&quot;https:\\\/\\\/novagestioinmobiliaria.com\\\/wp-content\\\/uploads\\\/2026\\\/08\\\/Finca-rustica-en-venta-en-Sineu-ref-1777-1-IA.jpg&quot;,&quot;alt&quot;:&quot;&quot;}],&quot;attributes&quot;:[{&quot;slug&quot;:&quot;property-type&quot;,&quot;name&quot;:&quot;Immobilientyp&quot;,&quot;has_archive&quot;:true,&quot;elements&quot;:[{&quot;name&quot;:&quot;Fincas \\\/ Landh\\u00e4user&quot;,&quot;link&quot;:&quot;https:\\\/\\\/novagestioinmobiliaria.com\\\/de\\\/immobilientyp\\\/fincas-landhaeuser\\\/&quot;,&quot;slug&quot;:&quot;fincas-landhaeuser&quot;}],&quot;card&quot;:false,&quot;show&quot;:true,&quot;display_after&quot;:&quot;&quot;,&quot;new_box&quot;:false},{&quot;slug&quot;:&quot;offer-type&quot;,&quot;name&quot;:&quot;Angebotsart &quot;,&quot;has_archive&quot;:true,&quot;elements&quot;:[{&quot;name&quot;:&quot;Zu verkaufen&quot;,&quot;link&quot;:&quot;https:\\\/\\\/novagestioinmobiliaria.com\\\/de\\\/offer-type\\\/zu-verkaufen\\\/&quot;,&quot;slug&quot;:&quot;zu-verkaufen&quot;}],&quot;card&quot;:true,&quot;show&quot;:true,&quot;display_after&quot;:&quot;&quot;,&quot;new_box&quot;:false},{&quot;slug&quot;:&quot;city&quot;,&quot;name&quot;:&quot;Ort&quot;,&quot;has_archive&quot;:true,&quot;elements&quot;:[{&quot;name&quot;:&quot;Sineu&quot;,&quot;link&quot;:&quot;https:\\\/\\\/novagestioinmobiliaria.com\\\/de\\\/city\\\/sineu-de\\\/&quot;,&quot;slug&quot;:&quot;sineu-de&quot;}],&quot;card&quot;:false,&quot;show&quot;:true,&quot;display_after&quot;:&quot;&quot;,&quot;new_box&quot;:false},{&quot;slug&quot;:&quot;price&quot;,&quot;name&quot;:&quot;Preis&quot;,&quot;has_archive&quot;:false,&quot;elements&quot;:[{&quot;name&quot;:&quot;595000&quot;,&quot;link&quot;:&quot;&quot;,&quot;slug&quot;:&quot;&quot;}],&quot;show&quot;:false,&quot;card&quot;:false,&quot;display_after&quot;:&quot;\\u20ac&quot;,&quot;new_box&quot;:false},{&quot;slug&quot;:&quot;bathrooms&quot;,&quot;name&quot;:&quot;Badezimmer&quot;,&quot;has_archive&quot;:false,&quot;elements&quot;:[{&quot;name&quot;:&quot;1&quot;,&quot;link&quot;:&quot;&quot;,&quot;slug&quot;:&quot;&quot;}],&quot;show&quot;:true,&quot;card&quot;:true,&quot;display_after&quot;:&quot;&quot;,&quot;new_box&quot;:false},{&quot;slug&quot;:&quot;property-size&quot;,&quot;name&quot;:&quot;Qm&quot;,&quot;has_archive&quot;:false,&quot;elements&quot;:[{&quot;name&quot;:&quot;45&quot;,&quot;link&quot;:&quot;&quot;,&quot;slug&quot;:&quot;&quot;}],&quot;show&quot;:true,&quot;card&quot;:true,&quot;display_after&quot;:&quot;qm&quot;,&quot;new_box&quot;:false},{&quot;slug&quot;:&quot;lot-size&quot;,&quot;name&quot;:&quot;Land \\\/ Solar&quot;,&quot;has_archive&quot;:false,&quot;elements&quot;:[{&quot;name&quot;:&quot;7800&quot;,&quot;link&quot;:&quot;&quot;,&quot;slug&quot;:&quot;&quot;}],&quot;show&quot;:true,&quot;card&quot;:false,&quot;display_after&quot;:&quot;qm&quot;,&quot;new_box&quot;:false},{&quot;slug&quot;:&quot;features&quot;,&quot;name&quot;:&quot;Eigenschaften&quot;,&quot;has_archive&quot;:true,&quot;elements&quot;:[{&quot;name&quot;:&quot;Ausblick auf die Berge&quot;,&quot;link&quot;:&quot;https:\\\/\\\/novagestioinmobiliaria.com\\\/de\\\/eigenschaften\\\/ausblick-auf-die-berge\\\/&quot;,&quot;slug&quot;:&quot;ausblick-auf-die-berge&quot;},{&quot;name&quot;:&quot;Einbauk\\u00fcche&quot;,&quot;link&quot;:&quot;https:\\\/\\\/novagestioinmobiliaria.com\\\/de\\\/eigenschaften\\\/einbaukueche\\\/&quot;,&quot;slug&quot;:&quot;einbaukueche&quot;},{&quot;name&quot;:&quot;M\\u00f6bliert&quot;,&quot;link&quot;:&quot;https:\\\/\\\/novagestioinmobiliaria.com\\\/de\\\/eigenschaften\\\/moebliert\\\/&quot;,&quot;slug&quot;:&quot;moebliert&quot;},{&quot;name&quot;:&quot;Panoramablick&quot;,&quot;link&quot;:&quot;https:\\\/\\\/novagestioinmobiliaria.com\\\/de\\\/eigenschaften\\\/panoramablick\\\/&quot;,&quot;slug&quot;:&quot;panoramablick&quot;},{&quot;name&quot;:&quot;Ruhige Lage&quot;,&quot;link&quot;:&quot;https:\\\/\\\/novagestioinmobiliaria.com\\\/de\\\/eigenschaften\\\/ruhige-lage\\\/&quot;,&quot;slug&quot;:&quot;ruhige-lage&quot;},{&quot;name&quot;:&quot;Terrasse&quot;,&quot;link&quot;:&quot;https:\\\/\\\/novagestioinmobiliaria.com\\\/de\\\/eigenschaften\\\/terrasse\\\/&quot;,&quot;slug&quot;:&quot;terrasse&quot;}],&quot;card&quot;:false,&quot;show&quot;:true,&quot;display_after&quot;:&quot;&quot;,&quot;new_box&quot;:true}],&quot;views&quot;:101,&quot;days_ago&quot;:&quot;3\\u00a0Wochen.&quot;,&quot;image_id&quot;:93254,&quot;image_url&quot;:&quot;https:\\\/\\\/novagestioinmobiliaria.com\\\/wp-content\\\/uploads\\\/2026\\\/08\\\/Finca-rustica-en-venta-en-Sineu-ref-1777-16.jpg&quot;,&quot;tags&quot;:[{&quot;name&quot;:&quot;Eigenschaften&quot;,&quot;elements&quot;:[{&quot;name&quot;:&quot;Ausblick auf die Berge&quot;,&quot;link&quot;:&quot;https:\\\/\\\/novagestioinmobiliaria.com\\\/de\\\/eigenschaften\\\/ausblick-auf-die-berge\\\/&quot;},{&quot;name&quot;:&quot;Einbauk\\u00fcche&quot;,&quot;link&quot;:&quot;https:\\\/\\\/novagestioinmobiliaria.com\\\/de\\\/eigenschaften\\\/einbaukueche\\\/&quot;},{&quot;name&quot;:&quot;M\\u00f6bliert&quot;,&quot;link&quot;:&quot;https:\\\/\\\/novagestioinmobiliaria.com\\\/de\\\/eigenschaften\\\/moebliert\\\/&quot;},{&quot;name&quot;:&quot;Panoramablick&quot;,&quot;link&quot;:&quot;https:\\\/\\\/novagestioinmobiliaria.com\\\/de\\\/eigenschaften\\\/panoramablick\\\/&quot;},{&quot;name&quot;:&quot;Ruhige Lage&quot;,&quot;link&quot;:&quot;https:\\\/\\\/novagestioinmobiliaria.com\\\/de\\\/eigenschaften\\\/ruhige-lage\\\/&quot;},{&quot;name&quot;:&quot;Terrasse&quot;,&quot;link&quot;:&quot;https:\\\/\\\/novagestioinmobiliaria.com\\\/de\\\/eigenschaften\\\/terrasse\\\/&quot;}],&quot;has_archive&quot;:true}],&quot;status&quot;:&quot;publish&quot;,&quot;plans&quot;:[],&quot;video_plan&quot;:{&quot;src&quot;:&quot;https:\\\/\\\/youtu.be\\\/HbTHnGesHK0&quot;,&quot;video&quot;:&quot;&quot;},&quot;virtual_tour&quot;:null,&quot;state&quot;:&quot;&quot;,&quot;labels&quot;:[],&quot;image&quot;:&quot;https:\\\/\\\/novagestioinmobiliaria.com\\\/wp-content\\\/uploads\\\/2026\\\/08\\\/Finca-rustica-en-venta-en-Sineu-ref-1777-16-400x250.jpg&quot;,&quot;image_srcset&quot;:&quot;https:\\\/\\\/novagestioinmobiliaria.com\\\/wp-content\\\/uploads\\\/2026\\\/08\\\/Finca-rustica-en-venta-en-Sineu-ref-1777-16-200x125.jpg 200w, https:\\\/\\\/novagestioinmobiliaria.com\\\/wp-content\\\/uploads\\\/2026\\\/08\\\/Finca-rustica-en-venta-en-Sineu-ref-1777-16-1200x750.jpg 1200w, https:\\\/\\\/novagestioinmobiliaria.com\\\/wp-content\\\/uploads\\\/2026\\\/08\\\/Finca-rustica-en-venta-en-Sineu-ref-1777-16-800x500.jpg 800w, https:\\\/\\\/novagestioinmobiliaria.com\\\/wp-content\\\/uploads\\\/2026\\\/08\\\/Finca-rustica-en-venta-en-Sineu-ref-1777-16-600x375.jpg 600w, https:\\\/\\\/novagestioinmobiliaria.com\\\/wp-content\\\/uploads\\\/2026\\\/08\\\/Finca-rustica-en-venta-en-Sineu-ref-1777-16-400x250.jpg 400w&quot;}'>\r\n\t\t\t\t\t\t\t\t\t\t\t\t\t<\/compare-button>\r\n\t\t\t\t\t\t\t\t\t\t\t\t<\/div>\r\n\t\t\t\t\t\t\t\t\t\t\t\t<div class=\"mh-estate-vertical__buttons__single\">\r\n\t\t\t\t\t\t\t\t\t\t\t\t\t<a href=\"https:\/\/novagestioinmobiliaria.com\/de\/propiedades-properties-immobilien\/schoenes-rustikales-anwesen-zum-verkauf-in-sineu-fr1777si-vde\/\"\r\n\t\t\t\t\t\t\t\t\t\t\t\t\t   title=\"Wundersch\u00f6nes rustikales Anwesen zum Verkauf in Sineu : : FR1777SI-VDE\"\r\n\t\t\t\t\t\t\t\t\t\t\t\t\t   class=\"mdl-button mdl-js-button mdl-button--raised mdl-js-ripple-effect mdl-button--primary-ghost\">\r\n\t\t\t\t\t\t\t\t\t\t\t\t\t\tDetails\t\t\t\t\t\t\t\t\t\t\t\t\t\t<span class=\"mdl-button__icon-right\"><i class=\"fa fa-angle-right\"><\/i><\/span>\r\n\t\t\t\t\t\t\t\t\t\t\t\t\t<\/a>\r\n\t\t\t\t\t\t\t\t\t\t\t\t<\/div>\r\n\t\t\t\t\t\t\t\t\t\t\t<\/div>\r\n\t\t\t\t\t\t\t\t\t\t<\/div>\r\n\t\t\t\t\t\t\t\t\t<\/div>\r\n\t\t\t\t\t\t\t\t<\/div>\r\n\t\t\t\t\t\t\t<\/div>\r\n\t\t\t\t\t\t<\/article>\r\n\t\t\t\t\t<\/div>\r\n\t\t\t\t\r\n\t\t\t\t\t<div class=\"item\">\r\n\t\t\t\t\t\t<article class=\"mh-estate-vertical   mh-attribute-property-type__wohnungen-apartments mh-attribute-offer-type__zu-vermieten mh-attribute-city__cala-mendia-de mh-attribute-features__2-doppelzimmer mh-attribute-features__einbaukueche mh-attribute-features__haustiere-erlaubt mh-attribute-features__klimaanlage mh-attribute-features__moebliert mh-attribute-features__obergeschoss mh-attribute-features__ruhige-lage mh-attribute-features__terrasse\">\r\n\t\t\t\t\t\t\t<a href=\"https:\/\/novagestioinmobiliaria.com\/de\/propiedades-properties-immobilien\/dachgeschosswohnung-zur-miete-in-cala-mendia-dp1677came-ade\/\"\r\n\t\t\t\t\t\t\t   title=\"Dachgeschosswohnung zur Miete in Cala Mendia : : DP1677CAME-ADE\"\r\n\t\t\t\t\t\t\t   class=\"mh-thumbnail\">\r\n                        <span class=\"mh-thumbnail__inner\">\r\n                                    <img\r\n                    data-srcset=\"https:\/\/novagestioinmobiliaria.com\/wp-content\/uploads\/2025\/01\/Planta-baja-alquiler-Cala-Mendia-ref-1677-18-200x125.jpg 200w, https:\/\/novagestioinmobiliaria.com\/wp-content\/uploads\/2025\/01\/Planta-baja-alquiler-Cala-Mendia-ref-1677-18-1200x750.jpg 1200w, https:\/\/novagestioinmobiliaria.com\/wp-content\/uploads\/2025\/01\/Planta-baja-alquiler-Cala-Mendia-ref-1677-18-800x500.jpg 800w, https:\/\/novagestioinmobiliaria.com\/wp-content\/uploads\/2025\/01\/Planta-baja-alquiler-Cala-Mendia-ref-1677-18-600x375.jpg 600w, https:\/\/novagestioinmobiliaria.com\/wp-content\/uploads\/2025\/01\/Planta-baja-alquiler-Cala-Mendia-ref-1677-18-400x250.jpg 400w\"\r\n                    class=\"lazyload \" alt=\"Dachgeschosswohnung zur Miete in Cala Mendia : : DP1677CAME-ADE\"\r\n                    data-sizes=\"auto\"\r\n            >\r\n\t\t\t                        <\/span>\r\n\r\n\t\t\t\t\t\t\t\t\t\t\t\t\t\t\t\t\t<div class=\"mh-caption\">\r\n\t\t\t\t\t\t\t\t\t\t<div class=\"mh-caption__inner\">\r\n\t\t\t\t\t\t\t\t\t\t\tZu vermieten\t\t\t\t\t\t\t\t\t\t<\/div>\r\n\t\t\t\t\t\t\t\t\t<\/div>\r\n\t\t\t\t\t\t\t\t\t\r\n\t\t\t\t\t\t\t\t<div class=\"mh-estate-vertical__text\">\r\n\t\t\t\t\t\t\t\t\t<div class=\"mh-estate-vertical__text__inner\">\r\n\t\t\t\t\t\t\t\t\t\tVERF\u00dcGBAR VON SEPTEMBER BIS JUNI Diese zur Miete angebotene Dachgeschosswohnung in Cala Mendia bietet eine Gesamtfl\u00e4che von 100 m\u00b2, davon...\t\t\t\t\t\t\t\t\t<\/div>\r\n\t\t\t\t\t\t\t\t<\/div>\r\n\t\t\t\t\t\t\t<\/a>\r\n\r\n\t\t\t\t\t\t\t<div class=\"mh-estate-vertical__content\">\r\n\t\t\t\t\t\t\t\t<h3 class=\"mh-estate-vertical__heading\">\r\n\t\t\t\t\t\t\t\t\t<a href=\"https:\/\/novagestioinmobiliaria.com\/de\/propiedades-properties-immobilien\/dachgeschosswohnung-zur-miete-in-cala-mendia-dp1677came-ade\/\"\r\n\t\t\t\t\t\t\t\t\t   title=\"Dachgeschosswohnung zur Miete in Cala Mendia : : DP1677CAME-ADE\">\r\n\t\t\t\t\t\t\t\t\t\tDachgeschosswohnung zur Miete in Cala Mendia : : DP1677CAME-ADE\t\t\t\t\t\t\t\t\t<\/a>\r\n\t\t\t\t\t\t\t\t<\/h3>\r\n\t\t\t\t\t\t\t\t<address class=\"mh-estate-vertical__subheading\">\r\n\t\t\t\t\t\t\t\t\t\t\t\t\t\t\t\t\t<\/address>\r\n\t\t\t\t\t\t\t\t<div class=\"mh-estate-vertical__primary\">\r\n\t\t\t\t\t\t\t\t\t1.000 \u20ac\t\t\t\t\t\t\t\t<\/div>\r\n\r\n\t\t\t\t\t\t\t\t<div>\r\n\t\t\t\t\t\t\t\t\t<div class=\"mh-estate__list\">\r\n\t\t\t\t\t\t\t\t\t\t\r\n\t\t\t\t\t\t\t\t\t\t\t<span class=\"mh-estate-vertical__more-info mh-estate_attribute-offer-type\">\r\n                                        <strong>Angebotsart :<\/strong>\r\n\t\t\t\t\t\t\t\t\t\t\t\t\t\t\t\t\t\t\t\t\t\t\t\t\t\tZu vermieten\t\t\t\t\t\t\t\t\t\t\t\t\t\t                                    <\/span>\r\n\r\n\t\t\t\t\t\t\t\t\t\t\r\n\t\t\t\t\t\t\t\t\t\t\t<span class=\"mh-estate-vertical__more-info mh-estate_attribute-bedrooms\">\r\n                                        <strong>Schlafzimmer:<\/strong>\r\n\t\t\t\t\t\t\t\t\t\t\t\t2                                    <\/span>\r\n\r\n\t\t\t\t\t\t\t\t\t\t\r\n\t\t\t\t\t\t\t\t\t\t\t<span class=\"mh-estate-vertical__more-info mh-estate_attribute-bathrooms\">\r\n                                        <strong>Badezimmer:<\/strong>\r\n\t\t\t\t\t\t\t\t\t\t\t\t2                                    <\/span>\r\n\r\n\t\t\t\t\t\t\t\t\t\t\r\n\t\t\t\t\t\t\t\t\t\t\t<span class=\"mh-estate-vertical__more-info mh-estate_attribute-property-size\">\r\n                                        <strong>Qm:<\/strong>\r\n\t\t\t\t\t\t\t\t\t\t\t\t100 qm                                    <\/span>\r\n\r\n\t\t\t\t\t\t\t\t\t\t\t\t\t\t\t\t\t\t\t<\/div>\r\n\t\t\t\t\t\t\t\t<\/div>\r\n\r\n\t\t\t\t\t\t\t\t<div class=\"mh-estate-vertical__bottom\">\r\n\t\t\t\t\t\t\t\t\t<div class=\"mh-estate-vertical__bottom__inner\">\r\n\t\t\t\t\t\t\t\t\t\t<div class=\"mh-estate-vertical__date\">\r\n\t\t\t\t\t\t\t\t\t\t\t3\u00a0Wochen.\t\t\t\t\t\t\t\t\t\t<\/div>\r\n\t\t\t\t\t\t\t\t\t\t<div class=\"mh-estate-vertical__buttons-wrapper\">\r\n\t\t\t\t\t\t\t\t\t\t\t<div class=\"mh-estate-vertical__buttons\">\r\n\t\t\t\t\t\t\t\t\t\t\t\t<div class=\"mh-estate-vertical__buttons__single\">\r\n\t\t\t\t\t\t\t\t\t\t\t\t\t<compare-button class=\"myhome-compare\"\r\n\t\t\t\t\t\t\t\t\t\t\t\t\t\t\t\t\t:translations='{&quot;added&quot;:&quot;Zus\\u00e4tzlich&quot;,&quot;compare&quot;:&quot;Vergleichen&quot;}'\r\n\t\t\t\t\t\t\t\t\t\t\t\t\t\t\t\t\t:estate='{&quot;short_excerpt_limit&quot;:125,&quot;long_excerpt_limit&quot;:160,&quot;id&quot;:92827,&quot;agent_id&quot;:&quot;1&quot;,&quot;title&quot;:&quot;Dachgeschosswohnung zur Miete in Cala Mendia : : DP1677CAME-ADE&quot;,&quot;content&quot;:&quot;VERF\\u00dcGBAR VON SEPTEMBER BIS JUNI\\r\\nDiese zur Miete angebotene Dachgeschosswohnung in Cala Mendia bietet eine Gesamtfl\\u00e4che von 100 m\\u00b2, davon 60 m\\u00b2 im unteren Stockwerk und der Rest im oberen Stockwerk. Sie ist mit zwei Doppelzimmern und zwei Badezimmern ausgestattet. Die Immobilie verf\\u00fcgt \\u00fcber eine Klimaanlage (Kalt- und Warmluft 6.000 Frigorie) und ist komplett renoviert. Sie verf\\u00fcgt \\u00fcber eine voll m\\u00f6blierte und ausgestattete K\\u00fcche, ein gem\\u00fctliches Esszimmer und eine Terrasse zum Genie\\u00dfen im Freien. Die Holzimitat-Porzellanb\\u00f6den verleihen dem Ambiente eine warme Note.\\r\\nMIETBEDINGUNGEN\\r\\n\\u2013 Tempor\\u00e4re Vermietung von September bis Juni\\r\\n\\u2013 Finanzielle Bonit\\u00e4t wird verlangt (Gehaltsnachweise, Arbeitsvertr\\u00e4ge mit mindestens 1 Jahr Betriebszugeh\\u00f6rigkeit)\\r\\n\\u2013 1 Monat Kaution\\r\\n\\u2013 Strom-, Wasser- und Internetkosten nicht inbegriffen\\r\\n\\u2013 M\\u00fcllabfuhrgeb\\u00fchr inbegriffen\\r\\n\\u2013 Haustiere erlaubt (unter Bedingungen)\\r\\n\\u2013 1 Monat Agenturgeb\\u00fchren\\r\\nNova Gesti\\u00f3, Ihre Immobilienagentur in Cala Mendia&quot;,&quot;excerpt&quot;:&quot;VERF\\u00dcGBAR VON SEPTEMBER BIS JUNI Diese zur Miete angebotene Dachgeschosswohnung in Cala Mendia bietet eine Gesamtfl\\u00e4che von 100 m\\u00b2, davon 60 m\\u00b2 im unteren Stockwerk und der Rest im oberen Stockwerk. Sie ist mit zwei Doppelzimmern und zwei Badezimmern ausgestattet. Die Immobilie verf\\u00fcgt \\u00fcber eine Klimaanlage (Kalt- und Warmluft 6.000 Frigorie) und ist komplett renoviert. [\\u2026]&quot;,&quot;short_excerpt&quot;:&quot;VERF\\u00dcGBAR VON SEPTEMBER BIS JUNI\\r\\nDiese zur Miete angebotene Dachgeschosswohnung in Cala Mendia bietet eine Gesamtfl\\u00e4che v...&quot;,&quot;long_excerpt&quot;:&quot;VERF\\u00dcGBAR VON SEPTEMBER BIS JUNI\\r\\nDiese zur Miete angebotene Dachgeschosswohnung in Cala Mendia bietet eine Gesamtfl\\u00e4che von 100 m\\u00b2, davon 60 m\\u00b2 im unteren S...&quot;,&quot;link&quot;:&quot;https:\\\/\\\/novagestioinmobiliaria.com\\\/de\\\/propiedades-properties-immobilien\\\/dachgeschosswohnung-zur-miete-in-cala-mendia-dp1677came-ade\\\/&quot;,&quot;offer_type&quot;:&quot;Zu vermieten&quot;,&quot;price&quot;:&quot;1.000 \\u20ac&quot;,&quot;location&quot;:false,&quot;is_featured&quot;:true,&quot;gallery&quot;:[{&quot;id&quot;:75304,&quot;url&quot;:&quot;https:\\\/\\\/novagestioinmobiliaria.com\\\/wp-content\\\/uploads\\\/2025\\\/01\\\/Planta-baja-alquiler-Cala-Mendia-ref-1677-18.jpg&quot;,&quot;alt&quot;:&quot;&quot;},{&quot;id&quot;:75283,&quot;url&quot;:&quot;https:\\\/\\\/novagestioinmobiliaria.com\\\/wp-content\\\/uploads\\\/2025\\\/01\\\/Planta-baja-alquiler-Cala-Mendia-ref-1677-11.jpg&quot;,&quot;alt&quot;:&quot;&quot;},{&quot;id&quot;:75277,&quot;url&quot;:&quot;https:\\\/\\\/novagestioinmobiliaria.com\\\/wp-content\\\/uploads\\\/2025\\\/01\\\/Planta-baja-alquiler-Cala-Mendia-ref-1677-9.jpg&quot;,&quot;alt&quot;:&quot;&quot;},{&quot;id&quot;:75337,&quot;url&quot;:&quot;https:\\\/\\\/novagestioinmobiliaria.com\\\/wp-content\\\/uploads\\\/2025\\\/01\\\/Planta-baja-alquiler-Cala-Mendia-ref-1677-8.jpg&quot;,&quot;alt&quot;:&quot;&quot;},{&quot;id&quot;:75313,&quot;url&quot;:&quot;https:\\\/\\\/novagestioinmobiliaria.com\\\/wp-content\\\/uploads\\\/2025\\\/01\\\/Planta-baja-alquiler-Cala-Mendia-ref-1677-21.jpg&quot;,&quot;alt&quot;:&quot;&quot;},{&quot;id&quot;:75334,&quot;url&quot;:&quot;https:\\\/\\\/novagestioinmobiliaria.com\\\/wp-content\\\/uploads\\\/2025\\\/01\\\/Planta-baja-alquiler-Cala-Mendia-ref-1677-7.jpg&quot;,&quot;alt&quot;:&quot;&quot;},{&quot;id&quot;:75331,&quot;url&quot;:&quot;https:\\\/\\\/novagestioinmobiliaria.com\\\/wp-content\\\/uploads\\\/2025\\\/01\\\/Planta-baja-alquiler-Cala-Mendia-ref-1677-6.jpg&quot;,&quot;alt&quot;:&quot;&quot;},{&quot;id&quot;:75328,&quot;url&quot;:&quot;https:\\\/\\\/novagestioinmobiliaria.com\\\/wp-content\\\/uploads\\\/2025\\\/01\\\/Planta-baja-alquiler-Cala-Mendia-ref-1677-5.jpg&quot;,&quot;alt&quot;:&quot;&quot;},{&quot;id&quot;:75316,&quot;url&quot;:&quot;https:\\\/\\\/novagestioinmobiliaria.com\\\/wp-content\\\/uploads\\\/2025\\\/01\\\/Planta-baja-alquiler-Cala-Mendia-ref-1677-1.jpg&quot;,&quot;alt&quot;:&quot;&quot;},{&quot;id&quot;:75325,&quot;url&quot;:&quot;https:\\\/\\\/novagestioinmobiliaria.com\\\/wp-content\\\/uploads\\\/2025\\\/01\\\/Planta-baja-alquiler-Cala-Mendia-ref-1677-4.jpg&quot;,&quot;alt&quot;:&quot;&quot;},{&quot;id&quot;:75322,&quot;url&quot;:&quot;https:\\\/\\\/novagestioinmobiliaria.com\\\/wp-content\\\/uploads\\\/2025\\\/01\\\/Planta-baja-alquiler-Cala-Mendia-ref-1677-3.jpg&quot;,&quot;alt&quot;:&quot;&quot;},{&quot;id&quot;:75319,&quot;url&quot;:&quot;https:\\\/\\\/novagestioinmobiliaria.com\\\/wp-content\\\/uploads\\\/2025\\\/01\\\/Planta-baja-alquiler-Cala-Mendia-ref-1677-2.jpg&quot;,&quot;alt&quot;:&quot;&quot;},{&quot;id&quot;:75307,&quot;url&quot;:&quot;https:\\\/\\\/novagestioinmobiliaria.com\\\/wp-content\\\/uploads\\\/2025\\\/01\\\/Planta-baja-alquiler-Cala-Mendia-ref-1677-19.jpg&quot;,&quot;alt&quot;:&quot;&quot;},{&quot;id&quot;:75301,&quot;url&quot;:&quot;https:\\\/\\\/novagestioinmobiliaria.com\\\/wp-content\\\/uploads\\\/2025\\\/01\\\/Planta-baja-alquiler-Cala-Mendia-ref-1677-17.jpg&quot;,&quot;alt&quot;:&quot;&quot;},{&quot;id&quot;:75298,&quot;url&quot;:&quot;https:\\\/\\\/novagestioinmobiliaria.com\\\/wp-content\\\/uploads\\\/2025\\\/01\\\/Planta-baja-alquiler-Cala-Mendia-ref-1677-16.jpg&quot;,&quot;alt&quot;:&quot;&quot;},{&quot;id&quot;:75295,&quot;url&quot;:&quot;https:\\\/\\\/novagestioinmobiliaria.com\\\/wp-content\\\/uploads\\\/2025\\\/01\\\/Planta-baja-alquiler-Cala-Mendia-ref-1677-15.jpg&quot;,&quot;alt&quot;:&quot;&quot;},{&quot;id&quot;:75292,&quot;url&quot;:&quot;https:\\\/\\\/novagestioinmobiliaria.com\\\/wp-content\\\/uploads\\\/2025\\\/01\\\/Planta-baja-alquiler-Cala-Mendia-ref-1677-14.jpg&quot;,&quot;alt&quot;:&quot;&quot;},{&quot;id&quot;:75289,&quot;url&quot;:&quot;https:\\\/\\\/novagestioinmobiliaria.com\\\/wp-content\\\/uploads\\\/2025\\\/01\\\/Planta-baja-alquiler-Cala-Mendia-ref-1677-13.jpg&quot;,&quot;alt&quot;:&quot;&quot;},{&quot;id&quot;:75310,&quot;url&quot;:&quot;https:\\\/\\\/novagestioinmobiliaria.com\\\/wp-content\\\/uploads\\\/2025\\\/01\\\/Planta-baja-alquiler-Cala-Mendia-ref-1677-20.jpg&quot;,&quot;alt&quot;:&quot;&quot;},{&quot;id&quot;:75286,&quot;url&quot;:&quot;https:\\\/\\\/novagestioinmobiliaria.com\\\/wp-content\\\/uploads\\\/2025\\\/01\\\/Planta-baja-alquiler-Cala-Mendia-ref-1677-12.jpg&quot;,&quot;alt&quot;:&quot;&quot;},{&quot;id&quot;:75280,&quot;url&quot;:&quot;https:\\\/\\\/novagestioinmobiliaria.com\\\/wp-content\\\/uploads\\\/2025\\\/01\\\/Planta-baja-alquiler-Cala-Mendia-ref-1677-10.jpg&quot;,&quot;alt&quot;:&quot;&quot;}],&quot;attributes&quot;:[{&quot;slug&quot;:&quot;property-type&quot;,&quot;name&quot;:&quot;Immobilientyp&quot;,&quot;has_archive&quot;:true,&quot;elements&quot;:[{&quot;name&quot;:&quot;Wohnungen \\\/ Apartments&quot;,&quot;link&quot;:&quot;https:\\\/\\\/novagestioinmobiliaria.com\\\/de\\\/immobilientyp\\\/wohnungen-apartments\\\/&quot;,&quot;slug&quot;:&quot;wohnungen-apartments&quot;}],&quot;card&quot;:false,&quot;show&quot;:true,&quot;display_after&quot;:&quot;&quot;,&quot;new_box&quot;:false},{&quot;slug&quot;:&quot;offer-type&quot;,&quot;name&quot;:&quot;Angebotsart &quot;,&quot;has_archive&quot;:true,&quot;elements&quot;:[{&quot;name&quot;:&quot;Zu vermieten&quot;,&quot;link&quot;:&quot;https:\\\/\\\/novagestioinmobiliaria.com\\\/de\\\/offer-type\\\/zu-vermieten\\\/&quot;,&quot;slug&quot;:&quot;zu-vermieten&quot;}],&quot;card&quot;:true,&quot;show&quot;:true,&quot;display_after&quot;:&quot;&quot;,&quot;new_box&quot;:false},{&quot;slug&quot;:&quot;city&quot;,&quot;name&quot;:&quot;Ort&quot;,&quot;has_archive&quot;:true,&quot;elements&quot;:[{&quot;name&quot;:&quot;Cala Mendia&quot;,&quot;link&quot;:&quot;https:\\\/\\\/novagestioinmobiliaria.com\\\/de\\\/city\\\/cala-mendia-de\\\/&quot;,&quot;slug&quot;:&quot;cala-mendia-de&quot;}],&quot;card&quot;:false,&quot;show&quot;:true,&quot;display_after&quot;:&quot;&quot;,&quot;new_box&quot;:false},{&quot;slug&quot;:&quot;price&quot;,&quot;name&quot;:&quot;Preis&quot;,&quot;has_archive&quot;:false,&quot;elements&quot;:[{&quot;name&quot;:&quot;1000&quot;,&quot;link&quot;:&quot;&quot;,&quot;slug&quot;:&quot;&quot;}],&quot;show&quot;:false,&quot;card&quot;:false,&quot;display_after&quot;:&quot;\\u20ac&quot;,&quot;new_box&quot;:false},{&quot;slug&quot;:&quot;bedrooms&quot;,&quot;name&quot;:&quot;Schlafzimmer&quot;,&quot;has_archive&quot;:false,&quot;elements&quot;:[{&quot;name&quot;:&quot;2&quot;,&quot;link&quot;:&quot;&quot;,&quot;slug&quot;:&quot;&quot;}],&quot;show&quot;:true,&quot;card&quot;:true,&quot;display_after&quot;:&quot;&quot;,&quot;new_box&quot;:false},{&quot;slug&quot;:&quot;bathrooms&quot;,&quot;name&quot;:&quot;Badezimmer&quot;,&quot;has_archive&quot;:false,&quot;elements&quot;:[{&quot;name&quot;:&quot;2&quot;,&quot;link&quot;:&quot;&quot;,&quot;slug&quot;:&quot;&quot;}],&quot;show&quot;:true,&quot;card&quot;:true,&quot;display_after&quot;:&quot;&quot;,&quot;new_box&quot;:false},{&quot;slug&quot;:&quot;property-size&quot;,&quot;name&quot;:&quot;Qm&quot;,&quot;has_archive&quot;:false,&quot;elements&quot;:[{&quot;name&quot;:&quot;100&quot;,&quot;link&quot;:&quot;&quot;,&quot;slug&quot;:&quot;&quot;}],&quot;show&quot;:true,&quot;card&quot;:true,&quot;display_after&quot;:&quot;qm&quot;,&quot;new_box&quot;:false},{&quot;slug&quot;:&quot;features&quot;,&quot;name&quot;:&quot;Eigenschaften&quot;,&quot;has_archive&quot;:true,&quot;elements&quot;:[{&quot;name&quot;:&quot;2 Doppelzimmer&quot;,&quot;link&quot;:&quot;https:\\\/\\\/novagestioinmobiliaria.com\\\/de\\\/eigenschaften\\\/2-doppelzimmer\\\/&quot;,&quot;slug&quot;:&quot;2-doppelzimmer&quot;},{&quot;name&quot;:&quot;Einbauk\\u00fcche&quot;,&quot;link&quot;:&quot;https:\\\/\\\/novagestioinmobiliaria.com\\\/de\\\/eigenschaften\\\/einbaukueche\\\/&quot;,&quot;slug&quot;:&quot;einbaukueche&quot;},{&quot;name&quot;:&quot;Haustiere erlaubt&quot;,&quot;link&quot;:&quot;https:\\\/\\\/novagestioinmobiliaria.com\\\/de\\\/eigenschaften\\\/haustiere-erlaubt\\\/&quot;,&quot;slug&quot;:&quot;haustiere-erlaubt&quot;},{&quot;name&quot;:&quot;Klimaanlage&quot;,&quot;link&quot;:&quot;https:\\\/\\\/novagestioinmobiliaria.com\\\/de\\\/eigenschaften\\\/klimaanlage\\\/&quot;,&quot;slug&quot;:&quot;klimaanlage&quot;},{&quot;name&quot;:&quot;M\\u00f6bliert&quot;,&quot;link&quot;:&quot;https:\\\/\\\/novagestioinmobiliaria.com\\\/de\\\/eigenschaften\\\/moebliert\\\/&quot;,&quot;slug&quot;:&quot;moebliert&quot;},{&quot;name&quot;:&quot;Obergeschoss&quot;,&quot;link&quot;:&quot;https:\\\/\\\/novagestioinmobiliaria.com\\\/de\\\/eigenschaften\\\/obergeschoss\\\/&quot;,&quot;slug&quot;:&quot;obergeschoss&quot;},{&quot;name&quot;:&quot;Ruhige Lage&quot;,&quot;link&quot;:&quot;https:\\\/\\\/novagestioinmobiliaria.com\\\/de\\\/eigenschaften\\\/ruhige-lage\\\/&quot;,&quot;slug&quot;:&quot;ruhige-lage&quot;},{&quot;name&quot;:&quot;Terrasse&quot;,&quot;link&quot;:&quot;https:\\\/\\\/novagestioinmobiliaria.com\\\/de\\\/eigenschaften\\\/terrasse\\\/&quot;,&quot;slug&quot;:&quot;terrasse&quot;}],&quot;card&quot;:false,&quot;show&quot;:true,&quot;display_after&quot;:&quot;&quot;,&quot;new_box&quot;:true}],&quot;views&quot;:9,&quot;days_ago&quot;:&quot;3\\u00a0Wochen.&quot;,&quot;image_id&quot;:75304,&quot;image_url&quot;:&quot;https:\\\/\\\/novagestioinmobiliaria.com\\\/wp-content\\\/uploads\\\/2025\\\/01\\\/Planta-baja-alquiler-Cala-Mendia-ref-1677-18.jpg&quot;,&quot;tags&quot;:[{&quot;name&quot;:&quot;Eigenschaften&quot;,&quot;elements&quot;:[{&quot;name&quot;:&quot;2 Doppelzimmer&quot;,&quot;link&quot;:&quot;https:\\\/\\\/novagestioinmobiliaria.com\\\/de\\\/eigenschaften\\\/2-doppelzimmer\\\/&quot;},{&quot;name&quot;:&quot;Einbauk\\u00fcche&quot;,&quot;link&quot;:&quot;https:\\\/\\\/novagestioinmobiliaria.com\\\/de\\\/eigenschaften\\\/einbaukueche\\\/&quot;},{&quot;name&quot;:&quot;Haustiere erlaubt&quot;,&quot;link&quot;:&quot;https:\\\/\\\/novagestioinmobiliaria.com\\\/de\\\/eigenschaften\\\/haustiere-erlaubt\\\/&quot;},{&quot;name&quot;:&quot;Klimaanlage&quot;,&quot;link&quot;:&quot;https:\\\/\\\/novagestioinmobiliaria.com\\\/de\\\/eigenschaften\\\/klimaanlage\\\/&quot;},{&quot;name&quot;:&quot;M\\u00f6bliert&quot;,&quot;link&quot;:&quot;https:\\\/\\\/novagestioinmobiliaria.com\\\/de\\\/eigenschaften\\\/moebliert\\\/&quot;},{&quot;name&quot;:&quot;Obergeschoss&quot;,&quot;link&quot;:&quot;https:\\\/\\\/novagestioinmobiliaria.com\\\/de\\\/eigenschaften\\\/obergeschoss\\\/&quot;},{&quot;name&quot;:&quot;Ruhige Lage&quot;,&quot;link&quot;:&quot;https:\\\/\\\/novagestioinmobiliaria.com\\\/de\\\/eigenschaften\\\/ruhige-lage\\\/&quot;},{&quot;name&quot;:&quot;Terrasse&quot;,&quot;link&quot;:&quot;https:\\\/\\\/novagestioinmobiliaria.com\\\/de\\\/eigenschaften\\\/terrasse\\\/&quot;}],&quot;has_archive&quot;:true}],&quot;status&quot;:&quot;publish&quot;,&quot;plans&quot;:[],&quot;video_plan&quot;:{&quot;src&quot;:&quot;&quot;,&quot;video&quot;:&quot;&quot;},&quot;virtual_tour&quot;:null,&quot;state&quot;:&quot;&quot;,&quot;labels&quot;:[],&quot;image&quot;:&quot;https:\\\/\\\/novagestioinmobiliaria.com\\\/wp-content\\\/uploads\\\/2025\\\/01\\\/Planta-baja-alquiler-Cala-Mendia-ref-1677-18-400x250.jpg&quot;,&quot;image_srcset&quot;:&quot;https:\\\/\\\/novagestioinmobiliaria.com\\\/wp-content\\\/uploads\\\/2025\\\/01\\\/Planta-baja-alquiler-Cala-Mendia-ref-1677-18-200x125.jpg 200w, https:\\\/\\\/novagestioinmobiliaria.com\\\/wp-content\\\/uploads\\\/2025\\\/01\\\/Planta-baja-alquiler-Cala-Mendia-ref-1677-18-1200x750.jpg 1200w, https:\\\/\\\/novagestioinmobiliaria.com\\\/wp-content\\\/uploads\\\/2025\\\/01\\\/Planta-baja-alquiler-Cala-Mendia-ref-1677-18-800x500.jpg 800w, https:\\\/\\\/novagestioinmobiliaria.com\\\/wp-content\\\/uploads\\\/2025\\\/01\\\/Planta-baja-alquiler-Cala-Mendia-ref-1677-18-600x375.jpg 600w, https:\\\/\\\/novagestioinmobiliaria.com\\\/wp-content\\\/uploads\\\/2025\\\/01\\\/Planta-baja-alquiler-Cala-Mendia-ref-1677-18-400x250.jpg 400w&quot;}'>\r\n\t\t\t\t\t\t\t\t\t\t\t\t\t<\/compare-button>\r\n\t\t\t\t\t\t\t\t\t\t\t\t<\/div>\r\n\t\t\t\t\t\t\t\t\t\t\t\t<div class=\"mh-estate-vertical__buttons__single\">\r\n\t\t\t\t\t\t\t\t\t\t\t\t\t<a href=\"https:\/\/novagestioinmobiliaria.com\/de\/propiedades-properties-immobilien\/dachgeschosswohnung-zur-miete-in-cala-mendia-dp1677came-ade\/\"\r\n\t\t\t\t\t\t\t\t\t\t\t\t\t   title=\"Dachgeschosswohnung zur Miete in Cala Mendia : : DP1677CAME-ADE\"\r\n\t\t\t\t\t\t\t\t\t\t\t\t\t   class=\"mdl-button mdl-js-button mdl-button--raised mdl-js-ripple-effect mdl-button--primary-ghost\">\r\n\t\t\t\t\t\t\t\t\t\t\t\t\t\tDetails\t\t\t\t\t\t\t\t\t\t\t\t\t\t<span class=\"mdl-button__icon-right\"><i class=\"fa fa-angle-right\"><\/i><\/span>\r\n\t\t\t\t\t\t\t\t\t\t\t\t\t<\/a>\r\n\t\t\t\t\t\t\t\t\t\t\t\t<\/div>\r\n\t\t\t\t\t\t\t\t\t\t\t<\/div>\r\n\t\t\t\t\t\t\t\t\t\t<\/div>\r\n\t\t\t\t\t\t\t\t\t<\/div>\r\n\t\t\t\t\t\t\t\t<\/div>\r\n\t\t\t\t\t\t\t<\/div>\r\n\t\t\t\t\t\t<\/article>\r\n\t\t\t\t\t<\/div>\r\n\t\t\t\t\r\n\t\t\t\t\t<div class=\"item\">\r\n\t\t\t\t\t\t<article class=\"mh-estate-vertical   mh-attribute-property-type__stadthaeuser-ebenerdige-wohnungen mh-attribute-offer-type__zu-vermieten mh-attribute-city__colonia-de-san-pedro mh-attribute-features__1-bad mh-attribute-features__2-doppelzimmer mh-attribute-features__einbaukueche mh-attribute-features__kamin mh-attribute-features__klimaanlage mh-attribute-features__meerblick mh-attribute-features__ruhige-lage mh-attribute-features__wascherei\">\r\n\t\t\t\t\t\t\t<a href=\"https:\/\/novagestioinmobiliaria.com\/de\/propiedades-properties-immobilien\/haus-zur-miete-in-colonia-de-sant-pere-ca1761csp-ade\/\"\r\n\t\t\t\t\t\t\t   title=\"Haus zur Miete in Col\u00f2nia de Sant Pere : : CA1761CSP-ADE\"\r\n\t\t\t\t\t\t\t   class=\"mh-thumbnail\">\r\n                        <span class=\"mh-thumbnail__inner\">\r\n                                                <\/span>\r\n\r\n\t\t\t\t\t\t\t\t\t\t\t\t\t\t\t\t\t<div class=\"mh-caption\">\r\n\t\t\t\t\t\t\t\t\t\t<div class=\"mh-caption__inner\">\r\n\t\t\t\t\t\t\t\t\t\t\tZu vermieten\t\t\t\t\t\t\t\t\t\t<\/div>\r\n\t\t\t\t\t\t\t\t\t<\/div>\r\n\t\t\t\t\t\t\t\t\t\r\n\t\t\t\t\t\t\t\t<div class=\"mh-estate-vertical__text\">\r\n\t\t\t\t\t\t\t\t\t<div class=\"mh-estate-vertical__text__inner\">\r\n\t\t\t\t\t\t\t\t\t\tLESEN SIE DIE ANK\u00dcNDIGUNG SORGF\u00c4LTIG &#8211; NUR VON SEPTEMBER BIS JUNI ZU VERMIETEN Helles Haus zur Miete in Colonia de...\t\t\t\t\t\t\t\t\t<\/div>\r\n\t\t\t\t\t\t\t\t<\/div>\r\n\t\t\t\t\t\t\t<\/a>\r\n\r\n\t\t\t\t\t\t\t<div class=\"mh-estate-vertical__content\">\r\n\t\t\t\t\t\t\t\t<h3 class=\"mh-estate-vertical__heading\">\r\n\t\t\t\t\t\t\t\t\t<a href=\"https:\/\/novagestioinmobiliaria.com\/de\/propiedades-properties-immobilien\/haus-zur-miete-in-colonia-de-sant-pere-ca1761csp-ade\/\"\r\n\t\t\t\t\t\t\t\t\t   title=\"Haus zur Miete in Col\u00f2nia de Sant Pere : : CA1761CSP-ADE\">\r\n\t\t\t\t\t\t\t\t\t\tHaus zur Miete in Col\u00f2nia de Sant Pere : : CA1761CSP-ADE\t\t\t\t\t\t\t\t\t<\/a>\r\n\t\t\t\t\t\t\t\t<\/h3>\r\n\t\t\t\t\t\t\t\t<address class=\"mh-estate-vertical__subheading\">\r\n\t\t\t\t\t\t\t\t\t\t\t\t\t\t\t\t\t<\/address>\r\n\t\t\t\t\t\t\t\t<div class=\"mh-estate-vertical__primary\">\r\n\t\t\t\t\t\t\t\t\t1.000 \u20ac\t\t\t\t\t\t\t\t<\/div>\r\n\r\n\t\t\t\t\t\t\t\t<div>\r\n\t\t\t\t\t\t\t\t\t<div class=\"mh-estate__list\">\r\n\t\t\t\t\t\t\t\t\t\t\r\n\t\t\t\t\t\t\t\t\t\t\t<span class=\"mh-estate-vertical__more-info mh-estate_attribute-offer-type\">\r\n                                        <strong>Angebotsart :<\/strong>\r\n\t\t\t\t\t\t\t\t\t\t\t\t\t\t\t\t\t\t\t\t\t\t\t\t\t\tZu vermieten\t\t\t\t\t\t\t\t\t\t\t\t\t\t                                    <\/span>\r\n\r\n\t\t\t\t\t\t\t\t\t\t\r\n\t\t\t\t\t\t\t\t\t\t\t<span class=\"mh-estate-vertical__more-info mh-estate_attribute-bedrooms\">\r\n                                        <strong>Schlafzimmer:<\/strong>\r\n\t\t\t\t\t\t\t\t\t\t\t\t2                                    <\/span>\r\n\r\n\t\t\t\t\t\t\t\t\t\t\r\n\t\t\t\t\t\t\t\t\t\t\t<span class=\"mh-estate-vertical__more-info mh-estate_attribute-bathrooms\">\r\n                                        <strong>Badezimmer:<\/strong>\r\n\t\t\t\t\t\t\t\t\t\t\t\t1                                    <\/span>\r\n\r\n\t\t\t\t\t\t\t\t\t\t\r\n\t\t\t\t\t\t\t\t\t\t\t<span class=\"mh-estate-vertical__more-info mh-estate_attribute-property-size\">\r\n                                        <strong>Qm:<\/strong>\r\n\t\t\t\t\t\t\t\t\t\t\t\t80 qm                                    <\/span>\r\n\r\n\t\t\t\t\t\t\t\t\t\t\t\t\t\t\t\t\t\t\t<\/div>\r\n\t\t\t\t\t\t\t\t<\/div>\r\n\r\n\t\t\t\t\t\t\t\t<div class=\"mh-estate-vertical__bottom\">\r\n\t\t\t\t\t\t\t\t\t<div class=\"mh-estate-vertical__bottom__inner\">\r\n\t\t\t\t\t\t\t\t\t\t<div class=\"mh-estate-vertical__date\">\r\n\t\t\t\t\t\t\t\t\t\t\t4\u00a0Wochen.\t\t\t\t\t\t\t\t\t\t<\/div>\r\n\t\t\t\t\t\t\t\t\t\t<div class=\"mh-estate-vertical__buttons-wrapper\">\r\n\t\t\t\t\t\t\t\t\t\t\t<div class=\"mh-estate-vertical__buttons\">\r\n\t\t\t\t\t\t\t\t\t\t\t\t<div class=\"mh-estate-vertical__buttons__single\">\r\n\t\t\t\t\t\t\t\t\t\t\t\t\t<compare-button class=\"myhome-compare\"\r\n\t\t\t\t\t\t\t\t\t\t\t\t\t\t\t\t\t:translations='{&quot;added&quot;:&quot;Zus\\u00e4tzlich&quot;,&quot;compare&quot;:&quot;Vergleichen&quot;}'\r\n\t\t\t\t\t\t\t\t\t\t\t\t\t\t\t\t\t:estate='{&quot;short_excerpt_limit&quot;:125,&quot;long_excerpt_limit&quot;:160,&quot;id&quot;:92821,&quot;agent_id&quot;:&quot;26&quot;,&quot;title&quot;:&quot;Haus zur Miete in Col\\u00f2nia de Sant Pere : : CA1761CSP-ADE&quot;,&quot;content&quot;:&quot;LESEN SIE DIE ANK\\u00dcNDIGUNG SORGF\\u00c4LTIG - NUR VON SEPTEMBER BIS JUNI ZU VERMIETEN\\r\\nHelles Haus zur Miete in Colonia de Sant Pere mit Dachterrasse ohne Nachbarn. Das Haus verf\\u00fcgt \\u00fcber insgesamt 80 m2, aufgeteilt in 2 Doppelzimmer, 1 Badezimmer mit Badewanne, ausgestattete und m\\u00f6blierte K\\u00fcche, helles Wohnzimmer mit Zugang zu einer Au\\u00dfenterrasse. Es verf\\u00fcgt \\u00fcber 2 Klimaanlagen mit W\\u00e4rmepumpe, Kamin, Waschk\\u00fcche mit Toilette. NUR SAISONALE VERMIETUNG VON SEPTEMBER BIS JUNI. Das Haus liegt in der N\\u00e4he des Meeres in einer sehr ruhigen Gegend.\\r\\nMIETBEDINGUNGEN:\\r\\n\\r\\n- Nachweis finanzieller Solvenz erforderlich (Gehaltsabrechnungen, Arbeitsvertr\\u00e4ge...).\\r\\n- Nur saisonale Vermietung (SEPTEMBER - JUNI)\\r\\n- Nebenkosten (Strom, Wasser, M\\u00fcll) nicht inbegriffen.\\r\\n- 1 Monat Kaution.\\r\\n- Keine Haustiere erlaubt.\\r\\n- 1 Monat Agenturgeb\\u00fchr\\r\\n\\r\\nNova Gesti\\u00f3, Immobilienagentur in Colonia de Sant Pere.&quot;,&quot;excerpt&quot;:&quot;LESEN SIE DIE ANK\\u00dcNDIGUNG SORGF\\u00c4LTIG \\u2013 NUR VON SEPTEMBER BIS JUNI ZU VERMIETEN Helles Haus zur Miete in Colonia de Sant Pere mit Dachterrasse ohne Nachbarn. Das Haus verf\\u00fcgt \\u00fcber insgesamt 80 m2, aufgeteilt in 2 Doppelzimmer, 1 Badezimmer mit Badewanne, ausgestattete und m\\u00f6blierte K\\u00fcche, helles Wohnzimmer mit Zugang zu einer Au\\u00dfenterrasse. Es verf\\u00fcgt \\u00fcber [\\u2026]&quot;,&quot;short_excerpt&quot;:&quot;LESEN SIE DIE ANK\\u00dcNDIGUNG SORGF\\u00c4LTIG - NUR VON SEPTEMBER BIS JUNI ZU VERMIETEN\\r\\nHelles Haus zur Miete in Colonia de Sant P...&quot;,&quot;long_excerpt&quot;:&quot;LESEN SIE DIE ANK\\u00dcNDIGUNG SORGF\\u00c4LTIG - NUR VON SEPTEMBER BIS JUNI ZU VERMIETEN\\r\\nHelles Haus zur Miete in Colonia de Sant Pere mit Dachterrasse ohne Nachbarn....&quot;,&quot;link&quot;:&quot;https:\\\/\\\/novagestioinmobiliaria.com\\\/de\\\/propiedades-properties-immobilien\\\/haus-zur-miete-in-colonia-de-sant-pere-ca1761csp-ade\\\/&quot;,&quot;offer_type&quot;:&quot;Zu vermieten&quot;,&quot;price&quot;:&quot;1.000 \\u20ac&quot;,&quot;location&quot;:false,&quot;is_featured&quot;:&quot;1&quot;,&quot;gallery&quot;:[],&quot;attributes&quot;:[{&quot;slug&quot;:&quot;property-type&quot;,&quot;name&quot;:&quot;Immobilientyp&quot;,&quot;has_archive&quot;:true,&quot;elements&quot;:[{&quot;name&quot;:&quot;Stadth\\u00e4user \\\/ Ebenerdige Wohnungen&quot;,&quot;link&quot;:&quot;https:\\\/\\\/novagestioinmobiliaria.com\\\/de\\\/immobilientyp\\\/stadthaeuser-ebenerdige-wohnungen\\\/&quot;,&quot;slug&quot;:&quot;stadthaeuser-ebenerdige-wohnungen&quot;}],&quot;card&quot;:false,&quot;show&quot;:true,&quot;display_after&quot;:&quot;&quot;,&quot;new_box&quot;:false},{&quot;slug&quot;:&quot;offer-type&quot;,&quot;name&quot;:&quot;Angebotsart &quot;,&quot;has_archive&quot;:true,&quot;elements&quot;:[{&quot;name&quot;:&quot;Zu vermieten&quot;,&quot;link&quot;:&quot;https:\\\/\\\/novagestioinmobiliaria.com\\\/de\\\/offer-type\\\/zu-vermieten\\\/&quot;,&quot;slug&quot;:&quot;zu-vermieten&quot;}],&quot;card&quot;:true,&quot;show&quot;:true,&quot;display_after&quot;:&quot;&quot;,&quot;new_box&quot;:false},{&quot;slug&quot;:&quot;city&quot;,&quot;name&quot;:&quot;Ort&quot;,&quot;has_archive&quot;:true,&quot;elements&quot;:[{&quot;name&quot;:&quot;Colonia de San Pedro&quot;,&quot;link&quot;:&quot;https:\\\/\\\/novagestioinmobiliaria.com\\\/de\\\/city\\\/colonia-de-san-pedro\\\/&quot;,&quot;slug&quot;:&quot;colonia-de-san-pedro&quot;}],&quot;card&quot;:false,&quot;show&quot;:true,&quot;display_after&quot;:&quot;&quot;,&quot;new_box&quot;:false},{&quot;slug&quot;:&quot;price&quot;,&quot;name&quot;:&quot;Preis&quot;,&quot;has_archive&quot;:false,&quot;elements&quot;:[{&quot;name&quot;:&quot;1000&quot;,&quot;link&quot;:&quot;&quot;,&quot;slug&quot;:&quot;&quot;}],&quot;show&quot;:false,&quot;card&quot;:false,&quot;display_after&quot;:&quot;\\u20ac&quot;,&quot;new_box&quot;:false},{&quot;slug&quot;:&quot;bedrooms&quot;,&quot;name&quot;:&quot;Schlafzimmer&quot;,&quot;has_archive&quot;:false,&quot;elements&quot;:[{&quot;name&quot;:&quot;2&quot;,&quot;link&quot;:&quot;&quot;,&quot;slug&quot;:&quot;&quot;}],&quot;show&quot;:true,&quot;card&quot;:true,&quot;display_after&quot;:&quot;&quot;,&quot;new_box&quot;:false},{&quot;slug&quot;:&quot;bathrooms&quot;,&quot;name&quot;:&quot;Badezimmer&quot;,&quot;has_archive&quot;:false,&quot;elements&quot;:[{&quot;name&quot;:&quot;1&quot;,&quot;link&quot;:&quot;&quot;,&quot;slug&quot;:&quot;&quot;}],&quot;show&quot;:true,&quot;card&quot;:true,&quot;display_after&quot;:&quot;&quot;,&quot;new_box&quot;:false},{&quot;slug&quot;:&quot;property-size&quot;,&quot;name&quot;:&quot;Qm&quot;,&quot;has_archive&quot;:false,&quot;elements&quot;:[{&quot;name&quot;:&quot;80&quot;,&quot;link&quot;:&quot;&quot;,&quot;slug&quot;:&quot;&quot;}],&quot;show&quot;:true,&quot;card&quot;:true,&quot;display_after&quot;:&quot;qm&quot;,&quot;new_box&quot;:false},{&quot;slug&quot;:&quot;features&quot;,&quot;name&quot;:&quot;Eigenschaften&quot;,&quot;has_archive&quot;:true,&quot;elements&quot;:[{&quot;name&quot;:&quot;1 Bad&quot;,&quot;link&quot;:&quot;https:\\\/\\\/novagestioinmobiliaria.com\\\/de\\\/eigenschaften\\\/1-bad\\\/&quot;,&quot;slug&quot;:&quot;1-bad&quot;},{&quot;name&quot;:&quot;2 Doppelzimmer&quot;,&quot;link&quot;:&quot;https:\\\/\\\/novagestioinmobiliaria.com\\\/de\\\/eigenschaften\\\/2-doppelzimmer\\\/&quot;,&quot;slug&quot;:&quot;2-doppelzimmer&quot;},{&quot;name&quot;:&quot;Einbauk\\u00fcche&quot;,&quot;link&quot;:&quot;https:\\\/\\\/novagestioinmobiliaria.com\\\/de\\\/eigenschaften\\\/einbaukueche\\\/&quot;,&quot;slug&quot;:&quot;einbaukueche&quot;},{&quot;name&quot;:&quot;Kamin&quot;,&quot;link&quot;:&quot;https:\\\/\\\/novagestioinmobiliaria.com\\\/de\\\/eigenschaften\\\/kamin\\\/&quot;,&quot;slug&quot;:&quot;kamin&quot;},{&quot;name&quot;:&quot;Klimaanlage&quot;,&quot;link&quot;:&quot;https:\\\/\\\/novagestioinmobiliaria.com\\\/de\\\/eigenschaften\\\/klimaanlage\\\/&quot;,&quot;slug&quot;:&quot;klimaanlage&quot;},{&quot;name&quot;:&quot;Meerblick&quot;,&quot;link&quot;:&quot;https:\\\/\\\/novagestioinmobiliaria.com\\\/de\\\/eigenschaften\\\/meerblick\\\/&quot;,&quot;slug&quot;:&quot;meerblick&quot;},{&quot;name&quot;:&quot;Ruhige Lage&quot;,&quot;link&quot;:&quot;https:\\\/\\\/novagestioinmobiliaria.com\\\/de\\\/eigenschaften\\\/ruhige-lage\\\/&quot;,&quot;slug&quot;:&quot;ruhige-lage&quot;},{&quot;name&quot;:&quot;W\\u00e4scherei&quot;,&quot;link&quot;:&quot;https:\\\/\\\/novagestioinmobiliaria.com\\\/de\\\/eigenschaften\\\/wascherei\\\/&quot;,&quot;slug&quot;:&quot;wascherei&quot;}],&quot;card&quot;:false,&quot;show&quot;:true,&quot;display_after&quot;:&quot;&quot;,&quot;new_box&quot;:true}],&quot;views&quot;:8,&quot;days_ago&quot;:&quot;4\\u00a0Wochen.&quot;,&quot;image_id&quot;:null,&quot;image_url&quot;:null,&quot;tags&quot;:[{&quot;name&quot;:&quot;Eigenschaften&quot;,&quot;elements&quot;:[{&quot;name&quot;:&quot;1 Bad&quot;,&quot;link&quot;:&quot;https:\\\/\\\/novagestioinmobiliaria.com\\\/de\\\/eigenschaften\\\/1-bad\\\/&quot;},{&quot;name&quot;:&quot;2 Doppelzimmer&quot;,&quot;link&quot;:&quot;https:\\\/\\\/novagestioinmobiliaria.com\\\/de\\\/eigenschaften\\\/2-doppelzimmer\\\/&quot;},{&quot;name&quot;:&quot;Einbauk\\u00fcche&quot;,&quot;link&quot;:&quot;https:\\\/\\\/novagestioinmobiliaria.com\\\/de\\\/eigenschaften\\\/einbaukueche\\\/&quot;},{&quot;name&quot;:&quot;Kamin&quot;,&quot;link&quot;:&quot;https:\\\/\\\/novagestioinmobiliaria.com\\\/de\\\/eigenschaften\\\/kamin\\\/&quot;},{&quot;name&quot;:&quot;Klimaanlage&quot;,&quot;link&quot;:&quot;https:\\\/\\\/novagestioinmobiliaria.com\\\/de\\\/eigenschaften\\\/klimaanlage\\\/&quot;},{&quot;name&quot;:&quot;Meerblick&quot;,&quot;link&quot;:&quot;https:\\\/\\\/novagestioinmobiliaria.com\\\/de\\\/eigenschaften\\\/meerblick\\\/&quot;},{&quot;name&quot;:&quot;Ruhige Lage&quot;,&quot;link&quot;:&quot;https:\\\/\\\/novagestioinmobiliaria.com\\\/de\\\/eigenschaften\\\/ruhige-lage\\\/&quot;},{&quot;name&quot;:&quot;W\\u00e4scherei&quot;,&quot;link&quot;:&quot;https:\\\/\\\/novagestioinmobiliaria.com\\\/de\\\/eigenschaften\\\/wascherei\\\/&quot;}],&quot;has_archive&quot;:true}],&quot;status&quot;:&quot;publish&quot;,&quot;plans&quot;:[],&quot;video_plan&quot;:{&quot;src&quot;:&quot;&quot;,&quot;video&quot;:&quot;&quot;},&quot;virtual_tour&quot;:null,&quot;state&quot;:&quot;&quot;,&quot;labels&quot;:[],&quot;image&quot;:&quot;&quot;,&quot;image_srcset&quot;:&quot;&quot;}'>\r\n\t\t\t\t\t\t\t\t\t\t\t\t\t<\/compare-button>\r\n\t\t\t\t\t\t\t\t\t\t\t\t<\/div>\r\n\t\t\t\t\t\t\t\t\t\t\t\t<div class=\"mh-estate-vertical__buttons__single\">\r\n\t\t\t\t\t\t\t\t\t\t\t\t\t<a href=\"https:\/\/novagestioinmobiliaria.com\/de\/propiedades-properties-immobilien\/haus-zur-miete-in-colonia-de-sant-pere-ca1761csp-ade\/\"\r\n\t\t\t\t\t\t\t\t\t\t\t\t\t   title=\"Haus zur Miete in Col\u00f2nia de Sant Pere : : CA1761CSP-ADE\"\r\n\t\t\t\t\t\t\t\t\t\t\t\t\t   class=\"mdl-button mdl-js-button mdl-button--raised mdl-js-ripple-effect mdl-button--primary-ghost\">\r\n\t\t\t\t\t\t\t\t\t\t\t\t\t\tDetails\t\t\t\t\t\t\t\t\t\t\t\t\t\t<span class=\"mdl-button__icon-right\"><i class=\"fa fa-angle-right\"><\/i><\/span>\r\n\t\t\t\t\t\t\t\t\t\t\t\t\t<\/a>\r\n\t\t\t\t\t\t\t\t\t\t\t\t<\/div>\r\n\t\t\t\t\t\t\t\t\t\t\t<\/div>\r\n\t\t\t\t\t\t\t\t\t\t<\/div>\r\n\t\t\t\t\t\t\t\t\t<\/div>\r\n\t\t\t\t\t\t\t\t<\/div>\r\n\t\t\t\t\t\t\t<\/div>\r\n\t\t\t\t\t\t<\/article>\r\n\t\t\t\t\t<\/div>\r\n\t\t\t\t\r\n\t\t\t\t\t<div class=\"item\">\r\n\t\t\t\t\t\t<article class=\"mh-estate-vertical   mh-attribute-property-type__geschaeftslokale-bueros mh-attribute-offer-type__zu-vermieten mh-attribute-city__manacor-de mh-attribute-features__1-bad mh-attribute-features__ruhige-lage mh-attribute-features__zentrale-lage\">\r\n\t\t\t\t\t\t\t<a href=\"https:\/\/novagestioinmobiliaria.com\/de\/propiedades-properties-immobilien\/bueroflaeche-zur-miete-in-manacor-lo1403ma-ade\/\"\r\n\t\t\t\t\t\t\t   title=\"B\u00fcrofl\u00e4che zur Miete in Manacor : : LO1403MA-ADE\"\r\n\t\t\t\t\t\t\t   class=\"mh-thumbnail\">\r\n                        <span class=\"mh-thumbnail__inner\">\r\n                                    <img\r\n                    data-srcset=\"https:\/\/novagestioinmobiliaria.com\/wp-content\/uploads\/2026\/08\/Despacho-en-alquiler-en-Manacor-ref-1403-D-5-200x125.jpg 200w, https:\/\/novagestioinmobiliaria.com\/wp-content\/uploads\/2026\/08\/Despacho-en-alquiler-en-Manacor-ref-1403-D-5-600x375.jpg 600w, https:\/\/novagestioinmobiliaria.com\/wp-content\/uploads\/2026\/08\/Despacho-en-alquiler-en-Manacor-ref-1403-D-5-400x250.jpg 400w\"\r\n                    class=\"lazyload \" alt=\"B\u00fcrofl\u00e4che zur Miete in Manacor : : LO1403MA-ADE\"\r\n                    data-sizes=\"auto\"\r\n            >\r\n\t\t\t                        <\/span>\r\n\r\n\t\t\t\t\t\t\t\t\t\t\t\t\t\t\t\t\t<div class=\"mh-caption\">\r\n\t\t\t\t\t\t\t\t\t\t<div class=\"mh-caption__inner\">\r\n\t\t\t\t\t\t\t\t\t\t\tZu vermieten\t\t\t\t\t\t\t\t\t\t<\/div>\r\n\t\t\t\t\t\t\t\t\t<\/div>\r\n\t\t\t\t\t\t\t\t\t\r\n\t\t\t\t\t\t\t\t<div class=\"mh-estate-vertical__text\">\r\n\t\t\t\t\t\t\t\t\t<div class=\"mh-estate-vertical__text__inner\">\r\n\t\t\t\t\t\t\t\t\t\tVERF\u00dcGBAR AB OKTOBER Sch\u00f6ner B\u00fcroraum zur Miete in Manacor, gelegen im zweiten Stock mit ca. 45 m2. Aufgeteilt in zwei...\t\t\t\t\t\t\t\t\t<\/div>\r\n\t\t\t\t\t\t\t\t<\/div>\r\n\t\t\t\t\t\t\t<\/a>\r\n\r\n\t\t\t\t\t\t\t<div class=\"mh-estate-vertical__content\">\r\n\t\t\t\t\t\t\t\t<h3 class=\"mh-estate-vertical__heading\">\r\n\t\t\t\t\t\t\t\t\t<a href=\"https:\/\/novagestioinmobiliaria.com\/de\/propiedades-properties-immobilien\/bueroflaeche-zur-miete-in-manacor-lo1403ma-ade\/\"\r\n\t\t\t\t\t\t\t\t\t   title=\"B\u00fcrofl\u00e4che zur Miete in Manacor : : LO1403MA-ADE\">\r\n\t\t\t\t\t\t\t\t\t\tB\u00fcrofl\u00e4che zur Miete in Manacor : : LO1403MA-ADE\t\t\t\t\t\t\t\t\t<\/a>\r\n\t\t\t\t\t\t\t\t<\/h3>\r\n\t\t\t\t\t\t\t\t<address class=\"mh-estate-vertical__subheading\">\r\n\t\t\t\t\t\t\t\t\t\t\t\t\t\t\t\t\t<\/address>\r\n\t\t\t\t\t\t\t\t<div class=\"mh-estate-vertical__primary\">\r\n\t\t\t\t\t\t\t\t\t550 \u20ac\t\t\t\t\t\t\t\t<\/div>\r\n\r\n\t\t\t\t\t\t\t\t<div>\r\n\t\t\t\t\t\t\t\t\t<div class=\"mh-estate__list\">\r\n\t\t\t\t\t\t\t\t\t\t\r\n\t\t\t\t\t\t\t\t\t\t\t<span class=\"mh-estate-vertical__more-info mh-estate_attribute-offer-type\">\r\n                                        <strong>Angebotsart :<\/strong>\r\n\t\t\t\t\t\t\t\t\t\t\t\t\t\t\t\t\t\t\t\t\t\t\t\t\t\tZu vermieten\t\t\t\t\t\t\t\t\t\t\t\t\t\t                                    <\/span>\r\n\r\n\t\t\t\t\t\t\t\t\t\t\r\n\t\t\t\t\t\t\t\t\t\t\t<span class=\"mh-estate-vertical__more-info mh-estate_attribute-bedrooms\">\r\n                                        <strong>Schlafzimmer:<\/strong>\r\n\t\t\t\t\t\t\t\t\t\t\t\t2                                    <\/span>\r\n\r\n\t\t\t\t\t\t\t\t\t\t\r\n\t\t\t\t\t\t\t\t\t\t\t<span class=\"mh-estate-vertical__more-info mh-estate_attribute-bathrooms\">\r\n                                        <strong>Badezimmer:<\/strong>\r\n\t\t\t\t\t\t\t\t\t\t\t\t1                                    <\/span>\r\n\r\n\t\t\t\t\t\t\t\t\t\t\r\n\t\t\t\t\t\t\t\t\t\t\t<span class=\"mh-estate-vertical__more-info mh-estate_attribute-property-size\">\r\n                                        <strong>Qm:<\/strong>\r\n\t\t\t\t\t\t\t\t\t\t\t\t45 qm                                    <\/span>\r\n\r\n\t\t\t\t\t\t\t\t\t\t\t\t\t\t\t\t\t\t\t<\/div>\r\n\t\t\t\t\t\t\t\t<\/div>\r\n\r\n\t\t\t\t\t\t\t\t<div class=\"mh-estate-vertical__bottom\">\r\n\t\t\t\t\t\t\t\t\t<div class=\"mh-estate-vertical__bottom__inner\">\r\n\t\t\t\t\t\t\t\t\t\t<div class=\"mh-estate-vertical__date\">\r\n\t\t\t\t\t\t\t\t\t\t\t4\u00a0Wochen.\t\t\t\t\t\t\t\t\t\t<\/div>\r\n\t\t\t\t\t\t\t\t\t\t<div class=\"mh-estate-vertical__buttons-wrapper\">\r\n\t\t\t\t\t\t\t\t\t\t\t<div class=\"mh-estate-vertical__buttons\">\r\n\t\t\t\t\t\t\t\t\t\t\t\t<div class=\"mh-estate-vertical__buttons__single\">\r\n\t\t\t\t\t\t\t\t\t\t\t\t\t<compare-button class=\"myhome-compare\"\r\n\t\t\t\t\t\t\t\t\t\t\t\t\t\t\t\t\t:translations='{&quot;added&quot;:&quot;Zus\\u00e4tzlich&quot;,&quot;compare&quot;:&quot;Vergleichen&quot;}'\r\n\t\t\t\t\t\t\t\t\t\t\t\t\t\t\t\t\t:estate='{&quot;short_excerpt_limit&quot;:125,&quot;long_excerpt_limit&quot;:160,&quot;id&quot;:92815,&quot;agent_id&quot;:&quot;1&quot;,&quot;title&quot;:&quot;B\\u00fcrofl\\u00e4che zur Miete in Manacor : : LO1403MA-ADE&quot;,&quot;content&quot;:&quot;VERF\\u00dcGBAR AB OKTOBER\\r\\nSch\\u00f6ner B\\u00fcroraum zur Miete in Manacor, gelegen im zweiten Stock mit ca. 45 m2. Aufgeteilt in zwei gro\\u00dfe R\\u00e4ume und ein Badezimmer mit Dusche. Ideal als B\\u00fcro, f\\u00fcr Personen, die online arbeiten, oder andere Gesch\\u00e4ftsarten, die B\\u00fcrofl\\u00e4chen ben\\u00f6tigen. Es liegt nahe dem Zentrum von Manacor. Der Raum ist sehr hell und hat Parkettboden.\\r\\nEs gibt Fotos vom leeren B\\u00fcro sowie Bilder, die zeigen, wie es dekoriert werden k\\u00f6nnte (diese wurden mit KI erstellt).\\r\\nMietbedingungen\\r\\n- Es werden Referenzen und Zahlungsf\\u00e4higkeit verlangt\\r\\n- Strom-, Wasser- und Internetversorgung sind NICHT inbegriffen\\r\\n- 1 Monat Kaution\\r\\n- 1 Monat Maklergeb\\u00fchren.\\r\\n\\r\\nNova Gestio, Ihre Immobilienagentur in Manacor.&quot;,&quot;excerpt&quot;:&quot;VERF\\u00dcGBAR AB OKTOBER Sch\\u00f6ner B\\u00fcroraum zur Miete in Manacor, gelegen im zweiten Stock mit ca. 45 m2. Aufgeteilt in zwei gro\\u00dfe R\\u00e4ume und ein Badezimmer mit Dusche. Ideal als B\\u00fcro, f\\u00fcr Personen, die online arbeiten, oder andere Gesch\\u00e4ftsarten, die B\\u00fcrofl\\u00e4chen ben\\u00f6tigen. Es liegt nahe dem Zentrum von Manacor. Der Raum ist sehr hell und hat [\\u2026]&quot;,&quot;short_excerpt&quot;:&quot;VERF\\u00dcGBAR AB OKTOBER\\r\\nSch\\u00f6ner B\\u00fcroraum zur Miete in Manacor, gelegen im zweiten Stock mit ca. 45 m2. Aufgeteilt in zwei gr...&quot;,&quot;long_excerpt&quot;:&quot;VERF\\u00dcGBAR AB OKTOBER\\r\\nSch\\u00f6ner B\\u00fcroraum zur Miete in Manacor, gelegen im zweiten Stock mit ca. 45 m2. Aufgeteilt in zwei gro\\u00dfe R\\u00e4ume und ein Badezimmer mit Du...&quot;,&quot;link&quot;:&quot;https:\\\/\\\/novagestioinmobiliaria.com\\\/de\\\/propiedades-properties-immobilien\\\/bueroflaeche-zur-miete-in-manacor-lo1403ma-ade\\\/&quot;,&quot;offer_type&quot;:&quot;Zu vermieten&quot;,&quot;price&quot;:&quot;550 \\u20ac&quot;,&quot;location&quot;:false,&quot;is_featured&quot;:true,&quot;gallery&quot;:[{&quot;id&quot;:93173,&quot;url&quot;:&quot;https:\\\/\\\/novagestioinmobiliaria.com\\\/wp-content\\\/uploads\\\/2026\\\/08\\\/Despacho-en-alquiler-en-Manacor-ref-1403-D-2.jpg&quot;,&quot;alt&quot;:&quot;&quot;},{&quot;id&quot;:93164,&quot;url&quot;:&quot;https:\\\/\\\/novagestioinmobiliaria.com\\\/wp-content\\\/uploads\\\/2026\\\/08\\\/Despacho-en-alquiler-en-Manacor-ref-1403-V-7.jpg&quot;,&quot;alt&quot;:&quot;&quot;},{&quot;id&quot;:93170,&quot;url&quot;:&quot;https:\\\/\\\/novagestioinmobiliaria.com\\\/wp-content\\\/uploads\\\/2026\\\/08\\\/Despacho-en-alquiler-en-Manacor-ref-1403-D-1.jpg&quot;,&quot;alt&quot;:&quot;&quot;},{&quot;id&quot;:93155,&quot;url&quot;:&quot;https:\\\/\\\/novagestioinmobiliaria.com\\\/wp-content\\\/uploads\\\/2026\\\/08\\\/Despacho-en-alquiler-en-Manacor-ref-1403-V-4.jpg&quot;,&quot;alt&quot;:&quot;&quot;},{&quot;id&quot;:93167,&quot;url&quot;:&quot;https:\\\/\\\/novagestioinmobiliaria.com\\\/wp-content\\\/uploads\\\/2026\\\/08\\\/Despacho-en-alquiler-en-Manacor-ref-1403-V-8.jpg&quot;,&quot;alt&quot;:&quot;&quot;},{&quot;id&quot;:93134,&quot;url&quot;:&quot;https:\\\/\\\/novagestioinmobiliaria.com\\\/wp-content\\\/uploads\\\/2026\\\/08\\\/Despacho-en-alquiler-en-Manacor-ref-1403-D-4.jpg&quot;,&quot;alt&quot;:&quot;&quot;},{&quot;id&quot;:93161,&quot;url&quot;:&quot;https:\\\/\\\/novagestioinmobiliaria.com\\\/wp-content\\\/uploads\\\/2026\\\/08\\\/Despacho-en-alquiler-en-Manacor-ref-1403-V-6.jpg&quot;,&quot;alt&quot;:&quot;&quot;},{&quot;id&quot;:93131,&quot;url&quot;:&quot;https:\\\/\\\/novagestioinmobiliaria.com\\\/wp-content\\\/uploads\\\/2026\\\/08\\\/Despacho-en-alquiler-en-Manacor-ref-1403-D-3.jpg&quot;,&quot;alt&quot;:&quot;&quot;},{&quot;id&quot;:93158,&quot;url&quot;:&quot;https:\\\/\\\/novagestioinmobiliaria.com\\\/wp-content\\\/uploads\\\/2026\\\/08\\\/Despacho-en-alquiler-en-Manacor-ref-1403-V-5.jpg&quot;,&quot;alt&quot;:&quot;&quot;},{&quot;id&quot;:93143,&quot;url&quot;:&quot;https:\\\/\\\/novagestioinmobiliaria.com\\\/wp-content\\\/uploads\\\/2026\\\/08\\\/Despacho-en-alquiler-en-Manacor-ref-1403-D-7.jpg&quot;,&quot;alt&quot;:&quot;&quot;},{&quot;id&quot;:93152,&quot;url&quot;:&quot;https:\\\/\\\/novagestioinmobiliaria.com\\\/wp-content\\\/uploads\\\/2026\\\/08\\\/Despacho-en-alquiler-en-Manacor-ref-1403-V-3.jpg&quot;,&quot;alt&quot;:&quot;&quot;},{&quot;id&quot;:93140,&quot;url&quot;:&quot;https:\\\/\\\/novagestioinmobiliaria.com\\\/wp-content\\\/uploads\\\/2026\\\/08\\\/Despacho-en-alquiler-en-Manacor-ref-1403-D-6.jpg&quot;,&quot;alt&quot;:&quot;&quot;},{&quot;id&quot;:93149,&quot;url&quot;:&quot;https:\\\/\\\/novagestioinmobiliaria.com\\\/wp-content\\\/uploads\\\/2026\\\/08\\\/Despacho-en-alquiler-en-Manacor-ref-1403-V-2.jpg&quot;,&quot;alt&quot;:&quot;&quot;},{&quot;id&quot;:93137,&quot;url&quot;:&quot;https:\\\/\\\/novagestioinmobiliaria.com\\\/wp-content\\\/uploads\\\/2026\\\/08\\\/Despacho-en-alquiler-en-Manacor-ref-1403-D-5.jpg&quot;,&quot;alt&quot;:&quot;&quot;},{&quot;id&quot;:93146,&quot;url&quot;:&quot;https:\\\/\\\/novagestioinmobiliaria.com\\\/wp-content\\\/uploads\\\/2026\\\/08\\\/Despacho-en-alquiler-en-Manacor-ref-1403-V-1.jpg&quot;,&quot;alt&quot;:&quot;&quot;}],&quot;attributes&quot;:[{&quot;slug&quot;:&quot;property-type&quot;,&quot;name&quot;:&quot;Immobilientyp&quot;,&quot;has_archive&quot;:true,&quot;elements&quot;:[{&quot;name&quot;:&quot;Gesch\\u00e4ftslokale \\\/ B\\u00fcros&quot;,&quot;link&quot;:&quot;https:\\\/\\\/novagestioinmobiliaria.com\\\/de\\\/immobilientyp\\\/geschaeftslokale-bueros\\\/&quot;,&quot;slug&quot;:&quot;geschaeftslokale-bueros&quot;}],&quot;card&quot;:false,&quot;show&quot;:true,&quot;display_after&quot;:&quot;&quot;,&quot;new_box&quot;:false},{&quot;slug&quot;:&quot;offer-type&quot;,&quot;name&quot;:&quot;Angebotsart &quot;,&quot;has_archive&quot;:true,&quot;elements&quot;:[{&quot;name&quot;:&quot;Zu vermieten&quot;,&quot;link&quot;:&quot;https:\\\/\\\/novagestioinmobiliaria.com\\\/de\\\/offer-type\\\/zu-vermieten\\\/&quot;,&quot;slug&quot;:&quot;zu-vermieten&quot;}],&quot;card&quot;:true,&quot;show&quot;:true,&quot;display_after&quot;:&quot;&quot;,&quot;new_box&quot;:false},{&quot;slug&quot;:&quot;city&quot;,&quot;name&quot;:&quot;Ort&quot;,&quot;has_archive&quot;:true,&quot;elements&quot;:[{&quot;name&quot;:&quot;Manacor&quot;,&quot;link&quot;:&quot;https:\\\/\\\/novagestioinmobiliaria.com\\\/de\\\/city\\\/manacor-de\\\/&quot;,&quot;slug&quot;:&quot;manacor-de&quot;}],&quot;card&quot;:false,&quot;show&quot;:true,&quot;display_after&quot;:&quot;&quot;,&quot;new_box&quot;:false},{&quot;slug&quot;:&quot;price&quot;,&quot;name&quot;:&quot;Preis&quot;,&quot;has_archive&quot;:false,&quot;elements&quot;:[{&quot;name&quot;:&quot;550&quot;,&quot;link&quot;:&quot;&quot;,&quot;slug&quot;:&quot;&quot;}],&quot;show&quot;:false,&quot;card&quot;:false,&quot;display_after&quot;:&quot;\\u20ac&quot;,&quot;new_box&quot;:false},{&quot;slug&quot;:&quot;bedrooms&quot;,&quot;name&quot;:&quot;Schlafzimmer&quot;,&quot;has_archive&quot;:false,&quot;elements&quot;:[{&quot;name&quot;:&quot;2&quot;,&quot;link&quot;:&quot;&quot;,&quot;slug&quot;:&quot;&quot;}],&quot;show&quot;:true,&quot;card&quot;:true,&quot;display_after&quot;:&quot;&quot;,&quot;new_box&quot;:false},{&quot;slug&quot;:&quot;bathrooms&quot;,&quot;name&quot;:&quot;Badezimmer&quot;,&quot;has_archive&quot;:false,&quot;elements&quot;:[{&quot;name&quot;:&quot;1&quot;,&quot;link&quot;:&quot;&quot;,&quot;slug&quot;:&quot;&quot;}],&quot;show&quot;:true,&quot;card&quot;:true,&quot;display_after&quot;:&quot;&quot;,&quot;new_box&quot;:false},{&quot;slug&quot;:&quot;property-size&quot;,&quot;name&quot;:&quot;Qm&quot;,&quot;has_archive&quot;:false,&quot;elements&quot;:[{&quot;name&quot;:&quot;45&quot;,&quot;link&quot;:&quot;&quot;,&quot;slug&quot;:&quot;&quot;}],&quot;show&quot;:true,&quot;card&quot;:true,&quot;display_after&quot;:&quot;qm&quot;,&quot;new_box&quot;:false},{&quot;slug&quot;:&quot;features&quot;,&quot;name&quot;:&quot;Eigenschaften&quot;,&quot;has_archive&quot;:true,&quot;elements&quot;:[{&quot;name&quot;:&quot;1 Bad&quot;,&quot;link&quot;:&quot;https:\\\/\\\/novagestioinmobiliaria.com\\\/de\\\/eigenschaften\\\/1-bad\\\/&quot;,&quot;slug&quot;:&quot;1-bad&quot;},{&quot;name&quot;:&quot;Ruhige Lage&quot;,&quot;link&quot;:&quot;https:\\\/\\\/novagestioinmobiliaria.com\\\/de\\\/eigenschaften\\\/ruhige-lage\\\/&quot;,&quot;slug&quot;:&quot;ruhige-lage&quot;},{&quot;name&quot;:&quot;Zentrale Lage&quot;,&quot;link&quot;:&quot;https:\\\/\\\/novagestioinmobiliaria.com\\\/de\\\/eigenschaften\\\/zentrale-lage\\\/&quot;,&quot;slug&quot;:&quot;zentrale-lage&quot;}],&quot;card&quot;:false,&quot;show&quot;:true,&quot;display_after&quot;:&quot;&quot;,&quot;new_box&quot;:true}],&quot;views&quot;:11,&quot;days_ago&quot;:&quot;4\\u00a0Wochen.&quot;,&quot;image_id&quot;:93137,&quot;image_url&quot;:&quot;https:\\\/\\\/novagestioinmobiliaria.com\\\/wp-content\\\/uploads\\\/2026\\\/08\\\/Despacho-en-alquiler-en-Manacor-ref-1403-D-5.jpg&quot;,&quot;tags&quot;:[{&quot;name&quot;:&quot;Eigenschaften&quot;,&quot;elements&quot;:[{&quot;name&quot;:&quot;1 Bad&quot;,&quot;link&quot;:&quot;https:\\\/\\\/novagestioinmobiliaria.com\\\/de\\\/eigenschaften\\\/1-bad\\\/&quot;},{&quot;name&quot;:&quot;Ruhige Lage&quot;,&quot;link&quot;:&quot;https:\\\/\\\/novagestioinmobiliaria.com\\\/de\\\/eigenschaften\\\/ruhige-lage\\\/&quot;},{&quot;name&quot;:&quot;Zentrale Lage&quot;,&quot;link&quot;:&quot;https:\\\/\\\/novagestioinmobiliaria.com\\\/de\\\/eigenschaften\\\/zentrale-lage\\\/&quot;}],&quot;has_archive&quot;:true}],&quot;status&quot;:&quot;publish&quot;,&quot;plans&quot;:[],&quot;video_plan&quot;:{&quot;src&quot;:&quot;&quot;,&quot;video&quot;:&quot;&quot;},&quot;virtual_tour&quot;:null,&quot;state&quot;:&quot;&quot;,&quot;labels&quot;:[],&quot;image&quot;:&quot;https:\\\/\\\/novagestioinmobiliaria.com\\\/wp-content\\\/uploads\\\/2026\\\/08\\\/Despacho-en-alquiler-en-Manacor-ref-1403-D-5-400x250.jpg&quot;,&quot;image_srcset&quot;:&quot;https:\\\/\\\/novagestioinmobiliaria.com\\\/wp-content\\\/uploads\\\/2026\\\/08\\\/Despacho-en-alquiler-en-Manacor-ref-1403-D-5-200x125.jpg 200w, https:\\\/\\\/novagestioinmobiliaria.com\\\/wp-content\\\/uploads\\\/2026\\\/08\\\/Despacho-en-alquiler-en-Manacor-ref-1403-D-5-600x375.jpg 600w, https:\\\/\\\/novagestioinmobiliaria.com\\\/wp-content\\\/uploads\\\/2026\\\/08\\\/Despacho-en-alquiler-en-Manacor-ref-1403-D-5-400x250.jpg 400w&quot;}'>\r\n\t\t\t\t\t\t\t\t\t\t\t\t\t<\/compare-button>\r\n\t\t\t\t\t\t\t\t\t\t\t\t<\/div>\r\n\t\t\t\t\t\t\t\t\t\t\t\t<div class=\"mh-estate-vertical__buttons__single\">\r\n\t\t\t\t\t\t\t\t\t\t\t\t\t<a href=\"https:\/\/novagestioinmobiliaria.com\/de\/propiedades-properties-immobilien\/bueroflaeche-zur-miete-in-manacor-lo1403ma-ade\/\"\r\n\t\t\t\t\t\t\t\t\t\t\t\t\t   title=\"B\u00fcrofl\u00e4che zur Miete in Manacor : : LO1403MA-ADE\"\r\n\t\t\t\t\t\t\t\t\t\t\t\t\t   class=\"mdl-button mdl-js-button mdl-button--raised mdl-js-ripple-effect mdl-button--primary-ghost\">\r\n\t\t\t\t\t\t\t\t\t\t\t\t\t\tDetails\t\t\t\t\t\t\t\t\t\t\t\t\t\t<span class=\"mdl-button__icon-right\"><i class=\"fa fa-angle-right\"><\/i><\/span>\r\n\t\t\t\t\t\t\t\t\t\t\t\t\t<\/a>\r\n\t\t\t\t\t\t\t\t\t\t\t\t<\/div>\r\n\t\t\t\t\t\t\t\t\t\t\t<\/div>\r\n\t\t\t\t\t\t\t\t\t\t<\/div>\r\n\t\t\t\t\t\t\t\t\t<\/div>\r\n\t\t\t\t\t\t\t\t<\/div>\r\n\t\t\t\t\t\t\t<\/div>\r\n\t\t\t\t\t\t<\/article>\r\n\t\t\t\t\t<\/div>\r\n\t\t\t\t\r\n\t\t\t\t\t<div class=\"item\">\r\n\t\t\t\t\t\t<article class=\"mh-estate-vertical   mh-attribute-property-type__wohnungen-apartments mh-attribute-offer-type__zu-vermieten mh-attribute-city__cala-millor-de mh-attribute-features__2-doppelzimmer mh-attribute-features__einbaukueche mh-attribute-features__haustiere-nicht-erlaubt mh-attribute-features__klimaanlage mh-attribute-features__meerblick mh-attribute-features__moebliert mh-attribute-features__obergeschoss mh-attribute-features__panoramablick mh-attribute-features__strand-in-der-nahe-de mh-attribute-features__terrasse mh-attribute-features__wascherei\">\r\n\t\t\t\t\t\t\t<a href=\"https:\/\/novagestioinmobiliaria.com\/de\/propiedades-properties-immobilien\/brandneue-wohnung-zur-miete-in-cala-millor-pi1917cmll-ade\/\"\r\n\t\t\t\t\t\t\t   title=\"Brandneue Wohnung zur Miete in Cala Millor : : PI1917CMLL-ADE\"\r\n\t\t\t\t\t\t\t   class=\"mh-thumbnail\">\r\n                        <span class=\"mh-thumbnail__inner\">\r\n                                    <img\r\n                    data-srcset=\"https:\/\/novagestioinmobiliaria.com\/wp-content\/uploads\/2026\/07\/Piso-alquilere-en-Cala-Millor-ref-1917-9-200x125.jpg 200w, https:\/\/novagestioinmobiliaria.com\/wp-content\/uploads\/2026\/07\/Piso-alquilere-en-Cala-Millor-ref-1917-9-800x500.jpg 800w, https:\/\/novagestioinmobiliaria.com\/wp-content\/uploads\/2026\/07\/Piso-alquilere-en-Cala-Millor-ref-1917-9-600x375.jpg 600w, https:\/\/novagestioinmobiliaria.com\/wp-content\/uploads\/2026\/07\/Piso-alquilere-en-Cala-Millor-ref-1917-9-400x250.jpg 400w\"\r\n                    class=\"lazyload \" alt=\"Brandneue Wohnung zur Miete in Cala Millor : : PI1917CMLL-ADE\"\r\n                    data-sizes=\"auto\"\r\n            >\r\n\t\t\t                        <\/span>\r\n\r\n\t\t\t\t\t\t\t\t\t\t\t\t\t\t\t\t\t<div class=\"mh-caption\">\r\n\t\t\t\t\t\t\t\t\t\t<div class=\"mh-caption__inner\">\r\n\t\t\t\t\t\t\t\t\t\t\tZu vermieten\t\t\t\t\t\t\t\t\t\t<\/div>\r\n\t\t\t\t\t\t\t\t\t<\/div>\r\n\t\t\t\t\t\t\t\t\t\r\n\t\t\t\t\t\t\t\t<div class=\"mh-estate-vertical__text\">\r\n\t\t\t\t\t\t\t\t\t<div class=\"mh-estate-vertical__text__inner\">\r\n\t\t\t\t\t\t\t\t\t\tWundersch\u00f6ne brandneue Wohnung zur Miete in Cala Millor. Eine gro\u00dfartige Wohnung, komplett m\u00f6bliert, ausgestattet und neu, steht zur Miete. Sie...\t\t\t\t\t\t\t\t\t<\/div>\r\n\t\t\t\t\t\t\t\t<\/div>\r\n\t\t\t\t\t\t\t<\/a>\r\n\r\n\t\t\t\t\t\t\t<div class=\"mh-estate-vertical__content\">\r\n\t\t\t\t\t\t\t\t<h3 class=\"mh-estate-vertical__heading\">\r\n\t\t\t\t\t\t\t\t\t<a href=\"https:\/\/novagestioinmobiliaria.com\/de\/propiedades-properties-immobilien\/brandneue-wohnung-zur-miete-in-cala-millor-pi1917cmll-ade\/\"\r\n\t\t\t\t\t\t\t\t\t   title=\"Brandneue Wohnung zur Miete in Cala Millor : : PI1917CMLL-ADE\">\r\n\t\t\t\t\t\t\t\t\t\tBrandneue Wohnung zur Miete in Cala Millor : : PI1917CMLL-ADE\t\t\t\t\t\t\t\t\t<\/a>\r\n\t\t\t\t\t\t\t\t<\/h3>\r\n\t\t\t\t\t\t\t\t<address class=\"mh-estate-vertical__subheading\">\r\n\t\t\t\t\t\t\t\t\t\t\t\t\t\t\t\t\t<\/address>\r\n\t\t\t\t\t\t\t\t<div class=\"mh-estate-vertical__primary\">\r\n\t\t\t\t\t\t\t\t\t1.500 \u20ac\t\t\t\t\t\t\t\t<\/div>\r\n\r\n\t\t\t\t\t\t\t\t<div>\r\n\t\t\t\t\t\t\t\t\t<div class=\"mh-estate__list\">\r\n\t\t\t\t\t\t\t\t\t\t\r\n\t\t\t\t\t\t\t\t\t\t\t<span class=\"mh-estate-vertical__more-info mh-estate_attribute-offer-type\">\r\n                                        <strong>Angebotsart :<\/strong>\r\n\t\t\t\t\t\t\t\t\t\t\t\t\t\t\t\t\t\t\t\t\t\t\t\t\t\tZu vermieten\t\t\t\t\t\t\t\t\t\t\t\t\t\t                                    <\/span>\r\n\r\n\t\t\t\t\t\t\t\t\t\t\r\n\t\t\t\t\t\t\t\t\t\t\t<span class=\"mh-estate-vertical__more-info mh-estate_attribute-bedrooms\">\r\n                                        <strong>Schlafzimmer:<\/strong>\r\n\t\t\t\t\t\t\t\t\t\t\t\t2                                    <\/span>\r\n\r\n\t\t\t\t\t\t\t\t\t\t\r\n\t\t\t\t\t\t\t\t\t\t\t<span class=\"mh-estate-vertical__more-info mh-estate_attribute-bathrooms\">\r\n                                        <strong>Badezimmer:<\/strong>\r\n\t\t\t\t\t\t\t\t\t\t\t\t1                                    <\/span>\r\n\r\n\t\t\t\t\t\t\t\t\t\t\r\n\t\t\t\t\t\t\t\t\t\t\t<span class=\"mh-estate-vertical__more-info mh-estate_attribute-property-size\">\r\n                                        <strong>Qm:<\/strong>\r\n\t\t\t\t\t\t\t\t\t\t\t\t75 qm                                    <\/span>\r\n\r\n\t\t\t\t\t\t\t\t\t\t\t\t\t\t\t\t\t\t\t<\/div>\r\n\t\t\t\t\t\t\t\t<\/div>\r\n\r\n\t\t\t\t\t\t\t\t<div class=\"mh-estate-vertical__bottom\">\r\n\t\t\t\t\t\t\t\t\t<div class=\"mh-estate-vertical__bottom__inner\">\r\n\t\t\t\t\t\t\t\t\t\t<div class=\"mh-estate-vertical__date\">\r\n\t\t\t\t\t\t\t\t\t\t\t1\u00a0Monat.\t\t\t\t\t\t\t\t\t\t<\/div>\r\n\t\t\t\t\t\t\t\t\t\t<div class=\"mh-estate-vertical__buttons-wrapper\">\r\n\t\t\t\t\t\t\t\t\t\t\t<div class=\"mh-estate-vertical__buttons\">\r\n\t\t\t\t\t\t\t\t\t\t\t\t<div class=\"mh-estate-vertical__buttons__single\">\r\n\t\t\t\t\t\t\t\t\t\t\t\t\t<compare-button class=\"myhome-compare\"\r\n\t\t\t\t\t\t\t\t\t\t\t\t\t\t\t\t\t:translations='{&quot;added&quot;:&quot;Zus\\u00e4tzlich&quot;,&quot;compare&quot;:&quot;Vergleichen&quot;}'\r\n\t\t\t\t\t\t\t\t\t\t\t\t\t\t\t\t\t:estate='{&quot;short_excerpt_limit&quot;:125,&quot;long_excerpt_limit&quot;:160,&quot;id&quot;:92695,&quot;agent_id&quot;:&quot;1&quot;,&quot;title&quot;:&quot;Brandneue Wohnung zur Miete in Cala Millor : : PI1917CMLL-ADE&quot;,&quot;content&quot;:&quot;Wundersch\\u00f6ne brandneue Wohnung zur Miete in Cala Millor. Eine gro\\u00dfartige Wohnung, komplett m\\u00f6bliert, ausgestattet und neu, steht zur Miete. Sie befindet sich in einer zentralen Lage in Cala Millor, nur 5 Gehminuten vom Strand entfernt. Die Wohnung verf\\u00fcgt \\u00fcber 2 Doppelzimmer mit Einbauschr\\u00e4nken, ein komplett ausgestattetes Badezimmer und ein helles Wohn-Esszimmer mit dekorativem elektrischem Kamin. Die K\\u00fcche im amerikanischen Stil, die durch eine praktische Theke zum Wohnzimmer hin offen ist, ist mit Cerankochfeld, K\\u00fchlschrank, Mikrowelle, Backofen und Geschirrsp\\u00fcler ausgestattet. Es gibt 3 Klimaanlagen \\u2013 jeweils eine in jedem Schlafzimmer und eine im Wohnzimmer \\u2013 Doppelverglaste Fenster und eine Sicherheitst\\u00fcr. Einer der Hauptanziehungspunkte ist die gro\\u00dfe Terrasse von etwa 80 m\\u00b2, ideal zum Genie\\u00dfen der frischen Luft und der teilweisen Meerblick. Die Wohnung liegt im vierten Stock ohne Aufzug und hat keine Nachbarn im oberen Stockwerk, was f\\u00fcr mehr Privatsph\\u00e4re und Ruhe sorgt. Die Wohnung befindet sich in einer sehr g\\u00fcnstigen Lage, in der N\\u00e4he von Superm\\u00e4rkten, Eisenwarenhandlungen, Restaurants und allen Arten von Dienstleistungen. Beziehen Sie eine neue Wohnung in Cala Millor und genie\\u00dfen Sie die Lage, Ger\\u00e4umigkeit und Komfort.\\r\\nMIETBEDINGUNGEN\\r\\n\\u2013 Langzeitmiete.\\r\\n\\u2013 Wirtschaftliche Solvenz wird durch Arbeitsvertrag und nachweisbares Einkommen verlangt.\\r\\n\\u2013 Strom-, Wasser-, M\\u00fcllgeb\\u00fchren und Internetkosten sind nicht in der Miete enthalten.\\r\\n\\u2013 Es werden 2 Monatsmieten Kaution verlangt.\\r\\n\\u2013 Haustiere sind nicht erlaubt.\\r\\n\\u2013 Weitere Kosten: R\\u00fccksprache mit der Agentur.\\r\\nNova Gesti\\u00f3, Ihre Immobilienagentur in Cala Millor.&quot;,&quot;excerpt&quot;:&quot;Wundersch\\u00f6ne brandneue Wohnung zur Miete in Cala Millor. Eine gro\\u00dfartige Wohnung, komplett m\\u00f6bliert, ausgestattet und neu, steht zur Miete. Sie befindet sich in einer zentralen Lage in Cala Millor, nur 5 Gehminuten vom Strand entfernt. Die Wohnung verf\\u00fcgt \\u00fcber 2 Doppelzimmer mit Einbauschr\\u00e4nken, ein komplett ausgestattetes Badezimmer und ein helles Wohn-Esszimmer mit dekorativem elektrischem Kamin. [\\u2026]&quot;,&quot;short_excerpt&quot;:&quot;Wundersch\\u00f6ne brandneue Wohnung zur Miete in Cala Millor. Eine gro\\u00dfartige Wohnung, komplett m\\u00f6bliert, ausgestattet und neu,...&quot;,&quot;long_excerpt&quot;:&quot;Wundersch\\u00f6ne brandneue Wohnung zur Miete in Cala Millor. Eine gro\\u00dfartige Wohnung, komplett m\\u00f6bliert, ausgestattet und neu, steht zur Miete. Sie befindet sich...&quot;,&quot;link&quot;:&quot;https:\\\/\\\/novagestioinmobiliaria.com\\\/de\\\/propiedades-properties-immobilien\\\/brandneue-wohnung-zur-miete-in-cala-millor-pi1917cmll-ade\\\/&quot;,&quot;offer_type&quot;:&quot;Zu vermieten&quot;,&quot;price&quot;:&quot;1.500 \\u20ac&quot;,&quot;location&quot;:false,&quot;is_featured&quot;:true,&quot;gallery&quot;:[{&quot;id&quot;:92681,&quot;url&quot;:&quot;https:\\\/\\\/novagestioinmobiliaria.com\\\/wp-content\\\/uploads\\\/2026\\\/07\\\/Piso-alquilere-en-Cala-Millor-ref-1917-9.jpg&quot;,&quot;alt&quot;:&quot;&quot;},{&quot;id&quot;:92669,&quot;url&quot;:&quot;https:\\\/\\\/novagestioinmobiliaria.com\\\/wp-content\\\/uploads\\\/2026\\\/07\\\/Piso-alquilere-en-Cala-Millor-ref-1917-5.jpg&quot;,&quot;alt&quot;:&quot;&quot;},{&quot;id&quot;:92690,&quot;url&quot;:&quot;https:\\\/\\\/novagestioinmobiliaria.com\\\/wp-content\\\/uploads\\\/2026\\\/07\\\/Piso-alquilere-en-Cala-Millor-ref-1917-12.jpg&quot;,&quot;alt&quot;:&quot;&quot;},{&quot;id&quot;:92693,&quot;url&quot;:&quot;https:\\\/\\\/novagestioinmobiliaria.com\\\/wp-content\\\/uploads\\\/2026\\\/07\\\/Piso-alquilere-en-Cala-Millor-ref-1917-13.jpg&quot;,&quot;alt&quot;:&quot;&quot;},{&quot;id&quot;:92687,&quot;url&quot;:&quot;https:\\\/\\\/novagestioinmobiliaria.com\\\/wp-content\\\/uploads\\\/2026\\\/07\\\/Piso-alquilere-en-Cala-Millor-ref-1917-11.jpg&quot;,&quot;alt&quot;:&quot;&quot;},{&quot;id&quot;:92648,&quot;url&quot;:&quot;https:\\\/\\\/novagestioinmobiliaria.com\\\/wp-content\\\/uploads\\\/2026\\\/07\\\/Piso-alquilere-en-Cala-Millor-ref-1917-14.jpg&quot;,&quot;alt&quot;:&quot;&quot;},{&quot;id&quot;:92684,&quot;url&quot;:&quot;https:\\\/\\\/novagestioinmobiliaria.com\\\/wp-content\\\/uploads\\\/2026\\\/07\\\/Piso-alquilere-en-Cala-Millor-ref-1917-10.jpg&quot;,&quot;alt&quot;:&quot;&quot;},{&quot;id&quot;:92678,&quot;url&quot;:&quot;https:\\\/\\\/novagestioinmobiliaria.com\\\/wp-content\\\/uploads\\\/2026\\\/07\\\/Piso-alquilere-en-Cala-Millor-ref-1917-8.jpg&quot;,&quot;alt&quot;:&quot;&quot;},{&quot;id&quot;:92675,&quot;url&quot;:&quot;https:\\\/\\\/novagestioinmobiliaria.com\\\/wp-content\\\/uploads\\\/2026\\\/07\\\/Piso-alquilere-en-Cala-Millor-ref-1917-7.jpg&quot;,&quot;alt&quot;:&quot;&quot;},{&quot;id&quot;:92660,&quot;url&quot;:&quot;https:\\\/\\\/novagestioinmobiliaria.com\\\/wp-content\\\/uploads\\\/2026\\\/07\\\/Piso-alquilere-en-Cala-Millor-ref-1917-2.jpg&quot;,&quot;alt&quot;:&quot;&quot;},{&quot;id&quot;:92672,&quot;url&quot;:&quot;https:\\\/\\\/novagestioinmobiliaria.com\\\/wp-content\\\/uploads\\\/2026\\\/07\\\/Piso-alquilere-en-Cala-Millor-ref-1917-6.jpg&quot;,&quot;alt&quot;:&quot;&quot;},{&quot;id&quot;:92666,&quot;url&quot;:&quot;https:\\\/\\\/novagestioinmobiliaria.com\\\/wp-content\\\/uploads\\\/2026\\\/07\\\/Piso-alquilere-en-Cala-Millor-ref-1917-4.jpg&quot;,&quot;alt&quot;:&quot;&quot;},{&quot;id&quot;:92663,&quot;url&quot;:&quot;https:\\\/\\\/novagestioinmobiliaria.com\\\/wp-content\\\/uploads\\\/2026\\\/07\\\/Piso-alquilere-en-Cala-Millor-ref-1917-3.jpg&quot;,&quot;alt&quot;:&quot;&quot;},{&quot;id&quot;:92657,&quot;url&quot;:&quot;https:\\\/\\\/novagestioinmobiliaria.com\\\/wp-content\\\/uploads\\\/2026\\\/07\\\/Piso-alquilere-en-Cala-Millor-ref-1917-17.jpg&quot;,&quot;alt&quot;:&quot;&quot;},{&quot;id&quot;:92654,&quot;url&quot;:&quot;https:\\\/\\\/novagestioinmobiliaria.com\\\/wp-content\\\/uploads\\\/2026\\\/07\\\/Piso-alquilere-en-Cala-Millor-ref-1917-16.jpg&quot;,&quot;alt&quot;:&quot;&quot;},{&quot;id&quot;:92651,&quot;url&quot;:&quot;https:\\\/\\\/novagestioinmobiliaria.com\\\/wp-content\\\/uploads\\\/2026\\\/07\\\/Piso-alquilere-en-Cala-Millor-ref-1917-15.jpg&quot;,&quot;alt&quot;:&quot;&quot;}],&quot;attributes&quot;:[{&quot;slug&quot;:&quot;property-type&quot;,&quot;name&quot;:&quot;Immobilientyp&quot;,&quot;has_archive&quot;:true,&quot;elements&quot;:[{&quot;name&quot;:&quot;Wohnungen \\\/ Apartments&quot;,&quot;link&quot;:&quot;https:\\\/\\\/novagestioinmobiliaria.com\\\/de\\\/immobilientyp\\\/wohnungen-apartments\\\/&quot;,&quot;slug&quot;:&quot;wohnungen-apartments&quot;}],&quot;card&quot;:false,&quot;show&quot;:true,&quot;display_after&quot;:&quot;&quot;,&quot;new_box&quot;:false},{&quot;slug&quot;:&quot;offer-type&quot;,&quot;name&quot;:&quot;Angebotsart &quot;,&quot;has_archive&quot;:true,&quot;elements&quot;:[{&quot;name&quot;:&quot;Zu vermieten&quot;,&quot;link&quot;:&quot;https:\\\/\\\/novagestioinmobiliaria.com\\\/de\\\/offer-type\\\/zu-vermieten\\\/&quot;,&quot;slug&quot;:&quot;zu-vermieten&quot;}],&quot;card&quot;:true,&quot;show&quot;:true,&quot;display_after&quot;:&quot;&quot;,&quot;new_box&quot;:false},{&quot;slug&quot;:&quot;city&quot;,&quot;name&quot;:&quot;Ort&quot;,&quot;has_archive&quot;:true,&quot;elements&quot;:[{&quot;name&quot;:&quot;Cala Millor&quot;,&quot;link&quot;:&quot;https:\\\/\\\/novagestioinmobiliaria.com\\\/de\\\/city\\\/cala-millor-de\\\/&quot;,&quot;slug&quot;:&quot;cala-millor-de&quot;}],&quot;card&quot;:false,&quot;show&quot;:true,&quot;display_after&quot;:&quot;&quot;,&quot;new_box&quot;:false},{&quot;slug&quot;:&quot;price&quot;,&quot;name&quot;:&quot;Preis&quot;,&quot;has_archive&quot;:false,&quot;elements&quot;:[{&quot;name&quot;:&quot;1500&quot;,&quot;link&quot;:&quot;&quot;,&quot;slug&quot;:&quot;&quot;}],&quot;show&quot;:false,&quot;card&quot;:false,&quot;display_after&quot;:&quot;\\u20ac&quot;,&quot;new_box&quot;:false},{&quot;slug&quot;:&quot;bedrooms&quot;,&quot;name&quot;:&quot;Schlafzimmer&quot;,&quot;has_archive&quot;:false,&quot;elements&quot;:[{&quot;name&quot;:&quot;2&quot;,&quot;link&quot;:&quot;&quot;,&quot;slug&quot;:&quot;&quot;}],&quot;show&quot;:true,&quot;card&quot;:true,&quot;display_after&quot;:&quot;&quot;,&quot;new_box&quot;:false},{&quot;slug&quot;:&quot;bathrooms&quot;,&quot;name&quot;:&quot;Badezimmer&quot;,&quot;has_archive&quot;:false,&quot;elements&quot;:[{&quot;name&quot;:&quot;1&quot;,&quot;link&quot;:&quot;&quot;,&quot;slug&quot;:&quot;&quot;}],&quot;show&quot;:true,&quot;card&quot;:true,&quot;display_after&quot;:&quot;&quot;,&quot;new_box&quot;:false},{&quot;slug&quot;:&quot;property-size&quot;,&quot;name&quot;:&quot;Qm&quot;,&quot;has_archive&quot;:false,&quot;elements&quot;:[{&quot;name&quot;:&quot;75&quot;,&quot;link&quot;:&quot;&quot;,&quot;slug&quot;:&quot;&quot;}],&quot;show&quot;:true,&quot;card&quot;:true,&quot;display_after&quot;:&quot;qm&quot;,&quot;new_box&quot;:false},{&quot;slug&quot;:&quot;features&quot;,&quot;name&quot;:&quot;Eigenschaften&quot;,&quot;has_archive&quot;:true,&quot;elements&quot;:[{&quot;name&quot;:&quot;2 Doppelzimmer&quot;,&quot;link&quot;:&quot;https:\\\/\\\/novagestioinmobiliaria.com\\\/de\\\/eigenschaften\\\/2-doppelzimmer\\\/&quot;,&quot;slug&quot;:&quot;2-doppelzimmer&quot;},{&quot;name&quot;:&quot;Einbauk\\u00fcche&quot;,&quot;link&quot;:&quot;https:\\\/\\\/novagestioinmobiliaria.com\\\/de\\\/eigenschaften\\\/einbaukueche\\\/&quot;,&quot;slug&quot;:&quot;einbaukueche&quot;},{&quot;name&quot;:&quot;Haustiere NICHT erlaubt&quot;,&quot;link&quot;:&quot;https:\\\/\\\/novagestioinmobiliaria.com\\\/de\\\/eigenschaften\\\/haustiere-nicht-erlaubt\\\/&quot;,&quot;slug&quot;:&quot;haustiere-nicht-erlaubt&quot;},{&quot;name&quot;:&quot;Klimaanlage&quot;,&quot;link&quot;:&quot;https:\\\/\\\/novagestioinmobiliaria.com\\\/de\\\/eigenschaften\\\/klimaanlage\\\/&quot;,&quot;slug&quot;:&quot;klimaanlage&quot;},{&quot;name&quot;:&quot;Meerblick&quot;,&quot;link&quot;:&quot;https:\\\/\\\/novagestioinmobiliaria.com\\\/de\\\/eigenschaften\\\/meerblick\\\/&quot;,&quot;slug&quot;:&quot;meerblick&quot;},{&quot;name&quot;:&quot;M\\u00f6bliert&quot;,&quot;link&quot;:&quot;https:\\\/\\\/novagestioinmobiliaria.com\\\/de\\\/eigenschaften\\\/moebliert\\\/&quot;,&quot;slug&quot;:&quot;moebliert&quot;},{&quot;name&quot;:&quot;Obergeschoss&quot;,&quot;link&quot;:&quot;https:\\\/\\\/novagestioinmobiliaria.com\\\/de\\\/eigenschaften\\\/obergeschoss\\\/&quot;,&quot;slug&quot;:&quot;obergeschoss&quot;},{&quot;name&quot;:&quot;Panoramablick&quot;,&quot;link&quot;:&quot;https:\\\/\\\/novagestioinmobiliaria.com\\\/de\\\/eigenschaften\\\/panoramablick\\\/&quot;,&quot;slug&quot;:&quot;panoramablick&quot;},{&quot;name&quot;:&quot;Strand in der N\\u00e4he&quot;,&quot;link&quot;:&quot;https:\\\/\\\/novagestioinmobiliaria.com\\\/de\\\/eigenschaften\\\/strand-in-der-nahe-de\\\/&quot;,&quot;slug&quot;:&quot;strand-in-der-nahe-de&quot;},{&quot;name&quot;:&quot;Terrasse&quot;,&quot;link&quot;:&quot;https:\\\/\\\/novagestioinmobiliaria.com\\\/de\\\/eigenschaften\\\/terrasse\\\/&quot;,&quot;slug&quot;:&quot;terrasse&quot;},{&quot;name&quot;:&quot;W\\u00e4scherei&quot;,&quot;link&quot;:&quot;https:\\\/\\\/novagestioinmobiliaria.com\\\/de\\\/eigenschaften\\\/wascherei\\\/&quot;,&quot;slug&quot;:&quot;wascherei&quot;}],&quot;card&quot;:false,&quot;show&quot;:true,&quot;display_after&quot;:&quot;&quot;,&quot;new_box&quot;:true}],&quot;views&quot;:14,&quot;days_ago&quot;:&quot;1\\u00a0Monat.&quot;,&quot;image_id&quot;:92681,&quot;image_url&quot;:&quot;https:\\\/\\\/novagestioinmobiliaria.com\\\/wp-content\\\/uploads\\\/2026\\\/07\\\/Piso-alquilere-en-Cala-Millor-ref-1917-9.jpg&quot;,&quot;tags&quot;:[{&quot;name&quot;:&quot;Eigenschaften&quot;,&quot;elements&quot;:[{&quot;name&quot;:&quot;2 Doppelzimmer&quot;,&quot;link&quot;:&quot;https:\\\/\\\/novagestioinmobiliaria.com\\\/de\\\/eigenschaften\\\/2-doppelzimmer\\\/&quot;},{&quot;name&quot;:&quot;Einbauk\\u00fcche&quot;,&quot;link&quot;:&quot;https:\\\/\\\/novagestioinmobiliaria.com\\\/de\\\/eigenschaften\\\/einbaukueche\\\/&quot;},{&quot;name&quot;:&quot;Haustiere NICHT erlaubt&quot;,&quot;link&quot;:&quot;https:\\\/\\\/novagestioinmobiliaria.com\\\/de\\\/eigenschaften\\\/haustiere-nicht-erlaubt\\\/&quot;},{&quot;name&quot;:&quot;Klimaanlage&quot;,&quot;link&quot;:&quot;https:\\\/\\\/novagestioinmobiliaria.com\\\/de\\\/eigenschaften\\\/klimaanlage\\\/&quot;},{&quot;name&quot;:&quot;Meerblick&quot;,&quot;link&quot;:&quot;https:\\\/\\\/novagestioinmobiliaria.com\\\/de\\\/eigenschaften\\\/meerblick\\\/&quot;},{&quot;name&quot;:&quot;M\\u00f6bliert&quot;,&quot;link&quot;:&quot;https:\\\/\\\/novagestioinmobiliaria.com\\\/de\\\/eigenschaften\\\/moebliert\\\/&quot;},{&quot;name&quot;:&quot;Obergeschoss&quot;,&quot;link&quot;:&quot;https:\\\/\\\/novagestioinmobiliaria.com\\\/de\\\/eigenschaften\\\/obergeschoss\\\/&quot;},{&quot;name&quot;:&quot;Panoramablick&quot;,&quot;link&quot;:&quot;https:\\\/\\\/novagestioinmobiliaria.com\\\/de\\\/eigenschaften\\\/panoramablick\\\/&quot;},{&quot;name&quot;:&quot;Strand in der N\\u00e4he&quot;,&quot;link&quot;:&quot;https:\\\/\\\/novagestioinmobiliaria.com\\\/de\\\/eigenschaften\\\/strand-in-der-nahe-de\\\/&quot;},{&quot;name&quot;:&quot;Terrasse&quot;,&quot;link&quot;:&quot;https:\\\/\\\/novagestioinmobiliaria.com\\\/de\\\/eigenschaften\\\/terrasse\\\/&quot;},{&quot;name&quot;:&quot;W\\u00e4scherei&quot;,&quot;link&quot;:&quot;https:\\\/\\\/novagestioinmobiliaria.com\\\/de\\\/eigenschaften\\\/wascherei\\\/&quot;}],&quot;has_archive&quot;:true}],&quot;status&quot;:&quot;publish&quot;,&quot;plans&quot;:[],&quot;video_plan&quot;:{&quot;src&quot;:&quot;https:\\\/\\\/youtu.be\\\/CY7wKlZ4NNU&quot;,&quot;video&quot;:&quot;&quot;},&quot;virtual_tour&quot;:null,&quot;state&quot;:&quot;&quot;,&quot;labels&quot;:[],&quot;image&quot;:&quot;https:\\\/\\\/novagestioinmobiliaria.com\\\/wp-content\\\/uploads\\\/2026\\\/07\\\/Piso-alquilere-en-Cala-Millor-ref-1917-9-400x250.jpg&quot;,&quot;image_srcset&quot;:&quot;https:\\\/\\\/novagestioinmobiliaria.com\\\/wp-content\\\/uploads\\\/2026\\\/07\\\/Piso-alquilere-en-Cala-Millor-ref-1917-9-200x125.jpg 200w, https:\\\/\\\/novagestioinmobiliaria.com\\\/wp-content\\\/uploads\\\/2026\\\/07\\\/Piso-alquilere-en-Cala-Millor-ref-1917-9-800x500.jpg 800w, https:\\\/\\\/novagestioinmobiliaria.com\\\/wp-content\\\/uploads\\\/2026\\\/07\\\/Piso-alquilere-en-Cala-Millor-ref-1917-9-600x375.jpg 600w, https:\\\/\\\/novagestioinmobiliaria.com\\\/wp-content\\\/uploads\\\/2026\\\/07\\\/Piso-alquilere-en-Cala-Millor-ref-1917-9-400x250.jpg 400w&quot;}'>\r\n\t\t\t\t\t\t\t\t\t\t\t\t\t<\/compare-button>\r\n\t\t\t\t\t\t\t\t\t\t\t\t<\/div>\r\n\t\t\t\t\t\t\t\t\t\t\t\t<div class=\"mh-estate-vertical__buttons__single\">\r\n\t\t\t\t\t\t\t\t\t\t\t\t\t<a href=\"https:\/\/novagestioinmobiliaria.com\/de\/propiedades-properties-immobilien\/brandneue-wohnung-zur-miete-in-cala-millor-pi1917cmll-ade\/\"\r\n\t\t\t\t\t\t\t\t\t\t\t\t\t   title=\"Brandneue Wohnung zur Miete in Cala Millor : : PI1917CMLL-ADE\"\r\n\t\t\t\t\t\t\t\t\t\t\t\t\t   class=\"mdl-button mdl-js-button mdl-button--raised mdl-js-ripple-effect mdl-button--primary-ghost\">\r\n\t\t\t\t\t\t\t\t\t\t\t\t\t\tDetails\t\t\t\t\t\t\t\t\t\t\t\t\t\t<span class=\"mdl-button__icon-right\"><i class=\"fa fa-angle-right\"><\/i><\/span>\r\n\t\t\t\t\t\t\t\t\t\t\t\t\t<\/a>\r\n\t\t\t\t\t\t\t\t\t\t\t\t<\/div>\r\n\t\t\t\t\t\t\t\t\t\t\t<\/div>\r\n\t\t\t\t\t\t\t\t\t\t<\/div>\r\n\t\t\t\t\t\t\t\t\t<\/div>\r\n\t\t\t\t\t\t\t\t<\/div>\r\n\t\t\t\t\t\t\t<\/div>\r\n\t\t\t\t\t\t<\/article>\r\n\t\t\t\t\t<\/div>\r\n\t\t\t\t\r\n\t\t\t\t\t<div class=\"item\">\r\n\t\t\t\t\t\t<article class=\"mh-estate-vertical   mh-attribute-property-type__stadthaeuser-ebenerdige-wohnungen mh-attribute-offer-type__zu-vermieten mh-attribute-city__porto-cristo-de mh-attribute-features__3-schlafzimmer mh-attribute-features__einbaukueche mh-attribute-features__haustiere-nicht-erlaubt mh-attribute-features__moebliert mh-attribute-features__obergeschoss mh-attribute-features__ruhige-lage mh-attribute-features__schulnah mh-attribute-features__terrasse\">\r\n\t\t\t\t\t\t\t<a href=\"https:\/\/novagestioinmobiliaria.com\/de\/propiedades-properties-immobilien\/haus-zwischenmiete-in-porto-cristo-ca1916pc-ade\/\"\r\n\t\t\t\t\t\t\t   title=\"Haus zwischenmiete in Porto Cristo : : CA1916PC-ADE\"\r\n\t\t\t\t\t\t\t   class=\"mh-thumbnail\">\r\n                        <span class=\"mh-thumbnail__inner\">\r\n                                    <img\r\n                    data-srcset=\"https:\/\/novagestioinmobiliaria.com\/wp-content\/uploads\/2026\/07\/Casa-en-alquiler-en-Porto-Cristo-ref-1916-2-200x125.jpg 200w, https:\/\/novagestioinmobiliaria.com\/wp-content\/uploads\/2026\/07\/Casa-en-alquiler-en-Porto-Cristo-ref-1916-2-800x500.jpg 800w, https:\/\/novagestioinmobiliaria.com\/wp-content\/uploads\/2026\/07\/Casa-en-alquiler-en-Porto-Cristo-ref-1916-2-600x375.jpg 600w, https:\/\/novagestioinmobiliaria.com\/wp-content\/uploads\/2026\/07\/Casa-en-alquiler-en-Porto-Cristo-ref-1916-2-400x250.jpg 400w\"\r\n                    class=\"lazyload \" alt=\"Haus zwischenmiete in Porto Cristo : : CA1916PC-ADE\"\r\n                    data-sizes=\"auto\"\r\n            >\r\n\t\t\t                        <\/span>\r\n\r\n\t\t\t\t\t\t\t\t\t\t\t\t\t\t\t\t\t<div class=\"mh-caption\">\r\n\t\t\t\t\t\t\t\t\t\t<div class=\"mh-caption__inner\">\r\n\t\t\t\t\t\t\t\t\t\t\tZu vermieten\t\t\t\t\t\t\t\t\t\t<\/div>\r\n\t\t\t\t\t\t\t\t\t<\/div>\r\n\t\t\t\t\t\t\t\t\t\r\n\t\t\t\t\t\t\t\t<div class=\"mh-estate-vertical__text\">\r\n\t\t\t\t\t\t\t\t\t<div class=\"mh-estate-vertical__text__inner\">\r\n\t\t\t\t\t\t\t\t\t\tBITTE LESEN SIE DIE ANZEIGE SORGF\u00c4LTIG Typisches mallorquinisches K\u00fcstenhaus zur Miete in Porto Cristo. Es wird nur von September bis...\t\t\t\t\t\t\t\t\t<\/div>\r\n\t\t\t\t\t\t\t\t<\/div>\r\n\t\t\t\t\t\t\t<\/a>\r\n\r\n\t\t\t\t\t\t\t<div class=\"mh-estate-vertical__content\">\r\n\t\t\t\t\t\t\t\t<h3 class=\"mh-estate-vertical__heading\">\r\n\t\t\t\t\t\t\t\t\t<a href=\"https:\/\/novagestioinmobiliaria.com\/de\/propiedades-properties-immobilien\/haus-zwischenmiete-in-porto-cristo-ca1916pc-ade\/\"\r\n\t\t\t\t\t\t\t\t\t   title=\"Haus zwischenmiete in Porto Cristo : : CA1916PC-ADE\">\r\n\t\t\t\t\t\t\t\t\t\tHaus zwischenmiete in Porto Cristo : : CA1916PC-ADE\t\t\t\t\t\t\t\t\t<\/a>\r\n\t\t\t\t\t\t\t\t<\/h3>\r\n\t\t\t\t\t\t\t\t<address class=\"mh-estate-vertical__subheading\">\r\n\t\t\t\t\t\t\t\t\t\t\t\t\t\t\t\t\t<\/address>\r\n\t\t\t\t\t\t\t\t<div class=\"mh-estate-vertical__primary\">\r\n\t\t\t\t\t\t\t\t\t1.100 \u20ac\t\t\t\t\t\t\t\t<\/div>\r\n\r\n\t\t\t\t\t\t\t\t<div>\r\n\t\t\t\t\t\t\t\t\t<div class=\"mh-estate__list\">\r\n\t\t\t\t\t\t\t\t\t\t\r\n\t\t\t\t\t\t\t\t\t\t\t<span class=\"mh-estate-vertical__more-info mh-estate_attribute-offer-type\">\r\n                                        <strong>Angebotsart :<\/strong>\r\n\t\t\t\t\t\t\t\t\t\t\t\t\t\t\t\t\t\t\t\t\t\t\t\t\t\tZu vermieten\t\t\t\t\t\t\t\t\t\t\t\t\t\t                                    <\/span>\r\n\r\n\t\t\t\t\t\t\t\t\t\t\r\n\t\t\t\t\t\t\t\t\t\t\t<span class=\"mh-estate-vertical__more-info mh-estate_attribute-bedrooms\">\r\n                                        <strong>Schlafzimmer:<\/strong>\r\n\t\t\t\t\t\t\t\t\t\t\t\t3                                    <\/span>\r\n\r\n\t\t\t\t\t\t\t\t\t\t\r\n\t\t\t\t\t\t\t\t\t\t\t<span class=\"mh-estate-vertical__more-info mh-estate_attribute-bathrooms\">\r\n                                        <strong>Badezimmer:<\/strong>\r\n\t\t\t\t\t\t\t\t\t\t\t\t1                                    <\/span>\r\n\r\n\t\t\t\t\t\t\t\t\t\t\r\n\t\t\t\t\t\t\t\t\t\t\t<span class=\"mh-estate-vertical__more-info mh-estate_attribute-property-size\">\r\n                                        <strong>Qm:<\/strong>\r\n\t\t\t\t\t\t\t\t\t\t\t\t100 qm                                    <\/span>\r\n\r\n\t\t\t\t\t\t\t\t\t\t\t\t\t\t\t\t\t\t\t<\/div>\r\n\t\t\t\t\t\t\t\t<\/div>\r\n\r\n\t\t\t\t\t\t\t\t<div class=\"mh-estate-vertical__bottom\">\r\n\t\t\t\t\t\t\t\t\t<div class=\"mh-estate-vertical__bottom__inner\">\r\n\t\t\t\t\t\t\t\t\t\t<div class=\"mh-estate-vertical__date\">\r\n\t\t\t\t\t\t\t\t\t\t\t1\u00a0Monat.\t\t\t\t\t\t\t\t\t\t<\/div>\r\n\t\t\t\t\t\t\t\t\t\t<div class=\"mh-estate-vertical__buttons-wrapper\">\r\n\t\t\t\t\t\t\t\t\t\t\t<div class=\"mh-estate-vertical__buttons\">\r\n\t\t\t\t\t\t\t\t\t\t\t\t<div class=\"mh-estate-vertical__buttons__single\">\r\n\t\t\t\t\t\t\t\t\t\t\t\t\t<compare-button class=\"myhome-compare\"\r\n\t\t\t\t\t\t\t\t\t\t\t\t\t\t\t\t\t:translations='{&quot;added&quot;:&quot;Zus\\u00e4tzlich&quot;,&quot;compare&quot;:&quot;Vergleichen&quot;}'\r\n\t\t\t\t\t\t\t\t\t\t\t\t\t\t\t\t\t:estate='{&quot;short_excerpt_limit&quot;:125,&quot;long_excerpt_limit&quot;:160,&quot;id&quot;:92644,&quot;agent_id&quot;:&quot;1&quot;,&quot;title&quot;:&quot;Haus zwischenmiete in Porto Cristo : : CA1916PC-ADE&quot;,&quot;content&quot;:&quot;BITTE LESEN SIE DIE ANZEIGE SORGF\\u00c4LTIG\\r\\n\\r\\nTypisches mallorquinisches K\\u00fcstenhaus zur Miete in Porto Cristo. Es wird nur von September bis zum 30. Juni vermietet. Das Haus ist auf einer einzigen Etage verteilt und verf\\u00fcgt \\u00fcber 3 Schlafzimmer: 2 Doppelzimmer und 1 Einzelzimmer, Wohnzimmer, K\\u00fcche mit Essbereich, Badezimmer und einen kleinen Innenhof. Vor dem Haus gibt es auch eine gr\\u00f6\\u00dfere Terrasse, auf der Sie Gartenm\\u00f6bel aufstellen und das mallorquinische Klima genie\\u00dfen k\\u00f6nnen.\\r\\n\\r\\nMIETBEDINGUNGEN:\\r\\n\\u2013 SAISONMIETE vom 1. September bis 30. Juni 2027\\r\\n\\u2013 Die wirtschaftliche Leistungsf\\u00e4higkeit muss durch einen unbefristeten Arbeitsvertrag und nachweisbare Einkommen belegt werden.\\r\\n\\u2013 Kosten f\\u00fcr Wasser, Strom, Internet und M\\u00fcll sind NICHT INBEGRIFFEN\\r\\n\\u2013 1 Monat Kaution\\r\\n\\u2013 Haustiere sind NICHT erlaubt.\\r\\n\\u2013 1 Monat Maklergeb\\u00fchren\\r\\n\\r\\nNova Gesti\\u00f3, Immobilienagentur in Porto Cristo&quot;,&quot;excerpt&quot;:&quot;BITTE LESEN SIE DIE ANZEIGE SORGF\\u00c4LTIG Typisches mallorquinisches K\\u00fcstenhaus zur Miete in Porto Cristo. Es wird nur von September bis zum 30. Juni vermietet. Das Haus ist auf einer einzigen Etage verteilt und verf\\u00fcgt \\u00fcber 3 Schlafzimmer: 2 Doppelzimmer und 1 Einzelzimmer, Wohnzimmer, K\\u00fcche mit Essbereich, Badezimmer und einen kleinen Innenhof. Vor dem Haus gibt [\\u2026]&quot;,&quot;short_excerpt&quot;:&quot;BITTE LESEN SIE DIE ANZEIGE SORGF\\u00c4LTIG\\r\\n\\r\\nTypisches mallorquinisches K\\u00fcstenhaus zur Miete in Porto Cristo. Es wird nur von...&quot;,&quot;long_excerpt&quot;:&quot;BITTE LESEN SIE DIE ANZEIGE SORGF\\u00c4LTIG\\r\\n\\r\\nTypisches mallorquinisches K\\u00fcstenhaus zur Miete in Porto Cristo. Es wird nur von September bis zum 30. Juni vermiet...&quot;,&quot;link&quot;:&quot;https:\\\/\\\/novagestioinmobiliaria.com\\\/de\\\/propiedades-properties-immobilien\\\/haus-zwischenmiete-in-porto-cristo-ca1916pc-ade\\\/&quot;,&quot;offer_type&quot;:&quot;Zu vermieten&quot;,&quot;price&quot;:&quot;1.100 \\u20ac&quot;,&quot;location&quot;:false,&quot;is_featured&quot;:true,&quot;gallery&quot;:[{&quot;id&quot;:92618,&quot;url&quot;:&quot;https:\\\/\\\/novagestioinmobiliaria.com\\\/wp-content\\\/uploads\\\/2026\\\/07\\\/Casa-en-alquiler-en-Porto-Cristo-ref-1916-2.jpg&quot;,&quot;alt&quot;:&quot;&quot;},{&quot;id&quot;:92642,&quot;url&quot;:&quot;https:\\\/\\\/novagestioinmobiliaria.com\\\/wp-content\\\/uploads\\\/2026\\\/07\\\/Casa-en-alquiler-en-Porto-Cristo-ref-1916-11.jpg&quot;,&quot;alt&quot;:&quot;&quot;},{&quot;id&quot;:92639,&quot;url&quot;:&quot;https:\\\/\\\/novagestioinmobiliaria.com\\\/wp-content\\\/uploads\\\/2026\\\/07\\\/Casa-en-alquiler-en-Porto-Cristo-ref-1916-10.jpg&quot;,&quot;alt&quot;:&quot;&quot;},{&quot;id&quot;:92636,&quot;url&quot;:&quot;https:\\\/\\\/novagestioinmobiliaria.com\\\/wp-content\\\/uploads\\\/2026\\\/07\\\/Casa-en-alquiler-en-Porto-Cristo-ref-1916-9.jpg&quot;,&quot;alt&quot;:&quot;&quot;},{&quot;id&quot;:92633,&quot;url&quot;:&quot;https:\\\/\\\/novagestioinmobiliaria.com\\\/wp-content\\\/uploads\\\/2026\\\/07\\\/Casa-en-alquiler-en-Porto-Cristo-ref-1916-8.jpg&quot;,&quot;alt&quot;:&quot;&quot;},{&quot;id&quot;:92630,&quot;url&quot;:&quot;https:\\\/\\\/novagestioinmobiliaria.com\\\/wp-content\\\/uploads\\\/2026\\\/07\\\/Casa-en-alquiler-en-Porto-Cristo-ref-1916-7.jpg&quot;,&quot;alt&quot;:&quot;&quot;},{&quot;id&quot;:92627,&quot;url&quot;:&quot;https:\\\/\\\/novagestioinmobiliaria.com\\\/wp-content\\\/uploads\\\/2026\\\/07\\\/Casa-en-alquiler-en-Porto-Cristo-ref-1916-6.jpg&quot;,&quot;alt&quot;:&quot;&quot;},{&quot;id&quot;:92624,&quot;url&quot;:&quot;https:\\\/\\\/novagestioinmobiliaria.com\\\/wp-content\\\/uploads\\\/2026\\\/07\\\/Casa-en-alquiler-en-Porto-Cristo-ref-1916-5.jpg&quot;,&quot;alt&quot;:&quot;&quot;},{&quot;id&quot;:92621,&quot;url&quot;:&quot;https:\\\/\\\/novagestioinmobiliaria.com\\\/wp-content\\\/uploads\\\/2026\\\/07\\\/Casa-en-alquiler-en-Porto-Cristo-ref-1916-3.jpg&quot;,&quot;alt&quot;:&quot;&quot;},{&quot;id&quot;:92615,&quot;url&quot;:&quot;https:\\\/\\\/novagestioinmobiliaria.com\\\/wp-content\\\/uploads\\\/2026\\\/07\\\/Casa-en-alquiler-en-Porto-Cristo-ref-1916-1.jpg&quot;,&quot;alt&quot;:&quot;&quot;},{&quot;id&quot;:92612,&quot;url&quot;:&quot;https:\\\/\\\/novagestioinmobiliaria.com\\\/wp-content\\\/uploads\\\/2026\\\/07\\\/Casa-en-alquiler-en-Porto-Cristo-ref-1916-18.jpg&quot;,&quot;alt&quot;:&quot;&quot;},{&quot;id&quot;:92609,&quot;url&quot;:&quot;https:\\\/\\\/novagestioinmobiliaria.com\\\/wp-content\\\/uploads\\\/2026\\\/07\\\/Casa-en-alquiler-en-Porto-Cristo-ref-1916-17.jpg&quot;,&quot;alt&quot;:&quot;&quot;},{&quot;id&quot;:92606,&quot;url&quot;:&quot;https:\\\/\\\/novagestioinmobiliaria.com\\\/wp-content\\\/uploads\\\/2026\\\/07\\\/Casa-en-alquiler-en-Porto-Cristo-ref-1916-16.jpg&quot;,&quot;alt&quot;:&quot;&quot;},{&quot;id&quot;:92603,&quot;url&quot;:&quot;https:\\\/\\\/novagestioinmobiliaria.com\\\/wp-content\\\/uploads\\\/2026\\\/07\\\/Casa-en-alquiler-en-Porto-Cristo-ref-1916-15.jpg&quot;,&quot;alt&quot;:&quot;&quot;},{&quot;id&quot;:92600,&quot;url&quot;:&quot;https:\\\/\\\/novagestioinmobiliaria.com\\\/wp-content\\\/uploads\\\/2026\\\/07\\\/Casa-en-alquiler-en-Porto-Cristo-ref-1916-14.jpg&quot;,&quot;alt&quot;:&quot;&quot;},{&quot;id&quot;:92597,&quot;url&quot;:&quot;https:\\\/\\\/novagestioinmobiliaria.com\\\/wp-content\\\/uploads\\\/2026\\\/07\\\/Casa-en-alquiler-en-Porto-Cristo-ref-1916-13.jpg&quot;,&quot;alt&quot;:&quot;&quot;},{&quot;id&quot;:92594,&quot;url&quot;:&quot;https:\\\/\\\/novagestioinmobiliaria.com\\\/wp-content\\\/uploads\\\/2026\\\/07\\\/Casa-en-alquiler-en-Porto-Cristo-ref-1916-12.jpg&quot;,&quot;alt&quot;:&quot;&quot;}],&quot;attributes&quot;:[{&quot;slug&quot;:&quot;property-type&quot;,&quot;name&quot;:&quot;Immobilientyp&quot;,&quot;has_archive&quot;:true,&quot;elements&quot;:[{&quot;name&quot;:&quot;Stadth\\u00e4user \\\/ Ebenerdige Wohnungen&quot;,&quot;link&quot;:&quot;https:\\\/\\\/novagestioinmobiliaria.com\\\/de\\\/immobilientyp\\\/stadthaeuser-ebenerdige-wohnungen\\\/&quot;,&quot;slug&quot;:&quot;stadthaeuser-ebenerdige-wohnungen&quot;}],&quot;card&quot;:false,&quot;show&quot;:true,&quot;display_after&quot;:&quot;&quot;,&quot;new_box&quot;:false},{&quot;slug&quot;:&quot;offer-type&quot;,&quot;name&quot;:&quot;Angebotsart &quot;,&quot;has_archive&quot;:true,&quot;elements&quot;:[{&quot;name&quot;:&quot;Zu vermieten&quot;,&quot;link&quot;:&quot;https:\\\/\\\/novagestioinmobiliaria.com\\\/de\\\/offer-type\\\/zu-vermieten\\\/&quot;,&quot;slug&quot;:&quot;zu-vermieten&quot;}],&quot;card&quot;:true,&quot;show&quot;:true,&quot;display_after&quot;:&quot;&quot;,&quot;new_box&quot;:false},{&quot;slug&quot;:&quot;city&quot;,&quot;name&quot;:&quot;Ort&quot;,&quot;has_archive&quot;:true,&quot;elements&quot;:[{&quot;name&quot;:&quot;Porto Cristo&quot;,&quot;link&quot;:&quot;https:\\\/\\\/novagestioinmobiliaria.com\\\/de\\\/city\\\/porto-cristo-de\\\/&quot;,&quot;slug&quot;:&quot;porto-cristo-de&quot;}],&quot;card&quot;:false,&quot;show&quot;:true,&quot;display_after&quot;:&quot;&quot;,&quot;new_box&quot;:false},{&quot;slug&quot;:&quot;price&quot;,&quot;name&quot;:&quot;Preis&quot;,&quot;has_archive&quot;:false,&quot;elements&quot;:[{&quot;name&quot;:&quot;1100&quot;,&quot;link&quot;:&quot;&quot;,&quot;slug&quot;:&quot;&quot;}],&quot;show&quot;:false,&quot;card&quot;:false,&quot;display_after&quot;:&quot;\\u20ac&quot;,&quot;new_box&quot;:false},{&quot;slug&quot;:&quot;bedrooms&quot;,&quot;name&quot;:&quot;Schlafzimmer&quot;,&quot;has_archive&quot;:false,&quot;elements&quot;:[{&quot;name&quot;:&quot;3&quot;,&quot;link&quot;:&quot;&quot;,&quot;slug&quot;:&quot;&quot;}],&quot;show&quot;:true,&quot;card&quot;:true,&quot;display_after&quot;:&quot;&quot;,&quot;new_box&quot;:false},{&quot;slug&quot;:&quot;bathrooms&quot;,&quot;name&quot;:&quot;Badezimmer&quot;,&quot;has_archive&quot;:false,&quot;elements&quot;:[{&quot;name&quot;:&quot;1&quot;,&quot;link&quot;:&quot;&quot;,&quot;slug&quot;:&quot;&quot;}],&quot;show&quot;:true,&quot;card&quot;:true,&quot;display_after&quot;:&quot;&quot;,&quot;new_box&quot;:false},{&quot;slug&quot;:&quot;property-size&quot;,&quot;name&quot;:&quot;Qm&quot;,&quot;has_archive&quot;:false,&quot;elements&quot;:[{&quot;name&quot;:&quot;100&quot;,&quot;link&quot;:&quot;&quot;,&quot;slug&quot;:&quot;&quot;}],&quot;show&quot;:true,&quot;card&quot;:true,&quot;display_after&quot;:&quot;qm&quot;,&quot;new_box&quot;:false},{&quot;slug&quot;:&quot;features&quot;,&quot;name&quot;:&quot;Eigenschaften&quot;,&quot;has_archive&quot;:true,&quot;elements&quot;:[{&quot;name&quot;:&quot;3 Schlafzimmer&quot;,&quot;link&quot;:&quot;https:\\\/\\\/novagestioinmobiliaria.com\\\/de\\\/eigenschaften\\\/3-schlafzimmer\\\/&quot;,&quot;slug&quot;:&quot;3-schlafzimmer&quot;},{&quot;name&quot;:&quot;Einbauk\\u00fcche&quot;,&quot;link&quot;:&quot;https:\\\/\\\/novagestioinmobiliaria.com\\\/de\\\/eigenschaften\\\/einbaukueche\\\/&quot;,&quot;slug&quot;:&quot;einbaukueche&quot;},{&quot;name&quot;:&quot;Haustiere NICHT erlaubt&quot;,&quot;link&quot;:&quot;https:\\\/\\\/novagestioinmobiliaria.com\\\/de\\\/eigenschaften\\\/haustiere-nicht-erlaubt\\\/&quot;,&quot;slug&quot;:&quot;haustiere-nicht-erlaubt&quot;},{&quot;name&quot;:&quot;M\\u00f6bliert&quot;,&quot;link&quot;:&quot;https:\\\/\\\/novagestioinmobiliaria.com\\\/de\\\/eigenschaften\\\/moebliert\\\/&quot;,&quot;slug&quot;:&quot;moebliert&quot;},{&quot;name&quot;:&quot;Obergeschoss&quot;,&quot;link&quot;:&quot;https:\\\/\\\/novagestioinmobiliaria.com\\\/de\\\/eigenschaften\\\/obergeschoss\\\/&quot;,&quot;slug&quot;:&quot;obergeschoss&quot;},{&quot;name&quot;:&quot;Ruhige Lage&quot;,&quot;link&quot;:&quot;https:\\\/\\\/novagestioinmobiliaria.com\\\/de\\\/eigenschaften\\\/ruhige-lage\\\/&quot;,&quot;slug&quot;:&quot;ruhige-lage&quot;},{&quot;name&quot;:&quot;Schulnah&quot;,&quot;link&quot;:&quot;https:\\\/\\\/novagestioinmobiliaria.com\\\/de\\\/eigenschaften\\\/schulnah\\\/&quot;,&quot;slug&quot;:&quot;schulnah&quot;},{&quot;name&quot;:&quot;Terrasse&quot;,&quot;link&quot;:&quot;https:\\\/\\\/novagestioinmobiliaria.com\\\/de\\\/eigenschaften\\\/terrasse\\\/&quot;,&quot;slug&quot;:&quot;terrasse&quot;}],&quot;card&quot;:false,&quot;show&quot;:true,&quot;display_after&quot;:&quot;&quot;,&quot;new_box&quot;:true}],&quot;views&quot;:16,&quot;days_ago&quot;:&quot;1\\u00a0Monat.&quot;,&quot;image_id&quot;:92618,&quot;image_url&quot;:&quot;https:\\\/\\\/novagestioinmobiliaria.com\\\/wp-content\\\/uploads\\\/2026\\\/07\\\/Casa-en-alquiler-en-Porto-Cristo-ref-1916-2.jpg&quot;,&quot;tags&quot;:[{&quot;name&quot;:&quot;Eigenschaften&quot;,&quot;elements&quot;:[{&quot;name&quot;:&quot;3 Schlafzimmer&quot;,&quot;link&quot;:&quot;https:\\\/\\\/novagestioinmobiliaria.com\\\/de\\\/eigenschaften\\\/3-schlafzimmer\\\/&quot;},{&quot;name&quot;:&quot;Einbauk\\u00fcche&quot;,&quot;link&quot;:&quot;https:\\\/\\\/novagestioinmobiliaria.com\\\/de\\\/eigenschaften\\\/einbaukueche\\\/&quot;},{&quot;name&quot;:&quot;Haustiere NICHT erlaubt&quot;,&quot;link&quot;:&quot;https:\\\/\\\/novagestioinmobiliaria.com\\\/de\\\/eigenschaften\\\/haustiere-nicht-erlaubt\\\/&quot;},{&quot;name&quot;:&quot;M\\u00f6bliert&quot;,&quot;link&quot;:&quot;https:\\\/\\\/novagestioinmobiliaria.com\\\/de\\\/eigenschaften\\\/moebliert\\\/&quot;},{&quot;name&quot;:&quot;Obergeschoss&quot;,&quot;link&quot;:&quot;https:\\\/\\\/novagestioinmobiliaria.com\\\/de\\\/eigenschaften\\\/obergeschoss\\\/&quot;},{&quot;name&quot;:&quot;Ruhige Lage&quot;,&quot;link&quot;:&quot;https:\\\/\\\/novagestioinmobiliaria.com\\\/de\\\/eigenschaften\\\/ruhige-lage\\\/&quot;},{&quot;name&quot;:&quot;Schulnah&quot;,&quot;link&quot;:&quot;https:\\\/\\\/novagestioinmobiliaria.com\\\/de\\\/eigenschaften\\\/schulnah\\\/&quot;},{&quot;name&quot;:&quot;Terrasse&quot;,&quot;link&quot;:&quot;https:\\\/\\\/novagestioinmobiliaria.com\\\/de\\\/eigenschaften\\\/terrasse\\\/&quot;}],&quot;has_archive&quot;:true}],&quot;status&quot;:&quot;publish&quot;,&quot;plans&quot;:[],&quot;video_plan&quot;:{&quot;src&quot;:&quot;&quot;,&quot;video&quot;:&quot;&quot;},&quot;virtual_tour&quot;:null,&quot;state&quot;:&quot;&quot;,&quot;labels&quot;:[],&quot;image&quot;:&quot;https:\\\/\\\/novagestioinmobiliaria.com\\\/wp-content\\\/uploads\\\/2026\\\/07\\\/Casa-en-alquiler-en-Porto-Cristo-ref-1916-2-400x250.jpg&quot;,&quot;image_srcset&quot;:&quot;https:\\\/\\\/novagestioinmobiliaria.com\\\/wp-content\\\/uploads\\\/2026\\\/07\\\/Casa-en-alquiler-en-Porto-Cristo-ref-1916-2-200x125.jpg 200w, https:\\\/\\\/novagestioinmobiliaria.com\\\/wp-content\\\/uploads\\\/2026\\\/07\\\/Casa-en-alquiler-en-Porto-Cristo-ref-1916-2-800x500.jpg 800w, https:\\\/\\\/novagestioinmobiliaria.com\\\/wp-content\\\/uploads\\\/2026\\\/07\\\/Casa-en-alquiler-en-Porto-Cristo-ref-1916-2-600x375.jpg 600w, https:\\\/\\\/novagestioinmobiliaria.com\\\/wp-content\\\/uploads\\\/2026\\\/07\\\/Casa-en-alquiler-en-Porto-Cristo-ref-1916-2-400x250.jpg 400w&quot;}'>\r\n\t\t\t\t\t\t\t\t\t\t\t\t\t<\/compare-button>\r\n\t\t\t\t\t\t\t\t\t\t\t\t<\/div>\r\n\t\t\t\t\t\t\t\t\t\t\t\t<div class=\"mh-estate-vertical__buttons__single\">\r\n\t\t\t\t\t\t\t\t\t\t\t\t\t<a href=\"https:\/\/novagestioinmobiliaria.com\/de\/propiedades-properties-immobilien\/haus-zwischenmiete-in-porto-cristo-ca1916pc-ade\/\"\r\n\t\t\t\t\t\t\t\t\t\t\t\t\t   title=\"Haus zwischenmiete in Porto Cristo : : CA1916PC-ADE\"\r\n\t\t\t\t\t\t\t\t\t\t\t\t\t   class=\"mdl-button mdl-js-button mdl-button--raised mdl-js-ripple-effect mdl-button--primary-ghost\">\r\n\t\t\t\t\t\t\t\t\t\t\t\t\t\tDetails\t\t\t\t\t\t\t\t\t\t\t\t\t\t<span class=\"mdl-button__icon-right\"><i class=\"fa fa-angle-right\"><\/i><\/span>\r\n\t\t\t\t\t\t\t\t\t\t\t\t\t<\/a>\r\n\t\t\t\t\t\t\t\t\t\t\t\t<\/div>\r\n\t\t\t\t\t\t\t\t\t\t\t<\/div>\r\n\t\t\t\t\t\t\t\t\t\t<\/div>\r\n\t\t\t\t\t\t\t\t\t<\/div>\r\n\t\t\t\t\t\t\t\t<\/div>\r\n\t\t\t\t\t\t\t<\/div>\r\n\t\t\t\t\t\t<\/article>\r\n\t\t\t\t\t<\/div>\r\n\t\t\t\t\r\n\t\t\t\t\t<div class=\"item\">\r\n\t\t\t\t\t\t<article class=\"mh-estate-vertical   mh-attribute-property-type__stadtgrundstuecke mh-attribute-offer-type__zu-verkaufen mh-attribute-city__manacor-de mh-attribute-features__4-schlafzimmer mh-attribute-features__privatpool mh-attribute-features__ruhige-lage mh-attribute-features__terrasse\">\r\n\t\t\t\t\t\t\t<a href=\"https:\/\/novagestioinmobiliaria.com\/de\/propiedades-properties-immobilien\/staedtisches-baugrundstueck-zum-verkauf-mit-projekt-fuer-ein-einfamilienhaus-in-manacor-so1913ma-vde\/\"\r\n\t\t\t\t\t\t\t   title=\"St\u00e4dtisches Baugrundst\u00fcck zum Verkauf mit Projekt f\u00fcr ein Einfamilienhaus in Manacor : : SO1913MA-VDE\"\r\n\t\t\t\t\t\t\t   class=\"mh-thumbnail\">\r\n                        <span class=\"mh-thumbnail__inner\">\r\n                                    <img\r\n                    data-srcset=\"https:\/\/novagestioinmobiliaria.com\/wp-content\/uploads\/2026\/07\/Proyecto-casa-unifamiliar-en-venta-Manacor-13-200x125.jpg 200w, https:\/\/novagestioinmobiliaria.com\/wp-content\/uploads\/2026\/07\/Proyecto-casa-unifamiliar-en-venta-Manacor-13-1200x750.jpg 1200w, https:\/\/novagestioinmobiliaria.com\/wp-content\/uploads\/2026\/07\/Proyecto-casa-unifamiliar-en-venta-Manacor-13-800x500.jpg 800w, https:\/\/novagestioinmobiliaria.com\/wp-content\/uploads\/2026\/07\/Proyecto-casa-unifamiliar-en-venta-Manacor-13-600x375.jpg 600w, https:\/\/novagestioinmobiliaria.com\/wp-content\/uploads\/2026\/07\/Proyecto-casa-unifamiliar-en-venta-Manacor-13-400x250.jpg 400w\"\r\n                    class=\"lazyload \" alt=\"St\u00e4dtisches Baugrundst\u00fcck zum Verkauf mit Projekt f\u00fcr ein Einfamilienhaus in Manacor : : SO1913MA-VDE\"\r\n                    data-sizes=\"auto\"\r\n            >\r\n\t\t\t                        <\/span>\r\n\r\n\t\t\t\t\t\t\t\t\t\t\t\t\t\t\t\t\t<div class=\"mh-caption\">\r\n\t\t\t\t\t\t\t\t\t\t<div class=\"mh-caption__inner\">\r\n\t\t\t\t\t\t\t\t\t\t\tZu verkaufen\t\t\t\t\t\t\t\t\t\t<\/div>\r\n\t\t\t\t\t\t\t\t\t<\/div>\r\n\t\t\t\t\t\t\t\t\t\r\n\t\t\t\t\t\t\t\t<div class=\"mh-estate-vertical__text\">\r\n\t\t\t\t\t\t\t\t\t<div class=\"mh-estate-vertical__text__inner\">\r\n\t\t\t\t\t\t\t\t\t\tZum Verkauf steht ein st\u00e4dtisches Baugrundst\u00fcck von 345 m\u00b2 in Manacor, begleitet von einem Projekt f\u00fcr den Bau eines Einfamilienhauses...\t\t\t\t\t\t\t\t\t<\/div>\r\n\t\t\t\t\t\t\t\t<\/div>\r\n\t\t\t\t\t\t\t<\/a>\r\n\r\n\t\t\t\t\t\t\t<div class=\"mh-estate-vertical__content\">\r\n\t\t\t\t\t\t\t\t<h3 class=\"mh-estate-vertical__heading\">\r\n\t\t\t\t\t\t\t\t\t<a href=\"https:\/\/novagestioinmobiliaria.com\/de\/propiedades-properties-immobilien\/staedtisches-baugrundstueck-zum-verkauf-mit-projekt-fuer-ein-einfamilienhaus-in-manacor-so1913ma-vde\/\"\r\n\t\t\t\t\t\t\t\t\t   title=\"St\u00e4dtisches Baugrundst\u00fcck zum Verkauf mit Projekt f\u00fcr ein Einfamilienhaus in Manacor : : SO1913MA-VDE\">\r\n\t\t\t\t\t\t\t\t\t\tSt\u00e4dtisches Baugrundst\u00fcck zum Verkauf mit Projekt f\u00fcr ein Einfamilienhaus in Manacor : : SO1913MA-VDE\t\t\t\t\t\t\t\t\t<\/a>\r\n\t\t\t\t\t\t\t\t<\/h3>\r\n\t\t\t\t\t\t\t\t<address class=\"mh-estate-vertical__subheading\">\r\n\t\t\t\t\t\t\t\t\t\t\t\t\t\t\t\t\t<\/address>\r\n\t\t\t\t\t\t\t\t<div class=\"mh-estate-vertical__primary\">\r\n\t\t\t\t\t\t\t\t\t380.000 \u20ac\t\t\t\t\t\t\t\t<\/div>\r\n\r\n\t\t\t\t\t\t\t\t<div>\r\n\t\t\t\t\t\t\t\t\t<div class=\"mh-estate__list\">\r\n\t\t\t\t\t\t\t\t\t\t\r\n\t\t\t\t\t\t\t\t\t\t\t<span class=\"mh-estate-vertical__more-info mh-estate_attribute-offer-type\">\r\n                                        <strong>Angebotsart :<\/strong>\r\n\t\t\t\t\t\t\t\t\t\t\t\t\t\t\t\t\t\t\t\t\t\t\t\t\t\tZu verkaufen\t\t\t\t\t\t\t\t\t\t\t\t\t\t                                    <\/span>\r\n\r\n\t\t\t\t\t\t\t\t\t\t\r\n\t\t\t\t\t\t\t\t\t\t\t<span class=\"mh-estate-vertical__more-info mh-estate_attribute-bedrooms\">\r\n                                        <strong>Schlafzimmer:<\/strong>\r\n\t\t\t\t\t\t\t\t\t\t\t\t4                                    <\/span>\r\n\r\n\t\t\t\t\t\t\t\t\t\t\r\n\t\t\t\t\t\t\t\t\t\t\t<span class=\"mh-estate-vertical__more-info mh-estate_attribute-bathrooms\">\r\n                                        <strong>Badezimmer:<\/strong>\r\n\t\t\t\t\t\t\t\t\t\t\t\t3                                    <\/span>\r\n\r\n\t\t\t\t\t\t\t\t\t\t\r\n\t\t\t\t\t\t\t\t\t\t\t<span class=\"mh-estate-vertical__more-info mh-estate_attribute-property-size\">\r\n                                        <strong>Qm:<\/strong>\r\n\t\t\t\t\t\t\t\t\t\t\t\t290 qm                                    <\/span>\r\n\r\n\t\t\t\t\t\t\t\t\t\t\t\t\t\t\t\t\t\t\t<\/div>\r\n\t\t\t\t\t\t\t\t<\/div>\r\n\r\n\t\t\t\t\t\t\t\t<div class=\"mh-estate-vertical__bottom\">\r\n\t\t\t\t\t\t\t\t\t<div class=\"mh-estate-vertical__bottom__inner\">\r\n\t\t\t\t\t\t\t\t\t\t<div class=\"mh-estate-vertical__date\">\r\n\t\t\t\t\t\t\t\t\t\t\t1\u00a0Monat.\t\t\t\t\t\t\t\t\t\t<\/div>\r\n\t\t\t\t\t\t\t\t\t\t<div class=\"mh-estate-vertical__buttons-wrapper\">\r\n\t\t\t\t\t\t\t\t\t\t\t<div class=\"mh-estate-vertical__buttons\">\r\n\t\t\t\t\t\t\t\t\t\t\t\t<div class=\"mh-estate-vertical__buttons__single\">\r\n\t\t\t\t\t\t\t\t\t\t\t\t\t<compare-button class=\"myhome-compare\"\r\n\t\t\t\t\t\t\t\t\t\t\t\t\t\t\t\t\t:translations='{&quot;added&quot;:&quot;Zus\\u00e4tzlich&quot;,&quot;compare&quot;:&quot;Vergleichen&quot;}'\r\n\t\t\t\t\t\t\t\t\t\t\t\t\t\t\t\t\t:estate='{&quot;short_excerpt_limit&quot;:125,&quot;long_excerpt_limit&quot;:160,&quot;id&quot;:92585,&quot;agent_id&quot;:&quot;1&quot;,&quot;title&quot;:&quot;St\\u00e4dtisches Baugrundst\\u00fcck zum Verkauf mit Projekt f\\u00fcr ein Einfamilienhaus in Manacor : : SO1913MA-VDE&quot;,&quot;content&quot;:&quot;Zum Verkauf steht ein st\\u00e4dtisches Baugrundst\\u00fcck von 345 m\\u00b2 in Manacor, begleitet von einem Projekt f\\u00fcr den Bau eines Einfamilienhauses mit zeitgen\\u00f6ssischer Architektur.\\r\\nDer Bauantrag wurde im November 2023 eingereicht und das Genehmigungsverfahren befindet sich derzeit in einer fortgeschrittenen Phase. Nach den vorliegenden Prognosen k\\u00f6nnte die Entscheidung Ende 2026 oder Anfang 2027 erfolgen, ein rein gesch\\u00e4tzter Zeitraum, abh\\u00e4ngig von den Bearbeitungszeiten der zust\\u00e4ndigen Beh\\u00f6rde.\\r\\nDas Projekt sieht ein Wohnhaus mit etwa 290 m\\u00b2 Wohnfl\\u00e4che vor, verteilt auf zwei Etagen, sowie einen Keller von etwa 80 m\\u00b2. Das Design wurde entwickelt, um Gro\\u00dfz\\u00fcgigkeit, Helligkeit und eine funktionale Raumaufteilung zu bieten, die den aktuellen Bed\\u00fcrfnissen entspricht.\\r\\nGeplante Aufteilung\\r\\nErdgeschoss: gro\\u00dfz\\u00fcgiges Wohn-Esszimmer mit doppelter Raumh\\u00f6he, integriert mit der K\\u00fcche, gro\\u00dfe Fenster mit direktem Ausgang zum Innenhof und Poolbereich, Kamin und Garage mit Platz f\\u00fcr zwei Fahrzeuge.\\r\\nObergeschoss: Hauptschlafzimmer mit Ankleide und eigenem Bad, weitere Schlafzimmer, ein weiteres Bad und Zugang zur Terrasse.\\r\\nKeller: offener Raum von etwa 80 m\\u00b2 mit vielf\\u00e4ltigen Nutzungsm\\u00f6glichkeiten wie Fitnessraum, Weinkeller, Freizeitraum, Mehrzweckraum oder Lagerbereich.\\r\\nAu\\u00dfenbereich: Garten, privater Pool und Chill-out-Bereich, konzipiert, um den Au\\u00dfenbereich komfortabel und privat zu genie\\u00dfen.\\r\\nZu den im Projekt vorgesehenen Ausstattungsmerkmalen geh\\u00f6ren Fu\\u00dfbodenheizung, ein Klimatisierungssystem mit energieeffizienter Aerothermie, gro\\u00dfe verglaste Fl\\u00e4chen, Oberfl\\u00e4chen aus Naturstein und Holz sowie integrierte Beleuchtung.\\r\\nLage:\\r\\nDas Grundst\\u00fcck befindet sich in einer besonders ruhigen Wohngegend von Manacor, mit freiem Blick und angenehmer Umgebung, fernab vom L\\u00e4rm, aber nahe zu allen Dienstleistungen.\\r\\nDie Lage erm\\u00f6glicht es, das Ortszentrum zu Fu\\u00df zu erreichen, ein Supermarkt ist etwa drei Gehminuten entfernt, und die Rafa Nadal Academy ist nur f\\u00fcnf Minuten entfernt.\\r\\nEine ausgezeichnete Gelegenheit, ein Neubauhaus mit Personalisierungsm\\u00f6glichkeiten zu entwickeln, ausgehend von einem definierten Projekt und mit bereits eingeleiteter und weit fortgeschrittener Baugenehmigungsverfahren.\\r\\nDie ver\\u00f6ffentlichten Fotos sind 3D-Darstellungen des Projekts und dienen ausschlie\\u00dflich illustrativen Zwecken. Sie zeigen kein fertiggestelltes Haus. Verkaufsgegenstand ist ausschlie\\u00dflich das st\\u00e4dtische Baugrundst\\u00fcck zusammen mit dem architektonischen Projekt und dem aktuell in Bearbeitung befindlichen Bauantrag.\\r\\nNova Gesti\\u00f3, Ihre Immobilienagentur in Manacor&quot;,&quot;excerpt&quot;:&quot;Zum Verkauf steht ein st\\u00e4dtisches Baugrundst\\u00fcck von 345 m\\u00b2 in Manacor, begleitet von einem Projekt f\\u00fcr den Bau eines Einfamilienhauses mit zeitgen\\u00f6ssischer Architektur. Der Bauantrag wurde im November 2023 eingereicht und das Genehmigungsverfahren befindet sich derzeit in einer fortgeschrittenen Phase. Nach den vorliegenden Prognosen k\\u00f6nnte die Entscheidung Ende 2026 oder Anfang 2027 erfolgen, ein rein [\\u2026]&quot;,&quot;short_excerpt&quot;:&quot;Zum Verkauf steht ein st\\u00e4dtisches Baugrundst\\u00fcck von 345 m\\u00b2 in Manacor, begleitet von einem Projekt f\\u00fcr den Bau eines Einfa...&quot;,&quot;long_excerpt&quot;:&quot;Zum Verkauf steht ein st\\u00e4dtisches Baugrundst\\u00fcck von 345 m\\u00b2 in Manacor, begleitet von einem Projekt f\\u00fcr den Bau eines Einfamilienhauses mit zeitgen\\u00f6ssischer A...&quot;,&quot;link&quot;:&quot;https:\\\/\\\/novagestioinmobiliaria.com\\\/de\\\/propiedades-properties-immobilien\\\/staedtisches-baugrundstueck-zum-verkauf-mit-projekt-fuer-ein-einfamilienhaus-in-manacor-so1913ma-vde\\\/&quot;,&quot;offer_type&quot;:&quot;Zu verkaufen&quot;,&quot;price&quot;:&quot;380.000 \\u20ac&quot;,&quot;location&quot;:false,&quot;is_featured&quot;:true,&quot;gallery&quot;:[{&quot;id&quot;:92574,&quot;url&quot;:&quot;https:\\\/\\\/novagestioinmobiliaria.com\\\/wp-content\\\/uploads\\\/2026\\\/07\\\/Proyecto-casa-unifamiliar-en-venta-Manacor-13.jpg&quot;,&quot;alt&quot;:&quot;&quot;},{&quot;id&quot;:92556,&quot;url&quot;:&quot;https:\\\/\\\/novagestioinmobiliaria.com\\\/wp-content\\\/uploads\\\/2026\\\/07\\\/Proyecto-casa-unifamiliar-en-venta-Manacor-7.jpg&quot;,&quot;alt&quot;:&quot;&quot;},{&quot;id&quot;:92580,&quot;url&quot;:&quot;https:\\\/\\\/novagestioinmobiliaria.com\\\/wp-content\\\/uploads\\\/2026\\\/07\\\/Proyecto-casa-unifamiliar-en-venta-Manacor-15.jpg&quot;,&quot;alt&quot;:&quot;&quot;},{&quot;id&quot;:92577,&quot;url&quot;:&quot;https:\\\/\\\/novagestioinmobiliaria.com\\\/wp-content\\\/uploads\\\/2026\\\/07\\\/Proyecto-casa-unifamiliar-en-venta-Manacor-14.jpg&quot;,&quot;alt&quot;:&quot;&quot;},{&quot;id&quot;:92538,&quot;url&quot;:&quot;https:\\\/\\\/novagestioinmobiliaria.com\\\/wp-content\\\/uploads\\\/2026\\\/07\\\/Proyecto-casa-unifamiliar-en-venta-Manacor-1.jpg&quot;,&quot;alt&quot;:&quot;&quot;},{&quot;id&quot;:92571,&quot;url&quot;:&quot;https:\\\/\\\/novagestioinmobiliaria.com\\\/wp-content\\\/uploads\\\/2026\\\/07\\\/Proyecto-casa-unifamiliar-en-venta-Manacor-12.jpg&quot;,&quot;alt&quot;:&quot;&quot;},{&quot;id&quot;:92568,&quot;url&quot;:&quot;https:\\\/\\\/novagestioinmobiliaria.com\\\/wp-content\\\/uploads\\\/2026\\\/07\\\/Proyecto-casa-unifamiliar-en-venta-Manacor-11.jpg&quot;,&quot;alt&quot;:&quot;&quot;},{&quot;id&quot;:92565,&quot;url&quot;:&quot;https:\\\/\\\/novagestioinmobiliaria.com\\\/wp-content\\\/uploads\\\/2026\\\/07\\\/Proyecto-casa-unifamiliar-en-venta-Manacor-10.jpg&quot;,&quot;alt&quot;:&quot;&quot;},{&quot;id&quot;:92562,&quot;url&quot;:&quot;https:\\\/\\\/novagestioinmobiliaria.com\\\/wp-content\\\/uploads\\\/2026\\\/07\\\/Proyecto-casa-unifamiliar-en-venta-Manacor-9.jpg&quot;,&quot;alt&quot;:&quot;&quot;},{&quot;id&quot;:92559,&quot;url&quot;:&quot;https:\\\/\\\/novagestioinmobiliaria.com\\\/wp-content\\\/uploads\\\/2026\\\/07\\\/Proyecto-casa-unifamiliar-en-venta-Manacor-8-1.jpg&quot;,&quot;alt&quot;:&quot;&quot;},{&quot;id&quot;:92550,&quot;url&quot;:&quot;https:\\\/\\\/novagestioinmobiliaria.com\\\/wp-content\\\/uploads\\\/2026\\\/07\\\/Proyecto-casa-unifamiliar-en-venta-Manacor-5.jpg&quot;,&quot;alt&quot;:&quot;&quot;},{&quot;id&quot;:92553,&quot;url&quot;:&quot;https:\\\/\\\/novagestioinmobiliaria.com\\\/wp-content\\\/uploads\\\/2026\\\/07\\\/Proyecto-casa-unifamiliar-en-venta-Manacor-6.jpg&quot;,&quot;alt&quot;:&quot;&quot;},{&quot;id&quot;:92547,&quot;url&quot;:&quot;https:\\\/\\\/novagestioinmobiliaria.com\\\/wp-content\\\/uploads\\\/2026\\\/07\\\/Proyecto-casa-unifamiliar-en-venta-Manacor-4.jpg&quot;,&quot;alt&quot;:&quot;&quot;},{&quot;id&quot;:92583,&quot;url&quot;:&quot;https:\\\/\\\/novagestioinmobiliaria.com\\\/wp-content\\\/uploads\\\/2026\\\/07\\\/Proyecto-casa-unifamiliar-en-venta-Manacor-16.jpg&quot;,&quot;alt&quot;:&quot;&quot;},{&quot;id&quot;:92544,&quot;url&quot;:&quot;https:\\\/\\\/novagestioinmobiliaria.com\\\/wp-content\\\/uploads\\\/2026\\\/07\\\/Proyecto-casa-unifamiliar-en-venta-Manacor-3.jpg&quot;,&quot;alt&quot;:&quot;&quot;},{&quot;id&quot;:92541,&quot;url&quot;:&quot;https:\\\/\\\/novagestioinmobiliaria.com\\\/wp-content\\\/uploads\\\/2026\\\/07\\\/Proyecto-casa-unifamiliar-en-venta-Manacor-2.jpg&quot;,&quot;alt&quot;:&quot;&quot;}],&quot;attributes&quot;:[{&quot;slug&quot;:&quot;property-type&quot;,&quot;name&quot;:&quot;Immobilientyp&quot;,&quot;has_archive&quot;:true,&quot;elements&quot;:[{&quot;name&quot;:&quot;Stadtgrundst\\u00fccke&quot;,&quot;link&quot;:&quot;https:\\\/\\\/novagestioinmobiliaria.com\\\/de\\\/immobilientyp\\\/stadtgrundstuecke\\\/&quot;,&quot;slug&quot;:&quot;stadtgrundstuecke&quot;}],&quot;card&quot;:false,&quot;show&quot;:true,&quot;display_after&quot;:&quot;&quot;,&quot;new_box&quot;:false},{&quot;slug&quot;:&quot;offer-type&quot;,&quot;name&quot;:&quot;Angebotsart &quot;,&quot;has_archive&quot;:true,&quot;elements&quot;:[{&quot;name&quot;:&quot;Zu verkaufen&quot;,&quot;link&quot;:&quot;https:\\\/\\\/novagestioinmobiliaria.com\\\/de\\\/offer-type\\\/zu-verkaufen\\\/&quot;,&quot;slug&quot;:&quot;zu-verkaufen&quot;}],&quot;card&quot;:true,&quot;show&quot;:true,&quot;display_after&quot;:&quot;&quot;,&quot;new_box&quot;:false},{&quot;slug&quot;:&quot;city&quot;,&quot;name&quot;:&quot;Ort&quot;,&quot;has_archive&quot;:true,&quot;elements&quot;:[{&quot;name&quot;:&quot;Manacor&quot;,&quot;link&quot;:&quot;https:\\\/\\\/novagestioinmobiliaria.com\\\/de\\\/city\\\/manacor-de\\\/&quot;,&quot;slug&quot;:&quot;manacor-de&quot;}],&quot;card&quot;:false,&quot;show&quot;:true,&quot;display_after&quot;:&quot;&quot;,&quot;new_box&quot;:false},{&quot;slug&quot;:&quot;price&quot;,&quot;name&quot;:&quot;Preis&quot;,&quot;has_archive&quot;:false,&quot;elements&quot;:[{&quot;name&quot;:&quot;380000&quot;,&quot;link&quot;:&quot;&quot;,&quot;slug&quot;:&quot;&quot;}],&quot;show&quot;:false,&quot;card&quot;:false,&quot;display_after&quot;:&quot;\\u20ac&quot;,&quot;new_box&quot;:false},{&quot;slug&quot;:&quot;bedrooms&quot;,&quot;name&quot;:&quot;Schlafzimmer&quot;,&quot;has_archive&quot;:false,&quot;elements&quot;:[{&quot;name&quot;:&quot;4&quot;,&quot;link&quot;:&quot;&quot;,&quot;slug&quot;:&quot;&quot;}],&quot;show&quot;:true,&quot;card&quot;:true,&quot;display_after&quot;:&quot;&quot;,&quot;new_box&quot;:false},{&quot;slug&quot;:&quot;bathrooms&quot;,&quot;name&quot;:&quot;Badezimmer&quot;,&quot;has_archive&quot;:false,&quot;elements&quot;:[{&quot;name&quot;:&quot;3&quot;,&quot;link&quot;:&quot;&quot;,&quot;slug&quot;:&quot;&quot;}],&quot;show&quot;:true,&quot;card&quot;:true,&quot;display_after&quot;:&quot;&quot;,&quot;new_box&quot;:false},{&quot;slug&quot;:&quot;property-size&quot;,&quot;name&quot;:&quot;Qm&quot;,&quot;has_archive&quot;:false,&quot;elements&quot;:[{&quot;name&quot;:&quot;290&quot;,&quot;link&quot;:&quot;&quot;,&quot;slug&quot;:&quot;&quot;}],&quot;show&quot;:true,&quot;card&quot;:true,&quot;display_after&quot;:&quot;qm&quot;,&quot;new_box&quot;:false},{&quot;slug&quot;:&quot;lot-size&quot;,&quot;name&quot;:&quot;Land \\\/ Solar&quot;,&quot;has_archive&quot;:false,&quot;elements&quot;:[{&quot;name&quot;:&quot;345&quot;,&quot;link&quot;:&quot;&quot;,&quot;slug&quot;:&quot;&quot;}],&quot;show&quot;:true,&quot;card&quot;:false,&quot;display_after&quot;:&quot;qm&quot;,&quot;new_box&quot;:false},{&quot;slug&quot;:&quot;features&quot;,&quot;name&quot;:&quot;Eigenschaften&quot;,&quot;has_archive&quot;:true,&quot;elements&quot;:[{&quot;name&quot;:&quot;4 Schlafzimmer&quot;,&quot;link&quot;:&quot;https:\\\/\\\/novagestioinmobiliaria.com\\\/de\\\/eigenschaften\\\/4-schlafzimmer\\\/&quot;,&quot;slug&quot;:&quot;4-schlafzimmer&quot;},{&quot;name&quot;:&quot;Privatpool&quot;,&quot;link&quot;:&quot;https:\\\/\\\/novagestioinmobiliaria.com\\\/de\\\/eigenschaften\\\/privatpool\\\/&quot;,&quot;slug&quot;:&quot;privatpool&quot;},{&quot;name&quot;:&quot;Ruhige Lage&quot;,&quot;link&quot;:&quot;https:\\\/\\\/novagestioinmobiliaria.com\\\/de\\\/eigenschaften\\\/ruhige-lage\\\/&quot;,&quot;slug&quot;:&quot;ruhige-lage&quot;},{&quot;name&quot;:&quot;Terrasse&quot;,&quot;link&quot;:&quot;https:\\\/\\\/novagestioinmobiliaria.com\\\/de\\\/eigenschaften\\\/terrasse\\\/&quot;,&quot;slug&quot;:&quot;terrasse&quot;}],&quot;card&quot;:false,&quot;show&quot;:true,&quot;display_after&quot;:&quot;&quot;,&quot;new_box&quot;:true}],&quot;views&quot;:21,&quot;days_ago&quot;:&quot;1\\u00a0Monat.&quot;,&quot;image_id&quot;:92574,&quot;image_url&quot;:&quot;https:\\\/\\\/novagestioinmobiliaria.com\\\/wp-content\\\/uploads\\\/2026\\\/07\\\/Proyecto-casa-unifamiliar-en-venta-Manacor-13.jpg&quot;,&quot;tags&quot;:[{&quot;name&quot;:&quot;Eigenschaften&quot;,&quot;elements&quot;:[{&quot;name&quot;:&quot;4 Schlafzimmer&quot;,&quot;link&quot;:&quot;https:\\\/\\\/novagestioinmobiliaria.com\\\/de\\\/eigenschaften\\\/4-schlafzimmer\\\/&quot;},{&quot;name&quot;:&quot;Privatpool&quot;,&quot;link&quot;:&quot;https:\\\/\\\/novagestioinmobiliaria.com\\\/de\\\/eigenschaften\\\/privatpool\\\/&quot;},{&quot;name&quot;:&quot;Ruhige Lage&quot;,&quot;link&quot;:&quot;https:\\\/\\\/novagestioinmobiliaria.com\\\/de\\\/eigenschaften\\\/ruhige-lage\\\/&quot;},{&quot;name&quot;:&quot;Terrasse&quot;,&quot;link&quot;:&quot;https:\\\/\\\/novagestioinmobiliaria.com\\\/de\\\/eigenschaften\\\/terrasse\\\/&quot;}],&quot;has_archive&quot;:true}],&quot;status&quot;:&quot;publish&quot;,&quot;plans&quot;:[],&quot;video_plan&quot;:{&quot;src&quot;:&quot;https:\\\/\\\/youtu.be\\\/ARHjgOuk7FQ&quot;,&quot;video&quot;:&quot;&quot;},&quot;virtual_tour&quot;:null,&quot;state&quot;:&quot;&quot;,&quot;labels&quot;:[],&quot;image&quot;:&quot;https:\\\/\\\/novagestioinmobiliaria.com\\\/wp-content\\\/uploads\\\/2026\\\/07\\\/Proyecto-casa-unifamiliar-en-venta-Manacor-13-400x250.jpg&quot;,&quot;image_srcset&quot;:&quot;https:\\\/\\\/novagestioinmobiliaria.com\\\/wp-content\\\/uploads\\\/2026\\\/07\\\/Proyecto-casa-unifamiliar-en-venta-Manacor-13-200x125.jpg 200w, https:\\\/\\\/novagestioinmobiliaria.com\\\/wp-content\\\/uploads\\\/2026\\\/07\\\/Proyecto-casa-unifamiliar-en-venta-Manacor-13-1200x750.jpg 1200w, https:\\\/\\\/novagestioinmobiliaria.com\\\/wp-content\\\/uploads\\\/2026\\\/07\\\/Proyecto-casa-unifamiliar-en-venta-Manacor-13-800x500.jpg 800w, https:\\\/\\\/novagestioinmobiliaria.com\\\/wp-content\\\/uploads\\\/2026\\\/07\\\/Proyecto-casa-unifamiliar-en-venta-Manacor-13-600x375.jpg 600w, https:\\\/\\\/novagestioinmobiliaria.com\\\/wp-content\\\/uploads\\\/2026\\\/07\\\/Proyecto-casa-unifamiliar-en-venta-Manacor-13-400x250.jpg 400w&quot;}'>\r\n\t\t\t\t\t\t\t\t\t\t\t\t\t<\/compare-button>\r\n\t\t\t\t\t\t\t\t\t\t\t\t<\/div>\r\n\t\t\t\t\t\t\t\t\t\t\t\t<div class=\"mh-estate-vertical__buttons__single\">\r\n\t\t\t\t\t\t\t\t\t\t\t\t\t<a href=\"https:\/\/novagestioinmobiliaria.com\/de\/propiedades-properties-immobilien\/staedtisches-baugrundstueck-zum-verkauf-mit-projekt-fuer-ein-einfamilienhaus-in-manacor-so1913ma-vde\/\"\r\n\t\t\t\t\t\t\t\t\t\t\t\t\t   title=\"St\u00e4dtisches Baugrundst\u00fcck zum Verkauf mit Projekt f\u00fcr ein Einfamilienhaus in Manacor : : SO1913MA-VDE\"\r\n\t\t\t\t\t\t\t\t\t\t\t\t\t   class=\"mdl-button mdl-js-button mdl-button--raised mdl-js-ripple-effect mdl-button--primary-ghost\">\r\n\t\t\t\t\t\t\t\t\t\t\t\t\t\tDetails\t\t\t\t\t\t\t\t\t\t\t\t\t\t<span class=\"mdl-button__icon-right\"><i class=\"fa fa-angle-right\"><\/i><\/span>\r\n\t\t\t\t\t\t\t\t\t\t\t\t\t<\/a>\r\n\t\t\t\t\t\t\t\t\t\t\t\t<\/div>\r\n\t\t\t\t\t\t\t\t\t\t\t<\/div>\r\n\t\t\t\t\t\t\t\t\t\t<\/div>\r\n\t\t\t\t\t\t\t\t\t<\/div>\r\n\t\t\t\t\t\t\t\t<\/div>\r\n\t\t\t\t\t\t\t<\/div>\r\n\t\t\t\t\t\t<\/article>\r\n\t\t\t\t\t<\/div>\r\n\t\t\t\t\r\n\t\t\t\t\t<div class=\"item\">\r\n\t\t\t\t\t\t<article class=\"mh-estate-vertical   mh-attribute-property-type__geschaeftslokale-bueros mh-attribute-offer-type__zu-vermieten mh-attribute-city__manacor-de mh-attribute-features__buroraume mh-attribute-features__zentrale-lage\">\r\n\t\t\t\t\t\t\t<a href=\"https:\/\/novagestioinmobiliaria.com\/de\/propiedades-properties-immobilien\/gewerbeobjekt-zur-miete-in-manacor-lo1912ma-ade\/\"\r\n\t\t\t\t\t\t\t   title=\"Gewerbeobjekt zur Miete in Manacor : : LO1912MA-ADE\"\r\n\t\t\t\t\t\t\t   class=\"mh-thumbnail\">\r\n                        <span class=\"mh-thumbnail__inner\">\r\n                                    <img\r\n                    data-srcset=\"https:\/\/novagestioinmobiliaria.com\/wp-content\/uploads\/2026\/07\/Local-en-alquiler-en-Manacor-ref-1912-1-200x125.jpg 200w, https:\/\/novagestioinmobiliaria.com\/wp-content\/uploads\/2026\/07\/Local-en-alquiler-en-Manacor-ref-1912-1-800x500.jpg 800w, https:\/\/novagestioinmobiliaria.com\/wp-content\/uploads\/2026\/07\/Local-en-alquiler-en-Manacor-ref-1912-1-600x375.jpg 600w, https:\/\/novagestioinmobiliaria.com\/wp-content\/uploads\/2026\/07\/Local-en-alquiler-en-Manacor-ref-1912-1-400x250.jpg 400w\"\r\n                    class=\"lazyload \" alt=\"Gewerbeobjekt zur Miete in Manacor : : LO1912MA-ADE\"\r\n                    data-sizes=\"auto\"\r\n            >\r\n\t\t\t                        <\/span>\r\n\r\n\t\t\t\t\t\t\t\t\t\t\t\t\t\t\t\t\t<div class=\"mh-caption\">\r\n\t\t\t\t\t\t\t\t\t\t<div class=\"mh-caption__inner\">\r\n\t\t\t\t\t\t\t\t\t\t\tZu vermieten\t\t\t\t\t\t\t\t\t\t<\/div>\r\n\t\t\t\t\t\t\t\t\t<\/div>\r\n\t\t\t\t\t\t\t\t\t\r\n\t\t\t\t\t\t\t\t<div class=\"mh-estate-vertical__text\">\r\n\t\t\t\t\t\t\t\t\t<div class=\"mh-estate-vertical__text__inner\">\r\n\t\t\t\t\t\t\t\t\t\tGro\u00dfz\u00fcgiges Gewerbeobjekt zur Miete, nur 2 Minuten vom Zentrum Manacors entfernt Ein wundersch\u00f6nes Gewerbeobjekt von ca. 210 m\u00b2 steht zur...\t\t\t\t\t\t\t\t\t<\/div>\r\n\t\t\t\t\t\t\t\t<\/div>\r\n\t\t\t\t\t\t\t<\/a>\r\n\r\n\t\t\t\t\t\t\t<div class=\"mh-estate-vertical__content\">\r\n\t\t\t\t\t\t\t\t<h3 class=\"mh-estate-vertical__heading\">\r\n\t\t\t\t\t\t\t\t\t<a href=\"https:\/\/novagestioinmobiliaria.com\/de\/propiedades-properties-immobilien\/gewerbeobjekt-zur-miete-in-manacor-lo1912ma-ade\/\"\r\n\t\t\t\t\t\t\t\t\t   title=\"Gewerbeobjekt zur Miete in Manacor : : LO1912MA-ADE\">\r\n\t\t\t\t\t\t\t\t\t\tGewerbeobjekt zur Miete in Manacor : : LO1912MA-ADE\t\t\t\t\t\t\t\t\t<\/a>\r\n\t\t\t\t\t\t\t\t<\/h3>\r\n\t\t\t\t\t\t\t\t<address class=\"mh-estate-vertical__subheading\">\r\n\t\t\t\t\t\t\t\t\t\t\t\t\t\t\t\t\t<\/address>\r\n\t\t\t\t\t\t\t\t<div class=\"mh-estate-vertical__primary\">\r\n\t\t\t\t\t\t\t\t\t1.100 \u20ac\t\t\t\t\t\t\t\t<\/div>\r\n\r\n\t\t\t\t\t\t\t\t<div>\r\n\t\t\t\t\t\t\t\t\t<div class=\"mh-estate__list\">\r\n\t\t\t\t\t\t\t\t\t\t\r\n\t\t\t\t\t\t\t\t\t\t\t<span class=\"mh-estate-vertical__more-info mh-estate_attribute-offer-type\">\r\n                                        <strong>Angebotsart :<\/strong>\r\n\t\t\t\t\t\t\t\t\t\t\t\t\t\t\t\t\t\t\t\t\t\t\t\t\t\tZu vermieten\t\t\t\t\t\t\t\t\t\t\t\t\t\t                                    <\/span>\r\n\r\n\t\t\t\t\t\t\t\t\t\t\r\n\t\t\t\t\t\t\t\t\t\t\t<span class=\"mh-estate-vertical__more-info mh-estate_attribute-bathrooms\">\r\n                                        <strong>Badezimmer:<\/strong>\r\n\t\t\t\t\t\t\t\t\t\t\t\t1                                    <\/span>\r\n\r\n\t\t\t\t\t\t\t\t\t\t\r\n\t\t\t\t\t\t\t\t\t\t\t<span class=\"mh-estate-vertical__more-info mh-estate_attribute-property-size\">\r\n                                        <strong>Qm:<\/strong>\r\n\t\t\t\t\t\t\t\t\t\t\t\t210 qm                                    <\/span>\r\n\r\n\t\t\t\t\t\t\t\t\t\t\t\t\t\t\t\t\t\t\t<\/div>\r\n\t\t\t\t\t\t\t\t<\/div>\r\n\r\n\t\t\t\t\t\t\t\t<div class=\"mh-estate-vertical__bottom\">\r\n\t\t\t\t\t\t\t\t\t<div class=\"mh-estate-vertical__bottom__inner\">\r\n\t\t\t\t\t\t\t\t\t\t<div class=\"mh-estate-vertical__date\">\r\n\t\t\t\t\t\t\t\t\t\t\t1\u00a0Monat.\t\t\t\t\t\t\t\t\t\t<\/div>\r\n\t\t\t\t\t\t\t\t\t\t<div class=\"mh-estate-vertical__buttons-wrapper\">\r\n\t\t\t\t\t\t\t\t\t\t\t<div class=\"mh-estate-vertical__buttons\">\r\n\t\t\t\t\t\t\t\t\t\t\t\t<div class=\"mh-estate-vertical__buttons__single\">\r\n\t\t\t\t\t\t\t\t\t\t\t\t\t<compare-button class=\"myhome-compare\"\r\n\t\t\t\t\t\t\t\t\t\t\t\t\t\t\t\t\t:translations='{&quot;added&quot;:&quot;Zus\\u00e4tzlich&quot;,&quot;compare&quot;:&quot;Vergleichen&quot;}'\r\n\t\t\t\t\t\t\t\t\t\t\t\t\t\t\t\t\t:estate='{&quot;short_excerpt_limit&quot;:125,&quot;long_excerpt_limit&quot;:160,&quot;id&quot;:92474,&quot;agent_id&quot;:&quot;1&quot;,&quot;title&quot;:&quot;Gewerbeobjekt zur Miete in Manacor : : LO1912MA-ADE&quot;,&quot;content&quot;:&quot;Gro\\u00dfz\\u00fcgiges Gewerbeobjekt zur Miete, nur 2 Minuten vom Zentrum Manacors entfernt\\r\\n\\r\\nEin wundersch\\u00f6nes Gewerbeobjekt von ca. 210 m\\u00b2 steht zur Miete, gelegen in einem voll etablierten Gebiet mit hoher Gesch\\u00e4ftst\\u00e4tigkeit, nur zwei Minuten vom Stadtzentrum Manacor entfernt.\\r\\nDie Immobilie verteilt sich auf ein Erdgeschoss von etwa 125 m\\u00b2 sowie einen zus\\u00e4tzlichen Raum von ca. 20 m\\u00b2, der als Lager genutzt wird. Es verf\\u00fcgt \\u00fcber eine gro\\u00dfe Schaufensterfront, eine hervorragende Sichtbarkeit von der Stra\\u00dfe, automatische Rolll\\u00e4den und Klimaanlage.\\r\\nZus\\u00e4tzlich gibt es einen Keller von etwa 65 m\\u00b2, ideal als Lagerfl\\u00e4che, Archiv oder Unterst\\u00fctzung f\\u00fcr die Gesch\\u00e4ftst\\u00e4tigkeit.\\r\\nAufgrund seiner Eigenschaften, Lage und Aufteilung eignet sich das Objekt besonders f\\u00fcr Gesch\\u00e4fte, Berufsfachb\\u00fcros, B\\u00fcros, Coworking, Ausstellungen und Produktverkauf, Elektronik, Dienstleistungen oder \\u00e4hnliche Gewerbe.\\r\\nAktivit\\u00e4ten wie Restaurants, Cafeterias, Schnellimbisse, Obstl\\u00e4den oder der Verkauf von Lebensmitteln werden nicht akzeptiert. Das Lokal verf\\u00fcgt \\u00fcber keine Rauchabzugseinrichtung.\\r\\n\\r\\nMietbedingungen:\\r\\n+ Vorlage von Unterlagen zur Nachweis der finanziellen Bonit\\u00e4t erforderlich.\\r\\n+ Zwei Monatsmieten als Kaution.\\r\\n+ Eine Monatsmiete als Maklergeb\\u00fchr.\\r\\n+ Sofortige Verf\\u00fcgbarkeit.\\r\\n\\r\\nEine exzellente Gelegenheit, Ihr Gesch\\u00e4ft in einer der bedeutendsten Gesch\\u00e4ftsviertel Manacors zu etablieren.\\r\\n\\r\\nNova Gesti\\u00f3, Ihre vertrauensw\\u00fcrdige Immobilienagentur in Manacor.&quot;,&quot;excerpt&quot;:&quot;Gro\\u00dfz\\u00fcgiges Gewerbeobjekt zur Miete, nur 2 Minuten vom Zentrum Manacors entfernt Ein wundersch\\u00f6nes Gewerbeobjekt von ca. 210 m\\u00b2 steht zur Miete, gelegen in einem voll etablierten Gebiet mit hoher Gesch\\u00e4ftst\\u00e4tigkeit, nur zwei Minuten vom Stadtzentrum Manacor entfernt. Die Immobilie verteilt sich auf ein Erdgeschoss von etwa 125 m\\u00b2 sowie einen zus\\u00e4tzlichen Raum von ca. 20 [\\u2026]&quot;,&quot;short_excerpt&quot;:&quot;Gro\\u00dfz\\u00fcgiges Gewerbeobjekt zur Miete, nur 2 Minuten vom Zentrum Manacors entfernt\\r\\n\\r\\nEin wundersch\\u00f6nes Gewerbeobjekt von ca...&quot;,&quot;long_excerpt&quot;:&quot;Gro\\u00dfz\\u00fcgiges Gewerbeobjekt zur Miete, nur 2 Minuten vom Zentrum Manacors entfernt\\r\\n\\r\\nEin wundersch\\u00f6nes Gewerbeobjekt von ca. 210 m\\u00b2 steht zur Miete, gelegen i...&quot;,&quot;link&quot;:&quot;https:\\\/\\\/novagestioinmobiliaria.com\\\/de\\\/propiedades-properties-immobilien\\\/gewerbeobjekt-zur-miete-in-manacor-lo1912ma-ade\\\/&quot;,&quot;offer_type&quot;:&quot;Zu vermieten&quot;,&quot;price&quot;:&quot;1.100 \\u20ac&quot;,&quot;location&quot;:false,&quot;is_featured&quot;:true,&quot;gallery&quot;:[{&quot;id&quot;:92457,&quot;url&quot;:&quot;https:\\\/\\\/novagestioinmobiliaria.com\\\/wp-content\\\/uploads\\\/2026\\\/07\\\/Local-en-alquiler-en-Manacor-ref-1912-1.jpg&quot;,&quot;alt&quot;:&quot;&quot;},{&quot;id&quot;:92472,&quot;url&quot;:&quot;https:\\\/\\\/novagestioinmobiliaria.com\\\/wp-content\\\/uploads\\\/2026\\\/07\\\/Local-en-alquiler-en-Manacor-ref-1912-7.jpg&quot;,&quot;alt&quot;:&quot;&quot;},{&quot;id&quot;:92469,&quot;url&quot;:&quot;https:\\\/\\\/novagestioinmobiliaria.com\\\/wp-content\\\/uploads\\\/2026\\\/07\\\/Local-en-alquiler-en-Manacor-ref-1912-6.jpg&quot;,&quot;alt&quot;:&quot;&quot;},{&quot;id&quot;:92466,&quot;url&quot;:&quot;https:\\\/\\\/novagestioinmobiliaria.com\\\/wp-content\\\/uploads\\\/2026\\\/07\\\/Local-en-alquiler-en-Manacor-ref-1912-4.jpg&quot;,&quot;alt&quot;:&quot;&quot;},{&quot;id&quot;:92463,&quot;url&quot;:&quot;https:\\\/\\\/novagestioinmobiliaria.com\\\/wp-content\\\/uploads\\\/2026\\\/07\\\/Local-en-alquiler-en-Manacor-ref-1912-3.jpg&quot;,&quot;alt&quot;:&quot;&quot;},{&quot;id&quot;:92460,&quot;url&quot;:&quot;https:\\\/\\\/novagestioinmobiliaria.com\\\/wp-content\\\/uploads\\\/2026\\\/07\\\/Local-en-alquiler-en-Manacor-ref-1912-2.jpg&quot;,&quot;alt&quot;:&quot;&quot;},{&quot;id&quot;:92454,&quot;url&quot;:&quot;https:\\\/\\\/novagestioinmobiliaria.com\\\/wp-content\\\/uploads\\\/2026\\\/07\\\/Local-en-alquiler-en-Manacor-ref-1912-10.jpg&quot;,&quot;alt&quot;:&quot;&quot;},{&quot;id&quot;:92451,&quot;url&quot;:&quot;https:\\\/\\\/novagestioinmobiliaria.com\\\/wp-content\\\/uploads\\\/2026\\\/07\\\/Local-en-alquiler-en-Manacor-ref-1912-9.jpg&quot;,&quot;alt&quot;:&quot;&quot;},{&quot;id&quot;:92448,&quot;url&quot;:&quot;https:\\\/\\\/novagestioinmobiliaria.com\\\/wp-content\\\/uploads\\\/2026\\\/07\\\/Local-en-alquiler-en-Manacor-ref-1912-8.jpg&quot;,&quot;alt&quot;:&quot;&quot;}],&quot;attributes&quot;:[{&quot;slug&quot;:&quot;property-type&quot;,&quot;name&quot;:&quot;Immobilientyp&quot;,&quot;has_archive&quot;:true,&quot;elements&quot;:[{&quot;name&quot;:&quot;Gesch\\u00e4ftslokale \\\/ B\\u00fcros&quot;,&quot;link&quot;:&quot;https:\\\/\\\/novagestioinmobiliaria.com\\\/de\\\/immobilientyp\\\/geschaeftslokale-bueros\\\/&quot;,&quot;slug&quot;:&quot;geschaeftslokale-bueros&quot;}],&quot;card&quot;:false,&quot;show&quot;:true,&quot;display_after&quot;:&quot;&quot;,&quot;new_box&quot;:false},{&quot;slug&quot;:&quot;offer-type&quot;,&quot;name&quot;:&quot;Angebotsart &quot;,&quot;has_archive&quot;:true,&quot;elements&quot;:[{&quot;name&quot;:&quot;Zu vermieten&quot;,&quot;link&quot;:&quot;https:\\\/\\\/novagestioinmobiliaria.com\\\/de\\\/offer-type\\\/zu-vermieten\\\/&quot;,&quot;slug&quot;:&quot;zu-vermieten&quot;}],&quot;card&quot;:true,&quot;show&quot;:true,&quot;display_after&quot;:&quot;&quot;,&quot;new_box&quot;:false},{&quot;slug&quot;:&quot;city&quot;,&quot;name&quot;:&quot;Ort&quot;,&quot;has_archive&quot;:true,&quot;elements&quot;:[{&quot;name&quot;:&quot;Manacor&quot;,&quot;link&quot;:&quot;https:\\\/\\\/novagestioinmobiliaria.com\\\/de\\\/city\\\/manacor-de\\\/&quot;,&quot;slug&quot;:&quot;manacor-de&quot;}],&quot;card&quot;:false,&quot;show&quot;:true,&quot;display_after&quot;:&quot;&quot;,&quot;new_box&quot;:false},{&quot;slug&quot;:&quot;price&quot;,&quot;name&quot;:&quot;Preis&quot;,&quot;has_archive&quot;:false,&quot;elements&quot;:[{&quot;name&quot;:&quot;1100&quot;,&quot;link&quot;:&quot;&quot;,&quot;slug&quot;:&quot;&quot;}],&quot;show&quot;:false,&quot;card&quot;:false,&quot;display_after&quot;:&quot;\\u20ac&quot;,&quot;new_box&quot;:false},{&quot;slug&quot;:&quot;bathrooms&quot;,&quot;name&quot;:&quot;Badezimmer&quot;,&quot;has_archive&quot;:false,&quot;elements&quot;:[{&quot;name&quot;:&quot;1&quot;,&quot;link&quot;:&quot;&quot;,&quot;slug&quot;:&quot;&quot;}],&quot;show&quot;:true,&quot;card&quot;:true,&quot;display_after&quot;:&quot;&quot;,&quot;new_box&quot;:false},{&quot;slug&quot;:&quot;property-size&quot;,&quot;name&quot;:&quot;Qm&quot;,&quot;has_archive&quot;:false,&quot;elements&quot;:[{&quot;name&quot;:&quot;210&quot;,&quot;link&quot;:&quot;&quot;,&quot;slug&quot;:&quot;&quot;}],&quot;show&quot;:true,&quot;card&quot;:true,&quot;display_after&quot;:&quot;qm&quot;,&quot;new_box&quot;:false},{&quot;slug&quot;:&quot;features&quot;,&quot;name&quot;:&quot;Eigenschaften&quot;,&quot;has_archive&quot;:true,&quot;elements&quot;:[{&quot;name&quot;:&quot;B\\u00fcror\\u00e4ume&quot;,&quot;link&quot;:&quot;https:\\\/\\\/novagestioinmobiliaria.com\\\/de\\\/eigenschaften\\\/buroraume\\\/&quot;,&quot;slug&quot;:&quot;buroraume&quot;},{&quot;name&quot;:&quot;Zentrale Lage&quot;,&quot;link&quot;:&quot;https:\\\/\\\/novagestioinmobiliaria.com\\\/de\\\/eigenschaften\\\/zentrale-lage\\\/&quot;,&quot;slug&quot;:&quot;zentrale-lage&quot;}],&quot;card&quot;:false,&quot;show&quot;:true,&quot;display_after&quot;:&quot;&quot;,&quot;new_box&quot;:true}],&quot;views&quot;:17,&quot;days_ago&quot;:&quot;1\\u00a0Monat.&quot;,&quot;image_id&quot;:92457,&quot;image_url&quot;:&quot;https:\\\/\\\/novagestioinmobiliaria.com\\\/wp-content\\\/uploads\\\/2026\\\/07\\\/Local-en-alquiler-en-Manacor-ref-1912-1.jpg&quot;,&quot;tags&quot;:[{&quot;name&quot;:&quot;Eigenschaften&quot;,&quot;elements&quot;:[{&quot;name&quot;:&quot;B\\u00fcror\\u00e4ume&quot;,&quot;link&quot;:&quot;https:\\\/\\\/novagestioinmobiliaria.com\\\/de\\\/eigenschaften\\\/buroraume\\\/&quot;},{&quot;name&quot;:&quot;Zentrale Lage&quot;,&quot;link&quot;:&quot;https:\\\/\\\/novagestioinmobiliaria.com\\\/de\\\/eigenschaften\\\/zentrale-lage\\\/&quot;}],&quot;has_archive&quot;:true}],&quot;status&quot;:&quot;publish&quot;,&quot;plans&quot;:[],&quot;video_plan&quot;:{&quot;src&quot;:&quot;https:\\\/\\\/youtu.be\\\/WwhIIRHl-Mc&quot;,&quot;video&quot;:&quot;&quot;},&quot;virtual_tour&quot;:null,&quot;state&quot;:&quot;&quot;,&quot;labels&quot;:[],&quot;image&quot;:&quot;https:\\\/\\\/novagestioinmobiliaria.com\\\/wp-content\\\/uploads\\\/2026\\\/07\\\/Local-en-alquiler-en-Manacor-ref-1912-1-400x250.jpg&quot;,&quot;image_srcset&quot;:&quot;https:\\\/\\\/novagestioinmobiliaria.com\\\/wp-content\\\/uploads\\\/2026\\\/07\\\/Local-en-alquiler-en-Manacor-ref-1912-1-200x125.jpg 200w, https:\\\/\\\/novagestioinmobiliaria.com\\\/wp-content\\\/uploads\\\/2026\\\/07\\\/Local-en-alquiler-en-Manacor-ref-1912-1-800x500.jpg 800w, https:\\\/\\\/novagestioinmobiliaria.com\\\/wp-content\\\/uploads\\\/2026\\\/07\\\/Local-en-alquiler-en-Manacor-ref-1912-1-600x375.jpg 600w, https:\\\/\\\/novagestioinmobiliaria.com\\\/wp-content\\\/uploads\\\/2026\\\/07\\\/Local-en-alquiler-en-Manacor-ref-1912-1-400x250.jpg 400w&quot;}'>\r\n\t\t\t\t\t\t\t\t\t\t\t\t\t<\/compare-button>\r\n\t\t\t\t\t\t\t\t\t\t\t\t<\/div>\r\n\t\t\t\t\t\t\t\t\t\t\t\t<div class=\"mh-estate-vertical__buttons__single\">\r\n\t\t\t\t\t\t\t\t\t\t\t\t\t<a href=\"https:\/\/novagestioinmobiliaria.com\/de\/propiedades-properties-immobilien\/gewerbeobjekt-zur-miete-in-manacor-lo1912ma-ade\/\"\r\n\t\t\t\t\t\t\t\t\t\t\t\t\t   title=\"Gewerbeobjekt zur Miete in Manacor : : LO1912MA-ADE\"\r\n\t\t\t\t\t\t\t\t\t\t\t\t\t   class=\"mdl-button mdl-js-button mdl-button--raised mdl-js-ripple-effect mdl-button--primary-ghost\">\r\n\t\t\t\t\t\t\t\t\t\t\t\t\t\tDetails\t\t\t\t\t\t\t\t\t\t\t\t\t\t<span class=\"mdl-button__icon-right\"><i class=\"fa fa-angle-right\"><\/i><\/span>\r\n\t\t\t\t\t\t\t\t\t\t\t\t\t<\/a>\r\n\t\t\t\t\t\t\t\t\t\t\t\t<\/div>\r\n\t\t\t\t\t\t\t\t\t\t\t<\/div>\r\n\t\t\t\t\t\t\t\t\t\t<\/div>\r\n\t\t\t\t\t\t\t\t\t<\/div>\r\n\t\t\t\t\t\t\t\t<\/div>\r\n\t\t\t\t\t\t\t<\/div>\r\n\t\t\t\t\t\t<\/article>\r\n\t\t\t\t\t<\/div>\r\n\t\t\t\t\r\n\t\t\t\t\t<div class=\"item\">\r\n\t\t\t\t\t\t<article class=\"mh-estate-vertical   mh-attribute-property-type__villen-chalets mh-attribute-offer-type__zu-verkaufen mh-attribute-city__sa-coma-de mh-attribute-features__einbaukueche mh-attribute-features__garage-de mh-attribute-features__garten mh-attribute-features__grill mh-attribute-features__heizung mh-attribute-features__klimaanlage mh-attribute-features__privatpool mh-attribute-features__ruhige-lage mh-attribute-features__strand-in-der-nahe-de mh-attribute-features__terrasse mh-attribute-features__wascherei\">\r\n\t\t\t\t\t\t\t<a href=\"https:\/\/novagestioinmobiliaria.com\/de\/propiedades-properties-immobilien\/villa-zu-verkaufen-in-sa-coma-ch1458scm-vde\/\"\r\n\t\t\t\t\t\t\t   title=\"Villa zu verkaufen in Sa Coma : : CH1458SCM-VDE\"\r\n\t\t\t\t\t\t\t   class=\"mh-thumbnail\">\r\n                        <span class=\"mh-thumbnail__inner\">\r\n                                    <img\r\n                    data-srcset=\"https:\/\/novagestioinmobiliaria.com\/wp-content\/uploads\/2023\/07\/Chalete-en-venmta-en-Sa-Coma-ref-1458-93-200x125.jpg 200w, https:\/\/novagestioinmobiliaria.com\/wp-content\/uploads\/2023\/07\/Chalete-en-venmta-en-Sa-Coma-ref-1458-93-800x500.jpg 800w, https:\/\/novagestioinmobiliaria.com\/wp-content\/uploads\/2023\/07\/Chalete-en-venmta-en-Sa-Coma-ref-1458-93-600x375.jpg 600w, https:\/\/novagestioinmobiliaria.com\/wp-content\/uploads\/2023\/07\/Chalete-en-venmta-en-Sa-Coma-ref-1458-93-400x250.jpg 400w\"\r\n                    class=\"lazyload \" alt=\"Villa zu verkaufen in Sa Coma : : CH1458SCM-VDE\"\r\n                    data-sizes=\"auto\"\r\n            >\r\n\t\t\t                        <\/span>\r\n\r\n\t\t\t\t\t\t\t\t\t\t\t\t\t\t\t\t\t<div class=\"mh-caption\">\r\n\t\t\t\t\t\t\t\t\t\t<div class=\"mh-caption__inner\">\r\n\t\t\t\t\t\t\t\t\t\t\tZu verkaufen\t\t\t\t\t\t\t\t\t\t<\/div>\r\n\t\t\t\t\t\t\t\t\t<\/div>\r\n\t\t\t\t\t\t\t\t\t\r\n\t\t\t\t\t\t\t\t<div class=\"mh-estate-vertical__text\">\r\n\t\t\t\t\t\t\t\t\t<div class=\"mh-estate-vertical__text__inner\">\r\n\t\t\t\t\t\t\t\t\t\tWundersch\u00f6ne Villa zum Verkauf in Sa Coma in der Gemeinde Sant Lloren\u00e7 des Cardessar. Diese pr\u00e4chtige Villa verf\u00fcgt \u00fcber eine...\t\t\t\t\t\t\t\t\t<\/div>\r\n\t\t\t\t\t\t\t\t<\/div>\r\n\t\t\t\t\t\t\t<\/a>\r\n\r\n\t\t\t\t\t\t\t<div class=\"mh-estate-vertical__content\">\r\n\t\t\t\t\t\t\t\t<h3 class=\"mh-estate-vertical__heading\">\r\n\t\t\t\t\t\t\t\t\t<a href=\"https:\/\/novagestioinmobiliaria.com\/de\/propiedades-properties-immobilien\/villa-zu-verkaufen-in-sa-coma-ch1458scm-vde\/\"\r\n\t\t\t\t\t\t\t\t\t   title=\"Villa zu verkaufen in Sa Coma : : CH1458SCM-VDE\">\r\n\t\t\t\t\t\t\t\t\t\tVilla zu verkaufen in Sa Coma : : CH1458SCM-VDE\t\t\t\t\t\t\t\t\t<\/a>\r\n\t\t\t\t\t\t\t\t<\/h3>\r\n\t\t\t\t\t\t\t\t<address class=\"mh-estate-vertical__subheading\">\r\n\t\t\t\t\t\t\t\t\tSa Coma, Espa\u00f1a\t\t\t\t\t\t\t\t<\/address>\r\n\t\t\t\t\t\t\t\t<div class=\"mh-estate-vertical__primary\">\r\n\t\t\t\t\t\t\t\t\t1.100.000 \u20ac\t\t\t\t\t\t\t\t<\/div>\r\n\r\n\t\t\t\t\t\t\t\t<div>\r\n\t\t\t\t\t\t\t\t\t<div class=\"mh-estate__list\">\r\n\t\t\t\t\t\t\t\t\t\t\r\n\t\t\t\t\t\t\t\t\t\t\t<span class=\"mh-estate-vertical__more-info mh-estate_attribute-offer-type\">\r\n                                        <strong>Angebotsart :<\/strong>\r\n\t\t\t\t\t\t\t\t\t\t\t\t\t\t\t\t\t\t\t\t\t\t\t\t\t\tZu verkaufen\t\t\t\t\t\t\t\t\t\t\t\t\t\t                                    <\/span>\r\n\r\n\t\t\t\t\t\t\t\t\t\t\r\n\t\t\t\t\t\t\t\t\t\t\t<span class=\"mh-estate-vertical__more-info mh-estate_attribute-bedrooms\">\r\n                                        <strong>Schlafzimmer:<\/strong>\r\n\t\t\t\t\t\t\t\t\t\t\t\t6                                    <\/span>\r\n\r\n\t\t\t\t\t\t\t\t\t\t\r\n\t\t\t\t\t\t\t\t\t\t\t<span class=\"mh-estate-vertical__more-info mh-estate_attribute-bathrooms\">\r\n                                        <strong>Badezimmer:<\/strong>\r\n\t\t\t\t\t\t\t\t\t\t\t\t4                                    <\/span>\r\n\r\n\t\t\t\t\t\t\t\t\t\t\r\n\t\t\t\t\t\t\t\t\t\t\t<span class=\"mh-estate-vertical__more-info mh-estate_attribute-property-size\">\r\n                                        <strong>Qm:<\/strong>\r\n\t\t\t\t\t\t\t\t\t\t\t\t357 qm                                    <\/span>\r\n\r\n\t\t\t\t\t\t\t\t\t\t\t\t\t\t\t\t\t\t\t<\/div>\r\n\t\t\t\t\t\t\t\t<\/div>\r\n\r\n\t\t\t\t\t\t\t\t<div class=\"mh-estate-vertical__bottom\">\r\n\t\t\t\t\t\t\t\t\t<div class=\"mh-estate-vertical__bottom__inner\">\r\n\t\t\t\t\t\t\t\t\t\t<div class=\"mh-estate-vertical__date\">\r\n\t\t\t\t\t\t\t\t\t\t\t1\u00a0Monat.\t\t\t\t\t\t\t\t\t\t<\/div>\r\n\t\t\t\t\t\t\t\t\t\t<div class=\"mh-estate-vertical__buttons-wrapper\">\r\n\t\t\t\t\t\t\t\t\t\t\t<div class=\"mh-estate-vertical__buttons\">\r\n\t\t\t\t\t\t\t\t\t\t\t\t<div class=\"mh-estate-vertical__buttons__single\">\r\n\t\t\t\t\t\t\t\t\t\t\t\t\t<compare-button class=\"myhome-compare\"\r\n\t\t\t\t\t\t\t\t\t\t\t\t\t\t\t\t\t:translations='{&quot;added&quot;:&quot;Zus\\u00e4tzlich&quot;,&quot;compare&quot;:&quot;Vergleichen&quot;}'\r\n\t\t\t\t\t\t\t\t\t\t\t\t\t\t\t\t\t:estate='{&quot;short_excerpt_limit&quot;:125,&quot;long_excerpt_limit&quot;:160,&quot;id&quot;:64196,&quot;agent_id&quot;:&quot;1&quot;,&quot;title&quot;:&quot;Villa zu verkaufen in Sa Coma : : CH1458SCM-VDE&quot;,&quot;content&quot;:&quot;Wundersch\\u00f6ne Villa zum Verkauf in Sa Coma in der Gemeinde Sant Lloren\\u00e7 des Cardessar. Diese pr\\u00e4chtige Villa verf\\u00fcgt \\u00fcber eine bebaute Fl\\u00e4che von ca. 357 m2, verteilt auf ca. 172 m2 im Erdgeschoss und 185 m2 im ersten Stock, auf einem Grundst\\u00fcck von ca. 414 m2. Es verf\\u00fcgt \\u00fcber 5 ger\\u00e4umige Zimmer, verteilt auf Erdgeschoss und erste Etage, sowie ein Servicestudio im Obergeschoss, umgeben von Terrassen. Gro\\u00dfer Saal mit viel Tageslicht. Gro\\u00dfe K\\u00fcche, m\\u00f6bliert und ausgestattet mit einer Insel.\\r\\nDas Haus verf\\u00fcgt \\u00fcber zwei sch\\u00f6ne Veranden in zwei verschiedenen Teilen des Hauses, eine davon mit Grill, die Zimmerei besteht aus Hartholz und PVC mit Doppelverglasung. In die obere Etage gelangen Sie \\u00fcber eine Treppe und ein gro\\u00dfes dekoriertes Fenster, das viel Licht am Eingang und Zugang spendet. Der erste Stock wurde vor nicht allzu vielen Jahren renoviert. Es verf\\u00fcgt \\u00fcber 4 Badezimmer, von denen 3 \\u00fcber ein eigenes Bad verf\\u00fcgen, davon 3 mit gro\\u00dfen Badewannen und 1 mit einer Dusche. Drau\\u00dfen finden wir in der Ecke einen sch\\u00f6nen Pool mit zwei Veranden, eine neben dem Haus und eine andere vor dem Pool, wo wir ein gem\\u00fctliches Bad nehmen und uns ausruhen k\\u00f6nnen. Es verf\\u00fcgt au\\u00dferdem \\u00fcber 2 gro\\u00dfe Garagen und einen Keller, der sich ideal zum Lagern von Dingen eignet. Der Garten, der das Haus umgibt, ist sehr gepflegt und verleiht dem Chalet viel Licht und Ger\\u00e4umigkeit. Dieses sch\\u00f6ne Anwesen liegt sehr nah am Strand, nur etwa 500 m. Hauswirtschaftsraum im obersten Stockwerk. Waschk\\u00fcche im Obergeschoss. AACC mit W\\u00e4rmepumpe. Zentralheizung auf Erdgas.\\r\\nNova Gesti\\u00f3 Inmobiliaria in Sa Coma&quot;,&quot;excerpt&quot;:&quot;Wundersch\\u00f6ne Villa zum Verkauf in Sa Coma in der Gemeinde Sant Lloren\\u00e7 des Cardessar. Diese pr\\u00e4chtige Villa verf\\u00fcgt \\u00fcber eine bebaute Fl\\u00e4che von ca. 357 m2, verteilt auf ca. 172 m2 im Erdgeschoss und 185 m2 im ersten Stock, auf einem Grundst\\u00fcck von ca. 414 m2. Es verf\\u00fcgt \\u00fcber 5 ger\\u00e4umige Zimmer, verteilt auf Erdgeschoss [\\u2026]&quot;,&quot;short_excerpt&quot;:&quot;Wundersch\\u00f6ne Villa zum Verkauf in Sa Coma in der Gemeinde Sant Lloren\\u00e7 des Cardessar. Diese pr\\u00e4chtige Villa verf\\u00fcgt \\u00fcber e...&quot;,&quot;long_excerpt&quot;:&quot;Wundersch\\u00f6ne Villa zum Verkauf in Sa Coma in der Gemeinde Sant Lloren\\u00e7 des Cardessar. Diese pr\\u00e4chtige Villa verf\\u00fcgt \\u00fcber eine bebaute Fl\\u00e4che von ca. 357 m2, ...&quot;,&quot;link&quot;:&quot;https:\\\/\\\/novagestioinmobiliaria.com\\\/de\\\/propiedades-properties-immobilien\\\/villa-zu-verkaufen-in-sa-coma-ch1458scm-vde\\\/&quot;,&quot;offer_type&quot;:&quot;Zu verkaufen&quot;,&quot;price&quot;:&quot;1.100.000 \\u20ac&quot;,&quot;location&quot;:{&quot;address&quot;:&quot;Sa Coma, Espa\\u00f1a&quot;,&quot;lat&quot;:&quot;39.5759267&quot;,&quot;lng&quot;:&quot;3.3729045&quot;},&quot;is_featured&quot;:true,&quot;gallery&quot;:[{&quot;id&quot;:64013,&quot;url&quot;:&quot;https:\\\/\\\/novagestioinmobiliaria.com\\\/wp-content\\\/uploads\\\/2023\\\/07\\\/Chalete-en-venmta-en-Sa-Coma-ref-1458-98.jpg&quot;,&quot;alt&quot;:&quot;&quot;},{&quot;id&quot;:64016,&quot;url&quot;:&quot;https:\\\/\\\/novagestioinmobiliaria.com\\\/wp-content\\\/uploads\\\/2023\\\/07\\\/Chalete-en-venmta-en-Sa-Coma-ref-1458-1.jpg&quot;,&quot;alt&quot;:&quot;&quot;},{&quot;id&quot;:64019,&quot;url&quot;:&quot;https:\\\/\\\/novagestioinmobiliaria.com\\\/wp-content\\\/uploads\\\/2023\\\/07\\\/Chalete-en-venmta-en-Sa-Coma-ref-1458-2.jpg&quot;,&quot;alt&quot;:&quot;&quot;},{&quot;id&quot;:64022,&quot;url&quot;:&quot;https:\\\/\\\/novagestioinmobiliaria.com\\\/wp-content\\\/uploads\\\/2023\\\/07\\\/Chalete-en-venmta-en-Sa-Coma-ref-1458-6.jpg&quot;,&quot;alt&quot;:&quot;&quot;},{&quot;id&quot;:64025,&quot;url&quot;:&quot;https:\\\/\\\/novagestioinmobiliaria.com\\\/wp-content\\\/uploads\\\/2023\\\/07\\\/Chalete-en-venmta-en-Sa-Coma-ref-1458-8.jpg&quot;,&quot;alt&quot;:&quot;&quot;},{&quot;id&quot;:64028,&quot;url&quot;:&quot;https:\\\/\\\/novagestioinmobiliaria.com\\\/wp-content\\\/uploads\\\/2023\\\/07\\\/Chalete-en-venmta-en-Sa-Coma-ref-1458-10.jpg&quot;,&quot;alt&quot;:&quot;&quot;},{&quot;id&quot;:64031,&quot;url&quot;:&quot;https:\\\/\\\/novagestioinmobiliaria.com\\\/wp-content\\\/uploads\\\/2023\\\/07\\\/Chalete-en-venmta-en-Sa-Coma-ref-1458-13.jpg&quot;,&quot;alt&quot;:&quot;&quot;},{&quot;id&quot;:64034,&quot;url&quot;:&quot;https:\\\/\\\/novagestioinmobiliaria.com\\\/wp-content\\\/uploads\\\/2023\\\/07\\\/Chalete-en-venmta-en-Sa-Coma-ref-1458-14.jpg&quot;,&quot;alt&quot;:&quot;&quot;},{&quot;id&quot;:64037,&quot;url&quot;:&quot;https:\\\/\\\/novagestioinmobiliaria.com\\\/wp-content\\\/uploads\\\/2023\\\/07\\\/Chalete-en-venmta-en-Sa-Coma-ref-1458-15.jpg&quot;,&quot;alt&quot;:&quot;&quot;},{&quot;id&quot;:64040,&quot;url&quot;:&quot;https:\\\/\\\/novagestioinmobiliaria.com\\\/wp-content\\\/uploads\\\/2023\\\/07\\\/Chalete-en-venmta-en-Sa-Coma-ref-1458-17.jpg&quot;,&quot;alt&quot;:&quot;&quot;},{&quot;id&quot;:64043,&quot;url&quot;:&quot;https:\\\/\\\/novagestioinmobiliaria.com\\\/wp-content\\\/uploads\\\/2023\\\/07\\\/Chalete-en-venmta-en-Sa-Coma-ref-1458-19.jpg&quot;,&quot;alt&quot;:&quot;&quot;},{&quot;id&quot;:64046,&quot;url&quot;:&quot;https:\\\/\\\/novagestioinmobiliaria.com\\\/wp-content\\\/uploads\\\/2023\\\/07\\\/Chalete-en-venmta-en-Sa-Coma-ref-1458-20.jpg&quot;,&quot;alt&quot;:&quot;&quot;},{&quot;id&quot;:64049,&quot;url&quot;:&quot;https:\\\/\\\/novagestioinmobiliaria.com\\\/wp-content\\\/uploads\\\/2023\\\/07\\\/Chalete-en-venmta-en-Sa-Coma-ref-1458-21.jpg&quot;,&quot;alt&quot;:&quot;&quot;},{&quot;id&quot;:64052,&quot;url&quot;:&quot;https:\\\/\\\/novagestioinmobiliaria.com\\\/wp-content\\\/uploads\\\/2023\\\/07\\\/Chalete-en-venmta-en-Sa-Coma-ref-1458-22.jpg&quot;,&quot;alt&quot;:&quot;&quot;},{&quot;id&quot;:64055,&quot;url&quot;:&quot;https:\\\/\\\/novagestioinmobiliaria.com\\\/wp-content\\\/uploads\\\/2023\\\/07\\\/Chalete-en-venmta-en-Sa-Coma-ref-1458-26.jpg&quot;,&quot;alt&quot;:&quot;&quot;},{&quot;id&quot;:64058,&quot;url&quot;:&quot;https:\\\/\\\/novagestioinmobiliaria.com\\\/wp-content\\\/uploads\\\/2023\\\/07\\\/Chalete-en-venmta-en-Sa-Coma-ref-1458-28.jpg&quot;,&quot;alt&quot;:&quot;&quot;},{&quot;id&quot;:64061,&quot;url&quot;:&quot;https:\\\/\\\/novagestioinmobiliaria.com\\\/wp-content\\\/uploads\\\/2023\\\/07\\\/Chalete-en-venmta-en-Sa-Coma-ref-1458-29.jpg&quot;,&quot;alt&quot;:&quot;&quot;},{&quot;id&quot;:64064,&quot;url&quot;:&quot;https:\\\/\\\/novagestioinmobiliaria.com\\\/wp-content\\\/uploads\\\/2023\\\/07\\\/Chalete-en-venmta-en-Sa-Coma-ref-1458-32-scaled.jpg&quot;,&quot;alt&quot;:&quot;&quot;},{&quot;id&quot;:64067,&quot;url&quot;:&quot;https:\\\/\\\/novagestioinmobiliaria.com\\\/wp-content\\\/uploads\\\/2023\\\/07\\\/Chalete-en-venmta-en-Sa-Coma-ref-1458-33.jpg&quot;,&quot;alt&quot;:&quot;&quot;},{&quot;id&quot;:64070,&quot;url&quot;:&quot;https:\\\/\\\/novagestioinmobiliaria.com\\\/wp-content\\\/uploads\\\/2023\\\/07\\\/Chalete-en-venmta-en-Sa-Coma-ref-1458-37.jpg&quot;,&quot;alt&quot;:&quot;&quot;},{&quot;id&quot;:64073,&quot;url&quot;:&quot;https:\\\/\\\/novagestioinmobiliaria.com\\\/wp-content\\\/uploads\\\/2023\\\/07\\\/Chalete-en-venmta-en-Sa-Coma-ref-1458-41.jpg&quot;,&quot;alt&quot;:&quot;&quot;},{&quot;id&quot;:64076,&quot;url&quot;:&quot;https:\\\/\\\/novagestioinmobiliaria.com\\\/wp-content\\\/uploads\\\/2023\\\/07\\\/Chalete-en-venmta-en-Sa-Coma-ref-1458-42-scaled.jpg&quot;,&quot;alt&quot;:&quot;&quot;},{&quot;id&quot;:64079,&quot;url&quot;:&quot;https:\\\/\\\/novagestioinmobiliaria.com\\\/wp-content\\\/uploads\\\/2023\\\/07\\\/Chalete-en-venmta-en-Sa-Coma-ref-1458-43-scaled.jpg&quot;,&quot;alt&quot;:&quot;&quot;},{&quot;id&quot;:64082,&quot;url&quot;:&quot;https:\\\/\\\/novagestioinmobiliaria.com\\\/wp-content\\\/uploads\\\/2023\\\/07\\\/Chalete-en-venmta-en-Sa-Coma-ref-1458-44-scaled.jpg&quot;,&quot;alt&quot;:&quot;&quot;},{&quot;id&quot;:64085,&quot;url&quot;:&quot;https:\\\/\\\/novagestioinmobiliaria.com\\\/wp-content\\\/uploads\\\/2023\\\/07\\\/Chalete-en-venmta-en-Sa-Coma-ref-1458-45-scaled.jpg&quot;,&quot;alt&quot;:&quot;&quot;},{&quot;id&quot;:64088,&quot;url&quot;:&quot;https:\\\/\\\/novagestioinmobiliaria.com\\\/wp-content\\\/uploads\\\/2023\\\/07\\\/Chalete-en-venmta-en-Sa-Coma-ref-1458-46-scaled.jpg&quot;,&quot;alt&quot;:&quot;&quot;},{&quot;id&quot;:64091,&quot;url&quot;:&quot;https:\\\/\\\/novagestioinmobiliaria.com\\\/wp-content\\\/uploads\\\/2023\\\/07\\\/Chalete-en-venmta-en-Sa-Coma-ref-1458-49-scaled.jpg&quot;,&quot;alt&quot;:&quot;&quot;},{&quot;id&quot;:64094,&quot;url&quot;:&quot;https:\\\/\\\/novagestioinmobiliaria.com\\\/wp-content\\\/uploads\\\/2023\\\/07\\\/Chalete-en-venmta-en-Sa-Coma-ref-1458-50.jpg&quot;,&quot;alt&quot;:&quot;&quot;},{&quot;id&quot;:64097,&quot;url&quot;:&quot;https:\\\/\\\/novagestioinmobiliaria.com\\\/wp-content\\\/uploads\\\/2023\\\/07\\\/Chalete-en-venmta-en-Sa-Coma-ref-1458-51.jpg&quot;,&quot;alt&quot;:&quot;&quot;},{&quot;id&quot;:64100,&quot;url&quot;:&quot;https:\\\/\\\/novagestioinmobiliaria.com\\\/wp-content\\\/uploads\\\/2023\\\/07\\\/Chalete-en-venmta-en-Sa-Coma-ref-1458-52.jpg&quot;,&quot;alt&quot;:&quot;&quot;},{&quot;id&quot;:64103,&quot;url&quot;:&quot;https:\\\/\\\/novagestioinmobiliaria.com\\\/wp-content\\\/uploads\\\/2023\\\/07\\\/Chalete-en-venmta-en-Sa-Coma-ref-1458-53.jpg&quot;,&quot;alt&quot;:&quot;&quot;},{&quot;id&quot;:64106,&quot;url&quot;:&quot;https:\\\/\\\/novagestioinmobiliaria.com\\\/wp-content\\\/uploads\\\/2023\\\/07\\\/Chalete-en-venmta-en-Sa-Coma-ref-1458-57.jpg&quot;,&quot;alt&quot;:&quot;&quot;},{&quot;id&quot;:64109,&quot;url&quot;:&quot;https:\\\/\\\/novagestioinmobiliaria.com\\\/wp-content\\\/uploads\\\/2023\\\/07\\\/Chalete-en-venmta-en-Sa-Coma-ref-1458-58.jpg&quot;,&quot;alt&quot;:&quot;&quot;},{&quot;id&quot;:64112,&quot;url&quot;:&quot;https:\\\/\\\/novagestioinmobiliaria.com\\\/wp-content\\\/uploads\\\/2023\\\/07\\\/Chalete-en-venmta-en-Sa-Coma-ref-1458-59.jpg&quot;,&quot;alt&quot;:&quot;&quot;},{&quot;id&quot;:64115,&quot;url&quot;:&quot;https:\\\/\\\/novagestioinmobiliaria.com\\\/wp-content\\\/uploads\\\/2023\\\/07\\\/Chalete-en-venmta-en-Sa-Coma-ref-1458-63.jpg&quot;,&quot;alt&quot;:&quot;&quot;},{&quot;id&quot;:64118,&quot;url&quot;:&quot;https:\\\/\\\/novagestioinmobiliaria.com\\\/wp-content\\\/uploads\\\/2023\\\/07\\\/Chalete-en-venmta-en-Sa-Coma-ref-1458-64.jpg&quot;,&quot;alt&quot;:&quot;&quot;},{&quot;id&quot;:64121,&quot;url&quot;:&quot;https:\\\/\\\/novagestioinmobiliaria.com\\\/wp-content\\\/uploads\\\/2023\\\/07\\\/Chalete-en-venmta-en-Sa-Coma-ref-1458-65.jpg&quot;,&quot;alt&quot;:&quot;&quot;},{&quot;id&quot;:64124,&quot;url&quot;:&quot;https:\\\/\\\/novagestioinmobiliaria.com\\\/wp-content\\\/uploads\\\/2023\\\/07\\\/Chalete-en-venmta-en-Sa-Coma-ref-1458-66.jpg&quot;,&quot;alt&quot;:&quot;&quot;},{&quot;id&quot;:64127,&quot;url&quot;:&quot;https:\\\/\\\/novagestioinmobiliaria.com\\\/wp-content\\\/uploads\\\/2023\\\/07\\\/Chalete-en-venmta-en-Sa-Coma-ref-1458-67.jpg&quot;,&quot;alt&quot;:&quot;&quot;},{&quot;id&quot;:64130,&quot;url&quot;:&quot;https:\\\/\\\/novagestioinmobiliaria.com\\\/wp-content\\\/uploads\\\/2023\\\/07\\\/Chalete-en-venmta-en-Sa-Coma-ref-1458-68.jpg&quot;,&quot;alt&quot;:&quot;&quot;},{&quot;id&quot;:64133,&quot;url&quot;:&quot;https:\\\/\\\/novagestioinmobiliaria.com\\\/wp-content\\\/uploads\\\/2023\\\/07\\\/Chalete-en-venmta-en-Sa-Coma-ref-1458-69.jpg&quot;,&quot;alt&quot;:&quot;&quot;},{&quot;id&quot;:64136,&quot;url&quot;:&quot;https:\\\/\\\/novagestioinmobiliaria.com\\\/wp-content\\\/uploads\\\/2023\\\/07\\\/Chalete-en-venmta-en-Sa-Coma-ref-1458-70.jpg&quot;,&quot;alt&quot;:&quot;&quot;},{&quot;id&quot;:64139,&quot;url&quot;:&quot;https:\\\/\\\/novagestioinmobiliaria.com\\\/wp-content\\\/uploads\\\/2023\\\/07\\\/Chalete-en-venmta-en-Sa-Coma-ref-1458-71.jpg&quot;,&quot;alt&quot;:&quot;&quot;},{&quot;id&quot;:64142,&quot;url&quot;:&quot;https:\\\/\\\/novagestioinmobiliaria.com\\\/wp-content\\\/uploads\\\/2023\\\/07\\\/Chalete-en-venmta-en-Sa-Coma-ref-1458-73.jpg&quot;,&quot;alt&quot;:&quot;&quot;},{&quot;id&quot;:64145,&quot;url&quot;:&quot;https:\\\/\\\/novagestioinmobiliaria.com\\\/wp-content\\\/uploads\\\/2023\\\/07\\\/Chalete-en-venmta-en-Sa-Coma-ref-1458-74.jpg&quot;,&quot;alt&quot;:&quot;&quot;},{&quot;id&quot;:64148,&quot;url&quot;:&quot;https:\\\/\\\/novagestioinmobiliaria.com\\\/wp-content\\\/uploads\\\/2023\\\/07\\\/Chalete-en-venmta-en-Sa-Coma-ref-1458-76.jpg&quot;,&quot;alt&quot;:&quot;&quot;},{&quot;id&quot;:64151,&quot;url&quot;:&quot;https:\\\/\\\/novagestioinmobiliaria.com\\\/wp-content\\\/uploads\\\/2023\\\/07\\\/Chalete-en-venmta-en-Sa-Coma-ref-1458-77.jpg&quot;,&quot;alt&quot;:&quot;&quot;},{&quot;id&quot;:64154,&quot;url&quot;:&quot;https:\\\/\\\/novagestioinmobiliaria.com\\\/wp-content\\\/uploads\\\/2023\\\/07\\\/Chalete-en-venmta-en-Sa-Coma-ref-1458-79.jpg&quot;,&quot;alt&quot;:&quot;&quot;},{&quot;id&quot;:64157,&quot;url&quot;:&quot;https:\\\/\\\/novagestioinmobiliaria.com\\\/wp-content\\\/uploads\\\/2023\\\/07\\\/Chalete-en-venmta-en-Sa-Coma-ref-1458-80.jpg&quot;,&quot;alt&quot;:&quot;&quot;},{&quot;id&quot;:64160,&quot;url&quot;:&quot;https:\\\/\\\/novagestioinmobiliaria.com\\\/wp-content\\\/uploads\\\/2023\\\/07\\\/Chalete-en-venmta-en-Sa-Coma-ref-1458-81.jpg&quot;,&quot;alt&quot;:&quot;&quot;},{&quot;id&quot;:64163,&quot;url&quot;:&quot;https:\\\/\\\/novagestioinmobiliaria.com\\\/wp-content\\\/uploads\\\/2023\\\/07\\\/Chalete-en-venmta-en-Sa-Coma-ref-1458-82.jpg&quot;,&quot;alt&quot;:&quot;&quot;},{&quot;id&quot;:64166,&quot;url&quot;:&quot;https:\\\/\\\/novagestioinmobiliaria.com\\\/wp-content\\\/uploads\\\/2023\\\/07\\\/Chalete-en-venmta-en-Sa-Coma-ref-1458-83.jpg&quot;,&quot;alt&quot;:&quot;&quot;},{&quot;id&quot;:64169,&quot;url&quot;:&quot;https:\\\/\\\/novagestioinmobiliaria.com\\\/wp-content\\\/uploads\\\/2023\\\/07\\\/Chalete-en-venmta-en-Sa-Coma-ref-1458-84.jpg&quot;,&quot;alt&quot;:&quot;&quot;},{&quot;id&quot;:64172,&quot;url&quot;:&quot;https:\\\/\\\/novagestioinmobiliaria.com\\\/wp-content\\\/uploads\\\/2023\\\/07\\\/Chalete-en-venmta-en-Sa-Coma-ref-1458-85.jpg&quot;,&quot;alt&quot;:&quot;&quot;},{&quot;id&quot;:64175,&quot;url&quot;:&quot;https:\\\/\\\/novagestioinmobiliaria.com\\\/wp-content\\\/uploads\\\/2023\\\/07\\\/Chalete-en-venmta-en-Sa-Coma-ref-1458-89.jpg&quot;,&quot;alt&quot;:&quot;&quot;},{&quot;id&quot;:64178,&quot;url&quot;:&quot;https:\\\/\\\/novagestioinmobiliaria.com\\\/wp-content\\\/uploads\\\/2023\\\/07\\\/Chalete-en-venmta-en-Sa-Coma-ref-1458-91.jpg&quot;,&quot;alt&quot;:&quot;&quot;},{&quot;id&quot;:64184,&quot;url&quot;:&quot;https:\\\/\\\/novagestioinmobiliaria.com\\\/wp-content\\\/uploads\\\/2023\\\/07\\\/Chalete-en-venmta-en-Sa-Coma-ref-1458-93.jpg&quot;,&quot;alt&quot;:&quot;&quot;},{&quot;id&quot;:64187,&quot;url&quot;:&quot;https:\\\/\\\/novagestioinmobiliaria.com\\\/wp-content\\\/uploads\\\/2023\\\/07\\\/Chalete-en-venmta-en-Sa-Coma-ref-1458-94.jpg&quot;,&quot;alt&quot;:&quot;&quot;},{&quot;id&quot;:64190,&quot;url&quot;:&quot;https:\\\/\\\/novagestioinmobiliaria.com\\\/wp-content\\\/uploads\\\/2023\\\/07\\\/Chalete-en-venmta-en-Sa-Coma-ref-1458-95.jpg&quot;,&quot;alt&quot;:&quot;&quot;},{&quot;id&quot;:64193,&quot;url&quot;:&quot;https:\\\/\\\/novagestioinmobiliaria.com\\\/wp-content\\\/uploads\\\/2023\\\/07\\\/Chalete-en-venmta-en-Sa-Coma-ref-1458-96.jpg&quot;,&quot;alt&quot;:&quot;&quot;}],&quot;attributes&quot;:[{&quot;slug&quot;:&quot;property-type&quot;,&quot;name&quot;:&quot;Immobilientyp&quot;,&quot;has_archive&quot;:true,&quot;elements&quot;:[{&quot;name&quot;:&quot;Villen \\\/ Chalets&quot;,&quot;link&quot;:&quot;https:\\\/\\\/novagestioinmobiliaria.com\\\/de\\\/immobilientyp\\\/villen-chalets\\\/&quot;,&quot;slug&quot;:&quot;villen-chalets&quot;}],&quot;card&quot;:false,&quot;show&quot;:true,&quot;display_after&quot;:&quot;&quot;,&quot;new_box&quot;:false},{&quot;slug&quot;:&quot;offer-type&quot;,&quot;name&quot;:&quot;Angebotsart &quot;,&quot;has_archive&quot;:true,&quot;elements&quot;:[{&quot;name&quot;:&quot;Zu verkaufen&quot;,&quot;link&quot;:&quot;https:\\\/\\\/novagestioinmobiliaria.com\\\/de\\\/offer-type\\\/zu-verkaufen\\\/&quot;,&quot;slug&quot;:&quot;zu-verkaufen&quot;}],&quot;card&quot;:true,&quot;show&quot;:true,&quot;display_after&quot;:&quot;&quot;,&quot;new_box&quot;:false},{&quot;slug&quot;:&quot;city&quot;,&quot;name&quot;:&quot;Ort&quot;,&quot;has_archive&quot;:true,&quot;elements&quot;:[{&quot;name&quot;:&quot;Sa Coma&quot;,&quot;link&quot;:&quot;https:\\\/\\\/novagestioinmobiliaria.com\\\/de\\\/city\\\/sa-coma-de\\\/&quot;,&quot;slug&quot;:&quot;sa-coma-de&quot;}],&quot;card&quot;:false,&quot;show&quot;:true,&quot;display_after&quot;:&quot;&quot;,&quot;new_box&quot;:false},{&quot;slug&quot;:&quot;price&quot;,&quot;name&quot;:&quot;Preis&quot;,&quot;has_archive&quot;:false,&quot;elements&quot;:[{&quot;name&quot;:&quot;1100000&quot;,&quot;link&quot;:&quot;&quot;,&quot;slug&quot;:&quot;&quot;}],&quot;show&quot;:false,&quot;card&quot;:false,&quot;display_after&quot;:&quot;\\u20ac&quot;,&quot;new_box&quot;:false},{&quot;slug&quot;:&quot;bedrooms&quot;,&quot;name&quot;:&quot;Schlafzimmer&quot;,&quot;has_archive&quot;:false,&quot;elements&quot;:[{&quot;name&quot;:&quot;6&quot;,&quot;link&quot;:&quot;&quot;,&quot;slug&quot;:&quot;&quot;}],&quot;show&quot;:true,&quot;card&quot;:true,&quot;display_after&quot;:&quot;&quot;,&quot;new_box&quot;:false},{&quot;slug&quot;:&quot;bathrooms&quot;,&quot;name&quot;:&quot;Badezimmer&quot;,&quot;has_archive&quot;:false,&quot;elements&quot;:[{&quot;name&quot;:&quot;4&quot;,&quot;link&quot;:&quot;&quot;,&quot;slug&quot;:&quot;&quot;}],&quot;show&quot;:true,&quot;card&quot;:true,&quot;display_after&quot;:&quot;&quot;,&quot;new_box&quot;:false},{&quot;slug&quot;:&quot;property-size&quot;,&quot;name&quot;:&quot;Qm&quot;,&quot;has_archive&quot;:false,&quot;elements&quot;:[{&quot;name&quot;:&quot;357&quot;,&quot;link&quot;:&quot;&quot;,&quot;slug&quot;:&quot;&quot;}],&quot;show&quot;:true,&quot;card&quot;:true,&quot;display_after&quot;:&quot;qm&quot;,&quot;new_box&quot;:false},{&quot;slug&quot;:&quot;lot-size&quot;,&quot;name&quot;:&quot;Land \\\/ Solar&quot;,&quot;has_archive&quot;:false,&quot;elements&quot;:[{&quot;name&quot;:&quot;414&quot;,&quot;link&quot;:&quot;&quot;,&quot;slug&quot;:&quot;&quot;}],&quot;show&quot;:true,&quot;card&quot;:false,&quot;display_after&quot;:&quot;qm&quot;,&quot;new_box&quot;:false},{&quot;slug&quot;:&quot;features&quot;,&quot;name&quot;:&quot;Eigenschaften&quot;,&quot;has_archive&quot;:true,&quot;elements&quot;:[{&quot;name&quot;:&quot;Einbauk\\u00fcche&quot;,&quot;link&quot;:&quot;https:\\\/\\\/novagestioinmobiliaria.com\\\/de\\\/eigenschaften\\\/einbaukueche\\\/&quot;,&quot;slug&quot;:&quot;einbaukueche&quot;},{&quot;name&quot;:&quot;Garage&quot;,&quot;link&quot;:&quot;https:\\\/\\\/novagestioinmobiliaria.com\\\/de\\\/eigenschaften\\\/garage-de\\\/&quot;,&quot;slug&quot;:&quot;garage-de&quot;},{&quot;name&quot;:&quot;Garten&quot;,&quot;link&quot;:&quot;https:\\\/\\\/novagestioinmobiliaria.com\\\/de\\\/eigenschaften\\\/garten\\\/&quot;,&quot;slug&quot;:&quot;garten&quot;},{&quot;name&quot;:&quot;Grill&quot;,&quot;link&quot;:&quot;https:\\\/\\\/novagestioinmobiliaria.com\\\/de\\\/eigenschaften\\\/grill\\\/&quot;,&quot;slug&quot;:&quot;grill&quot;},{&quot;name&quot;:&quot;Heizung&quot;,&quot;link&quot;:&quot;https:\\\/\\\/novagestioinmobiliaria.com\\\/de\\\/eigenschaften\\\/heizung\\\/&quot;,&quot;slug&quot;:&quot;heizung&quot;},{&quot;name&quot;:&quot;Klimaanlage&quot;,&quot;link&quot;:&quot;https:\\\/\\\/novagestioinmobiliaria.com\\\/de\\\/eigenschaften\\\/klimaanlage\\\/&quot;,&quot;slug&quot;:&quot;klimaanlage&quot;},{&quot;name&quot;:&quot;Privatpool&quot;,&quot;link&quot;:&quot;https:\\\/\\\/novagestioinmobiliaria.com\\\/de\\\/eigenschaften\\\/privatpool\\\/&quot;,&quot;slug&quot;:&quot;privatpool&quot;},{&quot;name&quot;:&quot;Ruhige Lage&quot;,&quot;link&quot;:&quot;https:\\\/\\\/novagestioinmobiliaria.com\\\/de\\\/eigenschaften\\\/ruhige-lage\\\/&quot;,&quot;slug&quot;:&quot;ruhige-lage&quot;},{&quot;name&quot;:&quot;Strand in der N\\u00e4he&quot;,&quot;link&quot;:&quot;https:\\\/\\\/novagestioinmobiliaria.com\\\/de\\\/eigenschaften\\\/strand-in-der-nahe-de\\\/&quot;,&quot;slug&quot;:&quot;strand-in-der-nahe-de&quot;},{&quot;name&quot;:&quot;Terrasse&quot;,&quot;link&quot;:&quot;https:\\\/\\\/novagestioinmobiliaria.com\\\/de\\\/eigenschaften\\\/terrasse\\\/&quot;,&quot;slug&quot;:&quot;terrasse&quot;},{&quot;name&quot;:&quot;W\\u00e4scherei&quot;,&quot;link&quot;:&quot;https:\\\/\\\/novagestioinmobiliaria.com\\\/de\\\/eigenschaften\\\/wascherei\\\/&quot;,&quot;slug&quot;:&quot;wascherei&quot;}],&quot;card&quot;:false,&quot;show&quot;:true,&quot;display_after&quot;:&quot;&quot;,&quot;new_box&quot;:true}],&quot;views&quot;:1388,&quot;days_ago&quot;:&quot;1\\u00a0Monat.&quot;,&quot;image_id&quot;:64184,&quot;image_url&quot;:&quot;https:\\\/\\\/novagestioinmobiliaria.com\\\/wp-content\\\/uploads\\\/2023\\\/07\\\/Chalete-en-venmta-en-Sa-Coma-ref-1458-93.jpg&quot;,&quot;tags&quot;:[{&quot;name&quot;:&quot;Eigenschaften&quot;,&quot;elements&quot;:[{&quot;name&quot;:&quot;Einbauk\\u00fcche&quot;,&quot;link&quot;:&quot;https:\\\/\\\/novagestioinmobiliaria.com\\\/de\\\/eigenschaften\\\/einbaukueche\\\/&quot;},{&quot;name&quot;:&quot;Garage&quot;,&quot;link&quot;:&quot;https:\\\/\\\/novagestioinmobiliaria.com\\\/de\\\/eigenschaften\\\/garage-de\\\/&quot;},{&quot;name&quot;:&quot;Garten&quot;,&quot;link&quot;:&quot;https:\\\/\\\/novagestioinmobiliaria.com\\\/de\\\/eigenschaften\\\/garten\\\/&quot;},{&quot;name&quot;:&quot;Grill&quot;,&quot;link&quot;:&quot;https:\\\/\\\/novagestioinmobiliaria.com\\\/de\\\/eigenschaften\\\/grill\\\/&quot;},{&quot;name&quot;:&quot;Heizung&quot;,&quot;link&quot;:&quot;https:\\\/\\\/novagestioinmobiliaria.com\\\/de\\\/eigenschaften\\\/heizung\\\/&quot;},{&quot;name&quot;:&quot;Klimaanlage&quot;,&quot;link&quot;:&quot;https:\\\/\\\/novagestioinmobiliaria.com\\\/de\\\/eigenschaften\\\/klimaanlage\\\/&quot;},{&quot;name&quot;:&quot;Privatpool&quot;,&quot;link&quot;:&quot;https:\\\/\\\/novagestioinmobiliaria.com\\\/de\\\/eigenschaften\\\/privatpool\\\/&quot;},{&quot;name&quot;:&quot;Ruhige Lage&quot;,&quot;link&quot;:&quot;https:\\\/\\\/novagestioinmobiliaria.com\\\/de\\\/eigenschaften\\\/ruhige-lage\\\/&quot;},{&quot;name&quot;:&quot;Strand in der N\\u00e4he&quot;,&quot;link&quot;:&quot;https:\\\/\\\/novagestioinmobiliaria.com\\\/de\\\/eigenschaften\\\/strand-in-der-nahe-de\\\/&quot;},{&quot;name&quot;:&quot;Terrasse&quot;,&quot;link&quot;:&quot;https:\\\/\\\/novagestioinmobiliaria.com\\\/de\\\/eigenschaften\\\/terrasse\\\/&quot;},{&quot;name&quot;:&quot;W\\u00e4scherei&quot;,&quot;link&quot;:&quot;https:\\\/\\\/novagestioinmobiliaria.com\\\/de\\\/eigenschaften\\\/wascherei\\\/&quot;}],&quot;has_archive&quot;:true}],&quot;status&quot;:&quot;publish&quot;,&quot;plans&quot;:[],&quot;video_plan&quot;:{&quot;src&quot;:&quot;&quot;,&quot;video&quot;:&quot;&quot;},&quot;virtual_tour&quot;:null,&quot;state&quot;:&quot;&quot;,&quot;labels&quot;:[],&quot;image&quot;:&quot;https:\\\/\\\/novagestioinmobiliaria.com\\\/wp-content\\\/uploads\\\/2023\\\/07\\\/Chalete-en-venmta-en-Sa-Coma-ref-1458-93-400x250.jpg&quot;,&quot;image_srcset&quot;:&quot;https:\\\/\\\/novagestioinmobiliaria.com\\\/wp-content\\\/uploads\\\/2023\\\/07\\\/Chalete-en-venmta-en-Sa-Coma-ref-1458-93-200x125.jpg 200w, https:\\\/\\\/novagestioinmobiliaria.com\\\/wp-content\\\/uploads\\\/2023\\\/07\\\/Chalete-en-venmta-en-Sa-Coma-ref-1458-93-800x500.jpg 800w, https:\\\/\\\/novagestioinmobiliaria.com\\\/wp-content\\\/uploads\\\/2023\\\/07\\\/Chalete-en-venmta-en-Sa-Coma-ref-1458-93-600x375.jpg 600w, https:\\\/\\\/novagestioinmobiliaria.com\\\/wp-content\\\/uploads\\\/2023\\\/07\\\/Chalete-en-venmta-en-Sa-Coma-ref-1458-93-400x250.jpg 400w&quot;}'>\r\n\t\t\t\t\t\t\t\t\t\t\t\t\t<\/compare-button>\r\n\t\t\t\t\t\t\t\t\t\t\t\t<\/div>\r\n\t\t\t\t\t\t\t\t\t\t\t\t<div class=\"mh-estate-vertical__buttons__single\">\r\n\t\t\t\t\t\t\t\t\t\t\t\t\t<a href=\"https:\/\/novagestioinmobiliaria.com\/de\/propiedades-properties-immobilien\/villa-zu-verkaufen-in-sa-coma-ch1458scm-vde\/\"\r\n\t\t\t\t\t\t\t\t\t\t\t\t\t   title=\"Villa zu verkaufen in Sa Coma : : CH1458SCM-VDE\"\r\n\t\t\t\t\t\t\t\t\t\t\t\t\t   class=\"mdl-button mdl-js-button mdl-button--raised mdl-js-ripple-effect mdl-button--primary-ghost\">\r\n\t\t\t\t\t\t\t\t\t\t\t\t\t\tDetails\t\t\t\t\t\t\t\t\t\t\t\t\t\t<span class=\"mdl-button__icon-right\"><i class=\"fa fa-angle-right\"><\/i><\/span>\r\n\t\t\t\t\t\t\t\t\t\t\t\t\t<\/a>\r\n\t\t\t\t\t\t\t\t\t\t\t\t<\/div>\r\n\t\t\t\t\t\t\t\t\t\t\t<\/div>\r\n\t\t\t\t\t\t\t\t\t\t<\/div>\r\n\t\t\t\t\t\t\t\t\t<\/div>\r\n\t\t\t\t\t\t\t\t<\/div>\r\n\t\t\t\t\t\t\t<\/div>\r\n\t\t\t\t\t\t<\/article>\r\n\t\t\t\t\t<\/div>\r\n\t\t\t\t\r\n\t\t\t\t\t<div class=\"item\">\r\n\t\t\t\t\t\t<article class=\"mh-estate-vertical   mh-attribute-property-type__stadthaeuser-ebenerdige-wohnungen mh-attribute-offer-type__zu-verkaufen mh-attribute-city__felanitx-de mh-attribute-features__4-schlafzimmer mh-attribute-features__einbaukueche mh-attribute-features__kamin mh-attribute-features__klimaanlage mh-attribute-features__obergeschoss mh-attribute-features__ruhige-lage mh-attribute-features__terrasse\">\r\n\t\t\t\t\t\t\t<a href=\"https:\/\/novagestioinmobiliaria.com\/de\/propiedades-properties-immobilien\/freistehendes-eckhaus-zum-verkauf-in-felanitx-ca1911fl-vde\/\"\r\n\t\t\t\t\t\t\t   title=\"Freistehendes Eckhaus zum Verkauf in Felanitx : : CA1911FL-VDE\"\r\n\t\t\t\t\t\t\t   class=\"mh-thumbnail\">\r\n                        <span class=\"mh-thumbnail__inner\">\r\n                                    <img\r\n                    data-srcset=\"https:\/\/novagestioinmobiliaria.com\/wp-content\/uploads\/2026\/07\/Casa-en-venta-en-Felanitx-ref-1911-_13_-virtual-staging-200x125.jpg 200w, https:\/\/novagestioinmobiliaria.com\/wp-content\/uploads\/2026\/07\/Casa-en-venta-en-Felanitx-ref-1911-_13_-virtual-staging-800x500.jpg 800w, https:\/\/novagestioinmobiliaria.com\/wp-content\/uploads\/2026\/07\/Casa-en-venta-en-Felanitx-ref-1911-_13_-virtual-staging-600x375.jpg 600w, https:\/\/novagestioinmobiliaria.com\/wp-content\/uploads\/2026\/07\/Casa-en-venta-en-Felanitx-ref-1911-_13_-virtual-staging-400x250.jpg 400w\"\r\n                    class=\"lazyload \" alt=\"Freistehendes Eckhaus zum Verkauf in Felanitx : : CA1911FL-VDE\"\r\n                    data-sizes=\"auto\"\r\n            >\r\n\t\t\t                        <\/span>\r\n\r\n\t\t\t\t\t\t\t\t\t\t\t\t\t\t\t\t\t<div class=\"mh-caption\">\r\n\t\t\t\t\t\t\t\t\t\t<div class=\"mh-caption__inner\">\r\n\t\t\t\t\t\t\t\t\t\t\tZu verkaufen\t\t\t\t\t\t\t\t\t\t<\/div>\r\n\t\t\t\t\t\t\t\t\t<\/div>\r\n\t\t\t\t\t\t\t\t\t\r\n\t\t\t\t\t\t\t\t<div class=\"mh-estate-vertical__text\">\r\n\t\t\t\t\t\t\t\t\t<div class=\"mh-estate-vertical__text__inner\">\r\n\t\t\t\t\t\t\t\t\t\tIhr Lebensprojekt in Felanitx! Gro\u00dfz\u00fcgiges Eckhaus mit freiem Dach und echtem mallorquinischen Charme Die Gelegenheit, Ihr Zuhause ma\u00dfgeschneidert zu gestalten....\t\t\t\t\t\t\t\t\t<\/div>\r\n\t\t\t\t\t\t\t\t<\/div>\r\n\t\t\t\t\t\t\t<\/a>\r\n\r\n\t\t\t\t\t\t\t<div class=\"mh-estate-vertical__content\">\r\n\t\t\t\t\t\t\t\t<h3 class=\"mh-estate-vertical__heading\">\r\n\t\t\t\t\t\t\t\t\t<a href=\"https:\/\/novagestioinmobiliaria.com\/de\/propiedades-properties-immobilien\/freistehendes-eckhaus-zum-verkauf-in-felanitx-ca1911fl-vde\/\"\r\n\t\t\t\t\t\t\t\t\t   title=\"Freistehendes Eckhaus zum Verkauf in Felanitx : : CA1911FL-VDE\">\r\n\t\t\t\t\t\t\t\t\t\tFreistehendes Eckhaus zum Verkauf in Felanitx : : CA1911FL-VDE\t\t\t\t\t\t\t\t\t<\/a>\r\n\t\t\t\t\t\t\t\t<\/h3>\r\n\t\t\t\t\t\t\t\t<address class=\"mh-estate-vertical__subheading\">\r\n\t\t\t\t\t\t\t\t\t\t\t\t\t\t\t\t\t<\/address>\r\n\t\t\t\t\t\t\t\t<div class=\"mh-estate-vertical__primary\">\r\n\t\t\t\t\t\t\t\t\t420.000 \u20ac\t\t\t\t\t\t\t\t<\/div>\r\n\r\n\t\t\t\t\t\t\t\t<div>\r\n\t\t\t\t\t\t\t\t\t<div class=\"mh-estate__list\">\r\n\t\t\t\t\t\t\t\t\t\t\r\n\t\t\t\t\t\t\t\t\t\t\t<span class=\"mh-estate-vertical__more-info mh-estate_attribute-offer-type\">\r\n                                        <strong>Angebotsart :<\/strong>\r\n\t\t\t\t\t\t\t\t\t\t\t\t\t\t\t\t\t\t\t\t\t\t\t\t\t\tZu verkaufen\t\t\t\t\t\t\t\t\t\t\t\t\t\t                                    <\/span>\r\n\r\n\t\t\t\t\t\t\t\t\t\t\r\n\t\t\t\t\t\t\t\t\t\t\t<span class=\"mh-estate-vertical__more-info mh-estate_attribute-bedrooms\">\r\n                                        <strong>Schlafzimmer:<\/strong>\r\n\t\t\t\t\t\t\t\t\t\t\t\t4                                    <\/span>\r\n\r\n\t\t\t\t\t\t\t\t\t\t\r\n\t\t\t\t\t\t\t\t\t\t\t<span class=\"mh-estate-vertical__more-info mh-estate_attribute-bathrooms\">\r\n                                        <strong>Badezimmer:<\/strong>\r\n\t\t\t\t\t\t\t\t\t\t\t\t2                                    <\/span>\r\n\r\n\t\t\t\t\t\t\t\t\t\t\r\n\t\t\t\t\t\t\t\t\t\t\t<span class=\"mh-estate-vertical__more-info mh-estate_attribute-property-size\">\r\n                                        <strong>Qm:<\/strong>\r\n\t\t\t\t\t\t\t\t\t\t\t\t187 qm                                    <\/span>\r\n\r\n\t\t\t\t\t\t\t\t\t\t\t\t\t\t\t\t\t\t\t<\/div>\r\n\t\t\t\t\t\t\t\t<\/div>\r\n\r\n\t\t\t\t\t\t\t\t<div class=\"mh-estate-vertical__bottom\">\r\n\t\t\t\t\t\t\t\t\t<div class=\"mh-estate-vertical__bottom__inner\">\r\n\t\t\t\t\t\t\t\t\t\t<div class=\"mh-estate-vertical__date\">\r\n\t\t\t\t\t\t\t\t\t\t\t2 monat.\t\t\t\t\t\t\t\t\t\t<\/div>\r\n\t\t\t\t\t\t\t\t\t\t<div class=\"mh-estate-vertical__buttons-wrapper\">\r\n\t\t\t\t\t\t\t\t\t\t\t<div class=\"mh-estate-vertical__buttons\">\r\n\t\t\t\t\t\t\t\t\t\t\t\t<div class=\"mh-estate-vertical__buttons__single\">\r\n\t\t\t\t\t\t\t\t\t\t\t\t\t<compare-button class=\"myhome-compare\"\r\n\t\t\t\t\t\t\t\t\t\t\t\t\t\t\t\t\t:translations='{&quot;added&quot;:&quot;Zus\\u00e4tzlich&quot;,&quot;compare&quot;:&quot;Vergleichen&quot;}'\r\n\t\t\t\t\t\t\t\t\t\t\t\t\t\t\t\t\t:estate='{&quot;short_excerpt_limit&quot;:125,&quot;long_excerpt_limit&quot;:160,&quot;id&quot;:92439,&quot;agent_id&quot;:&quot;1&quot;,&quot;title&quot;:&quot;Freistehendes Eckhaus zum Verkauf in Felanitx : : CA1911FL-VDE&quot;,&quot;content&quot;:&quot;Ihr Lebensprojekt in Felanitx! Gro\\u00dfz\\u00fcgiges Eckhaus mit freiem Dach und echtem mallorquinischen Charme\\r\\nDie Gelegenheit, Ihr Zuhause ma\\u00dfgeschneidert zu gestalten. In einem der gefragtesten und am st\\u00e4rksten wachsenden Viertel von Felanitx befindet sich dieses zu entdeckende Juwel. Eine Immobilie mit Seele, ideal f\\u00fcr diejenigen, die den Charme der traditionellen mallorquinischen Architektur mit dem Komfort modernen Designs verbinden m\\u00f6chten.\\r\\nDa es sich um ein freistehendes Dachhaus (keine Nachbarn \\u00fcber Ihnen) an einer Ecke handelt, genie\\u00dfen Sie absolute Unabh\\u00e4ngigkeit und au\\u00dfergew\\u00f6hnliche Helligkeit, die jede Ecke des Hauses den ganzen Tag \\u00fcber erhellt. All dies befindet sich auf einem gro\\u00dfz\\u00fcgigen Grundst\\u00fcck von 133 m\\u00b2 eigenem Land.\\r\\nAufteilung und R\\u00e4ume (mit unendlichen M\\u00f6glichkeiten)\\r\\nMit insgesamt 187 m\\u00b2 Wohnfl\\u00e4che ist das Haus auf zwei komfortable Etagen verteilt, die eine gro\\u00dfz\\u00fcgige leere Leinwand bieten, um sie an Ihre Bed\\u00fcrfnisse anzupassen:\\r\\nErdgeschoss: Eine gro\\u00dfz\\u00fcgige und repr\\u00e4sentative Eingangshalle empf\\u00e4ngt uns und f\\u00fchrt zu einem gem\\u00fctlichen Wohn-Esszimmer, einer K\\u00fcche, 2 Schlafzimmern und einem charmanten Innenhof\\\/Terrasse \\u2013 der perfekte Ort, um eine private Oase im Freien zu schaffen.\\r\\nErste Etage: Verf\\u00fcgt \\u00fcber 2 weitere Schlafzimmer und eine zweite Terrasse, ideal zum Entspannen unter der Sonne Mallorcas.\\r\\nWie stellen Sie sich Ihr neues Leben hier vor?\\r\\nWir wissen, dass es manchmal schwierig ist, sich das endg\\u00fcltige Ergebnis in einem alten Haus vorzustellen. Deshalb haben wir eine Auswahl von \\&quot;Vorher-Nachher\\&quot;-Bildern (Simulationsrenderings) vorbereitet. Darin k\\u00f6nnen Sie sich inspirieren lassen und sehen, wie dieser gro\\u00dfe Raum mit 187 m\\u00b2 mit einem Hauch von Design, Dekoration und Renovierung zu einer spektakul\\u00e4ren Immobilie mit Charakter, sichtbaren Balken und dem unverwechselbaren Stil der Insel werden kann.\\r\\nBereit, den Schritt zu wagen und das Haus Ihrer Tr\\u00e4ume zu bauen?\\r\\nKontaktieren Sie uns und entdecken Sie das volle Potenzial dieser Immobilie.\\r\\nNova Gesti\\u00f3, Ihre vertrauensw\\u00fcrdige Immobilienagentur in Felanitx.&quot;,&quot;excerpt&quot;:&quot;Ihr Lebensprojekt in Felanitx! Gro\\u00dfz\\u00fcgiges Eckhaus mit freiem Dach und echtem mallorquinischen Charme Die Gelegenheit, Ihr Zuhause ma\\u00dfgeschneidert zu gestalten. In einem der gefragtesten und am st\\u00e4rksten wachsenden Viertel von Felanitx befindet sich dieses zu entdeckende Juwel. Eine Immobilie mit Seele, ideal f\\u00fcr diejenigen, die den Charme der traditionellen mallorquinischen Architektur mit dem Komfort modernen [\\u2026]&quot;,&quot;short_excerpt&quot;:&quot;Ihr Lebensprojekt in Felanitx! Gro\\u00dfz\\u00fcgiges Eckhaus mit freiem Dach und echtem mallorquinischen Charme\\r\\nDie Gelegenheit, Ih...&quot;,&quot;long_excerpt&quot;:&quot;Ihr Lebensprojekt in Felanitx! Gro\\u00dfz\\u00fcgiges Eckhaus mit freiem Dach und echtem mallorquinischen Charme\\r\\nDie Gelegenheit, Ihr Zuhause ma\\u00dfgeschneidert zu gestal...&quot;,&quot;link&quot;:&quot;https:\\\/\\\/novagestioinmobiliaria.com\\\/de\\\/propiedades-properties-immobilien\\\/freistehendes-eckhaus-zum-verkauf-in-felanitx-ca1911fl-vde\\\/&quot;,&quot;offer_type&quot;:&quot;Zu verkaufen&quot;,&quot;price&quot;:&quot;420.000 \\u20ac&quot;,&quot;location&quot;:false,&quot;is_featured&quot;:true,&quot;gallery&quot;:[{&quot;id&quot;:92326,&quot;url&quot;:&quot;https:\\\/\\\/novagestioinmobiliaria.com\\\/wp-content\\\/uploads\\\/2026\\\/07\\\/Casa-en-venta-en-Felanitx-ref-1911-_4_-virtual-staging.jpg&quot;,&quot;alt&quot;:&quot;&quot;},{&quot;id&quot;:92329,&quot;url&quot;:&quot;https:\\\/\\\/novagestioinmobiliaria.com\\\/wp-content\\\/uploads\\\/2026\\\/07\\\/Casa-en-venta-en-Felanitx-ref-1911-_5_-original.jpg&quot;,&quot;alt&quot;:&quot;&quot;},{&quot;id&quot;:92332,&quot;url&quot;:&quot;https:\\\/\\\/novagestioinmobiliaria.com\\\/wp-content\\\/uploads\\\/2026\\\/07\\\/Casa-en-venta-en-Felanitx-ref-1911-_5_-virtual-staging.jpg&quot;,&quot;alt&quot;:&quot;&quot;},{&quot;id&quot;:92341,&quot;url&quot;:&quot;https:\\\/\\\/novagestioinmobiliaria.com\\\/wp-content\\\/uploads\\\/2026\\\/07\\\/Casa-en-venta-en-Felanitx-ref-1911-_7_-original.jpg&quot;,&quot;alt&quot;:&quot;&quot;},{&quot;id&quot;:92344,&quot;url&quot;:&quot;https:\\\/\\\/novagestioinmobiliaria.com\\\/wp-content\\\/uploads\\\/2026\\\/07\\\/Casa-en-venta-en-Felanitx-ref-1911-_7_-virtual-staging.jpg&quot;,&quot;alt&quot;:&quot;&quot;},{&quot;id&quot;:92353,&quot;url&quot;:&quot;https:\\\/\\\/novagestioinmobiliaria.com\\\/wp-content\\\/uploads\\\/2026\\\/07\\\/Casa-en-venta-en-Felanitx-ref-1911-_9_-original.jpg&quot;,&quot;alt&quot;:&quot;&quot;},{&quot;id&quot;:92356,&quot;url&quot;:&quot;https:\\\/\\\/novagestioinmobiliaria.com\\\/wp-content\\\/uploads\\\/2026\\\/07\\\/Casa-en-venta-en-Felanitx-ref-1911-_9_-virtual-staging.jpg&quot;,&quot;alt&quot;:&quot;&quot;},{&quot;id&quot;:92365,&quot;url&quot;:&quot;https:\\\/\\\/novagestioinmobiliaria.com\\\/wp-content\\\/uploads\\\/2026\\\/07\\\/Casa-en-venta-en-Felanitx-ref-1911-_11_-original.jpg&quot;,&quot;alt&quot;:&quot;&quot;},{&quot;id&quot;:92368,&quot;url&quot;:&quot;https:\\\/\\\/novagestioinmobiliaria.com\\\/wp-content\\\/uploads\\\/2026\\\/07\\\/Casa-en-venta-en-Felanitx-ref-1911-_11_-virtual-staging.jpg&quot;,&quot;alt&quot;:&quot;&quot;},{&quot;id&quot;:92377,&quot;url&quot;:&quot;https:\\\/\\\/novagestioinmobiliaria.com\\\/wp-content\\\/uploads\\\/2026\\\/07\\\/Casa-en-venta-en-Felanitx-ref-1911-_13_-original.jpg&quot;,&quot;alt&quot;:&quot;&quot;},{&quot;id&quot;:92380,&quot;url&quot;:&quot;https:\\\/\\\/novagestioinmobiliaria.com\\\/wp-content\\\/uploads\\\/2026\\\/07\\\/Casa-en-venta-en-Felanitx-ref-1911-_13_-virtual-staging.jpg&quot;,&quot;alt&quot;:&quot;&quot;},{&quot;id&quot;:92383,&quot;url&quot;:&quot;https:\\\/\\\/novagestioinmobiliaria.com\\\/wp-content\\\/uploads\\\/2026\\\/07\\\/Casa-en-venta-en-Felanitx-ref-1911-_14_-original.jpg&quot;,&quot;alt&quot;:&quot;&quot;},{&quot;id&quot;:92386,&quot;url&quot;:&quot;https:\\\/\\\/novagestioinmobiliaria.com\\\/wp-content\\\/uploads\\\/2026\\\/07\\\/Casa-en-venta-en-Felanitx-ref-1911-_14_-virtual-staging.jpg&quot;,&quot;alt&quot;:&quot;&quot;},{&quot;id&quot;:92389,&quot;url&quot;:&quot;https:\\\/\\\/novagestioinmobiliaria.com\\\/wp-content\\\/uploads\\\/2026\\\/07\\\/Casa-en-venta-en-Felanitx-ref-1911-_15_-original.jpg&quot;,&quot;alt&quot;:&quot;&quot;},{&quot;id&quot;:92392,&quot;url&quot;:&quot;https:\\\/\\\/novagestioinmobiliaria.com\\\/wp-content\\\/uploads\\\/2026\\\/07\\\/Casa-en-venta-en-Felanitx-ref-1911-_15_-virtual-staging.jpg&quot;,&quot;alt&quot;:&quot;&quot;},{&quot;id&quot;:92395,&quot;url&quot;:&quot;https:\\\/\\\/novagestioinmobiliaria.com\\\/wp-content\\\/uploads\\\/2026\\\/07\\\/Casa-en-venta-en-Felanitx-ref-1911-_16_-original.jpg&quot;,&quot;alt&quot;:&quot;&quot;},{&quot;id&quot;:92398,&quot;url&quot;:&quot;https:\\\/\\\/novagestioinmobiliaria.com\\\/wp-content\\\/uploads\\\/2026\\\/07\\\/Casa-en-venta-en-Felanitx-ref-1911-_16_-virtual-staging.jpg&quot;,&quot;alt&quot;:&quot;&quot;},{&quot;id&quot;:92401,&quot;url&quot;:&quot;https:\\\/\\\/novagestioinmobiliaria.com\\\/wp-content\\\/uploads\\\/2026\\\/07\\\/Casa-en-venta-en-Felanitx-ref-1911-_17_-original.jpg&quot;,&quot;alt&quot;:&quot;&quot;},{&quot;id&quot;:92404,&quot;url&quot;:&quot;https:\\\/\\\/novagestioinmobiliaria.com\\\/wp-content\\\/uploads\\\/2026\\\/07\\\/Casa-en-venta-en-Felanitx-ref-1911-_17_-virtual-staging.jpg&quot;,&quot;alt&quot;:&quot;&quot;},{&quot;id&quot;:92407,&quot;url&quot;:&quot;https:\\\/\\\/novagestioinmobiliaria.com\\\/wp-content\\\/uploads\\\/2026\\\/07\\\/Casa-en-venta-en-Felanitx-ref-1911-_18_-original.jpg&quot;,&quot;alt&quot;:&quot;&quot;},{&quot;id&quot;:92410,&quot;url&quot;:&quot;https:\\\/\\\/novagestioinmobiliaria.com\\\/wp-content\\\/uploads\\\/2026\\\/07\\\/Casa-en-venta-en-Felanitx-ref-1911-_18_-virtual-staging.jpg&quot;,&quot;alt&quot;:&quot;&quot;},{&quot;id&quot;:92413,&quot;url&quot;:&quot;https:\\\/\\\/novagestioinmobiliaria.com\\\/wp-content\\\/uploads\\\/2026\\\/07\\\/Casa-en-venta-en-Felanitx-ref-1911-_19_-original.jpg&quot;,&quot;alt&quot;:&quot;&quot;},{&quot;id&quot;:92416,&quot;url&quot;:&quot;https:\\\/\\\/novagestioinmobiliaria.com\\\/wp-content\\\/uploads\\\/2026\\\/07\\\/Casa-en-venta-en-Felanitx-ref-1911-_19_-virtual-staging.jpg&quot;,&quot;alt&quot;:&quot;&quot;},{&quot;id&quot;:92419,&quot;url&quot;:&quot;https:\\\/\\\/novagestioinmobiliaria.com\\\/wp-content\\\/uploads\\\/2026\\\/07\\\/Casa-en-venta-en-Felanitx-ref-1911-_1_-original.jpg&quot;,&quot;alt&quot;:&quot;&quot;},{&quot;id&quot;:92422,&quot;url&quot;:&quot;https:\\\/\\\/novagestioinmobiliaria.com\\\/wp-content\\\/uploads\\\/2026\\\/07\\\/Casa-en-venta-en-Felanitx-ref-1911-_1_-virtual-staging.jpg&quot;,&quot;alt&quot;:&quot;&quot;},{&quot;id&quot;:92425,&quot;url&quot;:&quot;https:\\\/\\\/novagestioinmobiliaria.com\\\/wp-content\\\/uploads\\\/2026\\\/07\\\/Casa-en-venta-en-Felanitx-ref-1911-_2_-original.jpg&quot;,&quot;alt&quot;:&quot;&quot;},{&quot;id&quot;:92428,&quot;url&quot;:&quot;https:\\\/\\\/novagestioinmobiliaria.com\\\/wp-content\\\/uploads\\\/2026\\\/07\\\/Casa-en-venta-en-Felanitx-ref-1911-_2_-virtual-staging.jpg&quot;,&quot;alt&quot;:&quot;&quot;},{&quot;id&quot;:92431,&quot;url&quot;:&quot;https:\\\/\\\/novagestioinmobiliaria.com\\\/wp-content\\\/uploads\\\/2026\\\/07\\\/Casa-en-venta-en-Felanitx-ref-1911-_3_-original.jpg&quot;,&quot;alt&quot;:&quot;&quot;},{&quot;id&quot;:92434,&quot;url&quot;:&quot;https:\\\/\\\/novagestioinmobiliaria.com\\\/wp-content\\\/uploads\\\/2026\\\/07\\\/Casa-en-venta-en-Felanitx-ref-1911-_3_-virtual-staging.jpg&quot;,&quot;alt&quot;:&quot;&quot;},{&quot;id&quot;:92437,&quot;url&quot;:&quot;https:\\\/\\\/novagestioinmobiliaria.com\\\/wp-content\\\/uploads\\\/2026\\\/07\\\/Casa-en-venta-en-Felanitx-ref-1911-_4_-original.jpg&quot;,&quot;alt&quot;:&quot;&quot;}],&quot;attributes&quot;:[{&quot;slug&quot;:&quot;property-type&quot;,&quot;name&quot;:&quot;Immobilientyp&quot;,&quot;has_archive&quot;:true,&quot;elements&quot;:[{&quot;name&quot;:&quot;Stadth\\u00e4user \\\/ Ebenerdige Wohnungen&quot;,&quot;link&quot;:&quot;https:\\\/\\\/novagestioinmobiliaria.com\\\/de\\\/immobilientyp\\\/stadthaeuser-ebenerdige-wohnungen\\\/&quot;,&quot;slug&quot;:&quot;stadthaeuser-ebenerdige-wohnungen&quot;}],&quot;card&quot;:false,&quot;show&quot;:true,&quot;display_after&quot;:&quot;&quot;,&quot;new_box&quot;:false},{&quot;slug&quot;:&quot;offer-type&quot;,&quot;name&quot;:&quot;Angebotsart &quot;,&quot;has_archive&quot;:true,&quot;elements&quot;:[{&quot;name&quot;:&quot;Zu verkaufen&quot;,&quot;link&quot;:&quot;https:\\\/\\\/novagestioinmobiliaria.com\\\/de\\\/offer-type\\\/zu-verkaufen\\\/&quot;,&quot;slug&quot;:&quot;zu-verkaufen&quot;}],&quot;card&quot;:true,&quot;show&quot;:true,&quot;display_after&quot;:&quot;&quot;,&quot;new_box&quot;:false},{&quot;slug&quot;:&quot;city&quot;,&quot;name&quot;:&quot;Ort&quot;,&quot;has_archive&quot;:true,&quot;elements&quot;:[{&quot;name&quot;:&quot;Felanitx&quot;,&quot;link&quot;:&quot;https:\\\/\\\/novagestioinmobiliaria.com\\\/de\\\/city\\\/felanitx-de\\\/&quot;,&quot;slug&quot;:&quot;felanitx-de&quot;}],&quot;card&quot;:false,&quot;show&quot;:true,&quot;display_after&quot;:&quot;&quot;,&quot;new_box&quot;:false},{&quot;slug&quot;:&quot;price&quot;,&quot;name&quot;:&quot;Preis&quot;,&quot;has_archive&quot;:false,&quot;elements&quot;:[{&quot;name&quot;:&quot;420000&quot;,&quot;link&quot;:&quot;&quot;,&quot;slug&quot;:&quot;&quot;}],&quot;show&quot;:false,&quot;card&quot;:false,&quot;display_after&quot;:&quot;\\u20ac&quot;,&quot;new_box&quot;:false},{&quot;slug&quot;:&quot;bedrooms&quot;,&quot;name&quot;:&quot;Schlafzimmer&quot;,&quot;has_archive&quot;:false,&quot;elements&quot;:[{&quot;name&quot;:&quot;4&quot;,&quot;link&quot;:&quot;&quot;,&quot;slug&quot;:&quot;&quot;}],&quot;show&quot;:true,&quot;card&quot;:true,&quot;display_after&quot;:&quot;&quot;,&quot;new_box&quot;:false},{&quot;slug&quot;:&quot;bathrooms&quot;,&quot;name&quot;:&quot;Badezimmer&quot;,&quot;has_archive&quot;:false,&quot;elements&quot;:[{&quot;name&quot;:&quot;2&quot;,&quot;link&quot;:&quot;&quot;,&quot;slug&quot;:&quot;&quot;}],&quot;show&quot;:true,&quot;card&quot;:true,&quot;display_after&quot;:&quot;&quot;,&quot;new_box&quot;:false},{&quot;slug&quot;:&quot;property-size&quot;,&quot;name&quot;:&quot;Qm&quot;,&quot;has_archive&quot;:false,&quot;elements&quot;:[{&quot;name&quot;:&quot;187&quot;,&quot;link&quot;:&quot;&quot;,&quot;slug&quot;:&quot;&quot;}],&quot;show&quot;:true,&quot;card&quot;:true,&quot;display_after&quot;:&quot;qm&quot;,&quot;new_box&quot;:false},{&quot;slug&quot;:&quot;lot-size&quot;,&quot;name&quot;:&quot;Land \\\/ Solar&quot;,&quot;has_archive&quot;:false,&quot;elements&quot;:[{&quot;name&quot;:&quot;133&quot;,&quot;link&quot;:&quot;&quot;,&quot;slug&quot;:&quot;&quot;}],&quot;show&quot;:true,&quot;card&quot;:false,&quot;display_after&quot;:&quot;qm&quot;,&quot;new_box&quot;:false},{&quot;slug&quot;:&quot;features&quot;,&quot;name&quot;:&quot;Eigenschaften&quot;,&quot;has_archive&quot;:true,&quot;elements&quot;:[{&quot;name&quot;:&quot;4 Schlafzimmer&quot;,&quot;link&quot;:&quot;https:\\\/\\\/novagestioinmobiliaria.com\\\/de\\\/eigenschaften\\\/4-schlafzimmer\\\/&quot;,&quot;slug&quot;:&quot;4-schlafzimmer&quot;},{&quot;name&quot;:&quot;Einbauk\\u00fcche&quot;,&quot;link&quot;:&quot;https:\\\/\\\/novagestioinmobiliaria.com\\\/de\\\/eigenschaften\\\/einbaukueche\\\/&quot;,&quot;slug&quot;:&quot;einbaukueche&quot;},{&quot;name&quot;:&quot;Kamin&quot;,&quot;link&quot;:&quot;https:\\\/\\\/novagestioinmobiliaria.com\\\/de\\\/eigenschaften\\\/kamin\\\/&quot;,&quot;slug&quot;:&quot;kamin&quot;},{&quot;name&quot;:&quot;Klimaanlage&quot;,&quot;link&quot;:&quot;https:\\\/\\\/novagestioinmobiliaria.com\\\/de\\\/eigenschaften\\\/klimaanlage\\\/&quot;,&quot;slug&quot;:&quot;klimaanlage&quot;},{&quot;name&quot;:&quot;Obergeschoss&quot;,&quot;link&quot;:&quot;https:\\\/\\\/novagestioinmobiliaria.com\\\/de\\\/eigenschaften\\\/obergeschoss\\\/&quot;,&quot;slug&quot;:&quot;obergeschoss&quot;},{&quot;name&quot;:&quot;Ruhige Lage&quot;,&quot;link&quot;:&quot;https:\\\/\\\/novagestioinmobiliaria.com\\\/de\\\/eigenschaften\\\/ruhige-lage\\\/&quot;,&quot;slug&quot;:&quot;ruhige-lage&quot;},{&quot;name&quot;:&quot;Terrasse&quot;,&quot;link&quot;:&quot;https:\\\/\\\/novagestioinmobiliaria.com\\\/de\\\/eigenschaften\\\/terrasse\\\/&quot;,&quot;slug&quot;:&quot;terrasse&quot;}],&quot;card&quot;:false,&quot;show&quot;:true,&quot;display_after&quot;:&quot;&quot;,&quot;new_box&quot;:true}],&quot;views&quot;:30,&quot;days_ago&quot;:&quot;2 monat.&quot;,&quot;image_id&quot;:92380,&quot;image_url&quot;:&quot;https:\\\/\\\/novagestioinmobiliaria.com\\\/wp-content\\\/uploads\\\/2026\\\/07\\\/Casa-en-venta-en-Felanitx-ref-1911-_13_-virtual-staging.jpg&quot;,&quot;tags&quot;:[{&quot;name&quot;:&quot;Eigenschaften&quot;,&quot;elements&quot;:[{&quot;name&quot;:&quot;4 Schlafzimmer&quot;,&quot;link&quot;:&quot;https:\\\/\\\/novagestioinmobiliaria.com\\\/de\\\/eigenschaften\\\/4-schlafzimmer\\\/&quot;},{&quot;name&quot;:&quot;Einbauk\\u00fcche&quot;,&quot;link&quot;:&quot;https:\\\/\\\/novagestioinmobiliaria.com\\\/de\\\/eigenschaften\\\/einbaukueche\\\/&quot;},{&quot;name&quot;:&quot;Kamin&quot;,&quot;link&quot;:&quot;https:\\\/\\\/novagestioinmobiliaria.com\\\/de\\\/eigenschaften\\\/kamin\\\/&quot;},{&quot;name&quot;:&quot;Klimaanlage&quot;,&quot;link&quot;:&quot;https:\\\/\\\/novagestioinmobiliaria.com\\\/de\\\/eigenschaften\\\/klimaanlage\\\/&quot;},{&quot;name&quot;:&quot;Obergeschoss&quot;,&quot;link&quot;:&quot;https:\\\/\\\/novagestioinmobiliaria.com\\\/de\\\/eigenschaften\\\/obergeschoss\\\/&quot;},{&quot;name&quot;:&quot;Ruhige Lage&quot;,&quot;link&quot;:&quot;https:\\\/\\\/novagestioinmobiliaria.com\\\/de\\\/eigenschaften\\\/ruhige-lage\\\/&quot;},{&quot;name&quot;:&quot;Terrasse&quot;,&quot;link&quot;:&quot;https:\\\/\\\/novagestioinmobiliaria.com\\\/de\\\/eigenschaften\\\/terrasse\\\/&quot;}],&quot;has_archive&quot;:true}],&quot;status&quot;:&quot;publish&quot;,&quot;plans&quot;:[],&quot;video_plan&quot;:{&quot;src&quot;:&quot;&quot;,&quot;video&quot;:&quot;&quot;},&quot;virtual_tour&quot;:null,&quot;state&quot;:&quot;&quot;,&quot;labels&quot;:[],&quot;image&quot;:&quot;https:\\\/\\\/novagestioinmobiliaria.com\\\/wp-content\\\/uploads\\\/2026\\\/07\\\/Casa-en-venta-en-Felanitx-ref-1911-_13_-virtual-staging-400x250.jpg&quot;,&quot;image_srcset&quot;:&quot;https:\\\/\\\/novagestioinmobiliaria.com\\\/wp-content\\\/uploads\\\/2026\\\/07\\\/Casa-en-venta-en-Felanitx-ref-1911-_13_-virtual-staging-200x125.jpg 200w, https:\\\/\\\/novagestioinmobiliaria.com\\\/wp-content\\\/uploads\\\/2026\\\/07\\\/Casa-en-venta-en-Felanitx-ref-1911-_13_-virtual-staging-800x500.jpg 800w, https:\\\/\\\/novagestioinmobiliaria.com\\\/wp-content\\\/uploads\\\/2026\\\/07\\\/Casa-en-venta-en-Felanitx-ref-1911-_13_-virtual-staging-600x375.jpg 600w, https:\\\/\\\/novagestioinmobiliaria.com\\\/wp-content\\\/uploads\\\/2026\\\/07\\\/Casa-en-venta-en-Felanitx-ref-1911-_13_-virtual-staging-400x250.jpg 400w&quot;}'>\r\n\t\t\t\t\t\t\t\t\t\t\t\t\t<\/compare-button>\r\n\t\t\t\t\t\t\t\t\t\t\t\t<\/div>\r\n\t\t\t\t\t\t\t\t\t\t\t\t<div class=\"mh-estate-vertical__buttons__single\">\r\n\t\t\t\t\t\t\t\t\t\t\t\t\t<a href=\"https:\/\/novagestioinmobiliaria.com\/de\/propiedades-properties-immobilien\/freistehendes-eckhaus-zum-verkauf-in-felanitx-ca1911fl-vde\/\"\r\n\t\t\t\t\t\t\t\t\t\t\t\t\t   title=\"Freistehendes Eckhaus zum Verkauf in Felanitx : : CA1911FL-VDE\"\r\n\t\t\t\t\t\t\t\t\t\t\t\t\t   class=\"mdl-button mdl-js-button mdl-button--raised mdl-js-ripple-effect mdl-button--primary-ghost\">\r\n\t\t\t\t\t\t\t\t\t\t\t\t\t\tDetails\t\t\t\t\t\t\t\t\t\t\t\t\t\t<span class=\"mdl-button__icon-right\"><i class=\"fa fa-angle-right\"><\/i><\/span>\r\n\t\t\t\t\t\t\t\t\t\t\t\t\t<\/a>\r\n\t\t\t\t\t\t\t\t\t\t\t\t<\/div>\r\n\t\t\t\t\t\t\t\t\t\t\t<\/div>\r\n\t\t\t\t\t\t\t\t\t\t<\/div>\r\n\t\t\t\t\t\t\t\t\t<\/div>\r\n\t\t\t\t\t\t\t\t<\/div>\r\n\t\t\t\t\t\t\t<\/div>\r\n\t\t\t\t\t\t<\/article>\r\n\t\t\t\t\t<\/div>\r\n\t\t\t\t\t\t\t<\/div>\r\n\t\t\t[\/vc_column][\/vc_row]<\/p>\n<\/div>","protected":false},"excerpt":{"rendered":"<p>[vc_row full_width=&#8221;stretch_row_content_no_spaces&#8221;][vc_column][\/vc_column][\/vc_row][vc_row 0=&#8221;&#8221;][vc_column css=&#8221;.vc_custom_1494338363945{padding-top: 39px !important;padding-bottom: 24px !important;}&#8221;][vc_row_inner][vc_column_inner][vc_empty_space height=&#8221;12px&#8221;][\/vc_column_inner][\/vc_row_inner][vc_single_image image=&#8221;3186&#8243; img_size=&#8221;full&#8221; alignment=&#8221;center&#8221;][vc_row_inner 0=&#8221;&#8221;][vc_column_inner width=&#8221;1\/2&#8243;][vc_column_text css=&#8221;&#8221;] Besitzen Sie eine Immobilie und wissen nicht, wie viel sie wert sein k\u00f6nnte? Nova Gesti\u00f3 Inmobiliaria bewertet sie kostenlos und unverbindlich f\u00fcr Sie. Wir besichtigen sie auch kostenlos, um Ihnen eine realistische, marktgerechte Bewertung zu erstellen. Schreiben Sie uns, und [&hellip;]<\/p>\n","protected":false},"author":1,"featured_media":0,"parent":0,"menu_order":0,"comment_status":"closed","ping_status":"closed","template":"page_full-width.php","meta":{"_exactmetrics_skip_tracking":false,"footnotes":"","_joinchat":[]},"_links":{"self":[{"href":"https:\/\/novagestioinmobiliaria.com\/de\/wp-json\/wp\/v2\/pages\/79864"}],"collection":[{"href":"https:\/\/novagestioinmobiliaria.com\/de\/wp-json\/wp\/v2\/pages"}],"about":[{"href":"https:\/\/novagestioinmobiliaria.com\/de\/wp-json\/wp\/v2\/types\/page"}],"author":[{"embeddable":true,"href":"https:\/\/novagestioinmobiliaria.com\/de\/wp-json\/wp\/v2\/users\/1"}],"replies":[{"embeddable":true,"href":"https:\/\/novagestioinmobiliaria.com\/de\/wp-json\/wp\/v2\/comments?post=79864"}],"version-history":[{"count":6,"href":"https:\/\/novagestioinmobiliaria.com\/de\/wp-json\/wp\/v2\/pages\/79864\/revisions"}],"predecessor-version":[{"id":79876,"href":"https:\/\/novagestioinmobiliaria.com\/de\/wp-json\/wp\/v2\/pages\/79864\/revisions\/79876"}],"wp:attachment":[{"href":"https:\/\/novagestioinmobiliaria.com\/de\/wp-json\/wp\/v2\/media?parent=79864"}],"curies":[{"name":"wp","href":"https:\/\/api.w.org\/{rel}","templated":true}]}}